{"version":"1.0","provider_name":"Office De Tourisme Au C\u0153ur Des Collines Cathares","provider_url":"https:\/\/collinescathares.com\/en\/","author_name":"Lucas","author_url":"https:\/\/collinescathares.com\/en\/author\/lucas\/","title":"Journ\u00e9es Europ\u00e9ennes du Patrimoine 2021 Actualit\u00e9s - Office De Tourisme Au C\u0153ur Des Collines Cathares","type":"rich","width":600,"height":338,"html":"<blockquote class=\"wp-embedded-content\" data-secret=\"TkWd3AKkqj\"><a href=\"https:\/\/collinescathares.com\/en\/non-classifiee\/journees-europeennes-du-patrimoine-2021\/\">Journ\u00e9es Europ\u00e9ennes du Patrimoine 2021<\/a><\/blockquote><iframe sandbox=\"allow-scripts\" security=\"restricted\" src=\"https:\/\/collinescathares.com\/en\/non-classifiee\/journees-europeennes-du-patrimoine-2021\/embed\/#?secret=TkWd3AKkqj\" width=\"600\" height=\"338\" title=\"&#8220;Journ\u00e9es Europ\u00e9ennes du Patrimoine 2021&#8221; &#8212; Office De Tourisme Au C\u0153ur Des Collines Cathares\" data-secret=\"TkWd3AKkqj\" frameborder=\"0\" marginwidth=\"0\" marginheight=\"0\" scrolling=\"no\" class=\"wp-embedded-content\"><\/iframe><script type=\"text\/javascript\">\n\/* <![CDATA[ *\/\n\/*! This file is auto-generated *\/\n!function(d,l){\"use strict\";l.querySelector&&d.addEventListener&&\"undefined\"!=typeof URL&&(d.wp=d.wp||{},d.wp.receiveEmbedMessage||(d.wp.receiveEmbedMessage=function(e){var t=e.data;if((t||t.secret||t.message||t.value)&&!\/[^a-zA-Z0-9]\/.test(t.secret)){for(var s,r,n,a=l.querySelectorAll('iframe[data-secret=\"'+t.secret+'\"]'),o=l.querySelectorAll('blockquote[data-secret=\"'+t.secret+'\"]'),c=new RegExp(\"^https?:$\",\"i\"),i=0;i<o.length;i++)o[i].style.display=\"none\";for(i=0;i<a.length;i++)s=a[i],e.source===s.contentWindow&&(s.removeAttribute(\"style\"),\"height\"===t.message?(1e3<(r=parseInt(t.value,10))?r=1e3:~~r<200&&(r=200),s.height=r):\"link\"===t.message&&(r=new URL(s.getAttribute(\"src\")),n=new URL(t.value),c.test(n.protocol))&&n.host===r.host&&l.activeElement===s&&(d.top.location.href=t.value))}},d.addEventListener(\"message\",d.wp.receiveEmbedMessage,!1),l.addEventListener(\"DOMContentLoaded\",function(){for(var e,t,s=l.querySelectorAll(\"iframe.wp-embedded-content\"),r=0;r<s.length;r++)(t=(e=s[r]).getAttribute(\"data-secret\"))||(t=Math.random().toString(36).substring(2,12),e.src+=\"#?secret=\"+t,e.setAttribute(\"data-secret\",t)),e.contentWindow.postMessage({message:\"ready\",secret:t},\"*\")},!1)))}(window,document);\n\/* ]]> *\/\n<\/script>\n","thumbnail_url":"https:\/\/collinescathares.com\/wp-content\/uploads\/2021\/09\/affiche-journ\u00e9es-europ\u00e9ennes-du-patrimoine-2021.jpg","thumbnail_width":600,"thumbnail_height":869,"description":"&nbsp; Cr\u00e9\u00e9es en 1984 par le minist\u00e8re de la Culture, les Journ\u00e9es Europ\u00e9ennes du Patrimoine ont lieu chaque ann\u00e9e le troisi\u00e8me weekend de septembre. Leur Actualit\u00e9s Journ\u00e9es Europ\u00e9ennes du Patrimoine 2021 Situ\u00e9 \u00e0 Fanjeaux, nous vous proposons de d\u00e9couvrir notre territoire ! , Office De Tourisme Au C\u0153ur Des Collines Cathares"}