{"version":"1.0","provider_name":"Office De Tourisme Au C\u0153ur Des Collines Cathares","provider_url":"https:\/\/collinescathares.com\/en\/","author_name":"Lucas","author_url":"https:\/\/collinescathares.com\/en\/author\/lucas\/","title":"Journ\u00e9es Europ\u00e9ennes du Patrimoine 2024 Actualit\u00e9s - Office De Tourisme Au C\u0153ur Des Collines Cathares","type":"rich","width":600,"height":338,"html":"<blockquote class=\"wp-embedded-content\" data-secret=\"FkrmueIsDJ\"><a href=\"https:\/\/collinescathares.com\/en\/non-classifiee\/journees-europeennes-du-patrimoine-2024\/\">Journ\u00e9es Europ\u00e9ennes du Patrimoine 2024<\/a><\/blockquote><iframe sandbox=\"allow-scripts\" security=\"restricted\" src=\"https:\/\/collinescathares.com\/en\/non-classifiee\/journees-europeennes-du-patrimoine-2024\/embed\/#?secret=FkrmueIsDJ\" width=\"600\" height=\"338\" title=\"&#8220;Journ\u00e9es Europ\u00e9ennes du Patrimoine 2024&#8221; &#8212; Office De Tourisme Au C\u0153ur Des Collines Cathares\" data-secret=\"FkrmueIsDJ\" frameborder=\"0\" marginwidth=\"0\" marginheight=\"0\" scrolling=\"no\" class=\"wp-embedded-content\"><\/iframe><script type=\"text\/javascript\">\n\/* <![CDATA[ *\/\n\/*! This file is auto-generated *\/\n!function(d,l){\"use strict\";l.querySelector&&d.addEventListener&&\"undefined\"!=typeof URL&&(d.wp=d.wp||{},d.wp.receiveEmbedMessage||(d.wp.receiveEmbedMessage=function(e){var t=e.data;if((t||t.secret||t.message||t.value)&&!\/[^a-zA-Z0-9]\/.test(t.secret)){for(var s,r,n,a=l.querySelectorAll('iframe[data-secret=\"'+t.secret+'\"]'),o=l.querySelectorAll('blockquote[data-secret=\"'+t.secret+'\"]'),c=new RegExp(\"^https?:$\",\"i\"),i=0;i<o.length;i++)o[i].style.display=\"none\";for(i=0;i<a.length;i++)s=a[i],e.source===s.contentWindow&&(s.removeAttribute(\"style\"),\"height\"===t.message?(1e3<(r=parseInt(t.value,10))?r=1e3:~~r<200&&(r=200),s.height=r):\"link\"===t.message&&(r=new URL(s.getAttribute(\"src\")),n=new URL(t.value),c.test(n.protocol))&&n.host===r.host&&l.activeElement===s&&(d.top.location.href=t.value))}},d.addEventListener(\"message\",d.wp.receiveEmbedMessage,!1),l.addEventListener(\"DOMContentLoaded\",function(){for(var e,t,s=l.querySelectorAll(\"iframe.wp-embedded-content\"),r=0;r<s.length;r++)(t=(e=s[r]).getAttribute(\"data-secret\"))||(t=Math.random().toString(36).substring(2,12),e.src+=\"#?secret=\"+t,e.setAttribute(\"data-secret\",t)),e.contentWindow.postMessage({message:\"ready\",secret:t},\"*\")},!1)))}(window,document);\n\/* ]]> *\/\n<\/script>\n","thumbnail_url":"https:\/\/collinescathares.com\/wp-content\/uploads\/2024\/09\/jep-2024.jpg","thumbnail_width":2279,"thumbnail_height":1313,"description":"&nbsp; Visites libres d\u2019\u00e9difices myst\u00e9rieux, expositions photos, visites comment\u00e9es, concerts dans des cadres insolites\u2026 Les Journ\u00e9es Europ\u00e9ennes du Actualit\u00e9s Journ\u00e9es Europ\u00e9ennes du Patrimoine 2024 Situ\u00e9 \u00e0 Fanjeaux, nous vous proposons de d\u00e9couvrir notre territoire ! , Office De Tourisme Au C\u0153ur Des Collines Cathares"}