{"id":13631,"date":"2020-08-25T11:35:19","date_gmt":"2020-08-25T09:35:19","guid":{"rendered":"https:\/\/collinescathares.com\/?page_id=13631"},"modified":"2020-10-14T12:07:48","modified_gmt":"2020-10-14T10:07:48","slug":"cultura-y-patrimonio","status":"publish","type":"page","link":"https:\/\/collinescathares.com\/es\/cultura-y-patrimonio\/","title":{"rendered":"CULTURA Y PATRIMONIO"},"content":{"rendered":"\t\t<div data-elementor-type=\"wp-page\" data-elementor-id=\"13631\" class=\"elementor elementor-13631 elementor-39\">\n\t\t\t\t\t\t<section class=\"elementor-section elementor-top-section elementor-element elementor-element-2f0040e3 elementor-section-stretched elementor-section-full_width elementor-section-height-default elementor-section-height-default\" data-id=\"2f0040e3\" data-element_type=\"section\" data-e-type=\"section\" data-settings=\"{&quot;stretch_section&quot;:&quot;section-stretched&quot;,&quot;jet_parallax_layout_list&quot;:[{&quot;jet_parallax_layout_image&quot;:{&quot;url&quot;:&quot;&quot;,&quot;id&quot;:&quot;&quot;,&quot;size&quot;:&quot;&quot;},&quot;_id&quot;:&quot;4560f4b&quot;,&quot;jet_parallax_layout_image_tablet&quot;:{&quot;url&quot;:&quot;&quot;,&quot;id&quot;:&quot;&quot;,&quot;size&quot;:&quot;&quot;},&quot;jet_parallax_layout_image_mobile&quot;:{&quot;url&quot;:&quot;&quot;,&quot;id&quot;:&quot;&quot;,&quot;size&quot;:&quot;&quot;},&quot;jet_parallax_layout_speed&quot;:{&quot;unit&quot;:&quot;%&quot;,&quot;size&quot;:50,&quot;sizes&quot;:[]},&quot;jet_parallax_layout_type&quot;:&quot;scroll&quot;,&quot;jet_parallax_layout_direction&quot;:&quot;1&quot;,&quot;jet_parallax_layout_fx_direction&quot;:null,&quot;jet_parallax_layout_z_index&quot;:&quot;&quot;,&quot;jet_parallax_layout_bg_x&quot;:50,&quot;jet_parallax_layout_bg_y&quot;:50,&quot;jet_parallax_layout_bg_size&quot;:&quot;auto&quot;,&quot;jet_parallax_layout_animation_prop&quot;:&quot;transform&quot;,&quot;jet_parallax_layout_on&quot;:[&quot;desktop&quot;,&quot;tablet&quot;],&quot;jet_parallax_layout_bg_x_tablet&quot;:&quot;&quot;,&quot;jet_parallax_layout_bg_x_mobile&quot;:&quot;&quot;,&quot;jet_parallax_layout_bg_y_tablet&quot;:&quot;&quot;,&quot;jet_parallax_layout_bg_y_mobile&quot;:&quot;&quot;,&quot;jet_parallax_layout_bg_size_tablet&quot;:&quot;&quot;,&quot;jet_parallax_layout_bg_size_mobile&quot;:&quot;&quot;}],&quot;background_background&quot;:&quot;classic&quot;}\">\n\t\t\t\t\t\t<div class=\"elementor-container elementor-column-gap-default\">\n\t\t\t\t\t<div class=\"elementor-column elementor-col-100 elementor-top-column elementor-element elementor-element-3e53e357\" data-id=\"3e53e357\" data-element_type=\"column\" data-e-type=\"column\">\n\t\t\t<div class=\"elementor-widget-wrap\">\n\t\t\t\t\t\t\t<\/div>\n\t\t<\/div>\n\t\t\t\t\t<\/div>\n\t\t<\/section>\n\t\t\t\t<section class=\"elementor-section elementor-top-section elementor-element elementor-element-37c402d7 elementor-section-boxed elementor-section-height-default elementor-section-height-default elementor-invisible\" data-id=\"37c402d7\" data-element_type=\"section\" data-e-type=\"section\" data-settings=\"{&quot;jet_parallax_layout_list&quot;:[{&quot;jet_parallax_layout_image&quot;:{&quot;url&quot;:&quot;&quot;,&quot;id&quot;:&quot;&quot;,&quot;size&quot;:&quot;&quot;},&quot;_id&quot;:&quot;d3ac268&quot;,&quot;jet_parallax_layout_image_tablet&quot;:{&quot;url&quot;:&quot;&quot;,&quot;id&quot;:&quot;&quot;,&quot;size&quot;:&quot;&quot;},&quot;jet_parallax_layout_image_mobile&quot;:{&quot;url&quot;:&quot;&quot;,&quot;id&quot;:&quot;&quot;,&quot;size&quot;:&quot;&quot;},&quot;jet_parallax_layout_speed&quot;:{&quot;unit&quot;:&quot;%&quot;,&quot;size&quot;:50,&quot;sizes&quot;:[]},&quot;jet_parallax_layout_type&quot;:&quot;scroll&quot;,&quot;jet_parallax_layout_direction&quot;:&quot;1&quot;,&quot;jet_parallax_layout_fx_direction&quot;:null,&quot;jet_parallax_layout_z_index&quot;:&quot;&quot;,&quot;jet_parallax_layout_bg_x&quot;:50,&quot;jet_parallax_layout_bg_y&quot;:50,&quot;jet_parallax_layout_bg_size&quot;:&quot;auto&quot;,&quot;jet_parallax_layout_animation_prop&quot;:&quot;transform&quot;,&quot;jet_parallax_layout_on&quot;:[&quot;desktop&quot;,&quot;tablet&quot;],&quot;jet_parallax_layout_bg_x_tablet&quot;:&quot;&quot;,&quot;jet_parallax_layout_bg_x_mobile&quot;:&quot;&quot;,&quot;jet_parallax_layout_bg_y_tablet&quot;:&quot;&quot;,&quot;jet_parallax_layout_bg_y_mobile&quot;:&quot;&quot;,&quot;jet_parallax_layout_bg_size_tablet&quot;:&quot;&quot;,&quot;jet_parallax_layout_bg_size_mobile&quot;:&quot;&quot;}],&quot;animation&quot;:&quot;fadeInUp&quot;}\">\n\t\t\t\t\t\t<div class=\"elementor-container elementor-column-gap-default\">\n\t\t\t\t\t<div class=\"elementor-column elementor-col-100 elementor-top-column elementor-element elementor-element-386eb15c\" data-id=\"386eb15c\" data-element_type=\"column\" data-e-type=\"column\">\n\t\t\t<div class=\"elementor-widget-wrap elementor-element-populated\">\n\t\t\t\t\t\t<div class=\"elementor-element elementor-element-642740ea elementor-widget elementor-widget-text-editor\" data-id=\"642740ea\" data-element_type=\"widget\" data-e-type=\"widget\" data-widget_type=\"text-editor.default\">\n\t\t\t\t<div class=\"elementor-widget-container\">\n\t\t\t\t\t\t\t\t\t<p style=\"text-align: center;\"><span><span><a href=\"https:\/\/collinescathares.com\/es\/\">Inicio<\/a><\/span><\/span><\/p><h1 style=\"text-align: center;\">Cultura y Patrimonio<\/h1><p><img decoding=\"async\" class=\"size-full wp-image-280 aligncenter\" src=\"https:\/\/collinescathares.com\/wp-content\/uploads\/2020\/06\/carres_couleurs.jpg\" alt=\"\" width=\"85\" height=\"19\" \/><\/p>\t\t\t\t\t\t\t\t<\/div>\n\t\t\t\t<\/div>\n\t\t\t\t\t<\/div>\n\t\t<\/div>\n\t\t\t\t\t<\/div>\n\t\t<\/section>\n\t\t\t\t<section class=\"elementor-section elementor-top-section elementor-element elementor-element-282267e elementor-section-boxed elementor-section-height-default elementor-section-height-default elementor-invisible\" data-id=\"282267e\" data-element_type=\"section\" data-e-type=\"section\" data-settings=\"{&quot;jet_parallax_layout_list&quot;:[{&quot;jet_parallax_layout_image&quot;:{&quot;url&quot;:&quot;&quot;,&quot;id&quot;:&quot;&quot;,&quot;size&quot;:&quot;&quot;},&quot;_id&quot;:&quot;0f581dd&quot;,&quot;jet_parallax_layout_image_tablet&quot;:{&quot;url&quot;:&quot;&quot;,&quot;id&quot;:&quot;&quot;,&quot;size&quot;:&quot;&quot;},&quot;jet_parallax_layout_image_mobile&quot;:{&quot;url&quot;:&quot;&quot;,&quot;id&quot;:&quot;&quot;,&quot;size&quot;:&quot;&quot;},&quot;jet_parallax_layout_speed&quot;:{&quot;unit&quot;:&quot;%&quot;,&quot;size&quot;:50,&quot;sizes&quot;:[]},&quot;jet_parallax_layout_type&quot;:&quot;scroll&quot;,&quot;jet_parallax_layout_direction&quot;:&quot;1&quot;,&quot;jet_parallax_layout_fx_direction&quot;:null,&quot;jet_parallax_layout_z_index&quot;:&quot;&quot;,&quot;jet_parallax_layout_bg_x&quot;:50,&quot;jet_parallax_layout_bg_y&quot;:50,&quot;jet_parallax_layout_bg_size&quot;:&quot;auto&quot;,&quot;jet_parallax_layout_animation_prop&quot;:&quot;transform&quot;,&quot;jet_parallax_layout_on&quot;:[&quot;desktop&quot;,&quot;tablet&quot;],&quot;jet_parallax_layout_bg_x_tablet&quot;:&quot;&quot;,&quot;jet_parallax_layout_bg_x_mobile&quot;:&quot;&quot;,&quot;jet_parallax_layout_bg_y_tablet&quot;:&quot;&quot;,&quot;jet_parallax_layout_bg_y_mobile&quot;:&quot;&quot;,&quot;jet_parallax_layout_bg_size_tablet&quot;:&quot;&quot;,&quot;jet_parallax_layout_bg_size_mobile&quot;:&quot;&quot;}],&quot;animation&quot;:&quot;pulse&quot;}\">\n\t\t\t\t\t\t<div class=\"elementor-container elementor-column-gap-default\">\n\t\t\t\t\t<div class=\"elementor-column elementor-col-50 elementor-top-column elementor-element elementor-element-47d4e3b\" data-id=\"47d4e3b\" data-element_type=\"column\" data-e-type=\"column\">\n\t\t\t<div class=\"elementor-widget-wrap elementor-element-populated\">\n\t\t\t\t\t\t<div class=\"elementor-element elementor-element-fc284b2 replacetitleimg carre1 elementor-widget elementor-widget-image\" data-id=\"fc284b2\" data-element_type=\"widget\" data-e-type=\"widget\" data-widget_type=\"image.default\">\n\t\t\t\t<div class=\"elementor-widget-container\">\n\t\t\t\t\t\t\t\t\t\t\t\t<figure class=\"wp-caption\">\n\t\t\t\t\t\t\t\t\t\t\t<a href=\"https:\/\/collinescathares.com\/es\/cultura-y-patrimonio\/fanjeaux-ciudad-medieval-del-pays-cathare\/\">\n\t\t\t\t\t\t\t<img fetchpriority=\"high\" decoding=\"async\" width=\"800\" height=\"800\" src=\"https:\/\/collinescathares.com\/wp-content\/uploads\/2020\/07\/btn_Fanjeaux.jpg\" class=\"attachment-full size-full wp-image-1279\" alt=\"\" srcset=\"https:\/\/collinescathares.com\/wp-content\/uploads\/2020\/07\/btn_Fanjeaux.jpg 800w, https:\/\/collinescathares.com\/wp-content\/uploads\/2020\/07\/btn_Fanjeaux-300x300.jpg 300w, https:\/\/collinescathares.com\/wp-content\/uploads\/2020\/07\/btn_Fanjeaux-150x150.jpg 150w, https:\/\/collinescathares.com\/wp-content\/uploads\/2020\/07\/btn_Fanjeaux-768x768.jpg 768w, https:\/\/collinescathares.com\/wp-content\/uploads\/2020\/07\/btn_Fanjeaux-500x500.jpg 500w\" sizes=\"(max-width: 800px) 100vw, 800px\" \/>\t\t\t\t\t\t\t\t<\/a>\n\t\t\t\t\t\t\t\t\t\t\t<figcaption class=\"widget-image-caption wp-caption-text\">Fanjeaux,<br \/> Ciudad del pays cathare<\/figcaption>\n\t\t\t\t\t\t\t\t\t\t<\/figure>\n\t\t\t\t\t\t\t\t\t<\/div>\n\t\t\t\t<\/div>\n\t\t\t\t<div class=\"elementor-element elementor-element-999d7f0 replacetitleimg carre5 elementor-widget elementor-widget-image\" data-id=\"999d7f0\" data-element_type=\"widget\" data-e-type=\"widget\" data-widget_type=\"image.default\">\n\t\t\t\t<div class=\"elementor-widget-container\">\n\t\t\t\t\t\t\t\t\t\t\t\t<figure class=\"wp-caption\">\n\t\t\t\t\t\t\t\t\t\t\t<a href=\"https:\/\/collinescathares.com\/es\/cultura-y-patrimonio\/chateau-de-la-commanderie\/\">\n\t\t\t\t\t\t\t<img decoding=\"async\" width=\"800\" height=\"400\" src=\"https:\/\/collinescathares.com\/wp-content\/uploads\/2020\/07\/btn-la-commanderie.jpg\" class=\"attachment-full size-full wp-image-1303\" alt=\"\" srcset=\"https:\/\/collinescathares.com\/wp-content\/uploads\/2020\/07\/btn-la-commanderie.jpg 800w, https:\/\/collinescathares.com\/wp-content\/uploads\/2020\/07\/btn-la-commanderie-300x150.jpg 300w, https:\/\/collinescathares.com\/wp-content\/uploads\/2020\/07\/btn-la-commanderie-768x384.jpg 768w\" sizes=\"(max-width: 800px) 100vw, 800px\" \/>\t\t\t\t\t\t\t\t<\/a>\n\t\t\t\t\t\t\t\t\t\t\t<figcaption class=\"widget-image-caption wp-caption-text\">Ch\u00e2teau de la commanderie<\/figcaption>\n\t\t\t\t\t\t\t\t\t\t<\/figure>\n\t\t\t\t\t\t\t\t\t<\/div>\n\t\t\t\t<\/div>\n\t\t\t\t<div class=\"elementor-element elementor-element-181bdc7 replacetitleimg carre5 elementor-widget elementor-widget-image\" data-id=\"181bdc7\" data-element_type=\"widget\" data-e-type=\"widget\" data-widget_type=\"image.default\">\n\t\t\t\t<div class=\"elementor-widget-container\">\n\t\t\t\t\t\t\t\t\t\t\t\t<figure class=\"wp-caption\">\n\t\t\t\t\t\t\t\t\t\t\t<a href=\"https:\/\/collinescathares.com\/es\/cultura-y-patrimonio\/casa-de-los-essarts\/\">\n\t\t\t\t\t\t\t<img loading=\"lazy\" decoding=\"async\" width=\"800\" height=\"400\" src=\"https:\/\/collinescathares.com\/wp-content\/uploads\/2020\/07\/btn-maison-essart.jpg\" class=\"attachment-full size-full wp-image-1302\" alt=\"\" srcset=\"https:\/\/collinescathares.com\/wp-content\/uploads\/2020\/07\/btn-maison-essart.jpg 800w, https:\/\/collinescathares.com\/wp-content\/uploads\/2020\/07\/btn-maison-essart-300x150.jpg 300w, https:\/\/collinescathares.com\/wp-content\/uploads\/2020\/07\/btn-maison-essart-768x384.jpg 768w\" sizes=\"(max-width: 800px) 100vw, 800px\" \/>\t\t\t\t\t\t\t\t<\/a>\n\t\t\t\t\t\t\t\t\t\t\t<figcaption class=\"widget-image-caption wp-caption-text\">Les Essarts, espacio de artes y cultura en Bram<\/figcaption>\n\t\t\t\t\t\t\t\t\t\t<\/figure>\n\t\t\t\t\t\t\t\t\t<\/div>\n\t\t\t\t<\/div>\n\t\t\t\t\t<\/div>\n\t\t<\/div>\n\t\t\t\t<div class=\"elementor-column elementor-col-50 elementor-top-column elementor-element elementor-element-41036a8\" data-id=\"41036a8\" data-element_type=\"column\" data-e-type=\"column\">\n\t\t\t<div class=\"elementor-widget-wrap elementor-element-populated\">\n\t\t\t\t\t\t<section class=\"elementor-section elementor-inner-section elementor-element elementor-element-fc78c88 elementor-section-boxed elementor-section-height-default elementor-section-height-default\" data-id=\"fc78c88\" data-element_type=\"section\" data-e-type=\"section\" data-settings=\"{&quot;jet_parallax_layout_list&quot;:[{&quot;jet_parallax_layout_image&quot;:{&quot;url&quot;:&quot;&quot;,&quot;id&quot;:&quot;&quot;,&quot;size&quot;:&quot;&quot;},&quot;_id&quot;:&quot;6c3d51d&quot;,&quot;jet_parallax_layout_image_tablet&quot;:{&quot;url&quot;:&quot;&quot;,&quot;id&quot;:&quot;&quot;,&quot;size&quot;:&quot;&quot;},&quot;jet_parallax_layout_image_mobile&quot;:{&quot;url&quot;:&quot;&quot;,&quot;id&quot;:&quot;&quot;,&quot;size&quot;:&quot;&quot;},&quot;jet_parallax_layout_speed&quot;:{&quot;unit&quot;:&quot;%&quot;,&quot;size&quot;:50,&quot;sizes&quot;:[]},&quot;jet_parallax_layout_type&quot;:&quot;scroll&quot;,&quot;jet_parallax_layout_direction&quot;:&quot;1&quot;,&quot;jet_parallax_layout_fx_direction&quot;:null,&quot;jet_parallax_layout_z_index&quot;:&quot;&quot;,&quot;jet_parallax_layout_bg_x&quot;:50,&quot;jet_parallax_layout_bg_y&quot;:50,&quot;jet_parallax_layout_bg_size&quot;:&quot;auto&quot;,&quot;jet_parallax_layout_animation_prop&quot;:&quot;transform&quot;,&quot;jet_parallax_layout_on&quot;:[&quot;desktop&quot;,&quot;tablet&quot;],&quot;jet_parallax_layout_bg_x_tablet&quot;:&quot;&quot;,&quot;jet_parallax_layout_bg_x_mobile&quot;:&quot;&quot;,&quot;jet_parallax_layout_bg_y_tablet&quot;:&quot;&quot;,&quot;jet_parallax_layout_bg_y_mobile&quot;:&quot;&quot;,&quot;jet_parallax_layout_bg_size_tablet&quot;:&quot;&quot;,&quot;jet_parallax_layout_bg_size_mobile&quot;:&quot;&quot;}]}\">\n\t\t\t\t\t\t<div class=\"elementor-container elementor-column-gap-default\">\n\t\t\t\t\t<div class=\"elementor-column elementor-col-50 elementor-inner-column elementor-element elementor-element-b793981\" data-id=\"b793981\" data-element_type=\"column\" data-e-type=\"column\">\n\t\t\t<div class=\"elementor-widget-wrap elementor-element-populated\">\n\t\t\t\t\t\t<div class=\"elementor-element elementor-element-a21820f replacetitleimg carre2 elementor-widget elementor-widget-image\" data-id=\"a21820f\" data-element_type=\"widget\" data-e-type=\"widget\" data-widget_type=\"image.default\">\n\t\t\t\t<div class=\"elementor-widget-container\">\n\t\t\t\t\t\t\t\t\t\t\t\t<figure class=\"wp-caption\">\n\t\t\t\t\t\t\t\t\t\t\t<a href=\"https:\/\/collinescathares.com\/es\/cultura-y-patrimonio\/monasterio-de-prouille\/\">\n\t\t\t\t\t\t\t<img loading=\"lazy\" decoding=\"async\" width=\"800\" height=\"800\" src=\"https:\/\/collinescathares.com\/wp-content\/uploads\/2020\/07\/btn_Monastere-prouille.jpg\" class=\"attachment-full size-full wp-image-1277\" alt=\"\" srcset=\"https:\/\/collinescathares.com\/wp-content\/uploads\/2020\/07\/btn_Monastere-prouille.jpg 800w, https:\/\/collinescathares.com\/wp-content\/uploads\/2020\/07\/btn_Monastere-prouille-300x300.jpg 300w, https:\/\/collinescathares.com\/wp-content\/uploads\/2020\/07\/btn_Monastere-prouille-150x150.jpg 150w, https:\/\/collinescathares.com\/wp-content\/uploads\/2020\/07\/btn_Monastere-prouille-768x768.jpg 768w, https:\/\/collinescathares.com\/wp-content\/uploads\/2020\/07\/btn_Monastere-prouille-500x500.jpg 500w\" sizes=\"(max-width: 800px) 100vw, 800px\" \/>\t\t\t\t\t\t\t\t<\/a>\n\t\t\t\t\t\t\t\t\t\t\t<figcaption class=\"widget-image-caption wp-caption-text\">Monasterio de prouilhe<\/figcaption>\n\t\t\t\t\t\t\t\t\t\t<\/figure>\n\t\t\t\t\t\t\t\t\t<\/div>\n\t\t\t\t<\/div>\n\t\t\t\t\t<\/div>\n\t\t<\/div>\n\t\t\t\t<div class=\"elementor-column elementor-col-50 elementor-inner-column elementor-element elementor-element-0b606cf\" data-id=\"0b606cf\" data-element_type=\"column\" data-e-type=\"column\">\n\t\t\t<div class=\"elementor-widget-wrap elementor-element-populated\">\n\t\t\t\t\t\t<div class=\"elementor-element elementor-element-44be931 replacetitleimg carre3 elementor-widget elementor-widget-image\" data-id=\"44be931\" data-element_type=\"widget\" data-e-type=\"widget\" data-widget_type=\"image.default\">\n\t\t\t\t<div class=\"elementor-widget-container\">\n\t\t\t\t\t\t\t\t\t\t\t\t<figure class=\"wp-caption\">\n\t\t\t\t\t\t\t\t\t\t\t<a href=\"https:\/\/collinescathares.com\/es\/cultura-y-patrimonio\/maison-gramont-en-fanjeaux\/\">\n\t\t\t\t\t\t\t<img loading=\"lazy\" decoding=\"async\" width=\"800\" height=\"800\" src=\"https:\/\/collinescathares.com\/wp-content\/uploads\/2020\/07\/btn-grand-Maison-gramont.jpg\" class=\"attachment-full size-full wp-image-1285\" alt=\"\" srcset=\"https:\/\/collinescathares.com\/wp-content\/uploads\/2020\/07\/btn-grand-Maison-gramont.jpg 800w, https:\/\/collinescathares.com\/wp-content\/uploads\/2020\/07\/btn-grand-Maison-gramont-300x300.jpg 300w, https:\/\/collinescathares.com\/wp-content\/uploads\/2020\/07\/btn-grand-Maison-gramont-150x150.jpg 150w, https:\/\/collinescathares.com\/wp-content\/uploads\/2020\/07\/btn-grand-Maison-gramont-768x768.jpg 768w, https:\/\/collinescathares.com\/wp-content\/uploads\/2020\/07\/btn-grand-Maison-gramont-500x500.jpg 500w\" sizes=\"(max-width: 800px) 100vw, 800px\" \/>\t\t\t\t\t\t\t\t<\/a>\n\t\t\t\t\t\t\t\t\t\t\t<figcaption class=\"widget-image-caption wp-caption-text\">maison gramont<\/figcaption>\n\t\t\t\t\t\t\t\t\t\t<\/figure>\n\t\t\t\t\t\t\t\t\t<\/div>\n\t\t\t\t<\/div>\n\t\t\t\t\t<\/div>\n\t\t<\/div>\n\t\t\t\t\t<\/div>\n\t\t<\/section>\n\t\t\t\t<section class=\"elementor-section elementor-inner-section elementor-element elementor-element-d714193 elementor-section-boxed elementor-section-height-default elementor-section-height-default\" data-id=\"d714193\" data-element_type=\"section\" data-e-type=\"section\" data-settings=\"{&quot;jet_parallax_layout_list&quot;:[{&quot;jet_parallax_layout_image&quot;:{&quot;url&quot;:&quot;&quot;,&quot;id&quot;:&quot;&quot;,&quot;size&quot;:&quot;&quot;},&quot;_id&quot;:&quot;8c4a1cf&quot;,&quot;jet_parallax_layout_image_tablet&quot;:{&quot;url&quot;:&quot;&quot;,&quot;id&quot;:&quot;&quot;,&quot;size&quot;:&quot;&quot;},&quot;jet_parallax_layout_image_mobile&quot;:{&quot;url&quot;:&quot;&quot;,&quot;id&quot;:&quot;&quot;,&quot;size&quot;:&quot;&quot;},&quot;jet_parallax_layout_speed&quot;:{&quot;unit&quot;:&quot;%&quot;,&quot;size&quot;:50,&quot;sizes&quot;:[]},&quot;jet_parallax_layout_type&quot;:&quot;scroll&quot;,&quot;jet_parallax_layout_direction&quot;:&quot;1&quot;,&quot;jet_parallax_layout_fx_direction&quot;:null,&quot;jet_parallax_layout_z_index&quot;:&quot;&quot;,&quot;jet_parallax_layout_bg_x&quot;:50,&quot;jet_parallax_layout_bg_y&quot;:50,&quot;jet_parallax_layout_bg_size&quot;:&quot;auto&quot;,&quot;jet_parallax_layout_animation_prop&quot;:&quot;transform&quot;,&quot;jet_parallax_layout_on&quot;:[&quot;desktop&quot;,&quot;tablet&quot;],&quot;jet_parallax_layout_bg_x_tablet&quot;:&quot;&quot;,&quot;jet_parallax_layout_bg_x_mobile&quot;:&quot;&quot;,&quot;jet_parallax_layout_bg_y_tablet&quot;:&quot;&quot;,&quot;jet_parallax_layout_bg_y_mobile&quot;:&quot;&quot;,&quot;jet_parallax_layout_bg_size_tablet&quot;:&quot;&quot;,&quot;jet_parallax_layout_bg_size_mobile&quot;:&quot;&quot;}]}\">\n\t\t\t\t\t\t<div class=\"elementor-container elementor-column-gap-default\">\n\t\t\t\t\t<div class=\"elementor-column elementor-col-100 elementor-inner-column elementor-element elementor-element-0311872\" data-id=\"0311872\" data-element_type=\"column\" data-e-type=\"column\">\n\t\t\t<div class=\"elementor-widget-wrap elementor-element-populated\">\n\t\t\t\t\t\t<div class=\"elementor-element elementor-element-1146c58 replacetitleimg carre4 elementor-widget elementor-widget-image\" data-id=\"1146c58\" data-element_type=\"widget\" data-e-type=\"widget\" data-widget_type=\"image.default\">\n\t\t\t\t<div class=\"elementor-widget-container\">\n\t\t\t\t\t\t\t\t\t\t\t\t<figure class=\"wp-caption\">\n\t\t\t\t\t\t\t\t\t\t\t<a href=\"https:\/\/collinescathares.com\/es\/cultura-y-patrimonio\/eburomagus-a-bram\/\">\n\t\t\t\t\t\t\t<img loading=\"lazy\" decoding=\"async\" width=\"800\" height=\"400\" src=\"https:\/\/collinescathares.com\/wp-content\/uploads\/2020\/07\/btn-Eburomagus.jpg\" class=\"attachment-full size-full wp-image-1305\" alt=\"\" srcset=\"https:\/\/collinescathares.com\/wp-content\/uploads\/2020\/07\/btn-Eburomagus.jpg 800w, https:\/\/collinescathares.com\/wp-content\/uploads\/2020\/07\/btn-Eburomagus-300x150.jpg 300w, https:\/\/collinescathares.com\/wp-content\/uploads\/2020\/07\/btn-Eburomagus-768x384.jpg 768w\" sizes=\"(max-width: 800px) 100vw, 800px\" \/>\t\t\t\t\t\t\t\t<\/a>\n\t\t\t\t\t\t\t\t\t\t\t<figcaption class=\"widget-image-caption wp-caption-text\">Eburomagus, museo Arch\u00e9ologico<\/figcaption>\n\t\t\t\t\t\t\t\t\t\t<\/figure>\n\t\t\t\t\t\t\t\t\t<\/div>\n\t\t\t\t<\/div>\n\t\t\t\t\t<\/div>\n\t\t<\/div>\n\t\t\t\t\t<\/div>\n\t\t<\/section>\n\t\t\t\t<section class=\"elementor-section elementor-inner-section elementor-element elementor-element-338bc23 elementor-section-boxed elementor-section-height-default elementor-section-height-default\" data-id=\"338bc23\" data-element_type=\"section\" data-e-type=\"section\" data-settings=\"{&quot;jet_parallax_layout_list&quot;:[{&quot;jet_parallax_layout_image&quot;:{&quot;url&quot;:&quot;&quot;,&quot;id&quot;:&quot;&quot;,&quot;size&quot;:&quot;&quot;},&quot;_id&quot;:&quot;8c4a1cf&quot;,&quot;jet_parallax_layout_image_tablet&quot;:{&quot;url&quot;:&quot;&quot;,&quot;id&quot;:&quot;&quot;,&quot;size&quot;:&quot;&quot;},&quot;jet_parallax_layout_image_mobile&quot;:{&quot;url&quot;:&quot;&quot;,&quot;id&quot;:&quot;&quot;,&quot;size&quot;:&quot;&quot;},&quot;jet_parallax_layout_speed&quot;:{&quot;unit&quot;:&quot;%&quot;,&quot;size&quot;:50,&quot;sizes&quot;:[]},&quot;jet_parallax_layout_type&quot;:&quot;scroll&quot;,&quot;jet_parallax_layout_direction&quot;:&quot;1&quot;,&quot;jet_parallax_layout_fx_direction&quot;:null,&quot;jet_parallax_layout_z_index&quot;:&quot;&quot;,&quot;jet_parallax_layout_bg_x&quot;:50,&quot;jet_parallax_layout_bg_y&quot;:50,&quot;jet_parallax_layout_bg_size&quot;:&quot;auto&quot;,&quot;jet_parallax_layout_animation_prop&quot;:&quot;transform&quot;,&quot;jet_parallax_layout_on&quot;:[&quot;desktop&quot;,&quot;tablet&quot;],&quot;jet_parallax_layout_bg_x_tablet&quot;:&quot;&quot;,&quot;jet_parallax_layout_bg_x_mobile&quot;:&quot;&quot;,&quot;jet_parallax_layout_bg_y_tablet&quot;:&quot;&quot;,&quot;jet_parallax_layout_bg_y_mobile&quot;:&quot;&quot;,&quot;jet_parallax_layout_bg_size_tablet&quot;:&quot;&quot;,&quot;jet_parallax_layout_bg_size_mobile&quot;:&quot;&quot;}]}\">\n\t\t\t\t\t\t<div class=\"elementor-container elementor-column-gap-default\">\n\t\t\t\t\t<div class=\"elementor-column elementor-col-100 elementor-inner-column elementor-element elementor-element-e641b52\" data-id=\"e641b52\" data-element_type=\"column\" data-e-type=\"column\">\n\t\t\t<div class=\"elementor-widget-wrap elementor-element-populated\">\n\t\t\t\t\t\t<div class=\"elementor-element elementor-element-f804628 replacetitleimg carre5 elementor-widget elementor-widget-image\" data-id=\"f804628\" data-element_type=\"widget\" data-e-type=\"widget\" data-widget_type=\"image.default\">\n\t\t\t\t<div class=\"elementor-widget-container\">\n\t\t\t\t\t\t\t\t\t\t\t\t<figure class=\"wp-caption\">\n\t\t\t\t\t\t\t\t\t\t\t<a href=\"https:\/\/collinescathares.com\/es\/cultura-y-patrimonio\/el-itinerario-escultorico-de-cenne-monesties\/\">\n\t\t\t\t\t\t\t<img loading=\"lazy\" decoding=\"async\" width=\"800\" height=\"800\" src=\"https:\/\/collinescathares.com\/wp-content\/uploads\/2020\/07\/btn-parcours-culturel-cennes.jpg\" class=\"attachment-full size-full wp-image-1309\" alt=\"\" srcset=\"https:\/\/collinescathares.com\/wp-content\/uploads\/2020\/07\/btn-parcours-culturel-cennes.jpg 800w, https:\/\/collinescathares.com\/wp-content\/uploads\/2020\/07\/btn-parcours-culturel-cennes-300x300.jpg 300w, https:\/\/collinescathares.com\/wp-content\/uploads\/2020\/07\/btn-parcours-culturel-cennes-150x150.jpg 150w, https:\/\/collinescathares.com\/wp-content\/uploads\/2020\/07\/btn-parcours-culturel-cennes-768x768.jpg 768w, https:\/\/collinescathares.com\/wp-content\/uploads\/2020\/07\/btn-parcours-culturel-cennes-500x500.jpg 500w\" sizes=\"(max-width: 800px) 100vw, 800px\" \/>\t\t\t\t\t\t\t\t<\/a>\n\t\t\t\t\t\t\t\t\t\t\t<figcaption class=\"widget-image-caption wp-caption-text\">Itinerario escultorico de Cenne-Monesti\u00e9s<\/figcaption>\n\t\t\t\t\t\t\t\t\t\t<\/figure>\n\t\t\t\t\t\t\t\t\t<\/div>\n\t\t\t\t<\/div>\n\t\t\t\t\t<\/div>\n\t\t<\/div>\n\t\t\t\t\t<\/div>\n\t\t<\/section>\n\t\t\t\t\t<\/div>\n\t\t<\/div>\n\t\t\t\t\t<\/div>\n\t\t<\/section>\n\t\t\t\t<section class=\"elementor-section elementor-top-section elementor-element elementor-element-20ecbbd elementor-section-boxed elementor-section-height-default elementor-section-height-default\" data-id=\"20ecbbd\" data-element_type=\"section\" data-e-type=\"section\" data-settings=\"{&quot;jet_parallax_layout_list&quot;:[{&quot;jet_parallax_layout_image&quot;:{&quot;url&quot;:&quot;&quot;,&quot;id&quot;:&quot;&quot;,&quot;size&quot;:&quot;&quot;},&quot;_id&quot;:&quot;6543067&quot;,&quot;jet_parallax_layout_image_tablet&quot;:{&quot;url&quot;:&quot;&quot;,&quot;id&quot;:&quot;&quot;,&quot;size&quot;:&quot;&quot;},&quot;jet_parallax_layout_image_mobile&quot;:{&quot;url&quot;:&quot;&quot;,&quot;id&quot;:&quot;&quot;,&quot;size&quot;:&quot;&quot;},&quot;jet_parallax_layout_speed&quot;:{&quot;unit&quot;:&quot;%&quot;,&quot;size&quot;:50,&quot;sizes&quot;:[]},&quot;jet_parallax_layout_type&quot;:&quot;scroll&quot;,&quot;jet_parallax_layout_direction&quot;:&quot;1&quot;,&quot;jet_parallax_layout_fx_direction&quot;:null,&quot;jet_parallax_layout_z_index&quot;:&quot;&quot;,&quot;jet_parallax_layout_bg_x&quot;:50,&quot;jet_parallax_layout_bg_y&quot;:50,&quot;jet_parallax_layout_bg_size&quot;:&quot;auto&quot;,&quot;jet_parallax_layout_animation_prop&quot;:&quot;transform&quot;,&quot;jet_parallax_layout_on&quot;:[&quot;desktop&quot;,&quot;tablet&quot;],&quot;jet_parallax_layout_bg_x_tablet&quot;:&quot;&quot;,&quot;jet_parallax_layout_bg_x_mobile&quot;:&quot;&quot;,&quot;jet_parallax_layout_bg_y_tablet&quot;:&quot;&quot;,&quot;jet_parallax_layout_bg_y_mobile&quot;:&quot;&quot;,&quot;jet_parallax_layout_bg_size_tablet&quot;:&quot;&quot;,&quot;jet_parallax_layout_bg_size_mobile&quot;:&quot;&quot;}]}\">\n\t\t\t\t\t\t<div class=\"elementor-container elementor-column-gap-default\">\n\t\t\t\t\t<div class=\"elementor-column elementor-col-50 elementor-top-column elementor-element elementor-element-366ad8e\" data-id=\"366ad8e\" data-element_type=\"column\" data-e-type=\"column\">\n\t\t\t<div class=\"elementor-widget-wrap elementor-element-populated\">\n\t\t\t\t\t\t<div class=\"elementor-element elementor-element-7471dc2 replacetitleimg carre5 elementor-widget elementor-widget-image\" data-id=\"7471dc2\" data-element_type=\"widget\" data-e-type=\"widget\" data-widget_type=\"image.default\">\n\t\t\t\t<div class=\"elementor-widget-container\">\n\t\t\t\t\t\t\t\t\t\t\t\t<figure class=\"wp-caption\">\n\t\t\t\t\t\t\t\t\t\t\t<a href=\"https:\/\/collinescathares.com\/es\/cultura-y-patrimonio\/collegiata-saint-vincent-en-montreal-daude\/\">\n\t\t\t\t\t\t\t<img loading=\"lazy\" decoding=\"async\" width=\"800\" height=\"800\" src=\"https:\/\/collinescathares.com\/wp-content\/uploads\/2020\/07\/btn-collegiale-st-vincent.jpg\" class=\"attachment-full size-full wp-image-1382\" alt=\"\" srcset=\"https:\/\/collinescathares.com\/wp-content\/uploads\/2020\/07\/btn-collegiale-st-vincent.jpg 800w, https:\/\/collinescathares.com\/wp-content\/uploads\/2020\/07\/btn-collegiale-st-vincent-300x300.jpg 300w, https:\/\/collinescathares.com\/wp-content\/uploads\/2020\/07\/btn-collegiale-st-vincent-150x150.jpg 150w, https:\/\/collinescathares.com\/wp-content\/uploads\/2020\/07\/btn-collegiale-st-vincent-768x768.jpg 768w, https:\/\/collinescathares.com\/wp-content\/uploads\/2020\/07\/btn-collegiale-st-vincent-500x500.jpg 500w\" sizes=\"(max-width: 800px) 100vw, 800px\" \/>\t\t\t\t\t\t\t\t<\/a>\n\t\t\t\t\t\t\t\t\t\t\t<figcaption class=\"widget-image-caption wp-caption-text\">Collegiata saint-Vincent en Montr\u00e9al d\u2019Aude<\/figcaption>\n\t\t\t\t\t\t\t\t\t\t<\/figure>\n\t\t\t\t\t\t\t\t\t<\/div>\n\t\t\t\t<\/div>\n\t\t\t\t\t<\/div>\n\t\t<\/div>\n\t\t\t\t<div class=\"elementor-column elementor-col-50 elementor-top-column elementor-element elementor-element-96dd218\" data-id=\"96dd218\" data-element_type=\"column\" data-e-type=\"column\">\n\t\t\t<div class=\"elementor-widget-wrap elementor-element-populated\">\n\t\t\t\t\t\t<div class=\"elementor-element elementor-element-5165898 replacetitleimg carre5 elementor-widget elementor-widget-image\" data-id=\"5165898\" data-element_type=\"widget\" data-e-type=\"widget\" data-widget_type=\"image.default\">\n\t\t\t\t<div class=\"elementor-widget-container\">\n\t\t\t\t\t\t\t\t\t\t\t\t<figure class=\"wp-caption\">\n\t\t\t\t\t\t\t\t\t\t\t<a href=\"https:\/\/collinescathares.com\/es\/cultura-y-patrimonio\/la-iglesia-de-saint-sernin-de-belpech\/\">\n\t\t\t\t\t\t\t<img loading=\"lazy\" decoding=\"async\" width=\"800\" height=\"400\" src=\"https:\/\/collinescathares.com\/wp-content\/uploads\/2020\/07\/btn-st-sernin.jpg\" class=\"attachment-full size-full wp-image-1301\" alt=\"\" srcset=\"https:\/\/collinescathares.com\/wp-content\/uploads\/2020\/07\/btn-st-sernin.jpg 800w, https:\/\/collinescathares.com\/wp-content\/uploads\/2020\/07\/btn-st-sernin-300x150.jpg 300w, https:\/\/collinescathares.com\/wp-content\/uploads\/2020\/07\/btn-st-sernin-768x384.jpg 768w\" sizes=\"(max-width: 800px) 100vw, 800px\" \/>\t\t\t\t\t\t\t\t<\/a>\n\t\t\t\t\t\t\t\t\t\t\t<figcaption class=\"widget-image-caption wp-caption-text\">La iglesia saint sernin de belpech<\/figcaption>\n\t\t\t\t\t\t\t\t\t\t<\/figure>\n\t\t\t\t\t\t\t\t\t<\/div>\n\t\t\t\t<\/div>\n\t\t\t\t<section class=\"elementor-section elementor-inner-section elementor-element elementor-element-ca56cbc elementor-section-boxed elementor-section-height-default elementor-section-height-default\" data-id=\"ca56cbc\" data-element_type=\"section\" data-e-type=\"section\" data-settings=\"{&quot;jet_parallax_layout_list&quot;:[{&quot;jet_parallax_layout_image&quot;:{&quot;url&quot;:&quot;&quot;,&quot;id&quot;:&quot;&quot;,&quot;size&quot;:&quot;&quot;},&quot;_id&quot;:&quot;106212f&quot;,&quot;jet_parallax_layout_image_tablet&quot;:{&quot;url&quot;:&quot;&quot;,&quot;id&quot;:&quot;&quot;,&quot;size&quot;:&quot;&quot;},&quot;jet_parallax_layout_image_mobile&quot;:{&quot;url&quot;:&quot;&quot;,&quot;id&quot;:&quot;&quot;,&quot;size&quot;:&quot;&quot;},&quot;jet_parallax_layout_speed&quot;:{&quot;unit&quot;:&quot;%&quot;,&quot;size&quot;:50,&quot;sizes&quot;:[]},&quot;jet_parallax_layout_type&quot;:&quot;scroll&quot;,&quot;jet_parallax_layout_direction&quot;:&quot;1&quot;,&quot;jet_parallax_layout_fx_direction&quot;:null,&quot;jet_parallax_layout_z_index&quot;:&quot;&quot;,&quot;jet_parallax_layout_bg_x&quot;:50,&quot;jet_parallax_layout_bg_y&quot;:50,&quot;jet_parallax_layout_bg_size&quot;:&quot;auto&quot;,&quot;jet_parallax_layout_animation_prop&quot;:&quot;transform&quot;,&quot;jet_parallax_layout_on&quot;:[&quot;desktop&quot;,&quot;tablet&quot;],&quot;jet_parallax_layout_bg_x_tablet&quot;:&quot;&quot;,&quot;jet_parallax_layout_bg_x_mobile&quot;:&quot;&quot;,&quot;jet_parallax_layout_bg_y_tablet&quot;:&quot;&quot;,&quot;jet_parallax_layout_bg_y_mobile&quot;:&quot;&quot;,&quot;jet_parallax_layout_bg_size_tablet&quot;:&quot;&quot;,&quot;jet_parallax_layout_bg_size_mobile&quot;:&quot;&quot;}]}\">\n\t\t\t\t\t\t<div class=\"elementor-container elementor-column-gap-default\">\n\t\t\t\t\t<div class=\"elementor-column elementor-col-50 elementor-inner-column elementor-element elementor-element-e181760\" data-id=\"e181760\" data-element_type=\"column\" data-e-type=\"column\">\n\t\t\t<div class=\"elementor-widget-wrap elementor-element-populated\">\n\t\t\t\t\t\t<div class=\"elementor-element elementor-element-24f977e replacetitleimg carre2 elementor-widget elementor-widget-image\" data-id=\"24f977e\" data-element_type=\"widget\" data-e-type=\"widget\" data-widget_type=\"image.default\">\n\t\t\t\t<div class=\"elementor-widget-container\">\n\t\t\t\t\t\t\t\t\t\t\t\t<figure class=\"wp-caption\">\n\t\t\t\t\t\t\t\t\t\t\t<a href=\"https:\/\/collinescathares.com\/es\/cultura-y-patrimonio\/los-molinos-dautan\/\">\n\t\t\t\t\t\t\t<img loading=\"lazy\" decoding=\"async\" width=\"800\" height=\"800\" src=\"https:\/\/collinescathares.com\/wp-content\/uploads\/2020\/07\/btn-moulins-autan.jpg\" class=\"attachment-full size-full wp-image-1311\" alt=\"\" srcset=\"https:\/\/collinescathares.com\/wp-content\/uploads\/2020\/07\/btn-moulins-autan.jpg 800w, https:\/\/collinescathares.com\/wp-content\/uploads\/2020\/07\/btn-moulins-autan-300x300.jpg 300w, https:\/\/collinescathares.com\/wp-content\/uploads\/2020\/07\/btn-moulins-autan-150x150.jpg 150w, https:\/\/collinescathares.com\/wp-content\/uploads\/2020\/07\/btn-moulins-autan-768x768.jpg 768w, https:\/\/collinescathares.com\/wp-content\/uploads\/2020\/07\/btn-moulins-autan-500x500.jpg 500w\" sizes=\"(max-width: 800px) 100vw, 800px\" \/>\t\t\t\t\t\t\t\t<\/a>\n\t\t\t\t\t\t\t\t\t\t\t<figcaption class=\"widget-image-caption wp-caption-text\">Molinos <\/figcaption>\n\t\t\t\t\t\t\t\t\t\t<\/figure>\n\t\t\t\t\t\t\t\t\t<\/div>\n\t\t\t\t<\/div>\n\t\t\t\t\t<\/div>\n\t\t<\/div>\n\t\t\t\t<div class=\"elementor-column elementor-col-50 elementor-inner-column elementor-element elementor-element-f2f21e5\" data-id=\"f2f21e5\" data-element_type=\"column\" data-e-type=\"column\">\n\t\t\t<div class=\"elementor-widget-wrap elementor-element-populated\">\n\t\t\t\t\t\t<div class=\"elementor-element elementor-element-c6adaf1 replacetitleimg carre2 elementor-widget elementor-widget-image\" data-id=\"c6adaf1\" data-element_type=\"widget\" data-e-type=\"widget\" data-widget_type=\"image.default\">\n\t\t\t\t<div class=\"elementor-widget-container\">\n\t\t\t\t\t\t\t\t\t\t\t\t<figure class=\"wp-caption\">\n\t\t\t\t\t\t\t\t\t\t\t<a href=\"https:\/\/collinescathares.com\/es\/cultura-y-patrimonio\/capillas-romanicas\/\">\n\t\t\t\t\t\t\t<img loading=\"lazy\" decoding=\"async\" width=\"800\" height=\"800\" src=\"https:\/\/collinescathares.com\/wp-content\/uploads\/2020\/07\/btn-chapelle-romane.jpg\" class=\"attachment-full size-full wp-image-1312\" alt=\"\" srcset=\"https:\/\/collinescathares.com\/wp-content\/uploads\/2020\/07\/btn-chapelle-romane.jpg 800w, https:\/\/collinescathares.com\/wp-content\/uploads\/2020\/07\/btn-chapelle-romane-300x300.jpg 300w, https:\/\/collinescathares.com\/wp-content\/uploads\/2020\/07\/btn-chapelle-romane-150x150.jpg 150w, https:\/\/collinescathares.com\/wp-content\/uploads\/2020\/07\/btn-chapelle-romane-768x768.jpg 768w, https:\/\/collinescathares.com\/wp-content\/uploads\/2020\/07\/btn-chapelle-romane-500x500.jpg 500w\" sizes=\"(max-width: 800px) 100vw, 800px\" \/>\t\t\t\t\t\t\t\t<\/a>\n\t\t\t\t\t\t\t\t\t\t\t<figcaption class=\"widget-image-caption wp-caption-text\">Capillas romanicas<\/figcaption>\n\t\t\t\t\t\t\t\t\t\t<\/figure>\n\t\t\t\t\t\t\t\t\t<\/div>\n\t\t\t\t<\/div>\n\t\t\t\t\t<\/div>\n\t\t<\/div>\n\t\t\t\t\t<\/div>\n\t\t<\/section>\n\t\t\t\t\t<\/div>\n\t\t<\/div>\n\t\t\t\t\t<\/div>\n\t\t<\/section>\n\t\t\t\t<\/div>\n\t\t","protected":false},"excerpt":{"rendered":"<p>Cultura y Patrimonio Fanjeaux, Ciudad del pays cathare Ch\u00e2teau de la commanderie Les Essarts, espacio de artes y cultura en Bram Monasterio de prouilhe maison gramont Eburomagus, museo Arch\u00e9ologico Itinerario escultorico de Cenne-Monesti\u00e9s Collegiata saint-Vincent en Montr\u00e9al d\u2019Aude La iglesia saint sernin de belpech Molinos Capillas romanicas<\/p>\n","protected":false},"author":1,"featured_media":0,"parent":0,"menu_order":0,"comment_status":"closed","ping_status":"closed","template":"","meta":{"_acf_changed":false,"footnotes":""},"class_list":["post-13631","page","type-page","status-publish","hentry"],"acf":[],"yoast_head":"<!-- This site is optimized with the Yoast SEO plugin v26.8 - https:\/\/yoast.com\/product\/yoast-seo-wordpress\/ -->\n<title>CULTURA Y PATRIMONIO - Office De Tourisme Au C\u0153ur Des Collines Cathares<\/title>\n<meta name=\"description\" content=\"Cultura y Patrimonio Fanjeaux, Ciudad del pays cathare Ch\u00e2teau de la commanderie Les Essarts, espacio de artes y cultura en Bram Monasterio de prouilhe CULTURA Y PATRIMONIO, Situ\u00e9 \u00e0 Fanjeaux, nous vous proposons de d\u00e9couvrir notre territoire ! Office De Tourisme Au C\u0153ur Des Collines Cathares\" \/>\n<meta name=\"robots\" content=\"index, follow, max-snippet:-1, max-image-preview:large, max-video-preview:-1\" \/>\n<link rel=\"canonical\" href=\"https:\/\/collinescathares.com\/es\/cultura-y-patrimonio\/\" \/>\n<meta property=\"og:locale\" content=\"es_ES\" \/>\n<meta property=\"og:type\" content=\"article\" \/>\n<meta property=\"og:title\" content=\"CULTURA Y PATRIMONIO - Office De Tourisme Au C\u0153ur Des Collines Cathares\" \/>\n<meta property=\"og:description\" content=\"Cultura y Patrimonio Fanjeaux, Ciudad del pays cathare Ch\u00e2teau de la commanderie Les Essarts, espacio de artes y cultura en Bram Monasterio de prouilhe CULTURA Y PATRIMONIO, Situ\u00e9 \u00e0 Fanjeaux, nous vous proposons de d\u00e9couvrir notre territoire ! Office De Tourisme Au C\u0153ur Des Collines Cathares\" \/>\n<meta property=\"og:url\" content=\"https:\/\/collinescathares.com\/es\/cultura-y-patrimonio\/\" \/>\n<meta property=\"og:site_name\" content=\"Office De Tourisme Au C\u0153ur Des Collines Cathares\" \/>\n<meta property=\"article:publisher\" content=\"https:\/\/www.facebook.com\/tourismelauragais\" \/>\n<meta property=\"article:modified_time\" content=\"2020-10-14T10:07:48+00:00\" \/>\n<meta property=\"og:image\" content=\"https:\/\/collinescathares.com\/wp-content\/uploads\/2020\/06\/carres_couleurs.jpg\" \/>\n<meta name=\"twitter:card\" content=\"summary_large_image\" \/>\n<script type=\"application\/ld+json\" class=\"yoast-schema-graph\">{\"@context\":\"https:\/\/schema.org\",\"@graph\":[{\"@type\":\"WebPage\",\"@id\":\"https:\/\/collinescathares.com\/es\/cultura-y-patrimonio\/\",\"url\":\"https:\/\/collinescathares.com\/es\/cultura-y-patrimonio\/\",\"name\":\"CULTURA Y PATRIMONIO - Office De Tourisme Au C\u0153ur Des Collines Cathares\",\"isPartOf\":{\"@id\":\"https:\/\/collinescathares.com\/es\/#website\"},\"primaryImageOfPage\":{\"@id\":\"https:\/\/collinescathares.com\/es\/cultura-y-patrimonio\/#primaryimage\"},\"image\":{\"@id\":\"https:\/\/collinescathares.com\/es\/cultura-y-patrimonio\/#primaryimage\"},\"thumbnailUrl\":\"https:\/\/collinescathares.com\/wp-content\/uploads\/2020\/06\/carres_couleurs.jpg\",\"datePublished\":\"2020-08-25T09:35:19+00:00\",\"dateModified\":\"2020-10-14T10:07:48+00:00\",\"description\":\"Cultura y Patrimonio Fanjeaux, Ciudad del pays cathare Ch\u00e2teau de la commanderie Les Essarts, espacio de artes y cultura en Bram Monasterio de prouilhe CULTURA Y PATRIMONIO, Situ\u00e9 \u00e0 Fanjeaux, nous vous proposons de d\u00e9couvrir notre territoire ! Office De Tourisme Au C\u0153ur Des Collines Cathares\",\"breadcrumb\":{\"@id\":\"https:\/\/collinescathares.com\/es\/cultura-y-patrimonio\/#breadcrumb\"},\"inLanguage\":\"es\",\"potentialAction\":[{\"@type\":\"ReadAction\",\"target\":[\"https:\/\/collinescathares.com\/es\/cultura-y-patrimonio\/\"]}]},{\"@type\":\"ImageObject\",\"inLanguage\":\"es\",\"@id\":\"https:\/\/collinescathares.com\/es\/cultura-y-patrimonio\/#primaryimage\",\"url\":\"https:\/\/collinescathares.com\/wp-content\/uploads\/2020\/06\/carres_couleurs.jpg\",\"contentUrl\":\"https:\/\/collinescathares.com\/wp-content\/uploads\/2020\/06\/carres_couleurs.jpg\"},{\"@type\":\"BreadcrumbList\",\"@id\":\"https:\/\/collinescathares.com\/es\/cultura-y-patrimonio\/#breadcrumb\",\"itemListElement\":[{\"@type\":\"ListItem\",\"position\":1,\"name\":\"Inicio\",\"item\":\"https:\/\/collinescathares.com\/es\/\"},{\"@type\":\"ListItem\",\"position\":2,\"name\":\"CULTURA Y PATRIMONIO\"}]},{\"@type\":\"WebSite\",\"@id\":\"https:\/\/collinescathares.com\/es\/#website\",\"url\":\"https:\/\/collinescathares.com\/es\/\",\"name\":\"Office De Tourisme Au C\u0153ur Des Collines Cathares\",\"description\":\"Situ\u00e9 \u00e0 Fanjeaux, nous vous proposons de d\u00e9couvrir notre territoire !\",\"publisher\":{\"@id\":\"https:\/\/collinescathares.com\/es\/#organization\"},\"potentialAction\":[{\"@type\":\"SearchAction\",\"target\":{\"@type\":\"EntryPoint\",\"urlTemplate\":\"https:\/\/collinescathares.com\/es\/?s={search_term_string}\"},\"query-input\":{\"@type\":\"PropertyValueSpecification\",\"valueRequired\":true,\"valueName\":\"search_term_string\"}}],\"inLanguage\":\"es\"},{\"@type\":\"Organization\",\"@id\":\"https:\/\/collinescathares.com\/es\/#organization\",\"name\":\"Office de Tourisme Au C\u0153ur Des Collines Cathares\",\"url\":\"https:\/\/collinescathares.com\/es\/\",\"logo\":{\"@type\":\"ImageObject\",\"inLanguage\":\"es\",\"@id\":\"https:\/\/collinescathares.com\/es\/#\/schema\/logo\/image\/\",\"url\":\"https:\/\/collinescathares.com\/wp-content\/uploads\/2020\/06\/logo_Tourisme_lauragais-1.jpg\",\"contentUrl\":\"https:\/\/collinescathares.com\/wp-content\/uploads\/2020\/06\/logo_Tourisme_lauragais-1.jpg\",\"width\":209,\"height\":250,\"caption\":\"Office de Tourisme Au C\u0153ur Des Collines Cathares\"},\"image\":{\"@id\":\"https:\/\/collinescathares.com\/es\/#\/schema\/logo\/image\/\"},\"sameAs\":[\"https:\/\/www.facebook.com\/tourismelauragais\",\"https:\/\/www.instagram.com\/officetourismecollinescathares\/?hl=fr\",\"https:\/\/www.pinterest.fr\/oticollinescathares\/boards\/\"]}]}<\/script>\n<!-- \/ Yoast SEO plugin. -->","yoast_head_json":{"title":"CULTURA Y PATRIMONIO - Office De Tourisme Au C\u0153ur Des Collines Cathares","description":"Cultura y Patrimonio Fanjeaux, Ciudad del pays cathare Ch\u00e2teau de la commanderie Les Essarts, espacio de artes y cultura en Bram Monasterio de prouilhe CULTURA Y PATRIMONIO, Situ\u00e9 \u00e0 Fanjeaux, nous vous proposons de d\u00e9couvrir notre territoire ! Office De Tourisme Au C\u0153ur Des Collines Cathares","robots":{"index":"index","follow":"follow","max-snippet":"max-snippet:-1","max-image-preview":"max-image-preview:large","max-video-preview":"max-video-preview:-1"},"canonical":"https:\/\/collinescathares.com\/es\/cultura-y-patrimonio\/","og_locale":"es_ES","og_type":"article","og_title":"CULTURA Y PATRIMONIO - Office De Tourisme Au C\u0153ur Des Collines Cathares","og_description":"Cultura y Patrimonio Fanjeaux, Ciudad del pays cathare Ch\u00e2teau de la commanderie Les Essarts, espacio de artes y cultura en Bram Monasterio de prouilhe CULTURA Y PATRIMONIO, Situ\u00e9 \u00e0 Fanjeaux, nous vous proposons de d\u00e9couvrir notre territoire ! Office De Tourisme Au C\u0153ur Des Collines Cathares","og_url":"https:\/\/collinescathares.com\/es\/cultura-y-patrimonio\/","og_site_name":"Office De Tourisme Au C\u0153ur Des Collines Cathares","article_publisher":"https:\/\/www.facebook.com\/tourismelauragais","article_modified_time":"2020-10-14T10:07:48+00:00","og_image":[{"url":"https:\/\/collinescathares.com\/wp-content\/uploads\/2020\/06\/carres_couleurs.jpg","type":"","width":"","height":""}],"twitter_card":"summary_large_image","schema":{"@context":"https:\/\/schema.org","@graph":[{"@type":"WebPage","@id":"https:\/\/collinescathares.com\/es\/cultura-y-patrimonio\/","url":"https:\/\/collinescathares.com\/es\/cultura-y-patrimonio\/","name":"CULTURA Y PATRIMONIO - Office De Tourisme Au C\u0153ur Des Collines Cathares","isPartOf":{"@id":"https:\/\/collinescathares.com\/es\/#website"},"primaryImageOfPage":{"@id":"https:\/\/collinescathares.com\/es\/cultura-y-patrimonio\/#primaryimage"},"image":{"@id":"https:\/\/collinescathares.com\/es\/cultura-y-patrimonio\/#primaryimage"},"thumbnailUrl":"https:\/\/collinescathares.com\/wp-content\/uploads\/2020\/06\/carres_couleurs.jpg","datePublished":"2020-08-25T09:35:19+00:00","dateModified":"2020-10-14T10:07:48+00:00","description":"Cultura y Patrimonio Fanjeaux, Ciudad del pays cathare Ch\u00e2teau de la commanderie Les Essarts, espacio de artes y cultura en Bram Monasterio de prouilhe CULTURA Y PATRIMONIO, Situ\u00e9 \u00e0 Fanjeaux, nous vous proposons de d\u00e9couvrir notre territoire ! Office De Tourisme Au C\u0153ur Des Collines Cathares","breadcrumb":{"@id":"https:\/\/collinescathares.com\/es\/cultura-y-patrimonio\/#breadcrumb"},"inLanguage":"es","potentialAction":[{"@type":"ReadAction","target":["https:\/\/collinescathares.com\/es\/cultura-y-patrimonio\/"]}]},{"@type":"ImageObject","inLanguage":"es","@id":"https:\/\/collinescathares.com\/es\/cultura-y-patrimonio\/#primaryimage","url":"https:\/\/collinescathares.com\/wp-content\/uploads\/2020\/06\/carres_couleurs.jpg","contentUrl":"https:\/\/collinescathares.com\/wp-content\/uploads\/2020\/06\/carres_couleurs.jpg"},{"@type":"BreadcrumbList","@id":"https:\/\/collinescathares.com\/es\/cultura-y-patrimonio\/#breadcrumb","itemListElement":[{"@type":"ListItem","position":1,"name":"Inicio","item":"https:\/\/collinescathares.com\/es\/"},{"@type":"ListItem","position":2,"name":"CULTURA Y PATRIMONIO"}]},{"@type":"WebSite","@id":"https:\/\/collinescathares.com\/es\/#website","url":"https:\/\/collinescathares.com\/es\/","name":"Office De Tourisme Au C\u0153ur Des Collines Cathares","description":"Situ\u00e9 \u00e0 Fanjeaux, nous vous proposons de d\u00e9couvrir notre territoire !","publisher":{"@id":"https:\/\/collinescathares.com\/es\/#organization"},"potentialAction":[{"@type":"SearchAction","target":{"@type":"EntryPoint","urlTemplate":"https:\/\/collinescathares.com\/es\/?s={search_term_string}"},"query-input":{"@type":"PropertyValueSpecification","valueRequired":true,"valueName":"search_term_string"}}],"inLanguage":"es"},{"@type":"Organization","@id":"https:\/\/collinescathares.com\/es\/#organization","name":"Office de Tourisme Au C\u0153ur Des Collines Cathares","url":"https:\/\/collinescathares.com\/es\/","logo":{"@type":"ImageObject","inLanguage":"es","@id":"https:\/\/collinescathares.com\/es\/#\/schema\/logo\/image\/","url":"https:\/\/collinescathares.com\/wp-content\/uploads\/2020\/06\/logo_Tourisme_lauragais-1.jpg","contentUrl":"https:\/\/collinescathares.com\/wp-content\/uploads\/2020\/06\/logo_Tourisme_lauragais-1.jpg","width":209,"height":250,"caption":"Office de Tourisme Au C\u0153ur Des Collines Cathares"},"image":{"@id":"https:\/\/collinescathares.com\/es\/#\/schema\/logo\/image\/"},"sameAs":["https:\/\/www.facebook.com\/tourismelauragais","https:\/\/www.instagram.com\/officetourismecollinescathares\/?hl=fr","https:\/\/www.pinterest.fr\/oticollinescathares\/boards\/"]}]}},"_links":{"self":[{"href":"https:\/\/collinescathares.com\/es\/wp-json\/wp\/v2\/pages\/13631","targetHints":{"allow":["GET"]}}],"collection":[{"href":"https:\/\/collinescathares.com\/es\/wp-json\/wp\/v2\/pages"}],"about":[{"href":"https:\/\/collinescathares.com\/es\/wp-json\/wp\/v2\/types\/page"}],"author":[{"embeddable":true,"href":"https:\/\/collinescathares.com\/es\/wp-json\/wp\/v2\/users\/1"}],"replies":[{"embeddable":true,"href":"https:\/\/collinescathares.com\/es\/wp-json\/wp\/v2\/comments?post=13631"}],"version-history":[{"count":0,"href":"https:\/\/collinescathares.com\/es\/wp-json\/wp\/v2\/pages\/13631\/revisions"}],"wp:attachment":[{"href":"https:\/\/collinescathares.com\/es\/wp-json\/wp\/v2\/media?parent=13631"}],"curies":[{"name":"wp","href":"https:\/\/api.w.org\/{rel}","templated":true}]}}