{"id":15384,"date":"2020-09-04T15:05:19","date_gmt":"2020-09-04T13:05:19","guid":{"rendered":"https:\/\/collinescathares.com\/?page_id=15384"},"modified":"2020-09-23T17:31:00","modified_gmt":"2020-09-23T15:31:00","slug":"fanjeaux-ciudad-dominica","status":"publish","type":"page","link":"https:\/\/collinescathares.com\/es\/descubrir\/pueblos-de-las-colinas-cataras\/fanjeaux-ciudad-dominica\/","title":{"rendered":"Fanjeaux, ciudad dominica"},"content":{"rendered":"\t\t<div data-elementor-type=\"wp-page\" data-elementor-id=\"15384\" class=\"elementor elementor-15384 elementor-938\">\n\t\t\t\t\t\t<section class=\"elementor-section elementor-top-section elementor-element elementor-element-94365bc elementor-section-stretched elementor-section-full_width elementor-section-height-default elementor-section-height-default\" data-id=\"94365bc\" data-element_type=\"section\" data-e-type=\"section\" data-settings=\"{&quot;stretch_section&quot;:&quot;section-stretched&quot;,&quot;jet_parallax_layout_list&quot;:[{&quot;jet_parallax_layout_image&quot;:{&quot;url&quot;:&quot;&quot;,&quot;id&quot;:&quot;&quot;,&quot;size&quot;:&quot;&quot;},&quot;_id&quot;:&quot;4560f4b&quot;,&quot;jet_parallax_layout_image_tablet&quot;:{&quot;url&quot;:&quot;&quot;,&quot;id&quot;:&quot;&quot;,&quot;size&quot;:&quot;&quot;},&quot;jet_parallax_layout_image_mobile&quot;:{&quot;url&quot;:&quot;&quot;,&quot;id&quot;:&quot;&quot;,&quot;size&quot;:&quot;&quot;},&quot;jet_parallax_layout_speed&quot;:{&quot;unit&quot;:&quot;%&quot;,&quot;size&quot;:50,&quot;sizes&quot;:[]},&quot;jet_parallax_layout_type&quot;:&quot;scroll&quot;,&quot;jet_parallax_layout_direction&quot;:&quot;1&quot;,&quot;jet_parallax_layout_fx_direction&quot;:null,&quot;jet_parallax_layout_z_index&quot;:&quot;&quot;,&quot;jet_parallax_layout_bg_x&quot;:50,&quot;jet_parallax_layout_bg_y&quot;:50,&quot;jet_parallax_layout_bg_size&quot;:&quot;auto&quot;,&quot;jet_parallax_layout_animation_prop&quot;:&quot;transform&quot;,&quot;jet_parallax_layout_on&quot;:[&quot;desktop&quot;,&quot;tablet&quot;],&quot;jet_parallax_layout_bg_x_tablet&quot;:&quot;&quot;,&quot;jet_parallax_layout_bg_x_mobile&quot;:&quot;&quot;,&quot;jet_parallax_layout_bg_y_tablet&quot;:&quot;&quot;,&quot;jet_parallax_layout_bg_y_mobile&quot;:&quot;&quot;,&quot;jet_parallax_layout_bg_size_tablet&quot;:&quot;&quot;,&quot;jet_parallax_layout_bg_size_mobile&quot;:&quot;&quot;}],&quot;background_background&quot;:&quot;classic&quot;}\">\n\t\t\t\t\t\t<div class=\"elementor-container elementor-column-gap-default\">\n\t\t\t\t\t<div class=\"elementor-column elementor-col-100 elementor-top-column elementor-element elementor-element-7a44aee\" data-id=\"7a44aee\" data-element_type=\"column\" data-e-type=\"column\">\n\t\t\t<div class=\"elementor-widget-wrap\">\n\t\t\t\t\t\t\t<\/div>\n\t\t<\/div>\n\t\t\t\t\t<\/div>\n\t\t<\/section>\n\t\t\t\t<section class=\"elementor-section elementor-top-section elementor-element elementor-element-09851b0 elementor-section-boxed elementor-section-height-default elementor-section-height-default\" data-id=\"09851b0\" data-element_type=\"section\" data-e-type=\"section\" data-settings=\"{&quot;jet_parallax_layout_list&quot;:[{&quot;jet_parallax_layout_image&quot;:{&quot;url&quot;:&quot;&quot;,&quot;id&quot;:&quot;&quot;,&quot;size&quot;:&quot;&quot;},&quot;_id&quot;:&quot;d3ac268&quot;,&quot;jet_parallax_layout_image_tablet&quot;:{&quot;url&quot;:&quot;&quot;,&quot;id&quot;:&quot;&quot;,&quot;size&quot;:&quot;&quot;},&quot;jet_parallax_layout_image_mobile&quot;:{&quot;url&quot;:&quot;&quot;,&quot;id&quot;:&quot;&quot;,&quot;size&quot;:&quot;&quot;},&quot;jet_parallax_layout_speed&quot;:{&quot;unit&quot;:&quot;%&quot;,&quot;size&quot;:50,&quot;sizes&quot;:[]},&quot;jet_parallax_layout_type&quot;:&quot;scroll&quot;,&quot;jet_parallax_layout_direction&quot;:&quot;1&quot;,&quot;jet_parallax_layout_fx_direction&quot;:null,&quot;jet_parallax_layout_z_index&quot;:&quot;&quot;,&quot;jet_parallax_layout_bg_x&quot;:50,&quot;jet_parallax_layout_bg_y&quot;:50,&quot;jet_parallax_layout_bg_size&quot;:&quot;auto&quot;,&quot;jet_parallax_layout_animation_prop&quot;:&quot;transform&quot;,&quot;jet_parallax_layout_on&quot;:[&quot;desktop&quot;,&quot;tablet&quot;],&quot;jet_parallax_layout_bg_x_tablet&quot;:&quot;&quot;,&quot;jet_parallax_layout_bg_x_mobile&quot;:&quot;&quot;,&quot;jet_parallax_layout_bg_y_tablet&quot;:&quot;&quot;,&quot;jet_parallax_layout_bg_y_mobile&quot;:&quot;&quot;,&quot;jet_parallax_layout_bg_size_tablet&quot;:&quot;&quot;,&quot;jet_parallax_layout_bg_size_mobile&quot;:&quot;&quot;}]}\">\n\t\t\t\t\t\t<div class=\"elementor-container elementor-column-gap-default\">\n\t\t\t\t\t<div class=\"elementor-column elementor-col-100 elementor-top-column elementor-element elementor-element-46f22f7\" data-id=\"46f22f7\" data-element_type=\"column\" data-e-type=\"column\">\n\t\t\t<div class=\"elementor-widget-wrap elementor-element-populated\">\n\t\t\t\t\t\t<div class=\"elementor-element elementor-element-1d525aa elementor-widget elementor-widget-text-editor\" data-id=\"1d525aa\" data-element_type=\"widget\" data-e-type=\"widget\" data-widget_type=\"text-editor.default\">\n\t\t\t\t<div class=\"elementor-widget-container\">\n\t\t\t\t\t\t\t\t\t<p style=\"text-align: center;\"><span><span><a href=\"https:\/\/collinescathares.com\/es\/\">Inicio<\/a><\/span><\/span><\/p><h1 style=\"text-align: center;\">Fanjeaux, ciudad dominica<\/h1><p><img decoding=\"async\" class=\"size-full wp-image-280 aligncenter\" src=\"https:\/\/collinescathares.com\/wp-content\/uploads\/2020\/06\/carres_couleurs.jpg\" alt=\"\" width=\"85\" height=\"19\" \/><\/p>\t\t\t\t\t\t\t\t<\/div>\n\t\t\t\t<\/div>\n\t\t\t\t<div class=\"elementor-element elementor-element-b5bc51d elementor-widget elementor-widget-text-editor\" data-id=\"b5bc51d\" data-element_type=\"widget\" data-e-type=\"widget\" data-widget_type=\"text-editor.default\">\n\t\t\t\t<div class=\"elementor-widget-container\">\n\t\t\t\t\t\t\t\t\t<p style=\"text-align: center;\"><strong>El campanario de Fanjeaux, con sus 360 metros de altura, resplandece cual faro en la llanura de Lauragais desde hace m\u00e1s de mil a\u00f1os. Su caracter\u00edstica silueta, que destaca en medio de las colinas, es un punto de referencia familiar del precioso paisaje que le rodea, donde se alternan los cultivos y los campos de girasoles.<\/strong><\/p>\t\t\t\t\t\t\t\t<\/div>\n\t\t\t\t<\/div>\n\t\t\t\t<div class=\"elementor-element elementor-element-3430dd3 elementor-widget elementor-widget-image\" data-id=\"3430dd3\" data-element_type=\"widget\" data-e-type=\"widget\" data-widget_type=\"image.default\">\n\t\t\t\t<div class=\"elementor-widget-container\">\n\t\t\t\t\t\t\t\t\t\t\t\t\t\t\t<img fetchpriority=\"high\" decoding=\"async\" width=\"556\" height=\"202\" src=\"https:\/\/collinescathares.com\/wp-content\/uploads\/2020\/07\/Carte_fanjeaux_01.jpg\" class=\"attachment-full size-full wp-image-15390\" alt=\"\" srcset=\"https:\/\/collinescathares.com\/wp-content\/uploads\/2020\/07\/Carte_fanjeaux_01.jpg 556w, https:\/\/collinescathares.com\/wp-content\/uploads\/2020\/07\/Carte_fanjeaux_01-300x109.jpg 300w\" sizes=\"(max-width: 556px) 100vw, 556px\" \/>\t\t\t\t\t\t\t\t\t\t\t\t\t\t\t<\/div>\n\t\t\t\t<\/div>\n\t\t\t\t\t<\/div>\n\t\t<\/div>\n\t\t\t\t\t<\/div>\n\t\t<\/section>\n\t\t\t\t<section class=\"elementor-section elementor-top-section elementor-element elementor-element-e8e6954 elementor-section-stretched elementor-section-boxed elementor-section-height-default elementor-section-height-default\" data-id=\"e8e6954\" data-element_type=\"section\" data-e-type=\"section\" data-settings=\"{&quot;stretch_section&quot;:&quot;section-stretched&quot;,&quot;jet_parallax_layout_list&quot;:[{&quot;jet_parallax_layout_image&quot;:{&quot;url&quot;:&quot;&quot;,&quot;id&quot;:&quot;&quot;,&quot;size&quot;:&quot;&quot;},&quot;_id&quot;:&quot;36f6a96&quot;,&quot;jet_parallax_layout_image_tablet&quot;:{&quot;url&quot;:&quot;&quot;,&quot;id&quot;:&quot;&quot;,&quot;size&quot;:&quot;&quot;},&quot;jet_parallax_layout_image_mobile&quot;:{&quot;url&quot;:&quot;&quot;,&quot;id&quot;:&quot;&quot;,&quot;size&quot;:&quot;&quot;},&quot;jet_parallax_layout_speed&quot;:{&quot;unit&quot;:&quot;%&quot;,&quot;size&quot;:50,&quot;sizes&quot;:[]},&quot;jet_parallax_layout_type&quot;:&quot;scroll&quot;,&quot;jet_parallax_layout_direction&quot;:&quot;1&quot;,&quot;jet_parallax_layout_fx_direction&quot;:null,&quot;jet_parallax_layout_z_index&quot;:&quot;&quot;,&quot;jet_parallax_layout_bg_x&quot;:50,&quot;jet_parallax_layout_bg_y&quot;:50,&quot;jet_parallax_layout_bg_size&quot;:&quot;auto&quot;,&quot;jet_parallax_layout_animation_prop&quot;:&quot;transform&quot;,&quot;jet_parallax_layout_on&quot;:[&quot;desktop&quot;,&quot;tablet&quot;],&quot;jet_parallax_layout_bg_x_tablet&quot;:&quot;&quot;,&quot;jet_parallax_layout_bg_x_mobile&quot;:&quot;&quot;,&quot;jet_parallax_layout_bg_y_tablet&quot;:&quot;&quot;,&quot;jet_parallax_layout_bg_y_mobile&quot;:&quot;&quot;,&quot;jet_parallax_layout_bg_size_tablet&quot;:&quot;&quot;,&quot;jet_parallax_layout_bg_size_mobile&quot;:&quot;&quot;}],&quot;background_background&quot;:&quot;classic&quot;}\">\n\t\t\t\t\t\t<div class=\"elementor-container elementor-column-gap-default\">\n\t\t\t\t\t<div class=\"elementor-column elementor-col-100 elementor-top-column elementor-element elementor-element-2cfbd77\" data-id=\"2cfbd77\" data-element_type=\"column\" data-e-type=\"column\">\n\t\t\t<div class=\"elementor-widget-wrap elementor-element-populated\">\n\t\t\t\t\t\t<div class=\"elementor-element elementor-element-295cb3d elementor-pagination-position-inside elementor-arrows-position-inside elementor-widget elementor-widget-image-carousel\" data-id=\"295cb3d\" data-element_type=\"widget\" data-e-type=\"widget\" data-settings=\"{&quot;slides_to_show&quot;:&quot;1&quot;,&quot;navigation&quot;:&quot;both&quot;,&quot;autoplay&quot;:&quot;yes&quot;,&quot;pause_on_hover&quot;:&quot;yes&quot;,&quot;pause_on_interaction&quot;:&quot;yes&quot;,&quot;autoplay_speed&quot;:5000,&quot;infinite&quot;:&quot;yes&quot;,&quot;effect&quot;:&quot;slide&quot;,&quot;speed&quot;:500}\" data-widget_type=\"image-carousel.default\">\n\t\t\t\t<div class=\"elementor-widget-container\">\n\t\t\t\t\t\t\t<div class=\"elementor-image-carousel-wrapper swiper\" role=\"region\" aria-roledescription=\"carousel\" aria-label=\"Carrusel de im\u00e1genes\" dir=\"ltr\">\n\t\t\t<div class=\"elementor-image-carousel swiper-wrapper\" aria-live=\"off\">\n\t\t\t\t\t\t\t\t<div class=\"swiper-slide\" role=\"group\" aria-roledescription=\"slide\" aria-label=\"1 de 10\"><figure class=\"swiper-slide-inner\"><img decoding=\"async\" class=\"swiper-slide-image\" src=\"https:\/\/collinescathares.com\/wp-content\/uploads\/2020\/07\/PaysLauragais7649\u00d4\u00c6\u00a9C.Deschamps.jpg\" alt=\"PaysLauragais7649\u00d4\u00c6\u00a9C.Deschamps\" \/><\/figure><\/div><div class=\"swiper-slide\" role=\"group\" aria-roledescription=\"slide\" aria-label=\"2 de 10\"><figure class=\"swiper-slide-inner\"><img decoding=\"async\" class=\"swiper-slide-image\" src=\"https:\/\/collinescathares.com\/wp-content\/uploads\/2020\/07\/MG_1550.jpg\" alt=\"_MG_1550\" \/><\/figure><\/div><div class=\"swiper-slide\" role=\"group\" aria-roledescription=\"slide\" aria-label=\"3 de 10\"><figure class=\"swiper-slide-inner\"><img decoding=\"async\" class=\"swiper-slide-image\" src=\"https:\/\/collinescathares.com\/wp-content\/uploads\/2020\/07\/MG_4153-Panorama-1.jpg\" alt=\"_MG_4153-Panorama\" \/><\/figure><\/div><div class=\"swiper-slide\" role=\"group\" aria-roledescription=\"slide\" aria-label=\"4 de 10\"><figure class=\"swiper-slide-inner\"><img decoding=\"async\" class=\"swiper-slide-image\" src=\"https:\/\/collinescathares.com\/wp-content\/uploads\/2020\/07\/MG_1568.jpg\" alt=\"_MG_1568\" \/><\/figure><\/div><div class=\"swiper-slide\" role=\"group\" aria-roledescription=\"slide\" aria-label=\"5 de 10\"><figure class=\"swiper-slide-inner\"><img decoding=\"async\" class=\"swiper-slide-image\" src=\"https:\/\/collinescathares.com\/wp-content\/uploads\/2020\/07\/MG_1603-HDR.jpg\" alt=\"_MG_1603-HDR\" \/><\/figure><\/div><div class=\"swiper-slide\" role=\"group\" aria-roledescription=\"slide\" aria-label=\"6 de 10\"><figure class=\"swiper-slide-inner\"><img decoding=\"async\" class=\"swiper-slide-image\" src=\"https:\/\/collinescathares.com\/wp-content\/uploads\/2020\/07\/MG_4152.jpg\" alt=\"_MG_4152\" \/><\/figure><\/div><div class=\"swiper-slide\" role=\"group\" aria-roledescription=\"slide\" aria-label=\"7 de 10\"><figure class=\"swiper-slide-inner\"><img decoding=\"async\" class=\"swiper-slide-image\" src=\"https:\/\/collinescathares.com\/wp-content\/uploads\/2020\/07\/15062020-DSC_6834.jpg\" alt=\"15062020-DSC_6834\" \/><\/figure><\/div><div class=\"swiper-slide\" role=\"group\" aria-roledescription=\"slide\" aria-label=\"8 de 10\"><figure class=\"swiper-slide-inner\"><img decoding=\"async\" class=\"swiper-slide-image\" src=\"https:\/\/collinescathares.com\/wp-content\/uploads\/2020\/07\/20190606110120_IMG_0277.jpg\" alt=\"20190606110120_IMG_0277\" \/><\/figure><\/div><div class=\"swiper-slide\" role=\"group\" aria-roledescription=\"slide\" aria-label=\"9 de 10\"><figure class=\"swiper-slide-inner\"><img decoding=\"async\" class=\"swiper-slide-image\" src=\"https:\/\/collinescathares.com\/wp-content\/uploads\/2020\/07\/Copie-de-PaysLauragais7113\u00d4\u00c6\u00a9C.Deschamps.jpg\" alt=\"Copie de PaysLauragais7113\u00d4\u00c6\u00a9C.Deschamps\" \/><\/figure><\/div><div class=\"swiper-slide\" role=\"group\" aria-roledescription=\"slide\" aria-label=\"10 de 10\"><figure class=\"swiper-slide-inner\"><img decoding=\"async\" class=\"swiper-slide-image\" src=\"https:\/\/collinescathares.com\/wp-content\/uploads\/2020\/07\/PaysLauragais8141\u00d4\u00c6\u00a9C.Deschamps.jpg\" alt=\"PaysLauragais8141\u00d4\u00c6\u00a9C.Deschamps\" \/><\/figure><\/div>\t\t\t<\/div>\n\t\t\t\t\t\t\t\t\t\t\t\t<div class=\"elementor-swiper-button elementor-swiper-button-prev\" role=\"button\" tabindex=\"0\">\n\t\t\t\t\t\t<i aria-hidden=\"true\" class=\"eicon-chevron-left\"><\/i>\t\t\t\t\t<\/div>\n\t\t\t\t\t<div class=\"elementor-swiper-button elementor-swiper-button-next\" role=\"button\" tabindex=\"0\">\n\t\t\t\t\t\t<i aria-hidden=\"true\" class=\"eicon-chevron-right\"><\/i>\t\t\t\t\t<\/div>\n\t\t\t\t\n\t\t\t\t\t\t\t\t\t<div class=\"swiper-pagination\"><\/div>\n\t\t\t\t\t\t\t\t\t<\/div>\n\t\t\t\t\t\t<\/div>\n\t\t\t\t<\/div>\n\t\t\t\t\t<\/div>\n\t\t<\/div>\n\t\t\t\t\t<\/div>\n\t\t<\/section>\n\t\t\t\t<section class=\"elementor-section elementor-top-section elementor-element elementor-element-53c45a4 elementor-section-boxed elementor-section-height-default elementor-section-height-default\" data-id=\"53c45a4\" data-element_type=\"section\" data-e-type=\"section\" data-settings=\"{&quot;jet_parallax_layout_list&quot;:[{&quot;jet_parallax_layout_image&quot;:{&quot;url&quot;:&quot;&quot;,&quot;id&quot;:&quot;&quot;,&quot;size&quot;:&quot;&quot;},&quot;_id&quot;:&quot;3600340&quot;,&quot;jet_parallax_layout_image_tablet&quot;:{&quot;url&quot;:&quot;&quot;,&quot;id&quot;:&quot;&quot;,&quot;size&quot;:&quot;&quot;},&quot;jet_parallax_layout_image_mobile&quot;:{&quot;url&quot;:&quot;&quot;,&quot;id&quot;:&quot;&quot;,&quot;size&quot;:&quot;&quot;},&quot;jet_parallax_layout_speed&quot;:{&quot;unit&quot;:&quot;%&quot;,&quot;size&quot;:50,&quot;sizes&quot;:[]},&quot;jet_parallax_layout_type&quot;:&quot;scroll&quot;,&quot;jet_parallax_layout_direction&quot;:&quot;1&quot;,&quot;jet_parallax_layout_fx_direction&quot;:null,&quot;jet_parallax_layout_z_index&quot;:&quot;&quot;,&quot;jet_parallax_layout_bg_x&quot;:50,&quot;jet_parallax_layout_bg_y&quot;:50,&quot;jet_parallax_layout_bg_size&quot;:&quot;auto&quot;,&quot;jet_parallax_layout_animation_prop&quot;:&quot;transform&quot;,&quot;jet_parallax_layout_on&quot;:[&quot;desktop&quot;,&quot;tablet&quot;],&quot;jet_parallax_layout_bg_x_tablet&quot;:&quot;&quot;,&quot;jet_parallax_layout_bg_x_mobile&quot;:&quot;&quot;,&quot;jet_parallax_layout_bg_y_tablet&quot;:&quot;&quot;,&quot;jet_parallax_layout_bg_y_mobile&quot;:&quot;&quot;,&quot;jet_parallax_layout_bg_size_tablet&quot;:&quot;&quot;,&quot;jet_parallax_layout_bg_size_mobile&quot;:&quot;&quot;}]}\">\n\t\t\t\t\t\t<div class=\"elementor-container elementor-column-gap-default\">\n\t\t\t\t\t<div class=\"elementor-column elementor-col-100 elementor-top-column elementor-element elementor-element-d30417b\" data-id=\"d30417b\" data-element_type=\"column\" data-e-type=\"column\">\n\t\t\t<div class=\"elementor-widget-wrap elementor-element-populated\">\n\t\t\t\t\t\t<div class=\"elementor-element elementor-element-b347fe6 elementor-widget elementor-widget-image\" data-id=\"b347fe6\" data-element_type=\"widget\" data-e-type=\"widget\" data-widget_type=\"image.default\">\n\t\t\t\t<div class=\"elementor-widget-container\">\n\t\t\t\t\t\t\t\t\t\t\t\t\t\t\t<img decoding=\"async\" width=\"85\" height=\"19\" src=\"https:\/\/collinescathares.com\/wp-content\/uploads\/2020\/07\/carres_de_couleurs.png\" class=\"attachment-full size-full wp-image-14169\" alt=\"\" \/>\t\t\t\t\t\t\t\t\t\t\t\t\t\t\t<\/div>\n\t\t\t\t<\/div>\n\t\t\t\t\t<\/div>\n\t\t<\/div>\n\t\t\t\t\t<\/div>\n\t\t<\/section>\n\t\t\t\t<section class=\"elementor-section elementor-top-section elementor-element elementor-element-830c492 elementor-section-boxed elementor-section-height-default elementor-section-height-default\" data-id=\"830c492\" data-element_type=\"section\" data-e-type=\"section\" data-settings=\"{&quot;jet_parallax_layout_list&quot;:[{&quot;jet_parallax_layout_image&quot;:{&quot;url&quot;:&quot;&quot;,&quot;id&quot;:&quot;&quot;,&quot;size&quot;:&quot;&quot;},&quot;_id&quot;:&quot;01f7131&quot;,&quot;jet_parallax_layout_image_tablet&quot;:{&quot;url&quot;:&quot;&quot;,&quot;id&quot;:&quot;&quot;,&quot;size&quot;:&quot;&quot;},&quot;jet_parallax_layout_image_mobile&quot;:{&quot;url&quot;:&quot;&quot;,&quot;id&quot;:&quot;&quot;,&quot;size&quot;:&quot;&quot;},&quot;jet_parallax_layout_speed&quot;:{&quot;unit&quot;:&quot;%&quot;,&quot;size&quot;:50,&quot;sizes&quot;:[]},&quot;jet_parallax_layout_type&quot;:&quot;scroll&quot;,&quot;jet_parallax_layout_direction&quot;:&quot;1&quot;,&quot;jet_parallax_layout_fx_direction&quot;:null,&quot;jet_parallax_layout_z_index&quot;:&quot;&quot;,&quot;jet_parallax_layout_bg_x&quot;:50,&quot;jet_parallax_layout_bg_y&quot;:50,&quot;jet_parallax_layout_bg_size&quot;:&quot;auto&quot;,&quot;jet_parallax_layout_animation_prop&quot;:&quot;transform&quot;,&quot;jet_parallax_layout_on&quot;:[&quot;desktop&quot;,&quot;tablet&quot;],&quot;jet_parallax_layout_bg_x_tablet&quot;:&quot;&quot;,&quot;jet_parallax_layout_bg_x_mobile&quot;:&quot;&quot;,&quot;jet_parallax_layout_bg_y_tablet&quot;:&quot;&quot;,&quot;jet_parallax_layout_bg_y_mobile&quot;:&quot;&quot;,&quot;jet_parallax_layout_bg_size_tablet&quot;:&quot;&quot;,&quot;jet_parallax_layout_bg_size_mobile&quot;:&quot;&quot;}]}\">\n\t\t\t\t\t\t<div class=\"elementor-container elementor-column-gap-default\">\n\t\t\t\t\t<div class=\"elementor-column elementor-col-100 elementor-top-column elementor-element elementor-element-6696a7c\" data-id=\"6696a7c\" data-element_type=\"column\" data-e-type=\"column\">\n\t\t\t<div class=\"elementor-widget-wrap elementor-element-populated\">\n\t\t\t\t\t\t<div class=\"elementor-element elementor-element-59d5707 elementor-widget elementor-widget-text-editor\" data-id=\"59d5707\" data-element_type=\"widget\" data-e-type=\"widget\" data-widget_type=\"text-editor.default\">\n\t\t\t\t<div class=\"elementor-widget-container\">\n\t\t\t\t\t\t\t\t\t<p>Situado en el cruce de importantes rutas comerciales, su emplazamiento ha estado ocupado desde el periodo galorromano. En este promontorio natural encontramos un \u00aboppidum\u00bb denominado Fanum Jovis, que albergaba un santuario galorromano dedicado a J\u00fapiter. M\u00e1s tarde, en el siglo XII, Fanjeaux se convirti\u00f3 en una poderosa ciudad fortificada, cuyo se\u00f1or no era otro que el vizconde de Trencavel, bien relacionado con numerosas familias nobles. Guilhabert de Castres tambi\u00e9n ten\u00eda una casa de Perfectos en el interior del poblado fortificado. A la sombra de sus torrecillas, los talleres comunitarios de tejedores c\u00e1taros viv\u00edan al ritmo de la poblaci\u00f3n local.<\/p><p>Esta fue la raz\u00f3n por la que Domingo de Guzm\u00e1n decidi\u00f3 quedarse aqu\u00ed entre 1206 y 1216 para recorrer los alrededores y predicar la fe cat\u00f3lica. Sus sermones fueron eficaces, ya que antes de fundar la fundaci\u00f3n de la Orden Dominicana, santo Domingo estableci\u00f3 en el monasterio de Prouille una primera comunidad de monjas reconvertidas al catolicismo. As\u00ed comenz\u00f3 la leyenda dorada y empezaron a sucederse los milagros. A pesar de ello, los habitantes de Fanjeaux sufrieron la violencia de la Cruzada: al periodo de los combates verbales le sigui\u00f3 el estruendo de las armas. En 1209, Simon de Montfort instal\u00f3 un cuartel general en Fanjeaux. Tras la muerte de santo Domingo en 1221, los dominicos recibieron el encargo del papa de participar en la Inquisici\u00f3n. Las actas de los procesos inquisitoriales llevados a cabo en 1246 nos transmiten las historias de numerosos habitantes de Fanjeaux, as\u00ed como la dureza de los tiempos para las poblaciones y sus se\u00f1ores que, despojados de sus tierras, de repente se vieron obligados a huir y esconderse.<\/p><p>Situada en la ruta de incursi\u00f3n de los ingleses, la localidad fue quemada por los ej\u00e9rcitos del Pr\u00edncipe Negro en 1355 y, posteriormente, fue r\u00e1pidamente reconstruida. A mediados del siglo XV, el pueblo prospera gracias a la cultura del pastel. Todav\u00eda hoy en d\u00eda, mientras callejeas por la ciudad, es posible que te cruces con un fraile o una monja dominicos: cinco comunidades religiosas, que viven en la ciudad dominica.<\/p>\t\t\t\t\t\t\t\t<\/div>\n\t\t\t\t<\/div>\n\t\t\t\t\t<\/div>\n\t\t<\/div>\n\t\t\t\t\t<\/div>\n\t\t<\/section>\n\t\t\t\t<section class=\"elementor-section elementor-top-section elementor-element elementor-element-6fe656f elementor-section-boxed elementor-section-height-default elementor-section-height-default\" data-id=\"6fe656f\" data-element_type=\"section\" data-e-type=\"section\" data-settings=\"{&quot;jet_parallax_layout_list&quot;:[{&quot;jet_parallax_layout_image&quot;:{&quot;url&quot;:&quot;&quot;,&quot;id&quot;:&quot;&quot;,&quot;size&quot;:&quot;&quot;},&quot;_id&quot;:&quot;e990e25&quot;,&quot;jet_parallax_layout_image_tablet&quot;:{&quot;url&quot;:&quot;&quot;,&quot;id&quot;:&quot;&quot;,&quot;size&quot;:&quot;&quot;},&quot;jet_parallax_layout_image_mobile&quot;:{&quot;url&quot;:&quot;&quot;,&quot;id&quot;:&quot;&quot;,&quot;size&quot;:&quot;&quot;},&quot;jet_parallax_layout_speed&quot;:{&quot;unit&quot;:&quot;%&quot;,&quot;size&quot;:50,&quot;sizes&quot;:[]},&quot;jet_parallax_layout_type&quot;:&quot;scroll&quot;,&quot;jet_parallax_layout_direction&quot;:&quot;1&quot;,&quot;jet_parallax_layout_fx_direction&quot;:null,&quot;jet_parallax_layout_z_index&quot;:&quot;&quot;,&quot;jet_parallax_layout_bg_x&quot;:50,&quot;jet_parallax_layout_bg_y&quot;:50,&quot;jet_parallax_layout_bg_size&quot;:&quot;auto&quot;,&quot;jet_parallax_layout_animation_prop&quot;:&quot;transform&quot;,&quot;jet_parallax_layout_on&quot;:[&quot;desktop&quot;,&quot;tablet&quot;],&quot;jet_parallax_layout_bg_x_tablet&quot;:&quot;&quot;,&quot;jet_parallax_layout_bg_x_mobile&quot;:&quot;&quot;,&quot;jet_parallax_layout_bg_y_tablet&quot;:&quot;&quot;,&quot;jet_parallax_layout_bg_y_mobile&quot;:&quot;&quot;,&quot;jet_parallax_layout_bg_size_tablet&quot;:&quot;&quot;,&quot;jet_parallax_layout_bg_size_mobile&quot;:&quot;&quot;}]}\">\n\t\t\t\t\t\t<div class=\"elementor-container elementor-column-gap-default\">\n\t\t\t\t\t<div class=\"elementor-column elementor-col-25 elementor-top-column elementor-element elementor-element-0f47fd8\" data-id=\"0f47fd8\" data-element_type=\"column\" data-e-type=\"column\">\n\t\t\t<div class=\"elementor-widget-wrap elementor-element-populated\">\n\t\t\t\t\t\t<div class=\"elementor-element elementor-element-8e8c83d elementor-widget elementor-widget-image\" data-id=\"8e8c83d\" data-element_type=\"widget\" data-e-type=\"widget\" data-widget_type=\"image.default\">\n\t\t\t\t<div class=\"elementor-widget-container\">\n\t\t\t\t\t\t\t\t\t\t\t\t\t\t\t<img loading=\"lazy\" decoding=\"async\" width=\"800\" height=\"534\" src=\"https:\/\/collinescathares.com\/wp-content\/uploads\/2020\/07\/15062020-DSC_6872.jpg\" class=\"attachment-large size-large wp-image-15391\" alt=\"\" srcset=\"https:\/\/collinescathares.com\/wp-content\/uploads\/2020\/07\/15062020-DSC_6872.jpg 800w, https:\/\/collinescathares.com\/wp-content\/uploads\/2020\/07\/15062020-DSC_6872-300x200.jpg 300w, https:\/\/collinescathares.com\/wp-content\/uploads\/2020\/07\/15062020-DSC_6872-768x513.jpg 768w\" sizes=\"(max-width: 800px) 100vw, 800px\" \/>\t\t\t\t\t\t\t\t\t\t\t\t\t\t\t<\/div>\n\t\t\t\t<\/div>\n\t\t\t\t<div class=\"elementor-element elementor-element-66b4d7c elementor-widget elementor-widget-text-editor\" data-id=\"66b4d7c\" data-element_type=\"widget\" data-e-type=\"widget\" data-widget_type=\"text-editor.default\">\n\t\t\t\t<div class=\"elementor-widget-container\">\n\t\t\t\t\t\t\t\t\t<p><strong>El convento de la orden de Predicadores<\/strong><\/p><p>Fundado en el siglo XIV, este antiguo convento de la orden de Predicadores acoge hoy en d\u00eda a los padres dominicos de la Sagrada Familia. Al fondo del jard\u00edn del convento, los restos de la Chapelle du Miracle perpet\u00faan la memoria de un episodio de la vida de santo Domingo.<\/p>\t\t\t\t\t\t\t\t<\/div>\n\t\t\t\t<\/div>\n\t\t\t\t\t<\/div>\n\t\t<\/div>\n\t\t\t\t<div class=\"elementor-column elementor-col-25 elementor-top-column elementor-element elementor-element-8b254a6\" data-id=\"8b254a6\" data-element_type=\"column\" data-e-type=\"column\">\n\t\t\t<div class=\"elementor-widget-wrap elementor-element-populated\">\n\t\t\t\t\t\t<div class=\"elementor-element elementor-element-143984c elementor-widget elementor-widget-image\" data-id=\"143984c\" data-element_type=\"widget\" data-e-type=\"widget\" data-widget_type=\"image.default\">\n\t\t\t\t<div class=\"elementor-widget-container\">\n\t\t\t\t\t\t\t\t\t\t\t\t\t\t\t<img loading=\"lazy\" decoding=\"async\" width=\"800\" height=\"534\" src=\"https:\/\/collinescathares.com\/wp-content\/uploads\/2020\/07\/15062020-DSC_6841.jpg\" class=\"attachment-large size-large wp-image-15395\" alt=\"\" srcset=\"https:\/\/collinescathares.com\/wp-content\/uploads\/2020\/07\/15062020-DSC_6841.jpg 800w, https:\/\/collinescathares.com\/wp-content\/uploads\/2020\/07\/15062020-DSC_6841-300x200.jpg 300w, https:\/\/collinescathares.com\/wp-content\/uploads\/2020\/07\/15062020-DSC_6841-768x513.jpg 768w\" sizes=\"(max-width: 800px) 100vw, 800px\" \/>\t\t\t\t\t\t\t\t\t\t\t\t\t\t\t<\/div>\n\t\t\t\t<\/div>\n\t\t\t\t<div class=\"elementor-element elementor-element-ab32da6 elementor-widget elementor-widget-text-editor\" data-id=\"ab32da6\" data-element_type=\"widget\" data-e-type=\"widget\" data-widget_type=\"text-editor.default\">\n\t\t\t\t<div class=\"elementor-widget-container\">\n\t\t\t\t\t\t\t\t\t<p><strong>La iglesia<\/strong><\/p><p>Catalogada como Monumento Hist\u00f3rico, la actual iglesia de Notre-Dame de l\u2019Assomption se levant\u00f3 sobre las ruinas de un edificio de origen rom\u00e1nico, el cual fue edificado sobre los restos del famoso Fanum Jovis. El edificio actual constituye un bonito ejemplo del arte g\u00f3tico meridional, con un rico interior barroco. Su imponente torre octogonal se puede ver desde varios kil\u00f3metros a la redonda y hace sonar regularmente su antiguo carrill\u00f3n.<\/p>\t\t\t\t\t\t\t\t<\/div>\n\t\t\t\t<\/div>\n\t\t\t\t\t<\/div>\n\t\t<\/div>\n\t\t\t\t<div class=\"elementor-column elementor-col-25 elementor-top-column elementor-element elementor-element-af844e8\" data-id=\"af844e8\" data-element_type=\"column\" data-e-type=\"column\">\n\t\t\t<div class=\"elementor-widget-wrap elementor-element-populated\">\n\t\t\t\t\t\t<div class=\"elementor-element elementor-element-7f808f6 elementor-widget elementor-widget-image\" data-id=\"7f808f6\" data-element_type=\"widget\" data-e-type=\"widget\" data-widget_type=\"image.default\">\n\t\t\t\t<div class=\"elementor-widget-container\">\n\t\t\t\t\t\t\t\t\t\t\t\t\t\t\t<img loading=\"lazy\" decoding=\"async\" width=\"800\" height=\"533\" src=\"https:\/\/collinescathares.com\/wp-content\/uploads\/2020\/07\/MG_1627.jpg\" class=\"attachment-large size-large wp-image-15396\" alt=\"\" srcset=\"https:\/\/collinescathares.com\/wp-content\/uploads\/2020\/07\/MG_1627.jpg 800w, https:\/\/collinescathares.com\/wp-content\/uploads\/2020\/07\/MG_1627-300x200.jpg 300w, https:\/\/collinescathares.com\/wp-content\/uploads\/2020\/07\/MG_1627-768x512.jpg 768w\" sizes=\"(max-width: 800px) 100vw, 800px\" \/>\t\t\t\t\t\t\t\t\t\t\t\t\t\t\t<\/div>\n\t\t\t\t<\/div>\n\t\t\t\t<div class=\"elementor-element elementor-element-2f145bf elementor-widget elementor-widget-text-editor\" data-id=\"2f145bf\" data-element_type=\"widget\" data-e-type=\"widget\" data-widget_type=\"text-editor.default\">\n\t\t\t\t<div class=\"elementor-widget-container\">\n\t\t\t\t\t\t\t\t\t<p><strong>La casa conocida como Casa de Santo Domingo<\/strong><\/p><p>En esta peque\u00f1o barrio llamado Bourguet San Domenge, se despliega una larga fachada, de la que destaca su puerta de madera tallada y sus vidrieras, que narran seis episodios de la leyenda dorada de Santo Domingo, futuro fundador de la orden de Predicadores. Los padres dominicos de Toulouse han hecho de esta casa un lugar dedicado a la memoria del fundador de su orden. Las vidrieras est\u00e1n firmadas por Jean Hugo, bisnieto del famoso V\u00edctor Hugo.<\/p>\t\t\t\t\t\t\t\t<\/div>\n\t\t\t\t<\/div>\n\t\t\t\t\t<\/div>\n\t\t<\/div>\n\t\t\t\t<div class=\"elementor-column elementor-col-25 elementor-top-column elementor-element elementor-element-963e838\" data-id=\"963e838\" data-element_type=\"column\" data-e-type=\"column\">\n\t\t\t<div class=\"elementor-widget-wrap elementor-element-populated\">\n\t\t\t\t\t\t<div class=\"elementor-element elementor-element-3829290 elementor-widget elementor-widget-image\" data-id=\"3829290\" data-element_type=\"widget\" data-e-type=\"widget\" data-widget_type=\"image.default\">\n\t\t\t\t<div class=\"elementor-widget-container\">\n\t\t\t\t\t\t\t\t\t\t\t\t\t\t\t<img loading=\"lazy\" decoding=\"async\" width=\"800\" height=\"533\" src=\"https:\/\/collinescathares.com\/wp-content\/uploads\/2020\/07\/MG_4152.jpg\" class=\"attachment-large size-large wp-image-4816\" alt=\"\" srcset=\"https:\/\/collinescathares.com\/wp-content\/uploads\/2020\/07\/MG_4152.jpg 800w, https:\/\/collinescathares.com\/wp-content\/uploads\/2020\/07\/MG_4152-300x200.jpg 300w, https:\/\/collinescathares.com\/wp-content\/uploads\/2020\/07\/MG_4152-768x512.jpg 768w\" sizes=\"(max-width: 800px) 100vw, 800px\" \/>\t\t\t\t\t\t\t\t\t\t\t\t\t\t\t<\/div>\n\t\t\t\t<\/div>\n\t\t\t\t<div class=\"elementor-element elementor-element-e089e89 elementor-widget elementor-widget-text-editor\" data-id=\"e089e89\" data-element_type=\"widget\" data-e-type=\"widget\" data-widget_type=\"text-editor.default\">\n\t\t\t\t<div class=\"elementor-widget-container\">\n\t\t\t\t\t\t\t\t\t<p><strong>Le Seignadou<\/strong><\/p><p>Al final del pueblo, esta peque\u00f1a terraza situada por encima de la llanura ofrece la vista de una amplia panor\u00e1mica. Las colinas ondulan, los campos de cultivo y las praderas se extienden a lo lejos hacia la Montagne Noire por un lado, el pico de Bugarach, el monte Valier y los Pirineos por el otro.<\/p>\t\t\t\t\t\t\t\t<\/div>\n\t\t\t\t<\/div>\n\t\t\t\t\t<\/div>\n\t\t<\/div>\n\t\t\t\t\t<\/div>\n\t\t<\/section>\n\t\t\t\t<section class=\"elementor-section elementor-top-section elementor-element elementor-element-e6f8c77 elementor-section-boxed elementor-section-height-default elementor-section-height-default\" data-id=\"e6f8c77\" data-element_type=\"section\" data-e-type=\"section\" data-settings=\"{&quot;jet_parallax_layout_list&quot;:[{&quot;jet_parallax_layout_image&quot;:{&quot;url&quot;:&quot;&quot;,&quot;id&quot;:&quot;&quot;,&quot;size&quot;:&quot;&quot;},&quot;_id&quot;:&quot;9c30195&quot;,&quot;jet_parallax_layout_image_tablet&quot;:{&quot;url&quot;:&quot;&quot;,&quot;id&quot;:&quot;&quot;,&quot;size&quot;:&quot;&quot;},&quot;jet_parallax_layout_image_mobile&quot;:{&quot;url&quot;:&quot;&quot;,&quot;id&quot;:&quot;&quot;,&quot;size&quot;:&quot;&quot;},&quot;jet_parallax_layout_speed&quot;:{&quot;unit&quot;:&quot;%&quot;,&quot;size&quot;:50,&quot;sizes&quot;:[]},&quot;jet_parallax_layout_type&quot;:&quot;scroll&quot;,&quot;jet_parallax_layout_direction&quot;:&quot;1&quot;,&quot;jet_parallax_layout_fx_direction&quot;:null,&quot;jet_parallax_layout_z_index&quot;:&quot;&quot;,&quot;jet_parallax_layout_bg_x&quot;:50,&quot;jet_parallax_layout_bg_y&quot;:50,&quot;jet_parallax_layout_bg_size&quot;:&quot;auto&quot;,&quot;jet_parallax_layout_animation_prop&quot;:&quot;transform&quot;,&quot;jet_parallax_layout_on&quot;:[&quot;desktop&quot;,&quot;tablet&quot;],&quot;jet_parallax_layout_bg_x_tablet&quot;:&quot;&quot;,&quot;jet_parallax_layout_bg_x_mobile&quot;:&quot;&quot;,&quot;jet_parallax_layout_bg_y_tablet&quot;:&quot;&quot;,&quot;jet_parallax_layout_bg_y_mobile&quot;:&quot;&quot;,&quot;jet_parallax_layout_bg_size_tablet&quot;:&quot;&quot;,&quot;jet_parallax_layout_bg_size_mobile&quot;:&quot;&quot;}]}\">\n\t\t\t\t\t\t<div class=\"elementor-container elementor-column-gap-default\">\n\t\t\t\t\t<div class=\"elementor-column elementor-col-50 elementor-top-column elementor-element elementor-element-157facd\" data-id=\"157facd\" data-element_type=\"column\" data-e-type=\"column\">\n\t\t\t<div class=\"elementor-widget-wrap elementor-element-populated\">\n\t\t\t\t\t\t<div class=\"elementor-element elementor-element-208788a elementor-arrows-position-inside elementor-pagination-position-outside elementor-widget elementor-widget-image-carousel\" data-id=\"208788a\" data-element_type=\"widget\" data-e-type=\"widget\" data-settings=\"{&quot;slides_to_show&quot;:&quot;1&quot;,&quot;navigation&quot;:&quot;both&quot;,&quot;autoplay&quot;:&quot;yes&quot;,&quot;pause_on_hover&quot;:&quot;yes&quot;,&quot;pause_on_interaction&quot;:&quot;yes&quot;,&quot;autoplay_speed&quot;:5000,&quot;infinite&quot;:&quot;yes&quot;,&quot;effect&quot;:&quot;slide&quot;,&quot;speed&quot;:500}\" data-widget_type=\"image-carousel.default\">\n\t\t\t\t<div class=\"elementor-widget-container\">\n\t\t\t\t\t\t\t<div class=\"elementor-image-carousel-wrapper swiper\" role=\"region\" aria-roledescription=\"carousel\" aria-label=\"Carrusel de im\u00e1genes\" dir=\"ltr\">\n\t\t\t<div class=\"elementor-image-carousel swiper-wrapper\" aria-live=\"off\">\n\t\t\t\t\t\t\t\t<div class=\"swiper-slide\" role=\"group\" aria-roledescription=\"slide\" aria-label=\"1 de 3\"><figure class=\"swiper-slide-inner\"><img decoding=\"async\" class=\"swiper-slide-image\" src=\"https:\/\/collinescathares.com\/wp-content\/uploads\/2020\/07\/Copyright-Vincent-Photographie-ADT-Aude.jpg\" alt=\"Copyright Vincent Photographie - ADT Aude\" \/><\/figure><\/div><div class=\"swiper-slide\" role=\"group\" aria-roledescription=\"slide\" aria-label=\"2 de 3\"><figure class=\"swiper-slide-inner\"><img decoding=\"async\" class=\"swiper-slide-image\" src=\"https:\/\/collinescathares.com\/wp-content\/uploads\/2020\/07\/MG_1653.jpg\" alt=\"_MG_1653\" \/><\/figure><\/div><div class=\"swiper-slide\" role=\"group\" aria-roledescription=\"slide\" aria-label=\"3 de 3\"><figure class=\"swiper-slide-inner\"><img decoding=\"async\" class=\"swiper-slide-image\" src=\"https:\/\/collinescathares.com\/wp-content\/uploads\/2020\/07\/20190606110120_IMG_0277-1.jpg\" alt=\"20190606110120_IMG_0277\" \/><\/figure><\/div>\t\t\t<\/div>\n\t\t\t\t\t\t\t\t\t\t\t\t<div class=\"elementor-swiper-button elementor-swiper-button-prev\" role=\"button\" tabindex=\"0\">\n\t\t\t\t\t\t<i aria-hidden=\"true\" class=\"eicon-chevron-left\"><\/i>\t\t\t\t\t<\/div>\n\t\t\t\t\t<div class=\"elementor-swiper-button elementor-swiper-button-next\" role=\"button\" tabindex=\"0\">\n\t\t\t\t\t\t<i aria-hidden=\"true\" class=\"eicon-chevron-right\"><\/i>\t\t\t\t\t<\/div>\n\t\t\t\t\n\t\t\t\t\t\t\t\t\t<div class=\"swiper-pagination\"><\/div>\n\t\t\t\t\t\t\t\t\t<\/div>\n\t\t\t\t\t\t<\/div>\n\t\t\t\t<\/div>\n\t\t\t\t<div class=\"elementor-element elementor-element-089df4c elementor-widget elementor-widget-text-editor\" data-id=\"089df4c\" data-element_type=\"widget\" data-e-type=\"widget\" data-widget_type=\"text-editor.default\">\n\t\t\t\t<div class=\"elementor-widget-container\">\n\t\t\t\t\t\t\t\t\t<p><strong>Itinerario art\u00edstico de Lo\u00efc Tellier<\/strong><\/p><p>Saliendo de la Oficina de Turismo, un itinerario art\u00edstico te conducir\u00e1 al coraz\u00f3n de la historia (aproximadamente, una hora y media de visita). A lo largo del pueblo se han colocado diez obras escult\u00f3ricas, que representan diferentes episodios hist\u00f3ricos. Estas obras te invitan a participar en la historia, a sentarte junto a ellas para escuchar los di\u00e1logos de los personajes que vivieron la turbulenta historia de este pueblecito con encanto (se pueden alquilar las audiogu\u00edas en la Oficina de Turismo situada a la entrada del pueblo: 4 \u20ac\/pers., o descargar gratuitamente la aplicaci\u00f3n Au C\u0153ur des Collines Cathares, para visitar Fanjeaux y sus rutas de senderismo).<\/p>\t\t\t\t\t\t\t\t<\/div>\n\t\t\t\t<\/div>\n\t\t\t\t\t<\/div>\n\t\t<\/div>\n\t\t\t\t<div class=\"elementor-column elementor-col-50 elementor-top-column elementor-element elementor-element-7e47fde\" data-id=\"7e47fde\" data-element_type=\"column\" data-e-type=\"column\">\n\t\t\t<div class=\"elementor-widget-wrap elementor-element-populated\">\n\t\t\t\t\t\t<div class=\"elementor-element elementor-element-57c3b7a elementor-widget elementor-widget-image\" data-id=\"57c3b7a\" data-element_type=\"widget\" data-e-type=\"widget\" data-widget_type=\"image.default\">\n\t\t\t\t<div class=\"elementor-widget-container\">\n\t\t\t\t\t\t\t\t\t\t\t\t\t\t\t<img loading=\"lazy\" decoding=\"async\" width=\"500\" height=\"500\" src=\"https:\/\/collinescathares.com\/wp-content\/uploads\/2020\/07\/15062020-DSC_6813-500x500.jpg\" class=\"attachment-Image Size 500x500 size-Image Size 500x500 wp-image-15403\" alt=\"\" srcset=\"https:\/\/collinescathares.com\/wp-content\/uploads\/2020\/07\/15062020-DSC_6813-500x500.jpg 500w, https:\/\/collinescathares.com\/wp-content\/uploads\/2020\/07\/15062020-DSC_6813-150x150.jpg 150w\" sizes=\"(max-width: 500px) 100vw, 500px\" \/>\t\t\t\t\t\t\t\t\t\t\t\t\t\t\t<\/div>\n\t\t\t\t<\/div>\n\t\t\t\t<div class=\"elementor-element elementor-element-621eae7 elementor-widget elementor-widget-text-editor\" data-id=\"621eae7\" data-element_type=\"widget\" data-e-type=\"widget\" data-widget_type=\"text-editor.default\">\n\t\t\t\t<div class=\"elementor-widget-container\">\n\t\t\t\t\t\t\t\t\t<p><strong>El Misterioso Hechizo<\/strong><\/p><p>Esta b\u00fasqueda del tesoro est\u00e1 dise\u00f1ada para ni\u00f1os de 7 a 12 a\u00f1os y facilita el descubrimiento familiar y divertido de la ciudad de Fanjeaux. La historia se remonta a 1199. Catarina tiene once a\u00f1os, sus padres son tejedores del pueblo. Encuentra un mensaje de su mejor amiga garabateado en un trozo de tela. Este ha desaparecido.<\/p><p>Al escuchar las historias y leyendas que le contaron sus padres, Catarina, preocupada, sale a buscar a su amiga. \u00bfPuedes ayudarlo en su misi\u00f3n, resolver los acertijos y frustrar las intrigas que se interponen como obst\u00e1culos en su camino para encontrar a Guilhem?<\/p>\t\t\t\t\t\t\t\t<\/div>\n\t\t\t\t<\/div>\n\t\t\t\t\t<\/div>\n\t\t<\/div>\n\t\t\t\t\t<\/div>\n\t\t<\/section>\n\t\t\t\t<\/div>\n\t\t","protected":false},"excerpt":{"rendered":"<p>Fanjeaux, ciudad dominica El campanario de Fanjeaux, con sus 360 metros de altura, resplandece cual faro en la llanura de Lauragais desde hace m\u00e1s de mil a\u00f1os. Su caracter\u00edstica silueta, que destaca en medio de las colinas, es un punto de referencia familiar del precioso paisaje que le rodea, donde se alternan los cultivos y [&hellip;]<\/p>\n","protected":false},"author":1,"featured_media":0,"parent":15358,"menu_order":0,"comment_status":"closed","ping_status":"closed","template":"","meta":{"_acf_changed":false,"footnotes":""},"class_list":["post-15384","page","type-page","status-publish","hentry"],"acf":[],"yoast_head":"<!-- This site is optimized with the Yoast SEO plugin v26.8 - https:\/\/yoast.com\/product\/yoast-seo-wordpress\/ -->\n<title>Fanjeaux, ciudad dominica - Office De Tourisme Au C\u0153ur Des Collines Cathares<\/title>\n<meta name=\"description\" content=\"Fanjeaux, ciudad dominicaEl campanario de Fanjeaux, con sus 360 metros de altura, resplandece cual faro en la llanura de Lauragais desde hace m\u00e1s de mil Fanjeaux, ciudad dominica, Situ\u00e9 \u00e0 Fanjeaux, nous vous proposons de d\u00e9couvrir notre territoire ! Office De Tourisme Au C\u0153ur Des Collines Cathares\" \/>\n<meta name=\"robots\" content=\"index, follow, max-snippet:-1, max-image-preview:large, max-video-preview:-1\" \/>\n<link rel=\"canonical\" href=\"https:\/\/collinescathares.com\/es\/descubrir\/pueblos-de-las-colinas-cataras\/fanjeaux-ciudad-dominica\/\" \/>\n<meta property=\"og:locale\" content=\"es_ES\" \/>\n<meta property=\"og:type\" content=\"article\" \/>\n<meta property=\"og:title\" content=\"Fanjeaux, ciudad dominica - Office De Tourisme Au C\u0153ur Des Collines Cathares\" \/>\n<meta property=\"og:description\" content=\"Fanjeaux, ciudad dominicaEl campanario de Fanjeaux, con sus 360 metros de altura, resplandece cual faro en la llanura de Lauragais desde hace m\u00e1s de mil Fanjeaux, ciudad dominica, Situ\u00e9 \u00e0 Fanjeaux, nous vous proposons de d\u00e9couvrir notre territoire ! Office De Tourisme Au C\u0153ur Des Collines Cathares\" \/>\n<meta property=\"og:url\" content=\"https:\/\/collinescathares.com\/es\/descubrir\/pueblos-de-las-colinas-cataras\/fanjeaux-ciudad-dominica\/\" \/>\n<meta property=\"og:site_name\" content=\"Office De Tourisme Au C\u0153ur Des Collines Cathares\" \/>\n<meta property=\"article:publisher\" content=\"https:\/\/www.facebook.com\/tourismelauragais\" \/>\n<meta property=\"article:modified_time\" content=\"2020-09-23T15:31:00+00:00\" \/>\n<meta property=\"og:image\" content=\"https:\/\/collinescathares.com\/wp-content\/uploads\/2020\/06\/carres_couleurs.jpg\" \/>\n<meta name=\"twitter:card\" content=\"summary_large_image\" \/>\n<meta name=\"twitter:label1\" content=\"Tiempo de lectura\" \/>\n\t<meta name=\"twitter:data1\" content=\"5 minutos\" \/>\n<script type=\"application\/ld+json\" class=\"yoast-schema-graph\">{\"@context\":\"https:\/\/schema.org\",\"@graph\":[{\"@type\":\"WebPage\",\"@id\":\"https:\/\/collinescathares.com\/es\/descubrir\/pueblos-de-las-colinas-cataras\/fanjeaux-ciudad-dominica\/\",\"url\":\"https:\/\/collinescathares.com\/es\/descubrir\/pueblos-de-las-colinas-cataras\/fanjeaux-ciudad-dominica\/\",\"name\":\"Fanjeaux, ciudad dominica - Office De Tourisme Au C\u0153ur Des Collines Cathares\",\"isPartOf\":{\"@id\":\"https:\/\/collinescathares.com\/es\/#website\"},\"primaryImageOfPage\":{\"@id\":\"https:\/\/collinescathares.com\/es\/descubrir\/pueblos-de-las-colinas-cataras\/fanjeaux-ciudad-dominica\/#primaryimage\"},\"image\":{\"@id\":\"https:\/\/collinescathares.com\/es\/descubrir\/pueblos-de-las-colinas-cataras\/fanjeaux-ciudad-dominica\/#primaryimage\"},\"thumbnailUrl\":\"https:\/\/collinescathares.com\/wp-content\/uploads\/2020\/06\/carres_couleurs.jpg\",\"datePublished\":\"2020-09-04T13:05:19+00:00\",\"dateModified\":\"2020-09-23T15:31:00+00:00\",\"description\":\"Fanjeaux, ciudad dominicaEl campanario de Fanjeaux, con sus 360 metros de altura, resplandece cual faro en la llanura de Lauragais desde hace m\u00e1s de mil Fanjeaux, ciudad dominica, Situ\u00e9 \u00e0 Fanjeaux, nous vous proposons de d\u00e9couvrir notre territoire ! Office De Tourisme Au C\u0153ur Des Collines Cathares\",\"breadcrumb\":{\"@id\":\"https:\/\/collinescathares.com\/es\/descubrir\/pueblos-de-las-colinas-cataras\/fanjeaux-ciudad-dominica\/#breadcrumb\"},\"inLanguage\":\"es\",\"potentialAction\":[{\"@type\":\"ReadAction\",\"target\":[\"https:\/\/collinescathares.com\/es\/descubrir\/pueblos-de-las-colinas-cataras\/fanjeaux-ciudad-dominica\/\"]}]},{\"@type\":\"ImageObject\",\"inLanguage\":\"es\",\"@id\":\"https:\/\/collinescathares.com\/es\/descubrir\/pueblos-de-las-colinas-cataras\/fanjeaux-ciudad-dominica\/#primaryimage\",\"url\":\"https:\/\/collinescathares.com\/wp-content\/uploads\/2020\/06\/carres_couleurs.jpg\",\"contentUrl\":\"https:\/\/collinescathares.com\/wp-content\/uploads\/2020\/06\/carres_couleurs.jpg\"},{\"@type\":\"BreadcrumbList\",\"@id\":\"https:\/\/collinescathares.com\/es\/descubrir\/pueblos-de-las-colinas-cataras\/fanjeaux-ciudad-dominica\/#breadcrumb\",\"itemListElement\":[{\"@type\":\"ListItem\",\"position\":1,\"name\":\"Inicio\",\"item\":\"https:\/\/collinescathares.com\/es\/\"},{\"@type\":\"ListItem\",\"position\":2,\"name\":\"Descubrir\",\"item\":\"https:\/\/collinescathares.com\/es\/descubrir\/\"},{\"@type\":\"ListItem\",\"position\":3,\"name\":\"Pueblos de las colinas C\u00e1taras\",\"item\":\"https:\/\/collinescathares.com\/es\/descubrir\/pueblos-de-las-colinas-cataras\/\"},{\"@type\":\"ListItem\",\"position\":4,\"name\":\"Fanjeaux, ciudad dominica\"}]},{\"@type\":\"WebSite\",\"@id\":\"https:\/\/collinescathares.com\/es\/#website\",\"url\":\"https:\/\/collinescathares.com\/es\/\",\"name\":\"Office De Tourisme Au C\u0153ur Des Collines Cathares\",\"description\":\"Situ\u00e9 \u00e0 Fanjeaux, nous vous proposons de d\u00e9couvrir notre territoire !\",\"publisher\":{\"@id\":\"https:\/\/collinescathares.com\/es\/#organization\"},\"potentialAction\":[{\"@type\":\"SearchAction\",\"target\":{\"@type\":\"EntryPoint\",\"urlTemplate\":\"https:\/\/collinescathares.com\/es\/?s={search_term_string}\"},\"query-input\":{\"@type\":\"PropertyValueSpecification\",\"valueRequired\":true,\"valueName\":\"search_term_string\"}}],\"inLanguage\":\"es\"},{\"@type\":\"Organization\",\"@id\":\"https:\/\/collinescathares.com\/es\/#organization\",\"name\":\"Office de Tourisme Au C\u0153ur Des Collines Cathares\",\"url\":\"https:\/\/collinescathares.com\/es\/\",\"logo\":{\"@type\":\"ImageObject\",\"inLanguage\":\"es\",\"@id\":\"https:\/\/collinescathares.com\/es\/#\/schema\/logo\/image\/\",\"url\":\"https:\/\/collinescathares.com\/wp-content\/uploads\/2020\/06\/logo_Tourisme_lauragais-1.jpg\",\"contentUrl\":\"https:\/\/collinescathares.com\/wp-content\/uploads\/2020\/06\/logo_Tourisme_lauragais-1.jpg\",\"width\":209,\"height\":250,\"caption\":\"Office de Tourisme Au C\u0153ur Des Collines Cathares\"},\"image\":{\"@id\":\"https:\/\/collinescathares.com\/es\/#\/schema\/logo\/image\/\"},\"sameAs\":[\"https:\/\/www.facebook.com\/tourismelauragais\",\"https:\/\/www.instagram.com\/officetourismecollinescathares\/?hl=fr\",\"https:\/\/www.pinterest.fr\/oticollinescathares\/boards\/\"]}]}<\/script>\n<!-- \/ Yoast SEO plugin. -->","yoast_head_json":{"title":"Fanjeaux, ciudad dominica - Office De Tourisme Au C\u0153ur Des Collines Cathares","description":"Fanjeaux, ciudad dominicaEl campanario de Fanjeaux, con sus 360 metros de altura, resplandece cual faro en la llanura de Lauragais desde hace m\u00e1s de mil Fanjeaux, ciudad dominica, Situ\u00e9 \u00e0 Fanjeaux, nous vous proposons de d\u00e9couvrir notre territoire ! Office De Tourisme Au C\u0153ur Des Collines Cathares","robots":{"index":"index","follow":"follow","max-snippet":"max-snippet:-1","max-image-preview":"max-image-preview:large","max-video-preview":"max-video-preview:-1"},"canonical":"https:\/\/collinescathares.com\/es\/descubrir\/pueblos-de-las-colinas-cataras\/fanjeaux-ciudad-dominica\/","og_locale":"es_ES","og_type":"article","og_title":"Fanjeaux, ciudad dominica - Office De Tourisme Au C\u0153ur Des Collines Cathares","og_description":"Fanjeaux, ciudad dominicaEl campanario de Fanjeaux, con sus 360 metros de altura, resplandece cual faro en la llanura de Lauragais desde hace m\u00e1s de mil Fanjeaux, ciudad dominica, Situ\u00e9 \u00e0 Fanjeaux, nous vous proposons de d\u00e9couvrir notre territoire ! Office De Tourisme Au C\u0153ur Des Collines Cathares","og_url":"https:\/\/collinescathares.com\/es\/descubrir\/pueblos-de-las-colinas-cataras\/fanjeaux-ciudad-dominica\/","og_site_name":"Office De Tourisme Au C\u0153ur Des Collines Cathares","article_publisher":"https:\/\/www.facebook.com\/tourismelauragais","article_modified_time":"2020-09-23T15:31:00+00:00","og_image":[{"url":"https:\/\/collinescathares.com\/wp-content\/uploads\/2020\/06\/carres_couleurs.jpg","type":"","width":"","height":""}],"twitter_card":"summary_large_image","twitter_misc":{"Tiempo de lectura":"5 minutos"},"schema":{"@context":"https:\/\/schema.org","@graph":[{"@type":"WebPage","@id":"https:\/\/collinescathares.com\/es\/descubrir\/pueblos-de-las-colinas-cataras\/fanjeaux-ciudad-dominica\/","url":"https:\/\/collinescathares.com\/es\/descubrir\/pueblos-de-las-colinas-cataras\/fanjeaux-ciudad-dominica\/","name":"Fanjeaux, ciudad dominica - Office De Tourisme Au C\u0153ur Des Collines Cathares","isPartOf":{"@id":"https:\/\/collinescathares.com\/es\/#website"},"primaryImageOfPage":{"@id":"https:\/\/collinescathares.com\/es\/descubrir\/pueblos-de-las-colinas-cataras\/fanjeaux-ciudad-dominica\/#primaryimage"},"image":{"@id":"https:\/\/collinescathares.com\/es\/descubrir\/pueblos-de-las-colinas-cataras\/fanjeaux-ciudad-dominica\/#primaryimage"},"thumbnailUrl":"https:\/\/collinescathares.com\/wp-content\/uploads\/2020\/06\/carres_couleurs.jpg","datePublished":"2020-09-04T13:05:19+00:00","dateModified":"2020-09-23T15:31:00+00:00","description":"Fanjeaux, ciudad dominicaEl campanario de Fanjeaux, con sus 360 metros de altura, resplandece cual faro en la llanura de Lauragais desde hace m\u00e1s de mil Fanjeaux, ciudad dominica, Situ\u00e9 \u00e0 Fanjeaux, nous vous proposons de d\u00e9couvrir notre territoire ! Office De Tourisme Au C\u0153ur Des Collines Cathares","breadcrumb":{"@id":"https:\/\/collinescathares.com\/es\/descubrir\/pueblos-de-las-colinas-cataras\/fanjeaux-ciudad-dominica\/#breadcrumb"},"inLanguage":"es","potentialAction":[{"@type":"ReadAction","target":["https:\/\/collinescathares.com\/es\/descubrir\/pueblos-de-las-colinas-cataras\/fanjeaux-ciudad-dominica\/"]}]},{"@type":"ImageObject","inLanguage":"es","@id":"https:\/\/collinescathares.com\/es\/descubrir\/pueblos-de-las-colinas-cataras\/fanjeaux-ciudad-dominica\/#primaryimage","url":"https:\/\/collinescathares.com\/wp-content\/uploads\/2020\/06\/carres_couleurs.jpg","contentUrl":"https:\/\/collinescathares.com\/wp-content\/uploads\/2020\/06\/carres_couleurs.jpg"},{"@type":"BreadcrumbList","@id":"https:\/\/collinescathares.com\/es\/descubrir\/pueblos-de-las-colinas-cataras\/fanjeaux-ciudad-dominica\/#breadcrumb","itemListElement":[{"@type":"ListItem","position":1,"name":"Inicio","item":"https:\/\/collinescathares.com\/es\/"},{"@type":"ListItem","position":2,"name":"Descubrir","item":"https:\/\/collinescathares.com\/es\/descubrir\/"},{"@type":"ListItem","position":3,"name":"Pueblos de las colinas C\u00e1taras","item":"https:\/\/collinescathares.com\/es\/descubrir\/pueblos-de-las-colinas-cataras\/"},{"@type":"ListItem","position":4,"name":"Fanjeaux, ciudad dominica"}]},{"@type":"WebSite","@id":"https:\/\/collinescathares.com\/es\/#website","url":"https:\/\/collinescathares.com\/es\/","name":"Office De Tourisme Au C\u0153ur Des Collines Cathares","description":"Situ\u00e9 \u00e0 Fanjeaux, nous vous proposons de d\u00e9couvrir notre territoire !","publisher":{"@id":"https:\/\/collinescathares.com\/es\/#organization"},"potentialAction":[{"@type":"SearchAction","target":{"@type":"EntryPoint","urlTemplate":"https:\/\/collinescathares.com\/es\/?s={search_term_string}"},"query-input":{"@type":"PropertyValueSpecification","valueRequired":true,"valueName":"search_term_string"}}],"inLanguage":"es"},{"@type":"Organization","@id":"https:\/\/collinescathares.com\/es\/#organization","name":"Office de Tourisme Au C\u0153ur Des Collines Cathares","url":"https:\/\/collinescathares.com\/es\/","logo":{"@type":"ImageObject","inLanguage":"es","@id":"https:\/\/collinescathares.com\/es\/#\/schema\/logo\/image\/","url":"https:\/\/collinescathares.com\/wp-content\/uploads\/2020\/06\/logo_Tourisme_lauragais-1.jpg","contentUrl":"https:\/\/collinescathares.com\/wp-content\/uploads\/2020\/06\/logo_Tourisme_lauragais-1.jpg","width":209,"height":250,"caption":"Office de Tourisme Au C\u0153ur Des Collines Cathares"},"image":{"@id":"https:\/\/collinescathares.com\/es\/#\/schema\/logo\/image\/"},"sameAs":["https:\/\/www.facebook.com\/tourismelauragais","https:\/\/www.instagram.com\/officetourismecollinescathares\/?hl=fr","https:\/\/www.pinterest.fr\/oticollinescathares\/boards\/"]}]}},"_links":{"self":[{"href":"https:\/\/collinescathares.com\/es\/wp-json\/wp\/v2\/pages\/15384","targetHints":{"allow":["GET"]}}],"collection":[{"href":"https:\/\/collinescathares.com\/es\/wp-json\/wp\/v2\/pages"}],"about":[{"href":"https:\/\/collinescathares.com\/es\/wp-json\/wp\/v2\/types\/page"}],"author":[{"embeddable":true,"href":"https:\/\/collinescathares.com\/es\/wp-json\/wp\/v2\/users\/1"}],"replies":[{"embeddable":true,"href":"https:\/\/collinescathares.com\/es\/wp-json\/wp\/v2\/comments?post=15384"}],"version-history":[{"count":0,"href":"https:\/\/collinescathares.com\/es\/wp-json\/wp\/v2\/pages\/15384\/revisions"}],"up":[{"embeddable":true,"href":"https:\/\/collinescathares.com\/es\/wp-json\/wp\/v2\/pages\/15358"}],"wp:attachment":[{"href":"https:\/\/collinescathares.com\/es\/wp-json\/wp\/v2\/media?parent=15384"}],"curies":[{"name":"wp","href":"https:\/\/api.w.org\/{rel}","templated":true}]}}