{"id":226850,"date":"2022-09-22T16:42:37","date_gmt":"2022-09-22T14:42:37","guid":{"rendered":"https:\/\/collinescathares.com\/?page_id=226850"},"modified":"2022-09-22T16:51:01","modified_gmt":"2022-09-22T14:51:01","slug":"evenements-ponctuels","status":"publish","type":"page","link":"https:\/\/collinescathares.com\/es\/agenda\/evenements-ponctuels\/","title":{"rendered":"Ev\u00e9nements ponctuels"},"content":{"rendered":"\t\t<div data-elementor-type=\"wp-page\" data-elementor-id=\"226850\" class=\"elementor elementor-226850\">\n\t\t\t\t\t\t<section class=\"elementor-section elementor-top-section elementor-element elementor-element-210024a elementor-section-stretched elementor-section-full_width elementor-section-height-default elementor-section-height-default\" data-id=\"210024a\" data-element_type=\"section\" data-e-type=\"section\" data-settings=\"{&quot;stretch_section&quot;:&quot;section-stretched&quot;,&quot;jet_parallax_layout_list&quot;:[{&quot;jet_parallax_layout_image&quot;:{&quot;url&quot;:&quot;&quot;,&quot;id&quot;:&quot;&quot;,&quot;size&quot;:&quot;&quot;},&quot;_id&quot;:&quot;4560f4b&quot;,&quot;jet_parallax_layout_image_tablet&quot;:{&quot;url&quot;:&quot;&quot;,&quot;id&quot;:&quot;&quot;,&quot;size&quot;:&quot;&quot;},&quot;jet_parallax_layout_image_mobile&quot;:{&quot;url&quot;:&quot;&quot;,&quot;id&quot;:&quot;&quot;,&quot;size&quot;:&quot;&quot;},&quot;jet_parallax_layout_speed&quot;:{&quot;unit&quot;:&quot;%&quot;,&quot;size&quot;:50,&quot;sizes&quot;:[]},&quot;jet_parallax_layout_type&quot;:&quot;scroll&quot;,&quot;jet_parallax_layout_direction&quot;:&quot;1&quot;,&quot;jet_parallax_layout_fx_direction&quot;:null,&quot;jet_parallax_layout_z_index&quot;:&quot;&quot;,&quot;jet_parallax_layout_bg_x&quot;:50,&quot;jet_parallax_layout_bg_x_tablet&quot;:&quot;&quot;,&quot;jet_parallax_layout_bg_x_mobile&quot;:&quot;&quot;,&quot;jet_parallax_layout_bg_y&quot;:50,&quot;jet_parallax_layout_bg_y_tablet&quot;:&quot;&quot;,&quot;jet_parallax_layout_bg_y_mobile&quot;:&quot;&quot;,&quot;jet_parallax_layout_bg_size&quot;:&quot;auto&quot;,&quot;jet_parallax_layout_bg_size_tablet&quot;:&quot;&quot;,&quot;jet_parallax_layout_bg_size_mobile&quot;:&quot;&quot;,&quot;jet_parallax_layout_animation_prop&quot;:&quot;transform&quot;,&quot;jet_parallax_layout_on&quot;:[&quot;desktop&quot;,&quot;tablet&quot;]}],&quot;background_background&quot;:&quot;classic&quot;}\">\n\t\t\t\t\t\t<div class=\"elementor-container elementor-column-gap-default\">\n\t\t\t\t\t<div class=\"elementor-column elementor-col-100 elementor-top-column elementor-element elementor-element-c54c338\" data-id=\"c54c338\" data-element_type=\"column\" data-e-type=\"column\">\n\t\t\t<div class=\"elementor-widget-wrap\">\n\t\t\t\t\t\t\t<\/div>\n\t\t<\/div>\n\t\t\t\t\t<\/div>\n\t\t<\/section>\n\t\t\t\t<section class=\"elementor-section elementor-top-section elementor-element elementor-element-4800876 elementor-section-boxed elementor-section-height-default elementor-section-height-default\" data-id=\"4800876\" data-element_type=\"section\" data-e-type=\"section\" data-settings=\"{&quot;jet_parallax_layout_list&quot;:[{&quot;jet_parallax_layout_image&quot;:{&quot;url&quot;:&quot;&quot;,&quot;id&quot;:&quot;&quot;,&quot;size&quot;:&quot;&quot;},&quot;_id&quot;:&quot;d3ac268&quot;,&quot;jet_parallax_layout_image_tablet&quot;:{&quot;url&quot;:&quot;&quot;,&quot;id&quot;:&quot;&quot;,&quot;size&quot;:&quot;&quot;},&quot;jet_parallax_layout_image_mobile&quot;:{&quot;url&quot;:&quot;&quot;,&quot;id&quot;:&quot;&quot;,&quot;size&quot;:&quot;&quot;},&quot;jet_parallax_layout_speed&quot;:{&quot;unit&quot;:&quot;%&quot;,&quot;size&quot;:50,&quot;sizes&quot;:[]},&quot;jet_parallax_layout_type&quot;:&quot;scroll&quot;,&quot;jet_parallax_layout_direction&quot;:&quot;1&quot;,&quot;jet_parallax_layout_fx_direction&quot;:null,&quot;jet_parallax_layout_z_index&quot;:&quot;&quot;,&quot;jet_parallax_layout_bg_x&quot;:50,&quot;jet_parallax_layout_bg_x_tablet&quot;:&quot;&quot;,&quot;jet_parallax_layout_bg_x_mobile&quot;:&quot;&quot;,&quot;jet_parallax_layout_bg_y&quot;:50,&quot;jet_parallax_layout_bg_y_tablet&quot;:&quot;&quot;,&quot;jet_parallax_layout_bg_y_mobile&quot;:&quot;&quot;,&quot;jet_parallax_layout_bg_size&quot;:&quot;auto&quot;,&quot;jet_parallax_layout_bg_size_tablet&quot;:&quot;&quot;,&quot;jet_parallax_layout_bg_size_mobile&quot;:&quot;&quot;,&quot;jet_parallax_layout_animation_prop&quot;:&quot;transform&quot;,&quot;jet_parallax_layout_on&quot;:[&quot;desktop&quot;,&quot;tablet&quot;]}]}\">\n\t\t\t\t\t\t<div class=\"elementor-container elementor-column-gap-default\">\n\t\t\t\t\t<div class=\"elementor-column elementor-col-100 elementor-top-column elementor-element elementor-element-1fd426d\" data-id=\"1fd426d\" data-element_type=\"column\" data-e-type=\"column\">\n\t\t\t<div class=\"elementor-widget-wrap elementor-element-populated\">\n\t\t\t\t\t\t<div class=\"elementor-element elementor-element-f5158b4 elementor-widget elementor-widget-text-editor\" data-id=\"f5158b4\" data-element_type=\"widget\" data-e-type=\"widget\" data-widget_type=\"text-editor.default\">\n\t\t\t\t<div class=\"elementor-widget-container\">\n\t\t\t\t\t\t\t\t\t<p style=\"text-align: center;\"><span><span><a href=\"https:\/\/collinescathares.com\/es\/\">Inicio<\/a><\/span><\/span><\/p><h1 style=\"text-align: center;\">Ev\u00e9nements ponctuels<\/h1><p><img decoding=\"async\" class=\"size-full wp-image-280 aligncenter\" src=\"https:\/\/collinescathares.com\/wp-content\/uploads\/2020\/06\/carres_couleurs.jpg\" alt=\"\" width=\"85\" height=\"19\" \/><\/p>\t\t\t\t\t\t\t\t<\/div>\n\t\t\t\t<\/div>\n\t\t\t\t<div class=\"elementor-element elementor-element-4c64994 elementor-widget elementor-widget-text-editor\" data-id=\"4c64994\" data-element_type=\"widget\" data-e-type=\"widget\" data-widget_type=\"text-editor.default\">\n\t\t\t\t<div class=\"elementor-widget-container\">\n\t\t\t\t\t\t\t\t\t<p><div class=\"wpgmp_map_container wpgmp-map-21\" rel=\"map21\"><div class=\"wpgmp_map_parent\"><div class=\"wpgmp_map \" style=\"width:100%; height:400px;\" id=\"map21\" ><\/div><\/div><div class=\"wpgmp_filter_wrappers\"><\/div><div class=\"location_listing21 \" style=\"float:left; width:100%;\"><\/div><div class=\"location_pagination21  wpgmp_pagination\" style=\"float:left; width:100%;\"><\/div><\/div><style> .wpgmp-map-21  .wpgmp_infowindow .fc-item-title{background-image:none;font-family:-apple-system, \"system-ui\", \"Segoe UI\", Roboto, Oxygen-Sans, Ubuntu, Cantarell, \"Helvetica Neue\", sans-serif;font-weight:700;font-size:16px;color:rgba(0, 0, 0, 0.87);line-height:21.4333px;background-color:rgba(0, 0, 0, 0);font-style:normal;text-align:start;text-decoration:none solid rgba(0, 0, 0, 0.87);margin-top:0px;margin-bottom:5px;margin-left:0px;margin-right:0px;padding-top:0px;padding-bottom:0px;padding-left:0px;padding-right:0px;} .wpgmp-map-21  .wpgmp_infowindow.wpgmp_infowindow_post .fc-item-title{background-image:none;font-family:-apple-system, \"system-ui\", \"Segoe UI\", Roboto, Oxygen-Sans, Ubuntu, Cantarell, \"Helvetica Neue\", sans-serif;font-weight:600;font-size:18px;color:rgb(33, 47, 61);line-height:21.4333px;background-color:rgba(0, 0, 0, 0);font-style:normal;text-align:start;text-decoration:none solid rgb(33, 47, 61);margin-top:0px;margin-bottom:5px;margin-left:0px;margin-right:0px;padding-top:0px;padding-bottom:0px;padding-left:0px;padding-right:0px;} .wpgmp-map-21 .fc-item-box.fc-component-2.wpgmp_locations{background-image:none;font-family:-apple-system, \"system-ui\", \"Segoe UI\", Roboto, Oxygen-Sans, Ubuntu, Cantarell, \"Helvetica Neue\", sans-serif;font-weight:400;font-size:15px;color:rgba(0, 0, 0, 0.87);line-height:21.4333px;background-color:rgb(255, 255, 255);font-style:normal;text-align:start;text-decoration:none solid rgba(0, 0, 0, 0.87);margin-top:0px;margin-bottom:0px;margin-left:0px;margin-right:0px;padding-top:0px;padding-bottom:0px;padding-left:0px;padding-right:0px;} .wpgmp-map-21 .fc-item-meta.fc-item-secondary-text-color.fc-css{background-image:none;font-family:-apple-system, \"system-ui\", \"Segoe UI\", Roboto, Oxygen-Sans, Ubuntu, Cantarell, \"Helvetica Neue\", sans-serif;font-weight:400;font-size:13px;color:rgb(119, 119, 119);line-height:23px;background-color:rgb(251, 251, 251);font-style:normal;text-align:center;text-decoration:none solid rgb(119, 119, 119);margin-top:0px;margin-bottom:7px;margin-left:0px;margin-right:0px;padding-top:5px;padding-bottom:5px;padding-left:10px;padding-right:10px;} .fc-item-title.fc-item-primary-text-color a, .fc-item-title.fc-item-primary-text-color a:hover, .fc-item-title.fc-item-primary-text-color a:focus, .fc-item-title.fc-item-primary-text-color a:visited{background-image:none;font-family:-apple-system, \"system-ui\", \"Segoe UI\", Roboto, Oxygen-Sans, Ubuntu, Cantarell, \"Helvetica Neue\", sans-serif;font-weight:700;font-size:16px;color:rgb(68, 68, 68);line-height:21.4333px;background-color:rgba(0, 0, 0, 0);font-style:normal;text-align:left;text-decoration:none solid rgb(68, 68, 68);margin-top:0px;margin-bottom:5px;margin-left:0px;margin-right:0px;padding-top:0px;padding-bottom:0px;padding-left:0px;padding-right:0px;} .wpgmp-map-21 .fc-item-title.fc-item-primary-text-color{background-image:none;font-family:-apple-system, \"system-ui\", \"Segoe UI\", Roboto, Oxygen-Sans, Ubuntu, Cantarell, \"Helvetica Neue\", sans-serif;font-weight:700;font-size:16px;color:rgb(68, 68, 68);line-height:21.4333px;background-color:rgba(0, 0, 0, 0);font-style:normal;text-align:left;text-decoration:none solid rgb(68, 68, 68);margin-top:0px;margin-bottom:5px;margin-left:0px;margin-right:0px;padding-top:0px;padding-bottom:0px;padding-left:0px;padding-right:0px;} .wpgmp-map-21 .fc-item-content.fc-item-body-text-color{background-image:none;font-family:-apple-system, \"system-ui\", \"Segoe UI\", Roboto, Oxygen-Sans, Ubuntu, Cantarell, \"Helvetica Neue\", sans-serif;font-weight:300;font-size:13px;color:rgb(119, 119, 119);line-height:23px;background-color:rgba(0, 0, 0, 0);font-style:normal;text-align:left;text-decoration:none solid rgb(119, 119, 119);margin-top:0px;margin-bottom:0px;margin-left:0px;margin-right:0px;padding-top:0px;padding-bottom:0px;padding-left:0px;padding-right:0px;}<\/style><script>jQuery(document).ready(function($) {var map21 = $(\"#map21\").maps({\"map_options\":{\"center_lat\":\"43.2004955\",\"center_lng\":\"1.74753017\",\"zoom\":10,\"map_type_id\":\"ROADMAP\",\"center_by_nearest\":false,\"fit_bounds\":false,\"center_circle_fillcolor\":\"#8CAEF2\",\"center_circle_strokecolor\":\"#8CAEF2\",\"show_center_circle\":false,\"show_center_marker\":false,\"center_marker_icon\":\"https:\\\/\\\/collines.resonancecommunication.com\\\/wp-content\\\/plugins\\\/wp-google-map-gold\\\/assets\\\/images\\\/\\\/default_marker.png\",\"draggable\":true,\"scroll_wheel\":\"false\",\"gesture\":\"auto\",\"marker_default_icon\":\"https:\\\/\\\/collines.resonancecommunication.com\\\/wp-content\\\/plugins\\\/wp-google-map-gold\\\/assets\\\/images\\\/\\\/default_marker.png\",\"infowindow_setting\":\"<div class=\\\"fc-main\\\">\\n<div class=\\\"fc-item-title\\\">{marker_title} <span class=\\\"fc-badge info\\\">{marker_category}<\\\/span><\\\/div>\\n<div class=\\\"fc-item-featured_image\\\">{marker_image} <\\\/div>\\n<p>{marker_message}<\\\/p>\\n<address><b>Address : <\\\/b>{marker_address}<\\\/address>\\n<\\\/div>\\n\",\"infowindow_geotags_setting\":\"<div class=\\\"fc-main\\\">\\n<div class=\\\"fc-item-title\\\">{post_title} <span class=\\\"fc-badge info\\\">{post_categories}<\\\/span><\\\/div>\\n<div class=\\\"fc-item-featured_image\\\">{post_featured_image} <\\\/div>\\n<p>{post_excerpt}<\\\/p>\\n<address><b>Adresse : <\\\/b>{marker_address}<\\\/address>\\n<p><a class=\\\"fc-btn fc-btn-small fc-btn-red\\\" href=\\\"{post_link}\\\">En savoir plus<\\\/a><\\\/div>\\n\",\"infowindow_skin\":{\"name\":\"default\",\"type\":\"infowindow\",\"sourcecode\":\"<div class=\\\"fc-main\\\"><div class=\\\"fc-item-title\\\">{marker_title} <span class=\\\"fc-badge info\\\">{marker_category}<\\\/span><\\\/div> <div class=\\\"fc-item-featured_image\\\">{marker_image} <\\\/div>{marker_message}<address><b>Address : <\\\/b>{marker_address}<\\\/address><\\\/div>\"},\"infowindow_post_skin\":{\"name\":\"default\",\"type\":\"post\",\"sourcecode\":\"<div class=\\\"fc-main\\\"><div class=\\\"fc-item-title\\\">{post_title} <span class=\\\"fc-badge info\\\">{post_categories}<\\\/span><\\\/div> <div class=\\\"fc-item-featured_image\\\">{post_featured_image} <\\\/div>{post_excerpt}<address><b>Adresse : <\\\/b>{marker_address}<\\\/address><a class=\\\"fc-btn fc-btn-small fc-btn-red\\\" href=\\\"{post_link}\\\">En savoir plus<\\\/a><\\\/div>\"},\"infowindow_drop_animation\":false,\"close_infowindow_on_map_click\":false,\"default_infowindow_open\":false,\"infowindow_open_event\":\"click\",\"infowindow_filter_only\":false,\"infowindow_click_change_zoom\":0,\"infowindow_click_change_center\":false,\"full_screen_control\":true,\"search_control\":true,\"zoom_control\":true,\"map_type_control\":true,\"street_view_control\":true,\"locateme_control\":false,\"mobile_specific\":false,\"zoom_mobile\":5,\"draggable_mobile\":true,\"scroll_wheel_mobile\":true,\"full_screen_control_position\":\"TOP_RIGHT\",\"search_control_position\":\"TOP_LEFT\",\"locateme_control_position\":\"TOP_LEFT\",\"zoom_control_position\":\"TOP_LEFT\",\"map_type_control_position\":\"TOP_RIGHT\",\"map_type_control_style\":\"HORIZONTAL_BAR\",\"street_view_control_position\":\"TOP_LEFT\",\"map_control\":false,\"screens\":{\"smartphones\":{\"map_zoom_level_mobile\":\"5\"},\"ipads\":{\"map_zoom_level_mobile\":\"5\"},\"large-screens\":{\"map_zoom_level_mobile\":\"5\"}},\"map_infowindow_customisations\":false,\"infowindow_width\":\"100%\",\"infowindow_border_color\":\"rgba(0, 0, 0, 0.0980392)\",\"infowindow_bg_color\":\"#fff\",\"show_infowindow_header\":false,\"min_zoom\":\"0\",\"max_zoom\":\"19\",\"zoom_level_after_search\":\"10\",\"url_filters\":false,\"doubleclickzoom\":false,\"bound_map_after_filter\":false,\"display_reset_button\":false,\"map_reset_button_text\":\"Reset\",\"height\":\"400\"},\"places\":[{\"source\":\"post\",\"title\":\"MAI \\u00c0 V\\u00c9LO : LA TRANSHUMANCE \\u00c0 V\\u00c9LO FAIT \\u00c9TAPE \\u00c0 BELPECH\",\"infowindow_content\":\"<div class=\\\"fc-main\\\"><div class=\\\"fc-item-title\\\">MAI \\u00c0 V\\u00c9LO : LA TRANSHUMANCE \\u00c0 V\\u00c9LO FAIT \\u00c9TAPE \\u00c0 BELPECH <span class=\\\"fc-badge info\\\">Ev\\u00e9nements ponctuels<\\\/span><\\\/div> <div class=\\\"fc-item-featured_image\\\"><div class=\\\"fc-feature-img\\\"><img alt=\\\"MAI \\u00c0 V\\u00c9LO : LA TRANSHUMANCE \\u00c0 V\\u00c9LO FAIT \\u00c9TAPE \\u00c0 BELPECH\\\" width=\\\"300\\\" height=\\\"225\\\" src=\\\"https:\\\/\\\/collinescathares.com\\\/wp-content\\\/uploads\\\/2026\\\/04\\\/MAI-A-VELO-LA-TRANSHUMANCE-A-VELO-FAIT-ETAPE-A-MONTREAL-300x225.jpg\\\" class=\\\"wp-post-image   wpgmp_featured_image\\\" ><\\\/div> <\\\/div>La Transhumance \\u00e0 v\\u00e9lo fait \\u00e9tape \\u00e0 Belpech ! Dans le cadre de Mai \\u00e0 v\\u00e9lo, et de sa grande Transhumance \\u00e0 v\\u00e9lo (du 09 mai au 16 mai), le service mobilit\\u00e9 de la Communaut\\u00e9 de Communes Pi\\u00e8ge Lauragais Malep\\u00e8re vous invite \\u00e0 une journ\\u00e9e conviviale, festive et d\\u00e9di\\u00e9e aux mobilit\\u00e9s douces. Programme de la [&hellip;]<address><b>Adresse : <\\\/b>{marker_address}<\\\/address><a class=\\\"fc-btn fc-btn-small fc-btn-red\\\" href=\\\"https:\\\/\\\/collinescathares.com\\\/es\\\/evenements-ponctuels\\\/mai-a-velo-la-transhumance-a-velo-fait-etape-a-belpech\\\/\\\">En savoir plus<\\\/a><\\\/div>\",\"content\":\"La Transhumance \\u00e0 v\\u00e9lo fait \\u00e9tape \\u00e0 Belpech ! Dans le cadre de Mai \\u00e0 v\\u00e9lo, et de sa grande Transhumance \\u00e0 v\\u00e9lo (du 09 mai au 16 mai), le service mobilit\\u00e9 de la Communaut\\u00e9 de Communes Pi\\u00e8ge Lauragais Malep\\u00e8re vous invite \\u00e0 une journ\\u00e9e conviviale, festive et d\\u00e9di\\u00e9e aux mobilit\\u00e9s douces. Programme de la [&hellip;]\",\"address\":\"4 Rue du 8 Mai 1945 11420 BELPECH\",\"location\":{\"lat\":\"43.2004955\",\"city\":\"BELPECH\",\"country\":\"France\",\"lng\":\"1.74753017\",\"onclick_action\":\"post\",\"redirect_permalink\":\"https:\\\/\\\/collinescathares.com\\\/es\\\/evenements-ponctuels\\\/mai-a-velo-la-transhumance-a-velo-fait-etape-a-belpech\\\/\",\"zoom\":10,\"extra_fields\":{\"%date_evenement_r%\":\"16 Mai 2026\",\"%date_evenement_fin_r%\":\"16 Mai 2026\",\"post_excerpt\":\"La Transhumance \\u00e0 v\\u00e9lo fait \\u00e9tape \\u00e0 Belpech ! Dans le cadre de Mai \\u00e0 v\\u00e9lo, et de sa grande Transhumance \\u00e0 v\\u00e9lo (du 09 mai au 16 mai), le service mobilit\\u00e9 de la Communaut\\u00e9 de Communes Pi\\u00e8ge Lauragais Malep\\u00e8re vous invite \\u00e0 une journ\\u00e9e conviviale, festive et d\\u00e9di\\u00e9e aux mobilit\\u00e9s douces. Programme de la [&hellip;]\",\"post_content\":\"La Transhumance \\u00e0 v\\u00e9lo fait \\u00e9tape \\u00e0 Belpech !\\n\\nDans le cadre de Mai \\u00e0 v\\u00e9lo, et de sa grande Transhumance \\u00e0 v\\u00e9lo (du 09 mai au 16 mai), le service mobilit\\u00e9 de la Communaut\\u00e9 de Communes Pi\\u00e8ge Lauragais Malep\\u00e8re vous invite \\u00e0 une journ\\u00e9e conviviale, festive et d\\u00e9di\\u00e9e aux mobilit\\u00e9s douces.\\n\\nProgramme de la journ\\u00e9e :\\n\\u00e0 9h : D\\u00e9part de la 8\\u00e8me \\u00e9tape de la Transhumance \\u00e0 v\\u00e9lo dans le Parc Communal \\u00e0 Cazalrenoux\\n\\u00e0 11h : Arriv\\u00e9e du cort\\u00e8ge \\u00e0 la Salle Multig\\u00e9n\\u00e9rations \\u00e0 Belpech\\nd\\u00e8s 12h : Ap\\u00e9ritif offert \\u00e0 la population, Restauration sur place (foodtruck)\\nd\\u00e8s 13h : Animations (Tournoi de tennis et atelier tennis et v\\u00e9lo propos\\u00e9s par le Tennis Club de Belpech, pr\\u00e9sentation du Label Ville Prudente par la ville de Belpech, V\\u00e9lo-Smoothie, parcours de maniabilit\\u00e9, essais de v\\u00e9los et balade \\u00e0 v\\u00e9lo et \\u00e9changes autour du \\\"Plan d\\u2019Action de Mobilit\\u00e9\\\".\\n\\u00e0 15h30 : Spectacle \\\"Essorage\\\" par la compagnie \\\"Artisan du Risque\\\"\\n\\u00e0 20h : Soir\\u00e9e \\\"Saveurs Occitanes\\\" : repas + soir\\u00e9e DJ propos\\u00e9e par le Tennis Club de Belpech, s'inscrire au 06 83 32 72 48.\\n\\nQue vous soyez cycliste passionn\\u00e9 ou simple curieux, venez partager ce moment festif et engag\\u00e9 pour des mobilit\\u00e9s plus durables.\\n\\nRemarques :\\nLes mineurs non accompagn\\u00e9s devront pr\\u00e9senter une autorisation parentale sign\\u00e9e pour participer aux animations.\\nEn cas de mauvais temps, les animations pr\\u00e9vues en ext\\u00e9rieur auront lieu \\u00e0 la salle polyvalente de Cazalrenoux\",\"post_title\":\"MAI \\u00c0 V\\u00c9LO : LA TRANSHUMANCE \\u00c0 V\\u00c9LO FAIT \\u00c9TAPE \\u00c0 BELPECH\",\"post_link\":\"https:\\\/\\\/collinescathares.com\\\/es\\\/evenements-ponctuels\\\/mai-a-velo-la-transhumance-a-velo-fait-etape-a-belpech\\\/\",\"post_featured_image\":\"<div class=\\\"fc-feature-img\\\"><img alt=\\\"MAI \\u00c0 V\\u00c9LO : LA TRANSHUMANCE \\u00c0 V\\u00c9LO FAIT \\u00c9TAPE \\u00c0 BELPECH\\\" width=\\\"300\\\" height=\\\"225\\\" src=\\\"https:\\\/\\\/collinescathares.com\\\/wp-content\\\/uploads\\\/2026\\\/04\\\/MAI-A-VELO-LA-TRANSHUMANCE-A-VELO-FAIT-ETAPE-A-MONTREAL-300x225.jpg\\\" class=\\\"wp-post-image   wpgmp_featured_image\\\" ><\\\/div>\",\"post_categories\":\"Ev\\u00e9nements ponctuels\",\"post_tags\":\"\",\"%jupiterx_reading_time%\":\"1 minute\",\"%_thumbnail_id%\":\"263890\",\"%ville_r%\":\"BELPECH\",\"%_ville_r%\":\"field_5efc3a17e12c5\",\"%cp_r%\":\"11420\",\"%_cp_r%\":\"field_5efc3a47e12ca\",\"%tarifs_r%\":\"\",\"%_tarifs_r%\":\"field_5efc3a22e12c6\",\"%adresse_r%\":\"4 Rue du 8 Mai 1945\",\"%_adresse_r%\":\"field_5efc3a2ee12c7\",\"%carte_r%\":\"4 Rue du 8 Mai 1945 11420 BELPECH, 43.2004955, 1.74753017, 14\",\"%_carte_r%\":\"field_5efc4ed05494a\",\"%labels_r%\":\"\",\"%_labels_r%\":\"field_5f3a47134470d\",\"%handicap_r%\":\"\",\"%_handicap_r%\":\"field_5f3a471a4470e\",\"%offres_promotionnelles_r%\":\"\",\"%_offres_promotionnelles_r%\":\"field_5f3a472d4470f\",\"%telephone_r%\":\"\",\"%_telephone_r%\":\"field_5efc3a39e12c8\",\"%email_r%\":\"contact@lauragaismobilite.com\",\"%_email_r%\":\"field_5efc3a40e12c9\",\"%idunique_r%\":\"FMALAR011V51AWZN\",\"%_idunique_r%\":\"field_5f04335c562b3\",\"%site_r%\":\"https:\\\/\\\/www.lauragaismobilite.com\\\/\",\"%_site_r%\":\"field_5efc4d652a106\",\"%_date_evenement_r%\":\"field_5f0348f37d5bd\",\"%_date_evenement_fin_r%\":\"field_5f3a4540d0781\",\"%horaires_evenement_r%\":\"09:00 \\\/ 22:00\",\"%_horaires_evenement_r%\":\"field_5f3a4550d0782\",\"%type_r%\":\"Stage \\\/ Atelier\",\"%_type_r%\":\"field_5f057b5365cd7\",\"%classification_r%\":\"\",\"%_classification_r%\":\"field_5f3a3af81a328\",\"%classement_prefectoral_r%\":\"\",\"%_classement_prefectoral_r%\":\"field_5f3a473444710\",\"%datetri_r%\":\"1778889600\",\"%_datetri_r%\":\"field_5f3a8a82002b1\",\"%langage_r%\":\"FR\",\"%_langage_r%\":\"field_5f3be5649f374\",\"%_wpgmp_location_address%\":\"4 Rue du 8 Mai 1945 11420 BELPECH\",\"%_wpgmp_location_city%\":\"BELPECH\",\"%_wpgmp_location_state%\":\"\",\"%_wpgmp_location_country%\":\"France\",\"%_wpgmp_metabox_marker_id%\":\"a:1:{i:0;i:8;}\",\"%_wpgmp_map_id%\":\"a:1:{i:0;i:21;}\",\"%_wpgmp_metabox_latitude%\":\"43.2004955\",\"%_wpgmp_metabox_longitude%\":\"1.74753017\",\"%_wpgmp_metabox_location_redirect%\":\"post\",\"%_wpgmp_metabox_custom_link%\":\"\",\"%_wpgmp_metabox_taxomomies_terms%\":\"N;\",\"%_wpgmp_extensions_fields%\":\"N;\",\"%_wpml_word_count%\":\"249\",\"%_elementor_page_assets%\":\"\",\"taxonomy=category\":\"Ev\\u00e9nements ponctuels\",\"taxonomy=post_tag\":\"\",\"taxonomy=post_format\":\"\",\"taxonomy=translation_priority\":\"Facultatif\"},\"icon\":\"https:\\\/\\\/collinescathares.com\\\/wp-content\\\/uploads\\\/2020\\\/07\\\/pointeur_vert.svg\"},\"id\":263900,\"custom_filters\":{\"type_r\":\"Stage \\\/ Atelier\",\"datetri_r\":\"1778889600\"},\"infowindow_disable\":false,\"categories\":[{\"icon\":\"https:\\\/\\\/collinescathares.com\\\/wp-content\\\/uploads\\\/2020\\\/07\\\/pointeur_vert.svg\",\"name\":\"Ev\\u00e9nements ponctuels\",\"id\":\"8\",\"type\":\"category\"}]},{\"source\":\"post\",\"title\":\"MAI \\u00c0 V\\u00c9LO : LA TRANSHUMANCE \\u00c0 V\\u00c9LO FAIT \\u00c9TAPE \\u00c0 GAJA-LA-SELVE\",\"infowindow_content\":\"<div class=\\\"fc-main\\\"><div class=\\\"fc-item-title\\\">MAI \\u00c0 V\\u00c9LO : LA TRANSHUMANCE \\u00c0 V\\u00c9LO FAIT \\u00c9TAPE \\u00c0 GAJA-LA-SELVE <span class=\\\"fc-badge info\\\">Ev\\u00e9nements ponctuels<\\\/span><\\\/div> <div class=\\\"fc-item-featured_image\\\"><div class=\\\"fc-feature-img\\\"><img alt=\\\"MAI \\u00c0 V\\u00c9LO : LA TRANSHUMANCE \\u00c0 V\\u00c9LO FAIT \\u00c9TAPE \\u00c0 GAJA-LA-SELVE\\\" width=\\\"300\\\" height=\\\"225\\\" src=\\\"https:\\\/\\\/collinescathares.com\\\/wp-content\\\/uploads\\\/2026\\\/04\\\/MAI-A-VELO-LA-TRANSHUMANCE-A-VELO-FAIT-ETAPE-A-MONTREAL-300x225.jpg\\\" class=\\\"wp-post-image   wpgmp_featured_image\\\" ><\\\/div> <\\\/div>La Transhumance \\u00e0 v\\u00e9lo fait \\u00e9tape \\u00e0 Gaja-la-Selve ! Dans le cadre de Mai \\u00e0 v\\u00e9lo, et de sa grande Transhumance \\u00e0 v\\u00e9lo (du 09 mai au 16 mai), le service mobilit\\u00e9 de la Communaut\\u00e9 de Communes Pi\\u00e8ge Lauragais Malep\\u00e8re vous invite \\u00e0 une journ\\u00e9e conviviale, festive et d\\u00e9di\\u00e9e aux mobilit\\u00e9s douces. Programme de la [&hellip;]<address><b>Adresse : <\\\/b>{marker_address}<\\\/address><a class=\\\"fc-btn fc-btn-small fc-btn-red\\\" href=\\\"https:\\\/\\\/collinescathares.com\\\/es\\\/evenements-ponctuels\\\/mai-a-velo-la-transhumance-a-velo-fait-etape-a-gaja-la-selve\\\/\\\">En savoir plus<\\\/a><\\\/div>\",\"content\":\"La Transhumance \\u00e0 v\\u00e9lo fait \\u00e9tape \\u00e0 Gaja-la-Selve ! Dans le cadre de Mai \\u00e0 v\\u00e9lo, et de sa grande Transhumance \\u00e0 v\\u00e9lo (du 09 mai au 16 mai), le service mobilit\\u00e9 de la Communaut\\u00e9 de Communes Pi\\u00e8ge Lauragais Malep\\u00e8re vous invite \\u00e0 une journ\\u00e9e conviviale, festive et d\\u00e9di\\u00e9e aux mobilit\\u00e9s douces. Programme de la [&hellip;]\",\"address\":\"Chemin du cim\\u00e9ti\\u00e8re 11270 GAJA-LA-SELVE\",\"location\":{\"lat\":\"43.1941829\",\"city\":\"GAJA-LA-SELVE\",\"country\":\"France\",\"lng\":\"1.89848488\",\"onclick_action\":\"post\",\"redirect_permalink\":\"https:\\\/\\\/collinescathares.com\\\/es\\\/evenements-ponctuels\\\/mai-a-velo-la-transhumance-a-velo-fait-etape-a-gaja-la-selve\\\/\",\"zoom\":10,\"extra_fields\":{\"%date_evenement_r%\":\"13 Mai 2026\",\"%date_evenement_fin_r%\":\"13 Mai 2026\",\"post_excerpt\":\"La Transhumance \\u00e0 v\\u00e9lo fait \\u00e9tape \\u00e0 Gaja-la-Selve ! Dans le cadre de Mai \\u00e0 v\\u00e9lo, et de sa grande Transhumance \\u00e0 v\\u00e9lo (du 09 mai au 16 mai), le service mobilit\\u00e9 de la Communaut\\u00e9 de Communes Pi\\u00e8ge Lauragais Malep\\u00e8re vous invite \\u00e0 une journ\\u00e9e conviviale, festive et d\\u00e9di\\u00e9e aux mobilit\\u00e9s douces. Programme de la [&hellip;]\",\"post_content\":\"La Transhumance \\u00e0 v\\u00e9lo fait \\u00e9tape \\u00e0 Gaja-la-Selve !\\n\\nDans le cadre de Mai \\u00e0 v\\u00e9lo, et de sa grande Transhumance \\u00e0 v\\u00e9lo (du 09 mai au 16 mai), le service mobilit\\u00e9 de la Communaut\\u00e9 de Communes Pi\\u00e8ge Lauragais Malep\\u00e8re vous invite \\u00e0 une journ\\u00e9e conviviale, festive et d\\u00e9di\\u00e9e aux mobilit\\u00e9s douces.\\n\\nProgramme de la journ\\u00e9e :\\n\\u00e0 9h : D\\u00e9part de la 5\\u00e8me \\u00e9tape de la Transhumance \\u00e0 v\\u00e9lo sur la place du Treil \\u00e0 Fanjeaux\\n\\u00e0 11h : Arriv\\u00e9e du cort\\u00e8ge \\u00e0 la salle polyvalente \\u00e0 Gaja-la-Selve\\nd\\u00e8s 18h : Animations (Tandem Mobilit\\u00e9, essais de v\\u00e9los et balades \\u00e0 v\\u00e9lo), Ap\\u00e9ritif offert \\u00e0 la population, Restauration sur place (foodtruck) et \\u00e9changes autour du \\\"Plan d\\u2019Action de Mobilit\\u00e9\\\".\\n\\u00e0 19h : Concert de Batucada par les \\u00e9l\\u00e8ves de l'\\u00e9cole intercommunal des Arts \\u00e0 la salle polyvalente\\n\\nQue vous soyez cycliste passionn\\u00e9 ou simple curieux, venez partager ce moment festif et engag\\u00e9 pour des mobilit\\u00e9s plus durables.\\n\\nRemarque :\\nLes mineurs non accompagn\\u00e9s devront pr\\u00e9senter une autorisation parentale sign\\u00e9e pour participer aux animations.\",\"post_title\":\"MAI \\u00c0 V\\u00c9LO : LA TRANSHUMANCE \\u00c0 V\\u00c9LO FAIT \\u00c9TAPE \\u00c0 GAJA-LA-SELVE\",\"post_link\":\"https:\\\/\\\/collinescathares.com\\\/es\\\/evenements-ponctuels\\\/mai-a-velo-la-transhumance-a-velo-fait-etape-a-gaja-la-selve\\\/\",\"post_featured_image\":\"<div class=\\\"fc-feature-img\\\"><img alt=\\\"MAI \\u00c0 V\\u00c9LO : LA TRANSHUMANCE \\u00c0 V\\u00c9LO FAIT \\u00c9TAPE \\u00c0 GAJA-LA-SELVE\\\" width=\\\"300\\\" height=\\\"225\\\" src=\\\"https:\\\/\\\/collinescathares.com\\\/wp-content\\\/uploads\\\/2026\\\/04\\\/MAI-A-VELO-LA-TRANSHUMANCE-A-VELO-FAIT-ETAPE-A-MONTREAL-300x225.jpg\\\" class=\\\"wp-post-image   wpgmp_featured_image\\\" ><\\\/div>\",\"post_categories\":\"Ev\\u00e9nements ponctuels\",\"post_tags\":\"\",\"%jupiterx_reading_time%\":\"1 minute\",\"%_thumbnail_id%\":\"263890\",\"%ville_r%\":\"GAJA-LA-SELVE\",\"%_ville_r%\":\"field_5efc3a17e12c5\",\"%cp_r%\":\"11270\",\"%_cp_r%\":\"field_5efc3a47e12ca\",\"%tarifs_r%\":\"\",\"%_tarifs_r%\":\"field_5efc3a22e12c6\",\"%adresse_r%\":\"Chemin du cim\\u00e9ti\\u00e8re\",\"%_adresse_r%\":\"field_5efc3a2ee12c7\",\"%carte_r%\":\"Chemin du cim\\u00e9ti\\u00e8re 11270 GAJA-LA-SELVE, 43.1941829, 1.89848488, 14\",\"%_carte_r%\":\"field_5efc4ed05494a\",\"%labels_r%\":\"\",\"%_labels_r%\":\"field_5f3a47134470d\",\"%handicap_r%\":\"\",\"%_handicap_r%\":\"field_5f3a471a4470e\",\"%offres_promotionnelles_r%\":\"\",\"%_offres_promotionnelles_r%\":\"field_5f3a472d4470f\",\"%telephone_r%\":\"\",\"%_telephone_r%\":\"field_5efc3a39e12c8\",\"%email_r%\":\"contact@lauragaismobilite.com\",\"%_email_r%\":\"field_5efc3a40e12c9\",\"%idunique_r%\":\"FMALAR011V51AWY9\",\"%_idunique_r%\":\"field_5f04335c562b3\",\"%site_r%\":\"https:\\\/\\\/www.lauragaismobilite.com\\\/\",\"%_site_r%\":\"field_5efc4d652a106\",\"%_date_evenement_r%\":\"field_5f0348f37d5bd\",\"%_date_evenement_fin_r%\":\"field_5f3a4540d0781\",\"%horaires_evenement_r%\":\"09:00 \\\/ 20:00\",\"%_horaires_evenement_r%\":\"field_5f3a4550d0782\",\"%type_r%\":\"Stage \\\/ Atelier\",\"%_type_r%\":\"field_5f057b5365cd7\",\"%classification_r%\":\"\",\"%_classification_r%\":\"field_5f3a3af81a328\",\"%classement_prefectoral_r%\":\"\",\"%_classement_prefectoral_r%\":\"field_5f3a473444710\",\"%datetri_r%\":\"1778630400\",\"%_datetri_r%\":\"field_5f3a8a82002b1\",\"%langage_r%\":\"FR\",\"%_langage_r%\":\"field_5f3be5649f374\",\"%_wpgmp_location_address%\":\"Chemin du cim\\u00e9ti\\u00e8re 11270 GAJA-LA-SELVE\",\"%_wpgmp_location_city%\":\"GAJA-LA-SELVE\",\"%_wpgmp_location_state%\":\"\",\"%_wpgmp_location_country%\":\"France\",\"%_wpgmp_metabox_marker_id%\":\"a:1:{i:0;i:8;}\",\"%_wpgmp_map_id%\":\"a:1:{i:0;i:21;}\",\"%_wpgmp_metabox_latitude%\":\"43.1941829\",\"%_wpgmp_metabox_longitude%\":\"1.89848488\",\"%_wpgmp_metabox_location_redirect%\":\"post\",\"%_wpgmp_metabox_custom_link%\":\"\",\"%_wpgmp_metabox_taxomomies_terms%\":\"N;\",\"%_wpgmp_extensions_fields%\":\"N;\",\"%_wpml_word_count%\":\"189\",\"%_elementor_page_assets%\":\"\",\"taxonomy=category\":\"Ev\\u00e9nements ponctuels\",\"taxonomy=post_tag\":\"\",\"taxonomy=post_format\":\"\",\"taxonomy=translation_priority\":\"Facultatif\"},\"icon\":\"https:\\\/\\\/collinescathares.com\\\/wp-content\\\/uploads\\\/2020\\\/07\\\/pointeur_vert.svg\"},\"id\":263897,\"custom_filters\":{\"type_r\":\"Stage \\\/ Atelier\",\"datetri_r\":\"1778630400\"},\"infowindow_disable\":false,\"categories\":[{\"icon\":\"https:\\\/\\\/collinescathares.com\\\/wp-content\\\/uploads\\\/2020\\\/07\\\/pointeur_vert.svg\",\"name\":\"Ev\\u00e9nements ponctuels\",\"id\":\"8\",\"type\":\"category\"}]},{\"source\":\"post\",\"title\":\"MAI \\u00c0 V\\u00c9LO : LA TRANSHUMANCE \\u00c0 V\\u00c9LO FAIT \\u00c9TAPE \\u00c0 LAURAC\",\"infowindow_content\":\"<div class=\\\"fc-main\\\"><div class=\\\"fc-item-title\\\">MAI \\u00c0 V\\u00c9LO : LA TRANSHUMANCE \\u00c0 V\\u00c9LO FAIT \\u00c9TAPE \\u00c0 LAURAC <span class=\\\"fc-badge info\\\">Ev\\u00e9nements ponctuels<\\\/span><\\\/div> <div class=\\\"fc-item-featured_image\\\"><div class=\\\"fc-feature-img\\\"><img alt=\\\"MAI \\u00c0 V\\u00c9LO : LA TRANSHUMANCE \\u00c0 V\\u00c9LO FAIT \\u00c9TAPE \\u00c0 LAURAC\\\" width=\\\"300\\\" height=\\\"225\\\" src=\\\"https:\\\/\\\/collinescathares.com\\\/wp-content\\\/uploads\\\/2026\\\/04\\\/MAI-A-VELO-LA-TRANSHUMANCE-A-VELO-FAIT-ETAPE-A-MONTREAL-300x225.jpg\\\" class=\\\"wp-post-image   wpgmp_featured_image\\\" ><\\\/div> <\\\/div>La Transhumance \\u00e0 v\\u00e9lo fait \\u00e9tape \\u00e0 Laurac ! Dans le cadre de Mai \\u00e0 v\\u00e9lo, et de sa grande Transhumance \\u00e0 v\\u00e9lo (du 09 mai au 16 mai), le service mobilit\\u00e9 de la Communaut\\u00e9 de Communes Pi\\u00e8ge Lauragais Malep\\u00e8re vous invite \\u00e0 une journ\\u00e9e conviviale, festive et d\\u00e9di\\u00e9e aux mobilit\\u00e9s douces. Programme de la [&hellip;]<address><b>Adresse : <\\\/b>{marker_address}<\\\/address><a class=\\\"fc-btn fc-btn-small fc-btn-red\\\" href=\\\"https:\\\/\\\/collinescathares.com\\\/es\\\/evenements-ponctuels\\\/mai-a-velo-la-transhumance-a-velo-fait-etape-a-laurac\\\/\\\">En savoir plus<\\\/a><\\\/div>\",\"content\":\"La Transhumance \\u00e0 v\\u00e9lo fait \\u00e9tape \\u00e0 Laurac ! Dans le cadre de Mai \\u00e0 v\\u00e9lo, et de sa grande Transhumance \\u00e0 v\\u00e9lo (du 09 mai au 16 mai), le service mobilit\\u00e9 de la Communaut\\u00e9 de Communes Pi\\u00e8ge Lauragais Malep\\u00e8re vous invite \\u00e0 une journ\\u00e9e conviviale, festive et d\\u00e9di\\u00e9e aux mobilit\\u00e9s douces. Programme de la [&hellip;]\",\"address\":\"Place des Mares 11270 LAURAC\",\"location\":{\"lat\":\"43.2281115\",\"city\":\"LAURAC\",\"country\":\"France\",\"lng\":\"1.97532552\",\"onclick_action\":\"post\",\"redirect_permalink\":\"https:\\\/\\\/collinescathares.com\\\/es\\\/evenements-ponctuels\\\/mai-a-velo-la-transhumance-a-velo-fait-etape-a-laurac\\\/\",\"zoom\":10,\"extra_fields\":{\"%date_evenement_r%\":\"14 Mai 2026\",\"%date_evenement_fin_r%\":\"14 Mai 2026\",\"post_excerpt\":\"La Transhumance \\u00e0 v\\u00e9lo fait \\u00e9tape \\u00e0 Laurac ! Dans le cadre de Mai \\u00e0 v\\u00e9lo, et de sa grande Transhumance \\u00e0 v\\u00e9lo (du 09 mai au 16 mai), le service mobilit\\u00e9 de la Communaut\\u00e9 de Communes Pi\\u00e8ge Lauragais Malep\\u00e8re vous invite \\u00e0 une journ\\u00e9e conviviale, festive et d\\u00e9di\\u00e9e aux mobilit\\u00e9s douces. Programme de la [&hellip;]\",\"post_content\":\"La Transhumance \\u00e0 v\\u00e9lo fait \\u00e9tape \\u00e0 Laurac !\\n\\nDans le cadre de Mai \\u00e0 v\\u00e9lo, et de sa grande Transhumance \\u00e0 v\\u00e9lo (du 09 mai au 16 mai), le service mobilit\\u00e9 de la Communaut\\u00e9 de Communes Pi\\u00e8ge Lauragais Malep\\u00e8re vous invite \\u00e0 une journ\\u00e9e conviviale, festive et d\\u00e9di\\u00e9e aux mobilit\\u00e9s douces.\\n\\nProgramme de la journ\\u00e9e :\\n\\u00e0 9h : D\\u00e9part de la 6\\u00e8me \\u00e9tape de la Transhumance \\u00e0 v\\u00e9lo \\u00e0 la salle polyvalente \\u00e0 Gaja-la-Selve\\n\\u00e0 11h : Arriv\\u00e9e du cort\\u00e8ge \\u00e0 la mairie \\u00e0 Laurac\\nd\\u00e8s 12h : Ap\\u00e9ritif offert \\u00e0 la population, Restauration sur place (foodtruck)\\nd\\u00e8s 13h : Animation Le Man\\u00e8ge \\u00e0 V\\u00e9lo (par La Man\\u00e8gerie \\u00e0 V\\u00e9lo)\\nd\\u00e8s 14h : Animations (Essais de v\\u00e9los et atelier de petites r\\u00e9parations de v\\u00e9los), et \\u00e9changes autour du \\\"Plan d\\u2019Action de Mobilit\\u00e9\\\"\\n\\u00e0 15h30 : Balade \\u00e0 v\\u00e9lo et visite de la Collines aux Ch\\u00e8vres\\nd\\u00e8s 16h30 : Go\\u00fbter (foodtruck) sur la place des Mares \\n\\nQue vous soyez cycliste passionn\\u00e9 ou simple curieux, venez partager ce moment festif et engag\\u00e9 pour des mobilit\\u00e9s plus durables.\\n\\nRemarques :\\nLes mineurs non accompagn\\u00e9s devront pr\\u00e9senter une autorisation parentale sign\\u00e9e pour participer aux animations.\\nEn cas de mauvais temps, les animations pr\\u00e9vues en ext\\u00e9rieur auront lieu \\u00e0 la salle polyvalente de Laurac.\",\"post_title\":\"MAI \\u00c0 V\\u00c9LO : LA TRANSHUMANCE \\u00c0 V\\u00c9LO FAIT \\u00c9TAPE \\u00c0 LAURAC\",\"post_link\":\"https:\\\/\\\/collinescathares.com\\\/es\\\/evenements-ponctuels\\\/mai-a-velo-la-transhumance-a-velo-fait-etape-a-laurac\\\/\",\"post_featured_image\":\"<div class=\\\"fc-feature-img\\\"><img alt=\\\"MAI \\u00c0 V\\u00c9LO : LA TRANSHUMANCE \\u00c0 V\\u00c9LO FAIT \\u00c9TAPE \\u00c0 LAURAC\\\" width=\\\"300\\\" height=\\\"225\\\" src=\\\"https:\\\/\\\/collinescathares.com\\\/wp-content\\\/uploads\\\/2026\\\/04\\\/MAI-A-VELO-LA-TRANSHUMANCE-A-VELO-FAIT-ETAPE-A-MONTREAL-300x225.jpg\\\" class=\\\"wp-post-image   wpgmp_featured_image\\\" ><\\\/div>\",\"post_categories\":\"Ev\\u00e9nements ponctuels\",\"post_tags\":\"\",\"%jupiterx_reading_time%\":\"1 minute\",\"%_thumbnail_id%\":\"263890\",\"%ville_r%\":\"LAURAC\",\"%_ville_r%\":\"field_5efc3a17e12c5\",\"%cp_r%\":\"11270\",\"%_cp_r%\":\"field_5efc3a47e12ca\",\"%tarifs_r%\":\"\",\"%_tarifs_r%\":\"field_5efc3a22e12c6\",\"%adresse_r%\":\"Place des Mares\",\"%_adresse_r%\":\"field_5efc3a2ee12c7\",\"%carte_r%\":\"Place des Mares 11270 LAURAC, 43.2281115, 1.97532552, 14\",\"%_carte_r%\":\"field_5efc4ed05494a\",\"%labels_r%\":\"\",\"%_labels_r%\":\"field_5f3a47134470d\",\"%handicap_r%\":\"\",\"%_handicap_r%\":\"field_5f3a471a4470e\",\"%offres_promotionnelles_r%\":\"\",\"%_offres_promotionnelles_r%\":\"field_5f3a472d4470f\",\"%telephone_r%\":\"\",\"%_telephone_r%\":\"field_5efc3a39e12c8\",\"%email_r%\":\"contact@lauragaismobilite.com\",\"%_email_r%\":\"field_5efc3a40e12c9\",\"%idunique_r%\":\"FMALAR011V51AWYM\",\"%_idunique_r%\":\"field_5f04335c562b3\",\"%site_r%\":\"https:\\\/\\\/www.lauragaismobilite.com\\\/\",\"%_site_r%\":\"field_5efc4d652a106\",\"%_date_evenement_r%\":\"field_5f0348f37d5bd\",\"%_date_evenement_fin_r%\":\"field_5f3a4540d0781\",\"%horaires_evenement_r%\":\"09:00 \\\/ 17:00\",\"%_horaires_evenement_r%\":\"field_5f3a4550d0782\",\"%type_r%\":\"Stage \\\/ Atelier\",\"%_type_r%\":\"field_5f057b5365cd7\",\"%classification_r%\":\"\",\"%_classification_r%\":\"field_5f3a3af81a328\",\"%classement_prefectoral_r%\":\"\",\"%_classement_prefectoral_r%\":\"field_5f3a473444710\",\"%datetri_r%\":\"1778716800\",\"%_datetri_r%\":\"field_5f3a8a82002b1\",\"%langage_r%\":\"FR\",\"%_langage_r%\":\"field_5f3be5649f374\",\"%_wpgmp_location_address%\":\"Place des Mares 11270 LAURAC\",\"%_wpgmp_location_city%\":\"LAURAC\",\"%_wpgmp_location_state%\":\"\",\"%_wpgmp_location_country%\":\"France\",\"%_wpgmp_metabox_marker_id%\":\"a:1:{i:0;i:8;}\",\"%_wpgmp_map_id%\":\"a:1:{i:0;i:21;}\",\"%_wpgmp_metabox_latitude%\":\"43.2281115\",\"%_wpgmp_metabox_longitude%\":\"1.97532552\",\"%_wpgmp_metabox_location_redirect%\":\"post\",\"%_wpgmp_metabox_custom_link%\":\"\",\"%_wpgmp_metabox_taxomomies_terms%\":\"N;\",\"%_wpgmp_extensions_fields%\":\"N;\",\"%_wpml_word_count%\":\"217\",\"%_elementor_page_assets%\":\"\",\"taxonomy=category\":\"Ev\\u00e9nements ponctuels\",\"taxonomy=post_tag\":\"\",\"taxonomy=post_format\":\"\",\"taxonomy=translation_priority\":\"Facultatif\"},\"icon\":\"https:\\\/\\\/collinescathares.com\\\/wp-content\\\/uploads\\\/2020\\\/07\\\/pointeur_vert.svg\"},\"id\":263898,\"custom_filters\":{\"type_r\":\"Stage \\\/ Atelier\",\"datetri_r\":\"1778716800\"},\"infowindow_disable\":false,\"categories\":[{\"icon\":\"https:\\\/\\\/collinescathares.com\\\/wp-content\\\/uploads\\\/2020\\\/07\\\/pointeur_vert.svg\",\"name\":\"Ev\\u00e9nements ponctuels\",\"id\":\"8\",\"type\":\"category\"}]},{\"source\":\"post\",\"title\":\"MAI \\u00c0 V\\u00c9LO : LA TRANSHUMANCE \\u00c0 V\\u00c9LO FAIT \\u00c9TAPE \\u00c0 CAZALRENOUX\",\"infowindow_content\":\"<div class=\\\"fc-main\\\"><div class=\\\"fc-item-title\\\">MAI \\u00c0 V\\u00c9LO : LA TRANSHUMANCE \\u00c0 V\\u00c9LO FAIT \\u00c9TAPE \\u00c0 CAZALRENOUX <span class=\\\"fc-badge info\\\">Ev\\u00e9nements ponctuels<\\\/span><\\\/div> <div class=\\\"fc-item-featured_image\\\"><div class=\\\"fc-feature-img\\\"><img alt=\\\"MAI \\u00c0 V\\u00c9LO : LA TRANSHUMANCE \\u00c0 V\\u00c9LO FAIT \\u00c9TAPE \\u00c0 CAZALRENOUX\\\" width=\\\"300\\\" height=\\\"225\\\" src=\\\"https:\\\/\\\/collinescathares.com\\\/wp-content\\\/uploads\\\/2026\\\/04\\\/MAI-A-VELO-LA-TRANSHUMANCE-A-VELO-FAIT-ETAPE-A-MONTREAL-300x225.jpg\\\" class=\\\"wp-post-image   wpgmp_featured_image\\\" ><\\\/div> <\\\/div>La Transhumance \\u00e0 v\\u00e9lo fait \\u00e9tape \\u00e0 Cazalrenoux ! Dans le cadre de Mai \\u00e0 v\\u00e9lo, et de sa grande Transhumance \\u00e0 v\\u00e9lo (du 09 mai au 16 mai), le service mobilit\\u00e9 de la Communaut\\u00e9 de Communes Pi\\u00e8ge Lauragais Malep\\u00e8re vous invite \\u00e0 une journ\\u00e9e conviviale, festive et d\\u00e9di\\u00e9e aux mobilit\\u00e9s douces. Programme de la [&hellip;]<address><b>Adresse : <\\\/b>{marker_address}<\\\/address><a class=\\\"fc-btn fc-btn-small fc-btn-red\\\" href=\\\"https:\\\/\\\/collinescathares.com\\\/es\\\/evenements-ponctuels\\\/mai-a-velo-la-transhumance-a-velo-fait-etape-a-cazalrenoux\\\/\\\">En savoir plus<\\\/a><\\\/div>\",\"content\":\"La Transhumance \\u00e0 v\\u00e9lo fait \\u00e9tape \\u00e0 Cazalrenoux ! Dans le cadre de Mai \\u00e0 v\\u00e9lo, et de sa grande Transhumance \\u00e0 v\\u00e9lo (du 09 mai au 16 mai), le service mobilit\\u00e9 de la Communaut\\u00e9 de Communes Pi\\u00e8ge Lauragais Malep\\u00e8re vous invite \\u00e0 une journ\\u00e9e conviviale, festive et d\\u00e9di\\u00e9e aux mobilit\\u00e9s douces. Programme de la [&hellip;]\",\"address\":\"Parc Communal 11270 CAZALRENOUX\",\"location\":{\"lat\":\"43.1976364\",\"city\":\"CAZALRENOUX\",\"country\":\"France\",\"lng\":\"1.94874142\",\"onclick_action\":\"post\",\"redirect_permalink\":\"https:\\\/\\\/collinescathares.com\\\/es\\\/evenements-ponctuels\\\/mai-a-velo-la-transhumance-a-velo-fait-etape-a-cazalrenoux\\\/\",\"zoom\":10,\"extra_fields\":{\"%date_evenement_r%\":\"15 Mai 2026\",\"%date_evenement_fin_r%\":\"15 Mai 2026\",\"post_excerpt\":\"La Transhumance \\u00e0 v\\u00e9lo fait \\u00e9tape \\u00e0 Cazalrenoux ! Dans le cadre de Mai \\u00e0 v\\u00e9lo, et de sa grande Transhumance \\u00e0 v\\u00e9lo (du 09 mai au 16 mai), le service mobilit\\u00e9 de la Communaut\\u00e9 de Communes Pi\\u00e8ge Lauragais Malep\\u00e8re vous invite \\u00e0 une journ\\u00e9e conviviale, festive et d\\u00e9di\\u00e9e aux mobilit\\u00e9s douces. Programme de la [&hellip;]\",\"post_content\":\"La Transhumance \\u00e0 v\\u00e9lo fait \\u00e9tape \\u00e0 Cazalrenoux !\\n\\nDans le cadre de Mai \\u00e0 v\\u00e9lo, et de sa grande Transhumance \\u00e0 v\\u00e9lo (du 09 mai au 16 mai), le service mobilit\\u00e9 de la Communaut\\u00e9 de Communes Pi\\u00e8ge Lauragais Malep\\u00e8re vous invite \\u00e0 une journ\\u00e9e conviviale, festive et d\\u00e9di\\u00e9e aux mobilit\\u00e9s douces.\\n\\nProgramme de la journ\\u00e9e :\\n\\u00e0 9h : D\\u00e9part de la 7\\u00e8me \\u00e9tape de la Transhumance \\u00e0 v\\u00e9lo \\u00e0 la mairie de Laurac\\n\\u00e0 11h : Arriv\\u00e9e du cort\\u00e8ge dans le Parc Communal \\u00e0 Cazalrenoux\\n\\u00e0 13h : Animations (Tandem Mobilit\\u00e9 et Atelier seniors, parcours de maniabilit\\u00e9)\\n\\u00e0 14h : D\\u00e9part d'une boucle v\\u00e9lo facile (niveau enfants et amateurs) et d'une boucle interm\\u00e9diaire (niveau confirm\\u00e9)\\nd\\u00e8s 18h30 : Essais de v\\u00e9los, Ap\\u00e9ritif offert \\u00e0 la population, Restauration sur place (foodtruck) et \\u00e9changes autour du \\\"Plan d\\u2019Action de Mobilit\\u00e9\\\"\\n\\nQue vous soyez cycliste passionn\\u00e9 ou simple curieux, venez partager ce moment festif et engag\\u00e9 pour des mobilit\\u00e9s plus durables.\\n\\nRemarques :\\nLes mineurs non accompagn\\u00e9s devront pr\\u00e9senter une autorisation parentale sign\\u00e9e pour participer aux animations.\\nEn cas de mauvais temps, les animations pr\\u00e9vues en ext\\u00e9rieur auront lieu \\u00e0 la salle polyvalente de Cazalrenoux\",\"post_title\":\"MAI \\u00c0 V\\u00c9LO : LA TRANSHUMANCE \\u00c0 V\\u00c9LO FAIT \\u00c9TAPE \\u00c0 CAZALRENOUX\",\"post_link\":\"https:\\\/\\\/collinescathares.com\\\/es\\\/evenements-ponctuels\\\/mai-a-velo-la-transhumance-a-velo-fait-etape-a-cazalrenoux\\\/\",\"post_featured_image\":\"<div class=\\\"fc-feature-img\\\"><img alt=\\\"MAI \\u00c0 V\\u00c9LO : LA TRANSHUMANCE \\u00c0 V\\u00c9LO FAIT \\u00c9TAPE \\u00c0 CAZALRENOUX\\\" width=\\\"300\\\" height=\\\"225\\\" src=\\\"https:\\\/\\\/collinescathares.com\\\/wp-content\\\/uploads\\\/2026\\\/04\\\/MAI-A-VELO-LA-TRANSHUMANCE-A-VELO-FAIT-ETAPE-A-MONTREAL-300x225.jpg\\\" class=\\\"wp-post-image   wpgmp_featured_image\\\" ><\\\/div>\",\"post_categories\":\"Ev\\u00e9nements ponctuels\",\"post_tags\":\"\",\"%jupiterx_reading_time%\":\" 1 minute\",\"%_thumbnail_id%\":\"263890\",\"%ville_r%\":\"CAZALRENOUX\",\"%_ville_r%\":\"field_5efc3a17e12c5\",\"%cp_r%\":\"11270\",\"%_cp_r%\":\"field_5efc3a47e12ca\",\"%tarifs_r%\":\"\",\"%_tarifs_r%\":\"field_5efc3a22e12c6\",\"%adresse_r%\":\"Parc Communal\",\"%_adresse_r%\":\"field_5efc3a2ee12c7\",\"%carte_r%\":\"Parc Communal 11270 CAZALRENOUX, 43.1976364, 1.94874142, 14\",\"%_carte_r%\":\"field_5efc4ed05494a\",\"%labels_r%\":\"\",\"%_labels_r%\":\"field_5f3a47134470d\",\"%handicap_r%\":\"\",\"%_handicap_r%\":\"field_5f3a471a4470e\",\"%offres_promotionnelles_r%\":\"\",\"%_offres_promotionnelles_r%\":\"field_5f3a472d4470f\",\"%telephone_r%\":\"\",\"%_telephone_r%\":\"field_5efc3a39e12c8\",\"%email_r%\":\"contact@lauragaismobilite.com\",\"%_email_r%\":\"field_5efc3a40e12c9\",\"%idunique_r%\":\"FMALAR011V51AWZ8\",\"%_idunique_r%\":\"field_5f04335c562b3\",\"%site_r%\":\"https:\\\/\\\/www.lauragaismobilite.com\\\/\",\"%_site_r%\":\"field_5efc4d652a106\",\"%_date_evenement_r%\":\"field_5f0348f37d5bd\",\"%_date_evenement_fin_r%\":\"field_5f3a4540d0781\",\"%horaires_evenement_r%\":\"09:00 \\\/ 20:00\",\"%_horaires_evenement_r%\":\"field_5f3a4550d0782\",\"%type_r%\":\"Stage \\\/ Atelier\",\"%_type_r%\":\"field_5f057b5365cd7\",\"%classification_r%\":\"\",\"%_classification_r%\":\"field_5f3a3af81a328\",\"%classement_prefectoral_r%\":\"\",\"%_classement_prefectoral_r%\":\"field_5f3a473444710\",\"%datetri_r%\":\"1778803200\",\"%_datetri_r%\":\"field_5f3a8a82002b1\",\"%langage_r%\":\"FR\",\"%_langage_r%\":\"field_5f3be5649f374\",\"%_wpgmp_location_address%\":\"Parc Communal 11270 CAZALRENOUX\",\"%_wpgmp_location_city%\":\"CAZALRENOUX\",\"%_wpgmp_location_state%\":\"\",\"%_wpgmp_location_country%\":\"France\",\"%_wpgmp_metabox_marker_id%\":\"a:1:{i:0;i:8;}\",\"%_wpgmp_map_id%\":\"a:1:{i:0;i:21;}\",\"%_wpgmp_metabox_latitude%\":\"43.1976364\",\"%_wpgmp_metabox_longitude%\":\"1.94874142\",\"%_wpgmp_metabox_location_redirect%\":\"post\",\"%_wpgmp_metabox_custom_link%\":\"\",\"%_wpgmp_metabox_taxomomies_terms%\":\"N;\",\"%_wpgmp_extensions_fields%\":\"N;\",\"%_wpml_word_count%\":\"213\",\"%_elementor_page_assets%\":\"\",\"taxonomy=category\":\"Ev\\u00e9nements ponctuels\",\"taxonomy=post_tag\":\"\",\"taxonomy=post_format\":\"\",\"taxonomy=translation_priority\":\"Facultatif\"},\"icon\":\"https:\\\/\\\/collinescathares.com\\\/wp-content\\\/uploads\\\/2020\\\/07\\\/pointeur_vert.svg\"},\"id\":263899,\"custom_filters\":{\"type_r\":\"Stage \\\/ Atelier\",\"datetri_r\":\"1778803200\"},\"infowindow_disable\":false,\"categories\":[{\"icon\":\"https:\\\/\\\/collinescathares.com\\\/wp-content\\\/uploads\\\/2020\\\/07\\\/pointeur_vert.svg\",\"name\":\"Ev\\u00e9nements ponctuels\",\"id\":\"8\",\"type\":\"category\"}]},{\"source\":\"post\",\"title\":\"MAI \\u00c0 V\\u00c9LO : LA TRANSHUMANCE \\u00c0 V\\u00c9LO FAIT \\u00c9TAPE \\u00c0 VILLEPINTE\",\"infowindow_content\":\"<div class=\\\"fc-main\\\"><div class=\\\"fc-item-title\\\">MAI \\u00c0 V\\u00c9LO : LA TRANSHUMANCE \\u00c0 V\\u00c9LO FAIT \\u00c9TAPE \\u00c0 VILLEPINTE <span class=\\\"fc-badge info\\\">Ev\\u00e9nements ponctuels<\\\/span><\\\/div> <div class=\\\"fc-item-featured_image\\\"><div class=\\\"fc-feature-img\\\"><img alt=\\\"MAI \\u00c0 V\\u00c9LO : LA TRANSHUMANCE \\u00c0 V\\u00c9LO FAIT \\u00c9TAPE \\u00c0 VILLEPINTE\\\" width=\\\"300\\\" height=\\\"225\\\" src=\\\"https:\\\/\\\/collinescathares.com\\\/wp-content\\\/uploads\\\/2026\\\/04\\\/MAI-A-VELO-LA-TRANSHUMANCE-A-VELO-FAIT-ETAPE-A-MONTREAL-300x225.jpg\\\" class=\\\"wp-post-image   wpgmp_featured_image\\\" ><\\\/div> <\\\/div>La Transhumance \\u00e0 v\\u00e9lo fait \\u00e9tape \\u00e0 Villepinte ! Dans le cadre de Mai \\u00e0 v\\u00e9lo, et de sa grande Transhumance \\u00e0 v\\u00e9lo (du 09 mai au 16 mai), le service mobilit\\u00e9 de la Communaut\\u00e9 de Communes Pi\\u00e8ge Lauragais Malep\\u00e8re vous invite \\u00e0 une journ\\u00e9e conviviale, festive et d\\u00e9di\\u00e9e aux mobilit\\u00e9s douces. Programme de la [&hellip;]<address><b>Adresse : <\\\/b>{marker_address}<\\\/address><a class=\\\"fc-btn fc-btn-small fc-btn-red\\\" href=\\\"https:\\\/\\\/collinescathares.com\\\/es\\\/evenements-ponctuels\\\/mai-a-velo-la-transhumance-a-velo-fait-etape-a-villepinte\\\/\\\">En savoir plus<\\\/a><\\\/div>\",\"content\":\"La Transhumance \\u00e0 v\\u00e9lo fait \\u00e9tape \\u00e0 Villepinte ! Dans le cadre de Mai \\u00e0 v\\u00e9lo, et de sa grande Transhumance \\u00e0 v\\u00e9lo (du 09 mai au 16 mai), le service mobilit\\u00e9 de la Communaut\\u00e9 de Communes Pi\\u00e8ge Lauragais Malep\\u00e8re vous invite \\u00e0 une journ\\u00e9e conviviale, festive et d\\u00e9di\\u00e9e aux mobilit\\u00e9s douces. Programme de la [&hellip;]\",\"address\":\"Chemin de Montillac 11150 VILLEPINTE\",\"location\":{\"lat\":\"43.2810053\",\"city\":\"VILLEPINTE\",\"country\":\"France\",\"lng\":\"2.09130447\",\"onclick_action\":\"post\",\"redirect_permalink\":\"https:\\\/\\\/collinescathares.com\\\/es\\\/evenements-ponctuels\\\/mai-a-velo-la-transhumance-a-velo-fait-etape-a-villepinte\\\/\",\"zoom\":10,\"extra_fields\":{\"%date_evenement_r%\":\"11 Mai 2026\",\"%date_evenement_fin_r%\":\"11 Mai 2026\",\"post_excerpt\":\"La Transhumance \\u00e0 v\\u00e9lo fait \\u00e9tape \\u00e0 Villepinte ! Dans le cadre de Mai \\u00e0 v\\u00e9lo, et de sa grande Transhumance \\u00e0 v\\u00e9lo (du 09 mai au 16 mai), le service mobilit\\u00e9 de la Communaut\\u00e9 de Communes Pi\\u00e8ge Lauragais Malep\\u00e8re vous invite \\u00e0 une journ\\u00e9e conviviale, festive et d\\u00e9di\\u00e9e aux mobilit\\u00e9s douces. Programme de la [&hellip;]\",\"post_content\":\"La Transhumance \\u00e0 v\\u00e9lo fait \\u00e9tape \\u00e0 Villepinte !\\n\\nDans le cadre de Mai \\u00e0 v\\u00e9lo, et de sa grande Transhumance \\u00e0 v\\u00e9lo (du 09 mai au 16 mai), le service mobilit\\u00e9 de la Communaut\\u00e9 de Communes Pi\\u00e8ge Lauragais Malep\\u00e8re vous invite \\u00e0 une journ\\u00e9e conviviale, festive et d\\u00e9di\\u00e9e aux mobilit\\u00e9s douces.\\n\\nProgramme de la journ\\u00e9e :\\n\\u00e0 9h : D\\u00e9part de la 3\\u00e8me \\u00e9tape de la Transhumance \\u00e0 v\\u00e9lo \\u00e0 L'Usine \\u00e0 Cenne-Monesti\\u00e9s\\n\\u00e0 11h : Arriv\\u00e9e du cort\\u00e8ge dans le parc municipal \\u00e0 Villepinte\\nd\\u00e8s 18h : Animations pour tous (v\\u00e9lo-smoothie, parcours de maniabilit\\u00e9, essais de v\\u00e9los et balades \\u00e0 v\\u00e9lo), Ap\\u00e9ritif offert \\u00e0 la population (toujours \\u00e0 L'Usine), restauration sur place (foodtruck) et \\u00e9changes autour du \\\"Plan d\\u2019Action de Mobilit\\u00e9\\\", \\n\\nQue vous soyez cycliste passionn\\u00e9 ou simple curieux, venez partager ce moment festif et engag\\u00e9 pour des mobilit\\u00e9s plus durables.\\n\\nRemarques :\\nLes mineurs non accompagn\\u00e9s devront pr\\u00e9senter une autorisation parentale sign\\u00e9e pour participer aux animations.\\nEn cas de mauvais temps, les animations pr\\u00e9vues en ext\\u00e9rieur auront lieu \\u00e0 la salle polyvalente de Villepinte.\",\"post_title\":\"MAI \\u00c0 V\\u00c9LO : LA TRANSHUMANCE \\u00c0 V\\u00c9LO FAIT \\u00c9TAPE \\u00c0 VILLEPINTE\",\"post_link\":\"https:\\\/\\\/collinescathares.com\\\/es\\\/evenements-ponctuels\\\/mai-a-velo-la-transhumance-a-velo-fait-etape-a-villepinte\\\/\",\"post_featured_image\":\"<div class=\\\"fc-feature-img\\\"><img alt=\\\"MAI \\u00c0 V\\u00c9LO : LA TRANSHUMANCE \\u00c0 V\\u00c9LO FAIT \\u00c9TAPE \\u00c0 VILLEPINTE\\\" width=\\\"300\\\" height=\\\"225\\\" src=\\\"https:\\\/\\\/collinescathares.com\\\/wp-content\\\/uploads\\\/2026\\\/04\\\/MAI-A-VELO-LA-TRANSHUMANCE-A-VELO-FAIT-ETAPE-A-MONTREAL-300x225.jpg\\\" class=\\\"wp-post-image   wpgmp_featured_image\\\" ><\\\/div>\",\"post_categories\":\"Ev\\u00e9nements ponctuels\",\"post_tags\":\"\",\"%jupiterx_reading_time%\":\"1 minute\",\"%_thumbnail_id%\":\"263890\",\"%ville_r%\":\"VILLEPINTE\",\"%_ville_r%\":\"field_5efc3a17e12c5\",\"%cp_r%\":\"11150\",\"%_cp_r%\":\"field_5efc3a47e12ca\",\"%tarifs_r%\":\"\",\"%_tarifs_r%\":\"field_5efc3a22e12c6\",\"%adresse_r%\":\"Chemin de Montillac\",\"%_adresse_r%\":\"field_5efc3a2ee12c7\",\"%carte_r%\":\"Chemin de Montillac 11150 VILLEPINTE, 43.2810053, 2.09130447, 14\",\"%_carte_r%\":\"field_5efc4ed05494a\",\"%labels_r%\":\"\",\"%_labels_r%\":\"field_5f3a47134470d\",\"%handicap_r%\":\"\",\"%_handicap_r%\":\"field_5f3a471a4470e\",\"%offres_promotionnelles_r%\":\"\",\"%_offres_promotionnelles_r%\":\"field_5f3a472d4470f\",\"%telephone_r%\":\"\",\"%_telephone_r%\":\"field_5efc3a39e12c8\",\"%email_r%\":\"contact@lauragaismobilite.com\",\"%_email_r%\":\"field_5efc3a40e12c9\",\"%idunique_r%\":\"FMALAR011V51AWUV\",\"%_idunique_r%\":\"field_5f04335c562b3\",\"%site_r%\":\"https:\\\/\\\/www.lauragaismobilite.com\\\/\",\"%_site_r%\":\"field_5efc4d652a106\",\"%_date_evenement_r%\":\"field_5f0348f37d5bd\",\"%_date_evenement_fin_r%\":\"field_5f3a4540d0781\",\"%horaires_evenement_r%\":\"09:00 \\\/ 19:00\",\"%_horaires_evenement_r%\":\"field_5f3a4550d0782\",\"%type_r%\":\"Stage \\\/ Atelier\",\"%_type_r%\":\"field_5f057b5365cd7\",\"%classification_r%\":\"\",\"%_classification_r%\":\"field_5f3a3af81a328\",\"%classement_prefectoral_r%\":\"\",\"%_classement_prefectoral_r%\":\"field_5f3a473444710\",\"%datetri_r%\":\"1778457600\",\"%_datetri_r%\":\"field_5f3a8a82002b1\",\"%langage_r%\":\"FR\",\"%_langage_r%\":\"field_5f3be5649f374\",\"%_wpgmp_location_address%\":\"Chemin de Montillac 11150 VILLEPINTE\",\"%_wpgmp_location_city%\":\"VILLEPINTE\",\"%_wpgmp_location_state%\":\"\",\"%_wpgmp_location_country%\":\"France\",\"%_wpgmp_metabox_marker_id%\":\"a:1:{i:0;i:8;}\",\"%_wpgmp_map_id%\":\"a:1:{i:0;i:21;}\",\"%_wpgmp_metabox_latitude%\":\"43.2810053\",\"%_wpgmp_metabox_longitude%\":\"2.09130447\",\"%_wpgmp_metabox_location_redirect%\":\"post\",\"%_wpgmp_metabox_custom_link%\":\"\",\"%_wpgmp_metabox_taxomomies_terms%\":\"N;\",\"%_wpgmp_extensions_fields%\":\"N;\",\"%_wpml_word_count%\":\"199\",\"%_elementor_page_assets%\":\"\",\"taxonomy=category\":\"Ev\\u00e9nements ponctuels\",\"taxonomy=post_tag\":\"\",\"taxonomy=post_format\":\"\",\"taxonomy=translation_priority\":\"Facultatif\"},\"icon\":\"https:\\\/\\\/collinescathares.com\\\/wp-content\\\/uploads\\\/2020\\\/07\\\/pointeur_vert.svg\"},\"id\":263895,\"custom_filters\":{\"type_r\":\"Stage \\\/ Atelier\",\"datetri_r\":\"1778457600\"},\"infowindow_disable\":false,\"categories\":[{\"icon\":\"https:\\\/\\\/collinescathares.com\\\/wp-content\\\/uploads\\\/2020\\\/07\\\/pointeur_vert.svg\",\"name\":\"Ev\\u00e9nements ponctuels\",\"id\":\"8\",\"type\":\"category\"}]},{\"source\":\"post\",\"title\":\"MAI \\u00c0 V\\u00c9LO : LA TRANSHUMANCE \\u00c0 V\\u00c9LO FAIT \\u00c9TAPE \\u00c0 FANJEAUX\",\"infowindow_content\":\"<div class=\\\"fc-main\\\"><div class=\\\"fc-item-title\\\">MAI \\u00c0 V\\u00c9LO : LA TRANSHUMANCE \\u00c0 V\\u00c9LO FAIT \\u00c9TAPE \\u00c0 FANJEAUX <span class=\\\"fc-badge info\\\">Ev\\u00e9nements ponctuels<\\\/span><\\\/div> <div class=\\\"fc-item-featured_image\\\"><div class=\\\"fc-feature-img\\\"><img alt=\\\"MAI \\u00c0 V\\u00c9LO : LA TRANSHUMANCE \\u00c0 V\\u00c9LO FAIT \\u00c9TAPE \\u00c0 FANJEAUX\\\" width=\\\"300\\\" height=\\\"225\\\" src=\\\"https:\\\/\\\/collinescathares.com\\\/wp-content\\\/uploads\\\/2026\\\/04\\\/MAI-A-VELO-LA-TRANSHUMANCE-A-VELO-FAIT-ETAPE-A-MONTREAL-300x225.jpg\\\" class=\\\"wp-post-image   wpgmp_featured_image\\\" ><\\\/div> <\\\/div>La Transhumance \\u00e0 v\\u00e9lo fait \\u00e9tape \\u00e0 Fanjeaux ! Dans le cadre de Mai \\u00e0 v\\u00e9lo, et de sa grande Transhumance \\u00e0 v\\u00e9lo (du 09 mai au 16 mai), le service mobilit\\u00e9 de la Communaut\\u00e9 de Communes Pi\\u00e8ge Lauragais Malep\\u00e8re vous invite \\u00e0 une journ\\u00e9e conviviale, festive et d\\u00e9di\\u00e9e aux mobilit\\u00e9s douces. Programme de la [&hellip;]<address><b>Adresse : <\\\/b>{marker_address}<\\\/address><a class=\\\"fc-btn fc-btn-small fc-btn-red\\\" href=\\\"https:\\\/\\\/collinescathares.com\\\/es\\\/evenements-ponctuels\\\/mai-a-velo-la-transhumance-a-velo-fait-etape-a-fanjeaux\\\/\\\">En savoir plus<\\\/a><\\\/div>\",\"content\":\"La Transhumance \\u00e0 v\\u00e9lo fait \\u00e9tape \\u00e0 Fanjeaux ! Dans le cadre de Mai \\u00e0 v\\u00e9lo, et de sa grande Transhumance \\u00e0 v\\u00e9lo (du 09 mai au 16 mai), le service mobilit\\u00e9 de la Communaut\\u00e9 de Communes Pi\\u00e8ge Lauragais Malep\\u00e8re vous invite \\u00e0 une journ\\u00e9e conviviale, festive et d\\u00e9di\\u00e9e aux mobilit\\u00e9s douces. Programme de la [&hellip;]\",\"address\":\"Place du Treil 11270 FANJEAUX\",\"location\":{\"lat\":\"43.1853767\",\"city\":\"FANJEAUX\",\"country\":\"France\",\"lng\":\"2.03464011\",\"onclick_action\":\"post\",\"redirect_permalink\":\"https:\\\/\\\/collinescathares.com\\\/es\\\/evenements-ponctuels\\\/mai-a-velo-la-transhumance-a-velo-fait-etape-a-fanjeaux\\\/\",\"zoom\":10,\"extra_fields\":{\"%date_evenement_r%\":\"12 Mai 2026\",\"%date_evenement_fin_r%\":\"12 Mai 2026\",\"post_excerpt\":\"La Transhumance \\u00e0 v\\u00e9lo fait \\u00e9tape \\u00e0 Fanjeaux ! Dans le cadre de Mai \\u00e0 v\\u00e9lo, et de sa grande Transhumance \\u00e0 v\\u00e9lo (du 09 mai au 16 mai), le service mobilit\\u00e9 de la Communaut\\u00e9 de Communes Pi\\u00e8ge Lauragais Malep\\u00e8re vous invite \\u00e0 une journ\\u00e9e conviviale, festive et d\\u00e9di\\u00e9e aux mobilit\\u00e9s douces. Programme de la [&hellip;]\",\"post_content\":\"La Transhumance \\u00e0 v\\u00e9lo fait \\u00e9tape \\u00e0 Fanjeaux !\\n\\nDans le cadre de Mai \\u00e0 v\\u00e9lo, et de sa grande Transhumance \\u00e0 v\\u00e9lo (du 09 mai au 16 mai), le service mobilit\\u00e9 de la Communaut\\u00e9 de Communes Pi\\u00e8ge Lauragais Malep\\u00e8re vous invite \\u00e0 une journ\\u00e9e conviviale, festive et d\\u00e9di\\u00e9e aux mobilit\\u00e9s douces.\\n\\nProgramme de la journ\\u00e9e :\\n\\u00e0 8h30 : D\\u00e9part de la 4\\u00e8me \\u00e9tape de la Transhumance \\u00e0 v\\u00e9lo \\u00e0 la salle des f\\u00eates \\u00e0 Villepinte\\n\\u00e0 11h : Arriv\\u00e9e du cort\\u00e8ge sur la place du Treil \\u00e0 Fanjeaux\\nd\\u00e8s 17h : Animation Le Man\\u00e8ge \\u00e0 V\\u00e9lo (par La Man\\u00e8gerie \\u00e0 V\\u00e9lo)\\nd\\u00e8s 18h : Animations (Essais de v\\u00e9los et balades \\u00e0 v\\u00e9lo), Ap\\u00e9ritif offert \\u00e0 la population, Restauration sur place (foodtruck) et \\u00e9changes autour du \\\"Plan d\\u2019Action de Mobilit\\u00e9\\\"\\n\\nQue vous soyez cycliste passionn\\u00e9 ou simple curieux, venez partager ce moment festif et engag\\u00e9 pour des mobilit\\u00e9s plus durables.\\n\\nRemarques :\\nLes mineurs non accompagn\\u00e9s devront pr\\u00e9senter une autorisation parentale sign\\u00e9e pour participer aux animations.\\nEn cas de mauvais temps, les animations pr\\u00e9vues en ext\\u00e9rieur auront lieu \\u00e0 la salle polyvalente de Fanjeaux.\",\"post_title\":\"MAI \\u00c0 V\\u00c9LO : LA TRANSHUMANCE \\u00c0 V\\u00c9LO FAIT \\u00c9TAPE \\u00c0 FANJEAUX\",\"post_link\":\"https:\\\/\\\/collinescathares.com\\\/es\\\/evenements-ponctuels\\\/mai-a-velo-la-transhumance-a-velo-fait-etape-a-fanjeaux\\\/\",\"post_featured_image\":\"<div class=\\\"fc-feature-img\\\"><img alt=\\\"MAI \\u00c0 V\\u00c9LO : LA TRANSHUMANCE \\u00c0 V\\u00c9LO FAIT \\u00c9TAPE \\u00c0 FANJEAUX\\\" width=\\\"300\\\" height=\\\"225\\\" src=\\\"https:\\\/\\\/collinescathares.com\\\/wp-content\\\/uploads\\\/2026\\\/04\\\/MAI-A-VELO-LA-TRANSHUMANCE-A-VELO-FAIT-ETAPE-A-MONTREAL-300x225.jpg\\\" class=\\\"wp-post-image   wpgmp_featured_image\\\" ><\\\/div>\",\"post_categories\":\"Ev\\u00e9nements ponctuels\",\"post_tags\":\"\",\"%jupiterx_reading_time%\":\"1 minute\",\"%_thumbnail_id%\":\"263890\",\"%ville_r%\":\"FANJEAUX\",\"%_ville_r%\":\"field_5efc3a17e12c5\",\"%cp_r%\":\"11270\",\"%_cp_r%\":\"field_5efc3a47e12ca\",\"%tarifs_r%\":\"\",\"%_tarifs_r%\":\"field_5efc3a22e12c6\",\"%adresse_r%\":\"Place du Treil\",\"%_adresse_r%\":\"field_5efc3a2ee12c7\",\"%carte_r%\":\"Place du Treil 11270 FANJEAUX, 43.1853767, 2.03464011, 14\",\"%_carte_r%\":\"field_5efc4ed05494a\",\"%labels_r%\":\"\",\"%_labels_r%\":\"field_5f3a47134470d\",\"%handicap_r%\":\"\",\"%_handicap_r%\":\"field_5f3a471a4470e\",\"%offres_promotionnelles_r%\":\"\",\"%_offres_promotionnelles_r%\":\"field_5f3a472d4470f\",\"%telephone_r%\":\"\",\"%_telephone_r%\":\"field_5efc3a39e12c8\",\"%email_r%\":\"contact@lauragaismobilite.com\",\"%_email_r%\":\"field_5efc3a40e12c9\",\"%idunique_r%\":\"FMALAR011V51AWWA\",\"%_idunique_r%\":\"field_5f04335c562b3\",\"%site_r%\":\"https:\\\/\\\/www.lauragaismobilite.com\\\/\",\"%_site_r%\":\"field_5efc4d652a106\",\"%_date_evenement_r%\":\"field_5f0348f37d5bd\",\"%_date_evenement_fin_r%\":\"field_5f3a4540d0781\",\"%horaires_evenement_r%\":\"08:30 \\\/ 19:00\",\"%_horaires_evenement_r%\":\"field_5f3a4550d0782\",\"%type_r%\":\"Stage \\\/ Atelier\",\"%_type_r%\":\"field_5f057b5365cd7\",\"%classification_r%\":\"\",\"%_classification_r%\":\"field_5f3a3af81a328\",\"%classement_prefectoral_r%\":\"\",\"%_classement_prefectoral_r%\":\"field_5f3a473444710\",\"%datetri_r%\":\"1778544000\",\"%_datetri_r%\":\"field_5f3a8a82002b1\",\"%langage_r%\":\"FR\",\"%_langage_r%\":\"field_5f3be5649f374\",\"%_wpgmp_location_address%\":\"Place du Treil 11270 FANJEAUX\",\"%_wpgmp_location_city%\":\"FANJEAUX\",\"%_wpgmp_location_state%\":\"\",\"%_wpgmp_location_country%\":\"France\",\"%_wpgmp_metabox_marker_id%\":\"a:1:{i:0;i:8;}\",\"%_wpgmp_map_id%\":\"a:1:{i:0;i:21;}\",\"%_wpgmp_metabox_latitude%\":\"43.1853767\",\"%_wpgmp_metabox_longitude%\":\"2.03464011\",\"%_wpgmp_metabox_location_redirect%\":\"post\",\"%_wpgmp_metabox_custom_link%\":\"\",\"%_wpgmp_metabox_taxomomies_terms%\":\"N;\",\"%_wpgmp_extensions_fields%\":\"N;\",\"%_wpml_word_count%\":\"195\",\"%_elementor_page_assets%\":\"\",\"taxonomy=category\":\"Ev\\u00e9nements ponctuels\",\"taxonomy=post_tag\":\"\",\"taxonomy=post_format\":\"\",\"taxonomy=translation_priority\":\"Facultatif\"},\"icon\":\"https:\\\/\\\/collinescathares.com\\\/wp-content\\\/uploads\\\/2020\\\/07\\\/pointeur_vert.svg\"},\"id\":263896,\"custom_filters\":{\"type_r\":\"Stage \\\/ Atelier\",\"datetri_r\":\"1778544000\"},\"infowindow_disable\":false,\"categories\":[{\"icon\":\"https:\\\/\\\/collinescathares.com\\\/wp-content\\\/uploads\\\/2020\\\/07\\\/pointeur_vert.svg\",\"name\":\"Ev\\u00e9nements ponctuels\",\"id\":\"8\",\"type\":\"category\"}]},{\"source\":\"post\",\"title\":\"MAI \\u00c0 V\\u00c9LO : LA TRANSHUMANCE \\u00c0 V\\u00c9LO FAIT \\u00c9TAPE \\u00c0 MONTR\\u00c9AL\",\"infowindow_content\":\"<div class=\\\"fc-main\\\"><div class=\\\"fc-item-title\\\">MAI \\u00c0 V\\u00c9LO : LA TRANSHUMANCE \\u00c0 V\\u00c9LO FAIT \\u00c9TAPE \\u00c0 MONTR\\u00c9AL <span class=\\\"fc-badge info\\\">Ev\\u00e9nements ponctuels<\\\/span><\\\/div> <div class=\\\"fc-item-featured_image\\\"><div class=\\\"fc-feature-img\\\"><img alt=\\\"MAI \\u00c0 V\\u00c9LO : LA TRANSHUMANCE \\u00c0 V\\u00c9LO FAIT \\u00c9TAPE \\u00c0 MONTR\\u00c9AL\\\" width=\\\"300\\\" height=\\\"225\\\" src=\\\"https:\\\/\\\/collinescathares.com\\\/wp-content\\\/uploads\\\/2026\\\/04\\\/MAI-A-VELO-LA-TRANSHUMANCE-A-VELO-FAIT-ETAPE-A-MONTREAL-300x225.jpg\\\" class=\\\"wp-post-image   wpgmp_featured_image\\\" ><\\\/div> <\\\/div>La Transhumance \\u00e0 v\\u00e9lo fait \\u00e9tape \\u00e0 Montr\\u00e9al ! Dans le cadre de Mai \\u00e0 v\\u00e9lo, et de sa grande Transhumance \\u00e0 v\\u00e9lo (du 09 mai au 16 mai), le service mobilit\\u00e9 de la Communaut\\u00e9 de Communes Pi\\u00e8ge Lauragais Malep\\u00e8re vous invite \\u00e0 une journ\\u00e9e conviviale, festive et d\\u00e9di\\u00e9e aux mobilit\\u00e9s douces. Programme de la [&hellip;]<address><b>Adresse : <\\\/b>{marker_address}<\\\/address><a class=\\\"fc-btn fc-btn-small fc-btn-red\\\" href=\\\"https:\\\/\\\/collinescathares.com\\\/es\\\/evenements-ponctuels\\\/mai-a-velo-la-transhumance-a-velo-fait-etape-a-montreal\\\/\\\">En savoir plus<\\\/a><\\\/div>\",\"content\":\"La Transhumance \\u00e0 v\\u00e9lo fait \\u00e9tape \\u00e0 Montr\\u00e9al ! Dans le cadre de Mai \\u00e0 v\\u00e9lo, et de sa grande Transhumance \\u00e0 v\\u00e9lo (du 09 mai au 16 mai), le service mobilit\\u00e9 de la Communaut\\u00e9 de Communes Pi\\u00e8ge Lauragais Malep\\u00e8re vous invite \\u00e0 une journ\\u00e9e conviviale, festive et d\\u00e9di\\u00e9e aux mobilit\\u00e9s douces. Programme de la [&hellip;]\",\"address\":\"Avenue Jean Moulin 11290 MONTREAL\",\"location\":{\"lat\":\"43.1988119\",\"city\":\"MONTREAL\",\"country\":\"France\",\"lng\":\"2.1402335\",\"onclick_action\":\"post\",\"redirect_permalink\":\"https:\\\/\\\/collinescathares.com\\\/es\\\/evenements-ponctuels\\\/mai-a-velo-la-transhumance-a-velo-fait-etape-a-montreal\\\/\",\"zoom\":10,\"extra_fields\":{\"%date_evenement_r%\":\"09 Mai 2026\",\"%date_evenement_fin_r%\":\"09 Mai 2026\",\"post_excerpt\":\"La Transhumance \\u00e0 v\\u00e9lo fait \\u00e9tape \\u00e0 Montr\\u00e9al ! Dans le cadre de Mai \\u00e0 v\\u00e9lo, et de sa grande Transhumance \\u00e0 v\\u00e9lo (du 09 mai au 16 mai), le service mobilit\\u00e9 de la Communaut\\u00e9 de Communes Pi\\u00e8ge Lauragais Malep\\u00e8re vous invite \\u00e0 une journ\\u00e9e conviviale, festive et d\\u00e9di\\u00e9e aux mobilit\\u00e9s douces. Programme de la [&hellip;]\",\"post_content\":\"La Transhumance \\u00e0 v\\u00e9lo fait \\u00e9tape \\u00e0 Montr\\u00e9al !\\n\\nDans le cadre de Mai \\u00e0 v\\u00e9lo, et de sa grande Transhumance \\u00e0 v\\u00e9lo (du 09 mai au 16 mai), le service mobilit\\u00e9 de la Communaut\\u00e9 de Communes Pi\\u00e8ge Lauragais Malep\\u00e8re vous invite \\u00e0 une journ\\u00e9e conviviale, festive et d\\u00e9di\\u00e9e aux mobilit\\u00e9s douces.\\n\\nProgramme de la journ\\u00e9e :\\n\\u00e0 10h : D\\u00e9part de la Transhumance \\u00e0 v\\u00e9lo depuis le parking de la CCPLM \\u00e0 Bram\\n\\u00e0 11h : Arriv\\u00e9e du cort\\u00e8ge au Jardin Paul Vidal \\u00e0 Montr\\u00e9al de l\\u2019Aude\\n\\u00e0 12h : Pique-nique convivial dans le jardin\\n\\u00e0 13h : Animations pour tous (v\\u00e9lo-smoothie, parcours de maniabilit\\u00e9)\\n\\u00e0 14h30 : Balades \\u00e0 v\\u00e9lo (niveau amateurs)\\n\\u00e0 16h30 : Visite guid\\u00e9e de la coll\\u00e9giale Saint-Vincent avec Armand Guitard\\n\\u00e0 18h30 : Ap\\u00e9ritif offert \\u00e0 la population (toujours dans le Jardin Paul Vidal)\\nD\\u00e8s 19h : Restauration sur place (foodtruck), essais de v\\u00e9los, balades et \\u00e9changes autour du \\\"Plan d\\u2019Action de Mobilit\\u00e9\\\"\\n\\nQue vous soyez cycliste passionn\\u00e9 ou simple curieux, venez partager ce moment festif et engag\\u00e9 pour des mobilit\\u00e9s plus durables.\\n\\nRemarque :\\nLes mineurs non accompagn\\u00e9s devront pr\\u00e9senter une autorisation parentale sign\\u00e9e pour participer aux animations.\",\"post_title\":\"MAI \\u00c0 V\\u00c9LO : LA TRANSHUMANCE \\u00c0 V\\u00c9LO FAIT \\u00c9TAPE \\u00c0 MONTR\\u00c9AL\",\"post_link\":\"https:\\\/\\\/collinescathares.com\\\/es\\\/evenements-ponctuels\\\/mai-a-velo-la-transhumance-a-velo-fait-etape-a-montreal\\\/\",\"post_featured_image\":\"<div class=\\\"fc-feature-img\\\"><img alt=\\\"MAI \\u00c0 V\\u00c9LO : LA TRANSHUMANCE \\u00c0 V\\u00c9LO FAIT \\u00c9TAPE \\u00c0 MONTR\\u00c9AL\\\" width=\\\"300\\\" height=\\\"225\\\" src=\\\"https:\\\/\\\/collinescathares.com\\\/wp-content\\\/uploads\\\/2026\\\/04\\\/MAI-A-VELO-LA-TRANSHUMANCE-A-VELO-FAIT-ETAPE-A-MONTREAL-300x225.jpg\\\" class=\\\"wp-post-image   wpgmp_featured_image\\\" ><\\\/div>\",\"post_categories\":\"Ev\\u00e9nements ponctuels\",\"post_tags\":\"\",\"%jupiterx_reading_time%\":\"1 minute\",\"%_thumbnail_id%\":\"263890\",\"%ville_r%\":\"MONTREAL\",\"%_ville_r%\":\"field_5efc3a17e12c5\",\"%cp_r%\":\"11290\",\"%_cp_r%\":\"field_5efc3a47e12ca\",\"%tarifs_r%\":\"\",\"%_tarifs_r%\":\"field_5efc3a22e12c6\",\"%adresse_r%\":\"Avenue Jean Moulin\",\"%_adresse_r%\":\"field_5efc3a2ee12c7\",\"%carte_r%\":\"Avenue Jean Moulin 11290 MONTREAL, 43.1988119, 2.1402335, 14\",\"%_carte_r%\":\"field_5efc4ed05494a\",\"%labels_r%\":\"\",\"%_labels_r%\":\"field_5f3a47134470d\",\"%handicap_r%\":\"\",\"%_handicap_r%\":\"field_5f3a471a4470e\",\"%offres_promotionnelles_r%\":\"\",\"%_offres_promotionnelles_r%\":\"field_5f3a472d4470f\",\"%telephone_r%\":\"\",\"%_telephone_r%\":\"field_5efc3a39e12c8\",\"%email_r%\":\"contact@lauragaismobilite.com\",\"%_email_r%\":\"field_5efc3a40e12c9\",\"%idunique_r%\":\"FMALAR011V51AWRY\",\"%_idunique_r%\":\"field_5f04335c562b3\",\"%site_r%\":\"https:\\\/\\\/www.lauragaismobilite.com\\\/\",\"%_site_r%\":\"field_5efc4d652a106\",\"%_date_evenement_r%\":\"field_5f0348f37d5bd\",\"%_date_evenement_fin_r%\":\"field_5f3a4540d0781\",\"%horaires_evenement_r%\":\"10:00 \\\/ 20:00\",\"%_horaires_evenement_r%\":\"field_5f3a4550d0782\",\"%type_r%\":\"Stage \\\/ Atelier\",\"%_type_r%\":\"field_5f057b5365cd7\",\"%classification_r%\":\"\",\"%_classification_r%\":\"field_5f3a3af81a328\",\"%classement_prefectoral_r%\":\"\",\"%_classement_prefectoral_r%\":\"field_5f3a473444710\",\"%datetri_r%\":\"1778284800\",\"%_datetri_r%\":\"field_5f3a8a82002b1\",\"%langage_r%\":\"FR\",\"%_langage_r%\":\"field_5f3be5649f374\",\"%_wpgmp_location_address%\":\"Avenue Jean Moulin 11290 MONTREAL\",\"%_wpgmp_location_city%\":\"MONTREAL\",\"%_wpgmp_location_state%\":\"\",\"%_wpgmp_location_country%\":\"France\",\"%_wpgmp_metabox_marker_id%\":\"a:1:{i:0;i:8;}\",\"%_wpgmp_map_id%\":\"a:1:{i:0;i:21;}\",\"%_wpgmp_metabox_latitude%\":\"43.1988119\",\"%_wpgmp_metabox_longitude%\":\"2.1402335\",\"%_wpgmp_metabox_location_redirect%\":\"post\",\"%_wpgmp_metabox_custom_link%\":\"\",\"%_wpgmp_metabox_taxomomies_terms%\":\"N;\",\"%_wpgmp_extensions_fields%\":\"N;\",\"%_wpml_word_count%\":\"207\",\"%_elementor_page_assets%\":\"\",\"taxonomy=category\":\"Ev\\u00e9nements ponctuels\",\"taxonomy=post_tag\":\"\",\"taxonomy=post_format\":\"\",\"taxonomy=translation_priority\":\"Facultatif\"},\"icon\":\"https:\\\/\\\/collinescathares.com\\\/wp-content\\\/uploads\\\/2020\\\/07\\\/pointeur_vert.svg\"},\"id\":263893,\"custom_filters\":{\"type_r\":\"Stage \\\/ Atelier\",\"datetri_r\":\"1778284800\"},\"infowindow_disable\":false,\"categories\":[{\"icon\":\"https:\\\/\\\/collinescathares.com\\\/wp-content\\\/uploads\\\/2020\\\/07\\\/pointeur_vert.svg\",\"name\":\"Ev\\u00e9nements ponctuels\",\"id\":\"8\",\"type\":\"category\"}]},{\"source\":\"post\",\"title\":\"MAI \\u00c0 V\\u00c9LO : LA TRANSHUMANCE \\u00c0 V\\u00c9LO FAIT \\u00c9TAPE \\u00c0 CENNE-MONESTI\\u00c9S\",\"infowindow_content\":\"<div class=\\\"fc-main\\\"><div class=\\\"fc-item-title\\\">MAI \\u00c0 V\\u00c9LO : LA TRANSHUMANCE \\u00c0 V\\u00c9LO FAIT \\u00c9TAPE \\u00c0 CENNE-MONESTI\\u00c9S <span class=\\\"fc-badge info\\\">Ev\\u00e9nements ponctuels<\\\/span><\\\/div> <div class=\\\"fc-item-featured_image\\\"><div class=\\\"fc-feature-img\\\"><img alt=\\\"MAI \\u00c0 V\\u00c9LO : LA TRANSHUMANCE \\u00c0 V\\u00c9LO FAIT \\u00c9TAPE \\u00c0 CENNE-MONESTI\\u00c9S\\\" width=\\\"300\\\" height=\\\"225\\\" src=\\\"https:\\\/\\\/collinescathares.com\\\/wp-content\\\/uploads\\\/2026\\\/04\\\/MAI-A-VELO-LA-TRANSHUMANCE-A-VELO-FAIT-ETAPE-A-MONTREAL-300x225.jpg\\\" class=\\\"wp-post-image   wpgmp_featured_image\\\" ><\\\/div> <\\\/div>La Transhumance \\u00e0 v\\u00e9lo fait \\u00e9tape \\u00e0 Cenne-Monesti\\u00e9s ! Dans le cadre de Mai \\u00e0 v\\u00e9lo, et de sa grande Transhumance \\u00e0 v\\u00e9lo (du 09 mai au 16 mai), le service mobilit\\u00e9 de la Communaut\\u00e9 de Communes Pi\\u00e8ge Lauragais Malep\\u00e8re vous invite \\u00e0 une journ\\u00e9e conviviale, festive et d\\u00e9di\\u00e9e aux mobilit\\u00e9s douces. Programme de la [&hellip;]<address><b>Adresse : <\\\/b>{marker_address}<\\\/address><a class=\\\"fc-btn fc-btn-small fc-btn-red\\\" href=\\\"https:\\\/\\\/collinescathares.com\\\/es\\\/evenements-ponctuels\\\/mai-a-velo-la-transhumance-a-velo-fait-etape-a-cenne-monesties\\\/\\\">En savoir plus<\\\/a><\\\/div>\",\"content\":\"La Transhumance \\u00e0 v\\u00e9lo fait \\u00e9tape \\u00e0 Cenne-Monesti\\u00e9s ! Dans le cadre de Mai \\u00e0 v\\u00e9lo, et de sa grande Transhumance \\u00e0 v\\u00e9lo (du 09 mai au 16 mai), le service mobilit\\u00e9 de la Communaut\\u00e9 de Communes Pi\\u00e8ge Lauragais Malep\\u00e8re vous invite \\u00e0 une journ\\u00e9e conviviale, festive et d\\u00e9di\\u00e9e aux mobilit\\u00e9s douces. Programme de la [&hellip;]\",\"address\":\"Chemin du paradis 11170 CENNE-MONESTIES\",\"location\":{\"lat\":\"43.3329426\",\"city\":\"CENNE-MONESTIES\",\"country\":\"France\",\"lng\":\"2.11863272\",\"onclick_action\":\"post\",\"redirect_permalink\":\"https:\\\/\\\/collinescathares.com\\\/es\\\/evenements-ponctuels\\\/mai-a-velo-la-transhumance-a-velo-fait-etape-a-cenne-monesties\\\/\",\"zoom\":10,\"extra_fields\":{\"%date_evenement_r%\":\"10 Mai 2026\",\"%date_evenement_fin_r%\":\"10 Mai 2026\",\"post_excerpt\":\"La Transhumance \\u00e0 v\\u00e9lo fait \\u00e9tape \\u00e0 Cenne-Monesti\\u00e9s ! Dans le cadre de Mai \\u00e0 v\\u00e9lo, et de sa grande Transhumance \\u00e0 v\\u00e9lo (du 09 mai au 16 mai), le service mobilit\\u00e9 de la Communaut\\u00e9 de Communes Pi\\u00e8ge Lauragais Malep\\u00e8re vous invite \\u00e0 une journ\\u00e9e conviviale, festive et d\\u00e9di\\u00e9e aux mobilit\\u00e9s douces. Programme de la [&hellip;]\",\"post_content\":\"La Transhumance \\u00e0 v\\u00e9lo fait \\u00e9tape \\u00e0 Cenne-Monesti\\u00e9s !\\n\\nDans le cadre de Mai \\u00e0 v\\u00e9lo, et de sa grande Transhumance \\u00e0 v\\u00e9lo (du 09 mai au 16 mai), le service mobilit\\u00e9 de la Communaut\\u00e9 de Communes Pi\\u00e8ge Lauragais Malep\\u00e8re vous invite \\u00e0 une journ\\u00e9e conviviale, festive et d\\u00e9di\\u00e9e aux mobilit\\u00e9s douces.\\n\\nProgramme de la journ\\u00e9e :\\n\\u00e0 9h : D\\u00e9part de la 2\\u00e8me \\u00e9tape de la Transhumance \\u00e0 v\\u00e9lo devant la mairie de Montr\\u00e9al\\n\\u00e0 12h : Arriv\\u00e9e du cort\\u00e8ge \\u00e0 L'Usine \\u00e0 Cenne-Monesti\\u00e9s\\nd\\u00e8s 12h : Restauration sur place (foodtruck)\\nde 13h30 \\u00e0 18h : Animations pour tous (v\\u00e9lo-smoothie, parcours de maniabilit\\u00e9, visites guid\\u00e9es du futur tiers-lieu de L'Usine)\\n\\u00e0 15h : Balade \\\"v\\u00e9lo et biodiversit\\u00e9\\\" (avec le Conseil Municipal Jeunes de Cenne-Monesti\\u00e9s)\\nd\\u00e8s 18h : Ap\\u00e9ritif offert \\u00e0 la population (toujours \\u00e0 L'Usine) et \\u00e9changes autour du \\\"Plan d\\u2019Action de Mobilit\\u00e9\\\"\\n\\nQue vous soyez cycliste passionn\\u00e9 ou simple curieux, venez partager ce moment festif et engag\\u00e9 pour des mobilit\\u00e9s plus durables.\\n\\nRemarque :\\nLes mineurs non accompagn\\u00e9s devront pr\\u00e9senter une autorisation parentale sign\\u00e9e pour participer aux animations.\",\"post_title\":\"MAI \\u00c0 V\\u00c9LO : LA TRANSHUMANCE \\u00c0 V\\u00c9LO FAIT \\u00c9TAPE \\u00c0 CENNE-MONESTI\\u00c9S\",\"post_link\":\"https:\\\/\\\/collinescathares.com\\\/es\\\/evenements-ponctuels\\\/mai-a-velo-la-transhumance-a-velo-fait-etape-a-cenne-monesties\\\/\",\"post_featured_image\":\"<div class=\\\"fc-feature-img\\\"><img alt=\\\"MAI \\u00c0 V\\u00c9LO : LA TRANSHUMANCE \\u00c0 V\\u00c9LO FAIT \\u00c9TAPE \\u00c0 CENNE-MONESTI\\u00c9S\\\" width=\\\"300\\\" height=\\\"225\\\" src=\\\"https:\\\/\\\/collinescathares.com\\\/wp-content\\\/uploads\\\/2026\\\/04\\\/MAI-A-VELO-LA-TRANSHUMANCE-A-VELO-FAIT-ETAPE-A-MONTREAL-300x225.jpg\\\" class=\\\"wp-post-image   wpgmp_featured_image\\\" ><\\\/div>\",\"post_categories\":\"Ev\\u00e9nements ponctuels\",\"post_tags\":\"\",\"%jupiterx_reading_time%\":\"1 minute\",\"%_thumbnail_id%\":\"263890\",\"%ville_r%\":\"CENNE-MONESTIES\",\"%_ville_r%\":\"field_5efc3a17e12c5\",\"%cp_r%\":\"11170\",\"%_cp_r%\":\"field_5efc3a47e12ca\",\"%tarifs_r%\":\"\",\"%_tarifs_r%\":\"field_5efc3a22e12c6\",\"%adresse_r%\":\"Chemin du paradis\",\"%_adresse_r%\":\"field_5efc3a2ee12c7\",\"%carte_r%\":\"Chemin du paradis 11170 CENNE-MONESTIES, 43.3329426, 2.11863272, 14\",\"%_carte_r%\":\"field_5efc4ed05494a\",\"%labels_r%\":\"\",\"%_labels_r%\":\"field_5f3a47134470d\",\"%handicap_r%\":\"\",\"%_handicap_r%\":\"field_5f3a471a4470e\",\"%offres_promotionnelles_r%\":\"\",\"%_offres_promotionnelles_r%\":\"field_5f3a472d4470f\",\"%telephone_r%\":\"\",\"%_telephone_r%\":\"field_5efc3a39e12c8\",\"%email_r%\":\"contact@lauragaismobilite.com\",\"%_email_r%\":\"field_5efc3a40e12c9\",\"%idunique_r%\":\"FMALAR011V51AWU4\",\"%_idunique_r%\":\"field_5f04335c562b3\",\"%site_r%\":\"https:\\\/\\\/www.lauragaismobilite.com\\\/\",\"%_site_r%\":\"field_5efc4d652a106\",\"%_date_evenement_r%\":\"field_5f0348f37d5bd\",\"%_date_evenement_fin_r%\":\"field_5f3a4540d0781\",\"%horaires_evenement_r%\":\"09:00 \\\/ 19:00\",\"%_horaires_evenement_r%\":\"field_5f3a4550d0782\",\"%type_r%\":\"Stage \\\/ Atelier\",\"%_type_r%\":\"field_5f057b5365cd7\",\"%classification_r%\":\"\",\"%_classification_r%\":\"field_5f3a3af81a328\",\"%classement_prefectoral_r%\":\"\",\"%_classement_prefectoral_r%\":\"field_5f3a473444710\",\"%datetri_r%\":\"1778371200\",\"%_datetri_r%\":\"field_5f3a8a82002b1\",\"%langage_r%\":\"FR\",\"%_langage_r%\":\"field_5f3be5649f374\",\"%_wpgmp_location_address%\":\"Chemin du paradis 11170 CENNE-MONESTIES\",\"%_wpgmp_location_city%\":\"CENNE-MONESTIES\",\"%_wpgmp_location_state%\":\"\",\"%_wpgmp_location_country%\":\"France\",\"%_wpgmp_metabox_marker_id%\":\"a:1:{i:0;i:8;}\",\"%_wpgmp_map_id%\":\"a:1:{i:0;i:21;}\",\"%_wpgmp_metabox_latitude%\":\"43.3329426\",\"%_wpgmp_metabox_longitude%\":\"2.11863272\",\"%_wpgmp_metabox_location_redirect%\":\"post\",\"%_wpgmp_metabox_custom_link%\":\"\",\"%_wpgmp_metabox_taxomomies_terms%\":\"N;\",\"%_wpgmp_extensions_fields%\":\"N;\",\"%_wpml_word_count%\":\"201\",\"%_elementor_page_assets%\":\"\",\"taxonomy=category\":\"Ev\\u00e9nements ponctuels\",\"taxonomy=post_tag\":\"\",\"taxonomy=post_format\":\"\",\"taxonomy=translation_priority\":\"Facultatif\"},\"icon\":\"https:\\\/\\\/collinescathares.com\\\/wp-content\\\/uploads\\\/2020\\\/07\\\/pointeur_vert.svg\"},\"id\":263894,\"custom_filters\":{\"type_r\":\"Stage \\\/ Atelier\",\"datetri_r\":\"1778371200\"},\"infowindow_disable\":false,\"categories\":[{\"icon\":\"https:\\\/\\\/collinescathares.com\\\/wp-content\\\/uploads\\\/2020\\\/07\\\/pointeur_vert.svg\",\"name\":\"Ev\\u00e9nements ponctuels\",\"id\":\"8\",\"type\":\"category\"}]},{\"source\":\"post\",\"title\":\"SPECTACLE P\\u00caLE-M\\u00caLE\",\"infowindow_content\":\"<div class=\\\"fc-main\\\"><div class=\\\"fc-item-title\\\">SPECTACLE P\\u00caLE-M\\u00caLE <span class=\\\"fc-badge info\\\">Ev\\u00e9nements ponctuels<\\\/span><\\\/div> <div class=\\\"fc-item-featured_image\\\"><div class=\\\"fc-feature-img\\\"><img alt=\\\"SPECTACLE P\\u00caLE-M\\u00caLE\\\" width=\\\"300\\\" height=\\\"225\\\" src=\\\"https:\\\/\\\/collinescathares.com\\\/wp-content\\\/uploads\\\/2026\\\/04\\\/Design-sans-titre-4-6-300x225.jpg\\\" class=\\\"wp-post-image   wpgmp_featured_image\\\" ><\\\/div> <\\\/div>Samedi 25 avril, \\u00e0 20h30, le rideau se l\\u00e8vera sur \\u201cP\\u00eale-M\\u00eale\\u201d, un spectacle aussi vivant qu\\u2019inattendu : une mosa\\u00efque de sc\\u00e8nes qui s\\u2019encha\\u00eenent pour vous faire rire, sourire et parfois vous \\u00e9mouvoir. Mis en sc\\u00e8ne par Carlos Pinto et port\\u00e9 par l\\u2019\\u00e9nergie de la compagnie Ici et pas ailleurs. Et parce qu\\u2019un bon spectacle s\\u2019appr\\u00e9cie [&hellip;]<address><b>Adresse : <\\\/b>{marker_address}<\\\/address><a class=\\\"fc-btn fc-btn-small fc-btn-red\\\" href=\\\"https:\\\/\\\/collinescathares.com\\\/es\\\/evenements-ponctuels\\\/spectacle-pele-mele\\\/\\\">En savoir plus<\\\/a><\\\/div>\",\"content\":\"Samedi 25 avril, \\u00e0 20h30, le rideau se l\\u00e8vera sur \\u201cP\\u00eale-M\\u00eale\\u201d, un spectacle aussi vivant qu\\u2019inattendu : une mosa\\u00efque de sc\\u00e8nes qui s\\u2019encha\\u00eenent pour vous faire rire, sourire et parfois vous \\u00e9mouvoir. Mis en sc\\u00e8ne par Carlos Pinto et port\\u00e9 par l\\u2019\\u00e9nergie de la compagnie Ici et pas ailleurs. Et parce qu\\u2019un bon spectacle s\\u2019appr\\u00e9cie [&hellip;]\",\"address\":\"Le village 11420 VILLAUTOU\",\"location\":{\"lat\":\"43.1599366\",\"city\":\"VILLAUTOU\",\"country\":\"France\",\"lng\":\"1.83187716\",\"onclick_action\":\"post\",\"redirect_permalink\":\"https:\\\/\\\/collinescathares.com\\\/es\\\/evenements-ponctuels\\\/spectacle-pele-mele\\\/\",\"zoom\":10,\"extra_fields\":{\"%date_evenement_r%\":\"25 Avril 2026\",\"%date_evenement_fin_r%\":\"25 Avril 2026\",\"post_excerpt\":\"Samedi 25 avril, \\u00e0 20h30, le rideau se l\\u00e8vera sur \\u201cP\\u00eale-M\\u00eale\\u201d, un spectacle aussi vivant qu\\u2019inattendu : une mosa\\u00efque de sc\\u00e8nes qui s\\u2019encha\\u00eenent pour vous faire rire, sourire et parfois vous \\u00e9mouvoir. Mis en sc\\u00e8ne par Carlos Pinto et port\\u00e9 par l\\u2019\\u00e9nergie de la compagnie Ici et pas ailleurs. Et parce qu\\u2019un bon spectacle s\\u2019appr\\u00e9cie [&hellip;]\",\"post_content\":\"Samedi 25 avril, \\u00e0 20h30, le rideau se l\\u00e8vera sur \\u201cP\\u00eale-M\\u00eale\\u201d, un spectacle aussi vivant qu\\u2019inattendu : une mosa\\u00efque de sc\\u00e8nes qui s\\u2019encha\\u00eenent pour vous faire rire, sourire et parfois vous \\u00e9mouvoir. Mis en sc\\u00e8ne par Carlos Pinto et port\\u00e9 par l\\u2019\\u00e9nergie de la compagnie Ici et pas ailleurs.\\nEt parce qu\\u2019un bon spectacle s\\u2019appr\\u00e9cie encore mieux le ventre satisfait, vous pourrez profiter sur place de d\\u00e9licieuses pizzas et d\\u2019un g\\u00e2teau au chocolat, le tout dans l\\u2019ambiance conviviale du caf\\u00e9 associatif. (Ouvert de 18h \\u00e0 22h).\\nQue vous soyez amateur de th\\u00e9\\u00e2tre ou simplement en qu\\u00eate d\\u2019une belle soir\\u00e9e \\u00e0 partager, venez d\\u00e9couvrir, savourer et vous laisser emporter\\u2026 Le Luna Caf\\u00e9 vous attend !\",\"post_title\":\"SPECTACLE P\\u00caLE-M\\u00caLE\",\"post_link\":\"https:\\\/\\\/collinescathares.com\\\/es\\\/evenements-ponctuels\\\/spectacle-pele-mele\\\/\",\"post_featured_image\":\"<div class=\\\"fc-feature-img\\\"><img alt=\\\"SPECTACLE P\\u00caLE-M\\u00caLE\\\" width=\\\"300\\\" height=\\\"225\\\" src=\\\"https:\\\/\\\/collinescathares.com\\\/wp-content\\\/uploads\\\/2026\\\/04\\\/Design-sans-titre-4-6-300x225.jpg\\\" class=\\\"wp-post-image   wpgmp_featured_image\\\" ><\\\/div>\",\"post_categories\":\"Ev\\u00e9nements ponctuels\",\"post_tags\":\"\",\"%jupiterx_reading_time%\":\"1 minute\",\"%_thumbnail_id%\":\"263794\",\"%ville_r%\":\"VILLAUTOU\",\"%_ville_r%\":\"field_5efc3a17e12c5\",\"%cp_r%\":\"11420\",\"%_cp_r%\":\"field_5efc3a47e12ca\",\"%tarifs_r%\":\"\",\"%_tarifs_r%\":\"field_5efc3a22e12c6\",\"%adresse_r%\":\"Le village\",\"%_adresse_r%\":\"field_5efc3a2ee12c7\",\"%carte_r%\":\"Le village 11420 VILLAUTOU, 43.1599366, 1.83187716, 14\",\"%_carte_r%\":\"field_5efc4ed05494a\",\"%labels_r%\":\"\",\"%_labels_r%\":\"field_5f3a47134470d\",\"%handicap_r%\":\"\",\"%_handicap_r%\":\"field_5f3a471a4470e\",\"%offres_promotionnelles_r%\":\"\",\"%_offres_promotionnelles_r%\":\"field_5f3a472d4470f\",\"%telephone_r%\":\"\",\"%_telephone_r%\":\"field_5efc3a39e12c8\",\"%email_r%\":\"lunacafe11420@gmail.com\",\"%_email_r%\":\"field_5efc3a40e12c9\",\"%idunique_r%\":\"FMALAR011V51AUV3\",\"%_idunique_r%\":\"field_5f04335c562b3\",\"%site_r%\":\"\",\"%_site_r%\":\"field_5efc4d652a106\",\"%_date_evenement_r%\":\"field_5f0348f37d5bd\",\"%_date_evenement_fin_r%\":\"field_5f3a4540d0781\",\"%horaires_evenement_r%\":\"18:00 \\\/ 22:00\",\"%_horaires_evenement_r%\":\"field_5f3a4550d0782\",\"%type_r%\":\"Spectacle\",\"%_type_r%\":\"field_5f057b5365cd7\",\"%classification_r%\":\"\",\"%_classification_r%\":\"field_5f3a3af81a328\",\"%classement_prefectoral_r%\":\"\",\"%_classement_prefectoral_r%\":\"field_5f3a473444710\",\"%datetri_r%\":\"1777075200\",\"%_datetri_r%\":\"field_5f3a8a82002b1\",\"%langage_r%\":\"FR\",\"%_langage_r%\":\"field_5f3be5649f374\",\"%_wpgmp_location_address%\":\"Le village 11420 VILLAUTOU\",\"%_wpgmp_location_city%\":\"VILLAUTOU\",\"%_wpgmp_location_state%\":\"\",\"%_wpgmp_location_country%\":\"France\",\"%_wpgmp_metabox_marker_id%\":\"a:1:{i:0;i:8;}\",\"%_wpgmp_map_id%\":\"a:1:{i:0;i:21;}\",\"%_wpgmp_metabox_latitude%\":\"43.1599366\",\"%_wpgmp_metabox_longitude%\":\"1.83187716\",\"%_wpgmp_metabox_location_redirect%\":\"post\",\"%_wpgmp_metabox_custom_link%\":\"\",\"%_wpgmp_metabox_taxomomies_terms%\":\"N;\",\"%_wpgmp_extensions_fields%\":\"N;\",\"%_wpml_word_count%\":\"126\",\"%galerie_image_r%\":\"263794\",\"%_galerie_image_r%\":\"field_5f3bd339f8130\",\"%_elementor_page_assets%\":\"\",\"taxonomy=category\":\"Ev\\u00e9nements ponctuels\",\"taxonomy=post_tag\":\"\",\"taxonomy=post_format\":\"\",\"taxonomy=translation_priority\":\"Facultatif\"},\"icon\":\"https:\\\/\\\/collinescathares.com\\\/wp-content\\\/uploads\\\/2020\\\/07\\\/pointeur_vert.svg\"},\"id\":263797,\"custom_filters\":{\"type_r\":\"Spectacle\",\"datetri_r\":\"1777075200\"},\"infowindow_disable\":false,\"categories\":[{\"icon\":\"https:\\\/\\\/collinescathares.com\\\/wp-content\\\/uploads\\\/2020\\\/07\\\/pointeur_vert.svg\",\"name\":\"Ev\\u00e9nements ponctuels\",\"id\":\"8\",\"type\":\"category\"}]},{\"source\":\"post\",\"title\":\"F\\u00caTE DES PLANTES\",\"infowindow_content\":\"<div class=\\\"fc-main\\\"><div class=\\\"fc-item-title\\\">F\\u00caTE DES PLANTES <span class=\\\"fc-badge info\\\">Ev\\u00e9nements ponctuels<\\\/span><\\\/div> <div class=\\\"fc-item-featured_image\\\"><div class=\\\"fc-feature-img\\\"><img alt=\\\"F\\u00caTE DES PLANTES\\\" width=\\\"300\\\" height=\\\"225\\\" src=\\\"https:\\\/\\\/collinescathares.com\\\/wp-content\\\/uploads\\\/2026\\\/04\\\/Design-sans-titre-2-11-300x225.jpg\\\" class=\\\"wp-post-image   wpgmp_featured_image\\\" ><\\\/div> <\\\/div>La f\\u00eate des plantes revient \\u00e0 La Cassaigne ! Dimanche 3 mai, de 10h30 \\u00e0 16h \\u2013 place des Acacias (repli \\u00e0 la salle des f\\u00eates en cas de mauvais temps) Venez \\u00e9changer plantes, graines et conseils dans une ambiance conviviale. Que vous ayez beaucoup, un peu ou rien du tout, chacun est le bienvenu [&hellip;]<address><b>Adresse : <\\\/b>{marker_address}<\\\/address><a class=\\\"fc-btn fc-btn-small fc-btn-red\\\" href=\\\"https:\\\/\\\/collinescathares.com\\\/es\\\/evenements-ponctuels\\\/fete-des-plantes\\\/\\\">En savoir plus<\\\/a><\\\/div>\",\"content\":\"La f\\u00eate des plantes revient \\u00e0 La Cassaigne ! Dimanche 3 mai, de 10h30 \\u00e0 16h \\u2013 place des Acacias (repli \\u00e0 la salle des f\\u00eates en cas de mauvais temps) Venez \\u00e9changer plantes, graines et conseils dans une ambiance conviviale. Que vous ayez beaucoup, un peu ou rien du tout, chacun est le bienvenu [&hellip;]\",\"address\":\" 11270 LA CASSAIGNE\",\"location\":{\"lat\":\"43.202988\",\"city\":\"LA CASSAIGNE\",\"country\":\"France\",\"lng\":\"1.995633\",\"onclick_action\":\"post\",\"redirect_permalink\":\"https:\\\/\\\/collinescathares.com\\\/es\\\/evenements-ponctuels\\\/fete-des-plantes\\\/\",\"zoom\":10,\"extra_fields\":{\"%date_evenement_r%\":\"03 Mai 2026\",\"%date_evenement_fin_r%\":\"03 Mai 2026\",\"post_excerpt\":\"La f\\u00eate des plantes revient \\u00e0 La Cassaigne ! Dimanche 3 mai, de 10h30 \\u00e0 16h \\u2013 place des Acacias (repli \\u00e0 la salle des f\\u00eates en cas de mauvais temps) Venez \\u00e9changer plantes, graines et conseils dans une ambiance conviviale. Que vous ayez beaucoup, un peu ou rien du tout, chacun est le bienvenu [&hellip;]\",\"post_content\":\"La f\\u00eate des plantes revient \\u00e0 La Cassaigne !\\nDimanche 3 mai, de 10h30 \\u00e0 16h \\u2013 place des Acacias (repli \\u00e0 la salle des f\\u00eates en cas de mauvais temps)\\nVenez \\u00e9changer plantes, graines et conseils dans une ambiance conviviale. Que vous ayez beaucoup, un peu ou rien du tout, chacun est le bienvenu !\\n\\u00c0 midi, place \\u00e0 l\\u2019auberge espagnole : chacun apporte un plat \\u00e0 partager.\\nEt si vous souhaitez faire d\\u00e9couvrir votre jardin, faites-vous conna\\u00eetre ! Des visites de jardins seront propos\\u00e9es.\\nUne journ\\u00e9e simple et joyeuse pour c\\u00e9l\\u00e9brer le printemps.\",\"post_title\":\"F\\u00caTE DES PLANTES\",\"post_link\":\"https:\\\/\\\/collinescathares.com\\\/es\\\/evenements-ponctuels\\\/fete-des-plantes\\\/\",\"post_featured_image\":\"<div class=\\\"fc-feature-img\\\"><img alt=\\\"F\\u00caTE DES PLANTES\\\" width=\\\"300\\\" height=\\\"225\\\" src=\\\"https:\\\/\\\/collinescathares.com\\\/wp-content\\\/uploads\\\/2026\\\/04\\\/Design-sans-titre-2-11-300x225.jpg\\\" class=\\\"wp-post-image   wpgmp_featured_image\\\" ><\\\/div>\",\"post_categories\":\"Ev\\u00e9nements ponctuels\",\"post_tags\":\"\",\"%jupiterx_reading_time%\":\"1 minute\",\"%_thumbnail_id%\":\"263786\",\"%ville_r%\":\"LA CASSAIGNE\",\"%_ville_r%\":\"field_5efc3a17e12c5\",\"%cp_r%\":\"11270\",\"%_cp_r%\":\"field_5efc3a47e12ca\",\"%tarifs_r%\":\"\",\"%_tarifs_r%\":\"field_5efc3a22e12c6\",\"%carte_r%\":\" 11270 LA CASSAIGNE, 43.202988, 1.995633, 14\",\"%_carte_r%\":\"field_5efc4ed05494a\",\"%labels_r%\":\"\",\"%_labels_r%\":\"field_5f3a47134470d\",\"%handicap_r%\":\"\",\"%_handicap_r%\":\"field_5f3a471a4470e\",\"%offres_promotionnelles_r%\":\"\",\"%_offres_promotionnelles_r%\":\"field_5f3a472d4470f\",\"%telephone_r%\":\" Port : +33 6 10 91 00 81\",\"%_telephone_r%\":\"field_5efc3a39e12c8\",\"%email_r%\":\"\",\"%_email_r%\":\"field_5efc3a40e12c9\",\"%idunique_r%\":\"FMALAR011V51AUTZ\",\"%_idunique_r%\":\"field_5f04335c562b3\",\"%site_r%\":\"\",\"%_site_r%\":\"field_5efc4d652a106\",\"%_date_evenement_r%\":\"field_5f0348f37d5bd\",\"%_date_evenement_fin_r%\":\"field_5f3a4540d0781\",\"%horaires_evenement_r%\":\"10:30 \\\/ 16:00\",\"%_horaires_evenement_r%\":\"field_5f3a4550d0782\",\"%type_r%\":\"March\\u00e9\",\"%_type_r%\":\"field_5f057b5365cd7\",\"%classification_r%\":\"\",\"%_classification_r%\":\"field_5f3a3af81a328\",\"%classement_prefectoral_r%\":\"\",\"%_classement_prefectoral_r%\":\"field_5f3a473444710\",\"%datetri_r%\":\"1777766400\",\"%_datetri_r%\":\"field_5f3a8a82002b1\",\"%langage_r%\":\"FR\",\"%_langage_r%\":\"field_5f3be5649f374\",\"%_wpgmp_location_address%\":\" 11270 LA CASSAIGNE\",\"%_wpgmp_location_city%\":\"LA CASSAIGNE\",\"%_wpgmp_location_state%\":\"\",\"%_wpgmp_location_country%\":\"France\",\"%_wpgmp_metabox_marker_id%\":\"a:1:{i:0;i:8;}\",\"%_wpgmp_map_id%\":\"a:1:{i:0;i:21;}\",\"%_wpgmp_metabox_latitude%\":\"43.202988\",\"%_wpgmp_metabox_longitude%\":\"1.995633\",\"%_wpgmp_metabox_location_redirect%\":\"post\",\"%_wpgmp_metabox_custom_link%\":\"\",\"%_wpgmp_metabox_taxomomies_terms%\":\"N;\",\"%_wpgmp_extensions_fields%\":\"N;\",\"%_wpml_word_count%\":\"95\",\"%galerie_image_r%\":\"263786\",\"%_galerie_image_r%\":\"field_5f3bd339f8130\",\"%_elementor_page_assets%\":\"\",\"taxonomy=category\":\"Ev\\u00e9nements ponctuels\",\"taxonomy=post_tag\":\"\",\"taxonomy=post_format\":\"\",\"taxonomy=translation_priority\":\"Facultatif\"},\"icon\":\"https:\\\/\\\/collinescathares.com\\\/wp-content\\\/uploads\\\/2020\\\/07\\\/pointeur_vert.svg\"},\"id\":263789,\"custom_filters\":{\"type_r\":\"March\\u00e9\",\"datetri_r\":\"1777766400\"},\"infowindow_disable\":false,\"categories\":[{\"icon\":\"https:\\\/\\\/collinescathares.com\\\/wp-content\\\/uploads\\\/2020\\\/07\\\/pointeur_vert.svg\",\"name\":\"Ev\\u00e9nements ponctuels\",\"id\":\"8\",\"type\":\"category\"}]},{\"source\":\"post\",\"title\":\"JOURN\\u00c9E MONDIALE DE L&#8217;ART : CULTIVEZ VOTRE CR\\u00c9ATIVIT\\u00c9\",\"infowindow_content\":\"<div class=\\\"fc-main\\\"><div class=\\\"fc-item-title\\\">JOURN\\u00c9E MONDIALE DE L&#8217;ART : CULTIVEZ VOTRE CR\\u00c9ATIVIT\\u00c9 <span class=\\\"fc-badge info\\\">Ev\\u00e9nements ponctuels<\\\/span><\\\/div> <div class=\\\"fc-item-featured_image\\\"><div class=\\\"fc-feature-img\\\"><img alt=\\\"JOURN\\u00c9E MONDIALE DE L&#8217;ART : CULTIVEZ VOTRE CR\\u00c9ATIVIT\\u00c9\\\" width=\\\"300\\\" height=\\\"225\\\" src=\\\"https:\\\/\\\/collinescathares.com\\\/wp-content\\\/uploads\\\/2026\\\/04\\\/Design-sans-titre-3-10-300x225.jpg\\\" class=\\\"wp-post-image   wpgmp_featured_image\\\" ><\\\/div> <\\\/div>Le Cercle Culturel Montr\\u00e9alais (ainsi que les partenaires Montr&#8217;\\u00e9art et la M\\u00e9diath\\u00e8que intercommunale) vous propose une journ\\u00e9e d&#8217;expression artistique et culturelle ouverte \\u00e0 tous &#8220;CULTIVEZ VOTRE CREATIVITE&#8221; \\u00e0 l&#8217;occasion de la Journ\\u00e9e mondiale de l&#8217;Art \\u00e0 l&#8217;Unesco. Sous la forme d&#8217;ateliers pARTicipatifs diversifi\\u00e9s avec consultation de livres d&#8217;ARTS. &#8220;Laissez faire l&#8217;id\\u00e9e, Osez cr\\u00e9er, Pensez autrement, [&hellip;]<address><b>Adresse : <\\\/b>{marker_address}<\\\/address><a class=\\\"fc-btn fc-btn-small fc-btn-red\\\" href=\\\"https:\\\/\\\/collinescathares.com\\\/es\\\/evenements-ponctuels\\\/journee-mondiale-de-lart-cultivez-votre-creativite\\\/\\\">En savoir plus<\\\/a><\\\/div>\",\"content\":\"Le Cercle Culturel Montr\\u00e9alais (ainsi que les partenaires Montr&#8217;\\u00e9art et la M\\u00e9diath\\u00e8que intercommunale) vous propose une journ\\u00e9e d&#8217;expression artistique et culturelle ouverte \\u00e0 tous &#8220;CULTIVEZ VOTRE CREATIVITE&#8221; \\u00e0 l&#8217;occasion de la Journ\\u00e9e mondiale de l&#8217;Art \\u00e0 l&#8217;Unesco. Sous la forme d&#8217;ateliers pARTicipatifs diversifi\\u00e9s avec consultation de livres d&#8217;ARTS. &#8220;Laissez faire l&#8217;id\\u00e9e, Osez cr\\u00e9er, Pensez autrement, [&hellip;]\",\"address\":\"Rue Victoire 11290 MONTREAL\",\"location\":{\"lat\":\"43.1990566\",\"city\":\"MONTREAL\",\"country\":\"France\",\"lng\":\"2.14082063\",\"onclick_action\":\"post\",\"redirect_permalink\":\"https:\\\/\\\/collinescathares.com\\\/es\\\/evenements-ponctuels\\\/journee-mondiale-de-lart-cultivez-votre-creativite\\\/\",\"zoom\":10,\"extra_fields\":{\"%date_evenement_r%\":\"25 Avril 2026\",\"%date_evenement_fin_r%\":\"25 Avril 2026\",\"post_excerpt\":\"Le Cercle Culturel Montr\\u00e9alais (ainsi que les partenaires Montr&#8217;\\u00e9art et la M\\u00e9diath\\u00e8que intercommunale) vous propose une journ\\u00e9e d&#8217;expression artistique et culturelle ouverte \\u00e0 tous &#8220;CULTIVEZ VOTRE CREATIVITE&#8221; \\u00e0 l&#8217;occasion de la Journ\\u00e9e mondiale de l&#8217;Art \\u00e0 l&#8217;Unesco. Sous la forme d&#8217;ateliers pARTicipatifs diversifi\\u00e9s avec consultation de livres d&#8217;ARTS. &#8220;Laissez faire l&#8217;id\\u00e9e, Osez cr\\u00e9er, Pensez autrement, [&hellip;]\",\"post_content\":\"Le Cercle Culturel Montr\\u00e9alais (ainsi que les partenaires Montr'\\u00e9art et la M\\u00e9diath\\u00e8que intercommunale) vous propose une journ\\u00e9e d'expression artistique et culturelle ouverte \\u00e0 tous  \\\"CULTIVEZ VOTRE CREATIVITE\\\" \\u00e0 l'occasion de la Journ\\u00e9e mondiale de l'Art \\u00e0 l'Unesco.\\nSous la forme d'ateliers pARTicipatifs diversifi\\u00e9s avec consultation de livres d'ARTS.\\n\\\"Laissez faire l'id\\u00e9e, Osez cr\\u00e9er, Pensez autrement, Explorer, IMAGINEZ...\\\"\\nDans un esprit cr\\u00e9atif , d'\\u00e9changes autour des Arts et de l'expression. \\nCr\\u00e9er des liens avec le public dans la g\\u00e9n\\u00e9rosit\\u00e9, la cr\\u00e9ativit\\u00e9 , les expressions multiples et la curiosit\\u00e9 ...\\ntout un progamme et c'est \\u00e0 MONTREAL !!\",\"post_title\":\"JOURN\\u00c9E MONDIALE DE L&#8217;ART : CULTIVEZ VOTRE CR\\u00c9ATIVIT\\u00c9\",\"post_link\":\"https:\\\/\\\/collinescathares.com\\\/es\\\/evenements-ponctuels\\\/journee-mondiale-de-lart-cultivez-votre-creativite\\\/\",\"post_featured_image\":\"<div class=\\\"fc-feature-img\\\"><img alt=\\\"JOURN\\u00c9E MONDIALE DE L&#8217;ART : CULTIVEZ VOTRE CR\\u00c9ATIVIT\\u00c9\\\" width=\\\"300\\\" height=\\\"225\\\" src=\\\"https:\\\/\\\/collinescathares.com\\\/wp-content\\\/uploads\\\/2026\\\/04\\\/Design-sans-titre-3-10-300x225.jpg\\\" class=\\\"wp-post-image   wpgmp_featured_image\\\" ><\\\/div>\",\"post_categories\":\"Ev\\u00e9nements ponctuels\",\"post_tags\":\"\",\"%jupiterx_reading_time%\":\"1 minute\",\"%_thumbnail_id%\":\"263790\",\"%ville_r%\":\"MONTREAL\",\"%_ville_r%\":\"field_5efc3a17e12c5\",\"%cp_r%\":\"11290\",\"%_cp_r%\":\"field_5efc3a47e12ca\",\"%tarifs_r%\":\"\",\"%_tarifs_r%\":\"field_5efc3a22e12c6\",\"%adresse_r%\":\"Rue Victoire\",\"%_adresse_r%\":\"field_5efc3a2ee12c7\",\"%carte_r%\":\"Rue Victoire 11290 MONTREAL, 43.1990566, 2.14082063, 14\",\"%_carte_r%\":\"field_5efc4ed05494a\",\"%labels_r%\":\"\",\"%_labels_r%\":\"field_5f3a47134470d\",\"%handicap_r%\":\"\",\"%_handicap_r%\":\"field_5f3a471a4470e\",\"%offres_promotionnelles_r%\":\"\",\"%_offres_promotionnelles_r%\":\"field_5f3a472d4470f\",\"%telephone_r%\":\"\",\"%_telephone_r%\":\"field_5efc3a39e12c8\",\"%email_r%\":\"cercleculturelmontreal11@gmail.com\",\"%_email_r%\":\"field_5efc3a40e12c9\",\"%idunique_r%\":\"FMALAR011V51AUUF\",\"%_idunique_r%\":\"field_5f04335c562b3\",\"%site_r%\":\"\",\"%_site_r%\":\"field_5efc4d652a106\",\"%_date_evenement_r%\":\"field_5f0348f37d5bd\",\"%_date_evenement_fin_r%\":\"field_5f3a4540d0781\",\"%horaires_evenement_r%\":\"10:00 \\\/ 18:00\",\"%_horaires_evenement_r%\":\"field_5f3a4550d0782\",\"%type_r%\":\"Stage \\\/ Atelier\",\"%_type_r%\":\"field_5f057b5365cd7\",\"%classification_r%\":\"\",\"%_classification_r%\":\"field_5f3a3af81a328\",\"%classement_prefectoral_r%\":\"\",\"%_classement_prefectoral_r%\":\"field_5f3a473444710\",\"%datetri_r%\":\"1777075200\",\"%_datetri_r%\":\"field_5f3a8a82002b1\",\"%langage_r%\":\"FR\",\"%_langage_r%\":\"field_5f3be5649f374\",\"%_wpgmp_location_address%\":\"Rue Victoire 11290 MONTREAL\",\"%_wpgmp_location_city%\":\"MONTREAL\",\"%_wpgmp_location_state%\":\"\",\"%_wpgmp_location_country%\":\"France\",\"%_wpgmp_metabox_marker_id%\":\"a:1:{i:0;i:8;}\",\"%_wpgmp_map_id%\":\"a:1:{i:0;i:21;}\",\"%_wpgmp_metabox_latitude%\":\"43.1990566\",\"%_wpgmp_metabox_longitude%\":\"2.14082063\",\"%_wpgmp_metabox_location_redirect%\":\"post\",\"%_wpgmp_metabox_custom_link%\":\"\",\"%_wpgmp_metabox_taxomomies_terms%\":\"N;\",\"%_wpgmp_extensions_fields%\":\"N;\",\"%_wpml_word_count%\":\"126\",\"%galerie_image_r%\":\"263790\",\"%_galerie_image_r%\":\"field_5f3bd339f8130\",\"%_elementor_page_assets%\":\"\",\"taxonomy=category\":\"Ev\\u00e9nements ponctuels\",\"taxonomy=post_tag\":\"\",\"taxonomy=post_format\":\"\",\"taxonomy=translation_priority\":\"Facultatif\"},\"icon\":\"https:\\\/\\\/collinescathares.com\\\/wp-content\\\/uploads\\\/2020\\\/07\\\/pointeur_vert.svg\"},\"id\":263793,\"custom_filters\":{\"type_r\":\"Stage \\\/ Atelier\",\"datetri_r\":\"1777075200\"},\"infowindow_disable\":false,\"categories\":[{\"icon\":\"https:\\\/\\\/collinescathares.com\\\/wp-content\\\/uploads\\\/2020\\\/07\\\/pointeur_vert.svg\",\"name\":\"Ev\\u00e9nements ponctuels\",\"id\":\"8\",\"type\":\"category\"}]},{\"source\":\"post\",\"title\":\"LOTO\",\"infowindow_content\":\"<div class=\\\"fc-main\\\"><div class=\\\"fc-item-title\\\">LOTO <span class=\\\"fc-badge info\\\">Ev\\u00e9nements ponctuels<\\\/span><\\\/div> <div class=\\\"fc-item-featured_image\\\"><div class=\\\"fc-feature-img\\\"><img alt=\\\"LOTO\\\" width=\\\"300\\\" height=\\\"225\\\" src=\\\"https:\\\/\\\/collinescathares.com\\\/wp-content\\\/uploads\\\/2026\\\/04\\\/LOTO-264-300x225.jpg\\\" class=\\\"wp-post-image   wpgmp_featured_image\\\" ><\\\/div> <\\\/div>L&#8217;association des F\\u00e9minines de PLM XV organise un loto \\u00e0 la salle polyvalente. Venez nombreuses et nombreux passer un moment convivial ! Plusieurs quines et cartons pleins (1500\\u20ac de lots \\u00e0 gagner) Restauration. Buvette. Tombola. Inscriptions et Informations au 06 03 33 63 27 ou 06 15 36 48 54.<address><b>Adresse : <\\\/b>{marker_address}<\\\/address><a class=\\\"fc-btn fc-btn-small fc-btn-red\\\" href=\\\"https:\\\/\\\/collinescathares.com\\\/es\\\/evenements-ponctuels\\\/loto\\\/\\\">En savoir plus<\\\/a><\\\/div>\",\"content\":\"L&#8217;association des F\\u00e9minines de PLM XV organise un loto \\u00e0 la salle polyvalente. Venez nombreuses et nombreux passer un moment convivial ! Plusieurs quines et cartons pleins (1500\\u20ac de lots \\u00e0 gagner) Restauration. Buvette. Tombola. Inscriptions et Informations au 06 03 33 63 27 ou 06 15 36 48 54.\",\"address\":\"Promenade du Qu\\u00e9bec 11290 MONTREAL\",\"location\":{\"lat\":\"43.1979951\",\"city\":\"MONTREAL\",\"country\":\"France\",\"lng\":\"2.14678195\",\"onclick_action\":\"post\",\"redirect_permalink\":\"https:\\\/\\\/collinescathares.com\\\/es\\\/evenements-ponctuels\\\/loto\\\/\",\"zoom\":10,\"extra_fields\":{\"%date_evenement_r%\":\"02 Mai 2026\",\"%date_evenement_fin_r%\":\"02 Mai 2026\",\"post_excerpt\":\"L&#8217;association des F\\u00e9minines de PLM XV organise un loto \\u00e0 la salle polyvalente. Venez nombreuses et nombreux passer un moment convivial ! Plusieurs quines et cartons pleins (1500\\u20ac de lots \\u00e0 gagner) Restauration. Buvette. Tombola. Inscriptions et Informations au 06 03 33 63 27 ou 06 15 36 48 54.\",\"post_content\":\"L'association des F\\u00e9minines de PLM XV organise un loto \\u00e0 la salle polyvalente. Venez nombreuses et nombreux passer un moment convivial !\\nPlusieurs quines et cartons pleins (1500\\u20ac de lots \\u00e0 gagner)\\nRestauration. Buvette. Tombola.\\n\\nInscriptions et Informations au 06 03 33 63 27 ou 06 15 36 48 54.\",\"post_title\":\"LOTO\",\"post_link\":\"https:\\\/\\\/collinescathares.com\\\/es\\\/evenements-ponctuels\\\/loto\\\/\",\"post_featured_image\":\"<div class=\\\"fc-feature-img\\\"><img alt=\\\"LOTO\\\" width=\\\"300\\\" height=\\\"225\\\" src=\\\"https:\\\/\\\/collinescathares.com\\\/wp-content\\\/uploads\\\/2026\\\/04\\\/LOTO-264-300x225.jpg\\\" class=\\\"wp-post-image   wpgmp_featured_image\\\" ><\\\/div>\",\"post_categories\":\"Ev\\u00e9nements ponctuels\",\"post_tags\":\"\",\"%jupiterx_reading_time%\":\"1 minute\",\"%_thumbnail_id%\":\"263782\",\"%ville_r%\":\"MONTREAL\",\"%_ville_r%\":\"field_5efc3a17e12c5\",\"%cp_r%\":\"11290\",\"%_cp_r%\":\"field_5efc3a47e12ca\",\"%tarifs_r%\":\"\",\"%_tarifs_r%\":\"field_5efc3a22e12c6\",\"%adresse_r%\":\"Promenade du Qu\\u00e9bec\",\"%_adresse_r%\":\"field_5efc3a2ee12c7\",\"%carte_r%\":\"Promenade du Qu\\u00e9bec 11290 MONTREAL, 43.1979951, 2.14678195, 14\",\"%_carte_r%\":\"field_5efc4ed05494a\",\"%labels_r%\":\"\",\"%_labels_r%\":\"field_5f3a47134470d\",\"%handicap_r%\":\"\",\"%_handicap_r%\":\"field_5f3a471a4470e\",\"%offres_promotionnelles_r%\":\"\",\"%_offres_promotionnelles_r%\":\"field_5f3a472d4470f\",\"%telephone_r%\":\" Port : +33 6 15 36 48 54\",\"%_telephone_r%\":\"field_5efc3a39e12c8\",\"%email_r%\":\"\",\"%_email_r%\":\"field_5efc3a40e12c9\",\"%idunique_r%\":\"FMALAR011V51AUTG\",\"%_idunique_r%\":\"field_5f04335c562b3\",\"%site_r%\":\"\",\"%_site_r%\":\"field_5efc4d652a106\",\"%_date_evenement_r%\":\"field_5f0348f37d5bd\",\"%_date_evenement_fin_r%\":\"field_5f3a4540d0781\",\"%horaires_evenement_r%\":\"19:30 \\\/ 23:00\",\"%_horaires_evenement_r%\":\"field_5f3a4550d0782\",\"%type_r%\":\"Jeu, concours\",\"%_type_r%\":\"field_5f057b5365cd7\",\"%classification_r%\":\"\",\"%_classification_r%\":\"field_5f3a3af81a328\",\"%classement_prefectoral_r%\":\"\",\"%_classement_prefectoral_r%\":\"field_5f3a473444710\",\"%datetri_r%\":\"1777680000\",\"%_datetri_r%\":\"field_5f3a8a82002b1\",\"%langage_r%\":\"FR\",\"%_langage_r%\":\"field_5f3be5649f374\",\"%_wpgmp_location_address%\":\"Promenade du Qu\\u00e9bec 11290 MONTREAL\",\"%_wpgmp_location_city%\":\"MONTREAL\",\"%_wpgmp_location_state%\":\"\",\"%_wpgmp_location_country%\":\"France\",\"%_wpgmp_metabox_marker_id%\":\"a:1:{i:0;i:8;}\",\"%_wpgmp_map_id%\":\"a:1:{i:0;i:21;}\",\"%_wpgmp_metabox_latitude%\":\"43.1979951\",\"%_wpgmp_metabox_longitude%\":\"2.14678195\",\"%_wpgmp_metabox_location_redirect%\":\"post\",\"%_wpgmp_metabox_custom_link%\":\"\",\"%_wpgmp_metabox_taxomomies_terms%\":\"N;\",\"%_wpgmp_extensions_fields%\":\"N;\",\"%_wpml_word_count%\":\"46\",\"%galerie_image_r%\":\"263782\",\"%_galerie_image_r%\":\"field_5f3bd339f8130\",\"%_wp_old_slug%\":\"loto-2\",\"%_elementor_page_assets%\":\"\",\"taxonomy=category\":\"Ev\\u00e9nements ponctuels\",\"taxonomy=post_tag\":\"\",\"taxonomy=post_format\":\"\",\"taxonomy=translation_priority\":\"Facultatif\"},\"icon\":\"https:\\\/\\\/collinescathares.com\\\/wp-content\\\/uploads\\\/2020\\\/07\\\/pointeur_vert.svg\"},\"id\":263785,\"custom_filters\":{\"type_r\":\"Jeu, concours\",\"datetri_r\":\"1777680000\"},\"infowindow_disable\":false,\"categories\":[{\"icon\":\"https:\\\/\\\/collinescathares.com\\\/wp-content\\\/uploads\\\/2020\\\/07\\\/pointeur_vert.svg\",\"name\":\"Ev\\u00e9nements ponctuels\",\"id\":\"8\",\"type\":\"category\"}]},{\"source\":\"post\",\"title\":\"DE FERME EN FERME PI\\u00c8GE, LAURAGAIS, RAZ\\u00c8S\",\"infowindow_content\":\"<div class=\\\"fc-main\\\"><div class=\\\"fc-item-title\\\">DE FERME EN FERME PI\\u00c8GE, LAURAGAIS, RAZ\\u00c8S <span class=\\\"fc-badge info\\\">Ev\\u00e9nements ponctuels<\\\/span><\\\/div> <div class=\\\"fc-item-featured_image\\\"><div class=\\\"fc-feature-img\\\"><img alt=\\\"DE FERME EN FERME PI\\u00c8GE, LAURAGAIS, RAZ\\u00c8S\\\" width=\\\"300\\\" height=\\\"225\\\" src=\\\"https:\\\/\\\/collinescathares.com\\\/wp-content\\\/uploads\\\/2020\\\/07\\\/Sans-titre-75-85d5296929e64acc8b51abc64403f6ed-300x225.jpg\\\" class=\\\"wp-post-image   wpgmp_featured_image\\\" ><\\\/div> <\\\/div>Venez passer une journ\\u00e9e conviviale \\u00e0 la campagne et d\\u00e9couvrir la diversit\\u00e9 des fermes des collines cathares ! 15 agriculteurs vous ouvrent gratuitement leurs portes avec, au programme, des visites guid\\u00e9es, des d\\u00e9gustations, de la vente directe, des animations, de la restauration gourmande et plein d&#8217;autres surprises. Parmi les participants : &#8211; Le Domaine Capdepon [&hellip;]<address><b>Adresse : <\\\/b>{marker_address}<\\\/address><a class=\\\"fc-btn fc-btn-small fc-btn-red\\\" href=\\\"https:\\\/\\\/collinescathares.com\\\/es\\\/evenements-ponctuels\\\/de-ferme-en-ferme-piege-lauragais-razes\\\/\\\">En savoir plus<\\\/a><\\\/div>\",\"content\":\"Venez passer une journ\\u00e9e conviviale \\u00e0 la campagne et d\\u00e9couvrir la diversit\\u00e9 des fermes des collines cathares ! 15 agriculteurs vous ouvrent gratuitement leurs portes avec, au programme, des visites guid\\u00e9es, des d\\u00e9gustations, de la vente directe, des animations, de la restauration gourmande et plein d&#8217;autres surprises. Parmi les participants : &#8211; Le Domaine Capdepon [&hellip;]\",\"address\":\" 11270 FANJEAUX\",\"location\":{\"lat\":\"43.18519\",\"city\":\"FANJEAUX\",\"country\":\"France\",\"lng\":\"2.03519\",\"onclick_action\":\"post\",\"redirect_permalink\":\"https:\\\/\\\/collinescathares.com\\\/es\\\/evenements-ponctuels\\\/de-ferme-en-ferme-piege-lauragais-razes\\\/\",\"zoom\":10,\"extra_fields\":{\"%date_evenement_r%\":\"31 Mai 2026\",\"%date_evenement_fin_r%\":\"31 Mai 2026\",\"post_excerpt\":\"Venez passer une journ\\u00e9e conviviale \\u00e0 la campagne et d\\u00e9couvrir la diversit\\u00e9 des fermes des collines cathares ! 15 agriculteurs vous ouvrent gratuitement leurs portes avec, au programme, des visites guid\\u00e9es, des d\\u00e9gustations, de la vente directe, des animations, de la restauration gourmande et plein d&#8217;autres surprises. Parmi les participants : &#8211; Le Domaine Capdepon [&hellip;]\",\"post_content\":\"Venez passer une journ\\u00e9e conviviale \\u00e0 la campagne et d\\u00e9couvrir la diversit\\u00e9 des fermes des collines cathares !\\n15 agriculteurs vous ouvrent gratuitement leurs portes avec, au programme, des visites guid\\u00e9es, des d\\u00e9gustations, de la vente directe, des animations, de la restauration gourmande et plein d'autres surprises.\\n\\nParmi les participants :\\n- Le Domaine Capdepon \\u00e0 Villelongue d'Aude\\n- La Ferme de Tarbes \\u00e0 Villelongue d'Aude\\n- Le rucher de Riquette \\u00e0 Saint Martin de Viller\\u00e9glan\\n- GAEC de Soustrobe \\u00e0 Villelongue d'Aude\\n- Le Cammas Ferme Hostel \\u00e0 Alaigne\\n- Le jardin bio divers \\u00e0 Cailhavel\\n- Le Gaec Saint-Dominique \\u00e0 Fanjeaux \\n- Le Gaec La Ferme des Feda Galina \\u00e0 Fanjeaux\\n- Les Collines de Besplas \\u00e0 Villasavary\\n- Domaine Cremefer \\u00e0 Montr\\u00e9al de l'Aude\\n- Spiruline Dynamis\\u00e9e du Domaine Valetou \\u00e0 La Cassaigne\\n- Domaine de Villarzens \\u00e0 Bram\\n- Les Herbes d'Aure \\u00e0 Cahuzac\\n- La Ferme de Calas \\u00e0 Gaja-la-Selve\\n- Domaine de La Courbe \\u00e0 Plaigne\\n\\n\\nDe quoi satisfaire tous vos sens et vos papilles pour ce week-end gourmand et festif !\",\"post_title\":\"DE FERME EN FERME PI\\u00c8GE, LAURAGAIS, RAZ\\u00c8S\",\"post_link\":\"https:\\\/\\\/collinescathares.com\\\/es\\\/evenements-ponctuels\\\/de-ferme-en-ferme-piege-lauragais-razes\\\/\",\"post_featured_image\":\"<div class=\\\"fc-feature-img\\\"><img alt=\\\"DE FERME EN FERME PI\\u00c8GE, LAURAGAIS, RAZ\\u00c8S\\\" width=\\\"300\\\" height=\\\"225\\\" src=\\\"https:\\\/\\\/collinescathares.com\\\/wp-content\\\/uploads\\\/2020\\\/07\\\/Sans-titre-75-85d5296929e64acc8b51abc64403f6ed-300x225.jpg\\\" class=\\\"wp-post-image   wpgmp_featured_image\\\" ><\\\/div>\",\"post_categories\":\"Ev\\u00e9nements ponctuels\",\"post_tags\":\"\",\"%jupiterx_reading_time%\":\" 1 minute\",\"%_thumbnail_id%\":\"1742\",\"%ville_r%\":\"FANJEAUX\",\"%_ville_r%\":\"field_5efc3a17e12c5\",\"%cp_r%\":\"11270\",\"%_cp_r%\":\"field_5efc3a47e12ca\",\"%tarifs_r%\":\"\",\"%_tarifs_r%\":\"field_5efc3a22e12c6\",\"%carte_r%\":\" 11270 FANJEAUX, 43.18519, 2.03519, 14\",\"%_carte_r%\":\"field_5efc4ed05494a\",\"%labels_r%\":\"\",\"%_labels_r%\":\"field_5f3a47134470d\",\"%handicap_r%\":\"\",\"%_handicap_r%\":\"field_5f3a471a4470e\",\"%offres_promotionnelles_r%\":\"\",\"%_offres_promotionnelles_r%\":\"field_5f3a472d4470f\",\"%telephone_r%\":\"\",\"%_telephone_r%\":\"field_5efc3a39e12c8\",\"%email_r%\":\"\",\"%_email_r%\":\"field_5efc3a40e12c9\",\"%idunique_r%\":\"FMALAR011V51AT63\",\"%_idunique_r%\":\"field_5f04335c562b3\",\"%site_r%\":\"https:\\\/\\\/www.fermiers-audois.fr\",\"%_site_r%\":\"field_5efc4d652a106\",\"%_date_evenement_r%\":\"field_5f0348f37d5bd\",\"%_date_evenement_fin_r%\":\"field_5f3a4540d0781\",\"%horaires_evenement_r%\":\"09:00 \\\/ 18:00\",\"%_horaires_evenement_r%\":\"field_5f3a4550d0782\",\"%type_r%\":\"March\\u00e9\",\"%_type_r%\":\"field_5f057b5365cd7\",\"%classification_r%\":\"\",\"%_classification_r%\":\"field_5f3a3af81a328\",\"%classement_prefectoral_r%\":\"\",\"%_classement_prefectoral_r%\":\"field_5f3a473444710\",\"%datetri_r%\":\"1780185600\",\"%_datetri_r%\":\"field_5f3a8a82002b1\",\"%langage_r%\":\"FR\",\"%_langage_r%\":\"field_5f3be5649f374\",\"%_wpgmp_location_address%\":\" 11270 FANJEAUX\",\"%_wpgmp_location_city%\":\"FANJEAUX\",\"%_wpgmp_location_state%\":\"\",\"%_wpgmp_location_country%\":\"France\",\"%_wpgmp_metabox_marker_id%\":\"a:1:{i:0;i:8;}\",\"%_wpgmp_map_id%\":\"a:1:{i:0;i:21;}\",\"%_wpgmp_metabox_latitude%\":\"43.18519\",\"%_wpgmp_metabox_longitude%\":\"2.03519\",\"%_wpgmp_metabox_location_redirect%\":\"post\",\"%_wpgmp_metabox_custom_link%\":\"\",\"%_wpgmp_metabox_taxomomies_terms%\":\"N;\",\"%_wpgmp_extensions_fields%\":\"N;\",\"%_wpml_word_count%\":\"182\",\"%galerie_image_r%\":\"1742\",\"%_galerie_image_r%\":\"field_5f3bd339f8130\",\"%_elementor_page_assets%\":\"\",\"taxonomy=category\":\"Ev\\u00e9nements ponctuels\",\"taxonomy=post_tag\":\"\",\"taxonomy=post_format\":\"\",\"taxonomy=translation_priority\":\"Facultatif\"},\"icon\":\"https:\\\/\\\/collinescathares.com\\\/wp-content\\\/uploads\\\/2020\\\/07\\\/pointeur_vert.svg\"},\"id\":263751,\"custom_filters\":{\"type_r\":\"March\\u00e9\",\"datetri_r\":\"1780185600\"},\"infowindow_disable\":false,\"categories\":[{\"icon\":\"https:\\\/\\\/collinescathares.com\\\/wp-content\\\/uploads\\\/2020\\\/07\\\/pointeur_vert.svg\",\"name\":\"Ev\\u00e9nements ponctuels\",\"id\":\"8\",\"type\":\"category\"}]},{\"source\":\"post\",\"title\":\"MAI \\u00c0 V\\u00c9LO\",\"infowindow_content\":\"<div class=\\\"fc-main\\\"><div class=\\\"fc-item-title\\\">MAI \\u00c0 V\\u00c9LO <span class=\\\"fc-badge info\\\">Ev\\u00e9nements ponctuels<\\\/span><\\\/div> <div class=\\\"fc-item-featured_image\\\"><div class=\\\"fc-feature-img\\\"><img alt=\\\"MAI \\u00c0 V\\u00c9LO\\\" width=\\\"300\\\" height=\\\"225\\\" src=\\\"https:\\\/\\\/collinescathares.com\\\/wp-content\\\/uploads\\\/2026\\\/04\\\/MAI-A-VELO-300x225.jpg\\\" class=\\\"wp-post-image   wpgmp_featured_image\\\" ><\\\/div> <\\\/div>La ville de Bram se positionne d\\u00e9sormais comme un acteur incontournable du tourisme \\u00e0 v\\u00e9lo en Occitanie. Situ\\u00e9e au carrefour du Canal des 2 mers \\u00e0 v\\u00e9lo (V80) et de la Voie Verte du Canal du Midi \\u00e0 Monts\\u00e9gur, Bram continue de se d\\u00e9velopper pour mieux accueillir les cyclistes et les randonneurs. Riche d\\u2019un tr\\u00e8s [&hellip;]<address><b>Adresse : <\\\/b>{marker_address}<\\\/address><a class=\\\"fc-btn fc-btn-small fc-btn-red\\\" href=\\\"https:\\\/\\\/collinescathares.com\\\/es\\\/evenements-ponctuels\\\/mai-a-velo\\\/\\\">En savoir plus<\\\/a><\\\/div>\",\"content\":\"La ville de Bram se positionne d\\u00e9sormais comme un acteur incontournable du tourisme \\u00e0 v\\u00e9lo en Occitanie. Situ\\u00e9e au carrefour du Canal des 2 mers \\u00e0 v\\u00e9lo (V80) et de la Voie Verte du Canal du Midi \\u00e0 Monts\\u00e9gur, Bram continue de se d\\u00e9velopper pour mieux accueillir les cyclistes et les randonneurs. Riche d\\u2019un tr\\u00e8s [&hellip;]\",\"address\":\"avenue Georges Cl\\u00e9menceau 11150 BRAM\",\"location\":{\"lat\":\"43.2416286\",\"city\":\"BRAM\",\"country\":\"France\",\"lng\":\"2.11193709\",\"onclick_action\":\"post\",\"redirect_permalink\":\"https:\\\/\\\/collinescathares.com\\\/es\\\/evenements-ponctuels\\\/mai-a-velo\\\/\",\"zoom\":10,\"extra_fields\":{\"%date_evenement_r%\":\"02 Mai 2026\",\"%date_evenement_fin_r%\":\"02 Mai 2026\",\"post_excerpt\":\"La ville de Bram se positionne d\\u00e9sormais comme un acteur incontournable du tourisme \\u00e0 v\\u00e9lo en Occitanie. Situ\\u00e9e au carrefour du Canal des 2 mers \\u00e0 v\\u00e9lo (V80) et de la Voie Verte du Canal du Midi \\u00e0 Monts\\u00e9gur, Bram continue de se d\\u00e9velopper pour mieux accueillir les cyclistes et les randonneurs. Riche d\\u2019un tr\\u00e8s [&hellip;]\",\"post_content\":\"La ville de Bram se positionne d\\u00e9sormais comme un acteur incontournable du tourisme \\u00e0 v\\u00e9lo en Occitanie. Situ\\u00e9e au carrefour du Canal des 2 mers \\u00e0 v\\u00e9lo (V80) et de la Voie Verte du Canal du Midi \\u00e0 Monts\\u00e9gur, Bram continue de se d\\u00e9velopper pour mieux accueillir les cyclistes et les randonneurs. \\nRiche d\\u2019un tr\\u00e8s gros programme Mai \\u00e0 v\\u00e9lo chaque ann\\u00e9e, \\u00e0 destination des enfants, des anciens et de tous les habitants de sa commune, c\\u2019est donc tout naturellement que Bram prend part au lancement de Mai \\u00e0 v\\u00e9lo 2026.\\nUn village d\\u2019animations au Parc des Essars ainsi qu\\u2019une balade \\u00e0 v\\u00e9lo viendront rythmer la journ\\u00e9e.\\nAu programme : \\nD\\u00e8s 9h : Bourse aux v\\u00e9los devant le parc, et d\\u00e9but des ateliers r\\u00e9paration v\\u00e9lo anim\\u00e9s par La Roue qui Tourne\\n10h : Inauguration de l\\u2019exposition photo (Eco Bram &amp; Co) et d\\u00e9part de la balade sportive\\n11h : D\\u00e9part de la balade v\\u00e9lo pour toutes et tous (parcours de 10 kms interg\\u00e9n\\u00e9rationnel)\\n12h30 : Pot de l\\u2019amiti\\u00e9\\n13h : D\\u00e9but des animations dans le parc avec un man\\u00e8ge \\u00e0 v\\u00e9lo pour les enfants, des balades en triporteur (A v\\u00e9lo sans \\u00e2ge), un parcours de maniabilit\\u00e9, des fresques de la mobilit\\u00e9, des stands de sensibilisation, VELI. \\n15h : Spectacle\\nA partir de 18h30 : espace de restauration sur la place Carnot\\n20h : Projection Cin\\u00e9-Cyclo du film \\u00ab Le monde \\u00e0 v\\u00e9lo \\u00bb de Maxime Rey, dans les Halles Claude Nougaro. \\nVenez nombreuses et nombreux !\",\"post_title\":\"MAI \\u00c0 V\\u00c9LO\",\"post_link\":\"https:\\\/\\\/collinescathares.com\\\/es\\\/evenements-ponctuels\\\/mai-a-velo\\\/\",\"post_featured_image\":\"<div class=\\\"fc-feature-img\\\"><img alt=\\\"MAI \\u00c0 V\\u00c9LO\\\" width=\\\"300\\\" height=\\\"225\\\" src=\\\"https:\\\/\\\/collinescathares.com\\\/wp-content\\\/uploads\\\/2026\\\/04\\\/MAI-A-VELO-300x225.jpg\\\" class=\\\"wp-post-image   wpgmp_featured_image\\\" ><\\\/div>\",\"post_categories\":\"Ev\\u00e9nements ponctuels\",\"post_tags\":\"\",\"%jupiterx_reading_time%\":\"1 minute\",\"%_thumbnail_id%\":\"263654\",\"%ville_r%\":\"BRAM\",\"%_ville_r%\":\"field_5efc3a17e12c5\",\"%cp_r%\":\"11150\",\"%_cp_r%\":\"field_5efc3a47e12ca\",\"%tarifs_r%\":\"\",\"%_tarifs_r%\":\"field_5efc3a22e12c6\",\"%adresse_r%\":\"avenue Georges Cl\\u00e9menceau\",\"%_adresse_r%\":\"field_5efc3a2ee12c7\",\"%carte_r%\":\"avenue Georges Cl\\u00e9menceau 11150 BRAM, 43.2416286, 2.11193709, 14\",\"%_carte_r%\":\"field_5efc4ed05494a\",\"%labels_r%\":\"\",\"%_labels_r%\":\"field_5f3a47134470d\",\"%handicap_r%\":\"\",\"%_handicap_r%\":\"field_5f3a471a4470e\",\"%offres_promotionnelles_r%\":\"\",\"%_offres_promotionnelles_r%\":\"field_5f3a472d4470f\",\"%telephone_r%\":\"+33 4 68 76 10 75\",\"%_telephone_r%\":\"field_5efc3a39e12c8\",\"%email_r%\":\"contact@villedebram.fr\",\"%_email_r%\":\"field_5efc3a40e12c9\",\"%idunique_r%\":\"FMALAR011V51AQSE\",\"%_idunique_r%\":\"field_5f04335c562b3\",\"%site_r%\":\"https:\\\/\\\/www.villedebram.fr\\\/\",\"%_site_r%\":\"field_5efc4d652a106\",\"%_date_evenement_r%\":\"field_5f0348f37d5bd\",\"%_date_evenement_fin_r%\":\"field_5f3a4540d0781\",\"%horaires_evenement_r%\":\"09:00 \\\/ 22:00\",\"%_horaires_evenement_r%\":\"field_5f3a4550d0782\",\"%type_r%\":\"Spectacle\",\"%_type_r%\":\"field_5f057b5365cd7\",\"%classification_r%\":\"\",\"%_classification_r%\":\"field_5f3a3af81a328\",\"%classement_prefectoral_r%\":\"\",\"%_classement_prefectoral_r%\":\"field_5f3a473444710\",\"%datetri_r%\":\"1777680000\",\"%_datetri_r%\":\"field_5f3a8a82002b1\",\"%langage_r%\":\"FR\",\"%_langage_r%\":\"field_5f3be5649f374\",\"%_wpgmp_location_address%\":\"avenue Georges Cl\\u00e9menceau 11150 BRAM\",\"%_wpgmp_location_city%\":\"BRAM\",\"%_wpgmp_location_state%\":\"\",\"%_wpgmp_location_country%\":\"France\",\"%_wpgmp_metabox_marker_id%\":\"a:1:{i:0;i:8;}\",\"%_wpgmp_map_id%\":\"a:1:{i:0;i:21;}\",\"%_wpgmp_metabox_latitude%\":\"43.2416286\",\"%_wpgmp_metabox_longitude%\":\"2.11193709\",\"%_wpgmp_metabox_location_redirect%\":\"post\",\"%_wpgmp_metabox_custom_link%\":\"\",\"%_wpgmp_metabox_taxomomies_terms%\":\"N;\",\"%_wpgmp_extensions_fields%\":\"N;\",\"%_wpml_word_count%\":\"233\",\"%galerie_image_r%\":\"263654\",\"%_galerie_image_r%\":\"field_5f3bd339f8130\",\"%_elementor_page_assets%\":\"\",\"taxonomy=category\":\"Ev\\u00e9nements ponctuels\",\"taxonomy=post_tag\":\"\",\"taxonomy=post_format\":\"\",\"taxonomy=translation_priority\":\"Facultatif\"},\"icon\":\"https:\\\/\\\/collinescathares.com\\\/wp-content\\\/uploads\\\/2020\\\/07\\\/pointeur_vert.svg\"},\"id\":263657,\"custom_filters\":{\"type_r\":\"Spectacle\",\"datetri_r\":\"1777680000\"},\"infowindow_disable\":false,\"categories\":[{\"icon\":\"https:\\\/\\\/collinescathares.com\\\/wp-content\\\/uploads\\\/2020\\\/07\\\/pointeur_vert.svg\",\"name\":\"Ev\\u00e9nements ponctuels\",\"id\":\"8\",\"type\":\"category\"}]},{\"source\":\"post\",\"title\":\"BRAM-VILLESEQUELANDE \\u00c0 V\\u00c9LO\",\"infowindow_content\":\"<div class=\\\"fc-main\\\"><div class=\\\"fc-item-title\\\">BRAM-VILLESEQUELANDE \\u00c0 V\\u00c9LO <span class=\\\"fc-badge info\\\">Ev\\u00e9nements ponctuels<\\\/span><\\\/div> <div class=\\\"fc-item-featured_image\\\"><div class=\\\"fc-feature-img\\\"><img alt=\\\"BRAM-VILLESEQUELANDE \\u00c0 V\\u00c9LO\\\" width=\\\"300\\\" height=\\\"225\\\" src=\\\"https:\\\/\\\/collinescathares.com\\\/wp-content\\\/uploads\\\/2026\\\/04\\\/Echappee-en-velo-sur-le-canal-du-Midi-300x225.jpg\\\" class=\\\"wp-post-image   wpgmp_featured_image\\\" ><\\\/div> <\\\/div>Rendez-vous au Parc des Essars \\u00e0 Bram Une balade d\\u00e9couverte sur la piste cyclable au rythme des ouvrages et de la flore du canal du Midi. Visite des expositions et pique nique \\u00e0 la Maison des Arts et de la Nature. Aller retour 30 km Pr\\u00e9voir v\\u00e9lo r\\u00e9vis\\u00e9 et kit de r\\u00e9paration Sur inscription \\u00c0 [&hellip;]<address><b>Adresse : <\\\/b>{marker_address}<\\\/address><a class=\\\"fc-btn fc-btn-small fc-btn-red\\\" href=\\\"https:\\\/\\\/collinescathares.com\\\/es\\\/evenements-ponctuels\\\/bram-villesequelande-a-velo\\\/\\\">En savoir plus<\\\/a><\\\/div>\",\"content\":\"Rendez-vous au Parc des Essars \\u00e0 Bram Une balade d\\u00e9couverte sur la piste cyclable au rythme des ouvrages et de la flore du canal du Midi. Visite des expositions et pique nique \\u00e0 la Maison des Arts et de la Nature. Aller retour 30 km Pr\\u00e9voir v\\u00e9lo r\\u00e9vis\\u00e9 et kit de r\\u00e9paration Sur inscription \\u00c0 [&hellip;]\",\"address\":\" 11170 VILLESEQUELANDE\",\"location\":{\"lat\":\"43.237881\",\"city\":\"VILLESEQUELANDE\",\"country\":\"France\",\"lng\":\"2.2323719\",\"onclick_action\":\"post\",\"redirect_permalink\":\"https:\\\/\\\/collinescathares.com\\\/es\\\/evenements-ponctuels\\\/bram-villesequelande-a-velo\\\/\",\"zoom\":10,\"extra_fields\":{\"%date_evenement_r%\":\"17 Mai 2026\",\"%date_evenement_fin_r%\":\"17 Mai 2026\",\"post_excerpt\":\"Rendez-vous au Parc des Essars \\u00e0 Bram Une balade d\\u00e9couverte sur la piste cyclable au rythme des ouvrages et de la flore du canal du Midi. Visite des expositions et pique nique \\u00e0 la Maison des Arts et de la Nature. Aller retour 30 km Pr\\u00e9voir v\\u00e9lo r\\u00e9vis\\u00e9 et kit de r\\u00e9paration Sur inscription \\u00c0 [&hellip;]\",\"post_content\":\"Rendez-vous au Parc des Essars \\u00e0 Bram\\nUne balade d\\u00e9couverte sur la piste cyclable au rythme des ouvrages et de la flore du canal du Midi.\\nVisite des expositions et pique nique \\u00e0 la Maison des Arts et de la Nature.\\nAller retour 30 km\\nPr\\u00e9voir v\\u00e9lo r\\u00e9vis\\u00e9 et kit de r\\u00e9paration\\n\\nSur inscription\\n\\u00c0 partir de 10 ans\\nNombre de Participants : 4 \\u00e0 25\",\"post_title\":\"BRAM-VILLESEQUELANDE \\u00c0 V\\u00c9LO\",\"post_link\":\"https:\\\/\\\/collinescathares.com\\\/es\\\/evenements-ponctuels\\\/bram-villesequelande-a-velo\\\/\",\"post_featured_image\":\"<div class=\\\"fc-feature-img\\\"><img alt=\\\"BRAM-VILLESEQUELANDE \\u00c0 V\\u00c9LO\\\" width=\\\"300\\\" height=\\\"225\\\" src=\\\"https:\\\/\\\/collinescathares.com\\\/wp-content\\\/uploads\\\/2026\\\/04\\\/Echappee-en-velo-sur-le-canal-du-Midi-300x225.jpg\\\" class=\\\"wp-post-image   wpgmp_featured_image\\\" ><\\\/div>\",\"post_categories\":\"Ev\\u00e9nements ponctuels\",\"post_tags\":\"\",\"%jupiterx_reading_time%\":\"1 minute\",\"%_thumbnail_id%\":\"263615\",\"%ville_r%\":\"VILLESEQUELANDE\",\"%_ville_r%\":\"field_5efc3a17e12c5\",\"%cp_r%\":\"11170\",\"%_cp_r%\":\"field_5efc3a47e12ca\",\"%tarifs_r%\":\"\",\"%_tarifs_r%\":\"field_5efc3a22e12c6\",\"%carte_r%\":\" 11170 VILLESEQUELANDE, 43.237881, 2.2323719, 14\",\"%_carte_r%\":\"field_5efc4ed05494a\",\"%labels_r%\":\"\",\"%_labels_r%\":\"field_5f3a47134470d\",\"%handicap_r%\":\"\",\"%_handicap_r%\":\"field_5f3a471a4470e\",\"%offres_promotionnelles_r%\":\"\",\"%_offres_promotionnelles_r%\":\"field_5f3a472d4470f\",\"%telephone_r%\":\"\",\"%_telephone_r%\":\"field_5efc3a39e12c8\",\"%email_r%\":\"sonia@grainsdart.com\",\"%_email_r%\":\"field_5efc3a40e12c9\",\"%idunique_r%\":\"FMALAR011V51AJWA\",\"%_idunique_r%\":\"field_5f04335c562b3\",\"%site_r%\":\"https:\\\/\\\/www.grainsdart.com\\\/\",\"%_site_r%\":\"field_5efc4d652a106\",\"%_date_evenement_r%\":\"field_5f0348f37d5bd\",\"%_date_evenement_fin_r%\":\"field_5f3a4540d0781\",\"%horaires_evenement_r%\":\"09:30 \\\/ 16:00\",\"%_horaires_evenement_r%\":\"field_5f3a4550d0782\",\"%type_r%\":\"Excursion\",\"%_type_r%\":\"field_5f057b5365cd7\",\"%classification_r%\":\"\",\"%_classification_r%\":\"field_5f3a3af81a328\",\"%classement_prefectoral_r%\":\"\",\"%_classement_prefectoral_r%\":\"field_5f3a473444710\",\"%datetri_r%\":\"1778976000\",\"%_datetri_r%\":\"field_5f3a8a82002b1\",\"%langage_r%\":\"FR\",\"%_langage_r%\":\"field_5f3be5649f374\",\"%_wpgmp_location_address%\":\" 11170 VILLESEQUELANDE\",\"%_wpgmp_location_city%\":\"VILLESEQUELANDE\",\"%_wpgmp_location_state%\":\"\",\"%_wpgmp_location_country%\":\"France\",\"%_wpgmp_metabox_marker_id%\":\"a:1:{i:0;i:8;}\",\"%_wpgmp_map_id%\":\"a:1:{i:0;i:21;}\",\"%_wpgmp_metabox_latitude%\":\"43.237881\",\"%_wpgmp_metabox_longitude%\":\"2.2323719\",\"%_wpgmp_metabox_location_redirect%\":\"post\",\"%_wpgmp_metabox_custom_link%\":\"\",\"%_wpgmp_metabox_taxomomies_terms%\":\"N;\",\"%_wpgmp_extensions_fields%\":\"N;\",\"%_wpml_word_count%\":\"61\",\"%galerie_image_r%\":\"263615\",\"%_galerie_image_r%\":\"field_5f3bd339f8130\",\"%_elementor_page_assets%\":\"\",\"taxonomy=category\":\"Ev\\u00e9nements ponctuels\",\"taxonomy=post_tag\":\"\",\"taxonomy=post_format\":\"\",\"taxonomy=translation_priority\":\"Facultatif\"},\"icon\":\"https:\\\/\\\/collinescathares.com\\\/wp-content\\\/uploads\\\/2020\\\/07\\\/pointeur_vert.svg\"},\"id\":263618,\"custom_filters\":{\"type_r\":\"Excursion\",\"datetri_r\":\"1778976000\"},\"infowindow_disable\":false,\"categories\":[{\"icon\":\"https:\\\/\\\/collinescathares.com\\\/wp-content\\\/uploads\\\/2020\\\/07\\\/pointeur_vert.svg\",\"name\":\"Ev\\u00e9nements ponctuels\",\"id\":\"8\",\"type\":\"category\"}]},{\"source\":\"post\",\"title\":\"ENS &#8211; UN AIR DE LAVANDE DANS LES COLLINES\",\"infowindow_content\":\"<div class=\\\"fc-main\\\"><div class=\\\"fc-item-title\\\">ENS &#8211; UN AIR DE LAVANDE DANS LES COLLINES <span class=\\\"fc-badge info\\\">Ev\\u00e9nements ponctuels<\\\/span><\\\/div> <div class=\\\"fc-item-featured_image\\\"><div class=\\\"fc-feature-img\\\"><img alt=\\\"ENS &#8211; UN AIR DE LAVANDE DANS LES COLLINES\\\" width=\\\"300\\\" height=\\\"225\\\" src=\\\"https:\\\/\\\/collinescathares.com\\\/wp-content\\\/uploads\\\/2021\\\/03\\\/ENS-oiseau-300x225.jpg\\\" class=\\\"wp-post-image   wpgmp_featured_image\\\" ><\\\/div> <\\\/div>9 km \\\/ Moyen \\\/ + 8 ans Les collines du Vent offrent une belle biodiversit\\u00e9, au carrefour des influences m\\u00e9diterran\\u00e9enne et oc\\u00e9anique. Elles sont un belv\\u00e9d\\u00e8re incomparable pour l\\u2019analyse paysag\\u00e8re et l\\u2019observation des oiseaux, dont certains en transit entre Montagne noire et Pyr\\u00e9n\\u00e9es. Cette balade, depuis une exploitation de lavande, sera l&#8217;occasion de s&#8217;initier [&hellip;]<address><b>Adresse : <\\\/b>{marker_address}<\\\/address><a class=\\\"fc-btn fc-btn-small fc-btn-red\\\" href=\\\"https:\\\/\\\/collinescathares.com\\\/es\\\/evenements-ponctuels\\\/ens-un-air-de-lavande-dans-les-collines\\\/\\\">En savoir plus<\\\/a><\\\/div>\",\"content\":\"9 km \\\/ Moyen \\\/ + 8 ans Les collines du Vent offrent une belle biodiversit\\u00e9, au carrefour des influences m\\u00e9diterran\\u00e9enne et oc\\u00e9anique. Elles sont un belv\\u00e9d\\u00e8re incomparable pour l\\u2019analyse paysag\\u00e8re et l\\u2019observation des oiseaux, dont certains en transit entre Montagne noire et Pyr\\u00e9n\\u00e9es. Cette balade, depuis une exploitation de lavande, sera l&#8217;occasion de s&#8217;initier [&hellip;]\",\"address\":\"La Vigui\\u00e8re 11150 VILLASAVARY\",\"location\":{\"lat\":\"43.239915\",\"city\":\"VILLASAVARY\",\"country\":\"France\",\"lng\":\"2.013074\",\"onclick_action\":\"post\",\"redirect_permalink\":\"https:\\\/\\\/collinescathares.com\\\/es\\\/evenements-ponctuels\\\/ens-un-air-de-lavande-dans-les-collines\\\/\",\"zoom\":10,\"extra_fields\":{\"%date_evenement_r%\":\"07 Juin 2026\",\"%date_evenement_fin_r%\":\"07 Juin 2026\",\"post_excerpt\":\"9 km \\\/ Moyen \\\/ + 8 ans Les collines du Vent offrent une belle biodiversit\\u00e9, au carrefour des influences m\\u00e9diterran\\u00e9enne et oc\\u00e9anique. Elles sont un belv\\u00e9d\\u00e8re incomparable pour l\\u2019analyse paysag\\u00e8re et l\\u2019observation des oiseaux, dont certains en transit entre Montagne noire et Pyr\\u00e9n\\u00e9es. Cette balade, depuis une exploitation de lavande, sera l&#8217;occasion de s&#8217;initier [&hellip;]\",\"post_content\":\"9 km \\\/ Moyen \\\/ + 8 ans\\nLes collines du Vent offrent une belle biodiversit\\u00e9, au carrefour des influences m\\u00e9diterran\\u00e9enne et oc\\u00e9anique. Elles sont un belv\\u00e9d\\u00e8re incomparable pour l\\u2019analyse paysag\\u00e8re et l\\u2019observation des oiseaux, dont certains en transit entre Montagne noire et Pyr\\u00e9n\\u00e9es. Cette balade, depuis une exploitation de lavande, sera l'occasion de s'initier \\u00e0 l'aquarelle naturaliste.\\nGrains d'Art \\u2013 Sonia Martin\\nR\\u00e9servation obligatoire par t\\u00e9l\\u00e9phone. 20 personnes max.\\nMat\\u00e9riel d\\u2019aquarelle fourni.\\nRendez-vous lieu-dit aux Collines de Besplas, pr\\u00e8s de la chapelle de Besplas. \",\"post_title\":\"ENS &#8211; UN AIR DE LAVANDE DANS LES COLLINES\",\"post_link\":\"https:\\\/\\\/collinescathares.com\\\/es\\\/evenements-ponctuels\\\/ens-un-air-de-lavande-dans-les-collines\\\/\",\"post_featured_image\":\"<div class=\\\"fc-feature-img\\\"><img alt=\\\"ENS &#8211; UN AIR DE LAVANDE DANS LES COLLINES\\\" width=\\\"300\\\" height=\\\"225\\\" src=\\\"https:\\\/\\\/collinescathares.com\\\/wp-content\\\/uploads\\\/2021\\\/03\\\/ENS-oiseau-300x225.jpg\\\" class=\\\"wp-post-image   wpgmp_featured_image\\\" ><\\\/div>\",\"post_categories\":\"Ev\\u00e9nements ponctuels\",\"post_tags\":\"\",\"%jupiterx_reading_time%\":\"1 minute\",\"%_thumbnail_id%\":\"88001\",\"%ville_r%\":\"VILLASAVARY\",\"%_ville_r%\":\"field_5efc3a17e12c5\",\"%cp_r%\":\"11150\",\"%_cp_r%\":\"field_5efc3a47e12ca\",\"%tarifs_r%\":\"\",\"%_tarifs_r%\":\"field_5efc3a22e12c6\",\"%adresse_r%\":\"La Vigui\\u00e8re\",\"%_adresse_r%\":\"field_5efc3a2ee12c7\",\"%carte_r%\":\"La Vigui\\u00e8re 11150 VILLASAVARY, 43.239915, 2.013074, 14\",\"%_carte_r%\":\"field_5efc4ed05494a\",\"%labels_r%\":\"\",\"%_labels_r%\":\"field_5f3a47134470d\",\"%handicap_r%\":\"\",\"%_handicap_r%\":\"field_5f3a471a4470e\",\"%offres_promotionnelles_r%\":\"\",\"%_offres_promotionnelles_r%\":\"field_5f3a472d4470f\",\"%telephone_r%\":\" Port : +33 6 18 75 43 19\",\"%_telephone_r%\":\"field_5efc3a39e12c8\",\"%email_r%\":\"\",\"%_email_r%\":\"field_5efc3a40e12c9\",\"%idunique_r%\":\"FMALAR011V51AKW9\",\"%_idunique_r%\":\"field_5f04335c562b3\",\"%site_r%\":\"\",\"%_site_r%\":\"field_5efc4d652a106\",\"%_date_evenement_r%\":\"field_5f0348f37d5bd\",\"%_date_evenement_fin_r%\":\"field_5f3a4540d0781\",\"%horaires_evenement_r%\":\"09:30 \\\/ 17:30\",\"%_horaires_evenement_r%\":\"field_5f3a4550d0782\",\"%type_r%\":\"Randonn\\u00e9e, balade\",\"%_type_r%\":\"field_5f057b5365cd7\",\"%classification_r%\":\"\",\"%_classification_r%\":\"field_5f3a3af81a328\",\"%classement_prefectoral_r%\":\"\",\"%_classement_prefectoral_r%\":\"field_5f3a473444710\",\"%datetri_r%\":\"1780790400\",\"%_datetri_r%\":\"field_5f3a8a82002b1\",\"%langage_r%\":\"FR\",\"%_langage_r%\":\"field_5f3be5649f374\",\"%_wpgmp_location_address%\":\"La Vigui\\u00e8re 11150 VILLASAVARY\",\"%_wpgmp_location_city%\":\"VILLASAVARY\",\"%_wpgmp_location_state%\":\"\",\"%_wpgmp_location_country%\":\"France\",\"%_wpgmp_metabox_marker_id%\":\"a:1:{i:0;i:8;}\",\"%_wpgmp_map_id%\":\"a:1:{i:0;i:21;}\",\"%_wpgmp_metabox_latitude%\":\"43.239915\",\"%_wpgmp_metabox_longitude%\":\"2.013074\",\"%_wpgmp_metabox_location_redirect%\":\"post\",\"%_wpgmp_metabox_custom_link%\":\"\",\"%_wpgmp_metabox_taxomomies_terms%\":\"N;\",\"%_wpgmp_extensions_fields%\":\"N;\",\"%_wpml_word_count%\":\"110\",\"%galerie_image_r%\":\"88001\",\"%_galerie_image_r%\":\"field_5f3bd339f8130\",\"%_elementor_page_assets%\":\"\",\"taxonomy=category\":\"Ev\\u00e9nements ponctuels\",\"taxonomy=post_tag\":\"\",\"taxonomy=post_format\":\"\",\"taxonomy=translation_priority\":\"Facultatif\"},\"icon\":\"https:\\\/\\\/collinescathares.com\\\/wp-content\\\/uploads\\\/2020\\\/07\\\/pointeur_vert.svg\"},\"id\":263607,\"custom_filters\":{\"type_r\":\"Randonn\\u00e9e, balade\",\"datetri_r\":\"1780790400\"},\"infowindow_disable\":false,\"categories\":[{\"icon\":\"https:\\\/\\\/collinescathares.com\\\/wp-content\\\/uploads\\\/2020\\\/07\\\/pointeur_vert.svg\",\"name\":\"Ev\\u00e9nements ponctuels\",\"id\":\"8\",\"type\":\"category\"}]},{\"source\":\"post\",\"title\":\"ENS &#8211; \\u00c9CHAPP\\u00c9E \\u00c0 V\\u00c9LO SUR LE CANAL DU MIDI\",\"infowindow_content\":\"<div class=\\\"fc-main\\\"><div class=\\\"fc-item-title\\\">ENS &#8211; \\u00c9CHAPP\\u00c9E \\u00c0 V\\u00c9LO SUR LE CANAL DU MIDI <span class=\\\"fc-badge info\\\">Ev\\u00e9nements ponctuels<\\\/span><\\\/div> <div class=\\\"fc-item-featured_image\\\"><div class=\\\"fc-feature-img\\\"><img alt=\\\"ENS &#8211; \\u00c9CHAPP\\u00c9E \\u00c0 V\\u00c9LO SUR LE CANAL DU MIDI\\\" width=\\\"300\\\" height=\\\"225\\\" src=\\\"https:\\\/\\\/collinescathares.com\\\/wp-content\\\/uploads\\\/2021\\\/04\\\/ENS-grenouille-300x225.jpg\\\" class=\\\"wp-post-image   wpgmp_featured_image\\\" ><\\\/div> <\\\/div>30 km \\\/ Moyen \\\/ + 10 ans Une balade d\\u00e9couverte sur la piste cyclable au rythme des ouvrages et de la flore du canal du Midi. Visite des expositions et pique-nique \\u00e0 la maison des Arts et de la Nature. R\\u00e9servation obligatoire par t\\u00e9l\\u00e9phone. 20 personnes max. Apporter son v\\u00e9lo, r\\u00e9vis\\u00e9 avec kit de [&hellip;]<address><b>Adresse : <\\\/b>{marker_address}<\\\/address><a class=\\\"fc-btn fc-btn-small fc-btn-red\\\" href=\\\"https:\\\/\\\/collinescathares.com\\\/es\\\/evenements-ponctuels\\\/ens-echappee-a-velo-sur-le-canal-du-midi\\\/\\\">En savoir plus<\\\/a><\\\/div>\",\"content\":\"30 km \\\/ Moyen \\\/ + 10 ans Une balade d\\u00e9couverte sur la piste cyclable au rythme des ouvrages et de la flore du canal du Midi. Visite des expositions et pique-nique \\u00e0 la maison des Arts et de la Nature. R\\u00e9servation obligatoire par t\\u00e9l\\u00e9phone. 20 personnes max. Apporter son v\\u00e9lo, r\\u00e9vis\\u00e9 avec kit de [&hellip;]\",\"address\":\" 11150 BRAM\",\"location\":{\"lat\":\"43.2410394\",\"city\":\"BRAM\",\"country\":\"France\",\"lng\":\"2.11159015\",\"onclick_action\":\"post\",\"redirect_permalink\":\"https:\\\/\\\/collinescathares.com\\\/es\\\/evenements-ponctuels\\\/ens-echappee-a-velo-sur-le-canal-du-midi\\\/\",\"zoom\":10,\"extra_fields\":{\"%date_evenement_r%\":\"17 Mai 2026\",\"%date_evenement_fin_r%\":\"17 Mai 2026\",\"post_excerpt\":\"30 km \\\/ Moyen \\\/ + 10 ans Une balade d\\u00e9couverte sur la piste cyclable au rythme des ouvrages et de la flore du canal du Midi. Visite des expositions et pique-nique \\u00e0 la maison des Arts et de la Nature. R\\u00e9servation obligatoire par t\\u00e9l\\u00e9phone. 20 personnes max. Apporter son v\\u00e9lo, r\\u00e9vis\\u00e9 avec kit de [&hellip;]\",\"post_content\":\"30 km \\\/ Moyen \\\/ + 10 ans\\nUne balade d\\u00e9couverte sur la piste cyclable au rythme des ouvrages et de la flore du canal du Midi. Visite des expositions et pique-nique \\u00e0 la maison des Arts et de la Nature.\\nR\\u00e9servation obligatoire par t\\u00e9l\\u00e9phone. 20 personnes max.\\nApporter son v\\u00e9lo, r\\u00e9vis\\u00e9 avec kit de r\\u00e9paration.\\nRendez-vous au parc des Essarts.\\n\",\"post_title\":\"ENS &#8211; \\u00c9CHAPP\\u00c9E \\u00c0 V\\u00c9LO SUR LE CANAL DU MIDI\",\"post_link\":\"https:\\\/\\\/collinescathares.com\\\/es\\\/evenements-ponctuels\\\/ens-echappee-a-velo-sur-le-canal-du-midi\\\/\",\"post_featured_image\":\"<div class=\\\"fc-feature-img\\\"><img alt=\\\"ENS &#8211; \\u00c9CHAPP\\u00c9E \\u00c0 V\\u00c9LO SUR LE CANAL DU MIDI\\\" width=\\\"300\\\" height=\\\"225\\\" src=\\\"https:\\\/\\\/collinescathares.com\\\/wp-content\\\/uploads\\\/2021\\\/04\\\/ENS-grenouille-300x225.jpg\\\" class=\\\"wp-post-image   wpgmp_featured_image\\\" ><\\\/div>\",\"post_categories\":\"Ev\\u00e9nements ponctuels\",\"post_tags\":\"\",\"%jupiterx_reading_time%\":\"1 minute\",\"%_thumbnail_id%\":\"88762\",\"%ville_r%\":\"BRAM\",\"%_ville_r%\":\"field_5efc3a17e12c5\",\"%cp_r%\":\"11150\",\"%_cp_r%\":\"field_5efc3a47e12ca\",\"%tarifs_r%\":\"\",\"%_tarifs_r%\":\"field_5efc3a22e12c6\",\"%carte_r%\":\" 11150 BRAM, 43.2410394, 2.11159015, 14\",\"%_carte_r%\":\"field_5efc4ed05494a\",\"%labels_r%\":\"\",\"%_labels_r%\":\"field_5f3a47134470d\",\"%handicap_r%\":\"\",\"%_handicap_r%\":\"field_5f3a471a4470e\",\"%offres_promotionnelles_r%\":\"\",\"%_offres_promotionnelles_r%\":\"field_5f3a472d4470f\",\"%telephone_r%\":\" Port : +33 6 88 64 12 38\",\"%_telephone_r%\":\"field_5efc3a39e12c8\",\"%email_r%\":\"\",\"%_email_r%\":\"field_5efc3a40e12c9\",\"%idunique_r%\":\"FMALAR011V51AIIM\",\"%_idunique_r%\":\"field_5f04335c562b3\",\"%site_r%\":\"\",\"%_site_r%\":\"field_5efc4d652a106\",\"%_date_evenement_r%\":\"field_5f0348f37d5bd\",\"%_date_evenement_fin_r%\":\"field_5f3a4540d0781\",\"%horaires_evenement_r%\":\"09:30 \\\/ 14:30\",\"%_horaires_evenement_r%\":\"field_5f3a4550d0782\",\"%type_r%\":\"Randonn\\u00e9e, balade\",\"%_type_r%\":\"field_5f057b5365cd7\",\"%classification_r%\":\"\",\"%_classification_r%\":\"field_5f3a3af81a328\",\"%classement_prefectoral_r%\":\"\",\"%_classement_prefectoral_r%\":\"field_5f3a473444710\",\"%datetri_r%\":\"1778976000\",\"%_datetri_r%\":\"field_5f3a8a82002b1\",\"%langage_r%\":\"FR\",\"%_langage_r%\":\"field_5f3be5649f374\",\"%_wpgmp_location_address%\":\" 11150 BRAM\",\"%_wpgmp_location_city%\":\"BRAM\",\"%_wpgmp_location_state%\":\"\",\"%_wpgmp_location_country%\":\"France\",\"%_wpgmp_metabox_marker_id%\":\"a:1:{i:0;i:8;}\",\"%_wpgmp_map_id%\":\"a:1:{i:0;i:21;}\",\"%_wpgmp_metabox_latitude%\":\"43.2410394\",\"%_wpgmp_metabox_longitude%\":\"2.11159015\",\"%_wpgmp_metabox_location_redirect%\":\"post\",\"%_wpgmp_metabox_custom_link%\":\"\",\"%_wpgmp_metabox_taxomomies_terms%\":\"N;\",\"%_wpgmp_extensions_fields%\":\"N;\",\"%_wpml_word_count%\":\"64\",\"%galerie_image_r%\":\"88762\",\"%_galerie_image_r%\":\"field_5f3bd339f8130\",\"%_elementor_page_assets%\":\"\",\"taxonomy=category\":\"Ev\\u00e9nements ponctuels\",\"taxonomy=post_tag\":\"\",\"taxonomy=post_format\":\"\",\"taxonomy=translation_priority\":\"Facultatif\"},\"icon\":\"https:\\\/\\\/collinescathares.com\\\/wp-content\\\/uploads\\\/2020\\\/07\\\/pointeur_vert.svg\"},\"id\":263522,\"custom_filters\":{\"type_r\":\"Randonn\\u00e9e, balade\",\"datetri_r\":\"1778976000\"},\"infowindow_disable\":false,\"categories\":[{\"icon\":\"https:\\\/\\\/collinescathares.com\\\/wp-content\\\/uploads\\\/2020\\\/07\\\/pointeur_vert.svg\",\"name\":\"Ev\\u00e9nements ponctuels\",\"id\":\"8\",\"type\":\"category\"}]},{\"source\":\"post\",\"title\":\"ENS &#8211; LA PRODUCTION DE FROMAGE EST \\u00c0 L\\u2019HONNEUR !\",\"infowindow_content\":\"<div class=\\\"fc-main\\\"><div class=\\\"fc-item-title\\\">ENS &#8211; LA PRODUCTION DE FROMAGE EST \\u00c0 L\\u2019HONNEUR ! <span class=\\\"fc-badge info\\\">Ev\\u00e9nements ponctuels<\\\/span><\\\/div> <div class=\\\"fc-item-featured_image\\\"><div class=\\\"fc-feature-img\\\"><img alt=\\\"ENS &#8211; LA PRODUCTION DE FROMAGE EST \\u00c0 L\\u2019HONNEUR !\\\" width=\\\"300\\\" height=\\\"225\\\" src=\\\"https:\\\/\\\/collinescathares.com\\\/wp-content\\\/uploads\\\/2022\\\/03\\\/ENS-fleur-300x225.jpg\\\" class=\\\"wp-post-image   wpgmp_featured_image\\\" ><\\\/div> <\\\/div>5 km \\\/ Moyen \\\/ + 8 ans En haut de la colline nous attend un paysan, \\u00e9leveur de brebis, producteur de fromage au lait cru. Une visite unique, agr\\u00e9ment\\u00e9e par la lecture de paysage entre les Pyr\\u00e9n\\u00e9es et la Pi\\u00e8ge. R\\u00e9servation obligatoire par SMS. 20 personnes max. Rendez-vous devant la mairie.<address><b>Adresse : <\\\/b>{marker_address}<\\\/address><a class=\\\"fc-btn fc-btn-small fc-btn-red\\\" href=\\\"https:\\\/\\\/collinescathares.com\\\/es\\\/evenements-ponctuels\\\/ens-la-production-de-fromage-est-a-lhonneur\\\/\\\">En savoir plus<\\\/a><\\\/div>\",\"content\":\"5 km \\\/ Moyen \\\/ + 8 ans En haut de la colline nous attend un paysan, \\u00e9leveur de brebis, producteur de fromage au lait cru. Une visite unique, agr\\u00e9ment\\u00e9e par la lecture de paysage entre les Pyr\\u00e9n\\u00e9es et la Pi\\u00e8ge. R\\u00e9servation obligatoire par SMS. 20 personnes max. Rendez-vous devant la mairie.\",\"address\":\" 11420 LAFAGE\",\"location\":{\"lat\":\"43.1742056\",\"city\":\"LAFAGE\",\"country\":\"France\",\"lng\":\"1.86354024\",\"onclick_action\":\"post\",\"redirect_permalink\":\"https:\\\/\\\/collinescathares.com\\\/es\\\/evenements-ponctuels\\\/ens-la-production-de-fromage-est-a-lhonneur\\\/\",\"zoom\":10,\"extra_fields\":{\"%date_evenement_r%\":\"24 Mai 2026\",\"%date_evenement_fin_r%\":\"24 Mai 2026\",\"post_excerpt\":\"5 km \\\/ Moyen \\\/ + 8 ans En haut de la colline nous attend un paysan, \\u00e9leveur de brebis, producteur de fromage au lait cru. Une visite unique, agr\\u00e9ment\\u00e9e par la lecture de paysage entre les Pyr\\u00e9n\\u00e9es et la Pi\\u00e8ge. R\\u00e9servation obligatoire par SMS. 20 personnes max. Rendez-vous devant la mairie.\",\"post_content\":\"5 km \\\/ Moyen \\\/ + 8 ans\\nEn haut de la colline nous attend un paysan, \\u00e9leveur de brebis, producteur de fromage au lait cru. Une visite unique, agr\\u00e9ment\\u00e9e par la lecture de paysage entre les Pyr\\u00e9n\\u00e9es et la Pi\\u00e8ge.\\nR\\u00e9servation obligatoire par SMS. 20 personnes max.\\nRendez-vous devant la mairie.\",\"post_title\":\"ENS &#8211; LA PRODUCTION DE FROMAGE EST \\u00c0 L\\u2019HONNEUR !\",\"post_link\":\"https:\\\/\\\/collinescathares.com\\\/es\\\/evenements-ponctuels\\\/ens-la-production-de-fromage-est-a-lhonneur\\\/\",\"post_featured_image\":\"<div class=\\\"fc-feature-img\\\"><img alt=\\\"ENS &#8211; LA PRODUCTION DE FROMAGE EST \\u00c0 L\\u2019HONNEUR !\\\" width=\\\"300\\\" height=\\\"225\\\" src=\\\"https:\\\/\\\/collinescathares.com\\\/wp-content\\\/uploads\\\/2022\\\/03\\\/ENS-fleur-300x225.jpg\\\" class=\\\"wp-post-image   wpgmp_featured_image\\\" ><\\\/div>\",\"post_categories\":\"Ev\\u00e9nements ponctuels\",\"post_tags\":\"\",\"%jupiterx_reading_time%\":\"1 minute\",\"%_thumbnail_id%\":\"159920\",\"%ville_r%\":\"LAFAGE\",\"%_ville_r%\":\"field_5efc3a17e12c5\",\"%cp_r%\":\"11420\",\"%_cp_r%\":\"field_5efc3a47e12ca\",\"%tarifs_r%\":\"\",\"%_tarifs_r%\":\"field_5efc3a22e12c6\",\"%carte_r%\":\" 11420 LAFAGE, 43.1742056, 1.86354024, 14\",\"%_carte_r%\":\"field_5efc4ed05494a\",\"%labels_r%\":\"\",\"%_labels_r%\":\"field_5f3a47134470d\",\"%handicap_r%\":\"\",\"%_handicap_r%\":\"field_5f3a471a4470e\",\"%offres_promotionnelles_r%\":\"\",\"%_offres_promotionnelles_r%\":\"field_5f3a472d4470f\",\"%telephone_r%\":\" Port : +33 6 88 64 12 38\",\"%_telephone_r%\":\"field_5efc3a39e12c8\",\"%email_r%\":\"\",\"%_email_r%\":\"field_5efc3a40e12c9\",\"%idunique_r%\":\"FMALAR011V51AJ3H\",\"%_idunique_r%\":\"field_5f04335c562b3\",\"%site_r%\":\"\",\"%_site_r%\":\"field_5efc4d652a106\",\"%_date_evenement_r%\":\"field_5f0348f37d5bd\",\"%_date_evenement_fin_r%\":\"field_5f3a4540d0781\",\"%horaires_evenement_r%\":\"09:30 \\\/ 14:30\",\"%_horaires_evenement_r%\":\"field_5f3a4550d0782\",\"%type_r%\":\"Randonn\\u00e9e, balade\",\"%_type_r%\":\"field_5f057b5365cd7\",\"%classification_r%\":\"\",\"%_classification_r%\":\"field_5f3a3af81a328\",\"%classement_prefectoral_r%\":\"\",\"%_classement_prefectoral_r%\":\"field_5f3a473444710\",\"%datetri_r%\":\"1779580800\",\"%_datetri_r%\":\"field_5f3a8a82002b1\",\"%langage_r%\":\"FR\",\"%_langage_r%\":\"field_5f3be5649f374\",\"%_wpgmp_location_address%\":\" 11420 LAFAGE\",\"%_wpgmp_location_city%\":\"LAFAGE\",\"%_wpgmp_location_state%\":\"\",\"%_wpgmp_location_country%\":\"France\",\"%_wpgmp_metabox_marker_id%\":\"a:1:{i:0;i:8;}\",\"%_wpgmp_map_id%\":\"a:1:{i:0;i:21;}\",\"%_wpgmp_metabox_latitude%\":\"43.1742056\",\"%_wpgmp_metabox_longitude%\":\"1.86354024\",\"%_wpgmp_metabox_location_redirect%\":\"post\",\"%_wpgmp_metabox_custom_link%\":\"\",\"%_wpgmp_metabox_taxomomies_terms%\":\"N;\",\"%_wpgmp_extensions_fields%\":\"N;\",\"%_wpml_word_count%\":\"57\",\"%galerie_image_r%\":\"159920\",\"%_galerie_image_r%\":\"field_5f3bd339f8130\",\"%_elementor_page_assets%\":\"\",\"taxonomy=category\":\"Ev\\u00e9nements ponctuels\",\"taxonomy=post_tag\":\"\",\"taxonomy=post_format\":\"\",\"taxonomy=translation_priority\":\"Facultatif\"},\"icon\":\"https:\\\/\\\/collinescathares.com\\\/wp-content\\\/uploads\\\/2020\\\/07\\\/pointeur_vert.svg\"},\"id\":263523,\"custom_filters\":{\"type_r\":\"Randonn\\u00e9e, balade\",\"datetri_r\":\"1779580800\"},\"infowindow_disable\":false,\"categories\":[{\"icon\":\"https:\\\/\\\/collinescathares.com\\\/wp-content\\\/uploads\\\/2020\\\/07\\\/pointeur_vert.svg\",\"name\":\"Ev\\u00e9nements ponctuels\",\"id\":\"8\",\"type\":\"category\"}]},{\"source\":\"post\",\"title\":\"ENS &#8211; CHAUVE-SOURIS ET CIEL \\u00c9TOIL\\u00c9 : COCKTAIL NOCTURNE DE R\\u00caVE !\",\"infowindow_content\":\"<div class=\\\"fc-main\\\"><div class=\\\"fc-item-title\\\">ENS &#8211; CHAUVE-SOURIS ET CIEL \\u00c9TOIL\\u00c9 : COCKTAIL NOCTURNE DE R\\u00caVE ! <span class=\\\"fc-badge info\\\">Ev\\u00e9nements ponctuels<\\\/span><\\\/div> <div class=\\\"fc-item-featured_image\\\"><div class=\\\"fc-feature-img\\\"><img alt=\\\"ENS &#8211; CHAUVE-SOURIS ET CIEL \\u00c9TOIL\\u00c9 : COCKTAIL NOCTURNE DE R\\u00caVE !\\\" width=\\\"300\\\" height=\\\"225\\\" src=\\\"https:\\\/\\\/collinescathares.com\\\/wp-content\\\/uploads\\\/2026\\\/03\\\/DECOUVRONS-ENSEMBLE-ENS-AUDE-3-300x225.jpg\\\" class=\\\"wp-post-image   wpgmp_featured_image\\\" ><\\\/div> <\\\/div>0 km \\\/ Facile Quand la simple extinction des lumi\\u00e8res supprime la pollution lumineuse, observer chauves-souris et \\u00e9toiles au centre du village, c&#8217;est possible et c\\u2019est magique ! Nature en Occitanie \\u2013 Manue Jacquot R\\u00e9servation obligatoire par SMS. 25 personnes max. Mat\\u00e9riel d&#8217;observation fourni. Pr\\u00e9voir v\\u00eatements chauds et \\u00e9ventuellement couvertures, plaids, fauteuil &#8230; Boissons chaudes [&hellip;]<address><b>Adresse : <\\\/b>{marker_address}<\\\/address><a class=\\\"fc-btn fc-btn-small fc-btn-red\\\" href=\\\"https:\\\/\\\/collinescathares.com\\\/es\\\/evenements-ponctuels\\\/ens-chauve-souris-et-ciel-etoile-cocktail-nocturne-de-reve\\\/\\\">En savoir plus<\\\/a><\\\/div>\",\"content\":\"0 km \\\/ Facile Quand la simple extinction des lumi\\u00e8res supprime la pollution lumineuse, observer chauves-souris et \\u00e9toiles au centre du village, c&#8217;est possible et c\\u2019est magique ! Nature en Occitanie \\u2013 Manue Jacquot R\\u00e9servation obligatoire par SMS. 25 personnes max. Mat\\u00e9riel d&#8217;observation fourni. Pr\\u00e9voir v\\u00eatements chauds et \\u00e9ventuellement couvertures, plaids, fauteuil &#8230; Boissons chaudes [&hellip;]\",\"address\":\" 11170 VILLESPY\",\"location\":{\"lat\":\"43.318391\",\"city\":\"VILLESPY\",\"country\":\"France\",\"lng\":\"2.098596\",\"onclick_action\":\"post\",\"redirect_permalink\":\"https:\\\/\\\/collinescathares.com\\\/es\\\/evenements-ponctuels\\\/ens-chauve-souris-et-ciel-etoile-cocktail-nocturne-de-reve\\\/\",\"zoom\":10,\"extra_fields\":{\"%date_evenement_r%\":\"15 Mai 2026\",\"%date_evenement_fin_r%\":\"15 Mai 2026\",\"post_excerpt\":\"0 km \\\/ Facile Quand la simple extinction des lumi\\u00e8res supprime la pollution lumineuse, observer chauves-souris et \\u00e9toiles au centre du village, c&#8217;est possible et c\\u2019est magique ! Nature en Occitanie \\u2013 Manue Jacquot R\\u00e9servation obligatoire par SMS. 25 personnes max. Mat\\u00e9riel d&#8217;observation fourni. Pr\\u00e9voir v\\u00eatements chauds et \\u00e9ventuellement couvertures, plaids, fauteuil &#8230; Boissons chaudes [&hellip;]\",\"post_content\":\"0 km \\\/ Facile\\nQuand la simple extinction des lumi\\u00e8res supprime la pollution lumineuse, observer chauves-souris et \\u00e9toiles au centre du village, c'est possible et c\\u2019est magique !\\nNature en Occitanie \\u2013 Manue Jacquot \\nR\\u00e9servation obligatoire par SMS. 25 personnes max.\\nMat\\u00e9riel d'observation fourni. Pr\\u00e9voir v\\u00eatements chauds et \\u00e9ventuellement couvertures, plaids, fauteuil ...\\nBoissons chaudes offertes par le caf\\u00e9 associatif Les Canelles qui sera ouvert ce jour-l\\u00e0.\\nEn cas de m\\u00e9t\\u00e9o d\\u00e9favorable, la soir\\u00e9e se d\\u00e9roulera en int\\u00e9rieur.\\nSur les traves de Jean.\\n\\nRendez vous salle des f\\u00eates \",\"post_title\":\"ENS &#8211; CHAUVE-SOURIS ET CIEL \\u00c9TOIL\\u00c9 : COCKTAIL NOCTURNE DE R\\u00caVE !\",\"post_link\":\"https:\\\/\\\/collinescathares.com\\\/es\\\/evenements-ponctuels\\\/ens-chauve-souris-et-ciel-etoile-cocktail-nocturne-de-reve\\\/\",\"post_featured_image\":\"<div class=\\\"fc-feature-img\\\"><img alt=\\\"ENS &#8211; CHAUVE-SOURIS ET CIEL \\u00c9TOIL\\u00c9 : COCKTAIL NOCTURNE DE R\\u00caVE !\\\" width=\\\"300\\\" height=\\\"225\\\" src=\\\"https:\\\/\\\/collinescathares.com\\\/wp-content\\\/uploads\\\/2026\\\/03\\\/DECOUVRONS-ENSEMBLE-ENS-AUDE-3-300x225.jpg\\\" class=\\\"wp-post-image   wpgmp_featured_image\\\" ><\\\/div>\",\"post_categories\":\"Ev\\u00e9nements ponctuels\",\"post_tags\":\"\",\"%jupiterx_reading_time%\":\"1 minute\",\"%_thumbnail_id%\":\"263497\",\"%ville_r%\":\"VILLESPY\",\"%_ville_r%\":\"field_5efc3a17e12c5\",\"%cp_r%\":\"11170\",\"%_cp_r%\":\"field_5efc3a47e12ca\",\"%tarifs_r%\":\"\",\"%_tarifs_r%\":\"field_5efc3a22e12c6\",\"%carte_r%\":\" 11170 VILLESPY, 43.318391, 2.098596, 14\",\"%_carte_r%\":\"field_5efc4ed05494a\",\"%labels_r%\":\"\",\"%_labels_r%\":\"field_5f3a47134470d\",\"%handicap_r%\":\"\",\"%_handicap_r%\":\"field_5f3a471a4470e\",\"%offres_promotionnelles_r%\":\"\",\"%_offres_promotionnelles_r%\":\"field_5f3a472d4470f\",\"%telephone_r%\":\" Port : +33 6 17 76 55 15\",\"%_telephone_r%\":\"field_5efc3a39e12c8\",\"%email_r%\":\"\",\"%_email_r%\":\"field_5efc3a40e12c9\",\"%idunique_r%\":\"FMALAR011V51AIGQ\",\"%_idunique_r%\":\"field_5f04335c562b3\",\"%site_r%\":\"\",\"%_site_r%\":\"field_5efc4d652a106\",\"%_date_evenement_r%\":\"field_5f0348f37d5bd\",\"%_date_evenement_fin_r%\":\"field_5f3a4540d0781\",\"%horaires_evenement_r%\":\"21:00 \\\/ 00:00\",\"%_horaires_evenement_r%\":\"field_5f3a4550d0782\",\"%type_r%\":\"Randonn\\u00e9e, balade\",\"%_type_r%\":\"field_5f057b5365cd7\",\"%classification_r%\":\"\",\"%_classification_r%\":\"field_5f3a3af81a328\",\"%classement_prefectoral_r%\":\"\",\"%_classement_prefectoral_r%\":\"field_5f3a473444710\",\"%datetri_r%\":\"1778803200\",\"%_datetri_r%\":\"field_5f3a8a82002b1\",\"%langage_r%\":\"FR\",\"%_langage_r%\":\"field_5f3be5649f374\",\"%_wpgmp_location_address%\":\" 11170 VILLESPY\",\"%_wpgmp_location_city%\":\"VILLESPY\",\"%_wpgmp_location_state%\":\"\",\"%_wpgmp_location_country%\":\"France\",\"%_wpgmp_metabox_marker_id%\":\"a:1:{i:0;i:8;}\",\"%_wpgmp_map_id%\":\"a:1:{i:0;i:21;}\",\"%_wpgmp_metabox_latitude%\":\"43.318391\",\"%_wpgmp_metabox_longitude%\":\"2.098596\",\"%_wpgmp_metabox_location_redirect%\":\"post\",\"%_wpgmp_metabox_custom_link%\":\"\",\"%_wpgmp_metabox_taxomomies_terms%\":\"N;\",\"%_wpgmp_extensions_fields%\":\"N;\",\"%_wpml_word_count%\":\"113\",\"%galerie_image_r%\":\"263497\",\"%_galerie_image_r%\":\"field_5f3bd339f8130\",\"%_elementor_page_assets%\":\"\",\"taxonomy=category\":\"Ev\\u00e9nements ponctuels\",\"taxonomy=post_tag\":\"\",\"taxonomy=post_format\":\"\",\"taxonomy=translation_priority\":\"Facultatif\"},\"icon\":\"https:\\\/\\\/collinescathares.com\\\/wp-content\\\/uploads\\\/2020\\\/07\\\/pointeur_vert.svg\"},\"id\":263500,\"custom_filters\":{\"type_r\":\"Randonn\\u00e9e, balade\",\"datetri_r\":\"1778803200\"},\"infowindow_disable\":false,\"categories\":[{\"icon\":\"https:\\\/\\\/collinescathares.com\\\/wp-content\\\/uploads\\\/2020\\\/07\\\/pointeur_vert.svg\",\"name\":\"Ev\\u00e9nements ponctuels\",\"id\":\"8\",\"type\":\"category\"}]},{\"source\":\"post\",\"title\":\"VIDE-GRENIERS \\u00c0 PEXIORA\",\"infowindow_content\":\"<div class=\\\"fc-main\\\"><div class=\\\"fc-item-title\\\">VIDE-GRENIERS \\u00c0 PEXIORA <span class=\\\"fc-badge info\\\">Ev\\u00e9nements ponctuels<\\\/span><\\\/div> <div class=\\\"fc-item-featured_image\\\"> <\\\/div>Qui n\\u2019aime pas chiner ? Nos \\u00e2mes d\\u2019enfants adorent partir \\u00e0 la recherche de l\\u2019objet oubli\\u00e9 qui ravive nos souvenirs. Le moulin \\u00e0 caf\\u00e9 comme chez m\\u00e9m\\u00e9 Josette, la vieille BD qu\\u2019on lisait en cachette \\u00e0 la lampe de poche, des vieux objets, des livres, des meubles, des v\\u00eatements vintage\\u2026 un bonheur de repartir avec [&hellip;]<address><b>Adresse : <\\\/b>{marker_address}<\\\/address><a class=\\\"fc-btn fc-btn-small fc-btn-red\\\" href=\\\"https:\\\/\\\/collinescathares.com\\\/es\\\/evenements-ponctuels\\\/vide-greniers-a-pexiora\\\/\\\">En savoir plus<\\\/a><\\\/div>\",\"content\":\"Qui n\\u2019aime pas chiner ? Nos \\u00e2mes d\\u2019enfants adorent partir \\u00e0 la recherche de l\\u2019objet oubli\\u00e9 qui ravive nos souvenirs. Le moulin \\u00e0 caf\\u00e9 comme chez m\\u00e9m\\u00e9 Josette, la vieille BD qu\\u2019on lisait en cachette \\u00e0 la lampe de poche, des vieux objets, des livres, des meubles, des v\\u00eatements vintage\\u2026 un bonheur de repartir avec [&hellip;]\",\"address\":\"rue du stade 11150 PEXIORA\",\"location\":{\"lat\":\"43.2667271\",\"city\":\"PEXIORA\",\"country\":\"France\",\"lng\":\"2.03664228\",\"onclick_action\":\"post\",\"redirect_permalink\":\"https:\\\/\\\/collinescathares.com\\\/es\\\/evenements-ponctuels\\\/vide-greniers-a-pexiora\\\/\",\"zoom\":10,\"extra_fields\":{\"%date_evenement_r%\":\"26 Avril 2026\",\"%date_evenement_fin_r%\":\"26 Avril 2026\",\"post_excerpt\":\"Qui n\\u2019aime pas chiner ? Nos \\u00e2mes d\\u2019enfants adorent partir \\u00e0 la recherche de l\\u2019objet oubli\\u00e9 qui ravive nos souvenirs. Le moulin \\u00e0 caf\\u00e9 comme chez m\\u00e9m\\u00e9 Josette, la vieille BD qu\\u2019on lisait en cachette \\u00e0 la lampe de poche, des vieux objets, des livres, des meubles, des v\\u00eatements vintage\\u2026 un bonheur de repartir avec [&hellip;]\",\"post_content\":\"Qui n\\u2019aime pas chiner ? Nos \\u00e2mes d\\u2019enfants adorent partir \\u00e0 la recherche de l\\u2019objet oubli\\u00e9 qui ravive nos souvenirs. Le moulin \\u00e0 caf\\u00e9 comme chez m\\u00e9m\\u00e9 Josette, la vieille BD qu\\u2019on lisait en cachette \\u00e0 la lampe de poche, des vieux objets, des livres, des meubles, des v\\u00eatements vintage\\u2026 un bonheur de repartir avec des trouvailles d\\u00e9nich\\u00e9es sous le bric \\u00e0 brac. \\n\\nLe Comit\\u00e9 des F\\u00eates de Pexiora organise un vide-greniers le dimanche 26 avril.\",\"post_title\":\"VIDE-GRENIERS \\u00c0 PEXIORA\",\"post_link\":\"https:\\\/\\\/collinescathares.com\\\/es\\\/evenements-ponctuels\\\/vide-greniers-a-pexiora\\\/\",\"post_featured_image\":\"\",\"post_categories\":\"Ev\\u00e9nements ponctuels\",\"post_tags\":\"\",\"%jupiterx_reading_time%\":\" 1 minute\",\"%ville_r%\":\"PEXIORA\",\"%_ville_r%\":\"field_5efc3a17e12c5\",\"%cp_r%\":\"11150\",\"%_cp_r%\":\"field_5efc3a47e12ca\",\"%tarifs_r%\":\"\",\"%_tarifs_r%\":\"field_5efc3a22e12c6\",\"%adresse_r%\":\"rue du stade\",\"%_adresse_r%\":\"field_5efc3a2ee12c7\",\"%carte_r%\":\"rue du stade 11150 PEXIORA, 43.2667271, 2.03664228, 14\",\"%_carte_r%\":\"field_5efc4ed05494a\",\"%labels_r%\":\"\",\"%_labels_r%\":\"field_5f3a47134470d\",\"%handicap_r%\":\"\",\"%_handicap_r%\":\"field_5f3a471a4470e\",\"%offres_promotionnelles_r%\":\"\",\"%_offres_promotionnelles_r%\":\"field_5f3a472d4470f\",\"%telephone_r%\":\" Port : +33 6 22 35 03 80\",\"%_telephone_r%\":\"field_5efc3a39e12c8\",\"%email_r%\":\"claudechauvet55@gmail.com\",\"%_email_r%\":\"field_5efc3a40e12c9\",\"%idunique_r%\":\"FMALAR011V51AF5O\",\"%_idunique_r%\":\"field_5f04335c562b3\",\"%site_r%\":\"\",\"%_site_r%\":\"field_5efc4d652a106\",\"%_date_evenement_r%\":\"field_5f0348f37d5bd\",\"%_date_evenement_fin_r%\":\"field_5f3a4540d0781\",\"%horaires_evenement_r%\":\"08:00 \\\/ 17:30\",\"%_horaires_evenement_r%\":\"field_5f3a4550d0782\",\"%type_r%\":\"Vide-grenier\",\"%_type_r%\":\"field_5f057b5365cd7\",\"%classification_r%\":\"\",\"%_classification_r%\":\"field_5f3a3af81a328\",\"%classement_prefectoral_r%\":\"\",\"%_classement_prefectoral_r%\":\"field_5f3a473444710\",\"%datetri_r%\":\"1777161600\",\"%_datetri_r%\":\"field_5f3a8a82002b1\",\"%langage_r%\":\"FR\",\"%_langage_r%\":\"field_5f3be5649f374\",\"%_wpgmp_location_address%\":\"rue du stade 11150 PEXIORA\",\"%_wpgmp_location_city%\":\"PEXIORA\",\"%_wpgmp_location_state%\":\"\",\"%_wpgmp_location_country%\":\"France\",\"%_wpgmp_metabox_marker_id%\":\"a:1:{i:0;i:8;}\",\"%_wpgmp_map_id%\":\"a:1:{i:0;i:21;}\",\"%_wpgmp_metabox_latitude%\":\"43.2667271\",\"%_wpgmp_metabox_longitude%\":\"2.03664228\",\"%_wpgmp_metabox_location_redirect%\":\"post\",\"%_wpgmp_metabox_custom_link%\":\"\",\"%_wpgmp_metabox_taxomomies_terms%\":\"N;\",\"%_wpgmp_extensions_fields%\":\"N;\",\"%_wpml_word_count%\":\"81\",\"%_elementor_page_assets%\":\"\",\"taxonomy=category\":\"Ev\\u00e9nements ponctuels\",\"taxonomy=post_tag\":\"\",\"taxonomy=post_format\":\"\",\"taxonomy=translation_priority\":\"Facultatif\"},\"icon\":\"https:\\\/\\\/collinescathares.com\\\/wp-content\\\/uploads\\\/2020\\\/07\\\/pointeur_vert.svg\"},\"id\":262961,\"custom_filters\":{\"type_r\":\"Vide-grenier\",\"datetri_r\":\"1777161600\"},\"infowindow_disable\":false,\"categories\":[{\"icon\":\"https:\\\/\\\/collinescathares.com\\\/wp-content\\\/uploads\\\/2020\\\/07\\\/pointeur_vert.svg\",\"name\":\"Ev\\u00e9nements ponctuels\",\"id\":\"8\",\"type\":\"category\"}]},{\"source\":\"post\",\"title\":\"F\\u00caTE DE L&#8217;ENVIRONNEMENT\",\"infowindow_content\":\"<div class=\\\"fc-main\\\"><div class=\\\"fc-item-title\\\">F\\u00caTE DE L&#8217;ENVIRONNEMENT <span class=\\\"fc-badge info\\\">Ev\\u00e9nements ponctuels<\\\/span><\\\/div> <div class=\\\"fc-item-featured_image\\\"><div class=\\\"fc-feature-img\\\"><img alt=\\\"F\\u00caTE DE L&#8217;ENVIRONNEMENT\\\" width=\\\"300\\\" height=\\\"225\\\" src=\\\"https:\\\/\\\/collinescathares.com\\\/wp-content\\\/uploads\\\/2026\\\/03\\\/FETE-DE-L-ENVIRONNEMENT-2-300x225.jpg\\\" class=\\\"wp-post-image   wpgmp_featured_image\\\" ><\\\/div> <\\\/div>Le samedi 30 mai de 10h \\u00e0 minuit, la 6\\u00e8me \\u00e9dition de la \\u00ab F\\u00eate de l\\u2019Environnement \\u00bb sera organis\\u00e9e par la Mairie de Bram dans le Parc des Essars, le poumon vert de la commune. Son objectif est de permettre \\u00e0 tous de d\\u00e9couvrir les initiatives locales et de se familiariser avec les gestes [&hellip;]<address><b>Adresse : <\\\/b>{marker_address}<\\\/address><a class=\\\"fc-btn fc-btn-small fc-btn-red\\\" href=\\\"https:\\\/\\\/collinescathares.com\\\/es\\\/evenements-ponctuels\\\/fete-de-lenvironnement\\\/\\\">En savoir plus<\\\/a><\\\/div>\",\"content\":\"Le samedi 30 mai de 10h \\u00e0 minuit, la 6\\u00e8me \\u00e9dition de la \\u00ab F\\u00eate de l\\u2019Environnement \\u00bb sera organis\\u00e9e par la Mairie de Bram dans le Parc des Essars, le poumon vert de la commune. Son objectif est de permettre \\u00e0 tous de d\\u00e9couvrir les initiatives locales et de se familiariser avec les gestes [&hellip;]\",\"address\":\"Avenue Georges Cl\\u00e9menceau 11150 BRAM\",\"location\":{\"lat\":\"43.2415079\",\"city\":\"BRAM\",\"country\":\"France\",\"lng\":\"2.11200945\",\"onclick_action\":\"post\",\"redirect_permalink\":\"https:\\\/\\\/collinescathares.com\\\/es\\\/evenements-ponctuels\\\/fete-de-lenvironnement\\\/\",\"zoom\":10,\"extra_fields\":{\"%date_evenement_r%\":\"30 Mai 2026\",\"%date_evenement_fin_r%\":\"30 Mai 2026\",\"post_excerpt\":\"Le samedi 30 mai de 10h \\u00e0 minuit, la 6\\u00e8me \\u00e9dition de la \\u00ab F\\u00eate de l\\u2019Environnement \\u00bb sera organis\\u00e9e par la Mairie de Bram dans le Parc des Essars, le poumon vert de la commune. Son objectif est de permettre \\u00e0 tous de d\\u00e9couvrir les initiatives locales et de se familiariser avec les gestes [&hellip;]\",\"post_content\":\"Le samedi 30 mai de 10h \\u00e0 minuit, la 6\\u00e8me \\u00e9dition de la \\u00ab F\\u00eate de l\\u2019Environnement \\u00bb sera organis\\u00e9e par la Mairie de Bram dans le Parc des Essars, le poumon vert de la commune.\\nSon objectif est de permettre \\u00e0 tous de d\\u00e9couvrir les initiatives locales et de se familiariser avec les gestes simples \\u00e0 appliquer au quotidien pour pr\\u00e9server notre plan\\u00e8te.\\nDes animations familiales, des jeux, de la grimpe dans les arbres, un march\\u00e9 bio et artisanal, des ateliers, des d\\u00e9monstrations et des spectacles rythmeront cette journ\\u00e9e.\\nLa ville de Bram, en partenariat avec les associations locales et plusieurs partenaires institutionnels, r\\u00e9unissent pour ce grand \\u00e9v\\u00e8nement de nombreux acteurs de la transition \\u00e9cologique.\\nD\\u00e9veloppement durable, \\u00e9cogestes, recyclage des d\\u00e9chets, r\\u00e9paration d\\u2019objets, nouveaux modes de mobilit\\u00e9, r\\u00e9novation \\u00e9nerg\\u00e9tique, respect de la nature et de la biodiversit\\u00e9 seront au programme. Venez nombreux !\",\"post_title\":\"F\\u00caTE DE L&#8217;ENVIRONNEMENT\",\"post_link\":\"https:\\\/\\\/collinescathares.com\\\/es\\\/evenements-ponctuels\\\/fete-de-lenvironnement\\\/\",\"post_featured_image\":\"<div class=\\\"fc-feature-img\\\"><img alt=\\\"F\\u00caTE DE L&#8217;ENVIRONNEMENT\\\" width=\\\"300\\\" height=\\\"225\\\" src=\\\"https:\\\/\\\/collinescathares.com\\\/wp-content\\\/uploads\\\/2026\\\/03\\\/FETE-DE-L-ENVIRONNEMENT-2-300x225.jpg\\\" class=\\\"wp-post-image   wpgmp_featured_image\\\" ><\\\/div>\",\"post_categories\":\"Ev\\u00e9nements ponctuels\",\"post_tags\":\"\",\"%jupiterx_reading_time%\":\"1 minute\",\"%_thumbnail_id%\":\"262765\",\"%ville_r%\":\"BRAM\",\"%_ville_r%\":\"field_5efc3a17e12c5\",\"%cp_r%\":\"11150\",\"%_cp_r%\":\"field_5efc3a47e12ca\",\"%tarifs_r%\":\"\",\"%_tarifs_r%\":\"field_5efc3a22e12c6\",\"%adresse_r%\":\"Avenue Georges Cl\\u00e9menceau\",\"%_adresse_r%\":\"field_5efc3a2ee12c7\",\"%carte_r%\":\"Avenue Georges Cl\\u00e9menceau 11150 BRAM, 43.2415079, 2.11200945, 14\",\"%_carte_r%\":\"field_5efc4ed05494a\",\"%labels_r%\":\"\",\"%_labels_r%\":\"field_5f3a47134470d\",\"%handicap_r%\":\"\",\"%_handicap_r%\":\"field_5f3a471a4470e\",\"%offres_promotionnelles_r%\":\"\",\"%_offres_promotionnelles_r%\":\"field_5f3a472d4470f\",\"%telephone_r%\":\"\",\"%_telephone_r%\":\"field_5efc3a39e12c8\",\"%email_r%\":\"\",\"%_email_r%\":\"field_5efc3a40e12c9\",\"%idunique_r%\":\"FMALAR011V51AECX\",\"%_idunique_r%\":\"field_5f04335c562b3\",\"%site_r%\":\"https:\\\/\\\/www.villedebram.fr\\\/\",\"%_site_r%\":\"field_5efc4d652a106\",\"%_date_evenement_r%\":\"field_5f0348f37d5bd\",\"%_date_evenement_fin_r%\":\"field_5f3a4540d0781\",\"%horaires_evenement_r%\":\"10:00 \\\/ 00:00\",\"%_horaires_evenement_r%\":\"field_5f3a4550d0782\",\"%type_r%\":\"D\\u00e9bat \\\/ Conf\\u00e9rence\",\"%_type_r%\":\"field_5f057b5365cd7\",\"%classification_r%\":\"\",\"%_classification_r%\":\"field_5f3a3af81a328\",\"%classement_prefectoral_r%\":\"\",\"%_classement_prefectoral_r%\":\"field_5f3a473444710\",\"%datetri_r%\":\"1780099200\",\"%_datetri_r%\":\"field_5f3a8a82002b1\",\"%langage_r%\":\"FR\",\"%_langage_r%\":\"field_5f3be5649f374\",\"%_wpgmp_location_address%\":\"Avenue Georges Cl\\u00e9menceau 11150 BRAM\",\"%_wpgmp_location_city%\":\"BRAM\",\"%_wpgmp_location_state%\":\"\",\"%_wpgmp_location_country%\":\"France\",\"%_wpgmp_metabox_marker_id%\":\"a:1:{i:0;i:8;}\",\"%_wpgmp_map_id%\":\"a:1:{i:0;i:21;}\",\"%_wpgmp_metabox_latitude%\":\"43.2415079\",\"%_wpgmp_metabox_longitude%\":\"2.11200945\",\"%_wpgmp_metabox_location_redirect%\":\"post\",\"%_wpgmp_metabox_custom_link%\":\"\",\"%_wpgmp_metabox_taxomomies_terms%\":\"N;\",\"%_wpgmp_extensions_fields%\":\"N;\",\"%_wpml_word_count%\":\"166\",\"%galerie_image_r%\":\"262765\",\"%_galerie_image_r%\":\"field_5f3bd339f8130\",\"%_elementor_page_assets%\":\"\",\"taxonomy=category\":\"Ev\\u00e9nements ponctuels\",\"taxonomy=post_tag\":\"\",\"taxonomy=post_format\":\"\",\"taxonomy=translation_priority\":\"Facultatif\"},\"icon\":\"https:\\\/\\\/collinescathares.com\\\/wp-content\\\/uploads\\\/2020\\\/07\\\/pointeur_vert.svg\"},\"id\":262768,\"custom_filters\":{\"type_r\":\"D\\u00e9bat \\\/ Conf\\u00e9rence\",\"datetri_r\":\"1780099200\"},\"infowindow_disable\":false,\"categories\":[{\"icon\":\"https:\\\/\\\/collinescathares.com\\\/wp-content\\\/uploads\\\/2020\\\/07\\\/pointeur_vert.svg\",\"name\":\"Ev\\u00e9nements ponctuels\",\"id\":\"8\",\"type\":\"category\"}]},{\"source\":\"post\",\"title\":\"VISITE GUID\\u00c9E DE L&#8217;HUILERIE MOOG\",\"infowindow_content\":\"<div class=\\\"fc-main\\\"><div class=\\\"fc-item-title\\\">VISITE GUID\\u00c9E DE L&#8217;HUILERIE MOOG <span class=\\\"fc-badge info\\\">Ev\\u00e9nements ponctuels<\\\/span><\\\/div> <div class=\\\"fc-item-featured_image\\\"><div class=\\\"fc-feature-img\\\"><img alt=\\\"VISITE GUID\\u00c9E DE L&#8217;HUILERIE MOOG\\\" width=\\\"1\\\" height=\\\"1\\\" src=\\\"https:\\\/\\\/collinescathares.com\\\/wp-content\\\/uploads\\\/2023\\\/10\\\/VISITE-DE-L-HUILERIE-MOOG-4.jpg\\\" class=\\\"wp-post-image   wpgmp_featured_image\\\" ><\\\/div> <\\\/div>Venez d\\u00e9couvrir notre patrimoine industriel ! Pionni\\u00e8re de la Bio d\\u00e8s 1984, l\\u2019Huilerie MOOG, avec sa marque BIO PLANETE, fabrique des huiles alliant saveur, convivialit\\u00e9 et plaisir. D\\u00e9couvrez notre savoir-faire d\\u2019artisan huilier. La visite de nos ateliers de production vous r\\u00e9v\\u00e8lera les diff\\u00e9rentes \\u00e9tapes de fabrication de nos huiles alimentaires -de la graine \\u00e0 la [&hellip;]<address><b>Adresse : <\\\/b>{marker_address}<\\\/address><a class=\\\"fc-btn fc-btn-small fc-btn-red\\\" href=\\\"https:\\\/\\\/collinescathares.com\\\/es\\\/evenements-ponctuels\\\/visite-guidee-de-lhuilerie-moog-5\\\/\\\">En savoir plus<\\\/a><\\\/div>\",\"content\":\"Venez d\\u00e9couvrir notre patrimoine industriel ! Pionni\\u00e8re de la Bio d\\u00e8s 1984, l\\u2019Huilerie MOOG, avec sa marque BIO PLANETE, fabrique des huiles alliant saveur, convivialit\\u00e9 et plaisir. D\\u00e9couvrez notre savoir-faire d\\u2019artisan huilier. La visite de nos ateliers de production vous r\\u00e9v\\u00e8lera les diff\\u00e9rentes \\u00e9tapes de fabrication de nos huiles alimentaires -de la graine \\u00e0 la [&hellip;]\",\"address\":\"Route de Limoux 11150 BRAM\",\"location\":{\"lat\":\"43.2336102\",\"city\":\"BRAM\",\"country\":\"France\",\"lng\":\"2.11846137\",\"onclick_action\":\"post\",\"redirect_permalink\":\"https:\\\/\\\/collinescathares.com\\\/es\\\/evenements-ponctuels\\\/visite-guidee-de-lhuilerie-moog-5\\\/\",\"zoom\":10,\"extra_fields\":{\"%date_evenement_r%\":\"01 Octobre 2026\",\"%date_evenement_fin_r%\":\"01 Octobre 2026\",\"post_excerpt\":\"Venez d\\u00e9couvrir notre patrimoine industriel ! Pionni\\u00e8re de la Bio d\\u00e8s 1984, l\\u2019Huilerie MOOG, avec sa marque BIO PLANETE, fabrique des huiles alliant saveur, convivialit\\u00e9 et plaisir. D\\u00e9couvrez notre savoir-faire d\\u2019artisan huilier. La visite de nos ateliers de production vous r\\u00e9v\\u00e8lera les diff\\u00e9rentes \\u00e9tapes de fabrication de nos huiles alimentaires -de la graine \\u00e0 la [&hellip;]\",\"post_content\":\"Venez d\\u00e9couvrir notre patrimoine industriel !\\n\\nPionni\\u00e8re de la Bio d\\u00e8s 1984, l\\u2019Huilerie MOOG, avec sa marque BIO PLANETE, fabrique des huiles alliant saveur, convivialit\\u00e9 et plaisir.\\n\\nD\\u00e9couvrez notre savoir-faire d\\u2019artisan huilier. La visite de nos ateliers de production vous r\\u00e9v\\u00e8lera les diff\\u00e9rentes \\u00e9tapes de fabrication de nos huiles alimentaires -de la graine \\u00e0 la bouteille- ainsi que les moyens mis \\u0153uvre pour garantir la qualit\\u00e9 de nos produits.\\n\\nElle sera \\u00e9galement l\\u2019occasion de vous partager notre profond engagement pour une production alimentaire \\u00e9thique et durable.\\n\\nEspace d\\u00e9gustation et boutique : tous nos produits sont disponibles \\u00e0 la d\\u00e9gustation dans notre boutique. Venez vivre une exp\\u00e9rience gourmande avec des conseils pour agr\\u00e9menter vos plats du quotidien, sublimer vos repas de f\\u00eates, des id\\u00e9es recettes et m\\u00eame des petites astuces sant\\u00e9 et cosm\\u00e9tologie.\\n\\nVisite gratuite. Uniquement sur inscription. \\nR\\u00e8gles d\\u2019hygi\\u00e8ne et de s\\u00e9curit\\u00e9 : pantalon obligatoire \\\/ chaussures plates et ferm\\u00e9es obligatoires \\\/ L\\u2019\\u00e9tablissement se r\\u00e9serve l\\u2019obligation de port de masque si n\\u00e9cessaire \\\/ Un formulaire de cession de droit \\u00e0 l\\u2019image vous sera demand\\u00e9 \\u00e0 l\\u2019arriv\\u00e9e sur site.\",\"post_title\":\"VISITE GUID\\u00c9E DE L&#8217;HUILERIE MOOG\",\"post_link\":\"https:\\\/\\\/collinescathares.com\\\/es\\\/evenements-ponctuels\\\/visite-guidee-de-lhuilerie-moog-5\\\/\",\"post_featured_image\":\"<div class=\\\"fc-feature-img\\\"><img alt=\\\"VISITE GUID\\u00c9E DE L&#8217;HUILERIE MOOG\\\" width=\\\"1\\\" height=\\\"1\\\" src=\\\"https:\\\/\\\/collinescathares.com\\\/wp-content\\\/uploads\\\/2023\\\/10\\\/VISITE-DE-L-HUILERIE-MOOG-4.jpg\\\" class=\\\"wp-post-image   wpgmp_featured_image\\\" ><\\\/div>\",\"post_categories\":\"Ev\\u00e9nements ponctuels\",\"post_tags\":\"\",\"%jupiterx_reading_time%\":\"1 minute\",\"%_thumbnail_id%\":\"237616\",\"%ville_r%\":\"BRAM\",\"%_ville_r%\":\"field_5efc3a17e12c5\",\"%cp_r%\":\"11150\",\"%_cp_r%\":\"field_5efc3a47e12ca\",\"%tarifs_r%\":\"\",\"%_tarifs_r%\":\"field_5efc3a22e12c6\",\"%adresse_r%\":\"Route de Limoux\",\"%_adresse_r%\":\"field_5efc3a2ee12c7\",\"%carte_r%\":\"Route de Limoux 11150 BRAM, 43.2336102, 2.11846137, 14\",\"%_carte_r%\":\"field_5efc4ed05494a\",\"%labels_r%\":\"\",\"%_labels_r%\":\"field_5f3a47134470d\",\"%handicap_r%\":\"\",\"%_handicap_r%\":\"field_5f3a471a4470e\",\"%offres_promotionnelles_r%\":\"\",\"%_offres_promotionnelles_r%\":\"field_5f3a472d4470f\",\"%telephone_r%\":\"\",\"%_telephone_r%\":\"field_5efc3a39e12c8\",\"%email_r%\":\"\",\"%_email_r%\":\"field_5efc3a40e12c9\",\"%idunique_r%\":\"FMALAR011V51AECR\",\"%_idunique_r%\":\"field_5f04335c562b3\",\"%site_r%\":\"https:\\\/\\\/www.bioplanete.bio\\\/visites\\\/\",\"%_site_r%\":\"field_5efc4d652a106\",\"%_date_evenement_r%\":\"field_5f0348f37d5bd\",\"%_date_evenement_fin_r%\":\"field_5f3a4540d0781\",\"%horaires_evenement_r%\":\"10:00 \\\/ 12:00\",\"%_horaires_evenement_r%\":\"field_5f3a4550d0782\",\"%type_r%\":\"Visite guid\\u00e9e\",\"%_type_r%\":\"field_5f057b5365cd7\",\"%classification_r%\":\"\",\"%_classification_r%\":\"field_5f3a3af81a328\",\"%classement_prefectoral_r%\":\"\",\"%_classement_prefectoral_r%\":\"field_5f3a473444710\",\"%datetri_r%\":\"1790812800\",\"%_datetri_r%\":\"field_5f3a8a82002b1\",\"%langage_r%\":\"FR\",\"%_langage_r%\":\"field_5f3be5649f374\",\"%_wpgmp_location_address%\":\"Route de Limoux 11150 BRAM\",\"%_wpgmp_location_city%\":\"BRAM\",\"%_wpgmp_location_state%\":\"\",\"%_wpgmp_location_country%\":\"France\",\"%_wpgmp_metabox_marker_id%\":\"a:1:{i:0;i:8;}\",\"%_wpgmp_map_id%\":\"a:1:{i:0;i:21;}\",\"%_wpgmp_metabox_latitude%\":\"43.2336102\",\"%_wpgmp_metabox_longitude%\":\"2.11846137\",\"%_wpgmp_metabox_location_redirect%\":\"post\",\"%_wpgmp_metabox_custom_link%\":\"\",\"%_wpgmp_metabox_taxomomies_terms%\":\"N;\",\"%_wpgmp_extensions_fields%\":\"N;\",\"%_wpml_word_count%\":\"216\",\"%galerie_image_r%\":\"237616, 237602, 237613, 237619\",\"%_galerie_image_r%\":\"field_5f3bd339f8130\",\"%_wp_old_slug%\":\"visite-guidee-de-lhuilerie-moog-7\",\"%_elementor_page_assets%\":\"\",\"taxonomy=category\":\"Ev\\u00e9nements ponctuels\",\"taxonomy=post_tag\":\"\",\"taxonomy=post_format\":\"\",\"taxonomy=translation_priority\":\"Facultatif\"},\"icon\":\"https:\\\/\\\/collinescathares.com\\\/wp-content\\\/uploads\\\/2020\\\/07\\\/pointeur_vert.svg\"},\"id\":262763,\"custom_filters\":{\"type_r\":\"Visite guid\\u00e9e\",\"datetri_r\":\"1790812800\"},\"infowindow_disable\":false,\"categories\":[{\"icon\":\"https:\\\/\\\/collinescathares.com\\\/wp-content\\\/uploads\\\/2020\\\/07\\\/pointeur_vert.svg\",\"name\":\"Ev\\u00e9nements ponctuels\",\"id\":\"8\",\"type\":\"category\"}]},{\"source\":\"post\",\"title\":\"VISITE GUID\\u00c9E DE L&#8217;HUILERIE MOOG\",\"infowindow_content\":\"<div class=\\\"fc-main\\\"><div class=\\\"fc-item-title\\\">VISITE GUID\\u00c9E DE L&#8217;HUILERIE MOOG <span class=\\\"fc-badge info\\\">Ev\\u00e9nements ponctuels<\\\/span><\\\/div> <div class=\\\"fc-item-featured_image\\\"><div class=\\\"fc-feature-img\\\"><img alt=\\\"VISITE GUID\\u00c9E DE L&#8217;HUILERIE MOOG\\\" width=\\\"1\\\" height=\\\"1\\\" src=\\\"https:\\\/\\\/collinescathares.com\\\/wp-content\\\/uploads\\\/2023\\\/10\\\/VISITE-DE-L-HUILERIE-MOOG-4.jpg\\\" class=\\\"wp-post-image   wpgmp_featured_image\\\" ><\\\/div> <\\\/div>Venez d\\u00e9couvrir notre patrimoine industriel ! Pionni\\u00e8re de la Bio d\\u00e8s 1984, l\\u2019Huilerie MOOG, avec sa marque BIO PLANETE, fabrique des huiles alliant saveur, convivialit\\u00e9 et plaisir. D\\u00e9couvrez notre savoir-faire d\\u2019artisan huilier. La visite de nos ateliers de production vous r\\u00e9v\\u00e8lera les diff\\u00e9rentes \\u00e9tapes de fabrication de nos huiles alimentaires -de la graine \\u00e0 la [&hellip;]<address><b>Adresse : <\\\/b>{marker_address}<\\\/address><a class=\\\"fc-btn fc-btn-small fc-btn-red\\\" href=\\\"https:\\\/\\\/collinescathares.com\\\/es\\\/evenements-ponctuels\\\/visite-guidee-de-lhuilerie-moog-3\\\/\\\">En savoir plus<\\\/a><\\\/div>\",\"content\":\"Venez d\\u00e9couvrir notre patrimoine industriel ! Pionni\\u00e8re de la Bio d\\u00e8s 1984, l\\u2019Huilerie MOOG, avec sa marque BIO PLANETE, fabrique des huiles alliant saveur, convivialit\\u00e9 et plaisir. D\\u00e9couvrez notre savoir-faire d\\u2019artisan huilier. La visite de nos ateliers de production vous r\\u00e9v\\u00e8lera les diff\\u00e9rentes \\u00e9tapes de fabrication de nos huiles alimentaires -de la graine \\u00e0 la [&hellip;]\",\"address\":\"Route de Limoux 11150 BRAM\",\"location\":{\"lat\":\"43.2336102\",\"city\":\"BRAM\",\"country\":\"France\",\"lng\":\"2.11846137\",\"onclick_action\":\"post\",\"redirect_permalink\":\"https:\\\/\\\/collinescathares.com\\\/es\\\/evenements-ponctuels\\\/visite-guidee-de-lhuilerie-moog-3\\\/\",\"zoom\":10,\"extra_fields\":{\"%date_evenement_r%\":\"06 Ao\\u00fbt 2026\",\"%date_evenement_fin_r%\":\"06 Ao\\u00fbt 2026\",\"post_excerpt\":\"Venez d\\u00e9couvrir notre patrimoine industriel ! Pionni\\u00e8re de la Bio d\\u00e8s 1984, l\\u2019Huilerie MOOG, avec sa marque BIO PLANETE, fabrique des huiles alliant saveur, convivialit\\u00e9 et plaisir. D\\u00e9couvrez notre savoir-faire d\\u2019artisan huilier. La visite de nos ateliers de production vous r\\u00e9v\\u00e8lera les diff\\u00e9rentes \\u00e9tapes de fabrication de nos huiles alimentaires -de la graine \\u00e0 la [&hellip;]\",\"post_content\":\"Venez d\\u00e9couvrir notre patrimoine industriel !\\n\\nPionni\\u00e8re de la Bio d\\u00e8s 1984, l\\u2019Huilerie MOOG, avec sa marque BIO PLANETE, fabrique des huiles alliant saveur, convivialit\\u00e9 et plaisir.\\n\\nD\\u00e9couvrez notre savoir-faire d\\u2019artisan huilier. La visite de nos ateliers de production vous r\\u00e9v\\u00e8lera les diff\\u00e9rentes \\u00e9tapes de fabrication de nos huiles alimentaires -de la graine \\u00e0 la bouteille- ainsi que les moyens mis \\u0153uvre pour garantir la qualit\\u00e9 de nos produits.\\n\\nElle sera \\u00e9galement l\\u2019occasion de vous partager notre profond engagement pour une production alimentaire \\u00e9thique et durable.\\n\\nEspace d\\u00e9gustation et boutique : tous nos produits sont disponibles \\u00e0 la d\\u00e9gustation dans notre boutique. Venez vivre une exp\\u00e9rience gourmande avec des conseils pour agr\\u00e9menter vos plats du quotidien, sublimer vos repas de f\\u00eates, des id\\u00e9es recettes et m\\u00eame des petites astuces sant\\u00e9 et cosm\\u00e9tologie.\\n\\nVisite gratuite. Uniquement sur inscription. \\nR\\u00e8gles d\\u2019hygi\\u00e8ne et de s\\u00e9curit\\u00e9 : pantalon obligatoire \\\/ chaussures plates et ferm\\u00e9es obligatoires \\\/ L\\u2019\\u00e9tablissement se r\\u00e9serve l\\u2019obligation de port de masque si n\\u00e9cessaire \\\/ Un formulaire de cession de droit \\u00e0 l\\u2019image vous sera demand\\u00e9 \\u00e0 l\\u2019arriv\\u00e9e sur site.\",\"post_title\":\"VISITE GUID\\u00c9E DE L&#8217;HUILERIE MOOG\",\"post_link\":\"https:\\\/\\\/collinescathares.com\\\/es\\\/evenements-ponctuels\\\/visite-guidee-de-lhuilerie-moog-3\\\/\",\"post_featured_image\":\"<div class=\\\"fc-feature-img\\\"><img alt=\\\"VISITE GUID\\u00c9E DE L&#8217;HUILERIE MOOG\\\" width=\\\"1\\\" height=\\\"1\\\" src=\\\"https:\\\/\\\/collinescathares.com\\\/wp-content\\\/uploads\\\/2023\\\/10\\\/VISITE-DE-L-HUILERIE-MOOG-4.jpg\\\" class=\\\"wp-post-image   wpgmp_featured_image\\\" ><\\\/div>\",\"post_categories\":\"Ev\\u00e9nements ponctuels\",\"post_tags\":\"\",\"%jupiterx_reading_time%\":\"1 minute\",\"%_thumbnail_id%\":\"237616\",\"%ville_r%\":\"BRAM\",\"%_ville_r%\":\"field_5efc3a17e12c5\",\"%cp_r%\":\"11150\",\"%_cp_r%\":\"field_5efc3a47e12ca\",\"%tarifs_r%\":\"\",\"%_tarifs_r%\":\"field_5efc3a22e12c6\",\"%adresse_r%\":\"Route de Limoux\",\"%_adresse_r%\":\"field_5efc3a2ee12c7\",\"%carte_r%\":\"Route de Limoux 11150 BRAM, 43.2336102, 2.11846137, 14\",\"%_carte_r%\":\"field_5efc4ed05494a\",\"%labels_r%\":\"\",\"%_labels_r%\":\"field_5f3a47134470d\",\"%handicap_r%\":\"\",\"%_handicap_r%\":\"field_5f3a471a4470e\",\"%offres_promotionnelles_r%\":\"\",\"%_offres_promotionnelles_r%\":\"field_5f3a472d4470f\",\"%telephone_r%\":\"\",\"%_telephone_r%\":\"field_5efc3a39e12c8\",\"%email_r%\":\"\",\"%_email_r%\":\"field_5efc3a40e12c9\",\"%idunique_r%\":\"FMALAR011V51AECK\",\"%_idunique_r%\":\"field_5f04335c562b3\",\"%site_r%\":\"https:\\\/\\\/www.bioplanete.bio\\\/visites\\\/\",\"%_site_r%\":\"field_5efc4d652a106\",\"%_date_evenement_r%\":\"field_5f0348f37d5bd\",\"%_date_evenement_fin_r%\":\"field_5f3a4540d0781\",\"%horaires_evenement_r%\":\"10:00 \\\/ 12:00\",\"%_horaires_evenement_r%\":\"field_5f3a4550d0782\",\"%type_r%\":\"Visite guid\\u00e9e\",\"%_type_r%\":\"field_5f057b5365cd7\",\"%classification_r%\":\"\",\"%_classification_r%\":\"field_5f3a3af81a328\",\"%classement_prefectoral_r%\":\"\",\"%_classement_prefectoral_r%\":\"field_5f3a473444710\",\"%datetri_r%\":\"1785974400\",\"%_datetri_r%\":\"field_5f3a8a82002b1\",\"%langage_r%\":\"FR\",\"%_langage_r%\":\"field_5f3be5649f374\",\"%_wpgmp_location_address%\":\"Route de Limoux 11150 BRAM\",\"%_wpgmp_location_city%\":\"BRAM\",\"%_wpgmp_location_state%\":\"\",\"%_wpgmp_location_country%\":\"France\",\"%_wpgmp_metabox_marker_id%\":\"a:1:{i:0;i:8;}\",\"%_wpgmp_map_id%\":\"a:1:{i:0;i:21;}\",\"%_wpgmp_metabox_latitude%\":\"43.2336102\",\"%_wpgmp_metabox_longitude%\":\"2.11846137\",\"%_wpgmp_metabox_location_redirect%\":\"post\",\"%_wpgmp_metabox_custom_link%\":\"\",\"%_wpgmp_metabox_taxomomies_terms%\":\"N;\",\"%_wpgmp_extensions_fields%\":\"N;\",\"%_wpml_word_count%\":\"216\",\"%galerie_image_r%\":\"237616, 237613, 237602, 237619\",\"%_galerie_image_r%\":\"field_5f3bd339f8130\",\"%_wp_old_slug%\":\"visite-guidee-de-lhuilerie-moog-5\",\"%_elementor_page_assets%\":\"\",\"taxonomy=category\":\"Ev\\u00e9nements ponctuels\",\"taxonomy=post_tag\":\"\",\"taxonomy=post_format\":\"\",\"taxonomy=translation_priority\":\"Facultatif\"},\"icon\":\"https:\\\/\\\/collinescathares.com\\\/wp-content\\\/uploads\\\/2020\\\/07\\\/pointeur_vert.svg\"},\"id\":262761,\"custom_filters\":{\"type_r\":\"Visite guid\\u00e9e\",\"datetri_r\":\"1785974400\"},\"infowindow_disable\":false,\"categories\":[{\"icon\":\"https:\\\/\\\/collinescathares.com\\\/wp-content\\\/uploads\\\/2020\\\/07\\\/pointeur_vert.svg\",\"name\":\"Ev\\u00e9nements ponctuels\",\"id\":\"8\",\"type\":\"category\"}]},{\"source\":\"post\",\"title\":\"VISITE GUID\\u00c9E DE L&#8217;HUILERIE MOOG\",\"infowindow_content\":\"<div class=\\\"fc-main\\\"><div class=\\\"fc-item-title\\\">VISITE GUID\\u00c9E DE L&#8217;HUILERIE MOOG <span class=\\\"fc-badge info\\\">Ev\\u00e9nements ponctuels<\\\/span><\\\/div> <div class=\\\"fc-item-featured_image\\\"><div class=\\\"fc-feature-img\\\"><img alt=\\\"VISITE GUID\\u00c9E DE L&#8217;HUILERIE MOOG\\\" width=\\\"1\\\" height=\\\"1\\\" src=\\\"https:\\\/\\\/collinescathares.com\\\/wp-content\\\/uploads\\\/2023\\\/10\\\/VISITE-DE-L-HUILERIE-MOOG-3.jpg\\\" class=\\\"wp-post-image   wpgmp_featured_image\\\" ><\\\/div> <\\\/div>Venez d\\u00e9couvrir notre patrimoine industriel ! Pionni\\u00e8re de la Bio d\\u00e8s 1984, l\\u2019Huilerie MOOG, avec sa marque BIO PLANETE, fabrique des huiles alliant saveur, convivialit\\u00e9 et plaisir. D\\u00e9couvrez notre savoir-faire d\\u2019artisan huilier. La visite de nos ateliers de production vous r\\u00e9v\\u00e8lera les diff\\u00e9rentes \\u00e9tapes de fabrication de nos huiles alimentaires -de la graine \\u00e0 la [&hellip;]<address><b>Adresse : <\\\/b>{marker_address}<\\\/address><a class=\\\"fc-btn fc-btn-small fc-btn-red\\\" href=\\\"https:\\\/\\\/collinescathares.com\\\/es\\\/evenements-ponctuels\\\/visite-guidee-de-lhuilerie-moog-4\\\/\\\">En savoir plus<\\\/a><\\\/div>\",\"content\":\"Venez d\\u00e9couvrir notre patrimoine industriel ! Pionni\\u00e8re de la Bio d\\u00e8s 1984, l\\u2019Huilerie MOOG, avec sa marque BIO PLANETE, fabrique des huiles alliant saveur, convivialit\\u00e9 et plaisir. D\\u00e9couvrez notre savoir-faire d\\u2019artisan huilier. La visite de nos ateliers de production vous r\\u00e9v\\u00e8lera les diff\\u00e9rentes \\u00e9tapes de fabrication de nos huiles alimentaires -de la graine \\u00e0 la [&hellip;]\",\"address\":\"Route de Limoux 11150 BRAM\",\"location\":{\"lat\":\"43.2336102\",\"city\":\"BRAM\",\"country\":\"France\",\"lng\":\"2.11846137\",\"onclick_action\":\"post\",\"redirect_permalink\":\"https:\\\/\\\/collinescathares.com\\\/es\\\/evenements-ponctuels\\\/visite-guidee-de-lhuilerie-moog-4\\\/\",\"zoom\":10,\"extra_fields\":{\"%date_evenement_r%\":\"03 Septembre 2026\",\"%date_evenement_fin_r%\":\"03 Septembre 2026\",\"post_excerpt\":\"Venez d\\u00e9couvrir notre patrimoine industriel ! Pionni\\u00e8re de la Bio d\\u00e8s 1984, l\\u2019Huilerie MOOG, avec sa marque BIO PLANETE, fabrique des huiles alliant saveur, convivialit\\u00e9 et plaisir. D\\u00e9couvrez notre savoir-faire d\\u2019artisan huilier. La visite de nos ateliers de production vous r\\u00e9v\\u00e8lera les diff\\u00e9rentes \\u00e9tapes de fabrication de nos huiles alimentaires -de la graine \\u00e0 la [&hellip;]\",\"post_content\":\"Venez d\\u00e9couvrir notre patrimoine industriel !\\n\\nPionni\\u00e8re de la Bio d\\u00e8s 1984, l\\u2019Huilerie MOOG, avec sa marque BIO PLANETE, fabrique des huiles alliant saveur, convivialit\\u00e9 et plaisir.\\n\\nD\\u00e9couvrez notre savoir-faire d\\u2019artisan huilier. La visite de nos ateliers de production vous r\\u00e9v\\u00e8lera les diff\\u00e9rentes \\u00e9tapes de fabrication de nos huiles alimentaires -de la graine \\u00e0 la bouteille- ainsi que les moyens mis \\u0153uvre pour garantir la qualit\\u00e9 de nos produits.\\n\\nElle sera \\u00e9galement l\\u2019occasion de vous partager notre profond engagement pour une production alimentaire \\u00e9thique et durable.\\n\\nEspace d\\u00e9gustation et boutique : tous nos produits sont disponibles \\u00e0 la d\\u00e9gustation dans notre boutique. Venez vivre une exp\\u00e9rience gourmande avec des conseils pour agr\\u00e9menter vos plats du quotidien, sublimer vos repas de f\\u00eates, des id\\u00e9es recettes et m\\u00eame des petites astuces sant\\u00e9 et cosm\\u00e9tologie.\\n\\nVisite gratuite. Uniquement sur inscription. \\nR\\u00e8gles d\\u2019hygi\\u00e8ne et de s\\u00e9curit\\u00e9 : pantalon obligatoire \\\/ chaussures plates et ferm\\u00e9es obligatoires \\\/ L\\u2019\\u00e9tablissement se r\\u00e9serve l\\u2019obligation de port de masque si n\\u00e9cessaire \\\/ Un formulaire de cession de droit \\u00e0 l\\u2019image vous sera demand\\u00e9 \\u00e0 l\\u2019arriv\\u00e9e sur site.\",\"post_title\":\"VISITE GUID\\u00c9E DE L&#8217;HUILERIE MOOG\",\"post_link\":\"https:\\\/\\\/collinescathares.com\\\/es\\\/evenements-ponctuels\\\/visite-guidee-de-lhuilerie-moog-4\\\/\",\"post_featured_image\":\"<div class=\\\"fc-feature-img\\\"><img alt=\\\"VISITE GUID\\u00c9E DE L&#8217;HUILERIE MOOG\\\" width=\\\"1\\\" height=\\\"1\\\" src=\\\"https:\\\/\\\/collinescathares.com\\\/wp-content\\\/uploads\\\/2023\\\/10\\\/VISITE-DE-L-HUILERIE-MOOG-3.jpg\\\" class=\\\"wp-post-image   wpgmp_featured_image\\\" ><\\\/div>\",\"post_categories\":\"Ev\\u00e9nements ponctuels\",\"post_tags\":\"\",\"%jupiterx_reading_time%\":\"1 minute\",\"%_thumbnail_id%\":\"237619\",\"%ville_r%\":\"BRAM\",\"%_ville_r%\":\"field_5efc3a17e12c5\",\"%cp_r%\":\"11150\",\"%_cp_r%\":\"field_5efc3a47e12ca\",\"%tarifs_r%\":\"\",\"%_tarifs_r%\":\"field_5efc3a22e12c6\",\"%adresse_r%\":\"Route de Limoux\",\"%_adresse_r%\":\"field_5efc3a2ee12c7\",\"%carte_r%\":\"Route de Limoux 11150 BRAM, 43.2336102, 2.11846137, 14\",\"%_carte_r%\":\"field_5efc4ed05494a\",\"%labels_r%\":\"\",\"%_labels_r%\":\"field_5f3a47134470d\",\"%handicap_r%\":\"\",\"%_handicap_r%\":\"field_5f3a471a4470e\",\"%offres_promotionnelles_r%\":\"\",\"%_offres_promotionnelles_r%\":\"field_5f3a472d4470f\",\"%telephone_r%\":\"\",\"%_telephone_r%\":\"field_5efc3a39e12c8\",\"%email_r%\":\"\",\"%_email_r%\":\"field_5efc3a40e12c9\",\"%idunique_r%\":\"FMALAR011V51AECQ\",\"%_idunique_r%\":\"field_5f04335c562b3\",\"%site_r%\":\"https:\\\/\\\/www.bioplanete.bio\\\/visites\\\/\",\"%_site_r%\":\"field_5efc4d652a106\",\"%_date_evenement_r%\":\"field_5f0348f37d5bd\",\"%_date_evenement_fin_r%\":\"field_5f3a4540d0781\",\"%horaires_evenement_r%\":\"10:00 \\\/ 12:00\",\"%_horaires_evenement_r%\":\"field_5f3a4550d0782\",\"%type_r%\":\"Visite guid\\u00e9e\",\"%_type_r%\":\"field_5f057b5365cd7\",\"%classification_r%\":\"\",\"%_classification_r%\":\"field_5f3a3af81a328\",\"%classement_prefectoral_r%\":\"\",\"%_classement_prefectoral_r%\":\"field_5f3a473444710\",\"%datetri_r%\":\"1788393600\",\"%_datetri_r%\":\"field_5f3a8a82002b1\",\"%langage_r%\":\"FR\",\"%_langage_r%\":\"field_5f3be5649f374\",\"%_wpgmp_location_address%\":\"Route de Limoux 11150 BRAM\",\"%_wpgmp_location_city%\":\"BRAM\",\"%_wpgmp_location_state%\":\"\",\"%_wpgmp_location_country%\":\"France\",\"%_wpgmp_metabox_marker_id%\":\"a:1:{i:0;i:8;}\",\"%_wpgmp_map_id%\":\"a:1:{i:0;i:21;}\",\"%_wpgmp_metabox_latitude%\":\"43.2336102\",\"%_wpgmp_metabox_longitude%\":\"2.11846137\",\"%_wpgmp_metabox_location_redirect%\":\"post\",\"%_wpgmp_metabox_custom_link%\":\"\",\"%_wpgmp_metabox_taxomomies_terms%\":\"N;\",\"%_wpgmp_extensions_fields%\":\"N;\",\"%_wpml_word_count%\":\"216\",\"%galerie_image_r%\":\"237619, 237602, 237613, 237616\",\"%_galerie_image_r%\":\"field_5f3bd339f8130\",\"%_wp_old_slug%\":\"visite-guidee-de-lhuilerie-moog-6\",\"%_elementor_page_assets%\":\"\",\"taxonomy=category\":\"Ev\\u00e9nements ponctuels\",\"taxonomy=post_tag\":\"\",\"taxonomy=post_format\":\"\",\"taxonomy=translation_priority\":\"Facultatif\"},\"icon\":\"https:\\\/\\\/collinescathares.com\\\/wp-content\\\/uploads\\\/2020\\\/07\\\/pointeur_vert.svg\"},\"id\":262762,\"custom_filters\":{\"type_r\":\"Visite guid\\u00e9e\",\"datetri_r\":\"1788393600\"},\"infowindow_disable\":false,\"categories\":[{\"icon\":\"https:\\\/\\\/collinescathares.com\\\/wp-content\\\/uploads\\\/2020\\\/07\\\/pointeur_vert.svg\",\"name\":\"Ev\\u00e9nements ponctuels\",\"id\":\"8\",\"type\":\"category\"}]},{\"source\":\"post\",\"title\":\"VISITE GUID\\u00c9E DE L&#8217;HUILERIE MOOG\",\"infowindow_content\":\"<div class=\\\"fc-main\\\"><div class=\\\"fc-item-title\\\">VISITE GUID\\u00c9E DE L&#8217;HUILERIE MOOG <span class=\\\"fc-badge info\\\">Ev\\u00e9nements ponctuels<\\\/span><\\\/div> <div class=\\\"fc-item-featured_image\\\"><div class=\\\"fc-feature-img\\\"><img alt=\\\"VISITE GUID\\u00c9E DE L&#8217;HUILERIE MOOG\\\" width=\\\"1\\\" height=\\\"1\\\" src=\\\"https:\\\/\\\/collinescathares.com\\\/wp-content\\\/uploads\\\/2023\\\/10\\\/VISITE-DE-L-HUILERIE-MOOG-2.jpg\\\" class=\\\"wp-post-image   wpgmp_featured_image\\\" ><\\\/div> <\\\/div>Venez d\\u00e9couvrir notre patrimoine industriel ! Pionni\\u00e8re de la Bio d\\u00e8s 1984, l\\u2019Huilerie MOOG, avec sa marque BIO PLANETE, fabrique des huiles alliant saveur, convivialit\\u00e9 et plaisir. D\\u00e9couvrez notre savoir-faire d\\u2019artisan huilier. La visite de nos ateliers de production vous r\\u00e9v\\u00e8lera les diff\\u00e9rentes \\u00e9tapes de fabrication de nos huiles alimentaires -de la graine \\u00e0 la [&hellip;]<address><b>Adresse : <\\\/b>{marker_address}<\\\/address><a class=\\\"fc-btn fc-btn-small fc-btn-red\\\" href=\\\"https:\\\/\\\/collinescathares.com\\\/es\\\/evenements-ponctuels\\\/visite-guidee-de-lhuilerie-moog\\\/\\\">En savoir plus<\\\/a><\\\/div>\",\"content\":\"Venez d\\u00e9couvrir notre patrimoine industriel ! Pionni\\u00e8re de la Bio d\\u00e8s 1984, l\\u2019Huilerie MOOG, avec sa marque BIO PLANETE, fabrique des huiles alliant saveur, convivialit\\u00e9 et plaisir. D\\u00e9couvrez notre savoir-faire d\\u2019artisan huilier. La visite de nos ateliers de production vous r\\u00e9v\\u00e8lera les diff\\u00e9rentes \\u00e9tapes de fabrication de nos huiles alimentaires -de la graine \\u00e0 la [&hellip;]\",\"address\":\"Route de Limoux 11150 BRAM\",\"location\":{\"lat\":\"43.2336102\",\"city\":\"BRAM\",\"country\":\"France\",\"lng\":\"2.11846137\",\"onclick_action\":\"post\",\"redirect_permalink\":\"https:\\\/\\\/collinescathares.com\\\/es\\\/evenements-ponctuels\\\/visite-guidee-de-lhuilerie-moog\\\/\",\"zoom\":10,\"extra_fields\":{\"%date_evenement_r%\":\"04 Juin 2026\",\"%date_evenement_fin_r%\":\"04 Juin 2026\",\"post_excerpt\":\"Venez d\\u00e9couvrir notre patrimoine industriel ! Pionni\\u00e8re de la Bio d\\u00e8s 1984, l\\u2019Huilerie MOOG, avec sa marque BIO PLANETE, fabrique des huiles alliant saveur, convivialit\\u00e9 et plaisir. D\\u00e9couvrez notre savoir-faire d\\u2019artisan huilier. La visite de nos ateliers de production vous r\\u00e9v\\u00e8lera les diff\\u00e9rentes \\u00e9tapes de fabrication de nos huiles alimentaires -de la graine \\u00e0 la [&hellip;]\",\"post_content\":\"Venez d\\u00e9couvrir notre patrimoine industriel !\\n\\nPionni\\u00e8re de la Bio d\\u00e8s 1984, l\\u2019Huilerie MOOG, avec sa marque BIO PLANETE, fabrique des huiles alliant saveur, convivialit\\u00e9 et plaisir.\\n\\nD\\u00e9couvrez notre savoir-faire d\\u2019artisan huilier. La visite de nos ateliers de production vous r\\u00e9v\\u00e8lera les diff\\u00e9rentes \\u00e9tapes de fabrication de nos huiles alimentaires -de la graine \\u00e0 la bouteille- ainsi que les moyens mis \\u0153uvre pour garantir la qualit\\u00e9 de nos produits.\\n\\nElle sera \\u00e9galement l\\u2019occasion de vous partager notre profond engagement pour une production alimentaire \\u00e9thique et durable.\\n\\nEspace d\\u00e9gustation et boutique : tous nos produits sont disponibles \\u00e0 la d\\u00e9gustation dans notre boutique. Venez vivre une exp\\u00e9rience gourmande avec des conseils pour agr\\u00e9menter vos plats du quotidien, sublimer vos repas de f\\u00eates, des id\\u00e9es recettes et m\\u00eame des petites astuces sant\\u00e9 et cosm\\u00e9tologie.\\n\\nVisite gratuite. Uniquement sur inscription. \\nR\\u00e8gles d\\u2019hygi\\u00e8ne et de s\\u00e9curit\\u00e9 : pantalon obligatoire \\\/ chaussures plates et ferm\\u00e9es obligatoires \\\/ L\\u2019\\u00e9tablissement se r\\u00e9serve l\\u2019obligation de port de masque si n\\u00e9cessaire \\\/ Un formulaire de cession de droit \\u00e0 l\\u2019image vous sera demand\\u00e9 \\u00e0 l\\u2019arriv\\u00e9e sur site.\",\"post_title\":\"VISITE GUID\\u00c9E DE L&#8217;HUILERIE MOOG\",\"post_link\":\"https:\\\/\\\/collinescathares.com\\\/es\\\/evenements-ponctuels\\\/visite-guidee-de-lhuilerie-moog\\\/\",\"post_featured_image\":\"<div class=\\\"fc-feature-img\\\"><img alt=\\\"VISITE GUID\\u00c9E DE L&#8217;HUILERIE MOOG\\\" width=\\\"1\\\" height=\\\"1\\\" src=\\\"https:\\\/\\\/collinescathares.com\\\/wp-content\\\/uploads\\\/2023\\\/10\\\/VISITE-DE-L-HUILERIE-MOOG-2.jpg\\\" class=\\\"wp-post-image   wpgmp_featured_image\\\" ><\\\/div>\",\"post_categories\":\"Ev\\u00e9nements ponctuels\",\"post_tags\":\"\",\"%jupiterx_reading_time%\":\"1 minute\",\"%_thumbnail_id%\":\"237613\",\"%ville_r%\":\"BRAM\",\"%_ville_r%\":\"field_5efc3a17e12c5\",\"%cp_r%\":\"11150\",\"%_cp_r%\":\"field_5efc3a47e12ca\",\"%tarifs_r%\":\"\",\"%_tarifs_r%\":\"field_5efc3a22e12c6\",\"%adresse_r%\":\"Route de Limoux\",\"%_adresse_r%\":\"field_5efc3a2ee12c7\",\"%carte_r%\":\"Route de Limoux 11150 BRAM, 43.2336102, 2.11846137, 14\",\"%_carte_r%\":\"field_5efc4ed05494a\",\"%labels_r%\":\"\",\"%_labels_r%\":\"field_5f3a47134470d\",\"%handicap_r%\":\"\",\"%_handicap_r%\":\"field_5f3a471a4470e\",\"%offres_promotionnelles_r%\":\"\",\"%_offres_promotionnelles_r%\":\"field_5f3a472d4470f\",\"%telephone_r%\":\"\",\"%_telephone_r%\":\"field_5efc3a39e12c8\",\"%email_r%\":\"\",\"%_email_r%\":\"field_5efc3a40e12c9\",\"%idunique_r%\":\"FMALAR011V51AECH\",\"%_idunique_r%\":\"field_5f04335c562b3\",\"%site_r%\":\"https:\\\/\\\/www.bioplanete.bio\\\/visites\\\/\",\"%_site_r%\":\"field_5efc4d652a106\",\"%_date_evenement_r%\":\"field_5f0348f37d5bd\",\"%_date_evenement_fin_r%\":\"field_5f3a4540d0781\",\"%horaires_evenement_r%\":\"10:00 \\\/ 12:00\",\"%_horaires_evenement_r%\":\"field_5f3a4550d0782\",\"%type_r%\":\"Visite guid\\u00e9e\",\"%_type_r%\":\"field_5f057b5365cd7\",\"%classification_r%\":\"\",\"%_classification_r%\":\"field_5f3a3af81a328\",\"%classement_prefectoral_r%\":\"\",\"%_classement_prefectoral_r%\":\"field_5f3a473444710\",\"%datetri_r%\":\"1780531200\",\"%_datetri_r%\":\"field_5f3a8a82002b1\",\"%langage_r%\":\"FR\",\"%_langage_r%\":\"field_5f3be5649f374\",\"%_wpgmp_location_address%\":\"Route de Limoux 11150 BRAM\",\"%_wpgmp_location_city%\":\"BRAM\",\"%_wpgmp_location_state%\":\"\",\"%_wpgmp_location_country%\":\"France\",\"%_wpgmp_metabox_marker_id%\":\"a:1:{i:0;i:8;}\",\"%_wpgmp_map_id%\":\"a:1:{i:0;i:21;}\",\"%_wpgmp_metabox_latitude%\":\"43.2336102\",\"%_wpgmp_metabox_longitude%\":\"2.11846137\",\"%_wpgmp_metabox_location_redirect%\":\"post\",\"%_wpgmp_metabox_custom_link%\":\"\",\"%_wpgmp_metabox_taxomomies_terms%\":\"N;\",\"%_wpgmp_extensions_fields%\":\"N;\",\"%_wpml_word_count%\":\"216\",\"%galerie_image_r%\":\"237613, 237602, 237616, 237619\",\"%_galerie_image_r%\":\"field_5f3bd339f8130\",\"%_wp_old_slug%\":\"visite-guidee-de-lhuilerie-moog-3\",\"%_elementor_page_assets%\":\"\",\"taxonomy=category\":\"Ev\\u00e9nements ponctuels\",\"taxonomy=post_tag\":\"\",\"taxonomy=post_format\":\"\",\"taxonomy=translation_priority\":\"Facultatif\"},\"icon\":\"https:\\\/\\\/collinescathares.com\\\/wp-content\\\/uploads\\\/2020\\\/07\\\/pointeur_vert.svg\"},\"id\":262759,\"custom_filters\":{\"type_r\":\"Visite guid\\u00e9e\",\"datetri_r\":\"1780531200\"},\"infowindow_disable\":false,\"categories\":[{\"icon\":\"https:\\\/\\\/collinescathares.com\\\/wp-content\\\/uploads\\\/2020\\\/07\\\/pointeur_vert.svg\",\"name\":\"Ev\\u00e9nements ponctuels\",\"id\":\"8\",\"type\":\"category\"}]},{\"source\":\"post\",\"title\":\"VISITE GUID\\u00c9E DE L&#8217;HUILERIE MOOG\",\"infowindow_content\":\"<div class=\\\"fc-main\\\"><div class=\\\"fc-item-title\\\">VISITE GUID\\u00c9E DE L&#8217;HUILERIE MOOG <span class=\\\"fc-badge info\\\">Ev\\u00e9nements ponctuels<\\\/span><\\\/div> <div class=\\\"fc-item-featured_image\\\"><div class=\\\"fc-feature-img\\\"><img alt=\\\"VISITE GUID\\u00c9E DE L&#8217;HUILERIE MOOG\\\" width=\\\"300\\\" height=\\\"225\\\" src=\\\"https:\\\/\\\/collinescathares.com\\\/wp-content\\\/uploads\\\/2023\\\/10\\\/VISITE-DE-L-HUILERIE-MOOG-1-300x225.jpg\\\" class=\\\"wp-post-image   wpgmp_featured_image\\\" ><\\\/div> <\\\/div>Venez d\\u00e9couvrir notre patrimoine industriel ! Pionni\\u00e8re de la Bio d\\u00e8s 1984, l\\u2019Huilerie MOOG, avec sa marque BIO PLANETE, fabrique des huiles alliant saveur, convivialit\\u00e9 et plaisir. D\\u00e9couvrez notre savoir-faire d\\u2019artisan huilier. La visite de nos ateliers de production vous r\\u00e9v\\u00e8lera les diff\\u00e9rentes \\u00e9tapes de fabrication de nos huiles alimentaires -de la graine \\u00e0 la [&hellip;]<address><b>Adresse : <\\\/b>{marker_address}<\\\/address><a class=\\\"fc-btn fc-btn-small fc-btn-red\\\" href=\\\"https:\\\/\\\/collinescathares.com\\\/es\\\/evenements-ponctuels\\\/visite-guidee-de-lhuilerie-moog-2\\\/\\\">En savoir plus<\\\/a><\\\/div>\",\"content\":\"Venez d\\u00e9couvrir notre patrimoine industriel ! Pionni\\u00e8re de la Bio d\\u00e8s 1984, l\\u2019Huilerie MOOG, avec sa marque BIO PLANETE, fabrique des huiles alliant saveur, convivialit\\u00e9 et plaisir. D\\u00e9couvrez notre savoir-faire d\\u2019artisan huilier. La visite de nos ateliers de production vous r\\u00e9v\\u00e8lera les diff\\u00e9rentes \\u00e9tapes de fabrication de nos huiles alimentaires -de la graine \\u00e0 la [&hellip;]\",\"address\":\"Route de Limoux 11150 BRAM\",\"location\":{\"lat\":\"43.2336102\",\"city\":\"BRAM\",\"country\":\"France\",\"lng\":\"2.11846137\",\"onclick_action\":\"post\",\"redirect_permalink\":\"https:\\\/\\\/collinescathares.com\\\/es\\\/evenements-ponctuels\\\/visite-guidee-de-lhuilerie-moog-2\\\/\",\"zoom\":10,\"extra_fields\":{\"%date_evenement_r%\":\"02 Juillet 2026\",\"%date_evenement_fin_r%\":\"02 Juillet 2026\",\"post_excerpt\":\"Venez d\\u00e9couvrir notre patrimoine industriel ! Pionni\\u00e8re de la Bio d\\u00e8s 1984, l\\u2019Huilerie MOOG, avec sa marque BIO PLANETE, fabrique des huiles alliant saveur, convivialit\\u00e9 et plaisir. D\\u00e9couvrez notre savoir-faire d\\u2019artisan huilier. La visite de nos ateliers de production vous r\\u00e9v\\u00e8lera les diff\\u00e9rentes \\u00e9tapes de fabrication de nos huiles alimentaires -de la graine \\u00e0 la [&hellip;]\",\"post_content\":\"Venez d\\u00e9couvrir notre patrimoine industriel !\\n\\nPionni\\u00e8re de la Bio d\\u00e8s 1984, l\\u2019Huilerie MOOG, avec sa marque BIO PLANETE, fabrique des huiles alliant saveur, convivialit\\u00e9 et plaisir.\\n\\nD\\u00e9couvrez notre savoir-faire d\\u2019artisan huilier. La visite de nos ateliers de production vous r\\u00e9v\\u00e8lera les diff\\u00e9rentes \\u00e9tapes de fabrication de nos huiles alimentaires -de la graine \\u00e0 la bouteille- ainsi que les moyens mis \\u0153uvre pour garantir la qualit\\u00e9 de nos produits.\\n\\nElle sera \\u00e9galement l\\u2019occasion de vous partager notre profond engagement pour une production alimentaire \\u00e9thique et durable.\\n\\nEspace d\\u00e9gustation et boutique : tous nos produits sont disponibles \\u00e0 la d\\u00e9gustation dans notre boutique. Venez vivre une exp\\u00e9rience gourmande avec des conseils pour agr\\u00e9menter vos plats du quotidien, sublimer vos repas de f\\u00eates, des id\\u00e9es recettes et m\\u00eame des petites astuces sant\\u00e9 et cosm\\u00e9tologie.\\n\\nVisite gratuite. Uniquement sur inscription. \\nR\\u00e8gles d\\u2019hygi\\u00e8ne et de s\\u00e9curit\\u00e9 : pantalon obligatoire \\\/ chaussures plates et ferm\\u00e9es obligatoires \\\/ L\\u2019\\u00e9tablissement se r\\u00e9serve l\\u2019obligation de port de masque si n\\u00e9cessaire \\\/ Un formulaire de cession de droit \\u00e0 l\\u2019image vous sera demand\\u00e9 \\u00e0 l\\u2019arriv\\u00e9e sur site.\",\"post_title\":\"VISITE GUID\\u00c9E DE L&#8217;HUILERIE MOOG\",\"post_link\":\"https:\\\/\\\/collinescathares.com\\\/es\\\/evenements-ponctuels\\\/visite-guidee-de-lhuilerie-moog-2\\\/\",\"post_featured_image\":\"<div class=\\\"fc-feature-img\\\"><img alt=\\\"VISITE GUID\\u00c9E DE L&#8217;HUILERIE MOOG\\\" width=\\\"300\\\" height=\\\"225\\\" src=\\\"https:\\\/\\\/collinescathares.com\\\/wp-content\\\/uploads\\\/2023\\\/10\\\/VISITE-DE-L-HUILERIE-MOOG-1-300x225.jpg\\\" class=\\\"wp-post-image   wpgmp_featured_image\\\" ><\\\/div>\",\"post_categories\":\"Ev\\u00e9nements ponctuels\",\"post_tags\":\"\",\"%jupiterx_reading_time%\":\"1 minute\",\"%_thumbnail_id%\":\"237602\",\"%ville_r%\":\"BRAM\",\"%_ville_r%\":\"field_5efc3a17e12c5\",\"%cp_r%\":\"11150\",\"%_cp_r%\":\"field_5efc3a47e12ca\",\"%tarifs_r%\":\"\",\"%_tarifs_r%\":\"field_5efc3a22e12c6\",\"%adresse_r%\":\"Route de Limoux\",\"%_adresse_r%\":\"field_5efc3a2ee12c7\",\"%carte_r%\":\"Route de Limoux 11150 BRAM, 43.2336102, 2.11846137, 14\",\"%_carte_r%\":\"field_5efc4ed05494a\",\"%labels_r%\":\"\",\"%_labels_r%\":\"field_5f3a47134470d\",\"%handicap_r%\":\"\",\"%_handicap_r%\":\"field_5f3a471a4470e\",\"%offres_promotionnelles_r%\":\"\",\"%_offres_promotionnelles_r%\":\"field_5f3a472d4470f\",\"%telephone_r%\":\"\",\"%_telephone_r%\":\"field_5efc3a39e12c8\",\"%email_r%\":\"\",\"%_email_r%\":\"field_5efc3a40e12c9\",\"%idunique_r%\":\"FMALAR011V51AECJ\",\"%_idunique_r%\":\"field_5f04335c562b3\",\"%site_r%\":\"https:\\\/\\\/www.bioplanete.bio\\\/visites\\\/\",\"%_site_r%\":\"field_5efc4d652a106\",\"%_date_evenement_r%\":\"field_5f0348f37d5bd\",\"%_date_evenement_fin_r%\":\"field_5f3a4540d0781\",\"%horaires_evenement_r%\":\"10:00 \\\/ 12:00\",\"%_horaires_evenement_r%\":\"field_5f3a4550d0782\",\"%type_r%\":\"Visite guid\\u00e9e\",\"%_type_r%\":\"field_5f057b5365cd7\",\"%classification_r%\":\"\",\"%_classification_r%\":\"field_5f3a3af81a328\",\"%classement_prefectoral_r%\":\"\",\"%_classement_prefectoral_r%\":\"field_5f3a473444710\",\"%datetri_r%\":\"1782950400\",\"%_datetri_r%\":\"field_5f3a8a82002b1\",\"%langage_r%\":\"FR\",\"%_langage_r%\":\"field_5f3be5649f374\",\"%_wpgmp_location_address%\":\"Route de Limoux 11150 BRAM\",\"%_wpgmp_location_city%\":\"BRAM\",\"%_wpgmp_location_state%\":\"\",\"%_wpgmp_location_country%\":\"France\",\"%_wpgmp_metabox_marker_id%\":\"a:1:{i:0;i:8;}\",\"%_wpgmp_map_id%\":\"a:1:{i:0;i:21;}\",\"%_wpgmp_metabox_latitude%\":\"43.2336102\",\"%_wpgmp_metabox_longitude%\":\"2.11846137\",\"%_wpgmp_metabox_location_redirect%\":\"post\",\"%_wpgmp_metabox_custom_link%\":\"\",\"%_wpgmp_metabox_taxomomies_terms%\":\"N;\",\"%_wpgmp_extensions_fields%\":\"N;\",\"%_wpml_word_count%\":\"216\",\"%galerie_image_r%\":\"237602, 237613, 237616, 237619\",\"%_galerie_image_r%\":\"field_5f3bd339f8130\",\"%_wp_old_slug%\":\"visite-guidee-de-lhuilerie-moog-4\",\"%_elementor_page_assets%\":\"\",\"taxonomy=category\":\"Ev\\u00e9nements ponctuels\",\"taxonomy=post_tag\":\"\",\"taxonomy=post_format\":\"\",\"taxonomy=translation_priority\":\"Facultatif\"},\"icon\":\"https:\\\/\\\/collinescathares.com\\\/wp-content\\\/uploads\\\/2020\\\/07\\\/pointeur_vert.svg\"},\"id\":262760,\"custom_filters\":{\"type_r\":\"Visite guid\\u00e9e\",\"datetri_r\":\"1782950400\"},\"infowindow_disable\":false,\"categories\":[{\"icon\":\"https:\\\/\\\/collinescathares.com\\\/wp-content\\\/uploads\\\/2020\\\/07\\\/pointeur_vert.svg\",\"name\":\"Ev\\u00e9nements ponctuels\",\"id\":\"8\",\"type\":\"category\"}]},{\"source\":\"post\",\"title\":\"VISITE COMMENT\\u00c9E DE CENNE-MONESTI\\u00c9S ET DE SON PARCOURS SCULPTURAL\",\"infowindow_content\":\"<div class=\\\"fc-main\\\"><div class=\\\"fc-item-title\\\">VISITE COMMENT\\u00c9E DE CENNE-MONESTI\\u00c9S ET DE SON PARCOURS SCULPTURAL <span class=\\\"fc-badge info\\\">Ev\\u00e9nements ponctuels<\\\/span><\\\/div> <div class=\\\"fc-item-featured_image\\\"><div class=\\\"fc-feature-img\\\"><img alt=\\\"VISITE COMMENT\\u00c9E DE CENNE-MONESTI\\u00c9S ET DE SON PARCOURS SCULPTURAL\\\" width=\\\"300\\\" height=\\\"225\\\" src=\\\"https:\\\/\\\/collinescathares.com\\\/wp-content\\\/uploads\\\/2026\\\/02\\\/VISITE-COMMENTEE-DE-CENNE-MONESTIES-ET-DE-SON-PARCOURS-SCULPTURAL-300x225.jpg\\\" class=\\\"wp-post-image   wpgmp_featured_image\\\" ><\\\/div> <\\\/div>\\u00c0 Cenne-Monesti\\u00e9s, laissez-vous guider lors d&#8217;une balade conviviale m\\u00ealant patrimoine, nature et moments de partage. En fin de matin\\u00e9e, \\u00e0 11h, Jos\\u00e9 Froment vous proposera une visite du village et de son parcours sculptural, une belle occasion de porter un regard nouveau sur les \\u0153uvres et les lieux qui font l&#8217;identit\\u00e9 du village. \\u00c0 12h30, [&hellip;]<address><b>Adresse : <\\\/b>{marker_address}<\\\/address><a class=\\\"fc-btn fc-btn-small fc-btn-red\\\" href=\\\"https:\\\/\\\/collinescathares.com\\\/es\\\/evenements-ponctuels\\\/visite-commentee-de-cenne-monesties-et-de-son-parcours-sculptural-2\\\/\\\">En savoir plus<\\\/a><\\\/div>\",\"content\":\"\\u00c0 Cenne-Monesti\\u00e9s, laissez-vous guider lors d&#8217;une balade conviviale m\\u00ealant patrimoine, nature et moments de partage. En fin de matin\\u00e9e, \\u00e0 11h, Jos\\u00e9 Froment vous proposera une visite du village et de son parcours sculptural, une belle occasion de porter un regard nouveau sur les \\u0153uvres et les lieux qui font l&#8217;identit\\u00e9 du village. \\u00c0 12h30, [&hellip;]\",\"address\":\"5 Rue de la Mairie 11170 CENNE-MONESTIES\",\"location\":{\"lat\":\"43.3315307\",\"city\":\"CENNE-MONESTIES\",\"country\":\"France\",\"lng\":\"2.11685554\",\"onclick_action\":\"post\",\"redirect_permalink\":\"https:\\\/\\\/collinescathares.com\\\/es\\\/evenements-ponctuels\\\/visite-commentee-de-cenne-monesties-et-de-son-parcours-sculptural-2\\\/\",\"zoom\":10,\"extra_fields\":{\"%date_evenement_r%\":\"14 Juin 2026\",\"%date_evenement_fin_r%\":\"14 Juin 2026\",\"post_excerpt\":\"\\u00c0 Cenne-Monesti\\u00e9s, laissez-vous guider lors d&#8217;une balade conviviale m\\u00ealant patrimoine, nature et moments de partage. En fin de matin\\u00e9e, \\u00e0 11h, Jos\\u00e9 Froment vous proposera une visite du village et de son parcours sculptural, une belle occasion de porter un regard nouveau sur les \\u0153uvres et les lieux qui font l&#8217;identit\\u00e9 du village. \\u00c0 12h30, [&hellip;]\",\"post_content\":\"\\u00c0 Cenne-Monesti\\u00e9s, laissez-vous guider lors d'une balade conviviale m\\u00ealant patrimoine, nature et moments de partage.\\nEn fin de matin\\u00e9e, \\u00e0 11h, Jos\\u00e9 Froment vous proposera une visite du village et de son parcours sculptural, une belle occasion de porter un regard nouveau sur les \\u0153uvres et les lieux qui font l'identit\\u00e9 du village.\\n\\u00c0 12h30, place \\u00e0 la d\\u00e9tente autour d\\u2019un pique-nique tir\\u00e9 du sac au lavoir, dans un cadre paisible et propice au partage.\\nL\\u2019apr\\u00e8s-midi, Jos\\u00e9 Froment vous emm\\u00e8nera visiter l\\u2019usine Cayre pour d\\u00e9couvrir le pass\\u00e9 industriel du bourg.\\nEt pour celles et ceux qui souhaiteront prolonger le plaisir, \\u00e0 15h, il sera propos\\u00e9 de continuer l\\u2019aventure sur le sentier \\u00ab Au fil de l\\u2019eau et des moulins \\u00bb, une promenade bucolique au rythme du Lampy et des anciens moulins.\\n\\nD\\u00e9part devant la mairie.\\nVisite sur r\\u00e9servation : 04 68 24 75 45 \\\/ tourisme@ccplm.fr\",\"post_title\":\"VISITE COMMENT\\u00c9E DE CENNE-MONESTI\\u00c9S ET DE SON PARCOURS SCULPTURAL\",\"post_link\":\"https:\\\/\\\/collinescathares.com\\\/es\\\/evenements-ponctuels\\\/visite-commentee-de-cenne-monesties-et-de-son-parcours-sculptural-2\\\/\",\"post_featured_image\":\"<div class=\\\"fc-feature-img\\\"><img alt=\\\"VISITE COMMENT\\u00c9E DE CENNE-MONESTI\\u00c9S ET DE SON PARCOURS SCULPTURAL\\\" width=\\\"300\\\" height=\\\"225\\\" src=\\\"https:\\\/\\\/collinescathares.com\\\/wp-content\\\/uploads\\\/2026\\\/02\\\/VISITE-COMMENTEE-DE-CENNE-MONESTIES-ET-DE-SON-PARCOURS-SCULPTURAL-300x225.jpg\\\" class=\\\"wp-post-image   wpgmp_featured_image\\\" ><\\\/div>\",\"post_categories\":\"Ev\\u00e9nements ponctuels\",\"post_tags\":\"\",\"%jupiterx_reading_time%\":\"1 minute\",\"%_thumbnail_id%\":\"261769\",\"%ville_r%\":\"CENNE-MONESTIES\",\"%_ville_r%\":\"field_5efc3a17e12c5\",\"%cp_r%\":\"11170\",\"%_cp_r%\":\"field_5efc3a47e12ca\",\"%tarifs_r%\":\"\",\"%_tarifs_r%\":\"field_5efc3a22e12c6\",\"%adresse_r%\":\"5 Rue de la Mairie\",\"%_adresse_r%\":\"field_5efc3a2ee12c7\",\"%carte_r%\":\"5 Rue de la Mairie 11170 CENNE-MONESTIES, 43.3315307, 2.11685554, 14\",\"%_carte_r%\":\"field_5efc4ed05494a\",\"%labels_r%\":\"\",\"%_labels_r%\":\"field_5f3a47134470d\",\"%handicap_r%\":\"\",\"%_handicap_r%\":\"field_5f3a471a4470e\",\"%offres_promotionnelles_r%\":\"\",\"%_offres_promotionnelles_r%\":\"field_5f3a472d4470f\",\"%telephone_r%\":\"+33 4 68 24 75 45\",\"%_telephone_r%\":\"field_5efc3a39e12c8\",\"%email_r%\":\"tourisme@ccplm.fr\",\"%_email_r%\":\"field_5efc3a40e12c9\",\"%idunique_r%\":\"FMALAR011V51A8DF\",\"%_idunique_r%\":\"field_5f04335c562b3\",\"%site_r%\":\"https:\\\/\\\/collinescathares.com\\\/\",\"%_site_r%\":\"field_5efc4d652a106\",\"%_date_evenement_r%\":\"field_5f0348f37d5bd\",\"%_date_evenement_fin_r%\":\"field_5f3a4540d0781\",\"%horaires_evenement_r%\":\"11:00 \\\/ 16:00\",\"%_horaires_evenement_r%\":\"field_5f3a4550d0782\",\"%type_r%\":\"Visite guid\\u00e9e\",\"%_type_r%\":\"field_5f057b5365cd7\",\"%classification_r%\":\"\",\"%_classification_r%\":\"field_5f3a3af81a328\",\"%classement_prefectoral_r%\":\"\",\"%_classement_prefectoral_r%\":\"field_5f3a473444710\",\"%datetri_r%\":\"1781395200\",\"%_datetri_r%\":\"field_5f3a8a82002b1\",\"%langage_r%\":\"FR\",\"%_langage_r%\":\"field_5f3be5649f374\",\"%_wpgmp_location_address%\":\"5 Rue de la Mairie 11170 CENNE-MONESTIES\",\"%_wpgmp_location_city%\":\"CENNE-MONESTIES\",\"%_wpgmp_location_state%\":\"\",\"%_wpgmp_location_country%\":\"France\",\"%_wpgmp_metabox_marker_id%\":\"a:1:{i:0;i:8;}\",\"%_wpgmp_map_id%\":\"a:1:{i:0;i:21;}\",\"%_wpgmp_metabox_latitude%\":\"43.3315307\",\"%_wpgmp_metabox_longitude%\":\"2.11685554\",\"%_wpgmp_metabox_location_redirect%\":\"post\",\"%_wpgmp_metabox_custom_link%\":\"\",\"%_wpgmp_metabox_taxomomies_terms%\":\"N;\",\"%_wpgmp_extensions_fields%\":\"N;\",\"%_wpml_word_count%\":\"157\",\"%galerie_image_r%\":\"261769\",\"%_galerie_image_r%\":\"field_5f3bd339f8130\",\"%_elementor_page_assets%\":\"\",\"taxonomy=category\":\"Ev\\u00e9nements ponctuels\",\"taxonomy=post_tag\":\"\",\"taxonomy=post_format\":\"\",\"taxonomy=translation_priority\":\"Facultatif\"},\"icon\":\"https:\\\/\\\/collinescathares.com\\\/wp-content\\\/uploads\\\/2020\\\/07\\\/pointeur_vert.svg\"},\"id\":262044,\"custom_filters\":{\"type_r\":\"Visite guid\\u00e9e\",\"datetri_r\":\"1781395200\"},\"infowindow_disable\":false,\"categories\":[{\"icon\":\"https:\\\/\\\/collinescathares.com\\\/wp-content\\\/uploads\\\/2020\\\/07\\\/pointeur_vert.svg\",\"name\":\"Ev\\u00e9nements ponctuels\",\"id\":\"8\",\"type\":\"category\"}]},{\"source\":\"post\",\"title\":\"RANDONN\\u00c9E CONT\\u00c9E SUR LE SENTIER HISTORIQUE DE LAURAC ET MARCH\\u00c9 GOURMAND\",\"infowindow_content\":\"<div class=\\\"fc-main\\\"><div class=\\\"fc-item-title\\\">RANDONN\\u00c9E CONT\\u00c9E SUR LE SENTIER HISTORIQUE DE LAURAC ET MARCH\\u00c9 GOURMAND <span class=\\\"fc-badge info\\\">Ev\\u00e9nements ponctuels<\\\/span><\\\/div> <div class=\\\"fc-item-featured_image\\\"><div class=\\\"fc-feature-img\\\"><img alt=\\\"RANDONN\\u00c9E CONT\\u00c9E SUR LE SENTIER HISTORIQUE DE LAURAC ET MARCH\\u00c9 GOURMAND\\\" width=\\\"300\\\" height=\\\"225\\\" src=\\\"https:\\\/\\\/collinescathares.com\\\/wp-content\\\/uploads\\\/2026\\\/02\\\/RANDONNEE-CONTEE-SUR-LE-SENTIER-HISTORIQUE-DE-LAURAC-ET-VISITE-DU-VILLAGE-300x225.jpg\\\" class=\\\"wp-post-image   wpgmp_featured_image\\\" ><\\\/div> <\\\/div>En fin d&#8217;apr\\u00e8s-midi, partez \\u00e0 la d\\u00e9couverte de Laurac-le-Grand et laissez-vous s\\u00e9duire par son histoire et ses paysages d\\u2019exception. Serge Grill\\u00e8res, habitant du village et ancien maire, fera revivre le pass\\u00e9 m\\u00e9di\\u00e9val de ce joli bourg, ancien si\\u00e8ge de la principale seigneurie des alentours. Au programme : &#8211; \\u00e0 17h : Randonn\\u00e9e cont\\u00e9e sur le [&hellip;]<address><b>Adresse : <\\\/b>{marker_address}<\\\/address><a class=\\\"fc-btn fc-btn-small fc-btn-red\\\" href=\\\"https:\\\/\\\/collinescathares.com\\\/es\\\/evenements-ponctuels\\\/randonnee-contee-sur-le-sentier-historique-de-laurac-et-marche-gourmand\\\/\\\">En savoir plus<\\\/a><\\\/div>\",\"content\":\"En fin d&#8217;apr\\u00e8s-midi, partez \\u00e0 la d\\u00e9couverte de Laurac-le-Grand et laissez-vous s\\u00e9duire par son histoire et ses paysages d\\u2019exception. Serge Grill\\u00e8res, habitant du village et ancien maire, fera revivre le pass\\u00e9 m\\u00e9di\\u00e9val de ce joli bourg, ancien si\\u00e8ge de la principale seigneurie des alentours. Au programme : &#8211; \\u00e0 17h : Randonn\\u00e9e cont\\u00e9e sur le [&hellip;]\",\"address\":\"8 Rue du Pont 11270 LAURAC\",\"location\":{\"lat\":\"43.2277206\",\"city\":\"LAURAC\",\"country\":\"France\",\"lng\":\"1.97518605\",\"onclick_action\":\"post\",\"redirect_permalink\":\"https:\\\/\\\/collinescathares.com\\\/es\\\/evenements-ponctuels\\\/randonnee-contee-sur-le-sentier-historique-de-laurac-et-marche-gourmand\\\/\",\"zoom\":10,\"extra_fields\":{\"%date_evenement_r%\":\"07 Ao\\u00fbt 2026\",\"%date_evenement_fin_r%\":\"07 Ao\\u00fbt 2026\",\"post_excerpt\":\"En fin d&#8217;apr\\u00e8s-midi, partez \\u00e0 la d\\u00e9couverte de Laurac-le-Grand et laissez-vous s\\u00e9duire par son histoire et ses paysages d\\u2019exception. Serge Grill\\u00e8res, habitant du village et ancien maire, fera revivre le pass\\u00e9 m\\u00e9di\\u00e9val de ce joli bourg, ancien si\\u00e8ge de la principale seigneurie des alentours. Au programme : &#8211; \\u00e0 17h : Randonn\\u00e9e cont\\u00e9e sur le [&hellip;]\",\"post_content\":\"En fin d'apr\\u00e8s-midi, partez \\u00e0 la d\\u00e9couverte de Laurac-le-Grand et laissez-vous s\\u00e9duire par son histoire et ses paysages d\\u2019exception.  Serge Grill\\u00e8res, habitant du village et ancien maire, fera revivre le pass\\u00e9 m\\u00e9di\\u00e9val de ce joli bourg, ancien si\\u00e8ge de la principale seigneurie des alentours.\\nAu programme :\\n- \\u00e0 17h : Randonn\\u00e9e cont\\u00e9e sur le sentier historique entourant le village (pr\\u00e9voir chaussures de randonn\\u00e9e, eau, casquette et cr\\u00e8me solaire) ;\\n- Retour \\u00e0 19h pour profiter d'un march\\u00e9 gourmand et artisanal avant la f\\u00eate locale.\\n\\nAnimation sur r\\u00e9servation : 04 68 24 75 45 \\\/ tourisme@ccplm.fr\",\"post_title\":\"RANDONN\\u00c9E CONT\\u00c9E SUR LE SENTIER HISTORIQUE DE LAURAC ET MARCH\\u00c9 GOURMAND\",\"post_link\":\"https:\\\/\\\/collinescathares.com\\\/es\\\/evenements-ponctuels\\\/randonnee-contee-sur-le-sentier-historique-de-laurac-et-marche-gourmand\\\/\",\"post_featured_image\":\"<div class=\\\"fc-feature-img\\\"><img alt=\\\"RANDONN\\u00c9E CONT\\u00c9E SUR LE SENTIER HISTORIQUE DE LAURAC ET MARCH\\u00c9 GOURMAND\\\" width=\\\"300\\\" height=\\\"225\\\" src=\\\"https:\\\/\\\/collinescathares.com\\\/wp-content\\\/uploads\\\/2026\\\/02\\\/RANDONNEE-CONTEE-SUR-LE-SENTIER-HISTORIQUE-DE-LAURAC-ET-VISITE-DU-VILLAGE-300x225.jpg\\\" class=\\\"wp-post-image   wpgmp_featured_image\\\" ><\\\/div>\",\"post_categories\":\"Ev\\u00e9nements ponctuels\",\"post_tags\":\"\",\"%jupiterx_reading_time%\":\"1 minute\",\"%_thumbnail_id%\":\"261765\",\"%ville_r%\":\"LAURAC\",\"%_ville_r%\":\"field_5efc3a17e12c5\",\"%cp_r%\":\"11270\",\"%_cp_r%\":\"field_5efc3a47e12ca\",\"%tarifs_r%\":\"\",\"%_tarifs_r%\":\"field_5efc3a22e12c6\",\"%adresse_r%\":\"8 Rue du Pont\",\"%_adresse_r%\":\"field_5efc3a2ee12c7\",\"%carte_r%\":\"8 Rue du Pont 11270 LAURAC, 43.2277206, 1.97518605, 14\",\"%_carte_r%\":\"field_5efc4ed05494a\",\"%labels_r%\":\"\",\"%_labels_r%\":\"field_5f3a47134470d\",\"%handicap_r%\":\"\",\"%_handicap_r%\":\"field_5f3a471a4470e\",\"%offres_promotionnelles_r%\":\"\",\"%_offres_promotionnelles_r%\":\"field_5f3a472d4470f\",\"%telephone_r%\":\"+33 4 68 24 75 45\",\"%_telephone_r%\":\"field_5efc3a39e12c8\",\"%email_r%\":\"tourisme@ccplm.fr\",\"%_email_r%\":\"field_5efc3a40e12c9\",\"%idunique_r%\":\"FMALAR011V51A8CO\",\"%_idunique_r%\":\"field_5f04335c562b3\",\"%site_r%\":\"https:\\\/\\\/collinescathares.com\\\/\",\"%_site_r%\":\"field_5efc4d652a106\",\"%_date_evenement_r%\":\"field_5f0348f37d5bd\",\"%_date_evenement_fin_r%\":\"field_5f3a4540d0781\",\"%horaires_evenement_r%\":\"17:00 \\\/ 19:00\",\"%_horaires_evenement_r%\":\"field_5f3a4550d0782\",\"%type_r%\":\"March\\u00e9\",\"%_type_r%\":\"field_5f057b5365cd7\",\"%classification_r%\":\"\",\"%_classification_r%\":\"field_5f3a3af81a328\",\"%classement_prefectoral_r%\":\"\",\"%_classement_prefectoral_r%\":\"field_5f3a473444710\",\"%datetri_r%\":\"1786060800\",\"%_datetri_r%\":\"field_5f3a8a82002b1\",\"%langage_r%\":\"FR\",\"%_langage_r%\":\"field_5f3be5649f374\",\"%_wpgmp_location_address%\":\"8 Rue du Pont 11270 LAURAC\",\"%_wpgmp_location_city%\":\"LAURAC\",\"%_wpgmp_location_state%\":\"\",\"%_wpgmp_location_country%\":\"France\",\"%_wpgmp_metabox_marker_id%\":\"a:1:{i:0;i:8;}\",\"%_wpgmp_map_id%\":\"a:1:{i:0;i:21;}\",\"%_wpgmp_metabox_latitude%\":\"43.2277206\",\"%_wpgmp_metabox_longitude%\":\"1.97518605\",\"%_wpgmp_metabox_location_redirect%\":\"post\",\"%_wpgmp_metabox_custom_link%\":\"\",\"%_wpgmp_metabox_taxomomies_terms%\":\"N;\",\"%_wpgmp_extensions_fields%\":\"N;\",\"%_wpml_word_count%\":\"111\",\"%galerie_image_r%\":\"261765\",\"%_galerie_image_r%\":\"field_5f3bd339f8130\",\"%_elementor_page_assets%\":\"\",\"taxonomy=category\":\"Ev\\u00e9nements ponctuels\",\"taxonomy=post_tag\":\"\",\"taxonomy=post_format\":\"\",\"taxonomy=translation_priority\":\"Facultatif\"},\"icon\":\"https:\\\/\\\/collinescathares.com\\\/wp-content\\\/uploads\\\/2020\\\/07\\\/pointeur_vert.svg\"},\"id\":262042,\"custom_filters\":{\"type_r\":\"March\\u00e9\",\"datetri_r\":\"1786060800\"},\"infowindow_disable\":false,\"categories\":[{\"icon\":\"https:\\\/\\\/collinescathares.com\\\/wp-content\\\/uploads\\\/2020\\\/07\\\/pointeur_vert.svg\",\"name\":\"Ev\\u00e9nements ponctuels\",\"id\":\"8\",\"type\":\"category\"}]},{\"source\":\"post\",\"title\":\"VISITE COMMENT\\u00c9E DE CENNE-MONESTI\\u00c9S ET DE SON PARCOURS SCULPTURAL\",\"infowindow_content\":\"<div class=\\\"fc-main\\\"><div class=\\\"fc-item-title\\\">VISITE COMMENT\\u00c9E DE CENNE-MONESTI\\u00c9S ET DE SON PARCOURS SCULPTURAL <span class=\\\"fc-badge info\\\">Ev\\u00e9nements ponctuels<\\\/span><\\\/div> <div class=\\\"fc-item-featured_image\\\"><div class=\\\"fc-feature-img\\\"><img alt=\\\"VISITE COMMENT\\u00c9E DE CENNE-MONESTI\\u00c9S ET DE SON PARCOURS SCULPTURAL\\\" width=\\\"300\\\" height=\\\"225\\\" src=\\\"https:\\\/\\\/collinescathares.com\\\/wp-content\\\/uploads\\\/2026\\\/02\\\/VISITE-COMMENTEE-DE-CENNE-MONESTIES-ET-DE-SON-PARCOURS-SCULPTURAL-300x225.jpg\\\" class=\\\"wp-post-image   wpgmp_featured_image\\\" ><\\\/div> <\\\/div>\\u00c0 Cenne-Monesti\\u00e9s, laissez-vous guider lors d&#8217;une balade conviviale m\\u00ealant patrimoine, nature et moments de partage. En fin de matin\\u00e9e, \\u00e0 11h, Jos\\u00e9 Froment vous proposera une visite du village et de son parcours sculptural, une belle occasion de porter un regard nouveau sur les \\u0153uvres et les lieux qui font l&#8217;identit\\u00e9 du village. \\u00c0 12h30, [&hellip;]<address><b>Adresse : <\\\/b>{marker_address}<\\\/address><a class=\\\"fc-btn fc-btn-small fc-btn-red\\\" href=\\\"https:\\\/\\\/collinescathares.com\\\/es\\\/evenements-ponctuels\\\/visite-commentee-de-cenne-monesties-et-de-son-parcours-sculptural\\\/\\\">En savoir plus<\\\/a><\\\/div>\",\"content\":\"\\u00c0 Cenne-Monesti\\u00e9s, laissez-vous guider lors d&#8217;une balade conviviale m\\u00ealant patrimoine, nature et moments de partage. En fin de matin\\u00e9e, \\u00e0 11h, Jos\\u00e9 Froment vous proposera une visite du village et de son parcours sculptural, une belle occasion de porter un regard nouveau sur les \\u0153uvres et les lieux qui font l&#8217;identit\\u00e9 du village. \\u00c0 12h30, [&hellip;]\",\"address\":\"5 Rue de la Mairie 11170 CENNE-MONESTIES\",\"location\":{\"lat\":\"43.3315307\",\"city\":\"CENNE-MONESTIES\",\"country\":\"France\",\"lng\":\"2.11685554\",\"onclick_action\":\"post\",\"redirect_permalink\":\"https:\\\/\\\/collinescathares.com\\\/es\\\/evenements-ponctuels\\\/visite-commentee-de-cenne-monesties-et-de-son-parcours-sculptural\\\/\",\"zoom\":10,\"extra_fields\":{\"%date_evenement_r%\":\"09 Mai 2026\",\"%date_evenement_fin_r%\":\"09 Mai 2026\",\"post_excerpt\":\"\\u00c0 Cenne-Monesti\\u00e9s, laissez-vous guider lors d&#8217;une balade conviviale m\\u00ealant patrimoine, nature et moments de partage. En fin de matin\\u00e9e, \\u00e0 11h, Jos\\u00e9 Froment vous proposera une visite du village et de son parcours sculptural, une belle occasion de porter un regard nouveau sur les \\u0153uvres et les lieux qui font l&#8217;identit\\u00e9 du village. \\u00c0 12h30, [&hellip;]\",\"post_content\":\"\\u00c0 Cenne-Monesti\\u00e9s, laissez-vous guider lors d'une balade conviviale m\\u00ealant patrimoine, nature et moments de partage.\\nEn fin de matin\\u00e9e, \\u00e0 11h, Jos\\u00e9 Froment vous proposera une visite du village et de son parcours sculptural, une belle occasion de porter un regard nouveau sur les \\u0153uvres et les lieux qui font l'identit\\u00e9 du village.\\n\\u00c0 12h30, place \\u00e0 la d\\u00e9tente autour d\\u2019un pique-nique tir\\u00e9 du sac au lavoir, dans un cadre paisible et propice au partage.\\nL\\u2019apr\\u00e8s-midi, Jos\\u00e9 Froment vous emm\\u00e8nera visiter l\\u2019usine Cayre pour d\\u00e9couvrir le pass\\u00e9 industriel du bourg.\\nEt pour celles et ceux qui souhaiteront prolonger le plaisir, \\u00e0 15h, il sera propos\\u00e9 de continuer l\\u2019aventure sur le sentier \\u00ab Au fil de l\\u2019eau et des moulins \\u00bb, une promenade bucolique au rythme du Lampy et des anciens moulins.\\n\\nD\\u00e9part devant la mairie.\\nVisite sur r\\u00e9servation : 04 68 24 75 45 \\\/ tourisme@ccplm.fr\",\"post_title\":\"VISITE COMMENT\\u00c9E DE CENNE-MONESTI\\u00c9S ET DE SON PARCOURS SCULPTURAL\",\"post_link\":\"https:\\\/\\\/collinescathares.com\\\/es\\\/evenements-ponctuels\\\/visite-commentee-de-cenne-monesties-et-de-son-parcours-sculptural\\\/\",\"post_featured_image\":\"<div class=\\\"fc-feature-img\\\"><img alt=\\\"VISITE COMMENT\\u00c9E DE CENNE-MONESTI\\u00c9S ET DE SON PARCOURS SCULPTURAL\\\" width=\\\"300\\\" height=\\\"225\\\" src=\\\"https:\\\/\\\/collinescathares.com\\\/wp-content\\\/uploads\\\/2026\\\/02\\\/VISITE-COMMENTEE-DE-CENNE-MONESTIES-ET-DE-SON-PARCOURS-SCULPTURAL-300x225.jpg\\\" class=\\\"wp-post-image   wpgmp_featured_image\\\" ><\\\/div>\",\"post_categories\":\"Ev\\u00e9nements ponctuels\",\"post_tags\":\"\",\"%jupiterx_reading_time%\":\"1 minute\",\"%_thumbnail_id%\":\"261769\",\"%ville_r%\":\"CENNE-MONESTIES\",\"%_ville_r%\":\"field_5efc3a17e12c5\",\"%cp_r%\":\"11170\",\"%_cp_r%\":\"field_5efc3a47e12ca\",\"%tarifs_r%\":\"\",\"%_tarifs_r%\":\"field_5efc3a22e12c6\",\"%adresse_r%\":\"5 Rue de la Mairie\",\"%_adresse_r%\":\"field_5efc3a2ee12c7\",\"%carte_r%\":\"5 Rue de la Mairie 11170 CENNE-MONESTIES, 43.3315307, 2.11685554, 14\",\"%_carte_r%\":\"field_5efc4ed05494a\",\"%labels_r%\":\"\",\"%_labels_r%\":\"field_5f3a47134470d\",\"%handicap_r%\":\"\",\"%_handicap_r%\":\"field_5f3a471a4470e\",\"%offres_promotionnelles_r%\":\"\",\"%_offres_promotionnelles_r%\":\"field_5f3a472d4470f\",\"%telephone_r%\":\"+33 4 68 24 75 45\",\"%_telephone_r%\":\"field_5efc3a39e12c8\",\"%email_r%\":\"tourisme@ccplm.fr\",\"%_email_r%\":\"field_5efc3a40e12c9\",\"%idunique_r%\":\"FMALAR011V51A8CR\",\"%_idunique_r%\":\"field_5f04335c562b3\",\"%site_r%\":\"https:\\\/\\\/collinescathares.com\\\/\",\"%_site_r%\":\"field_5efc4d652a106\",\"%_date_evenement_r%\":\"field_5f0348f37d5bd\",\"%_date_evenement_fin_r%\":\"field_5f3a4540d0781\",\"%horaires_evenement_r%\":\"11:00 \\\/ 16:00\",\"%_horaires_evenement_r%\":\"field_5f3a4550d0782\",\"%type_r%\":\"Visite guid\\u00e9e\",\"%_type_r%\":\"field_5f057b5365cd7\",\"%classification_r%\":\"\",\"%_classification_r%\":\"field_5f3a3af81a328\",\"%classement_prefectoral_r%\":\"\",\"%_classement_prefectoral_r%\":\"field_5f3a473444710\",\"%datetri_r%\":\"1778284800\",\"%_datetri_r%\":\"field_5f3a8a82002b1\",\"%langage_r%\":\"FR\",\"%_langage_r%\":\"field_5f3be5649f374\",\"%_wpgmp_location_address%\":\"5 Rue de la Mairie 11170 CENNE-MONESTIES\",\"%_wpgmp_location_city%\":\"CENNE-MONESTIES\",\"%_wpgmp_location_state%\":\"\",\"%_wpgmp_location_country%\":\"France\",\"%_wpgmp_metabox_marker_id%\":\"a:1:{i:0;i:8;}\",\"%_wpgmp_map_id%\":\"a:1:{i:0;i:21;}\",\"%_wpgmp_metabox_latitude%\":\"43.3315307\",\"%_wpgmp_metabox_longitude%\":\"2.11685554\",\"%_wpgmp_metabox_location_redirect%\":\"post\",\"%_wpgmp_metabox_custom_link%\":\"\",\"%_wpgmp_metabox_taxomomies_terms%\":\"N;\",\"%_wpgmp_extensions_fields%\":\"N;\",\"%_wpml_word_count%\":\"157\",\"%galerie_image_r%\":\"261769\",\"%_galerie_image_r%\":\"field_5f3bd339f8130\",\"%_elementor_page_assets%\":\"\",\"taxonomy=category\":\"Ev\\u00e9nements ponctuels\",\"taxonomy=post_tag\":\"\",\"taxonomy=post_format\":\"\",\"taxonomy=translation_priority\":\"Facultatif\"},\"icon\":\"https:\\\/\\\/collinescathares.com\\\/wp-content\\\/uploads\\\/2020\\\/07\\\/pointeur_vert.svg\"},\"id\":262043,\"custom_filters\":{\"type_r\":\"Visite guid\\u00e9e\",\"datetri_r\":\"1778284800\"},\"infowindow_disable\":false,\"categories\":[{\"icon\":\"https:\\\/\\\/collinescathares.com\\\/wp-content\\\/uploads\\\/2020\\\/07\\\/pointeur_vert.svg\",\"name\":\"Ev\\u00e9nements ponctuels\",\"id\":\"8\",\"type\":\"category\"}]},{\"source\":\"post\",\"title\":\"RANDONN\\u00c9E CONT\\u00c9E SUR LE SENTIER HISTORIQUE DE LAURAC ET VISITE DU VILLAGE\",\"infowindow_content\":\"<div class=\\\"fc-main\\\"><div class=\\\"fc-item-title\\\">RANDONN\\u00c9E CONT\\u00c9E SUR LE SENTIER HISTORIQUE DE LAURAC ET VISITE DU VILLAGE <span class=\\\"fc-badge info\\\">Ev\\u00e9nements ponctuels<\\\/span><\\\/div> <div class=\\\"fc-item-featured_image\\\"><div class=\\\"fc-feature-img\\\"><img alt=\\\"RANDONN\\u00c9E CONT\\u00c9E SUR LE SENTIER HISTORIQUE DE LAURAC ET VISITE DU VILLAGE\\\" width=\\\"300\\\" height=\\\"225\\\" src=\\\"https:\\\/\\\/collinescathares.com\\\/wp-content\\\/uploads\\\/2026\\\/03\\\/RANDONNEE-CONTEE-SUR-LE-SENTIER-HISTORIQUE-DE-LAURAC-ET-VISITE-DU-VILLAGE-3-300x225.jpg\\\" class=\\\"wp-post-image   wpgmp_featured_image\\\" ><\\\/div> <\\\/div>En soir\\u00e9e, partez \\u00e0 la d\\u00e9couverte de Laurac-le-Grand et laissez-vous s\\u00e9duire par son histoire et ses paysages d\\u2019exception. Serge Grill\\u00e8res, habitant du village et ancien maire, fera revivre le pass\\u00e9 m\\u00e9di\\u00e9val de ce joli bourg, ancien si\\u00e8ge de la principale seigneurie des alentours. Au programme : &#8211; Randonn\\u00e9e cont\\u00e9e sur le sentier historique entourant le [&hellip;]<address><b>Adresse : <\\\/b>{marker_address}<\\\/address><a class=\\\"fc-btn fc-btn-small fc-btn-red\\\" href=\\\"https:\\\/\\\/collinescathares.com\\\/es\\\/evenements-ponctuels\\\/randonnee-contee-sur-le-sentier-historique-de-laurac-et-visite-du-village\\\/\\\">En savoir plus<\\\/a><\\\/div>\",\"content\":\"En soir\\u00e9e, partez \\u00e0 la d\\u00e9couverte de Laurac-le-Grand et laissez-vous s\\u00e9duire par son histoire et ses paysages d\\u2019exception. Serge Grill\\u00e8res, habitant du village et ancien maire, fera revivre le pass\\u00e9 m\\u00e9di\\u00e9val de ce joli bourg, ancien si\\u00e8ge de la principale seigneurie des alentours. Au programme : &#8211; Randonn\\u00e9e cont\\u00e9e sur le sentier historique entourant le [&hellip;]\",\"address\":\"8 Rue du Pont 11270 LAURAC\",\"location\":{\"lat\":\"43.2277206\",\"city\":\"LAURAC\",\"country\":\"France\",\"lng\":\"1.97518605\",\"onclick_action\":\"post\",\"redirect_permalink\":\"https:\\\/\\\/collinescathares.com\\\/es\\\/evenements-ponctuels\\\/randonnee-contee-sur-le-sentier-historique-de-laurac-et-visite-du-village\\\/\",\"zoom\":10,\"extra_fields\":{\"%date_evenement_r%\":\"29 Mai 2026\",\"%date_evenement_fin_r%\":\"29 Mai 2026\",\"post_excerpt\":\"En soir\\u00e9e, partez \\u00e0 la d\\u00e9couverte de Laurac-le-Grand et laissez-vous s\\u00e9duire par son histoire et ses paysages d\\u2019exception. Serge Grill\\u00e8res, habitant du village et ancien maire, fera revivre le pass\\u00e9 m\\u00e9di\\u00e9val de ce joli bourg, ancien si\\u00e8ge de la principale seigneurie des alentours. Au programme : &#8211; Randonn\\u00e9e cont\\u00e9e sur le sentier historique entourant le [&hellip;]\",\"post_content\":\"En soir\\u00e9e, partez \\u00e0 la d\\u00e9couverte de Laurac-le-Grand et laissez-vous s\\u00e9duire par son histoire et ses paysages d\\u2019exception.  Serge Grill\\u00e8res, habitant du village et ancien maire, fera revivre le pass\\u00e9 m\\u00e9di\\u00e9val de ce joli bourg, ancien si\\u00e8ge de la principale seigneurie des alentours.\\nAu programme :\\n- Randonn\\u00e9e cont\\u00e9e sur le sentier historique entourant le village (pr\\u00e9voir chaussures de randonn\\u00e9e, eau, casquette) ;\\n- Pique-nique tir\\u00e9 du sac au Puy du Faucher ;\\n- Visite comment\\u00e9e du village.\\n\\nAnimation sur r\\u00e9servation : 04 68 24 75 45 \\\/ tourisme@ccplm.fr\",\"post_title\":\"RANDONN\\u00c9E CONT\\u00c9E SUR LE SENTIER HISTORIQUE DE LAURAC ET VISITE DU VILLAGE\",\"post_link\":\"https:\\\/\\\/collinescathares.com\\\/es\\\/evenements-ponctuels\\\/randonnee-contee-sur-le-sentier-historique-de-laurac-et-visite-du-village\\\/\",\"post_featured_image\":\"<div class=\\\"fc-feature-img\\\"><img alt=\\\"RANDONN\\u00c9E CONT\\u00c9E SUR LE SENTIER HISTORIQUE DE LAURAC ET VISITE DU VILLAGE\\\" width=\\\"300\\\" height=\\\"225\\\" src=\\\"https:\\\/\\\/collinescathares.com\\\/wp-content\\\/uploads\\\/2026\\\/03\\\/RANDONNEE-CONTEE-SUR-LE-SENTIER-HISTORIQUE-DE-LAURAC-ET-VISITE-DU-VILLAGE-3-300x225.jpg\\\" class=\\\"wp-post-image   wpgmp_featured_image\\\" ><\\\/div>\",\"post_categories\":\"Ev\\u00e9nements ponctuels\",\"post_tags\":\"\",\"%jupiterx_reading_time%\":\"1 minute\",\"%ville_r%\":\"LAURAC\",\"%_ville_r%\":\"field_5efc3a17e12c5\",\"%cp_r%\":\"11270\",\"%_cp_r%\":\"field_5efc3a47e12ca\",\"%tarifs_r%\":\"\",\"%_tarifs_r%\":\"field_5efc3a22e12c6\",\"%adresse_r%\":\"8 Rue du Pont\",\"%_adresse_r%\":\"field_5efc3a2ee12c7\",\"%carte_r%\":\"8 Rue du Pont 11270 LAURAC, 43.2277206, 1.97518605, 14\",\"%_carte_r%\":\"field_5efc4ed05494a\",\"%labels_r%\":\"\",\"%_labels_r%\":\"field_5f3a47134470d\",\"%handicap_r%\":\"\",\"%_handicap_r%\":\"field_5f3a471a4470e\",\"%offres_promotionnelles_r%\":\"\",\"%_offres_promotionnelles_r%\":\"field_5f3a472d4470f\",\"%telephone_r%\":\"+33 4 68 24 75 45\",\"%_telephone_r%\":\"field_5efc3a39e12c8\",\"%email_r%\":\"tourisme@ccplm.fr\",\"%_email_r%\":\"field_5efc3a40e12c9\",\"%idunique_r%\":\"FMALAR011V51A8AO\",\"%_idunique_r%\":\"field_5f04335c562b3\",\"%site_r%\":\"https:\\\/\\\/collinescathares.com\\\/\",\"%_site_r%\":\"field_5efc4d652a106\",\"%_date_evenement_r%\":\"field_5f0348f37d5bd\",\"%_date_evenement_fin_r%\":\"field_5f3a4540d0781\",\"%horaires_evenement_r%\":\"18:00 \\\/ 22:00\",\"%_horaires_evenement_r%\":\"field_5f3a4550d0782\",\"%type_r%\":\"Randonn\\u00e9e, balade\",\"%_type_r%\":\"field_5f057b5365cd7\",\"%classification_r%\":\"\",\"%_classification_r%\":\"field_5f3a3af81a328\",\"%classement_prefectoral_r%\":\"\",\"%_classement_prefectoral_r%\":\"field_5f3a473444710\",\"%datetri_r%\":\"1780012800\",\"%_datetri_r%\":\"field_5f3a8a82002b1\",\"%langage_r%\":\"FR\",\"%_langage_r%\":\"field_5f3be5649f374\",\"%_wpgmp_location_address%\":\"8 Rue du Pont 11270 LAURAC\",\"%_wpgmp_location_city%\":\"LAURAC\",\"%_wpgmp_location_state%\":\"\",\"%_wpgmp_location_country%\":\"France\",\"%_wpgmp_metabox_marker_id%\":\"a:1:{i:0;i:8;}\",\"%_wpgmp_map_id%\":\"a:1:{i:0;i:21;}\",\"%_wpgmp_metabox_latitude%\":\"43.2277206\",\"%_wpgmp_metabox_longitude%\":\"1.97518605\",\"%_wpgmp_metabox_location_redirect%\":\"post\",\"%_wpgmp_metabox_custom_link%\":\"\",\"%_wpgmp_metabox_taxomomies_terms%\":\"N;\",\"%_wpgmp_extensions_fields%\":\"N;\",\"%_wpml_word_count%\":\"104\",\"%_thumbnail_id%\":\"263032\",\"%galerie_image_r%\":\"263032\",\"%_galerie_image_r%\":\"field_5f3bd339f8130\",\"%_elementor_page_assets%\":\"\",\"taxonomy=category\":\"Ev\\u00e9nements ponctuels\",\"taxonomy=post_tag\":\"\",\"taxonomy=post_format\":\"\",\"taxonomy=translation_priority\":\"Facultatif\"},\"icon\":\"https:\\\/\\\/collinescathares.com\\\/wp-content\\\/uploads\\\/2020\\\/07\\\/pointeur_vert.svg\"},\"id\":262038,\"custom_filters\":{\"type_r\":\"Randonn\\u00e9e, balade\",\"datetri_r\":\"1780012800\"},\"infowindow_disable\":false,\"categories\":[{\"icon\":\"https:\\\/\\\/collinescathares.com\\\/wp-content\\\/uploads\\\/2020\\\/07\\\/pointeur_vert.svg\",\"name\":\"Ev\\u00e9nements ponctuels\",\"id\":\"8\",\"type\":\"category\"}]},{\"source\":\"post\",\"title\":\"RANDONN\\u00c9E CONT\\u00c9E SUR LE SENTIER HISTORIQUE DE LAURAC ET VISITE DU VILLAGE\",\"infowindow_content\":\"<div class=\\\"fc-main\\\"><div class=\\\"fc-item-title\\\">RANDONN\\u00c9E CONT\\u00c9E SUR LE SENTIER HISTORIQUE DE LAURAC ET VISITE DU VILLAGE <span class=\\\"fc-badge info\\\">Ev\\u00e9nements ponctuels<\\\/span><\\\/div> <div class=\\\"fc-item-featured_image\\\"><div class=\\\"fc-feature-img\\\"><img alt=\\\"RANDONN\\u00c9E CONT\\u00c9E SUR LE SENTIER HISTORIQUE DE LAURAC ET VISITE DU VILLAGE\\\" width=\\\"300\\\" height=\\\"225\\\" src=\\\"https:\\\/\\\/collinescathares.com\\\/wp-content\\\/uploads\\\/2026\\\/02\\\/RANDONNEE-CONTEE-SUR-LE-SENTIER-HISTORIQUE-DE-LAURAC-ET-VISITE-DU-VILLAGE-2-300x225.jpg\\\" class=\\\"wp-post-image   wpgmp_featured_image\\\" ><\\\/div> <\\\/div>En soir\\u00e9e, partez \\u00e0 la d\\u00e9couverte de Laurac-le-Grand et laissez-vous s\\u00e9duire par son histoire et ses paysages d\\u2019exception. Serge Grill\\u00e8res, habitant du village et ancien maire, fera revivre le pass\\u00e9 m\\u00e9di\\u00e9val de ce joli bourg, ancien si\\u00e8ge de la principale seigneurie des alentours. Au programme : &#8211; Randonn\\u00e9e cont\\u00e9e sur le sentier historique entourant le [&hellip;]<address><b>Adresse : <\\\/b>{marker_address}<\\\/address><a class=\\\"fc-btn fc-btn-small fc-btn-red\\\" href=\\\"https:\\\/\\\/collinescathares.com\\\/es\\\/evenements-ponctuels\\\/randonnee-contee-sur-le-sentier-historique-de-laurac-et-visite-du-village-2\\\/\\\">En savoir plus<\\\/a><\\\/div>\",\"content\":\"En soir\\u00e9e, partez \\u00e0 la d\\u00e9couverte de Laurac-le-Grand et laissez-vous s\\u00e9duire par son histoire et ses paysages d\\u2019exception. Serge Grill\\u00e8res, habitant du village et ancien maire, fera revivre le pass\\u00e9 m\\u00e9di\\u00e9val de ce joli bourg, ancien si\\u00e8ge de la principale seigneurie des alentours. Au programme : &#8211; Randonn\\u00e9e cont\\u00e9e sur le sentier historique entourant le [&hellip;]\",\"address\":\"8 Rue du Pont 11270 LAURAC\",\"location\":{\"lat\":\"43.2277206\",\"city\":\"LAURAC\",\"country\":\"France\",\"lng\":\"1.97518605\",\"onclick_action\":\"post\",\"redirect_permalink\":\"https:\\\/\\\/collinescathares.com\\\/es\\\/evenements-ponctuels\\\/randonnee-contee-sur-le-sentier-historique-de-laurac-et-visite-du-village-2\\\/\",\"zoom\":10,\"extra_fields\":{\"%date_evenement_r%\":\"18 Septembre 2026\",\"%date_evenement_fin_r%\":\"18 Septembre 2026\",\"post_excerpt\":\"En soir\\u00e9e, partez \\u00e0 la d\\u00e9couverte de Laurac-le-Grand et laissez-vous s\\u00e9duire par son histoire et ses paysages d\\u2019exception. Serge Grill\\u00e8res, habitant du village et ancien maire, fera revivre le pass\\u00e9 m\\u00e9di\\u00e9val de ce joli bourg, ancien si\\u00e8ge de la principale seigneurie des alentours. Au programme : &#8211; Randonn\\u00e9e cont\\u00e9e sur le sentier historique entourant le [&hellip;]\",\"post_content\":\"En soir\\u00e9e, partez \\u00e0 la d\\u00e9couverte de Laurac-le-Grand et laissez-vous s\\u00e9duire par son histoire et ses paysages d\\u2019exception.  Serge Grill\\u00e8res, habitant du village et ancien maire, fera revivre le pass\\u00e9 m\\u00e9di\\u00e9val de ce joli bourg, ancien si\\u00e8ge de la principale seigneurie des alentours.\\nAu programme :\\n- Randonn\\u00e9e cont\\u00e9e sur le sentier historique entourant le village (pr\\u00e9voir chaussures de randonn\\u00e9e, eau, casquette) ;\\n- Pique-nique tir\\u00e9 du sac au Puy du Faucher ;\\n- Visite comment\\u00e9e du village.\\n\\nAnimation sur r\\u00e9servation : 04 68 24 75 45 \\\/ tourisme@ccplm.fr\",\"post_title\":\"RANDONN\\u00c9E CONT\\u00c9E SUR LE SENTIER HISTORIQUE DE LAURAC ET VISITE DU VILLAGE\",\"post_link\":\"https:\\\/\\\/collinescathares.com\\\/es\\\/evenements-ponctuels\\\/randonnee-contee-sur-le-sentier-historique-de-laurac-et-visite-du-village-2\\\/\",\"post_featured_image\":\"<div class=\\\"fc-feature-img\\\"><img alt=\\\"RANDONN\\u00c9E CONT\\u00c9E SUR LE SENTIER HISTORIQUE DE LAURAC ET VISITE DU VILLAGE\\\" width=\\\"300\\\" height=\\\"225\\\" src=\\\"https:\\\/\\\/collinescathares.com\\\/wp-content\\\/uploads\\\/2026\\\/02\\\/RANDONNEE-CONTEE-SUR-LE-SENTIER-HISTORIQUE-DE-LAURAC-ET-VISITE-DU-VILLAGE-2-300x225.jpg\\\" class=\\\"wp-post-image   wpgmp_featured_image\\\" ><\\\/div>\",\"post_categories\":\"Ev\\u00e9nements ponctuels\",\"post_tags\":\"\",\"%jupiterx_reading_time%\":\"1 minute\",\"%_thumbnail_id%\":\"261759\",\"%ville_r%\":\"LAURAC\",\"%_ville_r%\":\"field_5efc3a17e12c5\",\"%cp_r%\":\"11270\",\"%_cp_r%\":\"field_5efc3a47e12ca\",\"%tarifs_r%\":\"\",\"%_tarifs_r%\":\"field_5efc3a22e12c6\",\"%adresse_r%\":\"8 Rue du Pont\",\"%_adresse_r%\":\"field_5efc3a2ee12c7\",\"%carte_r%\":\"8 Rue du Pont 11270 LAURAC, 43.2277206, 1.97518605, 14\",\"%_carte_r%\":\"field_5efc4ed05494a\",\"%labels_r%\":\"\",\"%_labels_r%\":\"field_5f3a47134470d\",\"%handicap_r%\":\"\",\"%_handicap_r%\":\"field_5f3a471a4470e\",\"%offres_promotionnelles_r%\":\"\",\"%_offres_promotionnelles_r%\":\"field_5f3a472d4470f\",\"%telephone_r%\":\"+33 4 68 24 75 45\",\"%_telephone_r%\":\"field_5efc3a39e12c8\",\"%email_r%\":\"tourisme@ccplm.fr\",\"%_email_r%\":\"field_5efc3a40e12c9\",\"%idunique_r%\":\"FMALAR011V51A8B7\",\"%_idunique_r%\":\"field_5f04335c562b3\",\"%site_r%\":\"https:\\\/\\\/collinescathares.com\\\/\",\"%_site_r%\":\"field_5efc4d652a106\",\"%_date_evenement_r%\":\"field_5f0348f37d5bd\",\"%_date_evenement_fin_r%\":\"field_5f3a4540d0781\",\"%horaires_evenement_r%\":\"18:00 \\\/ 22:00\",\"%_horaires_evenement_r%\":\"field_5f3a4550d0782\",\"%type_r%\":\"Randonn\\u00e9e, balade\",\"%_type_r%\":\"field_5f057b5365cd7\",\"%classification_r%\":\"\",\"%_classification_r%\":\"field_5f3a3af81a328\",\"%classement_prefectoral_r%\":\"\",\"%_classement_prefectoral_r%\":\"field_5f3a473444710\",\"%datetri_r%\":\"1789689600\",\"%_datetri_r%\":\"field_5f3a8a82002b1\",\"%langage_r%\":\"FR\",\"%_langage_r%\":\"field_5f3be5649f374\",\"%_wpgmp_location_address%\":\"8 Rue du Pont 11270 LAURAC\",\"%_wpgmp_location_city%\":\"LAURAC\",\"%_wpgmp_location_state%\":\"\",\"%_wpgmp_location_country%\":\"France\",\"%_wpgmp_metabox_marker_id%\":\"a:1:{i:0;i:8;}\",\"%_wpgmp_map_id%\":\"a:1:{i:0;i:21;}\",\"%_wpgmp_metabox_latitude%\":\"43.2277206\",\"%_wpgmp_metabox_longitude%\":\"1.97518605\",\"%_wpgmp_metabox_location_redirect%\":\"post\",\"%_wpgmp_metabox_custom_link%\":\"\",\"%_wpgmp_metabox_taxomomies_terms%\":\"N;\",\"%_wpgmp_extensions_fields%\":\"N;\",\"%_wpml_word_count%\":\"104\",\"%galerie_image_r%\":\"261759\",\"%_galerie_image_r%\":\"field_5f3bd339f8130\",\"%_elementor_page_assets%\":\"\",\"taxonomy=category\":\"Ev\\u00e9nements ponctuels\",\"taxonomy=post_tag\":\"\",\"taxonomy=post_format\":\"\",\"taxonomy=translation_priority\":\"Facultatif\"},\"icon\":\"https:\\\/\\\/collinescathares.com\\\/wp-content\\\/uploads\\\/2020\\\/07\\\/pointeur_vert.svg\"},\"id\":262039,\"custom_filters\":{\"type_r\":\"Randonn\\u00e9e, balade\",\"datetri_r\":\"1789689600\"},\"infowindow_disable\":false,\"categories\":[{\"icon\":\"https:\\\/\\\/collinescathares.com\\\/wp-content\\\/uploads\\\/2020\\\/07\\\/pointeur_vert.svg\",\"name\":\"Ev\\u00e9nements ponctuels\",\"id\":\"8\",\"type\":\"category\"}]},{\"source\":\"post\",\"title\":\"VISITE COMMENT\\u00c9E DE LAURAC\",\"infowindow_content\":\"<div class=\\\"fc-main\\\"><div class=\\\"fc-item-title\\\">VISITE COMMENT\\u00c9E DE LAURAC <span class=\\\"fc-badge info\\\">Ev\\u00e9nements ponctuels<\\\/span><\\\/div> <div class=\\\"fc-item-featured_image\\\"><div class=\\\"fc-feature-img\\\"><img alt=\\\"VISITE COMMENT\\u00c9E DE LAURAC\\\" width=\\\"300\\\" height=\\\"225\\\" src=\\\"https:\\\/\\\/collinescathares.com\\\/wp-content\\\/uploads\\\/2026\\\/03\\\/VISITE-COMMENTEE-DE-LAURAC-2-300x225.jpg\\\" class=\\\"wp-post-image   wpgmp_featured_image\\\" ><\\\/div> <\\\/div>Suivez Serge Grill\\u00e8res \\u00e0 la d\\u00e9couverte de Laurac-le-Grand, un village au caract\\u00e8re fort, perch\\u00e9 sur l\\u2019un des points les plus \\u00e9lev\\u00e9s de la Pi\\u00e8ge. Ancien maire et passionn\\u00e9 par l&#8217;histoire de son village, Serge conna\\u00eet chaque pierre, chaque ruelle, chaque secret de ce lieu qui fut, au Moyen \\u00c2ge, le si\\u00e8ge de la principale seigneurie [&hellip;]<address><b>Adresse : <\\\/b>{marker_address}<\\\/address><a class=\\\"fc-btn fc-btn-small fc-btn-red\\\" href=\\\"https:\\\/\\\/collinescathares.com\\\/es\\\/evenements-ponctuels\\\/visite-commentee-de-laurac\\\/\\\">En savoir plus<\\\/a><\\\/div>\",\"content\":\"Suivez Serge Grill\\u00e8res \\u00e0 la d\\u00e9couverte de Laurac-le-Grand, un village au caract\\u00e8re fort, perch\\u00e9 sur l\\u2019un des points les plus \\u00e9lev\\u00e9s de la Pi\\u00e8ge. Ancien maire et passionn\\u00e9 par l&#8217;histoire de son village, Serge conna\\u00eet chaque pierre, chaque ruelle, chaque secret de ce lieu qui fut, au Moyen \\u00c2ge, le si\\u00e8ge de la principale seigneurie [&hellip;]\",\"address\":\"8 Rue du Pont 11270 LAURAC\",\"location\":{\"lat\":\"43.2277206\",\"city\":\"LAURAC\",\"country\":\"France\",\"lng\":\"1.97518605\",\"onclick_action\":\"post\",\"redirect_permalink\":\"https:\\\/\\\/collinescathares.com\\\/es\\\/evenements-ponctuels\\\/visite-commentee-de-laurac\\\/\",\"zoom\":10,\"extra_fields\":{\"%date_evenement_r%\":\"10 Juillet 2026\",\"%date_evenement_fin_r%\":\"10 Juillet 2026\",\"post_excerpt\":\"Suivez Serge Grill\\u00e8res \\u00e0 la d\\u00e9couverte de Laurac-le-Grand, un village au caract\\u00e8re fort, perch\\u00e9 sur l\\u2019un des points les plus \\u00e9lev\\u00e9s de la Pi\\u00e8ge. Ancien maire et passionn\\u00e9 par l&#8217;histoire de son village, Serge conna\\u00eet chaque pierre, chaque ruelle, chaque secret de ce lieu qui fut, au Moyen \\u00c2ge, le si\\u00e8ge de la principale seigneurie [&hellip;]\",\"post_content\":\"Suivez Serge Grill\\u00e8res \\u00e0 la d\\u00e9couverte de Laurac-le-Grand, un village au caract\\u00e8re fort, perch\\u00e9 sur l\\u2019un des points les plus \\u00e9lev\\u00e9s de la Pi\\u00e8ge. Ancien maire et passionn\\u00e9 par l'histoire de son village, Serge conna\\u00eet chaque pierre, chaque ruelle, chaque secret de ce lieu qui fut, au Moyen \\u00c2ge, le si\\u00e8ge de la principale seigneurie des alentours.\\n\\nAu fil de la visite, le village se d\\u00e9voile dans sa structure d\\u2019ancien castrum, remarquablement conserv\\u00e9e. De la Porte Sali\\u00e8ge jusqu'au Mur de Blanche, en passant par l'\\u00e9glise Saint-Laurent, on imagine sans peine l'organisation de la vie m\\u00e9di\\u00e9vale , tandis que le regard s\\u2019\\u00e9chappe vers de splendides panoramas sur la plaine et les collines lauragaises.\\n\\nVisite sur r\\u00e9servation : 04 68 24 75 45 \\\/ tourisme@ccplm.fr\",\"post_title\":\"VISITE COMMENT\\u00c9E DE LAURAC\",\"post_link\":\"https:\\\/\\\/collinescathares.com\\\/es\\\/evenements-ponctuels\\\/visite-commentee-de-laurac\\\/\",\"post_featured_image\":\"<div class=\\\"fc-feature-img\\\"><img alt=\\\"VISITE COMMENT\\u00c9E DE LAURAC\\\" width=\\\"300\\\" height=\\\"225\\\" src=\\\"https:\\\/\\\/collinescathares.com\\\/wp-content\\\/uploads\\\/2026\\\/03\\\/VISITE-COMMENTEE-DE-LAURAC-2-300x225.jpg\\\" class=\\\"wp-post-image   wpgmp_featured_image\\\" ><\\\/div>\",\"post_categories\":\"Ev\\u00e9nements ponctuels\",\"post_tags\":\"\",\"%jupiterx_reading_time%\":\"1 minute\",\"%ville_r%\":\"LAURAC\",\"%_ville_r%\":\"field_5efc3a17e12c5\",\"%cp_r%\":\"11270\",\"%_cp_r%\":\"field_5efc3a47e12ca\",\"%tarifs_r%\":\"\",\"%_tarifs_r%\":\"field_5efc3a22e12c6\",\"%adresse_r%\":\"8 Rue du Pont\",\"%_adresse_r%\":\"field_5efc3a2ee12c7\",\"%carte_r%\":\"8 Rue du Pont 11270 LAURAC, 43.2277206, 1.97518605, 14\",\"%_carte_r%\":\"field_5efc4ed05494a\",\"%labels_r%\":\"\",\"%_labels_r%\":\"field_5f3a47134470d\",\"%handicap_r%\":\"\",\"%_handicap_r%\":\"field_5f3a471a4470e\",\"%offres_promotionnelles_r%\":\"\",\"%_offres_promotionnelles_r%\":\"field_5f3a472d4470f\",\"%telephone_r%\":\"+33 4 68 24 75 45\",\"%_telephone_r%\":\"field_5efc3a39e12c8\",\"%email_r%\":\"tourisme@ccplm.fr\",\"%_email_r%\":\"field_5efc3a40e12c9\",\"%idunique_r%\":\"FMALAR011V51A8CM\",\"%_idunique_r%\":\"field_5f04335c562b3\",\"%site_r%\":\"https:\\\/\\\/collinescathares.com\\\/\",\"%_site_r%\":\"field_5efc4d652a106\",\"%_date_evenement_r%\":\"field_5f0348f37d5bd\",\"%_date_evenement_fin_r%\":\"field_5f3a4540d0781\",\"%horaires_evenement_r%\":\"19:00 \\\/ 21:00\",\"%_horaires_evenement_r%\":\"field_5f3a4550d0782\",\"%type_r%\":\"Visite guid\\u00e9e\",\"%_type_r%\":\"field_5f057b5365cd7\",\"%classification_r%\":\"\",\"%_classification_r%\":\"field_5f3a3af81a328\",\"%classement_prefectoral_r%\":\"\",\"%_classement_prefectoral_r%\":\"field_5f3a473444710\",\"%datetri_r%\":\"1783641600\",\"%_datetri_r%\":\"field_5f3a8a82002b1\",\"%langage_r%\":\"FR\",\"%_langage_r%\":\"field_5f3be5649f374\",\"%_wpgmp_location_address%\":\"8 Rue du Pont 11270 LAURAC\",\"%_wpgmp_location_city%\":\"LAURAC\",\"%_wpgmp_location_state%\":\"\",\"%_wpgmp_location_country%\":\"France\",\"%_wpgmp_metabox_marker_id%\":\"a:1:{i:0;i:8;}\",\"%_wpgmp_map_id%\":\"a:1:{i:0;i:21;}\",\"%_wpgmp_metabox_latitude%\":\"43.2277206\",\"%_wpgmp_metabox_longitude%\":\"1.97518605\",\"%_wpgmp_metabox_location_redirect%\":\"post\",\"%_wpgmp_metabox_custom_link%\":\"\",\"%_wpgmp_metabox_taxomomies_terms%\":\"N;\",\"%_wpgmp_extensions_fields%\":\"N;\",\"%_wpml_word_count%\":\"132\",\"%_thumbnail_id%\":\"263035\",\"%galerie_image_r%\":\"263035\",\"%_galerie_image_r%\":\"field_5f3bd339f8130\",\"%_elementor_page_assets%\":\"\",\"taxonomy=category\":\"Ev\\u00e9nements ponctuels\",\"taxonomy=post_tag\":\"\",\"taxonomy=post_format\":\"\",\"taxonomy=translation_priority\":\"Facultatif\"},\"icon\":\"https:\\\/\\\/collinescathares.com\\\/wp-content\\\/uploads\\\/2020\\\/07\\\/pointeur_vert.svg\"},\"id\":262040,\"custom_filters\":{\"type_r\":\"Visite guid\\u00e9e\",\"datetri_r\":\"1783641600\"},\"infowindow_disable\":false,\"categories\":[{\"icon\":\"https:\\\/\\\/collinescathares.com\\\/wp-content\\\/uploads\\\/2020\\\/07\\\/pointeur_vert.svg\",\"name\":\"Ev\\u00e9nements ponctuels\",\"id\":\"8\",\"type\":\"category\"}]},{\"source\":\"post\",\"title\":\"VISITE COMMENT\\u00c9E DE LAURAC\",\"infowindow_content\":\"<div class=\\\"fc-main\\\"><div class=\\\"fc-item-title\\\">VISITE COMMENT\\u00c9E DE LAURAC <span class=\\\"fc-badge info\\\">Ev\\u00e9nements ponctuels<\\\/span><\\\/div> <div class=\\\"fc-item-featured_image\\\"><div class=\\\"fc-feature-img\\\"><img alt=\\\"VISITE COMMENT\\u00c9E DE LAURAC\\\" width=\\\"300\\\" height=\\\"225\\\" src=\\\"https:\\\/\\\/collinescathares.com\\\/wp-content\\\/uploads\\\/2026\\\/03\\\/VISITE-COMMENTEE-DE-LAURAC-300x225.jpg\\\" class=\\\"wp-post-image   wpgmp_featured_image\\\" ><\\\/div> <\\\/div>Suivez Serge Grill\\u00e8res \\u00e0 la d\\u00e9couverte de Laurac-le-Grand, un village au caract\\u00e8re fort, perch\\u00e9 sur l\\u2019un des points les plus \\u00e9lev\\u00e9s de la Pi\\u00e8ge. Ancien maire et passionn\\u00e9 par l&#8217;histoire de son village, Serge conna\\u00eet chaque pierre, chaque ruelle, chaque secret de ce lieu qui fut, au Moyen \\u00c2ge, le si\\u00e8ge de la principale seigneurie [&hellip;]<address><b>Adresse : <\\\/b>{marker_address}<\\\/address><a class=\\\"fc-btn fc-btn-small fc-btn-red\\\" href=\\\"https:\\\/\\\/collinescathares.com\\\/es\\\/evenements-ponctuels\\\/visite-commentee-de-laurac-2\\\/\\\">En savoir plus<\\\/a><\\\/div>\",\"content\":\"Suivez Serge Grill\\u00e8res \\u00e0 la d\\u00e9couverte de Laurac-le-Grand, un village au caract\\u00e8re fort, perch\\u00e9 sur l\\u2019un des points les plus \\u00e9lev\\u00e9s de la Pi\\u00e8ge. Ancien maire et passionn\\u00e9 par l&#8217;histoire de son village, Serge conna\\u00eet chaque pierre, chaque ruelle, chaque secret de ce lieu qui fut, au Moyen \\u00c2ge, le si\\u00e8ge de la principale seigneurie [&hellip;]\",\"address\":\"8 Rue du Pont 11270 LAURAC\",\"location\":{\"lat\":\"43.2277206\",\"city\":\"LAURAC\",\"country\":\"France\",\"lng\":\"1.97518605\",\"onclick_action\":\"post\",\"redirect_permalink\":\"https:\\\/\\\/collinescathares.com\\\/es\\\/evenements-ponctuels\\\/visite-commentee-de-laurac-2\\\/\",\"zoom\":10,\"extra_fields\":{\"%date_evenement_r%\":\"30 Octobre 2026\",\"%date_evenement_fin_r%\":\"30 Octobre 2026\",\"post_excerpt\":\"Suivez Serge Grill\\u00e8res \\u00e0 la d\\u00e9couverte de Laurac-le-Grand, un village au caract\\u00e8re fort, perch\\u00e9 sur l\\u2019un des points les plus \\u00e9lev\\u00e9s de la Pi\\u00e8ge. Ancien maire et passionn\\u00e9 par l&#8217;histoire de son village, Serge conna\\u00eet chaque pierre, chaque ruelle, chaque secret de ce lieu qui fut, au Moyen \\u00c2ge, le si\\u00e8ge de la principale seigneurie [&hellip;]\",\"post_content\":\"Suivez Serge Grill\\u00e8res \\u00e0 la d\\u00e9couverte de Laurac-le-Grand, un village au caract\\u00e8re fort, perch\\u00e9 sur l\\u2019un des points les plus \\u00e9lev\\u00e9s de la Pi\\u00e8ge. Ancien maire et passionn\\u00e9 par l'histoire de son village, Serge conna\\u00eet chaque pierre, chaque ruelle, chaque secret de ce lieu qui fut, au Moyen \\u00c2ge, le si\\u00e8ge de la principale seigneurie des alentours.\\n\\nAu fil de la visite, le village se d\\u00e9voile dans sa structure d\\u2019ancien castrum, remarquablement conserv\\u00e9e. De la Porte Sali\\u00e8ge jusqu'au Mur de Blanche, en passant par l'\\u00e9glise Saint-Laurent, on imagine sans peine l'organisation de la vie m\\u00e9di\\u00e9vale , tandis que le regard s\\u2019\\u00e9chappe vers de splendides panoramas sur la plaine et les collines lauragaises.\\n\\nVisite sur r\\u00e9servation : 04 68 24 75 45 \\\/ tourisme@ccplm.fr\",\"post_title\":\"VISITE COMMENT\\u00c9E DE LAURAC\",\"post_link\":\"https:\\\/\\\/collinescathares.com\\\/es\\\/evenements-ponctuels\\\/visite-commentee-de-laurac-2\\\/\",\"post_featured_image\":\"<div class=\\\"fc-feature-img\\\"><img alt=\\\"VISITE COMMENT\\u00c9E DE LAURAC\\\" width=\\\"300\\\" height=\\\"225\\\" src=\\\"https:\\\/\\\/collinescathares.com\\\/wp-content\\\/uploads\\\/2026\\\/03\\\/VISITE-COMMENTEE-DE-LAURAC-300x225.jpg\\\" class=\\\"wp-post-image   wpgmp_featured_image\\\" ><\\\/div>\",\"post_categories\":\"Ev\\u00e9nements ponctuels\",\"post_tags\":\"\",\"%jupiterx_reading_time%\":\"1 minute\",\"%ville_r%\":\"LAURAC\",\"%_ville_r%\":\"field_5efc3a17e12c5\",\"%cp_r%\":\"11270\",\"%_cp_r%\":\"field_5efc3a47e12ca\",\"%tarifs_r%\":\"\",\"%_tarifs_r%\":\"field_5efc3a22e12c6\",\"%adresse_r%\":\"8 Rue du Pont\",\"%_adresse_r%\":\"field_5efc3a2ee12c7\",\"%carte_r%\":\"8 Rue du Pont 11270 LAURAC, 43.2277206, 1.97518605, 14\",\"%_carte_r%\":\"field_5efc4ed05494a\",\"%labels_r%\":\"\",\"%_labels_r%\":\"field_5f3a47134470d\",\"%handicap_r%\":\"\",\"%_handicap_r%\":\"field_5f3a471a4470e\",\"%offres_promotionnelles_r%\":\"\",\"%_offres_promotionnelles_r%\":\"field_5f3a472d4470f\",\"%telephone_r%\":\"+33 4 68 24 75 45\",\"%_telephone_r%\":\"field_5efc3a39e12c8\",\"%email_r%\":\"tourisme@ccplm.fr\",\"%_email_r%\":\"field_5efc3a40e12c9\",\"%idunique_r%\":\"FMALAR011V51A8CN\",\"%_idunique_r%\":\"field_5f04335c562b3\",\"%site_r%\":\"https:\\\/\\\/collinescathares.com\\\/\",\"%_site_r%\":\"field_5efc4d652a106\",\"%_date_evenement_r%\":\"field_5f0348f37d5bd\",\"%_date_evenement_fin_r%\":\"field_5f3a4540d0781\",\"%horaires_evenement_r%\":\"18:00 \\\/ 20:00\",\"%_horaires_evenement_r%\":\"field_5f3a4550d0782\",\"%type_r%\":\"Visite guid\\u00e9e\",\"%_type_r%\":\"field_5f057b5365cd7\",\"%classification_r%\":\"\",\"%_classification_r%\":\"field_5f3a3af81a328\",\"%classement_prefectoral_r%\":\"\",\"%_classement_prefectoral_r%\":\"field_5f3a473444710\",\"%datetri_r%\":\"1793318400\",\"%_datetri_r%\":\"field_5f3a8a82002b1\",\"%langage_r%\":\"FR\",\"%_langage_r%\":\"field_5f3be5649f374\",\"%_wpgmp_location_address%\":\"8 Rue du Pont 11270 LAURAC\",\"%_wpgmp_location_city%\":\"LAURAC\",\"%_wpgmp_location_state%\":\"\",\"%_wpgmp_location_country%\":\"France\",\"%_wpgmp_metabox_marker_id%\":\"a:1:{i:0;i:8;}\",\"%_wpgmp_map_id%\":\"a:1:{i:0;i:21;}\",\"%_wpgmp_metabox_latitude%\":\"43.2277206\",\"%_wpgmp_metabox_longitude%\":\"1.97518605\",\"%_wpgmp_metabox_location_redirect%\":\"post\",\"%_wpgmp_metabox_custom_link%\":\"\",\"%_wpgmp_metabox_taxomomies_terms%\":\"N;\",\"%_wpgmp_extensions_fields%\":\"N;\",\"%_wpml_word_count%\":\"132\",\"%_thumbnail_id%\":\"263038\",\"%galerie_image_r%\":\"263038\",\"%_galerie_image_r%\":\"field_5f3bd339f8130\",\"%_elementor_page_assets%\":\"\",\"taxonomy=category\":\"Ev\\u00e9nements ponctuels\",\"taxonomy=post_tag\":\"\",\"taxonomy=post_format\":\"\",\"taxonomy=translation_priority\":\"Facultatif\"},\"icon\":\"https:\\\/\\\/collinescathares.com\\\/wp-content\\\/uploads\\\/2020\\\/07\\\/pointeur_vert.svg\"},\"id\":262041,\"custom_filters\":{\"type_r\":\"Visite guid\\u00e9e\",\"datetri_r\":\"1793318400\"},\"infowindow_disable\":false,\"categories\":[{\"icon\":\"https:\\\/\\\/collinescathares.com\\\/wp-content\\\/uploads\\\/2020\\\/07\\\/pointeur_vert.svg\",\"name\":\"Ev\\u00e9nements ponctuels\",\"id\":\"8\",\"type\":\"category\"}]},{\"source\":\"post\",\"title\":\"LE JOUR DE LA NUIT : VISITE DE LA CHAPELLE DE BESPLAS ET OBSERVATION DES PLAN\\u00c8TES\",\"infowindow_content\":\"<div class=\\\"fc-main\\\"><div class=\\\"fc-item-title\\\">LE JOUR DE LA NUIT : VISITE DE LA CHAPELLE DE BESPLAS ET OBSERVATION DES PLAN\\u00c8TES <span class=\\\"fc-badge info\\\">Ev\\u00e9nements ponctuels<\\\/span><\\\/div> <div class=\\\"fc-item-featured_image\\\"><div class=\\\"fc-feature-img\\\"><img alt=\\\"LE JOUR DE LA NUIT : VISITE DE LA CHAPELLE DE BESPLAS ET OBSERVATION DES PLAN\\u00c8TES\\\" width=\\\"300\\\" height=\\\"225\\\" src=\\\"https:\\\/\\\/collinescathares.com\\\/wp-content\\\/uploads\\\/2026\\\/01\\\/BALADE-CONTEE-ET-OBSERVATION-DES-ETOILES-ET-GALAXIES-300x225.jpg\\\" class=\\\"wp-post-image   wpgmp_featured_image\\\" ><\\\/div> <\\\/div>\\u00c0 l&#8217;occasion du Jour de la Nuit, d\\u00e9couvrez la chapelle Saint-Martin-de-la-Salle \\u00e0 Besplas, puis participez \\u00e0 un atelier d&#8217;observation des plan\\u00e8tes. Au programme : &#8211; \\u00e0 18h30 : Visite de la chapelle Saint-Martin-de-la-Salle \\u00e0 Besplas &#8211; 19h30 : pique-nique tir\\u00e9 du sac &#8211; \\u00e0 20h : atelier d&#8217;observation des plan\\u00e8tes encadr\\u00e9 par Jamy, de l&#8217;association [&hellip;]<address><b>Adresse : <\\\/b>{marker_address}<\\\/address><a class=\\\"fc-btn fc-btn-small fc-btn-red\\\" href=\\\"https:\\\/\\\/collinescathares.com\\\/es\\\/evenements-ponctuels\\\/le-jour-de-la-nuit-visite-de-la-chapelle-de-besplas-et-observation-des-planetes\\\/\\\">En savoir plus<\\\/a><\\\/div>\",\"content\":\"\\u00c0 l&#8217;occasion du Jour de la Nuit, d\\u00e9couvrez la chapelle Saint-Martin-de-la-Salle \\u00e0 Besplas, puis participez \\u00e0 un atelier d&#8217;observation des plan\\u00e8tes. Au programme : &#8211; \\u00e0 18h30 : Visite de la chapelle Saint-Martin-de-la-Salle \\u00e0 Besplas &#8211; 19h30 : pique-nique tir\\u00e9 du sac &#8211; \\u00e0 20h : atelier d&#8217;observation des plan\\u00e8tes encadr\\u00e9 par Jamy, de l&#8217;association [&hellip;]\",\"address\":\"Besplas 11150 VILLASAVARY\",\"location\":{\"lat\":\"43.2377355\",\"city\":\"VILLASAVARY\",\"country\":\"France\",\"lng\":\"2.01154874\",\"onclick_action\":\"post\",\"redirect_permalink\":\"https:\\\/\\\/collinescathares.com\\\/es\\\/evenements-ponctuels\\\/le-jour-de-la-nuit-visite-de-la-chapelle-de-besplas-et-observation-des-planetes\\\/\",\"zoom\":10,\"extra_fields\":{\"%date_evenement_r%\":\"10 Octobre 2026\",\"%date_evenement_fin_r%\":\"10 Octobre 2026\",\"post_excerpt\":\"\\u00c0 l&#8217;occasion du Jour de la Nuit, d\\u00e9couvrez la chapelle Saint-Martin-de-la-Salle \\u00e0 Besplas, puis participez \\u00e0 un atelier d&#8217;observation des plan\\u00e8tes. Au programme : &#8211; \\u00e0 18h30 : Visite de la chapelle Saint-Martin-de-la-Salle \\u00e0 Besplas &#8211; 19h30 : pique-nique tir\\u00e9 du sac &#8211; \\u00e0 20h : atelier d&#8217;observation des plan\\u00e8tes encadr\\u00e9 par Jamy, de l&#8217;association [&hellip;]\",\"post_content\":\"\\u00c0 l'occasion du Jour de la Nuit, d\\u00e9couvrez la chapelle Saint-Martin-de-la-Salle \\u00e0 Besplas, puis participez \\u00e0 un atelier d'observation des plan\\u00e8tes.\\nAu programme :\\n- \\u00e0 18h30 : Visite de la chapelle Saint-Martin-de-la-Salle \\u00e0 Besplas\\n- 19h30 : pique-nique tir\\u00e9 du sac\\n- \\u00e0 20h : atelier d'observation des plan\\u00e8tes encadr\\u00e9 par Jamy, de l'association Stimuli Astro.\\nUne soir\\u00e9e conviviale, entre patrimoine et astronomie, dans un tr\\u00e8s joli cadre.\\nInformations et inscription (obligatoire) aupr\\u00e8s de l'Office de Tourisme Intercommunal Collines Cathares Tourisme.\\nTarifs : 8\\u20ac\\\/adulte (+ 18 ans), 4\\u20ac\\\/adolescent (12 \\u00e0 18 ans), 2\\u20ac\\\/enfant (3 \\u00e0 12 ans), gratuit (0 \\u00e0 3 ans)\",\"post_title\":\"LE JOUR DE LA NUIT : VISITE DE LA CHAPELLE DE BESPLAS ET OBSERVATION DES PLAN\\u00c8TES\",\"post_link\":\"https:\\\/\\\/collinescathares.com\\\/es\\\/evenements-ponctuels\\\/le-jour-de-la-nuit-visite-de-la-chapelle-de-besplas-et-observation-des-planetes\\\/\",\"post_featured_image\":\"<div class=\\\"fc-feature-img\\\"><img alt=\\\"LE JOUR DE LA NUIT : VISITE DE LA CHAPELLE DE BESPLAS ET OBSERVATION DES PLAN\\u00c8TES\\\" width=\\\"300\\\" height=\\\"225\\\" src=\\\"https:\\\/\\\/collinescathares.com\\\/wp-content\\\/uploads\\\/2026\\\/01\\\/BALADE-CONTEE-ET-OBSERVATION-DES-ETOILES-ET-GALAXIES-300x225.jpg\\\" class=\\\"wp-post-image   wpgmp_featured_image\\\" ><\\\/div>\",\"post_categories\":\"Ev\\u00e9nements ponctuels\",\"post_tags\":\"\",\"%jupiterx_reading_time%\":\" 1 minute\",\"%_thumbnail_id%\":\"261463\",\"%ville_r%\":\"VILLASAVARY\",\"%_ville_r%\":\"field_5efc3a17e12c5\",\"%cp_r%\":\"11150\",\"%_cp_r%\":\"field_5efc3a47e12ca\",\"%tarifs_r%\":\"Plein tarif||8,00|#Tarif enfant||4,00|de 12 \\u00e0 18 ans#Tarif enfant||2,00|de 3 \\u00e0 12 ans\",\"%_tarifs_r%\":\"field_5efc3a22e12c6\",\"%adresse_r%\":\"Besplas\",\"%_adresse_r%\":\"field_5efc3a2ee12c7\",\"%carte_r%\":\"Besplas 11150 VILLASAVARY, 43.2377355, 2.01154874, 14\",\"%_carte_r%\":\"field_5efc4ed05494a\",\"%labels_r%\":\"\",\"%_labels_r%\":\"field_5f3a47134470d\",\"%handicap_r%\":\"\",\"%_handicap_r%\":\"field_5f3a471a4470e\",\"%offres_promotionnelles_r%\":\"\",\"%_offres_promotionnelles_r%\":\"field_5f3a472d4470f\",\"%telephone_r%\":\"+33 4 68 24 75 45\",\"%_telephone_r%\":\"field_5efc3a39e12c8\",\"%email_r%\":\"tourisme@ccplm.fr\",\"%_email_r%\":\"field_5efc3a40e12c9\",\"%idunique_r%\":\"FMALAR011V51A7U3\",\"%_idunique_r%\":\"field_5f04335c562b3\",\"%site_r%\":\"https:\\\/\\\/collinescathares.com\\\/\",\"%_site_r%\":\"field_5efc4d652a106\",\"%_date_evenement_r%\":\"field_5f0348f37d5bd\",\"%_date_evenement_fin_r%\":\"field_5f3a4540d0781\",\"%horaires_evenement_r%\":\"18:30 \\\/ 22:00\",\"%_horaires_evenement_r%\":\"field_5f3a4550d0782\",\"%type_r%\":\"Stage \\\/ Atelier\",\"%_type_r%\":\"field_5f057b5365cd7\",\"%classification_r%\":\"\",\"%_classification_r%\":\"field_5f3a3af81a328\",\"%classement_prefectoral_r%\":\"\",\"%_classement_prefectoral_r%\":\"field_5f3a473444710\",\"%datetri_r%\":\"1791590400\",\"%_datetri_r%\":\"field_5f3a8a82002b1\",\"%langage_r%\":\"FR\",\"%_langage_r%\":\"field_5f3be5649f374\",\"%_wpgmp_location_address%\":\"Besplas 11150 VILLASAVARY\",\"%_wpgmp_location_city%\":\"VILLASAVARY\",\"%_wpgmp_location_state%\":\"\",\"%_wpgmp_location_country%\":\"France\",\"%_wpgmp_metabox_marker_id%\":\"a:1:{i:0;i:8;}\",\"%_wpgmp_map_id%\":\"a:1:{i:0;i:21;}\",\"%_wpgmp_metabox_latitude%\":\"43.2377355\",\"%_wpgmp_metabox_longitude%\":\"2.01154874\",\"%_wpgmp_metabox_location_redirect%\":\"post\",\"%_wpgmp_metabox_custom_link%\":\"\",\"%_wpgmp_metabox_taxomomies_terms%\":\"N;\",\"%_wpgmp_extensions_fields%\":\"N;\",\"%_wpml_word_count%\":\"125\",\"%galerie_image_r%\":\"261463\",\"%_galerie_image_r%\":\"field_5f3bd339f8130\",\"%_elementor_page_assets%\":\"\",\"taxonomy=category\":\"Ev\\u00e9nements ponctuels\",\"taxonomy=post_tag\":\"\",\"taxonomy=post_format\":\"\",\"taxonomy=translation_priority\":\"Facultatif\"},\"icon\":\"https:\\\/\\\/collinescathares.com\\\/wp-content\\\/uploads\\\/2020\\\/07\\\/pointeur_vert.svg\"},\"id\":262032,\"custom_filters\":{\"type_r\":\"Stage \\\/ Atelier\",\"datetri_r\":\"1791590400\"},\"infowindow_disable\":false,\"categories\":[{\"icon\":\"https:\\\/\\\/collinescathares.com\\\/wp-content\\\/uploads\\\/2020\\\/07\\\/pointeur_vert.svg\",\"name\":\"Ev\\u00e9nements ponctuels\",\"id\":\"8\",\"type\":\"category\"}]},{\"source\":\"post\",\"title\":\"JOURN\\u00c9E PATRIMOINE ET ASTRONOMIE SOLAIRE AUX MOULINS DE PEXIORA\",\"infowindow_content\":\"<div class=\\\"fc-main\\\"><div class=\\\"fc-item-title\\\">JOURN\\u00c9E PATRIMOINE ET ASTRONOMIE SOLAIRE AUX MOULINS DE PEXIORA <span class=\\\"fc-badge info\\\">Ev\\u00e9nements ponctuels<\\\/span><\\\/div> <div class=\\\"fc-item-featured_image\\\"><div class=\\\"fc-feature-img\\\"><img alt=\\\"JOURN\\u00c9E PATRIMOINE ET ASTRONOMIE SOLAIRE AUX MOULINS DE PEXIORA\\\" width=\\\"300\\\" height=\\\"225\\\" src=\\\"https:\\\/\\\/collinescathares.com\\\/wp-content\\\/uploads\\\/2026\\\/03\\\/JOURNEE-PATRIMOINE-ET-ASTRONOMIE-SOLAIRE-AUX-MOULINS-DE-PEXIORA-300x225.jpg\\\" class=\\\"wp-post-image   wpgmp_featured_image\\\" ><\\\/div> <\\\/div>A l&#8217;occasion des Journ\\u00e9es du Patrimoine de Pays et du Jour de la Lumi\\u00e8re, d\\u00e9couvrez les moulins de Pexiora lors d&#8217;une visite comment\\u00e9e. Apr\\u00e8s un pique-nique tir\\u00e9 du sac, vous observerez aussi le soleil et cr\\u00e9erez un cadran solaire \\u00e0 partir d&#8217;objets de r\\u00e9cup\\u00e9ration. Au programme : &#8211; de 11h30 \\u00e0 12h30 : Visite des [&hellip;]<address><b>Adresse : <\\\/b>{marker_address}<\\\/address><a class=\\\"fc-btn fc-btn-small fc-btn-red\\\" href=\\\"https:\\\/\\\/collinescathares.com\\\/es\\\/evenements-ponctuels\\\/journee-patrimoine-et-astronomie-solaire-aux-moulins-de-pexiora\\\/\\\">En savoir plus<\\\/a><\\\/div>\",\"content\":\"A l&#8217;occasion des Journ\\u00e9es du Patrimoine de Pays et du Jour de la Lumi\\u00e8re, d\\u00e9couvrez les moulins de Pexiora lors d&#8217;une visite comment\\u00e9e. Apr\\u00e8s un pique-nique tir\\u00e9 du sac, vous observerez aussi le soleil et cr\\u00e9erez un cadran solaire \\u00e0 partir d&#8217;objets de r\\u00e9cup\\u00e9ration. Au programme : &#8211; de 11h30 \\u00e0 12h30 : Visite des [&hellip;]\",\"address\":\" 11150 PEXIORA\",\"location\":{\"lat\":\"43.2711854\",\"city\":\"PEXIORA\",\"country\":\"France\",\"lng\":\"2.03645785\",\"onclick_action\":\"post\",\"redirect_permalink\":\"https:\\\/\\\/collinescathares.com\\\/es\\\/evenements-ponctuels\\\/journee-patrimoine-et-astronomie-solaire-aux-moulins-de-pexiora\\\/\",\"zoom\":10,\"extra_fields\":{\"%date_evenement_r%\":\"27 Juin 2026\",\"%date_evenement_fin_r%\":\"27 Juin 2026\",\"post_excerpt\":\"A l&#8217;occasion des Journ\\u00e9es du Patrimoine de Pays et du Jour de la Lumi\\u00e8re, d\\u00e9couvrez les moulins de Pexiora lors d&#8217;une visite comment\\u00e9e. Apr\\u00e8s un pique-nique tir\\u00e9 du sac, vous observerez aussi le soleil et cr\\u00e9erez un cadran solaire \\u00e0 partir d&#8217;objets de r\\u00e9cup\\u00e9ration. Au programme : &#8211; de 11h30 \\u00e0 12h30 : Visite des [&hellip;]\",\"post_content\":\"A l'occasion des Journ\\u00e9es du Patrimoine de Pays et du Jour de la Lumi\\u00e8re, d\\u00e9couvrez les moulins de Pexiora lors d'une visite comment\\u00e9e. Apr\\u00e8s un pique-nique tir\\u00e9 du sac, vous observerez aussi le soleil et cr\\u00e9erez un cadran solaire \\u00e0 partir d'objets de r\\u00e9cup\\u00e9ration.\\n\\nAu programme :\\n- de 11h30 \\u00e0 12h30 : Visite des moulins de Pexiora\\n- \\u00e0 12h30 : pique-nique tir\\u00e9 du sac\\n- de 14h \\u00e0 17h : atelier d'observation du soleil et fabrication du cadran solaire. Encadrement assur\\u00e9 par Jamy, de l'association Stimuli Astro.\\n\\nInformations et inscription (obligatoire) aupr\\u00e8s de l'Office de Tourisme Intercommunal Collines Cathares Tourisme.\\nTarifs : 8\\u20ac\\\/adulte (+ 18 ans), 4\\u20ac\\\/adolescent (12 \\u00e0 18 ans), 2\\u20ac\\\/enfant (3 \\u00e0 12 ans), gratuit (0 \\u00e0 3 ans)\",\"post_title\":\"JOURN\\u00c9E PATRIMOINE ET ASTRONOMIE SOLAIRE AUX MOULINS DE PEXIORA\",\"post_link\":\"https:\\\/\\\/collinescathares.com\\\/es\\\/evenements-ponctuels\\\/journee-patrimoine-et-astronomie-solaire-aux-moulins-de-pexiora\\\/\",\"post_featured_image\":\"<div class=\\\"fc-feature-img\\\"><img alt=\\\"JOURN\\u00c9E PATRIMOINE ET ASTRONOMIE SOLAIRE AUX MOULINS DE PEXIORA\\\" width=\\\"300\\\" height=\\\"225\\\" src=\\\"https:\\\/\\\/collinescathares.com\\\/wp-content\\\/uploads\\\/2026\\\/03\\\/JOURNEE-PATRIMOINE-ET-ASTRONOMIE-SOLAIRE-AUX-MOULINS-DE-PEXIORA-300x225.jpg\\\" class=\\\"wp-post-image   wpgmp_featured_image\\\" ><\\\/div>\",\"post_categories\":\"Ev\\u00e9nements ponctuels\",\"post_tags\":\"\",\"%jupiterx_reading_time%\":\"1 minute\",\"%_thumbnail_id%\":\"263028\",\"%ville_r%\":\"PEXIORA\",\"%_ville_r%\":\"field_5efc3a17e12c5\",\"%cp_r%\":\"11150\",\"%_cp_r%\":\"field_5efc3a47e12ca\",\"%tarifs_r%\":\"Plein tarif||8,00|#Tarif enfant||4,00|de 12 \\u00e0 18 ans#Tarif enfant||2,00|de 3 \\u00e0 12 ans\",\"%_tarifs_r%\":\"field_5efc3a22e12c6\",\"%carte_r%\":\" 11150 PEXIORA, 43.2711854, 2.03645785, 14\",\"%_carte_r%\":\"field_5efc4ed05494a\",\"%labels_r%\":\"\",\"%_labels_r%\":\"field_5f3a47134470d\",\"%handicap_r%\":\"\",\"%_handicap_r%\":\"field_5f3a471a4470e\",\"%offres_promotionnelles_r%\":\"\",\"%_offres_promotionnelles_r%\":\"field_5f3a472d4470f\",\"%telephone_r%\":\"+33 4 68 24 75 45\",\"%_telephone_r%\":\"field_5efc3a39e12c8\",\"%email_r%\":\"tourisme@ccplm.fr\",\"%_email_r%\":\"field_5efc3a40e12c9\",\"%idunique_r%\":\"FMALAR011V51A7TL\",\"%_idunique_r%\":\"field_5f04335c562b3\",\"%site_r%\":\"https:\\\/\\\/collinescathares.com\\\/\",\"%_site_r%\":\"field_5efc4d652a106\",\"%_date_evenement_r%\":\"field_5f0348f37d5bd\",\"%_date_evenement_fin_r%\":\"field_5f3a4540d0781\",\"%horaires_evenement_r%\":\"11:30 \\\/ 17:00\",\"%_horaires_evenement_r%\":\"field_5f3a4550d0782\",\"%type_r%\":\"Visite guid\\u00e9e\",\"%_type_r%\":\"field_5f057b5365cd7\",\"%classification_r%\":\"\",\"%_classification_r%\":\"field_5f3a3af81a328\",\"%classement_prefectoral_r%\":\"\",\"%_classement_prefectoral_r%\":\"field_5f3a473444710\",\"%datetri_r%\":\"1782518400\",\"%_datetri_r%\":\"field_5f3a8a82002b1\",\"%langage_r%\":\"FR\",\"%_langage_r%\":\"field_5f3be5649f374\",\"%_wpgmp_location_address%\":\" 11150 PEXIORA\",\"%_wpgmp_location_city%\":\"PEXIORA\",\"%_wpgmp_location_state%\":\"\",\"%_wpgmp_location_country%\":\"France\",\"%_wpgmp_metabox_marker_id%\":\"a:1:{i:0;i:8;}\",\"%_wpgmp_map_id%\":\"a:1:{i:0;i:21;}\",\"%_wpgmp_metabox_latitude%\":\"43.2711854\",\"%_wpgmp_metabox_longitude%\":\"2.03645785\",\"%_wpgmp_metabox_location_redirect%\":\"post\",\"%_wpgmp_metabox_custom_link%\":\"\",\"%_wpgmp_metabox_taxomomies_terms%\":\"N;\",\"%_wpgmp_extensions_fields%\":\"N;\",\"%_wpml_word_count%\":\"132\",\"%galerie_image_r%\":\"263028\",\"%_galerie_image_r%\":\"field_5f3bd339f8130\",\"%_wp_old_slug%\":\"journee-patrimoine-et-astronomie-solaire-au-moulin-de-ribouisse\",\"%_elementor_page_assets%\":\"\",\"taxonomy=category\":\"Ev\\u00e9nements ponctuels\",\"taxonomy=post_tag\":\"\",\"taxonomy=post_format\":\"\",\"taxonomy=translation_priority\":\"Facultatif\"},\"icon\":\"https:\\\/\\\/collinescathares.com\\\/wp-content\\\/uploads\\\/2020\\\/07\\\/pointeur_vert.svg\"},\"id\":262030,\"custom_filters\":{\"type_r\":\"Visite guid\\u00e9e\",\"datetri_r\":\"1782518400\"},\"infowindow_disable\":false,\"categories\":[{\"icon\":\"https:\\\/\\\/collinescathares.com\\\/wp-content\\\/uploads\\\/2020\\\/07\\\/pointeur_vert.svg\",\"name\":\"Ev\\u00e9nements ponctuels\",\"id\":\"8\",\"type\":\"category\"}]},{\"source\":\"post\",\"title\":\"CONF\\u00c9RENCE SUR LES PRATIQUES ET PRODUCTIONS AGRICOLES AUTOUR DE FANJEAUX, ENTRE XVIIE ET XIXE SI\\u00c8CLES\",\"infowindow_content\":\"<div class=\\\"fc-main\\\"><div class=\\\"fc-item-title\\\">CONF\\u00c9RENCE SUR LES PRATIQUES ET PRODUCTIONS AGRICOLES AUTOUR DE FANJEAUX, ENTRE XVIIE ET XIXE SI\\u00c8CLES <span class=\\\"fc-badge info\\\">Ev\\u00e9nements ponctuels<\\\/span><\\\/div> <div class=\\\"fc-item-featured_image\\\"><div class=\\\"fc-feature-img\\\"><img alt=\\\"CONF\\u00c9RENCE SUR LES PRATIQUES ET PRODUCTIONS AGRICOLES AUTOUR DE FANJEAUX, ENTRE XVIIE ET XIXE SI\\u00c8CLES\\\" width=\\\"300\\\" height=\\\"225\\\" src=\\\"https:\\\/\\\/collinescathares.com\\\/wp-content\\\/uploads\\\/2026\\\/01\\\/CONFERENCE-SUR-LES-PRATIQUES-ET-PRODUCTIONS-AGRICOLES-AUTOUR-DE-FANJEAUX-ENTRE-XVIIE-ET-XIXE-SIECLES-300x225.jpg\\\" class=\\\"wp-post-image   wpgmp_featured_image\\\" ><\\\/div> <\\\/div>Fanjeaux, entre plaine et collines : une histoire agricole \\u00e0 d\\u00e9couvrir ! Perch\\u00e9 sur les premiers reliefs pr\\u00e9-pyr\\u00e9n\\u00e9ens, Fanjeaux offre un point de vue exceptionnel sur la plaine du Lauragais. Ce territoire singulier se situe \\u00e0 la crois\\u00e9e de deux mondes : celui des vastes cultures c\\u00e9r\\u00e9ali\\u00e8res, tourn\\u00e9es vers l\\u2019exportation gr\\u00e2ce au canal, et celui [&hellip;]<address><b>Adresse : <\\\/b>{marker_address}<\\\/address><a class=\\\"fc-btn fc-btn-small fc-btn-red\\\" href=\\\"https:\\\/\\\/collinescathares.com\\\/es\\\/evenements-ponctuels\\\/conference-sur-les-pratiques-et-productions-agricoles-autour-de-fanjeaux-entre-xviie-et-xixe-siecles\\\/\\\">En savoir plus<\\\/a><\\\/div>\",\"content\":\"Fanjeaux, entre plaine et collines : une histoire agricole \\u00e0 d\\u00e9couvrir ! Perch\\u00e9 sur les premiers reliefs pr\\u00e9-pyr\\u00e9n\\u00e9ens, Fanjeaux offre un point de vue exceptionnel sur la plaine du Lauragais. Ce territoire singulier se situe \\u00e0 la crois\\u00e9e de deux mondes : celui des vastes cultures c\\u00e9r\\u00e9ali\\u00e8res, tourn\\u00e9es vers l\\u2019exportation gr\\u00e2ce au canal, et celui [&hellip;]\",\"address\":\"Place des Halles 11270 FANJEAUX\",\"location\":{\"lat\":\"43.1872880\",\"city\":\"FANJEAUX\",\"country\":\"France\",\"lng\":\"2.03456942\",\"onclick_action\":\"post\",\"redirect_permalink\":\"https:\\\/\\\/collinescathares.com\\\/es\\\/evenements-ponctuels\\\/conference-sur-les-pratiques-et-productions-agricoles-autour-de-fanjeaux-entre-xviie-et-xixe-siecles\\\/\",\"zoom\":10,\"extra_fields\":{\"%date_evenement_r%\":\"14 Novembre 2026\",\"%date_evenement_fin_r%\":\"14 Novembre 2026\",\"post_excerpt\":\"Fanjeaux, entre plaine et collines : une histoire agricole \\u00e0 d\\u00e9couvrir ! Perch\\u00e9 sur les premiers reliefs pr\\u00e9-pyr\\u00e9n\\u00e9ens, Fanjeaux offre un point de vue exceptionnel sur la plaine du Lauragais. Ce territoire singulier se situe \\u00e0 la crois\\u00e9e de deux mondes : celui des vastes cultures c\\u00e9r\\u00e9ali\\u00e8res, tourn\\u00e9es vers l\\u2019exportation gr\\u00e2ce au canal, et celui [&hellip;]\",\"post_content\":\"Fanjeaux, entre plaine et collines : une histoire agricole \\u00e0 d\\u00e9couvrir !\\nPerch\\u00e9 sur les premiers reliefs pr\\u00e9-pyr\\u00e9n\\u00e9ens, Fanjeaux offre un point de vue exceptionnel sur la plaine du Lauragais. Ce territoire singulier se situe \\u00e0 la crois\\u00e9e de deux mondes : celui des vastes cultures c\\u00e9r\\u00e9ali\\u00e8res, tourn\\u00e9es vers l\\u2019exportation gr\\u00e2ce au canal, et celui des collines voisines, o\\u00f9 l\\u2019agriculture s\\u2019adapte \\u00e0 des conditions plus contrast\\u00e9es.\\n\\u00c0 travers les archives in\\u00e9dites de la famille de Calages, notables toulousains install\\u00e9s \\u00e0 Fanjeaux au XVII\\u1d49 si\\u00e8cle, cette animation propose une plong\\u00e9e passionnante dans les pratiques agricoles et les productions d\\u2019autrefois. Une occasion unique de mieux comprendre l\\u2019\\u00e9volution des paysages et des modes de vie ruraux.\\nLe conf\\u00e9rencier pr\\u00e9sentera cette famille, la richesse de ses archives et les premi\\u00e8res pistes d\\u2019analyse issues de ses recherches.\\n\\n\\u00c0 propos du conf\\u00e9rencier :\\n\\u00c9ric Fabre, universitaire, travaille en collaboration avec les Communaut\\u00e9s de Communes Pi\\u00e8ge Lauragais Malep\\u00e8re, du Limouxin et des Pyr\\u00e9n\\u00e9es Audoises \\u00e0 l\\u2019\\u00e9criture d\\u2019une histoire des territoires travers\\u00e9s par la Voie verte entre Bram et Lavelanet. Ses travaux mettent en lumi\\u00e8re les liens entre paysages, histoire et activit\\u00e9s humaines.\\n\\nInformations et inscription (obligatoire) aupr\\u00e8s de l'Office de Tourisme Intercommunal Collines Cathares Tourisme.\\nConf\\u00e9rence gratuite.\",\"post_title\":\"CONF\\u00c9RENCE SUR LES PRATIQUES ET PRODUCTIONS AGRICOLES AUTOUR DE FANJEAUX, ENTRE XVIIE ET XIXE SI\\u00c8CLES\",\"post_link\":\"https:\\\/\\\/collinescathares.com\\\/es\\\/evenements-ponctuels\\\/conference-sur-les-pratiques-et-productions-agricoles-autour-de-fanjeaux-entre-xviie-et-xixe-siecles\\\/\",\"post_featured_image\":\"<div class=\\\"fc-feature-img\\\"><img alt=\\\"CONF\\u00c9RENCE SUR LES PRATIQUES ET PRODUCTIONS AGRICOLES AUTOUR DE FANJEAUX, ENTRE XVIIE ET XIXE SI\\u00c8CLES\\\" width=\\\"300\\\" height=\\\"225\\\" src=\\\"https:\\\/\\\/collinescathares.com\\\/wp-content\\\/uploads\\\/2026\\\/01\\\/CONFERENCE-SUR-LES-PRATIQUES-ET-PRODUCTIONS-AGRICOLES-AUTOUR-DE-FANJEAUX-ENTRE-XVIIE-ET-XIXE-SIECLES-300x225.jpg\\\" class=\\\"wp-post-image   wpgmp_featured_image\\\" ><\\\/div>\",\"post_categories\":\"Ev\\u00e9nements ponctuels\",\"post_tags\":\"\",\"%jupiterx_reading_time%\":\"1 minute\",\"%_thumbnail_id%\":\"261459\",\"%ville_r%\":\"FANJEAUX\",\"%_ville_r%\":\"field_5efc3a17e12c5\",\"%cp_r%\":\"11270\",\"%_cp_r%\":\"field_5efc3a47e12ca\",\"%tarifs_r%\":\"\",\"%_tarifs_r%\":\"field_5efc3a22e12c6\",\"%adresse_r%\":\"Place des Halles\",\"%_adresse_r%\":\"field_5efc3a2ee12c7\",\"%carte_r%\":\"Place des Halles 11270 FANJEAUX, 43.1872880, 2.03456942, 14\",\"%_carte_r%\":\"field_5efc4ed05494a\",\"%labels_r%\":\"\",\"%_labels_r%\":\"field_5f3a47134470d\",\"%handicap_r%\":\"\",\"%_handicap_r%\":\"field_5f3a471a4470e\",\"%offres_promotionnelles_r%\":\"\",\"%_offres_promotionnelles_r%\":\"field_5f3a472d4470f\",\"%telephone_r%\":\"+33 4 68 24 75 45\",\"%_telephone_r%\":\"field_5efc3a39e12c8\",\"%email_r%\":\"tourisme@ccplm.fr\",\"%_email_r%\":\"field_5efc3a40e12c9\",\"%idunique_r%\":\"FMALAR011V51A7TT\",\"%_idunique_r%\":\"field_5f04335c562b3\",\"%site_r%\":\"https:\\\/\\\/collinescathares.com\\\/\",\"%_site_r%\":\"field_5efc4d652a106\",\"%_date_evenement_r%\":\"field_5f0348f37d5bd\",\"%_date_evenement_fin_r%\":\"field_5f3a4540d0781\",\"%horaires_evenement_r%\":\"20:00 \\\/ 22:00\",\"%_horaires_evenement_r%\":\"field_5f3a4550d0782\",\"%type_r%\":\"D\\u00e9bat \\\/ Conf\\u00e9rence\",\"%_type_r%\":\"field_5f057b5365cd7\",\"%classification_r%\":\"\",\"%_classification_r%\":\"field_5f3a3af81a328\",\"%classement_prefectoral_r%\":\"\",\"%_classement_prefectoral_r%\":\"field_5f3a473444710\",\"%datetri_r%\":\"1794614400\",\"%_datetri_r%\":\"field_5f3a8a82002b1\",\"%langage_r%\":\"FR\",\"%_langage_r%\":\"field_5f3be5649f374\",\"%_wpgmp_location_address%\":\"Place des Halles 11270 FANJEAUX\",\"%_wpgmp_location_city%\":\"FANJEAUX\",\"%_wpgmp_location_state%\":\"\",\"%_wpgmp_location_country%\":\"France\",\"%_wpgmp_metabox_marker_id%\":\"a:1:{i:0;i:8;}\",\"%_wpgmp_map_id%\":\"a:1:{i:0;i:21;}\",\"%_wpgmp_metabox_latitude%\":\"43.1872880\",\"%_wpgmp_metabox_longitude%\":\"2.03456942\",\"%_wpgmp_metabox_location_redirect%\":\"post\",\"%_wpgmp_metabox_custom_link%\":\"\",\"%_wpgmp_metabox_taxomomies_terms%\":\"N;\",\"%_wpgmp_extensions_fields%\":\"N;\",\"%_wpml_word_count%\":\"266\",\"%galerie_image_r%\":\"261459\",\"%_galerie_image_r%\":\"field_5f3bd339f8130\",\"%_elementor_page_assets%\":\"\",\"taxonomy=category\":\"Ev\\u00e9nements ponctuels\",\"taxonomy=post_tag\":\"\",\"taxonomy=post_format\":\"\",\"taxonomy=translation_priority\":\"Facultatif\"},\"icon\":\"https:\\\/\\\/collinescathares.com\\\/wp-content\\\/uploads\\\/2020\\\/07\\\/pointeur_vert.svg\"},\"id\":262031,\"custom_filters\":{\"type_r\":\"D\\u00e9bat \\\/ Conf\\u00e9rence\",\"datetri_r\":\"1794614400\"},\"infowindow_disable\":false,\"categories\":[{\"icon\":\"https:\\\/\\\/collinescathares.com\\\/wp-content\\\/uploads\\\/2020\\\/07\\\/pointeur_vert.svg\",\"name\":\"Ev\\u00e9nements ponctuels\",\"id\":\"8\",\"type\":\"category\"}]},{\"source\":\"post\",\"title\":\"CONF\\u00c9RENCE SUR L&#8217;HISTOIRE DE LA LIGNE DE CHEMIN DE FER DE BRAM \\u00c0 LAVELANET\",\"infowindow_content\":\"<div class=\\\"fc-main\\\"><div class=\\\"fc-item-title\\\">CONF\\u00c9RENCE SUR L&#8217;HISTOIRE DE LA LIGNE DE CHEMIN DE FER DE BRAM \\u00c0 LAVELANET <span class=\\\"fc-badge info\\\">Ev\\u00e9nements ponctuels<\\\/span><\\\/div> <div class=\\\"fc-item-featured_image\\\"><div class=\\\"fc-feature-img\\\"><img alt=\\\"CONF\\u00c9RENCE SUR L&#8217;HISTOIRE DE LA LIGNE DE CHEMIN DE FER DE BRAM \\u00c0 LAVELANET\\\" width=\\\"300\\\" height=\\\"225\\\" src=\\\"https:\\\/\\\/collinescathares.com\\\/wp-content\\\/uploads\\\/2026\\\/02\\\/CONFERENCE-SUR-L-HISTOIRE-DE-LA-LIGNE-DE-CHEMIN-DE-FER-DE-BRAM-A-LAVELANET-300x225.jpg\\\" class=\\\"wp-post-image   wpgmp_featured_image\\\" ><\\\/div> <\\\/div>Sur les traces d\\u2019une ligne de chemin de fer pas comme les autres&#8230; \\u00c0 la fin du XIX\\u1d49 si\\u00e8cle, la France se couvre de lignes ferroviaires secondaires destin\\u00e9es \\u00e0 d\\u00e9senclaver les territoires. Dans notre r\\u00e9gion, un projet ambitieux voit le jour : relier les vall\\u00e9es de l\\u2019Ari\\u00e8ge et de l\\u2019Aude. Mais entre reliefs escarp\\u00e9s, proximit\\u00e9 [&hellip;]<address><b>Adresse : <\\\/b>{marker_address}<\\\/address><a class=\\\"fc-btn fc-btn-small fc-btn-red\\\" href=\\\"https:\\\/\\\/collinescathares.com\\\/es\\\/evenements-ponctuels\\\/conference-sur-lhistoire-de-la-ligne-de-chemin-de-fer-de-bram-a-lavelanet\\\/\\\">En savoir plus<\\\/a><\\\/div>\",\"content\":\"Sur les traces d\\u2019une ligne de chemin de fer pas comme les autres&#8230; \\u00c0 la fin du XIX\\u1d49 si\\u00e8cle, la France se couvre de lignes ferroviaires secondaires destin\\u00e9es \\u00e0 d\\u00e9senclaver les territoires. Dans notre r\\u00e9gion, un projet ambitieux voit le jour : relier les vall\\u00e9es de l\\u2019Ari\\u00e8ge et de l\\u2019Aude. Mais entre reliefs escarp\\u00e9s, proximit\\u00e9 [&hellip;]\",\"address\":\"7 Rue de la mairie 11290 MONTREAL\",\"location\":{\"lat\":\"43.1995240\",\"city\":\"MONTREAL\",\"country\":\"France\",\"lng\":\"2.14091721\",\"onclick_action\":\"post\",\"redirect_permalink\":\"https:\\\/\\\/collinescathares.com\\\/es\\\/evenements-ponctuels\\\/conference-sur-lhistoire-de-la-ligne-de-chemin-de-fer-de-bram-a-lavelanet\\\/\",\"zoom\":10,\"extra_fields\":{\"%date_evenement_r%\":\"16 Mai 2026\",\"%date_evenement_fin_r%\":\"16 Mai 2026\",\"post_excerpt\":\"Sur les traces d\\u2019une ligne de chemin de fer pas comme les autres&#8230; \\u00c0 la fin du XIX\\u1d49 si\\u00e8cle, la France se couvre de lignes ferroviaires secondaires destin\\u00e9es \\u00e0 d\\u00e9senclaver les territoires. Dans notre r\\u00e9gion, un projet ambitieux voit le jour : relier les vall\\u00e9es de l\\u2019Ari\\u00e8ge et de l\\u2019Aude. Mais entre reliefs escarp\\u00e9s, proximit\\u00e9 [&hellip;]\",\"post_content\":\"Sur les traces d\\u2019une ligne de chemin de fer pas comme les autres...\\n\\u00c0 la fin du XIX\\u1d49 si\\u00e8cle, la France se couvre de lignes ferroviaires secondaires destin\\u00e9es \\u00e0 d\\u00e9senclaver les territoires. Dans notre r\\u00e9gion, un projet ambitieux voit le jour : relier les vall\\u00e9es de l\\u2019Ari\\u00e8ge et de l\\u2019Aude.\\nMais entre reliefs escarp\\u00e9s, proximit\\u00e9 strat\\u00e9gique de la fronti\\u00e8re espagnole et rivalit\\u00e9s locales, le trac\\u00e9 de cette ligne devient un v\\u00e9ritable casse-t\\u00eate.\\nLa voie ferr\\u00e9e finalement construite entre Bram et Lavelanet est le fruit de compromis, de n\\u00e9gociations\\u2026 et de rapports de force. D\\u00e9partements de l\\u2019Ari\\u00e8ge et de l\\u2019Aude, arrondissements de Carcassonne, Limoux et Castelnaudary : chacun voulait \\u00eatre le point d\\u2019aboutissement de la ligne.\\nCette infrastructure n\\u2019\\u00e9tait d\\u2019ailleurs qu\\u2019un maillon d\\u2019un r\\u00e9seau bien plus vaste, reliant Pamiers, Limoux et m\\u00eame le Tarn, o\\u00f9 le charbon de Carmaux alimentait les fours de l\\u2019industrie textile.\\nAujourd\\u2019hui, cette ancienne ligne reprend vie autrement, au fil de la Voie verte, et nous invite \\u00e0 red\\u00e9couvrir l\\u2019histoire, les paysages et les enjeux d\\u2019un territoire en mouvement.\\n\\n\\u00c0 propos de l\\u2019intervenant :\\n\\u00c9ric Fabre, universitaire, travaille en collaboration avec les Communaut\\u00e9s de Communes Pi\\u00e8ge Lauragais Malep\\u00e8re, du Limouxin et des Pyr\\u00e9n\\u00e9es Audoises \\u00e0 l\\u2019\\u00e9criture d\\u2019une histoire des territoires travers\\u00e9s par la Voie verte entre Bram et Lavelanet.\\nSes recherches m\\u00ealent histoire locale, am\\u00e9nagement du territoire et m\\u00e9moire des paysages.\\n\\nInformations et inscription (obligatoire) aupr\\u00e8s de l'Office de Tourisme Intercommunal Collines Cathares Tourisme.\\nConf\\u00e9rence gratuite.\",\"post_title\":\"CONF\\u00c9RENCE SUR L&#8217;HISTOIRE DE LA LIGNE DE CHEMIN DE FER DE BRAM \\u00c0 LAVELANET\",\"post_link\":\"https:\\\/\\\/collinescathares.com\\\/es\\\/evenements-ponctuels\\\/conference-sur-lhistoire-de-la-ligne-de-chemin-de-fer-de-bram-a-lavelanet\\\/\",\"post_featured_image\":\"<div class=\\\"fc-feature-img\\\"><img alt=\\\"CONF\\u00c9RENCE SUR L&#8217;HISTOIRE DE LA LIGNE DE CHEMIN DE FER DE BRAM \\u00c0 LAVELANET\\\" width=\\\"300\\\" height=\\\"225\\\" src=\\\"https:\\\/\\\/collinescathares.com\\\/wp-content\\\/uploads\\\/2026\\\/02\\\/CONFERENCE-SUR-L-HISTOIRE-DE-LA-LIGNE-DE-CHEMIN-DE-FER-DE-BRAM-A-LAVELANET-300x225.jpg\\\" class=\\\"wp-post-image   wpgmp_featured_image\\\" ><\\\/div>\",\"post_categories\":\"Ev\\u00e9nements ponctuels\",\"post_tags\":\"\",\"%jupiterx_reading_time%\":\"1 minute\",\"%_thumbnail_id%\":\"261741\",\"%ville_r%\":\"MONTREAL\",\"%_ville_r%\":\"field_5efc3a17e12c5\",\"%cp_r%\":\"11290\",\"%_cp_r%\":\"field_5efc3a47e12ca\",\"%tarifs_r%\":\"\",\"%_tarifs_r%\":\"field_5efc3a22e12c6\",\"%adresse_r%\":\"7 Rue de la mairie\",\"%_adresse_r%\":\"field_5efc3a2ee12c7\",\"%carte_r%\":\"7 Rue de la mairie 11290 MONTREAL, 43.1995240, 2.14091721, 14\",\"%_carte_r%\":\"field_5efc4ed05494a\",\"%labels_r%\":\"\",\"%_labels_r%\":\"field_5f3a47134470d\",\"%handicap_r%\":\"\",\"%_handicap_r%\":\"field_5f3a471a4470e\",\"%offres_promotionnelles_r%\":\"\",\"%_offres_promotionnelles_r%\":\"field_5f3a472d4470f\",\"%telephone_r%\":\"+33 4 68 24 75 45\",\"%_telephone_r%\":\"field_5efc3a39e12c8\",\"%email_r%\":\"tourisme@ccplm.fr\",\"%_email_r%\":\"field_5efc3a40e12c9\",\"%idunique_r%\":\"FMALAR011V51A7RF\",\"%_idunique_r%\":\"field_5f04335c562b3\",\"%site_r%\":\"https:\\\/\\\/collinescathares.com\\\/\",\"%_site_r%\":\"field_5efc4d652a106\",\"%_date_evenement_r%\":\"field_5f0348f37d5bd\",\"%_date_evenement_fin_r%\":\"field_5f3a4540d0781\",\"%horaires_evenement_r%\":\"20:00 \\\/ 22:00\",\"%_horaires_evenement_r%\":\"field_5f3a4550d0782\",\"%type_r%\":\"D\\u00e9bat \\\/ Conf\\u00e9rence\",\"%_type_r%\":\"field_5f057b5365cd7\",\"%classification_r%\":\"\",\"%_classification_r%\":\"field_5f3a3af81a328\",\"%classement_prefectoral_r%\":\"\",\"%_classement_prefectoral_r%\":\"field_5f3a473444710\",\"%datetri_r%\":\"1778889600\",\"%_datetri_r%\":\"field_5f3a8a82002b1\",\"%langage_r%\":\"FR\",\"%_langage_r%\":\"field_5f3be5649f374\",\"%_wpgmp_location_address%\":\"7 Rue de la mairie 11290 MONTREAL\",\"%_wpgmp_location_city%\":\"MONTREAL\",\"%_wpgmp_location_state%\":\"\",\"%_wpgmp_location_country%\":\"France\",\"%_wpgmp_metabox_marker_id%\":\"a:1:{i:0;i:8;}\",\"%_wpgmp_map_id%\":\"a:1:{i:0;i:21;}\",\"%_wpgmp_metabox_latitude%\":\"43.1995240\",\"%_wpgmp_metabox_longitude%\":\"2.14091721\",\"%_wpgmp_metabox_location_redirect%\":\"post\",\"%_wpgmp_metabox_custom_link%\":\"\",\"%_wpgmp_metabox_taxomomies_terms%\":\"N;\",\"%_wpgmp_extensions_fields%\":\"N;\",\"%_wpml_word_count%\":\"302\",\"%galerie_image_r%\":\"261741\",\"%_galerie_image_r%\":\"field_5f3bd339f8130\",\"%_elementor_page_assets%\":\"\",\"taxonomy=category\":\"Ev\\u00e9nements ponctuels\",\"taxonomy=post_tag\":\"\",\"taxonomy=post_format\":\"\",\"taxonomy=translation_priority\":\"Facultatif\"},\"icon\":\"https:\\\/\\\/collinescathares.com\\\/wp-content\\\/uploads\\\/2020\\\/07\\\/pointeur_vert.svg\"},\"id\":262027,\"custom_filters\":{\"type_r\":\"D\\u00e9bat \\\/ Conf\\u00e9rence\",\"datetri_r\":\"1778889600\"},\"infowindow_disable\":false,\"categories\":[{\"icon\":\"https:\\\/\\\/collinescathares.com\\\/wp-content\\\/uploads\\\/2020\\\/07\\\/pointeur_vert.svg\",\"name\":\"Ev\\u00e9nements ponctuels\",\"id\":\"8\",\"type\":\"category\"}]},{\"source\":\"post\",\"title\":\"VISITE DU CASTELAS ET BALADE BOTANIQUE\",\"infowindow_content\":\"<div class=\\\"fc-main\\\"><div class=\\\"fc-item-title\\\">VISITE DU CASTELAS ET BALADE BOTANIQUE <span class=\\\"fc-badge info\\\">Ev\\u00e9nements ponctuels<\\\/span><\\\/div> <div class=\\\"fc-item-featured_image\\\"><div class=\\\"fc-feature-img\\\"><img alt=\\\"VISITE DU CASTELAS ET BALADE BOTANIQUE\\\" width=\\\"300\\\" height=\\\"225\\\" src=\\\"https:\\\/\\\/collinescathares.com\\\/wp-content\\\/uploads\\\/2026\\\/01\\\/VISITE-DU-CASTELAS-ET-BALADE-BOTANIQUE-300x225.jpg\\\" class=\\\"wp-post-image   wpgmp_featured_image\\\" ><\\\/div> <\\\/div>\\u00c0 Belpech, participez \\u00e0 une journ\\u00e9e conviviale aux c\\u00f4t\\u00e9s de deux herboristes passionn\\u00e9s : Cyril Richard, pour &#8220;Le Jardin d&#8217;\\u00e9toiles&#8221;, et Judith Wolfers pour &#8220;Aux herbes nomades&#8221; ! Au programme : 11h \\u2013 12h : visite du Castelas par l\\u2019association de D\\u00e9fense du Castelas de Belpech 12h \\u2013 13h30 : pique-nique tir\\u00e9 du sac sur [&hellip;]<address><b>Adresse : <\\\/b>{marker_address}<\\\/address><a class=\\\"fc-btn fc-btn-small fc-btn-red\\\" href=\\\"https:\\\/\\\/collinescathares.com\\\/es\\\/evenements-ponctuels\\\/visite-du-castelas-et-balade-botanique\\\/\\\">En savoir plus<\\\/a><\\\/div>\",\"content\":\"\\u00c0 Belpech, participez \\u00e0 une journ\\u00e9e conviviale aux c\\u00f4t\\u00e9s de deux herboristes passionn\\u00e9s : Cyril Richard, pour &#8220;Le Jardin d&#8217;\\u00e9toiles&#8221;, et Judith Wolfers pour &#8220;Aux herbes nomades&#8221; ! Au programme : 11h \\u2013 12h : visite du Castelas par l\\u2019association de D\\u00e9fense du Castelas de Belpech 12h \\u2013 13h30 : pique-nique tir\\u00e9 du sac sur [&hellip;]\",\"address\":\" 11420 BELPECH\",\"location\":{\"lat\":\"43.1986498\",\"city\":\"BELPECH\",\"country\":\"France\",\"lng\":\"1.75394602\",\"onclick_action\":\"post\",\"redirect_permalink\":\"https:\\\/\\\/collinescathares.com\\\/es\\\/evenements-ponctuels\\\/visite-du-castelas-et-balade-botanique\\\/\",\"zoom\":10,\"extra_fields\":{\"%date_evenement_r%\":\"27 Mai 2026\",\"%date_evenement_fin_r%\":\"27 Mai 2026\",\"post_excerpt\":\"\\u00c0 Belpech, participez \\u00e0 une journ\\u00e9e conviviale aux c\\u00f4t\\u00e9s de deux herboristes passionn\\u00e9s : Cyril Richard, pour &#8220;Le Jardin d&#8217;\\u00e9toiles&#8221;, et Judith Wolfers pour &#8220;Aux herbes nomades&#8221; ! Au programme : 11h \\u2013 12h : visite du Castelas par l\\u2019association de D\\u00e9fense du Castelas de Belpech 12h \\u2013 13h30 : pique-nique tir\\u00e9 du sac sur [&hellip;]\",\"post_content\":\"\\u00c0 Belpech, participez \\u00e0 une journ\\u00e9e conviviale aux c\\u00f4t\\u00e9s de deux herboristes passionn\\u00e9s : Cyril Richard, pour \\\"Le Jardin d'\\u00e9toiles\\\", et Judith Wolfers pour \\\"Aux herbes nomades\\\" !\\nAu programme :\\n11h \\u2013 12h : visite du Castelas par l\\u2019association de D\\u00e9fense du Castelas de Belpech \\n12h \\u2013 13h30 : pique-nique tir\\u00e9 du sac sur site\\n13h30 \\u2013 15h : balade de reconnaissance des plantes comestibles et m\\u00e9dicinales (sauvages et cultiv\\u00e9es), les r\\u00e8gles de cueillette (respect de la ressource, s\\u00e9curit\\u00e9 du cueilleur ou de la cueilleuse), les moyens d\\u2019identification des plantes, leurs vertus &amp; des recettes\\n15h \\u2013 16h30 : pr\\u00e9sentation par Cyril de Jardin d\\u2019\\u00e9toiles de la distillation des plantes aromatiques et m\\u00e9dicinales, historique de la distillation, pr\\u00e9sentation d'un alambic, vertus des eaux florales et huiles essentielles, comment utiliser ces deux produits, \\u00e9chantillon \\u00e0 sentir et gouter (pour les eaux florales)\\n16h30 \\u2013 17h : d\\u00e9couverte des produits en vente au stand des herboristes.\\n\\nInformations et inscription (obligatoire) aupr\\u00e8s de l'Office de Tourisme Intercommunal Collines Cathares Tourisme. Nombre de places limit\\u00e9.\\nTarifs : 5\\u20ac\\\/personne, gratuit pour les enfants de moins de 12 ans.\",\"post_title\":\"VISITE DU CASTELAS ET BALADE BOTANIQUE\",\"post_link\":\"https:\\\/\\\/collinescathares.com\\\/es\\\/evenements-ponctuels\\\/visite-du-castelas-et-balade-botanique\\\/\",\"post_featured_image\":\"<div class=\\\"fc-feature-img\\\"><img alt=\\\"VISITE DU CASTELAS ET BALADE BOTANIQUE\\\" width=\\\"300\\\" height=\\\"225\\\" src=\\\"https:\\\/\\\/collinescathares.com\\\/wp-content\\\/uploads\\\/2026\\\/01\\\/VISITE-DU-CASTELAS-ET-BALADE-BOTANIQUE-300x225.jpg\\\" class=\\\"wp-post-image   wpgmp_featured_image\\\" ><\\\/div>\",\"post_categories\":\"Ev\\u00e9nements ponctuels\",\"post_tags\":\"\",\"%jupiterx_reading_time%\":\" 1 minute\",\"%_thumbnail_id%\":\"261447\",\"%ville_r%\":\"BELPECH\",\"%_ville_r%\":\"field_5efc3a17e12c5\",\"%cp_r%\":\"11420\",\"%_cp_r%\":\"field_5efc3a47e12ca\",\"%tarifs_r%\":\"Plein tarif||5,00|Plus de 12 ans\",\"%_tarifs_r%\":\"field_5efc3a22e12c6\",\"%carte_r%\":\" 11420 BELPECH, 43.1986498, 1.75394602, 14\",\"%_carte_r%\":\"field_5efc4ed05494a\",\"%labels_r%\":\"\",\"%_labels_r%\":\"field_5f3a47134470d\",\"%handicap_r%\":\"\",\"%_handicap_r%\":\"field_5f3a471a4470e\",\"%offres_promotionnelles_r%\":\"\",\"%_offres_promotionnelles_r%\":\"field_5f3a472d4470f\",\"%telephone_r%\":\"+33 4 68 24 75 45\",\"%_telephone_r%\":\"field_5efc3a39e12c8\",\"%email_r%\":\"tourisme@ccplm.fr\",\"%_email_r%\":\"field_5efc3a40e12c9\",\"%idunique_r%\":\"FMALAR011V51A7RT\",\"%_idunique_r%\":\"field_5f04335c562b3\",\"%site_r%\":\"https:\\\/\\\/collinescathares.com\\\/\",\"%_site_r%\":\"field_5efc4d652a106\",\"%_date_evenement_r%\":\"field_5f0348f37d5bd\",\"%_date_evenement_fin_r%\":\"field_5f3a4540d0781\",\"%horaires_evenement_r%\":\"11:00 \\\/ 17:00\",\"%_horaires_evenement_r%\":\"field_5f3a4550d0782\",\"%type_r%\":\"Visite guid\\u00e9e\",\"%_type_r%\":\"field_5f057b5365cd7\",\"%classification_r%\":\"\",\"%_classification_r%\":\"field_5f3a3af81a328\",\"%classement_prefectoral_r%\":\"\",\"%_classement_prefectoral_r%\":\"field_5f3a473444710\",\"%datetri_r%\":\"1779840000\",\"%_datetri_r%\":\"field_5f3a8a82002b1\",\"%langage_r%\":\"FR\",\"%_langage_r%\":\"field_5f3be5649f374\",\"%_wpgmp_location_address%\":\" 11420 BELPECH\",\"%_wpgmp_location_city%\":\"BELPECH\",\"%_wpgmp_location_state%\":\"\",\"%_wpgmp_location_country%\":\"France\",\"%_wpgmp_metabox_marker_id%\":\"a:1:{i:0;i:8;}\",\"%_wpgmp_map_id%\":\"a:1:{i:0;i:21;}\",\"%_wpgmp_metabox_latitude%\":\"43.1986498\",\"%_wpgmp_metabox_longitude%\":\"1.75394602\",\"%_wpgmp_metabox_location_redirect%\":\"post\",\"%_wpgmp_metabox_custom_link%\":\"\",\"%_wpgmp_metabox_taxomomies_terms%\":\"N;\",\"%_wpgmp_extensions_fields%\":\"N;\",\"%_wpml_word_count%\":\"209\",\"%galerie_image_r%\":\"261447\",\"%_galerie_image_r%\":\"field_5f3bd339f8130\",\"%_elementor_page_assets%\":\"\",\"taxonomy=category\":\"Ev\\u00e9nements ponctuels\",\"taxonomy=post_tag\":\"\",\"taxonomy=post_format\":\"\",\"taxonomy=translation_priority\":\"Facultatif\"},\"icon\":\"https:\\\/\\\/collinescathares.com\\\/wp-content\\\/uploads\\\/2020\\\/07\\\/pointeur_vert.svg\"},\"id\":262028,\"custom_filters\":{\"type_r\":\"Visite guid\\u00e9e\",\"datetri_r\":\"1779840000\"},\"infowindow_disable\":false,\"categories\":[{\"icon\":\"https:\\\/\\\/collinescathares.com\\\/wp-content\\\/uploads\\\/2020\\\/07\\\/pointeur_vert.svg\",\"name\":\"Ev\\u00e9nements ponctuels\",\"id\":\"8\",\"type\":\"category\"}]},{\"source\":\"post\",\"title\":\"INITIATION \\u00c0 LA P\\u00caCHE SUR LE CANAL DU MIDI\",\"infowindow_content\":\"<div class=\\\"fc-main\\\"><div class=\\\"fc-item-title\\\">INITIATION \\u00c0 LA P\\u00caCHE SUR LE CANAL DU MIDI <span class=\\\"fc-badge info\\\">Ev\\u00e9nements ponctuels<\\\/span><\\\/div> <div class=\\\"fc-item-featured_image\\\"><div class=\\\"fc-feature-img\\\"><img alt=\\\"INITIATION \\u00c0 LA P\\u00caCHE SUR LE CANAL DU MIDI\\\" width=\\\"300\\\" height=\\\"225\\\" src=\\\"https:\\\/\\\/collinescathares.com\\\/wp-content\\\/uploads\\\/2026\\\/01\\\/INITIATION-A-LA-PECHE-SUR-LE-CANAL-DU-MIDI-300x225.jpg\\\" class=\\\"wp-post-image   wpgmp_featured_image\\\" ><\\\/div> <\\\/div>Pour la f\\u00eate nationale de la p\\u00eache, partagez un moment convivial au bord du canal du Midi et d\\u00e9couvrez les bases de la p\\u00eache avec un passionn\\u00e9 : mat\\u00e9riel, techniques, respect du milieu aquatique\\u2026 Une activit\\u00e9 nature accessible \\u00e0 tous ! Au programme de ce bel apr\\u00e8s-midi : 1h d\\u2019explication sur les poissons, la vie [&hellip;]<address><b>Adresse : <\\\/b>{marker_address}<\\\/address><a class=\\\"fc-btn fc-btn-small fc-btn-red\\\" href=\\\"https:\\\/\\\/collinescathares.com\\\/es\\\/evenements-ponctuels\\\/initiation-a-la-peche-sur-le-canal-du-midi\\\/\\\">En savoir plus<\\\/a><\\\/div>\",\"content\":\"Pour la f\\u00eate nationale de la p\\u00eache, partagez un moment convivial au bord du canal du Midi et d\\u00e9couvrez les bases de la p\\u00eache avec un passionn\\u00e9 : mat\\u00e9riel, techniques, respect du milieu aquatique\\u2026 Une activit\\u00e9 nature accessible \\u00e0 tous ! Au programme de ce bel apr\\u00e8s-midi : 1h d\\u2019explication sur les poissons, la vie [&hellip;]\",\"address\":\"Port de Bram 11150 BRAM\",\"location\":{\"lat\":\"43.2550935\",\"city\":\"BRAM\",\"country\":\"France\",\"lng\":\"2.12599186\",\"onclick_action\":\"post\",\"redirect_permalink\":\"https:\\\/\\\/collinescathares.com\\\/es\\\/evenements-ponctuels\\\/initiation-a-la-peche-sur-le-canal-du-midi\\\/\",\"zoom\":10,\"extra_fields\":{\"%date_evenement_r%\":\"07 Juin 2026\",\"%date_evenement_fin_r%\":\"07 Juin 2026\",\"post_excerpt\":\"Pour la f\\u00eate nationale de la p\\u00eache, partagez un moment convivial au bord du canal du Midi et d\\u00e9couvrez les bases de la p\\u00eache avec un passionn\\u00e9 : mat\\u00e9riel, techniques, respect du milieu aquatique\\u2026 Une activit\\u00e9 nature accessible \\u00e0 tous ! Au programme de ce bel apr\\u00e8s-midi : 1h d\\u2019explication sur les poissons, la vie [&hellip;]\",\"post_content\":\"Pour la f\\u00eate nationale de la p\\u00eache, partagez un moment convivial au bord du canal du Midi et d\\u00e9couvrez les bases de la p\\u00eache avec un passionn\\u00e9 : mat\\u00e9riel, techniques, respect du milieu aquatique\\u2026 Une activit\\u00e9 nature accessible \\u00e0 tous !\\n\\nAu programme de ce bel apr\\u00e8s-midi : 1h d\\u2019explication sur les poissons, la vie dans le canal du Midi, et l\\u2019alimentation des poissons, d\\u00e9couverte des cannes \\u00e0 p\\u00eaches, jeu sur la fabrication des amorces, point sur la s\\u00e9curit\\u00e9, gestuelle de s\\u00e9curit\\u00e9, pratique de la p\\u00eache et conclusion.\\nGoodies offerts : casquettes, portes clef et une coupe \\u00e0 remettre \\u00e0 celui qui aura p\\u00eacher le plus gros poisson !\\nCarte de p\\u00eache, mat\\u00e9riel et \\u00e9quipement fournis par Alexis Boreau de \\\"Guide Silure Aude\\\".\\nRDV 15 minutes avant le d\\u00e9but de l'animation \\u00e0 l\\u2019aire de pique-nique de Bram.\\nPossibilit\\u00e9 de pique-niquer au bord du canal du Midi\\nPensez \\u00e0 prendre une bouteille d\\u2019eau, casquette et cr\\u00e8me solaire.\\n\\nDur\\u00e9e de l'atelier : 4h. \\nTarif : 30\\u20ac\\\/participant\\nInformations et inscription (obligatoire) au 06 95 17 35 10. Nombre de places limit\\u00e9 (8 personnes maximum).\",\"post_title\":\"INITIATION \\u00c0 LA P\\u00caCHE SUR LE CANAL DU MIDI\",\"post_link\":\"https:\\\/\\\/collinescathares.com\\\/es\\\/evenements-ponctuels\\\/initiation-a-la-peche-sur-le-canal-du-midi\\\/\",\"post_featured_image\":\"<div class=\\\"fc-feature-img\\\"><img alt=\\\"INITIATION \\u00c0 LA P\\u00caCHE SUR LE CANAL DU MIDI\\\" width=\\\"300\\\" height=\\\"225\\\" src=\\\"https:\\\/\\\/collinescathares.com\\\/wp-content\\\/uploads\\\/2026\\\/01\\\/INITIATION-A-LA-PECHE-SUR-LE-CANAL-DU-MIDI-300x225.jpg\\\" class=\\\"wp-post-image   wpgmp_featured_image\\\" ><\\\/div>\",\"post_categories\":\"Ev\\u00e9nements ponctuels\",\"post_tags\":\"\",\"%jupiterx_reading_time%\":\"1 minute\",\"%_thumbnail_id%\":\"261451\",\"%ville_r%\":\"BRAM\",\"%_ville_r%\":\"field_5efc3a17e12c5\",\"%cp_r%\":\"11150\",\"%_cp_r%\":\"field_5efc3a47e12ca\",\"%tarifs_r%\":\"Plein tarif||30,00|\",\"%_tarifs_r%\":\"field_5efc3a22e12c6\",\"%adresse_r%\":\"Port de Bram\",\"%_adresse_r%\":\"field_5efc3a2ee12c7\",\"%carte_r%\":\"Port de Bram 11150 BRAM, 43.2550935, 2.12599186, 14\",\"%_carte_r%\":\"field_5efc4ed05494a\",\"%labels_r%\":\"\",\"%_labels_r%\":\"field_5f3a47134470d\",\"%handicap_r%\":\"\",\"%_handicap_r%\":\"field_5f3a471a4470e\",\"%offres_promotionnelles_r%\":\"\",\"%_offres_promotionnelles_r%\":\"field_5f3a472d4470f\",\"%telephone_r%\":\" Port : +33 6 95 17 35 10\",\"%_telephone_r%\":\"field_5efc3a39e12c8\",\"%email_r%\":\"guidesilureaude@gmail.com\",\"%_email_r%\":\"field_5efc3a40e12c9\",\"%idunique_r%\":\"FMALAR011V51A7SI\",\"%_idunique_r%\":\"field_5f04335c562b3\",\"%site_r%\":\"https:\\\/\\\/www.guidesilureaude.fr\\\/\",\"%_site_r%\":\"field_5efc4d652a106\",\"%_date_evenement_r%\":\"field_5f0348f37d5bd\",\"%_date_evenement_fin_r%\":\"field_5f3a4540d0781\",\"%horaires_evenement_r%\":\"13:30 \\\/ 17:30\",\"%_horaires_evenement_r%\":\"field_5f3a4550d0782\",\"%type_r%\":\"Stage \\\/ Atelier\",\"%_type_r%\":\"field_5f057b5365cd7\",\"%classification_r%\":\"\",\"%_classification_r%\":\"field_5f3a3af81a328\",\"%classement_prefectoral_r%\":\"\",\"%_classement_prefectoral_r%\":\"field_5f3a473444710\",\"%datetri_r%\":\"1780790400\",\"%_datetri_r%\":\"field_5f3a8a82002b1\",\"%langage_r%\":\"FR\",\"%_langage_r%\":\"field_5f3be5649f374\",\"%_wpgmp_location_address%\":\"Port de Bram 11150 BRAM\",\"%_wpgmp_location_city%\":\"BRAM\",\"%_wpgmp_location_state%\":\"\",\"%_wpgmp_location_country%\":\"France\",\"%_wpgmp_metabox_marker_id%\":\"a:1:{i:0;i:8;}\",\"%_wpgmp_map_id%\":\"a:1:{i:0;i:21;}\",\"%_wpgmp_metabox_latitude%\":\"43.2550935\",\"%_wpgmp_metabox_longitude%\":\"2.12599186\",\"%_wpgmp_metabox_location_redirect%\":\"post\",\"%_wpgmp_metabox_custom_link%\":\"\",\"%_wpgmp_metabox_taxomomies_terms%\":\"N;\",\"%_wpgmp_extensions_fields%\":\"N;\",\"%_wpml_word_count%\":\"191\",\"%galerie_image_r%\":\"261451\",\"%_galerie_image_r%\":\"field_5f3bd339f8130\",\"%_elementor_page_assets%\":\"\",\"taxonomy=category\":\"Ev\\u00e9nements ponctuels\",\"taxonomy=post_tag\":\"\",\"taxonomy=post_format\":\"\",\"taxonomy=translation_priority\":\"Facultatif\"},\"icon\":\"https:\\\/\\\/collinescathares.com\\\/wp-content\\\/uploads\\\/2020\\\/07\\\/pointeur_vert.svg\"},\"id\":262029,\"custom_filters\":{\"type_r\":\"Stage \\\/ Atelier\",\"datetri_r\":\"1780790400\"},\"infowindow_disable\":false,\"categories\":[{\"icon\":\"https:\\\/\\\/collinescathares.com\\\/wp-content\\\/uploads\\\/2020\\\/07\\\/pointeur_vert.svg\",\"name\":\"Ev\\u00e9nements ponctuels\",\"id\":\"8\",\"type\":\"category\"}]},{\"source\":\"post\",\"title\":\"VISITE COMMENT\\u00c9E DE LA COLL\\u00c9GIALE SAINT-VINCENT \\u00c0 MONTR\\u00c9AL\",\"infowindow_content\":\"<div class=\\\"fc-main\\\"><div class=\\\"fc-item-title\\\">VISITE COMMENT\\u00c9E DE LA COLL\\u00c9GIALE SAINT-VINCENT \\u00c0 MONTR\\u00c9AL <span class=\\\"fc-badge info\\\">Ev\\u00e9nements ponctuels<\\\/span><\\\/div> <div class=\\\"fc-item-featured_image\\\"><div class=\\\"fc-feature-img\\\"><img alt=\\\"VISITE COMMENT\\u00c9E DE LA COLL\\u00c9GIALE SAINT-VINCENT \\u00c0 MONTR\\u00c9AL\\\" width=\\\"300\\\" height=\\\"225\\\" src=\\\"https:\\\/\\\/collinescathares.com\\\/wp-content\\\/uploads\\\/2026\\\/03\\\/VISITE-COMMENTEE-DE-LA-COLLEGIALE-SAINT-VINCENT-A-MONTREAL-6-300x225.jpg\\\" class=\\\"wp-post-image   wpgmp_featured_image\\\" ><\\\/div> <\\\/div>Pos\\u00e9e dans les hauteurs de Montr\\u00e9al d\\u2019Aude comme un phare au c\\u0153ur des collines riantes et des vignobles de la Malep\\u00e8re, la Coll\\u00e9giale Saint-Vincent marque les paysages alentour de ses \\u00e9tonnantes proportions. Dat\\u00e9 de la fin du XIIIe \\u2013 d\\u00e9but XIVe si\\u00e8cle, fortifi\\u00e9 durant les guerres de religion, embelli aux XVIIIe et XIXe si\\u00e8cles, ce [&hellip;]<address><b>Adresse : <\\\/b>{marker_address}<\\\/address><a class=\\\"fc-btn fc-btn-small fc-btn-red\\\" href=\\\"https:\\\/\\\/collinescathares.com\\\/es\\\/evenements-ponctuels\\\/visite-commentee-de-la-collegiale-saint-vincent-a-montreal-6\\\/\\\">En savoir plus<\\\/a><\\\/div>\",\"content\":\"Pos\\u00e9e dans les hauteurs de Montr\\u00e9al d\\u2019Aude comme un phare au c\\u0153ur des collines riantes et des vignobles de la Malep\\u00e8re, la Coll\\u00e9giale Saint-Vincent marque les paysages alentour de ses \\u00e9tonnantes proportions. Dat\\u00e9 de la fin du XIIIe \\u2013 d\\u00e9but XIVe si\\u00e8cle, fortifi\\u00e9 durant les guerres de religion, embelli aux XVIIIe et XIXe si\\u00e8cles, ce [&hellip;]\",\"address\":\"Place Saint-Vincent 11290 MONTREAL\",\"location\":{\"lat\":\"43.1993378\",\"city\":\"MONTREAL\",\"country\":\"France\",\"lng\":\"2.14279411\",\"onclick_action\":\"post\",\"redirect_permalink\":\"https:\\\/\\\/collinescathares.com\\\/es\\\/evenements-ponctuels\\\/visite-commentee-de-la-collegiale-saint-vincent-a-montreal-6\\\/\",\"zoom\":10,\"extra_fields\":{\"%date_evenement_r%\":\"20 Ao\\u00fbt 2026\",\"%date_evenement_fin_r%\":\"20 Ao\\u00fbt 2026\",\"post_excerpt\":\"Pos\\u00e9e dans les hauteurs de Montr\\u00e9al d\\u2019Aude comme un phare au c\\u0153ur des collines riantes et des vignobles de la Malep\\u00e8re, la Coll\\u00e9giale Saint-Vincent marque les paysages alentour de ses \\u00e9tonnantes proportions. Dat\\u00e9 de la fin du XIIIe \\u2013 d\\u00e9but XIVe si\\u00e8cle, fortifi\\u00e9 durant les guerres de religion, embelli aux XVIIIe et XIXe si\\u00e8cles, ce [&hellip;]\",\"post_content\":\"Pos\\u00e9e dans les hauteurs de Montr\\u00e9al d\\u2019Aude comme un phare au c\\u0153ur des collines riantes et des vignobles de la Malep\\u00e8re, la Coll\\u00e9giale Saint-Vincent marque les paysages alentour de ses \\u00e9tonnantes proportions. \\n\\nDat\\u00e9 de la fin du XIIIe \\u2013 d\\u00e9but XIVe si\\u00e8cle, fortifi\\u00e9 durant les guerres de religion, embelli aux XVIIIe et XIXe si\\u00e8cles, ce majestueux vaisseau de pierre conserve le souvenir des moments clefs de l\\u2019Histoire locale.\\n\\nVenez d\\u00e9couvrir cet \\u00e9difice lors d'une visite guid\\u00e9e !\\nRendez-vous sur le parvis de la coll\\u00e9giale (place Saint-Vincent) le jeudi 20 ao\\u00fbt \\u00e0 17h00. Votre guide, Armand Guitard, vous y attendra.\\n\\nVisite sur r\\u00e9servation : 04 68 24 75 45 \\\/ tourisme@ccplm.fr\\nParticipation au chapeau. Nombre de places limit\\u00e9.\\n\\u00c0 cette occasion, le livre d'Armand Guitard sur la coll\\u00e9giale sera propos\\u00e9 \\u00e0 la vente.\",\"post_title\":\"VISITE COMMENT\\u00c9E DE LA COLL\\u00c9GIALE SAINT-VINCENT \\u00c0 MONTR\\u00c9AL\",\"post_link\":\"https:\\\/\\\/collinescathares.com\\\/es\\\/evenements-ponctuels\\\/visite-commentee-de-la-collegiale-saint-vincent-a-montreal-6\\\/\",\"post_featured_image\":\"<div class=\\\"fc-feature-img\\\"><img alt=\\\"VISITE COMMENT\\u00c9E DE LA COLL\\u00c9GIALE SAINT-VINCENT \\u00c0 MONTR\\u00c9AL\\\" width=\\\"300\\\" height=\\\"225\\\" src=\\\"https:\\\/\\\/collinescathares.com\\\/wp-content\\\/uploads\\\/2026\\\/03\\\/VISITE-COMMENTEE-DE-LA-COLLEGIALE-SAINT-VINCENT-A-MONTREAL-6-300x225.jpg\\\" class=\\\"wp-post-image   wpgmp_featured_image\\\" ><\\\/div>\",\"post_categories\":\"Ev\\u00e9nements ponctuels\",\"post_tags\":\"\",\"%jupiterx_reading_time%\":\"1 minute\",\"%ville_r%\":\"MONTREAL\",\"%_ville_r%\":\"field_5efc3a17e12c5\",\"%cp_r%\":\"11290\",\"%_cp_r%\":\"field_5efc3a47e12ca\",\"%tarifs_r%\":\"\",\"%_tarifs_r%\":\"field_5efc3a22e12c6\",\"%adresse_r%\":\"Place Saint-Vincent\",\"%_adresse_r%\":\"field_5efc3a2ee12c7\",\"%carte_r%\":\"Place Saint-Vincent 11290 MONTREAL, 43.1993378, 2.14279411, 14\",\"%_carte_r%\":\"field_5efc4ed05494a\",\"%labels_r%\":\"\",\"%_labels_r%\":\"field_5f3a47134470d\",\"%handicap_r%\":\"\",\"%_handicap_r%\":\"field_5f3a471a4470e\",\"%offres_promotionnelles_r%\":\"\",\"%_offres_promotionnelles_r%\":\"field_5f3a472d4470f\",\"%telephone_r%\":\"+33 4 68 24 75 45\",\"%_telephone_r%\":\"field_5efc3a39e12c8\",\"%email_r%\":\"tourisme@ccplm.fr\",\"%_email_r%\":\"field_5efc3a40e12c9\",\"%idunique_r%\":\"FMALAR011V51A74L\",\"%_idunique_r%\":\"field_5f04335c562b3\",\"%site_r%\":\"https:\\\/\\\/collinescathares.com\\\/\",\"%_site_r%\":\"field_5efc4d652a106\",\"%_date_evenement_r%\":\"field_5f0348f37d5bd\",\"%_date_evenement_fin_r%\":\"field_5f3a4540d0781\",\"%horaires_evenement_r%\":\"17:00 \\\/ 18:30\",\"%_horaires_evenement_r%\":\"field_5f3a4550d0782\",\"%type_r%\":\"Visite guid\\u00e9e\",\"%_type_r%\":\"field_5f057b5365cd7\",\"%classification_r%\":\"\",\"%_classification_r%\":\"field_5f3a3af81a328\",\"%classement_prefectoral_r%\":\"\",\"%_classement_prefectoral_r%\":\"field_5f3a473444710\",\"%datetri_r%\":\"1787184000\",\"%_datetri_r%\":\"field_5f3a8a82002b1\",\"%langage_r%\":\"FR\",\"%_langage_r%\":\"field_5f3be5649f374\",\"%_wpgmp_location_address%\":\"Place Saint-Vincent 11290 MONTREAL\",\"%_wpgmp_location_city%\":\"MONTREAL\",\"%_wpgmp_location_state%\":\"\",\"%_wpgmp_location_country%\":\"France\",\"%_wpgmp_metabox_marker_id%\":\"a:1:{i:0;i:8;}\",\"%_wpgmp_map_id%\":\"a:1:{i:0;i:21;}\",\"%_wpgmp_metabox_latitude%\":\"43.1993378\",\"%_wpgmp_metabox_longitude%\":\"2.14279411\",\"%_wpgmp_metabox_location_redirect%\":\"post\",\"%_wpgmp_metabox_custom_link%\":\"\",\"%_wpgmp_metabox_taxomomies_terms%\":\"N;\",\"%_wpgmp_extensions_fields%\":\"N;\",\"%_wpml_word_count%\":\"147\",\"%_thumbnail_id%\":\"263025\",\"%galerie_image_r%\":\"263025\",\"%_galerie_image_r%\":\"field_5f3bd339f8130\",\"%_elementor_page_assets%\":\"\",\"taxonomy=category\":\"Ev\\u00e9nements ponctuels\",\"taxonomy=post_tag\":\"\",\"taxonomy=post_format\":\"\",\"taxonomy=translation_priority\":\"Facultatif\"},\"icon\":\"https:\\\/\\\/collinescathares.com\\\/wp-content\\\/uploads\\\/2020\\\/07\\\/pointeur_vert.svg\"},\"id\":262024,\"custom_filters\":{\"type_r\":\"Visite guid\\u00e9e\",\"datetri_r\":\"1787184000\"},\"infowindow_disable\":false,\"categories\":[{\"icon\":\"https:\\\/\\\/collinescathares.com\\\/wp-content\\\/uploads\\\/2020\\\/07\\\/pointeur_vert.svg\",\"name\":\"Ev\\u00e9nements ponctuels\",\"id\":\"8\",\"type\":\"category\"}]},{\"source\":\"post\",\"title\":\"VISITE COMMENT\\u00c9E DE LA COLL\\u00c9GIALE SAINT-VINCENT \\u00c0 MONTR\\u00c9AL\",\"infowindow_content\":\"<div class=\\\"fc-main\\\"><div class=\\\"fc-item-title\\\">VISITE COMMENT\\u00c9E DE LA COLL\\u00c9GIALE SAINT-VINCENT \\u00c0 MONTR\\u00c9AL <span class=\\\"fc-badge info\\\">Ev\\u00e9nements ponctuels<\\\/span><\\\/div> <div class=\\\"fc-item-featured_image\\\"><div class=\\\"fc-feature-img\\\"><img alt=\\\"VISITE COMMENT\\u00c9E DE LA COLL\\u00c9GIALE SAINT-VINCENT \\u00c0 MONTR\\u00c9AL\\\" width=\\\"300\\\" height=\\\"225\\\" src=\\\"https:\\\/\\\/collinescathares.com\\\/wp-content\\\/uploads\\\/2024\\\/07\\\/VISITE-COMMENTEE-DE-LA-COLLEGIALE-SAINT-VINCENT-A-MONTREAL-300x225.jpg\\\" class=\\\"wp-post-image   wpgmp_featured_image\\\" ><\\\/div> <\\\/div>Pos\\u00e9e dans les hauteurs de Montr\\u00e9al d\\u2019Aude comme un phare au c\\u0153ur des collines riantes et des vignobles de la Malep\\u00e8re, la Coll\\u00e9giale Saint-Vincent marque les paysages alentour de ses \\u00e9tonnantes proportions. Dat\\u00e9 de la fin du XIIIe \\u2013 d\\u00e9but XIVe si\\u00e8cle, fortifi\\u00e9 durant les guerres de religion, embelli aux XVIIIe et XIXe si\\u00e8cles, ce [&hellip;]<address><b>Adresse : <\\\/b>{marker_address}<\\\/address><a class=\\\"fc-btn fc-btn-small fc-btn-red\\\" href=\\\"https:\\\/\\\/collinescathares.com\\\/es\\\/evenements-ponctuels\\\/visite-commentee-de-la-collegiale-saint-vincent-a-montreal\\\/\\\">En savoir plus<\\\/a><\\\/div>\",\"content\":\"Pos\\u00e9e dans les hauteurs de Montr\\u00e9al d\\u2019Aude comme un phare au c\\u0153ur des collines riantes et des vignobles de la Malep\\u00e8re, la Coll\\u00e9giale Saint-Vincent marque les paysages alentour de ses \\u00e9tonnantes proportions. Dat\\u00e9 de la fin du XIIIe \\u2013 d\\u00e9but XIVe si\\u00e8cle, fortifi\\u00e9 durant les guerres de religion, embelli aux XVIIIe et XIXe si\\u00e8cles, ce [&hellip;]\",\"address\":\"Place Saint-Vincent 11290 MONTREAL\",\"location\":{\"lat\":\"43.1993378\",\"city\":\"MONTREAL\",\"country\":\"France\",\"lng\":\"2.14279411\",\"onclick_action\":\"post\",\"redirect_permalink\":\"https:\\\/\\\/collinescathares.com\\\/es\\\/evenements-ponctuels\\\/visite-commentee-de-la-collegiale-saint-vincent-a-montreal\\\/\",\"zoom\":10,\"extra_fields\":{\"%date_evenement_r%\":\"09 Mai 2026\",\"%date_evenement_fin_r%\":\"09 Mai 2026\",\"post_excerpt\":\"Pos\\u00e9e dans les hauteurs de Montr\\u00e9al d\\u2019Aude comme un phare au c\\u0153ur des collines riantes et des vignobles de la Malep\\u00e8re, la Coll\\u00e9giale Saint-Vincent marque les paysages alentour de ses \\u00e9tonnantes proportions. Dat\\u00e9 de la fin du XIIIe \\u2013 d\\u00e9but XIVe si\\u00e8cle, fortifi\\u00e9 durant les guerres de religion, embelli aux XVIIIe et XIXe si\\u00e8cles, ce [&hellip;]\",\"post_content\":\"Pos\\u00e9e dans les hauteurs de Montr\\u00e9al d\\u2019Aude comme un phare au c\\u0153ur des collines riantes et des vignobles de la Malep\\u00e8re, la Coll\\u00e9giale Saint-Vincent marque les paysages alentour de ses \\u00e9tonnantes proportions. \\n\\nDat\\u00e9 de la fin du XIIIe \\u2013 d\\u00e9but XIVe si\\u00e8cle, fortifi\\u00e9 durant les guerres de religion, embelli aux XVIIIe et XIXe si\\u00e8cles, ce majestueux vaisseau de pierre conserve le souvenir des moments clefs de l\\u2019Histoire locale.\\n\\nVenez d\\u00e9couvrir cet \\u00e9difice lors d'une visite guid\\u00e9e !\\nRendez-vous sur le parvis de la coll\\u00e9giale (place Saint-Vincent) le samedi 09 mai \\u00e0 16h30. Votre guide, Armand Guitard, vous y attendra.\\n\\nVisite sur r\\u00e9servation : 04 68 24 75 45 \\\/ tourisme@ccplm.fr\\nParticipation au chapeau. Nombre de places limit\\u00e9.\\n\\u00c0 cette occasion, le livre d'Armand Guitard sur la coll\\u00e9giale sera propos\\u00e9 \\u00e0 la vente.\",\"post_title\":\"VISITE COMMENT\\u00c9E DE LA COLL\\u00c9GIALE SAINT-VINCENT \\u00c0 MONTR\\u00c9AL\",\"post_link\":\"https:\\\/\\\/collinescathares.com\\\/es\\\/evenements-ponctuels\\\/visite-commentee-de-la-collegiale-saint-vincent-a-montreal\\\/\",\"post_featured_image\":\"<div class=\\\"fc-feature-img\\\"><img alt=\\\"VISITE COMMENT\\u00c9E DE LA COLL\\u00c9GIALE SAINT-VINCENT \\u00c0 MONTR\\u00c9AL\\\" width=\\\"300\\\" height=\\\"225\\\" src=\\\"https:\\\/\\\/collinescathares.com\\\/wp-content\\\/uploads\\\/2024\\\/07\\\/VISITE-COMMENTEE-DE-LA-COLLEGIALE-SAINT-VINCENT-A-MONTREAL-300x225.jpg\\\" class=\\\"wp-post-image   wpgmp_featured_image\\\" ><\\\/div>\",\"post_categories\":\"Ev\\u00e9nements ponctuels\",\"post_tags\":\"\",\"%jupiterx_reading_time%\":\"1 minute\",\"%ville_r%\":\"MONTREAL\",\"%_ville_r%\":\"field_5efc3a17e12c5\",\"%cp_r%\":\"11290\",\"%_cp_r%\":\"field_5efc3a47e12ca\",\"%tarifs_r%\":\"\",\"%_tarifs_r%\":\"field_5efc3a22e12c6\",\"%adresse_r%\":\"Place Saint-Vincent\",\"%_adresse_r%\":\"field_5efc3a2ee12c7\",\"%carte_r%\":\"Place Saint-Vincent 11290 MONTREAL, 43.1993378, 2.14279411, 14\",\"%_carte_r%\":\"field_5efc4ed05494a\",\"%labels_r%\":\"\",\"%_labels_r%\":\"field_5f3a47134470d\",\"%handicap_r%\":\"\",\"%_handicap_r%\":\"field_5f3a471a4470e\",\"%offres_promotionnelles_r%\":\"\",\"%_offres_promotionnelles_r%\":\"field_5f3a472d4470f\",\"%telephone_r%\":\"+33 4 68 24 75 45\",\"%_telephone_r%\":\"field_5efc3a39e12c8\",\"%email_r%\":\"tourisme@ccplm.fr\",\"%_email_r%\":\"field_5efc3a40e12c9\",\"%idunique_r%\":\"FMALAR011V51A74B\",\"%_idunique_r%\":\"field_5f04335c562b3\",\"%site_r%\":\"https:\\\/\\\/collinescathares.com\\\/\",\"%_site_r%\":\"field_5efc4d652a106\",\"%_date_evenement_r%\":\"field_5f0348f37d5bd\",\"%_date_evenement_fin_r%\":\"field_5f3a4540d0781\",\"%horaires_evenement_r%\":\"16:30 \\\/ 18:00\",\"%_horaires_evenement_r%\":\"field_5f3a4550d0782\",\"%type_r%\":\"Visite guid\\u00e9e\",\"%_type_r%\":\"field_5f057b5365cd7\",\"%classification_r%\":\"\",\"%_classification_r%\":\"field_5f3a3af81a328\",\"%classement_prefectoral_r%\":\"\",\"%_classement_prefectoral_r%\":\"field_5f3a473444710\",\"%datetri_r%\":\"1778284800\",\"%_datetri_r%\":\"field_5f3a8a82002b1\",\"%langage_r%\":\"FR\",\"%_langage_r%\":\"field_5f3be5649f374\",\"%_wpgmp_location_address%\":\"Place Saint-Vincent 11290 MONTREAL\",\"%_wpgmp_location_city%\":\"MONTREAL\",\"%_wpgmp_location_state%\":\"\",\"%_wpgmp_location_country%\":\"France\",\"%_wpgmp_metabox_marker_id%\":\"a:1:{i:0;i:8;}\",\"%_wpgmp_map_id%\":\"a:1:{i:0;i:21;}\",\"%_wpgmp_metabox_latitude%\":\"43.1993378\",\"%_wpgmp_metabox_longitude%\":\"2.14279411\",\"%_wpgmp_metabox_location_redirect%\":\"post\",\"%_wpgmp_metabox_custom_link%\":\"\",\"%_wpgmp_metabox_taxomomies_terms%\":\"N;\",\"%_wpgmp_extensions_fields%\":\"N;\",\"%_wpml_word_count%\":\"146\",\"%_thumbnail_id%\":\"246909\",\"%galerie_image_r%\":\"246909\",\"%_galerie_image_r%\":\"field_5f3bd339f8130\",\"%_elementor_page_assets%\":\"\",\"taxonomy=category\":\"Ev\\u00e9nements ponctuels\",\"taxonomy=post_tag\":\"\",\"taxonomy=post_format\":\"\",\"taxonomy=translation_priority\":\"Facultatif\"},\"icon\":\"https:\\\/\\\/collinescathares.com\\\/wp-content\\\/uploads\\\/2020\\\/07\\\/pointeur_vert.svg\"},\"id\":262019,\"custom_filters\":{\"type_r\":\"Visite guid\\u00e9e\",\"datetri_r\":\"1778284800\"},\"infowindow_disable\":false,\"categories\":[{\"icon\":\"https:\\\/\\\/collinescathares.com\\\/wp-content\\\/uploads\\\/2020\\\/07\\\/pointeur_vert.svg\",\"name\":\"Ev\\u00e9nements ponctuels\",\"id\":\"8\",\"type\":\"category\"}]},{\"source\":\"post\",\"title\":\"VISITE COMMENT\\u00c9E DE LA COLL\\u00c9GIALE SAINT-VINCENT \\u00c0 MONTR\\u00c9AL\",\"infowindow_content\":\"<div class=\\\"fc-main\\\"><div class=\\\"fc-item-title\\\">VISITE COMMENT\\u00c9E DE LA COLL\\u00c9GIALE SAINT-VINCENT \\u00c0 MONTR\\u00c9AL <span class=\\\"fc-badge info\\\">Ev\\u00e9nements ponctuels<\\\/span><\\\/div> <div class=\\\"fc-item-featured_image\\\"><div class=\\\"fc-feature-img\\\"><img alt=\\\"VISITE COMMENT\\u00c9E DE LA COLL\\u00c9GIALE SAINT-VINCENT \\u00c0 MONTR\\u00c9AL\\\" width=\\\"300\\\" height=\\\"225\\\" src=\\\"https:\\\/\\\/collinescathares.com\\\/wp-content\\\/uploads\\\/2026\\\/03\\\/VISITE-COMMENTEE-DE-LA-COLLEGIALE-SAINT-VINCENT-A-MONTREAL-2-300x225.jpg\\\" class=\\\"wp-post-image   wpgmp_featured_image\\\" ><\\\/div> <\\\/div>Pos\\u00e9e dans les hauteurs de Montr\\u00e9al d\\u2019Aude comme un phare au c\\u0153ur des collines riantes et des vignobles de la Malep\\u00e8re, la Coll\\u00e9giale Saint-Vincent marque les paysages alentour de ses \\u00e9tonnantes proportions. Dat\\u00e9 de la fin du XIIIe \\u2013 d\\u00e9but XIVe si\\u00e8cle, fortifi\\u00e9 durant les guerres de religion, embelli aux XVIIIe et XIXe si\\u00e8cles, ce [&hellip;]<address><b>Adresse : <\\\/b>{marker_address}<\\\/address><a class=\\\"fc-btn fc-btn-small fc-btn-red\\\" href=\\\"https:\\\/\\\/collinescathares.com\\\/es\\\/evenements-ponctuels\\\/visite-commentee-de-la-collegiale-saint-vincent-a-montreal-2\\\/\\\">En savoir plus<\\\/a><\\\/div>\",\"content\":\"Pos\\u00e9e dans les hauteurs de Montr\\u00e9al d\\u2019Aude comme un phare au c\\u0153ur des collines riantes et des vignobles de la Malep\\u00e8re, la Coll\\u00e9giale Saint-Vincent marque les paysages alentour de ses \\u00e9tonnantes proportions. Dat\\u00e9 de la fin du XIIIe \\u2013 d\\u00e9but XIVe si\\u00e8cle, fortifi\\u00e9 durant les guerres de religion, embelli aux XVIIIe et XIXe si\\u00e8cles, ce [&hellip;]\",\"address\":\"Place Saint-Vincent 11290 MONTREAL\",\"location\":{\"lat\":\"43.1993378\",\"city\":\"MONTREAL\",\"country\":\"France\",\"lng\":\"2.14279411\",\"onclick_action\":\"post\",\"redirect_permalink\":\"https:\\\/\\\/collinescathares.com\\\/es\\\/evenements-ponctuels\\\/visite-commentee-de-la-collegiale-saint-vincent-a-montreal-2\\\/\",\"zoom\":10,\"extra_fields\":{\"%date_evenement_r%\":\"15 Mai 2026\",\"%date_evenement_fin_r%\":\"15 Mai 2026\",\"post_excerpt\":\"Pos\\u00e9e dans les hauteurs de Montr\\u00e9al d\\u2019Aude comme un phare au c\\u0153ur des collines riantes et des vignobles de la Malep\\u00e8re, la Coll\\u00e9giale Saint-Vincent marque les paysages alentour de ses \\u00e9tonnantes proportions. Dat\\u00e9 de la fin du XIIIe \\u2013 d\\u00e9but XIVe si\\u00e8cle, fortifi\\u00e9 durant les guerres de religion, embelli aux XVIIIe et XIXe si\\u00e8cles, ce [&hellip;]\",\"post_content\":\"Pos\\u00e9e dans les hauteurs de Montr\\u00e9al d\\u2019Aude comme un phare au c\\u0153ur des collines riantes et des vignobles de la Malep\\u00e8re, la Coll\\u00e9giale Saint-Vincent marque les paysages alentour de ses \\u00e9tonnantes proportions. \\n\\nDat\\u00e9 de la fin du XIIIe \\u2013 d\\u00e9but XIVe si\\u00e8cle, fortifi\\u00e9 durant les guerres de religion, embelli aux XVIIIe et XIXe si\\u00e8cles, ce majestueux vaisseau de pierre conserve le souvenir des moments clefs de l\\u2019Histoire locale.\\n\\nVenez d\\u00e9couvrir cet \\u00e9difice lors d'une visite guid\\u00e9e !\\nRendez-vous sur le parvis de la coll\\u00e9giale (place Saint-Vincent) le vendredi 15 mai \\u00e0 16h30. Votre guide, Armand Guitard, vous y attendra.\\n\\nVisite sur r\\u00e9servation : 04 68 24 75 45 \\\/ tourisme@ccplm.fr\\nParticipation au chapeau. Nombre de places limit\\u00e9.\\n\\u00c0 cette occasion, le livre d'Armand Guitard sur la coll\\u00e9giale sera propos\\u00e9 \\u00e0 la vente.\",\"post_title\":\"VISITE COMMENT\\u00c9E DE LA COLL\\u00c9GIALE SAINT-VINCENT \\u00c0 MONTR\\u00c9AL\",\"post_link\":\"https:\\\/\\\/collinescathares.com\\\/es\\\/evenements-ponctuels\\\/visite-commentee-de-la-collegiale-saint-vincent-a-montreal-2\\\/\",\"post_featured_image\":\"<div class=\\\"fc-feature-img\\\"><img alt=\\\"VISITE COMMENT\\u00c9E DE LA COLL\\u00c9GIALE SAINT-VINCENT \\u00c0 MONTR\\u00c9AL\\\" width=\\\"300\\\" height=\\\"225\\\" src=\\\"https:\\\/\\\/collinescathares.com\\\/wp-content\\\/uploads\\\/2026\\\/03\\\/VISITE-COMMENTEE-DE-LA-COLLEGIALE-SAINT-VINCENT-A-MONTREAL-2-300x225.jpg\\\" class=\\\"wp-post-image   wpgmp_featured_image\\\" ><\\\/div>\",\"post_categories\":\"Ev\\u00e9nements ponctuels\",\"post_tags\":\"\",\"%jupiterx_reading_time%\":\"1 minute\",\"%ville_r%\":\"MONTREAL\",\"%_ville_r%\":\"field_5efc3a17e12c5\",\"%cp_r%\":\"11290\",\"%_cp_r%\":\"field_5efc3a47e12ca\",\"%tarifs_r%\":\"\",\"%_tarifs_r%\":\"field_5efc3a22e12c6\",\"%adresse_r%\":\"Place Saint-Vincent\",\"%_adresse_r%\":\"field_5efc3a2ee12c7\",\"%carte_r%\":\"Place Saint-Vincent 11290 MONTREAL, 43.1993378, 2.14279411, 14\",\"%_carte_r%\":\"field_5efc4ed05494a\",\"%labels_r%\":\"\",\"%_labels_r%\":\"field_5f3a47134470d\",\"%handicap_r%\":\"\",\"%_handicap_r%\":\"field_5f3a471a4470e\",\"%offres_promotionnelles_r%\":\"\",\"%_offres_promotionnelles_r%\":\"field_5f3a472d4470f\",\"%telephone_r%\":\"+33 4 68 24 75 45\",\"%_telephone_r%\":\"field_5efc3a39e12c8\",\"%email_r%\":\"tourisme@ccplm.fr\",\"%_email_r%\":\"field_5efc3a40e12c9\",\"%idunique_r%\":\"FMALAR011V51A74H\",\"%_idunique_r%\":\"field_5f04335c562b3\",\"%site_r%\":\"https:\\\/\\\/collinescathares.com\\\/\",\"%_site_r%\":\"field_5efc4d652a106\",\"%_date_evenement_r%\":\"field_5f0348f37d5bd\",\"%_date_evenement_fin_r%\":\"field_5f3a4540d0781\",\"%horaires_evenement_r%\":\"16:30 \\\/ 18:00\",\"%_horaires_evenement_r%\":\"field_5f3a4550d0782\",\"%type_r%\":\"Visite guid\\u00e9e\",\"%_type_r%\":\"field_5f057b5365cd7\",\"%classification_r%\":\"\",\"%_classification_r%\":\"field_5f3a3af81a328\",\"%classement_prefectoral_r%\":\"\",\"%_classement_prefectoral_r%\":\"field_5f3a473444710\",\"%datetri_r%\":\"1778803200\",\"%_datetri_r%\":\"field_5f3a8a82002b1\",\"%langage_r%\":\"FR\",\"%_langage_r%\":\"field_5f3be5649f374\",\"%_wpgmp_location_address%\":\"Place Saint-Vincent 11290 MONTREAL\",\"%_wpgmp_location_city%\":\"MONTREAL\",\"%_wpgmp_location_state%\":\"\",\"%_wpgmp_location_country%\":\"France\",\"%_wpgmp_metabox_marker_id%\":\"a:1:{i:0;i:8;}\",\"%_wpgmp_map_id%\":\"a:1:{i:0;i:21;}\",\"%_wpgmp_metabox_latitude%\":\"43.1993378\",\"%_wpgmp_metabox_longitude%\":\"2.14279411\",\"%_wpgmp_metabox_location_redirect%\":\"post\",\"%_wpgmp_metabox_custom_link%\":\"\",\"%_wpgmp_metabox_taxomomies_terms%\":\"N;\",\"%_wpgmp_extensions_fields%\":\"N;\",\"%_wpml_word_count%\":\"147\",\"%_thumbnail_id%\":\"263013\",\"%galerie_image_r%\":\"263013\",\"%_galerie_image_r%\":\"field_5f3bd339f8130\",\"%_elementor_page_assets%\":\"\",\"taxonomy=category\":\"Ev\\u00e9nements ponctuels\",\"taxonomy=post_tag\":\"\",\"taxonomy=post_format\":\"\",\"taxonomy=translation_priority\":\"Facultatif\"},\"icon\":\"https:\\\/\\\/collinescathares.com\\\/wp-content\\\/uploads\\\/2020\\\/07\\\/pointeur_vert.svg\"},\"id\":262020,\"custom_filters\":{\"type_r\":\"Visite guid\\u00e9e\",\"datetri_r\":\"1778803200\"},\"infowindow_disable\":false,\"categories\":[{\"icon\":\"https:\\\/\\\/collinescathares.com\\\/wp-content\\\/uploads\\\/2020\\\/07\\\/pointeur_vert.svg\",\"name\":\"Ev\\u00e9nements ponctuels\",\"id\":\"8\",\"type\":\"category\"}]},{\"source\":\"post\",\"title\":\"VISITE COMMENT\\u00c9E DE LA COLL\\u00c9GIALE SAINT-VINCENT \\u00c0 MONTR\\u00c9AL\",\"infowindow_content\":\"<div class=\\\"fc-main\\\"><div class=\\\"fc-item-title\\\">VISITE COMMENT\\u00c9E DE LA COLL\\u00c9GIALE SAINT-VINCENT \\u00c0 MONTR\\u00c9AL <span class=\\\"fc-badge info\\\">Ev\\u00e9nements ponctuels<\\\/span><\\\/div> <div class=\\\"fc-item-featured_image\\\"><div class=\\\"fc-feature-img\\\"><img alt=\\\"VISITE COMMENT\\u00c9E DE LA COLL\\u00c9GIALE SAINT-VINCENT \\u00c0 MONTR\\u00c9AL\\\" width=\\\"300\\\" height=\\\"225\\\" src=\\\"https:\\\/\\\/collinescathares.com\\\/wp-content\\\/uploads\\\/2026\\\/03\\\/VISITE-COMMENTEE-DE-LA-COLLEGIALE-SAINT-VINCENT-A-MONTREAL-3-300x225.jpg\\\" class=\\\"wp-post-image   wpgmp_featured_image\\\" ><\\\/div> <\\\/div>Pos\\u00e9e dans les hauteurs de Montr\\u00e9al d\\u2019Aude comme un phare au c\\u0153ur des collines riantes et des vignobles de la Malep\\u00e8re, la Coll\\u00e9giale Saint-Vincent marque les paysages alentour de ses \\u00e9tonnantes proportions. Dat\\u00e9 de la fin du XIIIe \\u2013 d\\u00e9but XIVe si\\u00e8cle, fortifi\\u00e9 durant les guerres de religion, embelli aux XVIIIe et XIXe si\\u00e8cles, ce [&hellip;]<address><b>Adresse : <\\\/b>{marker_address}<\\\/address><a class=\\\"fc-btn fc-btn-small fc-btn-red\\\" href=\\\"https:\\\/\\\/collinescathares.com\\\/es\\\/evenements-ponctuels\\\/visite-commentee-de-la-collegiale-saint-vincent-a-montreal-3\\\/\\\">En savoir plus<\\\/a><\\\/div>\",\"content\":\"Pos\\u00e9e dans les hauteurs de Montr\\u00e9al d\\u2019Aude comme un phare au c\\u0153ur des collines riantes et des vignobles de la Malep\\u00e8re, la Coll\\u00e9giale Saint-Vincent marque les paysages alentour de ses \\u00e9tonnantes proportions. Dat\\u00e9 de la fin du XIIIe \\u2013 d\\u00e9but XIVe si\\u00e8cle, fortifi\\u00e9 durant les guerres de religion, embelli aux XVIIIe et XIXe si\\u00e8cles, ce [&hellip;]\",\"address\":\"Place Saint-Vincent 11290 MONTREAL\",\"location\":{\"lat\":\"43.1993378\",\"city\":\"MONTREAL\",\"country\":\"France\",\"lng\":\"2.14279411\",\"onclick_action\":\"post\",\"redirect_permalink\":\"https:\\\/\\\/collinescathares.com\\\/es\\\/evenements-ponctuels\\\/visite-commentee-de-la-collegiale-saint-vincent-a-montreal-3\\\/\",\"zoom\":10,\"extra_fields\":{\"%date_evenement_r%\":\"09 Juillet 2026\",\"%date_evenement_fin_r%\":\"09 Juillet 2026\",\"post_excerpt\":\"Pos\\u00e9e dans les hauteurs de Montr\\u00e9al d\\u2019Aude comme un phare au c\\u0153ur des collines riantes et des vignobles de la Malep\\u00e8re, la Coll\\u00e9giale Saint-Vincent marque les paysages alentour de ses \\u00e9tonnantes proportions. Dat\\u00e9 de la fin du XIIIe \\u2013 d\\u00e9but XIVe si\\u00e8cle, fortifi\\u00e9 durant les guerres de religion, embelli aux XVIIIe et XIXe si\\u00e8cles, ce [&hellip;]\",\"post_content\":\"Pos\\u00e9e dans les hauteurs de Montr\\u00e9al d\\u2019Aude comme un phare au c\\u0153ur des collines riantes et des vignobles de la Malep\\u00e8re, la Coll\\u00e9giale Saint-Vincent marque les paysages alentour de ses \\u00e9tonnantes proportions. \\n\\nDat\\u00e9 de la fin du XIIIe \\u2013 d\\u00e9but XIVe si\\u00e8cle, fortifi\\u00e9 durant les guerres de religion, embelli aux XVIIIe et XIXe si\\u00e8cles, ce majestueux vaisseau de pierre conserve le souvenir des moments clefs de l\\u2019Histoire locale.\\n\\nVenez d\\u00e9couvrir cet \\u00e9difice lors d'une visite guid\\u00e9e !\\nRendez-vous sur le parvis de la coll\\u00e9giale (place Saint-Vincent) le jeudi 09 juillet \\u00e0 17h00. Votre guide, Armand Guitard, vous y attendra.\\n\\nVisite sur r\\u00e9servation : 04 68 24 75 45 \\\/ tourisme@ccplm.fr\\nParticipation au chapeau. Nombre de places limit\\u00e9.\\n\\u00c0 cette occasion, le livre d'Armand Guitard sur la coll\\u00e9giale sera propos\\u00e9 \\u00e0 la vente.\",\"post_title\":\"VISITE COMMENT\\u00c9E DE LA COLL\\u00c9GIALE SAINT-VINCENT \\u00c0 MONTR\\u00c9AL\",\"post_link\":\"https:\\\/\\\/collinescathares.com\\\/es\\\/evenements-ponctuels\\\/visite-commentee-de-la-collegiale-saint-vincent-a-montreal-3\\\/\",\"post_featured_image\":\"<div class=\\\"fc-feature-img\\\"><img alt=\\\"VISITE COMMENT\\u00c9E DE LA COLL\\u00c9GIALE SAINT-VINCENT \\u00c0 MONTR\\u00c9AL\\\" width=\\\"300\\\" height=\\\"225\\\" src=\\\"https:\\\/\\\/collinescathares.com\\\/wp-content\\\/uploads\\\/2026\\\/03\\\/VISITE-COMMENTEE-DE-LA-COLLEGIALE-SAINT-VINCENT-A-MONTREAL-3-300x225.jpg\\\" class=\\\"wp-post-image   wpgmp_featured_image\\\" ><\\\/div>\",\"post_categories\":\"Ev\\u00e9nements ponctuels\",\"post_tags\":\"\",\"%jupiterx_reading_time%\":\"1 minute\",\"%ville_r%\":\"MONTREAL\",\"%_ville_r%\":\"field_5efc3a17e12c5\",\"%cp_r%\":\"11290\",\"%_cp_r%\":\"field_5efc3a47e12ca\",\"%tarifs_r%\":\"\",\"%_tarifs_r%\":\"field_5efc3a22e12c6\",\"%adresse_r%\":\"Place Saint-Vincent\",\"%_adresse_r%\":\"field_5efc3a2ee12c7\",\"%carte_r%\":\"Place Saint-Vincent 11290 MONTREAL, 43.1993378, 2.14279411, 14\",\"%_carte_r%\":\"field_5efc4ed05494a\",\"%labels_r%\":\"\",\"%_labels_r%\":\"field_5f3a47134470d\",\"%handicap_r%\":\"\",\"%_handicap_r%\":\"field_5f3a471a4470e\",\"%offres_promotionnelles_r%\":\"\",\"%_offres_promotionnelles_r%\":\"field_5f3a472d4470f\",\"%telephone_r%\":\"+33 4 68 24 75 45\",\"%_telephone_r%\":\"field_5efc3a39e12c8\",\"%email_r%\":\"tourisme@ccplm.fr\",\"%_email_r%\":\"field_5efc3a40e12c9\",\"%idunique_r%\":\"FMALAR011V51A74I\",\"%_idunique_r%\":\"field_5f04335c562b3\",\"%site_r%\":\"https:\\\/\\\/collinescathares.com\\\/\",\"%_site_r%\":\"field_5efc4d652a106\",\"%_date_evenement_r%\":\"field_5f0348f37d5bd\",\"%_date_evenement_fin_r%\":\"field_5f3a4540d0781\",\"%horaires_evenement_r%\":\"17:00 \\\/ 18:30\",\"%_horaires_evenement_r%\":\"field_5f3a4550d0782\",\"%type_r%\":\"Visite guid\\u00e9e\",\"%_type_r%\":\"field_5f057b5365cd7\",\"%classification_r%\":\"\",\"%_classification_r%\":\"field_5f3a3af81a328\",\"%classement_prefectoral_r%\":\"\",\"%_classement_prefectoral_r%\":\"field_5f3a473444710\",\"%datetri_r%\":\"1783555200\",\"%_datetri_r%\":\"field_5f3a8a82002b1\",\"%langage_r%\":\"FR\",\"%_langage_r%\":\"field_5f3be5649f374\",\"%_wpgmp_location_address%\":\"Place Saint-Vincent 11290 MONTREAL\",\"%_wpgmp_location_city%\":\"MONTREAL\",\"%_wpgmp_location_state%\":\"\",\"%_wpgmp_location_country%\":\"France\",\"%_wpgmp_metabox_marker_id%\":\"a:1:{i:0;i:8;}\",\"%_wpgmp_map_id%\":\"a:1:{i:0;i:21;}\",\"%_wpgmp_metabox_latitude%\":\"43.1993378\",\"%_wpgmp_metabox_longitude%\":\"2.14279411\",\"%_wpgmp_metabox_location_redirect%\":\"post\",\"%_wpgmp_metabox_custom_link%\":\"\",\"%_wpgmp_metabox_taxomomies_terms%\":\"N;\",\"%_wpgmp_extensions_fields%\":\"N;\",\"%_wpml_word_count%\":\"147\",\"%_thumbnail_id%\":\"263016\",\"%galerie_image_r%\":\"263016\",\"%_galerie_image_r%\":\"field_5f3bd339f8130\",\"%_elementor_page_assets%\":\"\",\"taxonomy=category\":\"Ev\\u00e9nements ponctuels\",\"taxonomy=post_tag\":\"\",\"taxonomy=post_format\":\"\",\"taxonomy=translation_priority\":\"Facultatif\"},\"icon\":\"https:\\\/\\\/collinescathares.com\\\/wp-content\\\/uploads\\\/2020\\\/07\\\/pointeur_vert.svg\"},\"id\":262021,\"custom_filters\":{\"type_r\":\"Visite guid\\u00e9e\",\"datetri_r\":\"1783555200\"},\"infowindow_disable\":false,\"categories\":[{\"icon\":\"https:\\\/\\\/collinescathares.com\\\/wp-content\\\/uploads\\\/2020\\\/07\\\/pointeur_vert.svg\",\"name\":\"Ev\\u00e9nements ponctuels\",\"id\":\"8\",\"type\":\"category\"}]},{\"source\":\"post\",\"title\":\"VISITE COMMENT\\u00c9E DE LA COLL\\u00c9GIALE SAINT-VINCENT \\u00c0 MONTR\\u00c9AL\",\"infowindow_content\":\"<div class=\\\"fc-main\\\"><div class=\\\"fc-item-title\\\">VISITE COMMENT\\u00c9E DE LA COLL\\u00c9GIALE SAINT-VINCENT \\u00c0 MONTR\\u00c9AL <span class=\\\"fc-badge info\\\">Ev\\u00e9nements ponctuels<\\\/span><\\\/div> <div class=\\\"fc-item-featured_image\\\"><div class=\\\"fc-feature-img\\\"><img alt=\\\"VISITE COMMENT\\u00c9E DE LA COLL\\u00c9GIALE SAINT-VINCENT \\u00c0 MONTR\\u00c9AL\\\" width=\\\"300\\\" height=\\\"225\\\" src=\\\"https:\\\/\\\/collinescathares.com\\\/wp-content\\\/uploads\\\/2026\\\/03\\\/VISITE-COMMENTEE-DE-LA-COLLEGIALE-SAINT-VINCENT-A-MONTREAL-4-300x225.jpg\\\" class=\\\"wp-post-image   wpgmp_featured_image\\\" ><\\\/div> <\\\/div>Pos\\u00e9e dans les hauteurs de Montr\\u00e9al d\\u2019Aude comme un phare au c\\u0153ur des collines riantes et des vignobles de la Malep\\u00e8re, la Coll\\u00e9giale Saint-Vincent marque les paysages alentour de ses \\u00e9tonnantes proportions. Dat\\u00e9 de la fin du XIIIe \\u2013 d\\u00e9but XIVe si\\u00e8cle, fortifi\\u00e9 durant les guerres de religion, embelli aux XVIIIe et XIXe si\\u00e8cles, ce [&hellip;]<address><b>Adresse : <\\\/b>{marker_address}<\\\/address><a class=\\\"fc-btn fc-btn-small fc-btn-red\\\" href=\\\"https:\\\/\\\/collinescathares.com\\\/es\\\/evenements-ponctuels\\\/visite-commentee-de-la-collegiale-saint-vincent-a-montreal-4\\\/\\\">En savoir plus<\\\/a><\\\/div>\",\"content\":\"Pos\\u00e9e dans les hauteurs de Montr\\u00e9al d\\u2019Aude comme un phare au c\\u0153ur des collines riantes et des vignobles de la Malep\\u00e8re, la Coll\\u00e9giale Saint-Vincent marque les paysages alentour de ses \\u00e9tonnantes proportions. Dat\\u00e9 de la fin du XIIIe \\u2013 d\\u00e9but XIVe si\\u00e8cle, fortifi\\u00e9 durant les guerres de religion, embelli aux XVIIIe et XIXe si\\u00e8cles, ce [&hellip;]\",\"address\":\"Place Saint-Vincent 11290 MONTREAL\",\"location\":{\"lat\":\"43.1993378\",\"city\":\"MONTREAL\",\"country\":\"France\",\"lng\":\"2.14279411\",\"onclick_action\":\"post\",\"redirect_permalink\":\"https:\\\/\\\/collinescathares.com\\\/es\\\/evenements-ponctuels\\\/visite-commentee-de-la-collegiale-saint-vincent-a-montreal-4\\\/\",\"zoom\":10,\"extra_fields\":{\"%date_evenement_r%\":\"23 Juillet 2026\",\"%date_evenement_fin_r%\":\"23 Juillet 2026\",\"post_excerpt\":\"Pos\\u00e9e dans les hauteurs de Montr\\u00e9al d\\u2019Aude comme un phare au c\\u0153ur des collines riantes et des vignobles de la Malep\\u00e8re, la Coll\\u00e9giale Saint-Vincent marque les paysages alentour de ses \\u00e9tonnantes proportions. Dat\\u00e9 de la fin du XIIIe \\u2013 d\\u00e9but XIVe si\\u00e8cle, fortifi\\u00e9 durant les guerres de religion, embelli aux XVIIIe et XIXe si\\u00e8cles, ce [&hellip;]\",\"post_content\":\"Pos\\u00e9e dans les hauteurs de Montr\\u00e9al d\\u2019Aude comme un phare au c\\u0153ur des collines riantes et des vignobles de la Malep\\u00e8re, la Coll\\u00e9giale Saint-Vincent marque les paysages alentour de ses \\u00e9tonnantes proportions. \\n\\nDat\\u00e9 de la fin du XIIIe \\u2013 d\\u00e9but XIVe si\\u00e8cle, fortifi\\u00e9 durant les guerres de religion, embelli aux XVIIIe et XIXe si\\u00e8cles, ce majestueux vaisseau de pierre conserve le souvenir des moments clefs de l\\u2019Histoire locale.\\n\\nVenez d\\u00e9couvrir cet \\u00e9difice lors d'une visite guid\\u00e9e !\\nRendez-vous sur le parvis de la coll\\u00e9giale (place Saint-Vincent) le jeudi 23 juillet \\u00e0 17h00. Votre guide, Armand Guitard, vous y attendra.\\n\\nVisite sur r\\u00e9servation : 04 68 24 75 45 \\\/ tourisme@ccplm.fr\\nParticipation au chapeau. Nombre de places limit\\u00e9.\\n\\u00c0 cette occasion, le livre d'Armand Guitard sur la coll\\u00e9giale sera propos\\u00e9 \\u00e0 la vente.\",\"post_title\":\"VISITE COMMENT\\u00c9E DE LA COLL\\u00c9GIALE SAINT-VINCENT \\u00c0 MONTR\\u00c9AL\",\"post_link\":\"https:\\\/\\\/collinescathares.com\\\/es\\\/evenements-ponctuels\\\/visite-commentee-de-la-collegiale-saint-vincent-a-montreal-4\\\/\",\"post_featured_image\":\"<div class=\\\"fc-feature-img\\\"><img alt=\\\"VISITE COMMENT\\u00c9E DE LA COLL\\u00c9GIALE SAINT-VINCENT \\u00c0 MONTR\\u00c9AL\\\" width=\\\"300\\\" height=\\\"225\\\" src=\\\"https:\\\/\\\/collinescathares.com\\\/wp-content\\\/uploads\\\/2026\\\/03\\\/VISITE-COMMENTEE-DE-LA-COLLEGIALE-SAINT-VINCENT-A-MONTREAL-4-300x225.jpg\\\" class=\\\"wp-post-image   wpgmp_featured_image\\\" ><\\\/div>\",\"post_categories\":\"Ev\\u00e9nements ponctuels\",\"post_tags\":\"\",\"%jupiterx_reading_time%\":\"1 minute\",\"%ville_r%\":\"MONTREAL\",\"%_ville_r%\":\"field_5efc3a17e12c5\",\"%cp_r%\":\"11290\",\"%_cp_r%\":\"field_5efc3a47e12ca\",\"%tarifs_r%\":\"\",\"%_tarifs_r%\":\"field_5efc3a22e12c6\",\"%adresse_r%\":\"Place Saint-Vincent\",\"%_adresse_r%\":\"field_5efc3a2ee12c7\",\"%carte_r%\":\"Place Saint-Vincent 11290 MONTREAL, 43.1993378, 2.14279411, 14\",\"%_carte_r%\":\"field_5efc4ed05494a\",\"%labels_r%\":\"\",\"%_labels_r%\":\"field_5f3a47134470d\",\"%handicap_r%\":\"\",\"%_handicap_r%\":\"field_5f3a471a4470e\",\"%offres_promotionnelles_r%\":\"\",\"%_offres_promotionnelles_r%\":\"field_5f3a472d4470f\",\"%telephone_r%\":\"+33 4 68 24 75 45\",\"%_telephone_r%\":\"field_5efc3a39e12c8\",\"%email_r%\":\"tourisme@ccplm.fr\",\"%_email_r%\":\"field_5efc3a40e12c9\",\"%idunique_r%\":\"FMALAR011V51A74J\",\"%_idunique_r%\":\"field_5f04335c562b3\",\"%site_r%\":\"https:\\\/\\\/collinescathares.com\\\/\",\"%_site_r%\":\"field_5efc4d652a106\",\"%_date_evenement_r%\":\"field_5f0348f37d5bd\",\"%_date_evenement_fin_r%\":\"field_5f3a4540d0781\",\"%horaires_evenement_r%\":\"17:00 \\\/ 18:30\",\"%_horaires_evenement_r%\":\"field_5f3a4550d0782\",\"%type_r%\":\"Visite guid\\u00e9e\",\"%_type_r%\":\"field_5f057b5365cd7\",\"%classification_r%\":\"\",\"%_classification_r%\":\"field_5f3a3af81a328\",\"%classement_prefectoral_r%\":\"\",\"%_classement_prefectoral_r%\":\"field_5f3a473444710\",\"%datetri_r%\":\"1784764800\",\"%_datetri_r%\":\"field_5f3a8a82002b1\",\"%langage_r%\":\"FR\",\"%_langage_r%\":\"field_5f3be5649f374\",\"%_wpgmp_location_address%\":\"Place Saint-Vincent 11290 MONTREAL\",\"%_wpgmp_location_city%\":\"MONTREAL\",\"%_wpgmp_location_state%\":\"\",\"%_wpgmp_location_country%\":\"France\",\"%_wpgmp_metabox_marker_id%\":\"a:1:{i:0;i:8;}\",\"%_wpgmp_map_id%\":\"a:1:{i:0;i:21;}\",\"%_wpgmp_metabox_latitude%\":\"43.1993378\",\"%_wpgmp_metabox_longitude%\":\"2.14279411\",\"%_wpgmp_metabox_location_redirect%\":\"post\",\"%_wpgmp_metabox_custom_link%\":\"\",\"%_wpgmp_metabox_taxomomies_terms%\":\"N;\",\"%_wpgmp_extensions_fields%\":\"N;\",\"%_wpml_word_count%\":\"147\",\"%_thumbnail_id%\":\"263019\",\"%galerie_image_r%\":\"263019\",\"%_galerie_image_r%\":\"field_5f3bd339f8130\",\"%_elementor_page_assets%\":\"\",\"taxonomy=category\":\"Ev\\u00e9nements ponctuels\",\"taxonomy=post_tag\":\"\",\"taxonomy=post_format\":\"\",\"taxonomy=translation_priority\":\"Facultatif\"},\"icon\":\"https:\\\/\\\/collinescathares.com\\\/wp-content\\\/uploads\\\/2020\\\/07\\\/pointeur_vert.svg\"},\"id\":262022,\"custom_filters\":{\"type_r\":\"Visite guid\\u00e9e\",\"datetri_r\":\"1784764800\"},\"infowindow_disable\":false,\"categories\":[{\"icon\":\"https:\\\/\\\/collinescathares.com\\\/wp-content\\\/uploads\\\/2020\\\/07\\\/pointeur_vert.svg\",\"name\":\"Ev\\u00e9nements ponctuels\",\"id\":\"8\",\"type\":\"category\"}]},{\"source\":\"post\",\"title\":\"VISITE COMMENT\\u00c9E DE LA COLL\\u00c9GIALE SAINT-VINCENT \\u00c0 MONTR\\u00c9AL\",\"infowindow_content\":\"<div class=\\\"fc-main\\\"><div class=\\\"fc-item-title\\\">VISITE COMMENT\\u00c9E DE LA COLL\\u00c9GIALE SAINT-VINCENT \\u00c0 MONTR\\u00c9AL <span class=\\\"fc-badge info\\\">Ev\\u00e9nements ponctuels<\\\/span><\\\/div> <div class=\\\"fc-item-featured_image\\\"><div class=\\\"fc-feature-img\\\"><img alt=\\\"VISITE COMMENT\\u00c9E DE LA COLL\\u00c9GIALE SAINT-VINCENT \\u00c0 MONTR\\u00c9AL\\\" width=\\\"300\\\" height=\\\"225\\\" src=\\\"https:\\\/\\\/collinescathares.com\\\/wp-content\\\/uploads\\\/2026\\\/03\\\/VISITE-COMMENTEE-DE-LA-COLLEGIALE-SAINT-VINCENT-A-MONTREAL-5-300x225.jpg\\\" class=\\\"wp-post-image   wpgmp_featured_image\\\" ><\\\/div> <\\\/div>Pos\\u00e9e dans les hauteurs de Montr\\u00e9al d\\u2019Aude comme un phare au c\\u0153ur des collines riantes et des vignobles de la Malep\\u00e8re, la Coll\\u00e9giale Saint-Vincent marque les paysages alentour de ses \\u00e9tonnantes proportions. Dat\\u00e9 de la fin du XIIIe \\u2013 d\\u00e9but XIVe si\\u00e8cle, fortifi\\u00e9 durant les guerres de religion, embelli aux XVIIIe et XIXe si\\u00e8cles, ce [&hellip;]<address><b>Adresse : <\\\/b>{marker_address}<\\\/address><a class=\\\"fc-btn fc-btn-small fc-btn-red\\\" href=\\\"https:\\\/\\\/collinescathares.com\\\/es\\\/evenements-ponctuels\\\/visite-commentee-de-la-collegiale-saint-vincent-a-montreal-5\\\/\\\">En savoir plus<\\\/a><\\\/div>\",\"content\":\"Pos\\u00e9e dans les hauteurs de Montr\\u00e9al d\\u2019Aude comme un phare au c\\u0153ur des collines riantes et des vignobles de la Malep\\u00e8re, la Coll\\u00e9giale Saint-Vincent marque les paysages alentour de ses \\u00e9tonnantes proportions. Dat\\u00e9 de la fin du XIIIe \\u2013 d\\u00e9but XIVe si\\u00e8cle, fortifi\\u00e9 durant les guerres de religion, embelli aux XVIIIe et XIXe si\\u00e8cles, ce [&hellip;]\",\"address\":\"Place Saint-Vincent 11290 MONTREAL\",\"location\":{\"lat\":\"43.1993378\",\"city\":\"MONTREAL\",\"country\":\"France\",\"lng\":\"2.14279411\",\"onclick_action\":\"post\",\"redirect_permalink\":\"https:\\\/\\\/collinescathares.com\\\/es\\\/evenements-ponctuels\\\/visite-commentee-de-la-collegiale-saint-vincent-a-montreal-5\\\/\",\"zoom\":10,\"extra_fields\":{\"%date_evenement_r%\":\"06 Ao\\u00fbt 2026\",\"%date_evenement_fin_r%\":\"06 Ao\\u00fbt 2026\",\"post_excerpt\":\"Pos\\u00e9e dans les hauteurs de Montr\\u00e9al d\\u2019Aude comme un phare au c\\u0153ur des collines riantes et des vignobles de la Malep\\u00e8re, la Coll\\u00e9giale Saint-Vincent marque les paysages alentour de ses \\u00e9tonnantes proportions. Dat\\u00e9 de la fin du XIIIe \\u2013 d\\u00e9but XIVe si\\u00e8cle, fortifi\\u00e9 durant les guerres de religion, embelli aux XVIIIe et XIXe si\\u00e8cles, ce [&hellip;]\",\"post_content\":\"Pos\\u00e9e dans les hauteurs de Montr\\u00e9al d\\u2019Aude comme un phare au c\\u0153ur des collines riantes et des vignobles de la Malep\\u00e8re, la Coll\\u00e9giale Saint-Vincent marque les paysages alentour de ses \\u00e9tonnantes proportions. \\n\\nDat\\u00e9 de la fin du XIIIe \\u2013 d\\u00e9but XIVe si\\u00e8cle, fortifi\\u00e9 durant les guerres de religion, embelli aux XVIIIe et XIXe si\\u00e8cles, ce majestueux vaisseau de pierre conserve le souvenir des moments clefs de l\\u2019Histoire locale.\\n\\nVenez d\\u00e9couvrir cet \\u00e9difice lors d'une visite guid\\u00e9e !\\nRendez-vous sur le parvis de la coll\\u00e9giale (place Saint-Vincent) le jeudi 06 ao\\u00fbt \\u00e0 17h00. Votre guide, Armand Guitard, vous y attendra.\\n\\nVisite sur r\\u00e9servation : 04 68 24 75 45 \\\/ tourisme@ccplm.fr\\nParticipation au chapeau. Nombre de places limit\\u00e9.\\n\\u00c0 cette occasion, le livre d'Armand Guitard sur la coll\\u00e9giale sera propos\\u00e9 \\u00e0 la vente.\",\"post_title\":\"VISITE COMMENT\\u00c9E DE LA COLL\\u00c9GIALE SAINT-VINCENT \\u00c0 MONTR\\u00c9AL\",\"post_link\":\"https:\\\/\\\/collinescathares.com\\\/es\\\/evenements-ponctuels\\\/visite-commentee-de-la-collegiale-saint-vincent-a-montreal-5\\\/\",\"post_featured_image\":\"<div class=\\\"fc-feature-img\\\"><img alt=\\\"VISITE COMMENT\\u00c9E DE LA COLL\\u00c9GIALE SAINT-VINCENT \\u00c0 MONTR\\u00c9AL\\\" width=\\\"300\\\" height=\\\"225\\\" src=\\\"https:\\\/\\\/collinescathares.com\\\/wp-content\\\/uploads\\\/2026\\\/03\\\/VISITE-COMMENTEE-DE-LA-COLLEGIALE-SAINT-VINCENT-A-MONTREAL-5-300x225.jpg\\\" class=\\\"wp-post-image   wpgmp_featured_image\\\" ><\\\/div>\",\"post_categories\":\"Ev\\u00e9nements ponctuels\",\"post_tags\":\"\",\"%jupiterx_reading_time%\":\"1 minute\",\"%ville_r%\":\"MONTREAL\",\"%_ville_r%\":\"field_5efc3a17e12c5\",\"%cp_r%\":\"11290\",\"%_cp_r%\":\"field_5efc3a47e12ca\",\"%tarifs_r%\":\"\",\"%_tarifs_r%\":\"field_5efc3a22e12c6\",\"%adresse_r%\":\"Place Saint-Vincent\",\"%_adresse_r%\":\"field_5efc3a2ee12c7\",\"%carte_r%\":\"Place Saint-Vincent 11290 MONTREAL, 43.1993378, 2.14279411, 14\",\"%_carte_r%\":\"field_5efc4ed05494a\",\"%labels_r%\":\"\",\"%_labels_r%\":\"field_5f3a47134470d\",\"%handicap_r%\":\"\",\"%_handicap_r%\":\"field_5f3a471a4470e\",\"%offres_promotionnelles_r%\":\"\",\"%_offres_promotionnelles_r%\":\"field_5f3a472d4470f\",\"%telephone_r%\":\"+33 4 68 24 75 45\",\"%_telephone_r%\":\"field_5efc3a39e12c8\",\"%email_r%\":\"tourisme@ccplm.fr\",\"%_email_r%\":\"field_5efc3a40e12c9\",\"%idunique_r%\":\"FMALAR011V51A74K\",\"%_idunique_r%\":\"field_5f04335c562b3\",\"%site_r%\":\"https:\\\/\\\/collinescathares.com\\\/\",\"%_site_r%\":\"field_5efc4d652a106\",\"%_date_evenement_r%\":\"field_5f0348f37d5bd\",\"%_date_evenement_fin_r%\":\"field_5f3a4540d0781\",\"%horaires_evenement_r%\":\"17:00 \\\/ 18:30\",\"%_horaires_evenement_r%\":\"field_5f3a4550d0782\",\"%type_r%\":\"Visite guid\\u00e9e\",\"%_type_r%\":\"field_5f057b5365cd7\",\"%classification_r%\":\"\",\"%_classification_r%\":\"field_5f3a3af81a328\",\"%classement_prefectoral_r%\":\"\",\"%_classement_prefectoral_r%\":\"field_5f3a473444710\",\"%datetri_r%\":\"1785974400\",\"%_datetri_r%\":\"field_5f3a8a82002b1\",\"%langage_r%\":\"FR\",\"%_langage_r%\":\"field_5f3be5649f374\",\"%_wpgmp_location_address%\":\"Place Saint-Vincent 11290 MONTREAL\",\"%_wpgmp_location_city%\":\"MONTREAL\",\"%_wpgmp_location_state%\":\"\",\"%_wpgmp_location_country%\":\"France\",\"%_wpgmp_metabox_marker_id%\":\"a:1:{i:0;i:8;}\",\"%_wpgmp_map_id%\":\"a:1:{i:0;i:21;}\",\"%_wpgmp_metabox_latitude%\":\"43.1993378\",\"%_wpgmp_metabox_longitude%\":\"2.14279411\",\"%_wpgmp_metabox_location_redirect%\":\"post\",\"%_wpgmp_metabox_custom_link%\":\"\",\"%_wpgmp_metabox_taxomomies_terms%\":\"N;\",\"%_wpgmp_extensions_fields%\":\"N;\",\"%_wpml_word_count%\":\"147\",\"%_thumbnail_id%\":\"263022\",\"%galerie_image_r%\":\"263022\",\"%_galerie_image_r%\":\"field_5f3bd339f8130\",\"%_elementor_page_assets%\":\"\",\"taxonomy=category\":\"Ev\\u00e9nements ponctuels\",\"taxonomy=post_tag\":\"\",\"taxonomy=post_format\":\"\",\"taxonomy=translation_priority\":\"Facultatif\"},\"icon\":\"https:\\\/\\\/collinescathares.com\\\/wp-content\\\/uploads\\\/2020\\\/07\\\/pointeur_vert.svg\"},\"id\":262023,\"custom_filters\":{\"type_r\":\"Visite guid\\u00e9e\",\"datetri_r\":\"1785974400\"},\"infowindow_disable\":false,\"categories\":[{\"icon\":\"https:\\\/\\\/collinescathares.com\\\/wp-content\\\/uploads\\\/2020\\\/07\\\/pointeur_vert.svg\",\"name\":\"Ev\\u00e9nements ponctuels\",\"id\":\"8\",\"type\":\"category\"}]},{\"source\":\"post\",\"title\":\"ATELIER DE D\\u00c9GUSTATION OENOLOGIQUE &#8211; LE PARFUM DES ANTHOCYANES\",\"infowindow_content\":\"<div class=\\\"fc-main\\\"><div class=\\\"fc-item-title\\\">ATELIER DE D\\u00c9GUSTATION OENOLOGIQUE &#8211; LE PARFUM DES ANTHOCYANES <span class=\\\"fc-badge info\\\">Ev\\u00e9nements ponctuels<\\\/span><\\\/div> <div class=\\\"fc-item-featured_image\\\"><div class=\\\"fc-feature-img\\\"><img alt=\\\"ATELIER DE D\\u00c9GUSTATION OENOLOGIQUE &#8211; LE PARFUM DES ANTHOCYANES\\\" width=\\\"300\\\" height=\\\"225\\\" src=\\\"https:\\\/\\\/collinescathares.com\\\/wp-content\\\/uploads\\\/2025\\\/09\\\/atelier-36-300x225.jpg\\\" class=\\\"wp-post-image   wpgmp_featured_image\\\" ><\\\/div> <\\\/div>Venez d\\u00e9velopper vos comp\\u00e9tences \\u0153nologiques et passer un moment agr\\u00e9able au Domaine Le Fort \\u00e0 Montr\\u00e9al dans l\\u2019Aude, pr\\u00e8s de Carcassonne. 3h durant lesquelles vous affinerez vos sens, puis vous appliquerez notre m\\u00e9thode de d\\u00e9gustation sur 6 vins diff\\u00e9rents du Domaine. Cet atelier de d\\u00e9gustation de vin, limit\\u00e9 \\u00e0 10 personnes maximum, est anim\\u00e9 par [&hellip;]<address><b>Adresse : <\\\/b>{marker_address}<\\\/address><a class=\\\"fc-btn fc-btn-small fc-btn-red\\\" href=\\\"https:\\\/\\\/collinescathares.com\\\/es\\\/evenements-ponctuels\\\/atelier-de-degustation-oenologique-le-parfum-des-anthocyanes-3\\\/\\\">En savoir plus<\\\/a><\\\/div>\",\"content\":\"Venez d\\u00e9velopper vos comp\\u00e9tences \\u0153nologiques et passer un moment agr\\u00e9able au Domaine Le Fort \\u00e0 Montr\\u00e9al dans l\\u2019Aude, pr\\u00e8s de Carcassonne. 3h durant lesquelles vous affinerez vos sens, puis vous appliquerez notre m\\u00e9thode de d\\u00e9gustation sur 6 vins diff\\u00e9rents du Domaine. Cet atelier de d\\u00e9gustation de vin, limit\\u00e9 \\u00e0 10 personnes maximum, est anim\\u00e9 par [&hellip;]\",\"address\":\"Le Fort 11290 MONTREAL\",\"location\":{\"lat\":\"43.2006356\",\"city\":\"MONTREAL\",\"country\":\"France\",\"lng\":\"2.11135886\",\"onclick_action\":\"post\",\"redirect_permalink\":\"https:\\\/\\\/collinescathares.com\\\/es\\\/evenements-ponctuels\\\/atelier-de-degustation-oenologique-le-parfum-des-anthocyanes-3\\\/\",\"zoom\":10,\"extra_fields\":{\"%date_evenement_r%\":\"28 Juin 2026\",\"%date_evenement_fin_r%\":\"28 Juin 2026\",\"post_excerpt\":\"Venez d\\u00e9velopper vos comp\\u00e9tences \\u0153nologiques et passer un moment agr\\u00e9able au Domaine Le Fort \\u00e0 Montr\\u00e9al dans l\\u2019Aude, pr\\u00e8s de Carcassonne. 3h durant lesquelles vous affinerez vos sens, puis vous appliquerez notre m\\u00e9thode de d\\u00e9gustation sur 6 vins diff\\u00e9rents du Domaine. Cet atelier de d\\u00e9gustation de vin, limit\\u00e9 \\u00e0 10 personnes maximum, est anim\\u00e9 par [&hellip;]\",\"post_content\":\"Venez d\\u00e9velopper vos comp\\u00e9tences \\u0153nologiques et passer un moment agr\\u00e9able au Domaine Le Fort \\u00e0 Montr\\u00e9al dans l\\u2019Aude, pr\\u00e8s de Carcassonne.\\n\\n3h durant lesquelles vous affinerez vos sens, puis vous appliquerez notre m\\u00e9thode de d\\u00e9gustation sur 6 vins diff\\u00e9rents du Domaine.\\n\\nCet atelier de d\\u00e9gustation de vin, limit\\u00e9 \\u00e0 10 personnes maximum, est anim\\u00e9 par St\\u00e9phanie, \\u0153nologue et vigneronne depuis plus de 25 ans.\\n\\nTarifs D\\u00e9gressifs :\\nPour 1 personne : 70\\u20ac\\nEntre 2 et 4 personnes : 65\\u20ac par personne\\nEntre 5 et 9 personnes : 60\\u20ac par personne\\nPour 10 personnes : 55\\u20ac par personne\",\"post_title\":\"ATELIER DE D\\u00c9GUSTATION OENOLOGIQUE &#8211; LE PARFUM DES ANTHOCYANES\",\"post_link\":\"https:\\\/\\\/collinescathares.com\\\/es\\\/evenements-ponctuels\\\/atelier-de-degustation-oenologique-le-parfum-des-anthocyanes-3\\\/\",\"post_featured_image\":\"<div class=\\\"fc-feature-img\\\"><img alt=\\\"ATELIER DE D\\u00c9GUSTATION OENOLOGIQUE &#8211; LE PARFUM DES ANTHOCYANES\\\" width=\\\"300\\\" height=\\\"225\\\" src=\\\"https:\\\/\\\/collinescathares.com\\\/wp-content\\\/uploads\\\/2025\\\/09\\\/atelier-36-300x225.jpg\\\" class=\\\"wp-post-image   wpgmp_featured_image\\\" ><\\\/div>\",\"post_categories\":\"Ev\\u00e9nements ponctuels\",\"post_tags\":\"\",\"%jupiterx_reading_time%\":\"1 minute\",\"%_thumbnail_id%\":\"258814\",\"%ville_r%\":\"MONTREAL\",\"%_ville_r%\":\"field_5efc3a17e12c5\",\"%cp_r%\":\"11290\",\"%_cp_r%\":\"field_5efc3a47e12ca\",\"%tarifs_r%\":\"Plein tarif|70,00||\",\"%_tarifs_r%\":\"field_5efc3a22e12c6\",\"%adresse_r%\":\"Le Fort\",\"%_adresse_r%\":\"field_5efc3a2ee12c7\",\"%carte_r%\":\"Le Fort 11290 MONTREAL, 43.2006356, 2.11135886, 14\",\"%_carte_r%\":\"field_5efc4ed05494a\",\"%labels_r%\":\"\",\"%_labels_r%\":\"field_5f3a47134470d\",\"%handicap_r%\":\"\",\"%_handicap_r%\":\"field_5f3a471a4470e\",\"%offres_promotionnelles_r%\":\"\",\"%_offres_promotionnelles_r%\":\"field_5f3a472d4470f\",\"%telephone_r%\":\"\",\"%_telephone_r%\":\"field_5efc3a39e12c8\",\"%email_r%\":\"\",\"%_email_r%\":\"field_5efc3a40e12c9\",\"%idunique_r%\":\"FMALAR011V519DCO\",\"%_idunique_r%\":\"field_5f04335c562b3\",\"%site_r%\":\"https:\\\/\\\/leparfumdesanthocyanes.fr\\\/reserver-un-atelier\",\"%_site_r%\":\"field_5efc4d652a106\",\"%_date_evenement_r%\":\"field_5f0348f37d5bd\",\"%_date_evenement_fin_r%\":\"field_5f3a4540d0781\",\"%horaires_evenement_r%\":\"15:00 \\\/ 18:00\",\"%_horaires_evenement_r%\":\"field_5f3a4550d0782\",\"%type_r%\":\"Stage \\\/ Atelier\",\"%_type_r%\":\"field_5f057b5365cd7\",\"%classification_r%\":\"\",\"%_classification_r%\":\"field_5f3a3af81a328\",\"%classement_prefectoral_r%\":\"\",\"%_classement_prefectoral_r%\":\"field_5f3a473444710\",\"%datetri_r%\":\"1782604800\",\"%_datetri_r%\":\"field_5f3a8a82002b1\",\"%langage_r%\":\"FR\",\"%_langage_r%\":\"field_5f3be5649f374\",\"%_wpgmp_location_address%\":\"Le Fort 11290 MONTREAL\",\"%_wpgmp_location_city%\":\"MONTREAL\",\"%_wpgmp_location_state%\":\"\",\"%_wpgmp_location_country%\":\"France\",\"%_wpgmp_metabox_marker_id%\":\"a:1:{i:0;i:8;}\",\"%_wpgmp_map_id%\":\"a:1:{i:0;i:21;}\",\"%_wpgmp_metabox_latitude%\":\"43.2006356\",\"%_wpgmp_metabox_longitude%\":\"2.11135886\",\"%_wpgmp_metabox_location_redirect%\":\"post\",\"%_wpgmp_metabox_custom_link%\":\"\",\"%_wpgmp_metabox_taxomomies_terms%\":\"N;\",\"%_wpgmp_extensions_fields%\":\"N;\",\"%_wpml_word_count%\":\"107\",\"%galerie_image_r%\":\"258814, 258817\",\"%_galerie_image_r%\":\"field_5f3bd339f8130\",\"%_wp_old_slug%\":\"atelier-de-degustation-oenologique-le-parfum-des-anthocyanes-6\",\"%_elementor_page_assets%\":\"\",\"taxonomy=category\":\"Ev\\u00e9nements ponctuels\",\"taxonomy=post_tag\":\"\",\"taxonomy=post_format\":\"\",\"taxonomy=translation_priority\":\"Facultatif\"},\"icon\":\"https:\\\/\\\/collinescathares.com\\\/wp-content\\\/uploads\\\/2020\\\/07\\\/pointeur_vert.svg\"},\"id\":262008,\"custom_filters\":{\"type_r\":\"Stage \\\/ Atelier\",\"datetri_r\":\"1782604800\"},\"infowindow_disable\":false,\"categories\":[{\"icon\":\"https:\\\/\\\/collinescathares.com\\\/wp-content\\\/uploads\\\/2020\\\/07\\\/pointeur_vert.svg\",\"name\":\"Ev\\u00e9nements ponctuels\",\"id\":\"8\",\"type\":\"category\"}]},{\"source\":\"post\",\"title\":\"ATELIER DE D\\u00c9GUSTATION OENOLOGIQUE &#8211; LE PARFUM DES ANTHOCYANES\",\"infowindow_content\":\"<div class=\\\"fc-main\\\"><div class=\\\"fc-item-title\\\">ATELIER DE D\\u00c9GUSTATION OENOLOGIQUE &#8211; LE PARFUM DES ANTHOCYANES <span class=\\\"fc-badge info\\\">Ev\\u00e9nements ponctuels<\\\/span><\\\/div> <div class=\\\"fc-item-featured_image\\\"><div class=\\\"fc-feature-img\\\"><img alt=\\\"ATELIER DE D\\u00c9GUSTATION OENOLOGIQUE &#8211; LE PARFUM DES ANTHOCYANES\\\" width=\\\"300\\\" height=\\\"225\\\" src=\\\"https:\\\/\\\/collinescathares.com\\\/wp-content\\\/uploads\\\/2025\\\/09\\\/atelier-36-300x225.jpg\\\" class=\\\"wp-post-image   wpgmp_featured_image\\\" ><\\\/div> <\\\/div>Venez d\\u00e9velopper vos comp\\u00e9tences \\u0153nologiques et passer un moment agr\\u00e9able au Domaine Le Fort \\u00e0 Montr\\u00e9al dans l\\u2019Aude, pr\\u00e8s de Carcassonne. 3h durant lesquelles vous affinerez vos sens, puis vous appliquerez notre m\\u00e9thode de d\\u00e9gustation sur 6 vins diff\\u00e9rents du Domaine. Cet atelier de d\\u00e9gustation de vin, limit\\u00e9 \\u00e0 10 personnes maximum, est anim\\u00e9 par [&hellip;]<address><b>Adresse : <\\\/b>{marker_address}<\\\/address><a class=\\\"fc-btn fc-btn-small fc-btn-red\\\" href=\\\"https:\\\/\\\/collinescathares.com\\\/es\\\/evenements-ponctuels\\\/atelier-de-degustation-oenologique-le-parfum-des-anthocyanes-2\\\/\\\">En savoir plus<\\\/a><\\\/div>\",\"content\":\"Venez d\\u00e9velopper vos comp\\u00e9tences \\u0153nologiques et passer un moment agr\\u00e9able au Domaine Le Fort \\u00e0 Montr\\u00e9al dans l\\u2019Aude, pr\\u00e8s de Carcassonne. 3h durant lesquelles vous affinerez vos sens, puis vous appliquerez notre m\\u00e9thode de d\\u00e9gustation sur 6 vins diff\\u00e9rents du Domaine. Cet atelier de d\\u00e9gustation de vin, limit\\u00e9 \\u00e0 10 personnes maximum, est anim\\u00e9 par [&hellip;]\",\"address\":\"Le Fort 11290 MONTREAL\",\"location\":{\"lat\":\"43.2006356\",\"city\":\"MONTREAL\",\"country\":\"France\",\"lng\":\"2.11135886\",\"onclick_action\":\"post\",\"redirect_permalink\":\"https:\\\/\\\/collinescathares.com\\\/es\\\/evenements-ponctuels\\\/atelier-de-degustation-oenologique-le-parfum-des-anthocyanes-2\\\/\",\"zoom\":10,\"extra_fields\":{\"%date_evenement_r%\":\"31 Mai 2026\",\"%date_evenement_fin_r%\":\"31 Mai 2026\",\"post_excerpt\":\"Venez d\\u00e9velopper vos comp\\u00e9tences \\u0153nologiques et passer un moment agr\\u00e9able au Domaine Le Fort \\u00e0 Montr\\u00e9al dans l\\u2019Aude, pr\\u00e8s de Carcassonne. 3h durant lesquelles vous affinerez vos sens, puis vous appliquerez notre m\\u00e9thode de d\\u00e9gustation sur 6 vins diff\\u00e9rents du Domaine. Cet atelier de d\\u00e9gustation de vin, limit\\u00e9 \\u00e0 10 personnes maximum, est anim\\u00e9 par [&hellip;]\",\"post_content\":\"Venez d\\u00e9velopper vos comp\\u00e9tences \\u0153nologiques et passer un moment agr\\u00e9able au Domaine Le Fort \\u00e0 Montr\\u00e9al dans l\\u2019Aude, pr\\u00e8s de Carcassonne.\\n\\n3h durant lesquelles vous affinerez vos sens, puis vous appliquerez notre m\\u00e9thode de d\\u00e9gustation sur 6 vins diff\\u00e9rents du Domaine.\\n\\nCet atelier de d\\u00e9gustation de vin, limit\\u00e9 \\u00e0 10 personnes maximum, est anim\\u00e9 par St\\u00e9phanie, \\u0153nologue et vigneronne depuis plus de 25 ans.\\n\\nTarifs D\\u00e9gressifs :\\nPour 1 personne : 70\\u20ac\\nEntre 2 et 4 personnes : 65\\u20ac par personne\\nEntre 5 et 9 personnes : 60\\u20ac par personne\\nPour 10 personnes : 55\\u20ac par personne\",\"post_title\":\"ATELIER DE D\\u00c9GUSTATION OENOLOGIQUE &#8211; LE PARFUM DES ANTHOCYANES\",\"post_link\":\"https:\\\/\\\/collinescathares.com\\\/es\\\/evenements-ponctuels\\\/atelier-de-degustation-oenologique-le-parfum-des-anthocyanes-2\\\/\",\"post_featured_image\":\"<div class=\\\"fc-feature-img\\\"><img alt=\\\"ATELIER DE D\\u00c9GUSTATION OENOLOGIQUE &#8211; LE PARFUM DES ANTHOCYANES\\\" width=\\\"300\\\" height=\\\"225\\\" src=\\\"https:\\\/\\\/collinescathares.com\\\/wp-content\\\/uploads\\\/2025\\\/09\\\/atelier-36-300x225.jpg\\\" class=\\\"wp-post-image   wpgmp_featured_image\\\" ><\\\/div>\",\"post_categories\":\"Ev\\u00e9nements ponctuels\",\"post_tags\":\"\",\"%jupiterx_reading_time%\":\"1 minute\",\"%_thumbnail_id%\":\"258814\",\"%ville_r%\":\"MONTREAL\",\"%_ville_r%\":\"field_5efc3a17e12c5\",\"%cp_r%\":\"11290\",\"%_cp_r%\":\"field_5efc3a47e12ca\",\"%tarifs_r%\":\"Plein tarif|70,00||\",\"%_tarifs_r%\":\"field_5efc3a22e12c6\",\"%adresse_r%\":\"Le Fort\",\"%_adresse_r%\":\"field_5efc3a2ee12c7\",\"%carte_r%\":\"Le Fort 11290 MONTREAL, 43.2006356, 2.11135886, 14\",\"%_carte_r%\":\"field_5efc4ed05494a\",\"%labels_r%\":\"\",\"%_labels_r%\":\"field_5f3a47134470d\",\"%handicap_r%\":\"\",\"%_handicap_r%\":\"field_5f3a471a4470e\",\"%offres_promotionnelles_r%\":\"\",\"%_offres_promotionnelles_r%\":\"field_5f3a472d4470f\",\"%telephone_r%\":\"\",\"%_telephone_r%\":\"field_5efc3a39e12c8\",\"%email_r%\":\"\",\"%_email_r%\":\"field_5efc3a40e12c9\",\"%idunique_r%\":\"FMALAR011V519DCN\",\"%_idunique_r%\":\"field_5f04335c562b3\",\"%site_r%\":\"https:\\\/\\\/leparfumdesanthocyanes.fr\\\/reserver-un-atelier\",\"%_site_r%\":\"field_5efc4d652a106\",\"%_date_evenement_r%\":\"field_5f0348f37d5bd\",\"%_date_evenement_fin_r%\":\"field_5f3a4540d0781\",\"%horaires_evenement_r%\":\"15:00 \\\/ 18:00\",\"%_horaires_evenement_r%\":\"field_5f3a4550d0782\",\"%type_r%\":\"Stage \\\/ Atelier\",\"%_type_r%\":\"field_5f057b5365cd7\",\"%classification_r%\":\"\",\"%_classification_r%\":\"field_5f3a3af81a328\",\"%classement_prefectoral_r%\":\"\",\"%_classement_prefectoral_r%\":\"field_5f3a473444710\",\"%datetri_r%\":\"1780185600\",\"%_datetri_r%\":\"field_5f3a8a82002b1\",\"%langage_r%\":\"FR\",\"%_langage_r%\":\"field_5f3be5649f374\",\"%_wpgmp_location_address%\":\"Le Fort 11290 MONTREAL\",\"%_wpgmp_location_city%\":\"MONTREAL\",\"%_wpgmp_location_state%\":\"\",\"%_wpgmp_location_country%\":\"France\",\"%_wpgmp_metabox_marker_id%\":\"a:1:{i:0;i:8;}\",\"%_wpgmp_map_id%\":\"a:1:{i:0;i:21;}\",\"%_wpgmp_metabox_latitude%\":\"43.2006356\",\"%_wpgmp_metabox_longitude%\":\"2.11135886\",\"%_wpgmp_metabox_location_redirect%\":\"post\",\"%_wpgmp_metabox_custom_link%\":\"\",\"%_wpgmp_metabox_taxomomies_terms%\":\"N;\",\"%_wpgmp_extensions_fields%\":\"N;\",\"%_wpml_word_count%\":\"107\",\"%galerie_image_r%\":\"258814, 258817\",\"%_galerie_image_r%\":\"field_5f3bd339f8130\",\"%_wp_old_slug%\":\"atelier-de-degustation-oenologique-le-parfum-des-anthocyanes-5\",\"%_elementor_page_assets%\":\"\",\"taxonomy=category\":\"Ev\\u00e9nements ponctuels\",\"taxonomy=post_tag\":\"\",\"taxonomy=post_format\":\"\",\"taxonomy=translation_priority\":\"Facultatif\"},\"icon\":\"https:\\\/\\\/collinescathares.com\\\/wp-content\\\/uploads\\\/2020\\\/07\\\/pointeur_vert.svg\"},\"id\":262007,\"custom_filters\":{\"type_r\":\"Stage \\\/ Atelier\",\"datetri_r\":\"1780185600\"},\"infowindow_disable\":false,\"categories\":[{\"icon\":\"https:\\\/\\\/collinescathares.com\\\/wp-content\\\/uploads\\\/2020\\\/07\\\/pointeur_vert.svg\",\"name\":\"Ev\\u00e9nements ponctuels\",\"id\":\"8\",\"type\":\"category\"}]},{\"source\":\"post\",\"title\":\"LOTO\",\"infowindow_content\":\"<div class=\\\"fc-main\\\"><div class=\\\"fc-item-title\\\">LOTO <span class=\\\"fc-badge info\\\">Ev\\u00e9nements ponctuels<\\\/span><\\\/div> <div class=\\\"fc-item-featured_image\\\"><div class=\\\"fc-feature-img\\\"><img alt=\\\"LOTO\\\" width=\\\"300\\\" height=\\\"225\\\" src=\\\"https:\\\/\\\/collinescathares.com\\\/wp-content\\\/uploads\\\/2026\\\/02\\\/LOTO-348-300x225.jpg\\\" class=\\\"wp-post-image   wpgmp_featured_image\\\" ><\\\/div> <\\\/div>Le comit\\u00e9 des f\\u00eates de Fanjeaux organise son loto, le samedi 7 f\\u00e9vrier \\u00e0 20h30 \\u00e0 la salle polyvalente. Venez passer une soir\\u00e9e conviviale et tenter votre chance pour gagner de nombreux lots. 8\\u20ac la plaque de 3 cartons 20\\u20ac les 3 plaques Buvette et gourmandises sur place. Nous vous attendons nombreux pour partager un [&hellip;]<address><b>Adresse : <\\\/b>{marker_address}<\\\/address><a class=\\\"fc-btn fc-btn-small fc-btn-red\\\" href=\\\"https:\\\/\\\/collinescathares.com\\\/es\\\/evenements-ponctuels\\\/loto-2\\\/\\\">En savoir plus<\\\/a><\\\/div>\",\"content\":\"Le comit\\u00e9 des f\\u00eates de Fanjeaux organise son loto, le samedi 7 f\\u00e9vrier \\u00e0 20h30 \\u00e0 la salle polyvalente. Venez passer une soir\\u00e9e conviviale et tenter votre chance pour gagner de nombreux lots. 8\\u20ac la plaque de 3 cartons 20\\u20ac les 3 plaques Buvette et gourmandises sur place. Nous vous attendons nombreux pour partager un [&hellip;]\",\"address\":\"place du march\\u00e9 11270 FANJEAUX\",\"location\":{\"lat\":\"43.1877088\",\"city\":\"FANJEAUX\",\"country\":\"France\",\"lng\":\"2.03330171\",\"onclick_action\":\"post\",\"redirect_permalink\":\"https:\\\/\\\/collinescathares.com\\\/es\\\/evenements-ponctuels\\\/loto-2\\\/\",\"zoom\":10,\"extra_fields\":{\"%date_evenement_r%\":\"07 F\\u00e9vrier 2026\",\"%date_evenement_fin_r%\":\"07 F\\u00e9vrier 2026\",\"post_excerpt\":\"Le comit\\u00e9 des f\\u00eates de Fanjeaux organise son loto, le samedi 7 f\\u00e9vrier \\u00e0 20h30 \\u00e0 la salle polyvalente. Venez passer une soir\\u00e9e conviviale et tenter votre chance pour gagner de nombreux lots. 8\\u20ac la plaque de 3 cartons 20\\u20ac les 3 plaques Buvette et gourmandises sur place. Nous vous attendons nombreux pour partager un [&hellip;]\",\"post_content\":\"Le comit\\u00e9 des f\\u00eates de Fanjeaux organise son loto, le samedi 7 f\\u00e9vrier \\u00e0 20h30 \\u00e0 la salle polyvalente.\\nVenez passer une soir\\u00e9e conviviale et tenter votre chance pour gagner de nombreux lots.\\n8\\u20ac la plaque de 3 cartons\\n20\\u20ac les 3 plaques\\nBuvette et gourmandises sur place.\\nNous vous attendons nombreux pour partager un bon moment en famille ou entre amis.\",\"post_title\":\"LOTO\",\"post_link\":\"https:\\\/\\\/collinescathares.com\\\/es\\\/evenements-ponctuels\\\/loto-2\\\/\",\"post_featured_image\":\"<div class=\\\"fc-feature-img\\\"><img alt=\\\"LOTO\\\" width=\\\"300\\\" height=\\\"225\\\" src=\\\"https:\\\/\\\/collinescathares.com\\\/wp-content\\\/uploads\\\/2026\\\/02\\\/LOTO-348-300x225.jpg\\\" class=\\\"wp-post-image   wpgmp_featured_image\\\" ><\\\/div>\",\"post_categories\":\"Ev\\u00e9nements ponctuels\",\"post_tags\":\"\",\"%_encloseme%\":\"1\",\"%_thumbnail_id%\":\"261779\",\"%ville_r%\":\"FANJEAUX\",\"%_ville_r%\":\"field_5efc3a17e12c5\",\"%cp_r%\":\"11270\",\"%_cp_r%\":\"field_5efc3a47e12ca\",\"%tarifs_r%\":\"\",\"%_tarifs_r%\":\"field_5efc3a22e12c6\",\"%adresse_r%\":\"place du march\\u00e9\",\"%_adresse_r%\":\"field_5efc3a2ee12c7\",\"%carte_r%\":\"place du march\\u00e9 11270 FANJEAUX, 43.1877088, 2.03330171, 14\",\"%_carte_r%\":\"field_5efc4ed05494a\",\"%labels_r%\":\"\",\"%_labels_r%\":\"field_5f3a47134470d\",\"%handicap_r%\":\"\",\"%_handicap_r%\":\"field_5f3a471a4470e\",\"%offres_promotionnelles_r%\":\"\",\"%_offres_promotionnelles_r%\":\"field_5f3a472d4470f\",\"%telephone_r%\":\"\",\"%_telephone_r%\":\"field_5efc3a39e12c8\",\"%email_r%\":\"\",\"%_email_r%\":\"field_5efc3a40e12c9\",\"%idunique_r%\":\"FMALAR011V51A8R9\",\"%_idunique_r%\":\"field_5f04335c562b3\",\"%site_r%\":\"\",\"%_site_r%\":\"field_5efc4d652a106\",\"%_date_evenement_r%\":\"field_5f0348f37d5bd\",\"%_date_evenement_fin_r%\":\"field_5f3a4540d0781\",\"%horaires_evenement_r%\":\"20:30 \\\/ 23:00\",\"%_horaires_evenement_r%\":\"field_5f3a4550d0782\",\"%type_r%\":\"Jeu, concours\",\"%_type_r%\":\"field_5f057b5365cd7\",\"%classification_r%\":\"\",\"%_classification_r%\":\"field_5f3a3af81a328\",\"%classement_prefectoral_r%\":\"\",\"%_classement_prefectoral_r%\":\"field_5f3a473444710\",\"%datetri_r%\":\"1770422400\",\"%_datetri_r%\":\"field_5f3a8a82002b1\",\"%langage_r%\":\"FR\",\"%_langage_r%\":\"field_5f3be5649f374\",\"%_wpgmp_location_address%\":\"place du march\\u00e9 11270 FANJEAUX\",\"%_wpgmp_location_city%\":\"FANJEAUX\",\"%_wpgmp_location_state%\":\"\",\"%_wpgmp_location_country%\":\"France\",\"%_wpgmp_metabox_marker_id%\":\"a:1:{i:0;i:8;}\",\"%_wpgmp_map_id%\":\"a:1:{i:0;i:21;}\",\"%_wpgmp_metabox_latitude%\":\"43.1877088\",\"%_wpgmp_metabox_longitude%\":\"2.03330171\",\"%_wpgmp_metabox_location_redirect%\":\"post\",\"%_wpgmp_metabox_custom_link%\":\"\",\"%_wpgmp_metabox_taxomomies_terms%\":\"N;\",\"%_wpgmp_extensions_fields%\":\"N;\",\"%_wpml_word_count%\":\"59\",\"%_elementor_page_assets%\":\"\",\"taxonomy=category\":\"Ev\\u00e9nements ponctuels\",\"taxonomy=post_tag\":\"\",\"taxonomy=post_format\":\"\",\"taxonomy=translation_priority\":\"Opcional\"},\"icon\":\"https:\\\/\\\/collinescathares.com\\\/wp-content\\\/uploads\\\/2020\\\/07\\\/pointeur_vert.svg\"},\"id\":261782,\"custom_filters\":{\"type_r\":\"Jeu, concours\",\"datetri_r\":\"1770422400\"},\"infowindow_disable\":false,\"categories\":[{\"icon\":\"https:\\\/\\\/collinescathares.com\\\/wp-content\\\/uploads\\\/2020\\\/07\\\/pointeur_vert.svg\",\"name\":\"Ev\\u00e9nements ponctuels\",\"id\":\"8\",\"type\":\"category\"}]},{\"source\":\"post\",\"title\":\"SC\\u00c8NES D&#8217;ENFANCE &#8211; CARTON\",\"infowindow_content\":\"<div class=\\\"fc-main\\\"><div class=\\\"fc-item-title\\\">SC\\u00c8NES D&#8217;ENFANCE &#8211; CARTON <span class=\\\"fc-badge info\\\">Ev\\u00e9nements ponctuels<\\\/span><\\\/div> <div class=\\\"fc-item-featured_image\\\"><div class=\\\"fc-feature-img\\\"><img alt=\\\"SC\\u00c8NES D&#8217;ENFANCE &#8211; CARTON\\\" width=\\\"300\\\" height=\\\"225\\\" src=\\\"https:\\\/\\\/collinescathares.com\\\/wp-content\\\/uploads\\\/2026\\\/02\\\/scenes-d-enfance-10-300x225.jpg\\\" class=\\\"wp-post-image   wpgmp_featured_image\\\" ><\\\/div> <\\\/div>Une grande cabane, fabrique \\u00e0 id\\u00e9es pas vraies, mais tellement vraies. Une fabrique \\u00e0 id\\u00e9es souvent un peu folles, parfois po\\u00e9tiques et un peu dr\\u00f4les aussi. Dans notre cabane, il y aura tout ce qu&#8217;il faut, c&#8217;est-\\u00e0-dire trois fois rien : ciseaux, papier, carton, crayons et une guitare pour fabriquer nos r\\u00eaves ou nos id\\u00e9es [&hellip;]<address><b>Adresse : <\\\/b>{marker_address}<\\\/address><a class=\\\"fc-btn fc-btn-small fc-btn-red\\\" href=\\\"https:\\\/\\\/collinescathares.com\\\/es\\\/evenements-ponctuels\\\/scenes-denfance-carton-5\\\/\\\">En savoir plus<\\\/a><\\\/div>\",\"content\":\"Une grande cabane, fabrique \\u00e0 id\\u00e9es pas vraies, mais tellement vraies. Une fabrique \\u00e0 id\\u00e9es souvent un peu folles, parfois po\\u00e9tiques et un peu dr\\u00f4les aussi. Dans notre cabane, il y aura tout ce qu&#8217;il faut, c&#8217;est-\\u00e0-dire trois fois rien : ciseaux, papier, carton, crayons et une guitare pour fabriquer nos r\\u00eaves ou nos id\\u00e9es [&hellip;]\",\"address\":\"1 Avenue Georges Clemenceau 11150 BRAM\",\"location\":{\"lat\":\"43.2402343\",\"city\":\"BRAM\",\"country\":\"France\",\"lng\":\"2.1095976\",\"onclick_action\":\"post\",\"redirect_permalink\":\"https:\\\/\\\/collinescathares.com\\\/es\\\/evenements-ponctuels\\\/scenes-denfance-carton-5\\\/\",\"zoom\":10,\"extra_fields\":{\"%date_evenement_r%\":\"22 Mars 2026\",\"%date_evenement_fin_r%\":\"22 Mars 2026\",\"post_excerpt\":\"Une grande cabane, fabrique \\u00e0 id\\u00e9es pas vraies, mais tellement vraies. Une fabrique \\u00e0 id\\u00e9es souvent un peu folles, parfois po\\u00e9tiques et un peu dr\\u00f4les aussi. Dans notre cabane, il y aura tout ce qu&#8217;il faut, c&#8217;est-\\u00e0-dire trois fois rien : ciseaux, papier, carton, crayons et une guitare pour fabriquer nos r\\u00eaves ou nos id\\u00e9es [&hellip;]\",\"post_content\":\"Une grande cabane, fabrique \\u00e0 id\\u00e9es pas vraies, mais tellement vraies. Une fabrique \\u00e0 id\\u00e9es souvent un peu folles, parfois po\\u00e9tiques et un peu dr\\u00f4les aussi.\\nDans notre cabane, il y aura tout ce qu'il faut, c'est-\\u00e0-dire trois fois rien : ciseaux, papier, carton, crayons et une guitare pour fabriquer nos r\\u00eaves ou nos id\\u00e9es les plus tordues. \\nR\\u00e9servation obligatoire. D\\u00e8s 3 ans.\",\"post_title\":\"SC\\u00c8NES D&#8217;ENFANCE &#8211; CARTON\",\"post_link\":\"https:\\\/\\\/collinescathares.com\\\/es\\\/evenements-ponctuels\\\/scenes-denfance-carton-5\\\/\",\"post_featured_image\":\"<div class=\\\"fc-feature-img\\\"><img alt=\\\"SC\\u00c8NES D&#8217;ENFANCE &#8211; CARTON\\\" width=\\\"300\\\" height=\\\"225\\\" src=\\\"https:\\\/\\\/collinescathares.com\\\/wp-content\\\/uploads\\\/2026\\\/02\\\/scenes-d-enfance-10-300x225.jpg\\\" class=\\\"wp-post-image   wpgmp_featured_image\\\" ><\\\/div>\",\"post_categories\":\"Ev\\u00e9nements ponctuels\",\"post_tags\":\"\",\"%_encloseme%\":\"1\",\"%_thumbnail_id%\":\"261750\",\"%ville_r%\":\"BRAM\",\"%_ville_r%\":\"field_5efc3a17e12c5\",\"%cp_r%\":\"11150\",\"%_cp_r%\":\"field_5efc3a47e12ca\",\"%tarifs_r%\":\"\",\"%_tarifs_r%\":\"field_5efc3a22e12c6\",\"%adresse_r%\":\"1 Avenue Georges Clemenceau\",\"%_adresse_r%\":\"field_5efc3a2ee12c7\",\"%carte_r%\":\"1 Avenue Georges Clemenceau 11150 BRAM, 43.2402343, 2.1095976, 14\",\"%_carte_r%\":\"field_5efc4ed05494a\",\"%labels_r%\":\"\",\"%_labels_r%\":\"field_5f3a47134470d\",\"%handicap_r%\":\"\",\"%_handicap_r%\":\"field_5f3a471a4470e\",\"%offres_promotionnelles_r%\":\"\",\"%_offres_promotionnelles_r%\":\"field_5f3a472d4470f\",\"%telephone_r%\":\"+33 4 68 76 50 07\",\"%_telephone_r%\":\"field_5efc3a39e12c8\",\"%email_r%\":\"\",\"%_email_r%\":\"field_5efc3a40e12c9\",\"%idunique_r%\":\"FMALAR011V51A8Q2\",\"%_idunique_r%\":\"field_5f04335c562b3\",\"%site_r%\":\"\",\"%_site_r%\":\"field_5efc4d652a106\",\"%_date_evenement_r%\":\"field_5f0348f37d5bd\",\"%_date_evenement_fin_r%\":\"field_5f3a4540d0781\",\"%horaires_evenement_r%\":\"17:00\",\"%_horaires_evenement_r%\":\"field_5f3a4550d0782\",\"%type_r%\":\"Spectacle\",\"%_type_r%\":\"field_5f057b5365cd7\",\"%classification_r%\":\"\",\"%_classification_r%\":\"field_5f3a3af81a328\",\"%classement_prefectoral_r%\":\"\",\"%_classement_prefectoral_r%\":\"field_5f3a473444710\",\"%datetri_r%\":\"1774137600\",\"%_datetri_r%\":\"field_5f3a8a82002b1\",\"%langage_r%\":\"FR\",\"%_langage_r%\":\"field_5f3be5649f374\",\"%_wpgmp_location_address%\":\"1 Avenue Georges Clemenceau 11150 BRAM\",\"%_wpgmp_location_city%\":\"BRAM\",\"%_wpgmp_location_state%\":\"\",\"%_wpgmp_location_country%\":\"France\",\"%_wpgmp_metabox_marker_id%\":\"a:1:{i:0;i:8;}\",\"%_wpgmp_map_id%\":\"a:1:{i:0;i:21;}\",\"%_wpgmp_metabox_latitude%\":\"43.2402343\",\"%_wpgmp_metabox_longitude%\":\"2.1095976\",\"%_wpgmp_metabox_location_redirect%\":\"post\",\"%_wpgmp_metabox_custom_link%\":\"\",\"%_wpgmp_metabox_taxomomies_terms%\":\"N;\",\"%_wpgmp_extensions_fields%\":\"N;\",\"%_wpml_word_count%\":\"69\",\"taxonomy=category\":\"Ev\\u00e9nements ponctuels\",\"taxonomy=post_tag\":\"\",\"taxonomy=post_format\":\"\",\"taxonomy=translation_priority\":\"Opcional\"},\"icon\":\"https:\\\/\\\/collinescathares.com\\\/wp-content\\\/uploads\\\/2020\\\/07\\\/pointeur_vert.svg\"},\"id\":261778,\"custom_filters\":{\"type_r\":\"Spectacle\",\"datetri_r\":\"1774137600\"},\"infowindow_disable\":false,\"categories\":[{\"icon\":\"https:\\\/\\\/collinescathares.com\\\/wp-content\\\/uploads\\\/2020\\\/07\\\/pointeur_vert.svg\",\"name\":\"Ev\\u00e9nements ponctuels\",\"id\":\"8\",\"type\":\"category\"}]},{\"source\":\"post\",\"title\":\"SC\\u00c8NES D&#8217;ENFANCE &#8211; CARTON\",\"infowindow_content\":\"<div class=\\\"fc-main\\\"><div class=\\\"fc-item-title\\\">SC\\u00c8NES D&#8217;ENFANCE &#8211; CARTON <span class=\\\"fc-badge info\\\">Ev\\u00e9nements ponctuels<\\\/span><\\\/div> <div class=\\\"fc-item-featured_image\\\"><div class=\\\"fc-feature-img\\\"><img alt=\\\"SC\\u00c8NES D&#8217;ENFANCE &#8211; CARTON\\\" width=\\\"300\\\" height=\\\"225\\\" src=\\\"https:\\\/\\\/collinescathares.com\\\/wp-content\\\/uploads\\\/2026\\\/02\\\/scenes-d-enfance-10-300x225.jpg\\\" class=\\\"wp-post-image   wpgmp_featured_image\\\" ><\\\/div> <\\\/div>Une grande cabane, fabrique \\u00e0 id\\u00e9es pas vraies, mais tellement vraies. Une fabrique \\u00e0 id\\u00e9es souvent un peu folles, parfois po\\u00e9tiques et un peu dr\\u00f4les aussi. Dans notre cabane, il y aura tout ce qu&#8217;il faut, c&#8217;est-\\u00e0-dire trois fois rien : ciseaux, papier, carton, crayons et une guitare pour fabriquer nos r\\u00eaves ou nos id\\u00e9es [&hellip;]<address><b>Adresse : <\\\/b>{marker_address}<\\\/address><a class=\\\"fc-btn fc-btn-small fc-btn-red\\\" href=\\\"https:\\\/\\\/collinescathares.com\\\/es\\\/evenements-ponctuels\\\/scenes-denfance-carton-4\\\/\\\">En savoir plus<\\\/a><\\\/div>\",\"content\":\"Une grande cabane, fabrique \\u00e0 id\\u00e9es pas vraies, mais tellement vraies. Une fabrique \\u00e0 id\\u00e9es souvent un peu folles, parfois po\\u00e9tiques et un peu dr\\u00f4les aussi. Dans notre cabane, il y aura tout ce qu&#8217;il faut, c&#8217;est-\\u00e0-dire trois fois rien : ciseaux, papier, carton, crayons et une guitare pour fabriquer nos r\\u00eaves ou nos id\\u00e9es [&hellip;]\",\"address\":\"42 Rue du Barry 11150 VILLASAVARY\",\"location\":{\"lat\":\"43.2198063\",\"city\":\"VILLASAVARY\",\"country\":\"France\",\"lng\":\"2.0397171\",\"onclick_action\":\"post\",\"redirect_permalink\":\"https:\\\/\\\/collinescathares.com\\\/es\\\/evenements-ponctuels\\\/scenes-denfance-carton-4\\\/\",\"zoom\":10,\"extra_fields\":{\"%date_evenement_r%\":\"20 Mars 2026\",\"%date_evenement_fin_r%\":\"20 Mars 2026\",\"post_excerpt\":\"Une grande cabane, fabrique \\u00e0 id\\u00e9es pas vraies, mais tellement vraies. Une fabrique \\u00e0 id\\u00e9es souvent un peu folles, parfois po\\u00e9tiques et un peu dr\\u00f4les aussi. Dans notre cabane, il y aura tout ce qu&#8217;il faut, c&#8217;est-\\u00e0-dire trois fois rien : ciseaux, papier, carton, crayons et une guitare pour fabriquer nos r\\u00eaves ou nos id\\u00e9es [&hellip;]\",\"post_content\":\"Une grande cabane, fabrique \\u00e0 id\\u00e9es pas vraies, mais tellement vraies. Une fabrique \\u00e0 id\\u00e9es souvent un peu folles, parfois po\\u00e9tiques et un peu dr\\u00f4les aussi.\\nDans notre cabane, il y aura tout ce qu'il faut, c'est-\\u00e0-dire trois fois rien : ciseaux, papier, carton, crayons et une guitare pour fabriquer nos r\\u00eaves ou nos id\\u00e9es les plus tordues. \\nR\\u00e9servation obligatoire. D\\u00e8s 3 ans.\",\"post_title\":\"SC\\u00c8NES D&#8217;ENFANCE &#8211; CARTON\",\"post_link\":\"https:\\\/\\\/collinescathares.com\\\/es\\\/evenements-ponctuels\\\/scenes-denfance-carton-4\\\/\",\"post_featured_image\":\"<div class=\\\"fc-feature-img\\\"><img alt=\\\"SC\\u00c8NES D&#8217;ENFANCE &#8211; CARTON\\\" width=\\\"300\\\" height=\\\"225\\\" src=\\\"https:\\\/\\\/collinescathares.com\\\/wp-content\\\/uploads\\\/2026\\\/02\\\/scenes-d-enfance-10-300x225.jpg\\\" class=\\\"wp-post-image   wpgmp_featured_image\\\" ><\\\/div>\",\"post_categories\":\"Ev\\u00e9nements ponctuels\",\"post_tags\":\"\",\"%_encloseme%\":\"1\",\"%_thumbnail_id%\":\"261750\",\"%ville_r%\":\"VILLASAVARY\",\"%_ville_r%\":\"field_5efc3a17e12c5\",\"%cp_r%\":\"11150\",\"%_cp_r%\":\"field_5efc3a47e12ca\",\"%tarifs_r%\":\"\",\"%_tarifs_r%\":\"field_5efc3a22e12c6\",\"%adresse_r%\":\"42 Rue du Barry\",\"%_adresse_r%\":\"field_5efc3a2ee12c7\",\"%carte_r%\":\"42 Rue du Barry 11150 VILLASAVARY, 43.2198063, 2.0397171, 14\",\"%_carte_r%\":\"field_5efc4ed05494a\",\"%labels_r%\":\"\",\"%_labels_r%\":\"field_5f3a47134470d\",\"%handicap_r%\":\"\",\"%_handicap_r%\":\"field_5f3a471a4470e\",\"%offres_promotionnelles_r%\":\"\",\"%_offres_promotionnelles_r%\":\"field_5f3a472d4470f\",\"%telephone_r%\":\"+33 4 68 76 50 07\",\"%_telephone_r%\":\"field_5efc3a39e12c8\",\"%email_r%\":\"\",\"%_email_r%\":\"field_5efc3a40e12c9\",\"%idunique_r%\":\"FMALAR011V51A8I4\",\"%_idunique_r%\":\"field_5f04335c562b3\",\"%site_r%\":\"\",\"%_site_r%\":\"field_5efc4d652a106\",\"%_date_evenement_r%\":\"field_5f0348f37d5bd\",\"%_date_evenement_fin_r%\":\"field_5f3a4540d0781\",\"%horaires_evenement_r%\":\"18:00\",\"%_horaires_evenement_r%\":\"field_5f3a4550d0782\",\"%type_r%\":\"Spectacle\",\"%_type_r%\":\"field_5f057b5365cd7\",\"%classification_r%\":\"\",\"%_classification_r%\":\"field_5f3a3af81a328\",\"%classement_prefectoral_r%\":\"\",\"%_classement_prefectoral_r%\":\"field_5f3a473444710\",\"%datetri_r%\":\"1773964800\",\"%_datetri_r%\":\"field_5f3a8a82002b1\",\"%langage_r%\":\"FR\",\"%_langage_r%\":\"field_5f3be5649f374\",\"%_wpgmp_location_address%\":\"42 Rue du Barry 11150 VILLASAVARY\",\"%_wpgmp_location_city%\":\"VILLASAVARY\",\"%_wpgmp_location_state%\":\"\",\"%_wpgmp_location_country%\":\"France\",\"%_wpgmp_metabox_marker_id%\":\"a:1:{i:0;i:8;}\",\"%_wpgmp_map_id%\":\"a:1:{i:0;i:21;}\",\"%_wpgmp_metabox_latitude%\":\"43.2198063\",\"%_wpgmp_metabox_longitude%\":\"2.0397171\",\"%_wpgmp_metabox_location_redirect%\":\"post\",\"%_wpgmp_metabox_custom_link%\":\"\",\"%_wpgmp_metabox_taxomomies_terms%\":\"N;\",\"%_wpgmp_extensions_fields%\":\"N;\",\"%_wpml_word_count%\":\"69\",\"taxonomy=category\":\"Ev\\u00e9nements ponctuels\",\"taxonomy=post_tag\":\"\",\"taxonomy=post_format\":\"\",\"taxonomy=translation_priority\":\"Opcional\"},\"icon\":\"https:\\\/\\\/collinescathares.com\\\/wp-content\\\/uploads\\\/2020\\\/07\\\/pointeur_vert.svg\"},\"id\":261775,\"custom_filters\":{\"type_r\":\"Spectacle\",\"datetri_r\":\"1773964800\"},\"infowindow_disable\":false,\"categories\":[{\"icon\":\"https:\\\/\\\/collinescathares.com\\\/wp-content\\\/uploads\\\/2020\\\/07\\\/pointeur_vert.svg\",\"name\":\"Ev\\u00e9nements ponctuels\",\"id\":\"8\",\"type\":\"category\"}]},{\"source\":\"post\",\"title\":\"SC\\u00c8NES D&#8217;ENFANCE &#8211; BOUM BOUM BOX\",\"infowindow_content\":\"<div class=\\\"fc-main\\\"><div class=\\\"fc-item-title\\\">SC\\u00c8NES D&#8217;ENFANCE &#8211; BOUM BOUM BOX <span class=\\\"fc-badge info\\\">Ev\\u00e9nements ponctuels<\\\/span><\\\/div> <div class=\\\"fc-item-featured_image\\\"><div class=\\\"fc-feature-img\\\"><img alt=\\\"SC\\u00c8NES D&#8217;ENFANCE &#8211; BOUM BOUM BOX\\\" width=\\\"300\\\" height=\\\"225\\\" src=\\\"https:\\\/\\\/collinescathares.com\\\/wp-content\\\/uploads\\\/2026\\\/02\\\/scenes-d-enfance-10-300x225.jpg\\\" class=\\\"wp-post-image   wpgmp_featured_image\\\" ><\\\/div> <\\\/div>Boum Boum Box, c&#8217;est comme les grands ! Le multifacettes DJ Touma vous invite \\u00e0 passer du perfecto \\u00e0 la casquette, de la coupole au limbo en un tour de piste. Dans sa bo\\u00eete \\u00e0 malices : une malle remplie de jeux, une machine \\u00e0 bulle, des ballons sauteurs, du son, de la lumi\\u00e8re, des [&hellip;]<address><b>Adresse : <\\\/b>{marker_address}<\\\/address><a class=\\\"fc-btn fc-btn-small fc-btn-red\\\" href=\\\"https:\\\/\\\/collinescathares.com\\\/es\\\/evenements-ponctuels\\\/scenes-denfance-boum-boum-box\\\/\\\">En savoir plus<\\\/a><\\\/div>\",\"content\":\"Boum Boum Box, c&#8217;est comme les grands ! Le multifacettes DJ Touma vous invite \\u00e0 passer du perfecto \\u00e0 la casquette, de la coupole au limbo en un tour de piste. Dans sa bo\\u00eete \\u00e0 malices : une malle remplie de jeux, une machine \\u00e0 bulle, des ballons sauteurs, du son, de la lumi\\u00e8re, des [&hellip;]\",\"address\":\"4 Place du Foirail 11150 BRAM\",\"location\":{\"lat\":\"43.2436839\",\"city\":\"BRAM\",\"country\":\"France\",\"lng\":\"2.111137\",\"onclick_action\":\"post\",\"redirect_permalink\":\"https:\\\/\\\/collinescathares.com\\\/es\\\/evenements-ponctuels\\\/scenes-denfance-boum-boum-box\\\/\",\"zoom\":10,\"extra_fields\":{\"%date_evenement_r%\":\"21 Mars 2026\",\"%date_evenement_fin_r%\":\"21 Mars 2026\",\"post_excerpt\":\"Boum Boum Box, c&#8217;est comme les grands ! Le multifacettes DJ Touma vous invite \\u00e0 passer du perfecto \\u00e0 la casquette, de la coupole au limbo en un tour de piste. Dans sa bo\\u00eete \\u00e0 malices : une malle remplie de jeux, une machine \\u00e0 bulle, des ballons sauteurs, du son, de la lumi\\u00e8re, des [&hellip;]\",\"post_content\":\"Boum Boum Box, c'est comme les grands ! Le multifacettes DJ Touma vous invite \\u00e0 passer du perfecto \\u00e0 la casquette, de la coupole au limbo en un tour de piste. \\nDans sa bo\\u00eete \\u00e0 malices : une malle remplie de jeux, une machine \\u00e0 bulle, des ballons sauteurs, du son, de la lumi\\u00e8re, des microphones et des tas d'autres surprises, pardi... Une belle occasion de jouer ensemble, danser et faire la f\\u00eate avec les copines, les copains et toute la famille. \\nR\\u00e9servation obligatoire. D\\u00e8s 6 mois.\",\"post_title\":\"SC\\u00c8NES D&#8217;ENFANCE &#8211; BOUM BOUM BOX\",\"post_link\":\"https:\\\/\\\/collinescathares.com\\\/es\\\/evenements-ponctuels\\\/scenes-denfance-boum-boum-box\\\/\",\"post_featured_image\":\"<div class=\\\"fc-feature-img\\\"><img alt=\\\"SC\\u00c8NES D&#8217;ENFANCE &#8211; BOUM BOUM BOX\\\" width=\\\"300\\\" height=\\\"225\\\" src=\\\"https:\\\/\\\/collinescathares.com\\\/wp-content\\\/uploads\\\/2026\\\/02\\\/scenes-d-enfance-10-300x225.jpg\\\" class=\\\"wp-post-image   wpgmp_featured_image\\\" ><\\\/div>\",\"post_categories\":\"Ev\\u00e9nements ponctuels\",\"post_tags\":\"\",\"%_encloseme%\":\"1\",\"%_thumbnail_id%\":\"261750\",\"%ville_r%\":\"BRAM\",\"%_ville_r%\":\"field_5efc3a17e12c5\",\"%cp_r%\":\"11150\",\"%_cp_r%\":\"field_5efc3a47e12ca\",\"%tarifs_r%\":\"\",\"%_tarifs_r%\":\"field_5efc3a22e12c6\",\"%adresse_r%\":\"4 Place du Foirail\",\"%_adresse_r%\":\"field_5efc3a2ee12c7\",\"%carte_r%\":\"4 Place du Foirail 11150 BRAM, 43.2436839, 2.111137, 14\",\"%_carte_r%\":\"field_5efc4ed05494a\",\"%labels_r%\":\"\",\"%_labels_r%\":\"field_5f3a47134470d\",\"%handicap_r%\":\"\",\"%_handicap_r%\":\"field_5f3a471a4470e\",\"%offres_promotionnelles_r%\":\"\",\"%_offres_promotionnelles_r%\":\"field_5f3a472d4470f\",\"%telephone_r%\":\"\",\"%_telephone_r%\":\"field_5efc3a39e12c8\",\"%email_r%\":\"contact@lasaucebramaise.fr\",\"%_email_r%\":\"field_5efc3a40e12c9\",\"%idunique_r%\":\"FMALAR011V51A8P2\",\"%_idunique_r%\":\"field_5f04335c562b3\",\"%site_r%\":\"\",\"%_site_r%\":\"field_5efc4d652a106\",\"%_date_evenement_r%\":\"field_5f0348f37d5bd\",\"%_date_evenement_fin_r%\":\"field_5f3a4540d0781\",\"%horaires_evenement_r%\":\"17:00\",\"%_horaires_evenement_r%\":\"field_5f3a4550d0782\",\"%type_r%\":\"Spectacle\",\"%_type_r%\":\"field_5f057b5365cd7\",\"%classification_r%\":\"\",\"%_classification_r%\":\"field_5f3a3af81a328\",\"%classement_prefectoral_r%\":\"\",\"%_classement_prefectoral_r%\":\"field_5f3a473444710\",\"%datetri_r%\":\"1774051200\",\"%_datetri_r%\":\"field_5f3a8a82002b1\",\"%langage_r%\":\"FR\",\"%_langage_r%\":\"field_5f3be5649f374\",\"%_wpgmp_location_address%\":\"4 Place du Foirail 11150 BRAM\",\"%_wpgmp_location_city%\":\"BRAM\",\"%_wpgmp_location_state%\":\"\",\"%_wpgmp_location_country%\":\"France\",\"%_wpgmp_metabox_marker_id%\":\"a:1:{i:0;i:8;}\",\"%_wpgmp_map_id%\":\"a:1:{i:0;i:21;}\",\"%_wpgmp_metabox_latitude%\":\"43.2436839\",\"%_wpgmp_metabox_longitude%\":\"2.111137\",\"%_wpgmp_metabox_location_redirect%\":\"post\",\"%_wpgmp_metabox_custom_link%\":\"\",\"%_wpgmp_metabox_taxomomies_terms%\":\"N;\",\"%_wpgmp_extensions_fields%\":\"N;\",\"%_wpml_word_count%\":\"87\",\"%_elementor_page_assets%\":\"\",\"taxonomy=category\":\"Ev\\u00e9nements ponctuels\",\"taxonomy=post_tag\":\"\",\"taxonomy=post_format\":\"\",\"taxonomy=translation_priority\":\"Opcional\"},\"icon\":\"https:\\\/\\\/collinescathares.com\\\/wp-content\\\/uploads\\\/2020\\\/07\\\/pointeur_vert.svg\"},\"id\":261776,\"custom_filters\":{\"type_r\":\"Spectacle\",\"datetri_r\":\"1774051200\"},\"infowindow_disable\":false,\"categories\":[{\"icon\":\"https:\\\/\\\/collinescathares.com\\\/wp-content\\\/uploads\\\/2020\\\/07\\\/pointeur_vert.svg\",\"name\":\"Ev\\u00e9nements ponctuels\",\"id\":\"8\",\"type\":\"category\"}]},{\"source\":\"post\",\"title\":\"SC\\u00c8NES D&#8217;ENFANCE &#8211; ATELIER CABANE\",\"infowindow_content\":\"<div class=\\\"fc-main\\\"><div class=\\\"fc-item-title\\\">SC\\u00c8NES D&#8217;ENFANCE &#8211; ATELIER CABANE <span class=\\\"fc-badge info\\\">Ev\\u00e9nements ponctuels<\\\/span><\\\/div> <div class=\\\"fc-item-featured_image\\\"><div class=\\\"fc-feature-img\\\"><img alt=\\\"SC\\u00c8NES D&#8217;ENFANCE &#8211; ATELIER CABANE\\\" width=\\\"300\\\" height=\\\"225\\\" src=\\\"https:\\\/\\\/collinescathares.com\\\/wp-content\\\/uploads\\\/2026\\\/02\\\/scenes-d-enfance-10-300x225.jpg\\\" class=\\\"wp-post-image   wpgmp_featured_image\\\" ><\\\/div> <\\\/div>Fabrication de cabanes autour des mati\\u00e8res du carton, du papier, du tissu, de v\\u00e9g\\u00e9taux et de min\\u00e9raux. Un avant spectacle inspirant ! R\\u00e9servation obligatoire. D\\u00e8s 6 ans.<address><b>Adresse : <\\\/b>{marker_address}<\\\/address><a class=\\\"fc-btn fc-btn-small fc-btn-red\\\" href=\\\"https:\\\/\\\/collinescathares.com\\\/es\\\/evenements-ponctuels\\\/scenes-denfance-atelier-cabane\\\/\\\">En savoir plus<\\\/a><\\\/div>\",\"content\":\"Fabrication de cabanes autour des mati\\u00e8res du carton, du papier, du tissu, de v\\u00e9g\\u00e9taux et de min\\u00e9raux. Un avant spectacle inspirant ! R\\u00e9servation obligatoire. D\\u00e8s 6 ans.\",\"address\":\"1 Avenue Georges Clemenceau 11150 BRAM\",\"location\":{\"lat\":\"43.2402343\",\"city\":\"BRAM\",\"country\":\"France\",\"lng\":\"2.1095976\",\"onclick_action\":\"post\",\"redirect_permalink\":\"https:\\\/\\\/collinescathares.com\\\/es\\\/evenements-ponctuels\\\/scenes-denfance-atelier-cabane\\\/\",\"zoom\":10,\"extra_fields\":{\"%date_evenement_r%\":\"22 Mars 2026\",\"%date_evenement_fin_r%\":\"22 Mars 2026\",\"post_excerpt\":\"Fabrication de cabanes autour des mati\\u00e8res du carton, du papier, du tissu, de v\\u00e9g\\u00e9taux et de min\\u00e9raux. Un avant spectacle inspirant ! R\\u00e9servation obligatoire. D\\u00e8s 6 ans.\",\"post_content\":\"Fabrication de cabanes autour des mati\\u00e8res du carton, du papier, du tissu, de v\\u00e9g\\u00e9taux et de min\\u00e9raux. Un avant spectacle inspirant !\\nR\\u00e9servation obligatoire. D\\u00e8s 6 ans.\\n\",\"post_title\":\"SC\\u00c8NES D&#8217;ENFANCE &#8211; ATELIER CABANE\",\"post_link\":\"https:\\\/\\\/collinescathares.com\\\/es\\\/evenements-ponctuels\\\/scenes-denfance-atelier-cabane\\\/\",\"post_featured_image\":\"<div class=\\\"fc-feature-img\\\"><img alt=\\\"SC\\u00c8NES D&#8217;ENFANCE &#8211; ATELIER CABANE\\\" width=\\\"300\\\" height=\\\"225\\\" src=\\\"https:\\\/\\\/collinescathares.com\\\/wp-content\\\/uploads\\\/2026\\\/02\\\/scenes-d-enfance-10-300x225.jpg\\\" class=\\\"wp-post-image   wpgmp_featured_image\\\" ><\\\/div>\",\"post_categories\":\"Ev\\u00e9nements ponctuels\",\"post_tags\":\"\",\"%_encloseme%\":\"1\",\"%_thumbnail_id%\":\"261750\",\"%ville_r%\":\"BRAM\",\"%_ville_r%\":\"field_5efc3a17e12c5\",\"%cp_r%\":\"11150\",\"%_cp_r%\":\"field_5efc3a47e12ca\",\"%tarifs_r%\":\"\",\"%_tarifs_r%\":\"field_5efc3a22e12c6\",\"%adresse_r%\":\"1 Avenue Georges Clemenceau\",\"%_adresse_r%\":\"field_5efc3a2ee12c7\",\"%carte_r%\":\"1 Avenue Georges Clemenceau 11150 BRAM, 43.2402343, 2.1095976, 14\",\"%_carte_r%\":\"field_5efc4ed05494a\",\"%labels_r%\":\"\",\"%_labels_r%\":\"field_5f3a47134470d\",\"%handicap_r%\":\"\",\"%_handicap_r%\":\"field_5f3a471a4470e\",\"%offres_promotionnelles_r%\":\"\",\"%_offres_promotionnelles_r%\":\"field_5f3a472d4470f\",\"%telephone_r%\":\"+33 4 68 76 50 07\",\"%_telephone_r%\":\"field_5efc3a39e12c8\",\"%email_r%\":\"\",\"%_email_r%\":\"field_5efc3a40e12c9\",\"%idunique_r%\":\"FMALAR011V51A8PV\",\"%_idunique_r%\":\"field_5f04335c562b3\",\"%site_r%\":\"\",\"%_site_r%\":\"field_5efc4d652a106\",\"%_date_evenement_r%\":\"field_5f0348f37d5bd\",\"%_date_evenement_fin_r%\":\"field_5f3a4540d0781\",\"%horaires_evenement_r%\":\"14:00\",\"%_horaires_evenement_r%\":\"field_5f3a4550d0782\",\"%type_r%\":\"Spectacle\",\"%_type_r%\":\"field_5f057b5365cd7\",\"%classification_r%\":\"\",\"%_classification_r%\":\"field_5f3a3af81a328\",\"%classement_prefectoral_r%\":\"\",\"%_classement_prefectoral_r%\":\"field_5f3a473444710\",\"%datetri_r%\":\"1774137600\",\"%_datetri_r%\":\"field_5f3a8a82002b1\",\"%langage_r%\":\"FR\",\"%_langage_r%\":\"field_5f3be5649f374\",\"%_wpgmp_location_address%\":\"1 Avenue Georges Clemenceau 11150 BRAM\",\"%_wpgmp_location_city%\":\"BRAM\",\"%_wpgmp_location_state%\":\"\",\"%_wpgmp_location_country%\":\"France\",\"%_wpgmp_metabox_marker_id%\":\"a:1:{i:0;i:8;}\",\"%_wpgmp_map_id%\":\"a:1:{i:0;i:21;}\",\"%_wpgmp_metabox_latitude%\":\"43.2402343\",\"%_wpgmp_metabox_longitude%\":\"2.1095976\",\"%_wpgmp_metabox_location_redirect%\":\"post\",\"%_wpgmp_metabox_custom_link%\":\"\",\"%_wpgmp_metabox_taxomomies_terms%\":\"N;\",\"%_wpgmp_extensions_fields%\":\"N;\",\"%_wpml_word_count%\":\"36\",\"%_elementor_page_assets%\":\"\",\"taxonomy=category\":\"Ev\\u00e9nements ponctuels\",\"taxonomy=post_tag\":\"\",\"taxonomy=post_format\":\"\",\"taxonomy=translation_priority\":\"Opcional\"},\"icon\":\"https:\\\/\\\/collinescathares.com\\\/wp-content\\\/uploads\\\/2020\\\/07\\\/pointeur_vert.svg\"},\"id\":261777,\"custom_filters\":{\"type_r\":\"Spectacle\",\"datetri_r\":\"1774137600\"},\"infowindow_disable\":false,\"categories\":[{\"icon\":\"https:\\\/\\\/collinescathares.com\\\/wp-content\\\/uploads\\\/2020\\\/07\\\/pointeur_vert.svg\",\"name\":\"Ev\\u00e9nements ponctuels\",\"id\":\"8\",\"type\":\"category\"}]},{\"source\":\"post\",\"title\":\"VISITE COMMENT\\u00c9E DE CENNE-MONESTI\\u00c9S ET DE SON PARCOURS SCULPTURAL\",\"infowindow_content\":\"<div class=\\\"fc-main\\\"><div class=\\\"fc-item-title\\\">VISITE COMMENT\\u00c9E DE CENNE-MONESTI\\u00c9S ET DE SON PARCOURS SCULPTURAL <span class=\\\"fc-badge info\\\">Ev\\u00e9nements ponctuels<\\\/span><\\\/div> <div class=\\\"fc-item-featured_image\\\"><div class=\\\"fc-feature-img\\\"><img alt=\\\"VISITE COMMENT\\u00c9E DE CENNE-MONESTI\\u00c9S ET DE SON PARCOURS SCULPTURAL\\\" width=\\\"300\\\" height=\\\"225\\\" src=\\\"https:\\\/\\\/collinescathares.com\\\/wp-content\\\/uploads\\\/2026\\\/02\\\/VISITE-COMMENTEE-DE-CENNE-MONESTIES-ET-DE-SON-PARCOURS-SCULPTURAL-300x225.jpg\\\" class=\\\"wp-post-image   wpgmp_featured_image\\\" ><\\\/div> <\\\/div>\\u00c0 Cenne-Monesti\\u00e9s, laissez-vous guider lors d&#8217;une balade conviviale m\\u00ealant patrimoine, nature et moments de partage. En fin de matin\\u00e9e, \\u00e0 11h, Jos\\u00e9 Froment vous proposera une visite du village et de son parcours sculptural, une belle occasion de porter un regard nouveau sur les \\u0153uvres et les lieux qui font l&#8217;identit\\u00e9 du village. \\u00c0 12h30, [&hellip;]<address><b>Adresse : <\\\/b>{marker_address}<\\\/address><a class=\\\"fc-btn fc-btn-small fc-btn-red\\\" href=\\\"https:\\\/\\\/collinescathares.com\\\/es\\\/evenements-ponctuels\\\/visite-commentee-de-cenne-monesties-et-de-son-parcours-sculptural-2\\\/\\\">En savoir plus<\\\/a><\\\/div>\",\"content\":\"\\u00c0 Cenne-Monesti\\u00e9s, laissez-vous guider lors d&#8217;une balade conviviale m\\u00ealant patrimoine, nature et moments de partage. En fin de matin\\u00e9e, \\u00e0 11h, Jos\\u00e9 Froment vous proposera une visite du village et de son parcours sculptural, une belle occasion de porter un regard nouveau sur les \\u0153uvres et les lieux qui font l&#8217;identit\\u00e9 du village. \\u00c0 12h30, [&hellip;]\",\"address\":\"5 Rue de la Mairie 11170 CENNE-MONESTIES\",\"location\":{\"lat\":\"43.3315307\",\"city\":\"CENNE-MONESTIES\",\"country\":\"France\",\"lng\":\"2.11685554\",\"onclick_action\":\"post\",\"redirect_permalink\":\"https:\\\/\\\/collinescathares.com\\\/es\\\/evenements-ponctuels\\\/visite-commentee-de-cenne-monesties-et-de-son-parcours-sculptural-2\\\/\",\"zoom\":10,\"extra_fields\":{\"%date_evenement_r%\":\"14 Juin 2026\",\"%date_evenement_fin_r%\":\"14 Juin 2026\",\"post_excerpt\":\"\\u00c0 Cenne-Monesti\\u00e9s, laissez-vous guider lors d&#8217;une balade conviviale m\\u00ealant patrimoine, nature et moments de partage. En fin de matin\\u00e9e, \\u00e0 11h, Jos\\u00e9 Froment vous proposera une visite du village et de son parcours sculptural, une belle occasion de porter un regard nouveau sur les \\u0153uvres et les lieux qui font l&#8217;identit\\u00e9 du village. \\u00c0 12h30, [&hellip;]\",\"post_content\":\"\\u00c0 Cenne-Monesti\\u00e9s, laissez-vous guider lors d'une balade conviviale m\\u00ealant patrimoine, nature et moments de partage.\\nEn fin de matin\\u00e9e, \\u00e0 11h, Jos\\u00e9 Froment vous proposera une visite du village et de son parcours sculptural, une belle occasion de porter un regard nouveau sur les \\u0153uvres et les lieux qui font l'identit\\u00e9 du village.\\n\\u00c0 12h30, place \\u00e0 la d\\u00e9tente autour d\\u2019un pique-nique tir\\u00e9 du sac au lavoir, dans un cadre paisible et propice au partage.\\nL\\u2019apr\\u00e8s-midi, Jos\\u00e9 Froment vous emm\\u00e8nera visiter l\\u2019usine Cayre pour d\\u00e9couvrir le pass\\u00e9 industriel du bourg.\\nEt pour celles et ceux qui souhaiteront prolonger le plaisir, \\u00e0 15h, il sera propos\\u00e9 de continuer l\\u2019aventure sur le sentier \\u00ab Au fil de l\\u2019eau et des moulins \\u00bb, une promenade bucolique au rythme du Lampy et des anciens moulins.\\n\\nD\\u00e9part devant la mairie.\\nVisite sur r\\u00e9servation : 04 68 24 75 45 \\\/ tourisme@ccplm.fr\",\"post_title\":\"VISITE COMMENT\\u00c9E DE CENNE-MONESTI\\u00c9S ET DE SON PARCOURS SCULPTURAL\",\"post_link\":\"https:\\\/\\\/collinescathares.com\\\/es\\\/evenements-ponctuels\\\/visite-commentee-de-cenne-monesties-et-de-son-parcours-sculptural-2\\\/\",\"post_featured_image\":\"<div class=\\\"fc-feature-img\\\"><img alt=\\\"VISITE COMMENT\\u00c9E DE CENNE-MONESTI\\u00c9S ET DE SON PARCOURS SCULPTURAL\\\" width=\\\"300\\\" height=\\\"225\\\" src=\\\"https:\\\/\\\/collinescathares.com\\\/wp-content\\\/uploads\\\/2026\\\/02\\\/VISITE-COMMENTEE-DE-CENNE-MONESTIES-ET-DE-SON-PARCOURS-SCULPTURAL-300x225.jpg\\\" class=\\\"wp-post-image   wpgmp_featured_image\\\" ><\\\/div>\",\"post_categories\":\"Ev\\u00e9nements ponctuels\",\"post_tags\":\"\",\"%_encloseme%\":\"1\",\"%_thumbnail_id%\":\"261769\",\"%ville_r%\":\"CENNE-MONESTIES\",\"%_ville_r%\":\"field_5efc3a17e12c5\",\"%cp_r%\":\"11170\",\"%_cp_r%\":\"field_5efc3a47e12ca\",\"%tarifs_r%\":\"\",\"%_tarifs_r%\":\"field_5efc3a22e12c6\",\"%adresse_r%\":\"5 Rue de la Mairie\",\"%_adresse_r%\":\"field_5efc3a2ee12c7\",\"%carte_r%\":\"5 Rue de la Mairie 11170 CENNE-MONESTIES, 43.3315307, 2.11685554, 14\",\"%_carte_r%\":\"field_5efc4ed05494a\",\"%labels_r%\":\"\",\"%_labels_r%\":\"field_5f3a47134470d\",\"%handicap_r%\":\"\",\"%_handicap_r%\":\"field_5f3a471a4470e\",\"%offres_promotionnelles_r%\":\"\",\"%_offres_promotionnelles_r%\":\"field_5f3a472d4470f\",\"%telephone_r%\":\"+33 4 68 24 75 45\",\"%_telephone_r%\":\"field_5efc3a39e12c8\",\"%email_r%\":\"tourisme@ccplm.fr\",\"%_email_r%\":\"field_5efc3a40e12c9\",\"%idunique_r%\":\"FMALAR011V51A8DF\",\"%_idunique_r%\":\"field_5f04335c562b3\",\"%site_r%\":\"https:\\\/\\\/collinescathares.com\\\/\",\"%_site_r%\":\"field_5efc4d652a106\",\"%_date_evenement_r%\":\"field_5f0348f37d5bd\",\"%_date_evenement_fin_r%\":\"field_5f3a4540d0781\",\"%horaires_evenement_r%\":\"11:00 \\\/ 16:00\",\"%_horaires_evenement_r%\":\"field_5f3a4550d0782\",\"%type_r%\":\"Visite guid\\u00e9e\",\"%_type_r%\":\"field_5f057b5365cd7\",\"%classification_r%\":\"\",\"%_classification_r%\":\"field_5f3a3af81a328\",\"%classement_prefectoral_r%\":\"\",\"%_classement_prefectoral_r%\":\"field_5f3a473444710\",\"%datetri_r%\":\"1781395200\",\"%_datetri_r%\":\"field_5f3a8a82002b1\",\"%langage_r%\":\"FR\",\"%_langage_r%\":\"field_5f3be5649f374\",\"%_wpgmp_location_address%\":\"5 Rue de la Mairie 11170 CENNE-MONESTIES\",\"%_wpgmp_location_city%\":\"CENNE-MONESTIES\",\"%_wpgmp_location_state%\":\"\",\"%_wpgmp_location_country%\":\"France\",\"%_wpgmp_metabox_marker_id%\":\"a:1:{i:0;i:8;}\",\"%_wpgmp_map_id%\":\"a:1:{i:0;i:21;}\",\"%_wpgmp_metabox_latitude%\":\"43.3315307\",\"%_wpgmp_metabox_longitude%\":\"2.11685554\",\"%_wpgmp_metabox_location_redirect%\":\"post\",\"%_wpgmp_metabox_custom_link%\":\"\",\"%_wpgmp_metabox_taxomomies_terms%\":\"N;\",\"%_wpgmp_extensions_fields%\":\"N;\",\"%_wpml_word_count%\":\"157\",\"%_elementor_page_assets%\":\"\",\"taxonomy=category\":\"Ev\\u00e9nements ponctuels\",\"taxonomy=post_tag\":\"\",\"taxonomy=post_format\":\"\",\"taxonomy=translation_priority\":\"Opcional\"},\"icon\":\"https:\\\/\\\/collinescathares.com\\\/wp-content\\\/uploads\\\/2020\\\/07\\\/pointeur_vert.svg\"},\"id\":261773,\"custom_filters\":{\"type_r\":\"Visite guid\\u00e9e\",\"datetri_r\":\"1781395200\"},\"infowindow_disable\":false,\"categories\":[{\"icon\":\"https:\\\/\\\/collinescathares.com\\\/wp-content\\\/uploads\\\/2020\\\/07\\\/pointeur_vert.svg\",\"name\":\"Ev\\u00e9nements ponctuels\",\"id\":\"8\",\"type\":\"category\"}]},{\"source\":\"post\",\"title\":\"SC\\u00c8NES D&#8217;ENFANCE &#8211; SHERLOCK HOLMES\",\"infowindow_content\":\"<div class=\\\"fc-main\\\"><div class=\\\"fc-item-title\\\">SC\\u00c8NES D&#8217;ENFANCE &#8211; SHERLOCK HOLMES <span class=\\\"fc-badge info\\\">Ev\\u00e9nements ponctuels<\\\/span><\\\/div> <div class=\\\"fc-item-featured_image\\\"><div class=\\\"fc-feature-img\\\"><img alt=\\\"SC\\u00c8NES D&#8217;ENFANCE &#8211; SHERLOCK HOLMES\\\" width=\\\"300\\\" height=\\\"225\\\" src=\\\"https:\\\/\\\/collinescathares.com\\\/wp-content\\\/uploads\\\/2026\\\/02\\\/scenes-d-enfance-10-300x225.jpg\\\" class=\\\"wp-post-image   wpgmp_featured_image\\\" ><\\\/div> <\\\/div>Le c\\u00e9l\\u00e8bre d\\u00e9tective seul en sc\\u00e8ne, dans le d\\u00e9cor de son \\u00e9trange bureau, est au coeur d\\u2019une histoire inqui\\u00e9tante. Pour mener l\\u2019enqu\\u00eate il est assist\\u00e9 du fameux Watson. R\\u00e9servation obligatoire. D\\u00e8s 8 ans.<address><b>Adresse : <\\\/b>{marker_address}<\\\/address><a class=\\\"fc-btn fc-btn-small fc-btn-red\\\" href=\\\"https:\\\/\\\/collinescathares.com\\\/es\\\/evenements-ponctuels\\\/scenes-denfance-sherlock-holmes\\\/\\\">En savoir plus<\\\/a><\\\/div>\",\"content\":\"Le c\\u00e9l\\u00e8bre d\\u00e9tective seul en sc\\u00e8ne, dans le d\\u00e9cor de son \\u00e9trange bureau, est au coeur d\\u2019une histoire inqui\\u00e9tante. Pour mener l\\u2019enqu\\u00eate il est assist\\u00e9 du fameux Watson. R\\u00e9servation obligatoire. D\\u00e8s 8 ans.\",\"address\":\"18 Avenue Notre Dame 11150 BRAM\",\"location\":{\"lat\":\"43.2429044\",\"city\":\"BRAM\",\"country\":\"France\",\"lng\":\"2.1120599\",\"onclick_action\":\"post\",\"redirect_permalink\":\"https:\\\/\\\/collinescathares.com\\\/es\\\/evenements-ponctuels\\\/scenes-denfance-sherlock-holmes\\\/\",\"zoom\":10,\"extra_fields\":{\"%date_evenement_r%\":\"18 Mars 2026\",\"%date_evenement_fin_r%\":\"18 Mars 2026\",\"post_excerpt\":\"Le c\\u00e9l\\u00e8bre d\\u00e9tective seul en sc\\u00e8ne, dans le d\\u00e9cor de son \\u00e9trange bureau, est au coeur d\\u2019une histoire inqui\\u00e9tante. Pour mener l\\u2019enqu\\u00eate il est assist\\u00e9 du fameux Watson. R\\u00e9servation obligatoire. D\\u00e8s 8 ans.\",\"post_content\":\"Le c\\u00e9l\\u00e8bre d\\u00e9tective seul en sc\\u00e8ne, dans le d\\u00e9cor de son \\u00e9trange bureau, est au coeur d\\u2019une histoire inqui\\u00e9tante. Pour mener l\\u2019enqu\\u00eate il est assist\\u00e9 du fameux Watson.\\nR\\u00e9servation obligatoire. D\\u00e8s 8 ans.\",\"post_title\":\"SC\\u00c8NES D&#8217;ENFANCE &#8211; SHERLOCK HOLMES\",\"post_link\":\"https:\\\/\\\/collinescathares.com\\\/es\\\/evenements-ponctuels\\\/scenes-denfance-sherlock-holmes\\\/\",\"post_featured_image\":\"<div class=\\\"fc-feature-img\\\"><img alt=\\\"SC\\u00c8NES D&#8217;ENFANCE &#8211; SHERLOCK HOLMES\\\" width=\\\"300\\\" height=\\\"225\\\" src=\\\"https:\\\/\\\/collinescathares.com\\\/wp-content\\\/uploads\\\/2026\\\/02\\\/scenes-d-enfance-10-300x225.jpg\\\" class=\\\"wp-post-image   wpgmp_featured_image\\\" ><\\\/div>\",\"post_categories\":\"Ev\\u00e9nements ponctuels\",\"post_tags\":\"\",\"%_encloseme%\":\"1\",\"%_thumbnail_id%\":\"261750\",\"%ville_r%\":\"BRAM\",\"%_ville_r%\":\"field_5efc3a17e12c5\",\"%cp_r%\":\"11150\",\"%_cp_r%\":\"field_5efc3a47e12ca\",\"%tarifs_r%\":\"Plein tarif|6,00||\",\"%_tarifs_r%\":\"field_5efc3a22e12c6\",\"%adresse_r%\":\"18 Avenue Notre Dame\",\"%_adresse_r%\":\"field_5efc3a2ee12c7\",\"%carte_r%\":\"18 Avenue Notre Dame 11150 BRAM, 43.2429044, 2.1120599, 14\",\"%_carte_r%\":\"field_5efc4ed05494a\",\"%labels_r%\":\"\",\"%_labels_r%\":\"field_5f3a47134470d\",\"%handicap_r%\":\"\",\"%_handicap_r%\":\"field_5f3a471a4470e\",\"%offres_promotionnelles_r%\":\"\",\"%_offres_promotionnelles_r%\":\"field_5f3a472d4470f\",\"%telephone_r%\":\"+33 4 68 78 91 19\",\"%_telephone_r%\":\"field_5efc3a39e12c8\",\"%email_r%\":\"rosalind.vialleton@villedebram.fr\",\"%_email_r%\":\"field_5efc3a40e12c9\",\"%idunique_r%\":\"FMALAR011V51A8F2\",\"%_idunique_r%\":\"field_5f04335c562b3\",\"%site_r%\":\"\",\"%_site_r%\":\"field_5efc4d652a106\",\"%_date_evenement_r%\":\"field_5f0348f37d5bd\",\"%_date_evenement_fin_r%\":\"field_5f3a4540d0781\",\"%horaires_evenement_r%\":\"18:30\",\"%_horaires_evenement_r%\":\"field_5f3a4550d0782\",\"%type_r%\":\"Spectacle\",\"%_type_r%\":\"field_5f057b5365cd7\",\"%classification_r%\":\"\",\"%_classification_r%\":\"field_5f3a3af81a328\",\"%classement_prefectoral_r%\":\"\",\"%_classement_prefectoral_r%\":\"field_5f3a473444710\",\"%datetri_r%\":\"1773792000\",\"%_datetri_r%\":\"field_5f3a8a82002b1\",\"%langage_r%\":\"FR\",\"%_langage_r%\":\"field_5f3be5649f374\",\"%_wpgmp_location_address%\":\"18 Avenue Notre Dame 11150 BRAM\",\"%_wpgmp_location_city%\":\"BRAM\",\"%_wpgmp_location_state%\":\"\",\"%_wpgmp_location_country%\":\"France\",\"%_wpgmp_metabox_marker_id%\":\"a:1:{i:0;i:8;}\",\"%_wpgmp_map_id%\":\"a:1:{i:0;i:21;}\",\"%_wpgmp_metabox_latitude%\":\"43.2429044\",\"%_wpgmp_metabox_longitude%\":\"2.1120599\",\"%_wpgmp_metabox_location_redirect%\":\"post\",\"%_wpgmp_metabox_custom_link%\":\"\",\"%_wpgmp_metabox_taxomomies_terms%\":\"N;\",\"%_wpgmp_extensions_fields%\":\"N;\",\"%_wpml_word_count%\":\"43\",\"%_elementor_page_assets%\":\"\",\"taxonomy=category\":\"Ev\\u00e9nements ponctuels\",\"taxonomy=post_tag\":\"\",\"taxonomy=post_format\":\"\",\"taxonomy=translation_priority\":\"Opcional\"},\"icon\":\"https:\\\/\\\/collinescathares.com\\\/wp-content\\\/uploads\\\/2020\\\/07\\\/pointeur_vert.svg\"},\"id\":261774,\"custom_filters\":{\"type_r\":\"Spectacle\",\"datetri_r\":\"1773792000\"},\"infowindow_disable\":false,\"categories\":[{\"icon\":\"https:\\\/\\\/collinescathares.com\\\/wp-content\\\/uploads\\\/2020\\\/07\\\/pointeur_vert.svg\",\"name\":\"Ev\\u00e9nements ponctuels\",\"id\":\"8\",\"type\":\"category\"}]},{\"source\":\"post\",\"title\":\"VISITE COMMENT\\u00c9E DE CENNE-MONESTI\\u00c9S ET DE SON PARCOURS SCULPTURAL\",\"infowindow_content\":\"<div class=\\\"fc-main\\\"><div class=\\\"fc-item-title\\\">VISITE COMMENT\\u00c9E DE CENNE-MONESTI\\u00c9S ET DE SON PARCOURS SCULPTURAL <span class=\\\"fc-badge info\\\">Ev\\u00e9nements ponctuels<\\\/span><\\\/div> <div class=\\\"fc-item-featured_image\\\"><div class=\\\"fc-feature-img\\\"><img alt=\\\"VISITE COMMENT\\u00c9E DE CENNE-MONESTI\\u00c9S ET DE SON PARCOURS SCULPTURAL\\\" width=\\\"300\\\" height=\\\"225\\\" src=\\\"https:\\\/\\\/collinescathares.com\\\/wp-content\\\/uploads\\\/2026\\\/02\\\/VISITE-COMMENTEE-DE-CENNE-MONESTIES-ET-DE-SON-PARCOURS-SCULPTURAL-300x225.jpg\\\" class=\\\"wp-post-image   wpgmp_featured_image\\\" ><\\\/div> <\\\/div>\\u00c0 Cenne-Monesti\\u00e9s, laissez-vous guider lors d&#8217;une balade conviviale m\\u00ealant patrimoine, nature et moments de partage. En fin de matin\\u00e9e, \\u00e0 11h, Jos\\u00e9 Froment vous proposera une visite du village et de son parcours sculptural, une belle occasion de porter un regard nouveau sur les \\u0153uvres et les lieux qui font l&#8217;identit\\u00e9 du village. \\u00c0 12h30, [&hellip;]<address><b>Adresse : <\\\/b>{marker_address}<\\\/address><a class=\\\"fc-btn fc-btn-small fc-btn-red\\\" href=\\\"https:\\\/\\\/collinescathares.com\\\/es\\\/evenements-ponctuels\\\/visite-commentee-de-cenne-monesties-et-de-son-parcours-sculptural\\\/\\\">En savoir plus<\\\/a><\\\/div>\",\"content\":\"\\u00c0 Cenne-Monesti\\u00e9s, laissez-vous guider lors d&#8217;une balade conviviale m\\u00ealant patrimoine, nature et moments de partage. En fin de matin\\u00e9e, \\u00e0 11h, Jos\\u00e9 Froment vous proposera une visite du village et de son parcours sculptural, une belle occasion de porter un regard nouveau sur les \\u0153uvres et les lieux qui font l&#8217;identit\\u00e9 du village. \\u00c0 12h30, [&hellip;]\",\"address\":\"5 Rue de la Mairie 11170 CENNE-MONESTIES\",\"location\":{\"lat\":\"43.3315307\",\"city\":\"CENNE-MONESTIES\",\"country\":\"France\",\"lng\":\"2.11685554\",\"onclick_action\":\"post\",\"redirect_permalink\":\"https:\\\/\\\/collinescathares.com\\\/es\\\/evenements-ponctuels\\\/visite-commentee-de-cenne-monesties-et-de-son-parcours-sculptural\\\/\",\"zoom\":10,\"extra_fields\":{\"%date_evenement_r%\":\"09 Mai 2026\",\"%date_evenement_fin_r%\":\"09 Mai 2026\",\"post_excerpt\":\"\\u00c0 Cenne-Monesti\\u00e9s, laissez-vous guider lors d&#8217;une balade conviviale m\\u00ealant patrimoine, nature et moments de partage. En fin de matin\\u00e9e, \\u00e0 11h, Jos\\u00e9 Froment vous proposera une visite du village et de son parcours sculptural, une belle occasion de porter un regard nouveau sur les \\u0153uvres et les lieux qui font l&#8217;identit\\u00e9 du village. \\u00c0 12h30, [&hellip;]\",\"post_content\":\"\\u00c0 Cenne-Monesti\\u00e9s, laissez-vous guider lors d'une balade conviviale m\\u00ealant patrimoine, nature et moments de partage.\\nEn fin de matin\\u00e9e, \\u00e0 11h, Jos\\u00e9 Froment vous proposera une visite du village et de son parcours sculptural, une belle occasion de porter un regard nouveau sur les \\u0153uvres et les lieux qui font l'identit\\u00e9 du village.\\n\\u00c0 12h30, place \\u00e0 la d\\u00e9tente autour d\\u2019un pique-nique tir\\u00e9 du sac au lavoir, dans un cadre paisible et propice au partage.\\nL\\u2019apr\\u00e8s-midi, Jos\\u00e9 Froment vous emm\\u00e8nera visiter l\\u2019usine Cayre pour d\\u00e9couvrir le pass\\u00e9 industriel du bourg.\\nEt pour celles et ceux qui souhaiteront prolonger le plaisir, \\u00e0 15h, il sera propos\\u00e9 de continuer l\\u2019aventure sur le sentier \\u00ab Au fil de l\\u2019eau et des moulins \\u00bb, une promenade bucolique au rythme du Lampy et des anciens moulins.\\n\\nD\\u00e9part devant la mairie.\\nVisite sur r\\u00e9servation : 04 68 24 75 45 \\\/ tourisme@ccplm.fr\",\"post_title\":\"VISITE COMMENT\\u00c9E DE CENNE-MONESTI\\u00c9S ET DE SON PARCOURS SCULPTURAL\",\"post_link\":\"https:\\\/\\\/collinescathares.com\\\/es\\\/evenements-ponctuels\\\/visite-commentee-de-cenne-monesties-et-de-son-parcours-sculptural\\\/\",\"post_featured_image\":\"<div class=\\\"fc-feature-img\\\"><img alt=\\\"VISITE COMMENT\\u00c9E DE CENNE-MONESTI\\u00c9S ET DE SON PARCOURS SCULPTURAL\\\" width=\\\"300\\\" height=\\\"225\\\" src=\\\"https:\\\/\\\/collinescathares.com\\\/wp-content\\\/uploads\\\/2026\\\/02\\\/VISITE-COMMENTEE-DE-CENNE-MONESTIES-ET-DE-SON-PARCOURS-SCULPTURAL-300x225.jpg\\\" class=\\\"wp-post-image   wpgmp_featured_image\\\" ><\\\/div>\",\"post_categories\":\"Ev\\u00e9nements ponctuels\",\"post_tags\":\"\",\"%_encloseme%\":\"1\",\"%_thumbnail_id%\":\"261769\",\"%ville_r%\":\"CENNE-MONESTIES\",\"%_ville_r%\":\"field_5efc3a17e12c5\",\"%cp_r%\":\"11170\",\"%_cp_r%\":\"field_5efc3a47e12ca\",\"%tarifs_r%\":\"\",\"%_tarifs_r%\":\"field_5efc3a22e12c6\",\"%adresse_r%\":\"5 Rue de la Mairie\",\"%_adresse_r%\":\"field_5efc3a2ee12c7\",\"%carte_r%\":\"5 Rue de la Mairie 11170 CENNE-MONESTIES, 43.3315307, 2.11685554, 14\",\"%_carte_r%\":\"field_5efc4ed05494a\",\"%labels_r%\":\"\",\"%_labels_r%\":\"field_5f3a47134470d\",\"%handicap_r%\":\"\",\"%_handicap_r%\":\"field_5f3a471a4470e\",\"%offres_promotionnelles_r%\":\"\",\"%_offres_promotionnelles_r%\":\"field_5f3a472d4470f\",\"%telephone_r%\":\"+33 4 68 24 75 45\",\"%_telephone_r%\":\"field_5efc3a39e12c8\",\"%email_r%\":\"tourisme@ccplm.fr\",\"%_email_r%\":\"field_5efc3a40e12c9\",\"%idunique_r%\":\"FMALAR011V51A8CR\",\"%_idunique_r%\":\"field_5f04335c562b3\",\"%site_r%\":\"https:\\\/\\\/collinescathares.com\\\/\",\"%_site_r%\":\"field_5efc4d652a106\",\"%_date_evenement_r%\":\"field_5f0348f37d5bd\",\"%_date_evenement_fin_r%\":\"field_5f3a4540d0781\",\"%horaires_evenement_r%\":\"11:00 \\\/ 16:00\",\"%_horaires_evenement_r%\":\"field_5f3a4550d0782\",\"%type_r%\":\"Visite guid\\u00e9e\",\"%_type_r%\":\"field_5f057b5365cd7\",\"%classification_r%\":\"\",\"%_classification_r%\":\"field_5f3a3af81a328\",\"%classement_prefectoral_r%\":\"\",\"%_classement_prefectoral_r%\":\"field_5f3a473444710\",\"%datetri_r%\":\"1778284800\",\"%_datetri_r%\":\"field_5f3a8a82002b1\",\"%langage_r%\":\"FR\",\"%_langage_r%\":\"field_5f3be5649f374\",\"%_wpgmp_location_address%\":\"5 Rue de la Mairie 11170 CENNE-MONESTIES\",\"%_wpgmp_location_city%\":\"CENNE-MONESTIES\",\"%_wpgmp_location_state%\":\"\",\"%_wpgmp_location_country%\":\"France\",\"%_wpgmp_metabox_marker_id%\":\"a:1:{i:0;i:8;}\",\"%_wpgmp_map_id%\":\"a:1:{i:0;i:21;}\",\"%_wpgmp_metabox_latitude%\":\"43.3315307\",\"%_wpgmp_metabox_longitude%\":\"2.11685554\",\"%_wpgmp_metabox_location_redirect%\":\"post\",\"%_wpgmp_metabox_custom_link%\":\"\",\"%_wpgmp_metabox_taxomomies_terms%\":\"N;\",\"%_wpgmp_extensions_fields%\":\"N;\",\"%_wpml_word_count%\":\"157\",\"%_elementor_page_assets%\":\"\",\"taxonomy=category\":\"Ev\\u00e9nements ponctuels\",\"taxonomy=post_tag\":\"\",\"taxonomy=post_format\":\"\",\"taxonomy=translation_priority\":\"Opcional\"},\"icon\":\"https:\\\/\\\/collinescathares.com\\\/wp-content\\\/uploads\\\/2020\\\/07\\\/pointeur_vert.svg\"},\"id\":261772,\"custom_filters\":{\"type_r\":\"Visite guid\\u00e9e\",\"datetri_r\":\"1778284800\"},\"infowindow_disable\":false,\"categories\":[{\"icon\":\"https:\\\/\\\/collinescathares.com\\\/wp-content\\\/uploads\\\/2020\\\/07\\\/pointeur_vert.svg\",\"name\":\"Ev\\u00e9nements ponctuels\",\"id\":\"8\",\"type\":\"category\"}]},{\"source\":\"post\",\"title\":\"RANDONN\\u00c9E CONT\\u00c9E SUR LE SENTIER HISTORIQUE DE LAURAC ET MARCH\\u00c9 GOURMAND\",\"infowindow_content\":\"<div class=\\\"fc-main\\\"><div class=\\\"fc-item-title\\\">RANDONN\\u00c9E CONT\\u00c9E SUR LE SENTIER HISTORIQUE DE LAURAC ET MARCH\\u00c9 GOURMAND <span class=\\\"fc-badge info\\\">Ev\\u00e9nements ponctuels<\\\/span><\\\/div> <div class=\\\"fc-item-featured_image\\\"><div class=\\\"fc-feature-img\\\"><img alt=\\\"RANDONN\\u00c9E CONT\\u00c9E SUR LE SENTIER HISTORIQUE DE LAURAC ET MARCH\\u00c9 GOURMAND\\\" width=\\\"300\\\" height=\\\"225\\\" src=\\\"https:\\\/\\\/collinescathares.com\\\/wp-content\\\/uploads\\\/2026\\\/02\\\/RANDONNEE-CONTEE-SUR-LE-SENTIER-HISTORIQUE-DE-LAURAC-ET-VISITE-DU-VILLAGE-300x225.jpg\\\" class=\\\"wp-post-image   wpgmp_featured_image\\\" ><\\\/div> <\\\/div>En fin d&#8217;apr\\u00e8s-midi, partez \\u00e0 la d\\u00e9couverte de Laurac-le-Grand et laissez-vous s\\u00e9duire par son histoire et ses paysages d\\u2019exception. Serge Grill\\u00e8res, habitant du village et ancien maire, fera revivre le pass\\u00e9 m\\u00e9di\\u00e9val de ce joli bourg, ancien si\\u00e8ge de la principale seigneurie des alentours. Au programme : &#8211; \\u00e0 17h : Randonn\\u00e9e cont\\u00e9e sur le [&hellip;]<address><b>Adresse : <\\\/b>{marker_address}<\\\/address><a class=\\\"fc-btn fc-btn-small fc-btn-red\\\" href=\\\"https:\\\/\\\/collinescathares.com\\\/es\\\/evenements-ponctuels\\\/randonnee-contee-sur-le-sentier-historique-de-laurac-et-marche-gourmand\\\/\\\">En savoir plus<\\\/a><\\\/div>\",\"content\":\"En fin d&#8217;apr\\u00e8s-midi, partez \\u00e0 la d\\u00e9couverte de Laurac-le-Grand et laissez-vous s\\u00e9duire par son histoire et ses paysages d\\u2019exception. Serge Grill\\u00e8res, habitant du village et ancien maire, fera revivre le pass\\u00e9 m\\u00e9di\\u00e9val de ce joli bourg, ancien si\\u00e8ge de la principale seigneurie des alentours. Au programme : &#8211; \\u00e0 17h : Randonn\\u00e9e cont\\u00e9e sur le [&hellip;]\",\"address\":\"8 Rue du Pont 11270 LAURAC\",\"location\":{\"lat\":\"43.2277206\",\"city\":\"LAURAC\",\"country\":\"France\",\"lng\":\"1.97518605\",\"onclick_action\":\"post\",\"redirect_permalink\":\"https:\\\/\\\/collinescathares.com\\\/es\\\/evenements-ponctuels\\\/randonnee-contee-sur-le-sentier-historique-de-laurac-et-marche-gourmand\\\/\",\"zoom\":10,\"extra_fields\":{\"%date_evenement_r%\":\"07 Ao\\u00fbt 2026\",\"%date_evenement_fin_r%\":\"07 Ao\\u00fbt 2026\",\"post_excerpt\":\"En fin d&#8217;apr\\u00e8s-midi, partez \\u00e0 la d\\u00e9couverte de Laurac-le-Grand et laissez-vous s\\u00e9duire par son histoire et ses paysages d\\u2019exception. Serge Grill\\u00e8res, habitant du village et ancien maire, fera revivre le pass\\u00e9 m\\u00e9di\\u00e9val de ce joli bourg, ancien si\\u00e8ge de la principale seigneurie des alentours. Au programme : &#8211; \\u00e0 17h : Randonn\\u00e9e cont\\u00e9e sur le [&hellip;]\",\"post_content\":\"En fin d'apr\\u00e8s-midi, partez \\u00e0 la d\\u00e9couverte de Laurac-le-Grand et laissez-vous s\\u00e9duire par son histoire et ses paysages d\\u2019exception.  Serge Grill\\u00e8res, habitant du village et ancien maire, fera revivre le pass\\u00e9 m\\u00e9di\\u00e9val de ce joli bourg, ancien si\\u00e8ge de la principale seigneurie des alentours.\\nAu programme :\\n- \\u00e0 17h : Randonn\\u00e9e cont\\u00e9e sur le sentier historique entourant le village (pr\\u00e9voir chaussures de randonn\\u00e9e, eau, casquette et cr\\u00e8me solaire) ;\\n- Retour \\u00e0 19h pour profiter d'un march\\u00e9 gourmand et artisanal avant la f\\u00eate locale.\\n\\nAnimation sur r\\u00e9servation : 04 68 24 75 45 \\\/ tourisme@ccplm.fr\",\"post_title\":\"RANDONN\\u00c9E CONT\\u00c9E SUR LE SENTIER HISTORIQUE DE LAURAC ET MARCH\\u00c9 GOURMAND\",\"post_link\":\"https:\\\/\\\/collinescathares.com\\\/es\\\/evenements-ponctuels\\\/randonnee-contee-sur-le-sentier-historique-de-laurac-et-marche-gourmand\\\/\",\"post_featured_image\":\"<div class=\\\"fc-feature-img\\\"><img alt=\\\"RANDONN\\u00c9E CONT\\u00c9E SUR LE SENTIER HISTORIQUE DE LAURAC ET MARCH\\u00c9 GOURMAND\\\" width=\\\"300\\\" height=\\\"225\\\" src=\\\"https:\\\/\\\/collinescathares.com\\\/wp-content\\\/uploads\\\/2026\\\/02\\\/RANDONNEE-CONTEE-SUR-LE-SENTIER-HISTORIQUE-DE-LAURAC-ET-VISITE-DU-VILLAGE-300x225.jpg\\\" class=\\\"wp-post-image   wpgmp_featured_image\\\" ><\\\/div>\",\"post_categories\":\"Ev\\u00e9nements ponctuels\",\"post_tags\":\"\",\"%_encloseme%\":\"1\",\"%_thumbnail_id%\":\"261765\",\"%ville_r%\":\"LAURAC\",\"%_ville_r%\":\"field_5efc3a17e12c5\",\"%cp_r%\":\"11270\",\"%_cp_r%\":\"field_5efc3a47e12ca\",\"%tarifs_r%\":\"\",\"%_tarifs_r%\":\"field_5efc3a22e12c6\",\"%adresse_r%\":\"8 Rue du Pont\",\"%_adresse_r%\":\"field_5efc3a2ee12c7\",\"%carte_r%\":\"8 Rue du Pont 11270 LAURAC, 43.2277206, 1.97518605, 14\",\"%_carte_r%\":\"field_5efc4ed05494a\",\"%labels_r%\":\"\",\"%_labels_r%\":\"field_5f3a47134470d\",\"%handicap_r%\":\"\",\"%_handicap_r%\":\"field_5f3a471a4470e\",\"%offres_promotionnelles_r%\":\"\",\"%_offres_promotionnelles_r%\":\"field_5f3a472d4470f\",\"%telephone_r%\":\"+33 4 68 24 75 45\",\"%_telephone_r%\":\"field_5efc3a39e12c8\",\"%email_r%\":\"tourisme@ccplm.fr\",\"%_email_r%\":\"field_5efc3a40e12c9\",\"%idunique_r%\":\"FMALAR011V51A8CO\",\"%_idunique_r%\":\"field_5f04335c562b3\",\"%site_r%\":\"https:\\\/\\\/collinescathares.com\\\/\",\"%_site_r%\":\"field_5efc4d652a106\",\"%_date_evenement_r%\":\"field_5f0348f37d5bd\",\"%_date_evenement_fin_r%\":\"field_5f3a4540d0781\",\"%horaires_evenement_r%\":\"17:00 \\\/ 19:00\",\"%_horaires_evenement_r%\":\"field_5f3a4550d0782\",\"%type_r%\":\"March\\u00e9\",\"%_type_r%\":\"field_5f057b5365cd7\",\"%classification_r%\":\"\",\"%_classification_r%\":\"field_5f3a3af81a328\",\"%classement_prefectoral_r%\":\"\",\"%_classement_prefectoral_r%\":\"field_5f3a473444710\",\"%datetri_r%\":\"1786060800\",\"%_datetri_r%\":\"field_5f3a8a82002b1\",\"%langage_r%\":\"FR\",\"%_langage_r%\":\"field_5f3be5649f374\",\"%_wpgmp_location_address%\":\"8 Rue du Pont 11270 LAURAC\",\"%_wpgmp_location_city%\":\"LAURAC\",\"%_wpgmp_location_state%\":\"\",\"%_wpgmp_location_country%\":\"France\",\"%_wpgmp_metabox_marker_id%\":\"a:1:{i:0;i:8;}\",\"%_wpgmp_map_id%\":\"a:1:{i:0;i:21;}\",\"%_wpgmp_metabox_latitude%\":\"43.2277206\",\"%_wpgmp_metabox_longitude%\":\"1.97518605\",\"%_wpgmp_metabox_location_redirect%\":\"post\",\"%_wpgmp_metabox_custom_link%\":\"\",\"%_wpgmp_metabox_taxomomies_terms%\":\"N;\",\"%_wpgmp_extensions_fields%\":\"N;\",\"%_wpml_word_count%\":\"111\",\"%_elementor_page_assets%\":\"\",\"taxonomy=category\":\"Ev\\u00e9nements ponctuels\",\"taxonomy=post_tag\":\"\",\"taxonomy=post_format\":\"\",\"taxonomy=translation_priority\":\"Opcional\"},\"icon\":\"https:\\\/\\\/collinescathares.com\\\/wp-content\\\/uploads\\\/2020\\\/07\\\/pointeur_vert.svg\"},\"id\":261768,\"custom_filters\":{\"type_r\":\"March\\u00e9\",\"datetri_r\":\"1786060800\"},\"infowindow_disable\":false,\"categories\":[{\"icon\":\"https:\\\/\\\/collinescathares.com\\\/wp-content\\\/uploads\\\/2020\\\/07\\\/pointeur_vert.svg\",\"name\":\"Ev\\u00e9nements ponctuels\",\"id\":\"8\",\"type\":\"category\"}]},{\"source\":\"post\",\"title\":\"RANDONN\\u00c9E CONT\\u00c9E SUR LE SENTIER HISTORIQUE DE LAURAC ET VISITE DU VILLAGE\",\"infowindow_content\":\"<div class=\\\"fc-main\\\"><div class=\\\"fc-item-title\\\">RANDONN\\u00c9E CONT\\u00c9E SUR LE SENTIER HISTORIQUE DE LAURAC ET VISITE DU VILLAGE <span class=\\\"fc-badge info\\\">Ev\\u00e9nements ponctuels<\\\/span><\\\/div> <div class=\\\"fc-item-featured_image\\\"><div class=\\\"fc-feature-img\\\"><img alt=\\\"RANDONN\\u00c9E CONT\\u00c9E SUR LE SENTIER HISTORIQUE DE LAURAC ET VISITE DU VILLAGE\\\" width=\\\"300\\\" height=\\\"225\\\" src=\\\"https:\\\/\\\/collinescathares.com\\\/wp-content\\\/uploads\\\/2026\\\/02\\\/RANDONNEE-CONTEE-SUR-LE-SENTIER-HISTORIQUE-DE-LAURAC-ET-VISITE-DU-VILLAGE-2-300x225.jpg\\\" class=\\\"wp-post-image   wpgmp_featured_image\\\" ><\\\/div> <\\\/div>En soir\\u00e9e, partez \\u00e0 la d\\u00e9couverte de Laurac-le-Grand et laissez-vous s\\u00e9duire par son histoire et ses paysages d\\u2019exception. Serge Grill\\u00e8res, habitant du village et ancien maire, fera revivre le pass\\u00e9 m\\u00e9di\\u00e9val de ce joli bourg, ancien si\\u00e8ge de la principale seigneurie des alentours. Au programme : &#8211; Randonn\\u00e9e cont\\u00e9e sur le sentier historique entourant le [&hellip;]<address><b>Adresse : <\\\/b>{marker_address}<\\\/address><a class=\\\"fc-btn fc-btn-small fc-btn-red\\\" href=\\\"https:\\\/\\\/collinescathares.com\\\/es\\\/evenements-ponctuels\\\/randonnee-contee-sur-le-sentier-historique-de-laurac-et-visite-du-village-2\\\/\\\">En savoir plus<\\\/a><\\\/div>\",\"content\":\"En soir\\u00e9e, partez \\u00e0 la d\\u00e9couverte de Laurac-le-Grand et laissez-vous s\\u00e9duire par son histoire et ses paysages d\\u2019exception. Serge Grill\\u00e8res, habitant du village et ancien maire, fera revivre le pass\\u00e9 m\\u00e9di\\u00e9val de ce joli bourg, ancien si\\u00e8ge de la principale seigneurie des alentours. Au programme : &#8211; Randonn\\u00e9e cont\\u00e9e sur le sentier historique entourant le [&hellip;]\",\"address\":\"8 Rue du Pont 11270 LAURAC\",\"location\":{\"lat\":\"43.2277206\",\"city\":\"LAURAC\",\"country\":\"France\",\"lng\":\"1.97518605\",\"onclick_action\":\"post\",\"redirect_permalink\":\"https:\\\/\\\/collinescathares.com\\\/es\\\/evenements-ponctuels\\\/randonnee-contee-sur-le-sentier-historique-de-laurac-et-visite-du-village-2\\\/\",\"zoom\":10,\"extra_fields\":{\"%date_evenement_r%\":\"18 Septembre 2026\",\"%date_evenement_fin_r%\":\"18 Septembre 2026\",\"post_excerpt\":\"En soir\\u00e9e, partez \\u00e0 la d\\u00e9couverte de Laurac-le-Grand et laissez-vous s\\u00e9duire par son histoire et ses paysages d\\u2019exception. Serge Grill\\u00e8res, habitant du village et ancien maire, fera revivre le pass\\u00e9 m\\u00e9di\\u00e9val de ce joli bourg, ancien si\\u00e8ge de la principale seigneurie des alentours. Au programme : &#8211; Randonn\\u00e9e cont\\u00e9e sur le sentier historique entourant le [&hellip;]\",\"post_content\":\"En soir\\u00e9e, partez \\u00e0 la d\\u00e9couverte de Laurac-le-Grand et laissez-vous s\\u00e9duire par son histoire et ses paysages d\\u2019exception.  Serge Grill\\u00e8res, habitant du village et ancien maire, fera revivre le pass\\u00e9 m\\u00e9di\\u00e9val de ce joli bourg, ancien si\\u00e8ge de la principale seigneurie des alentours.\\nAu programme :\\n- Randonn\\u00e9e cont\\u00e9e sur le sentier historique entourant le village (pr\\u00e9voir chaussures de randonn\\u00e9e, eau, casquette) ;\\n- Pique-nique tir\\u00e9 du sac au Puy du Faucher ;\\n- Visite comment\\u00e9e du village.\\n\\nAnimation sur r\\u00e9servation : 04 68 24 75 45 \\\/ tourisme@ccplm.fr\",\"post_title\":\"RANDONN\\u00c9E CONT\\u00c9E SUR LE SENTIER HISTORIQUE DE LAURAC ET VISITE DU VILLAGE\",\"post_link\":\"https:\\\/\\\/collinescathares.com\\\/es\\\/evenements-ponctuels\\\/randonnee-contee-sur-le-sentier-historique-de-laurac-et-visite-du-village-2\\\/\",\"post_featured_image\":\"<div class=\\\"fc-feature-img\\\"><img alt=\\\"RANDONN\\u00c9E CONT\\u00c9E SUR LE SENTIER HISTORIQUE DE LAURAC ET VISITE DU VILLAGE\\\" width=\\\"300\\\" height=\\\"225\\\" src=\\\"https:\\\/\\\/collinescathares.com\\\/wp-content\\\/uploads\\\/2026\\\/02\\\/RANDONNEE-CONTEE-SUR-LE-SENTIER-HISTORIQUE-DE-LAURAC-ET-VISITE-DU-VILLAGE-2-300x225.jpg\\\" class=\\\"wp-post-image   wpgmp_featured_image\\\" ><\\\/div>\",\"post_categories\":\"Ev\\u00e9nements ponctuels\",\"post_tags\":\"\",\"%_encloseme%\":\"1\",\"%_thumbnail_id%\":\"261759\",\"%ville_r%\":\"LAURAC\",\"%_ville_r%\":\"field_5efc3a17e12c5\",\"%cp_r%\":\"11270\",\"%_cp_r%\":\"field_5efc3a47e12ca\",\"%tarifs_r%\":\"\",\"%_tarifs_r%\":\"field_5efc3a22e12c6\",\"%adresse_r%\":\"8 Rue du Pont\",\"%_adresse_r%\":\"field_5efc3a2ee12c7\",\"%carte_r%\":\"8 Rue du Pont 11270 LAURAC, 43.2277206, 1.97518605, 14\",\"%_carte_r%\":\"field_5efc4ed05494a\",\"%labels_r%\":\"\",\"%_labels_r%\":\"field_5f3a47134470d\",\"%handicap_r%\":\"\",\"%_handicap_r%\":\"field_5f3a471a4470e\",\"%offres_promotionnelles_r%\":\"\",\"%_offres_promotionnelles_r%\":\"field_5f3a472d4470f\",\"%telephone_r%\":\"+33 4 68 24 75 45\",\"%_telephone_r%\":\"field_5efc3a39e12c8\",\"%email_r%\":\"tourisme@ccplm.fr\",\"%_email_r%\":\"field_5efc3a40e12c9\",\"%idunique_r%\":\"FMALAR011V51A8B7\",\"%_idunique_r%\":\"field_5f04335c562b3\",\"%site_r%\":\"https:\\\/\\\/collinescathares.com\\\/\",\"%_site_r%\":\"field_5efc4d652a106\",\"%_date_evenement_r%\":\"field_5f0348f37d5bd\",\"%_date_evenement_fin_r%\":\"field_5f3a4540d0781\",\"%horaires_evenement_r%\":\"18:00 \\\/ 22:00\",\"%_horaires_evenement_r%\":\"field_5f3a4550d0782\",\"%type_r%\":\"Randonn\\u00e9e, balade\",\"%_type_r%\":\"field_5f057b5365cd7\",\"%classification_r%\":\"\",\"%_classification_r%\":\"field_5f3a3af81a328\",\"%classement_prefectoral_r%\":\"\",\"%_classement_prefectoral_r%\":\"field_5f3a473444710\",\"%datetri_r%\":\"1789689600\",\"%_datetri_r%\":\"field_5f3a8a82002b1\",\"%langage_r%\":\"FR\",\"%_langage_r%\":\"field_5f3be5649f374\",\"%_wpgmp_location_address%\":\"8 Rue du Pont 11270 LAURAC\",\"%_wpgmp_location_city%\":\"LAURAC\",\"%_wpgmp_location_state%\":\"\",\"%_wpgmp_location_country%\":\"France\",\"%_wpgmp_metabox_marker_id%\":\"a:1:{i:0;i:8;}\",\"%_wpgmp_map_id%\":\"a:1:{i:0;i:21;}\",\"%_wpgmp_metabox_latitude%\":\"43.2277206\",\"%_wpgmp_metabox_longitude%\":\"1.97518605\",\"%_wpgmp_metabox_location_redirect%\":\"post\",\"%_wpgmp_metabox_custom_link%\":\"\",\"%_wpgmp_metabox_taxomomies_terms%\":\"N;\",\"%_wpgmp_extensions_fields%\":\"N;\",\"%_wpml_word_count%\":\"104\",\"%_elementor_page_assets%\":\"\",\"taxonomy=category\":\"Ev\\u00e9nements ponctuels\",\"taxonomy=post_tag\":\"\",\"taxonomy=post_format\":\"\",\"taxonomy=translation_priority\":\"Opcional\"},\"icon\":\"https:\\\/\\\/collinescathares.com\\\/wp-content\\\/uploads\\\/2020\\\/07\\\/pointeur_vert.svg\"},\"id\":261762,\"custom_filters\":{\"type_r\":\"Randonn\\u00e9e, balade\",\"datetri_r\":\"1789689600\"},\"infowindow_disable\":false,\"categories\":[{\"icon\":\"https:\\\/\\\/collinescathares.com\\\/wp-content\\\/uploads\\\/2020\\\/07\\\/pointeur_vert.svg\",\"name\":\"Ev\\u00e9nements ponctuels\",\"id\":\"8\",\"type\":\"category\"}]},{\"source\":\"post\",\"title\":\"VISITE COMMENT\\u00c9E DE LAURAC\",\"infowindow_content\":\"<div class=\\\"fc-main\\\"><div class=\\\"fc-item-title\\\">VISITE COMMENT\\u00c9E DE LAURAC <span class=\\\"fc-badge info\\\">Ev\\u00e9nements ponctuels<\\\/span><\\\/div> <div class=\\\"fc-item-featured_image\\\"> <\\\/div>Suivez Serge Grill\\u00e8res \\u00e0 la d\\u00e9couverte de Laurac-le-Grand, un village au caract\\u00e8re fort, perch\\u00e9 sur l\\u2019un des points les plus \\u00e9lev\\u00e9s de la Pi\\u00e8ge. Ancien maire et passionn\\u00e9 par l&#8217;histoire de son village, Serge conna\\u00eet chaque pierre, chaque ruelle, chaque secret de ce lieu qui fut, au Moyen \\u00c2ge, le si\\u00e8ge de la principale seigneurie [&hellip;]<address><b>Adresse : <\\\/b>{marker_address}<\\\/address><a class=\\\"fc-btn fc-btn-small fc-btn-red\\\" href=\\\"https:\\\/\\\/collinescathares.com\\\/es\\\/evenements-ponctuels\\\/visite-commentee-de-laurac\\\/\\\">En savoir plus<\\\/a><\\\/div>\",\"content\":\"Suivez Serge Grill\\u00e8res \\u00e0 la d\\u00e9couverte de Laurac-le-Grand, un village au caract\\u00e8re fort, perch\\u00e9 sur l\\u2019un des points les plus \\u00e9lev\\u00e9s de la Pi\\u00e8ge. Ancien maire et passionn\\u00e9 par l&#8217;histoire de son village, Serge conna\\u00eet chaque pierre, chaque ruelle, chaque secret de ce lieu qui fut, au Moyen \\u00c2ge, le si\\u00e8ge de la principale seigneurie [&hellip;]\",\"address\":\"8 Rue du Pont 11270 LAURAC\",\"location\":{\"lat\":\"43.2277206\",\"city\":\"LAURAC\",\"country\":\"France\",\"lng\":\"1.97518605\",\"onclick_action\":\"post\",\"redirect_permalink\":\"https:\\\/\\\/collinescathares.com\\\/es\\\/evenements-ponctuels\\\/visite-commentee-de-laurac\\\/\",\"zoom\":10,\"extra_fields\":{\"%date_evenement_r%\":\"10 Juillet 2026\",\"%date_evenement_fin_r%\":\"10 Juillet 2026\",\"post_excerpt\":\"Suivez Serge Grill\\u00e8res \\u00e0 la d\\u00e9couverte de Laurac-le-Grand, un village au caract\\u00e8re fort, perch\\u00e9 sur l\\u2019un des points les plus \\u00e9lev\\u00e9s de la Pi\\u00e8ge. Ancien maire et passionn\\u00e9 par l&#8217;histoire de son village, Serge conna\\u00eet chaque pierre, chaque ruelle, chaque secret de ce lieu qui fut, au Moyen \\u00c2ge, le si\\u00e8ge de la principale seigneurie [&hellip;]\",\"post_content\":\"Suivez Serge Grill\\u00e8res \\u00e0 la d\\u00e9couverte de Laurac-le-Grand, un village au caract\\u00e8re fort, perch\\u00e9 sur l\\u2019un des points les plus \\u00e9lev\\u00e9s de la Pi\\u00e8ge. Ancien maire et passionn\\u00e9 par l'histoire de son village, Serge conna\\u00eet chaque pierre, chaque ruelle, chaque secret de ce lieu qui fut, au Moyen \\u00c2ge, le si\\u00e8ge de la principale seigneurie des alentours.\\n\\nAu fil de la visite, le village se d\\u00e9voile dans sa structure d\\u2019ancien castrum, remarquablement conserv\\u00e9e. De la Porte Sali\\u00e8ge jusqu'au Mur de Blanche, en passant par l'\\u00e9glise Saint-Laurent, on imagine sans peine l'organisation de la vie m\\u00e9di\\u00e9vale , tandis que le regard s\\u2019\\u00e9chappe vers de splendides panoramas sur la plaine et les collines lauragaises.\\n\\nVisite sur r\\u00e9servation : 04 68 24 75 45 \\\/ tourisme@ccplm.fr\",\"post_title\":\"VISITE COMMENT\\u00c9E DE LAURAC\",\"post_link\":\"https:\\\/\\\/collinescathares.com\\\/es\\\/evenements-ponctuels\\\/visite-commentee-de-laurac\\\/\",\"post_featured_image\":\"\",\"post_categories\":\"Ev\\u00e9nements ponctuels\",\"post_tags\":\"\",\"%_encloseme%\":\"1\",\"%ville_r%\":\"LAURAC\",\"%_ville_r%\":\"field_5efc3a17e12c5\",\"%cp_r%\":\"11270\",\"%_cp_r%\":\"field_5efc3a47e12ca\",\"%tarifs_r%\":\"\",\"%_tarifs_r%\":\"field_5efc3a22e12c6\",\"%adresse_r%\":\"8 Rue du Pont\",\"%_adresse_r%\":\"field_5efc3a2ee12c7\",\"%carte_r%\":\"8 Rue du Pont 11270 LAURAC, 43.2277206, 1.97518605, 14\",\"%_carte_r%\":\"field_5efc4ed05494a\",\"%labels_r%\":\"\",\"%_labels_r%\":\"field_5f3a47134470d\",\"%handicap_r%\":\"\",\"%_handicap_r%\":\"field_5f3a471a4470e\",\"%offres_promotionnelles_r%\":\"\",\"%_offres_promotionnelles_r%\":\"field_5f3a472d4470f\",\"%telephone_r%\":\"+33 4 68 24 75 45\",\"%_telephone_r%\":\"field_5efc3a39e12c8\",\"%email_r%\":\"tourisme@ccplm.fr\",\"%_email_r%\":\"field_5efc3a40e12c9\",\"%idunique_r%\":\"FMALAR011V51A8CM\",\"%_idunique_r%\":\"field_5f04335c562b3\",\"%site_r%\":\"https:\\\/\\\/collinescathares.com\\\/\",\"%_site_r%\":\"field_5efc4d652a106\",\"%_date_evenement_r%\":\"field_5f0348f37d5bd\",\"%_date_evenement_fin_r%\":\"field_5f3a4540d0781\",\"%horaires_evenement_r%\":\"19:00 \\\/ 21:00\",\"%_horaires_evenement_r%\":\"field_5f3a4550d0782\",\"%type_r%\":\"Visite guid\\u00e9e\",\"%_type_r%\":\"field_5f057b5365cd7\",\"%classification_r%\":\"\",\"%_classification_r%\":\"field_5f3a3af81a328\",\"%classement_prefectoral_r%\":\"\",\"%_classement_prefectoral_r%\":\"field_5f3a473444710\",\"%datetri_r%\":\"1783641600\",\"%_datetri_r%\":\"field_5f3a8a82002b1\",\"%langage_r%\":\"FR\",\"%_langage_r%\":\"field_5f3be5649f374\",\"%_wpgmp_location_address%\":\"8 Rue du Pont 11270 LAURAC\",\"%_wpgmp_location_city%\":\"LAURAC\",\"%_wpgmp_location_state%\":\"\",\"%_wpgmp_location_country%\":\"France\",\"%_wpgmp_metabox_marker_id%\":\"a:1:{i:0;i:8;}\",\"%_wpgmp_map_id%\":\"a:1:{i:0;i:21;}\",\"%_wpgmp_metabox_latitude%\":\"43.2277206\",\"%_wpgmp_metabox_longitude%\":\"1.97518605\",\"%_wpgmp_metabox_location_redirect%\":\"post\",\"%_wpgmp_metabox_custom_link%\":\"\",\"%_wpgmp_metabox_taxomomies_terms%\":\"N;\",\"%_wpgmp_extensions_fields%\":\"N;\",\"%_wpml_word_count%\":\"132\",\"%_elementor_page_assets%\":\"\",\"taxonomy=category\":\"Ev\\u00e9nements ponctuels\",\"taxonomy=post_tag\":\"\",\"taxonomy=post_format\":\"\",\"taxonomy=translation_priority\":\"Opcional\"},\"icon\":\"https:\\\/\\\/collinescathares.com\\\/wp-content\\\/uploads\\\/2020\\\/07\\\/pointeur_vert.svg\"},\"id\":261763,\"custom_filters\":{\"type_r\":\"Visite guid\\u00e9e\",\"datetri_r\":\"1783641600\"},\"infowindow_disable\":false,\"categories\":[{\"icon\":\"https:\\\/\\\/collinescathares.com\\\/wp-content\\\/uploads\\\/2020\\\/07\\\/pointeur_vert.svg\",\"name\":\"Ev\\u00e9nements ponctuels\",\"id\":\"8\",\"type\":\"category\"}]},{\"source\":\"post\",\"title\":\"VISITE COMMENT\\u00c9E DE LAURAC\",\"infowindow_content\":\"<div class=\\\"fc-main\\\"><div class=\\\"fc-item-title\\\">VISITE COMMENT\\u00c9E DE LAURAC <span class=\\\"fc-badge info\\\">Ev\\u00e9nements ponctuels<\\\/span><\\\/div> <div class=\\\"fc-item-featured_image\\\"> <\\\/div>Suivez Serge Grill\\u00e8res \\u00e0 la d\\u00e9couverte de Laurac-le-Grand, un village au caract\\u00e8re fort, perch\\u00e9 sur l\\u2019un des points les plus \\u00e9lev\\u00e9s de la Pi\\u00e8ge. Ancien maire et passionn\\u00e9 par l&#8217;histoire de son village, Serge conna\\u00eet chaque pierre, chaque ruelle, chaque secret de ce lieu qui fut, au Moyen \\u00c2ge, le si\\u00e8ge de la principale seigneurie [&hellip;]<address><b>Adresse : <\\\/b>{marker_address}<\\\/address><a class=\\\"fc-btn fc-btn-small fc-btn-red\\\" href=\\\"https:\\\/\\\/collinescathares.com\\\/es\\\/evenements-ponctuels\\\/visite-commentee-de-laurac-2\\\/\\\">En savoir plus<\\\/a><\\\/div>\",\"content\":\"Suivez Serge Grill\\u00e8res \\u00e0 la d\\u00e9couverte de Laurac-le-Grand, un village au caract\\u00e8re fort, perch\\u00e9 sur l\\u2019un des points les plus \\u00e9lev\\u00e9s de la Pi\\u00e8ge. Ancien maire et passionn\\u00e9 par l&#8217;histoire de son village, Serge conna\\u00eet chaque pierre, chaque ruelle, chaque secret de ce lieu qui fut, au Moyen \\u00c2ge, le si\\u00e8ge de la principale seigneurie [&hellip;]\",\"address\":\"8 Rue du Pont 11270 LAURAC\",\"location\":{\"lat\":\"43.2277206\",\"city\":\"LAURAC\",\"country\":\"France\",\"lng\":\"1.97518605\",\"onclick_action\":\"post\",\"redirect_permalink\":\"https:\\\/\\\/collinescathares.com\\\/es\\\/evenements-ponctuels\\\/visite-commentee-de-laurac-2\\\/\",\"zoom\":10,\"extra_fields\":{\"%date_evenement_r%\":\"30 Octobre 2026\",\"%date_evenement_fin_r%\":\"30 Octobre 2026\",\"post_excerpt\":\"Suivez Serge Grill\\u00e8res \\u00e0 la d\\u00e9couverte de Laurac-le-Grand, un village au caract\\u00e8re fort, perch\\u00e9 sur l\\u2019un des points les plus \\u00e9lev\\u00e9s de la Pi\\u00e8ge. Ancien maire et passionn\\u00e9 par l&#8217;histoire de son village, Serge conna\\u00eet chaque pierre, chaque ruelle, chaque secret de ce lieu qui fut, au Moyen \\u00c2ge, le si\\u00e8ge de la principale seigneurie [&hellip;]\",\"post_content\":\"Suivez Serge Grill\\u00e8res \\u00e0 la d\\u00e9couverte de Laurac-le-Grand, un village au caract\\u00e8re fort, perch\\u00e9 sur l\\u2019un des points les plus \\u00e9lev\\u00e9s de la Pi\\u00e8ge. Ancien maire et passionn\\u00e9 par l'histoire de son village, Serge conna\\u00eet chaque pierre, chaque ruelle, chaque secret de ce lieu qui fut, au Moyen \\u00c2ge, le si\\u00e8ge de la principale seigneurie des alentours.\\n\\nAu fil de la visite, le village se d\\u00e9voile dans sa structure d\\u2019ancien castrum, remarquablement conserv\\u00e9e. De la Porte Sali\\u00e8ge jusqu'au Mur de Blanche, en passant par l'\\u00e9glise Saint-Laurent, on imagine sans peine l'organisation de la vie m\\u00e9di\\u00e9vale , tandis que le regard s\\u2019\\u00e9chappe vers de splendides panoramas sur la plaine et les collines lauragaises.\\n\\nVisite sur r\\u00e9servation : 04 68 24 75 45 \\\/ tourisme@ccplm.fr\",\"post_title\":\"VISITE COMMENT\\u00c9E DE LAURAC\",\"post_link\":\"https:\\\/\\\/collinescathares.com\\\/es\\\/evenements-ponctuels\\\/visite-commentee-de-laurac-2\\\/\",\"post_featured_image\":\"\",\"post_categories\":\"Ev\\u00e9nements ponctuels\",\"post_tags\":\"\",\"%_encloseme%\":\"1\",\"%ville_r%\":\"LAURAC\",\"%_ville_r%\":\"field_5efc3a17e12c5\",\"%cp_r%\":\"11270\",\"%_cp_r%\":\"field_5efc3a47e12ca\",\"%tarifs_r%\":\"\",\"%_tarifs_r%\":\"field_5efc3a22e12c6\",\"%adresse_r%\":\"8 Rue du Pont\",\"%_adresse_r%\":\"field_5efc3a2ee12c7\",\"%carte_r%\":\"8 Rue du Pont 11270 LAURAC, 43.2277206, 1.97518605, 14\",\"%_carte_r%\":\"field_5efc4ed05494a\",\"%labels_r%\":\"\",\"%_labels_r%\":\"field_5f3a47134470d\",\"%handicap_r%\":\"\",\"%_handicap_r%\":\"field_5f3a471a4470e\",\"%offres_promotionnelles_r%\":\"\",\"%_offres_promotionnelles_r%\":\"field_5f3a472d4470f\",\"%telephone_r%\":\"+33 4 68 24 75 45\",\"%_telephone_r%\":\"field_5efc3a39e12c8\",\"%email_r%\":\"tourisme@ccplm.fr\",\"%_email_r%\":\"field_5efc3a40e12c9\",\"%idunique_r%\":\"FMALAR011V51A8CN\",\"%_idunique_r%\":\"field_5f04335c562b3\",\"%site_r%\":\"https:\\\/\\\/collinescathares.com\\\/\",\"%_site_r%\":\"field_5efc4d652a106\",\"%_date_evenement_r%\":\"field_5f0348f37d5bd\",\"%_date_evenement_fin_r%\":\"field_5f3a4540d0781\",\"%horaires_evenement_r%\":\"18:00 \\\/ 20:00\",\"%_horaires_evenement_r%\":\"field_5f3a4550d0782\",\"%type_r%\":\"Visite guid\\u00e9e\",\"%_type_r%\":\"field_5f057b5365cd7\",\"%classification_r%\":\"\",\"%_classification_r%\":\"field_5f3a3af81a328\",\"%classement_prefectoral_r%\":\"\",\"%_classement_prefectoral_r%\":\"field_5f3a473444710\",\"%datetri_r%\":\"1793318400\",\"%_datetri_r%\":\"field_5f3a8a82002b1\",\"%langage_r%\":\"FR\",\"%_langage_r%\":\"field_5f3be5649f374\",\"%_wpgmp_location_address%\":\"8 Rue du Pont 11270 LAURAC\",\"%_wpgmp_location_city%\":\"LAURAC\",\"%_wpgmp_location_state%\":\"\",\"%_wpgmp_location_country%\":\"France\",\"%_wpgmp_metabox_marker_id%\":\"a:1:{i:0;i:8;}\",\"%_wpgmp_map_id%\":\"a:1:{i:0;i:21;}\",\"%_wpgmp_metabox_latitude%\":\"43.2277206\",\"%_wpgmp_metabox_longitude%\":\"1.97518605\",\"%_wpgmp_metabox_location_redirect%\":\"post\",\"%_wpgmp_metabox_custom_link%\":\"\",\"%_wpgmp_metabox_taxomomies_terms%\":\"N;\",\"%_wpgmp_extensions_fields%\":\"N;\",\"%_wpml_word_count%\":\"132\",\"%_elementor_page_assets%\":\"\",\"taxonomy=category\":\"Ev\\u00e9nements ponctuels\",\"taxonomy=post_tag\":\"\",\"taxonomy=post_format\":\"\",\"taxonomy=translation_priority\":\"Opcional\"},\"icon\":\"https:\\\/\\\/collinescathares.com\\\/wp-content\\\/uploads\\\/2020\\\/07\\\/pointeur_vert.svg\"},\"id\":261764,\"custom_filters\":{\"type_r\":\"Visite guid\\u00e9e\",\"datetri_r\":\"1793318400\"},\"infowindow_disable\":false,\"categories\":[{\"icon\":\"https:\\\/\\\/collinescathares.com\\\/wp-content\\\/uploads\\\/2020\\\/07\\\/pointeur_vert.svg\",\"name\":\"Ev\\u00e9nements ponctuels\",\"id\":\"8\",\"type\":\"category\"}]},{\"source\":\"post\",\"title\":\"SC\\u00c8NES D&#8217;ENFANCE &#8211; CARTON &#8211; ATELIER\",\"infowindow_content\":\"<div class=\\\"fc-main\\\"><div class=\\\"fc-item-title\\\">SC\\u00c8NES D&#8217;ENFANCE &#8211; CARTON &#8211; ATELIER <span class=\\\"fc-badge info\\\">Ev\\u00e9nements ponctuels<\\\/span><\\\/div> <div class=\\\"fc-item-featured_image\\\"><div class=\\\"fc-feature-img\\\"><img alt=\\\"SC\\u00c8NES D&#8217;ENFANCE &#8211; CARTON &#8211; ATELIER\\\" width=\\\"300\\\" height=\\\"225\\\" src=\\\"https:\\\/\\\/collinescathares.com\\\/wp-content\\\/uploads\\\/2026\\\/02\\\/scenes-d-enfance-10-300x225.jpg\\\" class=\\\"wp-post-image   wpgmp_featured_image\\\" ><\\\/div> <\\\/div>Un atelier autour des mati\\u00e8res: du carton, du papier, du tissu, de v\\u00e9g\\u00e9taux et de min\\u00e9raux. Un avant spectacle inspirant ! R\\u00e9servation obligatoire. D\\u00e8s 3 ans.<address><b>Adresse : <\\\/b>{marker_address}<\\\/address><a class=\\\"fc-btn fc-btn-small fc-btn-red\\\" href=\\\"https:\\\/\\\/collinescathares.com\\\/es\\\/evenements-ponctuels\\\/scenes-denfance-carton-atelier\\\/\\\">En savoir plus<\\\/a><\\\/div>\",\"content\":\"Un atelier autour des mati\\u00e8res: du carton, du papier, du tissu, de v\\u00e9g\\u00e9taux et de min\\u00e9raux. Un avant spectacle inspirant ! R\\u00e9servation obligatoire. D\\u00e8s 3 ans.\",\"address\":\"1 Avenue Georges Clemenceau 11150 BRAM\",\"location\":{\"lat\":\"43.2402343\",\"city\":\"BRAM\",\"country\":\"France\",\"lng\":\"2.1095976\",\"onclick_action\":\"post\",\"redirect_permalink\":\"https:\\\/\\\/collinescathares.com\\\/es\\\/evenements-ponctuels\\\/scenes-denfance-carton-atelier\\\/\",\"zoom\":10,\"extra_fields\":{\"%date_evenement_r%\":\"18 Mars 2026\",\"%date_evenement_fin_r%\":\"18 Mars 2026\",\"post_excerpt\":\"Un atelier autour des mati\\u00e8res: du carton, du papier, du tissu, de v\\u00e9g\\u00e9taux et de min\\u00e9raux. Un avant spectacle inspirant ! R\\u00e9servation obligatoire. D\\u00e8s 3 ans.\",\"post_content\":\"Un atelier autour des mati\\u00e8res: du carton, du papier, du tissu, de v\\u00e9g\\u00e9taux et de min\\u00e9raux. Un avant spectacle inspirant ! \\nR\\u00e9servation obligatoire. D\\u00e8s 3 ans.\",\"post_title\":\"SC\\u00c8NES D&#8217;ENFANCE &#8211; CARTON &#8211; ATELIER\",\"post_link\":\"https:\\\/\\\/collinescathares.com\\\/es\\\/evenements-ponctuels\\\/scenes-denfance-carton-atelier\\\/\",\"post_featured_image\":\"<div class=\\\"fc-feature-img\\\"><img alt=\\\"SC\\u00c8NES D&#8217;ENFANCE &#8211; CARTON &#8211; ATELIER\\\" width=\\\"300\\\" height=\\\"225\\\" src=\\\"https:\\\/\\\/collinescathares.com\\\/wp-content\\\/uploads\\\/2026\\\/02\\\/scenes-d-enfance-10-300x225.jpg\\\" class=\\\"wp-post-image   wpgmp_featured_image\\\" ><\\\/div>\",\"post_categories\":\"Ev\\u00e9nements ponctuels\",\"post_tags\":\"\",\"%_encloseme%\":\"1\",\"%_thumbnail_id%\":\"261750\",\"%ville_r%\":\"BRAM\",\"%_ville_r%\":\"field_5efc3a17e12c5\",\"%cp_r%\":\"11150\",\"%_cp_r%\":\"field_5efc3a47e12ca\",\"%tarifs_r%\":\"\",\"%_tarifs_r%\":\"field_5efc3a22e12c6\",\"%adresse_r%\":\"1 Avenue Georges Clemenceau\",\"%_adresse_r%\":\"field_5efc3a2ee12c7\",\"%carte_r%\":\"1 Avenue Georges Clemenceau 11150 BRAM, 43.2402343, 2.1095976, 14\",\"%_carte_r%\":\"field_5efc4ed05494a\",\"%labels_r%\":\"\",\"%_labels_r%\":\"field_5f3a47134470d\",\"%handicap_r%\":\"\",\"%_handicap_r%\":\"field_5f3a471a4470e\",\"%offres_promotionnelles_r%\":\"\",\"%_offres_promotionnelles_r%\":\"field_5f3a472d4470f\",\"%telephone_r%\":\"+33 4 68 76 50 07\",\"%_telephone_r%\":\"field_5efc3a39e12c8\",\"%email_r%\":\"\",\"%_email_r%\":\"field_5efc3a40e12c9\",\"%idunique_r%\":\"FMALAR011V51A7Y9\",\"%_idunique_r%\":\"field_5f04335c562b3\",\"%site_r%\":\"\",\"%_site_r%\":\"field_5efc4d652a106\",\"%_date_evenement_r%\":\"field_5f0348f37d5bd\",\"%_date_evenement_fin_r%\":\"field_5f3a4540d0781\",\"%horaires_evenement_r%\":\"09:30\",\"%_horaires_evenement_r%\":\"field_5f3a4550d0782\",\"%type_r%\":\"Stage \\\/ Atelier\",\"%_type_r%\":\"field_5f057b5365cd7\",\"%classification_r%\":\"\",\"%_classification_r%\":\"field_5f3a3af81a328\",\"%classement_prefectoral_r%\":\"\",\"%_classement_prefectoral_r%\":\"field_5f3a473444710\",\"%datetri_r%\":\"1773792000\",\"%_datetri_r%\":\"field_5f3a8a82002b1\",\"%langage_r%\":\"FR\",\"%_langage_r%\":\"field_5f3be5649f374\",\"%_wpgmp_location_address%\":\"1 Avenue Georges Clemenceau 11150 BRAM\",\"%_wpgmp_location_city%\":\"BRAM\",\"%_wpgmp_location_state%\":\"\",\"%_wpgmp_location_country%\":\"France\",\"%_wpgmp_metabox_marker_id%\":\"a:1:{i:0;i:8;}\",\"%_wpgmp_map_id%\":\"a:1:{i:0;i:21;}\",\"%_wpgmp_metabox_latitude%\":\"43.2402343\",\"%_wpgmp_metabox_longitude%\":\"2.1095976\",\"%_wpgmp_metabox_location_redirect%\":\"post\",\"%_wpgmp_metabox_custom_link%\":\"\",\"%_wpgmp_metabox_taxomomies_terms%\":\"N;\",\"%_wpgmp_extensions_fields%\":\"N;\",\"%_wpml_word_count%\":\"34\",\"%_elementor_page_assets%\":\"\",\"taxonomy=category\":\"Ev\\u00e9nements ponctuels\",\"taxonomy=post_tag\":\"\",\"taxonomy=post_format\":\"\",\"taxonomy=translation_priority\":\"Opcional\"},\"icon\":\"https:\\\/\\\/collinescathares.com\\\/wp-content\\\/uploads\\\/2020\\\/07\\\/pointeur_vert.svg\"},\"id\":261755,\"custom_filters\":{\"type_r\":\"Stage \\\/ Atelier\",\"datetri_r\":\"1773792000\"},\"infowindow_disable\":false,\"categories\":[{\"icon\":\"https:\\\/\\\/collinescathares.com\\\/wp-content\\\/uploads\\\/2020\\\/07\\\/pointeur_vert.svg\",\"name\":\"Ev\\u00e9nements ponctuels\",\"id\":\"8\",\"type\":\"category\"}]},{\"source\":\"post\",\"title\":\"SC\\u00c8NES D&#8217;ENFANCE &#8211; CARTON\",\"infowindow_content\":\"<div class=\\\"fc-main\\\"><div class=\\\"fc-item-title\\\">SC\\u00c8NES D&#8217;ENFANCE &#8211; CARTON <span class=\\\"fc-badge info\\\">Ev\\u00e9nements ponctuels<\\\/span><\\\/div> <div class=\\\"fc-item-featured_image\\\"><div class=\\\"fc-feature-img\\\"><img alt=\\\"SC\\u00c8NES D&#8217;ENFANCE &#8211; CARTON\\\" width=\\\"300\\\" height=\\\"225\\\" src=\\\"https:\\\/\\\/collinescathares.com\\\/wp-content\\\/uploads\\\/2026\\\/02\\\/scenes-d-enfance-10-300x225.jpg\\\" class=\\\"wp-post-image   wpgmp_featured_image\\\" ><\\\/div> <\\\/div>Une grande cabane, fabrique \\u00e0 id\\u00e9es pas vraies, mais tellement vraies. Une fabrique \\u00e0 id\\u00e9es souvent un peu folles, parfois po\\u00e9tiques et un peu dr\\u00f4les aussi. Dans notre cabane, il y aura tout ce qu&#8217;il faut, c&#8217;est-\\u00e0-dire trois fois rien : ciseaux, papier, carton, crayons et une guitare pour fabriquer nos r\\u00eaves ou nos id\\u00e9es [&hellip;]<address><b>Adresse : <\\\/b>{marker_address}<\\\/address><a class=\\\"fc-btn fc-btn-small fc-btn-red\\\" href=\\\"https:\\\/\\\/collinescathares.com\\\/es\\\/evenements-ponctuels\\\/scenes-denfance-carton-2\\\/\\\">En savoir plus<\\\/a><\\\/div>\",\"content\":\"Une grande cabane, fabrique \\u00e0 id\\u00e9es pas vraies, mais tellement vraies. Une fabrique \\u00e0 id\\u00e9es souvent un peu folles, parfois po\\u00e9tiques et un peu dr\\u00f4les aussi. Dans notre cabane, il y aura tout ce qu&#8217;il faut, c&#8217;est-\\u00e0-dire trois fois rien : ciseaux, papier, carton, crayons et une guitare pour fabriquer nos r\\u00eaves ou nos id\\u00e9es [&hellip;]\",\"address\":\"1 Avenue Georges Clemenceau 11150 BRAM\",\"location\":{\"lat\":\"43.2402343\",\"city\":\"BRAM\",\"country\":\"France\",\"lng\":\"2.1095976\",\"onclick_action\":\"post\",\"redirect_permalink\":\"https:\\\/\\\/collinescathares.com\\\/es\\\/evenements-ponctuels\\\/scenes-denfance-carton-2\\\/\",\"zoom\":10,\"extra_fields\":{\"%date_evenement_r%\":\"18 Mars 2026\",\"%date_evenement_fin_r%\":\"18 Mars 2026\",\"post_excerpt\":\"Une grande cabane, fabrique \\u00e0 id\\u00e9es pas vraies, mais tellement vraies. Une fabrique \\u00e0 id\\u00e9es souvent un peu folles, parfois po\\u00e9tiques et un peu dr\\u00f4les aussi. Dans notre cabane, il y aura tout ce qu&#8217;il faut, c&#8217;est-\\u00e0-dire trois fois rien : ciseaux, papier, carton, crayons et une guitare pour fabriquer nos r\\u00eaves ou nos id\\u00e9es [&hellip;]\",\"post_content\":\"Une grande cabane, fabrique \\u00e0 id\\u00e9es pas vraies, mais tellement vraies. Une fabrique \\u00e0 id\\u00e9es souvent un peu folles, parfois po\\u00e9tiques et un peu dr\\u00f4les aussi.\\nDans notre cabane, il y aura tout ce qu'il faut, c'est-\\u00e0-dire trois fois rien : ciseaux, papier, carton, crayons et une guitare pour fabriquer nos r\\u00eaves ou nos id\\u00e9es les plus tordues. \\nR\\u00e9servation obligatoire. \\nD\\u00e8s 3 ans.\",\"post_title\":\"SC\\u00c8NES D&#8217;ENFANCE &#8211; CARTON\",\"post_link\":\"https:\\\/\\\/collinescathares.com\\\/es\\\/evenements-ponctuels\\\/scenes-denfance-carton-2\\\/\",\"post_featured_image\":\"<div class=\\\"fc-feature-img\\\"><img alt=\\\"SC\\u00c8NES D&#8217;ENFANCE &#8211; CARTON\\\" width=\\\"300\\\" height=\\\"225\\\" src=\\\"https:\\\/\\\/collinescathares.com\\\/wp-content\\\/uploads\\\/2026\\\/02\\\/scenes-d-enfance-10-300x225.jpg\\\" class=\\\"wp-post-image   wpgmp_featured_image\\\" ><\\\/div>\",\"post_categories\":\"Ev\\u00e9nements ponctuels\",\"post_tags\":\"\",\"%_encloseme%\":\"1\",\"%_thumbnail_id%\":\"261750\",\"%ville_r%\":\"BRAM\",\"%_ville_r%\":\"field_5efc3a17e12c5\",\"%cp_r%\":\"11150\",\"%_cp_r%\":\"field_5efc3a47e12ca\",\"%tarifs_r%\":\"\",\"%_tarifs_r%\":\"field_5efc3a22e12c6\",\"%adresse_r%\":\"1 Avenue Georges Clemenceau\",\"%_adresse_r%\":\"field_5efc3a2ee12c7\",\"%carte_r%\":\"1 Avenue Georges Clemenceau 11150 BRAM, 43.2402343, 2.1095976, 14\",\"%_carte_r%\":\"field_5efc4ed05494a\",\"%labels_r%\":\"\",\"%_labels_r%\":\"field_5f3a47134470d\",\"%handicap_r%\":\"\",\"%_handicap_r%\":\"field_5f3a471a4470e\",\"%offres_promotionnelles_r%\":\"\",\"%_offres_promotionnelles_r%\":\"field_5f3a472d4470f\",\"%telephone_r%\":\"+33 4 68 76 50 07\",\"%_telephone_r%\":\"field_5efc3a39e12c8\",\"%email_r%\":\"\",\"%_email_r%\":\"field_5efc3a40e12c9\",\"%idunique_r%\":\"FMALAR011V51A7YD\",\"%_idunique_r%\":\"field_5f04335c562b3\",\"%site_r%\":\"\",\"%_site_r%\":\"field_5efc4d652a106\",\"%_date_evenement_r%\":\"field_5f0348f37d5bd\",\"%_date_evenement_fin_r%\":\"field_5f3a4540d0781\",\"%horaires_evenement_r%\":\"16:00\",\"%_horaires_evenement_r%\":\"field_5f3a4550d0782\",\"%type_r%\":\"Spectacle\",\"%_type_r%\":\"field_5f057b5365cd7\",\"%classification_r%\":\"\",\"%_classification_r%\":\"field_5f3a3af81a328\",\"%classement_prefectoral_r%\":\"\",\"%_classement_prefectoral_r%\":\"field_5f3a473444710\",\"%datetri_r%\":\"1773792000\",\"%_datetri_r%\":\"field_5f3a8a82002b1\",\"%langage_r%\":\"FR\",\"%_langage_r%\":\"field_5f3be5649f374\",\"%_wpgmp_location_address%\":\"1 Avenue Georges Clemenceau 11150 BRAM\",\"%_wpgmp_location_city%\":\"BRAM\",\"%_wpgmp_location_state%\":\"\",\"%_wpgmp_location_country%\":\"France\",\"%_wpgmp_metabox_marker_id%\":\"a:1:{i:0;i:8;}\",\"%_wpgmp_map_id%\":\"a:1:{i:0;i:21;}\",\"%_wpgmp_metabox_latitude%\":\"43.2402343\",\"%_wpgmp_metabox_longitude%\":\"2.1095976\",\"%_wpgmp_metabox_location_redirect%\":\"post\",\"%_wpgmp_metabox_custom_link%\":\"\",\"%_wpgmp_metabox_taxomomies_terms%\":\"N;\",\"%_wpgmp_extensions_fields%\":\"N;\",\"%_wpml_word_count%\":\"69\",\"%_elementor_page_assets%\":\"\",\"taxonomy=category\":\"Ev\\u00e9nements ponctuels\",\"taxonomy=post_tag\":\"\",\"taxonomy=post_format\":\"\",\"taxonomy=translation_priority\":\"Opcional\"},\"icon\":\"https:\\\/\\\/collinescathares.com\\\/wp-content\\\/uploads\\\/2020\\\/07\\\/pointeur_vert.svg\"},\"id\":261756,\"custom_filters\":{\"type_r\":\"Spectacle\",\"datetri_r\":\"1773792000\"},\"infowindow_disable\":false,\"categories\":[{\"icon\":\"https:\\\/\\\/collinescathares.com\\\/wp-content\\\/uploads\\\/2020\\\/07\\\/pointeur_vert.svg\",\"name\":\"Ev\\u00e9nements ponctuels\",\"id\":\"8\",\"type\":\"category\"}]},{\"source\":\"post\",\"title\":\"SC\\u00c8NES D&#8217;ENFANCE &#8211; CARTON\",\"infowindow_content\":\"<div class=\\\"fc-main\\\"><div class=\\\"fc-item-title\\\">SC\\u00c8NES D&#8217;ENFANCE &#8211; CARTON <span class=\\\"fc-badge info\\\">Ev\\u00e9nements ponctuels<\\\/span><\\\/div> <div class=\\\"fc-item-featured_image\\\"><div class=\\\"fc-feature-img\\\"><img alt=\\\"SC\\u00c8NES D&#8217;ENFANCE &#8211; CARTON\\\" width=\\\"300\\\" height=\\\"225\\\" src=\\\"https:\\\/\\\/collinescathares.com\\\/wp-content\\\/uploads\\\/2026\\\/02\\\/scenes-d-enfance-10-300x225.jpg\\\" class=\\\"wp-post-image   wpgmp_featured_image\\\" ><\\\/div> <\\\/div>Une grande cabane, fabrique \\u00e0 id\\u00e9es pas vraies, mais tellement vraies. Une fabrique \\u00e0 id\\u00e9es souvent un peu folles, parfois po\\u00e9tiques et un peu dr\\u00f4les aussi. Dans notre cabane, il y aura tout ce qu&#8217;il faut, c&#8217;est-\\u00e0-dire trois fois rien : ciseaux, papier, carton, crayons et une guitare pour fabriquer nos r\\u00eaves ou nos id\\u00e9es [&hellip;]<address><b>Adresse : <\\\/b>{marker_address}<\\\/address><a class=\\\"fc-btn fc-btn-small fc-btn-red\\\" href=\\\"https:\\\/\\\/collinescathares.com\\\/es\\\/evenements-ponctuels\\\/scenes-denfance-carton-3\\\/\\\">En savoir plus<\\\/a><\\\/div>\",\"content\":\"Une grande cabane, fabrique \\u00e0 id\\u00e9es pas vraies, mais tellement vraies. Une fabrique \\u00e0 id\\u00e9es souvent un peu folles, parfois po\\u00e9tiques et un peu dr\\u00f4les aussi. Dans notre cabane, il y aura tout ce qu&#8217;il faut, c&#8217;est-\\u00e0-dire trois fois rien : ciseaux, papier, carton, crayons et une guitare pour fabriquer nos r\\u00eaves ou nos id\\u00e9es [&hellip;]\",\"address\":\"1 Avenue Georges Clemenceau 11150 BRAM\",\"location\":{\"lat\":\"43.2402343\",\"city\":\"BRAM\",\"country\":\"France\",\"lng\":\"2.1095976\",\"onclick_action\":\"post\",\"redirect_permalink\":\"https:\\\/\\\/collinescathares.com\\\/es\\\/evenements-ponctuels\\\/scenes-denfance-carton-3\\\/\",\"zoom\":10,\"extra_fields\":{\"%date_evenement_r%\":\"18 Mars 2026\",\"%date_evenement_fin_r%\":\"18 Mars 2026\",\"post_excerpt\":\"Une grande cabane, fabrique \\u00e0 id\\u00e9es pas vraies, mais tellement vraies. Une fabrique \\u00e0 id\\u00e9es souvent un peu folles, parfois po\\u00e9tiques et un peu dr\\u00f4les aussi. Dans notre cabane, il y aura tout ce qu&#8217;il faut, c&#8217;est-\\u00e0-dire trois fois rien : ciseaux, papier, carton, crayons et une guitare pour fabriquer nos r\\u00eaves ou nos id\\u00e9es [&hellip;]\",\"post_content\":\"Une grande cabane, fabrique \\u00e0 id\\u00e9es pas vraies, mais tellement vraies. Une fabrique \\u00e0 id\\u00e9es souvent un peu folles, parfois po\\u00e9tiques et un peu dr\\u00f4les aussi.\\nDans notre cabane, il y aura tout ce qu'il faut, c'est-\\u00e0-dire trois fois rien : ciseaux, papier, carton, crayons et une guitare pour fabriquer nos r\\u00eaves ou nos id\\u00e9es les plus tordues. \\nR\\u00e9servation obligatoire. \\nD\\u00e8s 3 ans.\",\"post_title\":\"SC\\u00c8NES D&#8217;ENFANCE &#8211; CARTON\",\"post_link\":\"https:\\\/\\\/collinescathares.com\\\/es\\\/evenements-ponctuels\\\/scenes-denfance-carton-3\\\/\",\"post_featured_image\":\"<div class=\\\"fc-feature-img\\\"><img alt=\\\"SC\\u00c8NES D&#8217;ENFANCE &#8211; CARTON\\\" width=\\\"300\\\" height=\\\"225\\\" src=\\\"https:\\\/\\\/collinescathares.com\\\/wp-content\\\/uploads\\\/2026\\\/02\\\/scenes-d-enfance-10-300x225.jpg\\\" class=\\\"wp-post-image   wpgmp_featured_image\\\" ><\\\/div>\",\"post_categories\":\"Ev\\u00e9nements ponctuels\",\"post_tags\":\"\",\"%_encloseme%\":\"1\",\"%_thumbnail_id%\":\"261750\",\"%ville_r%\":\"BRAM\",\"%_ville_r%\":\"field_5efc3a17e12c5\",\"%cp_r%\":\"11150\",\"%_cp_r%\":\"field_5efc3a47e12ca\",\"%tarifs_r%\":\"\",\"%_tarifs_r%\":\"field_5efc3a22e12c6\",\"%adresse_r%\":\"1 Avenue Georges Clemenceau\",\"%_adresse_r%\":\"field_5efc3a2ee12c7\",\"%carte_r%\":\"1 Avenue Georges Clemenceau 11150 BRAM, 43.2402343, 2.1095976, 14\",\"%_carte_r%\":\"field_5efc4ed05494a\",\"%labels_r%\":\"\",\"%_labels_r%\":\"field_5f3a47134470d\",\"%handicap_r%\":\"\",\"%_handicap_r%\":\"field_5f3a471a4470e\",\"%offres_promotionnelles_r%\":\"\",\"%_offres_promotionnelles_r%\":\"field_5f3a472d4470f\",\"%telephone_r%\":\"+33 4 68 76 50 07\",\"%_telephone_r%\":\"field_5efc3a39e12c8\",\"%email_r%\":\"\",\"%_email_r%\":\"field_5efc3a40e12c9\",\"%idunique_r%\":\"FMALAR011V51A85J\",\"%_idunique_r%\":\"field_5f04335c562b3\",\"%site_r%\":\"\",\"%_site_r%\":\"field_5efc4d652a106\",\"%_date_evenement_r%\":\"field_5f0348f37d5bd\",\"%_date_evenement_fin_r%\":\"field_5f3a4540d0781\",\"%horaires_evenement_r%\":\"10:30\",\"%_horaires_evenement_r%\":\"field_5f3a4550d0782\",\"%type_r%\":\"Spectacle\",\"%_type_r%\":\"field_5f057b5365cd7\",\"%classification_r%\":\"\",\"%_classification_r%\":\"field_5f3a3af81a328\",\"%classement_prefectoral_r%\":\"\",\"%_classement_prefectoral_r%\":\"field_5f3a473444710\",\"%datetri_r%\":\"1773792000\",\"%_datetri_r%\":\"field_5f3a8a82002b1\",\"%langage_r%\":\"FR\",\"%_langage_r%\":\"field_5f3be5649f374\",\"%_wpgmp_location_address%\":\"1 Avenue Georges Clemenceau 11150 BRAM\",\"%_wpgmp_location_city%\":\"BRAM\",\"%_wpgmp_location_state%\":\"\",\"%_wpgmp_location_country%\":\"France\",\"%_wpgmp_metabox_marker_id%\":\"a:1:{i:0;i:8;}\",\"%_wpgmp_map_id%\":\"a:1:{i:0;i:21;}\",\"%_wpgmp_metabox_latitude%\":\"43.2402343\",\"%_wpgmp_metabox_longitude%\":\"2.1095976\",\"%_wpgmp_metabox_location_redirect%\":\"post\",\"%_wpgmp_metabox_custom_link%\":\"\",\"%_wpgmp_metabox_taxomomies_terms%\":\"N;\",\"%_wpgmp_extensions_fields%\":\"N;\",\"%_wpml_word_count%\":\"69\",\"%_elementor_page_assets%\":\"\",\"taxonomy=category\":\"Ev\\u00e9nements ponctuels\",\"taxonomy=post_tag\":\"\",\"taxonomy=post_format\":\"\",\"taxonomy=translation_priority\":\"Opcional\"},\"icon\":\"https:\\\/\\\/collinescathares.com\\\/wp-content\\\/uploads\\\/2020\\\/07\\\/pointeur_vert.svg\"},\"id\":261757,\"custom_filters\":{\"type_r\":\"Spectacle\",\"datetri_r\":\"1773792000\"},\"infowindow_disable\":false,\"categories\":[{\"icon\":\"https:\\\/\\\/collinescathares.com\\\/wp-content\\\/uploads\\\/2020\\\/07\\\/pointeur_vert.svg\",\"name\":\"Ev\\u00e9nements ponctuels\",\"id\":\"8\",\"type\":\"category\"}]},{\"source\":\"post\",\"title\":\"RANDONN\\u00c9E CONT\\u00c9E SUR LE SENTIER HISTORIQUE DE LAURAC ET VISITE DU VILLAGE\",\"infowindow_content\":\"<div class=\\\"fc-main\\\"><div class=\\\"fc-item-title\\\">RANDONN\\u00c9E CONT\\u00c9E SUR LE SENTIER HISTORIQUE DE LAURAC ET VISITE DU VILLAGE <span class=\\\"fc-badge info\\\">Ev\\u00e9nements ponctuels<\\\/span><\\\/div> <div class=\\\"fc-item-featured_image\\\"> <\\\/div>En soir\\u00e9e, partez \\u00e0 la d\\u00e9couverte de Laurac-le-Grand et laissez-vous s\\u00e9duire par son histoire et ses paysages d\\u2019exception. Serge Grill\\u00e8res, habitant du village et ancien maire, fera revivre le pass\\u00e9 m\\u00e9di\\u00e9val de ce joli bourg, ancien si\\u00e8ge de la principale seigneurie des alentours. Au programme : &#8211; Randonn\\u00e9e cont\\u00e9e sur le sentier historique entourant le [&hellip;]<address><b>Adresse : <\\\/b>{marker_address}<\\\/address><a class=\\\"fc-btn fc-btn-small fc-btn-red\\\" href=\\\"https:\\\/\\\/collinescathares.com\\\/es\\\/evenements-ponctuels\\\/randonnee-contee-sur-le-sentier-historique-de-laurac-et-visite-du-village\\\/\\\">En savoir plus<\\\/a><\\\/div>\",\"content\":\"En soir\\u00e9e, partez \\u00e0 la d\\u00e9couverte de Laurac-le-Grand et laissez-vous s\\u00e9duire par son histoire et ses paysages d\\u2019exception. Serge Grill\\u00e8res, habitant du village et ancien maire, fera revivre le pass\\u00e9 m\\u00e9di\\u00e9val de ce joli bourg, ancien si\\u00e8ge de la principale seigneurie des alentours. Au programme : &#8211; Randonn\\u00e9e cont\\u00e9e sur le sentier historique entourant le [&hellip;]\",\"address\":\"8 Rue du Pont 11270 LAURAC\",\"location\":{\"lat\":\"43.2277206\",\"city\":\"LAURAC\",\"country\":\"France\",\"lng\":\"1.97518605\",\"onclick_action\":\"post\",\"redirect_permalink\":\"https:\\\/\\\/collinescathares.com\\\/es\\\/evenements-ponctuels\\\/randonnee-contee-sur-le-sentier-historique-de-laurac-et-visite-du-village\\\/\",\"zoom\":10,\"extra_fields\":{\"%date_evenement_r%\":\"29 Mai 2026\",\"%date_evenement_fin_r%\":\"29 Mai 2026\",\"post_excerpt\":\"En soir\\u00e9e, partez \\u00e0 la d\\u00e9couverte de Laurac-le-Grand et laissez-vous s\\u00e9duire par son histoire et ses paysages d\\u2019exception. Serge Grill\\u00e8res, habitant du village et ancien maire, fera revivre le pass\\u00e9 m\\u00e9di\\u00e9val de ce joli bourg, ancien si\\u00e8ge de la principale seigneurie des alentours. Au programme : &#8211; Randonn\\u00e9e cont\\u00e9e sur le sentier historique entourant le [&hellip;]\",\"post_content\":\"En soir\\u00e9e, partez \\u00e0 la d\\u00e9couverte de Laurac-le-Grand et laissez-vous s\\u00e9duire par son histoire et ses paysages d\\u2019exception.  Serge Grill\\u00e8res, habitant du village et ancien maire, fera revivre le pass\\u00e9 m\\u00e9di\\u00e9val de ce joli bourg, ancien si\\u00e8ge de la principale seigneurie des alentours.\\nAu programme :\\n- Randonn\\u00e9e cont\\u00e9e sur le sentier historique entourant le village (pr\\u00e9voir chaussures de randonn\\u00e9e, eau, casquette) ;\\n- Pique-nique tir\\u00e9 du sac au Puy du Faucher ;\\n- Visite comment\\u00e9e du village.\\n\\nAnimation sur r\\u00e9servation : 04 68 24 75 45 \\\/ tourisme@ccplm.fr\",\"post_title\":\"RANDONN\\u00c9E CONT\\u00c9E SUR LE SENTIER HISTORIQUE DE LAURAC ET VISITE DU VILLAGE\",\"post_link\":\"https:\\\/\\\/collinescathares.com\\\/es\\\/evenements-ponctuels\\\/randonnee-contee-sur-le-sentier-historique-de-laurac-et-visite-du-village\\\/\",\"post_featured_image\":\"\",\"post_categories\":\"Ev\\u00e9nements ponctuels\",\"post_tags\":\"\",\"%_encloseme%\":\"1\",\"%ville_r%\":\"LAURAC\",\"%_ville_r%\":\"field_5efc3a17e12c5\",\"%cp_r%\":\"11270\",\"%_cp_r%\":\"field_5efc3a47e12ca\",\"%tarifs_r%\":\"\",\"%_tarifs_r%\":\"field_5efc3a22e12c6\",\"%adresse_r%\":\"8 Rue du Pont\",\"%_adresse_r%\":\"field_5efc3a2ee12c7\",\"%carte_r%\":\"8 Rue du Pont 11270 LAURAC, 43.2277206, 1.97518605, 14\",\"%_carte_r%\":\"field_5efc4ed05494a\",\"%labels_r%\":\"\",\"%_labels_r%\":\"field_5f3a47134470d\",\"%handicap_r%\":\"\",\"%_handicap_r%\":\"field_5f3a471a4470e\",\"%offres_promotionnelles_r%\":\"\",\"%_offres_promotionnelles_r%\":\"field_5f3a472d4470f\",\"%telephone_r%\":\"+33 4 68 24 75 45\",\"%_telephone_r%\":\"field_5efc3a39e12c8\",\"%email_r%\":\"tourisme@ccplm.fr\",\"%_email_r%\":\"field_5efc3a40e12c9\",\"%idunique_r%\":\"FMALAR011V51A8AO\",\"%_idunique_r%\":\"field_5f04335c562b3\",\"%site_r%\":\"https:\\\/\\\/collinescathares.com\\\/\",\"%_site_r%\":\"field_5efc4d652a106\",\"%_date_evenement_r%\":\"field_5f0348f37d5bd\",\"%_date_evenement_fin_r%\":\"field_5f3a4540d0781\",\"%horaires_evenement_r%\":\"18:00 \\\/ 22:00\",\"%_horaires_evenement_r%\":\"field_5f3a4550d0782\",\"%type_r%\":\"Randonn\\u00e9e, balade\",\"%_type_r%\":\"field_5f057b5365cd7\",\"%classification_r%\":\"\",\"%_classification_r%\":\"field_5f3a3af81a328\",\"%classement_prefectoral_r%\":\"\",\"%_classement_prefectoral_r%\":\"field_5f3a473444710\",\"%datetri_r%\":\"1780012800\",\"%_datetri_r%\":\"field_5f3a8a82002b1\",\"%langage_r%\":\"FR\",\"%_langage_r%\":\"field_5f3be5649f374\",\"%_wpgmp_location_address%\":\"8 Rue du Pont 11270 LAURAC\",\"%_wpgmp_location_city%\":\"LAURAC\",\"%_wpgmp_location_state%\":\"\",\"%_wpgmp_location_country%\":\"France\",\"%_wpgmp_metabox_marker_id%\":\"a:1:{i:0;i:8;}\",\"%_wpgmp_map_id%\":\"a:1:{i:0;i:21;}\",\"%_wpgmp_metabox_latitude%\":\"43.2277206\",\"%_wpgmp_metabox_longitude%\":\"1.97518605\",\"%_wpgmp_metabox_location_redirect%\":\"post\",\"%_wpgmp_metabox_custom_link%\":\"\",\"%_wpgmp_metabox_taxomomies_terms%\":\"N;\",\"%_wpgmp_extensions_fields%\":\"N;\",\"%_wpml_word_count%\":\"104\",\"taxonomy=category\":\"Ev\\u00e9nements ponctuels\",\"taxonomy=post_tag\":\"\",\"taxonomy=post_format\":\"\",\"taxonomy=translation_priority\":\"Opcional\"},\"icon\":\"https:\\\/\\\/collinescathares.com\\\/wp-content\\\/uploads\\\/2020\\\/07\\\/pointeur_vert.svg\"},\"id\":261758,\"custom_filters\":{\"type_r\":\"Randonn\\u00e9e, balade\",\"datetri_r\":\"1780012800\"},\"infowindow_disable\":false,\"categories\":[{\"icon\":\"https:\\\/\\\/collinescathares.com\\\/wp-content\\\/uploads\\\/2020\\\/07\\\/pointeur_vert.svg\",\"name\":\"Ev\\u00e9nements ponctuels\",\"id\":\"8\",\"type\":\"category\"}]},{\"source\":\"post\",\"title\":\"SC\\u00c8NES D&#8217;ENFANCE &#8211; CARTON\",\"infowindow_content\":\"<div class=\\\"fc-main\\\"><div class=\\\"fc-item-title\\\">SC\\u00c8NES D&#8217;ENFANCE &#8211; CARTON <span class=\\\"fc-badge info\\\">Ev\\u00e9nements ponctuels<\\\/span><\\\/div> <div class=\\\"fc-item-featured_image\\\"><div class=\\\"fc-feature-img\\\"><img alt=\\\"SC\\u00c8NES D&#8217;ENFANCE &#8211; CARTON\\\" width=\\\"300\\\" height=\\\"225\\\" src=\\\"https:\\\/\\\/collinescathares.com\\\/wp-content\\\/uploads\\\/2026\\\/02\\\/scenes-d-enfance-10-300x225.jpg\\\" class=\\\"wp-post-image   wpgmp_featured_image\\\" ><\\\/div> <\\\/div>Une grande cabane, fabrique \\u00e0 id\\u00e9es pas vraies, mais tellement vraies. Une fabrique \\u00e0 id\\u00e9es souvent un peu folles, parfois po\\u00e9tiques et un peu dr\\u00f4les aussi. Dans notre cabane, il y aura tout ce qu&#8217;il faut, c&#8217;est-\\u00e0-dire trois fois rien : ciseaux, papier, carton, crayons et une guitare pour fabriquer nos r\\u00eaves ou nos id\\u00e9es [&hellip;]<address><b>Adresse : <\\\/b>{marker_address}<\\\/address><a class=\\\"fc-btn fc-btn-small fc-btn-red\\\" href=\\\"https:\\\/\\\/collinescathares.com\\\/es\\\/evenements-ponctuels\\\/scenes-denfance-carton\\\/\\\">En savoir plus<\\\/a><\\\/div>\",\"content\":\"Une grande cabane, fabrique \\u00e0 id\\u00e9es pas vraies, mais tellement vraies. Une fabrique \\u00e0 id\\u00e9es souvent un peu folles, parfois po\\u00e9tiques et un peu dr\\u00f4les aussi. Dans notre cabane, il y aura tout ce qu&#8217;il faut, c&#8217;est-\\u00e0-dire trois fois rien : ciseaux, papier, carton, crayons et une guitare pour fabriquer nos r\\u00eaves ou nos id\\u00e9es [&hellip;]\",\"address\":\"10 Boulevard Gambetta 11150 VILLEPINTE\",\"location\":{\"lat\":\"43.2812796\",\"city\":\"VILLEPINTE\",\"country\":\"France\",\"lng\":\"2.0882562\",\"onclick_action\":\"post\",\"redirect_permalink\":\"https:\\\/\\\/collinescathares.com\\\/es\\\/evenements-ponctuels\\\/scenes-denfance-carton\\\/\",\"zoom\":10,\"extra_fields\":{\"%date_evenement_r%\":\"16 Mars 2026\",\"%date_evenement_fin_r%\":\"16 Mars 2026\",\"post_excerpt\":\"Une grande cabane, fabrique \\u00e0 id\\u00e9es pas vraies, mais tellement vraies. Une fabrique \\u00e0 id\\u00e9es souvent un peu folles, parfois po\\u00e9tiques et un peu dr\\u00f4les aussi. Dans notre cabane, il y aura tout ce qu&#8217;il faut, c&#8217;est-\\u00e0-dire trois fois rien : ciseaux, papier, carton, crayons et une guitare pour fabriquer nos r\\u00eaves ou nos id\\u00e9es [&hellip;]\",\"post_content\":\"Une grande cabane, fabrique \\u00e0 id\\u00e9es pas vraies, mais tellement vraies. Une fabrique \\u00e0 id\\u00e9es souvent un peu folles, parfois po\\u00e9tiques et un peu dr\\u00f4les aussi.\\nDans notre cabane, il y aura tout ce qu'il faut, c'est-\\u00e0-dire trois fois rien : ciseaux, papier, carton, crayons et une guitare pour fabriquer nos r\\u00eaves ou nos id\\u00e9es les plus tordues. \\nR\\u00e9servation obligatoire .\\nD\\u00e8s 3 ans.\",\"post_title\":\"SC\\u00c8NES D&#8217;ENFANCE &#8211; CARTON\",\"post_link\":\"https:\\\/\\\/collinescathares.com\\\/es\\\/evenements-ponctuels\\\/scenes-denfance-carton\\\/\",\"post_featured_image\":\"<div class=\\\"fc-feature-img\\\"><img alt=\\\"SC\\u00c8NES D&#8217;ENFANCE &#8211; CARTON\\\" width=\\\"300\\\" height=\\\"225\\\" src=\\\"https:\\\/\\\/collinescathares.com\\\/wp-content\\\/uploads\\\/2026\\\/02\\\/scenes-d-enfance-10-300x225.jpg\\\" class=\\\"wp-post-image   wpgmp_featured_image\\\" ><\\\/div>\",\"post_categories\":\"Ev\\u00e9nements ponctuels\",\"post_tags\":\"\",\"%_encloseme%\":\"1\",\"%_thumbnail_id%\":\"261750\",\"%ville_r%\":\"VILLEPINTE\",\"%_ville_r%\":\"field_5efc3a17e12c5\",\"%cp_r%\":\"11150\",\"%_cp_r%\":\"field_5efc3a47e12ca\",\"%tarifs_r%\":\"\",\"%_tarifs_r%\":\"field_5efc3a22e12c6\",\"%adresse_r%\":\"10 Boulevard Gambetta\",\"%_adresse_r%\":\"field_5efc3a2ee12c7\",\"%carte_r%\":\"10 Boulevard Gambetta 11150 VILLEPINTE, 43.2812796, 2.0882562, 14\",\"%_carte_r%\":\"field_5efc4ed05494a\",\"%labels_r%\":\"\",\"%_labels_r%\":\"field_5f3a47134470d\",\"%handicap_r%\":\"\",\"%_handicap_r%\":\"field_5f3a471a4470e\",\"%offres_promotionnelles_r%\":\"\",\"%_offres_promotionnelles_r%\":\"field_5f3a472d4470f\",\"%telephone_r%\":\"+33 4 68 60 00 21\",\"%_telephone_r%\":\"field_5efc3a39e12c8\",\"%email_r%\":\"\",\"%_email_r%\":\"field_5efc3a40e12c9\",\"%idunique_r%\":\"FMALAR011V51A7WD\",\"%_idunique_r%\":\"field_5f04335c562b3\",\"%site_r%\":\"\",\"%_site_r%\":\"field_5efc4d652a106\",\"%_date_evenement_r%\":\"field_5f0348f37d5bd\",\"%_date_evenement_fin_r%\":\"field_5f3a4540d0781\",\"%horaires_evenement_r%\":\"18:00\",\"%_horaires_evenement_r%\":\"field_5f3a4550d0782\",\"%type_r%\":\"Spectacle\",\"%_type_r%\":\"field_5f057b5365cd7\",\"%classification_r%\":\"\",\"%_classification_r%\":\"field_5f3a3af81a328\",\"%classement_prefectoral_r%\":\"\",\"%_classement_prefectoral_r%\":\"field_5f3a473444710\",\"%datetri_r%\":\"1773619200\",\"%_datetri_r%\":\"field_5f3a8a82002b1\",\"%langage_r%\":\"FR\",\"%_langage_r%\":\"field_5f3be5649f374\",\"%_wpgmp_location_address%\":\"10 Boulevard Gambetta 11150 VILLEPINTE\",\"%_wpgmp_location_city%\":\"VILLEPINTE\",\"%_wpgmp_location_state%\":\"\",\"%_wpgmp_location_country%\":\"France\",\"%_wpgmp_metabox_marker_id%\":\"a:1:{i:0;i:8;}\",\"%_wpgmp_map_id%\":\"a:1:{i:0;i:21;}\",\"%_wpgmp_metabox_latitude%\":\"43.2812796\",\"%_wpgmp_metabox_longitude%\":\"2.0882562\",\"%_wpgmp_metabox_location_redirect%\":\"post\",\"%_wpgmp_metabox_custom_link%\":\"\",\"%_wpgmp_metabox_taxomomies_terms%\":\"N;\",\"%_wpgmp_extensions_fields%\":\"N;\",\"%_wpml_word_count%\":\"69\",\"%_elementor_page_assets%\":\"\",\"taxonomy=category\":\"Ev\\u00e9nements ponctuels\",\"taxonomy=post_tag\":\"\",\"taxonomy=post_format\":\"\",\"taxonomy=translation_priority\":\"Opcional\"},\"icon\":\"https:\\\/\\\/collinescathares.com\\\/wp-content\\\/uploads\\\/2020\\\/07\\\/pointeur_vert.svg\"},\"id\":261753,\"custom_filters\":{\"type_r\":\"Spectacle\",\"datetri_r\":\"1773619200\"},\"infowindow_disable\":false,\"categories\":[{\"icon\":\"https:\\\/\\\/collinescathares.com\\\/wp-content\\\/uploads\\\/2020\\\/07\\\/pointeur_vert.svg\",\"name\":\"Ev\\u00e9nements ponctuels\",\"id\":\"8\",\"type\":\"category\"}]},{\"source\":\"post\",\"title\":\"SC\\u00c8NES D&#8217;ENFANCE &#8211; FLEURS DE FARINE\",\"infowindow_content\":\"<div class=\\\"fc-main\\\"><div class=\\\"fc-item-title\\\">SC\\u00c8NES D&#8217;ENFANCE &#8211; FLEURS DE FARINE <span class=\\\"fc-badge info\\\">Ev\\u00e9nements ponctuels<\\\/span><\\\/div> <div class=\\\"fc-item-featured_image\\\"><div class=\\\"fc-feature-img\\\"><img alt=\\\"SC\\u00c8NES D&#8217;ENFANCE &#8211; FLEURS DE FARINE\\\" width=\\\"300\\\" height=\\\"225\\\" src=\\\"https:\\\/\\\/collinescathares.com\\\/wp-content\\\/uploads\\\/2026\\\/02\\\/scenes-d-enfance-10-300x225.jpg\\\" class=\\\"wp-post-image   wpgmp_featured_image\\\" ><\\\/div> <\\\/div>Deux boulang\\u00e8res voyageuses viennent partager leur recette de pain \\u00e0 la fleur de farine. \\u00c0 travers des contes th\\u00e9\\u00e2tralis\\u00e9s, des chants traditionnels du monde et de la danse, elles nous embarquent dans leurs souvenirs pour retrouver chaque ingr\\u00e9dient de la recette. Nous irons voir, \\u00e9couter, sentir et go\\u00fbter des histoires qui parlent de partage, de [&hellip;]<address><b>Adresse : <\\\/b>{marker_address}<\\\/address><a class=\\\"fc-btn fc-btn-small fc-btn-red\\\" href=\\\"https:\\\/\\\/collinescathares.com\\\/es\\\/evenements-ponctuels\\\/scenes-denfance-fleurs-de-farine\\\/\\\">En savoir plus<\\\/a><\\\/div>\",\"content\":\"Deux boulang\\u00e8res voyageuses viennent partager leur recette de pain \\u00e0 la fleur de farine. \\u00c0 travers des contes th\\u00e9\\u00e2tralis\\u00e9s, des chants traditionnels du monde et de la danse, elles nous embarquent dans leurs souvenirs pour retrouver chaque ingr\\u00e9dient de la recette. Nous irons voir, \\u00e9couter, sentir et go\\u00fbter des histoires qui parlent de partage, de [&hellip;]\",\"address\":\" 11290 MONTREAL\",\"location\":{\"lat\":\"43.1994980\",\"city\":\"MONTREAL\",\"country\":\"France\",\"lng\":\"2.14067579\",\"onclick_action\":\"post\",\"redirect_permalink\":\"https:\\\/\\\/collinescathares.com\\\/es\\\/evenements-ponctuels\\\/scenes-denfance-fleurs-de-farine\\\/\",\"zoom\":10,\"extra_fields\":{\"%date_evenement_r%\":\"17 Mars 2026\",\"%date_evenement_fin_r%\":\"17 Mars 2026\",\"post_excerpt\":\"Deux boulang\\u00e8res voyageuses viennent partager leur recette de pain \\u00e0 la fleur de farine. \\u00c0 travers des contes th\\u00e9\\u00e2tralis\\u00e9s, des chants traditionnels du monde et de la danse, elles nous embarquent dans leurs souvenirs pour retrouver chaque ingr\\u00e9dient de la recette. Nous irons voir, \\u00e9couter, sentir et go\\u00fbter des histoires qui parlent de partage, de [&hellip;]\",\"post_content\":\"Deux boulang\\u00e8res voyageuses viennent partager leur recette de pain \\u00e0 la fleur de farine. \\u00c0 travers des contes th\\u00e9\\u00e2tralis\\u00e9s, des chants traditionnels du monde et de la danse, elles nous embarquent dans leurs souvenirs pour retrouver chaque ingr\\u00e9dient de la recette. Nous irons voir, \\u00e9couter, sentir et go\\u00fbter des histoires qui parlent de partage, de patience et de magie. \\nR\\u00e9servation obligatoire. \\nD\\u00e8s 3 ans.\",\"post_title\":\"SC\\u00c8NES D&#8217;ENFANCE &#8211; FLEURS DE FARINE\",\"post_link\":\"https:\\\/\\\/collinescathares.com\\\/es\\\/evenements-ponctuels\\\/scenes-denfance-fleurs-de-farine\\\/\",\"post_featured_image\":\"<div class=\\\"fc-feature-img\\\"><img alt=\\\"SC\\u00c8NES D&#8217;ENFANCE &#8211; FLEURS DE FARINE\\\" width=\\\"300\\\" height=\\\"225\\\" src=\\\"https:\\\/\\\/collinescathares.com\\\/wp-content\\\/uploads\\\/2026\\\/02\\\/scenes-d-enfance-10-300x225.jpg\\\" class=\\\"wp-post-image   wpgmp_featured_image\\\" ><\\\/div>\",\"post_categories\":\"Ev\\u00e9nements ponctuels\",\"post_tags\":\"\",\"%_encloseme%\":\"1\",\"%_thumbnail_id%\":\"261750\",\"%ville_r%\":\"MONTREAL\",\"%_ville_r%\":\"field_5efc3a17e12c5\",\"%cp_r%\":\"11290\",\"%_cp_r%\":\"field_5efc3a47e12ca\",\"%tarifs_r%\":\"Plein tarif|6,00||\",\"%_tarifs_r%\":\"field_5efc3a22e12c6\",\"%carte_r%\":\" 11290 MONTREAL, 43.1994980, 2.14067579, 14\",\"%_carte_r%\":\"field_5efc4ed05494a\",\"%labels_r%\":\"\",\"%_labels_r%\":\"field_5f3a47134470d\",\"%handicap_r%\":\"\",\"%_handicap_r%\":\"field_5f3a471a4470e\",\"%offres_promotionnelles_r%\":\"\",\"%_offres_promotionnelles_r%\":\"field_5f3a472d4470f\",\"%telephone_r%\":\" Port : +33 6 95 00 63 60\",\"%_telephone_r%\":\"field_5efc3a39e12c8\",\"%email_r%\":\"\",\"%_email_r%\":\"field_5efc3a40e12c9\",\"%idunique_r%\":\"FMALAR011V51A7Y1\",\"%_idunique_r%\":\"field_5f04335c562b3\",\"%site_r%\":\"\",\"%_site_r%\":\"field_5efc4d652a106\",\"%_date_evenement_r%\":\"field_5f0348f37d5bd\",\"%_date_evenement_fin_r%\":\"field_5f3a4540d0781\",\"%horaires_evenement_r%\":\"18:00 \\\/ 19:00\",\"%_horaires_evenement_r%\":\"field_5f3a4550d0782\",\"%type_r%\":\"\",\"%_type_r%\":\"field_5f057b5365cd7\",\"%classification_r%\":\"\",\"%_classification_r%\":\"field_5f3a3af81a328\",\"%classement_prefectoral_r%\":\"\",\"%_classement_prefectoral_r%\":\"field_5f3a473444710\",\"%datetri_r%\":\"1773705600\",\"%_datetri_r%\":\"field_5f3a8a82002b1\",\"%langage_r%\":\"FR\",\"%_langage_r%\":\"field_5f3be5649f374\",\"%_wpgmp_location_address%\":\" 11290 MONTREAL\",\"%_wpgmp_location_city%\":\"MONTREAL\",\"%_wpgmp_location_state%\":\"\",\"%_wpgmp_location_country%\":\"France\",\"%_wpgmp_metabox_marker_id%\":\"a:1:{i:0;i:8;}\",\"%_wpgmp_map_id%\":\"a:1:{i:0;i:21;}\",\"%_wpgmp_metabox_latitude%\":\"43.1994980\",\"%_wpgmp_metabox_longitude%\":\"2.14067579\",\"%_wpgmp_metabox_location_redirect%\":\"post\",\"%_wpgmp_metabox_custom_link%\":\"\",\"%_wpgmp_metabox_taxomomies_terms%\":\"N;\",\"%_wpgmp_extensions_fields%\":\"N;\",\"%_wpml_word_count%\":\"77\",\"%_elementor_page_assets%\":\"\",\"taxonomy=category\":\"Ev\\u00e9nements ponctuels\",\"taxonomy=post_tag\":\"\",\"taxonomy=post_format\":\"\",\"taxonomy=translation_priority\":\"Opcional\"},\"icon\":\"https:\\\/\\\/collinescathares.com\\\/wp-content\\\/uploads\\\/2020\\\/07\\\/pointeur_vert.svg\"},\"id\":261754,\"custom_filters\":{\"datetri_r\":\"1773705600\"},\"infowindow_disable\":false,\"categories\":[{\"icon\":\"https:\\\/\\\/collinescathares.com\\\/wp-content\\\/uploads\\\/2020\\\/07\\\/pointeur_vert.svg\",\"name\":\"Ev\\u00e9nements ponctuels\",\"id\":\"8\",\"type\":\"category\"}]},{\"source\":\"post\",\"title\":\"CONF\\u00c9RENCE SUR LES PRATIQUES ET PRODUCTIONS AGRICOLES AUTOUR DE FANJEAUX, ENTRE XVIIE ET XIXE SI\\u00c8CLES\",\"infowindow_content\":\"<div class=\\\"fc-main\\\"><div class=\\\"fc-item-title\\\">CONF\\u00c9RENCE SUR LES PRATIQUES ET PRODUCTIONS AGRICOLES AUTOUR DE FANJEAUX, ENTRE XVIIE ET XIXE SI\\u00c8CLES <span class=\\\"fc-badge info\\\">Ev\\u00e9nements ponctuels<\\\/span><\\\/div> <div class=\\\"fc-item-featured_image\\\"><div class=\\\"fc-feature-img\\\"><img alt=\\\"CONF\\u00c9RENCE SUR LES PRATIQUES ET PRODUCTIONS AGRICOLES AUTOUR DE FANJEAUX, ENTRE XVIIE ET XIXE SI\\u00c8CLES\\\" width=\\\"300\\\" height=\\\"225\\\" src=\\\"https:\\\/\\\/collinescathares.com\\\/wp-content\\\/uploads\\\/2026\\\/01\\\/CONFERENCE-SUR-LES-PRATIQUES-ET-PRODUCTIONS-AGRICOLES-AUTOUR-DE-FANJEAUX-ENTRE-XVIIE-ET-XIXE-SIECLES-300x225.jpg\\\" class=\\\"wp-post-image   wpgmp_featured_image\\\" ><\\\/div> <\\\/div>Fanjeaux, entre plaine et collines : une histoire agricole \\u00e0 d\\u00e9couvrir ! Perch\\u00e9 sur les premiers reliefs pr\\u00e9-pyr\\u00e9n\\u00e9ens, Fanjeaux offre un point de vue exceptionnel sur la plaine du Lauragais. Ce territoire singulier se situe \\u00e0 la crois\\u00e9e de deux mondes : celui des vastes cultures c\\u00e9r\\u00e9ali\\u00e8res, tourn\\u00e9es vers l\\u2019exportation gr\\u00e2ce au canal, et celui [&hellip;]<address><b>Adresse : <\\\/b>{marker_address}<\\\/address><a class=\\\"fc-btn fc-btn-small fc-btn-red\\\" href=\\\"https:\\\/\\\/collinescathares.com\\\/es\\\/evenements-ponctuels\\\/conference-sur-les-pratiques-et-productions-agricoles-autour-de-fanjeaux-entre-xviie-et-xixe-siecles\\\/\\\">En savoir plus<\\\/a><\\\/div>\",\"content\":\"Fanjeaux, entre plaine et collines : une histoire agricole \\u00e0 d\\u00e9couvrir ! Perch\\u00e9 sur les premiers reliefs pr\\u00e9-pyr\\u00e9n\\u00e9ens, Fanjeaux offre un point de vue exceptionnel sur la plaine du Lauragais. Ce territoire singulier se situe \\u00e0 la crois\\u00e9e de deux mondes : celui des vastes cultures c\\u00e9r\\u00e9ali\\u00e8res, tourn\\u00e9es vers l\\u2019exportation gr\\u00e2ce au canal, et celui [&hellip;]\",\"address\":\"Place des Halles 11270 FANJEAUX\",\"location\":{\"lat\":\"43.1872880\",\"city\":\"FANJEAUX\",\"country\":\"France\",\"lng\":\"2.03456942\",\"onclick_action\":\"post\",\"redirect_permalink\":\"https:\\\/\\\/collinescathares.com\\\/es\\\/evenements-ponctuels\\\/conference-sur-les-pratiques-et-productions-agricoles-autour-de-fanjeaux-entre-xviie-et-xixe-siecles\\\/\",\"zoom\":10,\"extra_fields\":{\"%date_evenement_r%\":\"14 Novembre 2026\",\"%date_evenement_fin_r%\":\"14 Novembre 2026\",\"post_excerpt\":\"Fanjeaux, entre plaine et collines : une histoire agricole \\u00e0 d\\u00e9couvrir ! Perch\\u00e9 sur les premiers reliefs pr\\u00e9-pyr\\u00e9n\\u00e9ens, Fanjeaux offre un point de vue exceptionnel sur la plaine du Lauragais. Ce territoire singulier se situe \\u00e0 la crois\\u00e9e de deux mondes : celui des vastes cultures c\\u00e9r\\u00e9ali\\u00e8res, tourn\\u00e9es vers l\\u2019exportation gr\\u00e2ce au canal, et celui [&hellip;]\",\"post_content\":\"Fanjeaux, entre plaine et collines : une histoire agricole \\u00e0 d\\u00e9couvrir !\\nPerch\\u00e9 sur les premiers reliefs pr\\u00e9-pyr\\u00e9n\\u00e9ens, Fanjeaux offre un point de vue exceptionnel sur la plaine du Lauragais. Ce territoire singulier se situe \\u00e0 la crois\\u00e9e de deux mondes : celui des vastes cultures c\\u00e9r\\u00e9ali\\u00e8res, tourn\\u00e9es vers l\\u2019exportation gr\\u00e2ce au canal, et celui des collines voisines, o\\u00f9 l\\u2019agriculture s\\u2019adapte \\u00e0 des conditions plus contrast\\u00e9es.\\n\\u00c0 travers les archives in\\u00e9dites de la famille de Calages, notables toulousains install\\u00e9s \\u00e0 Fanjeaux au XVII\\u1d49 si\\u00e8cle, cette animation propose une plong\\u00e9e passionnante dans les pratiques agricoles et les productions d\\u2019autrefois. Une occasion unique de mieux comprendre l\\u2019\\u00e9volution des paysages et des modes de vie ruraux.\\nLe conf\\u00e9rencier pr\\u00e9sentera cette famille, la richesse de ses archives et les premi\\u00e8res pistes d\\u2019analyse issues de ses recherches.\\n\\n\\u00c0 propos du conf\\u00e9rencier :\\n\\u00c9ric Fabre, universitaire, travaille en collaboration avec les Communaut\\u00e9s de Communes Pi\\u00e8ge Lauragais Malep\\u00e8re, du Limouxin et des Pyr\\u00e9n\\u00e9es Audoises \\u00e0 l\\u2019\\u00e9criture d\\u2019une histoire des territoires travers\\u00e9s par la Voie verte entre Bram et Lavelanet. Ses travaux mettent en lumi\\u00e8re les liens entre paysages, histoire et activit\\u00e9s humaines.\\n\\nInformations et inscription (obligatoire) aupr\\u00e8s de l'Office de Tourisme Intercommunal Collines Cathares Tourisme.\\nConf\\u00e9rence gratuite.\",\"post_title\":\"CONF\\u00c9RENCE SUR LES PRATIQUES ET PRODUCTIONS AGRICOLES AUTOUR DE FANJEAUX, ENTRE XVIIE ET XIXE SI\\u00c8CLES\",\"post_link\":\"https:\\\/\\\/collinescathares.com\\\/es\\\/evenements-ponctuels\\\/conference-sur-les-pratiques-et-productions-agricoles-autour-de-fanjeaux-entre-xviie-et-xixe-siecles\\\/\",\"post_featured_image\":\"<div class=\\\"fc-feature-img\\\"><img alt=\\\"CONF\\u00c9RENCE SUR LES PRATIQUES ET PRODUCTIONS AGRICOLES AUTOUR DE FANJEAUX, ENTRE XVIIE ET XIXE SI\\u00c8CLES\\\" width=\\\"300\\\" height=\\\"225\\\" src=\\\"https:\\\/\\\/collinescathares.com\\\/wp-content\\\/uploads\\\/2026\\\/01\\\/CONFERENCE-SUR-LES-PRATIQUES-ET-PRODUCTIONS-AGRICOLES-AUTOUR-DE-FANJEAUX-ENTRE-XVIIE-ET-XIXE-SIECLES-300x225.jpg\\\" class=\\\"wp-post-image   wpgmp_featured_image\\\" ><\\\/div>\",\"post_categories\":\"Ev\\u00e9nements ponctuels\",\"post_tags\":\"\",\"%_encloseme%\":\"1\",\"%_thumbnail_id%\":\"261459\",\"%ville_r%\":\"FANJEAUX\",\"%_ville_r%\":\"field_5efc3a17e12c5\",\"%cp_r%\":\"11270\",\"%_cp_r%\":\"field_5efc3a47e12ca\",\"%tarifs_r%\":\"\",\"%_tarifs_r%\":\"field_5efc3a22e12c6\",\"%adresse_r%\":\"Place des Halles\",\"%_adresse_r%\":\"field_5efc3a2ee12c7\",\"%carte_r%\":\"Place des Halles 11270 FANJEAUX, 43.1872880, 2.03456942, 14\",\"%_carte_r%\":\"field_5efc4ed05494a\",\"%labels_r%\":\"\",\"%_labels_r%\":\"field_5f3a47134470d\",\"%handicap_r%\":\"\",\"%_handicap_r%\":\"field_5f3a471a4470e\",\"%offres_promotionnelles_r%\":\"\",\"%_offres_promotionnelles_r%\":\"field_5f3a472d4470f\",\"%telephone_r%\":\"+33 4 68 24 75 45\",\"%_telephone_r%\":\"field_5efc3a39e12c8\",\"%email_r%\":\"tourisme@ccplm.fr\",\"%_email_r%\":\"field_5efc3a40e12c9\",\"%idunique_r%\":\"FMALAR011V51A7TT\",\"%_idunique_r%\":\"field_5f04335c562b3\",\"%site_r%\":\"https:\\\/\\\/collinescathares.com\\\/\",\"%_site_r%\":\"field_5efc4d652a106\",\"%_date_evenement_r%\":\"field_5f0348f37d5bd\",\"%_date_evenement_fin_r%\":\"field_5f3a4540d0781\",\"%horaires_evenement_r%\":\"20:00 \\\/ 22:00\",\"%_horaires_evenement_r%\":\"field_5f3a4550d0782\",\"%type_r%\":\"D\\u00e9bat \\\/ Conf\\u00e9rence\",\"%_type_r%\":\"field_5f057b5365cd7\",\"%classification_r%\":\"\",\"%_classification_r%\":\"field_5f3a3af81a328\",\"%classement_prefectoral_r%\":\"\",\"%_classement_prefectoral_r%\":\"field_5f3a473444710\",\"%datetri_r%\":\"1794614400\",\"%_datetri_r%\":\"field_5f3a8a82002b1\",\"%langage_r%\":\"FR\",\"%_langage_r%\":\"field_5f3be5649f374\",\"%_wpgmp_location_address%\":\"Place des Halles 11270 FANJEAUX\",\"%_wpgmp_location_city%\":\"FANJEAUX\",\"%_wpgmp_location_state%\":\"\",\"%_wpgmp_location_country%\":\"France\",\"%_wpgmp_metabox_marker_id%\":\"a:1:{i:0;i:8;}\",\"%_wpgmp_map_id%\":\"a:1:{i:0;i:21;}\",\"%_wpgmp_metabox_latitude%\":\"43.1872880\",\"%_wpgmp_metabox_longitude%\":\"2.03456942\",\"%_wpgmp_metabox_location_redirect%\":\"post\",\"%_wpgmp_metabox_custom_link%\":\"\",\"%_wpgmp_metabox_taxomomies_terms%\":\"N;\",\"%_wpgmp_extensions_fields%\":\"N;\",\"%_wpml_word_count%\":\"266\",\"%_elementor_page_assets%\":\"\",\"taxonomy=category\":\"Ev\\u00e9nements ponctuels\",\"taxonomy=post_tag\":\"\",\"taxonomy=post_format\":\"\",\"taxonomy=translation_priority\":\"Opcional\"},\"icon\":\"https:\\\/\\\/collinescathares.com\\\/wp-content\\\/uploads\\\/2020\\\/07\\\/pointeur_vert.svg\"},\"id\":261748,\"custom_filters\":{\"type_r\":\"D\\u00e9bat \\\/ Conf\\u00e9rence\",\"datetri_r\":\"1794614400\"},\"infowindow_disable\":false,\"categories\":[{\"icon\":\"https:\\\/\\\/collinescathares.com\\\/wp-content\\\/uploads\\\/2020\\\/07\\\/pointeur_vert.svg\",\"name\":\"Ev\\u00e9nements ponctuels\",\"id\":\"8\",\"type\":\"category\"}]},{\"source\":\"post\",\"title\":\"LE JOUR DE LA NUIT : VISITE DE LA CHAPELLE DE BESPLAS ET OBSERVATION DES PLAN\\u00c8TES\",\"infowindow_content\":\"<div class=\\\"fc-main\\\"><div class=\\\"fc-item-title\\\">LE JOUR DE LA NUIT : VISITE DE LA CHAPELLE DE BESPLAS ET OBSERVATION DES PLAN\\u00c8TES <span class=\\\"fc-badge info\\\">Ev\\u00e9nements ponctuels<\\\/span><\\\/div> <div class=\\\"fc-item-featured_image\\\"><div class=\\\"fc-feature-img\\\"><img alt=\\\"LE JOUR DE LA NUIT : VISITE DE LA CHAPELLE DE BESPLAS ET OBSERVATION DES PLAN\\u00c8TES\\\" width=\\\"300\\\" height=\\\"225\\\" src=\\\"https:\\\/\\\/collinescathares.com\\\/wp-content\\\/uploads\\\/2026\\\/01\\\/BALADE-CONTEE-ET-OBSERVATION-DES-ETOILES-ET-GALAXIES-300x225.jpg\\\" class=\\\"wp-post-image   wpgmp_featured_image\\\" ><\\\/div> <\\\/div>\\u00c0 l&#8217;occasion du Jour de la Nuit, d\\u00e9couvrez la chapelle Saint-Martin-de-la-Salle \\u00e0 Besplas, puis participez \\u00e0 un atelier d&#8217;observation des plan\\u00e8tes. Au programme : &#8211; \\u00e0 18h30 : Visite de la chapelle Saint-Martin-de-la-Salle \\u00e0 Besplas &#8211; 19h30 : pique-nique tir\\u00e9 du sac &#8211; \\u00e0 20h : atelier d&#8217;observation des plan\\u00e8tes encadr\\u00e9 par Jamy, de l&#8217;association [&hellip;]<address><b>Adresse : <\\\/b>{marker_address}<\\\/address><a class=\\\"fc-btn fc-btn-small fc-btn-red\\\" href=\\\"https:\\\/\\\/collinescathares.com\\\/es\\\/evenements-ponctuels\\\/le-jour-de-la-nuit-visite-de-la-chapelle-de-besplas-et-observation-des-planetes\\\/\\\">En savoir plus<\\\/a><\\\/div>\",\"content\":\"\\u00c0 l&#8217;occasion du Jour de la Nuit, d\\u00e9couvrez la chapelle Saint-Martin-de-la-Salle \\u00e0 Besplas, puis participez \\u00e0 un atelier d&#8217;observation des plan\\u00e8tes. Au programme : &#8211; \\u00e0 18h30 : Visite de la chapelle Saint-Martin-de-la-Salle \\u00e0 Besplas &#8211; 19h30 : pique-nique tir\\u00e9 du sac &#8211; \\u00e0 20h : atelier d&#8217;observation des plan\\u00e8tes encadr\\u00e9 par Jamy, de l&#8217;association [&hellip;]\",\"address\":\"Besplas 11150 VILLASAVARY\",\"location\":{\"lat\":\"43.2377355\",\"city\":\"VILLASAVARY\",\"country\":\"France\",\"lng\":\"2.01154874\",\"onclick_action\":\"post\",\"redirect_permalink\":\"https:\\\/\\\/collinescathares.com\\\/es\\\/evenements-ponctuels\\\/le-jour-de-la-nuit-visite-de-la-chapelle-de-besplas-et-observation-des-planetes\\\/\",\"zoom\":10,\"extra_fields\":{\"%date_evenement_r%\":\"10 Octobre 2026\",\"%date_evenement_fin_r%\":\"10 Octobre 2026\",\"post_excerpt\":\"\\u00c0 l&#8217;occasion du Jour de la Nuit, d\\u00e9couvrez la chapelle Saint-Martin-de-la-Salle \\u00e0 Besplas, puis participez \\u00e0 un atelier d&#8217;observation des plan\\u00e8tes. Au programme : &#8211; \\u00e0 18h30 : Visite de la chapelle Saint-Martin-de-la-Salle \\u00e0 Besplas &#8211; 19h30 : pique-nique tir\\u00e9 du sac &#8211; \\u00e0 20h : atelier d&#8217;observation des plan\\u00e8tes encadr\\u00e9 par Jamy, de l&#8217;association [&hellip;]\",\"post_content\":\"\\u00c0 l'occasion du Jour de la Nuit, d\\u00e9couvrez la chapelle Saint-Martin-de-la-Salle \\u00e0 Besplas, puis participez \\u00e0 un atelier d'observation des plan\\u00e8tes.\\nAu programme :\\n- \\u00e0 18h30 : Visite de la chapelle Saint-Martin-de-la-Salle \\u00e0 Besplas\\n- 19h30 : pique-nique tir\\u00e9 du sac\\n- \\u00e0 20h : atelier d'observation des plan\\u00e8tes encadr\\u00e9 par Jamy, de l'association Stimuli Astro.\\nUne soir\\u00e9e conviviale, entre patrimoine et astronomie, dans un tr\\u00e8s joli cadre.\\nInformations et inscription (obligatoire) aupr\\u00e8s de l'Office de Tourisme Intercommunal Collines Cathares Tourisme.\\nTarifs : 5\\u20ac\\\/adulte et 2\\u20ac\\\/enfant de plus de 10 ans.\",\"post_title\":\"LE JOUR DE LA NUIT : VISITE DE LA CHAPELLE DE BESPLAS ET OBSERVATION DES PLAN\\u00c8TES\",\"post_link\":\"https:\\\/\\\/collinescathares.com\\\/es\\\/evenements-ponctuels\\\/le-jour-de-la-nuit-visite-de-la-chapelle-de-besplas-et-observation-des-planetes\\\/\",\"post_featured_image\":\"<div class=\\\"fc-feature-img\\\"><img alt=\\\"LE JOUR DE LA NUIT : VISITE DE LA CHAPELLE DE BESPLAS ET OBSERVATION DES PLAN\\u00c8TES\\\" width=\\\"300\\\" height=\\\"225\\\" src=\\\"https:\\\/\\\/collinescathares.com\\\/wp-content\\\/uploads\\\/2026\\\/01\\\/BALADE-CONTEE-ET-OBSERVATION-DES-ETOILES-ET-GALAXIES-300x225.jpg\\\" class=\\\"wp-post-image   wpgmp_featured_image\\\" ><\\\/div>\",\"post_categories\":\"Ev\\u00e9nements ponctuels\",\"post_tags\":\"\",\"%_encloseme%\":\"1\",\"%_thumbnail_id%\":\"261463\",\"%ville_r%\":\"VILLASAVARY\",\"%_ville_r%\":\"field_5efc3a17e12c5\",\"%cp_r%\":\"11150\",\"%_cp_r%\":\"field_5efc3a47e12ca\",\"%tarifs_r%\":\"Plein tarif||5,00|#Tarif enfant||2,00|plus de 10 ans\",\"%_tarifs_r%\":\"field_5efc3a22e12c6\",\"%adresse_r%\":\"Besplas\",\"%_adresse_r%\":\"field_5efc3a2ee12c7\",\"%carte_r%\":\"Besplas 11150 VILLASAVARY, 43.2377355, 2.01154874, 14\",\"%_carte_r%\":\"field_5efc4ed05494a\",\"%labels_r%\":\"\",\"%_labels_r%\":\"field_5f3a47134470d\",\"%handicap_r%\":\"\",\"%_handicap_r%\":\"field_5f3a471a4470e\",\"%offres_promotionnelles_r%\":\"\",\"%_offres_promotionnelles_r%\":\"field_5f3a472d4470f\",\"%telephone_r%\":\"+33 4 68 24 75 45\",\"%_telephone_r%\":\"field_5efc3a39e12c8\",\"%email_r%\":\"tourisme@ccplm.fr\",\"%_email_r%\":\"field_5efc3a40e12c9\",\"%idunique_r%\":\"FMALAR011V51A7U3\",\"%_idunique_r%\":\"field_5f04335c562b3\",\"%site_r%\":\"https:\\\/\\\/collinescathares.com\\\/\",\"%_site_r%\":\"field_5efc4d652a106\",\"%_date_evenement_r%\":\"field_5f0348f37d5bd\",\"%_date_evenement_fin_r%\":\"field_5f3a4540d0781\",\"%horaires_evenement_r%\":\"18:30 \\\/ 22:00\",\"%_horaires_evenement_r%\":\"field_5f3a4550d0782\",\"%type_r%\":\"Stage \\\/ Atelier\",\"%_type_r%\":\"field_5f057b5365cd7\",\"%classification_r%\":\"\",\"%_classification_r%\":\"field_5f3a3af81a328\",\"%classement_prefectoral_r%\":\"\",\"%_classement_prefectoral_r%\":\"field_5f3a473444710\",\"%datetri_r%\":\"1791590400\",\"%_datetri_r%\":\"field_5f3a8a82002b1\",\"%langage_r%\":\"FR\",\"%_langage_r%\":\"field_5f3be5649f374\",\"%_wpgmp_location_address%\":\"Besplas 11150 VILLASAVARY\",\"%_wpgmp_location_city%\":\"VILLASAVARY\",\"%_wpgmp_location_state%\":\"\",\"%_wpgmp_location_country%\":\"France\",\"%_wpgmp_metabox_marker_id%\":\"a:1:{i:0;i:8;}\",\"%_wpgmp_map_id%\":\"a:1:{i:0;i:21;}\",\"%_wpgmp_metabox_latitude%\":\"43.2377355\",\"%_wpgmp_metabox_longitude%\":\"2.01154874\",\"%_wpgmp_metabox_location_redirect%\":\"post\",\"%_wpgmp_metabox_custom_link%\":\"\",\"%_wpgmp_metabox_taxomomies_terms%\":\"N;\",\"%_wpgmp_extensions_fields%\":\"N;\",\"%_wpml_word_count%\":\"117\",\"%_elementor_page_assets%\":\"\",\"taxonomy=category\":\"Ev\\u00e9nements ponctuels\",\"taxonomy=post_tag\":\"\",\"taxonomy=post_format\":\"\",\"taxonomy=translation_priority\":\"Opcional\"},\"icon\":\"https:\\\/\\\/collinescathares.com\\\/wp-content\\\/uploads\\\/2020\\\/07\\\/pointeur_vert.svg\"},\"id\":261749,\"custom_filters\":{\"type_r\":\"Stage \\\/ Atelier\",\"datetri_r\":\"1791590400\"},\"infowindow_disable\":false,\"categories\":[{\"icon\":\"https:\\\/\\\/collinescathares.com\\\/wp-content\\\/uploads\\\/2020\\\/07\\\/pointeur_vert.svg\",\"name\":\"Ev\\u00e9nements ponctuels\",\"id\":\"8\",\"type\":\"category\"}]},{\"source\":\"post\",\"title\":\"VISITE DU CASTELAS ET BALADE BOTANIQUE\",\"infowindow_content\":\"<div class=\\\"fc-main\\\"><div class=\\\"fc-item-title\\\">VISITE DU CASTELAS ET BALADE BOTANIQUE <span class=\\\"fc-badge info\\\">Ev\\u00e9nements ponctuels<\\\/span><\\\/div> <div class=\\\"fc-item-featured_image\\\"><div class=\\\"fc-feature-img\\\"><img alt=\\\"VISITE DU CASTELAS ET BALADE BOTANIQUE\\\" width=\\\"300\\\" height=\\\"225\\\" src=\\\"https:\\\/\\\/collinescathares.com\\\/wp-content\\\/uploads\\\/2026\\\/01\\\/VISITE-DU-CASTELAS-ET-BALADE-BOTANIQUE-300x225.jpg\\\" class=\\\"wp-post-image   wpgmp_featured_image\\\" ><\\\/div> <\\\/div>\\u00c0 Belpech, participez \\u00e0 une journ\\u00e9e conviviale aux c\\u00f4t\\u00e9s de deux herboristes passionn\\u00e9s : Cyril Richard, pour &#8220;Le Jardin d&#8217;\\u00e9toiles&#8221;, et Judith Wolfers pour &#8220;Aux herbes nomades&#8221; ! Au programme : 11h \\u2013 12h : visite du Castelas par l\\u2019association de D\\u00e9fense du Castelas de Belpech 12h \\u2013 13h30 : pique-nique tir\\u00e9 du sac sur [&hellip;]<address><b>Adresse : <\\\/b>{marker_address}<\\\/address><a class=\\\"fc-btn fc-btn-small fc-btn-red\\\" href=\\\"https:\\\/\\\/collinescathares.com\\\/es\\\/evenements-ponctuels\\\/visite-du-castelas-et-balade-botanique\\\/\\\">En savoir plus<\\\/a><\\\/div>\",\"content\":\"\\u00c0 Belpech, participez \\u00e0 une journ\\u00e9e conviviale aux c\\u00f4t\\u00e9s de deux herboristes passionn\\u00e9s : Cyril Richard, pour &#8220;Le Jardin d&#8217;\\u00e9toiles&#8221;, et Judith Wolfers pour &#8220;Aux herbes nomades&#8221; ! Au programme : 11h \\u2013 12h : visite du Castelas par l\\u2019association de D\\u00e9fense du Castelas de Belpech 12h \\u2013 13h30 : pique-nique tir\\u00e9 du sac sur [&hellip;]\",\"address\":\" 11420 BELPECH\",\"location\":{\"lat\":\"43.1986498\",\"city\":\"BELPECH\",\"country\":\"France\",\"lng\":\"1.75394602\",\"onclick_action\":\"post\",\"redirect_permalink\":\"https:\\\/\\\/collinescathares.com\\\/es\\\/evenements-ponctuels\\\/visite-du-castelas-et-balade-botanique\\\/\",\"zoom\":10,\"extra_fields\":{\"%date_evenement_r%\":\"27 Mai 2026\",\"%date_evenement_fin_r%\":\"27 Mai 2026\",\"post_excerpt\":\"\\u00c0 Belpech, participez \\u00e0 une journ\\u00e9e conviviale aux c\\u00f4t\\u00e9s de deux herboristes passionn\\u00e9s : Cyril Richard, pour &#8220;Le Jardin d&#8217;\\u00e9toiles&#8221;, et Judith Wolfers pour &#8220;Aux herbes nomades&#8221; ! Au programme : 11h \\u2013 12h : visite du Castelas par l\\u2019association de D\\u00e9fense du Castelas de Belpech 12h \\u2013 13h30 : pique-nique tir\\u00e9 du sac sur [&hellip;]\",\"post_content\":\"\\u00c0 Belpech, participez \\u00e0 une journ\\u00e9e conviviale aux c\\u00f4t\\u00e9s de deux herboristes passionn\\u00e9s : Cyril Richard, pour \\\"Le Jardin d'\\u00e9toiles\\\", et Judith Wolfers pour \\\"Aux herbes nomades\\\" !\\nAu programme :\\n11h \\u2013 12h : visite du Castelas par l\\u2019association de D\\u00e9fense du Castelas de Belpech \\n12h \\u2013 13h30 : pique-nique tir\\u00e9 du sac sur site\\n13h30 \\u2013 15h : balade de reconnaissance des plantes comestibles et m\\u00e9dicinales (sauvages et cultiv\\u00e9es), les r\\u00e8gles de cueillette (respect de la ressource, s\\u00e9curit\\u00e9 du cueilleur ou de la cueilleuse), les moyens d\\u2019identification des plantes, leurs vertus &amp; des recettes\\n15h \\u2013 16h30 : pr\\u00e9sentation par Cyril de Jardin d\\u2019\\u00e9toiles de la distillation des plantes aromatiques et m\\u00e9dicinales, historique de la distillation, pr\\u00e9sentation d'un alambic, vertus des eaux florales et huiles essentielles, comment utiliser ces deux produits, \\u00e9chantillon \\u00e0 sentir et gouter (pour les eaux florales)\\n16h30 \\u2013 17h : d\\u00e9couverte des produits en vente au stand des herboristes.\\n\\nInformations et inscription (obligatoire) aupr\\u00e8s de l'Office de Tourisme Intercommunal Collines Cathares Tourisme. Nombre de places limit\\u00e9.\\nTarifs : 5\\u20ac\\\/personne, gratuit pour les enfants de moins de 12 ans.\",\"post_title\":\"VISITE DU CASTELAS ET BALADE BOTANIQUE\",\"post_link\":\"https:\\\/\\\/collinescathares.com\\\/es\\\/evenements-ponctuels\\\/visite-du-castelas-et-balade-botanique\\\/\",\"post_featured_image\":\"<div class=\\\"fc-feature-img\\\"><img alt=\\\"VISITE DU CASTELAS ET BALADE BOTANIQUE\\\" width=\\\"300\\\" height=\\\"225\\\" src=\\\"https:\\\/\\\/collinescathares.com\\\/wp-content\\\/uploads\\\/2026\\\/01\\\/VISITE-DU-CASTELAS-ET-BALADE-BOTANIQUE-300x225.jpg\\\" class=\\\"wp-post-image   wpgmp_featured_image\\\" ><\\\/div>\",\"post_categories\":\"Ev\\u00e9nements ponctuels\",\"post_tags\":\"\",\"%_encloseme%\":\"1\",\"%_thumbnail_id%\":\"261447\",\"%ville_r%\":\"BELPECH\",\"%_ville_r%\":\"field_5efc3a17e12c5\",\"%cp_r%\":\"11420\",\"%_cp_r%\":\"field_5efc3a47e12ca\",\"%tarifs_r%\":\"Plein tarif||5,00|Plus de 12 ans\",\"%_tarifs_r%\":\"field_5efc3a22e12c6\",\"%carte_r%\":\" 11420 BELPECH, 43.1986498, 1.75394602, 14\",\"%_carte_r%\":\"field_5efc4ed05494a\",\"%labels_r%\":\"\",\"%_labels_r%\":\"field_5f3a47134470d\",\"%handicap_r%\":\"\",\"%_handicap_r%\":\"field_5f3a471a4470e\",\"%offres_promotionnelles_r%\":\"\",\"%_offres_promotionnelles_r%\":\"field_5f3a472d4470f\",\"%telephone_r%\":\"+33 4 68 24 75 45\",\"%_telephone_r%\":\"field_5efc3a39e12c8\",\"%email_r%\":\"tourisme@ccplm.fr\",\"%_email_r%\":\"field_5efc3a40e12c9\",\"%idunique_r%\":\"FMALAR011V51A7RT\",\"%_idunique_r%\":\"field_5f04335c562b3\",\"%site_r%\":\"https:\\\/\\\/collinescathares.com\\\/\",\"%_site_r%\":\"field_5efc4d652a106\",\"%_date_evenement_r%\":\"field_5f0348f37d5bd\",\"%_date_evenement_fin_r%\":\"field_5f3a4540d0781\",\"%horaires_evenement_r%\":\"11:00 \\\/ 17:00\",\"%_horaires_evenement_r%\":\"field_5f3a4550d0782\",\"%type_r%\":\"Visite guid\\u00e9e\",\"%_type_r%\":\"field_5f057b5365cd7\",\"%classification_r%\":\"\",\"%_classification_r%\":\"field_5f3a3af81a328\",\"%classement_prefectoral_r%\":\"\",\"%_classement_prefectoral_r%\":\"field_5f3a473444710\",\"%datetri_r%\":\"1779840000\",\"%_datetri_r%\":\"field_5f3a8a82002b1\",\"%langage_r%\":\"FR\",\"%_langage_r%\":\"field_5f3be5649f374\",\"%_wpgmp_location_address%\":\" 11420 BELPECH\",\"%_wpgmp_location_city%\":\"BELPECH\",\"%_wpgmp_location_state%\":\"\",\"%_wpgmp_location_country%\":\"France\",\"%_wpgmp_metabox_marker_id%\":\"a:1:{i:0;i:8;}\",\"%_wpgmp_map_id%\":\"a:1:{i:0;i:21;}\",\"%_wpgmp_metabox_latitude%\":\"43.1986498\",\"%_wpgmp_metabox_longitude%\":\"1.75394602\",\"%_wpgmp_metabox_location_redirect%\":\"post\",\"%_wpgmp_metabox_custom_link%\":\"\",\"%_wpgmp_metabox_taxomomies_terms%\":\"N;\",\"%_wpgmp_extensions_fields%\":\"N;\",\"%_wpml_word_count%\":\"209\",\"%_elementor_page_assets%\":\"\",\"taxonomy=category\":\"Ev\\u00e9nements ponctuels\",\"taxonomy=post_tag\":\"\",\"taxonomy=post_format\":\"\",\"taxonomy=translation_priority\":\"Opcional\"},\"icon\":\"https:\\\/\\\/collinescathares.com\\\/wp-content\\\/uploads\\\/2020\\\/07\\\/pointeur_vert.svg\"},\"id\":261745,\"custom_filters\":{\"type_r\":\"Visite guid\\u00e9e\",\"datetri_r\":\"1779840000\"},\"infowindow_disable\":false,\"categories\":[{\"icon\":\"https:\\\/\\\/collinescathares.com\\\/wp-content\\\/uploads\\\/2020\\\/07\\\/pointeur_vert.svg\",\"name\":\"Ev\\u00e9nements ponctuels\",\"id\":\"8\",\"type\":\"category\"}]},{\"source\":\"post\",\"title\":\"INITIATION \\u00c0 LA P\\u00caCHE SUR LE CANAL DU MIDI\",\"infowindow_content\":\"<div class=\\\"fc-main\\\"><div class=\\\"fc-item-title\\\">INITIATION \\u00c0 LA P\\u00caCHE SUR LE CANAL DU MIDI <span class=\\\"fc-badge info\\\">Ev\\u00e9nements ponctuels<\\\/span><\\\/div> <div class=\\\"fc-item-featured_image\\\"><div class=\\\"fc-feature-img\\\"><img alt=\\\"INITIATION \\u00c0 LA P\\u00caCHE SUR LE CANAL DU MIDI\\\" width=\\\"300\\\" height=\\\"225\\\" src=\\\"https:\\\/\\\/collinescathares.com\\\/wp-content\\\/uploads\\\/2026\\\/01\\\/INITIATION-A-LA-PECHE-SUR-LE-CANAL-DU-MIDI-300x225.jpg\\\" class=\\\"wp-post-image   wpgmp_featured_image\\\" ><\\\/div> <\\\/div>Pour la f\\u00eate nationale de la p\\u00eache, partagez un moment convivial au bord du canal du Midi et d\\u00e9couvrez les bases de la p\\u00eache avec un passionn\\u00e9 : mat\\u00e9riel, techniques, respect du milieu aquatique\\u2026 Une activit\\u00e9 nature accessible \\u00e0 tous ! Au programme de ce bel apr\\u00e8s-midi : 1h d\\u2019explication sur les poissons, la vie [&hellip;]<address><b>Adresse : <\\\/b>{marker_address}<\\\/address><a class=\\\"fc-btn fc-btn-small fc-btn-red\\\" href=\\\"https:\\\/\\\/collinescathares.com\\\/es\\\/evenements-ponctuels\\\/initiation-a-la-peche-sur-le-canal-du-midi\\\/\\\">En savoir plus<\\\/a><\\\/div>\",\"content\":\"Pour la f\\u00eate nationale de la p\\u00eache, partagez un moment convivial au bord du canal du Midi et d\\u00e9couvrez les bases de la p\\u00eache avec un passionn\\u00e9 : mat\\u00e9riel, techniques, respect du milieu aquatique\\u2026 Une activit\\u00e9 nature accessible \\u00e0 tous ! Au programme de ce bel apr\\u00e8s-midi : 1h d\\u2019explication sur les poissons, la vie [&hellip;]\",\"address\":\"Port de Bram 11150 BRAM\",\"location\":{\"lat\":\"43.2550935\",\"city\":\"BRAM\",\"country\":\"France\",\"lng\":\"2.12599186\",\"onclick_action\":\"post\",\"redirect_permalink\":\"https:\\\/\\\/collinescathares.com\\\/es\\\/evenements-ponctuels\\\/initiation-a-la-peche-sur-le-canal-du-midi\\\/\",\"zoom\":10,\"extra_fields\":{\"%date_evenement_r%\":\"07 Juin 2026\",\"%date_evenement_fin_r%\":\"07 Juin 2026\",\"post_excerpt\":\"Pour la f\\u00eate nationale de la p\\u00eache, partagez un moment convivial au bord du canal du Midi et d\\u00e9couvrez les bases de la p\\u00eache avec un passionn\\u00e9 : mat\\u00e9riel, techniques, respect du milieu aquatique\\u2026 Une activit\\u00e9 nature accessible \\u00e0 tous ! Au programme de ce bel apr\\u00e8s-midi : 1h d\\u2019explication sur les poissons, la vie [&hellip;]\",\"post_content\":\"Pour la f\\u00eate nationale de la p\\u00eache, partagez un moment convivial au bord du canal du Midi et d\\u00e9couvrez les bases de la p\\u00eache avec un passionn\\u00e9 : mat\\u00e9riel, techniques, respect du milieu aquatique\\u2026 Une activit\\u00e9 nature accessible \\u00e0 tous !\\n\\nAu programme de ce bel apr\\u00e8s-midi : 1h d\\u2019explication sur les poissons, la vie dans le canal du Midi, et l\\u2019alimentation des poissons, d\\u00e9couverte des cannes \\u00e0 p\\u00eaches, jeu sur la fabrication des amorces, point sur la s\\u00e9curit\\u00e9, gestuelle de s\\u00e9curit\\u00e9, pratique de la p\\u00eache et conclusion.\\nGoodies offerts : casquettes, portes clef et une coupe \\u00e0 remettre \\u00e0 celui qui aura p\\u00eacher le plus gros poisson !\\nCarte de p\\u00eache, mat\\u00e9riel et \\u00e9quipement fournis par Alexis Boreau de \\\"Guide Silure Aude\\\".\\nRDV 15 minutes avant le d\\u00e9but de l'animation \\u00e0 l\\u2019aire de pique-nique de Bram.\\nPossibilit\\u00e9 de pique-niquer au bord du canal du Midi\\nPensez \\u00e0 prendre une bouteille d\\u2019eau, casquette et cr\\u00e8me solaire.\\n\\nDur\\u00e9e de l'atelier : 4h. \\nTarif : 30\\u20ac\\\/participant\\nInformations et inscription (obligatoire) au 06 95 17 35 10. Nombre de places limit\\u00e9 (8 personnes maximum).\",\"post_title\":\"INITIATION \\u00c0 LA P\\u00caCHE SUR LE CANAL DU MIDI\",\"post_link\":\"https:\\\/\\\/collinescathares.com\\\/es\\\/evenements-ponctuels\\\/initiation-a-la-peche-sur-le-canal-du-midi\\\/\",\"post_featured_image\":\"<div class=\\\"fc-feature-img\\\"><img alt=\\\"INITIATION \\u00c0 LA P\\u00caCHE SUR LE CANAL DU MIDI\\\" width=\\\"300\\\" height=\\\"225\\\" src=\\\"https:\\\/\\\/collinescathares.com\\\/wp-content\\\/uploads\\\/2026\\\/01\\\/INITIATION-A-LA-PECHE-SUR-LE-CANAL-DU-MIDI-300x225.jpg\\\" class=\\\"wp-post-image   wpgmp_featured_image\\\" ><\\\/div>\",\"post_categories\":\"Ev\\u00e9nements ponctuels\",\"post_tags\":\"\",\"%_encloseme%\":\"1\",\"%_thumbnail_id%\":\"261451\",\"%ville_r%\":\"BRAM\",\"%_ville_r%\":\"field_5efc3a17e12c5\",\"%cp_r%\":\"11150\",\"%_cp_r%\":\"field_5efc3a47e12ca\",\"%tarifs_r%\":\"Plein tarif||30,00|\",\"%_tarifs_r%\":\"field_5efc3a22e12c6\",\"%adresse_r%\":\"Port de Bram\",\"%_adresse_r%\":\"field_5efc3a2ee12c7\",\"%carte_r%\":\"Port de Bram 11150 BRAM, 43.2550935, 2.12599186, 14\",\"%_carte_r%\":\"field_5efc4ed05494a\",\"%labels_r%\":\"\",\"%_labels_r%\":\"field_5f3a47134470d\",\"%handicap_r%\":\"\",\"%_handicap_r%\":\"field_5f3a471a4470e\",\"%offres_promotionnelles_r%\":\"\",\"%_offres_promotionnelles_r%\":\"field_5f3a472d4470f\",\"%telephone_r%\":\" Port : +33 6 95 17 35 10\",\"%_telephone_r%\":\"field_5efc3a39e12c8\",\"%email_r%\":\"guidesilureaude@gmail.com\",\"%_email_r%\":\"field_5efc3a40e12c9\",\"%idunique_r%\":\"FMALAR011V51A7SI\",\"%_idunique_r%\":\"field_5f04335c562b3\",\"%site_r%\":\"https:\\\/\\\/www.guidesilureaude.fr\\\/\",\"%_site_r%\":\"field_5efc4d652a106\",\"%_date_evenement_r%\":\"field_5f0348f37d5bd\",\"%_date_evenement_fin_r%\":\"field_5f3a4540d0781\",\"%horaires_evenement_r%\":\"13:30 \\\/ 17:30\",\"%_horaires_evenement_r%\":\"field_5f3a4550d0782\",\"%type_r%\":\"Stage \\\/ Atelier\",\"%_type_r%\":\"field_5f057b5365cd7\",\"%classification_r%\":\"\",\"%_classification_r%\":\"field_5f3a3af81a328\",\"%classement_prefectoral_r%\":\"\",\"%_classement_prefectoral_r%\":\"field_5f3a473444710\",\"%datetri_r%\":\"1780790400\",\"%_datetri_r%\":\"field_5f3a8a82002b1\",\"%langage_r%\":\"FR\",\"%_langage_r%\":\"field_5f3be5649f374\",\"%_wpgmp_location_address%\":\"Port de Bram 11150 BRAM\",\"%_wpgmp_location_city%\":\"BRAM\",\"%_wpgmp_location_state%\":\"\",\"%_wpgmp_location_country%\":\"France\",\"%_wpgmp_metabox_marker_id%\":\"a:1:{i:0;i:8;}\",\"%_wpgmp_map_id%\":\"a:1:{i:0;i:21;}\",\"%_wpgmp_metabox_latitude%\":\"43.2550935\",\"%_wpgmp_metabox_longitude%\":\"2.12599186\",\"%_wpgmp_metabox_location_redirect%\":\"post\",\"%_wpgmp_metabox_custom_link%\":\"\",\"%_wpgmp_metabox_taxomomies_terms%\":\"N;\",\"%_wpgmp_extensions_fields%\":\"N;\",\"%_wpml_word_count%\":\"191\",\"%_elementor_page_assets%\":\"\",\"taxonomy=category\":\"Ev\\u00e9nements ponctuels\",\"taxonomy=post_tag\":\"\",\"taxonomy=post_format\":\"\",\"taxonomy=translation_priority\":\"Opcional\"},\"icon\":\"https:\\\/\\\/collinescathares.com\\\/wp-content\\\/uploads\\\/2020\\\/07\\\/pointeur_vert.svg\"},\"id\":261746,\"custom_filters\":{\"type_r\":\"Stage \\\/ Atelier\",\"datetri_r\":\"1780790400\"},\"infowindow_disable\":false,\"categories\":[{\"icon\":\"https:\\\/\\\/collinescathares.com\\\/wp-content\\\/uploads\\\/2020\\\/07\\\/pointeur_vert.svg\",\"name\":\"Ev\\u00e9nements ponctuels\",\"id\":\"8\",\"type\":\"category\"}]},{\"source\":\"post\",\"title\":\"JOURN\\u00c9E PATRIMOINE ET ASTRONOMIE SOLAIRE AU MOULIN DE RIBOUISSE\",\"infowindow_content\":\"<div class=\\\"fc-main\\\"><div class=\\\"fc-item-title\\\">JOURN\\u00c9E PATRIMOINE ET ASTRONOMIE SOLAIRE AU MOULIN DE RIBOUISSE <span class=\\\"fc-badge info\\\">Ev\\u00e9nements ponctuels<\\\/span><\\\/div> <div class=\\\"fc-item-featured_image\\\"><div class=\\\"fc-feature-img\\\"><img alt=\\\"JOURN\\u00c9E PATRIMOINE ET ASTRONOMIE SOLAIRE AU MOULIN DE RIBOUISSE\\\" width=\\\"300\\\" height=\\\"225\\\" src=\\\"https:\\\/\\\/collinescathares.com\\\/wp-content\\\/uploads\\\/2026\\\/01\\\/JOURNEE-PATRIMOINE-ET-ASTRONOMIE-SOLAIRE-AU-MOULIN-DE-RIBOUISSE-300x225.jpg\\\" class=\\\"wp-post-image   wpgmp_featured_image\\\" ><\\\/div> <\\\/div>A l&#8217;occasion des Journ\\u00e9es du Patrimoine de Pays et du Jour de la Lumi\\u00e8re, d\\u00e9couvrez le moulin et le village de Ribouisse lors d&#8217;une visite comment\\u00e9e. Apr\\u00e8s un pique-nique tir\\u00e9 du sac, vous observerez aussi le soleil et cr\\u00e9erez un cadran solaire \\u00e0 partir d&#8217;objets de r\\u00e9cup\\u00e9ration. Au programme : &#8211; de 11h30 \\u00e0 12h30 [&hellip;]<address><b>Adresse : <\\\/b>{marker_address}<\\\/address><a class=\\\"fc-btn fc-btn-small fc-btn-red\\\" href=\\\"https:\\\/\\\/collinescathares.com\\\/es\\\/evenements-ponctuels\\\/journee-patrimoine-et-astronomie-solaire-au-moulin-de-ribouisse\\\/\\\">En savoir plus<\\\/a><\\\/div>\",\"content\":\"A l&#8217;occasion des Journ\\u00e9es du Patrimoine de Pays et du Jour de la Lumi\\u00e8re, d\\u00e9couvrez le moulin et le village de Ribouisse lors d&#8217;une visite comment\\u00e9e. Apr\\u00e8s un pique-nique tir\\u00e9 du sac, vous observerez aussi le soleil et cr\\u00e9erez un cadran solaire \\u00e0 partir d&#8217;objets de r\\u00e9cup\\u00e9ration. Au programme : &#8211; de 11h30 \\u00e0 12h30 [&hellip;]\",\"address\":\" 11270 RIBOUISSE\",\"location\":{\"lat\":\"43.1793483\",\"city\":\"RIBOUISSE\",\"country\":\"France\",\"lng\":\"1.89702474\",\"onclick_action\":\"post\",\"redirect_permalink\":\"https:\\\/\\\/collinescathares.com\\\/es\\\/evenements-ponctuels\\\/journee-patrimoine-et-astronomie-solaire-au-moulin-de-ribouisse\\\/\",\"zoom\":10,\"extra_fields\":{\"%date_evenement_r%\":\"27 Juin 2026\",\"%date_evenement_fin_r%\":\"27 Juin 2026\",\"post_excerpt\":\"A l&#8217;occasion des Journ\\u00e9es du Patrimoine de Pays et du Jour de la Lumi\\u00e8re, d\\u00e9couvrez le moulin et le village de Ribouisse lors d&#8217;une visite comment\\u00e9e. Apr\\u00e8s un pique-nique tir\\u00e9 du sac, vous observerez aussi le soleil et cr\\u00e9erez un cadran solaire \\u00e0 partir d&#8217;objets de r\\u00e9cup\\u00e9ration. Au programme : &#8211; de 11h30 \\u00e0 12h30 [&hellip;]\",\"post_content\":\"A l'occasion des Journ\\u00e9es du Patrimoine de Pays et du Jour de la Lumi\\u00e8re, d\\u00e9couvrez le moulin et le village de Ribouisse lors d'une visite comment\\u00e9e. Apr\\u00e8s un pique-nique tir\\u00e9 du sac, vous observerez aussi le soleil et cr\\u00e9erez un cadran solaire \\u00e0 partir d'objets de r\\u00e9cup\\u00e9ration.\\n\\nAu programme :\\n- de 11h30 \\u00e0 12h30 : Visites du moulin et du village de Ribouisse\\n- \\u00e0 12h30 : pique-nique tir\\u00e9 du sac\\n- de 14h \\u00e0 17h : atelier d'observation du soleil et fabrication du cadran solaire. Encadrement assur\\u00e9 par Jamy, de l'association Stimuli Astro.\\n\\nInformations et inscription (obligatoire) aupr\\u00e8s de l'Office de Tourisme Intercommunal Collines Cathares Tourisme.\\nTarifs : 5\\u20ac\\\/adulte et 2\\u20ac\\\/enfant de plus de 10 ans.\",\"post_title\":\"JOURN\\u00c9E PATRIMOINE ET ASTRONOMIE SOLAIRE AU MOULIN DE RIBOUISSE\",\"post_link\":\"https:\\\/\\\/collinescathares.com\\\/es\\\/evenements-ponctuels\\\/journee-patrimoine-et-astronomie-solaire-au-moulin-de-ribouisse\\\/\",\"post_featured_image\":\"<div class=\\\"fc-feature-img\\\"><img alt=\\\"JOURN\\u00c9E PATRIMOINE ET ASTRONOMIE SOLAIRE AU MOULIN DE RIBOUISSE\\\" width=\\\"300\\\" height=\\\"225\\\" src=\\\"https:\\\/\\\/collinescathares.com\\\/wp-content\\\/uploads\\\/2026\\\/01\\\/JOURNEE-PATRIMOINE-ET-ASTRONOMIE-SOLAIRE-AU-MOULIN-DE-RIBOUISSE-300x225.jpg\\\" class=\\\"wp-post-image   wpgmp_featured_image\\\" ><\\\/div>\",\"post_categories\":\"Ev\\u00e9nements ponctuels\",\"post_tags\":\"\",\"%_encloseme%\":\"1\",\"%_thumbnail_id%\":\"261455\",\"%ville_r%\":\"RIBOUISSE\",\"%_ville_r%\":\"field_5efc3a17e12c5\",\"%cp_r%\":\"11270\",\"%_cp_r%\":\"field_5efc3a47e12ca\",\"%tarifs_r%\":\"Plein tarif||5,00|#Tarif enfant||2,00|plus de 10 ans\",\"%_tarifs_r%\":\"field_5efc3a22e12c6\",\"%carte_r%\":\" 11270 RIBOUISSE, 43.1793483, 1.89702474, 14\",\"%_carte_r%\":\"field_5efc4ed05494a\",\"%labels_r%\":\"\",\"%_labels_r%\":\"field_5f3a47134470d\",\"%handicap_r%\":\"\",\"%_handicap_r%\":\"field_5f3a471a4470e\",\"%offres_promotionnelles_r%\":\"\",\"%_offres_promotionnelles_r%\":\"field_5f3a472d4470f\",\"%telephone_r%\":\"+33 4 68 24 75 45\",\"%_telephone_r%\":\"field_5efc3a39e12c8\",\"%email_r%\":\"tourisme@ccplm.fr\",\"%_email_r%\":\"field_5efc3a40e12c9\",\"%idunique_r%\":\"FMALAR011V51A7TL\",\"%_idunique_r%\":\"field_5f04335c562b3\",\"%site_r%\":\"https:\\\/\\\/collinescathares.com\\\/\",\"%_site_r%\":\"field_5efc4d652a106\",\"%_date_evenement_r%\":\"field_5f0348f37d5bd\",\"%_date_evenement_fin_r%\":\"field_5f3a4540d0781\",\"%horaires_evenement_r%\":\"11:30 \\\/ 17:00\",\"%_horaires_evenement_r%\":\"field_5f3a4550d0782\",\"%type_r%\":\"Visite guid\\u00e9e\",\"%_type_r%\":\"field_5f057b5365cd7\",\"%classification_r%\":\"\",\"%_classification_r%\":\"field_5f3a3af81a328\",\"%classement_prefectoral_r%\":\"\",\"%_classement_prefectoral_r%\":\"field_5f3a473444710\",\"%datetri_r%\":\"1782518400\",\"%_datetri_r%\":\"field_5f3a8a82002b1\",\"%langage_r%\":\"FR\",\"%_langage_r%\":\"field_5f3be5649f374\",\"%_wpgmp_location_address%\":\" 11270 RIBOUISSE\",\"%_wpgmp_location_city%\":\"RIBOUISSE\",\"%_wpgmp_location_state%\":\"\",\"%_wpgmp_location_country%\":\"France\",\"%_wpgmp_metabox_marker_id%\":\"a:1:{i:0;i:8;}\",\"%_wpgmp_map_id%\":\"a:1:{i:0;i:21;}\",\"%_wpgmp_metabox_latitude%\":\"43.1793483\",\"%_wpgmp_metabox_longitude%\":\"1.89702474\",\"%_wpgmp_metabox_location_redirect%\":\"post\",\"%_wpgmp_metabox_custom_link%\":\"\",\"%_wpgmp_metabox_taxomomies_terms%\":\"N;\",\"%_wpgmp_extensions_fields%\":\"N;\",\"%_wpml_word_count%\":\"129\",\"%_elementor_page_assets%\":\"\",\"taxonomy=category\":\"Ev\\u00e9nements ponctuels\",\"taxonomy=post_tag\":\"\",\"taxonomy=post_format\":\"\",\"taxonomy=translation_priority\":\"Opcional\"},\"icon\":\"https:\\\/\\\/collinescathares.com\\\/wp-content\\\/uploads\\\/2020\\\/07\\\/pointeur_vert.svg\"},\"id\":261747,\"custom_filters\":{\"type_r\":\"Visite guid\\u00e9e\",\"datetri_r\":\"1782518400\"},\"infowindow_disable\":false,\"categories\":[{\"icon\":\"https:\\\/\\\/collinescathares.com\\\/wp-content\\\/uploads\\\/2020\\\/07\\\/pointeur_vert.svg\",\"name\":\"Ev\\u00e9nements ponctuels\",\"id\":\"8\",\"type\":\"category\"}]},{\"source\":\"post\",\"title\":\"CONF\\u00c9RENCE SUR L&#8217;HISTOIRE DE LA LIGNE DE CHEMIN DE FER DE BRAM \\u00c0 LAVELANET\",\"infowindow_content\":\"<div class=\\\"fc-main\\\"><div class=\\\"fc-item-title\\\">CONF\\u00c9RENCE SUR L&#8217;HISTOIRE DE LA LIGNE DE CHEMIN DE FER DE BRAM \\u00c0 LAVELANET <span class=\\\"fc-badge info\\\">Ev\\u00e9nements ponctuels<\\\/span><\\\/div> <div class=\\\"fc-item-featured_image\\\"><div class=\\\"fc-feature-img\\\"><img alt=\\\"CONF\\u00c9RENCE SUR L&#8217;HISTOIRE DE LA LIGNE DE CHEMIN DE FER DE BRAM \\u00c0 LAVELANET\\\" width=\\\"300\\\" height=\\\"225\\\" src=\\\"https:\\\/\\\/collinescathares.com\\\/wp-content\\\/uploads\\\/2026\\\/02\\\/CONFERENCE-SUR-L-HISTOIRE-DE-LA-LIGNE-DE-CHEMIN-DE-FER-DE-BRAM-A-LAVELANET-300x225.jpg\\\" class=\\\"wp-post-image   wpgmp_featured_image\\\" ><\\\/div> <\\\/div>Sur les traces d\\u2019une ligne de chemin de fer pas comme les autres&#8230; \\u00c0 la fin du XIX\\u1d49 si\\u00e8cle, la France se couvre de lignes ferroviaires secondaires destin\\u00e9es \\u00e0 d\\u00e9senclaver les territoires. Dans notre r\\u00e9gion, un projet ambitieux voit le jour : relier les vall\\u00e9es de l\\u2019Ari\\u00e8ge et de l\\u2019Aude. Mais entre reliefs escarp\\u00e9s, proximit\\u00e9 [&hellip;]<address><b>Adresse : <\\\/b>{marker_address}<\\\/address><a class=\\\"fc-btn fc-btn-small fc-btn-red\\\" href=\\\"https:\\\/\\\/collinescathares.com\\\/es\\\/evenements-ponctuels\\\/conference-sur-lhistoire-de-la-ligne-de-chemin-de-fer-de-bram-a-lavelanet\\\/\\\">En savoir plus<\\\/a><\\\/div>\",\"content\":\"Sur les traces d\\u2019une ligne de chemin de fer pas comme les autres&#8230; \\u00c0 la fin du XIX\\u1d49 si\\u00e8cle, la France se couvre de lignes ferroviaires secondaires destin\\u00e9es \\u00e0 d\\u00e9senclaver les territoires. Dans notre r\\u00e9gion, un projet ambitieux voit le jour : relier les vall\\u00e9es de l\\u2019Ari\\u00e8ge et de l\\u2019Aude. Mais entre reliefs escarp\\u00e9s, proximit\\u00e9 [&hellip;]\",\"address\":\"7 Rue de la mairie 11290 MONTREAL\",\"location\":{\"lat\":\"43.1995240\",\"city\":\"MONTREAL\",\"country\":\"France\",\"lng\":\"2.14091721\",\"onclick_action\":\"post\",\"redirect_permalink\":\"https:\\\/\\\/collinescathares.com\\\/es\\\/evenements-ponctuels\\\/conference-sur-lhistoire-de-la-ligne-de-chemin-de-fer-de-bram-a-lavelanet\\\/\",\"zoom\":10,\"extra_fields\":{\"%date_evenement_r%\":\"16 Mai 2026\",\"%date_evenement_fin_r%\":\"16 Mai 2026\",\"post_excerpt\":\"Sur les traces d\\u2019une ligne de chemin de fer pas comme les autres&#8230; \\u00c0 la fin du XIX\\u1d49 si\\u00e8cle, la France se couvre de lignes ferroviaires secondaires destin\\u00e9es \\u00e0 d\\u00e9senclaver les territoires. Dans notre r\\u00e9gion, un projet ambitieux voit le jour : relier les vall\\u00e9es de l\\u2019Ari\\u00e8ge et de l\\u2019Aude. Mais entre reliefs escarp\\u00e9s, proximit\\u00e9 [&hellip;]\",\"post_content\":\"Sur les traces d\\u2019une ligne de chemin de fer pas comme les autres...\\n\\u00c0 la fin du XIX\\u1d49 si\\u00e8cle, la France se couvre de lignes ferroviaires secondaires destin\\u00e9es \\u00e0 d\\u00e9senclaver les territoires. Dans notre r\\u00e9gion, un projet ambitieux voit le jour : relier les vall\\u00e9es de l\\u2019Ari\\u00e8ge et de l\\u2019Aude.\\nMais entre reliefs escarp\\u00e9s, proximit\\u00e9 strat\\u00e9gique de la fronti\\u00e8re espagnole et rivalit\\u00e9s locales, le trac\\u00e9 de cette ligne devient un v\\u00e9ritable casse-t\\u00eate.\\nLa voie ferr\\u00e9e finalement construite entre Bram et Lavelanet est le fruit de compromis, de n\\u00e9gociations\\u2026 et de rapports de force. D\\u00e9partements de l\\u2019Ari\\u00e8ge et de l\\u2019Aude, arrondissements de Carcassonne, Limoux et Castelnaudary : chacun voulait \\u00eatre le point d\\u2019aboutissement de la ligne.\\nCette infrastructure n\\u2019\\u00e9tait d\\u2019ailleurs qu\\u2019un maillon d\\u2019un r\\u00e9seau bien plus vaste, reliant Pamiers, Limoux et m\\u00eame le Tarn, o\\u00f9 le charbon de Carmaux alimentait les fours de l\\u2019industrie textile.\\nAujourd\\u2019hui, cette ancienne ligne reprend vie autrement, au fil de la Voie verte, et nous invite \\u00e0 red\\u00e9couvrir l\\u2019histoire, les paysages et les enjeux d\\u2019un territoire en mouvement.\\n\\n\\u00c0 propos de l\\u2019intervenant :\\n\\u00c9ric Fabre, universitaire, travaille en collaboration avec les Communaut\\u00e9s de Communes Pi\\u00e8ge Lauragais Malep\\u00e8re, du Limouxin et des Pyr\\u00e9n\\u00e9es Audoises \\u00e0 l\\u2019\\u00e9criture d\\u2019une histoire des territoires travers\\u00e9s par la Voie verte entre Bram et Lavelanet.\\nSes recherches m\\u00ealent histoire locale, am\\u00e9nagement du territoire et m\\u00e9moire des paysages.\\n\\nInformations et inscription (obligatoire) aupr\\u00e8s de l'Office de Tourisme Intercommunal Collines Cathares Tourisme.\\nConf\\u00e9rence gratuite.\",\"post_title\":\"CONF\\u00c9RENCE SUR L&#8217;HISTOIRE DE LA LIGNE DE CHEMIN DE FER DE BRAM \\u00c0 LAVELANET\",\"post_link\":\"https:\\\/\\\/collinescathares.com\\\/es\\\/evenements-ponctuels\\\/conference-sur-lhistoire-de-la-ligne-de-chemin-de-fer-de-bram-a-lavelanet\\\/\",\"post_featured_image\":\"<div class=\\\"fc-feature-img\\\"><img alt=\\\"CONF\\u00c9RENCE SUR L&#8217;HISTOIRE DE LA LIGNE DE CHEMIN DE FER DE BRAM \\u00c0 LAVELANET\\\" width=\\\"300\\\" height=\\\"225\\\" src=\\\"https:\\\/\\\/collinescathares.com\\\/wp-content\\\/uploads\\\/2026\\\/02\\\/CONFERENCE-SUR-L-HISTOIRE-DE-LA-LIGNE-DE-CHEMIN-DE-FER-DE-BRAM-A-LAVELANET-300x225.jpg\\\" class=\\\"wp-post-image   wpgmp_featured_image\\\" ><\\\/div>\",\"post_categories\":\"Ev\\u00e9nements ponctuels\",\"post_tags\":\"\",\"%_encloseme%\":\"1\",\"%_thumbnail_id%\":\"261741\",\"%ville_r%\":\"MONTREAL\",\"%_ville_r%\":\"field_5efc3a17e12c5\",\"%cp_r%\":\"11290\",\"%_cp_r%\":\"field_5efc3a47e12ca\",\"%tarifs_r%\":\"\",\"%_tarifs_r%\":\"field_5efc3a22e12c6\",\"%adresse_r%\":\"7 Rue de la mairie\",\"%_adresse_r%\":\"field_5efc3a2ee12c7\",\"%carte_r%\":\"7 Rue de la mairie 11290 MONTREAL, 43.1995240, 2.14091721, 14\",\"%_carte_r%\":\"field_5efc4ed05494a\",\"%labels_r%\":\"\",\"%_labels_r%\":\"field_5f3a47134470d\",\"%handicap_r%\":\"\",\"%_handicap_r%\":\"field_5f3a471a4470e\",\"%offres_promotionnelles_r%\":\"\",\"%_offres_promotionnelles_r%\":\"field_5f3a472d4470f\",\"%telephone_r%\":\"+33 4 68 24 75 45\",\"%_telephone_r%\":\"field_5efc3a39e12c8\",\"%email_r%\":\"tourisme@ccplm.fr\",\"%_email_r%\":\"field_5efc3a40e12c9\",\"%idunique_r%\":\"FMALAR011V51A7RF\",\"%_idunique_r%\":\"field_5f04335c562b3\",\"%site_r%\":\"https:\\\/\\\/collinescathares.com\\\/\",\"%_site_r%\":\"field_5efc4d652a106\",\"%_date_evenement_r%\":\"field_5f0348f37d5bd\",\"%_date_evenement_fin_r%\":\"field_5f3a4540d0781\",\"%horaires_evenement_r%\":\"20:00 \\\/ 22:00\",\"%_horaires_evenement_r%\":\"field_5f3a4550d0782\",\"%type_r%\":\"D\\u00e9bat \\\/ Conf\\u00e9rence\",\"%_type_r%\":\"field_5f057b5365cd7\",\"%classification_r%\":\"\",\"%_classification_r%\":\"field_5f3a3af81a328\",\"%classement_prefectoral_r%\":\"\",\"%_classement_prefectoral_r%\":\"field_5f3a473444710\",\"%datetri_r%\":\"1778889600\",\"%_datetri_r%\":\"field_5f3a8a82002b1\",\"%langage_r%\":\"FR\",\"%_langage_r%\":\"field_5f3be5649f374\",\"%_wpgmp_location_address%\":\"7 Rue de la mairie 11290 MONTREAL\",\"%_wpgmp_location_city%\":\"MONTREAL\",\"%_wpgmp_location_state%\":\"\",\"%_wpgmp_location_country%\":\"France\",\"%_wpgmp_metabox_marker_id%\":\"a:1:{i:0;i:8;}\",\"%_wpgmp_map_id%\":\"a:1:{i:0;i:21;}\",\"%_wpgmp_metabox_latitude%\":\"43.1995240\",\"%_wpgmp_metabox_longitude%\":\"2.14091721\",\"%_wpgmp_metabox_location_redirect%\":\"post\",\"%_wpgmp_metabox_custom_link%\":\"\",\"%_wpgmp_metabox_taxomomies_terms%\":\"N;\",\"%_wpgmp_extensions_fields%\":\"N;\",\"%_wpml_word_count%\":\"302\",\"taxonomy=category\":\"Ev\\u00e9nements ponctuels\",\"taxonomy=post_tag\":\"\",\"taxonomy=post_format\":\"\",\"taxonomy=translation_priority\":\"Opcional\"},\"icon\":\"https:\\\/\\\/collinescathares.com\\\/wp-content\\\/uploads\\\/2020\\\/07\\\/pointeur_vert.svg\"},\"id\":261744,\"custom_filters\":{\"type_r\":\"D\\u00e9bat \\\/ Conf\\u00e9rence\",\"datetri_r\":\"1778889600\"},\"infowindow_disable\":false,\"categories\":[{\"icon\":\"https:\\\/\\\/collinescathares.com\\\/wp-content\\\/uploads\\\/2020\\\/07\\\/pointeur_vert.svg\",\"name\":\"Ev\\u00e9nements ponctuels\",\"id\":\"8\",\"type\":\"category\"}]},{\"source\":\"post\",\"title\":\"BALADE CONT\\u00c9E ET OBSERVATION DES \\u00c9TOILES ET GALAXIES\",\"infowindow_content\":\"<div class=\\\"fc-main\\\"><div class=\\\"fc-item-title\\\">BALADE CONT\\u00c9E ET OBSERVATION DES \\u00c9TOILES ET GALAXIES <span class=\\\"fc-badge info\\\">Ev\\u00e9nements ponctuels<\\\/span><\\\/div> <div class=\\\"fc-item-featured_image\\\"><div class=\\\"fc-feature-img\\\"><img alt=\\\"BALADE CONT\\u00c9E ET OBSERVATION DES \\u00c9TOILES ET GALAXIES\\\" width=\\\"300\\\" height=\\\"225\\\" src=\\\"https:\\\/\\\/collinescathares.com\\\/wp-content\\\/uploads\\\/2026\\\/01\\\/BALADE-CONTEE-ET-OBSERVATION-DES-ETOILES-ET-GALAXIES-2-300x225.jpg\\\" class=\\\"wp-post-image   wpgmp_featured_image\\\" ><\\\/div> <\\\/div>\\u00c0 la tomb\\u00e9e du jour, sur le superbe sentier historique de Laurac, partez pour une balade \\u00e0 la d\\u00e9couverte du ciel \\u00e9toil\\u00e9 ! Guid\\u00e9s par Jamy, de l\\u2019association Stimuli Astro, vous apprendrez \\u00e0 reconna\\u00eetre constellations, plan\\u00e8tes et galaxies, \\u00e0 comprendre ce que vous observez\\u2026 et surtout \\u00e0 vous \\u00e9merveiller. Une soir\\u00e9e conviviale, ponctu\\u00e9e de r\\u00e9cits, [&hellip;]<address><b>Adresse : <\\\/b>{marker_address}<\\\/address><a class=\\\"fc-btn fc-btn-small fc-btn-red\\\" href=\\\"https:\\\/\\\/collinescathares.com\\\/es\\\/evenements-ponctuels\\\/balade-contee-et-observation-des-etoiles-et-galaxies\\\/\\\">En savoir plus<\\\/a><\\\/div>\",\"content\":\"\\u00c0 la tomb\\u00e9e du jour, sur le superbe sentier historique de Laurac, partez pour une balade \\u00e0 la d\\u00e9couverte du ciel \\u00e9toil\\u00e9 ! Guid\\u00e9s par Jamy, de l\\u2019association Stimuli Astro, vous apprendrez \\u00e0 reconna\\u00eetre constellations, plan\\u00e8tes et galaxies, \\u00e0 comprendre ce que vous observez\\u2026 et surtout \\u00e0 vous \\u00e9merveiller. Une soir\\u00e9e conviviale, ponctu\\u00e9e de r\\u00e9cits, [&hellip;]\",\"address\":\"8 Rue du pont 11270 LAURAC\",\"location\":{\"lat\":\"43.2277440\",\"city\":\"LAURAC\",\"country\":\"France\",\"lng\":\"1.97521823\",\"onclick_action\":\"post\",\"redirect_permalink\":\"https:\\\/\\\/collinescathares.com\\\/es\\\/evenements-ponctuels\\\/balade-contee-et-observation-des-etoiles-et-galaxies\\\/\",\"zoom\":10,\"extra_fields\":{\"%date_evenement_r%\":\"17 Avril 2026\",\"%date_evenement_fin_r%\":\"17 Avril 2026\",\"post_excerpt\":\"\\u00c0 la tomb\\u00e9e du jour, sur le superbe sentier historique de Laurac, partez pour une balade \\u00e0 la d\\u00e9couverte du ciel \\u00e9toil\\u00e9 ! Guid\\u00e9s par Jamy, de l\\u2019association Stimuli Astro, vous apprendrez \\u00e0 reconna\\u00eetre constellations, plan\\u00e8tes et galaxies, \\u00e0 comprendre ce que vous observez\\u2026 et surtout \\u00e0 vous \\u00e9merveiller. Une soir\\u00e9e conviviale, ponctu\\u00e9e de r\\u00e9cits, [&hellip;]\",\"post_content\":\"\\u00c0 la tomb\\u00e9e du jour, sur le superbe sentier historique de Laurac, partez pour une balade \\u00e0 la d\\u00e9couverte du ciel \\u00e9toil\\u00e9 !\\nGuid\\u00e9s par Jamy, de l\\u2019association Stimuli Astro, vous apprendrez \\u00e0 reconna\\u00eetre constellations, plan\\u00e8tes et galaxies, \\u00e0 comprendre ce que vous observez\\u2026 et surtout \\u00e0 vous \\u00e9merveiller.\\nUne soir\\u00e9e conviviale, ponctu\\u00e9e de r\\u00e9cits, durant laquelle la science rencontre l\\u2019imaginaire, sous l\\u2019un des plus beaux plafonds qui soient : le ciel \\u00e9toil\\u00e9.\\n\\nInformations et inscription (obligatoire) aupr\\u00e8s de l'Office de Tourisme Intercommunal Collines Cathares Tourisme.\\nTarifs : 5\\u20ac\\\/adulte et 2\\u20ac\\\/enfant de plus de 10 ans.\",\"post_title\":\"BALADE CONT\\u00c9E ET OBSERVATION DES \\u00c9TOILES ET GALAXIES\",\"post_link\":\"https:\\\/\\\/collinescathares.com\\\/es\\\/evenements-ponctuels\\\/balade-contee-et-observation-des-etoiles-et-galaxies\\\/\",\"post_featured_image\":\"<div class=\\\"fc-feature-img\\\"><img alt=\\\"BALADE CONT\\u00c9E ET OBSERVATION DES \\u00c9TOILES ET GALAXIES\\\" width=\\\"300\\\" height=\\\"225\\\" src=\\\"https:\\\/\\\/collinescathares.com\\\/wp-content\\\/uploads\\\/2026\\\/01\\\/BALADE-CONTEE-ET-OBSERVATION-DES-ETOILES-ET-GALAXIES-2-300x225.jpg\\\" class=\\\"wp-post-image   wpgmp_featured_image\\\" ><\\\/div>\",\"post_categories\":\"Ev\\u00e9nements ponctuels\",\"post_tags\":\"\",\"%_encloseme%\":\"1\",\"%_thumbnail_id%\":\"261442\",\"%ville_r%\":\"LAURAC\",\"%_ville_r%\":\"field_5efc3a17e12c5\",\"%cp_r%\":\"11270\",\"%_cp_r%\":\"field_5efc3a47e12ca\",\"%tarifs_r%\":\"Plein tarif||5,00|#Tarif enfant||2,00|plus de 10 ans\",\"%_tarifs_r%\":\"field_5efc3a22e12c6\",\"%adresse_r%\":\"8 Rue du pont\",\"%_adresse_r%\":\"field_5efc3a2ee12c7\",\"%carte_r%\":\"8 Rue du pont 11270 LAURAC, 43.2277440, 1.97521823, 14\",\"%_carte_r%\":\"field_5efc4ed05494a\",\"%labels_r%\":\"\",\"%_labels_r%\":\"field_5f3a47134470d\",\"%handicap_r%\":\"\",\"%_handicap_r%\":\"field_5f3a471a4470e\",\"%offres_promotionnelles_r%\":\"\",\"%_offres_promotionnelles_r%\":\"field_5f3a472d4470f\",\"%telephone_r%\":\"+33 4 68 24 75 45\",\"%_telephone_r%\":\"field_5efc3a39e12c8\",\"%email_r%\":\"tourisme@ccplm.fr\",\"%_email_r%\":\"field_5efc3a40e12c9\",\"%idunique_r%\":\"FMALAR011V51A7Q7\",\"%_idunique_r%\":\"field_5f04335c562b3\",\"%site_r%\":\"https:\\\/\\\/collinescathares.com\\\/\",\"%_site_r%\":\"field_5efc4d652a106\",\"%_date_evenement_r%\":\"field_5f0348f37d5bd\",\"%_date_evenement_fin_r%\":\"field_5f3a4540d0781\",\"%horaires_evenement_r%\":\"20:30 \\\/ 23:00\",\"%_horaires_evenement_r%\":\"field_5f3a4550d0782\",\"%type_r%\":\"Randonn\\u00e9e, balade\",\"%_type_r%\":\"field_5f057b5365cd7\",\"%classification_r%\":\"\",\"%_classification_r%\":\"field_5f3a3af81a328\",\"%classement_prefectoral_r%\":\"\",\"%_classement_prefectoral_r%\":\"field_5f3a473444710\",\"%datetri_r%\":\"1776384000\",\"%_datetri_r%\":\"field_5f3a8a82002b1\",\"%langage_r%\":\"FR\",\"%_langage_r%\":\"field_5f3be5649f374\",\"%_wpgmp_location_address%\":\"8 Rue du pont 11270 LAURAC\",\"%_wpgmp_location_city%\":\"LAURAC\",\"%_wpgmp_location_state%\":\"\",\"%_wpgmp_location_country%\":\"France\",\"%_wpgmp_metabox_marker_id%\":\"a:1:{i:0;i:8;}\",\"%_wpgmp_map_id%\":\"a:1:{i:0;i:21;}\",\"%_wpgmp_metabox_latitude%\":\"43.2277440\",\"%_wpgmp_metabox_longitude%\":\"1.97521823\",\"%_wpgmp_metabox_location_redirect%\":\"post\",\"%_wpgmp_metabox_custom_link%\":\"\",\"%_wpgmp_metabox_taxomomies_terms%\":\"N;\",\"%_wpgmp_extensions_fields%\":\"N;\",\"%_wpml_word_count%\":\"121\",\"%_elementor_page_assets%\":\"\",\"taxonomy=category\":\"Ev\\u00e9nements ponctuels\",\"taxonomy=post_tag\":\"\",\"taxonomy=post_format\":\"\",\"taxonomy=translation_priority\":\"Opcional\"},\"icon\":\"https:\\\/\\\/collinescathares.com\\\/wp-content\\\/uploads\\\/2020\\\/07\\\/pointeur_vert.svg\"},\"id\":261740,\"custom_filters\":{\"type_r\":\"Randonn\\u00e9e, balade\",\"datetri_r\":\"1776384000\"},\"infowindow_disable\":false,\"categories\":[{\"icon\":\"https:\\\/\\\/collinescathares.com\\\/wp-content\\\/uploads\\\/2020\\\/07\\\/pointeur_vert.svg\",\"name\":\"Ev\\u00e9nements ponctuels\",\"id\":\"8\",\"type\":\"category\"}]},{\"source\":\"post\",\"title\":\"VISITE COMMENT\\u00c9E DE LA COLL\\u00c9GIALE SAINT-VINCENT \\u00c0 MONTR\\u00c9AL\",\"infowindow_content\":\"<div class=\\\"fc-main\\\"><div class=\\\"fc-item-title\\\">VISITE COMMENT\\u00c9E DE LA COLL\\u00c9GIALE SAINT-VINCENT \\u00c0 MONTR\\u00c9AL <span class=\\\"fc-badge info\\\">Ev\\u00e9nements ponctuels<\\\/span><\\\/div> <div class=\\\"fc-item-featured_image\\\"> <\\\/div>Pos\\u00e9e dans les hauteurs de Montr\\u00e9al d\\u2019Aude comme un phare au c\\u0153ur des collines riantes et des vignobles de la Malep\\u00e8re, la Coll\\u00e9giale Saint-Vincent marque les paysages alentour de ses \\u00e9tonnantes proportions. Dat\\u00e9 de la fin du XIIIe \\u2013 d\\u00e9but XIVe si\\u00e8cle, fortifi\\u00e9 durant les guerres de religion, embelli aux XVIIIe et XIXe si\\u00e8cles, ce [&hellip;]<address><b>Adresse : <\\\/b>{marker_address}<\\\/address><a class=\\\"fc-btn fc-btn-small fc-btn-red\\\" href=\\\"https:\\\/\\\/collinescathares.com\\\/es\\\/evenements-ponctuels\\\/visite-commentee-de-la-collegiale-saint-vincent-a-montreal-10\\\/\\\">En savoir plus<\\\/a><\\\/div>\",\"content\":\"Pos\\u00e9e dans les hauteurs de Montr\\u00e9al d\\u2019Aude comme un phare au c\\u0153ur des collines riantes et des vignobles de la Malep\\u00e8re, la Coll\\u00e9giale Saint-Vincent marque les paysages alentour de ses \\u00e9tonnantes proportions. Dat\\u00e9 de la fin du XIIIe \\u2013 d\\u00e9but XIVe si\\u00e8cle, fortifi\\u00e9 durant les guerres de religion, embelli aux XVIIIe et XIXe si\\u00e8cles, ce [&hellip;]\",\"address\":\"Place Saint-Vincent 11290 MONTREAL\",\"location\":{\"lat\":\"43.1993378\",\"city\":\"MONTREAL\",\"country\":\"France\",\"lng\":\"2.14279411\",\"onclick_action\":\"post\",\"redirect_permalink\":\"https:\\\/\\\/collinescathares.com\\\/es\\\/evenements-ponctuels\\\/visite-commentee-de-la-collegiale-saint-vincent-a-montreal-10\\\/\",\"zoom\":10,\"extra_fields\":{\"%date_evenement_r%\":\"23 Juillet 2026\",\"%date_evenement_fin_r%\":\"23 Juillet 2026\",\"post_excerpt\":\"Pos\\u00e9e dans les hauteurs de Montr\\u00e9al d\\u2019Aude comme un phare au c\\u0153ur des collines riantes et des vignobles de la Malep\\u00e8re, la Coll\\u00e9giale Saint-Vincent marque les paysages alentour de ses \\u00e9tonnantes proportions. Dat\\u00e9 de la fin du XIIIe \\u2013 d\\u00e9but XIVe si\\u00e8cle, fortifi\\u00e9 durant les guerres de religion, embelli aux XVIIIe et XIXe si\\u00e8cles, ce [&hellip;]\",\"post_content\":\"Pos\\u00e9e dans les hauteurs de Montr\\u00e9al d\\u2019Aude comme un phare au c\\u0153ur des collines riantes et des vignobles de la Malep\\u00e8re, la Coll\\u00e9giale Saint-Vincent marque les paysages alentour de ses \\u00e9tonnantes proportions. \\n\\nDat\\u00e9 de la fin du XIIIe \\u2013 d\\u00e9but XIVe si\\u00e8cle, fortifi\\u00e9 durant les guerres de religion, embelli aux XVIIIe et XIXe si\\u00e8cles, ce majestueux vaisseau de pierre conserve le souvenir des moments clefs de l\\u2019Histoire locale.\\n\\nVenez d\\u00e9couvrir cet \\u00e9difice lors d'une visite guid\\u00e9e !\\nRendez-vous sur le parvis de la coll\\u00e9giale (place Saint-Vincent) le jeudi 23 juillet \\u00e0 17h00. Votre guide, Armand Guitard, vous y attendra.\\n\\nVisite sur r\\u00e9servation : 04 68 24 75 45 \\\/ tourisme@ccplm.fr\\nParticipation au chapeau. Nombre de places limit\\u00e9.\\n\\u00c0 cette occasion, le livre d'Armand Guitard sur la coll\\u00e9giale sera propos\\u00e9 \\u00e0 la vente.\",\"post_title\":\"VISITE COMMENT\\u00c9E DE LA COLL\\u00c9GIALE SAINT-VINCENT \\u00c0 MONTR\\u00c9AL\",\"post_link\":\"https:\\\/\\\/collinescathares.com\\\/es\\\/evenements-ponctuels\\\/visite-commentee-de-la-collegiale-saint-vincent-a-montreal-10\\\/\",\"post_featured_image\":\"\",\"post_categories\":\"Ev\\u00e9nements ponctuels\",\"post_tags\":\"\",\"%_encloseme%\":\"1\",\"%ville_r%\":\"MONTREAL\",\"%_ville_r%\":\"field_5efc3a17e12c5\",\"%cp_r%\":\"11290\",\"%_cp_r%\":\"field_5efc3a47e12ca\",\"%tarifs_r%\":\"\",\"%_tarifs_r%\":\"field_5efc3a22e12c6\",\"%adresse_r%\":\"Place Saint-Vincent\",\"%_adresse_r%\":\"field_5efc3a2ee12c7\",\"%carte_r%\":\"Place Saint-Vincent 11290 MONTREAL, 43.1993378, 2.14279411, 14\",\"%_carte_r%\":\"field_5efc4ed05494a\",\"%labels_r%\":\"\",\"%_labels_r%\":\"field_5f3a47134470d\",\"%handicap_r%\":\"\",\"%_handicap_r%\":\"field_5f3a471a4470e\",\"%offres_promotionnelles_r%\":\"\",\"%_offres_promotionnelles_r%\":\"field_5f3a472d4470f\",\"%telephone_r%\":\"+33 4 68 24 75 45\",\"%_telephone_r%\":\"field_5efc3a39e12c8\",\"%email_r%\":\"tourisme@ccplm.fr\",\"%_email_r%\":\"field_5efc3a40e12c9\",\"%idunique_r%\":\"FMALAR011V51A74J\",\"%_idunique_r%\":\"field_5f04335c562b3\",\"%site_r%\":\"https:\\\/\\\/collinescathares.com\\\/\",\"%_site_r%\":\"field_5efc4d652a106\",\"%_date_evenement_r%\":\"field_5f0348f37d5bd\",\"%_date_evenement_fin_r%\":\"field_5f3a4540d0781\",\"%horaires_evenement_r%\":\"17:00 \\\/ 18:30\",\"%_horaires_evenement_r%\":\"field_5f3a4550d0782\",\"%type_r%\":\"Visite guid\\u00e9e\",\"%_type_r%\":\"field_5f057b5365cd7\",\"%classification_r%\":\"\",\"%_classification_r%\":\"field_5f3a3af81a328\",\"%classement_prefectoral_r%\":\"\",\"%_classement_prefectoral_r%\":\"field_5f3a473444710\",\"%datetri_r%\":\"1784764800\",\"%_datetri_r%\":\"field_5f3a8a82002b1\",\"%langage_r%\":\"FR\",\"%_langage_r%\":\"field_5f3be5649f374\",\"%_wpgmp_location_address%\":\"Place Saint-Vincent 11290 MONTREAL\",\"%_wpgmp_location_city%\":\"MONTREAL\",\"%_wpgmp_location_state%\":\"\",\"%_wpgmp_location_country%\":\"France\",\"%_wpgmp_metabox_marker_id%\":\"a:1:{i:0;i:8;}\",\"%_wpgmp_map_id%\":\"a:1:{i:0;i:21;}\",\"%_wpgmp_metabox_latitude%\":\"43.1993378\",\"%_wpgmp_metabox_longitude%\":\"2.14279411\",\"%_wpgmp_metabox_location_redirect%\":\"post\",\"%_wpgmp_metabox_custom_link%\":\"\",\"%_wpgmp_metabox_taxomomies_terms%\":\"N;\",\"%_wpgmp_extensions_fields%\":\"N;\",\"%_wpml_word_count%\":\"147\",\"taxonomy=category\":\"Ev\\u00e9nements ponctuels\",\"taxonomy=post_tag\":\"\",\"taxonomy=post_format\":\"\",\"taxonomy=translation_priority\":\"Opcional\"},\"icon\":\"https:\\\/\\\/collinescathares.com\\\/wp-content\\\/uploads\\\/2020\\\/07\\\/pointeur_vert.svg\"},\"id\":261736,\"custom_filters\":{\"type_r\":\"Visite guid\\u00e9e\",\"datetri_r\":\"1784764800\"},\"infowindow_disable\":false,\"categories\":[{\"icon\":\"https:\\\/\\\/collinescathares.com\\\/wp-content\\\/uploads\\\/2020\\\/07\\\/pointeur_vert.svg\",\"name\":\"Ev\\u00e9nements ponctuels\",\"id\":\"8\",\"type\":\"category\"}]},{\"source\":\"post\",\"title\":\"VISITE COMMENT\\u00c9E DE LA COLL\\u00c9GIALE SAINT-VINCENT \\u00c0 MONTR\\u00c9AL\",\"infowindow_content\":\"<div class=\\\"fc-main\\\"><div class=\\\"fc-item-title\\\">VISITE COMMENT\\u00c9E DE LA COLL\\u00c9GIALE SAINT-VINCENT \\u00c0 MONTR\\u00c9AL <span class=\\\"fc-badge info\\\">Ev\\u00e9nements ponctuels<\\\/span><\\\/div> <div class=\\\"fc-item-featured_image\\\"> <\\\/div>Pos\\u00e9e dans les hauteurs de Montr\\u00e9al d\\u2019Aude comme un phare au c\\u0153ur des collines riantes et des vignobles de la Malep\\u00e8re, la Coll\\u00e9giale Saint-Vincent marque les paysages alentour de ses \\u00e9tonnantes proportions. Dat\\u00e9 de la fin du XIIIe \\u2013 d\\u00e9but XIVe si\\u00e8cle, fortifi\\u00e9 durant les guerres de religion, embelli aux XVIIIe et XIXe si\\u00e8cles, ce [&hellip;]<address><b>Adresse : <\\\/b>{marker_address}<\\\/address><a class=\\\"fc-btn fc-btn-small fc-btn-red\\\" href=\\\"https:\\\/\\\/collinescathares.com\\\/es\\\/evenements-ponctuels\\\/visite-commentee-de-la-collegiale-saint-vincent-a-montreal-11\\\/\\\">En savoir plus<\\\/a><\\\/div>\",\"content\":\"Pos\\u00e9e dans les hauteurs de Montr\\u00e9al d\\u2019Aude comme un phare au c\\u0153ur des collines riantes et des vignobles de la Malep\\u00e8re, la Coll\\u00e9giale Saint-Vincent marque les paysages alentour de ses \\u00e9tonnantes proportions. Dat\\u00e9 de la fin du XIIIe \\u2013 d\\u00e9but XIVe si\\u00e8cle, fortifi\\u00e9 durant les guerres de religion, embelli aux XVIIIe et XIXe si\\u00e8cles, ce [&hellip;]\",\"address\":\"Place Saint-Vincent 11290 MONTREAL\",\"location\":{\"lat\":\"43.1993378\",\"city\":\"MONTREAL\",\"country\":\"France\",\"lng\":\"2.14279411\",\"onclick_action\":\"post\",\"redirect_permalink\":\"https:\\\/\\\/collinescathares.com\\\/es\\\/evenements-ponctuels\\\/visite-commentee-de-la-collegiale-saint-vincent-a-montreal-11\\\/\",\"zoom\":10,\"extra_fields\":{\"%date_evenement_r%\":\"06 Ao\\u00fbt 2026\",\"%date_evenement_fin_r%\":\"06 Ao\\u00fbt 2026\",\"post_excerpt\":\"Pos\\u00e9e dans les hauteurs de Montr\\u00e9al d\\u2019Aude comme un phare au c\\u0153ur des collines riantes et des vignobles de la Malep\\u00e8re, la Coll\\u00e9giale Saint-Vincent marque les paysages alentour de ses \\u00e9tonnantes proportions. Dat\\u00e9 de la fin du XIIIe \\u2013 d\\u00e9but XIVe si\\u00e8cle, fortifi\\u00e9 durant les guerres de religion, embelli aux XVIIIe et XIXe si\\u00e8cles, ce [&hellip;]\",\"post_content\":\"Pos\\u00e9e dans les hauteurs de Montr\\u00e9al d\\u2019Aude comme un phare au c\\u0153ur des collines riantes et des vignobles de la Malep\\u00e8re, la Coll\\u00e9giale Saint-Vincent marque les paysages alentour de ses \\u00e9tonnantes proportions. \\n\\nDat\\u00e9 de la fin du XIIIe \\u2013 d\\u00e9but XIVe si\\u00e8cle, fortifi\\u00e9 durant les guerres de religion, embelli aux XVIIIe et XIXe si\\u00e8cles, ce majestueux vaisseau de pierre conserve le souvenir des moments clefs de l\\u2019Histoire locale.\\n\\nVenez d\\u00e9couvrir cet \\u00e9difice lors d'une visite guid\\u00e9e !\\nRendez-vous sur le parvis de la coll\\u00e9giale (place Saint-Vincent) le jeudi 06 ao\\u00fbt \\u00e0 17h00. Votre guide, Armand Guitard, vous y attendra.\\n\\nVisite sur r\\u00e9servation : 04 68 24 75 45 \\\/ tourisme@ccplm.fr\\nParticipation au chapeau. Nombre de places limit\\u00e9.\\n\\u00c0 cette occasion, le livre d'Armand Guitard sur la coll\\u00e9giale sera propos\\u00e9 \\u00e0 la vente.\",\"post_title\":\"VISITE COMMENT\\u00c9E DE LA COLL\\u00c9GIALE SAINT-VINCENT \\u00c0 MONTR\\u00c9AL\",\"post_link\":\"https:\\\/\\\/collinescathares.com\\\/es\\\/evenements-ponctuels\\\/visite-commentee-de-la-collegiale-saint-vincent-a-montreal-11\\\/\",\"post_featured_image\":\"\",\"post_categories\":\"Ev\\u00e9nements ponctuels\",\"post_tags\":\"\",\"%_encloseme%\":\"1\",\"%ville_r%\":\"MONTREAL\",\"%_ville_r%\":\"field_5efc3a17e12c5\",\"%cp_r%\":\"11290\",\"%_cp_r%\":\"field_5efc3a47e12ca\",\"%tarifs_r%\":\"\",\"%_tarifs_r%\":\"field_5efc3a22e12c6\",\"%adresse_r%\":\"Place Saint-Vincent\",\"%_adresse_r%\":\"field_5efc3a2ee12c7\",\"%carte_r%\":\"Place Saint-Vincent 11290 MONTREAL, 43.1993378, 2.14279411, 14\",\"%_carte_r%\":\"field_5efc4ed05494a\",\"%labels_r%\":\"\",\"%_labels_r%\":\"field_5f3a47134470d\",\"%handicap_r%\":\"\",\"%_handicap_r%\":\"field_5f3a471a4470e\",\"%offres_promotionnelles_r%\":\"\",\"%_offres_promotionnelles_r%\":\"field_5f3a472d4470f\",\"%telephone_r%\":\"+33 4 68 24 75 45\",\"%_telephone_r%\":\"field_5efc3a39e12c8\",\"%email_r%\":\"tourisme@ccplm.fr\",\"%_email_r%\":\"field_5efc3a40e12c9\",\"%idunique_r%\":\"FMALAR011V51A74K\",\"%_idunique_r%\":\"field_5f04335c562b3\",\"%site_r%\":\"https:\\\/\\\/collinescathares.com\\\/\",\"%_site_r%\":\"field_5efc4d652a106\",\"%_date_evenement_r%\":\"field_5f0348f37d5bd\",\"%_date_evenement_fin_r%\":\"field_5f3a4540d0781\",\"%horaires_evenement_r%\":\"17:00 \\\/ 18:30\",\"%_horaires_evenement_r%\":\"field_5f3a4550d0782\",\"%type_r%\":\"Visite guid\\u00e9e\",\"%_type_r%\":\"field_5f057b5365cd7\",\"%classification_r%\":\"\",\"%_classification_r%\":\"field_5f3a3af81a328\",\"%classement_prefectoral_r%\":\"\",\"%_classement_prefectoral_r%\":\"field_5f3a473444710\",\"%datetri_r%\":\"1785974400\",\"%_datetri_r%\":\"field_5f3a8a82002b1\",\"%langage_r%\":\"FR\",\"%_langage_r%\":\"field_5f3be5649f374\",\"%_wpgmp_location_address%\":\"Place Saint-Vincent 11290 MONTREAL\",\"%_wpgmp_location_city%\":\"MONTREAL\",\"%_wpgmp_location_state%\":\"\",\"%_wpgmp_location_country%\":\"France\",\"%_wpgmp_metabox_marker_id%\":\"a:1:{i:0;i:8;}\",\"%_wpgmp_map_id%\":\"a:1:{i:0;i:21;}\",\"%_wpgmp_metabox_latitude%\":\"43.1993378\",\"%_wpgmp_metabox_longitude%\":\"2.14279411\",\"%_wpgmp_metabox_location_redirect%\":\"post\",\"%_wpgmp_metabox_custom_link%\":\"\",\"%_wpgmp_metabox_taxomomies_terms%\":\"N;\",\"%_wpgmp_extensions_fields%\":\"N;\",\"%_wpml_word_count%\":\"147\",\"%_elementor_page_assets%\":\"\",\"taxonomy=category\":\"Ev\\u00e9nements ponctuels\",\"taxonomy=post_tag\":\"\",\"taxonomy=post_format\":\"\",\"taxonomy=translation_priority\":\"Opcional\"},\"icon\":\"https:\\\/\\\/collinescathares.com\\\/wp-content\\\/uploads\\\/2020\\\/07\\\/pointeur_vert.svg\"},\"id\":261737,\"custom_filters\":{\"type_r\":\"Visite guid\\u00e9e\",\"datetri_r\":\"1785974400\"},\"infowindow_disable\":false,\"categories\":[{\"icon\":\"https:\\\/\\\/collinescathares.com\\\/wp-content\\\/uploads\\\/2020\\\/07\\\/pointeur_vert.svg\",\"name\":\"Ev\\u00e9nements ponctuels\",\"id\":\"8\",\"type\":\"category\"}]},{\"source\":\"post\",\"title\":\"VISITE COMMENT\\u00c9E DE LA COLL\\u00c9GIALE SAINT-VINCENT \\u00c0 MONTR\\u00c9AL\",\"infowindow_content\":\"<div class=\\\"fc-main\\\"><div class=\\\"fc-item-title\\\">VISITE COMMENT\\u00c9E DE LA COLL\\u00c9GIALE SAINT-VINCENT \\u00c0 MONTR\\u00c9AL <span class=\\\"fc-badge info\\\">Ev\\u00e9nements ponctuels<\\\/span><\\\/div> <div class=\\\"fc-item-featured_image\\\"> <\\\/div>Pos\\u00e9e dans les hauteurs de Montr\\u00e9al d\\u2019Aude comme un phare au c\\u0153ur des collines riantes et des vignobles de la Malep\\u00e8re, la Coll\\u00e9giale Saint-Vincent marque les paysages alentour de ses \\u00e9tonnantes proportions. Dat\\u00e9 de la fin du XIIIe \\u2013 d\\u00e9but XIVe si\\u00e8cle, fortifi\\u00e9 durant les guerres de religion, embelli aux XVIIIe et XIXe si\\u00e8cles, ce [&hellip;]<address><b>Adresse : <\\\/b>{marker_address}<\\\/address><a class=\\\"fc-btn fc-btn-small fc-btn-red\\\" href=\\\"https:\\\/\\\/collinescathares.com\\\/es\\\/evenements-ponctuels\\\/visite-commentee-de-la-collegiale-saint-vincent-a-montreal-12\\\/\\\">En savoir plus<\\\/a><\\\/div>\",\"content\":\"Pos\\u00e9e dans les hauteurs de Montr\\u00e9al d\\u2019Aude comme un phare au c\\u0153ur des collines riantes et des vignobles de la Malep\\u00e8re, la Coll\\u00e9giale Saint-Vincent marque les paysages alentour de ses \\u00e9tonnantes proportions. Dat\\u00e9 de la fin du XIIIe \\u2013 d\\u00e9but XIVe si\\u00e8cle, fortifi\\u00e9 durant les guerres de religion, embelli aux XVIIIe et XIXe si\\u00e8cles, ce [&hellip;]\",\"address\":\"Place Saint-Vincent 11290 MONTREAL\",\"location\":{\"lat\":\"43.1993378\",\"city\":\"MONTREAL\",\"country\":\"France\",\"lng\":\"2.14279411\",\"onclick_action\":\"post\",\"redirect_permalink\":\"https:\\\/\\\/collinescathares.com\\\/es\\\/evenements-ponctuels\\\/visite-commentee-de-la-collegiale-saint-vincent-a-montreal-12\\\/\",\"zoom\":10,\"extra_fields\":{\"%date_evenement_r%\":\"20 Ao\\u00fbt 2026\",\"%date_evenement_fin_r%\":\"20 Ao\\u00fbt 2026\",\"post_excerpt\":\"Pos\\u00e9e dans les hauteurs de Montr\\u00e9al d\\u2019Aude comme un phare au c\\u0153ur des collines riantes et des vignobles de la Malep\\u00e8re, la Coll\\u00e9giale Saint-Vincent marque les paysages alentour de ses \\u00e9tonnantes proportions. Dat\\u00e9 de la fin du XIIIe \\u2013 d\\u00e9but XIVe si\\u00e8cle, fortifi\\u00e9 durant les guerres de religion, embelli aux XVIIIe et XIXe si\\u00e8cles, ce [&hellip;]\",\"post_content\":\"Pos\\u00e9e dans les hauteurs de Montr\\u00e9al d\\u2019Aude comme un phare au c\\u0153ur des collines riantes et des vignobles de la Malep\\u00e8re, la Coll\\u00e9giale Saint-Vincent marque les paysages alentour de ses \\u00e9tonnantes proportions. \\n\\nDat\\u00e9 de la fin du XIIIe \\u2013 d\\u00e9but XIVe si\\u00e8cle, fortifi\\u00e9 durant les guerres de religion, embelli aux XVIIIe et XIXe si\\u00e8cles, ce majestueux vaisseau de pierre conserve le souvenir des moments clefs de l\\u2019Histoire locale.\\n\\nVenez d\\u00e9couvrir cet \\u00e9difice lors d'une visite guid\\u00e9e !\\nRendez-vous sur le parvis de la coll\\u00e9giale (place Saint-Vincent) le jeudi 20 ao\\u00fbt \\u00e0 17h00. Votre guide, Armand Guitard, vous y attendra.\\n\\nVisite sur r\\u00e9servation : 04 68 24 75 45 \\\/ tourisme@ccplm.fr\\nParticipation au chapeau. Nombre de places limit\\u00e9.\\n\\u00c0 cette occasion, le livre d'Armand Guitard sur la coll\\u00e9giale sera propos\\u00e9 \\u00e0 la vente.\",\"post_title\":\"VISITE COMMENT\\u00c9E DE LA COLL\\u00c9GIALE SAINT-VINCENT \\u00c0 MONTR\\u00c9AL\",\"post_link\":\"https:\\\/\\\/collinescathares.com\\\/es\\\/evenements-ponctuels\\\/visite-commentee-de-la-collegiale-saint-vincent-a-montreal-12\\\/\",\"post_featured_image\":\"\",\"post_categories\":\"Ev\\u00e9nements ponctuels\",\"post_tags\":\"\",\"%_encloseme%\":\"1\",\"%ville_r%\":\"MONTREAL\",\"%_ville_r%\":\"field_5efc3a17e12c5\",\"%cp_r%\":\"11290\",\"%_cp_r%\":\"field_5efc3a47e12ca\",\"%tarifs_r%\":\"\",\"%_tarifs_r%\":\"field_5efc3a22e12c6\",\"%adresse_r%\":\"Place Saint-Vincent\",\"%_adresse_r%\":\"field_5efc3a2ee12c7\",\"%carte_r%\":\"Place Saint-Vincent 11290 MONTREAL, 43.1993378, 2.14279411, 14\",\"%_carte_r%\":\"field_5efc4ed05494a\",\"%labels_r%\":\"\",\"%_labels_r%\":\"field_5f3a47134470d\",\"%handicap_r%\":\"\",\"%_handicap_r%\":\"field_5f3a471a4470e\",\"%offres_promotionnelles_r%\":\"\",\"%_offres_promotionnelles_r%\":\"field_5f3a472d4470f\",\"%telephone_r%\":\"+33 4 68 24 75 45\",\"%_telephone_r%\":\"field_5efc3a39e12c8\",\"%email_r%\":\"tourisme@ccplm.fr\",\"%_email_r%\":\"field_5efc3a40e12c9\",\"%idunique_r%\":\"FMALAR011V51A74L\",\"%_idunique_r%\":\"field_5f04335c562b3\",\"%site_r%\":\"https:\\\/\\\/collinescathares.com\\\/\",\"%_site_r%\":\"field_5efc4d652a106\",\"%_date_evenement_r%\":\"field_5f0348f37d5bd\",\"%_date_evenement_fin_r%\":\"field_5f3a4540d0781\",\"%horaires_evenement_r%\":\"17:00 \\\/ 18:30\",\"%_horaires_evenement_r%\":\"field_5f3a4550d0782\",\"%type_r%\":\"Visite guid\\u00e9e\",\"%_type_r%\":\"field_5f057b5365cd7\",\"%classification_r%\":\"\",\"%_classification_r%\":\"field_5f3a3af81a328\",\"%classement_prefectoral_r%\":\"\",\"%_classement_prefectoral_r%\":\"field_5f3a473444710\",\"%datetri_r%\":\"1787184000\",\"%_datetri_r%\":\"field_5f3a8a82002b1\",\"%langage_r%\":\"FR\",\"%_langage_r%\":\"field_5f3be5649f374\",\"%_wpgmp_location_address%\":\"Place Saint-Vincent 11290 MONTREAL\",\"%_wpgmp_location_city%\":\"MONTREAL\",\"%_wpgmp_location_state%\":\"\",\"%_wpgmp_location_country%\":\"France\",\"%_wpgmp_metabox_marker_id%\":\"a:1:{i:0;i:8;}\",\"%_wpgmp_map_id%\":\"a:1:{i:0;i:21;}\",\"%_wpgmp_metabox_latitude%\":\"43.1993378\",\"%_wpgmp_metabox_longitude%\":\"2.14279411\",\"%_wpgmp_metabox_location_redirect%\":\"post\",\"%_wpgmp_metabox_custom_link%\":\"\",\"%_wpgmp_metabox_taxomomies_terms%\":\"N;\",\"%_wpgmp_extensions_fields%\":\"N;\",\"%_wpml_word_count%\":\"147\",\"%_elementor_page_assets%\":\"\",\"taxonomy=category\":\"Ev\\u00e9nements ponctuels\",\"taxonomy=post_tag\":\"\",\"taxonomy=post_format\":\"\",\"taxonomy=translation_priority\":\"Opcional\"},\"icon\":\"https:\\\/\\\/collinescathares.com\\\/wp-content\\\/uploads\\\/2020\\\/07\\\/pointeur_vert.svg\"},\"id\":261738,\"custom_filters\":{\"type_r\":\"Visite guid\\u00e9e\",\"datetri_r\":\"1787184000\"},\"infowindow_disable\":false,\"categories\":[{\"icon\":\"https:\\\/\\\/collinescathares.com\\\/wp-content\\\/uploads\\\/2020\\\/07\\\/pointeur_vert.svg\",\"name\":\"Ev\\u00e9nements ponctuels\",\"id\":\"8\",\"type\":\"category\"}]},{\"source\":\"post\",\"title\":\"ATELIER D\\u00c9COUVERTE : LES BIENFAITS DES PLANTES\",\"infowindow_content\":\"<div class=\\\"fc-main\\\"><div class=\\\"fc-item-title\\\">ATELIER D\\u00c9COUVERTE : LES BIENFAITS DES PLANTES <span class=\\\"fc-badge info\\\">Ev\\u00e9nements ponctuels<\\\/span><\\\/div> <div class=\\\"fc-item-featured_image\\\"><div class=\\\"fc-feature-img\\\"><img alt=\\\"ATELIER D\\u00c9COUVERTE : LES BIENFAITS DES PLANTES\\\" width=\\\"300\\\" height=\\\"225\\\" src=\\\"https:\\\/\\\/collinescathares.com\\\/wp-content\\\/uploads\\\/2025\\\/11\\\/ATELIER-DECOUVERTE-LES-BIENFAITS-DES-PLANTES-300x225.jpg\\\" class=\\\"wp-post-image   wpgmp_featured_image\\\" ><\\\/div> <\\\/div>Et si vous preniez un moment pour vous reconnecter \\u00e0 la sagesse des plantes ? D\\u00e9couvrez et utilisez les rem\\u00e8des naturels avec une herbaliste certifi\\u00e9e. Immunit\\u00e9 et inflammation : atelier r\\u00e9parti sur 4 soirs pour une dur\\u00e9e totale de 6h. Mercredi 28 janvier 2026 19h30-21h Mercredi 4 f\\u00e9vrier 2026 19h30-21h Mercredi 11 f\\u00e9vrier 2026 19h30-21h [&hellip;]<address><b>Adresse : <\\\/b>{marker_address}<\\\/address><a class=\\\"fc-btn fc-btn-small fc-btn-red\\\" href=\\\"https:\\\/\\\/collinescathares.com\\\/es\\\/evenements-ponctuels\\\/atelier-decouverte-les-bienfaits-des-plantes-3\\\/\\\">En savoir plus<\\\/a><\\\/div>\",\"content\":\"Et si vous preniez un moment pour vous reconnecter \\u00e0 la sagesse des plantes ? D\\u00e9couvrez et utilisez les rem\\u00e8des naturels avec une herbaliste certifi\\u00e9e. Immunit\\u00e9 et inflammation : atelier r\\u00e9parti sur 4 soirs pour une dur\\u00e9e totale de 6h. Mercredi 28 janvier 2026 19h30-21h Mercredi 4 f\\u00e9vrier 2026 19h30-21h Mercredi 11 f\\u00e9vrier 2026 19h30-21h [&hellip;]\",\"address\":\"Place Carnot 11150 VILLEPINTE\",\"location\":{\"lat\":\"43.2820005\",\"city\":\"VILLEPINTE\",\"country\":\"France\",\"lng\":\"2.08792395\",\"onclick_action\":\"post\",\"redirect_permalink\":\"https:\\\/\\\/collinescathares.com\\\/es\\\/evenements-ponctuels\\\/atelier-decouverte-les-bienfaits-des-plantes-3\\\/\",\"zoom\":10,\"extra_fields\":{\"%date_evenement_r%\":\"11 F\\u00e9vrier 2026\",\"%date_evenement_fin_r%\":\"11 F\\u00e9vrier 2026\",\"post_excerpt\":\"Et si vous preniez un moment pour vous reconnecter \\u00e0 la sagesse des plantes ? D\\u00e9couvrez et utilisez les rem\\u00e8des naturels avec une herbaliste certifi\\u00e9e. Immunit\\u00e9 et inflammation : atelier r\\u00e9parti sur 4 soirs pour une dur\\u00e9e totale de 6h. Mercredi 28 janvier 2026 19h30-21h Mercredi 4 f\\u00e9vrier 2026 19h30-21h Mercredi 11 f\\u00e9vrier 2026 19h30-21h [&hellip;]\",\"post_content\":\"Et si vous preniez un moment pour vous reconnecter \\u00e0 la sagesse des plantes ?\\nD\\u00e9couvrez et utilisez les rem\\u00e8des naturels avec une herbaliste certifi\\u00e9e.\\nImmunit\\u00e9 et inflammation : atelier r\\u00e9parti sur 4 soirs pour une dur\\u00e9e totale de 6h.\\nMercredi 28 janvier 2026 19h30-21h\\nMercredi 4 f\\u00e9vrier 2026 19h30-21h\\nMercredi 11 f\\u00e9vrier 2026 19h30-21h\\nMercredi 18 f\\u00e9vrier 2026 19h30-21h\\nInscription obligatoire avant le 22 janvier 2026. Nombre de participants entre 4 et 8.\\nTarifs : 48\\u20ac\\\/6h soit 8\\u20ac\\\/h\",\"post_title\":\"ATELIER D\\u00c9COUVERTE : LES BIENFAITS DES PLANTES\",\"post_link\":\"https:\\\/\\\/collinescathares.com\\\/es\\\/evenements-ponctuels\\\/atelier-decouverte-les-bienfaits-des-plantes-3\\\/\",\"post_featured_image\":\"<div class=\\\"fc-feature-img\\\"><img alt=\\\"ATELIER D\\u00c9COUVERTE : LES BIENFAITS DES PLANTES\\\" width=\\\"300\\\" height=\\\"225\\\" src=\\\"https:\\\/\\\/collinescathares.com\\\/wp-content\\\/uploads\\\/2025\\\/11\\\/ATELIER-DECOUVERTE-LES-BIENFAITS-DES-PLANTES-300x225.jpg\\\" class=\\\"wp-post-image   wpgmp_featured_image\\\" ><\\\/div>\",\"post_categories\":\"Ev\\u00e9nements ponctuels\",\"post_tags\":\"\",\"%_encloseme%\":\"1\",\"%_thumbnail_id%\":\"259697\",\"%ville_r%\":\"VILLEPINTE\",\"%_ville_r%\":\"field_5efc3a17e12c5\",\"%cp_r%\":\"11150\",\"%_cp_r%\":\"field_5efc3a47e12ca\",\"%tarifs_r%\":\"\",\"%_tarifs_r%\":\"field_5efc3a22e12c6\",\"%adresse_r%\":\"Place Carnot\",\"%_adresse_r%\":\"field_5efc3a2ee12c7\",\"%carte_r%\":\"Place Carnot 11150 VILLEPINTE, 43.2820005, 2.08792395, 14\",\"%_carte_r%\":\"field_5efc4ed05494a\",\"%labels_r%\":\"\",\"%_labels_r%\":\"field_5f3a47134470d\",\"%handicap_r%\":\"\",\"%_handicap_r%\":\"field_5f3a471a4470e\",\"%offres_promotionnelles_r%\":\"\",\"%_offres_promotionnelles_r%\":\"field_5f3a472d4470f\",\"%telephone_r%\":\" Port : +33 6 01 79 97 27\",\"%_telephone_r%\":\"field_5efc3a39e12c8\",\"%email_r%\":\"cotyledons@gmx.com\",\"%_email_r%\":\"field_5efc3a40e12c9\",\"%idunique_r%\":\"FMALAR011V51A6MQ\",\"%_idunique_r%\":\"field_5f04335c562b3\",\"%site_r%\":\"https:\\\/\\\/www.cotyledons.fr\\\/fr\",\"%_site_r%\":\"field_5efc4d652a106\",\"%_date_evenement_r%\":\"field_5f0348f37d5bd\",\"%_date_evenement_fin_r%\":\"field_5f3a4540d0781\",\"%horaires_evenement_r%\":\"19:30 \\\/ 21:00\",\"%_horaires_evenement_r%\":\"field_5f3a4550d0782\",\"%type_r%\":\"Stage \\\/ Atelier\",\"%_type_r%\":\"field_5f057b5365cd7\",\"%classification_r%\":\"\",\"%_classification_r%\":\"field_5f3a3af81a328\",\"%classement_prefectoral_r%\":\"\",\"%_classement_prefectoral_r%\":\"field_5f3a473444710\",\"%datetri_r%\":\"1770768000\",\"%_datetri_r%\":\"field_5f3a8a82002b1\",\"%langage_r%\":\"FR\",\"%_langage_r%\":\"field_5f3be5649f374\",\"%_wpgmp_location_address%\":\"Place Carnot 11150 VILLEPINTE\",\"%_wpgmp_location_city%\":\"VILLEPINTE\",\"%_wpgmp_location_state%\":\"\",\"%_wpgmp_location_country%\":\"France\",\"%_wpgmp_metabox_marker_id%\":\"a:1:{i:0;i:8;}\",\"%_wpgmp_map_id%\":\"a:1:{i:0;i:21;}\",\"%_wpgmp_metabox_latitude%\":\"43.2820005\",\"%_wpgmp_metabox_longitude%\":\"2.08792395\",\"%_wpgmp_metabox_location_redirect%\":\"post\",\"%_wpgmp_metabox_custom_link%\":\"\",\"%_wpgmp_metabox_taxomomies_terms%\":\"N;\",\"%_wpgmp_extensions_fields%\":\"N;\",\"%_wpml_word_count%\":\"81\",\"%_elementor_page_assets%\":\"\",\"taxonomy=category\":\"Ev\\u00e9nements ponctuels\",\"taxonomy=post_tag\":\"\",\"taxonomy=post_format\":\"\",\"taxonomy=translation_priority\":\"Opcional\"},\"icon\":\"https:\\\/\\\/collinescathares.com\\\/wp-content\\\/uploads\\\/2020\\\/07\\\/pointeur_vert.svg\"},\"id\":261731,\"custom_filters\":{\"type_r\":\"Stage \\\/ Atelier\",\"datetri_r\":\"1770768000\"},\"infowindow_disable\":false,\"categories\":[{\"icon\":\"https:\\\/\\\/collinescathares.com\\\/wp-content\\\/uploads\\\/2020\\\/07\\\/pointeur_vert.svg\",\"name\":\"Ev\\u00e9nements ponctuels\",\"id\":\"8\",\"type\":\"category\"}]},{\"source\":\"post\",\"title\":\"ATELIER D\\u00c9COUVERTE : LES BIENFAITS DES PLANTES\",\"infowindow_content\":\"<div class=\\\"fc-main\\\"><div class=\\\"fc-item-title\\\">ATELIER D\\u00c9COUVERTE : LES BIENFAITS DES PLANTES <span class=\\\"fc-badge info\\\">Ev\\u00e9nements ponctuels<\\\/span><\\\/div> <div class=\\\"fc-item-featured_image\\\"><div class=\\\"fc-feature-img\\\"><img alt=\\\"ATELIER D\\u00c9COUVERTE : LES BIENFAITS DES PLANTES\\\" width=\\\"300\\\" height=\\\"225\\\" src=\\\"https:\\\/\\\/collinescathares.com\\\/wp-content\\\/uploads\\\/2025\\\/11\\\/ATELIER-DECOUVERTE-LES-BIENFAITS-DES-PLANTES-300x225.jpg\\\" class=\\\"wp-post-image   wpgmp_featured_image\\\" ><\\\/div> <\\\/div>Et si vous preniez un moment pour vous reconnecter \\u00e0 la sagesse des plantes ? D\\u00e9couvrez et utilisez les rem\\u00e8des naturels avec une herbaliste certifi\\u00e9e. Immunit\\u00e9 et inflammation : atelier r\\u00e9parti sur 4 soirs pour une dur\\u00e9e totale de 6h. Mercredi 28 janvier 2026 19h30-21h Mercredi 4 f\\u00e9vrier 2026 19h30-21h Mercredi 11 f\\u00e9vrier 2026 19h30-21h [&hellip;]<address><b>Adresse : <\\\/b>{marker_address}<\\\/address><a class=\\\"fc-btn fc-btn-small fc-btn-red\\\" href=\\\"https:\\\/\\\/collinescathares.com\\\/es\\\/evenements-ponctuels\\\/atelier-decouverte-les-bienfaits-des-plantes-4\\\/\\\">En savoir plus<\\\/a><\\\/div>\",\"content\":\"Et si vous preniez un moment pour vous reconnecter \\u00e0 la sagesse des plantes ? D\\u00e9couvrez et utilisez les rem\\u00e8des naturels avec une herbaliste certifi\\u00e9e. Immunit\\u00e9 et inflammation : atelier r\\u00e9parti sur 4 soirs pour une dur\\u00e9e totale de 6h. Mercredi 28 janvier 2026 19h30-21h Mercredi 4 f\\u00e9vrier 2026 19h30-21h Mercredi 11 f\\u00e9vrier 2026 19h30-21h [&hellip;]\",\"address\":\"Place Carnot 11150 VILLEPINTE\",\"location\":{\"lat\":\"43.2820005\",\"city\":\"VILLEPINTE\",\"country\":\"France\",\"lng\":\"2.08792395\",\"onclick_action\":\"post\",\"redirect_permalink\":\"https:\\\/\\\/collinescathares.com\\\/es\\\/evenements-ponctuels\\\/atelier-decouverte-les-bienfaits-des-plantes-4\\\/\",\"zoom\":10,\"extra_fields\":{\"%date_evenement_r%\":\"18 F\\u00e9vrier 2026\",\"%date_evenement_fin_r%\":\"18 F\\u00e9vrier 2026\",\"post_excerpt\":\"Et si vous preniez un moment pour vous reconnecter \\u00e0 la sagesse des plantes ? D\\u00e9couvrez et utilisez les rem\\u00e8des naturels avec une herbaliste certifi\\u00e9e. Immunit\\u00e9 et inflammation : atelier r\\u00e9parti sur 4 soirs pour une dur\\u00e9e totale de 6h. Mercredi 28 janvier 2026 19h30-21h Mercredi 4 f\\u00e9vrier 2026 19h30-21h Mercredi 11 f\\u00e9vrier 2026 19h30-21h [&hellip;]\",\"post_content\":\"Et si vous preniez un moment pour vous reconnecter \\u00e0 la sagesse des plantes ?\\nD\\u00e9couvrez et utilisez les rem\\u00e8des naturels avec une herbaliste certifi\\u00e9e.\\nImmunit\\u00e9 et inflammation : atelier r\\u00e9parti sur 4 soirs pour une dur\\u00e9e totale de 6h.\\nMercredi 28 janvier 2026 19h30-21h\\nMercredi 4 f\\u00e9vrier 2026 19h30-21h\\nMercredi 11 f\\u00e9vrier 2026 19h30-21h\\nMercredi 18 f\\u00e9vrier 2026 19h30-21h\\nInscription obligatoire avant le 22 janvier 2026. Nombre de participants entre 4 et 8.\\nTarifs : 48\\u20ac\\\/6h soit 8\\u20ac\\\/h\",\"post_title\":\"ATELIER D\\u00c9COUVERTE : LES BIENFAITS DES PLANTES\",\"post_link\":\"https:\\\/\\\/collinescathares.com\\\/es\\\/evenements-ponctuels\\\/atelier-decouverte-les-bienfaits-des-plantes-4\\\/\",\"post_featured_image\":\"<div class=\\\"fc-feature-img\\\"><img alt=\\\"ATELIER D\\u00c9COUVERTE : LES BIENFAITS DES PLANTES\\\" width=\\\"300\\\" height=\\\"225\\\" src=\\\"https:\\\/\\\/collinescathares.com\\\/wp-content\\\/uploads\\\/2025\\\/11\\\/ATELIER-DECOUVERTE-LES-BIENFAITS-DES-PLANTES-300x225.jpg\\\" class=\\\"wp-post-image   wpgmp_featured_image\\\" ><\\\/div>\",\"post_categories\":\"Ev\\u00e9nements ponctuels\",\"post_tags\":\"\",\"%_encloseme%\":\"1\",\"%_thumbnail_id%\":\"259697\",\"%ville_r%\":\"VILLEPINTE\",\"%_ville_r%\":\"field_5efc3a17e12c5\",\"%cp_r%\":\"11150\",\"%_cp_r%\":\"field_5efc3a47e12ca\",\"%tarifs_r%\":\"\",\"%_tarifs_r%\":\"field_5efc3a22e12c6\",\"%adresse_r%\":\"Place Carnot\",\"%_adresse_r%\":\"field_5efc3a2ee12c7\",\"%carte_r%\":\"Place Carnot 11150 VILLEPINTE, 43.2820005, 2.08792395, 14\",\"%_carte_r%\":\"field_5efc4ed05494a\",\"%labels_r%\":\"\",\"%_labels_r%\":\"field_5f3a47134470d\",\"%handicap_r%\":\"\",\"%_handicap_r%\":\"field_5f3a471a4470e\",\"%offres_promotionnelles_r%\":\"\",\"%_offres_promotionnelles_r%\":\"field_5f3a472d4470f\",\"%telephone_r%\":\" Port : +33 6 01 79 97 27\",\"%_telephone_r%\":\"field_5efc3a39e12c8\",\"%email_r%\":\"cotyledons@gmx.com\",\"%_email_r%\":\"field_5efc3a40e12c9\",\"%idunique_r%\":\"FMALAR011V51A6MR\",\"%_idunique_r%\":\"field_5f04335c562b3\",\"%site_r%\":\"https:\\\/\\\/www.cotyledons.fr\\\/fr\",\"%_site_r%\":\"field_5efc4d652a106\",\"%_date_evenement_r%\":\"field_5f0348f37d5bd\",\"%_date_evenement_fin_r%\":\"field_5f3a4540d0781\",\"%horaires_evenement_r%\":\"19:30 \\\/ 21:00\",\"%_horaires_evenement_r%\":\"field_5f3a4550d0782\",\"%type_r%\":\"Stage \\\/ Atelier\",\"%_type_r%\":\"field_5f057b5365cd7\",\"%classification_r%\":\"\",\"%_classification_r%\":\"field_5f3a3af81a328\",\"%classement_prefectoral_r%\":\"\",\"%_classement_prefectoral_r%\":\"field_5f3a473444710\",\"%datetri_r%\":\"1771372800\",\"%_datetri_r%\":\"field_5f3a8a82002b1\",\"%langage_r%\":\"FR\",\"%_langage_r%\":\"field_5f3be5649f374\",\"%_wpgmp_location_address%\":\"Place Carnot 11150 VILLEPINTE\",\"%_wpgmp_location_city%\":\"VILLEPINTE\",\"%_wpgmp_location_state%\":\"\",\"%_wpgmp_location_country%\":\"France\",\"%_wpgmp_metabox_marker_id%\":\"a:1:{i:0;i:8;}\",\"%_wpgmp_map_id%\":\"a:1:{i:0;i:21;}\",\"%_wpgmp_metabox_latitude%\":\"43.2820005\",\"%_wpgmp_metabox_longitude%\":\"2.08792395\",\"%_wpgmp_metabox_location_redirect%\":\"post\",\"%_wpgmp_metabox_custom_link%\":\"\",\"%_wpgmp_metabox_taxomomies_terms%\":\"N;\",\"%_wpgmp_extensions_fields%\":\"N;\",\"%_wpml_word_count%\":\"81\",\"%_elementor_page_assets%\":\"\",\"taxonomy=category\":\"Ev\\u00e9nements ponctuels\",\"taxonomy=post_tag\":\"\",\"taxonomy=post_format\":\"\",\"taxonomy=translation_priority\":\"Opcional\"},\"icon\":\"https:\\\/\\\/collinescathares.com\\\/wp-content\\\/uploads\\\/2020\\\/07\\\/pointeur_vert.svg\"},\"id\":261732,\"custom_filters\":{\"type_r\":\"Stage \\\/ Atelier\",\"datetri_r\":\"1771372800\"},\"infowindow_disable\":false,\"categories\":[{\"icon\":\"https:\\\/\\\/collinescathares.com\\\/wp-content\\\/uploads\\\/2020\\\/07\\\/pointeur_vert.svg\",\"name\":\"Ev\\u00e9nements ponctuels\",\"id\":\"8\",\"type\":\"category\"}]},{\"source\":\"post\",\"title\":\"VISITE COMMENT\\u00c9E DE LA COLL\\u00c9GIALE SAINT-VINCENT \\u00c0 MONTR\\u00c9AL\",\"infowindow_content\":\"<div class=\\\"fc-main\\\"><div class=\\\"fc-item-title\\\">VISITE COMMENT\\u00c9E DE LA COLL\\u00c9GIALE SAINT-VINCENT \\u00c0 MONTR\\u00c9AL <span class=\\\"fc-badge info\\\">Ev\\u00e9nements ponctuels<\\\/span><\\\/div> <div class=\\\"fc-item-featured_image\\\"> <\\\/div>Pos\\u00e9e dans les hauteurs de Montr\\u00e9al d\\u2019Aude comme un phare au c\\u0153ur des collines riantes et des vignobles de la Malep\\u00e8re, la Coll\\u00e9giale Saint-Vincent marque les paysages alentour de ses \\u00e9tonnantes proportions. Dat\\u00e9 de la fin du XIIIe \\u2013 d\\u00e9but XIVe si\\u00e8cle, fortifi\\u00e9 durant les guerres de religion, embelli aux XVIIIe et XIXe si\\u00e8cles, ce [&hellip;]<address><b>Adresse : <\\\/b>{marker_address}<\\\/address><a class=\\\"fc-btn fc-btn-small fc-btn-red\\\" href=\\\"https:\\\/\\\/collinescathares.com\\\/es\\\/evenements-ponctuels\\\/visite-commentee-de-la-collegiale-saint-vincent-a-montreal-7\\\/\\\">En savoir plus<\\\/a><\\\/div>\",\"content\":\"Pos\\u00e9e dans les hauteurs de Montr\\u00e9al d\\u2019Aude comme un phare au c\\u0153ur des collines riantes et des vignobles de la Malep\\u00e8re, la Coll\\u00e9giale Saint-Vincent marque les paysages alentour de ses \\u00e9tonnantes proportions. Dat\\u00e9 de la fin du XIIIe \\u2013 d\\u00e9but XIVe si\\u00e8cle, fortifi\\u00e9 durant les guerres de religion, embelli aux XVIIIe et XIXe si\\u00e8cles, ce [&hellip;]\",\"address\":\"Place Saint-Vincent 11290 MONTREAL\",\"location\":{\"lat\":\"43.1993378\",\"city\":\"MONTREAL\",\"country\":\"France\",\"lng\":\"2.14279411\",\"onclick_action\":\"post\",\"redirect_permalink\":\"https:\\\/\\\/collinescathares.com\\\/es\\\/evenements-ponctuels\\\/visite-commentee-de-la-collegiale-saint-vincent-a-montreal-7\\\/\",\"zoom\":10,\"extra_fields\":{\"%date_evenement_r%\":\"09 Mai 2026\",\"%date_evenement_fin_r%\":\"09 Mai 2026\",\"post_excerpt\":\"Pos\\u00e9e dans les hauteurs de Montr\\u00e9al d\\u2019Aude comme un phare au c\\u0153ur des collines riantes et des vignobles de la Malep\\u00e8re, la Coll\\u00e9giale Saint-Vincent marque les paysages alentour de ses \\u00e9tonnantes proportions. Dat\\u00e9 de la fin du XIIIe \\u2013 d\\u00e9but XIVe si\\u00e8cle, fortifi\\u00e9 durant les guerres de religion, embelli aux XVIIIe et XIXe si\\u00e8cles, ce [&hellip;]\",\"post_content\":\"Pos\\u00e9e dans les hauteurs de Montr\\u00e9al d\\u2019Aude comme un phare au c\\u0153ur des collines riantes et des vignobles de la Malep\\u00e8re, la Coll\\u00e9giale Saint-Vincent marque les paysages alentour de ses \\u00e9tonnantes proportions. \\n\\nDat\\u00e9 de la fin du XIIIe \\u2013 d\\u00e9but XIVe si\\u00e8cle, fortifi\\u00e9 durant les guerres de religion, embelli aux XVIIIe et XIXe si\\u00e8cles, ce majestueux vaisseau de pierre conserve le souvenir des moments clefs de l\\u2019Histoire locale.\\n\\nVenez d\\u00e9couvrir cet \\u00e9difice lors d'une visite guid\\u00e9e !\\nRendez-vous sur le parvis de la coll\\u00e9giale (place Saint-Vincent) le samedi 09 mai \\u00e0 16h30. Votre guide, Armand Guitard, vous y attendra.\\n\\nVisite sur r\\u00e9servation : 04 68 24 75 45 \\\/ tourisme@ccplm.fr\\nParticipation au chapeau. Nombre de places limit\\u00e9.\\n\\u00c0 cette occasion, le livre d'Armand Guitard sur la coll\\u00e9giale sera propos\\u00e9 \\u00e0 la vente.\",\"post_title\":\"VISITE COMMENT\\u00c9E DE LA COLL\\u00c9GIALE SAINT-VINCENT \\u00c0 MONTR\\u00c9AL\",\"post_link\":\"https:\\\/\\\/collinescathares.com\\\/es\\\/evenements-ponctuels\\\/visite-commentee-de-la-collegiale-saint-vincent-a-montreal-7\\\/\",\"post_featured_image\":\"\",\"post_categories\":\"Ev\\u00e9nements ponctuels\",\"post_tags\":\"\",\"%_encloseme%\":\"1\",\"%ville_r%\":\"MONTREAL\",\"%_ville_r%\":\"field_5efc3a17e12c5\",\"%cp_r%\":\"11290\",\"%_cp_r%\":\"field_5efc3a47e12ca\",\"%tarifs_r%\":\"\",\"%_tarifs_r%\":\"field_5efc3a22e12c6\",\"%adresse_r%\":\"Place Saint-Vincent\",\"%_adresse_r%\":\"field_5efc3a2ee12c7\",\"%carte_r%\":\"Place Saint-Vincent 11290 MONTREAL, 43.1993378, 2.14279411, 14\",\"%_carte_r%\":\"field_5efc4ed05494a\",\"%labels_r%\":\"\",\"%_labels_r%\":\"field_5f3a47134470d\",\"%handicap_r%\":\"\",\"%_handicap_r%\":\"field_5f3a471a4470e\",\"%offres_promotionnelles_r%\":\"\",\"%_offres_promotionnelles_r%\":\"field_5f3a472d4470f\",\"%telephone_r%\":\"+33 4 68 24 75 45\",\"%_telephone_r%\":\"field_5efc3a39e12c8\",\"%email_r%\":\"tourisme@ccplm.fr\",\"%_email_r%\":\"field_5efc3a40e12c9\",\"%idunique_r%\":\"FMALAR011V51A74B\",\"%_idunique_r%\":\"field_5f04335c562b3\",\"%site_r%\":\"https:\\\/\\\/collinescathares.com\\\/\",\"%_site_r%\":\"field_5efc4d652a106\",\"%_date_evenement_r%\":\"field_5f0348f37d5bd\",\"%_date_evenement_fin_r%\":\"field_5f3a4540d0781\",\"%horaires_evenement_r%\":\"16:30 \\\/ 18:00\",\"%_horaires_evenement_r%\":\"field_5f3a4550d0782\",\"%type_r%\":\"Visite guid\\u00e9e\",\"%_type_r%\":\"field_5f057b5365cd7\",\"%classification_r%\":\"\",\"%_classification_r%\":\"field_5f3a3af81a328\",\"%classement_prefectoral_r%\":\"\",\"%_classement_prefectoral_r%\":\"field_5f3a473444710\",\"%datetri_r%\":\"1778284800\",\"%_datetri_r%\":\"field_5f3a8a82002b1\",\"%langage_r%\":\"FR\",\"%_langage_r%\":\"field_5f3be5649f374\",\"%_wpgmp_location_address%\":\"Place Saint-Vincent 11290 MONTREAL\",\"%_wpgmp_location_city%\":\"MONTREAL\",\"%_wpgmp_location_state%\":\"\",\"%_wpgmp_location_country%\":\"France\",\"%_wpgmp_metabox_marker_id%\":\"a:1:{i:0;i:8;}\",\"%_wpgmp_map_id%\":\"a:1:{i:0;i:21;}\",\"%_wpgmp_metabox_latitude%\":\"43.1993378\",\"%_wpgmp_metabox_longitude%\":\"2.14279411\",\"%_wpgmp_metabox_location_redirect%\":\"post\",\"%_wpgmp_metabox_custom_link%\":\"\",\"%_wpgmp_metabox_taxomomies_terms%\":\"N;\",\"%_wpgmp_extensions_fields%\":\"N;\",\"%_wpml_word_count%\":\"146\",\"%_elementor_page_assets%\":\"\",\"taxonomy=category\":\"Ev\\u00e9nements ponctuels\",\"taxonomy=post_tag\":\"\",\"taxonomy=post_format\":\"\",\"taxonomy=translation_priority\":\"Opcional\"},\"icon\":\"https:\\\/\\\/collinescathares.com\\\/wp-content\\\/uploads\\\/2020\\\/07\\\/pointeur_vert.svg\"},\"id\":261733,\"custom_filters\":{\"type_r\":\"Visite guid\\u00e9e\",\"datetri_r\":\"1778284800\"},\"infowindow_disable\":false,\"categories\":[{\"icon\":\"https:\\\/\\\/collinescathares.com\\\/wp-content\\\/uploads\\\/2020\\\/07\\\/pointeur_vert.svg\",\"name\":\"Ev\\u00e9nements ponctuels\",\"id\":\"8\",\"type\":\"category\"}]},{\"source\":\"post\",\"title\":\"VISITE COMMENT\\u00c9E DE LA COLL\\u00c9GIALE SAINT-VINCENT \\u00c0 MONTR\\u00c9AL\",\"infowindow_content\":\"<div class=\\\"fc-main\\\"><div class=\\\"fc-item-title\\\">VISITE COMMENT\\u00c9E DE LA COLL\\u00c9GIALE SAINT-VINCENT \\u00c0 MONTR\\u00c9AL <span class=\\\"fc-badge info\\\">Ev\\u00e9nements ponctuels<\\\/span><\\\/div> <div class=\\\"fc-item-featured_image\\\"> <\\\/div>Pos\\u00e9e dans les hauteurs de Montr\\u00e9al d\\u2019Aude comme un phare au c\\u0153ur des collines riantes et des vignobles de la Malep\\u00e8re, la Coll\\u00e9giale Saint-Vincent marque les paysages alentour de ses \\u00e9tonnantes proportions. Dat\\u00e9 de la fin du XIIIe \\u2013 d\\u00e9but XIVe si\\u00e8cle, fortifi\\u00e9 durant les guerres de religion, embelli aux XVIIIe et XIXe si\\u00e8cles, ce [&hellip;]<address><b>Adresse : <\\\/b>{marker_address}<\\\/address><a class=\\\"fc-btn fc-btn-small fc-btn-red\\\" href=\\\"https:\\\/\\\/collinescathares.com\\\/es\\\/evenements-ponctuels\\\/visite-commentee-de-la-collegiale-saint-vincent-a-montreal-8\\\/\\\">En savoir plus<\\\/a><\\\/div>\",\"content\":\"Pos\\u00e9e dans les hauteurs de Montr\\u00e9al d\\u2019Aude comme un phare au c\\u0153ur des collines riantes et des vignobles de la Malep\\u00e8re, la Coll\\u00e9giale Saint-Vincent marque les paysages alentour de ses \\u00e9tonnantes proportions. Dat\\u00e9 de la fin du XIIIe \\u2013 d\\u00e9but XIVe si\\u00e8cle, fortifi\\u00e9 durant les guerres de religion, embelli aux XVIIIe et XIXe si\\u00e8cles, ce [&hellip;]\",\"address\":\"Place Saint-Vincent 11290 MONTREAL\",\"location\":{\"lat\":\"43.1993378\",\"city\":\"MONTREAL\",\"country\":\"France\",\"lng\":\"2.14279411\",\"onclick_action\":\"post\",\"redirect_permalink\":\"https:\\\/\\\/collinescathares.com\\\/es\\\/evenements-ponctuels\\\/visite-commentee-de-la-collegiale-saint-vincent-a-montreal-8\\\/\",\"zoom\":10,\"extra_fields\":{\"%date_evenement_r%\":\"15 Mai 2026\",\"%date_evenement_fin_r%\":\"15 Mai 2026\",\"post_excerpt\":\"Pos\\u00e9e dans les hauteurs de Montr\\u00e9al d\\u2019Aude comme un phare au c\\u0153ur des collines riantes et des vignobles de la Malep\\u00e8re, la Coll\\u00e9giale Saint-Vincent marque les paysages alentour de ses \\u00e9tonnantes proportions. Dat\\u00e9 de la fin du XIIIe \\u2013 d\\u00e9but XIVe si\\u00e8cle, fortifi\\u00e9 durant les guerres de religion, embelli aux XVIIIe et XIXe si\\u00e8cles, ce [&hellip;]\",\"post_content\":\"Pos\\u00e9e dans les hauteurs de Montr\\u00e9al d\\u2019Aude comme un phare au c\\u0153ur des collines riantes et des vignobles de la Malep\\u00e8re, la Coll\\u00e9giale Saint-Vincent marque les paysages alentour de ses \\u00e9tonnantes proportions. \\n\\nDat\\u00e9 de la fin du XIIIe \\u2013 d\\u00e9but XIVe si\\u00e8cle, fortifi\\u00e9 durant les guerres de religion, embelli aux XVIIIe et XIXe si\\u00e8cles, ce majestueux vaisseau de pierre conserve le souvenir des moments clefs de l\\u2019Histoire locale.\\n\\nVenez d\\u00e9couvrir cet \\u00e9difice lors d'une visite guid\\u00e9e !\\nRendez-vous sur le parvis de la coll\\u00e9giale (place Saint-Vincent) le vendredi 15 mai \\u00e0 16h30. Votre guide, Armand Guitard, vous y attendra.\\n\\nVisite sur r\\u00e9servation : 04 68 24 75 45 \\\/ tourisme@ccplm.fr\\nParticipation au chapeau. Nombre de places limit\\u00e9.\\n\\u00c0 cette occasion, le livre d'Armand Guitard sur la coll\\u00e9giale sera propos\\u00e9 \\u00e0 la vente.\",\"post_title\":\"VISITE COMMENT\\u00c9E DE LA COLL\\u00c9GIALE SAINT-VINCENT \\u00c0 MONTR\\u00c9AL\",\"post_link\":\"https:\\\/\\\/collinescathares.com\\\/es\\\/evenements-ponctuels\\\/visite-commentee-de-la-collegiale-saint-vincent-a-montreal-8\\\/\",\"post_featured_image\":\"\",\"post_categories\":\"Ev\\u00e9nements ponctuels\",\"post_tags\":\"\",\"%_encloseme%\":\"1\",\"%ville_r%\":\"MONTREAL\",\"%_ville_r%\":\"field_5efc3a17e12c5\",\"%cp_r%\":\"11290\",\"%_cp_r%\":\"field_5efc3a47e12ca\",\"%tarifs_r%\":\"\",\"%_tarifs_r%\":\"field_5efc3a22e12c6\",\"%adresse_r%\":\"Place Saint-Vincent\",\"%_adresse_r%\":\"field_5efc3a2ee12c7\",\"%carte_r%\":\"Place Saint-Vincent 11290 MONTREAL, 43.1993378, 2.14279411, 14\",\"%_carte_r%\":\"field_5efc4ed05494a\",\"%labels_r%\":\"\",\"%_labels_r%\":\"field_5f3a47134470d\",\"%handicap_r%\":\"\",\"%_handicap_r%\":\"field_5f3a471a4470e\",\"%offres_promotionnelles_r%\":\"\",\"%_offres_promotionnelles_r%\":\"field_5f3a472d4470f\",\"%telephone_r%\":\"+33 4 68 24 75 45\",\"%_telephone_r%\":\"field_5efc3a39e12c8\",\"%email_r%\":\"tourisme@ccplm.fr\",\"%_email_r%\":\"field_5efc3a40e12c9\",\"%idunique_r%\":\"FMALAR011V51A74H\",\"%_idunique_r%\":\"field_5f04335c562b3\",\"%site_r%\":\"https:\\\/\\\/collinescathares.com\\\/\",\"%_site_r%\":\"field_5efc4d652a106\",\"%_date_evenement_r%\":\"field_5f0348f37d5bd\",\"%_date_evenement_fin_r%\":\"field_5f3a4540d0781\",\"%horaires_evenement_r%\":\"16:30 \\\/ 18:00\",\"%_horaires_evenement_r%\":\"field_5f3a4550d0782\",\"%type_r%\":\"Visite guid\\u00e9e\",\"%_type_r%\":\"field_5f057b5365cd7\",\"%classification_r%\":\"\",\"%_classification_r%\":\"field_5f3a3af81a328\",\"%classement_prefectoral_r%\":\"\",\"%_classement_prefectoral_r%\":\"field_5f3a473444710\",\"%datetri_r%\":\"1778803200\",\"%_datetri_r%\":\"field_5f3a8a82002b1\",\"%langage_r%\":\"FR\",\"%_langage_r%\":\"field_5f3be5649f374\",\"%_wpgmp_location_address%\":\"Place Saint-Vincent 11290 MONTREAL\",\"%_wpgmp_location_city%\":\"MONTREAL\",\"%_wpgmp_location_state%\":\"\",\"%_wpgmp_location_country%\":\"France\",\"%_wpgmp_metabox_marker_id%\":\"a:1:{i:0;i:8;}\",\"%_wpgmp_map_id%\":\"a:1:{i:0;i:21;}\",\"%_wpgmp_metabox_latitude%\":\"43.1993378\",\"%_wpgmp_metabox_longitude%\":\"2.14279411\",\"%_wpgmp_metabox_location_redirect%\":\"post\",\"%_wpgmp_metabox_custom_link%\":\"\",\"%_wpgmp_metabox_taxomomies_terms%\":\"N;\",\"%_wpgmp_extensions_fields%\":\"N;\",\"%_wpml_word_count%\":\"147\",\"taxonomy=category\":\"Ev\\u00e9nements ponctuels\",\"taxonomy=post_tag\":\"\",\"taxonomy=post_format\":\"\",\"taxonomy=translation_priority\":\"Opcional\"},\"icon\":\"https:\\\/\\\/collinescathares.com\\\/wp-content\\\/uploads\\\/2020\\\/07\\\/pointeur_vert.svg\"},\"id\":261734,\"custom_filters\":{\"type_r\":\"Visite guid\\u00e9e\",\"datetri_r\":\"1778803200\"},\"infowindow_disable\":false,\"categories\":[{\"icon\":\"https:\\\/\\\/collinescathares.com\\\/wp-content\\\/uploads\\\/2020\\\/07\\\/pointeur_vert.svg\",\"name\":\"Ev\\u00e9nements ponctuels\",\"id\":\"8\",\"type\":\"category\"}]},{\"source\":\"post\",\"title\":\"VISITE COMMENT\\u00c9E DE LA COLL\\u00c9GIALE SAINT-VINCENT \\u00c0 MONTR\\u00c9AL\",\"infowindow_content\":\"<div class=\\\"fc-main\\\"><div class=\\\"fc-item-title\\\">VISITE COMMENT\\u00c9E DE LA COLL\\u00c9GIALE SAINT-VINCENT \\u00c0 MONTR\\u00c9AL <span class=\\\"fc-badge info\\\">Ev\\u00e9nements ponctuels<\\\/span><\\\/div> <div class=\\\"fc-item-featured_image\\\"> <\\\/div>Pos\\u00e9e dans les hauteurs de Montr\\u00e9al d\\u2019Aude comme un phare au c\\u0153ur des collines riantes et des vignobles de la Malep\\u00e8re, la Coll\\u00e9giale Saint-Vincent marque les paysages alentour de ses \\u00e9tonnantes proportions. Dat\\u00e9 de la fin du XIIIe \\u2013 d\\u00e9but XIVe si\\u00e8cle, fortifi\\u00e9 durant les guerres de religion, embelli aux XVIIIe et XIXe si\\u00e8cles, ce [&hellip;]<address><b>Adresse : <\\\/b>{marker_address}<\\\/address><a class=\\\"fc-btn fc-btn-small fc-btn-red\\\" href=\\\"https:\\\/\\\/collinescathares.com\\\/es\\\/evenements-ponctuels\\\/visite-commentee-de-la-collegiale-saint-vincent-a-montreal-9\\\/\\\">En savoir plus<\\\/a><\\\/div>\",\"content\":\"Pos\\u00e9e dans les hauteurs de Montr\\u00e9al d\\u2019Aude comme un phare au c\\u0153ur des collines riantes et des vignobles de la Malep\\u00e8re, la Coll\\u00e9giale Saint-Vincent marque les paysages alentour de ses \\u00e9tonnantes proportions. Dat\\u00e9 de la fin du XIIIe \\u2013 d\\u00e9but XIVe si\\u00e8cle, fortifi\\u00e9 durant les guerres de religion, embelli aux XVIIIe et XIXe si\\u00e8cles, ce [&hellip;]\",\"address\":\"Place Saint-Vincent 11290 MONTREAL\",\"location\":{\"lat\":\"43.1993378\",\"city\":\"MONTREAL\",\"country\":\"France\",\"lng\":\"2.14279411\",\"onclick_action\":\"post\",\"redirect_permalink\":\"https:\\\/\\\/collinescathares.com\\\/es\\\/evenements-ponctuels\\\/visite-commentee-de-la-collegiale-saint-vincent-a-montreal-9\\\/\",\"zoom\":10,\"extra_fields\":{\"%date_evenement_r%\":\"09 Juillet 2026\",\"%date_evenement_fin_r%\":\"09 Juillet 2026\",\"post_excerpt\":\"Pos\\u00e9e dans les hauteurs de Montr\\u00e9al d\\u2019Aude comme un phare au c\\u0153ur des collines riantes et des vignobles de la Malep\\u00e8re, la Coll\\u00e9giale Saint-Vincent marque les paysages alentour de ses \\u00e9tonnantes proportions. Dat\\u00e9 de la fin du XIIIe \\u2013 d\\u00e9but XIVe si\\u00e8cle, fortifi\\u00e9 durant les guerres de religion, embelli aux XVIIIe et XIXe si\\u00e8cles, ce [&hellip;]\",\"post_content\":\"Pos\\u00e9e dans les hauteurs de Montr\\u00e9al d\\u2019Aude comme un phare au c\\u0153ur des collines riantes et des vignobles de la Malep\\u00e8re, la Coll\\u00e9giale Saint-Vincent marque les paysages alentour de ses \\u00e9tonnantes proportions. \\n\\nDat\\u00e9 de la fin du XIIIe \\u2013 d\\u00e9but XIVe si\\u00e8cle, fortifi\\u00e9 durant les guerres de religion, embelli aux XVIIIe et XIXe si\\u00e8cles, ce majestueux vaisseau de pierre conserve le souvenir des moments clefs de l\\u2019Histoire locale.\\n\\nVenez d\\u00e9couvrir cet \\u00e9difice lors d'une visite guid\\u00e9e !\\nRendez-vous sur le parvis de la coll\\u00e9giale (place Saint-Vincent) le jeudi 09 juillet \\u00e0 17h00. Votre guide, Armand Guitard, vous y attendra.\\n\\nVisite sur r\\u00e9servation : 04 68 24 75 45 \\\/ tourisme@ccplm.fr\\nParticipation au chapeau. Nombre de places limit\\u00e9.\\n\\u00c0 cette occasion, le livre d'Armand Guitard sur la coll\\u00e9giale sera propos\\u00e9 \\u00e0 la vente.\",\"post_title\":\"VISITE COMMENT\\u00c9E DE LA COLL\\u00c9GIALE SAINT-VINCENT \\u00c0 MONTR\\u00c9AL\",\"post_link\":\"https:\\\/\\\/collinescathares.com\\\/es\\\/evenements-ponctuels\\\/visite-commentee-de-la-collegiale-saint-vincent-a-montreal-9\\\/\",\"post_featured_image\":\"\",\"post_categories\":\"Ev\\u00e9nements ponctuels\",\"post_tags\":\"\",\"%_encloseme%\":\"1\",\"%ville_r%\":\"MONTREAL\",\"%_ville_r%\":\"field_5efc3a17e12c5\",\"%cp_r%\":\"11290\",\"%_cp_r%\":\"field_5efc3a47e12ca\",\"%tarifs_r%\":\"\",\"%_tarifs_r%\":\"field_5efc3a22e12c6\",\"%adresse_r%\":\"Place Saint-Vincent\",\"%_adresse_r%\":\"field_5efc3a2ee12c7\",\"%carte_r%\":\"Place Saint-Vincent 11290 MONTREAL, 43.1993378, 2.14279411, 14\",\"%_carte_r%\":\"field_5efc4ed05494a\",\"%labels_r%\":\"\",\"%_labels_r%\":\"field_5f3a47134470d\",\"%handicap_r%\":\"\",\"%_handicap_r%\":\"field_5f3a471a4470e\",\"%offres_promotionnelles_r%\":\"\",\"%_offres_promotionnelles_r%\":\"field_5f3a472d4470f\",\"%telephone_r%\":\"+33 4 68 24 75 45\",\"%_telephone_r%\":\"field_5efc3a39e12c8\",\"%email_r%\":\"tourisme@ccplm.fr\",\"%_email_r%\":\"field_5efc3a40e12c9\",\"%idunique_r%\":\"FMALAR011V51A74I\",\"%_idunique_r%\":\"field_5f04335c562b3\",\"%site_r%\":\"https:\\\/\\\/collinescathares.com\\\/\",\"%_site_r%\":\"field_5efc4d652a106\",\"%_date_evenement_r%\":\"field_5f0348f37d5bd\",\"%_date_evenement_fin_r%\":\"field_5f3a4540d0781\",\"%horaires_evenement_r%\":\"17:00 \\\/ 18:30\",\"%_horaires_evenement_r%\":\"field_5f3a4550d0782\",\"%type_r%\":\"Visite guid\\u00e9e\",\"%_type_r%\":\"field_5f057b5365cd7\",\"%classification_r%\":\"\",\"%_classification_r%\":\"field_5f3a3af81a328\",\"%classement_prefectoral_r%\":\"\",\"%_classement_prefectoral_r%\":\"field_5f3a473444710\",\"%datetri_r%\":\"1783555200\",\"%_datetri_r%\":\"field_5f3a8a82002b1\",\"%langage_r%\":\"FR\",\"%_langage_r%\":\"field_5f3be5649f374\",\"%_wpgmp_location_address%\":\"Place Saint-Vincent 11290 MONTREAL\",\"%_wpgmp_location_city%\":\"MONTREAL\",\"%_wpgmp_location_state%\":\"\",\"%_wpgmp_location_country%\":\"France\",\"%_wpgmp_metabox_marker_id%\":\"a:1:{i:0;i:8;}\",\"%_wpgmp_map_id%\":\"a:1:{i:0;i:21;}\",\"%_wpgmp_metabox_latitude%\":\"43.1993378\",\"%_wpgmp_metabox_longitude%\":\"2.14279411\",\"%_wpgmp_metabox_location_redirect%\":\"post\",\"%_wpgmp_metabox_custom_link%\":\"\",\"%_wpgmp_metabox_taxomomies_terms%\":\"N;\",\"%_wpgmp_extensions_fields%\":\"N;\",\"%_wpml_word_count%\":\"147\",\"%_elementor_page_assets%\":\"\",\"taxonomy=category\":\"Ev\\u00e9nements ponctuels\",\"taxonomy=post_tag\":\"\",\"taxonomy=post_format\":\"\",\"taxonomy=translation_priority\":\"Opcional\"},\"icon\":\"https:\\\/\\\/collinescathares.com\\\/wp-content\\\/uploads\\\/2020\\\/07\\\/pointeur_vert.svg\"},\"id\":261735,\"custom_filters\":{\"type_r\":\"Visite guid\\u00e9e\",\"datetri_r\":\"1783555200\"},\"infowindow_disable\":false,\"categories\":[{\"icon\":\"https:\\\/\\\/collinescathares.com\\\/wp-content\\\/uploads\\\/2020\\\/07\\\/pointeur_vert.svg\",\"name\":\"Ev\\u00e9nements ponctuels\",\"id\":\"8\",\"type\":\"category\"}]},{\"source\":\"post\",\"title\":\"ATELIER D\\u00c9COUVERTE : LES BIENFAITS DES PLANTES\",\"infowindow_content\":\"<div class=\\\"fc-main\\\"><div class=\\\"fc-item-title\\\">ATELIER D\\u00c9COUVERTE : LES BIENFAITS DES PLANTES <span class=\\\"fc-badge info\\\">Ev\\u00e9nements ponctuels<\\\/span><\\\/div> <div class=\\\"fc-item-featured_image\\\"><div class=\\\"fc-feature-img\\\"><img alt=\\\"ATELIER D\\u00c9COUVERTE : LES BIENFAITS DES PLANTES\\\" width=\\\"300\\\" height=\\\"225\\\" src=\\\"https:\\\/\\\/collinescathares.com\\\/wp-content\\\/uploads\\\/2025\\\/11\\\/ATELIER-DECOUVERTE-LES-BIENFAITS-DES-PLANTES-300x225.jpg\\\" class=\\\"wp-post-image   wpgmp_featured_image\\\" ><\\\/div> <\\\/div>Et si vous preniez un moment pour vous reconnecter \\u00e0 la sagesse des plantes ? D\\u00e9couvrez et utilisez les rem\\u00e8des naturels avec une herbaliste certifi\\u00e9e. Immunit\\u00e9 et inflammation : atelier r\\u00e9parti sur 4 soirs pour une dur\\u00e9e totale de 6h. Lundi 26 janvier 2026 19h30-21h Lundi 2 f\\u00e9vrier 2026 19h30-21h Lundi 9 f\\u00e9vrier 2026 19h30-21h [&hellip;]<address><b>Adresse : <\\\/b>{marker_address}<\\\/address><a class=\\\"fc-btn fc-btn-small fc-btn-red\\\" href=\\\"https:\\\/\\\/collinescathares.com\\\/es\\\/evenements-ponctuels\\\/atelier-decouverte-les-bienfaits-des-plantes\\\/\\\">En savoir plus<\\\/a><\\\/div>\",\"content\":\"Et si vous preniez un moment pour vous reconnecter \\u00e0 la sagesse des plantes ? D\\u00e9couvrez et utilisez les rem\\u00e8des naturels avec une herbaliste certifi\\u00e9e. Immunit\\u00e9 et inflammation : atelier r\\u00e9parti sur 4 soirs pour une dur\\u00e9e totale de 6h. Lundi 26 janvier 2026 19h30-21h Lundi 2 f\\u00e9vrier 2026 19h30-21h Lundi 9 f\\u00e9vrier 2026 19h30-21h [&hellip;]\",\"address\":\"place du Foirail 11150 BRAM\",\"location\":{\"lat\":\"43.2436840\",\"city\":\"BRAM\",\"country\":\"France\",\"lng\":\"2.11111632\",\"onclick_action\":\"post\",\"redirect_permalink\":\"https:\\\/\\\/collinescathares.com\\\/es\\\/evenements-ponctuels\\\/atelier-decouverte-les-bienfaits-des-plantes\\\/\",\"zoom\":10,\"extra_fields\":{\"%date_evenement_r%\":\"09 F\\u00e9vrier 2026\",\"%date_evenement_fin_r%\":\"09 F\\u00e9vrier 2026\",\"post_excerpt\":\"Et si vous preniez un moment pour vous reconnecter \\u00e0 la sagesse des plantes ? D\\u00e9couvrez et utilisez les rem\\u00e8des naturels avec une herbaliste certifi\\u00e9e. Immunit\\u00e9 et inflammation : atelier r\\u00e9parti sur 4 soirs pour une dur\\u00e9e totale de 6h. Lundi 26 janvier 2026 19h30-21h Lundi 2 f\\u00e9vrier 2026 19h30-21h Lundi 9 f\\u00e9vrier 2026 19h30-21h [&hellip;]\",\"post_content\":\"Et si vous preniez un moment pour vous reconnecter \\u00e0 la sagesse des plantes ?\\nD\\u00e9couvrez et utilisez les rem\\u00e8des naturels avec une herbaliste certifi\\u00e9e.\\nImmunit\\u00e9 et inflammation : atelier r\\u00e9parti sur 4 soirs pour une dur\\u00e9e totale de 6h.\\nLundi 26 janvier 2026 19h30-21h\\nLundi 2 f\\u00e9vrier 2026 19h30-21h\\nLundi 9 f\\u00e9vrier 2026 19h30-21h\\nLundi 16 f\\u00e9vrier 2026 19h30-21h\\nInscription obligatoire avant le 22 janvier 2026. Nombre de participants entre 4 et 8.\\nTarifs : 48\\u20ac\\\/6h soit 8\\u20ac\\\/h\",\"post_title\":\"ATELIER D\\u00c9COUVERTE : LES BIENFAITS DES PLANTES\",\"post_link\":\"https:\\\/\\\/collinescathares.com\\\/es\\\/evenements-ponctuels\\\/atelier-decouverte-les-bienfaits-des-plantes\\\/\",\"post_featured_image\":\"<div class=\\\"fc-feature-img\\\"><img alt=\\\"ATELIER D\\u00c9COUVERTE : LES BIENFAITS DES PLANTES\\\" width=\\\"300\\\" height=\\\"225\\\" src=\\\"https:\\\/\\\/collinescathares.com\\\/wp-content\\\/uploads\\\/2025\\\/11\\\/ATELIER-DECOUVERTE-LES-BIENFAITS-DES-PLANTES-300x225.jpg\\\" class=\\\"wp-post-image   wpgmp_featured_image\\\" ><\\\/div>\",\"post_categories\":\"Ev\\u00e9nements ponctuels\",\"post_tags\":\"\",\"%_encloseme%\":\"1\",\"%_thumbnail_id%\":\"259697\",\"%ville_r%\":\"BRAM\",\"%_ville_r%\":\"field_5efc3a17e12c5\",\"%cp_r%\":\"11150\",\"%_cp_r%\":\"field_5efc3a47e12ca\",\"%tarifs_r%\":\"\",\"%_tarifs_r%\":\"field_5efc3a22e12c6\",\"%adresse_r%\":\"place du Foirail\",\"%_adresse_r%\":\"field_5efc3a2ee12c7\",\"%carte_r%\":\"place du Foirail 11150 BRAM, 43.2436840, 2.11111632, 14\",\"%_carte_r%\":\"field_5efc4ed05494a\",\"%labels_r%\":\"\",\"%_labels_r%\":\"field_5f3a47134470d\",\"%handicap_r%\":\"\",\"%_handicap_r%\":\"field_5f3a471a4470e\",\"%offres_promotionnelles_r%\":\"\",\"%_offres_promotionnelles_r%\":\"field_5f3a472d4470f\",\"%telephone_r%\":\" Port : +33 6 01 79 97 27\",\"%_telephone_r%\":\"field_5efc3a39e12c8\",\"%email_r%\":\"cotyledons@gmx.com\",\"%_email_r%\":\"field_5efc3a40e12c9\",\"%idunique_r%\":\"FMALAR011V51A6MM\",\"%_idunique_r%\":\"field_5f04335c562b3\",\"%site_r%\":\"https:\\\/\\\/www.cotyledons.fr\\\/fr\",\"%_site_r%\":\"field_5efc4d652a106\",\"%_date_evenement_r%\":\"field_5f0348f37d5bd\",\"%_date_evenement_fin_r%\":\"field_5f3a4540d0781\",\"%horaires_evenement_r%\":\"19:30 \\\/ 21:00\",\"%_horaires_evenement_r%\":\"field_5f3a4550d0782\",\"%type_r%\":\"Stage \\\/ Atelier\",\"%_type_r%\":\"field_5f057b5365cd7\",\"%classification_r%\":\"\",\"%_classification_r%\":\"field_5f3a3af81a328\",\"%classement_prefectoral_r%\":\"\",\"%_classement_prefectoral_r%\":\"field_5f3a473444710\",\"%datetri_r%\":\"1770595200\",\"%_datetri_r%\":\"field_5f3a8a82002b1\",\"%langage_r%\":\"FR\",\"%_langage_r%\":\"field_5f3be5649f374\",\"%_wpgmp_location_address%\":\"place du Foirail 11150 BRAM\",\"%_wpgmp_location_city%\":\"BRAM\",\"%_wpgmp_location_state%\":\"\",\"%_wpgmp_location_country%\":\"France\",\"%_wpgmp_metabox_marker_id%\":\"a:1:{i:0;i:8;}\",\"%_wpgmp_map_id%\":\"a:1:{i:0;i:21;}\",\"%_wpgmp_metabox_latitude%\":\"43.2436840\",\"%_wpgmp_metabox_longitude%\":\"2.11111632\",\"%_wpgmp_metabox_location_redirect%\":\"post\",\"%_wpgmp_metabox_custom_link%\":\"\",\"%_wpgmp_metabox_taxomomies_terms%\":\"N;\",\"%_wpgmp_extensions_fields%\":\"N;\",\"%_wpml_word_count%\":\"78\",\"%_elementor_page_assets%\":\"\",\"taxonomy=category\":\"Ev\\u00e9nements ponctuels\",\"taxonomy=post_tag\":\"\",\"taxonomy=post_format\":\"\",\"taxonomy=translation_priority\":\"Opcional\"},\"icon\":\"https:\\\/\\\/collinescathares.com\\\/wp-content\\\/uploads\\\/2020\\\/07\\\/pointeur_vert.svg\"},\"id\":261729,\"custom_filters\":{\"type_r\":\"Stage \\\/ Atelier\",\"datetri_r\":\"1770595200\"},\"infowindow_disable\":false,\"categories\":[{\"icon\":\"https:\\\/\\\/collinescathares.com\\\/wp-content\\\/uploads\\\/2020\\\/07\\\/pointeur_vert.svg\",\"name\":\"Ev\\u00e9nements ponctuels\",\"id\":\"8\",\"type\":\"category\"}]},{\"source\":\"post\",\"title\":\"ATELIER D\\u00c9COUVERTE : LES BIENFAITS DES PLANTES\",\"infowindow_content\":\"<div class=\\\"fc-main\\\"><div class=\\\"fc-item-title\\\">ATELIER D\\u00c9COUVERTE : LES BIENFAITS DES PLANTES <span class=\\\"fc-badge info\\\">Ev\\u00e9nements ponctuels<\\\/span><\\\/div> <div class=\\\"fc-item-featured_image\\\"><div class=\\\"fc-feature-img\\\"><img alt=\\\"ATELIER D\\u00c9COUVERTE : LES BIENFAITS DES PLANTES\\\" width=\\\"300\\\" height=\\\"225\\\" src=\\\"https:\\\/\\\/collinescathares.com\\\/wp-content\\\/uploads\\\/2025\\\/11\\\/ATELIER-DECOUVERTE-LES-BIENFAITS-DES-PLANTES-300x225.jpg\\\" class=\\\"wp-post-image   wpgmp_featured_image\\\" ><\\\/div> <\\\/div>Et si vous preniez un moment pour vous reconnecter \\u00e0 la sagesse des plantes ? D\\u00e9couvrez et utilisez les rem\\u00e8des naturels avec une herbaliste certifi\\u00e9e. Immunit\\u00e9 et inflammation : atelier r\\u00e9parti sur 4 soirs pour une dur\\u00e9e totale de 6h. Lundi 26 janvier 2026 19h30-21h Lundi 2 f\\u00e9vrier 2026 19h30-21h Lundi 9 f\\u00e9vrier 2026 19h30-21h [&hellip;]<address><b>Adresse : <\\\/b>{marker_address}<\\\/address><a class=\\\"fc-btn fc-btn-small fc-btn-red\\\" href=\\\"https:\\\/\\\/collinescathares.com\\\/es\\\/evenements-ponctuels\\\/atelier-decouverte-les-bienfaits-des-plantes-2\\\/\\\">En savoir plus<\\\/a><\\\/div>\",\"content\":\"Et si vous preniez un moment pour vous reconnecter \\u00e0 la sagesse des plantes ? D\\u00e9couvrez et utilisez les rem\\u00e8des naturels avec une herbaliste certifi\\u00e9e. Immunit\\u00e9 et inflammation : atelier r\\u00e9parti sur 4 soirs pour une dur\\u00e9e totale de 6h. Lundi 26 janvier 2026 19h30-21h Lundi 2 f\\u00e9vrier 2026 19h30-21h Lundi 9 f\\u00e9vrier 2026 19h30-21h [&hellip;]\",\"address\":\"place du Foirail 11150 BRAM\",\"location\":{\"lat\":\"43.2436840\",\"city\":\"BRAM\",\"country\":\"France\",\"lng\":\"2.11111632\",\"onclick_action\":\"post\",\"redirect_permalink\":\"https:\\\/\\\/collinescathares.com\\\/es\\\/evenements-ponctuels\\\/atelier-decouverte-les-bienfaits-des-plantes-2\\\/\",\"zoom\":10,\"extra_fields\":{\"%date_evenement_r%\":\"16 F\\u00e9vrier 2026\",\"%date_evenement_fin_r%\":\"16 F\\u00e9vrier 2026\",\"post_excerpt\":\"Et si vous preniez un moment pour vous reconnecter \\u00e0 la sagesse des plantes ? D\\u00e9couvrez et utilisez les rem\\u00e8des naturels avec une herbaliste certifi\\u00e9e. Immunit\\u00e9 et inflammation : atelier r\\u00e9parti sur 4 soirs pour une dur\\u00e9e totale de 6h. Lundi 26 janvier 2026 19h30-21h Lundi 2 f\\u00e9vrier 2026 19h30-21h Lundi 9 f\\u00e9vrier 2026 19h30-21h [&hellip;]\",\"post_content\":\"Et si vous preniez un moment pour vous reconnecter \\u00e0 la sagesse des plantes ?\\nD\\u00e9couvrez et utilisez les rem\\u00e8des naturels avec une herbaliste certifi\\u00e9e.\\nImmunit\\u00e9 et inflammation : atelier r\\u00e9parti sur 4 soirs pour une dur\\u00e9e totale de 6h.\\nLundi 26 janvier 2026 19h30-21h\\nLundi 2 f\\u00e9vrier 2026 19h30-21h\\nLundi 9 f\\u00e9vrier 2026 19h30-21h\\nLundi 16 f\\u00e9vrier 2026 19h30-21h\\nInscription obligatoire avant le 22 janvier 2026. Nombre de participants entre 4 et 8.\\nTarifs : 48\\u20ac\\\/6h soit 8\\u20ac\\\/h\",\"post_title\":\"ATELIER D\\u00c9COUVERTE : LES BIENFAITS DES PLANTES\",\"post_link\":\"https:\\\/\\\/collinescathares.com\\\/es\\\/evenements-ponctuels\\\/atelier-decouverte-les-bienfaits-des-plantes-2\\\/\",\"post_featured_image\":\"<div class=\\\"fc-feature-img\\\"><img alt=\\\"ATELIER D\\u00c9COUVERTE : LES BIENFAITS DES PLANTES\\\" width=\\\"300\\\" height=\\\"225\\\" src=\\\"https:\\\/\\\/collinescathares.com\\\/wp-content\\\/uploads\\\/2025\\\/11\\\/ATELIER-DECOUVERTE-LES-BIENFAITS-DES-PLANTES-300x225.jpg\\\" class=\\\"wp-post-image   wpgmp_featured_image\\\" ><\\\/div>\",\"post_categories\":\"Ev\\u00e9nements ponctuels\",\"post_tags\":\"\",\"%_encloseme%\":\"1\",\"%_thumbnail_id%\":\"259697\",\"%ville_r%\":\"BRAM\",\"%_ville_r%\":\"field_5efc3a17e12c5\",\"%cp_r%\":\"11150\",\"%_cp_r%\":\"field_5efc3a47e12ca\",\"%tarifs_r%\":\"\",\"%_tarifs_r%\":\"field_5efc3a22e12c6\",\"%adresse_r%\":\"place du Foirail\",\"%_adresse_r%\":\"field_5efc3a2ee12c7\",\"%carte_r%\":\"place du Foirail 11150 BRAM, 43.2436840, 2.11111632, 14\",\"%_carte_r%\":\"field_5efc4ed05494a\",\"%labels_r%\":\"\",\"%_labels_r%\":\"field_5f3a47134470d\",\"%handicap_r%\":\"\",\"%_handicap_r%\":\"field_5f3a471a4470e\",\"%offres_promotionnelles_r%\":\"\",\"%_offres_promotionnelles_r%\":\"field_5f3a472d4470f\",\"%telephone_r%\":\" Port : +33 6 01 79 97 27\",\"%_telephone_r%\":\"field_5efc3a39e12c8\",\"%email_r%\":\"cotyledons@gmx.com\",\"%_email_r%\":\"field_5efc3a40e12c9\",\"%idunique_r%\":\"FMALAR011V51A6MN\",\"%_idunique_r%\":\"field_5f04335c562b3\",\"%site_r%\":\"https:\\\/\\\/www.cotyledons.fr\\\/fr\",\"%_site_r%\":\"field_5efc4d652a106\",\"%_date_evenement_r%\":\"field_5f0348f37d5bd\",\"%_date_evenement_fin_r%\":\"field_5f3a4540d0781\",\"%horaires_evenement_r%\":\"19:30 \\\/ 21:00\",\"%_horaires_evenement_r%\":\"field_5f3a4550d0782\",\"%type_r%\":\"Stage \\\/ Atelier\",\"%_type_r%\":\"field_5f057b5365cd7\",\"%classification_r%\":\"\",\"%_classification_r%\":\"field_5f3a3af81a328\",\"%classement_prefectoral_r%\":\"\",\"%_classement_prefectoral_r%\":\"field_5f3a473444710\",\"%datetri_r%\":\"1771200000\",\"%_datetri_r%\":\"field_5f3a8a82002b1\",\"%langage_r%\":\"FR\",\"%_langage_r%\":\"field_5f3be5649f374\",\"%_wpgmp_location_address%\":\"place du Foirail 11150 BRAM\",\"%_wpgmp_location_city%\":\"BRAM\",\"%_wpgmp_location_state%\":\"\",\"%_wpgmp_location_country%\":\"France\",\"%_wpgmp_metabox_marker_id%\":\"a:1:{i:0;i:8;}\",\"%_wpgmp_map_id%\":\"a:1:{i:0;i:21;}\",\"%_wpgmp_metabox_latitude%\":\"43.2436840\",\"%_wpgmp_metabox_longitude%\":\"2.11111632\",\"%_wpgmp_metabox_location_redirect%\":\"post\",\"%_wpgmp_metabox_custom_link%\":\"\",\"%_wpgmp_metabox_taxomomies_terms%\":\"N;\",\"%_wpgmp_extensions_fields%\":\"N;\",\"%_wpml_word_count%\":\"78\",\"%_elementor_page_assets%\":\"\",\"taxonomy=category\":\"Ev\\u00e9nements ponctuels\",\"taxonomy=post_tag\":\"\",\"taxonomy=post_format\":\"\",\"taxonomy=translation_priority\":\"Opcional\"},\"icon\":\"https:\\\/\\\/collinescathares.com\\\/wp-content\\\/uploads\\\/2020\\\/07\\\/pointeur_vert.svg\"},\"id\":261730,\"custom_filters\":{\"type_r\":\"Stage \\\/ Atelier\",\"datetri_r\":\"1771200000\"},\"infowindow_disable\":false,\"categories\":[{\"icon\":\"https:\\\/\\\/collinescathares.com\\\/wp-content\\\/uploads\\\/2020\\\/07\\\/pointeur_vert.svg\",\"name\":\"Ev\\u00e9nements ponctuels\",\"id\":\"8\",\"type\":\"category\"}]},{\"source\":\"post\",\"title\":\"1\\u00c8RE \\u00c9DITION DU SALON MIN\\u00c9RAUX FOSSILES BIJOUX DE VILLESISCLE\",\"infowindow_content\":\"<div class=\\\"fc-main\\\"><div class=\\\"fc-item-title\\\">1\\u00c8RE \\u00c9DITION DU SALON MIN\\u00c9RAUX FOSSILES BIJOUX DE VILLESISCLE <span class=\\\"fc-badge info\\\">Ev\\u00e9nements ponctuels<\\\/span><\\\/div> <div class=\\\"fc-item-featured_image\\\"><div class=\\\"fc-feature-img\\\"><img alt=\\\"1\\u00c8RE \\u00c9DITION DU SALON MIN\\u00c9RAUX FOSSILES BIJOUX DE VILLESISCLE\\\" width=\\\"300\\\" height=\\\"225\\\" src=\\\"https:\\\/\\\/collinescathares.com\\\/wp-content\\\/uploads\\\/2026\\\/01\\\/1ERE-EDITION-DU-SALON-MINERAUX-FOSSILES-BIJOUX-DE-VILLESISCLE-300x225.jpg\\\" class=\\\"wp-post-image   wpgmp_featured_image\\\" ><\\\/div> <\\\/div>Plongez au c\\u0153ur des tr\\u00e9sors de la Terre avec HEXAGONE MINERAL ! Les 31 janvier et 1er f\\u00e9vrier 2026, la Salle des f\\u00eates de Villesiscle (Aude) accueillera le 1er salon Min\\u00e9raux, Fossiles et Bijoux, un rendez-vous in\\u00e9dit d\\u00e9di\\u00e9 \\u00e0 la beaut\\u00e9 et \\u00e0 la diversit\\u00e9 du monde min\\u00e9ral. Exposants passionn\\u00e9s, professionnels et amateurs, vous feront [&hellip;]<address><b>Adresse : <\\\/b>{marker_address}<\\\/address><a class=\\\"fc-btn fc-btn-small fc-btn-red\\\" href=\\\"https:\\\/\\\/collinescathares.com\\\/es\\\/evenements-ponctuels\\\/1ere-edition-du-salon-mineraux-fossiles-bijoux-de-villesiscle-2\\\/\\\">En savoir plus<\\\/a><\\\/div>\",\"content\":\"Plongez au c\\u0153ur des tr\\u00e9sors de la Terre avec HEXAGONE MINERAL ! Les 31 janvier et 1er f\\u00e9vrier 2026, la Salle des f\\u00eates de Villesiscle (Aude) accueillera le 1er salon Min\\u00e9raux, Fossiles et Bijoux, un rendez-vous in\\u00e9dit d\\u00e9di\\u00e9 \\u00e0 la beaut\\u00e9 et \\u00e0 la diversit\\u00e9 du monde min\\u00e9ral. Exposants passionn\\u00e9s, professionnels et amateurs, vous feront [&hellip;]\",\"address\":\"Route de Fanjeaux 11150 VILLESISCLE\",\"location\":{\"lat\":\"43.2290265\",\"city\":\"VILLESISCLE\",\"country\":\"France\",\"lng\":\"2.09432625\",\"onclick_action\":\"post\",\"redirect_permalink\":\"https:\\\/\\\/collinescathares.com\\\/es\\\/evenements-ponctuels\\\/1ere-edition-du-salon-mineraux-fossiles-bijoux-de-villesiscle-2\\\/\",\"zoom\":10,\"extra_fields\":{\"%date_evenement_r%\":\"01 F\\u00e9vrier 2026\",\"%date_evenement_fin_r%\":\"01 F\\u00e9vrier 2026\",\"post_excerpt\":\"Plongez au c\\u0153ur des tr\\u00e9sors de la Terre avec HEXAGONE MINERAL ! Les 31 janvier et 1er f\\u00e9vrier 2026, la Salle des f\\u00eates de Villesiscle (Aude) accueillera le 1er salon Min\\u00e9raux, Fossiles et Bijoux, un rendez-vous in\\u00e9dit d\\u00e9di\\u00e9 \\u00e0 la beaut\\u00e9 et \\u00e0 la diversit\\u00e9 du monde min\\u00e9ral. Exposants passionn\\u00e9s, professionnels et amateurs, vous feront [&hellip;]\",\"post_content\":\"Plongez au c\\u0153ur des tr\\u00e9sors de la Terre avec HEXAGONE MINERAL !\\nLes 31 janvier et 1er f\\u00e9vrier 2026, la Salle des f\\u00eates de Villesiscle (Aude) accueillera le 1er salon Min\\u00e9raux, Fossiles et Bijoux, un rendez-vous in\\u00e9dit d\\u00e9di\\u00e9 \\u00e0 la beaut\\u00e9 et \\u00e0 la diversit\\u00e9 du monde min\\u00e9ral. Exposants passionn\\u00e9s, professionnels et amateurs, vous feront voyager \\u00e0 travers des collections exceptionnelles venues du monde entier, de France et d\\u2019Occitanie. Min\\u00e9raux scintillants, fossiles fascinants et bijoux uniques raviront petits et grands, tandis qu\\u2019un service d\\u2019expertise gratuite permettra de percer les secrets de vos propres d\\u00e9couvertes.\\nUn week-end convivial et \\u00e9merveillant, id\\u00e9al pour les passionn\\u00e9s comme pour les curieux, \\u00e0 partager en famille !\",\"post_title\":\"1\\u00c8RE \\u00c9DITION DU SALON MIN\\u00c9RAUX FOSSILES BIJOUX DE VILLESISCLE\",\"post_link\":\"https:\\\/\\\/collinescathares.com\\\/es\\\/evenements-ponctuels\\\/1ere-edition-du-salon-mineraux-fossiles-bijoux-de-villesiscle-2\\\/\",\"post_featured_image\":\"<div class=\\\"fc-feature-img\\\"><img alt=\\\"1\\u00c8RE \\u00c9DITION DU SALON MIN\\u00c9RAUX FOSSILES BIJOUX DE VILLESISCLE\\\" width=\\\"300\\\" height=\\\"225\\\" src=\\\"https:\\\/\\\/collinescathares.com\\\/wp-content\\\/uploads\\\/2026\\\/01\\\/1ERE-EDITION-DU-SALON-MINERAUX-FOSSILES-BIJOUX-DE-VILLESISCLE-300x225.jpg\\\" class=\\\"wp-post-image   wpgmp_featured_image\\\" ><\\\/div>\",\"post_categories\":\"Ev\\u00e9nements ponctuels\",\"post_tags\":\"\",\"%_encloseme%\":\"1\",\"%_thumbnail_id%\":\"260484\",\"%ville_r%\":\"VILLESISCLE\",\"%_ville_r%\":\"field_5efc3a17e12c5\",\"%cp_r%\":\"11150\",\"%_cp_r%\":\"field_5efc3a47e12ca\",\"%tarifs_r%\":\"Plein tarif||4,00|Gratuit pour les moins de 12 ans\",\"%_tarifs_r%\":\"field_5efc3a22e12c6\",\"%adresse_r%\":\"Route de Fanjeaux\",\"%_adresse_r%\":\"field_5efc3a2ee12c7\",\"%carte_r%\":\"Route de Fanjeaux 11150 VILLESISCLE, 43.2290265, 2.09432625, 14\",\"%_carte_r%\":\"field_5efc4ed05494a\",\"%labels_r%\":\"\",\"%_labels_r%\":\"field_5f3a47134470d\",\"%handicap_r%\":\"\",\"%_handicap_r%\":\"field_5f3a471a4470e\",\"%offres_promotionnelles_r%\":\"\",\"%_offres_promotionnelles_r%\":\"field_5f3a472d4470f\",\"%telephone_r%\":\"\",\"%_telephone_r%\":\"field_5efc3a39e12c8\",\"%email_r%\":\"davidchauvaud@yahoo.fr\",\"%_email_r%\":\"field_5efc3a40e12c9\",\"%idunique_r%\":\"FMALAR011V51A42A\",\"%_idunique_r%\":\"field_5f04335c562b3\",\"%site_r%\":\"\",\"%_site_r%\":\"field_5efc4d652a106\",\"%_date_evenement_r%\":\"field_5f0348f37d5bd\",\"%_date_evenement_fin_r%\":\"field_5f3a4540d0781\",\"%horaires_evenement_r%\":\"10:00 \\\/ 18:00\",\"%_horaires_evenement_r%\":\"field_5f3a4550d0782\",\"%type_r%\":\"Salon\",\"%_type_r%\":\"field_5f057b5365cd7\",\"%classification_r%\":\"\",\"%_classification_r%\":\"field_5f3a3af81a328\",\"%classement_prefectoral_r%\":\"\",\"%_classement_prefectoral_r%\":\"field_5f3a473444710\",\"%datetri_r%\":\"1769904000\",\"%_datetri_r%\":\"field_5f3a8a82002b1\",\"%langage_r%\":\"FR\",\"%_langage_r%\":\"field_5f3be5649f374\",\"%_wpgmp_location_address%\":\"Route de Fanjeaux 11150 VILLESISCLE\",\"%_wpgmp_location_city%\":\"VILLESISCLE\",\"%_wpgmp_location_state%\":\"\",\"%_wpgmp_location_country%\":\"France\",\"%_wpgmp_metabox_marker_id%\":\"a:1:{i:0;i:8;}\",\"%_wpgmp_map_id%\":\"a:1:{i:0;i:21;}\",\"%_wpgmp_metabox_latitude%\":\"43.2290265\",\"%_wpgmp_metabox_longitude%\":\"2.09432625\",\"%_wpgmp_metabox_location_redirect%\":\"post\",\"%_wpgmp_metabox_custom_link%\":\"\",\"%_wpgmp_metabox_taxomomies_terms%\":\"N;\",\"%_wpgmp_extensions_fields%\":\"N;\",\"%_wpml_word_count%\":\"140\",\"%_elementor_page_assets%\":\"\",\"taxonomy=category\":\"Ev\\u00e9nements ponctuels\",\"taxonomy=post_tag\":\"\",\"taxonomy=post_format\":\"\",\"taxonomy=translation_priority\":\"Opcional\"},\"icon\":\"https:\\\/\\\/collinescathares.com\\\/wp-content\\\/uploads\\\/2020\\\/07\\\/pointeur_vert.svg\"},\"id\":260637,\"custom_filters\":{\"type_r\":\"Salon\",\"datetri_r\":\"1769904000\"},\"infowindow_disable\":false,\"categories\":[{\"icon\":\"https:\\\/\\\/collinescathares.com\\\/wp-content\\\/uploads\\\/2020\\\/07\\\/pointeur_vert.svg\",\"name\":\"Ev\\u00e9nements ponctuels\",\"id\":\"8\",\"type\":\"category\"}]},{\"source\":\"post\",\"title\":\"LOTO DES MA\\u00cfNATGES\",\"infowindow_content\":\"<div class=\\\"fc-main\\\"><div class=\\\"fc-item-title\\\">LOTO DES MA\\u00cfNATGES <span class=\\\"fc-badge info\\\">Ev\\u00e9nements ponctuels<\\\/span><\\\/div> <div class=\\\"fc-item-featured_image\\\"><div class=\\\"fc-feature-img\\\"><img alt=\\\"LOTO DES MA\\u00cfNATGES\\\" width=\\\"300\\\" height=\\\"225\\\" src=\\\"https:\\\/\\\/collinescathares.com\\\/wp-content\\\/uploads\\\/2025\\\/09\\\/SUPER-LOTO-2-300x225.jpg\\\" class=\\\"wp-post-image   wpgmp_featured_image\\\" ><\\\/div> <\\\/div>L&#8217;association Les Ma\\u00efnatges de Montr\\u00e9al organise un loto \\u00e0 la salle polyvalente. Venez nombreuses et nombreux passer un moment convivial ! Plusieurs quines, cartons pleins et consolantes pour gagner divers lots gourmands et des bons d&#8217;achat. Buvette. P\\u00e2tisseries. Possibilit\\u00e9 d&#8217;achat de pions sur place. Ouverture de la salle \\u00e0 20h. D\\u00e9but du loto \\u00e0 21h.<address><b>Adresse : <\\\/b>{marker_address}<\\\/address><a class=\\\"fc-btn fc-btn-small fc-btn-red\\\" href=\\\"https:\\\/\\\/collinescathares.com\\\/es\\\/evenements-ponctuels\\\/loto-des-mainatges\\\/\\\">En savoir plus<\\\/a><\\\/div>\",\"content\":\"L&#8217;association Les Ma\\u00efnatges de Montr\\u00e9al organise un loto \\u00e0 la salle polyvalente. Venez nombreuses et nombreux passer un moment convivial ! Plusieurs quines, cartons pleins et consolantes pour gagner divers lots gourmands et des bons d&#8217;achat. Buvette. P\\u00e2tisseries. Possibilit\\u00e9 d&#8217;achat de pions sur place. Ouverture de la salle \\u00e0 20h. D\\u00e9but du loto \\u00e0 21h.\",\"address\":\"Promenade du Qu\\u00e9bec 11290 MONTREAL\",\"location\":{\"lat\":\"43.1979951\",\"city\":\"MONTREAL\",\"country\":\"France\",\"lng\":\"2.14678195\",\"onclick_action\":\"post\",\"redirect_permalink\":\"https:\\\/\\\/collinescathares.com\\\/es\\\/evenements-ponctuels\\\/loto-des-mainatges\\\/\",\"zoom\":10,\"extra_fields\":{\"%date_evenement_r%\":\"07 F\\u00e9vrier 2026\",\"%date_evenement_fin_r%\":\"07 F\\u00e9vrier 2026\",\"post_excerpt\":\"L&#8217;association Les Ma\\u00efnatges de Montr\\u00e9al organise un loto \\u00e0 la salle polyvalente. Venez nombreuses et nombreux passer un moment convivial ! Plusieurs quines, cartons pleins et consolantes pour gagner divers lots gourmands et des bons d&#8217;achat. Buvette. P\\u00e2tisseries. Possibilit\\u00e9 d&#8217;achat de pions sur place. Ouverture de la salle \\u00e0 20h. D\\u00e9but du loto \\u00e0 21h.\",\"post_content\":\"L'association Les Ma\\u00efnatges de Montr\\u00e9al organise un loto \\u00e0 la salle polyvalente. Venez nombreuses et nombreux passer un moment convivial !\\nPlusieurs quines, cartons pleins et consolantes pour gagner divers lots gourmands et des bons d'achat.\\nBuvette. P\\u00e2tisseries. Possibilit\\u00e9 d'achat de pions sur place.\\nOuverture de la salle \\u00e0 20h. D\\u00e9but du loto \\u00e0 21h.\",\"post_title\":\"LOTO DES MA\\u00cfNATGES\",\"post_link\":\"https:\\\/\\\/collinescathares.com\\\/es\\\/evenements-ponctuels\\\/loto-des-mainatges\\\/\",\"post_featured_image\":\"<div class=\\\"fc-feature-img\\\"><img alt=\\\"LOTO DES MA\\u00cfNATGES\\\" width=\\\"300\\\" height=\\\"225\\\" src=\\\"https:\\\/\\\/collinescathares.com\\\/wp-content\\\/uploads\\\/2025\\\/09\\\/SUPER-LOTO-2-300x225.jpg\\\" class=\\\"wp-post-image   wpgmp_featured_image\\\" ><\\\/div>\",\"post_categories\":\"Ev\\u00e9nements ponctuels\",\"post_tags\":\"\",\"%_encloseme%\":\"1\",\"%_thumbnail_id%\":\"259061\",\"%ville_r%\":\"MONTREAL\",\"%_ville_r%\":\"field_5efc3a17e12c5\",\"%cp_r%\":\"11290\",\"%_cp_r%\":\"field_5efc3a47e12ca\",\"%tarifs_r%\":\"\",\"%_tarifs_r%\":\"field_5efc3a22e12c6\",\"%adresse_r%\":\"Promenade du Qu\\u00e9bec\",\"%_adresse_r%\":\"field_5efc3a2ee12c7\",\"%carte_r%\":\"Promenade du Qu\\u00e9bec 11290 MONTREAL, 43.1979951, 2.14678195, 14\",\"%_carte_r%\":\"field_5efc4ed05494a\",\"%labels_r%\":\"\",\"%_labels_r%\":\"field_5f3a47134470d\",\"%handicap_r%\":\"\",\"%_handicap_r%\":\"field_5f3a471a4470e\",\"%offres_promotionnelles_r%\":\"\",\"%_offres_promotionnelles_r%\":\"field_5f3a472d4470f\",\"%telephone_r%\":\" Port : +33 6 01 48 96 05\",\"%_telephone_r%\":\"field_5efc3a39e12c8\",\"%email_r%\":\"mainatges.montreal@gmail.com\",\"%_email_r%\":\"field_5efc3a40e12c9\",\"%idunique_r%\":\"FMALAR011V51A3LL\",\"%_idunique_r%\":\"field_5f04335c562b3\",\"%site_r%\":\"\",\"%_site_r%\":\"field_5efc4d652a106\",\"%_date_evenement_r%\":\"field_5f0348f37d5bd\",\"%_date_evenement_fin_r%\":\"field_5f3a4540d0781\",\"%horaires_evenement_r%\":\"20:00 \\\/ 23:00\",\"%_horaires_evenement_r%\":\"field_5f3a4550d0782\",\"%type_r%\":\"Jeu, concours\",\"%_type_r%\":\"field_5f057b5365cd7\",\"%classification_r%\":\"\",\"%_classification_r%\":\"field_5f3a3af81a328\",\"%classement_prefectoral_r%\":\"\",\"%_classement_prefectoral_r%\":\"field_5f3a473444710\",\"%datetri_r%\":\"1770422400\",\"%_datetri_r%\":\"field_5f3a8a82002b1\",\"%langage_r%\":\"FR\",\"%_langage_r%\":\"field_5f3be5649f374\",\"%_wpgmp_location_address%\":\"Promenade du Qu\\u00e9bec 11290 MONTREAL\",\"%_wpgmp_location_city%\":\"MONTREAL\",\"%_wpgmp_location_state%\":\"\",\"%_wpgmp_location_country%\":\"France\",\"%_wpgmp_metabox_marker_id%\":\"a:1:{i:0;i:8;}\",\"%_wpgmp_map_id%\":\"a:1:{i:0;i:21;}\",\"%_wpgmp_metabox_latitude%\":\"43.1979951\",\"%_wpgmp_metabox_longitude%\":\"2.14678195\",\"%_wpgmp_metabox_location_redirect%\":\"post\",\"%_wpgmp_metabox_custom_link%\":\"\",\"%_wpgmp_metabox_taxomomies_terms%\":\"N;\",\"%_wpgmp_extensions_fields%\":\"N;\",\"%_wpml_word_count%\":\"64\",\"%galerie_image_r%\":\"259061\",\"%_galerie_image_r%\":\"field_5f3bd339f8130\",\"taxonomy=category\":\"Ev\\u00e9nements ponctuels\",\"taxonomy=post_tag\":\"\",\"taxonomy=post_format\":\"\",\"taxonomy=translation_priority\":\"Opcional\"},\"icon\":\"https:\\\/\\\/collinescathares.com\\\/wp-content\\\/uploads\\\/2020\\\/07\\\/pointeur_vert.svg\"},\"id\":260634,\"custom_filters\":{\"type_r\":\"Jeu, concours\",\"datetri_r\":\"1770422400\"},\"infowindow_disable\":false,\"categories\":[{\"icon\":\"https:\\\/\\\/collinescathares.com\\\/wp-content\\\/uploads\\\/2020\\\/07\\\/pointeur_vert.svg\",\"name\":\"Ev\\u00e9nements ponctuels\",\"id\":\"8\",\"type\":\"category\"}]},{\"source\":\"post\",\"title\":\"SOIR\\u00c9E GALA ANNIVERSAIRE DE L\\u2019ASSOCIATION LES AMIS DE L\\u2019\\u00c9GLISE DE BRAM\",\"infowindow_content\":\"<div class=\\\"fc-main\\\"><div class=\\\"fc-item-title\\\">SOIR\\u00c9E GALA ANNIVERSAIRE DE L\\u2019ASSOCIATION LES AMIS DE L\\u2019\\u00c9GLISE DE BRAM <span class=\\\"fc-badge info\\\">Ev\\u00e9nements ponctuels<\\\/span><\\\/div> <div class=\\\"fc-item-featured_image\\\"><div class=\\\"fc-feature-img\\\"><img alt=\\\"SOIR\\u00c9E GALA ANNIVERSAIRE DE L\\u2019ASSOCIATION LES AMIS DE L\\u2019\\u00c9GLISE DE BRAM\\\" width=\\\"300\\\" height=\\\"225\\\" src=\\\"https:\\\/\\\/collinescathares.com\\\/wp-content\\\/uploads\\\/2026\\\/01\\\/SOIREE-GALA-ANNIVERSAIRE-DE-L-ASSOCIATION-LES-AMIS-DE-L-EGLISE-DE-BRAM-300x225.jpg\\\" class=\\\"wp-post-image   wpgmp_featured_image\\\" ><\\\/div> <\\\/div>Retrouvez nous pour une soir\\u00e9e inoubliable \\u00e0 l\\u2019occasion de l\\u2019anniversaire de notre association Les Amis de l\\u2019\\u00c9glise de Bram. Cet \\u00e9v\\u00e9nement promet d\\u2019\\u00eatre un moment de convivialit\\u00e9, de gastronomie et de musique. Ce qui vous attend : &#8211; Ap\\u00e9ritif et vins\\\/blanquette offerts par l\\u2019association &#8211; Un d\\u00e9licieux d\\u00eener pr\\u00e9par\\u00e9 par le traiteur \\u00d4 BONNES SAVEURS [&hellip;]<address><b>Adresse : <\\\/b>{marker_address}<\\\/address><a class=\\\"fc-btn fc-btn-small fc-btn-red\\\" href=\\\"https:\\\/\\\/collinescathares.com\\\/es\\\/evenements-ponctuels\\\/soiree-gala-anniversaire-de-lassociation-les-amis-de-leglise-de-bram\\\/\\\">En savoir plus<\\\/a><\\\/div>\",\"content\":\"Retrouvez nous pour une soir\\u00e9e inoubliable \\u00e0 l\\u2019occasion de l\\u2019anniversaire de notre association Les Amis de l\\u2019\\u00c9glise de Bram. Cet \\u00e9v\\u00e9nement promet d\\u2019\\u00eatre un moment de convivialit\\u00e9, de gastronomie et de musique. Ce qui vous attend : &#8211; Ap\\u00e9ritif et vins\\\/blanquette offerts par l\\u2019association &#8211; Un d\\u00e9licieux d\\u00eener pr\\u00e9par\\u00e9 par le traiteur \\u00d4 BONNES SAVEURS [&hellip;]\",\"address\":\"18 Avenue Notre Dame 11150 BRAM\",\"location\":{\"lat\":\"43.2429044\",\"city\":\"BRAM\",\"country\":\"France\",\"lng\":\"2.1120599\",\"onclick_action\":\"post\",\"redirect_permalink\":\"https:\\\/\\\/collinescathares.com\\\/es\\\/evenements-ponctuels\\\/soiree-gala-anniversaire-de-lassociation-les-amis-de-leglise-de-bram\\\/\",\"zoom\":10,\"extra_fields\":{\"%date_evenement_r%\":\"31 Janvier 2026\",\"%date_evenement_fin_r%\":\"31 Janvier 2026\",\"post_excerpt\":\"Retrouvez nous pour une soir\\u00e9e inoubliable \\u00e0 l\\u2019occasion de l\\u2019anniversaire de notre association Les Amis de l\\u2019\\u00c9glise de Bram. Cet \\u00e9v\\u00e9nement promet d\\u2019\\u00eatre un moment de convivialit\\u00e9, de gastronomie et de musique. Ce qui vous attend : &#8211; Ap\\u00e9ritif et vins\\\/blanquette offerts par l\\u2019association &#8211; Un d\\u00e9licieux d\\u00eener pr\\u00e9par\\u00e9 par le traiteur \\u00d4 BONNES SAVEURS [&hellip;]\",\"post_content\":\"Retrouvez nous pour une soir\\u00e9e inoubliable \\u00e0 l\\u2019occasion de l\\u2019anniversaire de notre association Les Amis de l\\u2019\\u00c9glise de Bram. Cet \\u00e9v\\u00e9nement promet d\\u2019\\u00eatre un moment de convivialit\\u00e9, de gastronomie et de musique.\\n\\nCe qui vous attend :\\n- Ap\\u00e9ritif et vins\\\/blanquette offerts par l\\u2019association\\n- Un d\\u00e9licieux d\\u00eener pr\\u00e9par\\u00e9 par le traiteur \\u00d4 BONNES SAVEURS\\n- Un dessert \\u00e9labor\\u00e9 par un p\\u00e2tissier bramais\\n\\nMenu :\\nEntr\\u00e9e : Assiette tout canard (Mesclun, magrets fum\\u00e9s, terrine de canard et foie gras de canard aux magrets fum\\u00e9s)\\nPlat : Lotte et Saint-Jacques sauce \\u00e9crevisse\\\/moutarde ancienne,\\nTrou Normand\\nViande : Carr\\u00e9 de veau sauce girolles\\nAccompagnements : L\\u00e9gumes de saison\\nPlateau de fromages, pain et caf\\u00e9\\nDessert : G\\u00e2teau d\\u2019anniversaire\\n\\nAnimation musicale :Ne manquez pas la performance de JULIEN SANTALUCIA, accompagn\\u00e9 par l\\u2019Orchestre \\u00e0 cordes YVES CAPEILLE, pour vous faire vibrer et ensuite danser tout au long de la soir\\u00e9e ! Vous entendrez notamment des chansons de Francis Cabrel, Michel Polnareff, William Sheller, Daniel Balavoine, Josh Groban; Dean Martin, Frank Sinatra,...\\n\\nVenez c\\u00e9l\\u00e9brer avec nous \\u00e9v\\u00e9nement et profitez d\\u2019une exp\\u00e9rience culinaire et musicale enrichissante.\\nR\\u00e9servez d\\u00e8s maintenant votre place pour une soir\\u00e9e \\u00e9clatante de f\\u00eate et de partage !\",\"post_title\":\"SOIR\\u00c9E GALA ANNIVERSAIRE DE L\\u2019ASSOCIATION LES AMIS DE L\\u2019\\u00c9GLISE DE BRAM\",\"post_link\":\"https:\\\/\\\/collinescathares.com\\\/es\\\/evenements-ponctuels\\\/soiree-gala-anniversaire-de-lassociation-les-amis-de-leglise-de-bram\\\/\",\"post_featured_image\":\"<div class=\\\"fc-feature-img\\\"><img alt=\\\"SOIR\\u00c9E GALA ANNIVERSAIRE DE L\\u2019ASSOCIATION LES AMIS DE L\\u2019\\u00c9GLISE DE BRAM\\\" width=\\\"300\\\" height=\\\"225\\\" src=\\\"https:\\\/\\\/collinescathares.com\\\/wp-content\\\/uploads\\\/2026\\\/01\\\/SOIREE-GALA-ANNIVERSAIRE-DE-L-ASSOCIATION-LES-AMIS-DE-L-EGLISE-DE-BRAM-300x225.jpg\\\" class=\\\"wp-post-image   wpgmp_featured_image\\\" ><\\\/div>\",\"post_categories\":\"Ev\\u00e9nements ponctuels\",\"post_tags\":\"\",\"%_encloseme%\":\"1\",\"%_thumbnail_id%\":\"260473\",\"%ville_r%\":\"BRAM\",\"%_ville_r%\":\"field_5efc3a17e12c5\",\"%cp_r%\":\"11150\",\"%_cp_r%\":\"field_5efc3a47e12ca\",\"%tarifs_r%\":\"Plein tarif||40,00|\",\"%_tarifs_r%\":\"field_5efc3a22e12c6\",\"%adresse_r%\":\"18 Avenue Notre Dame\",\"%_adresse_r%\":\"field_5efc3a2ee12c7\",\"%carte_r%\":\"18 Avenue Notre Dame 11150 BRAM, 43.2429044, 2.1120599, 14\",\"%_carte_r%\":\"field_5efc4ed05494a\",\"%labels_r%\":\"\",\"%_labels_r%\":\"field_5f3a47134470d\",\"%handicap_r%\":\"\",\"%_handicap_r%\":\"field_5f3a471a4470e\",\"%offres_promotionnelles_r%\":\"\",\"%_offres_promotionnelles_r%\":\"field_5f3a472d4470f\",\"%telephone_r%\":\"\",\"%_telephone_r%\":\"field_5efc3a39e12c8\",\"%email_r%\":\"amis.eglisedebram@orange.fr\",\"%_email_r%\":\"field_5efc3a40e12c9\",\"%idunique_r%\":\"FMALAR011V51A3S9\",\"%_idunique_r%\":\"field_5f04335c562b3\",\"%site_r%\":\"https:\\\/\\\/www.helloasso.com\\\/associations\\\/les-amis-de-l-eglise-de-bram\\\/evenements\\\/soiree-gala-anniversaire-10-ans\",\"%_site_r%\":\"field_5efc4d652a106\",\"%_date_evenement_r%\":\"field_5f0348f37d5bd\",\"%_date_evenement_fin_r%\":\"field_5f3a4540d0781\",\"%horaires_evenement_r%\":\"19:00 \\\/ 23:00\",\"%_horaires_evenement_r%\":\"field_5f3a4550d0782\",\"%type_r%\":\"Concert\",\"%_type_r%\":\"field_5f057b5365cd7\",\"%classification_r%\":\"\",\"%_classification_r%\":\"field_5f3a3af81a328\",\"%classement_prefectoral_r%\":\"\",\"%_classement_prefectoral_r%\":\"field_5f3a473444710\",\"%datetri_r%\":\"1769817600\",\"%_datetri_r%\":\"field_5f3a8a82002b1\",\"%langage_r%\":\"FR\",\"%_langage_r%\":\"field_5f3be5649f374\",\"%_wpgmp_location_address%\":\"18 Avenue Notre Dame 11150 BRAM\",\"%_wpgmp_location_city%\":\"BRAM\",\"%_wpgmp_location_state%\":\"\",\"%_wpgmp_location_country%\":\"France\",\"%_wpgmp_metabox_marker_id%\":\"a:1:{i:0;i:8;}\",\"%_wpgmp_map_id%\":\"a:1:{i:0;i:21;}\",\"%_wpgmp_metabox_latitude%\":\"43.2429044\",\"%_wpgmp_metabox_longitude%\":\"2.1120599\",\"%_wpgmp_metabox_location_redirect%\":\"post\",\"%_wpgmp_metabox_custom_link%\":\"\",\"%_wpgmp_metabox_taxomomies_terms%\":\"N;\",\"%_wpgmp_extensions_fields%\":\"N;\",\"%_wpml_word_count%\":\"238\",\"%_elementor_page_assets%\":\"\",\"taxonomy=category\":\"Ev\\u00e9nements ponctuels\",\"taxonomy=post_tag\":\"\",\"taxonomy=post_format\":\"\",\"taxonomy=translation_priority\":\"Opcional\"},\"icon\":\"https:\\\/\\\/collinescathares.com\\\/wp-content\\\/uploads\\\/2020\\\/07\\\/pointeur_vert.svg\"},\"id\":260635,\"custom_filters\":{\"type_r\":\"Concert\",\"datetri_r\":\"1769817600\"},\"infowindow_disable\":false,\"categories\":[{\"icon\":\"https:\\\/\\\/collinescathares.com\\\/wp-content\\\/uploads\\\/2020\\\/07\\\/pointeur_vert.svg\",\"name\":\"Ev\\u00e9nements ponctuels\",\"id\":\"8\",\"type\":\"category\"}]},{\"source\":\"post\",\"title\":\"1\\u00c8RE \\u00c9DITION DU SALON MIN\\u00c9RAUX FOSSILES BIJOUX DE VILLESISCLE\",\"infowindow_content\":\"<div class=\\\"fc-main\\\"><div class=\\\"fc-item-title\\\">1\\u00c8RE \\u00c9DITION DU SALON MIN\\u00c9RAUX FOSSILES BIJOUX DE VILLESISCLE <span class=\\\"fc-badge info\\\">Ev\\u00e9nements ponctuels<\\\/span><\\\/div> <div class=\\\"fc-item-featured_image\\\"><div class=\\\"fc-feature-img\\\"><img alt=\\\"1\\u00c8RE \\u00c9DITION DU SALON MIN\\u00c9RAUX FOSSILES BIJOUX DE VILLESISCLE\\\" width=\\\"300\\\" height=\\\"225\\\" src=\\\"https:\\\/\\\/collinescathares.com\\\/wp-content\\\/uploads\\\/2026\\\/01\\\/1ERE-EDITION-DU-SALON-MINERAUX-FOSSILES-BIJOUX-DE-VILLESISCLE-300x225.jpg\\\" class=\\\"wp-post-image   wpgmp_featured_image\\\" ><\\\/div> <\\\/div>Plongez au c\\u0153ur des tr\\u00e9sors de la Terre avec HEXAGONE MINERAL ! Les 31 janvier et 1er f\\u00e9vrier 2026, la Salle des f\\u00eates de Villesiscle (Aude) accueillera le 1er salon Min\\u00e9raux, Fossiles et Bijoux, un rendez-vous in\\u00e9dit d\\u00e9di\\u00e9 \\u00e0 la beaut\\u00e9 et \\u00e0 la diversit\\u00e9 du monde min\\u00e9ral. Exposants passionn\\u00e9s, professionnels et amateurs, vous feront [&hellip;]<address><b>Adresse : <\\\/b>{marker_address}<\\\/address><a class=\\\"fc-btn fc-btn-small fc-btn-red\\\" href=\\\"https:\\\/\\\/collinescathares.com\\\/es\\\/evenements-ponctuels\\\/1ere-edition-du-salon-mineraux-fossiles-bijoux-de-villesiscle\\\/\\\">En savoir plus<\\\/a><\\\/div>\",\"content\":\"Plongez au c\\u0153ur des tr\\u00e9sors de la Terre avec HEXAGONE MINERAL ! Les 31 janvier et 1er f\\u00e9vrier 2026, la Salle des f\\u00eates de Villesiscle (Aude) accueillera le 1er salon Min\\u00e9raux, Fossiles et Bijoux, un rendez-vous in\\u00e9dit d\\u00e9di\\u00e9 \\u00e0 la beaut\\u00e9 et \\u00e0 la diversit\\u00e9 du monde min\\u00e9ral. Exposants passionn\\u00e9s, professionnels et amateurs, vous feront [&hellip;]\",\"address\":\"Route de Fanjeaux 11150 VILLESISCLE\",\"location\":{\"lat\":\"43.2290265\",\"city\":\"VILLESISCLE\",\"country\":\"France\",\"lng\":\"2.09432625\",\"onclick_action\":\"post\",\"redirect_permalink\":\"https:\\\/\\\/collinescathares.com\\\/es\\\/evenements-ponctuels\\\/1ere-edition-du-salon-mineraux-fossiles-bijoux-de-villesiscle\\\/\",\"zoom\":10,\"extra_fields\":{\"%date_evenement_r%\":\"31 Janvier 2026\",\"%date_evenement_fin_r%\":\"31 Janvier 2026\",\"post_excerpt\":\"Plongez au c\\u0153ur des tr\\u00e9sors de la Terre avec HEXAGONE MINERAL ! Les 31 janvier et 1er f\\u00e9vrier 2026, la Salle des f\\u00eates de Villesiscle (Aude) accueillera le 1er salon Min\\u00e9raux, Fossiles et Bijoux, un rendez-vous in\\u00e9dit d\\u00e9di\\u00e9 \\u00e0 la beaut\\u00e9 et \\u00e0 la diversit\\u00e9 du monde min\\u00e9ral. Exposants passionn\\u00e9s, professionnels et amateurs, vous feront [&hellip;]\",\"post_content\":\"Plongez au c\\u0153ur des tr\\u00e9sors de la Terre avec HEXAGONE MINERAL !\\nLes 31 janvier et 1er f\\u00e9vrier 2026, la Salle des f\\u00eates de Villesiscle (Aude) accueillera le 1er salon Min\\u00e9raux, Fossiles et Bijoux, un rendez-vous in\\u00e9dit d\\u00e9di\\u00e9 \\u00e0 la beaut\\u00e9 et \\u00e0 la diversit\\u00e9 du monde min\\u00e9ral. Exposants passionn\\u00e9s, professionnels et amateurs, vous feront voyager \\u00e0 travers des collections exceptionnelles venues du monde entier, de France et d\\u2019Occitanie. Min\\u00e9raux scintillants, fossiles fascinants et bijoux uniques raviront petits et grands, tandis qu\\u2019un service d\\u2019expertise gratuite permettra de percer les secrets de vos propres d\\u00e9couvertes.\\nUn week-end convivial et \\u00e9merveillant, id\\u00e9al pour les passionn\\u00e9s comme pour les curieux, \\u00e0 partager en famille !\",\"post_title\":\"1\\u00c8RE \\u00c9DITION DU SALON MIN\\u00c9RAUX FOSSILES BIJOUX DE VILLESISCLE\",\"post_link\":\"https:\\\/\\\/collinescathares.com\\\/es\\\/evenements-ponctuels\\\/1ere-edition-du-salon-mineraux-fossiles-bijoux-de-villesiscle\\\/\",\"post_featured_image\":\"<div class=\\\"fc-feature-img\\\"><img alt=\\\"1\\u00c8RE \\u00c9DITION DU SALON MIN\\u00c9RAUX FOSSILES BIJOUX DE VILLESISCLE\\\" width=\\\"300\\\" height=\\\"225\\\" src=\\\"https:\\\/\\\/collinescathares.com\\\/wp-content\\\/uploads\\\/2026\\\/01\\\/1ERE-EDITION-DU-SALON-MINERAUX-FOSSILES-BIJOUX-DE-VILLESISCLE-300x225.jpg\\\" class=\\\"wp-post-image   wpgmp_featured_image\\\" ><\\\/div>\",\"post_categories\":\"Ev\\u00e9nements ponctuels\",\"post_tags\":\"\",\"%_encloseme%\":\"1\",\"%_thumbnail_id%\":\"260484\",\"%ville_r%\":\"VILLESISCLE\",\"%_ville_r%\":\"field_5efc3a17e12c5\",\"%cp_r%\":\"11150\",\"%_cp_r%\":\"field_5efc3a47e12ca\",\"%tarifs_r%\":\"Plein tarif||4,00|Gratuit pour les moins de 12 ans\",\"%_tarifs_r%\":\"field_5efc3a22e12c6\",\"%adresse_r%\":\"Route de Fanjeaux\",\"%_adresse_r%\":\"field_5efc3a2ee12c7\",\"%carte_r%\":\"Route de Fanjeaux 11150 VILLESISCLE, 43.2290265, 2.09432625, 14\",\"%_carte_r%\":\"field_5efc4ed05494a\",\"%labels_r%\":\"\",\"%_labels_r%\":\"field_5f3a47134470d\",\"%handicap_r%\":\"\",\"%_handicap_r%\":\"field_5f3a471a4470e\",\"%offres_promotionnelles_r%\":\"\",\"%_offres_promotionnelles_r%\":\"field_5f3a472d4470f\",\"%telephone_r%\":\"\",\"%_telephone_r%\":\"field_5efc3a39e12c8\",\"%email_r%\":\"davidchauvaud@yahoo.fr\",\"%_email_r%\":\"field_5efc3a40e12c9\",\"%idunique_r%\":\"FMALAR011V51A429\",\"%_idunique_r%\":\"field_5f04335c562b3\",\"%site_r%\":\"\",\"%_site_r%\":\"field_5efc4d652a106\",\"%_date_evenement_r%\":\"field_5f0348f37d5bd\",\"%_date_evenement_fin_r%\":\"field_5f3a4540d0781\",\"%horaires_evenement_r%\":\"10:00 \\\/ 19:00\",\"%_horaires_evenement_r%\":\"field_5f3a4550d0782\",\"%type_r%\":\"Salon\",\"%_type_r%\":\"field_5f057b5365cd7\",\"%classification_r%\":\"\",\"%_classification_r%\":\"field_5f3a3af81a328\",\"%classement_prefectoral_r%\":\"\",\"%_classement_prefectoral_r%\":\"field_5f3a473444710\",\"%datetri_r%\":\"1769817600\",\"%_datetri_r%\":\"field_5f3a8a82002b1\",\"%langage_r%\":\"FR\",\"%_langage_r%\":\"field_5f3be5649f374\",\"%_wpgmp_location_address%\":\"Route de Fanjeaux 11150 VILLESISCLE\",\"%_wpgmp_location_city%\":\"VILLESISCLE\",\"%_wpgmp_location_state%\":\"\",\"%_wpgmp_location_country%\":\"France\",\"%_wpgmp_metabox_marker_id%\":\"a:1:{i:0;i:8;}\",\"%_wpgmp_map_id%\":\"a:1:{i:0;i:21;}\",\"%_wpgmp_metabox_latitude%\":\"43.2290265\",\"%_wpgmp_metabox_longitude%\":\"2.09432625\",\"%_wpgmp_metabox_location_redirect%\":\"post\",\"%_wpgmp_metabox_custom_link%\":\"\",\"%_wpgmp_metabox_taxomomies_terms%\":\"N;\",\"%_wpgmp_extensions_fields%\":\"N;\",\"%_wpml_word_count%\":\"140\",\"%_elementor_page_assets%\":\"\",\"taxonomy=category\":\"Ev\\u00e9nements ponctuels\",\"taxonomy=post_tag\":\"\",\"taxonomy=post_format\":\"\",\"taxonomy=translation_priority\":\"Opcional\"},\"icon\":\"https:\\\/\\\/collinescathares.com\\\/wp-content\\\/uploads\\\/2020\\\/07\\\/pointeur_vert.svg\"},\"id\":260636,\"custom_filters\":{\"type_r\":\"Salon\",\"datetri_r\":\"1769817600\"},\"infowindow_disable\":false,\"categories\":[{\"icon\":\"https:\\\/\\\/collinescathares.com\\\/wp-content\\\/uploads\\\/2020\\\/07\\\/pointeur_vert.svg\",\"name\":\"Ev\\u00e9nements ponctuels\",\"id\":\"8\",\"type\":\"category\"}]},{\"source\":\"post\",\"title\":\"CIN\\u00c9 FANJEAUX : TOUS LES MATINS DU MONDE DE ALAIN CORNEAU\",\"infowindow_content\":\"<div class=\\\"fc-main\\\"><div class=\\\"fc-item-title\\\">CIN\\u00c9 FANJEAUX : TOUS LES MATINS DU MONDE DE ALAIN CORNEAU <span class=\\\"fc-badge info\\\">Ev\\u00e9nements ponctuels<\\\/span><\\\/div> <div class=\\\"fc-item-featured_image\\\"><div class=\\\"fc-feature-img\\\"><img alt=\\\"CIN\\u00c9 FANJEAUX : TOUS LES MATINS DU MONDE DE ALAIN CORNEAU\\\" width=\\\"300\\\" height=\\\"225\\\" src=\\\"https:\\\/\\\/collinescathares.com\\\/wp-content\\\/uploads\\\/2025\\\/11\\\/CINE-FANJEAUX-LE-CONCERT-DE-RADU-MIHAILEANU-300x225.jpg\\\" class=\\\"wp-post-image   wpgmp_featured_image\\\" ><\\\/div> <\\\/div>L&#8217;association fanjuv\\u00e9enne Les 4 Z&#8217;Arts vous propose une soir\\u00e9e cin\\u00e9ma le samedi 24 janvier dans la salle Blach\\u00e9 (\\u00e0 c\\u00f4t\\u00e9 de la mairie). Le film &#8220;Tous les matins du monde&#8221; de Alain Corneau (1991) sera projet\\u00e9 \\u00e0 20h. Adulte : 6\\u20ac \\\/ moins de 15 ans : 2\\u20ac. P\\u00e2tisserie, buvette : th\\u00e9, tisane, jus de [&hellip;]<address><b>Adresse : <\\\/b>{marker_address}<\\\/address><a class=\\\"fc-btn fc-btn-small fc-btn-red\\\" href=\\\"https:\\\/\\\/collinescathares.com\\\/es\\\/evenements-ponctuels\\\/cine-fanjeaux-tous-les-matins-du-monde-de-alain-corneau\\\/\\\">En savoir plus<\\\/a><\\\/div>\",\"content\":\"L&#8217;association fanjuv\\u00e9enne Les 4 Z&#8217;Arts vous propose une soir\\u00e9e cin\\u00e9ma le samedi 24 janvier dans la salle Blach\\u00e9 (\\u00e0 c\\u00f4t\\u00e9 de la mairie). Le film &#8220;Tous les matins du monde&#8221; de Alain Corneau (1991) sera projet\\u00e9 \\u00e0 20h. Adulte : 6\\u20ac \\\/ moins de 15 ans : 2\\u20ac. P\\u00e2tisserie, buvette : th\\u00e9, tisane, jus de [&hellip;]\",\"address\":\"2 Rue Courtine Amiel 11270 FANJEAUX\",\"location\":{\"lat\":\"43.1873098\",\"city\":\"FANJEAUX\",\"country\":\"France\",\"lng\":\"2.03462403\",\"onclick_action\":\"post\",\"redirect_permalink\":\"https:\\\/\\\/collinescathares.com\\\/es\\\/evenements-ponctuels\\\/cine-fanjeaux-tous-les-matins-du-monde-de-alain-corneau\\\/\",\"zoom\":10,\"extra_fields\":{\"%date_evenement_r%\":\"24 Janvier 2026\",\"%date_evenement_fin_r%\":\"24 Janvier 2026\",\"post_excerpt\":\"L&#8217;association fanjuv\\u00e9enne Les 4 Z&#8217;Arts vous propose une soir\\u00e9e cin\\u00e9ma le samedi 24 janvier dans la salle Blach\\u00e9 (\\u00e0 c\\u00f4t\\u00e9 de la mairie). Le film &#8220;Tous les matins du monde&#8221; de Alain Corneau (1991) sera projet\\u00e9 \\u00e0 20h. Adulte : 6\\u20ac \\\/ moins de 15 ans : 2\\u20ac. P\\u00e2tisserie, buvette : th\\u00e9, tisane, jus de [&hellip;]\",\"post_content\":\"L'association fanjuv\\u00e9enne Les 4 Z'Arts vous propose une soir\\u00e9e cin\\u00e9ma le samedi 24 janvier dans la salle Blach\\u00e9 (\\u00e0 c\\u00f4t\\u00e9 de la mairie).\\nLe film \\\"Tous les matins du monde\\\" de Alain Corneau (1991) sera projet\\u00e9 \\u00e0 20h. Adulte : 6\\u20ac \\\/ moins de 15 ans : 2\\u20ac. P\\u00e2tisserie, buvette : th\\u00e9, tisane, jus de fruit.\\nSynopsis :\\nA la fin de sa vie, Marin Marais, prestigieux violiste de Louis XIV, se souvient de son apprentissage avec Monsieur de Sainte Colombe, grand ma\\u00eetre de la viole de gambe. Professeur aust\\u00e8re et intransigeant, ce dernier ne va pas de main morte avec son jeune \\u00e9l\\u00e8ve ainsi que ses deux filles. Suite au d\\u00e9c\\u00e8s de sa femme, le virtuose a recherch\\u00e9 en vain une perfection absolue dans son art, poss\\u00e8de son apprenti.\",\"post_title\":\"CIN\\u00c9 FANJEAUX : TOUS LES MATINS DU MONDE DE ALAIN CORNEAU\",\"post_link\":\"https:\\\/\\\/collinescathares.com\\\/es\\\/evenements-ponctuels\\\/cine-fanjeaux-tous-les-matins-du-monde-de-alain-corneau\\\/\",\"post_featured_image\":\"<div class=\\\"fc-feature-img\\\"><img alt=\\\"CIN\\u00c9 FANJEAUX : TOUS LES MATINS DU MONDE DE ALAIN CORNEAU\\\" width=\\\"300\\\" height=\\\"225\\\" src=\\\"https:\\\/\\\/collinescathares.com\\\/wp-content\\\/uploads\\\/2025\\\/11\\\/CINE-FANJEAUX-LE-CONCERT-DE-RADU-MIHAILEANU-300x225.jpg\\\" class=\\\"wp-post-image   wpgmp_featured_image\\\" ><\\\/div>\",\"post_categories\":\"Ev\\u00e9nements ponctuels\",\"post_tags\":\"\",\"%_encloseme%\":\"1\",\"%_thumbnail_id%\":\"259914\",\"%ville_r%\":\"FANJEAUX\",\"%_ville_r%\":\"field_5efc3a17e12c5\",\"%cp_r%\":\"11270\",\"%_cp_r%\":\"field_5efc3a47e12ca\",\"%tarifs_r%\":\"\",\"%_tarifs_r%\":\"field_5efc3a22e12c6\",\"%adresse_r%\":\"2 Rue Courtine Amiel\",\"%_adresse_r%\":\"field_5efc3a2ee12c7\",\"%carte_r%\":\"2 Rue Courtine Amiel 11270 FANJEAUX, 43.1873098, 2.03462403, 14\",\"%_carte_r%\":\"field_5efc4ed05494a\",\"%labels_r%\":\"\",\"%_labels_r%\":\"field_5f3a47134470d\",\"%handicap_r%\":\"\",\"%_handicap_r%\":\"field_5f3a471a4470e\",\"%offres_promotionnelles_r%\":\"\",\"%_offres_promotionnelles_r%\":\"field_5f3a472d4470f\",\"%telephone_r%\":\" Port : +33 6 82 68 55 66\",\"%_telephone_r%\":\"field_5efc3a39e12c8\",\"%email_r%\":\"anna.riou@wanadoo.fr\",\"%_email_r%\":\"field_5efc3a40e12c9\",\"%idunique_r%\":\"FMALAR011V519TOB\",\"%_idunique_r%\":\"field_5f04335c562b3\",\"%site_r%\":\"\",\"%_site_r%\":\"field_5efc4d652a106\",\"%_date_evenement_r%\":\"field_5f0348f37d5bd\",\"%_date_evenement_fin_r%\":\"field_5f3a4540d0781\",\"%horaires_evenement_r%\":\"20:00 \\\/ 22:00\",\"%_horaires_evenement_r%\":\"field_5f3a4550d0782\",\"%type_r%\":\"\",\"%_type_r%\":\"field_5f057b5365cd7\",\"%classification_r%\":\"\",\"%_classification_r%\":\"field_5f3a3af81a328\",\"%classement_prefectoral_r%\":\"\",\"%_classement_prefectoral_r%\":\"field_5f3a473444710\",\"%datetri_r%\":\"1769212800\",\"%_datetri_r%\":\"field_5f3a8a82002b1\",\"%langage_r%\":\"FR\",\"%_langage_r%\":\"field_5f3be5649f374\",\"%_wpgmp_location_address%\":\"2 Rue Courtine Amiel 11270 FANJEAUX\",\"%_wpgmp_location_city%\":\"FANJEAUX\",\"%_wpgmp_location_state%\":\"\",\"%_wpgmp_location_country%\":\"France\",\"%_wpgmp_metabox_marker_id%\":\"a:1:{i:0;i:8;}\",\"%_wpgmp_map_id%\":\"a:1:{i:0;i:21;}\",\"%_wpgmp_metabox_latitude%\":\"43.1873098\",\"%_wpgmp_metabox_longitude%\":\"2.03462403\",\"%_wpgmp_metabox_location_redirect%\":\"post\",\"%_wpgmp_metabox_custom_link%\":\"\",\"%_wpgmp_metabox_taxomomies_terms%\":\"N;\",\"%_wpgmp_extensions_fields%\":\"N;\",\"%_wpml_word_count%\":\"129\",\"%_elementor_page_assets%\":\"\",\"taxonomy=category\":\"Ev\\u00e9nements ponctuels\",\"taxonomy=post_tag\":\"\",\"taxonomy=post_format\":\"\",\"taxonomy=translation_priority\":\"Opcional\"},\"icon\":\"https:\\\/\\\/collinescathares.com\\\/wp-content\\\/uploads\\\/2020\\\/07\\\/pointeur_vert.svg\"},\"id\":260632,\"custom_filters\":{\"datetri_r\":\"1769212800\"},\"infowindow_disable\":false,\"categories\":[{\"icon\":\"https:\\\/\\\/collinescathares.com\\\/wp-content\\\/uploads\\\/2020\\\/07\\\/pointeur_vert.svg\",\"name\":\"Ev\\u00e9nements ponctuels\",\"id\":\"8\",\"type\":\"category\"}]},{\"source\":\"post\",\"title\":\"CIN\\u00c9 FANJEAUX : DIVERTIMENTO DE MARIE CASTILLE MENTION-SCHAAR\",\"infowindow_content\":\"<div class=\\\"fc-main\\\"><div class=\\\"fc-item-title\\\">CIN\\u00c9 FANJEAUX : DIVERTIMENTO DE MARIE CASTILLE MENTION-SCHAAR <span class=\\\"fc-badge info\\\">Ev\\u00e9nements ponctuels<\\\/span><\\\/div> <div class=\\\"fc-item-featured_image\\\"><div class=\\\"fc-feature-img\\\"><img alt=\\\"CIN\\u00c9 FANJEAUX : DIVERTIMENTO DE MARIE CASTILLE MENTION-SCHAAR\\\" width=\\\"300\\\" height=\\\"225\\\" src=\\\"https:\\\/\\\/collinescathares.com\\\/wp-content\\\/uploads\\\/2025\\\/11\\\/CINE-FANJEAUX-LE-CONCERT-DE-RADU-MIHAILEANU-300x225.jpg\\\" class=\\\"wp-post-image   wpgmp_featured_image\\\" ><\\\/div> <\\\/div>L&#8217;association fanjuv\\u00e9enne Les 4 Z&#8217;Arts vous propose une soir\\u00e9e cin\\u00e9ma le samedi 24 janvier dans la salle Blach\\u00e9 (\\u00e0 c\\u00f4t\\u00e9 de la mairie). Le film &#8220;Divertimento&#8221; de Marie Castille Mention-Schaar (2022) sera projet\\u00e9 \\u00e0 20h. Adulte : 6\\u20ac \\\/ moins de 15 ans : 2\\u20ac. P\\u00e2tisserie, buvette : th\\u00e9, tisane, jus de fruit. Synopsis : [&hellip;]<address><b>Adresse : <\\\/b>{marker_address}<\\\/address><a class=\\\"fc-btn fc-btn-small fc-btn-red\\\" href=\\\"https:\\\/\\\/collinescathares.com\\\/es\\\/evenements-ponctuels\\\/cine-fanjeaux-divertimento-de-marie-castille-mention-schaar\\\/\\\">En savoir plus<\\\/a><\\\/div>\",\"content\":\"L&#8217;association fanjuv\\u00e9enne Les 4 Z&#8217;Arts vous propose une soir\\u00e9e cin\\u00e9ma le samedi 24 janvier dans la salle Blach\\u00e9 (\\u00e0 c\\u00f4t\\u00e9 de la mairie). Le film &#8220;Divertimento&#8221; de Marie Castille Mention-Schaar (2022) sera projet\\u00e9 \\u00e0 20h. Adulte : 6\\u20ac \\\/ moins de 15 ans : 2\\u20ac. P\\u00e2tisserie, buvette : th\\u00e9, tisane, jus de fruit. Synopsis : [&hellip;]\",\"address\":\"2 Rue Courtine Amiel 11270 FANJEAUX\",\"location\":{\"lat\":\"43.1872989\",\"city\":\"FANJEAUX\",\"country\":\"France\",\"lng\":\"2.03459050\",\"onclick_action\":\"post\",\"redirect_permalink\":\"https:\\\/\\\/collinescathares.com\\\/es\\\/evenements-ponctuels\\\/cine-fanjeaux-divertimento-de-marie-castille-mention-schaar\\\/\",\"zoom\":10,\"extra_fields\":{\"%date_evenement_r%\":\"14 F\\u00e9vrier 2026\",\"%date_evenement_fin_r%\":\"14 F\\u00e9vrier 2026\",\"post_excerpt\":\"L&#8217;association fanjuv\\u00e9enne Les 4 Z&#8217;Arts vous propose une soir\\u00e9e cin\\u00e9ma le samedi 24 janvier dans la salle Blach\\u00e9 (\\u00e0 c\\u00f4t\\u00e9 de la mairie). Le film &#8220;Divertimento&#8221; de Marie Castille Mention-Schaar (2022) sera projet\\u00e9 \\u00e0 20h. Adulte : 6\\u20ac \\\/ moins de 15 ans : 2\\u20ac. P\\u00e2tisserie, buvette : th\\u00e9, tisane, jus de fruit. Synopsis : [&hellip;]\",\"post_content\":\"L'association fanjuv\\u00e9enne Les 4 Z'Arts vous propose une soir\\u00e9e cin\\u00e9ma le samedi 24 janvier dans la salle Blach\\u00e9 (\\u00e0 c\\u00f4t\\u00e9 de la mairie).\\nLe film \\\"Divertimento\\\" de Marie Castille Mention-Schaar (2022) sera projet\\u00e9 \\u00e0 20h. Adulte : 6\\u20ac \\\/ moins de 15 ans : 2\\u20ac. P\\u00e2tisserie, buvette : th\\u00e9, tisane, jus de fruit.\\nSynopsis :\\n\\u00c0 17 ans, Zahia Ziouani r\\u00eave de devenir cheffe d\\u2019orchestre. Sa s\\u0153ur jumelle, Fettouma, violoncelliste professionnelle. Berc\\u00e9es depuis leur plus tendre enfance par la musique symphonique classique, elles souhaitent \\u00e0 leur tour la rendre accessible \\u00e0 tous et dans tous les territoires. Alors comment peut-on accomplir ces r\\u00eaves si ambitieux en 1995 quand on est une femme, d\\u2019origine alg\\u00e9rienne et qu\\u2019on vient de Seine-Saint-Denis ? Avec d\\u00e9termination, passion, courage et surtout le projet incroyable de cr\\u00e9er leur propre orchestre : Divertimento.\",\"post_title\":\"CIN\\u00c9 FANJEAUX : DIVERTIMENTO DE MARIE CASTILLE MENTION-SCHAAR\",\"post_link\":\"https:\\\/\\\/collinescathares.com\\\/es\\\/evenements-ponctuels\\\/cine-fanjeaux-divertimento-de-marie-castille-mention-schaar\\\/\",\"post_featured_image\":\"<div class=\\\"fc-feature-img\\\"><img alt=\\\"CIN\\u00c9 FANJEAUX : DIVERTIMENTO DE MARIE CASTILLE MENTION-SCHAAR\\\" width=\\\"300\\\" height=\\\"225\\\" src=\\\"https:\\\/\\\/collinescathares.com\\\/wp-content\\\/uploads\\\/2025\\\/11\\\/CINE-FANJEAUX-LE-CONCERT-DE-RADU-MIHAILEANU-300x225.jpg\\\" class=\\\"wp-post-image   wpgmp_featured_image\\\" ><\\\/div>\",\"post_categories\":\"Ev\\u00e9nements ponctuels\",\"post_tags\":\"\",\"%_encloseme%\":\"1\",\"%_thumbnail_id%\":\"259914\",\"%ville_r%\":\"FANJEAUX\",\"%_ville_r%\":\"field_5efc3a17e12c5\",\"%cp_r%\":\"11270\",\"%_cp_r%\":\"field_5efc3a47e12ca\",\"%tarifs_r%\":\"\",\"%_tarifs_r%\":\"field_5efc3a22e12c6\",\"%adresse_r%\":\"2 Rue Courtine Amiel\",\"%_adresse_r%\":\"field_5efc3a2ee12c7\",\"%carte_r%\":\"2 Rue Courtine Amiel 11270 FANJEAUX, 43.1872989, 2.03459050, 14\",\"%_carte_r%\":\"field_5efc4ed05494a\",\"%labels_r%\":\"\",\"%_labels_r%\":\"field_5f3a47134470d\",\"%handicap_r%\":\"\",\"%_handicap_r%\":\"field_5f3a471a4470e\",\"%offres_promotionnelles_r%\":\"\",\"%_offres_promotionnelles_r%\":\"field_5f3a472d4470f\",\"%telephone_r%\":\" Port : +33 6 82 68 55 66\",\"%_telephone_r%\":\"field_5efc3a39e12c8\",\"%email_r%\":\"anna.riou@wanadoo.fr\",\"%_email_r%\":\"field_5efc3a40e12c9\",\"%idunique_r%\":\"FMALAR011V519TOF\",\"%_idunique_r%\":\"field_5f04335c562b3\",\"%site_r%\":\"\",\"%_site_r%\":\"field_5efc4d652a106\",\"%_date_evenement_r%\":\"field_5f0348f37d5bd\",\"%_date_evenement_fin_r%\":\"field_5f3a4540d0781\",\"%horaires_evenement_r%\":\"20:00 \\\/ 22:00\",\"%_horaires_evenement_r%\":\"field_5f3a4550d0782\",\"%type_r%\":\"\",\"%_type_r%\":\"field_5f057b5365cd7\",\"%classification_r%\":\"\",\"%_classification_r%\":\"field_5f3a3af81a328\",\"%classement_prefectoral_r%\":\"\",\"%_classement_prefectoral_r%\":\"field_5f3a473444710\",\"%datetri_r%\":\"1771027200\",\"%_datetri_r%\":\"field_5f3a8a82002b1\",\"%langage_r%\":\"FR\",\"%_langage_r%\":\"field_5f3be5649f374\",\"%_wpgmp_location_address%\":\"2 Rue Courtine Amiel 11270 FANJEAUX\",\"%_wpgmp_location_city%\":\"FANJEAUX\",\"%_wpgmp_location_state%\":\"\",\"%_wpgmp_location_country%\":\"France\",\"%_wpgmp_metabox_marker_id%\":\"a:1:{i:0;i:8;}\",\"%_wpgmp_map_id%\":\"a:1:{i:0;i:21;}\",\"%_wpgmp_metabox_latitude%\":\"43.1872989\",\"%_wpgmp_metabox_longitude%\":\"2.03459050\",\"%_wpgmp_metabox_location_redirect%\":\"post\",\"%_wpgmp_metabox_custom_link%\":\"\",\"%_wpgmp_metabox_taxomomies_terms%\":\"N;\",\"%_wpgmp_extensions_fields%\":\"N;\",\"%_wpml_word_count%\":\"158\",\"%galerie_image_r%\":\"259914\",\"%_galerie_image_r%\":\"field_5f3bd339f8130\",\"%_elementor_page_assets%\":\"\",\"taxonomy=category\":\"Ev\\u00e9nements ponctuels\",\"taxonomy=post_tag\":\"\",\"taxonomy=post_format\":\"\",\"taxonomy=translation_priority\":\"Opcional\"},\"icon\":\"https:\\\/\\\/collinescathares.com\\\/wp-content\\\/uploads\\\/2020\\\/07\\\/pointeur_vert.svg\"},\"id\":260633,\"custom_filters\":{\"datetri_r\":\"1771027200\"},\"infowindow_disable\":false,\"categories\":[{\"icon\":\"https:\\\/\\\/collinescathares.com\\\/wp-content\\\/uploads\\\/2020\\\/07\\\/pointeur_vert.svg\",\"name\":\"Ev\\u00e9nements ponctuels\",\"id\":\"8\",\"type\":\"category\"}]},{\"source\":\"post\",\"title\":\"LOTO\",\"infowindow_content\":\"<div class=\\\"fc-main\\\"><div class=\\\"fc-item-title\\\">LOTO <span class=\\\"fc-badge info\\\">Ev\\u00e9nements ponctuels<\\\/span><\\\/div> <div class=\\\"fc-item-featured_image\\\"><div class=\\\"fc-feature-img\\\"><img alt=\\\"LOTO\\\" width=\\\"300\\\" height=\\\"225\\\" src=\\\"https:\\\/\\\/collinescathares.com\\\/wp-content\\\/uploads\\\/2025\\\/11\\\/LOTO-339-300x225.jpg\\\" class=\\\"wp-post-image   wpgmp_featured_image\\\" ><\\\/div> <\\\/div>Le club AS Pexioranaise organise un loto dans la salle polyvalente. Plusieurs quines, cartons pleins. De jolis lots et des bons d&#8217;achats \\u00e0 gagner. Des collations seront vendues sur place. Venez nombreux !<address><b>Adresse : <\\\/b>{marker_address}<\\\/address><a class=\\\"fc-btn fc-btn-small fc-btn-red\\\" href=\\\"https:\\\/\\\/collinescathares.com\\\/es\\\/evenements-ponctuels\\\/loto\\\/\\\">En savoir plus<\\\/a><\\\/div>\",\"content\":\"Le club AS Pexioranaise organise un loto dans la salle polyvalente. Plusieurs quines, cartons pleins. De jolis lots et des bons d&#8217;achats \\u00e0 gagner. Des collations seront vendues sur place. Venez nombreux !\",\"address\":\"rue du stade 11150 PEXIORA\",\"location\":{\"lat\":\"43.2664850\",\"city\":\"PEXIORA\",\"country\":\"France\",\"lng\":\"2.03682468\",\"onclick_action\":\"post\",\"redirect_permalink\":\"https:\\\/\\\/collinescathares.com\\\/es\\\/evenements-ponctuels\\\/loto\\\/\",\"zoom\":10,\"extra_fields\":{\"%date_evenement_r%\":\"29 Mars 2026\",\"%date_evenement_fin_r%\":\"29 Mars 2026\",\"post_excerpt\":\"Le club AS Pexioranaise organise un loto dans la salle polyvalente. Plusieurs quines, cartons pleins. De jolis lots et des bons d&#8217;achats \\u00e0 gagner. Des collations seront vendues sur place. Venez nombreux !\",\"post_content\":\"Le club AS Pexioranaise organise un loto dans la salle polyvalente.\\nPlusieurs quines, cartons pleins. \\nDe jolis lots et des bons d'achats \\u00e0 gagner.\\nDes collations seront vendues sur place. Venez nombreux !\",\"post_title\":\"LOTO\",\"post_link\":\"https:\\\/\\\/collinescathares.com\\\/es\\\/evenements-ponctuels\\\/loto\\\/\",\"post_featured_image\":\"<div class=\\\"fc-feature-img\\\"><img alt=\\\"LOTO\\\" width=\\\"300\\\" height=\\\"225\\\" src=\\\"https:\\\/\\\/collinescathares.com\\\/wp-content\\\/uploads\\\/2025\\\/11\\\/LOTO-339-300x225.jpg\\\" class=\\\"wp-post-image   wpgmp_featured_image\\\" ><\\\/div>\",\"post_categories\":\"Ev\\u00e9nements ponctuels\",\"post_tags\":\"\",\"%_encloseme%\":\"1\",\"%_thumbnail_id%\":\"259849\",\"%ville_r%\":\"PEXIORA\",\"%_ville_r%\":\"field_5efc3a17e12c5\",\"%cp_r%\":\"11150\",\"%_cp_r%\":\"field_5efc3a47e12ca\",\"%tarifs_r%\":\"\",\"%_tarifs_r%\":\"field_5efc3a22e12c6\",\"%adresse_r%\":\"rue du stade\",\"%_adresse_r%\":\"field_5efc3a2ee12c7\",\"%carte_r%\":\"rue du stade 11150 PEXIORA, 43.2664850, 2.03682468, 14\",\"%_carte_r%\":\"field_5efc4ed05494a\",\"%labels_r%\":\"\",\"%_labels_r%\":\"field_5f3a47134470d\",\"%handicap_r%\":\"\",\"%_handicap_r%\":\"field_5f3a471a4470e\",\"%offres_promotionnelles_r%\":\"\",\"%_offres_promotionnelles_r%\":\"field_5f3a472d4470f\",\"%telephone_r%\":\" Port : +33 6 80 11 11 28\",\"%_telephone_r%\":\"field_5efc3a39e12c8\",\"%email_r%\":\"aubinn.candillier@gmail.com\",\"%_email_r%\":\"field_5efc3a40e12c9\",\"%idunique_r%\":\"FMALAR011V519QC7\",\"%_idunique_r%\":\"field_5f04335c562b3\",\"%site_r%\":\"\",\"%_site_r%\":\"field_5efc4d652a106\",\"%_date_evenement_r%\":\"field_5f0348f37d5bd\",\"%_date_evenement_fin_r%\":\"field_5f3a4540d0781\",\"%horaires_evenement_r%\":\"15:00 \\\/ 18:00\",\"%_horaires_evenement_r%\":\"field_5f3a4550d0782\",\"%type_r%\":\"Jeu, concours\",\"%_type_r%\":\"field_5f057b5365cd7\",\"%classification_r%\":\"\",\"%_classification_r%\":\"field_5f3a3af81a328\",\"%classement_prefectoral_r%\":\"\",\"%_classement_prefectoral_r%\":\"field_5f3a473444710\",\"%datetri_r%\":\"1774742400\",\"%_datetri_r%\":\"field_5f3a8a82002b1\",\"%langage_r%\":\"FR\",\"%_langage_r%\":\"field_5f3be5649f374\",\"%_wpgmp_location_address%\":\"rue du stade 11150 PEXIORA\",\"%_wpgmp_location_city%\":\"PEXIORA\",\"%_wpgmp_location_state%\":\"\",\"%_wpgmp_location_country%\":\"France\",\"%_wpgmp_metabox_marker_id%\":\"a:1:{i:0;i:8;}\",\"%_wpgmp_map_id%\":\"a:1:{i:0;i:21;}\",\"%_wpgmp_metabox_latitude%\":\"43.2664850\",\"%_wpgmp_metabox_longitude%\":\"2.03682468\",\"%_wpgmp_metabox_location_redirect%\":\"post\",\"%_wpgmp_metabox_custom_link%\":\"\",\"%_wpgmp_metabox_taxomomies_terms%\":\"N;\",\"%_wpgmp_extensions_fields%\":\"N;\",\"%_wpml_word_count%\":\"35\",\"%galerie_image_r%\":\"259849\",\"%_galerie_image_r%\":\"field_5f3bd339f8130\",\"%_elementor_page_assets%\":\"\",\"taxonomy=category\":\"Ev\\u00e9nements ponctuels\",\"taxonomy=post_tag\":\"\",\"taxonomy=post_format\":\"\",\"taxonomy=translation_priority\":\"Opcional\"},\"icon\":\"https:\\\/\\\/collinescathares.com\\\/wp-content\\\/uploads\\\/2020\\\/07\\\/pointeur_vert.svg\"},\"id\":260629,\"custom_filters\":{\"type_r\":\"Jeu, concours\",\"datetri_r\":\"1774742400\"},\"infowindow_disable\":false,\"categories\":[{\"icon\":\"https:\\\/\\\/collinescathares.com\\\/wp-content\\\/uploads\\\/2020\\\/07\\\/pointeur_vert.svg\",\"name\":\"Ev\\u00e9nements ponctuels\",\"id\":\"8\",\"type\":\"category\"}]},{\"source\":\"post\",\"title\":\"ATELIER DE D\\u00c9GUSTATION OENOLOGIQUE &#8211; LE PARFUM DES ANTHOCYANES\",\"infowindow_content\":\"<div class=\\\"fc-main\\\"><div class=\\\"fc-item-title\\\">ATELIER DE D\\u00c9GUSTATION OENOLOGIQUE &#8211; LE PARFUM DES ANTHOCYANES <span class=\\\"fc-badge info\\\">Ev\\u00e9nements ponctuels<\\\/span><\\\/div> <div class=\\\"fc-item-featured_image\\\"><div class=\\\"fc-feature-img\\\"><img alt=\\\"ATELIER DE D\\u00c9GUSTATION OENOLOGIQUE &#8211; LE PARFUM DES ANTHOCYANES\\\" width=\\\"300\\\" height=\\\"225\\\" src=\\\"https:\\\/\\\/collinescathares.com\\\/wp-content\\\/uploads\\\/2025\\\/09\\\/atelier-36-300x225.jpg\\\" class=\\\"wp-post-image   wpgmp_featured_image\\\" ><\\\/div> <\\\/div>Venez d\\u00e9velopper vos comp\\u00e9tences \\u0153nologiques et passer un moment agr\\u00e9able au Domaine Le Fort \\u00e0 Montr\\u00e9al dans l\\u2019Aude, pr\\u00e8s de Carcassonne. 3h durant lesquelles vous affinerez vos sens, puis vous appliquerez notre m\\u00e9thode de d\\u00e9gustation sur 6 vins diff\\u00e9rents du Domaine. Cet atelier de d\\u00e9gustation de vin, limit\\u00e9 \\u00e0 10 personnes maximum, est anim\\u00e9 par [&hellip;]<address><b>Adresse : <\\\/b>{marker_address}<\\\/address><a class=\\\"fc-btn fc-btn-small fc-btn-red\\\" href=\\\"https:\\\/\\\/collinescathares.com\\\/es\\\/evenements-ponctuels\\\/atelier-de-degustation-oenologique-le-parfum-des-anthocyanes-14\\\/\\\">En savoir plus<\\\/a><\\\/div>\",\"content\":\"Venez d\\u00e9velopper vos comp\\u00e9tences \\u0153nologiques et passer un moment agr\\u00e9able au Domaine Le Fort \\u00e0 Montr\\u00e9al dans l\\u2019Aude, pr\\u00e8s de Carcassonne. 3h durant lesquelles vous affinerez vos sens, puis vous appliquerez notre m\\u00e9thode de d\\u00e9gustation sur 6 vins diff\\u00e9rents du Domaine. Cet atelier de d\\u00e9gustation de vin, limit\\u00e9 \\u00e0 10 personnes maximum, est anim\\u00e9 par [&hellip;]\",\"address\":\"Le Fort 11290 MONTREAL\",\"location\":{\"lat\":\"43.2006356\",\"city\":\"MONTREAL\",\"country\":\"France\",\"lng\":\"2.11135886\",\"onclick_action\":\"post\",\"redirect_permalink\":\"https:\\\/\\\/collinescathares.com\\\/es\\\/evenements-ponctuels\\\/atelier-de-degustation-oenologique-le-parfum-des-anthocyanes-14\\\/\",\"zoom\":10,\"extra_fields\":{\"%date_evenement_r%\":\"28 Juin 2026\",\"%date_evenement_fin_r%\":\"28 Juin 2026\",\"post_excerpt\":\"Venez d\\u00e9velopper vos comp\\u00e9tences \\u0153nologiques et passer un moment agr\\u00e9able au Domaine Le Fort \\u00e0 Montr\\u00e9al dans l\\u2019Aude, pr\\u00e8s de Carcassonne. 3h durant lesquelles vous affinerez vos sens, puis vous appliquerez notre m\\u00e9thode de d\\u00e9gustation sur 6 vins diff\\u00e9rents du Domaine. Cet atelier de d\\u00e9gustation de vin, limit\\u00e9 \\u00e0 10 personnes maximum, est anim\\u00e9 par [&hellip;]\",\"post_content\":\"Venez d\\u00e9velopper vos comp\\u00e9tences \\u0153nologiques et passer un moment agr\\u00e9able au Domaine Le Fort \\u00e0 Montr\\u00e9al dans l\\u2019Aude, pr\\u00e8s de Carcassonne.\\n\\n3h durant lesquelles vous affinerez vos sens, puis vous appliquerez notre m\\u00e9thode de d\\u00e9gustation sur 6 vins diff\\u00e9rents du Domaine.\\n\\nCet atelier de d\\u00e9gustation de vin, limit\\u00e9 \\u00e0 10 personnes maximum, est anim\\u00e9 par St\\u00e9phanie, \\u0153nologue et vigneronne depuis plus de 25 ans.\\n\\nTarifs D\\u00e9gressifs :\\nPour 1 personne : 70\\u20ac\\nEntre 2 et 4 personnes : 65\\u20ac par personne\\nEntre 5 et 9 personnes : 60\\u20ac par personne\\nPour 10 personnes : 55\\u20ac par personne\",\"post_title\":\"ATELIER DE D\\u00c9GUSTATION OENOLOGIQUE &#8211; LE PARFUM DES ANTHOCYANES\",\"post_link\":\"https:\\\/\\\/collinescathares.com\\\/es\\\/evenements-ponctuels\\\/atelier-de-degustation-oenologique-le-parfum-des-anthocyanes-14\\\/\",\"post_featured_image\":\"<div class=\\\"fc-feature-img\\\"><img alt=\\\"ATELIER DE D\\u00c9GUSTATION OENOLOGIQUE &#8211; LE PARFUM DES ANTHOCYANES\\\" width=\\\"300\\\" height=\\\"225\\\" src=\\\"https:\\\/\\\/collinescathares.com\\\/wp-content\\\/uploads\\\/2025\\\/09\\\/atelier-36-300x225.jpg\\\" class=\\\"wp-post-image   wpgmp_featured_image\\\" ><\\\/div>\",\"post_categories\":\"Ev\\u00e9nements ponctuels\",\"post_tags\":\"\",\"%_encloseme%\":\"1\",\"%_thumbnail_id%\":\"258814\",\"%ville_r%\":\"MONTREAL\",\"%_ville_r%\":\"field_5efc3a17e12c5\",\"%cp_r%\":\"11290\",\"%_cp_r%\":\"field_5efc3a47e12ca\",\"%tarifs_r%\":\"Plein tarif|70,00||\",\"%_tarifs_r%\":\"field_5efc3a22e12c6\",\"%adresse_r%\":\"Le Fort\",\"%_adresse_r%\":\"field_5efc3a2ee12c7\",\"%carte_r%\":\"Le Fort 11290 MONTREAL, 43.2006356, 2.11135886, 14\",\"%_carte_r%\":\"field_5efc4ed05494a\",\"%labels_r%\":\"\",\"%_labels_r%\":\"field_5f3a47134470d\",\"%handicap_r%\":\"\",\"%_handicap_r%\":\"field_5f3a471a4470e\",\"%offres_promotionnelles_r%\":\"\",\"%_offres_promotionnelles_r%\":\"field_5f3a472d4470f\",\"%telephone_r%\":\"\",\"%_telephone_r%\":\"field_5efc3a39e12c8\",\"%email_r%\":\"\",\"%_email_r%\":\"field_5efc3a40e12c9\",\"%idunique_r%\":\"FMALAR011V519DCO\",\"%_idunique_r%\":\"field_5f04335c562b3\",\"%site_r%\":\"https:\\\/\\\/leparfumdesanthocyanes.fr\\\/reserver-un-atelier\",\"%_site_r%\":\"field_5efc4d652a106\",\"%_date_evenement_r%\":\"field_5f0348f37d5bd\",\"%_date_evenement_fin_r%\":\"field_5f3a4540d0781\",\"%horaires_evenement_r%\":\"15:00 \\\/ 18:00\",\"%_horaires_evenement_r%\":\"field_5f3a4550d0782\",\"%type_r%\":\"Stage \\\/ Atelier\",\"%_type_r%\":\"field_5f057b5365cd7\",\"%classification_r%\":\"\",\"%_classification_r%\":\"field_5f3a3af81a328\",\"%classement_prefectoral_r%\":\"\",\"%_classement_prefectoral_r%\":\"field_5f3a473444710\",\"%datetri_r%\":\"1782604800\",\"%_datetri_r%\":\"field_5f3a8a82002b1\",\"%langage_r%\":\"FR\",\"%_langage_r%\":\"field_5f3be5649f374\",\"%_wpgmp_location_address%\":\"Le Fort 11290 MONTREAL\",\"%_wpgmp_location_city%\":\"MONTREAL\",\"%_wpgmp_location_state%\":\"\",\"%_wpgmp_location_country%\":\"France\",\"%_wpgmp_metabox_marker_id%\":\"a:1:{i:0;i:8;}\",\"%_wpgmp_map_id%\":\"a:1:{i:0;i:21;}\",\"%_wpgmp_metabox_latitude%\":\"43.2006356\",\"%_wpgmp_metabox_longitude%\":\"2.11135886\",\"%_wpgmp_metabox_location_redirect%\":\"post\",\"%_wpgmp_metabox_custom_link%\":\"\",\"%_wpgmp_metabox_taxomomies_terms%\":\"N;\",\"%_wpgmp_extensions_fields%\":\"N;\",\"%_wpml_word_count%\":\"107\",\"%galerie_image_r%\":\"258814, 258817\",\"%_galerie_image_r%\":\"field_5f3bd339f8130\",\"%_elementor_page_assets%\":\"\",\"taxonomy=category\":\"Ev\\u00e9nements ponctuels\",\"taxonomy=post_tag\":\"\",\"taxonomy=post_format\":\"\",\"taxonomy=translation_priority\":\"Opcional\"},\"icon\":\"https:\\\/\\\/collinescathares.com\\\/wp-content\\\/uploads\\\/2020\\\/07\\\/pointeur_vert.svg\"},\"id\":260626,\"custom_filters\":{\"type_r\":\"Stage \\\/ Atelier\",\"datetri_r\":\"1782604800\"},\"infowindow_disable\":false,\"categories\":[{\"icon\":\"https:\\\/\\\/collinescathares.com\\\/wp-content\\\/uploads\\\/2020\\\/07\\\/pointeur_vert.svg\",\"name\":\"Ev\\u00e9nements ponctuels\",\"id\":\"8\",\"type\":\"category\"}]},{\"source\":\"post\",\"title\":\"ATELIER : AROMATH\\u00c9RAPIE\",\"infowindow_content\":\"<div class=\\\"fc-main\\\"><div class=\\\"fc-item-title\\\">ATELIER : AROMATH\\u00c9RAPIE <span class=\\\"fc-badge info\\\">Ev\\u00e9nements ponctuels<\\\/span><\\\/div> <div class=\\\"fc-item-featured_image\\\"><div class=\\\"fc-feature-img\\\"><img alt=\\\"ATELIER : AROMATH\\u00c9RAPIE\\\" width=\\\"300\\\" height=\\\"225\\\" src=\\\"https:\\\/\\\/collinescathares.com\\\/wp-content\\\/uploads\\\/2025\\\/10\\\/ATELIER-AROMATHERAPIE-300x225.jpg\\\" class=\\\"wp-post-image   wpgmp_featured_image\\\" ><\\\/div> <\\\/div>Atelier D\\u00e9couverte : Aromath\\u00e9rapie Huiles essentielles et hydrolats Envie d\\u2019en savoir plus sur les secrets des plantes aromatiques ? Rejoignez Cyril Richard pour un atelier convivial et sensoriel consacr\\u00e9 aux huiles essentielles et aux hydrolats Au programme : &#8211; Identification des diff\\u00e9rences entre les huiles essentielles et les hydrolats &#8211; Conseils pratiques et astuces pour [&hellip;]<address><b>Adresse : <\\\/b>{marker_address}<\\\/address><a class=\\\"fc-btn fc-btn-small fc-btn-red\\\" href=\\\"https:\\\/\\\/collinescathares.com\\\/es\\\/evenements-ponctuels\\\/atelier-aromatherapie\\\/\\\">En savoir plus<\\\/a><\\\/div>\",\"content\":\"Atelier D\\u00e9couverte : Aromath\\u00e9rapie Huiles essentielles et hydrolats Envie d\\u2019en savoir plus sur les secrets des plantes aromatiques ? Rejoignez Cyril Richard pour un atelier convivial et sensoriel consacr\\u00e9 aux huiles essentielles et aux hydrolats Au programme : &#8211; Identification des diff\\u00e9rences entre les huiles essentielles et les hydrolats &#8211; Conseils pratiques et astuces pour [&hellip;]\",\"address\":\"place de l'\\u00e9glise 11420 BELPECH\",\"location\":{\"lat\":\"43.1985010\",\"city\":\"BELPECH\",\"country\":\"France\",\"lng\":\"1.75202554\",\"onclick_action\":\"post\",\"redirect_permalink\":\"https:\\\/\\\/collinescathares.com\\\/es\\\/evenements-ponctuels\\\/atelier-aromatherapie\\\/\",\"zoom\":10,\"extra_fields\":{\"%date_evenement_r%\":\"14 F\\u00e9vrier 2026\",\"%date_evenement_fin_r%\":\"14 F\\u00e9vrier 2026\",\"post_excerpt\":\"Atelier D\\u00e9couverte : Aromath\\u00e9rapie Huiles essentielles et hydrolats Envie d\\u2019en savoir plus sur les secrets des plantes aromatiques ? Rejoignez Cyril Richard pour un atelier convivial et sensoriel consacr\\u00e9 aux huiles essentielles et aux hydrolats Au programme : &#8211; Identification des diff\\u00e9rences entre les huiles essentielles et les hydrolats &#8211; Conseils pratiques et astuces pour [&hellip;]\",\"post_content\":\"Atelier D\\u00e9couverte : Aromath\\u00e9rapie Huiles essentielles et hydrolats\\nEnvie d\\u2019en savoir plus sur les secrets des plantes aromatiques ?\\nRejoignez Cyril Richard pour un atelier convivial et sensoriel consacr\\u00e9 aux huiles essentielles et aux hydrolats\\nAu programme :\\n- Identification des diff\\u00e9rences entre les huiles essentielles et les hydrolats\\n- Conseils pratiques et astuces pour bien les utiliser\\n- Cr\\u00e9ation de votre propre synergie d'eaux florales\\n\\nSur r\\u00e9servation. 10\\u20ac par personne.\",\"post_title\":\"ATELIER : AROMATH\\u00c9RAPIE\",\"post_link\":\"https:\\\/\\\/collinescathares.com\\\/es\\\/evenements-ponctuels\\\/atelier-aromatherapie\\\/\",\"post_featured_image\":\"<div class=\\\"fc-feature-img\\\"><img alt=\\\"ATELIER : AROMATH\\u00c9RAPIE\\\" width=\\\"300\\\" height=\\\"225\\\" src=\\\"https:\\\/\\\/collinescathares.com\\\/wp-content\\\/uploads\\\/2025\\\/10\\\/ATELIER-AROMATHERAPIE-300x225.jpg\\\" class=\\\"wp-post-image   wpgmp_featured_image\\\" ><\\\/div>\",\"post_categories\":\"Ev\\u00e9nements ponctuels\",\"post_tags\":\"\",\"%_encloseme%\":\"1\",\"%_thumbnail_id%\":\"259551\",\"%ville_r%\":\"BELPECH\",\"%_ville_r%\":\"field_5efc3a17e12c5\",\"%cp_r%\":\"11420\",\"%_cp_r%\":\"field_5efc3a47e12ca\",\"%tarifs_r%\":\"Plein tarif|10,00||\",\"%_tarifs_r%\":\"field_5efc3a22e12c6\",\"%adresse_r%\":\"place de l'\\u00e9glise\",\"%_adresse_r%\":\"field_5efc3a2ee12c7\",\"%carte_r%\":\"place de l'\\u00e9glise 11420 BELPECH, 43.1985010, 1.75202554, 14\",\"%_carte_r%\":\"field_5efc4ed05494a\",\"%labels_r%\":\"\",\"%_labels_r%\":\"field_5f3a47134470d\",\"%handicap_r%\":\"\",\"%_handicap_r%\":\"field_5f3a471a4470e\",\"%offres_promotionnelles_r%\":\"\",\"%_offres_promotionnelles_r%\":\"field_5f3a472d4470f\",\"%telephone_r%\":\" Port : +33 6 17 24 15 49\",\"%_telephone_r%\":\"field_5efc3a39e12c8\",\"%email_r%\":\"asso-inspire@protonmail.com\",\"%_email_r%\":\"field_5efc3a40e12c9\",\"%idunique_r%\":\"FMALAR011V519HVT\",\"%_idunique_r%\":\"field_5f04335c562b3\",\"%site_r%\":\"\",\"%_site_r%\":\"field_5efc4d652a106\",\"%_date_evenement_r%\":\"field_5f0348f37d5bd\",\"%_date_evenement_fin_r%\":\"field_5f3a4540d0781\",\"%horaires_evenement_r%\":\"10:00 \\\/ 12:30\",\"%_horaires_evenement_r%\":\"field_5f3a4550d0782\",\"%type_r%\":\"Stage \\\/ Atelier\",\"%_type_r%\":\"field_5f057b5365cd7\",\"%classification_r%\":\"\",\"%_classification_r%\":\"field_5f3a3af81a328\",\"%classement_prefectoral_r%\":\"\",\"%_classement_prefectoral_r%\":\"field_5f3a473444710\",\"%datetri_r%\":\"1771027200\",\"%_datetri_r%\":\"field_5f3a8a82002b1\",\"%langage_r%\":\"FR\",\"%_langage_r%\":\"field_5f3be5649f374\",\"%_wpgmp_location_address%\":\"place de l'\\u00e9glise 11420 BELPECH\",\"%_wpgmp_location_city%\":\"BELPECH\",\"%_wpgmp_location_state%\":\"\",\"%_wpgmp_location_country%\":\"France\",\"%_wpgmp_metabox_marker_id%\":\"a:1:{i:0;i:8;}\",\"%_wpgmp_map_id%\":\"a:1:{i:0;i:21;}\",\"%_wpgmp_metabox_latitude%\":\"43.1985010\",\"%_wpgmp_metabox_longitude%\":\"1.75202554\",\"%_wpgmp_metabox_location_redirect%\":\"post\",\"%_wpgmp_metabox_custom_link%\":\"\",\"%_wpgmp_metabox_taxomomies_terms%\":\"N;\",\"%_wpgmp_extensions_fields%\":\"N;\",\"%_wpml_word_count%\":\"88\",\"%galerie_image_r%\":\"259551\",\"%_galerie_image_r%\":\"field_5f3bd339f8130\",\"%_elementor_page_assets%\":\"\",\"taxonomy=category\":\"Ev\\u00e9nements ponctuels\",\"taxonomy=post_tag\":\"\",\"taxonomy=post_format\":\"\",\"taxonomy=translation_priority\":\"Opcional\"},\"icon\":\"https:\\\/\\\/collinescathares.com\\\/wp-content\\\/uploads\\\/2020\\\/07\\\/pointeur_vert.svg\"},\"id\":260627,\"custom_filters\":{\"type_r\":\"Stage \\\/ Atelier\",\"datetri_r\":\"1771027200\"},\"infowindow_disable\":false,\"categories\":[{\"icon\":\"https:\\\/\\\/collinescathares.com\\\/wp-content\\\/uploads\\\/2020\\\/07\\\/pointeur_vert.svg\",\"name\":\"Ev\\u00e9nements ponctuels\",\"id\":\"8\",\"type\":\"category\"}]},{\"source\":\"post\",\"title\":\"ATELIER : TRANSFORMATION DES PLANTES M\\u00c9DICINALES ET AROMATIQUES\",\"infowindow_content\":\"<div class=\\\"fc-main\\\"><div class=\\\"fc-item-title\\\">ATELIER : TRANSFORMATION DES PLANTES M\\u00c9DICINALES ET AROMATIQUES <span class=\\\"fc-badge info\\\">Ev\\u00e9nements ponctuels<\\\/span><\\\/div> <div class=\\\"fc-item-featured_image\\\"><div class=\\\"fc-feature-img\\\"><img alt=\\\"ATELIER : TRANSFORMATION DES PLANTES M\\u00c9DICINALES ET AROMATIQUES\\\" width=\\\"300\\\" height=\\\"225\\\" src=\\\"https:\\\/\\\/collinescathares.com\\\/wp-content\\\/uploads\\\/2025\\\/10\\\/ATELIER-TRANSFORMATION-DES-PLANTES-MEDICINALES-ET-AROMATIQUES-300x225.jpg\\\" class=\\\"wp-post-image   wpgmp_featured_image\\\" ><\\\/div> <\\\/div>Atelier D\\u00e9couverte : Transformation des plantes m\\u00e9dicinales et aromatiques Rejoignez Cyril Richard pour un atelier convivial et sensoriel consacr\\u00e9 aux plantes. Au programme : &#8211; Pr\\u00e9sentation de diverses recettes pour vous accompagner au quotidien : baume, sels aromatiques, sirops, savons, huil\\u00e9s mac\\u00e9r\\u00e9es&#8230; &#8211; Cr\\u00e9ation de votre propre baume Sur r\\u00e9servation. 10\\u20ac par personne.<address><b>Adresse : <\\\/b>{marker_address}<\\\/address><a class=\\\"fc-btn fc-btn-small fc-btn-red\\\" href=\\\"https:\\\/\\\/collinescathares.com\\\/es\\\/evenements-ponctuels\\\/atelier-transformation-des-plantes-medicinales-et-aromatiques\\\/\\\">En savoir plus<\\\/a><\\\/div>\",\"content\":\"Atelier D\\u00e9couverte : Transformation des plantes m\\u00e9dicinales et aromatiques Rejoignez Cyril Richard pour un atelier convivial et sensoriel consacr\\u00e9 aux plantes. Au programme : &#8211; Pr\\u00e9sentation de diverses recettes pour vous accompagner au quotidien : baume, sels aromatiques, sirops, savons, huil\\u00e9s mac\\u00e9r\\u00e9es&#8230; &#8211; Cr\\u00e9ation de votre propre baume Sur r\\u00e9servation. 10\\u20ac par personne.\",\"address\":\"place de l'\\u00e9glise 11420 BELPECH\",\"location\":{\"lat\":\"43.1985010\",\"city\":\"BELPECH\",\"country\":\"France\",\"lng\":\"1.75202554\",\"onclick_action\":\"post\",\"redirect_permalink\":\"https:\\\/\\\/collinescathares.com\\\/es\\\/evenements-ponctuels\\\/atelier-transformation-des-plantes-medicinales-et-aromatiques\\\/\",\"zoom\":10,\"extra_fields\":{\"%date_evenement_r%\":\"14 Mars 2026\",\"%date_evenement_fin_r%\":\"14 Mars 2026\",\"post_excerpt\":\"Atelier D\\u00e9couverte : Transformation des plantes m\\u00e9dicinales et aromatiques Rejoignez Cyril Richard pour un atelier convivial et sensoriel consacr\\u00e9 aux plantes. Au programme : &#8211; Pr\\u00e9sentation de diverses recettes pour vous accompagner au quotidien : baume, sels aromatiques, sirops, savons, huil\\u00e9s mac\\u00e9r\\u00e9es&#8230; &#8211; Cr\\u00e9ation de votre propre baume Sur r\\u00e9servation. 10\\u20ac par personne.\",\"post_content\":\"Atelier D\\u00e9couverte : Transformation des plantes m\\u00e9dicinales et aromatiques\\nRejoignez Cyril Richard pour un atelier convivial et sensoriel consacr\\u00e9 aux plantes.\\nAu programme :\\n- Pr\\u00e9sentation de diverses recettes pour vous accompagner au quotidien : baume, sels aromatiques, sirops, savons, huil\\u00e9s mac\\u00e9r\\u00e9es...\\n- Cr\\u00e9ation de votre propre baume\\n\\nSur r\\u00e9servation. 10\\u20ac par personne.\",\"post_title\":\"ATELIER : TRANSFORMATION DES PLANTES M\\u00c9DICINALES ET AROMATIQUES\",\"post_link\":\"https:\\\/\\\/collinescathares.com\\\/es\\\/evenements-ponctuels\\\/atelier-transformation-des-plantes-medicinales-et-aromatiques\\\/\",\"post_featured_image\":\"<div class=\\\"fc-feature-img\\\"><img alt=\\\"ATELIER : TRANSFORMATION DES PLANTES M\\u00c9DICINALES ET AROMATIQUES\\\" width=\\\"300\\\" height=\\\"225\\\" src=\\\"https:\\\/\\\/collinescathares.com\\\/wp-content\\\/uploads\\\/2025\\\/10\\\/ATELIER-TRANSFORMATION-DES-PLANTES-MEDICINALES-ET-AROMATIQUES-300x225.jpg\\\" class=\\\"wp-post-image   wpgmp_featured_image\\\" ><\\\/div>\",\"post_categories\":\"Ev\\u00e9nements ponctuels\",\"post_tags\":\"\",\"%_encloseme%\":\"1\",\"%_thumbnail_id%\":\"259555\",\"%ville_r%\":\"BELPECH\",\"%_ville_r%\":\"field_5efc3a17e12c5\",\"%cp_r%\":\"11420\",\"%_cp_r%\":\"field_5efc3a47e12ca\",\"%tarifs_r%\":\"Plein tarif|10,00||\",\"%_tarifs_r%\":\"field_5efc3a22e12c6\",\"%adresse_r%\":\"place de l'\\u00e9glise\",\"%_adresse_r%\":\"field_5efc3a2ee12c7\",\"%carte_r%\":\"place de l'\\u00e9glise 11420 BELPECH, 43.1985010, 1.75202554, 14\",\"%_carte_r%\":\"field_5efc4ed05494a\",\"%labels_r%\":\"\",\"%_labels_r%\":\"field_5f3a47134470d\",\"%handicap_r%\":\"\",\"%_handicap_r%\":\"field_5f3a471a4470e\",\"%offres_promotionnelles_r%\":\"\",\"%_offres_promotionnelles_r%\":\"field_5f3a472d4470f\",\"%telephone_r%\":\" Port : +33 6 17 24 15 49\",\"%_telephone_r%\":\"field_5efc3a39e12c8\",\"%email_r%\":\"asso-inspire@protonmail.com\",\"%_email_r%\":\"field_5efc3a40e12c9\",\"%idunique_r%\":\"FMALAR011V519HWA\",\"%_idunique_r%\":\"field_5f04335c562b3\",\"%site_r%\":\"\",\"%_site_r%\":\"field_5efc4d652a106\",\"%_date_evenement_r%\":\"field_5f0348f37d5bd\",\"%_date_evenement_fin_r%\":\"field_5f3a4540d0781\",\"%horaires_evenement_r%\":\"10:00 \\\/ 12:30\",\"%_horaires_evenement_r%\":\"field_5f3a4550d0782\",\"%type_r%\":\"Stage \\\/ Atelier\",\"%_type_r%\":\"field_5f057b5365cd7\",\"%classification_r%\":\"\",\"%_classification_r%\":\"field_5f3a3af81a328\",\"%classement_prefectoral_r%\":\"\",\"%_classement_prefectoral_r%\":\"field_5f3a473444710\",\"%datetri_r%\":\"1773446400\",\"%_datetri_r%\":\"field_5f3a8a82002b1\",\"%langage_r%\":\"FR\",\"%_langage_r%\":\"field_5f3be5649f374\",\"%_wpgmp_location_address%\":\"place de l'\\u00e9glise 11420 BELPECH\",\"%_wpgmp_location_city%\":\"BELPECH\",\"%_wpgmp_location_state%\":\"\",\"%_wpgmp_location_country%\":\"France\",\"%_wpgmp_metabox_marker_id%\":\"a:1:{i:0;i:8;}\",\"%_wpgmp_map_id%\":\"a:1:{i:0;i:21;}\",\"%_wpgmp_metabox_latitude%\":\"43.1985010\",\"%_wpgmp_metabox_longitude%\":\"1.75202554\",\"%_wpgmp_metabox_location_redirect%\":\"post\",\"%_wpgmp_metabox_custom_link%\":\"\",\"%_wpgmp_metabox_taxomomies_terms%\":\"N;\",\"%_wpgmp_extensions_fields%\":\"N;\",\"%_wpml_word_count%\":\"78\",\"%galerie_image_r%\":\"259555\",\"%_galerie_image_r%\":\"field_5f3bd339f8130\",\"%_elementor_page_assets%\":\"\",\"taxonomy=category\":\"Ev\\u00e9nements ponctuels\",\"taxonomy=post_tag\":\"\",\"taxonomy=post_format\":\"\",\"taxonomy=translation_priority\":\"Opcional\"},\"icon\":\"https:\\\/\\\/collinescathares.com\\\/wp-content\\\/uploads\\\/2020\\\/07\\\/pointeur_vert.svg\"},\"id\":260628,\"custom_filters\":{\"type_r\":\"Stage \\\/ Atelier\",\"datetri_r\":\"1773446400\"},\"infowindow_disable\":false,\"categories\":[{\"icon\":\"https:\\\/\\\/collinescathares.com\\\/wp-content\\\/uploads\\\/2020\\\/07\\\/pointeur_vert.svg\",\"name\":\"Ev\\u00e9nements ponctuels\",\"id\":\"8\",\"type\":\"category\"}]},{\"source\":\"post\",\"title\":\"ATELIER DE D\\u00c9GUSTATION OENOLOGIQUE &#8211; LE PARFUM DES ANTHOCYANES\",\"infowindow_content\":\"<div class=\\\"fc-main\\\"><div class=\\\"fc-item-title\\\">ATELIER DE D\\u00c9GUSTATION OENOLOGIQUE &#8211; LE PARFUM DES ANTHOCYANES <span class=\\\"fc-badge info\\\">Ev\\u00e9nements ponctuels<\\\/span><\\\/div> <div class=\\\"fc-item-featured_image\\\"><div class=\\\"fc-feature-img\\\"><img alt=\\\"ATELIER DE D\\u00c9GUSTATION OENOLOGIQUE &#8211; LE PARFUM DES ANTHOCYANES\\\" width=\\\"300\\\" height=\\\"225\\\" src=\\\"https:\\\/\\\/collinescathares.com\\\/wp-content\\\/uploads\\\/2025\\\/09\\\/atelier-36-300x225.jpg\\\" class=\\\"wp-post-image   wpgmp_featured_image\\\" ><\\\/div> <\\\/div>Venez d\\u00e9velopper vos comp\\u00e9tences \\u0153nologiques et passer un moment agr\\u00e9able au Domaine Le Fort \\u00e0 Montr\\u00e9al dans l\\u2019Aude, pr\\u00e8s de Carcassonne. 3h durant lesquelles vous affinerez vos sens, puis vous appliquerez notre m\\u00e9thode de d\\u00e9gustation sur 6 vins diff\\u00e9rents du Domaine. Cet atelier de d\\u00e9gustation de vin, limit\\u00e9 \\u00e0 10 personnes maximum, est anim\\u00e9 par [&hellip;]<address><b>Adresse : <\\\/b>{marker_address}<\\\/address><a class=\\\"fc-btn fc-btn-small fc-btn-red\\\" href=\\\"https:\\\/\\\/collinescathares.com\\\/es\\\/evenements-ponctuels\\\/atelier-de-degustation-oenologique-le-parfum-des-anthocyanes-12\\\/\\\">En savoir plus<\\\/a><\\\/div>\",\"content\":\"Venez d\\u00e9velopper vos comp\\u00e9tences \\u0153nologiques et passer un moment agr\\u00e9able au Domaine Le Fort \\u00e0 Montr\\u00e9al dans l\\u2019Aude, pr\\u00e8s de Carcassonne. 3h durant lesquelles vous affinerez vos sens, puis vous appliquerez notre m\\u00e9thode de d\\u00e9gustation sur 6 vins diff\\u00e9rents du Domaine. Cet atelier de d\\u00e9gustation de vin, limit\\u00e9 \\u00e0 10 personnes maximum, est anim\\u00e9 par [&hellip;]\",\"address\":\"Le Fort 11290 MONTREAL\",\"location\":{\"lat\":\"43.2006356\",\"city\":\"MONTREAL\",\"country\":\"France\",\"lng\":\"2.11135886\",\"onclick_action\":\"post\",\"redirect_permalink\":\"https:\\\/\\\/collinescathares.com\\\/es\\\/evenements-ponctuels\\\/atelier-de-degustation-oenologique-le-parfum-des-anthocyanes-12\\\/\",\"zoom\":10,\"extra_fields\":{\"%date_evenement_r%\":\"19 Avril 2026\",\"%date_evenement_fin_r%\":\"19 Avril 2026\",\"post_excerpt\":\"Venez d\\u00e9velopper vos comp\\u00e9tences \\u0153nologiques et passer un moment agr\\u00e9able au Domaine Le Fort \\u00e0 Montr\\u00e9al dans l\\u2019Aude, pr\\u00e8s de Carcassonne. 3h durant lesquelles vous affinerez vos sens, puis vous appliquerez notre m\\u00e9thode de d\\u00e9gustation sur 6 vins diff\\u00e9rents du Domaine. Cet atelier de d\\u00e9gustation de vin, limit\\u00e9 \\u00e0 10 personnes maximum, est anim\\u00e9 par [&hellip;]\",\"post_content\":\"Venez d\\u00e9velopper vos comp\\u00e9tences \\u0153nologiques et passer un moment agr\\u00e9able au Domaine Le Fort \\u00e0 Montr\\u00e9al dans l\\u2019Aude, pr\\u00e8s de Carcassonne.\\n\\n3h durant lesquelles vous affinerez vos sens, puis vous appliquerez notre m\\u00e9thode de d\\u00e9gustation sur 6 vins diff\\u00e9rents du Domaine.\\n\\nCet atelier de d\\u00e9gustation de vin, limit\\u00e9 \\u00e0 10 personnes maximum, est anim\\u00e9 par St\\u00e9phanie, \\u0153nologue et vigneronne depuis plus de 25 ans.\\n\\nTarifs D\\u00e9gressifs :\\nPour 1 personne : 70\\u20ac\\nEntre 2 et 4 personnes : 65\\u20ac par personne\\nEntre 5 et 9 personnes : 60\\u20ac par personne\\nPour 10 personnes : 55\\u20ac par personne\",\"post_title\":\"ATELIER DE D\\u00c9GUSTATION OENOLOGIQUE &#8211; LE PARFUM DES ANTHOCYANES\",\"post_link\":\"https:\\\/\\\/collinescathares.com\\\/es\\\/evenements-ponctuels\\\/atelier-de-degustation-oenologique-le-parfum-des-anthocyanes-12\\\/\",\"post_featured_image\":\"<div class=\\\"fc-feature-img\\\"><img alt=\\\"ATELIER DE D\\u00c9GUSTATION OENOLOGIQUE &#8211; LE PARFUM DES ANTHOCYANES\\\" width=\\\"300\\\" height=\\\"225\\\" src=\\\"https:\\\/\\\/collinescathares.com\\\/wp-content\\\/uploads\\\/2025\\\/09\\\/atelier-36-300x225.jpg\\\" class=\\\"wp-post-image   wpgmp_featured_image\\\" ><\\\/div>\",\"post_categories\":\"Ev\\u00e9nements ponctuels\",\"post_tags\":\"\",\"%_encloseme%\":\"1\",\"%_thumbnail_id%\":\"258814\",\"%ville_r%\":\"MONTREAL\",\"%_ville_r%\":\"field_5efc3a17e12c5\",\"%cp_r%\":\"11290\",\"%_cp_r%\":\"field_5efc3a47e12ca\",\"%tarifs_r%\":\"Plein tarif|70,00||\",\"%_tarifs_r%\":\"field_5efc3a22e12c6\",\"%adresse_r%\":\"Le Fort\",\"%_adresse_r%\":\"field_5efc3a2ee12c7\",\"%carte_r%\":\"Le Fort 11290 MONTREAL, 43.2006356, 2.11135886, 14\",\"%_carte_r%\":\"field_5efc4ed05494a\",\"%labels_r%\":\"\",\"%_labels_r%\":\"field_5f3a47134470d\",\"%handicap_r%\":\"\",\"%_handicap_r%\":\"field_5f3a471a4470e\",\"%offres_promotionnelles_r%\":\"\",\"%_offres_promotionnelles_r%\":\"field_5f3a472d4470f\",\"%telephone_r%\":\"\",\"%_telephone_r%\":\"field_5efc3a39e12c8\",\"%email_r%\":\"\",\"%_email_r%\":\"field_5efc3a40e12c9\",\"%idunique_r%\":\"FMALAR011V519DCM\",\"%_idunique_r%\":\"field_5f04335c562b3\",\"%site_r%\":\"https:\\\/\\\/leparfumdesanthocyanes.fr\\\/reserver-un-atelier\",\"%_site_r%\":\"field_5efc4d652a106\",\"%_date_evenement_r%\":\"field_5f0348f37d5bd\",\"%_date_evenement_fin_r%\":\"field_5f3a4540d0781\",\"%horaires_evenement_r%\":\"15:00 \\\/ 18:00\",\"%_horaires_evenement_r%\":\"field_5f3a4550d0782\",\"%type_r%\":\"Stage \\\/ Atelier\",\"%_type_r%\":\"field_5f057b5365cd7\",\"%classification_r%\":\"\",\"%_classification_r%\":\"field_5f3a3af81a328\",\"%classement_prefectoral_r%\":\"\",\"%_classement_prefectoral_r%\":\"field_5f3a473444710\",\"%datetri_r%\":\"1776556800\",\"%_datetri_r%\":\"field_5f3a8a82002b1\",\"%langage_r%\":\"FR\",\"%_langage_r%\":\"field_5f3be5649f374\",\"%_wpgmp_location_address%\":\"Le Fort 11290 MONTREAL\",\"%_wpgmp_location_city%\":\"MONTREAL\",\"%_wpgmp_location_state%\":\"\",\"%_wpgmp_location_country%\":\"France\",\"%_wpgmp_metabox_marker_id%\":\"a:1:{i:0;i:8;}\",\"%_wpgmp_map_id%\":\"a:1:{i:0;i:21;}\",\"%_wpgmp_metabox_latitude%\":\"43.2006356\",\"%_wpgmp_metabox_longitude%\":\"2.11135886\",\"%_wpgmp_metabox_location_redirect%\":\"post\",\"%_wpgmp_metabox_custom_link%\":\"\",\"%_wpgmp_metabox_taxomomies_terms%\":\"N;\",\"%_wpgmp_extensions_fields%\":\"N;\",\"%_wpml_word_count%\":\"107\",\"%galerie_image_r%\":\"258814, 258817\",\"%_galerie_image_r%\":\"field_5f3bd339f8130\",\"%_elementor_page_assets%\":\"\",\"taxonomy=category\":\"Ev\\u00e9nements ponctuels\",\"taxonomy=post_tag\":\"\",\"taxonomy=post_format\":\"\",\"taxonomy=translation_priority\":\"Opcional\"},\"icon\":\"https:\\\/\\\/collinescathares.com\\\/wp-content\\\/uploads\\\/2020\\\/07\\\/pointeur_vert.svg\"},\"id\":260624,\"custom_filters\":{\"type_r\":\"Stage \\\/ Atelier\",\"datetri_r\":\"1776556800\"},\"infowindow_disable\":false,\"categories\":[{\"icon\":\"https:\\\/\\\/collinescathares.com\\\/wp-content\\\/uploads\\\/2020\\\/07\\\/pointeur_vert.svg\",\"name\":\"Ev\\u00e9nements ponctuels\",\"id\":\"8\",\"type\":\"category\"}]},{\"source\":\"post\",\"title\":\"ATELIER DE D\\u00c9GUSTATION OENOLOGIQUE &#8211; LE PARFUM DES ANTHOCYANES\",\"infowindow_content\":\"<div class=\\\"fc-main\\\"><div class=\\\"fc-item-title\\\">ATELIER DE D\\u00c9GUSTATION OENOLOGIQUE &#8211; LE PARFUM DES ANTHOCYANES <span class=\\\"fc-badge info\\\">Ev\\u00e9nements ponctuels<\\\/span><\\\/div> <div class=\\\"fc-item-featured_image\\\"><div class=\\\"fc-feature-img\\\"><img alt=\\\"ATELIER DE D\\u00c9GUSTATION OENOLOGIQUE &#8211; LE PARFUM DES ANTHOCYANES\\\" width=\\\"300\\\" height=\\\"225\\\" src=\\\"https:\\\/\\\/collinescathares.com\\\/wp-content\\\/uploads\\\/2025\\\/09\\\/atelier-36-300x225.jpg\\\" class=\\\"wp-post-image   wpgmp_featured_image\\\" ><\\\/div> <\\\/div>Venez d\\u00e9velopper vos comp\\u00e9tences \\u0153nologiques et passer un moment agr\\u00e9able au Domaine Le Fort \\u00e0 Montr\\u00e9al dans l\\u2019Aude, pr\\u00e8s de Carcassonne. 3h durant lesquelles vous affinerez vos sens, puis vous appliquerez notre m\\u00e9thode de d\\u00e9gustation sur 6 vins diff\\u00e9rents du Domaine. Cet atelier de d\\u00e9gustation de vin, limit\\u00e9 \\u00e0 10 personnes maximum, est anim\\u00e9 par [&hellip;]<address><b>Adresse : <\\\/b>{marker_address}<\\\/address><a class=\\\"fc-btn fc-btn-small fc-btn-red\\\" href=\\\"https:\\\/\\\/collinescathares.com\\\/es\\\/evenements-ponctuels\\\/atelier-de-degustation-oenologique-le-parfum-des-anthocyanes-13\\\/\\\">En savoir plus<\\\/a><\\\/div>\",\"content\":\"Venez d\\u00e9velopper vos comp\\u00e9tences \\u0153nologiques et passer un moment agr\\u00e9able au Domaine Le Fort \\u00e0 Montr\\u00e9al dans l\\u2019Aude, pr\\u00e8s de Carcassonne. 3h durant lesquelles vous affinerez vos sens, puis vous appliquerez notre m\\u00e9thode de d\\u00e9gustation sur 6 vins diff\\u00e9rents du Domaine. Cet atelier de d\\u00e9gustation de vin, limit\\u00e9 \\u00e0 10 personnes maximum, est anim\\u00e9 par [&hellip;]\",\"address\":\"Le Fort 11290 MONTREAL\",\"location\":{\"lat\":\"43.2006356\",\"city\":\"MONTREAL\",\"country\":\"France\",\"lng\":\"2.11135886\",\"onclick_action\":\"post\",\"redirect_permalink\":\"https:\\\/\\\/collinescathares.com\\\/es\\\/evenements-ponctuels\\\/atelier-de-degustation-oenologique-le-parfum-des-anthocyanes-13\\\/\",\"zoom\":10,\"extra_fields\":{\"%date_evenement_r%\":\"31 Mai 2026\",\"%date_evenement_fin_r%\":\"31 Mai 2026\",\"post_excerpt\":\"Venez d\\u00e9velopper vos comp\\u00e9tences \\u0153nologiques et passer un moment agr\\u00e9able au Domaine Le Fort \\u00e0 Montr\\u00e9al dans l\\u2019Aude, pr\\u00e8s de Carcassonne. 3h durant lesquelles vous affinerez vos sens, puis vous appliquerez notre m\\u00e9thode de d\\u00e9gustation sur 6 vins diff\\u00e9rents du Domaine. Cet atelier de d\\u00e9gustation de vin, limit\\u00e9 \\u00e0 10 personnes maximum, est anim\\u00e9 par [&hellip;]\",\"post_content\":\"Venez d\\u00e9velopper vos comp\\u00e9tences \\u0153nologiques et passer un moment agr\\u00e9able au Domaine Le Fort \\u00e0 Montr\\u00e9al dans l\\u2019Aude, pr\\u00e8s de Carcassonne.\\n\\n3h durant lesquelles vous affinerez vos sens, puis vous appliquerez notre m\\u00e9thode de d\\u00e9gustation sur 6 vins diff\\u00e9rents du Domaine.\\n\\nCet atelier de d\\u00e9gustation de vin, limit\\u00e9 \\u00e0 10 personnes maximum, est anim\\u00e9 par St\\u00e9phanie, \\u0153nologue et vigneronne depuis plus de 25 ans.\\n\\nTarifs D\\u00e9gressifs :\\nPour 1 personne : 70\\u20ac\\nEntre 2 et 4 personnes : 65\\u20ac par personne\\nEntre 5 et 9 personnes : 60\\u20ac par personne\\nPour 10 personnes : 55\\u20ac par personne\",\"post_title\":\"ATELIER DE D\\u00c9GUSTATION OENOLOGIQUE &#8211; LE PARFUM DES ANTHOCYANES\",\"post_link\":\"https:\\\/\\\/collinescathares.com\\\/es\\\/evenements-ponctuels\\\/atelier-de-degustation-oenologique-le-parfum-des-anthocyanes-13\\\/\",\"post_featured_image\":\"<div class=\\\"fc-feature-img\\\"><img alt=\\\"ATELIER DE D\\u00c9GUSTATION OENOLOGIQUE &#8211; LE PARFUM DES ANTHOCYANES\\\" width=\\\"300\\\" height=\\\"225\\\" src=\\\"https:\\\/\\\/collinescathares.com\\\/wp-content\\\/uploads\\\/2025\\\/09\\\/atelier-36-300x225.jpg\\\" class=\\\"wp-post-image   wpgmp_featured_image\\\" ><\\\/div>\",\"post_categories\":\"Ev\\u00e9nements ponctuels\",\"post_tags\":\"\",\"%_encloseme%\":\"1\",\"%_thumbnail_id%\":\"258814\",\"%ville_r%\":\"MONTREAL\",\"%_ville_r%\":\"field_5efc3a17e12c5\",\"%cp_r%\":\"11290\",\"%_cp_r%\":\"field_5efc3a47e12ca\",\"%tarifs_r%\":\"Plein tarif|70,00||\",\"%_tarifs_r%\":\"field_5efc3a22e12c6\",\"%adresse_r%\":\"Le Fort\",\"%_adresse_r%\":\"field_5efc3a2ee12c7\",\"%carte_r%\":\"Le Fort 11290 MONTREAL, 43.2006356, 2.11135886, 14\",\"%_carte_r%\":\"field_5efc4ed05494a\",\"%labels_r%\":\"\",\"%_labels_r%\":\"field_5f3a47134470d\",\"%handicap_r%\":\"\",\"%_handicap_r%\":\"field_5f3a471a4470e\",\"%offres_promotionnelles_r%\":\"\",\"%_offres_promotionnelles_r%\":\"field_5f3a472d4470f\",\"%telephone_r%\":\"\",\"%_telephone_r%\":\"field_5efc3a39e12c8\",\"%email_r%\":\"\",\"%_email_r%\":\"field_5efc3a40e12c9\",\"%idunique_r%\":\"FMALAR011V519DCN\",\"%_idunique_r%\":\"field_5f04335c562b3\",\"%site_r%\":\"https:\\\/\\\/leparfumdesanthocyanes.fr\\\/reserver-un-atelier\",\"%_site_r%\":\"field_5efc4d652a106\",\"%_date_evenement_r%\":\"field_5f0348f37d5bd\",\"%_date_evenement_fin_r%\":\"field_5f3a4540d0781\",\"%horaires_evenement_r%\":\"15:00 \\\/ 18:00\",\"%_horaires_evenement_r%\":\"field_5f3a4550d0782\",\"%type_r%\":\"Stage \\\/ Atelier\",\"%_type_r%\":\"field_5f057b5365cd7\",\"%classification_r%\":\"\",\"%_classification_r%\":\"field_5f3a3af81a328\",\"%classement_prefectoral_r%\":\"\",\"%_classement_prefectoral_r%\":\"field_5f3a473444710\",\"%datetri_r%\":\"1780185600\",\"%_datetri_r%\":\"field_5f3a8a82002b1\",\"%langage_r%\":\"FR\",\"%_langage_r%\":\"field_5f3be5649f374\",\"%_wpgmp_location_address%\":\"Le Fort 11290 MONTREAL\",\"%_wpgmp_location_city%\":\"MONTREAL\",\"%_wpgmp_location_state%\":\"\",\"%_wpgmp_location_country%\":\"France\",\"%_wpgmp_metabox_marker_id%\":\"a:1:{i:0;i:8;}\",\"%_wpgmp_map_id%\":\"a:1:{i:0;i:21;}\",\"%_wpgmp_metabox_latitude%\":\"43.2006356\",\"%_wpgmp_metabox_longitude%\":\"2.11135886\",\"%_wpgmp_metabox_location_redirect%\":\"post\",\"%_wpgmp_metabox_custom_link%\":\"\",\"%_wpgmp_metabox_taxomomies_terms%\":\"N;\",\"%_wpgmp_extensions_fields%\":\"N;\",\"%_wpml_word_count%\":\"107\",\"%galerie_image_r%\":\"258814, 258817\",\"%_galerie_image_r%\":\"field_5f3bd339f8130\",\"%_elementor_page_assets%\":\"\",\"taxonomy=category\":\"Ev\\u00e9nements ponctuels\",\"taxonomy=post_tag\":\"\",\"taxonomy=post_format\":\"\",\"taxonomy=translation_priority\":\"Opcional\"},\"icon\":\"https:\\\/\\\/collinescathares.com\\\/wp-content\\\/uploads\\\/2020\\\/07\\\/pointeur_vert.svg\"},\"id\":260625,\"custom_filters\":{\"type_r\":\"Stage \\\/ Atelier\",\"datetri_r\":\"1780185600\"},\"infowindow_disable\":false,\"categories\":[{\"icon\":\"https:\\\/\\\/collinescathares.com\\\/wp-content\\\/uploads\\\/2020\\\/07\\\/pointeur_vert.svg\",\"name\":\"Ev\\u00e9nements ponctuels\",\"id\":\"8\",\"type\":\"category\"}]},{\"source\":\"post\",\"title\":\"ATELIER DE D\\u00c9GUSTATION OENOLOGIQUE &#8211; LE PARFUM DES ANTHOCYANES\",\"infowindow_content\":\"<div class=\\\"fc-main\\\"><div class=\\\"fc-item-title\\\">ATELIER DE D\\u00c9GUSTATION OENOLOGIQUE &#8211; LE PARFUM DES ANTHOCYANES <span class=\\\"fc-badge info\\\">Ev\\u00e9nements ponctuels<\\\/span><\\\/div> <div class=\\\"fc-item-featured_image\\\"><div class=\\\"fc-feature-img\\\"><img alt=\\\"ATELIER DE D\\u00c9GUSTATION OENOLOGIQUE &#8211; LE PARFUM DES ANTHOCYANES\\\" width=\\\"300\\\" height=\\\"225\\\" src=\\\"https:\\\/\\\/collinescathares.com\\\/wp-content\\\/uploads\\\/2025\\\/09\\\/atelier-36-300x225.jpg\\\" class=\\\"wp-post-image   wpgmp_featured_image\\\" ><\\\/div> <\\\/div>Venez d\\u00e9velopper vos comp\\u00e9tences \\u0153nologiques et passer un moment agr\\u00e9able au Domaine Le Fort \\u00e0 Montr\\u00e9al dans l\\u2019Aude, pr\\u00e8s de Carcassonne. 3h durant lesquelles vous affinerez vos sens, puis vous appliquerez notre m\\u00e9thode de d\\u00e9gustation sur 6 vins diff\\u00e9rents du Domaine. Cet atelier de d\\u00e9gustation de vin, limit\\u00e9 \\u00e0 10 personnes maximum, est anim\\u00e9 par [&hellip;]<address><b>Adresse : <\\\/b>{marker_address}<\\\/address><a class=\\\"fc-btn fc-btn-small fc-btn-red\\\" href=\\\"https:\\\/\\\/collinescathares.com\\\/es\\\/evenements-ponctuels\\\/atelier-de-degustation-oenologique-le-parfum-des-anthocyanes-10\\\/\\\">En savoir plus<\\\/a><\\\/div>\",\"content\":\"Venez d\\u00e9velopper vos comp\\u00e9tences \\u0153nologiques et passer un moment agr\\u00e9able au Domaine Le Fort \\u00e0 Montr\\u00e9al dans l\\u2019Aude, pr\\u00e8s de Carcassonne. 3h durant lesquelles vous affinerez vos sens, puis vous appliquerez notre m\\u00e9thode de d\\u00e9gustation sur 6 vins diff\\u00e9rents du Domaine. Cet atelier de d\\u00e9gustation de vin, limit\\u00e9 \\u00e0 10 personnes maximum, est anim\\u00e9 par [&hellip;]\",\"address\":\"Le Fort 11290 MONTREAL\",\"location\":{\"lat\":\"43.2006356\",\"city\":\"MONTREAL\",\"country\":\"France\",\"lng\":\"2.11135886\",\"onclick_action\":\"post\",\"redirect_permalink\":\"https:\\\/\\\/collinescathares.com\\\/es\\\/evenements-ponctuels\\\/atelier-de-degustation-oenologique-le-parfum-des-anthocyanes-10\\\/\",\"zoom\":10,\"extra_fields\":{\"%date_evenement_r%\":\"22 F\\u00e9vrier 2026\",\"%date_evenement_fin_r%\":\"22 F\\u00e9vrier 2026\",\"post_excerpt\":\"Venez d\\u00e9velopper vos comp\\u00e9tences \\u0153nologiques et passer un moment agr\\u00e9able au Domaine Le Fort \\u00e0 Montr\\u00e9al dans l\\u2019Aude, pr\\u00e8s de Carcassonne. 3h durant lesquelles vous affinerez vos sens, puis vous appliquerez notre m\\u00e9thode de d\\u00e9gustation sur 6 vins diff\\u00e9rents du Domaine. Cet atelier de d\\u00e9gustation de vin, limit\\u00e9 \\u00e0 10 personnes maximum, est anim\\u00e9 par [&hellip;]\",\"post_content\":\"Venez d\\u00e9velopper vos comp\\u00e9tences \\u0153nologiques et passer un moment agr\\u00e9able au Domaine Le Fort \\u00e0 Montr\\u00e9al dans l\\u2019Aude, pr\\u00e8s de Carcassonne.\\n\\n3h durant lesquelles vous affinerez vos sens, puis vous appliquerez notre m\\u00e9thode de d\\u00e9gustation sur 6 vins diff\\u00e9rents du Domaine.\\n\\nCet atelier de d\\u00e9gustation de vin, limit\\u00e9 \\u00e0 10 personnes maximum, est anim\\u00e9 par St\\u00e9phanie, \\u0153nologue et vigneronne depuis plus de 25 ans.\\n\\nTarifs D\\u00e9gressifs :\\nPour 1 personne : 70\\u20ac\\nEntre 2 et 4 personnes : 65\\u20ac par personne\\nEntre 5 et 9 personnes : 60\\u20ac par personne\\nPour 10 personnes : 55\\u20ac par personne\",\"post_title\":\"ATELIER DE D\\u00c9GUSTATION OENOLOGIQUE &#8211; LE PARFUM DES ANTHOCYANES\",\"post_link\":\"https:\\\/\\\/collinescathares.com\\\/es\\\/evenements-ponctuels\\\/atelier-de-degustation-oenologique-le-parfum-des-anthocyanes-10\\\/\",\"post_featured_image\":\"<div class=\\\"fc-feature-img\\\"><img alt=\\\"ATELIER DE D\\u00c9GUSTATION OENOLOGIQUE &#8211; LE PARFUM DES ANTHOCYANES\\\" width=\\\"300\\\" height=\\\"225\\\" src=\\\"https:\\\/\\\/collinescathares.com\\\/wp-content\\\/uploads\\\/2025\\\/09\\\/atelier-36-300x225.jpg\\\" class=\\\"wp-post-image   wpgmp_featured_image\\\" ><\\\/div>\",\"post_categories\":\"Ev\\u00e9nements ponctuels\",\"post_tags\":\"\",\"%_encloseme%\":\"1\",\"%_thumbnail_id%\":\"258814\",\"%ville_r%\":\"MONTREAL\",\"%_ville_r%\":\"field_5efc3a17e12c5\",\"%cp_r%\":\"11290\",\"%_cp_r%\":\"field_5efc3a47e12ca\",\"%tarifs_r%\":\"Plein tarif|70,00||\",\"%_tarifs_r%\":\"field_5efc3a22e12c6\",\"%adresse_r%\":\"Le Fort\",\"%_adresse_r%\":\"field_5efc3a2ee12c7\",\"%carte_r%\":\"Le Fort 11290 MONTREAL, 43.2006356, 2.11135886, 14\",\"%_carte_r%\":\"field_5efc4ed05494a\",\"%labels_r%\":\"\",\"%_labels_r%\":\"field_5f3a47134470d\",\"%handicap_r%\":\"\",\"%_handicap_r%\":\"field_5f3a471a4470e\",\"%offres_promotionnelles_r%\":\"\",\"%_offres_promotionnelles_r%\":\"field_5f3a472d4470f\",\"%telephone_r%\":\"\",\"%_telephone_r%\":\"field_5efc3a39e12c8\",\"%email_r%\":\"\",\"%_email_r%\":\"field_5efc3a40e12c9\",\"%idunique_r%\":\"FMALAR011V519DCJ\",\"%_idunique_r%\":\"field_5f04335c562b3\",\"%site_r%\":\"https:\\\/\\\/leparfumdesanthocyanes.fr\\\/reserver-un-atelier\",\"%_site_r%\":\"field_5efc4d652a106\",\"%_date_evenement_r%\":\"field_5f0348f37d5bd\",\"%_date_evenement_fin_r%\":\"field_5f3a4540d0781\",\"%horaires_evenement_r%\":\"15:00 \\\/ 18:00\",\"%_horaires_evenement_r%\":\"field_5f3a4550d0782\",\"%type_r%\":\"Stage \\\/ Atelier\",\"%_type_r%\":\"field_5f057b5365cd7\",\"%classification_r%\":\"\",\"%_classification_r%\":\"field_5f3a3af81a328\",\"%classement_prefectoral_r%\":\"\",\"%_classement_prefectoral_r%\":\"field_5f3a473444710\",\"%datetri_r%\":\"1771718400\",\"%_datetri_r%\":\"field_5f3a8a82002b1\",\"%langage_r%\":\"FR\",\"%_langage_r%\":\"field_5f3be5649f374\",\"%_wpgmp_location_address%\":\"Le Fort 11290 MONTREAL\",\"%_wpgmp_location_city%\":\"MONTREAL\",\"%_wpgmp_location_state%\":\"\",\"%_wpgmp_location_country%\":\"France\",\"%_wpgmp_metabox_marker_id%\":\"a:1:{i:0;i:8;}\",\"%_wpgmp_map_id%\":\"a:1:{i:0;i:21;}\",\"%_wpgmp_metabox_latitude%\":\"43.2006356\",\"%_wpgmp_metabox_longitude%\":\"2.11135886\",\"%_wpgmp_metabox_location_redirect%\":\"post\",\"%_wpgmp_metabox_custom_link%\":\"\",\"%_wpgmp_metabox_taxomomies_terms%\":\"N;\",\"%_wpgmp_extensions_fields%\":\"N;\",\"%_wpml_word_count%\":\"107\",\"%galerie_image_r%\":\"258814, 258817\",\"%_galerie_image_r%\":\"field_5f3bd339f8130\",\"%_elementor_page_assets%\":\"\",\"taxonomy=category\":\"Ev\\u00e9nements ponctuels\",\"taxonomy=post_tag\":\"\",\"taxonomy=post_format\":\"\",\"taxonomy=translation_priority\":\"Opcional\"},\"icon\":\"https:\\\/\\\/collinescathares.com\\\/wp-content\\\/uploads\\\/2020\\\/07\\\/pointeur_vert.svg\"},\"id\":260622,\"custom_filters\":{\"type_r\":\"Stage \\\/ Atelier\",\"datetri_r\":\"1771718400\"},\"infowindow_disable\":false,\"categories\":[{\"icon\":\"https:\\\/\\\/collinescathares.com\\\/wp-content\\\/uploads\\\/2020\\\/07\\\/pointeur_vert.svg\",\"name\":\"Ev\\u00e9nements ponctuels\",\"id\":\"8\",\"type\":\"category\"}]},{\"source\":\"post\",\"title\":\"ATELIER DE D\\u00c9GUSTATION OENOLOGIQUE &#8211; LE PARFUM DES ANTHOCYANES\",\"infowindow_content\":\"<div class=\\\"fc-main\\\"><div class=\\\"fc-item-title\\\">ATELIER DE D\\u00c9GUSTATION OENOLOGIQUE &#8211; LE PARFUM DES ANTHOCYANES <span class=\\\"fc-badge info\\\">Ev\\u00e9nements ponctuels<\\\/span><\\\/div> <div class=\\\"fc-item-featured_image\\\"><div class=\\\"fc-feature-img\\\"><img alt=\\\"ATELIER DE D\\u00c9GUSTATION OENOLOGIQUE &#8211; LE PARFUM DES ANTHOCYANES\\\" width=\\\"300\\\" height=\\\"225\\\" src=\\\"https:\\\/\\\/collinescathares.com\\\/wp-content\\\/uploads\\\/2025\\\/09\\\/atelier-36-300x225.jpg\\\" class=\\\"wp-post-image   wpgmp_featured_image\\\" ><\\\/div> <\\\/div>Venez d\\u00e9velopper vos comp\\u00e9tences \\u0153nologiques et passer un moment agr\\u00e9able au Domaine Le Fort \\u00e0 Montr\\u00e9al dans l\\u2019Aude, pr\\u00e8s de Carcassonne. 3h durant lesquelles vous affinerez vos sens, puis vous appliquerez notre m\\u00e9thode de d\\u00e9gustation sur 6 vins diff\\u00e9rents du Domaine. Cet atelier de d\\u00e9gustation de vin, limit\\u00e9 \\u00e0 10 personnes maximum, est anim\\u00e9 par [&hellip;]<address><b>Adresse : <\\\/b>{marker_address}<\\\/address><a class=\\\"fc-btn fc-btn-small fc-btn-red\\\" href=\\\"https:\\\/\\\/collinescathares.com\\\/es\\\/evenements-ponctuels\\\/atelier-de-degustation-oenologique-le-parfum-des-anthocyanes-11\\\/\\\">En savoir plus<\\\/a><\\\/div>\",\"content\":\"Venez d\\u00e9velopper vos comp\\u00e9tences \\u0153nologiques et passer un moment agr\\u00e9able au Domaine Le Fort \\u00e0 Montr\\u00e9al dans l\\u2019Aude, pr\\u00e8s de Carcassonne. 3h durant lesquelles vous affinerez vos sens, puis vous appliquerez notre m\\u00e9thode de d\\u00e9gustation sur 6 vins diff\\u00e9rents du Domaine. Cet atelier de d\\u00e9gustation de vin, limit\\u00e9 \\u00e0 10 personnes maximum, est anim\\u00e9 par [&hellip;]\",\"address\":\"Le Fort 11290 MONTREAL\",\"location\":{\"lat\":\"43.2006356\",\"city\":\"MONTREAL\",\"country\":\"France\",\"lng\":\"2.11135886\",\"onclick_action\":\"post\",\"redirect_permalink\":\"https:\\\/\\\/collinescathares.com\\\/es\\\/evenements-ponctuels\\\/atelier-de-degustation-oenologique-le-parfum-des-anthocyanes-11\\\/\",\"zoom\":10,\"extra_fields\":{\"%date_evenement_r%\":\"29 Mars 2026\",\"%date_evenement_fin_r%\":\"29 Mars 2026\",\"post_excerpt\":\"Venez d\\u00e9velopper vos comp\\u00e9tences \\u0153nologiques et passer un moment agr\\u00e9able au Domaine Le Fort \\u00e0 Montr\\u00e9al dans l\\u2019Aude, pr\\u00e8s de Carcassonne. 3h durant lesquelles vous affinerez vos sens, puis vous appliquerez notre m\\u00e9thode de d\\u00e9gustation sur 6 vins diff\\u00e9rents du Domaine. Cet atelier de d\\u00e9gustation de vin, limit\\u00e9 \\u00e0 10 personnes maximum, est anim\\u00e9 par [&hellip;]\",\"post_content\":\"Venez d\\u00e9velopper vos comp\\u00e9tences \\u0153nologiques et passer un moment agr\\u00e9able au Domaine Le Fort \\u00e0 Montr\\u00e9al dans l\\u2019Aude, pr\\u00e8s de Carcassonne.\\n\\n3h durant lesquelles vous affinerez vos sens, puis vous appliquerez notre m\\u00e9thode de d\\u00e9gustation sur 6 vins diff\\u00e9rents du Domaine.\\n\\nCet atelier de d\\u00e9gustation de vin, limit\\u00e9 \\u00e0 10 personnes maximum, est anim\\u00e9 par St\\u00e9phanie, \\u0153nologue et vigneronne depuis plus de 25 ans.\\n\\nTarifs D\\u00e9gressifs :\\nPour 1 personne : 70\\u20ac\\nEntre 2 et 4 personnes : 65\\u20ac par personne\\nEntre 5 et 9 personnes : 60\\u20ac par personne\\nPour 10 personnes : 55\\u20ac par personne\",\"post_title\":\"ATELIER DE D\\u00c9GUSTATION OENOLOGIQUE &#8211; LE PARFUM DES ANTHOCYANES\",\"post_link\":\"https:\\\/\\\/collinescathares.com\\\/es\\\/evenements-ponctuels\\\/atelier-de-degustation-oenologique-le-parfum-des-anthocyanes-11\\\/\",\"post_featured_image\":\"<div class=\\\"fc-feature-img\\\"><img alt=\\\"ATELIER DE D\\u00c9GUSTATION OENOLOGIQUE &#8211; LE PARFUM DES ANTHOCYANES\\\" width=\\\"300\\\" height=\\\"225\\\" src=\\\"https:\\\/\\\/collinescathares.com\\\/wp-content\\\/uploads\\\/2025\\\/09\\\/atelier-36-300x225.jpg\\\" class=\\\"wp-post-image   wpgmp_featured_image\\\" ><\\\/div>\",\"post_categories\":\"Ev\\u00e9nements ponctuels\",\"post_tags\":\"\",\"%_encloseme%\":\"1\",\"%_thumbnail_id%\":\"258814\",\"%ville_r%\":\"MONTREAL\",\"%_ville_r%\":\"field_5efc3a17e12c5\",\"%cp_r%\":\"11290\",\"%_cp_r%\":\"field_5efc3a47e12ca\",\"%tarifs_r%\":\"Plein tarif|70,00||\",\"%_tarifs_r%\":\"field_5efc3a22e12c6\",\"%adresse_r%\":\"Le Fort\",\"%_adresse_r%\":\"field_5efc3a2ee12c7\",\"%carte_r%\":\"Le Fort 11290 MONTREAL, 43.2006356, 2.11135886, 14\",\"%_carte_r%\":\"field_5efc4ed05494a\",\"%labels_r%\":\"\",\"%_labels_r%\":\"field_5f3a47134470d\",\"%handicap_r%\":\"\",\"%_handicap_r%\":\"field_5f3a471a4470e\",\"%offres_promotionnelles_r%\":\"\",\"%_offres_promotionnelles_r%\":\"field_5f3a472d4470f\",\"%telephone_r%\":\"\",\"%_telephone_r%\":\"field_5efc3a39e12c8\",\"%email_r%\":\"\",\"%_email_r%\":\"field_5efc3a40e12c9\",\"%idunique_r%\":\"FMALAR011V519DCL\",\"%_idunique_r%\":\"field_5f04335c562b3\",\"%site_r%\":\"https:\\\/\\\/leparfumdesanthocyanes.fr\\\/reserver-un-atelier\",\"%_site_r%\":\"field_5efc4d652a106\",\"%_date_evenement_r%\":\"field_5f0348f37d5bd\",\"%_date_evenement_fin_r%\":\"field_5f3a4540d0781\",\"%horaires_evenement_r%\":\"15:00 \\\/ 18:00\",\"%_horaires_evenement_r%\":\"field_5f3a4550d0782\",\"%type_r%\":\"Stage \\\/ Atelier\",\"%_type_r%\":\"field_5f057b5365cd7\",\"%classification_r%\":\"\",\"%_classification_r%\":\"field_5f3a3af81a328\",\"%classement_prefectoral_r%\":\"\",\"%_classement_prefectoral_r%\":\"field_5f3a473444710\",\"%datetri_r%\":\"1774742400\",\"%_datetri_r%\":\"field_5f3a8a82002b1\",\"%langage_r%\":\"FR\",\"%_langage_r%\":\"field_5f3be5649f374\",\"%_wpgmp_location_address%\":\"Le Fort 11290 MONTREAL\",\"%_wpgmp_location_city%\":\"MONTREAL\",\"%_wpgmp_location_state%\":\"\",\"%_wpgmp_location_country%\":\"France\",\"%_wpgmp_metabox_marker_id%\":\"a:1:{i:0;i:8;}\",\"%_wpgmp_map_id%\":\"a:1:{i:0;i:21;}\",\"%_wpgmp_metabox_latitude%\":\"43.2006356\",\"%_wpgmp_metabox_longitude%\":\"2.11135886\",\"%_wpgmp_metabox_location_redirect%\":\"post\",\"%_wpgmp_metabox_custom_link%\":\"\",\"%_wpgmp_metabox_taxomomies_terms%\":\"N;\",\"%_wpgmp_extensions_fields%\":\"N;\",\"%_wpml_word_count%\":\"107\",\"%galerie_image_r%\":\"258814, 258817\",\"%_galerie_image_r%\":\"field_5f3bd339f8130\",\"%_elementor_page_assets%\":\"\",\"taxonomy=category\":\"Ev\\u00e9nements ponctuels\",\"taxonomy=post_tag\":\"\",\"taxonomy=post_format\":\"\",\"taxonomy=translation_priority\":\"Opcional\"},\"icon\":\"https:\\\/\\\/collinescathares.com\\\/wp-content\\\/uploads\\\/2020\\\/07\\\/pointeur_vert.svg\"},\"id\":260623,\"custom_filters\":{\"type_r\":\"Stage \\\/ Atelier\",\"datetri_r\":\"1774742400\"},\"infowindow_disable\":false,\"categories\":[{\"icon\":\"https:\\\/\\\/collinescathares.com\\\/wp-content\\\/uploads\\\/2020\\\/07\\\/pointeur_vert.svg\",\"name\":\"Ev\\u00e9nements ponctuels\",\"id\":\"8\",\"type\":\"category\"}]},{\"source\":\"post\",\"title\":\"VIDE-GRENIERS \\u00c0 LA FORCE\",\"infowindow_content\":\"<div class=\\\"fc-main\\\"><div class=\\\"fc-item-title\\\">VIDE-GRENIERS \\u00c0 LA FORCE <span class=\\\"fc-badge info\\\">Ev\\u00e9nements ponctuels<\\\/span><\\\/div> <div class=\\\"fc-item-featured_image\\\"><div class=\\\"fc-feature-img\\\"><img alt=\\\"VIDE-GRENIERS \\u00c0 LA FORCE\\\" width=\\\"300\\\" height=\\\"225\\\" src=\\\"https:\\\/\\\/collinescathares.com\\\/wp-content\\\/uploads\\\/2025\\\/04\\\/VIDE-GRENIERS-A-PEXIORA-300x225.jpg\\\" class=\\\"wp-post-image   wpgmp_featured_image\\\" ><\\\/div> <\\\/div>Le Comit\\u00e9 des F\\u00eates de La Force organise un grand vide-greniers et un march\\u00e9 de producteurs le dimanche 15 juin 2025. Qui n\\u2019aime pas chiner ? Nos \\u00e2mes d\\u2019enfants adorent partir \\u00e0 la recherche de l\\u2019objet oubli\\u00e9 qui ravive nos souvenirs. Le moulin \\u00e0 caf\\u00e9 comme chez m\\u00e9m\\u00e9 Josette, la vieille BD qu\\u2019on lisait en [&hellip;]<address><b>Adresse : <\\\/b>{marker_address}<\\\/address><a class=\\\"fc-btn fc-btn-small fc-btn-red\\\" href=\\\"https:\\\/\\\/collinescathares.com\\\/es\\\/evenements-ponctuels\\\/vide-greniers-a-la-force\\\/\\\">En savoir plus<\\\/a><\\\/div>\",\"content\":\"Le Comit\\u00e9 des F\\u00eates de La Force organise un grand vide-greniers et un march\\u00e9 de producteurs le dimanche 15 juin 2025. Qui n\\u2019aime pas chiner ? Nos \\u00e2mes d\\u2019enfants adorent partir \\u00e0 la recherche de l\\u2019objet oubli\\u00e9 qui ravive nos souvenirs. Le moulin \\u00e0 caf\\u00e9 comme chez m\\u00e9m\\u00e9 Josette, la vieille BD qu\\u2019on lisait en [&hellip;]\",\"address\":\"place des \\u00e9coles 11270 LA FORCE\",\"location\":{\"lat\":\"43.1940112\",\"city\":\"LA FORCE\",\"country\":\"France\",\"lng\":\"2.09330788\",\"onclick_action\":\"post\",\"redirect_permalink\":\"https:\\\/\\\/collinescathares.com\\\/es\\\/evenements-ponctuels\\\/vide-greniers-a-la-force\\\/\",\"zoom\":10,\"extra_fields\":{\"%date_evenement_r%\":\"15 Juin 2025\",\"%date_evenement_fin_r%\":\"15 Juin 2025\",\"post_excerpt\":\"Le Comit\\u00e9 des F\\u00eates de La Force organise un grand vide-greniers et un march\\u00e9 de producteurs le dimanche 15 juin 2025. Qui n\\u2019aime pas chiner ? Nos \\u00e2mes d\\u2019enfants adorent partir \\u00e0 la recherche de l\\u2019objet oubli\\u00e9 qui ravive nos souvenirs. Le moulin \\u00e0 caf\\u00e9 comme chez m\\u00e9m\\u00e9 Josette, la vieille BD qu\\u2019on lisait en [&hellip;]\",\"post_content\":\"Le Comit\\u00e9 des F\\u00eates de La Force organise un grand vide-greniers et un march\\u00e9 de producteurs le dimanche 15 juin 2025.\\n\\nQui n\\u2019aime pas chiner ? Nos \\u00e2mes d\\u2019enfants adorent partir \\u00e0 la recherche de l\\u2019objet oubli\\u00e9 qui ravive nos souvenirs. Le moulin \\u00e0 caf\\u00e9 comme chez m\\u00e9m\\u00e9 Josette, la vieille BD qu\\u2019on lisait en cachette \\u00e0 la lampe de poche, des vieux objets, des livres, des meubles, des v\\u00eatements vintage\\u2026 un bonheur de repartir avec des trouvailles d\\u00e9nich\\u00e9es sous le bric \\u00e0 brac. \\n\\nExposition de v\\u00e9hicules anciens. Buvette et restauration sur place.\",\"post_title\":\"VIDE-GRENIERS \\u00c0 LA FORCE\",\"post_link\":\"https:\\\/\\\/collinescathares.com\\\/es\\\/evenements-ponctuels\\\/vide-greniers-a-la-force\\\/\",\"post_featured_image\":\"<div class=\\\"fc-feature-img\\\"><img alt=\\\"VIDE-GRENIERS \\u00c0 LA FORCE\\\" width=\\\"300\\\" height=\\\"225\\\" src=\\\"https:\\\/\\\/collinescathares.com\\\/wp-content\\\/uploads\\\/2025\\\/04\\\/VIDE-GRENIERS-A-PEXIORA-300x225.jpg\\\" class=\\\"wp-post-image   wpgmp_featured_image\\\" ><\\\/div>\",\"post_categories\":\"Ev\\u00e9nements ponctuels\",\"post_tags\":\"\",\"%_encloseme%\":\"1\",\"%_thumbnail_id%\":\"253171\",\"%ville_r%\":\"LA FORCE\",\"%_ville_r%\":\"field_5efc3a17e12c5\",\"%cp_r%\":\"11270\",\"%_cp_r%\":\"field_5efc3a47e12ca\",\"%tarifs_r%\":\"\",\"%_tarifs_r%\":\"field_5efc3a22e12c6\",\"%adresse_r%\":\"place des \\u00e9coles\",\"%_adresse_r%\":\"field_5efc3a2ee12c7\",\"%carte_r%\":\"place des \\u00e9coles 11270 LA FORCE, 43.1940112, 2.09330788, 14\",\"%_carte_r%\":\"field_5efc4ed05494a\",\"%labels_r%\":\"\",\"%_labels_r%\":\"field_5f3a47134470d\",\"%handicap_r%\":\"\",\"%_handicap_r%\":\"field_5f3a471a4470e\",\"%offres_promotionnelles_r%\":\"\",\"%_offres_promotionnelles_r%\":\"field_5f3a472d4470f\",\"%telephone_r%\":\" Port : +33 6 02 26 95 86\",\"%_telephone_r%\":\"field_5efc3a39e12c8\",\"%email_r%\":\"\",\"%_email_r%\":\"field_5efc3a40e12c9\",\"%idunique_r%\":\"FMALAR011V516OBE\",\"%_idunique_r%\":\"field_5f04335c562b3\",\"%site_r%\":\"\",\"%_site_r%\":\"field_5efc4d652a106\",\"%_date_evenement_r%\":\"field_5f0348f37d5bd\",\"%_date_evenement_fin_r%\":\"field_5f3a4540d0781\",\"%horaires_evenement_r%\":\"09:00 \\\/ 18:00\",\"%_horaires_evenement_r%\":\"field_5f3a4550d0782\",\"%type_r%\":\"Vide-grenier\",\"%_type_r%\":\"field_5f057b5365cd7\",\"%classification_r%\":\"\",\"%_classification_r%\":\"field_5f3a3af81a328\",\"%classement_prefectoral_r%\":\"\",\"%_classement_prefectoral_r%\":\"field_5f3a473444710\",\"%datetri_r%\":\"1749945600\",\"%_datetri_r%\":\"field_5f3a8a82002b1\",\"%langage_r%\":\"FR\",\"%_langage_r%\":\"field_5f3be5649f374\",\"%_wpgmp_location_address%\":\"place des \\u00e9coles 11270 LA FORCE\",\"%_wpgmp_location_city%\":\"LA FORCE\",\"%_wpgmp_location_state%\":\"\",\"%_wpgmp_location_country%\":\"France\",\"%_wpgmp_metabox_marker_id%\":\"a:1:{i:0;i:8;}\",\"%_wpgmp_map_id%\":\"a:1:{i:0;i:21;}\",\"%_wpgmp_metabox_latitude%\":\"43.1940112\",\"%_wpgmp_metabox_longitude%\":\"2.09330788\",\"%_wpgmp_metabox_location_redirect%\":\"post\",\"%_wpgmp_metabox_custom_link%\":\"\",\"%_wpgmp_metabox_taxomomies_terms%\":\"N;\",\"%_wpgmp_extensions_fields%\":\"N;\",\"%_wpml_word_count%\":\"99\",\"%_elementor_page_assets%\":\"\",\"taxonomy=category\":\"Ev\\u00e9nements ponctuels\",\"taxonomy=post_tag\":\"\",\"taxonomy=post_format\":\"\",\"taxonomy=translation_priority\":\"Opcional\"},\"icon\":\"https:\\\/\\\/collinescathares.com\\\/wp-content\\\/uploads\\\/2020\\\/07\\\/pointeur_vert.svg\"},\"id\":253571,\"custom_filters\":{\"type_r\":\"Vide-grenier\",\"datetri_r\":\"1749945600\"},\"infowindow_disable\":false,\"categories\":[{\"icon\":\"https:\\\/\\\/collinescathares.com\\\/wp-content\\\/uploads\\\/2020\\\/07\\\/pointeur_vert.svg\",\"name\":\"Ev\\u00e9nements ponctuels\",\"id\":\"8\",\"type\":\"category\"}]},{\"source\":\"post\",\"title\":\"VISITE COMMENT\\u00c9E DE LA COLL\\u00c9GIALE SAINT-VINCENT\",\"infowindow_content\":\"<div class=\\\"fc-main\\\"><div class=\\\"fc-item-title\\\">VISITE COMMENT\\u00c9E DE LA COLL\\u00c9GIALE SAINT-VINCENT <span class=\\\"fc-badge info\\\">Ev\\u00e9nements ponctuels<\\\/span><\\\/div> <div class=\\\"fc-item-featured_image\\\"><div class=\\\"fc-feature-img\\\"><img alt=\\\"VISITE COMMENT\\u00c9E DE LA COLL\\u00c9GIALE SAINT-VINCENT\\\" width=\\\"300\\\" height=\\\"225\\\" src=\\\"https:\\\/\\\/collinescathares.com\\\/wp-content\\\/uploads\\\/2024\\\/07\\\/VISITE-COMMENTEE-DE-LA-COLLEGIALE-SAINT-VINCENT-A-MONTREAL-300x225.jpg\\\" class=\\\"wp-post-image   wpgmp_featured_image\\\" ><\\\/div> <\\\/div>Pos\\u00e9e dans les hauteurs de Montr\\u00e9al d\\u2019Aude comme un phare au c\\u0153ur des collines riantes et des vignobles de la Malep\\u00e8re, la Coll\\u00e9giale Saint-Vincent marque les paysages alentour de ses \\u00e9tonnantes proportions. Dat\\u00e9 de la fin du XIIIe \\u2013 d\\u00e9but XIVe si\\u00e8cle, fortifi\\u00e9 durant les guerres de religion, embelli aux XVIIIe et XIXe si\\u00e8cles, ce [&hellip;]<address><b>Adresse : <\\\/b>{marker_address}<\\\/address><a class=\\\"fc-btn fc-btn-small fc-btn-red\\\" href=\\\"https:\\\/\\\/collinescathares.com\\\/es\\\/evenements-ponctuels\\\/visite-commentee-de-la-collegiale-saint-vincent-4\\\/\\\">En savoir plus<\\\/a><\\\/div>\",\"content\":\"Pos\\u00e9e dans les hauteurs de Montr\\u00e9al d\\u2019Aude comme un phare au c\\u0153ur des collines riantes et des vignobles de la Malep\\u00e8re, la Coll\\u00e9giale Saint-Vincent marque les paysages alentour de ses \\u00e9tonnantes proportions. Dat\\u00e9 de la fin du XIIIe \\u2013 d\\u00e9but XIVe si\\u00e8cle, fortifi\\u00e9 durant les guerres de religion, embelli aux XVIIIe et XIXe si\\u00e8cles, ce [&hellip;]\",\"address\":\"Place Saint-Vincent 11290 MONTREAL\",\"location\":{\"lat\":\"43.1993378\",\"city\":\"MONTREAL\",\"country\":\"France\",\"lng\":\"2.14279411\",\"onclick_action\":\"post\",\"redirect_permalink\":\"https:\\\/\\\/collinescathares.com\\\/es\\\/evenements-ponctuels\\\/visite-commentee-de-la-collegiale-saint-vincent-4\\\/\",\"zoom\":10,\"extra_fields\":{\"%date_evenement_r%\":\"21 Ao\\u00fbt 2025\",\"%date_evenement_fin_r%\":\"21 Ao\\u00fbt 2025\",\"post_excerpt\":\"Pos\\u00e9e dans les hauteurs de Montr\\u00e9al d\\u2019Aude comme un phare au c\\u0153ur des collines riantes et des vignobles de la Malep\\u00e8re, la Coll\\u00e9giale Saint-Vincent marque les paysages alentour de ses \\u00e9tonnantes proportions. Dat\\u00e9 de la fin du XIIIe \\u2013 d\\u00e9but XIVe si\\u00e8cle, fortifi\\u00e9 durant les guerres de religion, embelli aux XVIIIe et XIXe si\\u00e8cles, ce [&hellip;]\",\"post_content\":\"Pos\\u00e9e dans les hauteurs de Montr\\u00e9al d\\u2019Aude comme un phare au c\\u0153ur des collines riantes et des vignobles de la Malep\\u00e8re, la Coll\\u00e9giale Saint-Vincent marque les paysages alentour de ses \\u00e9tonnantes proportions. \\n\\nDat\\u00e9 de la fin du XIIIe \\u2013 d\\u00e9but XIVe si\\u00e8cle, fortifi\\u00e9 durant les guerres de religion, embelli aux XVIIIe et XIXe si\\u00e8cles, ce majestueux vaisseau de pierre conserve le souvenir des moments clefs de l\\u2019Histoire locale.\\n\\nVenez d\\u00e9couvrir cet \\u00e9difice lors d'une visite guid\\u00e9e !\\nRendez-vous sur le parvis de la coll\\u00e9giale (place Saint-Vincent) le jeudi 21 ao\\u00fbt \\u00e0 17h. Votre guide, Armand Guitard, vous y attendra.\\n\\nVisite sur r\\u00e9servation : 04 68 24 75 45 \\\/ tourisme@ccplm.fr\\nParticipation au chapeau. Nombre de places limit\\u00e9.\\n\\u00c0 cette occasion, le livre d'Armand Guitard sur la coll\\u00e9giale sera propos\\u00e9 \\u00e0 la vente.\",\"post_title\":\"VISITE COMMENT\\u00c9E DE LA COLL\\u00c9GIALE SAINT-VINCENT\",\"post_link\":\"https:\\\/\\\/collinescathares.com\\\/es\\\/evenements-ponctuels\\\/visite-commentee-de-la-collegiale-saint-vincent-4\\\/\",\"post_featured_image\":\"<div class=\\\"fc-feature-img\\\"><img alt=\\\"VISITE COMMENT\\u00c9E DE LA COLL\\u00c9GIALE SAINT-VINCENT\\\" width=\\\"300\\\" height=\\\"225\\\" src=\\\"https:\\\/\\\/collinescathares.com\\\/wp-content\\\/uploads\\\/2024\\\/07\\\/VISITE-COMMENTEE-DE-LA-COLLEGIALE-SAINT-VINCENT-A-MONTREAL-300x225.jpg\\\" class=\\\"wp-post-image   wpgmp_featured_image\\\" ><\\\/div>\",\"post_categories\":\"Ev\\u00e9nements ponctuels\",\"post_tags\":\"\",\"%_encloseme%\":\"1\",\"%_thumbnail_id%\":\"246909\",\"%ville_r%\":\"MONTREAL\",\"%_ville_r%\":\"field_5efc3a17e12c5\",\"%cp_r%\":\"11290\",\"%_cp_r%\":\"field_5efc3a47e12ca\",\"%tarifs_r%\":\"\",\"%_tarifs_r%\":\"field_5efc3a22e12c6\",\"%adresse_r%\":\"Place Saint-Vincent\",\"%_adresse_r%\":\"field_5efc3a2ee12c7\",\"%carte_r%\":\"Place Saint-Vincent 11290 MONTREAL, 43.1993378, 2.14279411, 14\",\"%_carte_r%\":\"field_5efc4ed05494a\",\"%labels_r%\":\"\",\"%_labels_r%\":\"field_5f3a47134470d\",\"%handicap_r%\":\"\",\"%_handicap_r%\":\"field_5f3a471a4470e\",\"%offres_promotionnelles_r%\":\"\",\"%_offres_promotionnelles_r%\":\"field_5f3a472d4470f\",\"%telephone_r%\":\"+33 4 68 24 75 45\",\"%_telephone_r%\":\"field_5efc3a39e12c8\",\"%email_r%\":\"tourisme@ccplm.fr\",\"%_email_r%\":\"field_5efc3a40e12c9\",\"%idunique_r%\":\"FMALAR011V516OB1\",\"%_idunique_r%\":\"field_5f04335c562b3\",\"%site_r%\":\"https:\\\/\\\/collinescathares.com\\\/\",\"%_site_r%\":\"field_5efc4d652a106\",\"%_date_evenement_r%\":\"field_5f0348f37d5bd\",\"%_date_evenement_fin_r%\":\"field_5f3a4540d0781\",\"%horaires_evenement_r%\":\"17:00 \\\/ 18:00\",\"%_horaires_evenement_r%\":\"field_5f3a4550d0782\",\"%type_r%\":\"Visite guid\\u00e9e\",\"%_type_r%\":\"field_5f057b5365cd7\",\"%classification_r%\":\"\",\"%_classification_r%\":\"field_5f3a3af81a328\",\"%classement_prefectoral_r%\":\"\",\"%_classement_prefectoral_r%\":\"field_5f3a473444710\",\"%datetri_r%\":\"1755734400\",\"%_datetri_r%\":\"field_5f3a8a82002b1\",\"%langage_r%\":\"FR\",\"%_langage_r%\":\"field_5f3be5649f374\",\"%_wpgmp_location_address%\":\"Place Saint-Vincent 11290 MONTREAL\",\"%_wpgmp_location_city%\":\"MONTREAL\",\"%_wpgmp_location_state%\":\"\",\"%_wpgmp_location_country%\":\"France\",\"%_wpgmp_metabox_marker_id%\":\"a:1:{i:0;i:8;}\",\"%_wpgmp_map_id%\":\"a:1:{i:0;i:21;}\",\"%_wpgmp_metabox_latitude%\":\"43.1993378\",\"%_wpgmp_metabox_longitude%\":\"2.14279411\",\"%_wpgmp_metabox_location_redirect%\":\"post\",\"%_wpgmp_metabox_custom_link%\":\"\",\"%_wpgmp_metabox_taxomomies_terms%\":\"N;\",\"%_wpgmp_extensions_fields%\":\"N;\",\"%_wpml_word_count%\":\"144\",\"taxonomy=category\":\"Ev\\u00e9nements ponctuels\",\"taxonomy=post_tag\":\"\",\"taxonomy=post_format\":\"\",\"taxonomy=translation_priority\":\"Opcional\"},\"icon\":\"https:\\\/\\\/collinescathares.com\\\/wp-content\\\/uploads\\\/2020\\\/07\\\/pointeur_vert.svg\"},\"id\":253570,\"custom_filters\":{\"type_r\":\"Visite guid\\u00e9e\",\"datetri_r\":\"1755734400\"},\"infowindow_disable\":false,\"categories\":[{\"icon\":\"https:\\\/\\\/collinescathares.com\\\/wp-content\\\/uploads\\\/2020\\\/07\\\/pointeur_vert.svg\",\"name\":\"Ev\\u00e9nements ponctuels\",\"id\":\"8\",\"type\":\"category\"}]},{\"source\":\"post\",\"title\":\"VISITE COMMENT\\u00c9E DE LA COLL\\u00c9GIALE SAINT-VINCENT\",\"infowindow_content\":\"<div class=\\\"fc-main\\\"><div class=\\\"fc-item-title\\\">VISITE COMMENT\\u00c9E DE LA COLL\\u00c9GIALE SAINT-VINCENT <span class=\\\"fc-badge info\\\">Ev\\u00e9nements ponctuels<\\\/span><\\\/div> <div class=\\\"fc-item-featured_image\\\"><div class=\\\"fc-feature-img\\\"><img alt=\\\"VISITE COMMENT\\u00c9E DE LA COLL\\u00c9GIALE SAINT-VINCENT\\\" width=\\\"300\\\" height=\\\"225\\\" src=\\\"https:\\\/\\\/collinescathares.com\\\/wp-content\\\/uploads\\\/2024\\\/07\\\/VISITE-COMMENTEE-DE-LA-COLLEGIALE-SAINT-VINCENT-A-MONTREAL-300x225.jpg\\\" class=\\\"wp-post-image   wpgmp_featured_image\\\" ><\\\/div> <\\\/div>Pos\\u00e9e dans les hauteurs de Montr\\u00e9al d\\u2019Aude comme un phare au c\\u0153ur des collines riantes et des vignobles de la Malep\\u00e8re, la Coll\\u00e9giale Saint-Vincent marque les paysages alentour de ses \\u00e9tonnantes proportions. Dat\\u00e9 de la fin du XIIIe \\u2013 d\\u00e9but XIVe si\\u00e8cle, fortifi\\u00e9 durant les guerres de religion, embelli aux XVIIIe et XIXe si\\u00e8cles, ce [&hellip;]<address><b>Adresse : <\\\/b>{marker_address}<\\\/address><a class=\\\"fc-btn fc-btn-small fc-btn-red\\\" href=\\\"https:\\\/\\\/collinescathares.com\\\/es\\\/evenements-ponctuels\\\/visite-commentee-de-la-collegiale-saint-vincent-3\\\/\\\">En savoir plus<\\\/a><\\\/div>\",\"content\":\"Pos\\u00e9e dans les hauteurs de Montr\\u00e9al d\\u2019Aude comme un phare au c\\u0153ur des collines riantes et des vignobles de la Malep\\u00e8re, la Coll\\u00e9giale Saint-Vincent marque les paysages alentour de ses \\u00e9tonnantes proportions. Dat\\u00e9 de la fin du XIIIe \\u2013 d\\u00e9but XIVe si\\u00e8cle, fortifi\\u00e9 durant les guerres de religion, embelli aux XVIIIe et XIXe si\\u00e8cles, ce [&hellip;]\",\"address\":\"Place Saint-Vincent 11290 MONTREAL\",\"location\":{\"lat\":\"43.1993378\",\"city\":\"MONTREAL\",\"country\":\"France\",\"lng\":\"2.14279411\",\"onclick_action\":\"post\",\"redirect_permalink\":\"https:\\\/\\\/collinescathares.com\\\/es\\\/evenements-ponctuels\\\/visite-commentee-de-la-collegiale-saint-vincent-3\\\/\",\"zoom\":10,\"extra_fields\":{\"%date_evenement_r%\":\"07 Ao\\u00fbt 2025\",\"%date_evenement_fin_r%\":\"07 Ao\\u00fbt 2025\",\"post_excerpt\":\"Pos\\u00e9e dans les hauteurs de Montr\\u00e9al d\\u2019Aude comme un phare au c\\u0153ur des collines riantes et des vignobles de la Malep\\u00e8re, la Coll\\u00e9giale Saint-Vincent marque les paysages alentour de ses \\u00e9tonnantes proportions. Dat\\u00e9 de la fin du XIIIe \\u2013 d\\u00e9but XIVe si\\u00e8cle, fortifi\\u00e9 durant les guerres de religion, embelli aux XVIIIe et XIXe si\\u00e8cles, ce [&hellip;]\",\"post_content\":\"Pos\\u00e9e dans les hauteurs de Montr\\u00e9al d\\u2019Aude comme un phare au c\\u0153ur des collines riantes et des vignobles de la Malep\\u00e8re, la Coll\\u00e9giale Saint-Vincent marque les paysages alentour de ses \\u00e9tonnantes proportions. \\n\\nDat\\u00e9 de la fin du XIIIe \\u2013 d\\u00e9but XIVe si\\u00e8cle, fortifi\\u00e9 durant les guerres de religion, embelli aux XVIIIe et XIXe si\\u00e8cles, ce majestueux vaisseau de pierre conserve le souvenir des moments clefs de l\\u2019Histoire locale.\\n\\nVenez d\\u00e9couvrir cet \\u00e9difice lors d'une visite guid\\u00e9e !\\nRendez-vous sur le parvis de la coll\\u00e9giale (place Saint-Vincent) le jeudi 07 ao\\u00fbt \\u00e0 17h. Votre guide, Armand Guitard, vous y attendra.\\n\\nVisite sur r\\u00e9servation : 04 68 24 75 45 \\\/ tourisme@ccplm.fr\\nParticipation au chapeau. Nombre de places limit\\u00e9.\\n\\u00c0 cette occasion, le livre d'Armand Guitard sur la coll\\u00e9giale sera propos\\u00e9 \\u00e0 la vente.\",\"post_title\":\"VISITE COMMENT\\u00c9E DE LA COLL\\u00c9GIALE SAINT-VINCENT\",\"post_link\":\"https:\\\/\\\/collinescathares.com\\\/es\\\/evenements-ponctuels\\\/visite-commentee-de-la-collegiale-saint-vincent-3\\\/\",\"post_featured_image\":\"<div class=\\\"fc-feature-img\\\"><img alt=\\\"VISITE COMMENT\\u00c9E DE LA COLL\\u00c9GIALE SAINT-VINCENT\\\" width=\\\"300\\\" height=\\\"225\\\" src=\\\"https:\\\/\\\/collinescathares.com\\\/wp-content\\\/uploads\\\/2024\\\/07\\\/VISITE-COMMENTEE-DE-LA-COLLEGIALE-SAINT-VINCENT-A-MONTREAL-300x225.jpg\\\" class=\\\"wp-post-image   wpgmp_featured_image\\\" ><\\\/div>\",\"post_categories\":\"Ev\\u00e9nements ponctuels\",\"post_tags\":\"\",\"%_encloseme%\":\"1\",\"%_thumbnail_id%\":\"246909\",\"%ville_r%\":\"MONTREAL\",\"%_ville_r%\":\"field_5efc3a17e12c5\",\"%cp_r%\":\"11290\",\"%_cp_r%\":\"field_5efc3a47e12ca\",\"%tarifs_r%\":\"\",\"%_tarifs_r%\":\"field_5efc3a22e12c6\",\"%adresse_r%\":\"Place Saint-Vincent\",\"%_adresse_r%\":\"field_5efc3a2ee12c7\",\"%carte_r%\":\"Place Saint-Vincent 11290 MONTREAL, 43.1993378, 2.14279411, 14\",\"%_carte_r%\":\"field_5efc4ed05494a\",\"%labels_r%\":\"\",\"%_labels_r%\":\"field_5f3a47134470d\",\"%handicap_r%\":\"\",\"%_handicap_r%\":\"field_5f3a471a4470e\",\"%offres_promotionnelles_r%\":\"\",\"%_offres_promotionnelles_r%\":\"field_5f3a472d4470f\",\"%telephone_r%\":\"+33 4 68 24 75 45\",\"%_telephone_r%\":\"field_5efc3a39e12c8\",\"%email_r%\":\"tourisme@ccplm.fr\",\"%_email_r%\":\"field_5efc3a40e12c9\",\"%idunique_r%\":\"FMALAR011V516OAZ\",\"%_idunique_r%\":\"field_5f04335c562b3\",\"%site_r%\":\"https:\\\/\\\/collinescathares.com\\\/\",\"%_site_r%\":\"field_5efc4d652a106\",\"%_date_evenement_r%\":\"field_5f0348f37d5bd\",\"%_date_evenement_fin_r%\":\"field_5f3a4540d0781\",\"%horaires_evenement_r%\":\"17:00 \\\/ 18:00\",\"%_horaires_evenement_r%\":\"field_5f3a4550d0782\",\"%type_r%\":\"Visite guid\\u00e9e\",\"%_type_r%\":\"field_5f057b5365cd7\",\"%classification_r%\":\"\",\"%_classification_r%\":\"field_5f3a3af81a328\",\"%classement_prefectoral_r%\":\"\",\"%_classement_prefectoral_r%\":\"field_5f3a473444710\",\"%datetri_r%\":\"1754524800\",\"%_datetri_r%\":\"field_5f3a8a82002b1\",\"%langage_r%\":\"FR\",\"%_langage_r%\":\"field_5f3be5649f374\",\"%_wpgmp_location_address%\":\"Place Saint-Vincent 11290 MONTREAL\",\"%_wpgmp_location_city%\":\"MONTREAL\",\"%_wpgmp_location_state%\":\"\",\"%_wpgmp_location_country%\":\"France\",\"%_wpgmp_metabox_marker_id%\":\"a:1:{i:0;i:8;}\",\"%_wpgmp_map_id%\":\"a:1:{i:0;i:21;}\",\"%_wpgmp_metabox_latitude%\":\"43.1993378\",\"%_wpgmp_metabox_longitude%\":\"2.14279411\",\"%_wpgmp_metabox_location_redirect%\":\"post\",\"%_wpgmp_metabox_custom_link%\":\"\",\"%_wpgmp_metabox_taxomomies_terms%\":\"N;\",\"%_wpgmp_extensions_fields%\":\"N;\",\"%_wpml_word_count%\":\"144\",\"taxonomy=category\":\"Ev\\u00e9nements ponctuels\",\"taxonomy=post_tag\":\"\",\"taxonomy=post_format\":\"\",\"taxonomy=translation_priority\":\"Opcional\"},\"icon\":\"https:\\\/\\\/collinescathares.com\\\/wp-content\\\/uploads\\\/2020\\\/07\\\/pointeur_vert.svg\"},\"id\":253569,\"custom_filters\":{\"type_r\":\"Visite guid\\u00e9e\",\"datetri_r\":\"1754524800\"},\"infowindow_disable\":false,\"categories\":[{\"icon\":\"https:\\\/\\\/collinescathares.com\\\/wp-content\\\/uploads\\\/2020\\\/07\\\/pointeur_vert.svg\",\"name\":\"Ev\\u00e9nements ponctuels\",\"id\":\"8\",\"type\":\"category\"}]},{\"source\":\"post\",\"title\":\"VISITE COMMENT\\u00c9E DE LA COLL\\u00c9GIALE SAINT-VINCENT\",\"infowindow_content\":\"<div class=\\\"fc-main\\\"><div class=\\\"fc-item-title\\\">VISITE COMMENT\\u00c9E DE LA COLL\\u00c9GIALE SAINT-VINCENT <span class=\\\"fc-badge info\\\">Ev\\u00e9nements ponctuels<\\\/span><\\\/div> <div class=\\\"fc-item-featured_image\\\"><div class=\\\"fc-feature-img\\\"><img alt=\\\"VISITE COMMENT\\u00c9E DE LA COLL\\u00c9GIALE SAINT-VINCENT\\\" width=\\\"300\\\" height=\\\"225\\\" src=\\\"https:\\\/\\\/collinescathares.com\\\/wp-content\\\/uploads\\\/2024\\\/07\\\/VISITE-COMMENTEE-DE-LA-COLLEGIALE-SAINT-VINCENT-A-MONTREAL-300x225.jpg\\\" class=\\\"wp-post-image   wpgmp_featured_image\\\" ><\\\/div> <\\\/div>Pos\\u00e9e dans les hauteurs de Montr\\u00e9al d\\u2019Aude comme un phare au c\\u0153ur des collines riantes et des vignobles de la Malep\\u00e8re, la Coll\\u00e9giale Saint-Vincent marque les paysages alentour de ses \\u00e9tonnantes proportions. Dat\\u00e9 de la fin du XIIIe \\u2013 d\\u00e9but XIVe si\\u00e8cle, fortifi\\u00e9 durant les guerres de religion, embelli aux XVIIIe et XIXe si\\u00e8cles, ce [&hellip;]<address><b>Adresse : <\\\/b>{marker_address}<\\\/address><a class=\\\"fc-btn fc-btn-small fc-btn-red\\\" href=\\\"https:\\\/\\\/collinescathares.com\\\/es\\\/evenements-ponctuels\\\/visite-commentee-de-la-collegiale-saint-vincent\\\/\\\">En savoir plus<\\\/a><\\\/div>\",\"content\":\"Pos\\u00e9e dans les hauteurs de Montr\\u00e9al d\\u2019Aude comme un phare au c\\u0153ur des collines riantes et des vignobles de la Malep\\u00e8re, la Coll\\u00e9giale Saint-Vincent marque les paysages alentour de ses \\u00e9tonnantes proportions. Dat\\u00e9 de la fin du XIIIe \\u2013 d\\u00e9but XIVe si\\u00e8cle, fortifi\\u00e9 durant les guerres de religion, embelli aux XVIIIe et XIXe si\\u00e8cles, ce [&hellip;]\",\"address\":\"Place Saint-Vincent 11290 MONTREAL\",\"location\":{\"lat\":\"43.1993378\",\"city\":\"MONTREAL\",\"country\":\"France\",\"lng\":\"2.14279411\",\"onclick_action\":\"post\",\"redirect_permalink\":\"https:\\\/\\\/collinescathares.com\\\/es\\\/evenements-ponctuels\\\/visite-commentee-de-la-collegiale-saint-vincent\\\/\",\"zoom\":10,\"extra_fields\":{\"%date_evenement_r%\":\"10 Juillet 2025\",\"%date_evenement_fin_r%\":\"10 Juillet 2025\",\"post_excerpt\":\"Pos\\u00e9e dans les hauteurs de Montr\\u00e9al d\\u2019Aude comme un phare au c\\u0153ur des collines riantes et des vignobles de la Malep\\u00e8re, la Coll\\u00e9giale Saint-Vincent marque les paysages alentour de ses \\u00e9tonnantes proportions. Dat\\u00e9 de la fin du XIIIe \\u2013 d\\u00e9but XIVe si\\u00e8cle, fortifi\\u00e9 durant les guerres de religion, embelli aux XVIIIe et XIXe si\\u00e8cles, ce [&hellip;]\",\"post_content\":\"Pos\\u00e9e dans les hauteurs de Montr\\u00e9al d\\u2019Aude comme un phare au c\\u0153ur des collines riantes et des vignobles de la Malep\\u00e8re, la Coll\\u00e9giale Saint-Vincent marque les paysages alentour de ses \\u00e9tonnantes proportions. \\n\\nDat\\u00e9 de la fin du XIIIe \\u2013 d\\u00e9but XIVe si\\u00e8cle, fortifi\\u00e9 durant les guerres de religion, embelli aux XVIIIe et XIXe si\\u00e8cles, ce majestueux vaisseau de pierre conserve le souvenir des moments clefs de l\\u2019Histoire locale.\\n\\nVenez d\\u00e9couvrir cet \\u00e9difice lors d'une visite guid\\u00e9e !\\nRendez-vous sur le parvis de la coll\\u00e9giale (place Saint-Vincent) le jeudi 10 juillet \\u00e0 17h. Votre guide, Armand Guitard, vous y attendra.\\n\\nVisite sur r\\u00e9servation : 04 68 24 75 45 \\\/ tourisme@ccplm.fr\\nParticipation au chapeau. Nombre de places limit\\u00e9.\\n\\u00c0 cette occasion, le livre d'Armand Guitard sur la coll\\u00e9giale sera propos\\u00e9 \\u00e0 la vente.\",\"post_title\":\"VISITE COMMENT\\u00c9E DE LA COLL\\u00c9GIALE SAINT-VINCENT\",\"post_link\":\"https:\\\/\\\/collinescathares.com\\\/es\\\/evenements-ponctuels\\\/visite-commentee-de-la-collegiale-saint-vincent\\\/\",\"post_featured_image\":\"<div class=\\\"fc-feature-img\\\"><img alt=\\\"VISITE COMMENT\\u00c9E DE LA COLL\\u00c9GIALE SAINT-VINCENT\\\" width=\\\"300\\\" height=\\\"225\\\" src=\\\"https:\\\/\\\/collinescathares.com\\\/wp-content\\\/uploads\\\/2024\\\/07\\\/VISITE-COMMENTEE-DE-LA-COLLEGIALE-SAINT-VINCENT-A-MONTREAL-300x225.jpg\\\" class=\\\"wp-post-image   wpgmp_featured_image\\\" ><\\\/div>\",\"post_categories\":\"Ev\\u00e9nements ponctuels\",\"post_tags\":\"\",\"%_encloseme%\":\"1\",\"%_thumbnail_id%\":\"246909\",\"%ville_r%\":\"MONTREAL\",\"%_ville_r%\":\"field_5efc3a17e12c5\",\"%cp_r%\":\"11290\",\"%_cp_r%\":\"field_5efc3a47e12ca\",\"%tarifs_r%\":\"\",\"%_tarifs_r%\":\"field_5efc3a22e12c6\",\"%adresse_r%\":\"Place Saint-Vincent\",\"%_adresse_r%\":\"field_5efc3a2ee12c7\",\"%carte_r%\":\"Place Saint-Vincent 11290 MONTREAL, 43.1993378, 2.14279411, 14\",\"%_carte_r%\":\"field_5efc4ed05494a\",\"%labels_r%\":\"\",\"%_labels_r%\":\"field_5f3a47134470d\",\"%handicap_r%\":\"\",\"%_handicap_r%\":\"field_5f3a471a4470e\",\"%offres_promotionnelles_r%\":\"\",\"%_offres_promotionnelles_r%\":\"field_5f3a472d4470f\",\"%telephone_r%\":\"+33 4 68 24 75 45\",\"%_telephone_r%\":\"field_5efc3a39e12c8\",\"%email_r%\":\"tourisme@ccplm.fr\",\"%_email_r%\":\"field_5efc3a40e12c9\",\"%idunique_r%\":\"FMALAR011V516OAT\",\"%_idunique_r%\":\"field_5f04335c562b3\",\"%site_r%\":\"https:\\\/\\\/collinescathares.com\\\/\",\"%_site_r%\":\"field_5efc4d652a106\",\"%_date_evenement_r%\":\"field_5f0348f37d5bd\",\"%_date_evenement_fin_r%\":\"field_5f3a4540d0781\",\"%horaires_evenement_r%\":\"17:00 \\\/ 18:00\",\"%_horaires_evenement_r%\":\"field_5f3a4550d0782\",\"%type_r%\":\"Visite guid\\u00e9e\",\"%_type_r%\":\"field_5f057b5365cd7\",\"%classification_r%\":\"\",\"%_classification_r%\":\"field_5f3a3af81a328\",\"%classement_prefectoral_r%\":\"\",\"%_classement_prefectoral_r%\":\"field_5f3a473444710\",\"%datetri_r%\":\"1752105600\",\"%_datetri_r%\":\"field_5f3a8a82002b1\",\"%langage_r%\":\"FR\",\"%_langage_r%\":\"field_5f3be5649f374\",\"%_wpgmp_location_address%\":\"Place Saint-Vincent 11290 MONTREAL\",\"%_wpgmp_location_city%\":\"MONTREAL\",\"%_wpgmp_location_state%\":\"\",\"%_wpgmp_location_country%\":\"France\",\"%_wpgmp_metabox_marker_id%\":\"a:1:{i:0;i:8;}\",\"%_wpgmp_map_id%\":\"a:1:{i:0;i:21;}\",\"%_wpgmp_metabox_latitude%\":\"43.1993378\",\"%_wpgmp_metabox_longitude%\":\"2.14279411\",\"%_wpgmp_metabox_location_redirect%\":\"post\",\"%_wpgmp_metabox_custom_link%\":\"\",\"%_wpgmp_metabox_taxomomies_terms%\":\"N;\",\"%_wpgmp_extensions_fields%\":\"N;\",\"%_wpml_word_count%\":\"145\",\"taxonomy=category\":\"Ev\\u00e9nements ponctuels\",\"taxonomy=post_tag\":\"\",\"taxonomy=post_format\":\"\",\"taxonomy=translation_priority\":\"Opcional\"},\"icon\":\"https:\\\/\\\/collinescathares.com\\\/wp-content\\\/uploads\\\/2020\\\/07\\\/pointeur_vert.svg\"},\"id\":253567,\"custom_filters\":{\"type_r\":\"Visite guid\\u00e9e\",\"datetri_r\":\"1752105600\"},\"infowindow_disable\":false,\"categories\":[{\"icon\":\"https:\\\/\\\/collinescathares.com\\\/wp-content\\\/uploads\\\/2020\\\/07\\\/pointeur_vert.svg\",\"name\":\"Ev\\u00e9nements ponctuels\",\"id\":\"8\",\"type\":\"category\"}]},{\"source\":\"post\",\"title\":\"VISITE COMMENT\\u00c9E DE LA COLL\\u00c9GIALE SAINT-VINCENT\",\"infowindow_content\":\"<div class=\\\"fc-main\\\"><div class=\\\"fc-item-title\\\">VISITE COMMENT\\u00c9E DE LA COLL\\u00c9GIALE SAINT-VINCENT <span class=\\\"fc-badge info\\\">Ev\\u00e9nements ponctuels<\\\/span><\\\/div> <div class=\\\"fc-item-featured_image\\\"><div class=\\\"fc-feature-img\\\"><img alt=\\\"VISITE COMMENT\\u00c9E DE LA COLL\\u00c9GIALE SAINT-VINCENT\\\" width=\\\"300\\\" height=\\\"225\\\" src=\\\"https:\\\/\\\/collinescathares.com\\\/wp-content\\\/uploads\\\/2024\\\/07\\\/VISITE-COMMENTEE-DE-LA-COLLEGIALE-SAINT-VINCENT-A-MONTREAL-300x225.jpg\\\" class=\\\"wp-post-image   wpgmp_featured_image\\\" ><\\\/div> <\\\/div>Pos\\u00e9e dans les hauteurs de Montr\\u00e9al d\\u2019Aude comme un phare au c\\u0153ur des collines riantes et des vignobles de la Malep\\u00e8re, la Coll\\u00e9giale Saint-Vincent marque les paysages alentour de ses \\u00e9tonnantes proportions. Dat\\u00e9 de la fin du XIIIe \\u2013 d\\u00e9but XIVe si\\u00e8cle, fortifi\\u00e9 durant les guerres de religion, embelli aux XVIIIe et XIXe si\\u00e8cles, ce [&hellip;]<address><b>Adresse : <\\\/b>{marker_address}<\\\/address><a class=\\\"fc-btn fc-btn-small fc-btn-red\\\" href=\\\"https:\\\/\\\/collinescathares.com\\\/es\\\/evenements-ponctuels\\\/visite-commentee-de-la-collegiale-saint-vincent-2\\\/\\\">En savoir plus<\\\/a><\\\/div>\",\"content\":\"Pos\\u00e9e dans les hauteurs de Montr\\u00e9al d\\u2019Aude comme un phare au c\\u0153ur des collines riantes et des vignobles de la Malep\\u00e8re, la Coll\\u00e9giale Saint-Vincent marque les paysages alentour de ses \\u00e9tonnantes proportions. Dat\\u00e9 de la fin du XIIIe \\u2013 d\\u00e9but XIVe si\\u00e8cle, fortifi\\u00e9 durant les guerres de religion, embelli aux XVIIIe et XIXe si\\u00e8cles, ce [&hellip;]\",\"address\":\"Place Saint-Vincent 11290 MONTREAL\",\"location\":{\"lat\":\"43.1993378\",\"city\":\"MONTREAL\",\"country\":\"France\",\"lng\":\"2.14279411\",\"onclick_action\":\"post\",\"redirect_permalink\":\"https:\\\/\\\/collinescathares.com\\\/es\\\/evenements-ponctuels\\\/visite-commentee-de-la-collegiale-saint-vincent-2\\\/\",\"zoom\":10,\"extra_fields\":{\"%date_evenement_r%\":\"24 Juillet 2025\",\"%date_evenement_fin_r%\":\"24 Juillet 2025\",\"post_excerpt\":\"Pos\\u00e9e dans les hauteurs de Montr\\u00e9al d\\u2019Aude comme un phare au c\\u0153ur des collines riantes et des vignobles de la Malep\\u00e8re, la Coll\\u00e9giale Saint-Vincent marque les paysages alentour de ses \\u00e9tonnantes proportions. Dat\\u00e9 de la fin du XIIIe \\u2013 d\\u00e9but XIVe si\\u00e8cle, fortifi\\u00e9 durant les guerres de religion, embelli aux XVIIIe et XIXe si\\u00e8cles, ce [&hellip;]\",\"post_content\":\"Pos\\u00e9e dans les hauteurs de Montr\\u00e9al d\\u2019Aude comme un phare au c\\u0153ur des collines riantes et des vignobles de la Malep\\u00e8re, la Coll\\u00e9giale Saint-Vincent marque les paysages alentour de ses \\u00e9tonnantes proportions. \\n\\nDat\\u00e9 de la fin du XIIIe \\u2013 d\\u00e9but XIVe si\\u00e8cle, fortifi\\u00e9 durant les guerres de religion, embelli aux XVIIIe et XIXe si\\u00e8cles, ce majestueux vaisseau de pierre conserve le souvenir des moments clefs de l\\u2019Histoire locale.\\n\\nVenez d\\u00e9couvrir cet \\u00e9difice lors d'une visite guid\\u00e9e !\\nRendez-vous sur le parvis de la coll\\u00e9giale (place Saint-Vincent) le jeudi 24 juillet \\u00e0 17h. Votre guide, Armand Guitard, vous y attendra.\\n\\nVisite sur r\\u00e9servation : 04 68 24 75 45 \\\/ tourisme@ccplm.fr\\nParticipation au chapeau. Nombre de places limit\\u00e9.\\n\\u00c0 cette occasion, le livre d'Armand Guitard sur la coll\\u00e9giale sera propos\\u00e9 \\u00e0 la vente.\",\"post_title\":\"VISITE COMMENT\\u00c9E DE LA COLL\\u00c9GIALE SAINT-VINCENT\",\"post_link\":\"https:\\\/\\\/collinescathares.com\\\/es\\\/evenements-ponctuels\\\/visite-commentee-de-la-collegiale-saint-vincent-2\\\/\",\"post_featured_image\":\"<div class=\\\"fc-feature-img\\\"><img alt=\\\"VISITE COMMENT\\u00c9E DE LA COLL\\u00c9GIALE SAINT-VINCENT\\\" width=\\\"300\\\" height=\\\"225\\\" src=\\\"https:\\\/\\\/collinescathares.com\\\/wp-content\\\/uploads\\\/2024\\\/07\\\/VISITE-COMMENTEE-DE-LA-COLLEGIALE-SAINT-VINCENT-A-MONTREAL-300x225.jpg\\\" class=\\\"wp-post-image   wpgmp_featured_image\\\" ><\\\/div>\",\"post_categories\":\"Ev\\u00e9nements ponctuels\",\"post_tags\":\"\",\"%_encloseme%\":\"1\",\"%_thumbnail_id%\":\"246909\",\"%ville_r%\":\"MONTREAL\",\"%_ville_r%\":\"field_5efc3a17e12c5\",\"%cp_r%\":\"11290\",\"%_cp_r%\":\"field_5efc3a47e12ca\",\"%tarifs_r%\":\"\",\"%_tarifs_r%\":\"field_5efc3a22e12c6\",\"%adresse_r%\":\"Place Saint-Vincent\",\"%_adresse_r%\":\"field_5efc3a2ee12c7\",\"%carte_r%\":\"Place Saint-Vincent 11290 MONTREAL, 43.1993378, 2.14279411, 14\",\"%_carte_r%\":\"field_5efc4ed05494a\",\"%labels_r%\":\"\",\"%_labels_r%\":\"field_5f3a47134470d\",\"%handicap_r%\":\"\",\"%_handicap_r%\":\"field_5f3a471a4470e\",\"%offres_promotionnelles_r%\":\"\",\"%_offres_promotionnelles_r%\":\"field_5f3a472d4470f\",\"%telephone_r%\":\"+33 4 68 24 75 45\",\"%_telephone_r%\":\"field_5efc3a39e12c8\",\"%email_r%\":\"tourisme@ccplm.fr\",\"%_email_r%\":\"field_5efc3a40e12c9\",\"%idunique_r%\":\"FMALAR011V516OAV\",\"%_idunique_r%\":\"field_5f04335c562b3\",\"%site_r%\":\"https:\\\/\\\/collinescathares.com\\\/\",\"%_site_r%\":\"field_5efc4d652a106\",\"%_date_evenement_r%\":\"field_5f0348f37d5bd\",\"%_date_evenement_fin_r%\":\"field_5f3a4540d0781\",\"%horaires_evenement_r%\":\"17:00 \\\/ 18:00\",\"%_horaires_evenement_r%\":\"field_5f3a4550d0782\",\"%type_r%\":\"Visite guid\\u00e9e\",\"%_type_r%\":\"field_5f057b5365cd7\",\"%classification_r%\":\"\",\"%_classification_r%\":\"field_5f3a3af81a328\",\"%classement_prefectoral_r%\":\"\",\"%_classement_prefectoral_r%\":\"field_5f3a473444710\",\"%datetri_r%\":\"1753315200\",\"%_datetri_r%\":\"field_5f3a8a82002b1\",\"%langage_r%\":\"FR\",\"%_langage_r%\":\"field_5f3be5649f374\",\"%_wpgmp_location_address%\":\"Place Saint-Vincent 11290 MONTREAL\",\"%_wpgmp_location_city%\":\"MONTREAL\",\"%_wpgmp_location_state%\":\"\",\"%_wpgmp_location_country%\":\"France\",\"%_wpgmp_metabox_marker_id%\":\"a:1:{i:0;i:8;}\",\"%_wpgmp_map_id%\":\"a:1:{i:0;i:21;}\",\"%_wpgmp_metabox_latitude%\":\"43.1993378\",\"%_wpgmp_metabox_longitude%\":\"2.14279411\",\"%_wpgmp_metabox_location_redirect%\":\"post\",\"%_wpgmp_metabox_custom_link%\":\"\",\"%_wpgmp_metabox_taxomomies_terms%\":\"N;\",\"%_wpgmp_extensions_fields%\":\"N;\",\"%_wpml_word_count%\":\"145\",\"taxonomy=category\":\"Ev\\u00e9nements ponctuels\",\"taxonomy=post_tag\":\"\",\"taxonomy=post_format\":\"\",\"taxonomy=translation_priority\":\"Opcional\"},\"icon\":\"https:\\\/\\\/collinescathares.com\\\/wp-content\\\/uploads\\\/2020\\\/07\\\/pointeur_vert.svg\"},\"id\":253568,\"custom_filters\":{\"type_r\":\"Visite guid\\u00e9e\",\"datetri_r\":\"1753315200\"},\"infowindow_disable\":false,\"categories\":[{\"icon\":\"https:\\\/\\\/collinescathares.com\\\/wp-content\\\/uploads\\\/2020\\\/07\\\/pointeur_vert.svg\",\"name\":\"Ev\\u00e9nements ponctuels\",\"id\":\"8\",\"type\":\"category\"}]},{\"source\":\"post\",\"title\":\"FESTIVAL FOLKLORE &amp; PARTAGE\",\"infowindow_content\":\"<div class=\\\"fc-main\\\"><div class=\\\"fc-item-title\\\">FESTIVAL FOLKLORE &amp; PARTAGE <span class=\\\"fc-badge info\\\">Ev\\u00e9nements ponctuels<\\\/span><\\\/div> <div class=\\\"fc-item-featured_image\\\"><div class=\\\"fc-feature-img\\\"><img alt=\\\"FESTIVAL FOLKLORE &amp; PARTAGE\\\" width=\\\"300\\\" height=\\\"225\\\" src=\\\"https:\\\/\\\/collinescathares.com\\\/wp-content\\\/uploads\\\/2025\\\/05\\\/FESTIVAL-FOLKLORE-PARTAGE-300x225.jpg\\\" class=\\\"wp-post-image   wpgmp_featured_image\\\" ><\\\/div> <\\\/div>Depuis 20 ans, &#8220;Les Mainatges de Montr\\u00e9al&#8221; organisent le festival Folklore &amp; Partage au pied de somptueuse coll\\u00e9giale Saint-Vincent. Des groupes venus des quatre coins du monde se retrouvent pour quelques jours de f\\u00eate, de repr\\u00e9sentations, et d&#8217;\\u00e9changes. Une nouvelle \\u00e9dition riche en couleurs, en rythmes et en \\u00e9motions vous attend du 18 au 20 [&hellip;]<address><b>Adresse : <\\\/b>{marker_address}<\\\/address><a class=\\\"fc-btn fc-btn-small fc-btn-red\\\" href=\\\"https:\\\/\\\/collinescathares.com\\\/es\\\/evenements-ponctuels\\\/festival-folklore-partage-3\\\/\\\">En savoir plus<\\\/a><\\\/div>\",\"content\":\"Depuis 20 ans, &#8220;Les Mainatges de Montr\\u00e9al&#8221; organisent le festival Folklore &amp; Partage au pied de somptueuse coll\\u00e9giale Saint-Vincent. Des groupes venus des quatre coins du monde se retrouvent pour quelques jours de f\\u00eate, de repr\\u00e9sentations, et d&#8217;\\u00e9changes. Une nouvelle \\u00e9dition riche en couleurs, en rythmes et en \\u00e9motions vous attend du 18 au 20 [&hellip;]\",\"address\":\"Place de l'Esp\\u00e9rou 11290 MONTREAL\",\"location\":{\"lat\":\"43.1997053\",\"city\":\"MONTREAL\",\"country\":\"France\",\"lng\":\"2.14332997\",\"onclick_action\":\"post\",\"redirect_permalink\":\"https:\\\/\\\/collinescathares.com\\\/es\\\/evenements-ponctuels\\\/festival-folklore-partage-3\\\/\",\"zoom\":10,\"extra_fields\":{\"%date_evenement_r%\":\"20 Juillet 2025\",\"%date_evenement_fin_r%\":\"20 Juillet 2025\",\"post_excerpt\":\"Depuis 20 ans, &#8220;Les Mainatges de Montr\\u00e9al&#8221; organisent le festival Folklore &amp; Partage au pied de somptueuse coll\\u00e9giale Saint-Vincent. Des groupes venus des quatre coins du monde se retrouvent pour quelques jours de f\\u00eate, de repr\\u00e9sentations, et d&#8217;\\u00e9changes. Une nouvelle \\u00e9dition riche en couleurs, en rythmes et en \\u00e9motions vous attend du 18 au 20 [&hellip;]\",\"post_content\":\"Depuis 20 ans, \\\"Les Mainatges de Montr\\u00e9al\\\" organisent le festival Folklore &amp; Partage au pied de somptueuse coll\\u00e9giale Saint-Vincent. Des groupes venus des quatre coins du monde se retrouvent pour quelques jours de f\\u00eate, de repr\\u00e9sentations, et d'\\u00e9changes.\\n\\nUne nouvelle \\u00e9dition riche en couleurs, en rythmes et en \\u00e9motions vous attend du 18 au 20 juillet 2025 : Musique, danses traditionnelles, gastronomie du monde et une ambiance festive seront de la partie.\\n\\nSpectacles gratuits. Buvette et restauration sur place. March\\u00e9 de producteurs.\",\"post_title\":\"FESTIVAL FOLKLORE &amp; PARTAGE\",\"post_link\":\"https:\\\/\\\/collinescathares.com\\\/es\\\/evenements-ponctuels\\\/festival-folklore-partage-3\\\/\",\"post_featured_image\":\"<div class=\\\"fc-feature-img\\\"><img alt=\\\"FESTIVAL FOLKLORE &amp; PARTAGE\\\" width=\\\"300\\\" height=\\\"225\\\" src=\\\"https:\\\/\\\/collinescathares.com\\\/wp-content\\\/uploads\\\/2025\\\/05\\\/FESTIVAL-FOLKLORE-PARTAGE-300x225.jpg\\\" class=\\\"wp-post-image   wpgmp_featured_image\\\" ><\\\/div>\",\"post_categories\":\"Ev\\u00e9nements ponctuels\",\"post_tags\":\"\",\"%_encloseme%\":\"1\",\"%_thumbnail_id%\":\"253458\",\"%ville_r%\":\"MONTREAL\",\"%_ville_r%\":\"field_5efc3a17e12c5\",\"%cp_r%\":\"11290\",\"%_cp_r%\":\"field_5efc3a47e12ca\",\"%tarifs_r%\":\"\",\"%_tarifs_r%\":\"field_5efc3a22e12c6\",\"%adresse_r%\":\"Place de l'Esp\\u00e9rou\",\"%_adresse_r%\":\"field_5efc3a2ee12c7\",\"%carte_r%\":\"Place de l'Esp\\u00e9rou 11290 MONTREAL, 43.1997053, 2.14332997, 14\",\"%_carte_r%\":\"field_5efc4ed05494a\",\"%labels_r%\":\"\",\"%_labels_r%\":\"field_5f3a47134470d\",\"%handicap_r%\":\"\",\"%_handicap_r%\":\"field_5f3a471a4470e\",\"%offres_promotionnelles_r%\":\"\",\"%_offres_promotionnelles_r%\":\"field_5f3a472d4470f\",\"%telephone_r%\":\" Port : +33 6 01 48 96 05\",\"%_telephone_r%\":\"field_5efc3a39e12c8\",\"%email_r%\":\"festival@mainatges.fr\",\"%_email_r%\":\"field_5efc3a40e12c9\",\"%idunique_r%\":\"FMALAR011V516KNF\",\"%_idunique_r%\":\"field_5f04335c562b3\",\"%site_r%\":\"\",\"%_site_r%\":\"field_5efc4d652a106\",\"%_date_evenement_r%\":\"field_5f0348f37d5bd\",\"%_date_evenement_fin_r%\":\"field_5f3a4540d0781\",\"%type_r%\":\"Arts de la rue\",\"%_type_r%\":\"field_5f057b5365cd7\",\"%classification_r%\":\"\",\"%_classification_r%\":\"field_5f3a3af81a328\",\"%classement_prefectoral_r%\":\"\",\"%_classement_prefectoral_r%\":\"field_5f3a473444710\",\"%datetri_r%\":\"1752969600\",\"%_datetri_r%\":\"field_5f3a8a82002b1\",\"%langage_r%\":\"FR\",\"%_langage_r%\":\"field_5f3be5649f374\",\"%_wpgmp_location_address%\":\"Place de l'Esp\\u00e9rou 11290 MONTREAL\",\"%_wpgmp_location_city%\":\"MONTREAL\",\"%_wpgmp_location_state%\":\"\",\"%_wpgmp_location_country%\":\"France\",\"%_wpgmp_metabox_marker_id%\":\"a:1:{i:0;i:8;}\",\"%_wpgmp_map_id%\":\"a:1:{i:0;i:21;}\",\"%_wpgmp_metabox_latitude%\":\"43.1997053\",\"%_wpgmp_metabox_longitude%\":\"2.14332997\",\"%_wpgmp_metabox_location_redirect%\":\"post\",\"%_wpgmp_metabox_custom_link%\":\"\",\"%_wpgmp_metabox_taxomomies_terms%\":\"N;\",\"%_wpgmp_extensions_fields%\":\"N;\",\"%_wpml_word_count%\":\"96\",\"taxonomy=category\":\"Ev\\u00e9nements ponctuels\",\"taxonomy=post_tag\":\"\",\"taxonomy=post_format\":\"\",\"taxonomy=translation_priority\":\"Opcional\"},\"icon\":\"https:\\\/\\\/collinescathares.com\\\/wp-content\\\/uploads\\\/2020\\\/07\\\/pointeur_vert.svg\"},\"id\":253565,\"custom_filters\":{\"type_r\":\"Arts de la rue\",\"datetri_r\":\"1752969600\"},\"infowindow_disable\":false,\"categories\":[{\"icon\":\"https:\\\/\\\/collinescathares.com\\\/wp-content\\\/uploads\\\/2020\\\/07\\\/pointeur_vert.svg\",\"name\":\"Ev\\u00e9nements ponctuels\",\"id\":\"8\",\"type\":\"category\"}]},{\"source\":\"post\",\"title\":\"FESTIVAL FOLKLORE &amp; PARTAGE\",\"infowindow_content\":\"<div class=\\\"fc-main\\\"><div class=\\\"fc-item-title\\\">FESTIVAL FOLKLORE &amp; PARTAGE <span class=\\\"fc-badge info\\\">Ev\\u00e9nements ponctuels<\\\/span><\\\/div> <div class=\\\"fc-item-featured_image\\\"><div class=\\\"fc-feature-img\\\"><img alt=\\\"FESTIVAL FOLKLORE &amp; PARTAGE\\\" width=\\\"300\\\" height=\\\"225\\\" src=\\\"https:\\\/\\\/collinescathares.com\\\/wp-content\\\/uploads\\\/2025\\\/05\\\/FESTIVAL-FOLKLORE-PARTAGE-300x225.jpg\\\" class=\\\"wp-post-image   wpgmp_featured_image\\\" ><\\\/div> <\\\/div>Depuis 20 ans, &#8220;Les Mainatges de Montr\\u00e9al&#8221; organisent le festival Folklore &amp; Partage au pied de somptueuse coll\\u00e9giale Saint-Vincent. Des groupes venus des quatre coins du monde se retrouvent pour quelques jours de f\\u00eate, de repr\\u00e9sentations, et d&#8217;\\u00e9changes. Une nouvelle \\u00e9dition riche en couleurs, en rythmes et en \\u00e9motions vous attend du 18 au 20 [&hellip;]<address><b>Adresse : <\\\/b>{marker_address}<\\\/address><a class=\\\"fc-btn fc-btn-small fc-btn-red\\\" href=\\\"https:\\\/\\\/collinescathares.com\\\/es\\\/evenements-ponctuels\\\/festival-folklore-partage-2\\\/\\\">En savoir plus<\\\/a><\\\/div>\",\"content\":\"Depuis 20 ans, &#8220;Les Mainatges de Montr\\u00e9al&#8221; organisent le festival Folklore &amp; Partage au pied de somptueuse coll\\u00e9giale Saint-Vincent. Des groupes venus des quatre coins du monde se retrouvent pour quelques jours de f\\u00eate, de repr\\u00e9sentations, et d&#8217;\\u00e9changes. Une nouvelle \\u00e9dition riche en couleurs, en rythmes et en \\u00e9motions vous attend du 18 au 20 [&hellip;]\",\"address\":\"Place de l'Esp\\u00e9rou 11290 MONTREAL\",\"location\":{\"lat\":\"43.1997053\",\"city\":\"MONTREAL\",\"country\":\"France\",\"lng\":\"2.14332997\",\"onclick_action\":\"post\",\"redirect_permalink\":\"https:\\\/\\\/collinescathares.com\\\/es\\\/evenements-ponctuels\\\/festival-folklore-partage-2\\\/\",\"zoom\":10,\"extra_fields\":{\"%date_evenement_r%\":\"19 Juillet 2025\",\"%date_evenement_fin_r%\":\"19 Juillet 2025\",\"post_excerpt\":\"Depuis 20 ans, &#8220;Les Mainatges de Montr\\u00e9al&#8221; organisent le festival Folklore &amp; Partage au pied de somptueuse coll\\u00e9giale Saint-Vincent. Des groupes venus des quatre coins du monde se retrouvent pour quelques jours de f\\u00eate, de repr\\u00e9sentations, et d&#8217;\\u00e9changes. Une nouvelle \\u00e9dition riche en couleurs, en rythmes et en \\u00e9motions vous attend du 18 au 20 [&hellip;]\",\"post_content\":\"Depuis 20 ans, \\\"Les Mainatges de Montr\\u00e9al\\\" organisent le festival Folklore &amp; Partage au pied de somptueuse coll\\u00e9giale Saint-Vincent. Des groupes venus des quatre coins du monde se retrouvent pour quelques jours de f\\u00eate, de repr\\u00e9sentations, et d'\\u00e9changes.\\n\\nUne nouvelle \\u00e9dition riche en couleurs, en rythmes et en \\u00e9motions vous attend du 18 au 20 juillet 2025 : Musique, danses traditionnelles, gastronomie du monde et une ambiance festive seront de la partie.\\n\\nSpectacles gratuits. Buvette et restauration sur place. March\\u00e9 de producteurs.\",\"post_title\":\"FESTIVAL FOLKLORE &amp; PARTAGE\",\"post_link\":\"https:\\\/\\\/collinescathares.com\\\/es\\\/evenements-ponctuels\\\/festival-folklore-partage-2\\\/\",\"post_featured_image\":\"<div class=\\\"fc-feature-img\\\"><img alt=\\\"FESTIVAL FOLKLORE &amp; PARTAGE\\\" width=\\\"300\\\" height=\\\"225\\\" src=\\\"https:\\\/\\\/collinescathares.com\\\/wp-content\\\/uploads\\\/2025\\\/05\\\/FESTIVAL-FOLKLORE-PARTAGE-300x225.jpg\\\" class=\\\"wp-post-image   wpgmp_featured_image\\\" ><\\\/div>\",\"post_categories\":\"Ev\\u00e9nements ponctuels\",\"post_tags\":\"\",\"%_encloseme%\":\"1\",\"%_thumbnail_id%\":\"253458\",\"%ville_r%\":\"MONTREAL\",\"%_ville_r%\":\"field_5efc3a17e12c5\",\"%cp_r%\":\"11290\",\"%_cp_r%\":\"field_5efc3a47e12ca\",\"%tarifs_r%\":\"\",\"%_tarifs_r%\":\"field_5efc3a22e12c6\",\"%adresse_r%\":\"Place de l'Esp\\u00e9rou\",\"%_adresse_r%\":\"field_5efc3a2ee12c7\",\"%carte_r%\":\"Place de l'Esp\\u00e9rou 11290 MONTREAL, 43.1997053, 2.14332997, 14\",\"%_carte_r%\":\"field_5efc4ed05494a\",\"%labels_r%\":\"\",\"%_labels_r%\":\"field_5f3a47134470d\",\"%handicap_r%\":\"\",\"%_handicap_r%\":\"field_5f3a471a4470e\",\"%offres_promotionnelles_r%\":\"\",\"%_offres_promotionnelles_r%\":\"field_5f3a472d4470f\",\"%telephone_r%\":\" Port : +33 6 01 48 96 05\",\"%_telephone_r%\":\"field_5efc3a39e12c8\",\"%email_r%\":\"festival@mainatges.fr\",\"%_email_r%\":\"field_5efc3a40e12c9\",\"%idunique_r%\":\"FMALAR011V516KNE\",\"%_idunique_r%\":\"field_5f04335c562b3\",\"%site_r%\":\"\",\"%_site_r%\":\"field_5efc4d652a106\",\"%_date_evenement_r%\":\"field_5f0348f37d5bd\",\"%_date_evenement_fin_r%\":\"field_5f3a4540d0781\",\"%type_r%\":\"Arts de la rue\",\"%_type_r%\":\"field_5f057b5365cd7\",\"%classification_r%\":\"\",\"%_classification_r%\":\"field_5f3a3af81a328\",\"%classement_prefectoral_r%\":\"\",\"%_classement_prefectoral_r%\":\"field_5f3a473444710\",\"%datetri_r%\":\"1752883200\",\"%_datetri_r%\":\"field_5f3a8a82002b1\",\"%langage_r%\":\"FR\",\"%_langage_r%\":\"field_5f3be5649f374\",\"%_wpgmp_location_address%\":\"Place de l'Esp\\u00e9rou 11290 MONTREAL\",\"%_wpgmp_location_city%\":\"MONTREAL\",\"%_wpgmp_location_state%\":\"\",\"%_wpgmp_location_country%\":\"France\",\"%_wpgmp_metabox_marker_id%\":\"a:1:{i:0;i:8;}\",\"%_wpgmp_map_id%\":\"a:1:{i:0;i:21;}\",\"%_wpgmp_metabox_latitude%\":\"43.1997053\",\"%_wpgmp_metabox_longitude%\":\"2.14332997\",\"%_wpgmp_metabox_location_redirect%\":\"post\",\"%_wpgmp_metabox_custom_link%\":\"\",\"%_wpgmp_metabox_taxomomies_terms%\":\"N;\",\"%_wpgmp_extensions_fields%\":\"N;\",\"%_wpml_word_count%\":\"96\",\"taxonomy=category\":\"Ev\\u00e9nements ponctuels\",\"taxonomy=post_tag\":\"\",\"taxonomy=post_format\":\"\",\"taxonomy=translation_priority\":\"Opcional\"},\"icon\":\"https:\\\/\\\/collinescathares.com\\\/wp-content\\\/uploads\\\/2020\\\/07\\\/pointeur_vert.svg\"},\"id\":253564,\"custom_filters\":{\"type_r\":\"Arts de la rue\",\"datetri_r\":\"1752883200\"},\"infowindow_disable\":false,\"categories\":[{\"icon\":\"https:\\\/\\\/collinescathares.com\\\/wp-content\\\/uploads\\\/2020\\\/07\\\/pointeur_vert.svg\",\"name\":\"Ev\\u00e9nements ponctuels\",\"id\":\"8\",\"type\":\"category\"}]},{\"source\":\"post\",\"title\":\"FESTIVAL FOLKLORE &amp; PARTAGE\",\"infowindow_content\":\"<div class=\\\"fc-main\\\"><div class=\\\"fc-item-title\\\">FESTIVAL FOLKLORE &amp; PARTAGE <span class=\\\"fc-badge info\\\">Ev\\u00e9nements ponctuels<\\\/span><\\\/div> <div class=\\\"fc-item-featured_image\\\"><div class=\\\"fc-feature-img\\\"><img alt=\\\"FESTIVAL FOLKLORE &amp; PARTAGE\\\" width=\\\"300\\\" height=\\\"225\\\" src=\\\"https:\\\/\\\/collinescathares.com\\\/wp-content\\\/uploads\\\/2025\\\/05\\\/FESTIVAL-FOLKLORE-PARTAGE-300x225.jpg\\\" class=\\\"wp-post-image   wpgmp_featured_image\\\" ><\\\/div> <\\\/div>Depuis 20 ans, &#8220;Les Mainatges de Montr\\u00e9al&#8221; organisent le festival Folklore &amp; Partage au pied de somptueuse coll\\u00e9giale Saint-Vincent. Des groupes venus des quatre coins du monde se retrouvent pour quelques jours de f\\u00eate, de repr\\u00e9sentations, et d&#8217;\\u00e9changes. Une nouvelle \\u00e9dition riche en couleurs, en rythmes et en \\u00e9motions vous attend du 18 au 20 [&hellip;]<address><b>Adresse : <\\\/b>{marker_address}<\\\/address><a class=\\\"fc-btn fc-btn-small fc-btn-red\\\" href=\\\"https:\\\/\\\/collinescathares.com\\\/es\\\/evenements-ponctuels\\\/festival-folklore-partage\\\/\\\">En savoir plus<\\\/a><\\\/div>\",\"content\":\"Depuis 20 ans, &#8220;Les Mainatges de Montr\\u00e9al&#8221; organisent le festival Folklore &amp; Partage au pied de somptueuse coll\\u00e9giale Saint-Vincent. Des groupes venus des quatre coins du monde se retrouvent pour quelques jours de f\\u00eate, de repr\\u00e9sentations, et d&#8217;\\u00e9changes. Une nouvelle \\u00e9dition riche en couleurs, en rythmes et en \\u00e9motions vous attend du 18 au 20 [&hellip;]\",\"address\":\"Place de l'Esp\\u00e9rou 11290 MONTREAL\",\"location\":{\"lat\":\"43.1997053\",\"city\":\"MONTREAL\",\"country\":\"France\",\"lng\":\"2.14332997\",\"onclick_action\":\"post\",\"redirect_permalink\":\"https:\\\/\\\/collinescathares.com\\\/es\\\/evenements-ponctuels\\\/festival-folklore-partage\\\/\",\"zoom\":10,\"extra_fields\":{\"%date_evenement_r%\":\"18 Juillet 2025\",\"%date_evenement_fin_r%\":\"18 Juillet 2025\",\"post_excerpt\":\"Depuis 20 ans, &#8220;Les Mainatges de Montr\\u00e9al&#8221; organisent le festival Folklore &amp; Partage au pied de somptueuse coll\\u00e9giale Saint-Vincent. Des groupes venus des quatre coins du monde se retrouvent pour quelques jours de f\\u00eate, de repr\\u00e9sentations, et d&#8217;\\u00e9changes. Une nouvelle \\u00e9dition riche en couleurs, en rythmes et en \\u00e9motions vous attend du 18 au 20 [&hellip;]\",\"post_content\":\"Depuis 20 ans, \\\"Les Mainatges de Montr\\u00e9al\\\" organisent le festival Folklore &amp; Partage au pied de somptueuse coll\\u00e9giale Saint-Vincent. Des groupes venus des quatre coins du monde se retrouvent pour quelques jours de f\\u00eate, de repr\\u00e9sentations, et d'\\u00e9changes.\\n\\nUne nouvelle \\u00e9dition riche en couleurs, en rythmes et en \\u00e9motions vous attend du 18 au 20 juillet 2025 : Musique, danses traditionnelles, gastronomie du monde et une ambiance festive seront de la partie.\\n\\nSpectacles gratuits. Buvette et restauration sur place. March\\u00e9 de producteurs.\",\"post_title\":\"FESTIVAL FOLKLORE &amp; PARTAGE\",\"post_link\":\"https:\\\/\\\/collinescathares.com\\\/es\\\/evenements-ponctuels\\\/festival-folklore-partage\\\/\",\"post_featured_image\":\"<div class=\\\"fc-feature-img\\\"><img alt=\\\"FESTIVAL FOLKLORE &amp; PARTAGE\\\" width=\\\"300\\\" height=\\\"225\\\" src=\\\"https:\\\/\\\/collinescathares.com\\\/wp-content\\\/uploads\\\/2025\\\/05\\\/FESTIVAL-FOLKLORE-PARTAGE-300x225.jpg\\\" class=\\\"wp-post-image   wpgmp_featured_image\\\" ><\\\/div>\",\"post_categories\":\"Ev\\u00e9nements ponctuels\",\"post_tags\":\"\",\"%_encloseme%\":\"1\",\"%_thumbnail_id%\":\"253458\",\"%ville_r%\":\"MONTREAL\",\"%_ville_r%\":\"field_5efc3a17e12c5\",\"%cp_r%\":\"11290\",\"%_cp_r%\":\"field_5efc3a47e12ca\",\"%tarifs_r%\":\"\",\"%_tarifs_r%\":\"field_5efc3a22e12c6\",\"%adresse_r%\":\"Place de l'Esp\\u00e9rou\",\"%_adresse_r%\":\"field_5efc3a2ee12c7\",\"%carte_r%\":\"Place de l'Esp\\u00e9rou 11290 MONTREAL, 43.1997053, 2.14332997, 14\",\"%_carte_r%\":\"field_5efc4ed05494a\",\"%labels_r%\":\"\",\"%_labels_r%\":\"field_5f3a47134470d\",\"%handicap_r%\":\"\",\"%_handicap_r%\":\"field_5f3a471a4470e\",\"%offres_promotionnelles_r%\":\"\",\"%_offres_promotionnelles_r%\":\"field_5f3a472d4470f\",\"%telephone_r%\":\" Port : +33 6 01 48 96 05\",\"%_telephone_r%\":\"field_5efc3a39e12c8\",\"%email_r%\":\"festival@mainatges.fr\",\"%_email_r%\":\"field_5efc3a40e12c9\",\"%idunique_r%\":\"FMALAR011V516KMI\",\"%_idunique_r%\":\"field_5f04335c562b3\",\"%site_r%\":\"\",\"%_site_r%\":\"field_5efc4d652a106\",\"%_date_evenement_r%\":\"field_5f0348f37d5bd\",\"%_date_evenement_fin_r%\":\"field_5f3a4540d0781\",\"%type_r%\":\"Arts de la rue\",\"%_type_r%\":\"field_5f057b5365cd7\",\"%classification_r%\":\"\",\"%_classification_r%\":\"field_5f3a3af81a328\",\"%classement_prefectoral_r%\":\"\",\"%_classement_prefectoral_r%\":\"field_5f3a473444710\",\"%datetri_r%\":\"1752796800\",\"%_datetri_r%\":\"field_5f3a8a82002b1\",\"%langage_r%\":\"FR\",\"%_langage_r%\":\"field_5f3be5649f374\",\"%_wpgmp_location_address%\":\"Place de l'Esp\\u00e9rou 11290 MONTREAL\",\"%_wpgmp_location_city%\":\"MONTREAL\",\"%_wpgmp_location_state%\":\"\",\"%_wpgmp_location_country%\":\"France\",\"%_wpgmp_metabox_marker_id%\":\"a:1:{i:0;i:8;}\",\"%_wpgmp_map_id%\":\"a:1:{i:0;i:21;}\",\"%_wpgmp_metabox_latitude%\":\"43.1997053\",\"%_wpgmp_metabox_longitude%\":\"2.14332997\",\"%_wpgmp_metabox_location_redirect%\":\"post\",\"%_wpgmp_metabox_custom_link%\":\"\",\"%_wpgmp_metabox_taxomomies_terms%\":\"N;\",\"%_wpgmp_extensions_fields%\":\"N;\",\"%_wpml_word_count%\":\"96\",\"%_elementor_page_assets%\":\"\",\"taxonomy=category\":\"Ev\\u00e9nements ponctuels\",\"taxonomy=post_tag\":\"\",\"taxonomy=post_format\":\"\",\"taxonomy=translation_priority\":\"Opcional\"},\"icon\":\"https:\\\/\\\/collinescathares.com\\\/wp-content\\\/uploads\\\/2020\\\/07\\\/pointeur_vert.svg\"},\"id\":253563,\"custom_filters\":{\"type_r\":\"Arts de la rue\",\"datetri_r\":\"1752796800\"},\"infowindow_disable\":false,\"categories\":[{\"icon\":\"https:\\\/\\\/collinescathares.com\\\/wp-content\\\/uploads\\\/2020\\\/07\\\/pointeur_vert.svg\",\"name\":\"Ev\\u00e9nements ponctuels\",\"id\":\"8\",\"type\":\"category\"}]},{\"source\":\"post\",\"title\":\"60\\u00c8ME COLLOQUE DE FANJEAUX\",\"infowindow_content\":\"<div class=\\\"fc-main\\\"><div class=\\\"fc-item-title\\\">60\\u00c8ME COLLOQUE DE FANJEAUX <span class=\\\"fc-badge info\\\">Ev\\u00e9nements ponctuels<\\\/span><\\\/div> <div class=\\\"fc-item-featured_image\\\"><div class=\\\"fc-feature-img\\\"><img alt=\\\"60\\u00c8ME COLLOQUE DE FANJEAUX\\\" width=\\\"300\\\" height=\\\"225\\\" src=\\\"https:\\\/\\\/collinescathares.com\\\/wp-content\\\/uploads\\\/2025\\\/05\\\/60EME-COLLOQUE-DE-FANJEAUX-2-300x225.jpg\\\" class=\\\"wp-post-image   wpgmp_featured_image\\\" ><\\\/div> <\\\/div>Le programme du 60\\u00e8me colloque de Fanjeaux sur le th\\u00e8me de &#8220;L&#8217;\\u00e9piscopat du Midi : gouverner un peuple chr\\u00e9tien (XIIe-XIVe si\\u00e8cle)&#8221; organis\\u00e9 par le Centre d&#8217;\\u00e9tudes historiques de Fanjeaux du 07 au 10 juillet 2025 : Jeudi 10 juillet : Suite de la quatri\\u00e8me partie du colloque &#8211; 9h : Corinne Leveleux-Teixera (Universit\\u00e9 d\\u2019Orl\\u00e9ans et [&hellip;]<address><b>Adresse : <\\\/b>{marker_address}<\\\/address><a class=\\\"fc-btn fc-btn-small fc-btn-red\\\" href=\\\"https:\\\/\\\/collinescathares.com\\\/es\\\/evenements-ponctuels\\\/60eme-colloque-de-fanjeaux-4\\\/\\\">En savoir plus<\\\/a><\\\/div>\",\"content\":\"Le programme du 60\\u00e8me colloque de Fanjeaux sur le th\\u00e8me de &#8220;L&#8217;\\u00e9piscopat du Midi : gouverner un peuple chr\\u00e9tien (XIIe-XIVe si\\u00e8cle)&#8221; organis\\u00e9 par le Centre d&#8217;\\u00e9tudes historiques de Fanjeaux du 07 au 10 juillet 2025 : Jeudi 10 juillet : Suite de la quatri\\u00e8me partie du colloque &#8211; 9h : Corinne Leveleux-Teixera (Universit\\u00e9 d\\u2019Orl\\u00e9ans et [&hellip;]\",\"address\":\"place du march\\u00e9 11270 FANJEAUX\",\"location\":{\"lat\":\"43.1876854\",\"city\":\"FANJEAUX\",\"country\":\"France\",\"lng\":\"2.03326417\",\"onclick_action\":\"post\",\"redirect_permalink\":\"https:\\\/\\\/collinescathares.com\\\/es\\\/evenements-ponctuels\\\/60eme-colloque-de-fanjeaux-4\\\/\",\"zoom\":10,\"extra_fields\":{\"%date_evenement_r%\":\"10 Juillet 2025\",\"%date_evenement_fin_r%\":\"10 Juillet 2025\",\"post_excerpt\":\"Le programme du 60\\u00e8me colloque de Fanjeaux sur le th\\u00e8me de &#8220;L&#8217;\\u00e9piscopat du Midi : gouverner un peuple chr\\u00e9tien (XIIe-XIVe si\\u00e8cle)&#8221; organis\\u00e9 par le Centre d&#8217;\\u00e9tudes historiques de Fanjeaux du 07 au 10 juillet 2025 : Jeudi 10 juillet : Suite de la quatri\\u00e8me partie du colloque &#8211; 9h : Corinne Leveleux-Teixera (Universit\\u00e9 d\\u2019Orl\\u00e9ans et [&hellip;]\",\"post_content\":\"Le programme du 60\\u00e8me colloque de Fanjeaux sur le th\\u00e8me de \\\"L'\\u00e9piscopat du Midi : gouverner un peuple chr\\u00e9tien (XIIe-XIVe si\\u00e8cle)\\\" organis\\u00e9 par le Centre d'\\u00e9tudes historiques de Fanjeaux du 07 au 10 juillet 2025 :\\n\\nJeudi 10 juillet : Suite de la quatri\\u00e8me partie du colloque\\n- 9h : Corinne Leveleux-Teixera (Universit\\u00e9 d\\u2019Orl\\u00e9ans et EPHE), Pouvoir et juridiction de l\\u2019\\u00e9v\\u00eaque au travers de l\\u2019Inventarium juris canonici de B\\u00e9renger Fredol.\\n- 9h45 : Francesco Lo Faro (Universit\\u00e9 Jean Monnet, UMR LEM-CERCOR), Le Tractatus fidei contra diversos errores de Beno\\u00eet d\\u2019Alignan, \\u00e9v\\u00eaque de Marseille.\\n- 10h30 : Morgane Fortin (Universit\\u00e9 Paris Nanterre et Universit\\u00e9 h\\u00e9bra\\u00efque de J\\u00e9rusalem), Prot\\u00e9ger les juifs, pr\\u00e9server la christianitas : les \\u00e9v\\u00eaques du Toulousain et les juifs autour de l\\u2019an 1200.\\n- 11h30 : Conclusion du colloque, Rolf Grosse (directeur honoraire des \\u00e9tudes m\\u00e9di\\u00e9vales \\u00e0 l\\u2019Institut historique allemand, Paris).\\n\\nOuvert \\u00e0 tous. Sur inscription, en ligne ou au 04 68 24 70 02.\",\"post_title\":\"60\\u00c8ME COLLOQUE DE FANJEAUX\",\"post_link\":\"https:\\\/\\\/collinescathares.com\\\/es\\\/evenements-ponctuels\\\/60eme-colloque-de-fanjeaux-4\\\/\",\"post_featured_image\":\"<div class=\\\"fc-feature-img\\\"><img alt=\\\"60\\u00c8ME COLLOQUE DE FANJEAUX\\\" width=\\\"300\\\" height=\\\"225\\\" src=\\\"https:\\\/\\\/collinescathares.com\\\/wp-content\\\/uploads\\\/2025\\\/05\\\/60EME-COLLOQUE-DE-FANJEAUX-2-300x225.jpg\\\" class=\\\"wp-post-image   wpgmp_featured_image\\\" ><\\\/div>\",\"post_categories\":\"Ev\\u00e9nements ponctuels\",\"post_tags\":\"\",\"%_encloseme%\":\"1\",\"%_thumbnail_id%\":\"253451\",\"%ville_r%\":\"FANJEAUX\",\"%_ville_r%\":\"field_5efc3a17e12c5\",\"%cp_r%\":\"11270\",\"%_cp_r%\":\"field_5efc3a47e12ca\",\"%tarifs_r%\":\"\",\"%_tarifs_r%\":\"field_5efc3a22e12c6\",\"%adresse_r%\":\"place du march\\u00e9\",\"%_adresse_r%\":\"field_5efc3a2ee12c7\",\"%carte_r%\":\"place du march\\u00e9 11270 FANJEAUX, 43.1876854, 2.03326417, 14\",\"%_carte_r%\":\"field_5efc4ed05494a\",\"%labels_r%\":\"\",\"%_labels_r%\":\"field_5f3a47134470d\",\"%handicap_r%\":\"\",\"%_handicap_r%\":\"field_5f3a471a4470e\",\"%offres_promotionnelles_r%\":\"\",\"%_offres_promotionnelles_r%\":\"field_5f3a472d4470f\",\"%telephone_r%\":\"+33 4 68 24 70 02\",\"%_telephone_r%\":\"field_5efc3a39e12c8\",\"%email_r%\":\"cachiersdefanjeaux@gmail.com\",\"%_email_r%\":\"field_5efc3a40e12c9\",\"%idunique_r%\":\"FMALAR011V516KMH\",\"%_idunique_r%\":\"field_5f04335c562b3\",\"%site_r%\":\"https:\\\/\\\/cahiersdefanjeaux.fr\\\/colloque60.html\",\"%_site_r%\":\"field_5efc4d652a106\",\"%_date_evenement_r%\":\"field_5f0348f37d5bd\",\"%_date_evenement_fin_r%\":\"field_5f3a4540d0781\",\"%horaires_evenement_r%\":\"09:00 \\\/ 12:00\",\"%_horaires_evenement_r%\":\"field_5f3a4550d0782\",\"%type_r%\":\"D\\u00e9bat \\\/ Conf\\u00e9rence\",\"%_type_r%\":\"field_5f057b5365cd7\",\"%classification_r%\":\"\",\"%_classification_r%\":\"field_5f3a3af81a328\",\"%classement_prefectoral_r%\":\"\",\"%_classement_prefectoral_r%\":\"field_5f3a473444710\",\"%datetri_r%\":\"1752105600\",\"%_datetri_r%\":\"field_5f3a8a82002b1\",\"%langage_r%\":\"FR\",\"%_langage_r%\":\"field_5f3be5649f374\",\"%_wpgmp_location_address%\":\"place du march\\u00e9 11270 FANJEAUX\",\"%_wpgmp_location_city%\":\"FANJEAUX\",\"%_wpgmp_location_state%\":\"\",\"%_wpgmp_location_country%\":\"France\",\"%_wpgmp_metabox_marker_id%\":\"a:1:{i:0;i:8;}\",\"%_wpgmp_map_id%\":\"a:1:{i:0;i:21;}\",\"%_wpgmp_metabox_latitude%\":\"43.1876854\",\"%_wpgmp_metabox_longitude%\":\"2.03326417\",\"%_wpgmp_metabox_location_redirect%\":\"post\",\"%_wpgmp_metabox_custom_link%\":\"\",\"%_wpgmp_metabox_taxomomies_terms%\":\"N;\",\"%_wpgmp_extensions_fields%\":\"N;\",\"%_wpml_word_count%\":\"171\",\"taxonomy=category\":\"Ev\\u00e9nements ponctuels\",\"taxonomy=post_tag\":\"\",\"taxonomy=post_format\":\"\",\"taxonomy=translation_priority\":\"Opcional\"},\"icon\":\"https:\\\/\\\/collinescathares.com\\\/wp-content\\\/uploads\\\/2020\\\/07\\\/pointeur_vert.svg\"},\"id\":253562,\"custom_filters\":{\"type_r\":\"D\\u00e9bat \\\/ Conf\\u00e9rence\",\"datetri_r\":\"1752105600\"},\"infowindow_disable\":false,\"categories\":[{\"icon\":\"https:\\\/\\\/collinescathares.com\\\/wp-content\\\/uploads\\\/2020\\\/07\\\/pointeur_vert.svg\",\"name\":\"Ev\\u00e9nements ponctuels\",\"id\":\"8\",\"type\":\"category\"}]},{\"source\":\"post\",\"title\":\"60\\u00c8ME COLLOQUE DE FANJEAUX\",\"infowindow_content\":\"<div class=\\\"fc-main\\\"><div class=\\\"fc-item-title\\\">60\\u00c8ME COLLOQUE DE FANJEAUX <span class=\\\"fc-badge info\\\">Ev\\u00e9nements ponctuels<\\\/span><\\\/div> <div class=\\\"fc-item-featured_image\\\"><div class=\\\"fc-feature-img\\\"><img alt=\\\"60\\u00c8ME COLLOQUE DE FANJEAUX\\\" width=\\\"300\\\" height=\\\"225\\\" src=\\\"https:\\\/\\\/collinescathares.com\\\/wp-content\\\/uploads\\\/2025\\\/05\\\/60EME-COLLOQUE-DE-FANJEAUX-2-300x225.jpg\\\" class=\\\"wp-post-image   wpgmp_featured_image\\\" ><\\\/div> <\\\/div>Le programme du 60\\u00e8me colloque de Fanjeaux sur le th\\u00e8me de &#8220;L&#8217;\\u00e9piscopat du Midi : gouverner un peuple chr\\u00e9tien (XIIe-XIVe si\\u00e8cle)&#8221; organis\\u00e9 par le Centre d&#8217;\\u00e9tudes historiques de Fanjeaux du 07 au 10 juillet 2025 : Mardi 08 juillet : &#8211; 9h : Isabelle Cartron et Ma\\u00eblle M\\u00e9tais (Universit\\u00e9 Bordeaux Montaigne, UMR Ausonius), La repr\\u00e9sentation [&hellip;]<address><b>Adresse : <\\\/b>{marker_address}<\\\/address><a class=\\\"fc-btn fc-btn-small fc-btn-red\\\" href=\\\"https:\\\/\\\/collinescathares.com\\\/es\\\/evenements-ponctuels\\\/60eme-colloque-de-fanjeaux-2\\\/\\\">En savoir plus<\\\/a><\\\/div>\",\"content\":\"Le programme du 60\\u00e8me colloque de Fanjeaux sur le th\\u00e8me de &#8220;L&#8217;\\u00e9piscopat du Midi : gouverner un peuple chr\\u00e9tien (XIIe-XIVe si\\u00e8cle)&#8221; organis\\u00e9 par le Centre d&#8217;\\u00e9tudes historiques de Fanjeaux du 07 au 10 juillet 2025 : Mardi 08 juillet : &#8211; 9h : Isabelle Cartron et Ma\\u00eblle M\\u00e9tais (Universit\\u00e9 Bordeaux Montaigne, UMR Ausonius), La repr\\u00e9sentation [&hellip;]\",\"address\":\"place du march\\u00e9 11270 FANJEAUX\",\"location\":{\"lat\":\"43.1876854\",\"city\":\"FANJEAUX\",\"country\":\"France\",\"lng\":\"2.03326417\",\"onclick_action\":\"post\",\"redirect_permalink\":\"https:\\\/\\\/collinescathares.com\\\/es\\\/evenements-ponctuels\\\/60eme-colloque-de-fanjeaux-2\\\/\",\"zoom\":10,\"extra_fields\":{\"%date_evenement_r%\":\"08 Juillet 2025\",\"%date_evenement_fin_r%\":\"08 Juillet 2025\",\"post_excerpt\":\"Le programme du 60\\u00e8me colloque de Fanjeaux sur le th\\u00e8me de &#8220;L&#8217;\\u00e9piscopat du Midi : gouverner un peuple chr\\u00e9tien (XIIe-XIVe si\\u00e8cle)&#8221; organis\\u00e9 par le Centre d&#8217;\\u00e9tudes historiques de Fanjeaux du 07 au 10 juillet 2025 : Mardi 08 juillet : &#8211; 9h : Isabelle Cartron et Ma\\u00eblle M\\u00e9tais (Universit\\u00e9 Bordeaux Montaigne, UMR Ausonius), La repr\\u00e9sentation [&hellip;]\",\"post_content\":\"Le programme du 60\\u00e8me colloque de Fanjeaux sur le th\\u00e8me de \\\"L'\\u00e9piscopat du Midi : gouverner un peuple chr\\u00e9tien (XIIe-XIVe si\\u00e8cle)\\\" organis\\u00e9 par le Centre d'\\u00e9tudes historiques de Fanjeaux du 07 au 10 juillet 2025 :\\n\\nMardi 08 juillet :\\n\\n- 9h : Isabelle Cartron et Ma\\u00eblle M\\u00e9tais (Universit\\u00e9 Bordeaux Montaigne, UMR Ausonius),\\nLa repr\\u00e9sentation du pouvoir des \\u00e9v\\u00eaques dans la mort : de la restitution des fun\\u00e9railles \\u00e0 la m\\u00e9moire des tombeaux. Le cas de la province de Bordeaux (XIIe-XIVe si\\u00e8cle).\\n- 9h45 : Andreas Hartmann-Virnich (Aix-Marseille Universit\\u00e9, UMR LA3M) et Yves Esquieu (Aix-Marseille Universit\\u00e9, UMR LA3M), Le palais de l\\u2019\\u00e9v\\u00eaque et la cath\\u00e9drale en Provence (XIIe-XIVe si\\u00e8cle) : r\\u00e9flexions sur un dossier arch\\u00e9ologique fragmentaire.\\n\\nTroisi\\u00e8me partie du colloque : Se donner un pasteur\\n- 10h30 : S\\u00e9bastien Fray (Universit\\u00e9 Jean Monnet, UMR LEM-CERCOR), L'hagiographie au service du gouvernement \\u00e9piscopal: Le Puy et Mende (XIIe s.)\\n- 11h15 : Fabrice Delivr\\u00e9 (Universit\\u00e9 Paris 1, UMR LAMOP), Les \\u00e9lections \\u00e9piscopales dans le Libellus de Guillaume de Mandagout (\\u2020 1321).\\n- 14h : Clara Lenne (Universit\\u00e9 de Lyon 2, UMR CIHAM), Se d\\u00e9placer pour gouverner : la visite pastorale, un instrument du pouvoir \\u00e9piscopal. La visite de Jacques Du\\u00e8ze, \\u00e9v\\u00eaque de Fr\\u00e9jus, en 1306.\\n- 14h45 : Beno\\u00eet Alix (Universit\\u00e9 Rouen Normandie, UMR IHD), Jacques Fournier, \\u00e9v\\u00eaque de Pamiers et inquisiteur (1317-1326) : un mod\\u00e8le pastoral ?\\n\\nQuatri\\u00e8me partie du colloque : Du magist\\u00e8re \\u00e0 la juridiction : l\\u2019\\u00e9v\\u00eaque, son peuple et les autres\\n- 15h30 : Anne Massoni (Universit\\u00e9 de Limoges), L\\u2019\\u00e9v\\u00eaque de Limoges et les communaut\\u00e9s r\\u00e9guli\\u00e8res au XIIe si\\u00e8cle.\\n- 16h15 : Julien Th\\u00e9ry (Universit\\u00e9 de Lyon 2, UMR CIHAM), L\\u2019\\u00e9v\\u00eaque et l\\u2019inquisition de l\\u2019h\\u00e9r\\u00e9sie dans le Midi.\\n\\nOuvert \\u00e0 tous. Sur inscription, en ligne ou au 04 68 24 70 02.\",\"post_title\":\"60\\u00c8ME COLLOQUE DE FANJEAUX\",\"post_link\":\"https:\\\/\\\/collinescathares.com\\\/es\\\/evenements-ponctuels\\\/60eme-colloque-de-fanjeaux-2\\\/\",\"post_featured_image\":\"<div class=\\\"fc-feature-img\\\"><img alt=\\\"60\\u00c8ME COLLOQUE DE FANJEAUX\\\" width=\\\"300\\\" height=\\\"225\\\" src=\\\"https:\\\/\\\/collinescathares.com\\\/wp-content\\\/uploads\\\/2025\\\/05\\\/60EME-COLLOQUE-DE-FANJEAUX-2-300x225.jpg\\\" class=\\\"wp-post-image   wpgmp_featured_image\\\" ><\\\/div>\",\"post_categories\":\"Ev\\u00e9nements ponctuels\",\"post_tags\":\"\",\"%_encloseme%\":\"1\",\"%_thumbnail_id%\":\"253451\",\"%ville_r%\":\"FANJEAUX\",\"%_ville_r%\":\"field_5efc3a17e12c5\",\"%cp_r%\":\"11270\",\"%_cp_r%\":\"field_5efc3a47e12ca\",\"%tarifs_r%\":\"\",\"%_tarifs_r%\":\"field_5efc3a22e12c6\",\"%adresse_r%\":\"place du march\\u00e9\",\"%_adresse_r%\":\"field_5efc3a2ee12c7\",\"%carte_r%\":\"place du march\\u00e9 11270 FANJEAUX, 43.1876854, 2.03326417, 14\",\"%_carte_r%\":\"field_5efc4ed05494a\",\"%labels_r%\":\"\",\"%_labels_r%\":\"field_5f3a47134470d\",\"%handicap_r%\":\"\",\"%_handicap_r%\":\"field_5f3a471a4470e\",\"%offres_promotionnelles_r%\":\"\",\"%_offres_promotionnelles_r%\":\"field_5f3a472d4470f\",\"%telephone_r%\":\"+33 4 68 24 70 02\",\"%_telephone_r%\":\"field_5efc3a39e12c8\",\"%email_r%\":\"cachiersdefanjeaux@gmail.com\",\"%_email_r%\":\"field_5efc3a40e12c9\",\"%idunique_r%\":\"FMALAR011V516KM3\",\"%_idunique_r%\":\"field_5f04335c562b3\",\"%site_r%\":\"https:\\\/\\\/cahiersdefanjeaux.fr\\\/colloque60.html\",\"%_site_r%\":\"field_5efc4d652a106\",\"%_date_evenement_r%\":\"field_5f0348f37d5bd\",\"%_date_evenement_fin_r%\":\"field_5f3a4540d0781\",\"%horaires_evenement_r%\":\"09:00 \\\/ 17:00\",\"%_horaires_evenement_r%\":\"field_5f3a4550d0782\",\"%type_r%\":\"D\\u00e9bat \\\/ Conf\\u00e9rence\",\"%_type_r%\":\"field_5f057b5365cd7\",\"%classification_r%\":\"\",\"%_classification_r%\":\"field_5f3a3af81a328\",\"%classement_prefectoral_r%\":\"\",\"%_classement_prefectoral_r%\":\"field_5f3a473444710\",\"%datetri_r%\":\"1751932800\",\"%_datetri_r%\":\"field_5f3a8a82002b1\",\"%langage_r%\":\"FR\",\"%_langage_r%\":\"field_5f3be5649f374\",\"%_wpgmp_location_address%\":\"place du march\\u00e9 11270 FANJEAUX\",\"%_wpgmp_location_city%\":\"FANJEAUX\",\"%_wpgmp_location_state%\":\"\",\"%_wpgmp_location_country%\":\"France\",\"%_wpgmp_metabox_marker_id%\":\"a:1:{i:0;i:8;}\",\"%_wpgmp_map_id%\":\"a:1:{i:0;i:21;}\",\"%_wpgmp_metabox_latitude%\":\"43.1876854\",\"%_wpgmp_metabox_longitude%\":\"2.03326417\",\"%_wpgmp_metabox_location_redirect%\":\"post\",\"%_wpgmp_metabox_custom_link%\":\"\",\"%_wpgmp_metabox_taxomomies_terms%\":\"N;\",\"%_wpgmp_extensions_fields%\":\"N;\",\"%_wpml_word_count%\":\"309\",\"taxonomy=category\":\"Ev\\u00e9nements ponctuels\",\"taxonomy=post_tag\":\"\",\"taxonomy=post_format\":\"\",\"taxonomy=translation_priority\":\"Opcional\"},\"icon\":\"https:\\\/\\\/collinescathares.com\\\/wp-content\\\/uploads\\\/2020\\\/07\\\/pointeur_vert.svg\"},\"id\":253560,\"custom_filters\":{\"type_r\":\"D\\u00e9bat \\\/ Conf\\u00e9rence\",\"datetri_r\":\"1751932800\"},\"infowindow_disable\":false,\"categories\":[{\"icon\":\"https:\\\/\\\/collinescathares.com\\\/wp-content\\\/uploads\\\/2020\\\/07\\\/pointeur_vert.svg\",\"name\":\"Ev\\u00e9nements ponctuels\",\"id\":\"8\",\"type\":\"category\"}]},{\"source\":\"post\",\"title\":\"60\\u00c8ME COLLOQUE DE FANJEAUX\",\"infowindow_content\":\"<div class=\\\"fc-main\\\"><div class=\\\"fc-item-title\\\">60\\u00c8ME COLLOQUE DE FANJEAUX <span class=\\\"fc-badge info\\\">Ev\\u00e9nements ponctuels<\\\/span><\\\/div> <div class=\\\"fc-item-featured_image\\\"><div class=\\\"fc-feature-img\\\"><img alt=\\\"60\\u00c8ME COLLOQUE DE FANJEAUX\\\" width=\\\"300\\\" height=\\\"225\\\" src=\\\"https:\\\/\\\/collinescathares.com\\\/wp-content\\\/uploads\\\/2025\\\/05\\\/60EME-COLLOQUE-DE-FANJEAUX-2-300x225.jpg\\\" class=\\\"wp-post-image   wpgmp_featured_image\\\" ><\\\/div> <\\\/div>Le programme du 60\\u00e8me colloque de Fanjeaux sur le th\\u00e8me de &#8220;L&#8217;\\u00e9piscopat du Midi : gouverner un peuple chr\\u00e9tien (XIIe-XIVe si\\u00e8cle)&#8221; organis\\u00e9 par le Centre d&#8217;\\u00e9tudes historiques de Fanjeaux du 07 au 10 juillet 2025 : Mercredi 10 juillet : Excursion \\u00e0 Albi : Visite de la cath\\u00e9drale, du palais \\u00e9piscopal et de la coll\\u00e9giale [&hellip;]<address><b>Adresse : <\\\/b>{marker_address}<\\\/address><a class=\\\"fc-btn fc-btn-small fc-btn-red\\\" href=\\\"https:\\\/\\\/collinescathares.com\\\/es\\\/evenements-ponctuels\\\/60eme-colloque-de-fanjeaux-3\\\/\\\">En savoir plus<\\\/a><\\\/div>\",\"content\":\"Le programme du 60\\u00e8me colloque de Fanjeaux sur le th\\u00e8me de &#8220;L&#8217;\\u00e9piscopat du Midi : gouverner un peuple chr\\u00e9tien (XIIe-XIVe si\\u00e8cle)&#8221; organis\\u00e9 par le Centre d&#8217;\\u00e9tudes historiques de Fanjeaux du 07 au 10 juillet 2025 : Mercredi 10 juillet : Excursion \\u00e0 Albi : Visite de la cath\\u00e9drale, du palais \\u00e9piscopal et de la coll\\u00e9giale [&hellip;]\",\"address\":\"place du march\\u00e9 11270 FANJEAUX\",\"location\":{\"lat\":\"43.1876854\",\"city\":\"FANJEAUX\",\"country\":\"France\",\"lng\":\"2.03326417\",\"onclick_action\":\"post\",\"redirect_permalink\":\"https:\\\/\\\/collinescathares.com\\\/es\\\/evenements-ponctuels\\\/60eme-colloque-de-fanjeaux-3\\\/\",\"zoom\":10,\"extra_fields\":{\"%date_evenement_r%\":\"09 Juillet 2025\",\"%date_evenement_fin_r%\":\"09 Juillet 2025\",\"post_excerpt\":\"Le programme du 60\\u00e8me colloque de Fanjeaux sur le th\\u00e8me de &#8220;L&#8217;\\u00e9piscopat du Midi : gouverner un peuple chr\\u00e9tien (XIIe-XIVe si\\u00e8cle)&#8221; organis\\u00e9 par le Centre d&#8217;\\u00e9tudes historiques de Fanjeaux du 07 au 10 juillet 2025 : Mercredi 10 juillet : Excursion \\u00e0 Albi : Visite de la cath\\u00e9drale, du palais \\u00e9piscopal et de la coll\\u00e9giale [&hellip;]\",\"post_content\":\"Le programme du 60\\u00e8me colloque de Fanjeaux sur le th\\u00e8me de \\\"L'\\u00e9piscopat du Midi : gouverner un peuple chr\\u00e9tien (XIIe-XIVe si\\u00e8cle)\\\" organis\\u00e9 par le Centre d'\\u00e9tudes historiques de Fanjeaux du 07 au 10 juillet 2025 :\\n\\nMercredi 10 juillet :\\nExcursion \\u00e0 Albi : Visite de la cath\\u00e9drale, du palais \\u00e9piscopal et de la coll\\u00e9giale Saint-Salvi\\n\\nOuvert \\u00e0 tous. Sur inscription, en ligne ou au 04 68 24 70 02.\",\"post_title\":\"60\\u00c8ME COLLOQUE DE FANJEAUX\",\"post_link\":\"https:\\\/\\\/collinescathares.com\\\/es\\\/evenements-ponctuels\\\/60eme-colloque-de-fanjeaux-3\\\/\",\"post_featured_image\":\"<div class=\\\"fc-feature-img\\\"><img alt=\\\"60\\u00c8ME COLLOQUE DE FANJEAUX\\\" width=\\\"300\\\" height=\\\"225\\\" src=\\\"https:\\\/\\\/collinescathares.com\\\/wp-content\\\/uploads\\\/2025\\\/05\\\/60EME-COLLOQUE-DE-FANJEAUX-2-300x225.jpg\\\" class=\\\"wp-post-image   wpgmp_featured_image\\\" ><\\\/div>\",\"post_categories\":\"Ev\\u00e9nements ponctuels\",\"post_tags\":\"\",\"%_encloseme%\":\"1\",\"%_thumbnail_id%\":\"253451\",\"%ville_r%\":\"FANJEAUX\",\"%_ville_r%\":\"field_5efc3a17e12c5\",\"%cp_r%\":\"11270\",\"%_cp_r%\":\"field_5efc3a47e12ca\",\"%tarifs_r%\":\"\",\"%_tarifs_r%\":\"field_5efc3a22e12c6\",\"%adresse_r%\":\"place du march\\u00e9\",\"%_adresse_r%\":\"field_5efc3a2ee12c7\",\"%carte_r%\":\"place du march\\u00e9 11270 FANJEAUX, 43.1876854, 2.03326417, 14\",\"%_carte_r%\":\"field_5efc4ed05494a\",\"%labels_r%\":\"\",\"%_labels_r%\":\"field_5f3a47134470d\",\"%handicap_r%\":\"\",\"%_handicap_r%\":\"field_5f3a471a4470e\",\"%offres_promotionnelles_r%\":\"\",\"%_offres_promotionnelles_r%\":\"field_5f3a472d4470f\",\"%telephone_r%\":\"+33 4 68 24 70 02\",\"%_telephone_r%\":\"field_5efc3a39e12c8\",\"%email_r%\":\"cachiersdefanjeaux@gmail.com\",\"%_email_r%\":\"field_5efc3a40e12c9\",\"%idunique_r%\":\"FMALAR011V516KMF\",\"%_idunique_r%\":\"field_5f04335c562b3\",\"%site_r%\":\"https:\\\/\\\/cahiersdefanjeaux.fr\\\/colloque60.html\",\"%_site_r%\":\"field_5efc4d652a106\",\"%_date_evenement_r%\":\"field_5f0348f37d5bd\",\"%_date_evenement_fin_r%\":\"field_5f3a4540d0781\",\"%horaires_evenement_r%\":\"09:00 \\\/ 17:00\",\"%_horaires_evenement_r%\":\"field_5f3a4550d0782\",\"%type_r%\":\"D\\u00e9bat \\\/ Conf\\u00e9rence\",\"%_type_r%\":\"field_5f057b5365cd7\",\"%classification_r%\":\"\",\"%_classification_r%\":\"field_5f3a3af81a328\",\"%classement_prefectoral_r%\":\"\",\"%_classement_prefectoral_r%\":\"field_5f3a473444710\",\"%datetri_r%\":\"1752019200\",\"%_datetri_r%\":\"field_5f3a8a82002b1\",\"%langage_r%\":\"FR\",\"%_langage_r%\":\"field_5f3be5649f374\",\"%_wpgmp_location_address%\":\"place du march\\u00e9 11270 FANJEAUX\",\"%_wpgmp_location_city%\":\"FANJEAUX\",\"%_wpgmp_location_state%\":\"\",\"%_wpgmp_location_country%\":\"France\",\"%_wpgmp_metabox_marker_id%\":\"a:1:{i:0;i:8;}\",\"%_wpgmp_map_id%\":\"a:1:{i:0;i:21;}\",\"%_wpgmp_metabox_latitude%\":\"43.1876854\",\"%_wpgmp_metabox_longitude%\":\"2.03326417\",\"%_wpgmp_metabox_location_redirect%\":\"post\",\"%_wpgmp_metabox_custom_link%\":\"\",\"%_wpgmp_metabox_taxomomies_terms%\":\"N;\",\"%_wpgmp_extensions_fields%\":\"N;\",\"%_wpml_word_count%\":\"67\",\"%_elementor_page_assets%\":\"\",\"taxonomy=category\":\"Ev\\u00e9nements ponctuels\",\"taxonomy=post_tag\":\"\",\"taxonomy=post_format\":\"\",\"taxonomy=translation_priority\":\"Opcional\"},\"icon\":\"https:\\\/\\\/collinescathares.com\\\/wp-content\\\/uploads\\\/2020\\\/07\\\/pointeur_vert.svg\"},\"id\":253561,\"custom_filters\":{\"type_r\":\"D\\u00e9bat \\\/ Conf\\u00e9rence\",\"datetri_r\":\"1752019200\"},\"infowindow_disable\":false,\"categories\":[{\"icon\":\"https:\\\/\\\/collinescathares.com\\\/wp-content\\\/uploads\\\/2020\\\/07\\\/pointeur_vert.svg\",\"name\":\"Ev\\u00e9nements ponctuels\",\"id\":\"8\",\"type\":\"category\"}]},{\"source\":\"post\",\"title\":\"60\\u00c8ME COLLOQUE DE FANJEAUX\",\"infowindow_content\":\"<div class=\\\"fc-main\\\"><div class=\\\"fc-item-title\\\">60\\u00c8ME COLLOQUE DE FANJEAUX <span class=\\\"fc-badge info\\\">Ev\\u00e9nements ponctuels<\\\/span><\\\/div> <div class=\\\"fc-item-featured_image\\\"><div class=\\\"fc-feature-img\\\"><img alt=\\\"60\\u00c8ME COLLOQUE DE FANJEAUX\\\" width=\\\"300\\\" height=\\\"225\\\" src=\\\"https:\\\/\\\/collinescathares.com\\\/wp-content\\\/uploads\\\/2025\\\/05\\\/60EME-COLLOQUE-DE-FANJEAUX-2-300x225.jpg\\\" class=\\\"wp-post-image   wpgmp_featured_image\\\" ><\\\/div> <\\\/div>Le programme du 60\\u00e8me colloque de Fanjeaux sur le th\\u00e8me de &#8220;L&#8217;\\u00e9piscopat du Midi : gouverner un peuple chr\\u00e9tien (XIIe-XIVe si\\u00e8cle)&#8221; organis\\u00e9 par le Centre d&#8217;\\u00e9tudes historiques de Fanjeaux du 07 au 10 juillet 2025 : Lundi 07 juillet : &#8211; 9h15 : Ouverture de la session. &#8211; 9h30 : Introduction, Thierry P\\u00e9cout. Premi\\u00e8re partie [&hellip;]<address><b>Adresse : <\\\/b>{marker_address}<\\\/address><a class=\\\"fc-btn fc-btn-small fc-btn-red\\\" href=\\\"https:\\\/\\\/collinescathares.com\\\/es\\\/evenements-ponctuels\\\/60eme-colloque-de-fanjeaux\\\/\\\">En savoir plus<\\\/a><\\\/div>\",\"content\":\"Le programme du 60\\u00e8me colloque de Fanjeaux sur le th\\u00e8me de &#8220;L&#8217;\\u00e9piscopat du Midi : gouverner un peuple chr\\u00e9tien (XIIe-XIVe si\\u00e8cle)&#8221; organis\\u00e9 par le Centre d&#8217;\\u00e9tudes historiques de Fanjeaux du 07 au 10 juillet 2025 : Lundi 07 juillet : &#8211; 9h15 : Ouverture de la session. &#8211; 9h30 : Introduction, Thierry P\\u00e9cout. Premi\\u00e8re partie [&hellip;]\",\"address\":\"place du march\\u00e9 11270 FANJEAUX\",\"location\":{\"lat\":\"43.1876854\",\"city\":\"FANJEAUX\",\"country\":\"France\",\"lng\":\"2.03326417\",\"onclick_action\":\"post\",\"redirect_permalink\":\"https:\\\/\\\/collinescathares.com\\\/es\\\/evenements-ponctuels\\\/60eme-colloque-de-fanjeaux\\\/\",\"zoom\":10,\"extra_fields\":{\"%date_evenement_r%\":\"07 Juillet 2025\",\"%date_evenement_fin_r%\":\"07 Juillet 2025\",\"post_excerpt\":\"Le programme du 60\\u00e8me colloque de Fanjeaux sur le th\\u00e8me de &#8220;L&#8217;\\u00e9piscopat du Midi : gouverner un peuple chr\\u00e9tien (XIIe-XIVe si\\u00e8cle)&#8221; organis\\u00e9 par le Centre d&#8217;\\u00e9tudes historiques de Fanjeaux du 07 au 10 juillet 2025 : Lundi 07 juillet : &#8211; 9h15 : Ouverture de la session. &#8211; 9h30 : Introduction, Thierry P\\u00e9cout. Premi\\u00e8re partie [&hellip;]\",\"post_content\":\"Le programme du 60\\u00e8me colloque de Fanjeaux sur le th\\u00e8me de \\\"L'\\u00e9piscopat du Midi : gouverner un peuple chr\\u00e9tien (XIIe-XIVe si\\u00e8cle)\\\" organis\\u00e9 par le Centre d'\\u00e9tudes historiques de Fanjeaux du 07 au 10 juillet 2025 :\\n\\nLundi 07 juillet :\\n\\n- 9h15 : Ouverture de la session.\\n- 9h30 : Introduction, Thierry P\\u00e9cout.\\n\\nPremi\\u00e8re partie du colloque : Un dominium \\u00e9piscopal\\n- 10h15 : Martin de Framond (Le Puy-en-Velay), L\\u2019\\u00e9v\\u00eaque-comte du Puy, le pallium et les \\u00ab deux bras \\u00bb.\\n- 11h : Thierry P\\u00e9cout (Universit\\u00e9 Jean Monnet, UMR LEM-CERCOR), L\\u2019archev\\u00eaque d\\u2019Arles et le gouvernement de son dioc\\u00e8se, XIIe - d\\u00e9but XIVe si\\u00e8cle. \\n- 14h : Laurent Valli\\u00e8re (CNRS, UMR CIHAM), Avec ou sans \\u00e9v\\u00eaque : le dioc\\u00e8se d\\u2019Avignon au XIVe si\\u00e8cle.\\n\\nDeuxi\\u00e8me partie du colloque : Mise en sc\\u00e8ne et en lieux de l\\u2019autorit\\u00e9 \\u00e9piscopale\\n- 14h45 : Maria Alessandra Bilotta (IEM-NOVA\\\/FCSH, Lisbonne), L\\u2019\\u00e9v\\u00eaque, son r\\u00f4le et sa repr\\u00e9sentation dans les enluminures des manuscrits juridiques et liturgiques languedociens (XIIIe-XIVe si\\u00e8cles).\\n- 15h30 : \\u00c9milie Nadal (IRHT, CNRS), Une Bible glos\\u00e9e d\\u2019Amanieu d\\u2019Armagnac, archev\\u00eaque d\\u2019Auch.\\n- 16h15 : Kshanti Gamage (Universit\\u00e9 Paris 1, EA HiCSA), Pouvoir et parures \\u00e9piscopales : l\\u2019exemple des pi\\u00e8ces gothiques du tr\\u00e9sor de Saint- Bertrand-de-Comminges (XIIIe-XIVe si\\u00e8cles).\\n\\nOuvert \\u00e0 tous. Sur inscription, en ligne ou au 04 68 24 70 02.\",\"post_title\":\"60\\u00c8ME COLLOQUE DE FANJEAUX\",\"post_link\":\"https:\\\/\\\/collinescathares.com\\\/es\\\/evenements-ponctuels\\\/60eme-colloque-de-fanjeaux\\\/\",\"post_featured_image\":\"<div class=\\\"fc-feature-img\\\"><img alt=\\\"60\\u00c8ME COLLOQUE DE FANJEAUX\\\" width=\\\"300\\\" height=\\\"225\\\" src=\\\"https:\\\/\\\/collinescathares.com\\\/wp-content\\\/uploads\\\/2025\\\/05\\\/60EME-COLLOQUE-DE-FANJEAUX-2-300x225.jpg\\\" class=\\\"wp-post-image   wpgmp_featured_image\\\" ><\\\/div>\",\"post_categories\":\"Ev\\u00e9nements ponctuels\",\"post_tags\":\"\",\"%_encloseme%\":\"1\",\"%_thumbnail_id%\":\"253451\",\"%ville_r%\":\"FANJEAUX\",\"%_ville_r%\":\"field_5efc3a17e12c5\",\"%cp_r%\":\"11270\",\"%_cp_r%\":\"field_5efc3a47e12ca\",\"%tarifs_r%\":\"\",\"%_tarifs_r%\":\"field_5efc3a22e12c6\",\"%adresse_r%\":\"place du march\\u00e9\",\"%_adresse_r%\":\"field_5efc3a2ee12c7\",\"%carte_r%\":\"place du march\\u00e9 11270 FANJEAUX, 43.1876854, 2.03326417, 14\",\"%_carte_r%\":\"field_5efc4ed05494a\",\"%labels_r%\":\"\",\"%_labels_r%\":\"field_5f3a47134470d\",\"%handicap_r%\":\"\",\"%_handicap_r%\":\"field_5f3a471a4470e\",\"%offres_promotionnelles_r%\":\"\",\"%_offres_promotionnelles_r%\":\"field_5f3a472d4470f\",\"%telephone_r%\":\"+33 4 68 24 70 02\",\"%_telephone_r%\":\"field_5efc3a39e12c8\",\"%email_r%\":\"cachiersdefanjeaux@gmail.com\",\"%_email_r%\":\"field_5efc3a40e12c9\",\"%idunique_r%\":\"FMALAR011V516KLH\",\"%_idunique_r%\":\"field_5f04335c562b3\",\"%site_r%\":\"https:\\\/\\\/cahiersdefanjeaux.fr\\\/colloque60.html\",\"%_site_r%\":\"field_5efc4d652a106\",\"%_date_evenement_r%\":\"field_5f0348f37d5bd\",\"%_date_evenement_fin_r%\":\"field_5f3a4540d0781\",\"%horaires_evenement_r%\":\"09:00 \\\/ 17:00\",\"%_horaires_evenement_r%\":\"field_5f3a4550d0782\",\"%type_r%\":\"D\\u00e9bat \\\/ Conf\\u00e9rence\",\"%_type_r%\":\"field_5f057b5365cd7\",\"%classification_r%\":\"\",\"%_classification_r%\":\"field_5f3a3af81a328\",\"%classement_prefectoral_r%\":\"\",\"%_classement_prefectoral_r%\":\"field_5f3a473444710\",\"%datetri_r%\":\"1751846400\",\"%_datetri_r%\":\"field_5f3a8a82002b1\",\"%langage_r%\":\"FR\",\"%_langage_r%\":\"field_5f3be5649f374\",\"%_wpgmp_location_address%\":\"place du march\\u00e9 11270 FANJEAUX\",\"%_wpgmp_location_city%\":\"FANJEAUX\",\"%_wpgmp_location_state%\":\"\",\"%_wpgmp_location_country%\":\"France\",\"%_wpgmp_metabox_marker_id%\":\"a:1:{i:0;i:8;}\",\"%_wpgmp_map_id%\":\"a:1:{i:0;i:21;}\",\"%_wpgmp_metabox_latitude%\":\"43.1876854\",\"%_wpgmp_metabox_longitude%\":\"2.03326417\",\"%_wpgmp_metabox_location_redirect%\":\"post\",\"%_wpgmp_metabox_custom_link%\":\"\",\"%_wpgmp_metabox_taxomomies_terms%\":\"N;\",\"%_wpgmp_extensions_fields%\":\"N;\",\"%_wpml_word_count%\":\"231\",\"taxonomy=category\":\"Ev\\u00e9nements ponctuels\",\"taxonomy=post_tag\":\"\",\"taxonomy=post_format\":\"\",\"taxonomy=translation_priority\":\"Opcional\"},\"icon\":\"https:\\\/\\\/collinescathares.com\\\/wp-content\\\/uploads\\\/2020\\\/07\\\/pointeur_vert.svg\"},\"id\":253559,\"custom_filters\":{\"type_r\":\"D\\u00e9bat \\\/ Conf\\u00e9rence\",\"datetri_r\":\"1751846400\"},\"infowindow_disable\":false,\"categories\":[{\"icon\":\"https:\\\/\\\/collinescathares.com\\\/wp-content\\\/uploads\\\/2020\\\/07\\\/pointeur_vert.svg\",\"name\":\"Ev\\u00e9nements ponctuels\",\"id\":\"8\",\"type\":\"category\"}]},{\"source\":\"post\",\"title\":\"BALADE BOTANIQUE\",\"infowindow_content\":\"<div class=\\\"fc-main\\\"><div class=\\\"fc-item-title\\\">BALADE BOTANIQUE <span class=\\\"fc-badge info\\\">Ev\\u00e9nements ponctuels<\\\/span><\\\/div> <div class=\\\"fc-item-featured_image\\\"><div class=\\\"fc-feature-img\\\"><img alt=\\\"BALADE BOTANIQUE\\\" width=\\\"300\\\" height=\\\"225\\\" src=\\\"https:\\\/\\\/collinescathares.com\\\/wp-content\\\/uploads\\\/2025\\\/05\\\/BALADE-BOTANIQUE-3-2-300x225.jpg\\\" class=\\\"wp-post-image   wpgmp_featured_image\\\" ><\\\/div> <\\\/div>Les associations villepintoises &#8220;Les Jardins du Fresquel&#8221; et &#8220;Cotyl\\u00e9dons&#8221; vous proposent une balade guid\\u00e9e pour s\\u2019immerger dans le monde v\\u00e9g\\u00e9tal en observant les plantes qui s&#8217;\\u00e9panouissent au canal du Midi. Quelles plantes peut-on utiliser en rem\\u00e8de ? Quelles plantes sont comestibles ? Quelles plantes sont toxiques ? Apprenez \\u00e0 les identifier et \\u00e0 utiliser vos [&hellip;]<address><b>Adresse : <\\\/b>{marker_address}<\\\/address><a class=\\\"fc-btn fc-btn-small fc-btn-red\\\" href=\\\"https:\\\/\\\/collinescathares.com\\\/es\\\/evenements-ponctuels\\\/balade-botanique\\\/\\\">En savoir plus<\\\/a><\\\/div>\",\"content\":\"Les associations villepintoises &#8220;Les Jardins du Fresquel&#8221; et &#8220;Cotyl\\u00e9dons&#8221; vous proposent une balade guid\\u00e9e pour s\\u2019immerger dans le monde v\\u00e9g\\u00e9tal en observant les plantes qui s&#8217;\\u00e9panouissent au canal du Midi. Quelles plantes peut-on utiliser en rem\\u00e8de ? Quelles plantes sont comestibles ? Quelles plantes sont toxiques ? Apprenez \\u00e0 les identifier et \\u00e0 utiliser vos [&hellip;]\",\"address\":\" 11150 VILLEPINTE\",\"location\":{\"lat\":\"43.2803233\",\"city\":\"VILLEPINTE\",\"country\":\"France\",\"lng\":\"2.08458731\",\"onclick_action\":\"post\",\"redirect_permalink\":\"https:\\\/\\\/collinescathares.com\\\/es\\\/evenements-ponctuels\\\/balade-botanique\\\/\",\"zoom\":10,\"extra_fields\":{\"%date_evenement_r%\":\"05 Juillet 2025\",\"%date_evenement_fin_r%\":\"05 Juillet 2025\",\"post_excerpt\":\"Les associations villepintoises &#8220;Les Jardins du Fresquel&#8221; et &#8220;Cotyl\\u00e9dons&#8221; vous proposent une balade guid\\u00e9e pour s\\u2019immerger dans le monde v\\u00e9g\\u00e9tal en observant les plantes qui s&#8217;\\u00e9panouissent au canal du Midi. Quelles plantes peut-on utiliser en rem\\u00e8de ? Quelles plantes sont comestibles ? Quelles plantes sont toxiques ? Apprenez \\u00e0 les identifier et \\u00e0 utiliser vos [&hellip;]\",\"post_content\":\"Les associations villepintoises \\\"Les Jardins du Fresquel\\\" et \\\"Cotyl\\u00e9dons\\\" vous proposent une balade guid\\u00e9e pour s\\u2019immerger dans le monde v\\u00e9g\\u00e9tal en observant les plantes qui s'\\u00e9panouissent au canal du Midi.\\n\\nQuelles plantes peut-on utiliser en rem\\u00e8de ? Quelles plantes sont comestibles ? Quelles plantes sont toxiques ? Apprenez \\u00e0 les identifier et \\u00e0 utiliser vos diff\\u00e9rents sens pour mieux les conna\\u00eetre ! \\nLors une balade botanique, vous apprendrez :\\n- quelques bases en botanique pour vous aider \\u00e0 identifier les plantes\\n- comment certaines plantes interagissent avec et s\\u2019adaptent \\u00e0 leur environnement\\n- des usages des plantes bas\\u00e9s sur des savoirs anciens, la pratique moderne d\\u2019herboristerie et des recherches scientifiques\\n\\nVous repartirez avec un document en version papier avec les informations concernant l'identification et les utilisations des plantes. Balade de 2h suivie d'un ap\\u00e9ritif offert aux Jardins du Fresquel.\\n\\nTarifs : 8\\u20ac pour les adh\\u00e9rents de l'association \\\"Les Jardins du Fresquel\\\" (adh\\u00e9sion ouvert \\u00e0 tous pour 5\\u20ac\\\/an). 12\\u20ac pour les non-adh\\u00e9rents de l'association.\",\"post_title\":\"BALADE BOTANIQUE\",\"post_link\":\"https:\\\/\\\/collinescathares.com\\\/es\\\/evenements-ponctuels\\\/balade-botanique\\\/\",\"post_featured_image\":\"<div class=\\\"fc-feature-img\\\"><img alt=\\\"BALADE BOTANIQUE\\\" width=\\\"300\\\" height=\\\"225\\\" src=\\\"https:\\\/\\\/collinescathares.com\\\/wp-content\\\/uploads\\\/2025\\\/05\\\/BALADE-BOTANIQUE-3-2-300x225.jpg\\\" class=\\\"wp-post-image   wpgmp_featured_image\\\" ><\\\/div>\",\"post_categories\":\"Ev\\u00e9nements ponctuels\",\"post_tags\":\"\",\"%_encloseme%\":\"1\",\"%_thumbnail_id%\":\"253447\",\"%ville_r%\":\"VILLEPINTE\",\"%_ville_r%\":\"field_5efc3a17e12c5\",\"%cp_r%\":\"11150\",\"%_cp_r%\":\"field_5efc3a47e12ca\",\"%tarifs_r%\":\"Tarif abonn\\u00e9|8,00||#Plein tarif|12,00||\",\"%_tarifs_r%\":\"field_5efc3a22e12c6\",\"%carte_r%\":\" 11150 VILLEPINTE, 43.2803233, 2.08458731, 14\",\"%_carte_r%\":\"field_5efc4ed05494a\",\"%labels_r%\":\"\",\"%_labels_r%\":\"field_5f3a47134470d\",\"%handicap_r%\":\"\",\"%_handicap_r%\":\"field_5f3a471a4470e\",\"%offres_promotionnelles_r%\":\"\",\"%_offres_promotionnelles_r%\":\"field_5f3a472d4470f\",\"%telephone_r%\":\"\",\"%_telephone_r%\":\"field_5efc3a39e12c8\",\"%email_r%\":\"cotyledons@gmx.com\",\"%_email_r%\":\"field_5efc3a40e12c9\",\"%idunique_r%\":\"FMALAR011V516K6G\",\"%_idunique_r%\":\"field_5f04335c562b3\",\"%site_r%\":\"\",\"%_site_r%\":\"field_5efc4d652a106\",\"%_date_evenement_r%\":\"field_5f0348f37d5bd\",\"%_date_evenement_fin_r%\":\"field_5f3a4540d0781\",\"%horaires_evenement_r%\":\"09:30 \\\/ 11:30\",\"%_horaires_evenement_r%\":\"field_5f3a4550d0782\",\"%type_r%\":\"Randonn\\u00e9e, balade\",\"%_type_r%\":\"field_5f057b5365cd7\",\"%classification_r%\":\"\",\"%_classification_r%\":\"field_5f3a3af81a328\",\"%classement_prefectoral_r%\":\"\",\"%_classement_prefectoral_r%\":\"field_5f3a473444710\",\"%datetri_r%\":\"1751673600\",\"%_datetri_r%\":\"field_5f3a8a82002b1\",\"%langage_r%\":\"FR\",\"%_langage_r%\":\"field_5f3be5649f374\",\"%_wpgmp_location_address%\":\" 11150 VILLEPINTE\",\"%_wpgmp_location_city%\":\"VILLEPINTE\",\"%_wpgmp_location_state%\":\"\",\"%_wpgmp_location_country%\":\"France\",\"%_wpgmp_metabox_marker_id%\":\"a:1:{i:0;i:8;}\",\"%_wpgmp_map_id%\":\"a:1:{i:0;i:21;}\",\"%_wpgmp_metabox_latitude%\":\"43.2803233\",\"%_wpgmp_metabox_longitude%\":\"2.08458731\",\"%_wpgmp_metabox_location_redirect%\":\"post\",\"%_wpgmp_metabox_custom_link%\":\"\",\"%_wpgmp_metabox_taxomomies_terms%\":\"N;\",\"%_wpgmp_extensions_fields%\":\"N;\",\"%_wpml_word_count%\":\"192\",\"%_elementor_page_assets%\":\"\",\"taxonomy=category\":\"Ev\\u00e9nements ponctuels\",\"taxonomy=post_tag\":\"\",\"taxonomy=post_format\":\"\",\"taxonomy=translation_priority\":\"Opcional\"},\"icon\":\"https:\\\/\\\/collinescathares.com\\\/wp-content\\\/uploads\\\/2020\\\/07\\\/pointeur_vert.svg\"},\"id\":253558,\"custom_filters\":{\"type_r\":\"Randonn\\u00e9e, balade\",\"datetri_r\":\"1751673600\"},\"infowindow_disable\":false,\"categories\":[{\"icon\":\"https:\\\/\\\/collinescathares.com\\\/wp-content\\\/uploads\\\/2020\\\/07\\\/pointeur_vert.svg\",\"name\":\"Ev\\u00e9nements ponctuels\",\"id\":\"8\",\"type\":\"category\"}]},{\"source\":\"post\",\"title\":\"LA CARAVANE DES SONGES\",\"infowindow_content\":\"<div class=\\\"fc-main\\\"><div class=\\\"fc-item-title\\\">LA CARAVANE DES SONGES <span class=\\\"fc-badge info\\\">Ev\\u00e9nements ponctuels<\\\/span><\\\/div> <div class=\\\"fc-item-featured_image\\\"><div class=\\\"fc-feature-img\\\"><img alt=\\\"LA CARAVANE DES SONGES\\\" width=\\\"300\\\" height=\\\"225\\\" src=\\\"https:\\\/\\\/collinescathares.com\\\/wp-content\\\/uploads\\\/2025\\\/05\\\/LA-CARAVANE-DES-SONGES-01-300x225.jpg\\\" class=\\\"wp-post-image   wpgmp_featured_image\\\" ><\\\/div> <\\\/div>Les compagnies tarnaises Alchym\\u00e8re et le Cirque La Cabriole installent leur chapiteau et leurs jeux forains du spectacle La Caravane des Songes, pour un week-end sous le signe des arts du cirque \\u00e0 Montr\\u00e9al. Leur venue est permise gr\\u00e2ce au soutien des associations locales Jongle \\u00e0 la Une et L\\u2019Oreille du Hibou. Cet \\u00e9v\\u00e9nement re\\u00e7oit [&hellip;]<address><b>Adresse : <\\\/b>{marker_address}<\\\/address><a class=\\\"fc-btn fc-btn-small fc-btn-red\\\" href=\\\"https:\\\/\\\/collinescathares.com\\\/es\\\/evenements-ponctuels\\\/la-caravane-des-songes-3\\\/\\\">En savoir plus<\\\/a><\\\/div>\",\"content\":\"Les compagnies tarnaises Alchym\\u00e8re et le Cirque La Cabriole installent leur chapiteau et leurs jeux forains du spectacle La Caravane des Songes, pour un week-end sous le signe des arts du cirque \\u00e0 Montr\\u00e9al. Leur venue est permise gr\\u00e2ce au soutien des associations locales Jongle \\u00e0 la Une et L\\u2019Oreille du Hibou. Cet \\u00e9v\\u00e9nement re\\u00e7oit [&hellip;]\",\"address\":\"Rue de la Salle 11290 MONTREAL\",\"location\":{\"lat\":\"43.19535\",\"city\":\"MONTREAL\",\"country\":\"France\",\"lng\":\"2.13852\",\"onclick_action\":\"post\",\"redirect_permalink\":\"https:\\\/\\\/collinescathares.com\\\/es\\\/evenements-ponctuels\\\/la-caravane-des-songes-3\\\/\",\"zoom\":10,\"extra_fields\":{\"%date_evenement_r%\":\"08 Juin 2025\",\"%date_evenement_fin_r%\":\"08 Juin 2025\",\"post_excerpt\":\"Les compagnies tarnaises Alchym\\u00e8re et le Cirque La Cabriole installent leur chapiteau et leurs jeux forains du spectacle La Caravane des Songes, pour un week-end sous le signe des arts du cirque \\u00e0 Montr\\u00e9al. Leur venue est permise gr\\u00e2ce au soutien des associations locales Jongle \\u00e0 la Une et L\\u2019Oreille du Hibou. Cet \\u00e9v\\u00e9nement re\\u00e7oit [&hellip;]\",\"post_content\":\"Les compagnies tarnaises Alchym\\u00e8re et le Cirque La Cabriole installent leur chapiteau et leurs jeux forains du spectacle La Caravane des Songes, pour un week-end sous le signe des arts du cirque \\u00e0 Montr\\u00e9al. \\n\\nLeur venue est permise gr\\u00e2ce au soutien des associations locales Jongle \\u00e0 la Une et L\\u2019Oreille du Hibou. \\nCet \\u00e9v\\u00e9nement re\\u00e7oit \\u00e9galement le soutien logistique de la Commune de Montr\\u00e9al, et du soutien financier de l\\u2019association Pitt\\u2019Ocha pour un monde de sons (Les Ogres de Barback).\\n\\nEn plus du spectacle sous chapiteau La Caravane des Songes qui fera l'objet de trois repr\\u00e9sentations les vendredi 6 et samedi 7 juin \\u00e0 21h et le dimanche 8 juin \\u00e0 18h, les artistes proposent : \\n\\n- Le champ de foire en acc\\u00e8s libre, le petit village forain avec ses stands de jeux revisit\\u00e9s (loterie, p\\u00eache aux curiosit\\u00e9s, stand de tir), son entresort (une maison hant\\u00e9e!), un bar, un stand de restauration et de confiseries, le tout port\\u00e9 par les sonorit\\u00e9s de l'orgue de barbarie (ouverture 2h avant le spectacle, puis r\\u00e9ouverture apr\\u00e8s le spectacle, en musique, avec DJ Moz et ses vinyles !)\\n\\n- Un spectacle p\\u00e9dagogique : \\u00ab Les loges du Cirque \\u00bb propos\\u00e9 aux enfants de la commune, aux structures m\\u00e9dico-sociales et \\u00e0 toute personne curieuse de conna\\u00eetre l\\u2019envers du d\\u00e9cor et la cr\\u00e9ation d\\u2019un spectacle de cirque moderne Vendredi 6 juin \\u00e0 10h30\\n\\n- Des ateliers cirque en duo parent-enfant, pour d\\u00e9couvrir le chapiteau dans un cadre plus intimiste et exp\\u00e9rimenter les sensations des disciplines circassiennes autour d'activit\\u00e9s ludiques et conviviales \\nDimanche 8 juin \\u00e0 10h30 ou 11h30\\n\\n- Des ateliers de d\\u00e9couverte des disciplines des artistes circassiens du spectacle, \\u00e0 destination des \\u00e9l\\u00e8ves de l\\u2019\\u00e9cole de cirque Jongle \\u00e0 la Lune.\\n\",\"post_title\":\"LA CARAVANE DES SONGES\",\"post_link\":\"https:\\\/\\\/collinescathares.com\\\/es\\\/evenements-ponctuels\\\/la-caravane-des-songes-3\\\/\",\"post_featured_image\":\"<div class=\\\"fc-feature-img\\\"><img alt=\\\"LA CARAVANE DES SONGES\\\" width=\\\"300\\\" height=\\\"225\\\" src=\\\"https:\\\/\\\/collinescathares.com\\\/wp-content\\\/uploads\\\/2025\\\/05\\\/LA-CARAVANE-DES-SONGES-01-300x225.jpg\\\" class=\\\"wp-post-image   wpgmp_featured_image\\\" ><\\\/div>\",\"post_categories\":\"Ev\\u00e9nements ponctuels\",\"post_tags\":\"\",\"%_encloseme%\":\"1\",\"%_thumbnail_id%\":\"253322\",\"%ville_r%\":\"MONTREAL\",\"%_ville_r%\":\"field_5efc3a17e12c5\",\"%cp_r%\":\"11290\",\"%_cp_r%\":\"field_5efc3a47e12ca\",\"%tarifs_r%\":\"Plein tarif|10,80|18,80|\",\"%_tarifs_r%\":\"field_5efc3a22e12c6\",\"%adresse_r%\":\"Rue de la Salle\",\"%_adresse_r%\":\"field_5efc3a2ee12c7\",\"%carte_r%\":\"Rue de la Salle 11290 MONTREAL, 43.19535, 2.13852, 14\",\"%_carte_r%\":\"field_5efc4ed05494a\",\"%labels_r%\":\"\",\"%_labels_r%\":\"field_5f3a47134470d\",\"%handicap_r%\":\"\",\"%_handicap_r%\":\"field_5f3a471a4470e\",\"%offres_promotionnelles_r%\":\"\",\"%_offres_promotionnelles_r%\":\"field_5f3a472d4470f\",\"%telephone_r%\":\" Port : +33 7 49 08 60 14\",\"%_telephone_r%\":\"field_5efc3a39e12c8\",\"%email_r%\":\"\",\"%_email_r%\":\"field_5efc3a40e12c9\",\"%idunique_r%\":\"FMALAR011V516DSG\",\"%_idunique_r%\":\"field_5f04335c562b3\",\"%site_r%\":\"https:\\\/\\\/www.alchymere.com\\\/la-caravane-des-songes\\\/\",\"%_site_r%\":\"field_5efc4d652a106\",\"%_date_evenement_r%\":\"field_5f0348f37d5bd\",\"%_date_evenement_fin_r%\":\"field_5f3a4540d0781\",\"%horaires_evenement_r%\":\"18:00\",\"%_horaires_evenement_r%\":\"field_5f3a4550d0782\",\"%type_r%\":\"Foire\",\"%_type_r%\":\"field_5f057b5365cd7\",\"%classification_r%\":\"\",\"%_classification_r%\":\"field_5f3a3af81a328\",\"%classement_prefectoral_r%\":\"\",\"%_classement_prefectoral_r%\":\"field_5f3a473444710\",\"%datetri_r%\":\"1749340800\",\"%_datetri_r%\":\"field_5f3a8a82002b1\",\"%langage_r%\":\"FR\",\"%_langage_r%\":\"field_5f3be5649f374\",\"%_wpgmp_location_address%\":\"Rue de la Salle 11290 MONTREAL\",\"%_wpgmp_location_city%\":\"MONTREAL\",\"%_wpgmp_location_state%\":\"\",\"%_wpgmp_location_country%\":\"France\",\"%_wpgmp_metabox_marker_id%\":\"a:1:{i:0;i:8;}\",\"%_wpgmp_map_id%\":\"a:1:{i:0;i:21;}\",\"%_wpgmp_metabox_latitude%\":\"43.19535\",\"%_wpgmp_metabox_longitude%\":\"2.13852\",\"%_wpgmp_metabox_location_redirect%\":\"post\",\"%_wpgmp_metabox_custom_link%\":\"\",\"%_wpgmp_metabox_taxomomies_terms%\":\"N;\",\"%_wpgmp_extensions_fields%\":\"N;\",\"%_wpml_word_count%\":\"296\",\"%_elementor_page_assets%\":\"\",\"taxonomy=category\":\"Ev\\u00e9nements ponctuels\",\"taxonomy=post_tag\":\"\",\"taxonomy=post_format\":\"\",\"taxonomy=translation_priority\":\"Opcional\"},\"icon\":\"https:\\\/\\\/collinescathares.com\\\/wp-content\\\/uploads\\\/2020\\\/07\\\/pointeur_vert.svg\"},\"id\":253557,\"custom_filters\":{\"type_r\":\"Foire\",\"datetri_r\":\"1749340800\"},\"infowindow_disable\":false,\"categories\":[{\"icon\":\"https:\\\/\\\/collinescathares.com\\\/wp-content\\\/uploads\\\/2020\\\/07\\\/pointeur_vert.svg\",\"name\":\"Ev\\u00e9nements ponctuels\",\"id\":\"8\",\"type\":\"category\"}]},{\"source\":\"post\",\"title\":\"LA CARAVANE DES SONGES\",\"infowindow_content\":\"<div class=\\\"fc-main\\\"><div class=\\\"fc-item-title\\\">LA CARAVANE DES SONGES <span class=\\\"fc-badge info\\\">Ev\\u00e9nements ponctuels<\\\/span><\\\/div> <div class=\\\"fc-item-featured_image\\\"><div class=\\\"fc-feature-img\\\"><img alt=\\\"LA CARAVANE DES SONGES\\\" width=\\\"300\\\" height=\\\"225\\\" src=\\\"https:\\\/\\\/collinescathares.com\\\/wp-content\\\/uploads\\\/2025\\\/05\\\/LA-CARAVANE-DES-SONGES-01-300x225.jpg\\\" class=\\\"wp-post-image   wpgmp_featured_image\\\" ><\\\/div> <\\\/div>Les compagnies tarnaises Alchym\\u00e8re et le Cirque La Cabriole installent leur chapiteau et leurs jeux forains du spectacle La Caravane des Songes, pour un week-end sous le signe des arts du cirque \\u00e0 Montr\\u00e9al. Leur venue est permise gr\\u00e2ce au soutien des associations locales Jongle \\u00e0 la Une et L\\u2019Oreille du Hibou. Cet \\u00e9v\\u00e9nement re\\u00e7oit [&hellip;]<address><b>Adresse : <\\\/b>{marker_address}<\\\/address><a class=\\\"fc-btn fc-btn-small fc-btn-red\\\" href=\\\"https:\\\/\\\/collinescathares.com\\\/es\\\/evenements-ponctuels\\\/la-caravane-des-songes-2\\\/\\\">En savoir plus<\\\/a><\\\/div>\",\"content\":\"Les compagnies tarnaises Alchym\\u00e8re et le Cirque La Cabriole installent leur chapiteau et leurs jeux forains du spectacle La Caravane des Songes, pour un week-end sous le signe des arts du cirque \\u00e0 Montr\\u00e9al. Leur venue est permise gr\\u00e2ce au soutien des associations locales Jongle \\u00e0 la Une et L\\u2019Oreille du Hibou. Cet \\u00e9v\\u00e9nement re\\u00e7oit [&hellip;]\",\"address\":\"Rue de la Salle 11290 MONTREAL\",\"location\":{\"lat\":\"43.19535\",\"city\":\"MONTREAL\",\"country\":\"France\",\"lng\":\"2.13852\",\"onclick_action\":\"post\",\"redirect_permalink\":\"https:\\\/\\\/collinescathares.com\\\/es\\\/evenements-ponctuels\\\/la-caravane-des-songes-2\\\/\",\"zoom\":10,\"extra_fields\":{\"%date_evenement_r%\":\"07 Juin 2025\",\"%date_evenement_fin_r%\":\"07 Juin 2025\",\"post_excerpt\":\"Les compagnies tarnaises Alchym\\u00e8re et le Cirque La Cabriole installent leur chapiteau et leurs jeux forains du spectacle La Caravane des Songes, pour un week-end sous le signe des arts du cirque \\u00e0 Montr\\u00e9al. Leur venue est permise gr\\u00e2ce au soutien des associations locales Jongle \\u00e0 la Une et L\\u2019Oreille du Hibou. Cet \\u00e9v\\u00e9nement re\\u00e7oit [&hellip;]\",\"post_content\":\"Les compagnies tarnaises Alchym\\u00e8re et le Cirque La Cabriole installent leur chapiteau et leurs jeux forains du spectacle La Caravane des Songes, pour un week-end sous le signe des arts du cirque \\u00e0 Montr\\u00e9al. \\n\\nLeur venue est permise gr\\u00e2ce au soutien des associations locales Jongle \\u00e0 la Une et L\\u2019Oreille du Hibou. \\nCet \\u00e9v\\u00e9nement re\\u00e7oit \\u00e9galement le soutien logistique de la Commune de Montr\\u00e9al, et du soutien financier de l\\u2019association Pitt\\u2019Ocha pour un monde de sons (Les Ogres de Barback).\\n\\nEn plus du spectacle sous chapiteau La Caravane des Songes qui fera l'objet de trois repr\\u00e9sentations les vendredi 6 et samedi 7 juin \\u00e0 21h et le dimanche 8 juin \\u00e0 18h, les artistes proposent : \\n\\n- Le champ de foire en acc\\u00e8s libre, le petit village forain avec ses stands de jeux revisit\\u00e9s (loterie, p\\u00eache aux curiosit\\u00e9s, stand de tir), son entresort (une maison hant\\u00e9e!), un bar, un stand de restauration et de confiseries, le tout port\\u00e9 par les sonorit\\u00e9s de l'orgue de barbarie (ouverture 2h avant le spectacle, puis r\\u00e9ouverture apr\\u00e8s le spectacle, en musique, avec DJ Moz et ses vinyles !)\\n\\n- Un spectacle p\\u00e9dagogique : \\u00ab Les loges du Cirque \\u00bb propos\\u00e9 aux enfants de la commune, aux structures m\\u00e9dico-sociales et \\u00e0 toute personne curieuse de conna\\u00eetre l\\u2019envers du d\\u00e9cor et la cr\\u00e9ation d\\u2019un spectacle de cirque moderne Vendredi 6 juin \\u00e0 10h30\\n\\n- Des ateliers cirque en duo parent-enfant, pour d\\u00e9couvrir le chapiteau dans un cadre plus intimiste et exp\\u00e9rimenter les sensations des disciplines circassiennes autour d'activit\\u00e9s ludiques et conviviales \\nDimanche 8 juin \\u00e0 10h30 ou 11h30\\n\\n- Des ateliers de d\\u00e9couverte des disciplines des artistes circassiens du spectacle, \\u00e0 destination des \\u00e9l\\u00e8ves de l\\u2019\\u00e9cole de cirque Jongle \\u00e0 la Lune.\\n\",\"post_title\":\"LA CARAVANE DES SONGES\",\"post_link\":\"https:\\\/\\\/collinescathares.com\\\/es\\\/evenements-ponctuels\\\/la-caravane-des-songes-2\\\/\",\"post_featured_image\":\"<div class=\\\"fc-feature-img\\\"><img alt=\\\"LA CARAVANE DES SONGES\\\" width=\\\"300\\\" height=\\\"225\\\" src=\\\"https:\\\/\\\/collinescathares.com\\\/wp-content\\\/uploads\\\/2025\\\/05\\\/LA-CARAVANE-DES-SONGES-01-300x225.jpg\\\" class=\\\"wp-post-image   wpgmp_featured_image\\\" ><\\\/div>\",\"post_categories\":\"Ev\\u00e9nements ponctuels\",\"post_tags\":\"\",\"%_encloseme%\":\"1\",\"%_thumbnail_id%\":\"253322\",\"%ville_r%\":\"MONTREAL\",\"%_ville_r%\":\"field_5efc3a17e12c5\",\"%cp_r%\":\"11290\",\"%_cp_r%\":\"field_5efc3a47e12ca\",\"%tarifs_r%\":\"Plein tarif|10,80|18,80|\",\"%_tarifs_r%\":\"field_5efc3a22e12c6\",\"%adresse_r%\":\"Rue de la Salle\",\"%_adresse_r%\":\"field_5efc3a2ee12c7\",\"%carte_r%\":\"Rue de la Salle 11290 MONTREAL, 43.19535, 2.13852, 14\",\"%_carte_r%\":\"field_5efc4ed05494a\",\"%labels_r%\":\"\",\"%_labels_r%\":\"field_5f3a47134470d\",\"%handicap_r%\":\"\",\"%_handicap_r%\":\"field_5f3a471a4470e\",\"%offres_promotionnelles_r%\":\"\",\"%_offres_promotionnelles_r%\":\"field_5f3a472d4470f\",\"%telephone_r%\":\" Port : +33 7 49 08 60 14\",\"%_telephone_r%\":\"field_5efc3a39e12c8\",\"%email_r%\":\"\",\"%_email_r%\":\"field_5efc3a40e12c9\",\"%idunique_r%\":\"FMALAR011V516DSD\",\"%_idunique_r%\":\"field_5f04335c562b3\",\"%site_r%\":\"https:\\\/\\\/www.alchymere.com\\\/la-caravane-des-songes\\\/\",\"%_site_r%\":\"field_5efc4d652a106\",\"%_date_evenement_r%\":\"field_5f0348f37d5bd\",\"%_date_evenement_fin_r%\":\"field_5f3a4540d0781\",\"%horaires_evenement_r%\":\"21:00\",\"%_horaires_evenement_r%\":\"field_5f3a4550d0782\",\"%type_r%\":\"Foire\",\"%_type_r%\":\"field_5f057b5365cd7\",\"%classification_r%\":\"\",\"%_classification_r%\":\"field_5f3a3af81a328\",\"%classement_prefectoral_r%\":\"\",\"%_classement_prefectoral_r%\":\"field_5f3a473444710\",\"%datetri_r%\":\"1749254400\",\"%_datetri_r%\":\"field_5f3a8a82002b1\",\"%langage_r%\":\"FR\",\"%_langage_r%\":\"field_5f3be5649f374\",\"%_wpgmp_location_address%\":\"Rue de la Salle 11290 MONTREAL\",\"%_wpgmp_location_city%\":\"MONTREAL\",\"%_wpgmp_location_state%\":\"\",\"%_wpgmp_location_country%\":\"France\",\"%_wpgmp_metabox_marker_id%\":\"a:1:{i:0;i:8;}\",\"%_wpgmp_map_id%\":\"a:1:{i:0;i:21;}\",\"%_wpgmp_metabox_latitude%\":\"43.19535\",\"%_wpgmp_metabox_longitude%\":\"2.13852\",\"%_wpgmp_metabox_location_redirect%\":\"post\",\"%_wpgmp_metabox_custom_link%\":\"\",\"%_wpgmp_metabox_taxomomies_terms%\":\"N;\",\"%_wpgmp_extensions_fields%\":\"N;\",\"%_wpml_word_count%\":\"296\",\"taxonomy=category\":\"Ev\\u00e9nements ponctuels\",\"taxonomy=post_tag\":\"\",\"taxonomy=post_format\":\"\",\"taxonomy=translation_priority\":\"Opcional\"},\"icon\":\"https:\\\/\\\/collinescathares.com\\\/wp-content\\\/uploads\\\/2020\\\/07\\\/pointeur_vert.svg\"},\"id\":253556,\"custom_filters\":{\"type_r\":\"Foire\",\"datetri_r\":\"1749254400\"},\"infowindow_disable\":false,\"categories\":[{\"icon\":\"https:\\\/\\\/collinescathares.com\\\/wp-content\\\/uploads\\\/2020\\\/07\\\/pointeur_vert.svg\",\"name\":\"Ev\\u00e9nements ponctuels\",\"id\":\"8\",\"type\":\"category\"}]},{\"source\":\"post\",\"title\":\"FESTIVAL BANDAS EN MALEP\\u00c8RE 2025\",\"infowindow_content\":\"<div class=\\\"fc-main\\\"><div class=\\\"fc-item-title\\\">FESTIVAL BANDAS EN MALEP\\u00c8RE 2025 <span class=\\\"fc-badge info\\\">Ev\\u00e9nements ponctuels<\\\/span><\\\/div> <div class=\\\"fc-item-featured_image\\\"><div class=\\\"fc-feature-img\\\"><img alt=\\\"FESTIVAL BANDAS EN MALEP\\u00c8RE 2025\\\" width=\\\"300\\\" height=\\\"225\\\" src=\\\"https:\\\/\\\/collinescathares.com\\\/wp-content\\\/uploads\\\/2023\\\/05\\\/Design-sans-titre-12--300x225.jpg\\\" class=\\\"wp-post-image   wpgmp_featured_image\\\" ><\\\/div> <\\\/div>Le Festival Bandas en Malep\\u00e8re est un des \\u00e9v\\u00e8nements incontournables dans le d\\u00e9partement de l&#8217;Aude. Une f\\u00eate populaire et conviviale, un moment de partage en famille ou entre amis. Un m\\u00e9lange de cultures qui rassemble des amoureux de la musique et de la f\\u00eate. Au programme de la 22e \\u00e9dition, qui se d\\u00e9roulera les 13 [&hellip;]<address><b>Adresse : <\\\/b>{marker_address}<\\\/address><a class=\\\"fc-btn fc-btn-small fc-btn-red\\\" href=\\\"https:\\\/\\\/collinescathares.com\\\/es\\\/evenements-ponctuels\\\/festival-bandas-en-malepere-2025-2\\\/\\\">En savoir plus<\\\/a><\\\/div>\",\"content\":\"Le Festival Bandas en Malep\\u00e8re est un des \\u00e9v\\u00e8nements incontournables dans le d\\u00e9partement de l&#8217;Aude. Une f\\u00eate populaire et conviviale, un moment de partage en famille ou entre amis. Un m\\u00e9lange de cultures qui rassemble des amoureux de la musique et de la f\\u00eate. Au programme de la 22e \\u00e9dition, qui se d\\u00e9roulera les 13 [&hellip;]\",\"address\":\" 11290 MONTREAL\",\"location\":{\"lat\":\"43.1988706\",\"city\":\"MONTREAL\",\"country\":\"France\",\"lng\":\"2.14057653\",\"onclick_action\":\"post\",\"redirect_permalink\":\"https:\\\/\\\/collinescathares.com\\\/es\\\/evenements-ponctuels\\\/festival-bandas-en-malepere-2025-2\\\/\",\"zoom\":10,\"extra_fields\":{\"%date_evenement_r%\":\"14 Juin 2025\",\"%date_evenement_fin_r%\":\"14 Juin 2025\",\"post_excerpt\":\"Le Festival Bandas en Malep\\u00e8re est un des \\u00e9v\\u00e8nements incontournables dans le d\\u00e9partement de l&#8217;Aude. Une f\\u00eate populaire et conviviale, un moment de partage en famille ou entre amis. Un m\\u00e9lange de cultures qui rassemble des amoureux de la musique et de la f\\u00eate. Au programme de la 22e \\u00e9dition, qui se d\\u00e9roulera les 13 [&hellip;]\",\"post_content\":\"Le Festival Bandas en Malep\\u00e8re est un des \\u00e9v\\u00e8nements incontournables dans le d\\u00e9partement de l'Aude. Une f\\u00eate populaire et conviviale, un moment de partage en famille ou entre amis. Un m\\u00e9lange de cultures qui rassemble des amoureux de la musique et de la f\\u00eate. \\n\\nAu programme de la 22e \\u00e9dition, qui se d\\u00e9roulera les 13 et 14 juin 2025 :\\n- 10 bandas et fanfares qui vont mettre le feu et un groupe guest que vous allez adorer\\n- 3 bodegas pour vous servir \\n- un grand stand de restauration\\n- une boutique pour \\u00eatre aux couleurs du festival avec de jolis produits in\\u00e9dits !\\n- une Fanfare Class avec p\\u00e9dagogie, partage et musicalit\\u00e9 \\n\\nEntr\\u00e9e gratuite. Possibilit\\u00e9 de planter la tente gratuitement.\",\"post_title\":\"FESTIVAL BANDAS EN MALEP\\u00c8RE 2025\",\"post_link\":\"https:\\\/\\\/collinescathares.com\\\/es\\\/evenements-ponctuels\\\/festival-bandas-en-malepere-2025-2\\\/\",\"post_featured_image\":\"<div class=\\\"fc-feature-img\\\"><img alt=\\\"FESTIVAL BANDAS EN MALEP\\u00c8RE 2025\\\" width=\\\"300\\\" height=\\\"225\\\" src=\\\"https:\\\/\\\/collinescathares.com\\\/wp-content\\\/uploads\\\/2023\\\/05\\\/Design-sans-titre-12--300x225.jpg\\\" class=\\\"wp-post-image   wpgmp_featured_image\\\" ><\\\/div>\",\"post_categories\":\"Ev\\u00e9nements ponctuels\",\"post_tags\":\"\",\"%_encloseme%\":\"1\",\"%_thumbnail_id%\":\"235304\",\"%ville_r%\":\"MONTREAL\",\"%_ville_r%\":\"field_5efc3a17e12c5\",\"%cp_r%\":\"11290\",\"%_cp_r%\":\"field_5efc3a47e12ca\",\"%tarifs_r%\":\"\",\"%_tarifs_r%\":\"field_5efc3a22e12c6\",\"%carte_r%\":\" 11290 MONTREAL, 43.1988706, 2.14057653, 14\",\"%_carte_r%\":\"field_5efc4ed05494a\",\"%labels_r%\":\"\",\"%_labels_r%\":\"field_5f3a47134470d\",\"%handicap_r%\":\"\",\"%_handicap_r%\":\"field_5f3a471a4470e\",\"%offres_promotionnelles_r%\":\"\",\"%_offres_promotionnelles_r%\":\"field_5f3a472d4470f\",\"%telephone_r%\":\"\",\"%_telephone_r%\":\"field_5efc3a39e12c8\",\"%email_r%\":\"festivalbandasenmalepere@gmail.com\",\"%_email_r%\":\"field_5efc3a40e12c9\",\"%idunique_r%\":\"FMALAR011V516DGX\",\"%_idunique_r%\":\"field_5f04335c562b3\",\"%site_r%\":\"\",\"%_site_r%\":\"field_5efc4d652a106\",\"%_date_evenement_r%\":\"field_5f0348f37d5bd\",\"%_date_evenement_fin_r%\":\"field_5f3a4540d0781\",\"%horaires_evenement_r%\":\"17:00\",\"%_horaires_evenement_r%\":\"field_5f3a4550d0782\",\"%type_r%\":\"Concert\",\"%_type_r%\":\"field_5f057b5365cd7\",\"%classification_r%\":\"\",\"%_classification_r%\":\"field_5f3a3af81a328\",\"%classement_prefectoral_r%\":\"\",\"%_classement_prefectoral_r%\":\"field_5f3a473444710\",\"%datetri_r%\":\"1749859200\",\"%_datetri_r%\":\"field_5f3a8a82002b1\",\"%langage_r%\":\"FR\",\"%_langage_r%\":\"field_5f3be5649f374\",\"%_wpgmp_location_address%\":\" 11290 MONTREAL\",\"%_wpgmp_location_city%\":\"MONTREAL\",\"%_wpgmp_location_state%\":\"\",\"%_wpgmp_location_country%\":\"France\",\"%_wpgmp_metabox_marker_id%\":\"a:1:{i:0;i:8;}\",\"%_wpgmp_map_id%\":\"a:1:{i:0;i:21;}\",\"%_wpgmp_metabox_latitude%\":\"43.1988706\",\"%_wpgmp_metabox_longitude%\":\"2.14057653\",\"%_wpgmp_metabox_location_redirect%\":\"post\",\"%_wpgmp_metabox_custom_link%\":\"\",\"%_wpgmp_metabox_taxomomies_terms%\":\"N;\",\"%_wpgmp_extensions_fields%\":\"N;\",\"%_wpml_word_count%\":\"119\",\"%_elementor_page_assets%\":\"\",\"taxonomy=category\":\"Ev\\u00e9nements ponctuels\",\"taxonomy=post_tag\":\"\",\"taxonomy=post_format\":\"\",\"taxonomy=translation_priority\":\"Opcional\"},\"icon\":\"https:\\\/\\\/collinescathares.com\\\/wp-content\\\/uploads\\\/2020\\\/07\\\/pointeur_vert.svg\"},\"id\":253555,\"custom_filters\":{\"type_r\":\"Concert\",\"datetri_r\":\"1749859200\"},\"infowindow_disable\":false,\"categories\":[{\"icon\":\"https:\\\/\\\/collinescathares.com\\\/wp-content\\\/uploads\\\/2020\\\/07\\\/pointeur_vert.svg\",\"name\":\"Ev\\u00e9nements ponctuels\",\"id\":\"8\",\"type\":\"category\"}]},{\"source\":\"post\",\"title\":\"LA CARAVANE DES SONGES\",\"infowindow_content\":\"<div class=\\\"fc-main\\\"><div class=\\\"fc-item-title\\\">LA CARAVANE DES SONGES <span class=\\\"fc-badge info\\\">Ev\\u00e9nements ponctuels<\\\/span><\\\/div> <div class=\\\"fc-item-featured_image\\\"><div class=\\\"fc-feature-img\\\"><img alt=\\\"LA CARAVANE DES SONGES\\\" width=\\\"300\\\" height=\\\"225\\\" src=\\\"https:\\\/\\\/collinescathares.com\\\/wp-content\\\/uploads\\\/2025\\\/05\\\/LA-CARAVANE-DES-SONGES-01-300x225.jpg\\\" class=\\\"wp-post-image   wpgmp_featured_image\\\" ><\\\/div> <\\\/div>Les compagnies tarnaises Alchym\\u00e8re et le Cirque La Cabriole installent leur chapiteau et leurs jeux forains du spectacle La Caravane des Songes, pour un week-end sous le signe des arts du cirque \\u00e0 Montr\\u00e9al. Leur venue est permise gr\\u00e2ce au soutien des associations locales Jongle \\u00e0 la Une et L\\u2019Oreille du Hibou. Cet \\u00e9v\\u00e9nement re\\u00e7oit [&hellip;]<address><b>Adresse : <\\\/b>{marker_address}<\\\/address><a class=\\\"fc-btn fc-btn-small fc-btn-red\\\" href=\\\"https:\\\/\\\/collinescathares.com\\\/es\\\/evenements-ponctuels\\\/la-caravane-des-songes\\\/\\\">En savoir plus<\\\/a><\\\/div>\",\"content\":\"Les compagnies tarnaises Alchym\\u00e8re et le Cirque La Cabriole installent leur chapiteau et leurs jeux forains du spectacle La Caravane des Songes, pour un week-end sous le signe des arts du cirque \\u00e0 Montr\\u00e9al. Leur venue est permise gr\\u00e2ce au soutien des associations locales Jongle \\u00e0 la Une et L\\u2019Oreille du Hibou. Cet \\u00e9v\\u00e9nement re\\u00e7oit [&hellip;]\",\"address\":\"Rue de la Salle 11290 MONTREAL\",\"location\":{\"lat\":\"43.19535\",\"city\":\"MONTREAL\",\"country\":\"France\",\"lng\":\"2.13852\",\"onclick_action\":\"post\",\"redirect_permalink\":\"https:\\\/\\\/collinescathares.com\\\/es\\\/evenements-ponctuels\\\/la-caravane-des-songes\\\/\",\"zoom\":10,\"extra_fields\":{\"%date_evenement_r%\":\"06 Juin 2025\",\"%date_evenement_fin_r%\":\"06 Juin 2025\",\"post_excerpt\":\"Les compagnies tarnaises Alchym\\u00e8re et le Cirque La Cabriole installent leur chapiteau et leurs jeux forains du spectacle La Caravane des Songes, pour un week-end sous le signe des arts du cirque \\u00e0 Montr\\u00e9al. Leur venue est permise gr\\u00e2ce au soutien des associations locales Jongle \\u00e0 la Une et L\\u2019Oreille du Hibou. Cet \\u00e9v\\u00e9nement re\\u00e7oit [&hellip;]\",\"post_content\":\"Les compagnies tarnaises Alchym\\u00e8re et le Cirque La Cabriole installent leur chapiteau et leurs jeux forains du spectacle La Caravane des Songes, pour un week-end sous le signe des arts du cirque \\u00e0 Montr\\u00e9al. \\n\\nLeur venue est permise gr\\u00e2ce au soutien des associations locales Jongle \\u00e0 la Une et L\\u2019Oreille du Hibou. \\nCet \\u00e9v\\u00e9nement re\\u00e7oit \\u00e9galement le soutien logistique de la Commune de Montr\\u00e9al, et du soutien financier de l\\u2019association Pitt\\u2019Ocha pour un monde de sons (Les Ogres de Barback).\\n\\nEn plus du spectacle sous chapiteau La Caravane des Songes qui fera l'objet de trois repr\\u00e9sentations les vendredi 6 et samedi 7 juin \\u00e0 21h et le dimanche 8 juin \\u00e0 18h, les artistes proposent : \\n\\n- Le champ de foire en acc\\u00e8s libre, le petit village forain avec ses stands de jeux revisit\\u00e9s (loterie, p\\u00eache aux curiosit\\u00e9s, stand de tir), son entresort (une maison hant\\u00e9e!), un bar, un stand de restauration et de confiseries, le tout port\\u00e9 par les sonorit\\u00e9s de l'orgue de barbarie (ouverture 2h avant le spectacle, puis r\\u00e9ouverture apr\\u00e8s le spectacle, en musique, avec DJ Moz et ses vinyles !)\\n\\n- Un spectacle p\\u00e9dagogique : \\u00ab Les loges du Cirque \\u00bb propos\\u00e9 aux enfants de la commune, aux structures m\\u00e9dico-sociales et \\u00e0 toute personne curieuse de conna\\u00eetre l\\u2019envers du d\\u00e9cor et la cr\\u00e9ation d\\u2019un spectacle de cirque moderne Vendredi 6 juin \\u00e0 10h30\\n\\n- Des ateliers cirque en duo parent-enfant, pour d\\u00e9couvrir le chapiteau dans un cadre plus intimiste et exp\\u00e9rimenter les sensations des disciplines circassiennes autour d'activit\\u00e9s ludiques et conviviales \\nDimanche 8 juin \\u00e0 10h30 ou 11h30\\n\\n- Des ateliers de d\\u00e9couverte des disciplines des artistes circassiens du spectacle, \\u00e0 destination des \\u00e9l\\u00e8ves de l\\u2019\\u00e9cole de cirque Jongle \\u00e0 la Lune.\\n\",\"post_title\":\"LA CARAVANE DES SONGES\",\"post_link\":\"https:\\\/\\\/collinescathares.com\\\/es\\\/evenements-ponctuels\\\/la-caravane-des-songes\\\/\",\"post_featured_image\":\"<div class=\\\"fc-feature-img\\\"><img alt=\\\"LA CARAVANE DES SONGES\\\" width=\\\"300\\\" height=\\\"225\\\" src=\\\"https:\\\/\\\/collinescathares.com\\\/wp-content\\\/uploads\\\/2025\\\/05\\\/LA-CARAVANE-DES-SONGES-01-300x225.jpg\\\" class=\\\"wp-post-image   wpgmp_featured_image\\\" ><\\\/div>\",\"post_categories\":\"Ev\\u00e9nements ponctuels\",\"post_tags\":\"\",\"%_encloseme%\":\"1\",\"%_thumbnail_id%\":\"253322\",\"%ville_r%\":\"MONTREAL\",\"%_ville_r%\":\"field_5efc3a17e12c5\",\"%cp_r%\":\"11290\",\"%_cp_r%\":\"field_5efc3a47e12ca\",\"%tarifs_r%\":\"Plein tarif|10,80|18,80|\",\"%_tarifs_r%\":\"field_5efc3a22e12c6\",\"%adresse_r%\":\"Rue de la Salle\",\"%_adresse_r%\":\"field_5efc3a2ee12c7\",\"%carte_r%\":\"Rue de la Salle 11290 MONTREAL, 43.19535, 2.13852, 14\",\"%_carte_r%\":\"field_5efc4ed05494a\",\"%labels_r%\":\"\",\"%_labels_r%\":\"field_5f3a47134470d\",\"%handicap_r%\":\"\",\"%_handicap_r%\":\"field_5f3a471a4470e\",\"%offres_promotionnelles_r%\":\"\",\"%_offres_promotionnelles_r%\":\"field_5f3a472d4470f\",\"%telephone_r%\":\" Port : +33 7 49 08 60 14\",\"%_telephone_r%\":\"field_5efc3a39e12c8\",\"%email_r%\":\"\",\"%_email_r%\":\"field_5efc3a40e12c9\",\"%idunique_r%\":\"FMALAR011V516DEL\",\"%_idunique_r%\":\"field_5f04335c562b3\",\"%site_r%\":\"https:\\\/\\\/www.alchymere.com\\\/la-caravane-des-songes\\\/\",\"%_site_r%\":\"field_5efc4d652a106\",\"%_date_evenement_r%\":\"field_5f0348f37d5bd\",\"%_date_evenement_fin_r%\":\"field_5f3a4540d0781\",\"%horaires_evenement_r%\":\"21:00\",\"%_horaires_evenement_r%\":\"field_5f3a4550d0782\",\"%type_r%\":\"Foire\",\"%_type_r%\":\"field_5f057b5365cd7\",\"%classification_r%\":\"\",\"%_classification_r%\":\"field_5f3a3af81a328\",\"%classement_prefectoral_r%\":\"\",\"%_classement_prefectoral_r%\":\"field_5f3a473444710\",\"%datetri_r%\":\"1749168000\",\"%_datetri_r%\":\"field_5f3a8a82002b1\",\"%langage_r%\":\"FR\",\"%_langage_r%\":\"field_5f3be5649f374\",\"%_wpgmp_location_address%\":\"Rue de la Salle 11290 MONTREAL\",\"%_wpgmp_location_city%\":\"MONTREAL\",\"%_wpgmp_location_state%\":\"\",\"%_wpgmp_location_country%\":\"France\",\"%_wpgmp_metabox_marker_id%\":\"a:1:{i:0;i:8;}\",\"%_wpgmp_map_id%\":\"a:1:{i:0;i:21;}\",\"%_wpgmp_metabox_latitude%\":\"43.19535\",\"%_wpgmp_metabox_longitude%\":\"2.13852\",\"%_wpgmp_metabox_location_redirect%\":\"post\",\"%_wpgmp_metabox_custom_link%\":\"\",\"%_wpgmp_metabox_taxomomies_terms%\":\"N;\",\"%_wpgmp_extensions_fields%\":\"N;\",\"%_wpml_word_count%\":\"296\",\"%_elementor_page_assets%\":\"\",\"taxonomy=category\":\"Ev\\u00e9nements ponctuels\",\"taxonomy=post_tag\":\"\",\"taxonomy=post_format\":\"\",\"taxonomy=translation_priority\":\"Opcional\"},\"icon\":\"https:\\\/\\\/collinescathares.com\\\/wp-content\\\/uploads\\\/2020\\\/07\\\/pointeur_vert.svg\"},\"id\":253553,\"custom_filters\":{\"type_r\":\"Foire\",\"datetri_r\":\"1749168000\"},\"infowindow_disable\":false,\"categories\":[{\"icon\":\"https:\\\/\\\/collinescathares.com\\\/wp-content\\\/uploads\\\/2020\\\/07\\\/pointeur_vert.svg\",\"name\":\"Ev\\u00e9nements ponctuels\",\"id\":\"8\",\"type\":\"category\"}]},{\"source\":\"post\",\"title\":\"FESTIVAL BANDAS EN MALEP\\u00c8RE 2025\",\"infowindow_content\":\"<div class=\\\"fc-main\\\"><div class=\\\"fc-item-title\\\">FESTIVAL BANDAS EN MALEP\\u00c8RE 2025 <span class=\\\"fc-badge info\\\">Ev\\u00e9nements ponctuels<\\\/span><\\\/div> <div class=\\\"fc-item-featured_image\\\"><div class=\\\"fc-feature-img\\\"><img alt=\\\"FESTIVAL BANDAS EN MALEP\\u00c8RE 2025\\\" width=\\\"300\\\" height=\\\"225\\\" src=\\\"https:\\\/\\\/collinescathares.com\\\/wp-content\\\/uploads\\\/2023\\\/05\\\/Design-sans-titre-12--300x225.jpg\\\" class=\\\"wp-post-image   wpgmp_featured_image\\\" ><\\\/div> <\\\/div>Le Festival Bandas en Malep\\u00e8re est un des \\u00e9v\\u00e8nements incontournables dans le d\\u00e9partement de l&#8217;Aude. Une f\\u00eate populaire et conviviale, un moment de partage en famille ou entre amis. Un m\\u00e9lange de cultures qui rassemble des amoureux de la musique et de la f\\u00eate. Au programme de la 22e \\u00e9dition, qui se d\\u00e9roulera les 13 [&hellip;]<address><b>Adresse : <\\\/b>{marker_address}<\\\/address><a class=\\\"fc-btn fc-btn-small fc-btn-red\\\" href=\\\"https:\\\/\\\/collinescathares.com\\\/es\\\/evenements-ponctuels\\\/festival-bandas-en-malepere-2025\\\/\\\">En savoir plus<\\\/a><\\\/div>\",\"content\":\"Le Festival Bandas en Malep\\u00e8re est un des \\u00e9v\\u00e8nements incontournables dans le d\\u00e9partement de l&#8217;Aude. Une f\\u00eate populaire et conviviale, un moment de partage en famille ou entre amis. Un m\\u00e9lange de cultures qui rassemble des amoureux de la musique et de la f\\u00eate. Au programme de la 22e \\u00e9dition, qui se d\\u00e9roulera les 13 [&hellip;]\",\"address\":\" 11290 MONTREAL\",\"location\":{\"lat\":\"43.1988706\",\"city\":\"MONTREAL\",\"country\":\"France\",\"lng\":\"2.14057653\",\"onclick_action\":\"post\",\"redirect_permalink\":\"https:\\\/\\\/collinescathares.com\\\/es\\\/evenements-ponctuels\\\/festival-bandas-en-malepere-2025\\\/\",\"zoom\":10,\"extra_fields\":{\"%date_evenement_r%\":\"13 Juin 2025\",\"%date_evenement_fin_r%\":\"13 Juin 2025\",\"post_excerpt\":\"Le Festival Bandas en Malep\\u00e8re est un des \\u00e9v\\u00e8nements incontournables dans le d\\u00e9partement de l&#8217;Aude. Une f\\u00eate populaire et conviviale, un moment de partage en famille ou entre amis. Un m\\u00e9lange de cultures qui rassemble des amoureux de la musique et de la f\\u00eate. Au programme de la 22e \\u00e9dition, qui se d\\u00e9roulera les 13 [&hellip;]\",\"post_content\":\"Le Festival Bandas en Malep\\u00e8re est un des \\u00e9v\\u00e8nements incontournables dans le d\\u00e9partement de l'Aude. Une f\\u00eate populaire et conviviale, un moment de partage en famille ou entre amis. Un m\\u00e9lange de cultures qui rassemble des amoureux de la musique et de la f\\u00eate. \\n\\nAu programme de la 22e \\u00e9dition, qui se d\\u00e9roulera les 13 et 14 juin 2025 :\\n- 10 bandas et fanfares qui vont mettre le feu et un groupe guest que vous allez adorer\\n- 3 bodegas pour vous servir \\n- un grand stand de restauration\\n- une boutique pour \\u00eatre aux couleurs du festival avec de jolis produits in\\u00e9dits !\\n- une Fanfare Class avec p\\u00e9dagogie, partage et musicalit\\u00e9 \\n\\nEntr\\u00e9e gratuite. Possibilit\\u00e9 de planter la tente gratuitement.\",\"post_title\":\"FESTIVAL BANDAS EN MALEP\\u00c8RE 2025\",\"post_link\":\"https:\\\/\\\/collinescathares.com\\\/es\\\/evenements-ponctuels\\\/festival-bandas-en-malepere-2025\\\/\",\"post_featured_image\":\"<div class=\\\"fc-feature-img\\\"><img alt=\\\"FESTIVAL BANDAS EN MALEP\\u00c8RE 2025\\\" width=\\\"300\\\" height=\\\"225\\\" src=\\\"https:\\\/\\\/collinescathares.com\\\/wp-content\\\/uploads\\\/2023\\\/05\\\/Design-sans-titre-12--300x225.jpg\\\" class=\\\"wp-post-image   wpgmp_featured_image\\\" ><\\\/div>\",\"post_categories\":\"Ev\\u00e9nements ponctuels\",\"post_tags\":\"\",\"%_encloseme%\":\"1\",\"%_thumbnail_id%\":\"235304\",\"%ville_r%\":\"MONTREAL\",\"%_ville_r%\":\"field_5efc3a17e12c5\",\"%cp_r%\":\"11290\",\"%_cp_r%\":\"field_5efc3a47e12ca\",\"%tarifs_r%\":\"\",\"%_tarifs_r%\":\"field_5efc3a22e12c6\",\"%carte_r%\":\" 11290 MONTREAL, 43.1988706, 2.14057653, 14\",\"%_carte_r%\":\"field_5efc4ed05494a\",\"%labels_r%\":\"\",\"%_labels_r%\":\"field_5f3a47134470d\",\"%handicap_r%\":\"\",\"%_handicap_r%\":\"field_5f3a471a4470e\",\"%offres_promotionnelles_r%\":\"\",\"%_offres_promotionnelles_r%\":\"field_5f3a472d4470f\",\"%telephone_r%\":\"\",\"%_telephone_r%\":\"field_5efc3a39e12c8\",\"%email_r%\":\"festivalbandasenmalepere@gmail.com\",\"%_email_r%\":\"field_5efc3a40e12c9\",\"%idunique_r%\":\"FMALAR011V516DEQ\",\"%_idunique_r%\":\"field_5f04335c562b3\",\"%site_r%\":\"\",\"%_site_r%\":\"field_5efc4d652a106\",\"%_date_evenement_r%\":\"field_5f0348f37d5bd\",\"%_date_evenement_fin_r%\":\"field_5f3a4540d0781\",\"%horaires_evenement_r%\":\"19:00\",\"%_horaires_evenement_r%\":\"field_5f3a4550d0782\",\"%type_r%\":\"Concert\",\"%_type_r%\":\"field_5f057b5365cd7\",\"%classification_r%\":\"\",\"%_classification_r%\":\"field_5f3a3af81a328\",\"%classement_prefectoral_r%\":\"\",\"%_classement_prefectoral_r%\":\"field_5f3a473444710\",\"%datetri_r%\":\"1749772800\",\"%_datetri_r%\":\"field_5f3a8a82002b1\",\"%langage_r%\":\"FR\",\"%_langage_r%\":\"field_5f3be5649f374\",\"%_wpgmp_location_address%\":\" 11290 MONTREAL\",\"%_wpgmp_location_city%\":\"MONTREAL\",\"%_wpgmp_location_state%\":\"\",\"%_wpgmp_location_country%\":\"France\",\"%_wpgmp_metabox_marker_id%\":\"a:1:{i:0;i:8;}\",\"%_wpgmp_map_id%\":\"a:1:{i:0;i:21;}\",\"%_wpgmp_metabox_latitude%\":\"43.1988706\",\"%_wpgmp_metabox_longitude%\":\"2.14057653\",\"%_wpgmp_metabox_location_redirect%\":\"post\",\"%_wpgmp_metabox_custom_link%\":\"\",\"%_wpgmp_metabox_taxomomies_terms%\":\"N;\",\"%_wpgmp_extensions_fields%\":\"N;\",\"%_wpml_word_count%\":\"119\",\"%_elementor_page_assets%\":\"\",\"taxonomy=category\":\"Ev\\u00e9nements ponctuels\",\"taxonomy=post_tag\":\"\",\"taxonomy=post_format\":\"\",\"taxonomy=translation_priority\":\"Opcional\"},\"icon\":\"https:\\\/\\\/collinescathares.com\\\/wp-content\\\/uploads\\\/2020\\\/07\\\/pointeur_vert.svg\"},\"id\":253554,\"custom_filters\":{\"type_r\":\"Concert\",\"datetri_r\":\"1749772800\"},\"infowindow_disable\":false,\"categories\":[{\"icon\":\"https:\\\/\\\/collinescathares.com\\\/wp-content\\\/uploads\\\/2020\\\/07\\\/pointeur_vert.svg\",\"name\":\"Ev\\u00e9nements ponctuels\",\"id\":\"8\",\"type\":\"category\"}]},{\"source\":\"post\",\"title\":\"DE FERME EN FERME AU COEUR DE LA PI\\u00c8GE ET DU RAZ\\u00c8S\",\"infowindow_content\":\"<div class=\\\"fc-main\\\"><div class=\\\"fc-item-title\\\">DE FERME EN FERME AU COEUR DE LA PI\\u00c8GE ET DU RAZ\\u00c8S <span class=\\\"fc-badge info\\\">Ev\\u00e9nements ponctuels<\\\/span><\\\/div> <div class=\\\"fc-item-featured_image\\\"><div class=\\\"fc-feature-img\\\"><img alt=\\\"DE FERME EN FERME AU COEUR DE LA PI\\u00c8GE ET DU RAZ\\u00c8S\\\" width=\\\"300\\\" height=\\\"225\\\" src=\\\"https:\\\/\\\/collinescathares.com\\\/wp-content\\\/uploads\\\/2020\\\/07\\\/Sans-titre-75-85d5296929e64acc8b51abc64403f6ed-300x225.jpg\\\" class=\\\"wp-post-image   wpgmp_featured_image\\\" ><\\\/div> <\\\/div>Venez passer une journ\\u00e9e conviviale \\u00e0 la campagne et d\\u00e9couvrir la diversit\\u00e9 des fermes des collines cathares ! 13 agriculteurs vous ouvrent gratuitement leurs portes avec, au programme, des visites guid\\u00e9es, des d\\u00e9gustations, de la vente directe, des animations, de la restauration gourmande et plein d&#8217;autres surprises. Parmi les participants : &#8211; Le Domaine Saint-Dominique [&hellip;]<address><b>Adresse : <\\\/b>{marker_address}<\\\/address><a class=\\\"fc-btn fc-btn-small fc-btn-red\\\" href=\\\"https:\\\/\\\/collinescathares.com\\\/es\\\/evenements-ponctuels\\\/de-ferme-en-ferme-au-coeur-de-la-piege-et-du-razes\\\/\\\">En savoir plus<\\\/a><\\\/div>\",\"content\":\"Venez passer une journ\\u00e9e conviviale \\u00e0 la campagne et d\\u00e9couvrir la diversit\\u00e9 des fermes des collines cathares ! 13 agriculteurs vous ouvrent gratuitement leurs portes avec, au programme, des visites guid\\u00e9es, des d\\u00e9gustations, de la vente directe, des animations, de la restauration gourmande et plein d&#8217;autres surprises. Parmi les participants : &#8211; Le Domaine Saint-Dominique [&hellip;]\",\"address\":\" 11270 FANJEAUX\",\"location\":{\"lat\":\"43.18519\",\"city\":\"FANJEAUX\",\"country\":\"France\",\"lng\":\"2.03519\",\"onclick_action\":\"post\",\"redirect_permalink\":\"https:\\\/\\\/collinescathares.com\\\/es\\\/evenements-ponctuels\\\/de-ferme-en-ferme-au-coeur-de-la-piege-et-du-razes\\\/\",\"zoom\":10,\"extra_fields\":{\"%date_evenement_r%\":\"25 Mai 2025\",\"%date_evenement_fin_r%\":\"25 Mai 2025\",\"post_excerpt\":\"Venez passer une journ\\u00e9e conviviale \\u00e0 la campagne et d\\u00e9couvrir la diversit\\u00e9 des fermes des collines cathares ! 13 agriculteurs vous ouvrent gratuitement leurs portes avec, au programme, des visites guid\\u00e9es, des d\\u00e9gustations, de la vente directe, des animations, de la restauration gourmande et plein d&#8217;autres surprises. Parmi les participants : &#8211; Le Domaine Saint-Dominique [&hellip;]\",\"post_content\":\"Venez passer une journ\\u00e9e conviviale \\u00e0 la campagne et d\\u00e9couvrir la diversit\\u00e9 des fermes des collines cathares !\\n13 agriculteurs vous ouvrent gratuitement leurs portes avec, au programme, des visites guid\\u00e9es, des d\\u00e9gustations, de la vente directe, des animations, de la restauration gourmande et plein d'autres surprises.\\n\\nParmi les participants :\\n- Le Domaine Saint-Dominique \\u00e0 Fanjeaux \\n- Les Herbes d'Aure \\u00e0 Cahuzac\\n- La Ferme de Briola \\u00e0 Saint-Julien-de-Briola\\n- La Coume \\u00e0 Ribouisse\\n- Gaec La Ferme des Feda Galina \\u00e0 Fanjeaux\\n- Les Collines de Besplas \\u00e0 Villasavary\\n- La Ferme de Calas \\u00e0 Gaja-la-Selve\\n- Spiruline Dynamis\\u00e9e du Domaine Valetou \\u00e0 La Cassaigne\\n- Domaine de La Courbe \\u00e0 Plaigne\\n- Domaine Cremefer \\u00e0 Montr\\u00e9al de l'Aude\\n\\nDe quoi satisfaire tous vos sens et vos papilles pour ce week-end gourmand et festif !\",\"post_title\":\"DE FERME EN FERME AU COEUR DE LA PI\\u00c8GE ET DU RAZ\\u00c8S\",\"post_link\":\"https:\\\/\\\/collinescathares.com\\\/es\\\/evenements-ponctuels\\\/de-ferme-en-ferme-au-coeur-de-la-piege-et-du-razes\\\/\",\"post_featured_image\":\"<div class=\\\"fc-feature-img\\\"><img alt=\\\"DE FERME EN FERME AU COEUR DE LA PI\\u00c8GE ET DU RAZ\\u00c8S\\\" width=\\\"300\\\" height=\\\"225\\\" src=\\\"https:\\\/\\\/collinescathares.com\\\/wp-content\\\/uploads\\\/2020\\\/07\\\/Sans-titre-75-85d5296929e64acc8b51abc64403f6ed-300x225.jpg\\\" class=\\\"wp-post-image   wpgmp_featured_image\\\" ><\\\/div>\",\"post_categories\":\"Ev\\u00e9nements ponctuels\",\"post_tags\":\"\",\"%_encloseme%\":\"1\",\"%_thumbnail_id%\":\"1742\",\"%ville_r%\":\"FANJEAUX\",\"%_ville_r%\":\"field_5efc3a17e12c5\",\"%cp_r%\":\"11270\",\"%_cp_r%\":\"field_5efc3a47e12ca\",\"%tarifs_r%\":\"\",\"%_tarifs_r%\":\"field_5efc3a22e12c6\",\"%carte_r%\":\" 11270 FANJEAUX, 43.18519, 2.03519, 14\",\"%_carte_r%\":\"field_5efc4ed05494a\",\"%labels_r%\":\"\",\"%_labels_r%\":\"field_5f3a47134470d\",\"%handicap_r%\":\"\",\"%_handicap_r%\":\"field_5f3a471a4470e\",\"%offres_promotionnelles_r%\":\"\",\"%_offres_promotionnelles_r%\":\"field_5f3a472d4470f\",\"%telephone_r%\":\"\",\"%_telephone_r%\":\"field_5efc3a39e12c8\",\"%email_r%\":\"\",\"%_email_r%\":\"field_5efc3a40e12c9\",\"%idunique_r%\":\"FMALAR011V5169OH\",\"%_idunique_r%\":\"field_5f04335c562b3\",\"%site_r%\":\"https:\\\/\\\/www.fermiers-audois.fr\",\"%_site_r%\":\"field_5efc4d652a106\",\"%_date_evenement_r%\":\"field_5f0348f37d5bd\",\"%_date_evenement_fin_r%\":\"field_5f3a4540d0781\",\"%horaires_evenement_r%\":\"09:00 \\\/ 18:00\",\"%_horaires_evenement_r%\":\"field_5f3a4550d0782\",\"%type_r%\":\"March\\u00e9\",\"%_type_r%\":\"field_5f057b5365cd7\",\"%classification_r%\":\"\",\"%_classification_r%\":\"field_5f3a3af81a328\",\"%classement_prefectoral_r%\":\"\",\"%_classement_prefectoral_r%\":\"field_5f3a473444710\",\"%datetri_r%\":\"1748131200\",\"%_datetri_r%\":\"field_5f3a8a82002b1\",\"%langage_r%\":\"FR\",\"%_langage_r%\":\"field_5f3be5649f374\",\"%_wpgmp_location_address%\":\" 11270 FANJEAUX\",\"%_wpgmp_location_city%\":\"FANJEAUX\",\"%_wpgmp_location_state%\":\"\",\"%_wpgmp_location_country%\":\"France\",\"%_wpgmp_metabox_marker_id%\":\"a:1:{i:0;i:8;}\",\"%_wpgmp_map_id%\":\"a:1:{i:0;i:21;}\",\"%_wpgmp_metabox_latitude%\":\"43.18519\",\"%_wpgmp_metabox_longitude%\":\"2.03519\",\"%_wpgmp_metabox_location_redirect%\":\"post\",\"%_wpgmp_metabox_custom_link%\":\"\",\"%_wpgmp_metabox_taxomomies_terms%\":\"N;\",\"%_wpgmp_extensions_fields%\":\"N;\",\"%_wpml_word_count%\":\"148\",\"%_elementor_page_assets%\":\"\",\"taxonomy=category\":\"Ev\\u00e9nements ponctuels\",\"taxonomy=post_tag\":\"\",\"taxonomy=post_format\":\"\",\"taxonomy=translation_priority\":\"Opcional\"},\"icon\":\"https:\\\/\\\/collinescathares.com\\\/wp-content\\\/uploads\\\/2020\\\/07\\\/pointeur_vert.svg\"},\"id\":253552,\"custom_filters\":{\"type_r\":\"March\\u00e9\",\"datetri_r\":\"1748131200\"},\"infowindow_disable\":false,\"categories\":[{\"icon\":\"https:\\\/\\\/collinescathares.com\\\/wp-content\\\/uploads\\\/2020\\\/07\\\/pointeur_vert.svg\",\"name\":\"Ev\\u00e9nements ponctuels\",\"id\":\"8\",\"type\":\"category\"}]},{\"source\":\"post\",\"title\":\"VIDE-GRENIERS \\u00c0 PEXIORA\",\"infowindow_content\":\"<div class=\\\"fc-main\\\"><div class=\\\"fc-item-title\\\">VIDE-GRENIERS \\u00c0 PEXIORA <span class=\\\"fc-badge info\\\">Ev\\u00e9nements ponctuels<\\\/span><\\\/div> <div class=\\\"fc-item-featured_image\\\"><div class=\\\"fc-feature-img\\\"><img alt=\\\"VIDE-GRENIERS \\u00c0 PEXIORA\\\" width=\\\"300\\\" height=\\\"225\\\" src=\\\"https:\\\/\\\/collinescathares.com\\\/wp-content\\\/uploads\\\/2025\\\/04\\\/VIDE-GRENIERS-A-PEXIORA-300x225.jpg\\\" class=\\\"wp-post-image   wpgmp_featured_image\\\" ><\\\/div> <\\\/div>Qui n\\u2019aime pas chiner ? Nos \\u00e2mes d\\u2019enfants adorent partir \\u00e0 la recherche de l\\u2019objet oubli\\u00e9 qui ravive nos souvenirs. Le moulin \\u00e0 caf\\u00e9 comme chez m\\u00e9m\\u00e9 Josette, la vieille BD qu\\u2019on lisait en cachette \\u00e0 la lampe de poche, des vieux objets, des livres, des meubles, des v\\u00eatements vintage\\u2026 un bonheur de repartir avec [&hellip;]<address><b>Adresse : <\\\/b>{marker_address}<\\\/address><a class=\\\"fc-btn fc-btn-small fc-btn-red\\\" href=\\\"https:\\\/\\\/collinescathares.com\\\/es\\\/evenements-ponctuels\\\/vide-greniers-a-pexiora\\\/\\\">En savoir plus<\\\/a><\\\/div>\",\"content\":\"Qui n\\u2019aime pas chiner ? Nos \\u00e2mes d\\u2019enfants adorent partir \\u00e0 la recherche de l\\u2019objet oubli\\u00e9 qui ravive nos souvenirs. Le moulin \\u00e0 caf\\u00e9 comme chez m\\u00e9m\\u00e9 Josette, la vieille BD qu\\u2019on lisait en cachette \\u00e0 la lampe de poche, des vieux objets, des livres, des meubles, des v\\u00eatements vintage\\u2026 un bonheur de repartir avec [&hellip;]\",\"address\":\"rue du stade 11150 PEXIORA\",\"location\":{\"lat\":\"43.2667271\",\"city\":\"PEXIORA\",\"country\":\"France\",\"lng\":\"2.03664228\",\"onclick_action\":\"post\",\"redirect_permalink\":\"https:\\\/\\\/collinescathares.com\\\/es\\\/evenements-ponctuels\\\/vide-greniers-a-pexiora\\\/\",\"zoom\":10,\"extra_fields\":{\"%date_evenement_r%\":\"25 Mai 2025\",\"%date_evenement_fin_r%\":\"25 Mai 2025\",\"post_excerpt\":\"Qui n\\u2019aime pas chiner ? Nos \\u00e2mes d\\u2019enfants adorent partir \\u00e0 la recherche de l\\u2019objet oubli\\u00e9 qui ravive nos souvenirs. Le moulin \\u00e0 caf\\u00e9 comme chez m\\u00e9m\\u00e9 Josette, la vieille BD qu\\u2019on lisait en cachette \\u00e0 la lampe de poche, des vieux objets, des livres, des meubles, des v\\u00eatements vintage\\u2026 un bonheur de repartir avec [&hellip;]\",\"post_content\":\"Qui n\\u2019aime pas chiner ? Nos \\u00e2mes d\\u2019enfants adorent partir \\u00e0 la recherche de l\\u2019objet oubli\\u00e9 qui ravive nos souvenirs. Le moulin \\u00e0 caf\\u00e9 comme chez m\\u00e9m\\u00e9 Josette, la vieille BD qu\\u2019on lisait en cachette \\u00e0 la lampe de poche, des vieux objets, des livres, des meubles, des v\\u00eatements vintage\\u2026 un bonheur de repartir avec des trouvailles d\\u00e9nich\\u00e9es sous le bric \\u00e0 brac. \\n\\nLe Comit\\u00e9 des F\\u00eates de Pexiora organise un vide-greniers le dimanche 25 mai.\",\"post_title\":\"VIDE-GRENIERS \\u00c0 PEXIORA\",\"post_link\":\"https:\\\/\\\/collinescathares.com\\\/es\\\/evenements-ponctuels\\\/vide-greniers-a-pexiora\\\/\",\"post_featured_image\":\"<div class=\\\"fc-feature-img\\\"><img alt=\\\"VIDE-GRENIERS \\u00c0 PEXIORA\\\" width=\\\"300\\\" height=\\\"225\\\" src=\\\"https:\\\/\\\/collinescathares.com\\\/wp-content\\\/uploads\\\/2025\\\/04\\\/VIDE-GRENIERS-A-PEXIORA-300x225.jpg\\\" class=\\\"wp-post-image   wpgmp_featured_image\\\" ><\\\/div>\",\"post_categories\":\"Ev\\u00e9nements ponctuels\",\"post_tags\":\"\",\"%_encloseme%\":\"1\",\"%_thumbnail_id%\":\"253171\",\"%ville_r%\":\"PEXIORA\",\"%_ville_r%\":\"field_5efc3a17e12c5\",\"%cp_r%\":\"11150\",\"%_cp_r%\":\"field_5efc3a47e12ca\",\"%tarifs_r%\":\"\",\"%_tarifs_r%\":\"field_5efc3a22e12c6\",\"%adresse_r%\":\"rue du stade\",\"%_adresse_r%\":\"field_5efc3a2ee12c7\",\"%carte_r%\":\"rue du stade 11150 PEXIORA, 43.2667271, 2.03664228, 14\",\"%_carte_r%\":\"field_5efc4ed05494a\",\"%labels_r%\":\"\",\"%_labels_r%\":\"field_5f3a47134470d\",\"%handicap_r%\":\"\",\"%_handicap_r%\":\"field_5f3a471a4470e\",\"%offres_promotionnelles_r%\":\"\",\"%_offres_promotionnelles_r%\":\"field_5f3a472d4470f\",\"%telephone_r%\":\" Port : +33 6 68 96 47 47\",\"%_telephone_r%\":\"field_5efc3a39e12c8\",\"%email_r%\":\"\",\"%_email_r%\":\"field_5efc3a40e12c9\",\"%idunique_r%\":\"FMALAR011V51698F\",\"%_idunique_r%\":\"field_5f04335c562b3\",\"%site_r%\":\"\",\"%_site_r%\":\"field_5efc4d652a106\",\"%_date_evenement_r%\":\"field_5f0348f37d5bd\",\"%_date_evenement_fin_r%\":\"field_5f3a4540d0781\",\"%horaires_evenement_r%\":\"08:00 \\\/ 17:30\",\"%_horaires_evenement_r%\":\"field_5f3a4550d0782\",\"%type_r%\":\"Vide-grenier\",\"%_type_r%\":\"field_5f057b5365cd7\",\"%classification_r%\":\"\",\"%_classification_r%\":\"field_5f3a3af81a328\",\"%classement_prefectoral_r%\":\"\",\"%_classement_prefectoral_r%\":\"field_5f3a473444710\",\"%datetri_r%\":\"1748131200\",\"%_datetri_r%\":\"field_5f3a8a82002b1\",\"%langage_r%\":\"FR\",\"%_langage_r%\":\"field_5f3be5649f374\",\"%_wpgmp_location_address%\":\"rue du stade 11150 PEXIORA\",\"%_wpgmp_location_city%\":\"PEXIORA\",\"%_wpgmp_location_state%\":\"\",\"%_wpgmp_location_country%\":\"France\",\"%_wpgmp_metabox_marker_id%\":\"a:1:{i:0;i:8;}\",\"%_wpgmp_map_id%\":\"a:1:{i:0;i:21;}\",\"%_wpgmp_metabox_latitude%\":\"43.2667271\",\"%_wpgmp_metabox_longitude%\":\"2.03664228\",\"%_wpgmp_metabox_location_redirect%\":\"post\",\"%_wpgmp_metabox_custom_link%\":\"\",\"%_wpgmp_metabox_taxomomies_terms%\":\"N;\",\"%_wpgmp_extensions_fields%\":\"N;\",\"%_wpml_word_count%\":\"81\",\"taxonomy=category\":\"Ev\\u00e9nements ponctuels\",\"taxonomy=post_tag\":\"\",\"taxonomy=post_format\":\"\",\"taxonomy=translation_priority\":\"Opcional\"},\"icon\":\"https:\\\/\\\/collinescathares.com\\\/wp-content\\\/uploads\\\/2020\\\/07\\\/pointeur_vert.svg\"},\"id\":253551,\"custom_filters\":{\"type_r\":\"Vide-grenier\",\"datetri_r\":\"1748131200\"},\"infowindow_disable\":false,\"categories\":[{\"icon\":\"https:\\\/\\\/collinescathares.com\\\/wp-content\\\/uploads\\\/2020\\\/07\\\/pointeur_vert.svg\",\"name\":\"Ev\\u00e9nements ponctuels\",\"id\":\"8\",\"type\":\"category\"}]},{\"source\":\"post\",\"title\":\"ENS &#8211; LECTURE DE PAYSAGES AU FUSAIN\",\"infowindow_content\":\"<div class=\\\"fc-main\\\"><div class=\\\"fc-item-title\\\">ENS &#8211; LECTURE DE PAYSAGES AU FUSAIN <span class=\\\"fc-badge info\\\">Ev\\u00e9nements ponctuels<\\\/span><\\\/div> <div class=\\\"fc-item-featured_image\\\"><div class=\\\"fc-feature-img\\\"><img alt=\\\"ENS &#8211; LECTURE DE PAYSAGES AU FUSAIN\\\" width=\\\"300\\\" height=\\\"225\\\" src=\\\"https:\\\/\\\/collinescathares.com\\\/wp-content\\\/uploads\\\/2022\\\/03\\\/ENS-fleur-300x225.jpg\\\" class=\\\"wp-post-image   wpgmp_featured_image\\\" ><\\\/div> <\\\/div>4 km \\\/ Moyen \\\/ + 6 ans Rendez-vous devant la mairie D\\u00e9couvrez comment fabriquer le fusain et dessinez le paysage sur une vue \\u00e0 presque 360\\u00b0 entre les Pyr\\u00e9n\\u00e9es, le massif de la Malep\\u00e8re et la Montagne noire. R\\u00e9servation obligatoire par mail. 20 pers. max. Mat\\u00e9riel d&#8217;observation fourni. Apporter cahier ou papier. Fusain fourni.<address><b>Adresse : <\\\/b>{marker_address}<\\\/address><a class=\\\"fc-btn fc-btn-small fc-btn-red\\\" href=\\\"https:\\\/\\\/collinescathares.com\\\/es\\\/evenements-ponctuels\\\/ens-lecture-de-paysages-au-fusain\\\/\\\">En savoir plus<\\\/a><\\\/div>\",\"content\":\"4 km \\\/ Moyen \\\/ + 6 ans Rendez-vous devant la mairie D\\u00e9couvrez comment fabriquer le fusain et dessinez le paysage sur une vue \\u00e0 presque 360\\u00b0 entre les Pyr\\u00e9n\\u00e9es, le massif de la Malep\\u00e8re et la Montagne noire. R\\u00e9servation obligatoire par mail. 20 pers. max. Mat\\u00e9riel d&#8217;observation fourni. Apporter cahier ou papier. Fusain fourni.\",\"address\":\" 11240 HOUNOUX\",\"location\":{\"lat\":\"43.1287215\",\"city\":\"HOUNOUX\",\"country\":\"France\",\"lng\":\"2.00148273\",\"onclick_action\":\"post\",\"redirect_permalink\":\"https:\\\/\\\/collinescathares.com\\\/es\\\/evenements-ponctuels\\\/ens-lecture-de-paysages-au-fusain\\\/\",\"zoom\":10,\"extra_fields\":{\"%date_evenement_r%\":\"20 Septembre 2025\",\"%date_evenement_fin_r%\":\"20 Septembre 2025\",\"post_excerpt\":\"4 km \\\/ Moyen \\\/ + 6 ans Rendez-vous devant la mairie D\\u00e9couvrez comment fabriquer le fusain et dessinez le paysage sur une vue \\u00e0 presque 360\\u00b0 entre les Pyr\\u00e9n\\u00e9es, le massif de la Malep\\u00e8re et la Montagne noire. R\\u00e9servation obligatoire par mail. 20 pers. max. Mat\\u00e9riel d&#8217;observation fourni. Apporter cahier ou papier. Fusain fourni.\",\"post_content\":\"4 km \\\/ Moyen \\\/ + 6 ans\\nRendez-vous devant la mairie \\nD\\u00e9couvrez comment fabriquer le fusain et dessinez le paysage sur une vue \\u00e0 presque 360\\u00b0 entre les Pyr\\u00e9n\\u00e9es, le massif de la Malep\\u00e8re et la Montagne noire.\\nR\\u00e9servation obligatoire par mail. 20 pers. max. Mat\\u00e9riel d'observation fourni. Apporter cahier ou papier. Fusain fourni.\",\"post_title\":\"ENS &#8211; LECTURE DE PAYSAGES AU FUSAIN\",\"post_link\":\"https:\\\/\\\/collinescathares.com\\\/es\\\/evenements-ponctuels\\\/ens-lecture-de-paysages-au-fusain\\\/\",\"post_featured_image\":\"<div class=\\\"fc-feature-img\\\"><img alt=\\\"ENS &#8211; LECTURE DE PAYSAGES AU FUSAIN\\\" width=\\\"300\\\" height=\\\"225\\\" src=\\\"https:\\\/\\\/collinescathares.com\\\/wp-content\\\/uploads\\\/2022\\\/03\\\/ENS-fleur-300x225.jpg\\\" class=\\\"wp-post-image   wpgmp_featured_image\\\" ><\\\/div>\",\"post_categories\":\"Ev\\u00e9nements ponctuels\",\"post_tags\":\"\",\"%_encloseme%\":\"1\",\"%_thumbnail_id%\":\"159920\",\"%ville_r%\":\"HOUNOUX\",\"%_ville_r%\":\"field_5efc3a17e12c5\",\"%cp_r%\":\"11240\",\"%_cp_r%\":\"field_5efc3a47e12ca\",\"%tarifs_r%\":\"\",\"%_tarifs_r%\":\"field_5efc3a22e12c6\",\"%carte_r%\":\" 11240 HOUNOUX, 43.1287215, 2.00148273, 14\",\"%_carte_r%\":\"field_5efc4ed05494a\",\"%labels_r%\":\"\",\"%_labels_r%\":\"field_5f3a47134470d\",\"%handicap_r%\":\"\",\"%_handicap_r%\":\"field_5f3a471a4470e\",\"%offres_promotionnelles_r%\":\"\",\"%_offres_promotionnelles_r%\":\"field_5f3a472d4470f\",\"%telephone_r%\":\" Port : +33 6 88 64 12 38\",\"%_telephone_r%\":\"field_5efc3a39e12c8\",\"%email_r%\":\"sonia@grainsdart.com\",\"%_email_r%\":\"field_5efc3a40e12c9\",\"%idunique_r%\":\"FMALAR011V51656T\",\"%_idunique_r%\":\"field_5f04335c562b3\",\"%site_r%\":\"\",\"%_site_r%\":\"field_5efc4d652a106\",\"%_date_evenement_r%\":\"field_5f0348f37d5bd\",\"%_date_evenement_fin_r%\":\"field_5f3a4540d0781\",\"%horaires_evenement_r%\":\"14:00 \\\/ 17:00\",\"%_horaires_evenement_r%\":\"field_5f3a4550d0782\",\"%type_r%\":\"Randonn\\u00e9e, balade\",\"%_type_r%\":\"field_5f057b5365cd7\",\"%classification_r%\":\"\",\"%_classification_r%\":\"field_5f3a3af81a328\",\"%classement_prefectoral_r%\":\"\",\"%_classement_prefectoral_r%\":\"field_5f3a473444710\",\"%datetri_r%\":\"1758326400\",\"%_datetri_r%\":\"field_5f3a8a82002b1\",\"%langage_r%\":\"FR\",\"%_langage_r%\":\"field_5f3be5649f374\",\"%_wpgmp_location_address%\":\" 11240 HOUNOUX\",\"%_wpgmp_location_city%\":\"HOUNOUX\",\"%_wpgmp_location_state%\":\"\",\"%_wpgmp_location_country%\":\"France\",\"%_wpgmp_metabox_marker_id%\":\"a:1:{i:0;i:8;}\",\"%_wpgmp_map_id%\":\"a:1:{i:0;i:21;}\",\"%_wpgmp_metabox_latitude%\":\"43.1287215\",\"%_wpgmp_metabox_longitude%\":\"2.00148273\",\"%_wpgmp_metabox_location_redirect%\":\"post\",\"%_wpgmp_metabox_custom_link%\":\"\",\"%_wpgmp_metabox_taxomomies_terms%\":\"N;\",\"%_wpgmp_extensions_fields%\":\"N;\",\"%_wpml_word_count%\":\"61\",\"%_elementor_page_assets%\":\"\",\"taxonomy=category\":\"Ev\\u00e9nements ponctuels\",\"taxonomy=post_tag\":\"\",\"taxonomy=post_format\":\"\",\"taxonomy=translation_priority\":\"Opcional\"},\"icon\":\"https:\\\/\\\/collinescathares.com\\\/wp-content\\\/uploads\\\/2020\\\/07\\\/pointeur_vert.svg\"},\"id\":253549,\"custom_filters\":{\"type_r\":\"Randonn\\u00e9e, balade\",\"datetri_r\":\"1758326400\"},\"infowindow_disable\":false,\"categories\":[{\"icon\":\"https:\\\/\\\/collinescathares.com\\\/wp-content\\\/uploads\\\/2020\\\/07\\\/pointeur_vert.svg\",\"name\":\"Ev\\u00e9nements ponctuels\",\"id\":\"8\",\"type\":\"category\"}]},{\"source\":\"post\",\"title\":\"ENS &#8211; VENEZ ADMIRER LES BELLES PLANTES DE BELPECH\",\"infowindow_content\":\"<div class=\\\"fc-main\\\"><div class=\\\"fc-item-title\\\">ENS &#8211; VENEZ ADMIRER LES BELLES PLANTES DE BELPECH <span class=\\\"fc-badge info\\\">Ev\\u00e9nements ponctuels<\\\/span><\\\/div> <div class=\\\"fc-item-featured_image\\\"><div class=\\\"fc-feature-img\\\"><img alt=\\\"ENS &#8211; VENEZ ADMIRER LES BELLES PLANTES DE BELPECH\\\" width=\\\"300\\\" height=\\\"225\\\" src=\\\"https:\\\/\\\/collinescathares.com\\\/wp-content\\\/uploads\\\/2022\\\/03\\\/ENS-fleur-300x225.jpg\\\" class=\\\"wp-post-image   wpgmp_featured_image\\\" ><\\\/div> <\\\/div>4 km \\\/ Facile \\\/ + 8 ans Rendez-vous place de l&#8217;\\u00e9glise Un vieux ch\\u00e2teau &#8211; des ruines du Castelas &#8211; et autour ces belles plantes sauvages qui, elles, reviennent tout le temps ! M\\u00eame en automne pour nous r\\u00e9jouir de leurs beaut\\u00e9s ! R\\u00e9servation obligatoire par t\\u00e9l\\u00e9phone. 20 pers. max. Mat\\u00e9riel d&#8217;observation fourni.<address><b>Adresse : <\\\/b>{marker_address}<\\\/address><a class=\\\"fc-btn fc-btn-small fc-btn-red\\\" href=\\\"https:\\\/\\\/collinescathares.com\\\/es\\\/evenements-ponctuels\\\/ens-venez-admirer-les-belles-plantes-de-belpech\\\/\\\">En savoir plus<\\\/a><\\\/div>\",\"content\":\"4 km \\\/ Facile \\\/ + 8 ans Rendez-vous place de l&#8217;\\u00e9glise Un vieux ch\\u00e2teau &#8211; des ruines du Castelas &#8211; et autour ces belles plantes sauvages qui, elles, reviennent tout le temps ! M\\u00eame en automne pour nous r\\u00e9jouir de leurs beaut\\u00e9s ! R\\u00e9servation obligatoire par t\\u00e9l\\u00e9phone. 20 pers. max. Mat\\u00e9riel d&#8217;observation fourni.\",\"address\":\" 11420 BELPECH\",\"location\":{\"lat\":\"43.1982\",\"city\":\"BELPECH\",\"country\":\"France\",\"lng\":\"1.7521\",\"onclick_action\":\"post\",\"redirect_permalink\":\"https:\\\/\\\/collinescathares.com\\\/es\\\/evenements-ponctuels\\\/ens-venez-admirer-les-belles-plantes-de-belpech\\\/\",\"zoom\":10,\"extra_fields\":{\"%date_evenement_r%\":\"11 Octobre 2025\",\"%date_evenement_fin_r%\":\"11 Octobre 2025\",\"post_excerpt\":\"4 km \\\/ Facile \\\/ + 8 ans Rendez-vous place de l&#8217;\\u00e9glise Un vieux ch\\u00e2teau &#8211; des ruines du Castelas &#8211; et autour ces belles plantes sauvages qui, elles, reviennent tout le temps ! M\\u00eame en automne pour nous r\\u00e9jouir de leurs beaut\\u00e9s ! R\\u00e9servation obligatoire par t\\u00e9l\\u00e9phone. 20 pers. max. Mat\\u00e9riel d&#8217;observation fourni.\",\"post_content\":\"4 km \\\/ Facile \\\/ + 8 ans\\nRendez-vous place de l'\\u00e9glise \\nUn vieux ch\\u00e2teau - des ruines du Castelas - et autour ces belles plantes sauvages qui, elles, reviennent tout le temps ! M\\u00eame en automne pour nous r\\u00e9jouir de leurs beaut\\u00e9s !\\nR\\u00e9servation obligatoire par t\\u00e9l\\u00e9phone. 20 pers. max. Mat\\u00e9riel d'observation fourni.\\n\",\"post_title\":\"ENS &#8211; VENEZ ADMIRER LES BELLES PLANTES DE BELPECH\",\"post_link\":\"https:\\\/\\\/collinescathares.com\\\/es\\\/evenements-ponctuels\\\/ens-venez-admirer-les-belles-plantes-de-belpech\\\/\",\"post_featured_image\":\"<div class=\\\"fc-feature-img\\\"><img alt=\\\"ENS &#8211; VENEZ ADMIRER LES BELLES PLANTES DE BELPECH\\\" width=\\\"300\\\" height=\\\"225\\\" src=\\\"https:\\\/\\\/collinescathares.com\\\/wp-content\\\/uploads\\\/2022\\\/03\\\/ENS-fleur-300x225.jpg\\\" class=\\\"wp-post-image   wpgmp_featured_image\\\" ><\\\/div>\",\"post_categories\":\"Ev\\u00e9nements ponctuels\",\"post_tags\":\"\",\"%_encloseme%\":\"1\",\"%_thumbnail_id%\":\"159920\",\"%ville_r%\":\"BELPECH\",\"%_ville_r%\":\"field_5efc3a17e12c5\",\"%cp_r%\":\"11420\",\"%_cp_r%\":\"field_5efc3a47e12ca\",\"%tarifs_r%\":\"\",\"%_tarifs_r%\":\"field_5efc3a22e12c6\",\"%carte_r%\":\" 11420 BELPECH, 43.1982, 1.7521, 14\",\"%_carte_r%\":\"field_5efc4ed05494a\",\"%labels_r%\":\"\",\"%_labels_r%\":\"field_5f3a47134470d\",\"%handicap_r%\":\"\",\"%_handicap_r%\":\"field_5f3a471a4470e\",\"%offres_promotionnelles_r%\":\"\",\"%_offres_promotionnelles_r%\":\"field_5f3a472d4470f\",\"%telephone_r%\":\" Port : +33 6 02 29 95 86\",\"%_telephone_r%\":\"field_5efc3a39e12c8\",\"%email_r%\":\"\",\"%_email_r%\":\"field_5efc3a40e12c9\",\"%idunique_r%\":\"FMALAR011V5165EV\",\"%_idunique_r%\":\"field_5f04335c562b3\",\"%site_r%\":\"\",\"%_site_r%\":\"field_5efc4d652a106\",\"%_date_evenement_r%\":\"field_5f0348f37d5bd\",\"%_date_evenement_fin_r%\":\"field_5f3a4540d0781\",\"%horaires_evenement_r%\":\"14:00 \\\/ 17:00\",\"%_horaires_evenement_r%\":\"field_5f3a4550d0782\",\"%type_r%\":\"Randonn\\u00e9e, balade\",\"%_type_r%\":\"field_5f057b5365cd7\",\"%classification_r%\":\"\",\"%_classification_r%\":\"field_5f3a3af81a328\",\"%classement_prefectoral_r%\":\"\",\"%_classement_prefectoral_r%\":\"field_5f3a473444710\",\"%datetri_r%\":\"1760140800\",\"%_datetri_r%\":\"field_5f3a8a82002b1\",\"%langage_r%\":\"FR\",\"%_langage_r%\":\"field_5f3be5649f374\",\"%_wpgmp_location_address%\":\" 11420 BELPECH\",\"%_wpgmp_location_city%\":\"BELPECH\",\"%_wpgmp_location_state%\":\"\",\"%_wpgmp_location_country%\":\"France\",\"%_wpgmp_metabox_marker_id%\":\"a:1:{i:0;i:8;}\",\"%_wpgmp_map_id%\":\"a:1:{i:0;i:21;}\",\"%_wpgmp_metabox_latitude%\":\"43.1982\",\"%_wpgmp_metabox_longitude%\":\"1.7521\",\"%_wpgmp_metabox_location_redirect%\":\"post\",\"%_wpgmp_metabox_custom_link%\":\"\",\"%_wpgmp_metabox_taxomomies_terms%\":\"N;\",\"%_wpgmp_extensions_fields%\":\"N;\",\"%_wpml_word_count%\":\"61\",\"taxonomy=category\":\"Ev\\u00e9nements ponctuels\",\"taxonomy=post_tag\":\"\",\"taxonomy=post_format\":\"\",\"taxonomy=translation_priority\":\"Opcional\"},\"icon\":\"https:\\\/\\\/collinescathares.com\\\/wp-content\\\/uploads\\\/2020\\\/07\\\/pointeur_vert.svg\"},\"id\":253550,\"custom_filters\":{\"type_r\":\"Randonn\\u00e9e, balade\",\"datetri_r\":\"1760140800\"},\"infowindow_disable\":false,\"categories\":[{\"icon\":\"https:\\\/\\\/collinescathares.com\\\/wp-content\\\/uploads\\\/2020\\\/07\\\/pointeur_vert.svg\",\"name\":\"Ev\\u00e9nements ponctuels\",\"id\":\"8\",\"type\":\"category\"}]},{\"source\":\"post\",\"title\":\"ENS &#8211; CHAUVES-SOURIS ET ETOILES EN CENNE\",\"infowindow_content\":\"<div class=\\\"fc-main\\\"><div class=\\\"fc-item-title\\\">ENS &#8211; CHAUVES-SOURIS ET ETOILES EN CENNE <span class=\\\"fc-badge info\\\">Ev\\u00e9nements ponctuels<\\\/span><\\\/div> <div class=\\\"fc-item-featured_image\\\"><div class=\\\"fc-feature-img\\\"><img alt=\\\"ENS &#8211; CHAUVES-SOURIS ET ETOILES EN CENNE\\\" width=\\\"300\\\" height=\\\"225\\\" src=\\\"https:\\\/\\\/collinescathares.com\\\/wp-content\\\/uploads\\\/2022\\\/03\\\/ENS-fleur-300x225.jpg\\\" class=\\\"wp-post-image   wpgmp_featured_image\\\" ><\\\/div> <\\\/div>0 km \\\/ Facile Rendez-vous parking de l&#8217;usine Cayre, au nord du village, au bout du chemin du Paradis, le long du Lampy L&#8217;usine Cayre de Cenne-Monesti\\u00e9s accueille nombre de chauves-souris. Venez les d\\u00e9couvrir au cr\\u00e9puscule et profiter ensuite de leur environnement en comptant et contemplant les \\u00e9toiles. Ecodiv &#8211; Jean Muratet R\\u00e9servation obligatoire par [&hellip;]<address><b>Adresse : <\\\/b>{marker_address}<\\\/address><a class=\\\"fc-btn fc-btn-small fc-btn-red\\\" href=\\\"https:\\\/\\\/collinescathares.com\\\/es\\\/evenements-ponctuels\\\/ens-chauves-souris-et-etoiles-en-cenne\\\/\\\">En savoir plus<\\\/a><\\\/div>\",\"content\":\"0 km \\\/ Facile Rendez-vous parking de l&#8217;usine Cayre, au nord du village, au bout du chemin du Paradis, le long du Lampy L&#8217;usine Cayre de Cenne-Monesti\\u00e9s accueille nombre de chauves-souris. Venez les d\\u00e9couvrir au cr\\u00e9puscule et profiter ensuite de leur environnement en comptant et contemplant les \\u00e9toiles. Ecodiv &#8211; Jean Muratet R\\u00e9servation obligatoire par [&hellip;]\",\"address\":\" 11170 CENNE-MONESTIES\",\"location\":{\"lat\":\"43.3328\",\"city\":\"CENNE-MONESTIES\",\"country\":\"France\",\"lng\":\"2.1186\",\"onclick_action\":\"post\",\"redirect_permalink\":\"https:\\\/\\\/collinescathares.com\\\/es\\\/evenements-ponctuels\\\/ens-chauves-souris-et-etoiles-en-cenne\\\/\",\"zoom\":10,\"extra_fields\":{\"%date_evenement_r%\":\"19 Septembre 2025\",\"%date_evenement_fin_r%\":\"19 Septembre 2025\",\"post_excerpt\":\"0 km \\\/ Facile Rendez-vous parking de l&#8217;usine Cayre, au nord du village, au bout du chemin du Paradis, le long du Lampy L&#8217;usine Cayre de Cenne-Monesti\\u00e9s accueille nombre de chauves-souris. Venez les d\\u00e9couvrir au cr\\u00e9puscule et profiter ensuite de leur environnement en comptant et contemplant les \\u00e9toiles. Ecodiv &#8211; Jean Muratet R\\u00e9servation obligatoire par [&hellip;]\",\"post_content\":\"0 km \\\/ Facile\\nRendez-vous parking de l'usine Cayre, au nord du village, au bout du chemin du Paradis, le long du Lampy \\nL'usine Cayre de Cenne-Monesti\\u00e9s accueille nombre de chauves-souris. Venez les d\\u00e9couvrir au cr\\u00e9puscule et profiter ensuite de leur environnement en comptant et contemplant les \\u00e9toiles.\\nEcodiv - Jean Muratet \\nR\\u00e9servation obligatoire par mail. 25 pers. max. Mat\\u00e9riel d'observation fourni. Pr\\u00e9voir lampe de poche et v\\u00eatements chauds (gants, bonnet, etc.), couverture, plaid et fauteuil.\\n\",\"post_title\":\"ENS &#8211; CHAUVES-SOURIS ET ETOILES EN CENNE\",\"post_link\":\"https:\\\/\\\/collinescathares.com\\\/es\\\/evenements-ponctuels\\\/ens-chauves-souris-et-etoiles-en-cenne\\\/\",\"post_featured_image\":\"<div class=\\\"fc-feature-img\\\"><img alt=\\\"ENS &#8211; CHAUVES-SOURIS ET ETOILES EN CENNE\\\" width=\\\"300\\\" height=\\\"225\\\" src=\\\"https:\\\/\\\/collinescathares.com\\\/wp-content\\\/uploads\\\/2022\\\/03\\\/ENS-fleur-300x225.jpg\\\" class=\\\"wp-post-image   wpgmp_featured_image\\\" ><\\\/div>\",\"post_categories\":\"Ev\\u00e9nements ponctuels\",\"post_tags\":\"\",\"%_encloseme%\":\"1\",\"%_thumbnail_id%\":\"159920\",\"%ville_r%\":\"CENNE-MONESTIES\",\"%_ville_r%\":\"field_5efc3a17e12c5\",\"%cp_r%\":\"11170\",\"%_cp_r%\":\"field_5efc3a47e12ca\",\"%tarifs_r%\":\"\",\"%_tarifs_r%\":\"field_5efc3a22e12c6\",\"%carte_r%\":\" 11170 CENNE-MONESTIES, 43.3328, 2.1186, 14\",\"%_carte_r%\":\"field_5efc4ed05494a\",\"%labels_r%\":\"\",\"%_labels_r%\":\"field_5f3a47134470d\",\"%handicap_r%\":\"\",\"%_handicap_r%\":\"field_5f3a471a4470e\",\"%offres_promotionnelles_r%\":\"\",\"%_offres_promotionnelles_r%\":\"field_5f3a472d4470f\",\"%telephone_r%\":\"\",\"%_telephone_r%\":\"field_5efc3a39e12c8\",\"%email_r%\":\"contact@stimuliastro.org\",\"%_email_r%\":\"field_5efc3a40e12c9\",\"%idunique_r%\":\"FMALAR011V51656K\",\"%_idunique_r%\":\"field_5f04335c562b3\",\"%site_r%\":\"\",\"%_site_r%\":\"field_5efc4d652a106\",\"%_date_evenement_r%\":\"field_5f0348f37d5bd\",\"%_date_evenement_fin_r%\":\"field_5f3a4540d0781\",\"%horaires_evenement_r%\":\"19:00 \\\/ 23:00\",\"%_horaires_evenement_r%\":\"field_5f3a4550d0782\",\"%type_r%\":\"Randonn\\u00e9e, balade\",\"%_type_r%\":\"field_5f057b5365cd7\",\"%classification_r%\":\"\",\"%_classification_r%\":\"field_5f3a3af81a328\",\"%classement_prefectoral_r%\":\"\",\"%_classement_prefectoral_r%\":\"field_5f3a473444710\",\"%datetri_r%\":\"1758240000\",\"%_datetri_r%\":\"field_5f3a8a82002b1\",\"%langage_r%\":\"FR\",\"%_langage_r%\":\"field_5f3be5649f374\",\"%_wpgmp_location_address%\":\" 11170 CENNE-MONESTIES\",\"%_wpgmp_location_city%\":\"CENNE-MONESTIES\",\"%_wpgmp_location_state%\":\"\",\"%_wpgmp_location_country%\":\"France\",\"%_wpgmp_metabox_marker_id%\":\"a:1:{i:0;i:8;}\",\"%_wpgmp_map_id%\":\"a:1:{i:0;i:21;}\",\"%_wpgmp_metabox_latitude%\":\"43.3328\",\"%_wpgmp_metabox_longitude%\":\"2.1186\",\"%_wpgmp_metabox_location_redirect%\":\"post\",\"%_wpgmp_metabox_custom_link%\":\"\",\"%_wpgmp_metabox_taxomomies_terms%\":\"N;\",\"%_wpgmp_extensions_fields%\":\"N;\",\"%_wpml_word_count%\":\"93\",\"taxonomy=category\":\"Ev\\u00e9nements ponctuels\",\"taxonomy=post_tag\":\"\",\"taxonomy=post_format\":\"\",\"taxonomy=translation_priority\":\"Opcional\"},\"icon\":\"https:\\\/\\\/collinescathares.com\\\/wp-content\\\/uploads\\\/2020\\\/07\\\/pointeur_vert.svg\"},\"id\":253548,\"custom_filters\":{\"type_r\":\"Randonn\\u00e9e, balade\",\"datetri_r\":\"1758240000\"},\"infowindow_disable\":false,\"categories\":[{\"icon\":\"https:\\\/\\\/collinescathares.com\\\/wp-content\\\/uploads\\\/2020\\\/07\\\/pointeur_vert.svg\",\"name\":\"Ev\\u00e9nements ponctuels\",\"id\":\"8\",\"type\":\"category\"}]},{\"source\":\"post\",\"title\":\"UN AIR DE LAVANDE &#8211; 4\\u00c8ME \\u00c9DITION\",\"infowindow_content\":\"<div class=\\\"fc-main\\\"><div class=\\\"fc-item-title\\\">UN AIR DE LAVANDE &#8211; 4\\u00c8ME \\u00c9DITION <span class=\\\"fc-badge info\\\">Ev\\u00e9nements ponctuels<\\\/span><\\\/div> <div class=\\\"fc-item-featured_image\\\"><div class=\\\"fc-feature-img\\\"><img alt=\\\"UN AIR DE LAVANDE &#8211; 4\\u00c8ME \\u00c9DITION\\\" width=\\\"300\\\" height=\\\"225\\\" src=\\\"https:\\\/\\\/collinescathares.com\\\/wp-content\\\/uploads\\\/2024\\\/05\\\/Activite-nature-Une-balade-nature-au-milieu-des-lavandes-1200-900--300x225.jpg\\\" class=\\\"wp-post-image   wpgmp_featured_image\\\" ><\\\/div> <\\\/div>Les journ\\u00e9es du 21 et 22 juin 2025, rendez-vous dans l\\u2019Aude \\u00e0 Villasavary pour la quatri\\u00e8me \\u00e9dition d&#8217;Un Air de Lavande. Les collines de Besplas vous accueille sur son domaine familial et vous invite \\u00e0 d\\u00e9couvrir ou red\\u00e9couvrir l\\u2019embl\\u00e9matique culture de la Lavande. Ne cherchez plus ! Les champs de lavande \\u00e0 perte de vue [&hellip;]<address><b>Adresse : <\\\/b>{marker_address}<\\\/address><a class=\\\"fc-btn fc-btn-small fc-btn-red\\\" href=\\\"https:\\\/\\\/collinescathares.com\\\/es\\\/evenements-ponctuels\\\/un-air-de-lavande-4eme-edition-2\\\/\\\">En savoir plus<\\\/a><\\\/div>\",\"content\":\"Les journ\\u00e9es du 21 et 22 juin 2025, rendez-vous dans l\\u2019Aude \\u00e0 Villasavary pour la quatri\\u00e8me \\u00e9dition d&#8217;Un Air de Lavande. Les collines de Besplas vous accueille sur son domaine familial et vous invite \\u00e0 d\\u00e9couvrir ou red\\u00e9couvrir l\\u2019embl\\u00e9matique culture de la Lavande. Ne cherchez plus ! Les champs de lavande \\u00e0 perte de vue [&hellip;]\",\"address\":\"La Vigui\\u00e8re 11150 VILLASAVARY\",\"location\":{\"lat\":\"43.2399534\",\"city\":\"VILLASAVARY\",\"country\":\"France\",\"lng\":\"2.01305250\",\"onclick_action\":\"post\",\"redirect_permalink\":\"https:\\\/\\\/collinescathares.com\\\/es\\\/evenements-ponctuels\\\/un-air-de-lavande-4eme-edition-2\\\/\",\"zoom\":10,\"extra_fields\":{\"%date_evenement_r%\":\"22 Juin 2025\",\"%date_evenement_fin_r%\":\"22 Juin 2025\",\"post_excerpt\":\"Les journ\\u00e9es du 21 et 22 juin 2025, rendez-vous dans l\\u2019Aude \\u00e0 Villasavary pour la quatri\\u00e8me \\u00e9dition d&#8217;Un Air de Lavande. Les collines de Besplas vous accueille sur son domaine familial et vous invite \\u00e0 d\\u00e9couvrir ou red\\u00e9couvrir l\\u2019embl\\u00e9matique culture de la Lavande. Ne cherchez plus ! Les champs de lavande \\u00e0 perte de vue [&hellip;]\",\"post_content\":\"Les journ\\u00e9es du 21 et 22 juin 2025, rendez-vous dans l\\u2019Aude \\u00e0 Villasavary pour la quatri\\u00e8me \\u00e9dition d'Un Air de Lavande.\\n\\nLes collines de Besplas vous accueille sur son domaine familial et vous invite \\u00e0 d\\u00e9couvrir ou red\\u00e9couvrir l\\u2019embl\\u00e9matique culture de la Lavande.\\n\\nNe cherchez plus ! Les champs de lavande \\u00e0 perte de vue se trouvent ici !\\n\\nBalades au milieu des champs en fleurs, pique-nique au pied des lavandes, sieste sur un transat, cueillette ou ateliers de fabrication de savons, halte \\u00e0 la chapelle de Saint Martin, randonn\\u00e9e \\u00e0 pied ou en VTT, les Collines de Besplas n\\u2019auront plus de secret pour vous !\\n\\n - Partez \\u00e0 la d\\u00e9couverte de la culture de la Lavande :\\nEmpruntez notre sentier d\\u00e9couverte de la Lavande au milieu de nos champs en fleurs, et d\\u00e9couvrez cette culture embl\\u00e9matique et ses multiples utilisations. Un jeu familial est propos\\u00e9 tout au long de la visite. Vous pourrez \\u00e9galement assister \\u00e0 une d\\u00e9monstration de distillation.\\n\\n- Participez \\u00e0 nos ateliers Do It Yourself :\\nEnvie de sain, de naturel, de DIY ? Venez fabriquer vous-m\\u00eame votre savon naturel \\u00e0 la Lavande, votre fuseau de Lavande, votre sachet de fleurs s\\u00e9ch\\u00e9es, votre bougie aromatique \\u00e0 la Lavande ou encore r\\u00e9aliser une peinture en ext\\u00e9rieur !\\n\\n- Appr\\u00e9ciez un pique-nique au bord des champs de Lavande :\\nPour que cette journ\\u00e9e soit signe de calme, de repos mais aussi de simplicit\\u00e9 et d\\u2019authenticit\\u00e9, Les collines de Besplas vous accueille dans un espace d\\u00e9di\\u00e9, ouvert \\u00e0 la nature et pr\\u00e9serv\\u00e9 du bruit ! Quoi de mieux qu\\u2019un pique-nique au bord des champs de Lavande ?\\n\\n - Ressourcez-vous en pleine nature :\\nLes activit\\u00e9s de pleine nature ont trouv\\u00e9 leur terre d\\u2019\\u00e9lection sur les collines de Besplas : balade nature, balade en cal\\u00e8che, balade cont\\u00e9e ou balade familiale \\u2026 Profitez des charmes d\\u2019un paysage naturel dominant d\\u2019un c\\u00f4t\\u00e9 la montagne noire et de l\\u2019autre les Pyr\\u00e9n\\u00e9es. Le relief, doux et mouvement\\u00e9, rec\\u00e8le de nombreux tr\\u00e9sors !\\n\\n- D\\u00e9couvrez un lieu charg\\u00e9 d\\u2019histoire et de patrimoine :\\nLe site de Besplas et la chapelle Saint Martin de la Salle (dite de Besplas) sont un berceau historique du Lauragais que vous apprendrez \\u00e0 d\\u00e9couvrir. Une halte \\u00e0 la chapelle de Besplas s\\u2019impose, un concert de musique\\u2026 laissez-vous surprendre, quelques surprises vous attendent !\\n\\n Sur r\\u00e9servation.\",\"post_title\":\"UN AIR DE LAVANDE &#8211; 4\\u00c8ME \\u00c9DITION\",\"post_link\":\"https:\\\/\\\/collinescathares.com\\\/es\\\/evenements-ponctuels\\\/un-air-de-lavande-4eme-edition-2\\\/\",\"post_featured_image\":\"<div class=\\\"fc-feature-img\\\"><img alt=\\\"UN AIR DE LAVANDE &#8211; 4\\u00c8ME \\u00c9DITION\\\" width=\\\"300\\\" height=\\\"225\\\" src=\\\"https:\\\/\\\/collinescathares.com\\\/wp-content\\\/uploads\\\/2024\\\/05\\\/Activite-nature-Une-balade-nature-au-milieu-des-lavandes-1200-900--300x225.jpg\\\" class=\\\"wp-post-image   wpgmp_featured_image\\\" ><\\\/div>\",\"post_categories\":\"Ev\\u00e9nements ponctuels\",\"post_tags\":\"\",\"%_encloseme%\":\"1\",\"%_thumbnail_id%\":\"242479\",\"%ville_r%\":\"VILLASAVARY\",\"%_ville_r%\":\"field_5efc3a17e12c5\",\"%cp_r%\":\"11150\",\"%_cp_r%\":\"field_5efc3a47e12ca\",\"%tarifs_r%\":\"Plein tarif|15,00||+ de 12 ans#Tarif enfant|10,00||de 4 \\u00e0 12 ans\",\"%_tarifs_r%\":\"field_5efc3a22e12c6\",\"%adresse_r%\":\"La Vigui\\u00e8re\",\"%_adresse_r%\":\"field_5efc3a2ee12c7\",\"%carte_r%\":\"La Vigui\\u00e8re 11150 VILLASAVARY, 43.2399534, 2.01305250, 14\",\"%_carte_r%\":\"field_5efc4ed05494a\",\"%labels_r%\":\"\",\"%_labels_r%\":\"field_5f3a47134470d\",\"%handicap_r%\":\"\",\"%_handicap_r%\":\"field_5f3a471a4470e\",\"%offres_promotionnelles_r%\":\"\",\"%_offres_promotionnelles_r%\":\"field_5f3a472d4470f\",\"%telephone_r%\":\" Port : +33 6 63 27 91 05\",\"%_telephone_r%\":\"field_5efc3a39e12c8\",\"%email_r%\":\"\",\"%_email_r%\":\"field_5efc3a40e12c9\",\"%idunique_r%\":\"FMALAR011V513062\",\"%_idunique_r%\":\"field_5f04335c562b3\",\"%site_r%\":\"https:\\\/\\\/www.unairdelavande.fr\",\"%_site_r%\":\"field_5efc4d652a106\",\"%_date_evenement_r%\":\"field_5f0348f37d5bd\",\"%_date_evenement_fin_r%\":\"field_5f3a4540d0781\",\"%horaires_evenement_r%\":\"10:00 \\\/ 18:00\",\"%_horaires_evenement_r%\":\"field_5f3a4550d0782\",\"%type_r%\":\"Festival\",\"%_type_r%\":\"field_5f057b5365cd7\",\"%classification_r%\":\"\",\"%_classification_r%\":\"field_5f3a3af81a328\",\"%classement_prefectoral_r%\":\"\",\"%_classement_prefectoral_r%\":\"field_5f3a473444710\",\"%datetri_r%\":\"1750550400\",\"%_datetri_r%\":\"field_5f3a8a82002b1\",\"%langage_r%\":\"FR\",\"%_langage_r%\":\"field_5f3be5649f374\",\"%_wpgmp_location_address%\":\"La Vigui\\u00e8re 11150 VILLASAVARY\",\"%_wpgmp_location_city%\":\"VILLASAVARY\",\"%_wpgmp_location_state%\":\"\",\"%_wpgmp_location_country%\":\"France\",\"%_wpgmp_metabox_marker_id%\":\"a:1:{i:0;i:8;}\",\"%_wpgmp_map_id%\":\"a:1:{i:0;i:21;}\",\"%_wpgmp_metabox_latitude%\":\"43.2399534\",\"%_wpgmp_metabox_longitude%\":\"2.01305250\",\"%_wpgmp_metabox_location_redirect%\":\"post\",\"%_wpgmp_metabox_custom_link%\":\"\",\"%_wpgmp_metabox_taxomomies_terms%\":\"N;\",\"%_wpgmp_extensions_fields%\":\"N;\",\"%_wpml_word_count%\":\"397\",\"taxonomy=category\":\"Ev\\u00e9nements ponctuels\",\"taxonomy=post_tag\":\"\",\"taxonomy=post_format\":\"\",\"taxonomy=translation_priority\":\"Opcional\"},\"icon\":\"https:\\\/\\\/collinescathares.com\\\/wp-content\\\/uploads\\\/2020\\\/07\\\/pointeur_vert.svg\"},\"id\":253543,\"custom_filters\":{\"type_r\":\"Festival\",\"datetri_r\":\"1750550400\"},\"infowindow_disable\":false,\"categories\":[{\"icon\":\"https:\\\/\\\/collinescathares.com\\\/wp-content\\\/uploads\\\/2020\\\/07\\\/pointeur_vert.svg\",\"name\":\"Ev\\u00e9nements ponctuels\",\"id\":\"8\",\"type\":\"category\"}]},{\"source\":\"post\",\"title\":\"UN AIR DE LAVANDE &#8211; 4\\u00c8ME \\u00c9DITION\",\"infowindow_content\":\"<div class=\\\"fc-main\\\"><div class=\\\"fc-item-title\\\">UN AIR DE LAVANDE &#8211; 4\\u00c8ME \\u00c9DITION <span class=\\\"fc-badge info\\\">Ev\\u00e9nements ponctuels<\\\/span><\\\/div> <div class=\\\"fc-item-featured_image\\\"><div class=\\\"fc-feature-img\\\"><img alt=\\\"UN AIR DE LAVANDE &#8211; 4\\u00c8ME \\u00c9DITION\\\" width=\\\"300\\\" height=\\\"225\\\" src=\\\"https:\\\/\\\/collinescathares.com\\\/wp-content\\\/uploads\\\/2024\\\/05\\\/Activite-nature-Une-balade-nature-au-milieu-des-lavandes-1200-900--300x225.jpg\\\" class=\\\"wp-post-image   wpgmp_featured_image\\\" ><\\\/div> <\\\/div>Les journ\\u00e9es du 21 et 22 juin 2025, rendez-vous dans l\\u2019Aude \\u00e0 Villasavary pour la quatri\\u00e8me \\u00e9dition d&#8217;Un Air de Lavande. Les collines de Besplas vous accueille sur son domaine familial et vous invite \\u00e0 d\\u00e9couvrir ou red\\u00e9couvrir l\\u2019embl\\u00e9matique culture de la Lavande. Ne cherchez plus ! Les champs de lavande \\u00e0 perte de vue [&hellip;]<address><b>Adresse : <\\\/b>{marker_address}<\\\/address><a class=\\\"fc-btn fc-btn-small fc-btn-red\\\" href=\\\"https:\\\/\\\/collinescathares.com\\\/es\\\/evenements-ponctuels\\\/un-air-de-lavande-4eme-edition\\\/\\\">En savoir plus<\\\/a><\\\/div>\",\"content\":\"Les journ\\u00e9es du 21 et 22 juin 2025, rendez-vous dans l\\u2019Aude \\u00e0 Villasavary pour la quatri\\u00e8me \\u00e9dition d&#8217;Un Air de Lavande. Les collines de Besplas vous accueille sur son domaine familial et vous invite \\u00e0 d\\u00e9couvrir ou red\\u00e9couvrir l\\u2019embl\\u00e9matique culture de la Lavande. Ne cherchez plus ! Les champs de lavande \\u00e0 perte de vue [&hellip;]\",\"address\":\"La Vigui\\u00e8re 11150 VILLASAVARY\",\"location\":{\"lat\":\"43.2399534\",\"city\":\"VILLASAVARY\",\"country\":\"France\",\"lng\":\"2.01305250\",\"onclick_action\":\"post\",\"redirect_permalink\":\"https:\\\/\\\/collinescathares.com\\\/es\\\/evenements-ponctuels\\\/un-air-de-lavande-4eme-edition\\\/\",\"zoom\":10,\"extra_fields\":{\"%date_evenement_r%\":\"21 Juin 2025\",\"%date_evenement_fin_r%\":\"21 Juin 2025\",\"post_excerpt\":\"Les journ\\u00e9es du 21 et 22 juin 2025, rendez-vous dans l\\u2019Aude \\u00e0 Villasavary pour la quatri\\u00e8me \\u00e9dition d&#8217;Un Air de Lavande. Les collines de Besplas vous accueille sur son domaine familial et vous invite \\u00e0 d\\u00e9couvrir ou red\\u00e9couvrir l\\u2019embl\\u00e9matique culture de la Lavande. Ne cherchez plus ! Les champs de lavande \\u00e0 perte de vue [&hellip;]\",\"post_content\":\"Les journ\\u00e9es du 21 et 22 juin 2025, rendez-vous dans l\\u2019Aude \\u00e0 Villasavary pour la quatri\\u00e8me \\u00e9dition d'Un Air de Lavande.\\n\\nLes collines de Besplas vous accueille sur son domaine familial et vous invite \\u00e0 d\\u00e9couvrir ou red\\u00e9couvrir l\\u2019embl\\u00e9matique culture de la Lavande.\\n\\nNe cherchez plus ! Les champs de lavande \\u00e0 perte de vue se trouvent ici !\\n\\nBalades au milieu des champs en fleurs, pique-nique au pied des lavandes, sieste sur un transat, cueillette ou ateliers de fabrication de savons, halte \\u00e0 la chapelle de Saint Martin, randonn\\u00e9e \\u00e0 pied ou en VTT, les Collines de Besplas n\\u2019auront plus de secret pour vous !\\n\\n - Partez \\u00e0 la d\\u00e9couverte de la culture de la Lavande :\\nEmpruntez notre sentier d\\u00e9couverte de la Lavande au milieu de nos champs en fleurs, et d\\u00e9couvrez cette culture embl\\u00e9matique et ses multiples utilisations. Un jeu familial est propos\\u00e9 tout au long de la visite. Vous pourrez \\u00e9galement assister \\u00e0 une d\\u00e9monstration de distillation.\\n\\n- Participez \\u00e0 nos ateliers Do It Yourself :\\nEnvie de sain, de naturel, de DIY ? Venez fabriquer vous-m\\u00eame votre savon naturel \\u00e0 la Lavande, votre fuseau de Lavande, votre sachet de fleurs s\\u00e9ch\\u00e9es, votre bougie aromatique \\u00e0 la Lavande ou encore r\\u00e9aliser une peinture en ext\\u00e9rieur !\\n\\n- Appr\\u00e9ciez un pique-nique au bord des champs de Lavande :\\nPour que cette journ\\u00e9e soit signe de calme, de repos mais aussi de simplicit\\u00e9 et d\\u2019authenticit\\u00e9, Les collines de Besplas vous accueille dans un espace d\\u00e9di\\u00e9, ouvert \\u00e0 la nature et pr\\u00e9serv\\u00e9 du bruit ! Quoi de mieux qu\\u2019un pique-nique au bord des champs de Lavande ?\\n\\n - Ressourcez-vous en pleine nature :\\nLes activit\\u00e9s de pleine nature ont trouv\\u00e9 leur terre d\\u2019\\u00e9lection sur les collines de Besplas : balade nature, balade en cal\\u00e8che, balade cont\\u00e9e ou balade familiale \\u2026 Profitez des charmes d\\u2019un paysage naturel dominant d\\u2019un c\\u00f4t\\u00e9 la montagne noire et de l\\u2019autre les Pyr\\u00e9n\\u00e9es. Le relief, doux et mouvement\\u00e9, rec\\u00e8le de nombreux tr\\u00e9sors !\\n\\n- D\\u00e9couvrez un lieu charg\\u00e9 d\\u2019histoire et de patrimoine :\\nLe site de Besplas et la chapelle Saint Martin de la Salle (dite de Besplas) sont un berceau historique du Lauragais que vous apprendrez \\u00e0 d\\u00e9couvrir. Une halte \\u00e0 la chapelle de Besplas s\\u2019impose, un concert de musique\\u2026 laissez-vous surprendre, quelques surprises vous attendent !\\n\\n Sur r\\u00e9servation.\",\"post_title\":\"UN AIR DE LAVANDE &#8211; 4\\u00c8ME \\u00c9DITION\",\"post_link\":\"https:\\\/\\\/collinescathares.com\\\/es\\\/evenements-ponctuels\\\/un-air-de-lavande-4eme-edition\\\/\",\"post_featured_image\":\"<div class=\\\"fc-feature-img\\\"><img alt=\\\"UN AIR DE LAVANDE &#8211; 4\\u00c8ME \\u00c9DITION\\\" width=\\\"300\\\" height=\\\"225\\\" src=\\\"https:\\\/\\\/collinescathares.com\\\/wp-content\\\/uploads\\\/2024\\\/05\\\/Activite-nature-Une-balade-nature-au-milieu-des-lavandes-1200-900--300x225.jpg\\\" class=\\\"wp-post-image   wpgmp_featured_image\\\" ><\\\/div>\",\"post_categories\":\"Ev\\u00e9nements ponctuels\",\"post_tags\":\"\",\"%_encloseme%\":\"1\",\"%_thumbnail_id%\":\"242479\",\"%ville_r%\":\"VILLASAVARY\",\"%_ville_r%\":\"field_5efc3a17e12c5\",\"%cp_r%\":\"11150\",\"%_cp_r%\":\"field_5efc3a47e12ca\",\"%tarifs_r%\":\"Plein tarif|15,00||+ de 12 ans#Tarif enfant|10,00||de 4 \\u00e0 12 ans\",\"%_tarifs_r%\":\"field_5efc3a22e12c6\",\"%adresse_r%\":\"La Vigui\\u00e8re\",\"%_adresse_r%\":\"field_5efc3a2ee12c7\",\"%carte_r%\":\"La Vigui\\u00e8re 11150 VILLASAVARY, 43.2399534, 2.01305250, 14\",\"%_carte_r%\":\"field_5efc4ed05494a\",\"%labels_r%\":\"\",\"%_labels_r%\":\"field_5f3a47134470d\",\"%handicap_r%\":\"\",\"%_handicap_r%\":\"field_5f3a471a4470e\",\"%offres_promotionnelles_r%\":\"\",\"%_offres_promotionnelles_r%\":\"field_5f3a472d4470f\",\"%telephone_r%\":\" Port : +33 6 63 27 91 05\",\"%_telephone_r%\":\"field_5efc3a39e12c8\",\"%email_r%\":\"\",\"%_email_r%\":\"field_5efc3a40e12c9\",\"%idunique_r%\":\"FMALAR011V51305X\",\"%_idunique_r%\":\"field_5f04335c562b3\",\"%site_r%\":\"https:\\\/\\\/www.unairdelavande.fr\\\/\",\"%_site_r%\":\"field_5efc4d652a106\",\"%_date_evenement_r%\":\"field_5f0348f37d5bd\",\"%_date_evenement_fin_r%\":\"field_5f3a4540d0781\",\"%horaires_evenement_r%\":\"10:00 \\\/ 18:00\",\"%_horaires_evenement_r%\":\"field_5f3a4550d0782\",\"%type_r%\":\"Festival\",\"%_type_r%\":\"field_5f057b5365cd7\",\"%classification_r%\":\"\",\"%_classification_r%\":\"field_5f3a3af81a328\",\"%classement_prefectoral_r%\":\"\",\"%_classement_prefectoral_r%\":\"field_5f3a473444710\",\"%datetri_r%\":\"1750464000\",\"%_datetri_r%\":\"field_5f3a8a82002b1\",\"%langage_r%\":\"FR\",\"%_langage_r%\":\"field_5f3be5649f374\",\"%_wpgmp_location_address%\":\"La Vigui\\u00e8re 11150 VILLASAVARY\",\"%_wpgmp_location_city%\":\"VILLASAVARY\",\"%_wpgmp_location_state%\":\"\",\"%_wpgmp_location_country%\":\"France\",\"%_wpgmp_metabox_marker_id%\":\"a:1:{i:0;i:8;}\",\"%_wpgmp_map_id%\":\"a:1:{i:0;i:21;}\",\"%_wpgmp_metabox_latitude%\":\"43.2399534\",\"%_wpgmp_metabox_longitude%\":\"2.01305250\",\"%_wpgmp_metabox_location_redirect%\":\"post\",\"%_wpgmp_metabox_custom_link%\":\"\",\"%_wpgmp_metabox_taxomomies_terms%\":\"N;\",\"%_wpgmp_extensions_fields%\":\"N;\",\"%_wpml_word_count%\":\"397\",\"taxonomy=category\":\"Ev\\u00e9nements ponctuels\",\"taxonomy=post_tag\":\"\",\"taxonomy=post_format\":\"\",\"taxonomy=translation_priority\":\"Opcional\"},\"icon\":\"https:\\\/\\\/collinescathares.com\\\/wp-content\\\/uploads\\\/2020\\\/07\\\/pointeur_vert.svg\"},\"id\":253542,\"custom_filters\":{\"type_r\":\"Festival\",\"datetri_r\":\"1750464000\"},\"infowindow_disable\":false,\"categories\":[{\"icon\":\"https:\\\/\\\/collinescathares.com\\\/wp-content\\\/uploads\\\/2020\\\/07\\\/pointeur_vert.svg\",\"name\":\"Ev\\u00e9nements ponctuels\",\"id\":\"8\",\"type\":\"category\"}]},{\"source\":\"post\",\"title\":\"BROCANTE &amp; VIDE GRENIER DE PRINTEMPS\",\"infowindow_content\":\"<div class=\\\"fc-main\\\"><div class=\\\"fc-item-title\\\">BROCANTE &amp; VIDE GRENIER DE PRINTEMPS <span class=\\\"fc-badge info\\\">Ev\\u00e9nements ponctuels<\\\/span><\\\/div> <div class=\\\"fc-item-featured_image\\\"> <\\\/div>BROCANTE &amp; VIDE GRENIER de Printemps organis\\u00e9 par l&#8217;association des Commer\\u00e7ants et Artisans de Fanjeaux le Jeudi 8 Mai Restauration sur place Tarif 2\\u20ac\\\/m\\u00e8tre &#8211; Inscription au 06.88.73.14.61 Qui n\\u2019aime pas chiner ? Nos \\u00e2mes d\\u2019enfants adorent partir \\u00e0 la recherche de l\\u2019objet oubli\\u00e9 qui ravive nos souvenirs. Le moulin \\u00e0 caf\\u00e9 comme chez m\\u00e9m\\u00e9 [&hellip;]<address><b>Adresse : <\\\/b>{marker_address}<\\\/address><a class=\\\"fc-btn fc-btn-small fc-btn-red\\\" href=\\\"https:\\\/\\\/collinescathares.com\\\/es\\\/evenements-ponctuels\\\/brocante-vide-grenier-de-printemps\\\/\\\">En savoir plus<\\\/a><\\\/div>\",\"content\":\"BROCANTE &amp; VIDE GRENIER de Printemps organis\\u00e9 par l&#8217;association des Commer\\u00e7ants et Artisans de Fanjeaux le Jeudi 8 Mai Restauration sur place Tarif 2\\u20ac\\\/m\\u00e8tre &#8211; Inscription au 06.88.73.14.61 Qui n\\u2019aime pas chiner ? Nos \\u00e2mes d\\u2019enfants adorent partir \\u00e0 la recherche de l\\u2019objet oubli\\u00e9 qui ravive nos souvenirs. Le moulin \\u00e0 caf\\u00e9 comme chez m\\u00e9m\\u00e9 [&hellip;]\",\"address\":\"Place du Treil 11270 FANJEAUX\",\"location\":{\"lat\":\"43.1854788\",\"city\":\"FANJEAUX\",\"country\":\"France\",\"lng\":\"2.03409810\",\"onclick_action\":\"post\",\"redirect_permalink\":\"https:\\\/\\\/collinescathares.com\\\/es\\\/evenements-ponctuels\\\/brocante-vide-grenier-de-printemps\\\/\",\"zoom\":10,\"extra_fields\":{\"%date_evenement_r%\":\"08 Mai 2025\",\"%date_evenement_fin_r%\":\"08 Mai 2025\",\"post_excerpt\":\"BROCANTE &amp; VIDE GRENIER de Printemps organis\\u00e9 par l&#8217;association des Commer\\u00e7ants et Artisans de Fanjeaux le Jeudi 8 Mai Restauration sur place Tarif 2\\u20ac\\\/m\\u00e8tre &#8211; Inscription au 06.88.73.14.61 Qui n\\u2019aime pas chiner ? Nos \\u00e2mes d\\u2019enfants adorent partir \\u00e0 la recherche de l\\u2019objet oubli\\u00e9 qui ravive nos souvenirs. Le moulin \\u00e0 caf\\u00e9 comme chez m\\u00e9m\\u00e9 [&hellip;]\",\"post_content\":\"BROCANTE &amp; VIDE GRENIER de Printemps organis\\u00e9 par l'association des Commer\\u00e7ants et Artisans de Fanjeaux le Jeudi 8 Mai\\n\\n\\nRestauration sur place\\nTarif 2\\u20ac\\\/m\\u00e8tre - Inscription au 06.88.73.14.61\\n\\n\\nQui n\\u2019aime pas chiner ? Nos \\u00e2mes d\\u2019enfants adorent partir \\u00e0 la recherche de l\\u2019objet oubli\\u00e9 qui ravive nos souvenirs. Le moulin \\u00e0 caf\\u00e9 comme chez m\\u00e9m\\u00e9 Josette, la vieille BD qu\\u2019on lisait en cachette \\u00e0 la lampe de poche, des vieux objets, des livres, des meubles, des v\\u00eatements vintage\\u2026 un bonheur de repartir avec des trouvailles d\\u00e9nich\\u00e9es sous le bric \\u00e0 brac. \\n\",\"post_title\":\"BROCANTE &amp; VIDE GRENIER DE PRINTEMPS\",\"post_link\":\"https:\\\/\\\/collinescathares.com\\\/es\\\/evenements-ponctuels\\\/brocante-vide-grenier-de-printemps\\\/\",\"post_featured_image\":\"\",\"post_categories\":\"Ev\\u00e9nements ponctuels\",\"post_tags\":\"\",\"%_encloseme%\":\"1\",\"%ville_r%\":\"FANJEAUX\",\"%_ville_r%\":\"field_5efc3a17e12c5\",\"%cp_r%\":\"11270\",\"%_cp_r%\":\"field_5efc3a47e12ca\",\"%tarifs_r%\":\"\",\"%_tarifs_r%\":\"field_5efc3a22e12c6\",\"%adresse_r%\":\"Place du Treil\",\"%_adresse_r%\":\"field_5efc3a2ee12c7\",\"%carte_r%\":\"Place du Treil 11270 FANJEAUX, 43.1854788, 2.03409810, 14\",\"%_carte_r%\":\"field_5efc4ed05494a\",\"%labels_r%\":\"\",\"%_labels_r%\":\"field_5f3a47134470d\",\"%handicap_r%\":\"\",\"%_handicap_r%\":\"field_5f3a471a4470e\",\"%offres_promotionnelles_r%\":\"\",\"%_offres_promotionnelles_r%\":\"field_5f3a472d4470f\",\"%telephone_r%\":\" Port : +33 6 88 73 14 61\",\"%_telephone_r%\":\"field_5efc3a39e12c8\",\"%email_r%\":\"\",\"%_email_r%\":\"field_5efc3a40e12c9\",\"%idunique_r%\":\"FMALAR011V51639P\",\"%_idunique_r%\":\"field_5f04335c562b3\",\"%site_r%\":\"\",\"%_site_r%\":\"field_5efc4d652a106\",\"%_date_evenement_r%\":\"field_5f0348f37d5bd\",\"%_date_evenement_fin_r%\":\"field_5f3a4540d0781\",\"%horaires_evenement_r%\":\"08:00 \\\/ 18:00\",\"%_horaires_evenement_r%\":\"field_5f3a4550d0782\",\"%type_r%\":\"Vide-grenier\",\"%_type_r%\":\"field_5f057b5365cd7\",\"%classification_r%\":\"\",\"%_classification_r%\":\"field_5f3a3af81a328\",\"%classement_prefectoral_r%\":\"\",\"%_classement_prefectoral_r%\":\"field_5f3a473444710\",\"%datetri_r%\":\"1746662400\",\"%_datetri_r%\":\"field_5f3a8a82002b1\",\"%langage_r%\":\"FR\",\"%_langage_r%\":\"field_5f3be5649f374\",\"%_wpgmp_location_address%\":\"Place du Treil 11270 FANJEAUX\",\"%_wpgmp_location_city%\":\"FANJEAUX\",\"%_wpgmp_location_state%\":\"\",\"%_wpgmp_location_country%\":\"France\",\"%_wpgmp_metabox_marker_id%\":\"a:1:{i:0;i:8;}\",\"%_wpgmp_map_id%\":\"a:1:{i:0;i:21;}\",\"%_wpgmp_metabox_latitude%\":\"43.1854788\",\"%_wpgmp_metabox_longitude%\":\"2.03409810\",\"%_wpgmp_metabox_location_redirect%\":\"post\",\"%_wpgmp_metabox_custom_link%\":\"\",\"%_wpgmp_metabox_taxomomies_terms%\":\"N;\",\"%_wpgmp_extensions_fields%\":\"N;\",\"%_wpml_word_count%\":\"101\",\"%_elementor_page_assets%\":\"\",\"taxonomy=category\":\"Ev\\u00e9nements ponctuels\",\"taxonomy=post_tag\":\"\",\"taxonomy=post_format\":\"\",\"taxonomy=translation_priority\":\"Opcional\"},\"icon\":\"https:\\\/\\\/collinescathares.com\\\/wp-content\\\/uploads\\\/2020\\\/07\\\/pointeur_vert.svg\"},\"id\":252974,\"custom_filters\":{\"type_r\":\"Vide-grenier\",\"datetri_r\":\"1746662400\"},\"infowindow_disable\":false,\"categories\":[{\"icon\":\"https:\\\/\\\/collinescathares.com\\\/wp-content\\\/uploads\\\/2020\\\/07\\\/pointeur_vert.svg\",\"name\":\"Ev\\u00e9nements ponctuels\",\"id\":\"8\",\"type\":\"category\"}]},{\"source\":\"post\",\"title\":\"CONCERT DES PETITS CHANTEURS DE SAINT-JOSEPH\",\"infowindow_content\":\"<div class=\\\"fc-main\\\"><div class=\\\"fc-item-title\\\">CONCERT DES PETITS CHANTEURS DE SAINT-JOSEPH <span class=\\\"fc-badge info\\\">Ev\\u00e9nements ponctuels<\\\/span><\\\/div> <div class=\\\"fc-item-featured_image\\\"><div class=\\\"fc-feature-img\\\"><img alt=\\\"CONCERT DES PETITS CHANTEURS DE SAINT-JOSEPH\\\" width=\\\"300\\\" height=\\\"225\\\" src=\\\"https:\\\/\\\/collinescathares.com\\\/wp-content\\\/uploads\\\/2025\\\/04\\\/CONCERT-DES-PETITS-CHANTEURS-DE-SAINT-JOSEPH-300x225.jpg\\\" class=\\\"wp-post-image   wpgmp_featured_image\\\" ><\\\/div> <\\\/div>La chorale &#8220;Les Petits chanteurs de Saint-Joseph&#8221; vous invite \\u00e0 assister \\u00e0 un concert de Car\\u00eame, sur la th\\u00e9matique de la Passion du Sauveur. Cette animation contribuera \\u00e0 aider aux travaux de la restauration du ch\\u0153ur de la coll\\u00e9giale. Venez nombreux ! Entr\\u00e9e libre.<address><b>Adresse : <\\\/b>{marker_address}<\\\/address><a class=\\\"fc-btn fc-btn-small fc-btn-red\\\" href=\\\"https:\\\/\\\/collinescathares.com\\\/es\\\/evenements-ponctuels\\\/concert-des-petits-chanteurs-de-saint-joseph\\\/\\\">En savoir plus<\\\/a><\\\/div>\",\"content\":\"La chorale &#8220;Les Petits chanteurs de Saint-Joseph&#8221; vous invite \\u00e0 assister \\u00e0 un concert de Car\\u00eame, sur la th\\u00e9matique de la Passion du Sauveur. Cette animation contribuera \\u00e0 aider aux travaux de la restauration du ch\\u0153ur de la coll\\u00e9giale. Venez nombreux ! Entr\\u00e9e libre.\",\"address\":\"Place Saint-Vincent 11290 MONTREAL\",\"location\":{\"lat\":\"43.1995258\",\"city\":\"MONTREAL\",\"country\":\"France\",\"lng\":\"2.14278947\",\"onclick_action\":\"post\",\"redirect_permalink\":\"https:\\\/\\\/collinescathares.com\\\/es\\\/evenements-ponctuels\\\/concert-des-petits-chanteurs-de-saint-joseph\\\/\",\"zoom\":10,\"extra_fields\":{\"%date_evenement_r%\":\"12 Avril 2025\",\"%date_evenement_fin_r%\":\"12 Avril 2025\",\"post_excerpt\":\"La chorale &#8220;Les Petits chanteurs de Saint-Joseph&#8221; vous invite \\u00e0 assister \\u00e0 un concert de Car\\u00eame, sur la th\\u00e9matique de la Passion du Sauveur. Cette animation contribuera \\u00e0 aider aux travaux de la restauration du ch\\u0153ur de la coll\\u00e9giale. Venez nombreux ! Entr\\u00e9e libre.\",\"post_content\":\"La chorale \\\"Les Petits chanteurs de Saint-Joseph\\\" vous invite \\u00e0 assister \\u00e0 un concert de Car\\u00eame, sur la th\\u00e9matique de la Passion du Sauveur.\\nCette animation contribuera \\u00e0 aider aux travaux de la restauration du ch\\u0153ur de la coll\\u00e9giale. Venez nombreux !\\n\\nEntr\\u00e9e libre.\",\"post_title\":\"CONCERT DES PETITS CHANTEURS DE SAINT-JOSEPH\",\"post_link\":\"https:\\\/\\\/collinescathares.com\\\/es\\\/evenements-ponctuels\\\/concert-des-petits-chanteurs-de-saint-joseph\\\/\",\"post_featured_image\":\"<div class=\\\"fc-feature-img\\\"><img alt=\\\"CONCERT DES PETITS CHANTEURS DE SAINT-JOSEPH\\\" width=\\\"300\\\" height=\\\"225\\\" src=\\\"https:\\\/\\\/collinescathares.com\\\/wp-content\\\/uploads\\\/2025\\\/04\\\/CONCERT-DES-PETITS-CHANTEURS-DE-SAINT-JOSEPH-300x225.jpg\\\" class=\\\"wp-post-image   wpgmp_featured_image\\\" ><\\\/div>\",\"post_categories\":\"Ev\\u00e9nements ponctuels\",\"post_tags\":\"\",\"%_encloseme%\":\"1\",\"%_thumbnail_id%\":\"252352\",\"%ville_r%\":\"MONTREAL\",\"%_ville_r%\":\"field_5efc3a17e12c5\",\"%cp_r%\":\"11290\",\"%_cp_r%\":\"field_5efc3a47e12ca\",\"%tarifs_r%\":\"\",\"%_tarifs_r%\":\"field_5efc3a22e12c6\",\"%adresse_r%\":\"Place Saint-Vincent\",\"%_adresse_r%\":\"field_5efc3a2ee12c7\",\"%carte_r%\":\"Place Saint-Vincent 11290 MONTREAL, 43.1995258, 2.14278947, 14\",\"%_carte_r%\":\"field_5efc4ed05494a\",\"%labels_r%\":\"\",\"%_labels_r%\":\"field_5f3a47134470d\",\"%handicap_r%\":\"\",\"%_handicap_r%\":\"field_5f3a471a4470e\",\"%offres_promotionnelles_r%\":\"\",\"%_offres_promotionnelles_r%\":\"field_5f3a472d4470f\",\"%telephone_r%\":\"+33 4 68 76 68 15\",\"%_telephone_r%\":\"field_5efc3a39e12c8\",\"%email_r%\":\"\",\"%_email_r%\":\"field_5efc3a40e12c9\",\"%idunique_r%\":\"FMALAR011V515YGY\",\"%_idunique_r%\":\"field_5f04335c562b3\",\"%site_r%\":\"\",\"%_site_r%\":\"field_5efc4d652a106\",\"%_date_evenement_r%\":\"field_5f0348f37d5bd\",\"%_date_evenement_fin_r%\":\"field_5f3a4540d0781\",\"%horaires_evenement_r%\":\"20:00 \\\/ 22:00\",\"%_horaires_evenement_r%\":\"field_5f3a4550d0782\",\"%type_r%\":\"Concert\",\"%_type_r%\":\"field_5f057b5365cd7\",\"%classification_r%\":\"\",\"%_classification_r%\":\"field_5f3a3af81a328\",\"%classement_prefectoral_r%\":\"\",\"%_classement_prefectoral_r%\":\"field_5f3a473444710\",\"%datetri_r%\":\"1744416000\",\"%_datetri_r%\":\"field_5f3a8a82002b1\",\"%langage_r%\":\"FR\",\"%_langage_r%\":\"field_5f3be5649f374\",\"%_wpgmp_location_address%\":\"Place Saint-Vincent 11290 MONTREAL\",\"%_wpgmp_location_city%\":\"MONTREAL\",\"%_wpgmp_location_state%\":\"\",\"%_wpgmp_location_country%\":\"France\",\"%_wpgmp_metabox_marker_id%\":\"a:1:{i:0;i:8;}\",\"%_wpgmp_map_id%\":\"a:1:{i:0;i:21;}\",\"%_wpgmp_metabox_latitude%\":\"43.1995258\",\"%_wpgmp_metabox_longitude%\":\"2.14278947\",\"%_wpgmp_metabox_location_redirect%\":\"post\",\"%_wpgmp_metabox_custom_link%\":\"\",\"%_wpgmp_metabox_taxomomies_terms%\":\"N;\",\"%_wpgmp_extensions_fields%\":\"N;\",\"%_wpml_word_count%\":\"54\",\"%_elementor_page_assets%\":\"\",\"taxonomy=category\":\"Ev\\u00e9nements ponctuels\",\"taxonomy=post_tag\":\"\",\"taxonomy=post_format\":\"\",\"taxonomy=translation_priority\":\"Opcional\"},\"icon\":\"https:\\\/\\\/collinescathares.com\\\/wp-content\\\/uploads\\\/2020\\\/07\\\/pointeur_vert.svg\"},\"id\":252525,\"custom_filters\":{\"type_r\":\"Concert\",\"datetri_r\":\"1744416000\"},\"infowindow_disable\":false,\"categories\":[{\"icon\":\"https:\\\/\\\/collinescathares.com\\\/wp-content\\\/uploads\\\/2020\\\/07\\\/pointeur_vert.svg\",\"name\":\"Ev\\u00e9nements ponctuels\",\"id\":\"8\",\"type\":\"category\"}]},{\"source\":\"post\",\"title\":\"FAITES DE L&#8217;ART\",\"infowindow_content\":\"<div class=\\\"fc-main\\\"><div class=\\\"fc-item-title\\\">FAITES DE L&#8217;ART <span class=\\\"fc-badge info\\\">Ev\\u00e9nements ponctuels<\\\/span><\\\/div> <div class=\\\"fc-item-featured_image\\\"><div class=\\\"fc-feature-img\\\"><img alt=\\\"FAITES DE L&#8217;ART\\\" width=\\\"300\\\" height=\\\"225\\\" src=\\\"https:\\\/\\\/collinescathares.com\\\/wp-content\\\/uploads\\\/2025\\\/03\\\/FAITES-DE-L-ART-2-2-300x225.jpg\\\" class=\\\"wp-post-image   wpgmp_featured_image\\\" ><\\\/div> <\\\/div>Le cercle culturel Montr\\u00e9alais vous \\u00e0 vivre la deuxi\\u00e8me \\u00e9dition de &#8220;Faites de l\\u2019art&#8221;, une manifestation qui se d\\u00e9roulera le weekend des 26 et 27 avril dans le cadre de la Journ\\u00e9e mondiale de l\\u2019Art, institu\\u00e9e par l\\u2019UNESCO. Au programme : des parcours sensibles et artistiques dans le village, \\u00e0 la rencontre d\\u2019exposants investis dans [&hellip;]<address><b>Adresse : <\\\/b>{marker_address}<\\\/address><a class=\\\"fc-btn fc-btn-small fc-btn-red\\\" href=\\\"https:\\\/\\\/collinescathares.com\\\/es\\\/evenements-ponctuels\\\/faites-de-lart-2\\\/\\\">En savoir plus<\\\/a><\\\/div>\",\"content\":\"Le cercle culturel Montr\\u00e9alais vous \\u00e0 vivre la deuxi\\u00e8me \\u00e9dition de &#8220;Faites de l\\u2019art&#8221;, une manifestation qui se d\\u00e9roulera le weekend des 26 et 27 avril dans le cadre de la Journ\\u00e9e mondiale de l\\u2019Art, institu\\u00e9e par l\\u2019UNESCO. Au programme : des parcours sensibles et artistiques dans le village, \\u00e0 la rencontre d\\u2019exposants investis dans [&hellip;]\",\"address\":\" 11290 MONTREAL\",\"location\":{\"lat\":\"43.2002393\",\"city\":\"MONTREAL\",\"country\":\"France\",\"lng\":\"2.14194982\",\"onclick_action\":\"post\",\"redirect_permalink\":\"https:\\\/\\\/collinescathares.com\\\/es\\\/evenements-ponctuels\\\/faites-de-lart-2\\\/\",\"zoom\":10,\"extra_fields\":{\"%date_evenement_r%\":\"27 Avril 2025\",\"%date_evenement_fin_r%\":\"27 Avril 2025\",\"post_excerpt\":\"Le cercle culturel Montr\\u00e9alais vous \\u00e0 vivre la deuxi\\u00e8me \\u00e9dition de &#8220;Faites de l\\u2019art&#8221;, une manifestation qui se d\\u00e9roulera le weekend des 26 et 27 avril dans le cadre de la Journ\\u00e9e mondiale de l\\u2019Art, institu\\u00e9e par l\\u2019UNESCO. Au programme : des parcours sensibles et artistiques dans le village, \\u00e0 la rencontre d\\u2019exposants investis dans [&hellip;]\",\"post_content\":\"Le cercle culturel Montr\\u00e9alais vous \\u00e0 vivre la deuxi\\u00e8me \\u00e9dition de \\\"Faites de l\\u2019art\\\", une manifestation qui se d\\u00e9roulera le weekend des 26 et 27 avril dans le cadre de la Journ\\u00e9e mondiale de l\\u2019Art, institu\\u00e9e par l\\u2019UNESCO.\\n\\nAu programme : des parcours sensibles et artistiques dans le village, \\u00e0 la rencontre d\\u2019exposants investis dans l\\u2019expression artistique, la cr\\u00e9ativit\\u00e9 et l\\u2019\\u00e9change\\u2026 \\n\\n\\\"Faites de l\\u2019art\\\" r\\u00e9unira ainsi une belle mixit\\u00e9 de talents : arts visuels, arts et traditions populaires, arts vivants, m\\u00e9diations culturelles, artisanat d\\u2019art vont s\\u2019inviter dans les rues et les ruelles.\\nIl y aura de la photographie, du land art, des performances, des installations, du street art, des expositions de peinture, de la calligraphie japonaise, des dessins, aquarelles, cr\\u00e9ations textiles, costumes, de la musique, des visites d\\u2019ateliers de plasticiens et bien d\\u2019autres d\\u00e9couvertes que vous pourrez appr\\u00e9cier.\\nVernissage le samedi 26 avril, auberge en espagnole.\\n\\nVenez nombreux !\",\"post_title\":\"FAITES DE L&#8217;ART\",\"post_link\":\"https:\\\/\\\/collinescathares.com\\\/es\\\/evenements-ponctuels\\\/faites-de-lart-2\\\/\",\"post_featured_image\":\"<div class=\\\"fc-feature-img\\\"><img alt=\\\"FAITES DE L&#8217;ART\\\" width=\\\"300\\\" height=\\\"225\\\" src=\\\"https:\\\/\\\/collinescathares.com\\\/wp-content\\\/uploads\\\/2025\\\/03\\\/FAITES-DE-L-ART-2-2-300x225.jpg\\\" class=\\\"wp-post-image   wpgmp_featured_image\\\" ><\\\/div>\",\"post_categories\":\"Ev\\u00e9nements ponctuels\",\"post_tags\":\"\",\"%_encloseme%\":\"1\",\"%_thumbnail_id%\":\"252225\",\"%ville_r%\":\"MONTREAL\",\"%_ville_r%\":\"field_5efc3a17e12c5\",\"%cp_r%\":\"11290\",\"%_cp_r%\":\"field_5efc3a47e12ca\",\"%tarifs_r%\":\"\",\"%_tarifs_r%\":\"field_5efc3a22e12c6\",\"%carte_r%\":\" 11290 MONTREAL, 43.2002393, 2.14194982, 14\",\"%_carte_r%\":\"field_5efc4ed05494a\",\"%labels_r%\":\"\",\"%_labels_r%\":\"field_5f3a47134470d\",\"%handicap_r%\":\"\",\"%_handicap_r%\":\"field_5f3a471a4470e\",\"%offres_promotionnelles_r%\":\"\",\"%_offres_promotionnelles_r%\":\"field_5f3a472d4470f\",\"%telephone_r%\":\"\",\"%_telephone_r%\":\"field_5efc3a39e12c8\",\"%email_r%\":\"g.b.g.m.rojouan@wanadoo.fr\",\"%_email_r%\":\"field_5efc3a40e12c9\",\"%idunique_r%\":\"FMALAR011V515WNK\",\"%_idunique_r%\":\"field_5f04335c562b3\",\"%site_r%\":\"\",\"%_site_r%\":\"field_5efc4d652a106\",\"%_date_evenement_r%\":\"field_5f0348f37d5bd\",\"%_date_evenement_fin_r%\":\"field_5f3a4540d0781\",\"%horaires_evenement_r%\":\"10:30 \\\/ 19:00\",\"%_horaires_evenement_r%\":\"field_5f3a4550d0782\",\"%type_r%\":\"Arts de la rue\",\"%_type_r%\":\"field_5f057b5365cd7\",\"%classification_r%\":\"\",\"%_classification_r%\":\"field_5f3a3af81a328\",\"%classement_prefectoral_r%\":\"\",\"%_classement_prefectoral_r%\":\"field_5f3a473444710\",\"%datetri_r%\":\"1745712000\",\"%_datetri_r%\":\"field_5f3a8a82002b1\",\"%langage_r%\":\"FR\",\"%_langage_r%\":\"field_5f3be5649f374\",\"%_wpgmp_location_address%\":\" 11290 MONTREAL\",\"%_wpgmp_location_city%\":\"MONTREAL\",\"%_wpgmp_location_state%\":\"\",\"%_wpgmp_location_country%\":\"France\",\"%_wpgmp_metabox_marker_id%\":\"a:1:{i:0;i:8;}\",\"%_wpgmp_map_id%\":\"a:1:{i:0;i:21;}\",\"%_wpgmp_metabox_latitude%\":\"43.2002393\",\"%_wpgmp_metabox_longitude%\":\"2.14194982\",\"%_wpgmp_metabox_location_redirect%\":\"post\",\"%_wpgmp_metabox_custom_link%\":\"\",\"%_wpgmp_metabox_taxomomies_terms%\":\"N;\",\"%_wpgmp_extensions_fields%\":\"N;\",\"%_wpml_word_count%\":\"176\",\"%galerie_image_r%\":\"252225\",\"%_galerie_image_r%\":\"field_5f3bd339f8130\",\"taxonomy=category\":\"Ev\\u00e9nements ponctuels\",\"taxonomy=post_tag\":\"\",\"taxonomy=post_format\":\"\",\"taxonomy=translation_priority\":\"Opcional\"},\"icon\":\"https:\\\/\\\/collinescathares.com\\\/wp-content\\\/uploads\\\/2020\\\/07\\\/pointeur_vert.svg\"},\"id\":252520,\"custom_filters\":{\"type_r\":\"Arts de la rue\",\"datetri_r\":\"1745712000\"},\"infowindow_disable\":false,\"categories\":[{\"icon\":\"https:\\\/\\\/collinescathares.com\\\/wp-content\\\/uploads\\\/2020\\\/07\\\/pointeur_vert.svg\",\"name\":\"Ev\\u00e9nements ponctuels\",\"id\":\"8\",\"type\":\"category\"}]},{\"source\":\"post\",\"title\":\"FAITES DE L&#8217;ART\",\"infowindow_content\":\"<div class=\\\"fc-main\\\"><div class=\\\"fc-item-title\\\">FAITES DE L&#8217;ART <span class=\\\"fc-badge info\\\">Ev\\u00e9nements ponctuels<\\\/span><\\\/div> <div class=\\\"fc-item-featured_image\\\"><div class=\\\"fc-feature-img\\\"><img alt=\\\"FAITES DE L&#8217;ART\\\" width=\\\"300\\\" height=\\\"225\\\" src=\\\"https:\\\/\\\/collinescathares.com\\\/wp-content\\\/uploads\\\/2025\\\/03\\\/FAITES-DE-L-ART-2--300x225.jpg\\\" class=\\\"wp-post-image   wpgmp_featured_image\\\" ><\\\/div> <\\\/div>Le cercle culturel Montr\\u00e9alais vous \\u00e0 vivre la deuxi\\u00e8me \\u00e9dition de &#8220;Faites de l\\u2019art&#8221;, une manifestation qui se d\\u00e9roulera le weekend des 26 et 27 avril dans le cadre de la Journ\\u00e9e mondiale de l\\u2019Art, institu\\u00e9e par l\\u2019UNESCO. Au programme : des parcours sensibles et artistiques dans le village, \\u00e0 la rencontre d\\u2019exposants investis dans [&hellip;]<address><b>Adresse : <\\\/b>{marker_address}<\\\/address><a class=\\\"fc-btn fc-btn-small fc-btn-red\\\" href=\\\"https:\\\/\\\/collinescathares.com\\\/es\\\/evenements-ponctuels\\\/faites-de-lart\\\/\\\">En savoir plus<\\\/a><\\\/div>\",\"content\":\"Le cercle culturel Montr\\u00e9alais vous \\u00e0 vivre la deuxi\\u00e8me \\u00e9dition de &#8220;Faites de l\\u2019art&#8221;, une manifestation qui se d\\u00e9roulera le weekend des 26 et 27 avril dans le cadre de la Journ\\u00e9e mondiale de l\\u2019Art, institu\\u00e9e par l\\u2019UNESCO. Au programme : des parcours sensibles et artistiques dans le village, \\u00e0 la rencontre d\\u2019exposants investis dans [&hellip;]\",\"address\":\" 11290 MONTREAL\",\"location\":{\"lat\":\"43.2002393\",\"city\":\"MONTREAL\",\"country\":\"France\",\"lng\":\"2.14194982\",\"onclick_action\":\"post\",\"redirect_permalink\":\"https:\\\/\\\/collinescathares.com\\\/es\\\/evenements-ponctuels\\\/faites-de-lart\\\/\",\"zoom\":10,\"extra_fields\":{\"%date_evenement_r%\":\"26 Avril 2025\",\"%date_evenement_fin_r%\":\"26 Avril 2025\",\"post_excerpt\":\"Le cercle culturel Montr\\u00e9alais vous \\u00e0 vivre la deuxi\\u00e8me \\u00e9dition de &#8220;Faites de l\\u2019art&#8221;, une manifestation qui se d\\u00e9roulera le weekend des 26 et 27 avril dans le cadre de la Journ\\u00e9e mondiale de l\\u2019Art, institu\\u00e9e par l\\u2019UNESCO. Au programme : des parcours sensibles et artistiques dans le village, \\u00e0 la rencontre d\\u2019exposants investis dans [&hellip;]\",\"post_content\":\"Le cercle culturel Montr\\u00e9alais vous \\u00e0 vivre la deuxi\\u00e8me \\u00e9dition de \\\"Faites de l\\u2019art\\\", une manifestation qui se d\\u00e9roulera le weekend des 26 et 27 avril dans le cadre de la Journ\\u00e9e mondiale de l\\u2019Art, institu\\u00e9e par l\\u2019UNESCO.\\n\\nAu programme : des parcours sensibles et artistiques dans le village, \\u00e0 la rencontre d\\u2019exposants investis dans l\\u2019expression artistique, la cr\\u00e9ativit\\u00e9 et l\\u2019\\u00e9change\\u2026 \\n\\n\\\"Faites de l\\u2019art\\\" r\\u00e9unira ainsi une belle mixit\\u00e9 de talents : arts visuels, arts et traditions populaires, arts vivants, m\\u00e9diations culturelles, artisanat d\\u2019art vont s\\u2019inviter dans les rues et les ruelles.\\nIl y aura de la photographie, du land art, des performances, des installations, du street art, des expositions de peinture, de la calligraphie japonaise, des dessins, aquarelles, cr\\u00e9ations textiles, costumes, de la musique, des visites d\\u2019ateliers de plasticiens et bien d\\u2019autres d\\u00e9couvertes que vous pourrez appr\\u00e9cier.\\nVernissage le samedi 26 avril, auberge en espagnole.\\n\\nVenez nombreux !\",\"post_title\":\"FAITES DE L&#8217;ART\",\"post_link\":\"https:\\\/\\\/collinescathares.com\\\/es\\\/evenements-ponctuels\\\/faites-de-lart\\\/\",\"post_featured_image\":\"<div class=\\\"fc-feature-img\\\"><img alt=\\\"FAITES DE L&#8217;ART\\\" width=\\\"300\\\" height=\\\"225\\\" src=\\\"https:\\\/\\\/collinescathares.com\\\/wp-content\\\/uploads\\\/2025\\\/03\\\/FAITES-DE-L-ART-2--300x225.jpg\\\" class=\\\"wp-post-image   wpgmp_featured_image\\\" ><\\\/div>\",\"post_categories\":\"Ev\\u00e9nements ponctuels\",\"post_tags\":\"\",\"%_encloseme%\":\"1\",\"%_thumbnail_id%\":\"252221\",\"%ville_r%\":\"MONTREAL\",\"%_ville_r%\":\"field_5efc3a17e12c5\",\"%cp_r%\":\"11290\",\"%_cp_r%\":\"field_5efc3a47e12ca\",\"%tarifs_r%\":\"\",\"%_tarifs_r%\":\"field_5efc3a22e12c6\",\"%carte_r%\":\" 11290 MONTREAL, 43.2002393, 2.14194982, 14\",\"%_carte_r%\":\"field_5efc4ed05494a\",\"%labels_r%\":\"\",\"%_labels_r%\":\"field_5f3a47134470d\",\"%handicap_r%\":\"\",\"%_handicap_r%\":\"field_5f3a471a4470e\",\"%offres_promotionnelles_r%\":\"\",\"%_offres_promotionnelles_r%\":\"field_5f3a472d4470f\",\"%telephone_r%\":\"\",\"%_telephone_r%\":\"field_5efc3a39e12c8\",\"%email_r%\":\"g.b.g.m.rojouan@wanadoo.fr\",\"%_email_r%\":\"field_5efc3a40e12c9\",\"%idunique_r%\":\"FMALAR011V515WMG\",\"%_idunique_r%\":\"field_5f04335c562b3\",\"%site_r%\":\"\",\"%_site_r%\":\"field_5efc4d652a106\",\"%_date_evenement_r%\":\"field_5f0348f37d5bd\",\"%_date_evenement_fin_r%\":\"field_5f3a4540d0781\",\"%horaires_evenement_r%\":\"10:30 \\\/ 19:00\",\"%_horaires_evenement_r%\":\"field_5f3a4550d0782\",\"%type_r%\":\"Arts de la rue\",\"%_type_r%\":\"field_5f057b5365cd7\",\"%classification_r%\":\"\",\"%_classification_r%\":\"field_5f3a3af81a328\",\"%classement_prefectoral_r%\":\"\",\"%_classement_prefectoral_r%\":\"field_5f3a473444710\",\"%datetri_r%\":\"1745625600\",\"%_datetri_r%\":\"field_5f3a8a82002b1\",\"%langage_r%\":\"FR\",\"%_langage_r%\":\"field_5f3be5649f374\",\"%_wpgmp_location_address%\":\" 11290 MONTREAL\",\"%_wpgmp_location_city%\":\"MONTREAL\",\"%_wpgmp_location_state%\":\"\",\"%_wpgmp_location_country%\":\"France\",\"%_wpgmp_metabox_marker_id%\":\"a:1:{i:0;i:8;}\",\"%_wpgmp_map_id%\":\"a:1:{i:0;i:21;}\",\"%_wpgmp_metabox_latitude%\":\"43.2002393\",\"%_wpgmp_metabox_longitude%\":\"2.14194982\",\"%_wpgmp_metabox_location_redirect%\":\"post\",\"%_wpgmp_metabox_custom_link%\":\"\",\"%_wpgmp_metabox_taxomomies_terms%\":\"N;\",\"%_wpgmp_extensions_fields%\":\"N;\",\"%_wpml_word_count%\":\"176\",\"%galerie_image_r%\":\"252221\",\"%_galerie_image_r%\":\"field_5f3bd339f8130\",\"taxonomy=category\":\"Ev\\u00e9nements ponctuels\",\"taxonomy=post_tag\":\"\",\"taxonomy=post_format\":\"\",\"taxonomy=translation_priority\":\"Opcional\"},\"icon\":\"https:\\\/\\\/collinescathares.com\\\/wp-content\\\/uploads\\\/2020\\\/07\\\/pointeur_vert.svg\"},\"id\":252518,\"custom_filters\":{\"type_r\":\"Arts de la rue\",\"datetri_r\":\"1745625600\"},\"infowindow_disable\":false,\"categories\":[{\"icon\":\"https:\\\/\\\/collinescathares.com\\\/wp-content\\\/uploads\\\/2020\\\/07\\\/pointeur_vert.svg\",\"name\":\"Ev\\u00e9nements ponctuels\",\"id\":\"8\",\"type\":\"category\"}]},{\"source\":\"post\",\"title\":\"VIDE-GRENIERS \\u00c0 VILLESISCLE\",\"infowindow_content\":\"<div class=\\\"fc-main\\\"><div class=\\\"fc-item-title\\\">VIDE-GRENIERS \\u00c0 VILLESISCLE <span class=\\\"fc-badge info\\\">Ev\\u00e9nements ponctuels<\\\/span><\\\/div> <div class=\\\"fc-item-featured_image\\\"><div class=\\\"fc-feature-img\\\"><img alt=\\\"VIDE-GRENIERS \\u00c0 VILLESISCLE\\\" width=\\\"300\\\" height=\\\"225\\\" src=\\\"https:\\\/\\\/collinescathares.com\\\/wp-content\\\/uploads\\\/2025\\\/03\\\/VIDE-GRENIERS-A-VILLESISCLE-300x225.jpg\\\" class=\\\"wp-post-image   wpgmp_featured_image\\\" ><\\\/div> <\\\/div>Grand vide-greniers \\u00e0 Villesiscle le dimanche 13 avril ! Qui n\\u2019aime pas chiner ? Nos \\u00e2mes d\\u2019enfants adorent partir \\u00e0 la recherche de l\\u2019objet oubli\\u00e9 qui ravive nos souvenirs. Le moulin \\u00e0 caf\\u00e9 comme chez m\\u00e9m\\u00e9 Josette, la vieille BD qu\\u2019on lisait en cachette \\u00e0 la lampe de poche, des vieux objets, des livres, des [&hellip;]<address><b>Adresse : <\\\/b>{marker_address}<\\\/address><a class=\\\"fc-btn fc-btn-small fc-btn-red\\\" href=\\\"https:\\\/\\\/collinescathares.com\\\/es\\\/evenements-ponctuels\\\/vide-greniers-a-villesiscle\\\/\\\">En savoir plus<\\\/a><\\\/div>\",\"content\":\"Grand vide-greniers \\u00e0 Villesiscle le dimanche 13 avril ! Qui n\\u2019aime pas chiner ? Nos \\u00e2mes d\\u2019enfants adorent partir \\u00e0 la recherche de l\\u2019objet oubli\\u00e9 qui ravive nos souvenirs. Le moulin \\u00e0 caf\\u00e9 comme chez m\\u00e9m\\u00e9 Josette, la vieille BD qu\\u2019on lisait en cachette \\u00e0 la lampe de poche, des vieux objets, des livres, des [&hellip;]\",\"address\":\"Rte de Fanjeaux 11150 VILLESISCLE\",\"location\":{\"lat\":\"43.2293126\",\"city\":\"VILLESISCLE\",\"country\":\"France\",\"lng\":\"2.09469392\",\"onclick_action\":\"post\",\"redirect_permalink\":\"https:\\\/\\\/collinescathares.com\\\/es\\\/evenements-ponctuels\\\/vide-greniers-a-villesiscle\\\/\",\"zoom\":10,\"extra_fields\":{\"%date_evenement_r%\":\"13 Avril 2025\",\"%date_evenement_fin_r%\":\"13 Avril 2025\",\"post_excerpt\":\"Grand vide-greniers \\u00e0 Villesiscle le dimanche 13 avril ! Qui n\\u2019aime pas chiner ? Nos \\u00e2mes d\\u2019enfants adorent partir \\u00e0 la recherche de l\\u2019objet oubli\\u00e9 qui ravive nos souvenirs. Le moulin \\u00e0 caf\\u00e9 comme chez m\\u00e9m\\u00e9 Josette, la vieille BD qu\\u2019on lisait en cachette \\u00e0 la lampe de poche, des vieux objets, des livres, des [&hellip;]\",\"post_content\":\"Grand vide-greniers \\u00e0 Villesiscle le dimanche 13 avril !\\n\\nQui n\\u2019aime pas chiner ? Nos \\u00e2mes d\\u2019enfants adorent partir \\u00e0 la recherche de l\\u2019objet oubli\\u00e9 qui ravive nos souvenirs. Le moulin \\u00e0 caf\\u00e9 comme chez m\\u00e9m\\u00e9 Josette, la vieille BD qu\\u2019on lisait en cachette \\u00e0 la lampe de poche, des vieux objets, des livres, des meubles, des v\\u00eatements vintage\\u2026 un bonheur de repartir avec des trouvailles d\\u00e9nich\\u00e9es sous le bric \\u00e0 brac. \\n\\nOrganis\\u00e9 par l'association Amicalement V\\u00f4tre.\",\"post_title\":\"VIDE-GRENIERS \\u00c0 VILLESISCLE\",\"post_link\":\"https:\\\/\\\/collinescathares.com\\\/es\\\/evenements-ponctuels\\\/vide-greniers-a-villesiscle\\\/\",\"post_featured_image\":\"<div class=\\\"fc-feature-img\\\"><img alt=\\\"VIDE-GRENIERS \\u00c0 VILLESISCLE\\\" width=\\\"300\\\" height=\\\"225\\\" src=\\\"https:\\\/\\\/collinescathares.com\\\/wp-content\\\/uploads\\\/2025\\\/03\\\/VIDE-GRENIERS-A-VILLESISCLE-300x225.jpg\\\" class=\\\"wp-post-image   wpgmp_featured_image\\\" ><\\\/div>\",\"post_categories\":\"Ev\\u00e9nements ponctuels\",\"post_tags\":\"\",\"%_encloseme%\":\"1\",\"%_thumbnail_id%\":\"252217\",\"%ville_r%\":\"VILLESISCLE\",\"%_ville_r%\":\"field_5efc3a17e12c5\",\"%cp_r%\":\"11150\",\"%_cp_r%\":\"field_5efc3a47e12ca\",\"%tarifs_r%\":\"\",\"%_tarifs_r%\":\"field_5efc3a22e12c6\",\"%adresse_r%\":\"Rte de Fanjeaux\",\"%_adresse_r%\":\"field_5efc3a2ee12c7\",\"%carte_r%\":\"Rte de Fanjeaux 11150 VILLESISCLE, 43.2293126, 2.09469392, 14\",\"%_carte_r%\":\"field_5efc4ed05494a\",\"%labels_r%\":\"\",\"%_labels_r%\":\"field_5f3a47134470d\",\"%handicap_r%\":\"\",\"%_handicap_r%\":\"field_5f3a471a4470e\",\"%offres_promotionnelles_r%\":\"\",\"%_offres_promotionnelles_r%\":\"field_5f3a472d4470f\",\"%telephone_r%\":\" Port : +33 6 78 43 35 88\",\"%_telephone_r%\":\"field_5efc3a39e12c8\",\"%email_r%\":\"\",\"%_email_r%\":\"field_5efc3a40e12c9\",\"%idunique_r%\":\"FMALAR011V515WLZ\",\"%_idunique_r%\":\"field_5f04335c562b3\",\"%site_r%\":\"\",\"%_site_r%\":\"field_5efc4d652a106\",\"%_date_evenement_r%\":\"field_5f0348f37d5bd\",\"%_date_evenement_fin_r%\":\"field_5f3a4540d0781\",\"%horaires_evenement_r%\":\"07:00 \\\/ 19:00\",\"%_horaires_evenement_r%\":\"field_5f3a4550d0782\",\"%type_r%\":\"Vide-grenier\",\"%_type_r%\":\"field_5f057b5365cd7\",\"%classification_r%\":\"\",\"%_classification_r%\":\"field_5f3a3af81a328\",\"%classement_prefectoral_r%\":\"\",\"%_classement_prefectoral_r%\":\"field_5f3a473444710\",\"%datetri_r%\":\"1744502400\",\"%_datetri_r%\":\"field_5f3a8a82002b1\",\"%langage_r%\":\"FR\",\"%_langage_r%\":\"field_5f3be5649f374\",\"%_wpgmp_location_address%\":\"Rte de Fanjeaux 11150 VILLESISCLE\",\"%_wpgmp_location_city%\":\"VILLESISCLE\",\"%_wpgmp_location_state%\":\"\",\"%_wpgmp_location_country%\":\"France\",\"%_wpgmp_metabox_marker_id%\":\"a:1:{i:0;i:8;}\",\"%_wpgmp_map_id%\":\"a:1:{i:0;i:21;}\",\"%_wpgmp_metabox_latitude%\":\"43.2293126\",\"%_wpgmp_metabox_longitude%\":\"2.09469392\",\"%_wpgmp_metabox_location_redirect%\":\"post\",\"%_wpgmp_metabox_custom_link%\":\"\",\"%_wpgmp_metabox_taxomomies_terms%\":\"N;\",\"%_wpgmp_extensions_fields%\":\"N;\",\"%_wpml_word_count%\":\"87\",\"taxonomy=category\":\"Ev\\u00e9nements ponctuels\",\"taxonomy=post_tag\":\"\",\"taxonomy=post_format\":\"\",\"taxonomy=translation_priority\":\"Opcional\"},\"icon\":\"https:\\\/\\\/collinescathares.com\\\/wp-content\\\/uploads\\\/2020\\\/07\\\/pointeur_vert.svg\"},\"id\":252516,\"custom_filters\":{\"type_r\":\"Vide-grenier\",\"datetri_r\":\"1744502400\"},\"infowindow_disable\":false,\"categories\":[{\"icon\":\"https:\\\/\\\/collinescathares.com\\\/wp-content\\\/uploads\\\/2020\\\/07\\\/pointeur_vert.svg\",\"name\":\"Ev\\u00e9nements ponctuels\",\"id\":\"8\",\"type\":\"category\"}]},{\"source\":\"post\",\"title\":\"BRADERIE\",\"infowindow_content\":\"<div class=\\\"fc-main\\\"><div class=\\\"fc-item-title\\\">BRADERIE <span class=\\\"fc-badge info\\\">Ev\\u00e9nements ponctuels<\\\/span><\\\/div> <div class=\\\"fc-item-featured_image\\\"><div class=\\\"fc-feature-img\\\"><img alt=\\\"BRADERIE\\\" width=\\\"300\\\" height=\\\"225\\\" src=\\\"https:\\\/\\\/collinescathares.com\\\/wp-content\\\/uploads\\\/2025\\\/02\\\/BOURSE-AUX-JOUETS-ET-VIDE-DRESSING-300x225.jpg\\\" class=\\\"wp-post-image   wpgmp_featured_image\\\" ><\\\/div> <\\\/div>L&#8217;association des parents d&#8217;\\u00e9l\\u00e8ves de Pexiora organise une broderie le dimanche 27 Avril ! L\\u2019occasion r\\u00eav\\u00e9e de renouveler votre garde-robe tout en faisant de bonnes affaires ! Retrouvez une s\\u00e9lection de v\\u00eatements, chaussures et accessoires pour tous les go\\u00fbts et \\u00e0 prix tout doux. Et pour les enfants : vente de jouets, peluches&#8230;<address><b>Adresse : <\\\/b>{marker_address}<\\\/address><a class=\\\"fc-btn fc-btn-small fc-btn-red\\\" href=\\\"https:\\\/\\\/collinescathares.com\\\/es\\\/evenements-ponctuels\\\/braderie\\\/\\\">En savoir plus<\\\/a><\\\/div>\",\"content\":\"L&#8217;association des parents d&#8217;\\u00e9l\\u00e8ves de Pexiora organise une broderie le dimanche 27 Avril ! L\\u2019occasion r\\u00eav\\u00e9e de renouveler votre garde-robe tout en faisant de bonnes affaires ! Retrouvez une s\\u00e9lection de v\\u00eatements, chaussures et accessoires pour tous les go\\u00fbts et \\u00e0 prix tout doux. Et pour les enfants : vente de jouets, peluches&#8230;\",\"address\":\" 11150 PEXIORA\",\"location\":{\"lat\":\"43.2666185\",\"city\":\"PEXIORA\",\"country\":\"France\",\"lng\":\"2.03678575\",\"onclick_action\":\"post\",\"redirect_permalink\":\"https:\\\/\\\/collinescathares.com\\\/es\\\/evenements-ponctuels\\\/braderie\\\/\",\"zoom\":10,\"extra_fields\":{\"%date_evenement_r%\":\"27 Avril 2025\",\"%date_evenement_fin_r%\":\"27 Avril 2025\",\"post_excerpt\":\"L&#8217;association des parents d&#8217;\\u00e9l\\u00e8ves de Pexiora organise une broderie le dimanche 27 Avril ! L\\u2019occasion r\\u00eav\\u00e9e de renouveler votre garde-robe tout en faisant de bonnes affaires ! Retrouvez une s\\u00e9lection de v\\u00eatements, chaussures et accessoires pour tous les go\\u00fbts et \\u00e0 prix tout doux. Et pour les enfants : vente de jouets, peluches&#8230;\",\"post_content\":\"L'association des parents d'\\u00e9l\\u00e8ves de Pexiora organise une broderie le dimanche 27 Avril !\\n\\nL\\u2019occasion r\\u00eav\\u00e9e de renouveler votre garde-robe tout en faisant de bonnes affaires ! Retrouvez une s\\u00e9lection de v\\u00eatements, chaussures et accessoires pour tous les go\\u00fbts et \\u00e0 prix tout doux.\\nEt pour les enfants : vente de jouets, peluches...\\n\",\"post_title\":\"BRADERIE\",\"post_link\":\"https:\\\/\\\/collinescathares.com\\\/es\\\/evenements-ponctuels\\\/braderie\\\/\",\"post_featured_image\":\"<div class=\\\"fc-feature-img\\\"><img alt=\\\"BRADERIE\\\" width=\\\"300\\\" height=\\\"225\\\" src=\\\"https:\\\/\\\/collinescathares.com\\\/wp-content\\\/uploads\\\/2025\\\/02\\\/BOURSE-AUX-JOUETS-ET-VIDE-DRESSING-300x225.jpg\\\" class=\\\"wp-post-image   wpgmp_featured_image\\\" ><\\\/div>\",\"post_categories\":\"Ev\\u00e9nements ponctuels\",\"post_tags\":\"\",\"%_encloseme%\":\"1\",\"%_thumbnail_id%\":\"251225\",\"%ville_r%\":\"PEXIORA\",\"%_ville_r%\":\"field_5efc3a17e12c5\",\"%cp_r%\":\"11150\",\"%_cp_r%\":\"field_5efc3a47e12ca\",\"%tarifs_r%\":\"\",\"%_tarifs_r%\":\"field_5efc3a22e12c6\",\"%carte_r%\":\" 11150 PEXIORA, 43.2666185, 2.03678575, 14\",\"%_carte_r%\":\"field_5efc4ed05494a\",\"%labels_r%\":\"\",\"%_labels_r%\":\"field_5f3a47134470d\",\"%handicap_r%\":\"\",\"%_handicap_r%\":\"field_5f3a471a4470e\",\"%offres_promotionnelles_r%\":\"\",\"%_offres_promotionnelles_r%\":\"field_5f3a472d4470f\",\"%telephone_r%\":\" Port : +33 6 83 22 60 35\",\"%_telephone_r%\":\"field_5efc3a39e12c8\",\"%email_r%\":\"\",\"%_email_r%\":\"field_5efc3a40e12c9\",\"%idunique_r%\":\"FMALAR011V515WLL\",\"%_idunique_r%\":\"field_5f04335c562b3\",\"%site_r%\":\"\",\"%_site_r%\":\"field_5efc4d652a106\",\"%_date_evenement_r%\":\"field_5f0348f37d5bd\",\"%_date_evenement_fin_r%\":\"field_5f3a4540d0781\",\"%horaires_evenement_r%\":\"09:00 \\\/ 17:00\",\"%_horaires_evenement_r%\":\"field_5f3a4550d0782\",\"%type_r%\":\"Vide-grenier\",\"%_type_r%\":\"field_5f057b5365cd7\",\"%classification_r%\":\"\",\"%_classification_r%\":\"field_5f3a3af81a328\",\"%classement_prefectoral_r%\":\"\",\"%_classement_prefectoral_r%\":\"field_5f3a473444710\",\"%datetri_r%\":\"1745712000\",\"%_datetri_r%\":\"field_5f3a8a82002b1\",\"%langage_r%\":\"FR\",\"%_langage_r%\":\"field_5f3be5649f374\",\"%_wpgmp_location_address%\":\" 11150 PEXIORA\",\"%_wpgmp_location_city%\":\"PEXIORA\",\"%_wpgmp_location_state%\":\"\",\"%_wpgmp_location_country%\":\"France\",\"%_wpgmp_metabox_marker_id%\":\"a:1:{i:0;i:8;}\",\"%_wpgmp_map_id%\":\"a:1:{i:0;i:21;}\",\"%_wpgmp_metabox_latitude%\":\"43.2666185\",\"%_wpgmp_metabox_longitude%\":\"2.03678575\",\"%_wpgmp_metabox_location_redirect%\":\"post\",\"%_wpgmp_metabox_custom_link%\":\"\",\"%_wpgmp_metabox_taxomomies_terms%\":\"N;\",\"%_wpgmp_extensions_fields%\":\"N;\",\"%_wpml_word_count%\":\"59\",\"%galerie_image_r%\":\"251225\",\"%_galerie_image_r%\":\"field_5f3bd339f8130\",\"taxonomy=category\":\"Ev\\u00e9nements ponctuels\",\"taxonomy=post_tag\":\"\",\"taxonomy=post_format\":\"\",\"taxonomy=translation_priority\":\"Opcional\"},\"icon\":\"https:\\\/\\\/collinescathares.com\\\/wp-content\\\/uploads\\\/2020\\\/07\\\/pointeur_vert.svg\"},\"id\":252514,\"custom_filters\":{\"type_r\":\"Vide-grenier\",\"datetri_r\":\"1745712000\"},\"infowindow_disable\":false,\"categories\":[{\"icon\":\"https:\\\/\\\/collinescathares.com\\\/wp-content\\\/uploads\\\/2020\\\/07\\\/pointeur_vert.svg\",\"name\":\"Ev\\u00e9nements ponctuels\",\"id\":\"8\",\"type\":\"category\"}]},{\"source\":\"post\",\"title\":\"ENS &#8211; 1 2 3 NOUS IRONS AU LAC\",\"infowindow_content\":\"<div class=\\\"fc-main\\\"><div class=\\\"fc-item-title\\\">ENS &#8211; 1 2 3 NOUS IRONS AU LAC <span class=\\\"fc-badge info\\\">Ev\\u00e9nements ponctuels<\\\/span><\\\/div> <div class=\\\"fc-item-featured_image\\\"><div class=\\\"fc-feature-img\\\"><img alt=\\\"ENS &#8211; 1 2 3 NOUS IRONS AU LAC\\\" width=\\\"300\\\" height=\\\"225\\\" src=\\\"https:\\\/\\\/collinescathares.com\\\/wp-content\\\/uploads\\\/2021\\\/03\\\/ENS-oiseau-300x225.jpg\\\" class=\\\"wp-post-image   wpgmp_featured_image\\\" ><\\\/div> <\\\/div>2 km \\\/ Facile Rendez-vous au parking pr\\u00e8s du lavoir, puis co-voiturage jusqu\\u2019au lac de Cenne. Arbres, oiseaux et esp\\u00e8ces animales d\\u2019int\\u00e9r\\u00eat communautaire de la zone Natura 2000 \\u00ab Vall\\u00e9e du Lampy \\u00bb n\\u2019auront plus de secrets pour vous apr\\u00e8s cette balade autour du lac, co-anim\\u00e9e par les enfants. R\\u00e9servation obligatoire par t\\u00e9l\\u00e9phone. 25 pers. [&hellip;]<address><b>Adresse : <\\\/b>{marker_address}<\\\/address><a class=\\\"fc-btn fc-btn-small fc-btn-red\\\" href=\\\"https:\\\/\\\/collinescathares.com\\\/es\\\/evenements-ponctuels\\\/ens-1-2-3-nous-irons-au-lac\\\/\\\">En savoir plus<\\\/a><\\\/div>\",\"content\":\"2 km \\\/ Facile Rendez-vous au parking pr\\u00e8s du lavoir, puis co-voiturage jusqu\\u2019au lac de Cenne. Arbres, oiseaux et esp\\u00e8ces animales d\\u2019int\\u00e9r\\u00eat communautaire de la zone Natura 2000 \\u00ab Vall\\u00e9e du Lampy \\u00bb n\\u2019auront plus de secrets pour vous apr\\u00e8s cette balade autour du lac, co-anim\\u00e9e par les enfants. R\\u00e9servation obligatoire par t\\u00e9l\\u00e9phone. 25 pers. [&hellip;]\",\"address\":\" 11170 CENNE-MONESTIES\",\"location\":{\"lat\":\"43.3338\",\"city\":\"CENNE-MONESTIES\",\"country\":\"France\",\"lng\":\"2.1171\",\"onclick_action\":\"post\",\"redirect_permalink\":\"https:\\\/\\\/collinescathares.com\\\/es\\\/evenements-ponctuels\\\/ens-1-2-3-nous-irons-au-lac\\\/\",\"zoom\":10,\"extra_fields\":{\"%date_evenement_r%\":\"03 Mai 2025\",\"%date_evenement_fin_r%\":\"03 Mai 2025\",\"post_excerpt\":\"2 km \\\/ Facile Rendez-vous au parking pr\\u00e8s du lavoir, puis co-voiturage jusqu\\u2019au lac de Cenne. Arbres, oiseaux et esp\\u00e8ces animales d\\u2019int\\u00e9r\\u00eat communautaire de la zone Natura 2000 \\u00ab Vall\\u00e9e du Lampy \\u00bb n\\u2019auront plus de secrets pour vous apr\\u00e8s cette balade autour du lac, co-anim\\u00e9e par les enfants. R\\u00e9servation obligatoire par t\\u00e9l\\u00e9phone. 25 pers. [&hellip;]\",\"post_content\":\"2 km \\\/ Facile\\nRendez-vous au parking pr\\u00e8s du lavoir, puis co-voiturage jusqu\\u2019au lac de Cenne.\\nArbres, oiseaux et esp\\u00e8ces animales d\\u2019int\\u00e9r\\u00eat communautaire de la zone Natura 2000 \\u00ab Vall\\u00e9e du Lampy \\u00bb n\\u2019auront plus de secrets pour vous apr\\u00e8s cette balade autour du lac, co-anim\\u00e9e par les enfants.\\nR\\u00e9servation obligatoire par t\\u00e9l\\u00e9phone. 25 pers. max.\\nMat\\u00e9riel d'observation fourni.\\nGo\\u00fbter \\u00ab sauvage \\u00bb offert apr\\u00e8s la balade et exposition des travaux des enfants du RPI.\\n\",\"post_title\":\"ENS &#8211; 1 2 3 NOUS IRONS AU LAC\",\"post_link\":\"https:\\\/\\\/collinescathares.com\\\/es\\\/evenements-ponctuels\\\/ens-1-2-3-nous-irons-au-lac\\\/\",\"post_featured_image\":\"<div class=\\\"fc-feature-img\\\"><img alt=\\\"ENS &#8211; 1 2 3 NOUS IRONS AU LAC\\\" width=\\\"300\\\" height=\\\"225\\\" src=\\\"https:\\\/\\\/collinescathares.com\\\/wp-content\\\/uploads\\\/2021\\\/03\\\/ENS-oiseau-300x225.jpg\\\" class=\\\"wp-post-image   wpgmp_featured_image\\\" ><\\\/div>\",\"post_categories\":\"Ev\\u00e9nements ponctuels\",\"post_tags\":\"\",\"%_encloseme%\":\"1\",\"%_thumbnail_id%\":\"88001\",\"%ville_r%\":\"CENNE-MONESTIES\",\"%_ville_r%\":\"field_5efc3a17e12c5\",\"%cp_r%\":\"11170\",\"%_cp_r%\":\"field_5efc3a47e12ca\",\"%tarifs_r%\":\"\",\"%_tarifs_r%\":\"field_5efc3a22e12c6\",\"%carte_r%\":\" 11170 CENNE-MONESTIES, 43.3338, 2.1171, 14\",\"%_carte_r%\":\"field_5efc4ed05494a\",\"%labels_r%\":\"\",\"%_labels_r%\":\"field_5f3a47134470d\",\"%handicap_r%\":\"\",\"%_handicap_r%\":\"field_5f3a471a4470e\",\"%offres_promotionnelles_r%\":\"\",\"%_offres_promotionnelles_r%\":\"field_5f3a472d4470f\",\"%telephone_r%\":\" Port : +33 6 31 77 00 34\",\"%_telephone_r%\":\"field_5efc3a39e12c8\",\"%email_r%\":\"\",\"%_email_r%\":\"field_5efc3a40e12c9\",\"%idunique_r%\":\"FMALAR011V515URY\",\"%_idunique_r%\":\"field_5f04335c562b3\",\"%site_r%\":\"\",\"%_site_r%\":\"field_5efc4d652a106\",\"%_date_evenement_r%\":\"field_5f0348f37d5bd\",\"%_date_evenement_fin_r%\":\"field_5f3a4540d0781\",\"%horaires_evenement_r%\":\"14:00 \\\/ 17:00\",\"%_horaires_evenement_r%\":\"field_5f3a4550d0782\",\"%type_r%\":\"Randonn\\u00e9e, balade\",\"%_type_r%\":\"field_5f057b5365cd7\",\"%classification_r%\":\"\",\"%_classification_r%\":\"field_5f3a3af81a328\",\"%classement_prefectoral_r%\":\"\",\"%_classement_prefectoral_r%\":\"field_5f3a473444710\",\"%datetri_r%\":\"1746230400\",\"%_datetri_r%\":\"field_5f3a8a82002b1\",\"%langage_r%\":\"FR\",\"%_langage_r%\":\"field_5f3be5649f374\",\"%_wpgmp_location_address%\":\" 11170 CENNE-MONESTIES\",\"%_wpgmp_location_city%\":\"CENNE-MONESTIES\",\"%_wpgmp_location_state%\":\"\",\"%_wpgmp_location_country%\":\"France\",\"%_wpgmp_metabox_marker_id%\":\"a:1:{i:0;i:8;}\",\"%_wpgmp_map_id%\":\"a:1:{i:0;i:21;}\",\"%_wpgmp_metabox_latitude%\":\"43.3338\",\"%_wpgmp_metabox_longitude%\":\"2.1171\",\"%_wpgmp_metabox_location_redirect%\":\"post\",\"%_wpgmp_metabox_custom_link%\":\"\",\"%_wpgmp_metabox_taxomomies_terms%\":\"N;\",\"%_wpgmp_extensions_fields%\":\"N;\",\"%_wpml_word_count%\":\"85\",\"%galerie_image_r%\":\"88001\",\"%_galerie_image_r%\":\"field_5f3bd339f8130\",\"%_elementor_page_assets%\":\"\",\"taxonomy=category\":\"Ev\\u00e9nements ponctuels\",\"taxonomy=post_tag\":\"\",\"taxonomy=post_format\":\"\",\"taxonomy=translation_priority\":\"Opcional\"},\"icon\":\"https:\\\/\\\/collinescathares.com\\\/wp-content\\\/uploads\\\/2020\\\/07\\\/pointeur_vert.svg\"},\"id\":252509,\"custom_filters\":{\"type_r\":\"Randonn\\u00e9e, balade\",\"datetri_r\":\"1746230400\"},\"infowindow_disable\":false,\"categories\":[{\"icon\":\"https:\\\/\\\/collinescathares.com\\\/wp-content\\\/uploads\\\/2020\\\/07\\\/pointeur_vert.svg\",\"name\":\"Ev\\u00e9nements ponctuels\",\"id\":\"8\",\"type\":\"category\"}]},{\"source\":\"post\",\"title\":\"ENS &#8211; QUEL BEL ENDROIT\",\"infowindow_content\":\"<div class=\\\"fc-main\\\"><div class=\\\"fc-item-title\\\">ENS &#8211; QUEL BEL ENDROIT <span class=\\\"fc-badge info\\\">Ev\\u00e9nements ponctuels<\\\/span><\\\/div> <div class=\\\"fc-item-featured_image\\\"><div class=\\\"fc-feature-img\\\"><img alt=\\\"ENS &#8211; QUEL BEL ENDROIT\\\" width=\\\"300\\\" height=\\\"225\\\" src=\\\"https:\\\/\\\/collinescathares.com\\\/wp-content\\\/uploads\\\/2022\\\/03\\\/ENS-fleur-300x225.jpg\\\" class=\\\"wp-post-image   wpgmp_featured_image\\\" ><\\\/div> <\\\/div>4 km \\\/ Facile \\\/ + 8 ans Rendez-vous devant l&#8217;office de tourisme. Des belles plantes sauvages nous attendent pour une balade botanique dans ce lieu rempli d&#8217;histoires, avec une magnifique vue panoramique. R\\u00e9servation obligatoire par t\\u00e9l\\u00e9phone. 20 pers. max. Mat\\u00e9riel d&#8217;observation fourni.<address><b>Adresse : <\\\/b>{marker_address}<\\\/address><a class=\\\"fc-btn fc-btn-small fc-btn-red\\\" href=\\\"https:\\\/\\\/collinescathares.com\\\/es\\\/evenements-ponctuels\\\/ens-quel-bel-endroit\\\/\\\">En savoir plus<\\\/a><\\\/div>\",\"content\":\"4 km \\\/ Facile \\\/ + 8 ans Rendez-vous devant l&#8217;office de tourisme. Des belles plantes sauvages nous attendent pour une balade botanique dans ce lieu rempli d&#8217;histoires, avec une magnifique vue panoramique. R\\u00e9servation obligatoire par t\\u00e9l\\u00e9phone. 20 pers. max. Mat\\u00e9riel d&#8217;observation fourni.\",\"address\":\" 11270 FANJEAUX\",\"location\":{\"lat\":\"43.1855\",\"city\":\"FANJEAUX\",\"country\":\"France\",\"lng\":\"2.0340\",\"onclick_action\":\"post\",\"redirect_permalink\":\"https:\\\/\\\/collinescathares.com\\\/es\\\/evenements-ponctuels\\\/ens-quel-bel-endroit\\\/\",\"zoom\":10,\"extra_fields\":{\"%date_evenement_r%\":\"17 Mai 2025\",\"%date_evenement_fin_r%\":\"17 Mai 2025\",\"post_excerpt\":\"4 km \\\/ Facile \\\/ + 8 ans Rendez-vous devant l&#8217;office de tourisme. Des belles plantes sauvages nous attendent pour une balade botanique dans ce lieu rempli d&#8217;histoires, avec une magnifique vue panoramique. R\\u00e9servation obligatoire par t\\u00e9l\\u00e9phone. 20 pers. max. Mat\\u00e9riel d&#8217;observation fourni.\",\"post_content\":\"4 km \\\/ Facile \\\/ + 8 ans\\nRendez-vous devant l'office de tourisme.\\nDes belles plantes sauvages nous attendent pour une balade botanique dans ce lieu rempli d'histoires, avec une magnifique vue panoramique.\\nR\\u00e9servation obligatoire par t\\u00e9l\\u00e9phone. 20 pers. max. Mat\\u00e9riel d'observation fourni.\\n\",\"post_title\":\"ENS &#8211; QUEL BEL ENDROIT\",\"post_link\":\"https:\\\/\\\/collinescathares.com\\\/es\\\/evenements-ponctuels\\\/ens-quel-bel-endroit\\\/\",\"post_featured_image\":\"<div class=\\\"fc-feature-img\\\"><img alt=\\\"ENS &#8211; QUEL BEL ENDROIT\\\" width=\\\"300\\\" height=\\\"225\\\" src=\\\"https:\\\/\\\/collinescathares.com\\\/wp-content\\\/uploads\\\/2022\\\/03\\\/ENS-fleur-300x225.jpg\\\" class=\\\"wp-post-image   wpgmp_featured_image\\\" ><\\\/div>\",\"post_categories\":\"Ev\\u00e9nements ponctuels\",\"post_tags\":\"\",\"%_encloseme%\":\"1\",\"%_thumbnail_id%\":\"159920\",\"%ville_r%\":\"FANJEAUX\",\"%_ville_r%\":\"field_5efc3a17e12c5\",\"%cp_r%\":\"11270\",\"%_cp_r%\":\"field_5efc3a47e12ca\",\"%tarifs_r%\":\"\",\"%_tarifs_r%\":\"field_5efc3a22e12c6\",\"%carte_r%\":\" 11270 FANJEAUX, 43.1855, 2.0340, 14\",\"%_carte_r%\":\"field_5efc4ed05494a\",\"%labels_r%\":\"\",\"%_labels_r%\":\"field_5f3a47134470d\",\"%handicap_r%\":\"\",\"%_handicap_r%\":\"field_5f3a471a4470e\",\"%offres_promotionnelles_r%\":\"\",\"%_offres_promotionnelles_r%\":\"field_5f3a472d4470f\",\"%telephone_r%\":\" Port : +33 6 02 29 95 86\",\"%_telephone_r%\":\"field_5efc3a39e12c8\",\"%email_r%\":\"\",\"%_email_r%\":\"field_5efc3a40e12c9\",\"%idunique_r%\":\"FMALAR011V515W7H\",\"%_idunique_r%\":\"field_5f04335c562b3\",\"%site_r%\":\"\",\"%_site_r%\":\"field_5efc4d652a106\",\"%_date_evenement_r%\":\"field_5f0348f37d5bd\",\"%_date_evenement_fin_r%\":\"field_5f3a4540d0781\",\"%horaires_evenement_r%\":\"14:00 \\\/ 17:00\",\"%_horaires_evenement_r%\":\"field_5f3a4550d0782\",\"%type_r%\":\"Randonn\\u00e9e, balade\",\"%_type_r%\":\"field_5f057b5365cd7\",\"%classification_r%\":\"\",\"%_classification_r%\":\"field_5f3a3af81a328\",\"%classement_prefectoral_r%\":\"\",\"%_classement_prefectoral_r%\":\"field_5f3a473444710\",\"%datetri_r%\":\"1747440000\",\"%_datetri_r%\":\"field_5f3a8a82002b1\",\"%langage_r%\":\"FR\",\"%_langage_r%\":\"field_5f3be5649f374\",\"%_wpgmp_location_address%\":\" 11270 FANJEAUX\",\"%_wpgmp_location_city%\":\"FANJEAUX\",\"%_wpgmp_location_state%\":\"\",\"%_wpgmp_location_country%\":\"France\",\"%_wpgmp_metabox_marker_id%\":\"a:1:{i:0;i:8;}\",\"%_wpgmp_map_id%\":\"a:1:{i:0;i:21;}\",\"%_wpgmp_metabox_latitude%\":\"43.1855\",\"%_wpgmp_metabox_longitude%\":\"2.0340\",\"%_wpgmp_metabox_location_redirect%\":\"post\",\"%_wpgmp_metabox_custom_link%\":\"\",\"%_wpgmp_metabox_taxomomies_terms%\":\"N;\",\"%_wpgmp_extensions_fields%\":\"N;\",\"%_wpml_word_count%\":\"53\",\"%galerie_image_r%\":\"159920\",\"%_galerie_image_r%\":\"field_5f3bd339f8130\",\"taxonomy=category\":\"Ev\\u00e9nements ponctuels\",\"taxonomy=post_tag\":\"\",\"taxonomy=post_format\":\"\",\"taxonomy=translation_priority\":\"Opcional\"},\"icon\":\"https:\\\/\\\/collinescathares.com\\\/wp-content\\\/uploads\\\/2020\\\/07\\\/pointeur_vert.svg\"},\"id\":252511,\"custom_filters\":{\"type_r\":\"Randonn\\u00e9e, balade\",\"datetri_r\":\"1747440000\"},\"infowindow_disable\":false,\"categories\":[{\"icon\":\"https:\\\/\\\/collinescathares.com\\\/wp-content\\\/uploads\\\/2020\\\/07\\\/pointeur_vert.svg\",\"name\":\"Ev\\u00e9nements ponctuels\",\"id\":\"8\",\"type\":\"category\"}]},{\"source\":\"post\",\"title\":\"VIDE-GRENIERS \\u00c0 BR\\u00c9ZILHAC\",\"infowindow_content\":\"<div class=\\\"fc-main\\\"><div class=\\\"fc-item-title\\\">VIDE-GRENIERS \\u00c0 BR\\u00c9ZILHAC <span class=\\\"fc-badge info\\\">Ev\\u00e9nements ponctuels<\\\/span><\\\/div> <div class=\\\"fc-item-featured_image\\\"><div class=\\\"fc-feature-img\\\"><img alt=\\\"VIDE-GRENIERS \\u00c0 BR\\u00c9ZILHAC\\\" width=\\\"300\\\" height=\\\"225\\\" src=\\\"https:\\\/\\\/collinescathares.com\\\/wp-content\\\/uploads\\\/2025\\\/03\\\/Design-sans-titre-12-3-300x225.jpg\\\" class=\\\"wp-post-image   wpgmp_featured_image\\\" ><\\\/div> <\\\/div>Vide-grenier \\u00e0 Br\\u00e9zilhac le Dimanche 13 Avril 2025 de 8h \\u00e0 17h organis\\u00e9 par l&#8217;association &#8220;Les intr\\u00e9pides th\\u00e9\\u00e2tres amateurs&#8221; ! R\\u00e9serv\\u00e9 aux particuliers. Ouverture exposants \\u00e0 7h. 2\\u20ac les 2 m\\u00e8tres. Renseignements et inscriptions : 06.59.65.24.29 (\\u00e0 partir de 17h30). Buvette et restauration sur place assur\\u00e9es par la brasserie F\\u00fbte-F\\u00fbte et le food-truck &#8220;chez Tikettak&#8221;.<address><b>Adresse : <\\\/b>{marker_address}<\\\/address><a class=\\\"fc-btn fc-btn-small fc-btn-red\\\" href=\\\"https:\\\/\\\/collinescathares.com\\\/es\\\/evenements-ponctuels\\\/vide-greniers-a-brezilhac\\\/\\\">En savoir plus<\\\/a><\\\/div>\",\"content\":\"Vide-grenier \\u00e0 Br\\u00e9zilhac le Dimanche 13 Avril 2025 de 8h \\u00e0 17h organis\\u00e9 par l&#8217;association &#8220;Les intr\\u00e9pides th\\u00e9\\u00e2tres amateurs&#8221; ! R\\u00e9serv\\u00e9 aux particuliers. Ouverture exposants \\u00e0 7h. 2\\u20ac les 2 m\\u00e8tres. Renseignements et inscriptions : 06.59.65.24.29 (\\u00e0 partir de 17h30). Buvette et restauration sur place assur\\u00e9es par la brasserie F\\u00fbte-F\\u00fbte et le food-truck &#8220;chez Tikettak&#8221;.\",\"address\":\" 11270 BREZILHAC\",\"location\":{\"lat\":\"43.1682700\",\"city\":\"BREZILHAC\",\"country\":\"France\",\"lng\":\"2.07914131\",\"onclick_action\":\"post\",\"redirect_permalink\":\"https:\\\/\\\/collinescathares.com\\\/es\\\/evenements-ponctuels\\\/vide-greniers-a-brezilhac\\\/\",\"zoom\":10,\"extra_fields\":{\"%date_evenement_r%\":\"13 Avril 2025\",\"%date_evenement_fin_r%\":\"13 Avril 2025\",\"post_excerpt\":\"Vide-grenier \\u00e0 Br\\u00e9zilhac le Dimanche 13 Avril 2025 de 8h \\u00e0 17h organis\\u00e9 par l&#8217;association &#8220;Les intr\\u00e9pides th\\u00e9\\u00e2tres amateurs&#8221; ! R\\u00e9serv\\u00e9 aux particuliers. Ouverture exposants \\u00e0 7h. 2\\u20ac les 2 m\\u00e8tres. Renseignements et inscriptions : 06.59.65.24.29 (\\u00e0 partir de 17h30). Buvette et restauration sur place assur\\u00e9es par la brasserie F\\u00fbte-F\\u00fbte et le food-truck &#8220;chez Tikettak&#8221;.\",\"post_content\":\"Vide-grenier \\u00e0 Br\\u00e9zilhac le Dimanche 13 Avril 2025 de 8h \\u00e0 17h organis\\u00e9 par l'association \\\"Les intr\\u00e9pides th\\u00e9\\u00e2tres amateurs\\\" !\\n\\nR\\u00e9serv\\u00e9 aux particuliers.\\nOuverture exposants \\u00e0 7h.\\n2\\u20ac les 2 m\\u00e8tres.\\nRenseignements et inscriptions : 06.59.65.24.29 (\\u00e0 partir de 17h30).\\n\\nBuvette et restauration sur place assur\\u00e9es par la brasserie F\\u00fbte-F\\u00fbte et le food-truck \\\"chez Tikettak\\\".\\n\",\"post_title\":\"VIDE-GRENIERS \\u00c0 BR\\u00c9ZILHAC\",\"post_link\":\"https:\\\/\\\/collinescathares.com\\\/es\\\/evenements-ponctuels\\\/vide-greniers-a-brezilhac\\\/\",\"post_featured_image\":\"<div class=\\\"fc-feature-img\\\"><img alt=\\\"VIDE-GRENIERS \\u00c0 BR\\u00c9ZILHAC\\\" width=\\\"300\\\" height=\\\"225\\\" src=\\\"https:\\\/\\\/collinescathares.com\\\/wp-content\\\/uploads\\\/2025\\\/03\\\/Design-sans-titre-12-3-300x225.jpg\\\" class=\\\"wp-post-image   wpgmp_featured_image\\\" ><\\\/div>\",\"post_categories\":\"Ev\\u00e9nements ponctuels\",\"post_tags\":\"\",\"%_encloseme%\":\"1\",\"%_thumbnail_id%\":\"251930\",\"%ville_r%\":\"BREZILHAC\",\"%_ville_r%\":\"field_5efc3a17e12c5\",\"%cp_r%\":\"11270\",\"%_cp_r%\":\"field_5efc3a47e12ca\",\"%tarifs_r%\":\"\",\"%_tarifs_r%\":\"field_5efc3a22e12c6\",\"%carte_r%\":\" 11270 BREZILHAC, 43.1682700, 2.07914131, 14\",\"%_carte_r%\":\"field_5efc4ed05494a\",\"%labels_r%\":\"\",\"%_labels_r%\":\"field_5f3a47134470d\",\"%handicap_r%\":\"\",\"%_handicap_r%\":\"field_5f3a471a4470e\",\"%offres_promotionnelles_r%\":\"\",\"%_offres_promotionnelles_r%\":\"field_5f3a472d4470f\",\"%telephone_r%\":\" Port : +33 6 59 65 24 29\",\"%_telephone_r%\":\"field_5efc3a39e12c8\",\"%email_r%\":\"\",\"%_email_r%\":\"field_5efc3a40e12c9\",\"%idunique_r%\":\"FMALAR011V515TJ1\",\"%_idunique_r%\":\"field_5f04335c562b3\",\"%site_r%\":\"\",\"%_site_r%\":\"field_5efc4d652a106\",\"%_date_evenement_r%\":\"field_5f0348f37d5bd\",\"%_date_evenement_fin_r%\":\"field_5f3a4540d0781\",\"%horaires_evenement_r%\":\"08:00 \\\/ 17:00\",\"%_horaires_evenement_r%\":\"field_5f3a4550d0782\",\"%type_r%\":\"Vide-grenier\",\"%_type_r%\":\"field_5f057b5365cd7\",\"%classification_r%\":\"\",\"%_classification_r%\":\"field_5f3a3af81a328\",\"%classement_prefectoral_r%\":\"\",\"%_classement_prefectoral_r%\":\"field_5f3a473444710\",\"%datetri_r%\":\"1744502400\",\"%_datetri_r%\":\"field_5f3a8a82002b1\",\"%langage_r%\":\"FR\",\"%_langage_r%\":\"field_5f3be5649f374\",\"%_wpgmp_location_address%\":\" 11270 BREZILHAC\",\"%_wpgmp_location_city%\":\"BREZILHAC\",\"%_wpgmp_location_state%\":\"\",\"%_wpgmp_location_country%\":\"France\",\"%_wpgmp_metabox_marker_id%\":\"a:1:{i:0;i:8;}\",\"%_wpgmp_map_id%\":\"a:1:{i:0;i:21;}\",\"%_wpgmp_metabox_latitude%\":\"43.1682700\",\"%_wpgmp_metabox_longitude%\":\"2.07914131\",\"%_wpgmp_metabox_location_redirect%\":\"post\",\"%_wpgmp_metabox_custom_link%\":\"\",\"%_wpgmp_metabox_taxomomies_terms%\":\"N;\",\"%_wpgmp_extensions_fields%\":\"N;\",\"%_wpml_word_count%\":\"66\",\"%_elementor_page_assets%\":\"\",\"taxonomy=category\":\"Ev\\u00e9nements ponctuels\",\"taxonomy=post_tag\":\"\",\"taxonomy=post_format\":\"\",\"taxonomy=translation_priority\":\"Opcional\"},\"icon\":\"https:\\\/\\\/collinescathares.com\\\/wp-content\\\/uploads\\\/2020\\\/07\\\/pointeur_vert.svg\"},\"id\":252508,\"custom_filters\":{\"type_r\":\"Vide-grenier\",\"datetri_r\":\"1744502400\"},\"infowindow_disable\":false,\"categories\":[{\"icon\":\"https:\\\/\\\/collinescathares.com\\\/wp-content\\\/uploads\\\/2020\\\/07\\\/pointeur_vert.svg\",\"name\":\"Ev\\u00e9nements ponctuels\",\"id\":\"8\",\"type\":\"category\"}]},{\"source\":\"post\",\"title\":\"ATELIER DE D\\u00c9GUSTATION \\u0152NOLOGIQUE &#8211; LE PARFUM DES ANTHOCYANES\",\"infowindow_content\":\"<div class=\\\"fc-main\\\"><div class=\\\"fc-item-title\\\">ATELIER DE D\\u00c9GUSTATION \\u0152NOLOGIQUE &#8211; LE PARFUM DES ANTHOCYANES <span class=\\\"fc-badge info\\\">Ev\\u00e9nements ponctuels<\\\/span><\\\/div> <div class=\\\"fc-item-featured_image\\\"><div class=\\\"fc-feature-img\\\"><img alt=\\\"ATELIER DE D\\u00c9GUSTATION \\u0152NOLOGIQUE &#8211; LE PARFUM DES ANTHOCYANES\\\" width=\\\"300\\\" height=\\\"225\\\" src=\\\"https:\\\/\\\/collinescathares.com\\\/wp-content\\\/uploads\\\/2025\\\/03\\\/ATELIER-DE-DEGUSTATION-OENOLOGIQUE-LE-PARFUM-DES-ANTHOCYANES-300x225.jpg\\\" class=\\\"wp-post-image   wpgmp_featured_image\\\" ><\\\/div> <\\\/div>Venez d\\u00e9velopper vos comp\\u00e9tences \\u0153nologiques et passer un moment agr\\u00e9able au Domaine Le Fort \\u00e0 Montr\\u00e9al dans l\\u2019Aude, pr\\u00e8s de Carcassonne. 3h durant lesquelles vous affinerez vos sens, puis vous appliquerez notre m\\u00e9thode de d\\u00e9gustation sur 6 vins diff\\u00e9rents du Domaine. Cet atelier de d\\u00e9gustation de vin, limit\\u00e9 \\u00e0 10 personnes maximum, est anim\\u00e9 par [&hellip;]<address><b>Adresse : <\\\/b>{marker_address}<\\\/address><a class=\\\"fc-btn fc-btn-small fc-btn-red\\\" href=\\\"https:\\\/\\\/collinescathares.com\\\/es\\\/evenements-ponctuels\\\/atelier-de-degustation-oenologique-le-parfum-des-anthocyanes-9\\\/\\\">En savoir plus<\\\/a><\\\/div>\",\"content\":\"Venez d\\u00e9velopper vos comp\\u00e9tences \\u0153nologiques et passer un moment agr\\u00e9able au Domaine Le Fort \\u00e0 Montr\\u00e9al dans l\\u2019Aude, pr\\u00e8s de Carcassonne. 3h durant lesquelles vous affinerez vos sens, puis vous appliquerez notre m\\u00e9thode de d\\u00e9gustation sur 6 vins diff\\u00e9rents du Domaine. Cet atelier de d\\u00e9gustation de vin, limit\\u00e9 \\u00e0 10 personnes maximum, est anim\\u00e9 par [&hellip;]\",\"address\":\"Le Fort 11290 MONTREAL\",\"location\":{\"lat\":\"43.2006356\",\"city\":\"MONTREAL\",\"country\":\"France\",\"lng\":\"2.11135886\",\"onclick_action\":\"post\",\"redirect_permalink\":\"https:\\\/\\\/collinescathares.com\\\/es\\\/evenements-ponctuels\\\/atelier-de-degustation-oenologique-le-parfum-des-anthocyanes-9\\\/\",\"zoom\":10,\"extra_fields\":{\"%date_evenement_r%\":\"14 D\\u00e9cembre 2025\",\"%date_evenement_fin_r%\":\"14 D\\u00e9cembre 2025\",\"post_excerpt\":\"Venez d\\u00e9velopper vos comp\\u00e9tences \\u0153nologiques et passer un moment agr\\u00e9able au Domaine Le Fort \\u00e0 Montr\\u00e9al dans l\\u2019Aude, pr\\u00e8s de Carcassonne. 3h durant lesquelles vous affinerez vos sens, puis vous appliquerez notre m\\u00e9thode de d\\u00e9gustation sur 6 vins diff\\u00e9rents du Domaine. Cet atelier de d\\u00e9gustation de vin, limit\\u00e9 \\u00e0 10 personnes maximum, est anim\\u00e9 par [&hellip;]\",\"post_content\":\"Venez d\\u00e9velopper vos comp\\u00e9tences \\u0153nologiques et passer un moment agr\\u00e9able au Domaine Le Fort \\u00e0 Montr\\u00e9al dans l\\u2019Aude, pr\\u00e8s de Carcassonne.\\n\\n3h durant lesquelles vous affinerez vos sens, puis vous appliquerez notre m\\u00e9thode de d\\u00e9gustation sur 6 vins diff\\u00e9rents du Domaine.\\n\\nCet atelier de d\\u00e9gustation de vin, limit\\u00e9 \\u00e0 10 personnes maximum, est anim\\u00e9 par St\\u00e9phanie, \\u0153nologue et vigneronne depuis plus de 25 ans.\\n\\nTarifs D\\u00e9gressifs :\\nPour 1 personne : 70\\u20ac\\nEntre 2 et 4 personnes : 65\\u20ac par personne\\nEntre 5 et 9 personnes : 60\\u20ac par personne\\nPour 10 personnes : 55\\u20ac par personne\",\"post_title\":\"ATELIER DE D\\u00c9GUSTATION \\u0152NOLOGIQUE &#8211; LE PARFUM DES ANTHOCYANES\",\"post_link\":\"https:\\\/\\\/collinescathares.com\\\/es\\\/evenements-ponctuels\\\/atelier-de-degustation-oenologique-le-parfum-des-anthocyanes-9\\\/\",\"post_featured_image\":\"<div class=\\\"fc-feature-img\\\"><img alt=\\\"ATELIER DE D\\u00c9GUSTATION \\u0152NOLOGIQUE &#8211; LE PARFUM DES ANTHOCYANES\\\" width=\\\"300\\\" height=\\\"225\\\" src=\\\"https:\\\/\\\/collinescathares.com\\\/wp-content\\\/uploads\\\/2025\\\/03\\\/ATELIER-DE-DEGUSTATION-OENOLOGIQUE-LE-PARFUM-DES-ANTHOCYANES-300x225.jpg\\\" class=\\\"wp-post-image   wpgmp_featured_image\\\" ><\\\/div>\",\"post_categories\":\"Ev\\u00e9nements ponctuels\",\"post_tags\":\"\",\"%_encloseme%\":\"1\",\"%_thumbnail_id%\":\"251893\",\"%ville_r%\":\"MONTREAL\",\"%_ville_r%\":\"field_5efc3a17e12c5\",\"%cp_r%\":\"11290\",\"%_cp_r%\":\"field_5efc3a47e12ca\",\"%tarifs_r%\":\"\",\"%_tarifs_r%\":\"field_5efc3a22e12c6\",\"%adresse_r%\":\"Le Fort\",\"%_adresse_r%\":\"field_5efc3a2ee12c7\",\"%carte_r%\":\"Le Fort 11290 MONTREAL, 43.2006356, 2.11135886, 14\",\"%_carte_r%\":\"field_5efc4ed05494a\",\"%labels_r%\":\"\",\"%_labels_r%\":\"field_5f3a47134470d\",\"%handicap_r%\":\"\",\"%_handicap_r%\":\"field_5f3a471a4470e\",\"%offres_promotionnelles_r%\":\"\",\"%_offres_promotionnelles_r%\":\"field_5f3a472d4470f\",\"%telephone_r%\":\"\",\"%_telephone_r%\":\"field_5efc3a39e12c8\",\"%email_r%\":\"\",\"%_email_r%\":\"field_5efc3a40e12c9\",\"%idunique_r%\":\"FMALAR011V515RZ6\",\"%_idunique_r%\":\"field_5f04335c562b3\",\"%site_r%\":\"https:\\\/\\\/leparfumdesanthocyanes.fr\\\/reserver-un-atelier\",\"%_site_r%\":\"field_5efc4d652a106\",\"%_date_evenement_r%\":\"field_5f0348f37d5bd\",\"%_date_evenement_fin_r%\":\"field_5f3a4540d0781\",\"%horaires_evenement_r%\":\"15:00 \\\/ 18:00\",\"%_horaires_evenement_r%\":\"field_5f3a4550d0782\",\"%type_r%\":\"Stage \\\/ Atelier\",\"%_type_r%\":\"field_5f057b5365cd7\",\"%classification_r%\":\"\",\"%_classification_r%\":\"field_5f3a3af81a328\",\"%classement_prefectoral_r%\":\"\",\"%_classement_prefectoral_r%\":\"field_5f3a473444710\",\"%datetri_r%\":\"1765670400\",\"%_datetri_r%\":\"field_5f3a8a82002b1\",\"%langage_r%\":\"FR\",\"%_langage_r%\":\"field_5f3be5649f374\",\"%_wpgmp_location_address%\":\"Le Fort 11290 MONTREAL\",\"%_wpgmp_location_city%\":\"MONTREAL\",\"%_wpgmp_location_state%\":\"\",\"%_wpgmp_location_country%\":\"France\",\"%_wpgmp_metabox_marker_id%\":\"a:1:{i:0;i:8;}\",\"%_wpgmp_map_id%\":\"a:1:{i:0;i:21;}\",\"%_wpgmp_metabox_latitude%\":\"43.2006356\",\"%_wpgmp_metabox_longitude%\":\"2.11135886\",\"%_wpgmp_metabox_location_redirect%\":\"post\",\"%_wpgmp_metabox_custom_link%\":\"\",\"%_wpgmp_metabox_taxomomies_terms%\":\"N;\",\"%_wpgmp_extensions_fields%\":\"N;\",\"%_wpml_word_count%\":\"107\",\"%galerie_image_r%\":\"251893\",\"%_galerie_image_r%\":\"field_5f3bd339f8130\",\"taxonomy=category\":\"Ev\\u00e9nements ponctuels\",\"taxonomy=post_tag\":\"\",\"taxonomy=post_format\":\"\",\"taxonomy=translation_priority\":\"Opcional\"},\"icon\":\"https:\\\/\\\/collinescathares.com\\\/wp-content\\\/uploads\\\/2020\\\/07\\\/pointeur_vert.svg\"},\"id\":252505,\"custom_filters\":{\"type_r\":\"Stage \\\/ Atelier\",\"datetri_r\":\"1765670400\"},\"infowindow_disable\":false,\"categories\":[{\"icon\":\"https:\\\/\\\/collinescathares.com\\\/wp-content\\\/uploads\\\/2020\\\/07\\\/pointeur_vert.svg\",\"name\":\"Ev\\u00e9nements ponctuels\",\"id\":\"8\",\"type\":\"category\"}]},{\"source\":\"post\",\"title\":\"ATELIER DE D\\u00c9GUSTATION \\u0152NOLOGIQUE &#8211; LE PARFUM DES ANTHOCYANES\",\"infowindow_content\":\"<div class=\\\"fc-main\\\"><div class=\\\"fc-item-title\\\">ATELIER DE D\\u00c9GUSTATION \\u0152NOLOGIQUE &#8211; LE PARFUM DES ANTHOCYANES <span class=\\\"fc-badge info\\\">Ev\\u00e9nements ponctuels<\\\/span><\\\/div> <div class=\\\"fc-item-featured_image\\\"><div class=\\\"fc-feature-img\\\"><img alt=\\\"ATELIER DE D\\u00c9GUSTATION \\u0152NOLOGIQUE &#8211; LE PARFUM DES ANTHOCYANES\\\" width=\\\"300\\\" height=\\\"225\\\" src=\\\"https:\\\/\\\/collinescathares.com\\\/wp-content\\\/uploads\\\/2025\\\/03\\\/ATELIER-DE-DEGUSTATION-OENOLOGIQUE-LE-PARFUM-DES-ANTHOCYANES-300x225.jpg\\\" class=\\\"wp-post-image   wpgmp_featured_image\\\" ><\\\/div> <\\\/div>Venez d\\u00e9velopper vos comp\\u00e9tences \\u0153nologiques et passer un moment agr\\u00e9able au Domaine Le Fort \\u00e0 Montr\\u00e9al dans l\\u2019Aude, pr\\u00e8s de Carcassonne. 3h durant lesquelles vous affinerez vos sens, puis vous appliquerez notre m\\u00e9thode de d\\u00e9gustation sur 6 vins diff\\u00e9rents du Domaine. Cet atelier de d\\u00e9gustation de vin, limit\\u00e9 \\u00e0 10 personnes maximum, est anim\\u00e9 par [&hellip;]<address><b>Adresse : <\\\/b>{marker_address}<\\\/address><a class=\\\"fc-btn fc-btn-small fc-btn-red\\\" href=\\\"https:\\\/\\\/collinescathares.com\\\/es\\\/evenements-ponctuels\\\/atelier-de-degustation-oenologique-le-parfum-des-anthocyanes-8\\\/\\\">En savoir plus<\\\/a><\\\/div>\",\"content\":\"Venez d\\u00e9velopper vos comp\\u00e9tences \\u0153nologiques et passer un moment agr\\u00e9able au Domaine Le Fort \\u00e0 Montr\\u00e9al dans l\\u2019Aude, pr\\u00e8s de Carcassonne. 3h durant lesquelles vous affinerez vos sens, puis vous appliquerez notre m\\u00e9thode de d\\u00e9gustation sur 6 vins diff\\u00e9rents du Domaine. Cet atelier de d\\u00e9gustation de vin, limit\\u00e9 \\u00e0 10 personnes maximum, est anim\\u00e9 par [&hellip;]\",\"address\":\"Le Fort 11290 MONTREAL\",\"location\":{\"lat\":\"43.2006356\",\"city\":\"MONTREAL\",\"country\":\"France\",\"lng\":\"2.11135886\",\"onclick_action\":\"post\",\"redirect_permalink\":\"https:\\\/\\\/collinescathares.com\\\/es\\\/evenements-ponctuels\\\/atelier-de-degustation-oenologique-le-parfum-des-anthocyanes-8\\\/\",\"zoom\":10,\"extra_fields\":{\"%date_evenement_r%\":\"30 Novembre 2025\",\"%date_evenement_fin_r%\":\"30 Novembre 2025\",\"post_excerpt\":\"Venez d\\u00e9velopper vos comp\\u00e9tences \\u0153nologiques et passer un moment agr\\u00e9able au Domaine Le Fort \\u00e0 Montr\\u00e9al dans l\\u2019Aude, pr\\u00e8s de Carcassonne. 3h durant lesquelles vous affinerez vos sens, puis vous appliquerez notre m\\u00e9thode de d\\u00e9gustation sur 6 vins diff\\u00e9rents du Domaine. Cet atelier de d\\u00e9gustation de vin, limit\\u00e9 \\u00e0 10 personnes maximum, est anim\\u00e9 par [&hellip;]\",\"post_content\":\"Venez d\\u00e9velopper vos comp\\u00e9tences \\u0153nologiques et passer un moment agr\\u00e9able au Domaine Le Fort \\u00e0 Montr\\u00e9al dans l\\u2019Aude, pr\\u00e8s de Carcassonne.\\n\\n3h durant lesquelles vous affinerez vos sens, puis vous appliquerez notre m\\u00e9thode de d\\u00e9gustation sur 6 vins diff\\u00e9rents du Domaine.\\n\\nCet atelier de d\\u00e9gustation de vin, limit\\u00e9 \\u00e0 10 personnes maximum, est anim\\u00e9 par St\\u00e9phanie, \\u0153nologue et vigneronne depuis plus de 25 ans.\\n\\nTarifs D\\u00e9gressifs :\\nPour 1 personne : 70\\u20ac\\nEntre 2 et 4 personnes : 65\\u20ac par personne\\nEntre 5 et 9 personnes : 60\\u20ac par personne\\nPour 10 personnes : 55\\u20ac par personne\",\"post_title\":\"ATELIER DE D\\u00c9GUSTATION \\u0152NOLOGIQUE &#8211; LE PARFUM DES ANTHOCYANES\",\"post_link\":\"https:\\\/\\\/collinescathares.com\\\/es\\\/evenements-ponctuels\\\/atelier-de-degustation-oenologique-le-parfum-des-anthocyanes-8\\\/\",\"post_featured_image\":\"<div class=\\\"fc-feature-img\\\"><img alt=\\\"ATELIER DE D\\u00c9GUSTATION \\u0152NOLOGIQUE &#8211; LE PARFUM DES ANTHOCYANES\\\" width=\\\"300\\\" height=\\\"225\\\" src=\\\"https:\\\/\\\/collinescathares.com\\\/wp-content\\\/uploads\\\/2025\\\/03\\\/ATELIER-DE-DEGUSTATION-OENOLOGIQUE-LE-PARFUM-DES-ANTHOCYANES-300x225.jpg\\\" class=\\\"wp-post-image   wpgmp_featured_image\\\" ><\\\/div>\",\"post_categories\":\"Ev\\u00e9nements ponctuels\",\"post_tags\":\"\",\"%_encloseme%\":\"1\",\"%_thumbnail_id%\":\"251893\",\"%ville_r%\":\"MONTREAL\",\"%_ville_r%\":\"field_5efc3a17e12c5\",\"%cp_r%\":\"11290\",\"%_cp_r%\":\"field_5efc3a47e12ca\",\"%tarifs_r%\":\"\",\"%_tarifs_r%\":\"field_5efc3a22e12c6\",\"%adresse_r%\":\"Le Fort\",\"%_adresse_r%\":\"field_5efc3a2ee12c7\",\"%carte_r%\":\"Le Fort 11290 MONTREAL, 43.2006356, 2.11135886, 14\",\"%_carte_r%\":\"field_5efc4ed05494a\",\"%labels_r%\":\"\",\"%_labels_r%\":\"field_5f3a47134470d\",\"%handicap_r%\":\"\",\"%_handicap_r%\":\"field_5f3a471a4470e\",\"%offres_promotionnelles_r%\":\"\",\"%_offres_promotionnelles_r%\":\"field_5f3a472d4470f\",\"%telephone_r%\":\"\",\"%_telephone_r%\":\"field_5efc3a39e12c8\",\"%email_r%\":\"\",\"%_email_r%\":\"field_5efc3a40e12c9\",\"%idunique_r%\":\"FMALAR011V515RZ5\",\"%_idunique_r%\":\"field_5f04335c562b3\",\"%site_r%\":\"https:\\\/\\\/leparfumdesanthocyanes.fr\\\/reserver-un-atelier\",\"%_site_r%\":\"field_5efc4d652a106\",\"%_date_evenement_r%\":\"field_5f0348f37d5bd\",\"%_date_evenement_fin_r%\":\"field_5f3a4540d0781\",\"%horaires_evenement_r%\":\"15:00 \\\/ 18:00\",\"%_horaires_evenement_r%\":\"field_5f3a4550d0782\",\"%type_r%\":\"Stage \\\/ Atelier\",\"%_type_r%\":\"field_5f057b5365cd7\",\"%classification_r%\":\"\",\"%_classification_r%\":\"field_5f3a3af81a328\",\"%classement_prefectoral_r%\":\"\",\"%_classement_prefectoral_r%\":\"field_5f3a473444710\",\"%datetri_r%\":\"1764460800\",\"%_datetri_r%\":\"field_5f3a8a82002b1\",\"%langage_r%\":\"FR\",\"%_langage_r%\":\"field_5f3be5649f374\",\"%_wpgmp_location_address%\":\"Le Fort 11290 MONTREAL\",\"%_wpgmp_location_city%\":\"MONTREAL\",\"%_wpgmp_location_state%\":\"\",\"%_wpgmp_location_country%\":\"France\",\"%_wpgmp_metabox_marker_id%\":\"a:1:{i:0;i:8;}\",\"%_wpgmp_map_id%\":\"a:1:{i:0;i:21;}\",\"%_wpgmp_metabox_latitude%\":\"43.2006356\",\"%_wpgmp_metabox_longitude%\":\"2.11135886\",\"%_wpgmp_metabox_location_redirect%\":\"post\",\"%_wpgmp_metabox_custom_link%\":\"\",\"%_wpgmp_metabox_taxomomies_terms%\":\"N;\",\"%_wpgmp_extensions_fields%\":\"N;\",\"%_wpml_word_count%\":\"107\",\"%galerie_image_r%\":\"251893\",\"%_galerie_image_r%\":\"field_5f3bd339f8130\",\"%_elementor_page_assets%\":\"\",\"taxonomy=category\":\"Ev\\u00e9nements ponctuels\",\"taxonomy=post_tag\":\"\",\"taxonomy=post_format\":\"\",\"taxonomy=translation_priority\":\"Opcional\"},\"icon\":\"https:\\\/\\\/collinescathares.com\\\/wp-content\\\/uploads\\\/2020\\\/07\\\/pointeur_vert.svg\"},\"id\":252503,\"custom_filters\":{\"type_r\":\"Stage \\\/ Atelier\",\"datetri_r\":\"1764460800\"},\"infowindow_disable\":false,\"categories\":[{\"icon\":\"https:\\\/\\\/collinescathares.com\\\/wp-content\\\/uploads\\\/2020\\\/07\\\/pointeur_vert.svg\",\"name\":\"Ev\\u00e9nements ponctuels\",\"id\":\"8\",\"type\":\"category\"}]},{\"source\":\"post\",\"title\":\"ATELIER DE D\\u00c9GUSTATION \\u0152NOLOGIQUE &#8211; LE PARFUM DES ANTHOCYANES\",\"infowindow_content\":\"<div class=\\\"fc-main\\\"><div class=\\\"fc-item-title\\\">ATELIER DE D\\u00c9GUSTATION \\u0152NOLOGIQUE &#8211; LE PARFUM DES ANTHOCYANES <span class=\\\"fc-badge info\\\">Ev\\u00e9nements ponctuels<\\\/span><\\\/div> <div class=\\\"fc-item-featured_image\\\"><div class=\\\"fc-feature-img\\\"><img alt=\\\"ATELIER DE D\\u00c9GUSTATION \\u0152NOLOGIQUE &#8211; LE PARFUM DES ANTHOCYANES\\\" width=\\\"300\\\" height=\\\"225\\\" src=\\\"https:\\\/\\\/collinescathares.com\\\/wp-content\\\/uploads\\\/2025\\\/03\\\/ATELIER-DE-DEGUSTATION-OENOLOGIQUE-LE-PARFUM-DES-ANTHOCYANES-300x225.jpg\\\" class=\\\"wp-post-image   wpgmp_featured_image\\\" ><\\\/div> <\\\/div>Venez d\\u00e9velopper vos comp\\u00e9tences \\u0153nologiques et passer un moment agr\\u00e9able au Domaine Le Fort \\u00e0 Montr\\u00e9al dans l\\u2019Aude, pr\\u00e8s de Carcassonne. 3h durant lesquelles vous affinerez vos sens, puis vous appliquerez notre m\\u00e9thode de d\\u00e9gustation sur 6 vins diff\\u00e9rents du Domaine. Cet atelier de d\\u00e9gustation de vin, limit\\u00e9 \\u00e0 10 personnes maximum, est anim\\u00e9 par [&hellip;]<address><b>Adresse : <\\\/b>{marker_address}<\\\/address><a class=\\\"fc-btn fc-btn-small fc-btn-red\\\" href=\\\"https:\\\/\\\/collinescathares.com\\\/es\\\/evenements-ponctuels\\\/atelier-de-degustation-oenologique-le-parfum-des-anthocyanes-7\\\/\\\">En savoir plus<\\\/a><\\\/div>\",\"content\":\"Venez d\\u00e9velopper vos comp\\u00e9tences \\u0153nologiques et passer un moment agr\\u00e9able au Domaine Le Fort \\u00e0 Montr\\u00e9al dans l\\u2019Aude, pr\\u00e8s de Carcassonne. 3h durant lesquelles vous affinerez vos sens, puis vous appliquerez notre m\\u00e9thode de d\\u00e9gustation sur 6 vins diff\\u00e9rents du Domaine. Cet atelier de d\\u00e9gustation de vin, limit\\u00e9 \\u00e0 10 personnes maximum, est anim\\u00e9 par [&hellip;]\",\"address\":\"Le Fort 11290 MONTREAL\",\"location\":{\"lat\":\"43.2006356\",\"city\":\"MONTREAL\",\"country\":\"France\",\"lng\":\"2.11135886\",\"onclick_action\":\"post\",\"redirect_permalink\":\"https:\\\/\\\/collinescathares.com\\\/es\\\/evenements-ponctuels\\\/atelier-de-degustation-oenologique-le-parfum-des-anthocyanes-7\\\/\",\"zoom\":10,\"extra_fields\":{\"%date_evenement_r%\":\"12 Octobre 2025\",\"%date_evenement_fin_r%\":\"12 Octobre 2025\",\"post_excerpt\":\"Venez d\\u00e9velopper vos comp\\u00e9tences \\u0153nologiques et passer un moment agr\\u00e9able au Domaine Le Fort \\u00e0 Montr\\u00e9al dans l\\u2019Aude, pr\\u00e8s de Carcassonne. 3h durant lesquelles vous affinerez vos sens, puis vous appliquerez notre m\\u00e9thode de d\\u00e9gustation sur 6 vins diff\\u00e9rents du Domaine. Cet atelier de d\\u00e9gustation de vin, limit\\u00e9 \\u00e0 10 personnes maximum, est anim\\u00e9 par [&hellip;]\",\"post_content\":\"Venez d\\u00e9velopper vos comp\\u00e9tences \\u0153nologiques et passer un moment agr\\u00e9able au Domaine Le Fort \\u00e0 Montr\\u00e9al dans l\\u2019Aude, pr\\u00e8s de Carcassonne.\\n\\n3h durant lesquelles vous affinerez vos sens, puis vous appliquerez notre m\\u00e9thode de d\\u00e9gustation sur 6 vins diff\\u00e9rents du Domaine.\\n\\nCet atelier de d\\u00e9gustation de vin, limit\\u00e9 \\u00e0 10 personnes maximum, est anim\\u00e9 par St\\u00e9phanie, \\u0153nologue et vigneronne depuis plus de 25 ans.\\n\\nTarifs D\\u00e9gressifs :\\nPour 1 personne : 70\\u20ac\\nEntre 2 et 4 personnes : 65\\u20ac par personne\\nEntre 5 et 9 personnes : 60\\u20ac par personne\\nPour 10 personnes : 55\\u20ac par personne\",\"post_title\":\"ATELIER DE D\\u00c9GUSTATION \\u0152NOLOGIQUE &#8211; LE PARFUM DES ANTHOCYANES\",\"post_link\":\"https:\\\/\\\/collinescathares.com\\\/es\\\/evenements-ponctuels\\\/atelier-de-degustation-oenologique-le-parfum-des-anthocyanes-7\\\/\",\"post_featured_image\":\"<div class=\\\"fc-feature-img\\\"><img alt=\\\"ATELIER DE D\\u00c9GUSTATION \\u0152NOLOGIQUE &#8211; LE PARFUM DES ANTHOCYANES\\\" width=\\\"300\\\" height=\\\"225\\\" src=\\\"https:\\\/\\\/collinescathares.com\\\/wp-content\\\/uploads\\\/2025\\\/03\\\/ATELIER-DE-DEGUSTATION-OENOLOGIQUE-LE-PARFUM-DES-ANTHOCYANES-300x225.jpg\\\" class=\\\"wp-post-image   wpgmp_featured_image\\\" ><\\\/div>\",\"post_categories\":\"Ev\\u00e9nements ponctuels\",\"post_tags\":\"\",\"%_encloseme%\":\"1\",\"%_thumbnail_id%\":\"251893\",\"%ville_r%\":\"MONTREAL\",\"%_ville_r%\":\"field_5efc3a17e12c5\",\"%cp_r%\":\"11290\",\"%_cp_r%\":\"field_5efc3a47e12ca\",\"%tarifs_r%\":\"\",\"%_tarifs_r%\":\"field_5efc3a22e12c6\",\"%adresse_r%\":\"Le Fort\",\"%_adresse_r%\":\"field_5efc3a2ee12c7\",\"%carte_r%\":\"Le Fort 11290 MONTREAL, 43.2006356, 2.11135886, 14\",\"%_carte_r%\":\"field_5efc4ed05494a\",\"%labels_r%\":\"\",\"%_labels_r%\":\"field_5f3a47134470d\",\"%handicap_r%\":\"\",\"%_handicap_r%\":\"field_5f3a471a4470e\",\"%offres_promotionnelles_r%\":\"\",\"%_offres_promotionnelles_r%\":\"field_5f3a472d4470f\",\"%telephone_r%\":\"\",\"%_telephone_r%\":\"field_5efc3a39e12c8\",\"%email_r%\":\"\",\"%_email_r%\":\"field_5efc3a40e12c9\",\"%idunique_r%\":\"FMALAR011V515RZ4\",\"%_idunique_r%\":\"field_5f04335c562b3\",\"%site_r%\":\"https:\\\/\\\/leparfumdesanthocyanes.fr\\\/reserver-un-atelier\",\"%_site_r%\":\"field_5efc4d652a106\",\"%_date_evenement_r%\":\"field_5f0348f37d5bd\",\"%_date_evenement_fin_r%\":\"field_5f3a4540d0781\",\"%horaires_evenement_r%\":\"15:00 \\\/ 18:00\",\"%_horaires_evenement_r%\":\"field_5f3a4550d0782\",\"%type_r%\":\"Stage \\\/ Atelier\",\"%_type_r%\":\"field_5f057b5365cd7\",\"%classification_r%\":\"\",\"%_classification_r%\":\"field_5f3a3af81a328\",\"%classement_prefectoral_r%\":\"\",\"%_classement_prefectoral_r%\":\"field_5f3a473444710\",\"%datetri_r%\":\"1760227200\",\"%_datetri_r%\":\"field_5f3a8a82002b1\",\"%langage_r%\":\"FR\",\"%_langage_r%\":\"field_5f3be5649f374\",\"%_wpgmp_location_address%\":\"Le Fort 11290 MONTREAL\",\"%_wpgmp_location_city%\":\"MONTREAL\",\"%_wpgmp_location_state%\":\"\",\"%_wpgmp_location_country%\":\"France\",\"%_wpgmp_metabox_marker_id%\":\"a:1:{i:0;i:8;}\",\"%_wpgmp_map_id%\":\"a:1:{i:0;i:21;}\",\"%_wpgmp_metabox_latitude%\":\"43.2006356\",\"%_wpgmp_metabox_longitude%\":\"2.11135886\",\"%_wpgmp_metabox_location_redirect%\":\"post\",\"%_wpgmp_metabox_custom_link%\":\"\",\"%_wpgmp_metabox_taxomomies_terms%\":\"N;\",\"%_wpgmp_extensions_fields%\":\"N;\",\"%_wpml_word_count%\":\"107\",\"%galerie_image_r%\":\"251893\",\"%_galerie_image_r%\":\"field_5f3bd339f8130\",\"taxonomy=category\":\"Ev\\u00e9nements ponctuels\",\"taxonomy=post_tag\":\"\",\"taxonomy=post_format\":\"\",\"taxonomy=translation_priority\":\"Opcional\"},\"icon\":\"https:\\\/\\\/collinescathares.com\\\/wp-content\\\/uploads\\\/2020\\\/07\\\/pointeur_vert.svg\"},\"id\":252501,\"custom_filters\":{\"type_r\":\"Stage \\\/ Atelier\",\"datetri_r\":\"1760227200\"},\"infowindow_disable\":false,\"categories\":[{\"icon\":\"https:\\\/\\\/collinescathares.com\\\/wp-content\\\/uploads\\\/2020\\\/07\\\/pointeur_vert.svg\",\"name\":\"Ev\\u00e9nements ponctuels\",\"id\":\"8\",\"type\":\"category\"}]},{\"source\":\"post\",\"title\":\"ATELIER DE D\\u00c9GUSTATION \\u0152NOLOGIQUE &#8211; LE PARFUM DES ANTHOCYANES\",\"infowindow_content\":\"<div class=\\\"fc-main\\\"><div class=\\\"fc-item-title\\\">ATELIER DE D\\u00c9GUSTATION \\u0152NOLOGIQUE &#8211; LE PARFUM DES ANTHOCYANES <span class=\\\"fc-badge info\\\">Ev\\u00e9nements ponctuels<\\\/span><\\\/div> <div class=\\\"fc-item-featured_image\\\"><div class=\\\"fc-feature-img\\\"><img alt=\\\"ATELIER DE D\\u00c9GUSTATION \\u0152NOLOGIQUE &#8211; LE PARFUM DES ANTHOCYANES\\\" width=\\\"300\\\" height=\\\"225\\\" src=\\\"https:\\\/\\\/collinescathares.com\\\/wp-content\\\/uploads\\\/2025\\\/03\\\/ATELIER-DE-DEGUSTATION-OENOLOGIQUE-LE-PARFUM-DES-ANTHOCYANES-300x225.jpg\\\" class=\\\"wp-post-image   wpgmp_featured_image\\\" ><\\\/div> <\\\/div>Venez d\\u00e9velopper vos comp\\u00e9tences \\u0153nologiques et passer un moment agr\\u00e9able au Domaine Le Fort \\u00e0 Montr\\u00e9al dans l\\u2019Aude, pr\\u00e8s de Carcassonne. 3h durant lesquelles vous affinerez vos sens, puis vous appliquerez notre m\\u00e9thode de d\\u00e9gustation sur 6 vins diff\\u00e9rents du Domaine. Cet atelier de d\\u00e9gustation de vin, limit\\u00e9 \\u00e0 10 personnes maximum, est anim\\u00e9 par [&hellip;]<address><b>Adresse : <\\\/b>{marker_address}<\\\/address><a class=\\\"fc-btn fc-btn-small fc-btn-red\\\" href=\\\"https:\\\/\\\/collinescathares.com\\\/es\\\/evenements-ponctuels\\\/atelier-de-degustation-oenologique-le-parfum-des-anthocyanes-5\\\/\\\">En savoir plus<\\\/a><\\\/div>\",\"content\":\"Venez d\\u00e9velopper vos comp\\u00e9tences \\u0153nologiques et passer un moment agr\\u00e9able au Domaine Le Fort \\u00e0 Montr\\u00e9al dans l\\u2019Aude, pr\\u00e8s de Carcassonne. 3h durant lesquelles vous affinerez vos sens, puis vous appliquerez notre m\\u00e9thode de d\\u00e9gustation sur 6 vins diff\\u00e9rents du Domaine. Cet atelier de d\\u00e9gustation de vin, limit\\u00e9 \\u00e0 10 personnes maximum, est anim\\u00e9 par [&hellip;]\",\"address\":\"Le Fort 11290 MONTREAL\",\"location\":{\"lat\":\"43.2006356\",\"city\":\"MONTREAL\",\"country\":\"France\",\"lng\":\"2.11135886\",\"onclick_action\":\"post\",\"redirect_permalink\":\"https:\\\/\\\/collinescathares.com\\\/es\\\/evenements-ponctuels\\\/atelier-de-degustation-oenologique-le-parfum-des-anthocyanes-5\\\/\",\"zoom\":10,\"extra_fields\":{\"%date_evenement_r%\":\"06 Juillet 2025\",\"%date_evenement_fin_r%\":\"06 Juillet 2025\",\"post_excerpt\":\"Venez d\\u00e9velopper vos comp\\u00e9tences \\u0153nologiques et passer un moment agr\\u00e9able au Domaine Le Fort \\u00e0 Montr\\u00e9al dans l\\u2019Aude, pr\\u00e8s de Carcassonne. 3h durant lesquelles vous affinerez vos sens, puis vous appliquerez notre m\\u00e9thode de d\\u00e9gustation sur 6 vins diff\\u00e9rents du Domaine. Cet atelier de d\\u00e9gustation de vin, limit\\u00e9 \\u00e0 10 personnes maximum, est anim\\u00e9 par [&hellip;]\",\"post_content\":\"Venez d\\u00e9velopper vos comp\\u00e9tences \\u0153nologiques et passer un moment agr\\u00e9able au Domaine Le Fort \\u00e0 Montr\\u00e9al dans l\\u2019Aude, pr\\u00e8s de Carcassonne.\\n\\n3h durant lesquelles vous affinerez vos sens, puis vous appliquerez notre m\\u00e9thode de d\\u00e9gustation sur 6 vins diff\\u00e9rents du Domaine.\\n\\nCet atelier de d\\u00e9gustation de vin, limit\\u00e9 \\u00e0 10 personnes maximum, est anim\\u00e9 par St\\u00e9phanie, \\u0153nologue et vigneronne depuis plus de 25 ans.\\n\\nTarifs D\\u00e9gressifs :\\nPour 1 personne : 70\\u20ac\\nEntre 2 et 4 personnes : 65\\u20ac par personne\\nEntre 5 et 9 personnes : 60\\u20ac par personne\\nPour 10 personnes : 55\\u20ac par personne\",\"post_title\":\"ATELIER DE D\\u00c9GUSTATION \\u0152NOLOGIQUE &#8211; LE PARFUM DES ANTHOCYANES\",\"post_link\":\"https:\\\/\\\/collinescathares.com\\\/es\\\/evenements-ponctuels\\\/atelier-de-degustation-oenologique-le-parfum-des-anthocyanes-5\\\/\",\"post_featured_image\":\"<div class=\\\"fc-feature-img\\\"><img alt=\\\"ATELIER DE D\\u00c9GUSTATION \\u0152NOLOGIQUE &#8211; LE PARFUM DES ANTHOCYANES\\\" width=\\\"300\\\" height=\\\"225\\\" src=\\\"https:\\\/\\\/collinescathares.com\\\/wp-content\\\/uploads\\\/2025\\\/03\\\/ATELIER-DE-DEGUSTATION-OENOLOGIQUE-LE-PARFUM-DES-ANTHOCYANES-300x225.jpg\\\" class=\\\"wp-post-image   wpgmp_featured_image\\\" ><\\\/div>\",\"post_categories\":\"Ev\\u00e9nements ponctuels\",\"post_tags\":\"\",\"%_encloseme%\":\"1\",\"%_thumbnail_id%\":\"251893\",\"%ville_r%\":\"MONTREAL\",\"%_ville_r%\":\"field_5efc3a17e12c5\",\"%cp_r%\":\"11290\",\"%_cp_r%\":\"field_5efc3a47e12ca\",\"%tarifs_r%\":\"\",\"%_tarifs_r%\":\"field_5efc3a22e12c6\",\"%adresse_r%\":\"Le Fort\",\"%_adresse_r%\":\"field_5efc3a2ee12c7\",\"%carte_r%\":\"Le Fort 11290 MONTREAL, 43.2006356, 2.11135886, 14\",\"%_carte_r%\":\"field_5efc4ed05494a\",\"%labels_r%\":\"\",\"%_labels_r%\":\"field_5f3a47134470d\",\"%handicap_r%\":\"\",\"%_handicap_r%\":\"field_5f3a471a4470e\",\"%offres_promotionnelles_r%\":\"\",\"%_offres_promotionnelles_r%\":\"field_5f3a472d4470f\",\"%telephone_r%\":\"\",\"%_telephone_r%\":\"field_5efc3a39e12c8\",\"%email_r%\":\"\",\"%_email_r%\":\"field_5efc3a40e12c9\",\"%idunique_r%\":\"FMALAR011V515RZ0\",\"%_idunique_r%\":\"field_5f04335c562b3\",\"%site_r%\":\"https:\\\/\\\/leparfumdesanthocyanes.fr\\\/reserver-un-atelier\",\"%_site_r%\":\"field_5efc4d652a106\",\"%_date_evenement_r%\":\"field_5f0348f37d5bd\",\"%_date_evenement_fin_r%\":\"field_5f3a4540d0781\",\"%horaires_evenement_r%\":\"15:00 \\\/ 18:00\",\"%_horaires_evenement_r%\":\"field_5f3a4550d0782\",\"%type_r%\":\"Stage \\\/ Atelier\",\"%_type_r%\":\"field_5f057b5365cd7\",\"%classification_r%\":\"\",\"%_classification_r%\":\"field_5f3a3af81a328\",\"%classement_prefectoral_r%\":\"\",\"%_classement_prefectoral_r%\":\"field_5f3a473444710\",\"%datetri_r%\":\"1751760000\",\"%_datetri_r%\":\"field_5f3a8a82002b1\",\"%langage_r%\":\"FR\",\"%_langage_r%\":\"field_5f3be5649f374\",\"%_wpgmp_location_address%\":\"Le Fort 11290 MONTREAL\",\"%_wpgmp_location_city%\":\"MONTREAL\",\"%_wpgmp_location_state%\":\"\",\"%_wpgmp_location_country%\":\"France\",\"%_wpgmp_metabox_marker_id%\":\"a:1:{i:0;i:8;}\",\"%_wpgmp_map_id%\":\"a:1:{i:0;i:21;}\",\"%_wpgmp_metabox_latitude%\":\"43.2006356\",\"%_wpgmp_metabox_longitude%\":\"2.11135886\",\"%_wpgmp_metabox_location_redirect%\":\"post\",\"%_wpgmp_metabox_custom_link%\":\"\",\"%_wpgmp_metabox_taxomomies_terms%\":\"N;\",\"%_wpgmp_extensions_fields%\":\"N;\",\"%_wpml_word_count%\":\"107\",\"%galerie_image_r%\":\"251893\",\"%_galerie_image_r%\":\"field_5f3bd339f8130\",\"taxonomy=category\":\"Ev\\u00e9nements ponctuels\",\"taxonomy=post_tag\":\"\",\"taxonomy=post_format\":\"\",\"taxonomy=translation_priority\":\"Opcional\"},\"icon\":\"https:\\\/\\\/collinescathares.com\\\/wp-content\\\/uploads\\\/2020\\\/07\\\/pointeur_vert.svg\"},\"id\":252496,\"custom_filters\":{\"type_r\":\"Stage \\\/ Atelier\",\"datetri_r\":\"1751760000\"},\"infowindow_disable\":false,\"categories\":[{\"icon\":\"https:\\\/\\\/collinescathares.com\\\/wp-content\\\/uploads\\\/2020\\\/07\\\/pointeur_vert.svg\",\"name\":\"Ev\\u00e9nements ponctuels\",\"id\":\"8\",\"type\":\"category\"}]},{\"source\":\"post\",\"title\":\"ATELIER DE D\\u00c9GUSTATION \\u0152NOLOGIQUE &#8211; LE PARFUM DES ANTHOCYANES\",\"infowindow_content\":\"<div class=\\\"fc-main\\\"><div class=\\\"fc-item-title\\\">ATELIER DE D\\u00c9GUSTATION \\u0152NOLOGIQUE &#8211; LE PARFUM DES ANTHOCYANES <span class=\\\"fc-badge info\\\">Ev\\u00e9nements ponctuels<\\\/span><\\\/div> <div class=\\\"fc-item-featured_image\\\"><div class=\\\"fc-feature-img\\\"><img alt=\\\"ATELIER DE D\\u00c9GUSTATION \\u0152NOLOGIQUE &#8211; LE PARFUM DES ANTHOCYANES\\\" width=\\\"300\\\" height=\\\"225\\\" src=\\\"https:\\\/\\\/collinescathares.com\\\/wp-content\\\/uploads\\\/2025\\\/03\\\/ATELIER-DE-DEGUSTATION-OENOLOGIQUE-LE-PARFUM-DES-ANTHOCYANES-300x225.jpg\\\" class=\\\"wp-post-image   wpgmp_featured_image\\\" ><\\\/div> <\\\/div>Venez d\\u00e9velopper vos comp\\u00e9tences \\u0153nologiques et passer un moment agr\\u00e9able au Domaine Le Fort \\u00e0 Montr\\u00e9al dans l\\u2019Aude, pr\\u00e8s de Carcassonne. 3h durant lesquelles vous affinerez vos sens, puis vous appliquerez notre m\\u00e9thode de d\\u00e9gustation sur 6 vins diff\\u00e9rents du Domaine. Cet atelier de d\\u00e9gustation de vin, limit\\u00e9 \\u00e0 10 personnes maximum, est anim\\u00e9 par [&hellip;]<address><b>Adresse : <\\\/b>{marker_address}<\\\/address><a class=\\\"fc-btn fc-btn-small fc-btn-red\\\" href=\\\"https:\\\/\\\/collinescathares.com\\\/es\\\/evenements-ponctuels\\\/atelier-de-degustation-oenologique-le-parfum-des-anthocyanes-6\\\/\\\">En savoir plus<\\\/a><\\\/div>\",\"content\":\"Venez d\\u00e9velopper vos comp\\u00e9tences \\u0153nologiques et passer un moment agr\\u00e9able au Domaine Le Fort \\u00e0 Montr\\u00e9al dans l\\u2019Aude, pr\\u00e8s de Carcassonne. 3h durant lesquelles vous affinerez vos sens, puis vous appliquerez notre m\\u00e9thode de d\\u00e9gustation sur 6 vins diff\\u00e9rents du Domaine. Cet atelier de d\\u00e9gustation de vin, limit\\u00e9 \\u00e0 10 personnes maximum, est anim\\u00e9 par [&hellip;]\",\"address\":\"Le Fort 11290 MONTREAL\",\"location\":{\"lat\":\"43.2006356\",\"city\":\"MONTREAL\",\"country\":\"France\",\"lng\":\"2.11135886\",\"onclick_action\":\"post\",\"redirect_permalink\":\"https:\\\/\\\/collinescathares.com\\\/es\\\/evenements-ponctuels\\\/atelier-de-degustation-oenologique-le-parfum-des-anthocyanes-6\\\/\",\"zoom\":10,\"extra_fields\":{\"%date_evenement_r%\":\"14 Septembre 2025\",\"%date_evenement_fin_r%\":\"14 Septembre 2025\",\"post_excerpt\":\"Venez d\\u00e9velopper vos comp\\u00e9tences \\u0153nologiques et passer un moment agr\\u00e9able au Domaine Le Fort \\u00e0 Montr\\u00e9al dans l\\u2019Aude, pr\\u00e8s de Carcassonne. 3h durant lesquelles vous affinerez vos sens, puis vous appliquerez notre m\\u00e9thode de d\\u00e9gustation sur 6 vins diff\\u00e9rents du Domaine. Cet atelier de d\\u00e9gustation de vin, limit\\u00e9 \\u00e0 10 personnes maximum, est anim\\u00e9 par [&hellip;]\",\"post_content\":\"Venez d\\u00e9velopper vos comp\\u00e9tences \\u0153nologiques et passer un moment agr\\u00e9able au Domaine Le Fort \\u00e0 Montr\\u00e9al dans l\\u2019Aude, pr\\u00e8s de Carcassonne.\\n\\n3h durant lesquelles vous affinerez vos sens, puis vous appliquerez notre m\\u00e9thode de d\\u00e9gustation sur 6 vins diff\\u00e9rents du Domaine.\\n\\nCet atelier de d\\u00e9gustation de vin, limit\\u00e9 \\u00e0 10 personnes maximum, est anim\\u00e9 par St\\u00e9phanie, \\u0153nologue et vigneronne depuis plus de 25 ans.\\n\\nTarifs D\\u00e9gressifs :\\nPour 1 personne : 70\\u20ac\\nEntre 2 et 4 personnes : 65\\u20ac par personne\\nEntre 5 et 9 personnes : 60\\u20ac par personne\\nPour 10 personnes : 55\\u20ac par personne\",\"post_title\":\"ATELIER DE D\\u00c9GUSTATION \\u0152NOLOGIQUE &#8211; LE PARFUM DES ANTHOCYANES\",\"post_link\":\"https:\\\/\\\/collinescathares.com\\\/es\\\/evenements-ponctuels\\\/atelier-de-degustation-oenologique-le-parfum-des-anthocyanes-6\\\/\",\"post_featured_image\":\"<div class=\\\"fc-feature-img\\\"><img alt=\\\"ATELIER DE D\\u00c9GUSTATION \\u0152NOLOGIQUE &#8211; LE PARFUM DES ANTHOCYANES\\\" width=\\\"300\\\" height=\\\"225\\\" src=\\\"https:\\\/\\\/collinescathares.com\\\/wp-content\\\/uploads\\\/2025\\\/03\\\/ATELIER-DE-DEGUSTATION-OENOLOGIQUE-LE-PARFUM-DES-ANTHOCYANES-300x225.jpg\\\" class=\\\"wp-post-image   wpgmp_featured_image\\\" ><\\\/div>\",\"post_categories\":\"Ev\\u00e9nements ponctuels\",\"post_tags\":\"\",\"%_encloseme%\":\"1\",\"%_thumbnail_id%\":\"251893\",\"%ville_r%\":\"MONTREAL\",\"%_ville_r%\":\"field_5efc3a17e12c5\",\"%cp_r%\":\"11290\",\"%_cp_r%\":\"field_5efc3a47e12ca\",\"%tarifs_r%\":\"\",\"%_tarifs_r%\":\"field_5efc3a22e12c6\",\"%adresse_r%\":\"Le Fort\",\"%_adresse_r%\":\"field_5efc3a2ee12c7\",\"%carte_r%\":\"Le Fort 11290 MONTREAL, 43.2006356, 2.11135886, 14\",\"%_carte_r%\":\"field_5efc4ed05494a\",\"%labels_r%\":\"\",\"%_labels_r%\":\"field_5f3a47134470d\",\"%handicap_r%\":\"\",\"%_handicap_r%\":\"field_5f3a471a4470e\",\"%offres_promotionnelles_r%\":\"\",\"%_offres_promotionnelles_r%\":\"field_5f3a472d4470f\",\"%telephone_r%\":\"\",\"%_telephone_r%\":\"field_5efc3a39e12c8\",\"%email_r%\":\"\",\"%_email_r%\":\"field_5efc3a40e12c9\",\"%idunique_r%\":\"FMALAR011V515RZ2\",\"%_idunique_r%\":\"field_5f04335c562b3\",\"%site_r%\":\"https:\\\/\\\/leparfumdesanthocyanes.fr\\\/reserver-un-atelier\",\"%_site_r%\":\"field_5efc4d652a106\",\"%_date_evenement_r%\":\"field_5f0348f37d5bd\",\"%_date_evenement_fin_r%\":\"field_5f3a4540d0781\",\"%horaires_evenement_r%\":\"15:00 \\\/ 18:00\",\"%_horaires_evenement_r%\":\"field_5f3a4550d0782\",\"%type_r%\":\"Stage \\\/ Atelier\",\"%_type_r%\":\"field_5f057b5365cd7\",\"%classification_r%\":\"\",\"%_classification_r%\":\"field_5f3a3af81a328\",\"%classement_prefectoral_r%\":\"\",\"%_classement_prefectoral_r%\":\"field_5f3a473444710\",\"%datetri_r%\":\"1757808000\",\"%_datetri_r%\":\"field_5f3a8a82002b1\",\"%langage_r%\":\"FR\",\"%_langage_r%\":\"field_5f3be5649f374\",\"%_wpgmp_location_address%\":\"Le Fort 11290 MONTREAL\",\"%_wpgmp_location_city%\":\"MONTREAL\",\"%_wpgmp_location_state%\":\"\",\"%_wpgmp_location_country%\":\"France\",\"%_wpgmp_metabox_marker_id%\":\"a:1:{i:0;i:8;}\",\"%_wpgmp_map_id%\":\"a:1:{i:0;i:21;}\",\"%_wpgmp_metabox_latitude%\":\"43.2006356\",\"%_wpgmp_metabox_longitude%\":\"2.11135886\",\"%_wpgmp_metabox_location_redirect%\":\"post\",\"%_wpgmp_metabox_custom_link%\":\"\",\"%_wpgmp_metabox_taxomomies_terms%\":\"N;\",\"%_wpgmp_extensions_fields%\":\"N;\",\"%_wpml_word_count%\":\"107\",\"%galerie_image_r%\":\"251893\",\"%_galerie_image_r%\":\"field_5f3bd339f8130\",\"taxonomy=category\":\"Ev\\u00e9nements ponctuels\",\"taxonomy=post_tag\":\"\",\"taxonomy=post_format\":\"\",\"taxonomy=translation_priority\":\"Opcional\"},\"icon\":\"https:\\\/\\\/collinescathares.com\\\/wp-content\\\/uploads\\\/2020\\\/07\\\/pointeur_vert.svg\"},\"id\":252499,\"custom_filters\":{\"type_r\":\"Stage \\\/ Atelier\",\"datetri_r\":\"1757808000\"},\"infowindow_disable\":false,\"categories\":[{\"icon\":\"https:\\\/\\\/collinescathares.com\\\/wp-content\\\/uploads\\\/2020\\\/07\\\/pointeur_vert.svg\",\"name\":\"Ev\\u00e9nements ponctuels\",\"id\":\"8\",\"type\":\"category\"}]},{\"source\":\"post\",\"title\":\"ATELIER DE D\\u00c9GUSTATION \\u0152NOLOGIQUE &#8211; LE PARFUM DES ANTHOCYANES\",\"infowindow_content\":\"<div class=\\\"fc-main\\\"><div class=\\\"fc-item-title\\\">ATELIER DE D\\u00c9GUSTATION \\u0152NOLOGIQUE &#8211; LE PARFUM DES ANTHOCYANES <span class=\\\"fc-badge info\\\">Ev\\u00e9nements ponctuels<\\\/span><\\\/div> <div class=\\\"fc-item-featured_image\\\"><div class=\\\"fc-feature-img\\\"><img alt=\\\"ATELIER DE D\\u00c9GUSTATION \\u0152NOLOGIQUE &#8211; LE PARFUM DES ANTHOCYANES\\\" width=\\\"300\\\" height=\\\"225\\\" src=\\\"https:\\\/\\\/collinescathares.com\\\/wp-content\\\/uploads\\\/2025\\\/03\\\/ATELIER-DE-DEGUSTATION-OENOLOGIQUE-LE-PARFUM-DES-ANTHOCYANES-300x225.jpg\\\" class=\\\"wp-post-image   wpgmp_featured_image\\\" ><\\\/div> <\\\/div>Venez d\\u00e9velopper vos comp\\u00e9tences \\u0153nologiques et passer un moment agr\\u00e9able au Domaine Le Fort \\u00e0 Montr\\u00e9al dans l\\u2019Aude, pr\\u00e8s de Carcassonne. 3h durant lesquelles vous affinerez vos sens, puis vous appliquerez notre m\\u00e9thode de d\\u00e9gustation sur 6 vins diff\\u00e9rents du Domaine. Cet atelier de d\\u00e9gustation de vin, limit\\u00e9 \\u00e0 10 personnes maximum, est anim\\u00e9 par [&hellip;]<address><b>Adresse : <\\\/b>{marker_address}<\\\/address><a class=\\\"fc-btn fc-btn-small fc-btn-red\\\" href=\\\"https:\\\/\\\/collinescathares.com\\\/es\\\/evenements-ponctuels\\\/atelier-de-degustation-oenologique-le-parfum-des-anthocyanes-4\\\/\\\">En savoir plus<\\\/a><\\\/div>\",\"content\":\"Venez d\\u00e9velopper vos comp\\u00e9tences \\u0153nologiques et passer un moment agr\\u00e9able au Domaine Le Fort \\u00e0 Montr\\u00e9al dans l\\u2019Aude, pr\\u00e8s de Carcassonne. 3h durant lesquelles vous affinerez vos sens, puis vous appliquerez notre m\\u00e9thode de d\\u00e9gustation sur 6 vins diff\\u00e9rents du Domaine. Cet atelier de d\\u00e9gustation de vin, limit\\u00e9 \\u00e0 10 personnes maximum, est anim\\u00e9 par [&hellip;]\",\"address\":\"Le Fort 11290 MONTREAL\",\"location\":{\"lat\":\"43.2006356\",\"city\":\"MONTREAL\",\"country\":\"France\",\"lng\":\"2.11135886\",\"onclick_action\":\"post\",\"redirect_permalink\":\"https:\\\/\\\/collinescathares.com\\\/es\\\/evenements-ponctuels\\\/atelier-de-degustation-oenologique-le-parfum-des-anthocyanes-4\\\/\",\"zoom\":10,\"extra_fields\":{\"%date_evenement_r%\":\"15 Juin 2025\",\"%date_evenement_fin_r%\":\"15 Juin 2025\",\"post_excerpt\":\"Venez d\\u00e9velopper vos comp\\u00e9tences \\u0153nologiques et passer un moment agr\\u00e9able au Domaine Le Fort \\u00e0 Montr\\u00e9al dans l\\u2019Aude, pr\\u00e8s de Carcassonne. 3h durant lesquelles vous affinerez vos sens, puis vous appliquerez notre m\\u00e9thode de d\\u00e9gustation sur 6 vins diff\\u00e9rents du Domaine. Cet atelier de d\\u00e9gustation de vin, limit\\u00e9 \\u00e0 10 personnes maximum, est anim\\u00e9 par [&hellip;]\",\"post_content\":\"Venez d\\u00e9velopper vos comp\\u00e9tences \\u0153nologiques et passer un moment agr\\u00e9able au Domaine Le Fort \\u00e0 Montr\\u00e9al dans l\\u2019Aude, pr\\u00e8s de Carcassonne.\\n\\n3h durant lesquelles vous affinerez vos sens, puis vous appliquerez notre m\\u00e9thode de d\\u00e9gustation sur 6 vins diff\\u00e9rents du Domaine.\\n\\nCet atelier de d\\u00e9gustation de vin, limit\\u00e9 \\u00e0 10 personnes maximum, est anim\\u00e9 par St\\u00e9phanie, \\u0153nologue et vigneronne depuis plus de 25 ans.\\n\\nTarifs D\\u00e9gressifs :\\nPour 1 personne : 70\\u20ac\\nEntre 2 et 4 personnes : 65\\u20ac par personne\\nEntre 5 et 9 personnes : 60\\u20ac par personne\\nPour 10 personnes : 55\\u20ac par personne\",\"post_title\":\"ATELIER DE D\\u00c9GUSTATION \\u0152NOLOGIQUE &#8211; LE PARFUM DES ANTHOCYANES\",\"post_link\":\"https:\\\/\\\/collinescathares.com\\\/es\\\/evenements-ponctuels\\\/atelier-de-degustation-oenologique-le-parfum-des-anthocyanes-4\\\/\",\"post_featured_image\":\"<div class=\\\"fc-feature-img\\\"><img alt=\\\"ATELIER DE D\\u00c9GUSTATION \\u0152NOLOGIQUE &#8211; LE PARFUM DES ANTHOCYANES\\\" width=\\\"300\\\" height=\\\"225\\\" src=\\\"https:\\\/\\\/collinescathares.com\\\/wp-content\\\/uploads\\\/2025\\\/03\\\/ATELIER-DE-DEGUSTATION-OENOLOGIQUE-LE-PARFUM-DES-ANTHOCYANES-300x225.jpg\\\" class=\\\"wp-post-image   wpgmp_featured_image\\\" ><\\\/div>\",\"post_categories\":\"Ev\\u00e9nements ponctuels\",\"post_tags\":\"\",\"%_encloseme%\":\"1\",\"%_thumbnail_id%\":\"251893\",\"%ville_r%\":\"MONTREAL\",\"%_ville_r%\":\"field_5efc3a17e12c5\",\"%cp_r%\":\"11290\",\"%_cp_r%\":\"field_5efc3a47e12ca\",\"%tarifs_r%\":\"\",\"%_tarifs_r%\":\"field_5efc3a22e12c6\",\"%adresse_r%\":\"Le Fort\",\"%_adresse_r%\":\"field_5efc3a2ee12c7\",\"%carte_r%\":\"Le Fort 11290 MONTREAL, 43.2006356, 2.11135886, 14\",\"%_carte_r%\":\"field_5efc4ed05494a\",\"%labels_r%\":\"\",\"%_labels_r%\":\"field_5f3a47134470d\",\"%handicap_r%\":\"\",\"%_handicap_r%\":\"field_5f3a471a4470e\",\"%offres_promotionnelles_r%\":\"\",\"%_offres_promotionnelles_r%\":\"field_5f3a472d4470f\",\"%telephone_r%\":\"\",\"%_telephone_r%\":\"field_5efc3a39e12c8\",\"%email_r%\":\"\",\"%_email_r%\":\"field_5efc3a40e12c9\",\"%idunique_r%\":\"FMALAR011V515RYT\",\"%_idunique_r%\":\"field_5f04335c562b3\",\"%site_r%\":\"https:\\\/\\\/leparfumdesanthocyanes.fr\\\/reserver-un-atelier\",\"%_site_r%\":\"field_5efc4d652a106\",\"%_date_evenement_r%\":\"field_5f0348f37d5bd\",\"%_date_evenement_fin_r%\":\"field_5f3a4540d0781\",\"%horaires_evenement_r%\":\"15:00 \\\/ 18:00\",\"%_horaires_evenement_r%\":\"field_5f3a4550d0782\",\"%type_r%\":\"Stage \\\/ Atelier\",\"%_type_r%\":\"field_5f057b5365cd7\",\"%classification_r%\":\"\",\"%_classification_r%\":\"field_5f3a3af81a328\",\"%classement_prefectoral_r%\":\"\",\"%_classement_prefectoral_r%\":\"field_5f3a473444710\",\"%datetri_r%\":\"1749945600\",\"%_datetri_r%\":\"field_5f3a8a82002b1\",\"%langage_r%\":\"FR\",\"%_langage_r%\":\"field_5f3be5649f374\",\"%_wpgmp_location_address%\":\"Le Fort 11290 MONTREAL\",\"%_wpgmp_location_city%\":\"MONTREAL\",\"%_wpgmp_location_state%\":\"\",\"%_wpgmp_location_country%\":\"France\",\"%_wpgmp_metabox_marker_id%\":\"a:1:{i:0;i:8;}\",\"%_wpgmp_map_id%\":\"a:1:{i:0;i:21;}\",\"%_wpgmp_metabox_latitude%\":\"43.2006356\",\"%_wpgmp_metabox_longitude%\":\"2.11135886\",\"%_wpgmp_metabox_location_redirect%\":\"post\",\"%_wpgmp_metabox_custom_link%\":\"\",\"%_wpgmp_metabox_taxomomies_terms%\":\"N;\",\"%_wpgmp_extensions_fields%\":\"N;\",\"%_wpml_word_count%\":\"107\",\"%galerie_image_r%\":\"251893\",\"%_galerie_image_r%\":\"field_5f3bd339f8130\",\"%_elementor_page_assets%\":\"\",\"taxonomy=category\":\"Ev\\u00e9nements ponctuels\",\"taxonomy=post_tag\":\"\",\"taxonomy=post_format\":\"\",\"taxonomy=translation_priority\":\"Opcional\"},\"icon\":\"https:\\\/\\\/collinescathares.com\\\/wp-content\\\/uploads\\\/2020\\\/07\\\/pointeur_vert.svg\"},\"id\":252494,\"custom_filters\":{\"type_r\":\"Stage \\\/ Atelier\",\"datetri_r\":\"1749945600\"},\"infowindow_disable\":false,\"categories\":[{\"icon\":\"https:\\\/\\\/collinescathares.com\\\/wp-content\\\/uploads\\\/2020\\\/07\\\/pointeur_vert.svg\",\"name\":\"Ev\\u00e9nements ponctuels\",\"id\":\"8\",\"type\":\"category\"}]},{\"source\":\"post\",\"title\":\"BALADE BOTANIQUE : BEAUX ARBRES DU FRESQUEL\",\"infowindow_content\":\"<div class=\\\"fc-main\\\"><div class=\\\"fc-item-title\\\">BALADE BOTANIQUE : BEAUX ARBRES DU FRESQUEL <span class=\\\"fc-badge info\\\">Ev\\u00e9nements ponctuels<\\\/span><\\\/div> <div class=\\\"fc-item-featured_image\\\"><div class=\\\"fc-feature-img\\\"><img alt=\\\"BALADE BOTANIQUE : BEAUX ARBRES DU FRESQUEL\\\" width=\\\"300\\\" height=\\\"225\\\" src=\\\"https:\\\/\\\/collinescathares.com\\\/wp-content\\\/uploads\\\/2025\\\/03\\\/BALADE-BOTANIQUE-2--300x225.jpg\\\" class=\\\"wp-post-image   wpgmp_featured_image\\\" ><\\\/div> <\\\/div>Vous souhaitez mieux connaitre les plantes et les arbres ? Les associations villepintoises &#8220;Les Jardins du Fresquel&#8221; et &#8220;Cotyl\\u00e9dons&#8221; vous proposent une balade guid\\u00e9e pour s\\u2019immerger dans le monde v\\u00e9g\\u00e9tal en observant les arbres qui s&#8217;\\u00e9panouissent autour du Fresquel et sur le chemin de l&#8217;\\u00e9cluse \\u00e0 Villepinte. Sur inscription. Gratuit pour les adh\\u00e9rents (5\\u20ac adh\\u00e9sion\\\/an).<address><b>Adresse : <\\\/b>{marker_address}<\\\/address><a class=\\\"fc-btn fc-btn-small fc-btn-red\\\" href=\\\"https:\\\/\\\/collinescathares.com\\\/es\\\/evenements-ponctuels\\\/balade-botanique-beaux-arbres-du-fresquel\\\/\\\">En savoir plus<\\\/a><\\\/div>\",\"content\":\"Vous souhaitez mieux connaitre les plantes et les arbres ? Les associations villepintoises &#8220;Les Jardins du Fresquel&#8221; et &#8220;Cotyl\\u00e9dons&#8221; vous proposent une balade guid\\u00e9e pour s\\u2019immerger dans le monde v\\u00e9g\\u00e9tal en observant les arbres qui s&#8217;\\u00e9panouissent autour du Fresquel et sur le chemin de l&#8217;\\u00e9cluse \\u00e0 Villepinte. Sur inscription. Gratuit pour les adh\\u00e9rents (5\\u20ac adh\\u00e9sion\\\/an).\",\"address\":\" 11150 VILLEPINTE\",\"location\":{\"lat\":\"43.2803233\",\"city\":\"VILLEPINTE\",\"country\":\"France\",\"lng\":\"2.08458731\",\"onclick_action\":\"post\",\"redirect_permalink\":\"https:\\\/\\\/collinescathares.com\\\/es\\\/evenements-ponctuels\\\/balade-botanique-beaux-arbres-du-fresquel\\\/\",\"zoom\":10,\"extra_fields\":{\"%date_evenement_r%\":\"25 Mai 2025\",\"%date_evenement_fin_r%\":\"25 Mai 2025\",\"post_excerpt\":\"Vous souhaitez mieux connaitre les plantes et les arbres ? Les associations villepintoises &#8220;Les Jardins du Fresquel&#8221; et &#8220;Cotyl\\u00e9dons&#8221; vous proposent une balade guid\\u00e9e pour s\\u2019immerger dans le monde v\\u00e9g\\u00e9tal en observant les arbres qui s&#8217;\\u00e9panouissent autour du Fresquel et sur le chemin de l&#8217;\\u00e9cluse \\u00e0 Villepinte. Sur inscription. Gratuit pour les adh\\u00e9rents (5\\u20ac adh\\u00e9sion\\\/an).\",\"post_content\":\"Vous souhaitez mieux connaitre les plantes et les arbres ?\\n\\nLes associations villepintoises \\\"Les Jardins du Fresquel\\\" et \\\"Cotyl\\u00e9dons\\\" vous proposent une balade guid\\u00e9e pour s\\u2019immerger dans le monde v\\u00e9g\\u00e9tal en observant les arbres qui s'\\u00e9panouissent autour du Fresquel et sur le chemin de l'\\u00e9cluse \\u00e0 Villepinte.\\n\\nSur inscription. Gratuit pour les adh\\u00e9rents (5\\u20ac adh\\u00e9sion\\\/an).\",\"post_title\":\"BALADE BOTANIQUE : BEAUX ARBRES DU FRESQUEL\",\"post_link\":\"https:\\\/\\\/collinescathares.com\\\/es\\\/evenements-ponctuels\\\/balade-botanique-beaux-arbres-du-fresquel\\\/\",\"post_featured_image\":\"<div class=\\\"fc-feature-img\\\"><img alt=\\\"BALADE BOTANIQUE : BEAUX ARBRES DU FRESQUEL\\\" width=\\\"300\\\" height=\\\"225\\\" src=\\\"https:\\\/\\\/collinescathares.com\\\/wp-content\\\/uploads\\\/2025\\\/03\\\/BALADE-BOTANIQUE-2--300x225.jpg\\\" class=\\\"wp-post-image   wpgmp_featured_image\\\" ><\\\/div>\",\"post_categories\":\"Ev\\u00e9nements ponctuels\",\"post_tags\":\"\",\"%_encloseme%\":\"1\",\"%_thumbnail_id%\":\"252147\",\"%ville_r%\":\"VILLEPINTE\",\"%_ville_r%\":\"field_5efc3a17e12c5\",\"%cp_r%\":\"11150\",\"%_cp_r%\":\"field_5efc3a47e12ca\",\"%tarifs_r%\":\"\",\"%_tarifs_r%\":\"field_5efc3a22e12c6\",\"%carte_r%\":\" 11150 VILLEPINTE, 43.2803233, 2.08458731, 14\",\"%_carte_r%\":\"field_5efc4ed05494a\",\"%labels_r%\":\"\",\"%_labels_r%\":\"field_5f3a47134470d\",\"%handicap_r%\":\"\",\"%_handicap_r%\":\"field_5f3a471a4470e\",\"%offres_promotionnelles_r%\":\"\",\"%_offres_promotionnelles_r%\":\"field_5f3a472d4470f\",\"%telephone_r%\":\"\",\"%_telephone_r%\":\"field_5efc3a39e12c8\",\"%email_r%\":\"cotyledons@gmx.com\",\"%_email_r%\":\"field_5efc3a40e12c9\",\"%idunique_r%\":\"FMALAR011V515PZL\",\"%_idunique_r%\":\"field_5f04335c562b3\",\"%site_r%\":\"\",\"%_site_r%\":\"field_5efc4d652a106\",\"%_date_evenement_r%\":\"field_5f0348f37d5bd\",\"%_date_evenement_fin_r%\":\"field_5f3a4540d0781\",\"%horaires_evenement_r%\":\"10:00 \\\/ 11:00\",\"%_horaires_evenement_r%\":\"field_5f3a4550d0782\",\"%type_r%\":\"Randonn\\u00e9e, balade\",\"%_type_r%\":\"field_5f057b5365cd7\",\"%classification_r%\":\"\",\"%_classification_r%\":\"field_5f3a3af81a328\",\"%classement_prefectoral_r%\":\"\",\"%_classement_prefectoral_r%\":\"field_5f3a473444710\",\"%datetri_r%\":\"1748131200\",\"%_datetri_r%\":\"field_5f3a8a82002b1\",\"%langage_r%\":\"FR\",\"%_langage_r%\":\"field_5f3be5649f374\",\"%_wpgmp_location_address%\":\" 11150 VILLEPINTE\",\"%_wpgmp_location_city%\":\"VILLEPINTE\",\"%_wpgmp_location_state%\":\"\",\"%_wpgmp_location_country%\":\"France\",\"%_wpgmp_metabox_marker_id%\":\"a:1:{i:0;i:8;}\",\"%_wpgmp_map_id%\":\"a:1:{i:0;i:21;}\",\"%_wpgmp_metabox_latitude%\":\"43.2803233\",\"%_wpgmp_metabox_longitude%\":\"2.08458731\",\"%_wpgmp_metabox_location_redirect%\":\"post\",\"%_wpgmp_metabox_custom_link%\":\"\",\"%_wpgmp_metabox_taxomomies_terms%\":\"N;\",\"%_wpgmp_extensions_fields%\":\"N;\",\"%_wpml_word_count%\":\"73\",\"%galerie_image_r%\":\"252147\",\"%_galerie_image_r%\":\"field_5f3bd339f8130\",\"%_elementor_page_assets%\":\"\",\"taxonomy=category\":\"Ev\\u00e9nements ponctuels\",\"taxonomy=post_tag\":\"\",\"taxonomy=post_format\":\"\",\"taxonomy=translation_priority\":\"Opcional\"},\"icon\":\"https:\\\/\\\/collinescathares.com\\\/wp-content\\\/uploads\\\/2020\\\/07\\\/pointeur_vert.svg\"},\"id\":252492,\"custom_filters\":{\"type_r\":\"Randonn\\u00e9e, balade\",\"datetri_r\":\"1748131200\"},\"infowindow_disable\":false,\"categories\":[{\"icon\":\"https:\\\/\\\/collinescathares.com\\\/wp-content\\\/uploads\\\/2020\\\/07\\\/pointeur_vert.svg\",\"name\":\"Ev\\u00e9nements ponctuels\",\"id\":\"8\",\"type\":\"category\"}]},{\"source\":\"post\",\"title\":\"BALADE BOTANIQUE : PRINTEMPS LE LONG DU CANAL DU MIDI\",\"infowindow_content\":\"<div class=\\\"fc-main\\\"><div class=\\\"fc-item-title\\\">BALADE BOTANIQUE : PRINTEMPS LE LONG DU CANAL DU MIDI <span class=\\\"fc-badge info\\\">Ev\\u00e9nements ponctuels<\\\/span><\\\/div> <div class=\\\"fc-item-featured_image\\\"><div class=\\\"fc-feature-img\\\"><img alt=\\\"BALADE BOTANIQUE : PRINTEMPS LE LONG DU CANAL DU MIDI\\\" width=\\\"300\\\" height=\\\"225\\\" src=\\\"https:\\\/\\\/collinescathares.com\\\/wp-content\\\/uploads\\\/2025\\\/03\\\/BALADE-BOTANIQUE-PRINTEMPS-LE-LONG-DU-CANAL-DU-MIDI-300x225.jpg\\\" class=\\\"wp-post-image   wpgmp_featured_image\\\" ><\\\/div> <\\\/div>Vous souhaitez mieux connaitre les plantes ? Les associations villepintoises &#8220;Les Jardins du Fresquel&#8221; et &#8220;Cotyl\\u00e9dons&#8221; vous proposent une balade guid\\u00e9e pour s\\u2019immerger dans le monde v\\u00e9g\\u00e9tal en observant les plantes qui poussent le long du canal du Midi au mois d&#8217;avril. Sur inscription. 8\\u20ac adh\\u00e9rents \\\/ 12\\u20ac non-adh\\u00e9rents.<address><b>Adresse : <\\\/b>{marker_address}<\\\/address><a class=\\\"fc-btn fc-btn-small fc-btn-red\\\" href=\\\"https:\\\/\\\/collinescathares.com\\\/es\\\/evenements-ponctuels\\\/balade-botanique-printemps-le-long-du-canal-du-midi\\\/\\\">En savoir plus<\\\/a><\\\/div>\",\"content\":\"Vous souhaitez mieux connaitre les plantes ? Les associations villepintoises &#8220;Les Jardins du Fresquel&#8221; et &#8220;Cotyl\\u00e9dons&#8221; vous proposent une balade guid\\u00e9e pour s\\u2019immerger dans le monde v\\u00e9g\\u00e9tal en observant les plantes qui poussent le long du canal du Midi au mois d&#8217;avril. Sur inscription. 8\\u20ac adh\\u00e9rents \\\/ 12\\u20ac non-adh\\u00e9rents.\",\"address\":\" 11150 VILLEPINTE\",\"location\":{\"lat\":\"43.2803233\",\"city\":\"VILLEPINTE\",\"country\":\"France\",\"lng\":\"2.08458731\",\"onclick_action\":\"post\",\"redirect_permalink\":\"https:\\\/\\\/collinescathares.com\\\/es\\\/evenements-ponctuels\\\/balade-botanique-printemps-le-long-du-canal-du-midi\\\/\",\"zoom\":10,\"extra_fields\":{\"%date_evenement_r%\":\"26 Avril 2025\",\"%date_evenement_fin_r%\":\"26 Avril 2025\",\"post_excerpt\":\"Vous souhaitez mieux connaitre les plantes ? Les associations villepintoises &#8220;Les Jardins du Fresquel&#8221; et &#8220;Cotyl\\u00e9dons&#8221; vous proposent une balade guid\\u00e9e pour s\\u2019immerger dans le monde v\\u00e9g\\u00e9tal en observant les plantes qui poussent le long du canal du Midi au mois d&#8217;avril. Sur inscription. 8\\u20ac adh\\u00e9rents \\\/ 12\\u20ac non-adh\\u00e9rents.\",\"post_content\":\"Vous souhaitez mieux connaitre les plantes ?\\n\\nLes associations villepintoises \\\"Les Jardins du Fresquel\\\" et \\\"Cotyl\\u00e9dons\\\" vous proposent une balade guid\\u00e9e pour s\\u2019immerger dans le monde v\\u00e9g\\u00e9tal en observant les plantes qui poussent le long du canal du Midi au mois d'avril.\\n\\nSur inscription. 8\\u20ac adh\\u00e9rents \\\/ 12\\u20ac non-adh\\u00e9rents.\",\"post_title\":\"BALADE BOTANIQUE : PRINTEMPS LE LONG DU CANAL DU MIDI\",\"post_link\":\"https:\\\/\\\/collinescathares.com\\\/es\\\/evenements-ponctuels\\\/balade-botanique-printemps-le-long-du-canal-du-midi\\\/\",\"post_featured_image\":\"<div class=\\\"fc-feature-img\\\"><img alt=\\\"BALADE BOTANIQUE : PRINTEMPS LE LONG DU CANAL DU MIDI\\\" width=\\\"300\\\" height=\\\"225\\\" src=\\\"https:\\\/\\\/collinescathares.com\\\/wp-content\\\/uploads\\\/2025\\\/03\\\/BALADE-BOTANIQUE-PRINTEMPS-LE-LONG-DU-CANAL-DU-MIDI-300x225.jpg\\\" class=\\\"wp-post-image   wpgmp_featured_image\\\" ><\\\/div>\",\"post_categories\":\"Ev\\u00e9nements ponctuels\",\"post_tags\":\"\",\"%_encloseme%\":\"1\",\"%_thumbnail_id%\":\"251544\",\"%ville_r%\":\"VILLEPINTE\",\"%_ville_r%\":\"field_5efc3a17e12c5\",\"%cp_r%\":\"11150\",\"%_cp_r%\":\"field_5efc3a47e12ca\",\"%tarifs_r%\":\"Plein tarif|12,00||#Plein tarif|8,00||\",\"%_tarifs_r%\":\"field_5efc3a22e12c6\",\"%carte_r%\":\" 11150 VILLEPINTE, 43.2803233, 2.08458731, 14\",\"%_carte_r%\":\"field_5efc4ed05494a\",\"%labels_r%\":\"\",\"%_labels_r%\":\"field_5f3a47134470d\",\"%handicap_r%\":\"\",\"%_handicap_r%\":\"field_5f3a471a4470e\",\"%offres_promotionnelles_r%\":\"\",\"%_offres_promotionnelles_r%\":\"field_5f3a472d4470f\",\"%telephone_r%\":\"\",\"%_telephone_r%\":\"field_5efc3a39e12c8\",\"%email_r%\":\"cotyledons@gmx.com\",\"%_email_r%\":\"field_5efc3a40e12c9\",\"%idunique_r%\":\"FMALAR011V515PZD\",\"%_idunique_r%\":\"field_5f04335c562b3\",\"%site_r%\":\"\",\"%_site_r%\":\"field_5efc4d652a106\",\"%_date_evenement_r%\":\"field_5f0348f37d5bd\",\"%_date_evenement_fin_r%\":\"field_5f3a4540d0781\",\"%horaires_evenement_r%\":\"10:00 \\\/ 12:00\",\"%_horaires_evenement_r%\":\"field_5f3a4550d0782\",\"%type_r%\":\"Randonn\\u00e9e, balade\",\"%_type_r%\":\"field_5f057b5365cd7\",\"%classification_r%\":\"\",\"%_classification_r%\":\"field_5f3a3af81a328\",\"%classement_prefectoral_r%\":\"\",\"%_classement_prefectoral_r%\":\"field_5f3a473444710\",\"%datetri_r%\":\"1745625600\",\"%_datetri_r%\":\"field_5f3a8a82002b1\",\"%langage_r%\":\"FR\",\"%_langage_r%\":\"field_5f3be5649f374\",\"%_wpgmp_location_address%\":\" 11150 VILLEPINTE\",\"%_wpgmp_location_city%\":\"VILLEPINTE\",\"%_wpgmp_location_state%\":\"\",\"%_wpgmp_location_country%\":\"France\",\"%_wpgmp_metabox_marker_id%\":\"a:1:{i:0;i:8;}\",\"%_wpgmp_map_id%\":\"a:1:{i:0;i:21;}\",\"%_wpgmp_metabox_latitude%\":\"43.2803233\",\"%_wpgmp_metabox_longitude%\":\"2.08458731\",\"%_wpgmp_metabox_location_redirect%\":\"post\",\"%_wpgmp_metabox_custom_link%\":\"\",\"%_wpgmp_metabox_taxomomies_terms%\":\"N;\",\"%_wpgmp_extensions_fields%\":\"N;\",\"%_wpml_word_count%\":\"65\",\"%galerie_image_r%\":\"251544\",\"%_galerie_image_r%\":\"field_5f3bd339f8130\",\"taxonomy=category\":\"Ev\\u00e9nements ponctuels\",\"taxonomy=post_tag\":\"\",\"taxonomy=post_format\":\"\",\"taxonomy=translation_priority\":\"Opcional\"},\"icon\":\"https:\\\/\\\/collinescathares.com\\\/wp-content\\\/uploads\\\/2020\\\/07\\\/pointeur_vert.svg\"},\"id\":252490,\"custom_filters\":{\"type_r\":\"Randonn\\u00e9e, balade\",\"datetri_r\":\"1745625600\"},\"infowindow_disable\":false,\"categories\":[{\"icon\":\"https:\\\/\\\/collinescathares.com\\\/wp-content\\\/uploads\\\/2020\\\/07\\\/pointeur_vert.svg\",\"name\":\"Ev\\u00e9nements ponctuels\",\"id\":\"8\",\"type\":\"category\"}]},{\"source\":\"post\",\"title\":\"F\\u00caTE DE L&#8217;ENVIRONNEMENT\",\"infowindow_content\":\"<div class=\\\"fc-main\\\"><div class=\\\"fc-item-title\\\">F\\u00caTE DE L&#8217;ENVIRONNEMENT <span class=\\\"fc-badge info\\\">Ev\\u00e9nements ponctuels<\\\/span><\\\/div> <div class=\\\"fc-item-featured_image\\\"><div class=\\\"fc-feature-img\\\"><img alt=\\\"F\\u00caTE DE L&#8217;ENVIRONNEMENT\\\" width=\\\"300\\\" height=\\\"225\\\" src=\\\"https:\\\/\\\/collinescathares.com\\\/wp-content\\\/uploads\\\/2025\\\/03\\\/FETE-DE-L-ENVIRONNEMENT-300x225.jpg\\\" class=\\\"wp-post-image   wpgmp_featured_image\\\" ><\\\/div> <\\\/div>Le samedi 24 mai de 10h \\u00e0 minuit, la 5\\u00e8me \\u00e9dition de la \\u00ab F\\u00eate de l\\u2019Environnement \\u00bb sera organis\\u00e9e par la Mairie de Bram dans le Parc des Essars, le poumon vert de la commune. Son objectif est de permettre \\u00e0 tous de d\\u00e9couvrir les initiatives locales et de se familiariser avec les gestes [&hellip;]<address><b>Adresse : <\\\/b>{marker_address}<\\\/address><a class=\\\"fc-btn fc-btn-small fc-btn-red\\\" href=\\\"https:\\\/\\\/collinescathares.com\\\/es\\\/evenements-ponctuels\\\/fete-de-lenvironnement\\\/\\\">En savoir plus<\\\/a><\\\/div>\",\"content\":\"Le samedi 24 mai de 10h \\u00e0 minuit, la 5\\u00e8me \\u00e9dition de la \\u00ab F\\u00eate de l\\u2019Environnement \\u00bb sera organis\\u00e9e par la Mairie de Bram dans le Parc des Essars, le poumon vert de la commune. Son objectif est de permettre \\u00e0 tous de d\\u00e9couvrir les initiatives locales et de se familiariser avec les gestes [&hellip;]\",\"address\":\"Avenue Georges Cl\\u00e9menceau 11150 BRAM\",\"location\":{\"lat\":\"43.2415079\",\"city\":\"BRAM\",\"country\":\"France\",\"lng\":\"2.11200945\",\"onclick_action\":\"post\",\"redirect_permalink\":\"https:\\\/\\\/collinescathares.com\\\/es\\\/evenements-ponctuels\\\/fete-de-lenvironnement\\\/\",\"zoom\":10,\"extra_fields\":{\"%date_evenement_r%\":\"24 Mai 2025\",\"%date_evenement_fin_r%\":\"24 Mai 2025\",\"post_excerpt\":\"Le samedi 24 mai de 10h \\u00e0 minuit, la 5\\u00e8me \\u00e9dition de la \\u00ab F\\u00eate de l\\u2019Environnement \\u00bb sera organis\\u00e9e par la Mairie de Bram dans le Parc des Essars, le poumon vert de la commune. Son objectif est de permettre \\u00e0 tous de d\\u00e9couvrir les initiatives locales et de se familiariser avec les gestes [&hellip;]\",\"post_content\":\"Le samedi 24 mai de 10h \\u00e0 minuit, la 5\\u00e8me \\u00e9dition de la \\u00ab F\\u00eate de l\\u2019Environnement \\u00bb sera organis\\u00e9e par la Mairie de Bram dans le Parc des Essars, le poumon vert de la commune.\\n\\nSon objectif est de permettre \\u00e0 tous de d\\u00e9couvrir les initiatives locales et de se familiariser avec les gestes simples \\u00e0 appliquer au quotidien pour pr\\u00e9server notre plan\\u00e8te.\\nDes animations familiales, des jeux, de la grimpe dans les arbres, un march\\u00e9 bio et artisanal, des ateliers, des d\\u00e9monstrations et des spectacles rythmeront cette journ\\u00e9e.\\n\\nLa ville de Bram, en partenariat avec les associations locales et plusieurs partenaires institutionnels, r\\u00e9unissent pour ce grand \\u00e9v\\u00e8nement de nombreux acteurs de la transition \\u00e9cologique.\\nD\\u00e9veloppement durable, \\u00e9cogestes, recyclage des d\\u00e9chets, r\\u00e9paration d\\u2019objets, nouveaux modes de mobilit\\u00e9, r\\u00e9novation \\u00e9nerg\\u00e9tique, respect de la nature et de la biodiversit\\u00e9 seront au programme.\\n\",\"post_title\":\"F\\u00caTE DE L&#8217;ENVIRONNEMENT\",\"post_link\":\"https:\\\/\\\/collinescathares.com\\\/es\\\/evenements-ponctuels\\\/fete-de-lenvironnement\\\/\",\"post_featured_image\":\"<div class=\\\"fc-feature-img\\\"><img alt=\\\"F\\u00caTE DE L&#8217;ENVIRONNEMENT\\\" width=\\\"300\\\" height=\\\"225\\\" src=\\\"https:\\\/\\\/collinescathares.com\\\/wp-content\\\/uploads\\\/2025\\\/03\\\/FETE-DE-L-ENVIRONNEMENT-300x225.jpg\\\" class=\\\"wp-post-image   wpgmp_featured_image\\\" ><\\\/div>\",\"post_categories\":\"Ev\\u00e9nements ponctuels\",\"post_tags\":\"\",\"%_encloseme%\":\"1\",\"%_thumbnail_id%\":\"251539\",\"%ville_r%\":\"BRAM\",\"%_ville_r%\":\"field_5efc3a17e12c5\",\"%cp_r%\":\"11150\",\"%_cp_r%\":\"field_5efc3a47e12ca\",\"%tarifs_r%\":\"\",\"%_tarifs_r%\":\"field_5efc3a22e12c6\",\"%adresse_r%\":\"Avenue Georges Cl\\u00e9menceau\",\"%_adresse_r%\":\"field_5efc3a2ee12c7\",\"%carte_r%\":\"Avenue Georges Cl\\u00e9menceau 11150 BRAM, 43.2415079, 2.11200945, 14\",\"%_carte_r%\":\"field_5efc4ed05494a\",\"%labels_r%\":\"\",\"%_labels_r%\":\"field_5f3a47134470d\",\"%handicap_r%\":\"\",\"%_handicap_r%\":\"field_5f3a471a4470e\",\"%offres_promotionnelles_r%\":\"\",\"%_offres_promotionnelles_r%\":\"field_5f3a472d4470f\",\"%telephone_r%\":\"\",\"%_telephone_r%\":\"field_5efc3a39e12c8\",\"%email_r%\":\"\",\"%_email_r%\":\"field_5efc3a40e12c9\",\"%idunique_r%\":\"FMALAR011V515PTY\",\"%_idunique_r%\":\"field_5f04335c562b3\",\"%site_r%\":\"https:\\\/\\\/www.villedebram.fr\\\/\",\"%_site_r%\":\"field_5efc4d652a106\",\"%_date_evenement_r%\":\"field_5f0348f37d5bd\",\"%_date_evenement_fin_r%\":\"field_5f3a4540d0781\",\"%horaires_evenement_r%\":\"10:00 \\\/ 00:00\",\"%_horaires_evenement_r%\":\"field_5f3a4550d0782\",\"%type_r%\":\"D\\u00e9bat \\\/ Conf\\u00e9rence\",\"%_type_r%\":\"field_5f057b5365cd7\",\"%classification_r%\":\"\",\"%_classification_r%\":\"field_5f3a3af81a328\",\"%classement_prefectoral_r%\":\"\",\"%_classement_prefectoral_r%\":\"field_5f3a473444710\",\"%datetri_r%\":\"1748044800\",\"%_datetri_r%\":\"field_5f3a8a82002b1\",\"%langage_r%\":\"FR\",\"%_langage_r%\":\"field_5f3be5649f374\",\"%_wpgmp_location_address%\":\"Avenue Georges Cl\\u00e9menceau 11150 BRAM\",\"%_wpgmp_location_city%\":\"BRAM\",\"%_wpgmp_location_state%\":\"\",\"%_wpgmp_location_country%\":\"France\",\"%_wpgmp_metabox_marker_id%\":\"a:1:{i:0;i:8;}\",\"%_wpgmp_map_id%\":\"a:1:{i:0;i:21;}\",\"%_wpgmp_metabox_latitude%\":\"43.2415079\",\"%_wpgmp_metabox_longitude%\":\"2.11200945\",\"%_wpgmp_metabox_location_redirect%\":\"post\",\"%_wpgmp_metabox_custom_link%\":\"\",\"%_wpgmp_metabox_taxomomies_terms%\":\"N;\",\"%_wpgmp_extensions_fields%\":\"N;\",\"%_wpml_word_count%\":\"163\",\"%galerie_image_r%\":\"251539\",\"%_galerie_image_r%\":\"field_5f3bd339f8130\",\"taxonomy=category\":\"Ev\\u00e9nements ponctuels\",\"taxonomy=post_tag\":\"\",\"taxonomy=post_format\":\"\",\"taxonomy=translation_priority\":\"Opcional\"},\"icon\":\"https:\\\/\\\/collinescathares.com\\\/wp-content\\\/uploads\\\/2020\\\/07\\\/pointeur_vert.svg\"},\"id\":252487,\"custom_filters\":{\"type_r\":\"D\\u00e9bat \\\/ Conf\\u00e9rence\",\"datetri_r\":\"1748044800\"},\"infowindow_disable\":false,\"categories\":[{\"icon\":\"https:\\\/\\\/collinescathares.com\\\/wp-content\\\/uploads\\\/2020\\\/07\\\/pointeur_vert.svg\",\"name\":\"Ev\\u00e9nements ponctuels\",\"id\":\"8\",\"type\":\"category\"}]},{\"source\":\"post\",\"title\":\"MARCH\\u00c9 DE PRODUCTEURS ET VIDE-GRENIERS\",\"infowindow_content\":\"<div class=\\\"fc-main\\\"><div class=\\\"fc-item-title\\\">MARCH\\u00c9 DE PRODUCTEURS ET VIDE-GRENIERS <span class=\\\"fc-badge info\\\">Ev\\u00e9nements ponctuels<\\\/span><\\\/div> <div class=\\\"fc-item-featured_image\\\"><div class=\\\"fc-feature-img\\\"><img alt=\\\"MARCH\\u00c9 DE PRODUCTEURS ET VIDE-GRENIERS\\\" width=\\\"300\\\" height=\\\"225\\\" src=\\\"https:\\\/\\\/collinescathares.com\\\/wp-content\\\/uploads\\\/2025\\\/02\\\/MARCHE-DE-PRODUCTEURS-ET-VIDE-GRENIERS-2-300x225.jpg\\\" class=\\\"wp-post-image   wpgmp_featured_image\\\" ><\\\/div> <\\\/div>Chaque 1er dimanche du mois (d&#8217;avril \\u00e0 octobre), le Cercle Culturel Montr\\u00e9alais vous propose un march\\u00e9 de producteurs au c\\u0153ur du charmant village de Montr\\u00e9al de l&#8217;Aude. Fruits et l\\u00e9gumes, fromages&#8230; Vous y trouverez une belle gamme de produits locaux. Le march\\u00e9 est compl\\u00e9t\\u00e9 d&#8217;un vide-greniers qui vous permettra de repartir avec de jolies trouvailles [&hellip;]<address><b>Adresse : <\\\/b>{marker_address}<\\\/address><a class=\\\"fc-btn fc-btn-small fc-btn-red\\\" href=\\\"https:\\\/\\\/collinescathares.com\\\/es\\\/evenements-ponctuels\\\/marche-de-producteurs-et-vide-greniers-6\\\/\\\">En savoir plus<\\\/a><\\\/div>\",\"content\":\"Chaque 1er dimanche du mois (d&#8217;avril \\u00e0 octobre), le Cercle Culturel Montr\\u00e9alais vous propose un march\\u00e9 de producteurs au c\\u0153ur du charmant village de Montr\\u00e9al de l&#8217;Aude. Fruits et l\\u00e9gumes, fromages&#8230; Vous y trouverez une belle gamme de produits locaux. Le march\\u00e9 est compl\\u00e9t\\u00e9 d&#8217;un vide-greniers qui vous permettra de repartir avec de jolies trouvailles [&hellip;]\",\"address\":\" 11290 MONTREAL\",\"location\":{\"lat\":\"43.1993360\",\"city\":\"MONTREAL\",\"country\":\"France\",\"lng\":\"2.14264736\",\"onclick_action\":\"post\",\"redirect_permalink\":\"https:\\\/\\\/collinescathares.com\\\/es\\\/evenements-ponctuels\\\/marche-de-producteurs-et-vide-greniers-6\\\/\",\"zoom\":10,\"extra_fields\":{\"%date_evenement_r%\":\"05 Octobre 2025\",\"%date_evenement_fin_r%\":\"05 Octobre 2025\",\"post_excerpt\":\"Chaque 1er dimanche du mois (d&#8217;avril \\u00e0 octobre), le Cercle Culturel Montr\\u00e9alais vous propose un march\\u00e9 de producteurs au c\\u0153ur du charmant village de Montr\\u00e9al de l&#8217;Aude. Fruits et l\\u00e9gumes, fromages&#8230; Vous y trouverez une belle gamme de produits locaux. Le march\\u00e9 est compl\\u00e9t\\u00e9 d&#8217;un vide-greniers qui vous permettra de repartir avec de jolies trouvailles [&hellip;]\",\"post_content\":\"Chaque 1er dimanche du mois (d'avril \\u00e0 octobre), le Cercle Culturel Montr\\u00e9alais vous propose un march\\u00e9 de producteurs au c\\u0153ur du charmant village de Montr\\u00e9al de l'Aude. Fruits et l\\u00e9gumes, fromages... Vous y trouverez une belle gamme de produits locaux.\\n\\nLe march\\u00e9 est compl\\u00e9t\\u00e9 d'un vide-greniers qui vous permettra de repartir avec de jolies trouvailles : des vieux objets, des livres, des meubles, des v\\u00eatements vintage\\u2026\",\"post_title\":\"MARCH\\u00c9 DE PRODUCTEURS ET VIDE-GRENIERS\",\"post_link\":\"https:\\\/\\\/collinescathares.com\\\/es\\\/evenements-ponctuels\\\/marche-de-producteurs-et-vide-greniers-6\\\/\",\"post_featured_image\":\"<div class=\\\"fc-feature-img\\\"><img alt=\\\"MARCH\\u00c9 DE PRODUCTEURS ET VIDE-GRENIERS\\\" width=\\\"300\\\" height=\\\"225\\\" src=\\\"https:\\\/\\\/collinescathares.com\\\/wp-content\\\/uploads\\\/2025\\\/02\\\/MARCHE-DE-PRODUCTEURS-ET-VIDE-GRENIERS-2-300x225.jpg\\\" class=\\\"wp-post-image   wpgmp_featured_image\\\" ><\\\/div>\",\"post_categories\":\"Ev\\u00e9nements ponctuels\",\"post_tags\":\"\",\"%_encloseme%\":\"1\",\"%_thumbnail_id%\":\"251414\",\"%ville_r%\":\"MONTREAL\",\"%_ville_r%\":\"field_5efc3a17e12c5\",\"%cp_r%\":\"11290\",\"%_cp_r%\":\"field_5efc3a47e12ca\",\"%tarifs_r%\":\"\",\"%_tarifs_r%\":\"field_5efc3a22e12c6\",\"%carte_r%\":\" 11290 MONTREAL, 43.1993360, 2.14264736, 14\",\"%_carte_r%\":\"field_5efc4ed05494a\",\"%labels_r%\":\"\",\"%_labels_r%\":\"field_5f3a47134470d\",\"%handicap_r%\":\"\",\"%_handicap_r%\":\"field_5f3a471a4470e\",\"%offres_promotionnelles_r%\":\"\",\"%_offres_promotionnelles_r%\":\"field_5f3a472d4470f\",\"%telephone_r%\":\" Port : +33 6 22 44 60 65\",\"%_telephone_r%\":\"field_5efc3a39e12c8\",\"%email_r%\":\"christian.ales@bbox.fr\",\"%_email_r%\":\"field_5efc3a40e12c9\",\"%idunique_r%\":\"FMALAR011V515O84\",\"%_idunique_r%\":\"field_5f04335c562b3\",\"%site_r%\":\"\",\"%_site_r%\":\"field_5efc4d652a106\",\"%_date_evenement_r%\":\"field_5f0348f37d5bd\",\"%_date_evenement_fin_r%\":\"field_5f3a4540d0781\",\"%horaires_evenement_r%\":\"08:00 \\\/ 18:00\",\"%_horaires_evenement_r%\":\"field_5f3a4550d0782\",\"%type_r%\":\"March\\u00e9\",\"%_type_r%\":\"field_5f057b5365cd7\",\"%classification_r%\":\"\",\"%_classification_r%\":\"field_5f3a3af81a328\",\"%classement_prefectoral_r%\":\"\",\"%_classement_prefectoral_r%\":\"field_5f3a473444710\",\"%datetri_r%\":\"1759622400\",\"%_datetri_r%\":\"field_5f3a8a82002b1\",\"%langage_r%\":\"FR\",\"%_langage_r%\":\"field_5f3be5649f374\",\"%_wpgmp_location_address%\":\" 11290 MONTREAL\",\"%_wpgmp_location_city%\":\"MONTREAL\",\"%_wpgmp_location_state%\":\"\",\"%_wpgmp_location_country%\":\"France\",\"%_wpgmp_metabox_marker_id%\":\"a:1:{i:0;i:8;}\",\"%_wpgmp_map_id%\":\"a:1:{i:0;i:21;}\",\"%_wpgmp_metabox_latitude%\":\"43.1993360\",\"%_wpgmp_metabox_longitude%\":\"2.14264736\",\"%_wpgmp_metabox_location_redirect%\":\"post\",\"%_wpgmp_metabox_custom_link%\":\"\",\"%_wpgmp_metabox_taxomomies_terms%\":\"N;\",\"%_wpgmp_extensions_fields%\":\"N;\",\"%_wpml_word_count%\":\"80\",\"%galerie_image_r%\":\"251414\",\"%_galerie_image_r%\":\"field_5f3bd339f8130\",\"taxonomy=category\":\"Ev\\u00e9nements ponctuels\",\"taxonomy=post_tag\":\"\",\"taxonomy=post_format\":\"\",\"taxonomy=translation_priority\":\"Opcional\"},\"icon\":\"https:\\\/\\\/collinescathares.com\\\/wp-content\\\/uploads\\\/2020\\\/07\\\/pointeur_vert.svg\"},\"id\":252483,\"custom_filters\":{\"type_r\":\"March\\u00e9\",\"datetri_r\":\"1759622400\"},\"infowindow_disable\":false,\"categories\":[{\"icon\":\"https:\\\/\\\/collinescathares.com\\\/wp-content\\\/uploads\\\/2020\\\/07\\\/pointeur_vert.svg\",\"name\":\"Ev\\u00e9nements ponctuels\",\"id\":\"8\",\"type\":\"category\"}]},{\"source\":\"post\",\"title\":\"MARCH\\u00c9 DE PRODUCTEURS ET VIDE-GRENIERS\",\"infowindow_content\":\"<div class=\\\"fc-main\\\"><div class=\\\"fc-item-title\\\">MARCH\\u00c9 DE PRODUCTEURS ET VIDE-GRENIERS <span class=\\\"fc-badge info\\\">Ev\\u00e9nements ponctuels<\\\/span><\\\/div> <div class=\\\"fc-item-featured_image\\\"><div class=\\\"fc-feature-img\\\"><img alt=\\\"MARCH\\u00c9 DE PRODUCTEURS ET VIDE-GRENIERS\\\" width=\\\"300\\\" height=\\\"225\\\" src=\\\"https:\\\/\\\/collinescathares.com\\\/wp-content\\\/uploads\\\/2025\\\/02\\\/MARCHE-DE-PRODUCTEURS-ET-VIDE-GRENIERS-2-300x225.jpg\\\" class=\\\"wp-post-image   wpgmp_featured_image\\\" ><\\\/div> <\\\/div>Chaque 1er dimanche du mois (d&#8217;avril \\u00e0 octobre), le Cercle Culturel Montr\\u00e9alais vous propose un march\\u00e9 de producteurs au c\\u0153ur du charmant village de Montr\\u00e9al de l&#8217;Aude. Fruits et l\\u00e9gumes, fromages&#8230; Vous y trouverez une belle gamme de produits locaux. Le march\\u00e9 est compl\\u00e9t\\u00e9 d&#8217;un vide-greniers qui vous permettra de repartir avec de jolies trouvailles [&hellip;]<address><b>Adresse : <\\\/b>{marker_address}<\\\/address><a class=\\\"fc-btn fc-btn-small fc-btn-red\\\" href=\\\"https:\\\/\\\/collinescathares.com\\\/es\\\/evenements-ponctuels\\\/marche-de-producteurs-et-vide-greniers-5\\\/\\\">En savoir plus<\\\/a><\\\/div>\",\"content\":\"Chaque 1er dimanche du mois (d&#8217;avril \\u00e0 octobre), le Cercle Culturel Montr\\u00e9alais vous propose un march\\u00e9 de producteurs au c\\u0153ur du charmant village de Montr\\u00e9al de l&#8217;Aude. Fruits et l\\u00e9gumes, fromages&#8230; Vous y trouverez une belle gamme de produits locaux. Le march\\u00e9 est compl\\u00e9t\\u00e9 d&#8217;un vide-greniers qui vous permettra de repartir avec de jolies trouvailles [&hellip;]\",\"address\":\" 11290 MONTREAL\",\"location\":{\"lat\":\"43.1993360\",\"city\":\"MONTREAL\",\"country\":\"France\",\"lng\":\"2.14264736\",\"onclick_action\":\"post\",\"redirect_permalink\":\"https:\\\/\\\/collinescathares.com\\\/es\\\/evenements-ponctuels\\\/marche-de-producteurs-et-vide-greniers-5\\\/\",\"zoom\":10,\"extra_fields\":{\"%date_evenement_r%\":\"07 Septembre 2025\",\"%date_evenement_fin_r%\":\"07 Septembre 2025\",\"post_excerpt\":\"Chaque 1er dimanche du mois (d&#8217;avril \\u00e0 octobre), le Cercle Culturel Montr\\u00e9alais vous propose un march\\u00e9 de producteurs au c\\u0153ur du charmant village de Montr\\u00e9al de l&#8217;Aude. Fruits et l\\u00e9gumes, fromages&#8230; Vous y trouverez une belle gamme de produits locaux. Le march\\u00e9 est compl\\u00e9t\\u00e9 d&#8217;un vide-greniers qui vous permettra de repartir avec de jolies trouvailles [&hellip;]\",\"post_content\":\"Chaque 1er dimanche du mois (d'avril \\u00e0 octobre), le Cercle Culturel Montr\\u00e9alais vous propose un march\\u00e9 de producteurs au c\\u0153ur du charmant village de Montr\\u00e9al de l'Aude. Fruits et l\\u00e9gumes, fromages... Vous y trouverez une belle gamme de produits locaux.\\n\\nLe march\\u00e9 est compl\\u00e9t\\u00e9 d'un vide-greniers qui vous permettra de repartir avec de jolies trouvailles : des vieux objets, des livres, des meubles, des v\\u00eatements vintage\\u2026\",\"post_title\":\"MARCH\\u00c9 DE PRODUCTEURS ET VIDE-GRENIERS\",\"post_link\":\"https:\\\/\\\/collinescathares.com\\\/es\\\/evenements-ponctuels\\\/marche-de-producteurs-et-vide-greniers-5\\\/\",\"post_featured_image\":\"<div class=\\\"fc-feature-img\\\"><img alt=\\\"MARCH\\u00c9 DE PRODUCTEURS ET VIDE-GRENIERS\\\" width=\\\"300\\\" height=\\\"225\\\" src=\\\"https:\\\/\\\/collinescathares.com\\\/wp-content\\\/uploads\\\/2025\\\/02\\\/MARCHE-DE-PRODUCTEURS-ET-VIDE-GRENIERS-2-300x225.jpg\\\" class=\\\"wp-post-image   wpgmp_featured_image\\\" ><\\\/div>\",\"post_categories\":\"Ev\\u00e9nements ponctuels\",\"post_tags\":\"\",\"%_encloseme%\":\"1\",\"%_thumbnail_id%\":\"251414\",\"%ville_r%\":\"MONTREAL\",\"%_ville_r%\":\"field_5efc3a17e12c5\",\"%cp_r%\":\"11290\",\"%_cp_r%\":\"field_5efc3a47e12ca\",\"%tarifs_r%\":\"\",\"%_tarifs_r%\":\"field_5efc3a22e12c6\",\"%carte_r%\":\" 11290 MONTREAL, 43.1993360, 2.14264736, 14\",\"%_carte_r%\":\"field_5efc4ed05494a\",\"%labels_r%\":\"\",\"%_labels_r%\":\"field_5f3a47134470d\",\"%handicap_r%\":\"\",\"%_handicap_r%\":\"field_5f3a471a4470e\",\"%offres_promotionnelles_r%\":\"\",\"%_offres_promotionnelles_r%\":\"field_5f3a472d4470f\",\"%telephone_r%\":\" Port : +33 6 22 44 60 65\",\"%_telephone_r%\":\"field_5efc3a39e12c8\",\"%email_r%\":\"christian.ales@bbox.fr\",\"%_email_r%\":\"field_5efc3a40e12c9\",\"%idunique_r%\":\"FMALAR011V515O81\",\"%_idunique_r%\":\"field_5f04335c562b3\",\"%site_r%\":\"\",\"%_site_r%\":\"field_5efc4d652a106\",\"%_date_evenement_r%\":\"field_5f0348f37d5bd\",\"%_date_evenement_fin_r%\":\"field_5f3a4540d0781\",\"%horaires_evenement_r%\":\"08:00 \\\/ 18:00\",\"%_horaires_evenement_r%\":\"field_5f3a4550d0782\",\"%type_r%\":\"March\\u00e9\",\"%_type_r%\":\"field_5f057b5365cd7\",\"%classification_r%\":\"\",\"%_classification_r%\":\"field_5f3a3af81a328\",\"%classement_prefectoral_r%\":\"\",\"%_classement_prefectoral_r%\":\"field_5f3a473444710\",\"%datetri_r%\":\"1757203200\",\"%_datetri_r%\":\"field_5f3a8a82002b1\",\"%langage_r%\":\"FR\",\"%_langage_r%\":\"field_5f3be5649f374\",\"%_wpgmp_location_address%\":\" 11290 MONTREAL\",\"%_wpgmp_location_city%\":\"MONTREAL\",\"%_wpgmp_location_state%\":\"\",\"%_wpgmp_location_country%\":\"France\",\"%_wpgmp_metabox_marker_id%\":\"a:1:{i:0;i:8;}\",\"%_wpgmp_map_id%\":\"a:1:{i:0;i:21;}\",\"%_wpgmp_metabox_latitude%\":\"43.1993360\",\"%_wpgmp_metabox_longitude%\":\"2.14264736\",\"%_wpgmp_metabox_location_redirect%\":\"post\",\"%_wpgmp_metabox_custom_link%\":\"\",\"%_wpgmp_metabox_taxomomies_terms%\":\"N;\",\"%_wpgmp_extensions_fields%\":\"N;\",\"%_wpml_word_count%\":\"80\",\"%galerie_image_r%\":\"251414\",\"%_galerie_image_r%\":\"field_5f3bd339f8130\",\"%_elementor_page_assets%\":\"\",\"taxonomy=category\":\"Ev\\u00e9nements ponctuels\",\"taxonomy=post_tag\":\"\",\"taxonomy=post_format\":\"\",\"taxonomy=translation_priority\":\"Opcional\"},\"icon\":\"https:\\\/\\\/collinescathares.com\\\/wp-content\\\/uploads\\\/2020\\\/07\\\/pointeur_vert.svg\"},\"id\":252481,\"custom_filters\":{\"type_r\":\"March\\u00e9\",\"datetri_r\":\"1757203200\"},\"infowindow_disable\":false,\"categories\":[{\"icon\":\"https:\\\/\\\/collinescathares.com\\\/wp-content\\\/uploads\\\/2020\\\/07\\\/pointeur_vert.svg\",\"name\":\"Ev\\u00e9nements ponctuels\",\"id\":\"8\",\"type\":\"category\"}]},{\"source\":\"post\",\"title\":\"MARCH\\u00c9 DE PRODUCTEURS ET VIDE-GRENIERS\",\"infowindow_content\":\"<div class=\\\"fc-main\\\"><div class=\\\"fc-item-title\\\">MARCH\\u00c9 DE PRODUCTEURS ET VIDE-GRENIERS <span class=\\\"fc-badge info\\\">Ev\\u00e9nements ponctuels<\\\/span><\\\/div> <div class=\\\"fc-item-featured_image\\\"><div class=\\\"fc-feature-img\\\"><img alt=\\\"MARCH\\u00c9 DE PRODUCTEURS ET VIDE-GRENIERS\\\" width=\\\"300\\\" height=\\\"225\\\" src=\\\"https:\\\/\\\/collinescathares.com\\\/wp-content\\\/uploads\\\/2025\\\/02\\\/MARCHE-DE-PRODUCTEURS-ET-VIDE-GRENIERS-2-300x225.jpg\\\" class=\\\"wp-post-image   wpgmp_featured_image\\\" ><\\\/div> <\\\/div>Chaque 1er dimanche du mois (d&#8217;avril \\u00e0 octobre), le Cercle Culturel Montr\\u00e9alais vous propose un march\\u00e9 de producteurs au c\\u0153ur du charmant village de Montr\\u00e9al de l&#8217;Aude. Fruits et l\\u00e9gumes, fromages&#8230; Vous y trouverez une belle gamme de produits locaux. Le march\\u00e9 est compl\\u00e9t\\u00e9 d&#8217;un vide-greniers qui vous permettra de repartir avec de jolies trouvailles [&hellip;]<address><b>Adresse : <\\\/b>{marker_address}<\\\/address><a class=\\\"fc-btn fc-btn-small fc-btn-red\\\" href=\\\"https:\\\/\\\/collinescathares.com\\\/es\\\/evenements-ponctuels\\\/marche-de-producteurs-et-vide-greniers-4\\\/\\\">En savoir plus<\\\/a><\\\/div>\",\"content\":\"Chaque 1er dimanche du mois (d&#8217;avril \\u00e0 octobre), le Cercle Culturel Montr\\u00e9alais vous propose un march\\u00e9 de producteurs au c\\u0153ur du charmant village de Montr\\u00e9al de l&#8217;Aude. Fruits et l\\u00e9gumes, fromages&#8230; Vous y trouverez une belle gamme de produits locaux. Le march\\u00e9 est compl\\u00e9t\\u00e9 d&#8217;un vide-greniers qui vous permettra de repartir avec de jolies trouvailles [&hellip;]\",\"address\":\" 11290 MONTREAL\",\"location\":{\"lat\":\"43.1993360\",\"city\":\"MONTREAL\",\"country\":\"France\",\"lng\":\"2.14264736\",\"onclick_action\":\"post\",\"redirect_permalink\":\"https:\\\/\\\/collinescathares.com\\\/es\\\/evenements-ponctuels\\\/marche-de-producteurs-et-vide-greniers-4\\\/\",\"zoom\":10,\"extra_fields\":{\"%date_evenement_r%\":\"03 Ao\\u00fbt 2025\",\"%date_evenement_fin_r%\":\"03 Ao\\u00fbt 2025\",\"post_excerpt\":\"Chaque 1er dimanche du mois (d&#8217;avril \\u00e0 octobre), le Cercle Culturel Montr\\u00e9alais vous propose un march\\u00e9 de producteurs au c\\u0153ur du charmant village de Montr\\u00e9al de l&#8217;Aude. Fruits et l\\u00e9gumes, fromages&#8230; Vous y trouverez une belle gamme de produits locaux. Le march\\u00e9 est compl\\u00e9t\\u00e9 d&#8217;un vide-greniers qui vous permettra de repartir avec de jolies trouvailles [&hellip;]\",\"post_content\":\"Chaque 1er dimanche du mois (d'avril \\u00e0 octobre), le Cercle Culturel Montr\\u00e9alais vous propose un march\\u00e9 de producteurs au c\\u0153ur du charmant village de Montr\\u00e9al de l'Aude. Fruits et l\\u00e9gumes, fromages... Vous y trouverez une belle gamme de produits locaux.\\n\\nLe march\\u00e9 est compl\\u00e9t\\u00e9 d'un vide-greniers qui vous permettra de repartir avec de jolies trouvailles : des vieux objets, des livres, des meubles, des v\\u00eatements vintage\\u2026\",\"post_title\":\"MARCH\\u00c9 DE PRODUCTEURS ET VIDE-GRENIERS\",\"post_link\":\"https:\\\/\\\/collinescathares.com\\\/es\\\/evenements-ponctuels\\\/marche-de-producteurs-et-vide-greniers-4\\\/\",\"post_featured_image\":\"<div class=\\\"fc-feature-img\\\"><img alt=\\\"MARCH\\u00c9 DE PRODUCTEURS ET VIDE-GRENIERS\\\" width=\\\"300\\\" height=\\\"225\\\" src=\\\"https:\\\/\\\/collinescathares.com\\\/wp-content\\\/uploads\\\/2025\\\/02\\\/MARCHE-DE-PRODUCTEURS-ET-VIDE-GRENIERS-2-300x225.jpg\\\" class=\\\"wp-post-image   wpgmp_featured_image\\\" ><\\\/div>\",\"post_categories\":\"Ev\\u00e9nements ponctuels\",\"post_tags\":\"\",\"%_encloseme%\":\"1\",\"%_thumbnail_id%\":\"251414\",\"%ville_r%\":\"MONTREAL\",\"%_ville_r%\":\"field_5efc3a17e12c5\",\"%cp_r%\":\"11290\",\"%_cp_r%\":\"field_5efc3a47e12ca\",\"%tarifs_r%\":\"\",\"%_tarifs_r%\":\"field_5efc3a22e12c6\",\"%carte_r%\":\" 11290 MONTREAL, 43.1993360, 2.14264736, 14\",\"%_carte_r%\":\"field_5efc4ed05494a\",\"%labels_r%\":\"\",\"%_labels_r%\":\"field_5f3a47134470d\",\"%handicap_r%\":\"\",\"%_handicap_r%\":\"field_5f3a471a4470e\",\"%offres_promotionnelles_r%\":\"\",\"%_offres_promotionnelles_r%\":\"field_5f3a472d4470f\",\"%telephone_r%\":\" Port : +33 6 22 44 60 65\",\"%_telephone_r%\":\"field_5efc3a39e12c8\",\"%email_r%\":\"christian.ales@bbox.fr\",\"%_email_r%\":\"field_5efc3a40e12c9\",\"%idunique_r%\":\"FMALAR011V515O7Y\",\"%_idunique_r%\":\"field_5f04335c562b3\",\"%site_r%\":\"\",\"%_site_r%\":\"field_5efc4d652a106\",\"%_date_evenement_r%\":\"field_5f0348f37d5bd\",\"%_date_evenement_fin_r%\":\"field_5f3a4540d0781\",\"%horaires_evenement_r%\":\"08:00 \\\/ 18:00\",\"%_horaires_evenement_r%\":\"field_5f3a4550d0782\",\"%type_r%\":\"March\\u00e9\",\"%_type_r%\":\"field_5f057b5365cd7\",\"%classification_r%\":\"\",\"%_classification_r%\":\"field_5f3a3af81a328\",\"%classement_prefectoral_r%\":\"\",\"%_classement_prefectoral_r%\":\"field_5f3a473444710\",\"%datetri_r%\":\"1754179200\",\"%_datetri_r%\":\"field_5f3a8a82002b1\",\"%langage_r%\":\"FR\",\"%_langage_r%\":\"field_5f3be5649f374\",\"%_wpgmp_location_address%\":\" 11290 MONTREAL\",\"%_wpgmp_location_city%\":\"MONTREAL\",\"%_wpgmp_location_state%\":\"\",\"%_wpgmp_location_country%\":\"France\",\"%_wpgmp_metabox_marker_id%\":\"a:1:{i:0;i:8;}\",\"%_wpgmp_map_id%\":\"a:1:{i:0;i:21;}\",\"%_wpgmp_metabox_latitude%\":\"43.1993360\",\"%_wpgmp_metabox_longitude%\":\"2.14264736\",\"%_wpgmp_metabox_location_redirect%\":\"post\",\"%_wpgmp_metabox_custom_link%\":\"\",\"%_wpgmp_metabox_taxomomies_terms%\":\"N;\",\"%_wpgmp_extensions_fields%\":\"N;\",\"%_wpml_word_count%\":\"80\",\"%galerie_image_r%\":\"251414\",\"%_galerie_image_r%\":\"field_5f3bd339f8130\",\"taxonomy=category\":\"Ev\\u00e9nements ponctuels\",\"taxonomy=post_tag\":\"\",\"taxonomy=post_format\":\"\",\"taxonomy=translation_priority\":\"Opcional\"},\"icon\":\"https:\\\/\\\/collinescathares.com\\\/wp-content\\\/uploads\\\/2020\\\/07\\\/pointeur_vert.svg\"},\"id\":252479,\"custom_filters\":{\"type_r\":\"March\\u00e9\",\"datetri_r\":\"1754179200\"},\"infowindow_disable\":false,\"categories\":[{\"icon\":\"https:\\\/\\\/collinescathares.com\\\/wp-content\\\/uploads\\\/2020\\\/07\\\/pointeur_vert.svg\",\"name\":\"Ev\\u00e9nements ponctuels\",\"id\":\"8\",\"type\":\"category\"}]},{\"source\":\"post\",\"title\":\"MARCH\\u00c9 DE PRODUCTEURS ET VIDE-GRENIERS\",\"infowindow_content\":\"<div class=\\\"fc-main\\\"><div class=\\\"fc-item-title\\\">MARCH\\u00c9 DE PRODUCTEURS ET VIDE-GRENIERS <span class=\\\"fc-badge info\\\">Ev\\u00e9nements ponctuels<\\\/span><\\\/div> <div class=\\\"fc-item-featured_image\\\"><div class=\\\"fc-feature-img\\\"><img alt=\\\"MARCH\\u00c9 DE PRODUCTEURS ET VIDE-GRENIERS\\\" width=\\\"300\\\" height=\\\"225\\\" src=\\\"https:\\\/\\\/collinescathares.com\\\/wp-content\\\/uploads\\\/2025\\\/02\\\/MARCHE-DE-PRODUCTEURS-ET-VIDE-GRENIERS-2-300x225.jpg\\\" class=\\\"wp-post-image   wpgmp_featured_image\\\" ><\\\/div> <\\\/div>Chaque 1er dimanche du mois (d&#8217;avril \\u00e0 octobre), le Cercle Culturel Montr\\u00e9alais vous propose un march\\u00e9 de producteurs au c\\u0153ur du charmant village de Montr\\u00e9al de l&#8217;Aude. Fruits et l\\u00e9gumes, fromages&#8230; Vous y trouverez une belle gamme de produits locaux. Le march\\u00e9 est compl\\u00e9t\\u00e9 d&#8217;un vide-greniers qui vous permettra de repartir avec de jolies trouvailles [&hellip;]<address><b>Adresse : <\\\/b>{marker_address}<\\\/address><a class=\\\"fc-btn fc-btn-small fc-btn-red\\\" href=\\\"https:\\\/\\\/collinescathares.com\\\/es\\\/evenements-ponctuels\\\/marche-de-producteurs-et-vide-greniers-3\\\/\\\">En savoir plus<\\\/a><\\\/div>\",\"content\":\"Chaque 1er dimanche du mois (d&#8217;avril \\u00e0 octobre), le Cercle Culturel Montr\\u00e9alais vous propose un march\\u00e9 de producteurs au c\\u0153ur du charmant village de Montr\\u00e9al de l&#8217;Aude. Fruits et l\\u00e9gumes, fromages&#8230; Vous y trouverez une belle gamme de produits locaux. Le march\\u00e9 est compl\\u00e9t\\u00e9 d&#8217;un vide-greniers qui vous permettra de repartir avec de jolies trouvailles [&hellip;]\",\"address\":\" 11290 MONTREAL\",\"location\":{\"lat\":\"43.1993360\",\"city\":\"MONTREAL\",\"country\":\"France\",\"lng\":\"2.14264736\",\"onclick_action\":\"post\",\"redirect_permalink\":\"https:\\\/\\\/collinescathares.com\\\/es\\\/evenements-ponctuels\\\/marche-de-producteurs-et-vide-greniers-3\\\/\",\"zoom\":10,\"extra_fields\":{\"%date_evenement_r%\":\"06 Juillet 2025\",\"%date_evenement_fin_r%\":\"06 Juillet 2025\",\"post_excerpt\":\"Chaque 1er dimanche du mois (d&#8217;avril \\u00e0 octobre), le Cercle Culturel Montr\\u00e9alais vous propose un march\\u00e9 de producteurs au c\\u0153ur du charmant village de Montr\\u00e9al de l&#8217;Aude. Fruits et l\\u00e9gumes, fromages&#8230; Vous y trouverez une belle gamme de produits locaux. Le march\\u00e9 est compl\\u00e9t\\u00e9 d&#8217;un vide-greniers qui vous permettra de repartir avec de jolies trouvailles [&hellip;]\",\"post_content\":\"Chaque 1er dimanche du mois (d'avril \\u00e0 octobre), le Cercle Culturel Montr\\u00e9alais vous propose un march\\u00e9 de producteurs au c\\u0153ur du charmant village de Montr\\u00e9al de l'Aude. Fruits et l\\u00e9gumes, fromages... Vous y trouverez une belle gamme de produits locaux.\\n\\nLe march\\u00e9 est compl\\u00e9t\\u00e9 d'un vide-greniers qui vous permettra de repartir avec de jolies trouvailles : des vieux objets, des livres, des meubles, des v\\u00eatements vintage\\u2026\",\"post_title\":\"MARCH\\u00c9 DE PRODUCTEURS ET VIDE-GRENIERS\",\"post_link\":\"https:\\\/\\\/collinescathares.com\\\/es\\\/evenements-ponctuels\\\/marche-de-producteurs-et-vide-greniers-3\\\/\",\"post_featured_image\":\"<div class=\\\"fc-feature-img\\\"><img alt=\\\"MARCH\\u00c9 DE PRODUCTEURS ET VIDE-GRENIERS\\\" width=\\\"300\\\" height=\\\"225\\\" src=\\\"https:\\\/\\\/collinescathares.com\\\/wp-content\\\/uploads\\\/2025\\\/02\\\/MARCHE-DE-PRODUCTEURS-ET-VIDE-GRENIERS-2-300x225.jpg\\\" class=\\\"wp-post-image   wpgmp_featured_image\\\" ><\\\/div>\",\"post_categories\":\"Ev\\u00e9nements ponctuels\",\"post_tags\":\"\",\"%_encloseme%\":\"1\",\"%_thumbnail_id%\":\"251414\",\"%ville_r%\":\"MONTREAL\",\"%_ville_r%\":\"field_5efc3a17e12c5\",\"%cp_r%\":\"11290\",\"%_cp_r%\":\"field_5efc3a47e12ca\",\"%tarifs_r%\":\"\",\"%_tarifs_r%\":\"field_5efc3a22e12c6\",\"%carte_r%\":\" 11290 MONTREAL, 43.1993360, 2.14264736, 14\",\"%_carte_r%\":\"field_5efc4ed05494a\",\"%labels_r%\":\"\",\"%_labels_r%\":\"field_5f3a47134470d\",\"%handicap_r%\":\"\",\"%_handicap_r%\":\"field_5f3a471a4470e\",\"%offres_promotionnelles_r%\":\"\",\"%_offres_promotionnelles_r%\":\"field_5f3a472d4470f\",\"%telephone_r%\":\" Port : +33 6 22 44 60 65\",\"%_telephone_r%\":\"field_5efc3a39e12c8\",\"%email_r%\":\"christian.ales@bbox.fr\",\"%_email_r%\":\"field_5efc3a40e12c9\",\"%idunique_r%\":\"FMALAR011V515O7X\",\"%_idunique_r%\":\"field_5f04335c562b3\",\"%site_r%\":\"\",\"%_site_r%\":\"field_5efc4d652a106\",\"%_date_evenement_r%\":\"field_5f0348f37d5bd\",\"%_date_evenement_fin_r%\":\"field_5f3a4540d0781\",\"%horaires_evenement_r%\":\"08:00 \\\/ 18:00\",\"%_horaires_evenement_r%\":\"field_5f3a4550d0782\",\"%type_r%\":\"March\\u00e9\",\"%_type_r%\":\"field_5f057b5365cd7\",\"%classification_r%\":\"\",\"%_classification_r%\":\"field_5f3a3af81a328\",\"%classement_prefectoral_r%\":\"\",\"%_classement_prefectoral_r%\":\"field_5f3a473444710\",\"%datetri_r%\":\"1751760000\",\"%_datetri_r%\":\"field_5f3a8a82002b1\",\"%langage_r%\":\"FR\",\"%_langage_r%\":\"field_5f3be5649f374\",\"%_wpgmp_location_address%\":\" 11290 MONTREAL\",\"%_wpgmp_location_city%\":\"MONTREAL\",\"%_wpgmp_location_state%\":\"\",\"%_wpgmp_location_country%\":\"France\",\"%_wpgmp_metabox_marker_id%\":\"a:1:{i:0;i:8;}\",\"%_wpgmp_map_id%\":\"a:1:{i:0;i:21;}\",\"%_wpgmp_metabox_latitude%\":\"43.1993360\",\"%_wpgmp_metabox_longitude%\":\"2.14264736\",\"%_wpgmp_metabox_location_redirect%\":\"post\",\"%_wpgmp_metabox_custom_link%\":\"\",\"%_wpgmp_metabox_taxomomies_terms%\":\"N;\",\"%_wpgmp_extensions_fields%\":\"N;\",\"%_wpml_word_count%\":\"80\",\"%galerie_image_r%\":\"251414\",\"%_galerie_image_r%\":\"field_5f3bd339f8130\",\"%_elementor_page_assets%\":\"\",\"taxonomy=category\":\"Ev\\u00e9nements ponctuels\",\"taxonomy=post_tag\":\"\",\"taxonomy=post_format\":\"\",\"taxonomy=translation_priority\":\"Opcional\"},\"icon\":\"https:\\\/\\\/collinescathares.com\\\/wp-content\\\/uploads\\\/2020\\\/07\\\/pointeur_vert.svg\"},\"id\":252477,\"custom_filters\":{\"type_r\":\"March\\u00e9\",\"datetri_r\":\"1751760000\"},\"infowindow_disable\":false,\"categories\":[{\"icon\":\"https:\\\/\\\/collinescathares.com\\\/wp-content\\\/uploads\\\/2020\\\/07\\\/pointeur_vert.svg\",\"name\":\"Ev\\u00e9nements ponctuels\",\"id\":\"8\",\"type\":\"category\"}]},{\"source\":\"post\",\"title\":\"MARCH\\u00c9 DE PRODUCTEURS ET VIDE-GRENIERS\",\"infowindow_content\":\"<div class=\\\"fc-main\\\"><div class=\\\"fc-item-title\\\">MARCH\\u00c9 DE PRODUCTEURS ET VIDE-GRENIERS <span class=\\\"fc-badge info\\\">Ev\\u00e9nements ponctuels<\\\/span><\\\/div> <div class=\\\"fc-item-featured_image\\\"><div class=\\\"fc-feature-img\\\"><img alt=\\\"MARCH\\u00c9 DE PRODUCTEURS ET VIDE-GRENIERS\\\" width=\\\"300\\\" height=\\\"225\\\" src=\\\"https:\\\/\\\/collinescathares.com\\\/wp-content\\\/uploads\\\/2025\\\/02\\\/MARCHE-DE-PRODUCTEURS-ET-VIDE-GRENIERS-2-300x225.jpg\\\" class=\\\"wp-post-image   wpgmp_featured_image\\\" ><\\\/div> <\\\/div>Chaque 1er dimanche du mois (d&#8217;avril \\u00e0 octobre), le Cercle Culturel Montr\\u00e9alais vous propose un march\\u00e9 de producteurs au c\\u0153ur du charmant village de Montr\\u00e9al de l&#8217;Aude. Fruits et l\\u00e9gumes, fromages&#8230; Vous y trouverez une belle gamme de produits locaux. Le march\\u00e9 est compl\\u00e9t\\u00e9 d&#8217;un vide-greniers qui vous permettra de repartir avec de jolies trouvailles [&hellip;]<address><b>Adresse : <\\\/b>{marker_address}<\\\/address><a class=\\\"fc-btn fc-btn-small fc-btn-red\\\" href=\\\"https:\\\/\\\/collinescathares.com\\\/es\\\/evenements-ponctuels\\\/marche-de-producteurs-et-vide-greniers-2\\\/\\\">En savoir plus<\\\/a><\\\/div>\",\"content\":\"Chaque 1er dimanche du mois (d&#8217;avril \\u00e0 octobre), le Cercle Culturel Montr\\u00e9alais vous propose un march\\u00e9 de producteurs au c\\u0153ur du charmant village de Montr\\u00e9al de l&#8217;Aude. Fruits et l\\u00e9gumes, fromages&#8230; Vous y trouverez une belle gamme de produits locaux. Le march\\u00e9 est compl\\u00e9t\\u00e9 d&#8217;un vide-greniers qui vous permettra de repartir avec de jolies trouvailles [&hellip;]\",\"address\":\" 11290 MONTREAL\",\"location\":{\"lat\":\"43.1993360\",\"city\":\"MONTREAL\",\"country\":\"France\",\"lng\":\"2.14264736\",\"onclick_action\":\"post\",\"redirect_permalink\":\"https:\\\/\\\/collinescathares.com\\\/es\\\/evenements-ponctuels\\\/marche-de-producteurs-et-vide-greniers-2\\\/\",\"zoom\":10,\"extra_fields\":{\"%date_evenement_r%\":\"01 Juin 2025\",\"%date_evenement_fin_r%\":\"01 Juin 2025\",\"post_excerpt\":\"Chaque 1er dimanche du mois (d&#8217;avril \\u00e0 octobre), le Cercle Culturel Montr\\u00e9alais vous propose un march\\u00e9 de producteurs au c\\u0153ur du charmant village de Montr\\u00e9al de l&#8217;Aude. Fruits et l\\u00e9gumes, fromages&#8230; Vous y trouverez une belle gamme de produits locaux. Le march\\u00e9 est compl\\u00e9t\\u00e9 d&#8217;un vide-greniers qui vous permettra de repartir avec de jolies trouvailles [&hellip;]\",\"post_content\":\"Chaque 1er dimanche du mois (d'avril \\u00e0 octobre), le Cercle Culturel Montr\\u00e9alais vous propose un march\\u00e9 de producteurs au c\\u0153ur du charmant village de Montr\\u00e9al de l'Aude. Fruits et l\\u00e9gumes, fromages... Vous y trouverez une belle gamme de produits locaux.\\n\\nLe march\\u00e9 est compl\\u00e9t\\u00e9 d'un vide-greniers qui vous permettra de repartir avec de jolies trouvailles : des vieux objets, des livres, des meubles, des v\\u00eatements vintage\\u2026\",\"post_title\":\"MARCH\\u00c9 DE PRODUCTEURS ET VIDE-GRENIERS\",\"post_link\":\"https:\\\/\\\/collinescathares.com\\\/es\\\/evenements-ponctuels\\\/marche-de-producteurs-et-vide-greniers-2\\\/\",\"post_featured_image\":\"<div class=\\\"fc-feature-img\\\"><img alt=\\\"MARCH\\u00c9 DE PRODUCTEURS ET VIDE-GRENIERS\\\" width=\\\"300\\\" height=\\\"225\\\" src=\\\"https:\\\/\\\/collinescathares.com\\\/wp-content\\\/uploads\\\/2025\\\/02\\\/MARCHE-DE-PRODUCTEURS-ET-VIDE-GRENIERS-2-300x225.jpg\\\" class=\\\"wp-post-image   wpgmp_featured_image\\\" ><\\\/div>\",\"post_categories\":\"Ev\\u00e9nements ponctuels\",\"post_tags\":\"\",\"%_encloseme%\":\"1\",\"%_thumbnail_id%\":\"251414\",\"%ville_r%\":\"MONTREAL\",\"%_ville_r%\":\"field_5efc3a17e12c5\",\"%cp_r%\":\"11290\",\"%_cp_r%\":\"field_5efc3a47e12ca\",\"%tarifs_r%\":\"\",\"%_tarifs_r%\":\"field_5efc3a22e12c6\",\"%carte_r%\":\" 11290 MONTREAL, 43.1993360, 2.14264736, 14\",\"%_carte_r%\":\"field_5efc4ed05494a\",\"%labels_r%\":\"\",\"%_labels_r%\":\"field_5f3a47134470d\",\"%handicap_r%\":\"\",\"%_handicap_r%\":\"field_5f3a471a4470e\",\"%offres_promotionnelles_r%\":\"\",\"%_offres_promotionnelles_r%\":\"field_5f3a472d4470f\",\"%telephone_r%\":\" Port : +33 6 22 44 60 65\",\"%_telephone_r%\":\"field_5efc3a39e12c8\",\"%email_r%\":\"christian.ales@bbox.fr\",\"%_email_r%\":\"field_5efc3a40e12c9\",\"%idunique_r%\":\"FMALAR011V515O7V\",\"%_idunique_r%\":\"field_5f04335c562b3\",\"%site_r%\":\"\",\"%_site_r%\":\"field_5efc4d652a106\",\"%_date_evenement_r%\":\"field_5f0348f37d5bd\",\"%_date_evenement_fin_r%\":\"field_5f3a4540d0781\",\"%horaires_evenement_r%\":\"08:00 \\\/ 18:00\",\"%_horaires_evenement_r%\":\"field_5f3a4550d0782\",\"%type_r%\":\"March\\u00e9\",\"%_type_r%\":\"field_5f057b5365cd7\",\"%classification_r%\":\"\",\"%_classification_r%\":\"field_5f3a3af81a328\",\"%classement_prefectoral_r%\":\"\",\"%_classement_prefectoral_r%\":\"field_5f3a473444710\",\"%datetri_r%\":\"1748736000\",\"%_datetri_r%\":\"field_5f3a8a82002b1\",\"%langage_r%\":\"FR\",\"%_langage_r%\":\"field_5f3be5649f374\",\"%_wpgmp_location_address%\":\" 11290 MONTREAL\",\"%_wpgmp_location_city%\":\"MONTREAL\",\"%_wpgmp_location_state%\":\"\",\"%_wpgmp_location_country%\":\"France\",\"%_wpgmp_metabox_marker_id%\":\"a:1:{i:0;i:8;}\",\"%_wpgmp_map_id%\":\"a:1:{i:0;i:21;}\",\"%_wpgmp_metabox_latitude%\":\"43.1993360\",\"%_wpgmp_metabox_longitude%\":\"2.14264736\",\"%_wpgmp_metabox_location_redirect%\":\"post\",\"%_wpgmp_metabox_custom_link%\":\"\",\"%_wpgmp_metabox_taxomomies_terms%\":\"N;\",\"%_wpgmp_extensions_fields%\":\"N;\",\"%_wpml_word_count%\":\"80\",\"%galerie_image_r%\":\"251414\",\"%_galerie_image_r%\":\"field_5f3bd339f8130\",\"taxonomy=category\":\"Ev\\u00e9nements ponctuels\",\"taxonomy=post_tag\":\"\",\"taxonomy=post_format\":\"\",\"taxonomy=translation_priority\":\"Opcional\"},\"icon\":\"https:\\\/\\\/collinescathares.com\\\/wp-content\\\/uploads\\\/2020\\\/07\\\/pointeur_vert.svg\"},\"id\":252475,\"custom_filters\":{\"type_r\":\"March\\u00e9\",\"datetri_r\":\"1748736000\"},\"infowindow_disable\":false,\"categories\":[{\"icon\":\"https:\\\/\\\/collinescathares.com\\\/wp-content\\\/uploads\\\/2020\\\/07\\\/pointeur_vert.svg\",\"name\":\"Ev\\u00e9nements ponctuels\",\"id\":\"8\",\"type\":\"category\"}]},{\"source\":\"post\",\"title\":\"MARCH\\u00c9 DE PRODUCTEURS ET VIDE-GRENIERS\",\"infowindow_content\":\"<div class=\\\"fc-main\\\"><div class=\\\"fc-item-title\\\">MARCH\\u00c9 DE PRODUCTEURS ET VIDE-GRENIERS <span class=\\\"fc-badge info\\\">Ev\\u00e9nements ponctuels<\\\/span><\\\/div> <div class=\\\"fc-item-featured_image\\\"><div class=\\\"fc-feature-img\\\"><img alt=\\\"MARCH\\u00c9 DE PRODUCTEURS ET VIDE-GRENIERS\\\" width=\\\"300\\\" height=\\\"225\\\" src=\\\"https:\\\/\\\/collinescathares.com\\\/wp-content\\\/uploads\\\/2025\\\/02\\\/MARCHE-DE-PRODUCTEURS-ET-VIDE-GRENIERS-2-300x225.jpg\\\" class=\\\"wp-post-image   wpgmp_featured_image\\\" ><\\\/div> <\\\/div>Chaque 1er dimanche du mois (d&#8217;avril \\u00e0 octobre), le Cercle Culturel Montr\\u00e9alais vous propose un march\\u00e9 de producteurs au c\\u0153ur du charmant village de Montr\\u00e9al de l&#8217;Aude. Fruits et l\\u00e9gumes, fromages&#8230; Vous y trouverez une belle gamme de produits locaux. Le march\\u00e9 est compl\\u00e9t\\u00e9 d&#8217;un vide-greniers qui vous permettra de repartir avec de jolies trouvailles [&hellip;]<address><b>Adresse : <\\\/b>{marker_address}<\\\/address><a class=\\\"fc-btn fc-btn-small fc-btn-red\\\" href=\\\"https:\\\/\\\/collinescathares.com\\\/es\\\/evenements-ponctuels\\\/marche-de-producteurs-et-vide-greniers\\\/\\\">En savoir plus<\\\/a><\\\/div>\",\"content\":\"Chaque 1er dimanche du mois (d&#8217;avril \\u00e0 octobre), le Cercle Culturel Montr\\u00e9alais vous propose un march\\u00e9 de producteurs au c\\u0153ur du charmant village de Montr\\u00e9al de l&#8217;Aude. Fruits et l\\u00e9gumes, fromages&#8230; Vous y trouverez une belle gamme de produits locaux. Le march\\u00e9 est compl\\u00e9t\\u00e9 d&#8217;un vide-greniers qui vous permettra de repartir avec de jolies trouvailles [&hellip;]\",\"address\":\" 11290 MONTREAL\",\"location\":{\"lat\":\"43.1993360\",\"city\":\"MONTREAL\",\"country\":\"France\",\"lng\":\"2.14264736\",\"onclick_action\":\"post\",\"redirect_permalink\":\"https:\\\/\\\/collinescathares.com\\\/es\\\/evenements-ponctuels\\\/marche-de-producteurs-et-vide-greniers\\\/\",\"zoom\":10,\"extra_fields\":{\"%date_evenement_r%\":\"04 Mai 2025\",\"%date_evenement_fin_r%\":\"04 Mai 2025\",\"post_excerpt\":\"Chaque 1er dimanche du mois (d&#8217;avril \\u00e0 octobre), le Cercle Culturel Montr\\u00e9alais vous propose un march\\u00e9 de producteurs au c\\u0153ur du charmant village de Montr\\u00e9al de l&#8217;Aude. Fruits et l\\u00e9gumes, fromages&#8230; Vous y trouverez une belle gamme de produits locaux. Le march\\u00e9 est compl\\u00e9t\\u00e9 d&#8217;un vide-greniers qui vous permettra de repartir avec de jolies trouvailles [&hellip;]\",\"post_content\":\"Chaque 1er dimanche du mois (d'avril \\u00e0 octobre), le Cercle Culturel Montr\\u00e9alais vous propose un march\\u00e9 de producteurs au c\\u0153ur du charmant village de Montr\\u00e9al de l'Aude. Fruits et l\\u00e9gumes, fromages... Vous y trouverez une belle gamme de produits locaux.\\n\\nLe march\\u00e9 est compl\\u00e9t\\u00e9 d'un vide-greniers qui vous permettra de repartir avec de jolies trouvailles : des vieux objets, des livres, des meubles, des v\\u00eatements vintage\\u2026\",\"post_title\":\"MARCH\\u00c9 DE PRODUCTEURS ET VIDE-GRENIERS\",\"post_link\":\"https:\\\/\\\/collinescathares.com\\\/es\\\/evenements-ponctuels\\\/marche-de-producteurs-et-vide-greniers\\\/\",\"post_featured_image\":\"<div class=\\\"fc-feature-img\\\"><img alt=\\\"MARCH\\u00c9 DE PRODUCTEURS ET VIDE-GRENIERS\\\" width=\\\"300\\\" height=\\\"225\\\" src=\\\"https:\\\/\\\/collinescathares.com\\\/wp-content\\\/uploads\\\/2025\\\/02\\\/MARCHE-DE-PRODUCTEURS-ET-VIDE-GRENIERS-2-300x225.jpg\\\" class=\\\"wp-post-image   wpgmp_featured_image\\\" ><\\\/div>\",\"post_categories\":\"Ev\\u00e9nements ponctuels\",\"post_tags\":\"\",\"%_encloseme%\":\"1\",\"%_thumbnail_id%\":\"251414\",\"%ville_r%\":\"MONTREAL\",\"%_ville_r%\":\"field_5efc3a17e12c5\",\"%cp_r%\":\"11290\",\"%_cp_r%\":\"field_5efc3a47e12ca\",\"%tarifs_r%\":\"\",\"%_tarifs_r%\":\"field_5efc3a22e12c6\",\"%carte_r%\":\" 11290 MONTREAL, 43.1993360, 2.14264736, 14\",\"%_carte_r%\":\"field_5efc4ed05494a\",\"%labels_r%\":\"\",\"%_labels_r%\":\"field_5f3a47134470d\",\"%handicap_r%\":\"\",\"%_handicap_r%\":\"field_5f3a471a4470e\",\"%offres_promotionnelles_r%\":\"\",\"%_offres_promotionnelles_r%\":\"field_5f3a472d4470f\",\"%telephone_r%\":\" Port : +33 6 22 44 60 65\",\"%_telephone_r%\":\"field_5efc3a39e12c8\",\"%email_r%\":\"christian.ales@bbox.fr\",\"%_email_r%\":\"field_5efc3a40e12c9\",\"%idunique_r%\":\"FMALAR011V515O7U\",\"%_idunique_r%\":\"field_5f04335c562b3\",\"%site_r%\":\"\",\"%_site_r%\":\"field_5efc4d652a106\",\"%_date_evenement_r%\":\"field_5f0348f37d5bd\",\"%_date_evenement_fin_r%\":\"field_5f3a4540d0781\",\"%horaires_evenement_r%\":\"08:00 \\\/ 18:00\",\"%_horaires_evenement_r%\":\"field_5f3a4550d0782\",\"%type_r%\":\"March\\u00e9\",\"%_type_r%\":\"field_5f057b5365cd7\",\"%classification_r%\":\"\",\"%_classification_r%\":\"field_5f3a3af81a328\",\"%classement_prefectoral_r%\":\"\",\"%_classement_prefectoral_r%\":\"field_5f3a473444710\",\"%datetri_r%\":\"1746316800\",\"%_datetri_r%\":\"field_5f3a8a82002b1\",\"%langage_r%\":\"FR\",\"%_langage_r%\":\"field_5f3be5649f374\",\"%_wpgmp_location_address%\":\" 11290 MONTREAL\",\"%_wpgmp_location_city%\":\"MONTREAL\",\"%_wpgmp_location_state%\":\"\",\"%_wpgmp_location_country%\":\"France\",\"%_wpgmp_metabox_marker_id%\":\"a:1:{i:0;i:8;}\",\"%_wpgmp_map_id%\":\"a:1:{i:0;i:21;}\",\"%_wpgmp_metabox_latitude%\":\"43.1993360\",\"%_wpgmp_metabox_longitude%\":\"2.14264736\",\"%_wpgmp_metabox_location_redirect%\":\"post\",\"%_wpgmp_metabox_custom_link%\":\"\",\"%_wpgmp_metabox_taxomomies_terms%\":\"N;\",\"%_wpgmp_extensions_fields%\":\"N;\",\"%_wpml_word_count%\":\"80\",\"%galerie_image_r%\":\"251414\",\"%_galerie_image_r%\":\"field_5f3bd339f8130\",\"taxonomy=category\":\"Ev\\u00e9nements ponctuels\",\"taxonomy=post_tag\":\"\",\"taxonomy=post_format\":\"\",\"taxonomy=translation_priority\":\"Opcional\"},\"icon\":\"https:\\\/\\\/collinescathares.com\\\/wp-content\\\/uploads\\\/2020\\\/07\\\/pointeur_vert.svg\"},\"id\":252473,\"custom_filters\":{\"type_r\":\"March\\u00e9\",\"datetri_r\":\"1746316800\"},\"infowindow_disable\":false,\"categories\":[{\"icon\":\"https:\\\/\\\/collinescathares.com\\\/wp-content\\\/uploads\\\/2020\\\/07\\\/pointeur_vert.svg\",\"name\":\"Ev\\u00e9nements ponctuels\",\"id\":\"8\",\"type\":\"category\"}]},{\"source\":\"post\",\"title\":\"VISITE GUID\\u00c9E DE L&#8217;HUILERIE MOOG\",\"infowindow_content\":\"<div class=\\\"fc-main\\\"><div class=\\\"fc-item-title\\\">VISITE GUID\\u00c9E DE L&#8217;HUILERIE MOOG <span class=\\\"fc-badge info\\\">Ev\\u00e9nements ponctuels<\\\/span><\\\/div> <div class=\\\"fc-item-featured_image\\\"><div class=\\\"fc-feature-img\\\"><img alt=\\\"VISITE GUID\\u00c9E DE L&#8217;HUILERIE MOOG\\\" width=\\\"300\\\" height=\\\"225\\\" src=\\\"https:\\\/\\\/collinescathares.com\\\/wp-content\\\/uploads\\\/2023\\\/10\\\/VISITE-DE-L-HUILERIE-MOOG-1-300x225.jpg\\\" class=\\\"wp-post-image   wpgmp_featured_image\\\" ><\\\/div> <\\\/div>Venez d\\u00e9couvrir notre patrimoine industriel ! Pionni\\u00e8re de la Bio d\\u00e8s 1984, l\\u2019Huilerie MOOG, avec sa marque BIO PLANETE, fabrique des huiles alliant saveur, convivialit\\u00e9 et plaisir. D\\u00e9couvrez notre savoir-faire d\\u2019artisan huilier. La visite de nos ateliers de production vous r\\u00e9v\\u00e8lera les diff\\u00e9rentes \\u00e9tapes de fabrication de nos huiles alimentaires -de la graine \\u00e0 la [&hellip;]<address><b>Adresse : <\\\/b>{marker_address}<\\\/address><a class=\\\"fc-btn fc-btn-small fc-btn-red\\\" href=\\\"https:\\\/\\\/collinescathares.com\\\/es\\\/evenements-ponctuels\\\/visite-guidee-de-lhuilerie-moog-2\\\/\\\">En savoir plus<\\\/a><\\\/div>\",\"content\":\"Venez d\\u00e9couvrir notre patrimoine industriel ! Pionni\\u00e8re de la Bio d\\u00e8s 1984, l\\u2019Huilerie MOOG, avec sa marque BIO PLANETE, fabrique des huiles alliant saveur, convivialit\\u00e9 et plaisir. D\\u00e9couvrez notre savoir-faire d\\u2019artisan huilier. La visite de nos ateliers de production vous r\\u00e9v\\u00e8lera les diff\\u00e9rentes \\u00e9tapes de fabrication de nos huiles alimentaires -de la graine \\u00e0 la [&hellip;]\",\"address\":\"Route de Limoux 11150 BRAM\",\"location\":{\"lat\":\"43.2336102\",\"city\":\"BRAM\",\"country\":\"France\",\"lng\":\"2.11846137\",\"onclick_action\":\"post\",\"redirect_permalink\":\"https:\\\/\\\/collinescathares.com\\\/es\\\/evenements-ponctuels\\\/visite-guidee-de-lhuilerie-moog-2\\\/\",\"zoom\":10,\"extra_fields\":{\"%date_evenement_r%\":\"07 Ao\\u00fbt 2025\",\"%date_evenement_fin_r%\":\"07 Ao\\u00fbt 2025\",\"post_excerpt\":\"Venez d\\u00e9couvrir notre patrimoine industriel ! Pionni\\u00e8re de la Bio d\\u00e8s 1984, l\\u2019Huilerie MOOG, avec sa marque BIO PLANETE, fabrique des huiles alliant saveur, convivialit\\u00e9 et plaisir. D\\u00e9couvrez notre savoir-faire d\\u2019artisan huilier. La visite de nos ateliers de production vous r\\u00e9v\\u00e8lera les diff\\u00e9rentes \\u00e9tapes de fabrication de nos huiles alimentaires -de la graine \\u00e0 la [&hellip;]\",\"post_content\":\"Venez d\\u00e9couvrir notre patrimoine industriel !\\n\\nPionni\\u00e8re de la Bio d\\u00e8s 1984, l\\u2019Huilerie MOOG, avec sa marque BIO PLANETE, fabrique des huiles alliant saveur, convivialit\\u00e9 et plaisir.\\n\\nD\\u00e9couvrez notre savoir-faire d\\u2019artisan huilier. La visite de nos ateliers de production vous r\\u00e9v\\u00e8lera les diff\\u00e9rentes \\u00e9tapes de fabrication de nos huiles alimentaires -de la graine \\u00e0 la bouteille- ainsi que les moyens mis \\u0153uvre pour garantir la qualit\\u00e9 de nos produits.\\n\\nElle sera \\u00e9galement l\\u2019occasion de vous partager notre profond engagement pour une production alimentaire \\u00e9thique et durable.\\n\\nEspace d\\u00e9gustation et boutique : tous nos produits sont disponibles \\u00e0 la d\\u00e9gustation dans notre boutique. Venez vivre une exp\\u00e9rience gourmande avec des conseils pour agr\\u00e9menter vos plats du quotidien, sublimer vos repas de f\\u00eates, des id\\u00e9es recettes et m\\u00eame des petites astuces sant\\u00e9 et cosm\\u00e9tologie.\\n\\nVisite gratuite. Uniquement sur inscription. \\nR\\u00e8gles d\\u2019hygi\\u00e8ne et de s\\u00e9curit\\u00e9 : pantalon obligatoire \\\/ chaussures plates et ferm\\u00e9es obligatoires \\\/ L\\u2019\\u00e9tablissement se r\\u00e9serve l\\u2019obligation de port de masque si n\\u00e9cessaire \\\/ Un formulaire de cession de droit \\u00e0 l\\u2019image vous sera demand\\u00e9 \\u00e0 l\\u2019arriv\\u00e9e sur site.\",\"post_title\":\"VISITE GUID\\u00c9E DE L&#8217;HUILERIE MOOG\",\"post_link\":\"https:\\\/\\\/collinescathares.com\\\/es\\\/evenements-ponctuels\\\/visite-guidee-de-lhuilerie-moog-2\\\/\",\"post_featured_image\":\"<div class=\\\"fc-feature-img\\\"><img alt=\\\"VISITE GUID\\u00c9E DE L&#8217;HUILERIE MOOG\\\" width=\\\"300\\\" height=\\\"225\\\" src=\\\"https:\\\/\\\/collinescathares.com\\\/wp-content\\\/uploads\\\/2023\\\/10\\\/VISITE-DE-L-HUILERIE-MOOG-1-300x225.jpg\\\" class=\\\"wp-post-image   wpgmp_featured_image\\\" ><\\\/div>\",\"post_categories\":\"Ev\\u00e9nements ponctuels\",\"post_tags\":\"\",\"%_encloseme%\":\"1\",\"%_thumbnail_id%\":\"237602\",\"%ville_r%\":\"BRAM\",\"%_ville_r%\":\"field_5efc3a17e12c5\",\"%cp_r%\":\"11150\",\"%_cp_r%\":\"field_5efc3a47e12ca\",\"%tarifs_r%\":\"\",\"%_tarifs_r%\":\"field_5efc3a22e12c6\",\"%adresse_r%\":\"Route de Limoux\",\"%_adresse_r%\":\"field_5efc3a2ee12c7\",\"%carte_r%\":\"Route de Limoux 11150 BRAM, 43.2336102, 2.11846137, 14\",\"%_carte_r%\":\"field_5efc4ed05494a\",\"%labels_r%\":\"\",\"%_labels_r%\":\"field_5f3a47134470d\",\"%handicap_r%\":\"\",\"%_handicap_r%\":\"field_5f3a471a4470e\",\"%offres_promotionnelles_r%\":\"\",\"%_offres_promotionnelles_r%\":\"field_5f3a472d4470f\",\"%telephone_r%\":\"\",\"%_telephone_r%\":\"field_5efc3a39e12c8\",\"%email_r%\":\"\",\"%_email_r%\":\"field_5efc3a40e12c9\",\"%idunique_r%\":\"FMALAR011V515O67\",\"%_idunique_r%\":\"field_5f04335c562b3\",\"%site_r%\":\"https:\\\/\\\/www.bioplanete.bio\\\/visites\\\/\",\"%_site_r%\":\"field_5efc4d652a106\",\"%_date_evenement_r%\":\"field_5f0348f37d5bd\",\"%_date_evenement_fin_r%\":\"field_5f3a4540d0781\",\"%horaires_evenement_r%\":\"10:00 \\\/ 12:00\",\"%_horaires_evenement_r%\":\"field_5f3a4550d0782\",\"%type_r%\":\"Visite guid\\u00e9e\",\"%_type_r%\":\"field_5f057b5365cd7\",\"%classification_r%\":\"\",\"%_classification_r%\":\"field_5f3a3af81a328\",\"%classement_prefectoral_r%\":\"\",\"%_classement_prefectoral_r%\":\"field_5f3a473444710\",\"%datetri_r%\":\"1754524800\",\"%_datetri_r%\":\"field_5f3a8a82002b1\",\"%langage_r%\":\"FR\",\"%_langage_r%\":\"field_5f3be5649f374\",\"%_wpgmp_location_address%\":\"Route de Limoux 11150 BRAM\",\"%_wpgmp_location_city%\":\"BRAM\",\"%_wpgmp_location_state%\":\"\",\"%_wpgmp_location_country%\":\"France\",\"%_wpgmp_metabox_marker_id%\":\"a:1:{i:0;i:8;}\",\"%_wpgmp_map_id%\":\"a:1:{i:0;i:21;}\",\"%_wpgmp_metabox_latitude%\":\"43.2336102\",\"%_wpgmp_metabox_longitude%\":\"2.11846137\",\"%_wpgmp_metabox_location_redirect%\":\"post\",\"%_wpgmp_metabox_custom_link%\":\"\",\"%_wpgmp_metabox_taxomomies_terms%\":\"N;\",\"%_wpgmp_extensions_fields%\":\"N;\",\"%_wpml_word_count%\":\"216\",\"%galerie_image_r%\":\"237602, 237613, 237616, 237619\",\"%_galerie_image_r%\":\"field_5f3bd339f8130\",\"%_elementor_page_assets%\":\"\",\"taxonomy=category\":\"Ev\\u00e9nements ponctuels\",\"taxonomy=post_tag\":\"\",\"taxonomy=post_format\":\"\",\"taxonomy=translation_priority\":\"Opcional\"},\"icon\":\"https:\\\/\\\/collinescathares.com\\\/wp-content\\\/uploads\\\/2020\\\/07\\\/pointeur_vert.svg\"},\"id\":252471,\"custom_filters\":{\"type_r\":\"Visite guid\\u00e9e\",\"datetri_r\":\"1754524800\"},\"infowindow_disable\":false,\"categories\":[{\"icon\":\"https:\\\/\\\/collinescathares.com\\\/wp-content\\\/uploads\\\/2020\\\/07\\\/pointeur_vert.svg\",\"name\":\"Ev\\u00e9nements ponctuels\",\"id\":\"8\",\"type\":\"category\"}]},{\"source\":\"post\",\"title\":\"VISITE GUID\\u00c9E DE L&#8217;HUILERIE MOOG\",\"infowindow_content\":\"<div class=\\\"fc-main\\\"><div class=\\\"fc-item-title\\\">VISITE GUID\\u00c9E DE L&#8217;HUILERIE MOOG <span class=\\\"fc-badge info\\\">Ev\\u00e9nements ponctuels<\\\/span><\\\/div> <div class=\\\"fc-item-featured_image\\\"><div class=\\\"fc-feature-img\\\"><img alt=\\\"VISITE GUID\\u00c9E DE L&#8217;HUILERIE MOOG\\\" width=\\\"300\\\" height=\\\"225\\\" src=\\\"https:\\\/\\\/collinescathares.com\\\/wp-content\\\/uploads\\\/2023\\\/10\\\/VISITE-DE-L-HUILERIE-MOOG-1-300x225.jpg\\\" class=\\\"wp-post-image   wpgmp_featured_image\\\" ><\\\/div> <\\\/div>Venez d\\u00e9couvrir notre patrimoine industriel ! Pionni\\u00e8re de la Bio d\\u00e8s 1984, l\\u2019Huilerie MOOG, avec sa marque BIO PLANETE, fabrique des huiles alliant saveur, convivialit\\u00e9 et plaisir. D\\u00e9couvrez notre savoir-faire d\\u2019artisan huilier. La visite de nos ateliers de production vous r\\u00e9v\\u00e8lera les diff\\u00e9rentes \\u00e9tapes de fabrication de nos huiles alimentaires -de la graine \\u00e0 la [&hellip;]<address><b>Adresse : <\\\/b>{marker_address}<\\\/address><a class=\\\"fc-btn fc-btn-small fc-btn-red\\\" href=\\\"https:\\\/\\\/collinescathares.com\\\/es\\\/evenements-ponctuels\\\/visite-guidee-de-lhuilerie-moog\\\/\\\">En savoir plus<\\\/a><\\\/div>\",\"content\":\"Venez d\\u00e9couvrir notre patrimoine industriel ! Pionni\\u00e8re de la Bio d\\u00e8s 1984, l\\u2019Huilerie MOOG, avec sa marque BIO PLANETE, fabrique des huiles alliant saveur, convivialit\\u00e9 et plaisir. D\\u00e9couvrez notre savoir-faire d\\u2019artisan huilier. La visite de nos ateliers de production vous r\\u00e9v\\u00e8lera les diff\\u00e9rentes \\u00e9tapes de fabrication de nos huiles alimentaires -de la graine \\u00e0 la [&hellip;]\",\"address\":\"Route de Limoux 11150 BRAM\",\"location\":{\"lat\":\"43.2336102\",\"city\":\"BRAM\",\"country\":\"France\",\"lng\":\"2.11846137\",\"onclick_action\":\"post\",\"redirect_permalink\":\"https:\\\/\\\/collinescathares.com\\\/es\\\/evenements-ponctuels\\\/visite-guidee-de-lhuilerie-moog\\\/\",\"zoom\":10,\"extra_fields\":{\"%date_evenement_r%\":\"05 Juin 2025\",\"%date_evenement_fin_r%\":\"05 Juin 2025\",\"post_excerpt\":\"Venez d\\u00e9couvrir notre patrimoine industriel ! Pionni\\u00e8re de la Bio d\\u00e8s 1984, l\\u2019Huilerie MOOG, avec sa marque BIO PLANETE, fabrique des huiles alliant saveur, convivialit\\u00e9 et plaisir. D\\u00e9couvrez notre savoir-faire d\\u2019artisan huilier. La visite de nos ateliers de production vous r\\u00e9v\\u00e8lera les diff\\u00e9rentes \\u00e9tapes de fabrication de nos huiles alimentaires -de la graine \\u00e0 la [&hellip;]\",\"post_content\":\"Venez d\\u00e9couvrir notre patrimoine industriel !\\n\\nPionni\\u00e8re de la Bio d\\u00e8s 1984, l\\u2019Huilerie MOOG, avec sa marque BIO PLANETE, fabrique des huiles alliant saveur, convivialit\\u00e9 et plaisir.\\n\\nD\\u00e9couvrez notre savoir-faire d\\u2019artisan huilier. La visite de nos ateliers de production vous r\\u00e9v\\u00e8lera les diff\\u00e9rentes \\u00e9tapes de fabrication de nos huiles alimentaires -de la graine \\u00e0 la bouteille- ainsi que les moyens mis \\u0153uvre pour garantir la qualit\\u00e9 de nos produits.\\n\\nElle sera \\u00e9galement l\\u2019occasion de vous partager notre profond engagement pour une production alimentaire \\u00e9thique et durable.\\n\\nEspace d\\u00e9gustation et boutique : tous nos produits sont disponibles \\u00e0 la d\\u00e9gustation dans notre boutique. Venez vivre une exp\\u00e9rience gourmande avec des conseils pour agr\\u00e9menter vos plats du quotidien, sublimer vos repas de f\\u00eates, des id\\u00e9es recettes et m\\u00eame des petites astuces sant\\u00e9 et cosm\\u00e9tologie.\\n\\nVisite gratuite. Uniquement sur inscription. \\nR\\u00e8gles d\\u2019hygi\\u00e8ne et de s\\u00e9curit\\u00e9 : pantalon obligatoire \\\/ chaussures plates et ferm\\u00e9es obligatoires \\\/ L\\u2019\\u00e9tablissement se r\\u00e9serve l\\u2019obligation de port de masque si n\\u00e9cessaire \\\/ Un formulaire de cession de droit \\u00e0 l\\u2019image vous sera demand\\u00e9 \\u00e0 l\\u2019arriv\\u00e9e sur site.\",\"post_title\":\"VISITE GUID\\u00c9E DE L&#8217;HUILERIE MOOG\",\"post_link\":\"https:\\\/\\\/collinescathares.com\\\/es\\\/evenements-ponctuels\\\/visite-guidee-de-lhuilerie-moog\\\/\",\"post_featured_image\":\"<div class=\\\"fc-feature-img\\\"><img alt=\\\"VISITE GUID\\u00c9E DE L&#8217;HUILERIE MOOG\\\" width=\\\"300\\\" height=\\\"225\\\" src=\\\"https:\\\/\\\/collinescathares.com\\\/wp-content\\\/uploads\\\/2023\\\/10\\\/VISITE-DE-L-HUILERIE-MOOG-1-300x225.jpg\\\" class=\\\"wp-post-image   wpgmp_featured_image\\\" ><\\\/div>\",\"post_categories\":\"Ev\\u00e9nements ponctuels\",\"post_tags\":\"\",\"%_encloseme%\":\"1\",\"%_thumbnail_id%\":\"237602\",\"%ville_r%\":\"BRAM\",\"%_ville_r%\":\"field_5efc3a17e12c5\",\"%cp_r%\":\"11150\",\"%_cp_r%\":\"field_5efc3a47e12ca\",\"%tarifs_r%\":\"\",\"%_tarifs_r%\":\"field_5efc3a22e12c6\",\"%adresse_r%\":\"Route de Limoux\",\"%_adresse_r%\":\"field_5efc3a2ee12c7\",\"%carte_r%\":\"Route de Limoux 11150 BRAM, 43.2336102, 2.11846137, 14\",\"%_carte_r%\":\"field_5efc4ed05494a\",\"%labels_r%\":\"\",\"%_labels_r%\":\"field_5f3a47134470d\",\"%handicap_r%\":\"\",\"%_handicap_r%\":\"field_5f3a471a4470e\",\"%offres_promotionnelles_r%\":\"\",\"%_offres_promotionnelles_r%\":\"field_5f3a472d4470f\",\"%telephone_r%\":\"\",\"%_telephone_r%\":\"field_5efc3a39e12c8\",\"%email_r%\":\"\",\"%_email_r%\":\"field_5efc3a40e12c9\",\"%idunique_r%\":\"FMALAR011V515O66\",\"%_idunique_r%\":\"field_5f04335c562b3\",\"%site_r%\":\"https:\\\/\\\/www.bioplanete.bio\\\/visites\\\/\",\"%_site_r%\":\"field_5efc4d652a106\",\"%_date_evenement_r%\":\"field_5f0348f37d5bd\",\"%_date_evenement_fin_r%\":\"field_5f3a4540d0781\",\"%horaires_evenement_r%\":\"10:00 \\\/ 12:00\",\"%_horaires_evenement_r%\":\"field_5f3a4550d0782\",\"%type_r%\":\"Visite guid\\u00e9e\",\"%_type_r%\":\"field_5f057b5365cd7\",\"%classification_r%\":\"\",\"%_classification_r%\":\"field_5f3a3af81a328\",\"%classement_prefectoral_r%\":\"\",\"%_classement_prefectoral_r%\":\"field_5f3a473444710\",\"%datetri_r%\":\"1749081600\",\"%_datetri_r%\":\"field_5f3a8a82002b1\",\"%langage_r%\":\"FR\",\"%_langage_r%\":\"field_5f3be5649f374\",\"%_wpgmp_location_address%\":\"Route de Limoux 11150 BRAM\",\"%_wpgmp_location_city%\":\"BRAM\",\"%_wpgmp_location_state%\":\"\",\"%_wpgmp_location_country%\":\"France\",\"%_wpgmp_metabox_marker_id%\":\"a:1:{i:0;i:8;}\",\"%_wpgmp_map_id%\":\"a:1:{i:0;i:21;}\",\"%_wpgmp_metabox_latitude%\":\"43.2336102\",\"%_wpgmp_metabox_longitude%\":\"2.11846137\",\"%_wpgmp_metabox_location_redirect%\":\"post\",\"%_wpgmp_metabox_custom_link%\":\"\",\"%_wpgmp_metabox_taxomomies_terms%\":\"N;\",\"%_wpgmp_extensions_fields%\":\"N;\",\"%_wpml_word_count%\":\"216\",\"%galerie_image_r%\":\"237602, 237613, 237616, 237619\",\"%_galerie_image_r%\":\"field_5f3bd339f8130\",\"%_elementor_page_assets%\":\"\",\"taxonomy=category\":\"Ev\\u00e9nements ponctuels\",\"taxonomy=post_tag\":\"\",\"taxonomy=post_format\":\"\",\"taxonomy=translation_priority\":\"Opcional\"},\"icon\":\"https:\\\/\\\/collinescathares.com\\\/wp-content\\\/uploads\\\/2020\\\/07\\\/pointeur_vert.svg\"},\"id\":252468,\"custom_filters\":{\"type_r\":\"Visite guid\\u00e9e\",\"datetri_r\":\"1749081600\"},\"infowindow_disable\":false,\"categories\":[{\"icon\":\"https:\\\/\\\/collinescathares.com\\\/wp-content\\\/uploads\\\/2020\\\/07\\\/pointeur_vert.svg\",\"name\":\"Ev\\u00e9nements ponctuels\",\"id\":\"8\",\"type\":\"category\"}]},{\"source\":\"post\",\"title\":\"FOIRE DE PRINTEMPS 2025\",\"infowindow_content\":\"<div class=\\\"fc-main\\\"><div class=\\\"fc-item-title\\\">FOIRE DE PRINTEMPS 2025 <span class=\\\"fc-badge info\\\">Ev\\u00e9nements ponctuels<\\\/span><\\\/div> <div class=\\\"fc-item-featured_image\\\"><div class=\\\"fc-feature-img\\\"><img alt=\\\"FOIRE DE PRINTEMPS 2025\\\" width=\\\"300\\\" height=\\\"225\\\" src=\\\"https:\\\/\\\/collinescathares.com\\\/wp-content\\\/uploads\\\/2025\\\/02\\\/FOIRE-DE-PRINTEMPS-2025-300x225.jpg\\\" class=\\\"wp-post-image   wpgmp_featured_image\\\" ><\\\/div> <\\\/div>Le Comit\\u00e9 des Foires de Belpech vous invite \\u00e0 vivre une belle journ\\u00e9e de convivialit\\u00e9 autour des produits du terroir. Au programme, toute la journ\\u00e9e : &#8211; March\\u00e9 de produits du terroir et artisans locaux &#8211; Rencontre avec les animaux de la ferme : vaches, moutons, poules &#8211; Exposition\\\/vente de machines agricoles &#8211; Buvette des [&hellip;]<address><b>Adresse : <\\\/b>{marker_address}<\\\/address><a class=\\\"fc-btn fc-btn-small fc-btn-red\\\" href=\\\"https:\\\/\\\/collinescathares.com\\\/es\\\/evenements-ponctuels\\\/foire-de-printemps-2025\\\/\\\">En savoir plus<\\\/a><\\\/div>\",\"content\":\"Le Comit\\u00e9 des Foires de Belpech vous invite \\u00e0 vivre une belle journ\\u00e9e de convivialit\\u00e9 autour des produits du terroir. Au programme, toute la journ\\u00e9e : &#8211; March\\u00e9 de produits du terroir et artisans locaux &#8211; Rencontre avec les animaux de la ferme : vaches, moutons, poules &#8211; Exposition\\\/vente de machines agricoles &#8211; Buvette des [&hellip;]\",\"address\":\" 11420 BELPECH\",\"location\":{\"lat\":\"43.1997782\",\"city\":\"BELPECH\",\"country\":\"France\",\"lng\":\"1.74925382\",\"onclick_action\":\"post\",\"redirect_permalink\":\"https:\\\/\\\/collinescathares.com\\\/es\\\/evenements-ponctuels\\\/foire-de-printemps-2025\\\/\",\"zoom\":10,\"extra_fields\":{\"%date_evenement_r%\":\"13 Avril 2025\",\"%date_evenement_fin_r%\":\"13 Avril 2025\",\"post_excerpt\":\"Le Comit\\u00e9 des Foires de Belpech vous invite \\u00e0 vivre une belle journ\\u00e9e de convivialit\\u00e9 autour des produits du terroir. Au programme, toute la journ\\u00e9e : &#8211; March\\u00e9 de produits du terroir et artisans locaux &#8211; Rencontre avec les animaux de la ferme : vaches, moutons, poules &#8211; Exposition\\\/vente de machines agricoles &#8211; Buvette des [&hellip;]\",\"post_content\":\"Le Comit\\u00e9 des Foires de Belpech vous invite \\u00e0 vivre une belle journ\\u00e9e de convivialit\\u00e9 autour des produits du terroir.\\n\\nAu programme, toute la journ\\u00e9e :\\n- March\\u00e9 de produits du terroir et artisans locaux\\n- Rencontre avec les animaux de la ferme : vaches, moutons, poules\\n- Exposition\\\/vente de machines agricoles\\n- Buvette des jeunes agriculteurs\\n- Banda et accord\\u00e9oniste de rue\\n- Vide-greniers\\n\\nLes rendez-vous :\\n- \\u00e0 10h : concours de desserts : g\\u00e2teau au yaourt\\n- \\u00e0 10h30 : d\\u00e9fil\\u00e9 des confr\\u00e9ries\\n- \\u00e0 11h : intronisations\\n- \\u00e0 13h : repas du terroir (sur inscription)\\n- \\u00e0 16h : d\\u00e9fil\\u00e9 des vieux tracteurs.\\n\\nEntr\\u00e9e libre. Venez nombreux !\",\"post_title\":\"FOIRE DE PRINTEMPS 2025\",\"post_link\":\"https:\\\/\\\/collinescathares.com\\\/es\\\/evenements-ponctuels\\\/foire-de-printemps-2025\\\/\",\"post_featured_image\":\"<div class=\\\"fc-feature-img\\\"><img alt=\\\"FOIRE DE PRINTEMPS 2025\\\" width=\\\"300\\\" height=\\\"225\\\" src=\\\"https:\\\/\\\/collinescathares.com\\\/wp-content\\\/uploads\\\/2025\\\/02\\\/FOIRE-DE-PRINTEMPS-2025-300x225.jpg\\\" class=\\\"wp-post-image   wpgmp_featured_image\\\" ><\\\/div>\",\"post_categories\":\"Ev\\u00e9nements ponctuels\",\"post_tags\":\"\",\"%_encloseme%\":\"1\",\"%_thumbnail_id%\":\"251327\",\"%ville_r%\":\"BELPECH\",\"%_ville_r%\":\"field_5efc3a17e12c5\",\"%cp_r%\":\"11420\",\"%_cp_r%\":\"field_5efc3a47e12ca\",\"%tarifs_r%\":\"\",\"%_tarifs_r%\":\"field_5efc3a22e12c6\",\"%carte_r%\":\" 11420 BELPECH, 43.1997782, 1.74925382, 14\",\"%_carte_r%\":\"field_5efc4ed05494a\",\"%labels_r%\":\"\",\"%_labels_r%\":\"field_5f3a47134470d\",\"%handicap_r%\":\"\",\"%_handicap_r%\":\"field_5f3a471a4470e\",\"%offres_promotionnelles_r%\":\"\",\"%_offres_promotionnelles_r%\":\"field_5f3a472d4470f\",\"%telephone_r%\":\"+33 4 68 60 60 15\",\"%_telephone_r%\":\"field_5efc3a39e12c8\",\"%email_r%\":\"associations@belpech.fr\",\"%_email_r%\":\"field_5efc3a40e12c9\",\"%idunique_r%\":\"FMALAR011V515MS8\",\"%_idunique_r%\":\"field_5f04335c562b3\",\"%site_r%\":\"https:\\\/\\\/www.belpech.fr\\\/foire-de-printemps-de-belpech\",\"%_site_r%\":\"field_5efc4d652a106\",\"%_date_evenement_r%\":\"field_5f0348f37d5bd\",\"%_date_evenement_fin_r%\":\"field_5f3a4540d0781\",\"%horaires_evenement_r%\":\"08:00 \\\/ 17:00\",\"%_horaires_evenement_r%\":\"field_5f3a4550d0782\",\"%type_r%\":\"Foire\",\"%_type_r%\":\"field_5f057b5365cd7\",\"%classification_r%\":\"\",\"%_classification_r%\":\"field_5f3a3af81a328\",\"%classement_prefectoral_r%\":\"\",\"%_classement_prefectoral_r%\":\"field_5f3a473444710\",\"%datetri_r%\":\"1744502400\",\"%_datetri_r%\":\"field_5f3a8a82002b1\",\"%langage_r%\":\"FR\",\"%_langage_r%\":\"field_5f3be5649f374\",\"%_wpgmp_location_address%\":\" 11420 BELPECH\",\"%_wpgmp_location_city%\":\"BELPECH\",\"%_wpgmp_location_state%\":\"\",\"%_wpgmp_location_country%\":\"France\",\"%_wpgmp_metabox_marker_id%\":\"a:1:{i:0;i:8;}\",\"%_wpgmp_map_id%\":\"a:1:{i:0;i:21;}\",\"%_wpgmp_metabox_latitude%\":\"43.1997782\",\"%_wpgmp_metabox_longitude%\":\"1.74925382\",\"%_wpgmp_metabox_location_redirect%\":\"post\",\"%_wpgmp_metabox_custom_link%\":\"\",\"%_wpgmp_metabox_taxomomies_terms%\":\"N;\",\"%_wpgmp_extensions_fields%\":\"N;\",\"%_wpml_word_count%\":\"108\",\"%_elementor_page_assets%\":\"\",\"taxonomy=category\":\"Ev\\u00e9nements ponctuels\",\"taxonomy=post_tag\":\"\",\"taxonomy=post_format\":\"\",\"taxonomy=translation_priority\":\"Opcional\"},\"icon\":\"https:\\\/\\\/collinescathares.com\\\/wp-content\\\/uploads\\\/2020\\\/07\\\/pointeur_vert.svg\"},\"id\":252465,\"custom_filters\":{\"type_r\":\"Foire\",\"datetri_r\":\"1744502400\"},\"infowindow_disable\":false,\"categories\":[{\"icon\":\"https:\\\/\\\/collinescathares.com\\\/wp-content\\\/uploads\\\/2020\\\/07\\\/pointeur_vert.svg\",\"name\":\"Ev\\u00e9nements ponctuels\",\"id\":\"8\",\"type\":\"category\"}]},{\"source\":\"post\",\"title\":\"VISITE COMMENT\\u00c9E DE LA COLL\\u00c9GIALE SAINT-VINCENT \\u00c0 MONTR\\u00c9AL\",\"infowindow_content\":\"<div class=\\\"fc-main\\\"><div class=\\\"fc-item-title\\\">VISITE COMMENT\\u00c9E DE LA COLL\\u00c9GIALE SAINT-VINCENT \\u00c0 MONTR\\u00c9AL <span class=\\\"fc-badge info\\\">Ev\\u00e9nements ponctuels<\\\/span><\\\/div> <div class=\\\"fc-item-featured_image\\\"><div class=\\\"fc-feature-img\\\"><img alt=\\\"VISITE COMMENT\\u00c9E DE LA COLL\\u00c9GIALE SAINT-VINCENT \\u00c0 MONTR\\u00c9AL\\\" width=\\\"300\\\" height=\\\"225\\\" src=\\\"https:\\\/\\\/collinescathares.com\\\/wp-content\\\/uploads\\\/2024\\\/07\\\/VISITE-COMMENTEE-DE-LA-COLLEGIALE-SAINT-VINCENT-A-MONTREAL-300x225.jpg\\\" class=\\\"wp-post-image   wpgmp_featured_image\\\" ><\\\/div> <\\\/div>Pos\\u00e9e dans les hauteurs de Montr\\u00e9al d\\u2019Aude comme un phare au c\\u0153ur des collines riantes et des vignobles de la Malep\\u00e8re, la Coll\\u00e9giale Saint-Vincent marque les paysages alentour de ses \\u00e9tonnantes proportions. Dat\\u00e9 de la fin du XIIIe \\u2013 d\\u00e9but XIVe si\\u00e8cle, fortifi\\u00e9 durant les guerres de religion, embelli aux XVIIIe et XIXe si\\u00e8cles, ce [&hellip;]<address><b>Adresse : <\\\/b>{marker_address}<\\\/address><a class=\\\"fc-btn fc-btn-small fc-btn-red\\\" href=\\\"https:\\\/\\\/collinescathares.com\\\/es\\\/evenements-ponctuels\\\/visite-commentee-de-la-collegiale-saint-vincent-a-montreal-6\\\/\\\">En savoir plus<\\\/a><\\\/div>\",\"content\":\"Pos\\u00e9e dans les hauteurs de Montr\\u00e9al d\\u2019Aude comme un phare au c\\u0153ur des collines riantes et des vignobles de la Malep\\u00e8re, la Coll\\u00e9giale Saint-Vincent marque les paysages alentour de ses \\u00e9tonnantes proportions. Dat\\u00e9 de la fin du XIIIe \\u2013 d\\u00e9but XIVe si\\u00e8cle, fortifi\\u00e9 durant les guerres de religion, embelli aux XVIIIe et XIXe si\\u00e8cles, ce [&hellip;]\",\"address\":\"Place Saint-Vincent 11290 MONTREAL\",\"location\":{\"lat\":\"43.1993378\",\"city\":\"MONTREAL\",\"country\":\"France\",\"lng\":\"2.14279411\",\"onclick_action\":\"post\",\"redirect_permalink\":\"https:\\\/\\\/collinescathares.com\\\/es\\\/evenements-ponctuels\\\/visite-commentee-de-la-collegiale-saint-vincent-a-montreal-6\\\/\",\"zoom\":10,\"extra_fields\":{\"%date_evenement_r%\":\"30 Mai 2025\",\"%date_evenement_fin_r%\":\"30 Mai 2025\",\"post_excerpt\":\"Pos\\u00e9e dans les hauteurs de Montr\\u00e9al d\\u2019Aude comme un phare au c\\u0153ur des collines riantes et des vignobles de la Malep\\u00e8re, la Coll\\u00e9giale Saint-Vincent marque les paysages alentour de ses \\u00e9tonnantes proportions. Dat\\u00e9 de la fin du XIIIe \\u2013 d\\u00e9but XIVe si\\u00e8cle, fortifi\\u00e9 durant les guerres de religion, embelli aux XVIIIe et XIXe si\\u00e8cles, ce [&hellip;]\",\"post_content\":\"Pos\\u00e9e dans les hauteurs de Montr\\u00e9al d\\u2019Aude comme un phare au c\\u0153ur des collines riantes et des vignobles de la Malep\\u00e8re, la Coll\\u00e9giale Saint-Vincent marque les paysages alentour de ses \\u00e9tonnantes proportions. \\n\\nDat\\u00e9 de la fin du XIIIe \\u2013 d\\u00e9but XIVe si\\u00e8cle, fortifi\\u00e9 durant les guerres de religion, embelli aux XVIIIe et XIXe si\\u00e8cles, ce majestueux vaisseau de pierre conserve le souvenir des moments clefs de l\\u2019Histoire locale.\\n\\nVenez d\\u00e9couvrir cet \\u00e9difice lors d'une visite guid\\u00e9e !\\nRendez-vous sur le parvis de la coll\\u00e9giale (place Saint-Vincent) le vendredi 30 mai \\u00e0 17h. Votre guide, Armand Guitard, vous y attendra.\\n\\nVisite sur r\\u00e9servation : 04 68 24 75 45 \\\/ tourisme@ccplm.fr\\nParticipation au chapeau. Nombre de places limit\\u00e9.\\n\\u00c0 cette occasion, le livre d'Armand Guitard sur la coll\\u00e9giale sera propos\\u00e9 \\u00e0 la vente.\",\"post_title\":\"VISITE COMMENT\\u00c9E DE LA COLL\\u00c9GIALE SAINT-VINCENT \\u00c0 MONTR\\u00c9AL\",\"post_link\":\"https:\\\/\\\/collinescathares.com\\\/es\\\/evenements-ponctuels\\\/visite-commentee-de-la-collegiale-saint-vincent-a-montreal-6\\\/\",\"post_featured_image\":\"<div class=\\\"fc-feature-img\\\"><img alt=\\\"VISITE COMMENT\\u00c9E DE LA COLL\\u00c9GIALE SAINT-VINCENT \\u00c0 MONTR\\u00c9AL\\\" width=\\\"300\\\" height=\\\"225\\\" src=\\\"https:\\\/\\\/collinescathares.com\\\/wp-content\\\/uploads\\\/2024\\\/07\\\/VISITE-COMMENTEE-DE-LA-COLLEGIALE-SAINT-VINCENT-A-MONTREAL-300x225.jpg\\\" class=\\\"wp-post-image   wpgmp_featured_image\\\" ><\\\/div>\",\"post_categories\":\"Ev\\u00e9nements ponctuels\",\"post_tags\":\"\",\"%_encloseme%\":\"1\",\"%_thumbnail_id%\":\"246909\",\"%ville_r%\":\"MONTREAL\",\"%_ville_r%\":\"field_5efc3a17e12c5\",\"%cp_r%\":\"11290\",\"%_cp_r%\":\"field_5efc3a47e12ca\",\"%tarifs_r%\":\"\",\"%_tarifs_r%\":\"field_5efc3a22e12c6\",\"%adresse_r%\":\"Place Saint-Vincent\",\"%_adresse_r%\":\"field_5efc3a2ee12c7\",\"%carte_r%\":\"Place Saint-Vincent 11290 MONTREAL, 43.1993378, 2.14279411, 14\",\"%_carte_r%\":\"field_5efc4ed05494a\",\"%labels_r%\":\"\",\"%_labels_r%\":\"field_5f3a47134470d\",\"%handicap_r%\":\"\",\"%_handicap_r%\":\"field_5f3a471a4470e\",\"%offres_promotionnelles_r%\":\"\",\"%_offres_promotionnelles_r%\":\"field_5f3a472d4470f\",\"%telephone_r%\":\"+33 4 68 24 75 45\",\"%_telephone_r%\":\"field_5efc3a39e12c8\",\"%email_r%\":\"tourisme@ccplm.fr\",\"%_email_r%\":\"field_5efc3a40e12c9\",\"%idunique_r%\":\"FMALAR011V515ME3\",\"%_idunique_r%\":\"field_5f04335c562b3\",\"%site_r%\":\"https:\\\/\\\/collinescathares.com\\\/\",\"%_site_r%\":\"field_5efc4d652a106\",\"%_date_evenement_r%\":\"field_5f0348f37d5bd\",\"%_date_evenement_fin_r%\":\"field_5f3a4540d0781\",\"%horaires_evenement_r%\":\"17:00 \\\/ 18:00\",\"%_horaires_evenement_r%\":\"field_5f3a4550d0782\",\"%type_r%\":\"Visite guid\\u00e9e\",\"%_type_r%\":\"field_5f057b5365cd7\",\"%classification_r%\":\"\",\"%_classification_r%\":\"field_5f3a3af81a328\",\"%classement_prefectoral_r%\":\"\",\"%_classement_prefectoral_r%\":\"field_5f3a473444710\",\"%datetri_r%\":\"1748563200\",\"%_datetri_r%\":\"field_5f3a8a82002b1\",\"%langage_r%\":\"FR\",\"%_langage_r%\":\"field_5f3be5649f374\",\"%_wpgmp_location_address%\":\"Place Saint-Vincent 11290 MONTREAL\",\"%_wpgmp_location_city%\":\"MONTREAL\",\"%_wpgmp_location_state%\":\"\",\"%_wpgmp_location_country%\":\"France\",\"%_wpgmp_metabox_marker_id%\":\"a:1:{i:0;i:8;}\",\"%_wpgmp_map_id%\":\"a:1:{i:0;i:21;}\",\"%_wpgmp_metabox_latitude%\":\"43.1993378\",\"%_wpgmp_metabox_longitude%\":\"2.14279411\",\"%_wpgmp_metabox_location_redirect%\":\"post\",\"%_wpgmp_metabox_custom_link%\":\"\",\"%_wpgmp_metabox_taxomomies_terms%\":\"N;\",\"%_wpgmp_extensions_fields%\":\"N;\",\"%_wpml_word_count%\":\"147\",\"%galerie_image_r%\":\"246909\",\"%_galerie_image_r%\":\"field_5f3bd339f8130\",\"taxonomy=category\":\"Ev\\u00e9nements ponctuels\",\"taxonomy=post_tag\":\"\",\"taxonomy=post_format\":\"\",\"taxonomy=translation_priority\":\"Opcional\"},\"icon\":\"https:\\\/\\\/collinescathares.com\\\/wp-content\\\/uploads\\\/2020\\\/07\\\/pointeur_vert.svg\"},\"id\":252461,\"custom_filters\":{\"type_r\":\"Visite guid\\u00e9e\",\"datetri_r\":\"1748563200\"},\"infowindow_disable\":false,\"categories\":[{\"icon\":\"https:\\\/\\\/collinescathares.com\\\/wp-content\\\/uploads\\\/2020\\\/07\\\/pointeur_vert.svg\",\"name\":\"Ev\\u00e9nements ponctuels\",\"id\":\"8\",\"type\":\"category\"}]},{\"source\":\"post\",\"title\":\"VISITE COMMENT\\u00c9E DE LA COLL\\u00c9GIALE SAINT-VINCENT \\u00c0 MONTR\\u00c9AL\",\"infowindow_content\":\"<div class=\\\"fc-main\\\"><div class=\\\"fc-item-title\\\">VISITE COMMENT\\u00c9E DE LA COLL\\u00c9GIALE SAINT-VINCENT \\u00c0 MONTR\\u00c9AL <span class=\\\"fc-badge info\\\">Ev\\u00e9nements ponctuels<\\\/span><\\\/div> <div class=\\\"fc-item-featured_image\\\"><div class=\\\"fc-feature-img\\\"><img alt=\\\"VISITE COMMENT\\u00c9E DE LA COLL\\u00c9GIALE SAINT-VINCENT \\u00c0 MONTR\\u00c9AL\\\" width=\\\"300\\\" height=\\\"225\\\" src=\\\"https:\\\/\\\/collinescathares.com\\\/wp-content\\\/uploads\\\/2024\\\/07\\\/VISITE-COMMENTEE-DE-LA-COLLEGIALE-SAINT-VINCENT-A-MONTREAL-300x225.jpg\\\" class=\\\"wp-post-image   wpgmp_featured_image\\\" ><\\\/div> <\\\/div>Pos\\u00e9e dans les hauteurs de Montr\\u00e9al d\\u2019Aude comme un phare au c\\u0153ur des collines riantes et des vignobles de la Malep\\u00e8re, la Coll\\u00e9giale Saint-Vincent marque les paysages alentour de ses \\u00e9tonnantes proportions. Dat\\u00e9 de la fin du XIIIe \\u2013 d\\u00e9but XIVe si\\u00e8cle, fortifi\\u00e9 durant les guerres de religion, embelli aux XVIIIe et XIXe si\\u00e8cles, ce [&hellip;]<address><b>Adresse : <\\\/b>{marker_address}<\\\/address><a class=\\\"fc-btn fc-btn-small fc-btn-red\\\" href=\\\"https:\\\/\\\/collinescathares.com\\\/es\\\/evenements-ponctuels\\\/visite-commentee-de-la-collegiale-saint-vincent-a-montreal-5\\\/\\\">En savoir plus<\\\/a><\\\/div>\",\"content\":\"Pos\\u00e9e dans les hauteurs de Montr\\u00e9al d\\u2019Aude comme un phare au c\\u0153ur des collines riantes et des vignobles de la Malep\\u00e8re, la Coll\\u00e9giale Saint-Vincent marque les paysages alentour de ses \\u00e9tonnantes proportions. Dat\\u00e9 de la fin du XIIIe \\u2013 d\\u00e9but XIVe si\\u00e8cle, fortifi\\u00e9 durant les guerres de religion, embelli aux XVIIIe et XIXe si\\u00e8cles, ce [&hellip;]\",\"address\":\"Place Saint-Vincent 11290 MONTREAL\",\"location\":{\"lat\":\"43.1993378\",\"city\":\"MONTREAL\",\"country\":\"France\",\"lng\":\"2.14279411\",\"onclick_action\":\"post\",\"redirect_permalink\":\"https:\\\/\\\/collinescathares.com\\\/es\\\/evenements-ponctuels\\\/visite-commentee-de-la-collegiale-saint-vincent-a-montreal-5\\\/\",\"zoom\":10,\"extra_fields\":{\"%date_evenement_r%\":\"09 Mai 2025\",\"%date_evenement_fin_r%\":\"09 Mai 2025\",\"post_excerpt\":\"Pos\\u00e9e dans les hauteurs de Montr\\u00e9al d\\u2019Aude comme un phare au c\\u0153ur des collines riantes et des vignobles de la Malep\\u00e8re, la Coll\\u00e9giale Saint-Vincent marque les paysages alentour de ses \\u00e9tonnantes proportions. Dat\\u00e9 de la fin du XIIIe \\u2013 d\\u00e9but XIVe si\\u00e8cle, fortifi\\u00e9 durant les guerres de religion, embelli aux XVIIIe et XIXe si\\u00e8cles, ce [&hellip;]\",\"post_content\":\"Pos\\u00e9e dans les hauteurs de Montr\\u00e9al d\\u2019Aude comme un phare au c\\u0153ur des collines riantes et des vignobles de la Malep\\u00e8re, la Coll\\u00e9giale Saint-Vincent marque les paysages alentour de ses \\u00e9tonnantes proportions. \\n\\nDat\\u00e9 de la fin du XIIIe \\u2013 d\\u00e9but XIVe si\\u00e8cle, fortifi\\u00e9 durant les guerres de religion, embelli aux XVIIIe et XIXe si\\u00e8cles, ce majestueux vaisseau de pierre conserve le souvenir des moments clefs de l\\u2019Histoire locale.\\n\\nVenez d\\u00e9couvrir cet \\u00e9difice lors d'une visite guid\\u00e9e !\\nRendez-vous sur le parvis de la coll\\u00e9giale (place Saint-Vincent) le vendredi 09 mai \\u00e0 17h. Votre guide, Armand Guitard, vous y attendra.\\n\\nVisite sur r\\u00e9servation : 04 68 24 75 45 \\\/ tourisme@ccplm.fr\\nParticipation au chapeau. Nombre de places limit\\u00e9.\\n\\u00c0 cette occasion, le livre d'Armand Guitard sur la coll\\u00e9giale sera propos\\u00e9 \\u00e0 la vente.\",\"post_title\":\"VISITE COMMENT\\u00c9E DE LA COLL\\u00c9GIALE SAINT-VINCENT \\u00c0 MONTR\\u00c9AL\",\"post_link\":\"https:\\\/\\\/collinescathares.com\\\/es\\\/evenements-ponctuels\\\/visite-commentee-de-la-collegiale-saint-vincent-a-montreal-5\\\/\",\"post_featured_image\":\"<div class=\\\"fc-feature-img\\\"><img alt=\\\"VISITE COMMENT\\u00c9E DE LA COLL\\u00c9GIALE SAINT-VINCENT \\u00c0 MONTR\\u00c9AL\\\" width=\\\"300\\\" height=\\\"225\\\" src=\\\"https:\\\/\\\/collinescathares.com\\\/wp-content\\\/uploads\\\/2024\\\/07\\\/VISITE-COMMENTEE-DE-LA-COLLEGIALE-SAINT-VINCENT-A-MONTREAL-300x225.jpg\\\" class=\\\"wp-post-image   wpgmp_featured_image\\\" ><\\\/div>\",\"post_categories\":\"Ev\\u00e9nements ponctuels\",\"post_tags\":\"\",\"%_encloseme%\":\"1\",\"%_thumbnail_id%\":\"246909\",\"%ville_r%\":\"MONTREAL\",\"%_ville_r%\":\"field_5efc3a17e12c5\",\"%cp_r%\":\"11290\",\"%_cp_r%\":\"field_5efc3a47e12ca\",\"%tarifs_r%\":\"\",\"%_tarifs_r%\":\"field_5efc3a22e12c6\",\"%adresse_r%\":\"Place Saint-Vincent\",\"%_adresse_r%\":\"field_5efc3a2ee12c7\",\"%carte_r%\":\"Place Saint-Vincent 11290 MONTREAL, 43.1993378, 2.14279411, 14\",\"%_carte_r%\":\"field_5efc4ed05494a\",\"%labels_r%\":\"\",\"%_labels_r%\":\"field_5f3a47134470d\",\"%handicap_r%\":\"\",\"%_handicap_r%\":\"field_5f3a471a4470e\",\"%offres_promotionnelles_r%\":\"\",\"%_offres_promotionnelles_r%\":\"field_5f3a472d4470f\",\"%telephone_r%\":\"+33 4 68 24 75 45\",\"%_telephone_r%\":\"field_5efc3a39e12c8\",\"%email_r%\":\"tourisme@ccplm.fr\",\"%_email_r%\":\"field_5efc3a40e12c9\",\"%idunique_r%\":\"FMALAR011V515ME2\",\"%_idunique_r%\":\"field_5f04335c562b3\",\"%site_r%\":\"https:\\\/\\\/collinescathares.com\\\/\",\"%_site_r%\":\"field_5efc4d652a106\",\"%_date_evenement_r%\":\"field_5f0348f37d5bd\",\"%_date_evenement_fin_r%\":\"field_5f3a4540d0781\",\"%horaires_evenement_r%\":\"17:00 \\\/ 18:00\",\"%_horaires_evenement_r%\":\"field_5f3a4550d0782\",\"%type_r%\":\"Visite guid\\u00e9e\",\"%_type_r%\":\"field_5f057b5365cd7\",\"%classification_r%\":\"\",\"%_classification_r%\":\"field_5f3a3af81a328\",\"%classement_prefectoral_r%\":\"\",\"%_classement_prefectoral_r%\":\"field_5f3a473444710\",\"%datetri_r%\":\"1746748800\",\"%_datetri_r%\":\"field_5f3a8a82002b1\",\"%langage_r%\":\"FR\",\"%_langage_r%\":\"field_5f3be5649f374\",\"%_wpgmp_location_address%\":\"Place Saint-Vincent 11290 MONTREAL\",\"%_wpgmp_location_city%\":\"MONTREAL\",\"%_wpgmp_location_state%\":\"\",\"%_wpgmp_location_country%\":\"France\",\"%_wpgmp_metabox_marker_id%\":\"a:1:{i:0;i:8;}\",\"%_wpgmp_map_id%\":\"a:1:{i:0;i:21;}\",\"%_wpgmp_metabox_latitude%\":\"43.1993378\",\"%_wpgmp_metabox_longitude%\":\"2.14279411\",\"%_wpgmp_metabox_location_redirect%\":\"post\",\"%_wpgmp_metabox_custom_link%\":\"\",\"%_wpgmp_metabox_taxomomies_terms%\":\"N;\",\"%_wpgmp_extensions_fields%\":\"N;\",\"%_wpml_word_count%\":\"147\",\"%galerie_image_r%\":\"246909\",\"%_galerie_image_r%\":\"field_5f3bd339f8130\",\"%_elementor_page_assets%\":\"\",\"taxonomy=category\":\"Ev\\u00e9nements ponctuels\",\"taxonomy=post_tag\":\"\",\"taxonomy=post_format\":\"\",\"taxonomy=translation_priority\":\"Opcional\"},\"icon\":\"https:\\\/\\\/collinescathares.com\\\/wp-content\\\/uploads\\\/2020\\\/07\\\/pointeur_vert.svg\"},\"id\":252459,\"custom_filters\":{\"type_r\":\"Visite guid\\u00e9e\",\"datetri_r\":\"1746748800\"},\"infowindow_disable\":false,\"categories\":[{\"icon\":\"https:\\\/\\\/collinescathares.com\\\/wp-content\\\/uploads\\\/2020\\\/07\\\/pointeur_vert.svg\",\"name\":\"Ev\\u00e9nements ponctuels\",\"id\":\"8\",\"type\":\"category\"}]},{\"source\":\"post\",\"title\":\"VISITE COMMENT\\u00c9E DE LA COLL\\u00c9GIALE SAINT-VINCENT \\u00c0 MONTR\\u00c9AL\",\"infowindow_content\":\"<div class=\\\"fc-main\\\"><div class=\\\"fc-item-title\\\">VISITE COMMENT\\u00c9E DE LA COLL\\u00c9GIALE SAINT-VINCENT \\u00c0 MONTR\\u00c9AL <span class=\\\"fc-badge info\\\">Ev\\u00e9nements ponctuels<\\\/span><\\\/div> <div class=\\\"fc-item-featured_image\\\"><div class=\\\"fc-feature-img\\\"><img alt=\\\"VISITE COMMENT\\u00c9E DE LA COLL\\u00c9GIALE SAINT-VINCENT \\u00c0 MONTR\\u00c9AL\\\" width=\\\"300\\\" height=\\\"225\\\" src=\\\"https:\\\/\\\/collinescathares.com\\\/wp-content\\\/uploads\\\/2024\\\/07\\\/VISITE-COMMENTEE-DE-LA-COLLEGIALE-SAINT-VINCENT-A-MONTREAL-300x225.jpg\\\" class=\\\"wp-post-image   wpgmp_featured_image\\\" ><\\\/div> <\\\/div>Pos\\u00e9e dans les hauteurs de Montr\\u00e9al d\\u2019Aude comme un phare au c\\u0153ur des collines riantes et des vignobles de la Malep\\u00e8re, la Coll\\u00e9giale Saint-Vincent marque les paysages alentour de ses \\u00e9tonnantes proportions. Dat\\u00e9 de la fin du XIIIe \\u2013 d\\u00e9but XIVe si\\u00e8cle, fortifi\\u00e9 durant les guerres de religion, embelli aux XVIIIe et XIXe si\\u00e8cles, ce [&hellip;]<address><b>Adresse : <\\\/b>{marker_address}<\\\/address><a class=\\\"fc-btn fc-btn-small fc-btn-red\\\" href=\\\"https:\\\/\\\/collinescathares.com\\\/es\\\/evenements-ponctuels\\\/visite-commentee-de-la-collegiale-saint-vincent-a-montreal-4\\\/\\\">En savoir plus<\\\/a><\\\/div>\",\"content\":\"Pos\\u00e9e dans les hauteurs de Montr\\u00e9al d\\u2019Aude comme un phare au c\\u0153ur des collines riantes et des vignobles de la Malep\\u00e8re, la Coll\\u00e9giale Saint-Vincent marque les paysages alentour de ses \\u00e9tonnantes proportions. Dat\\u00e9 de la fin du XIIIe \\u2013 d\\u00e9but XIVe si\\u00e8cle, fortifi\\u00e9 durant les guerres de religion, embelli aux XVIIIe et XIXe si\\u00e8cles, ce [&hellip;]\",\"address\":\"Place Saint-Vincent 11290 MONTREAL\",\"location\":{\"lat\":\"43.1993378\",\"city\":\"MONTREAL\",\"country\":\"France\",\"lng\":\"2.14279411\",\"onclick_action\":\"post\",\"redirect_permalink\":\"https:\\\/\\\/collinescathares.com\\\/es\\\/evenements-ponctuels\\\/visite-commentee-de-la-collegiale-saint-vincent-a-montreal-4\\\/\",\"zoom\":10,\"extra_fields\":{\"%date_evenement_r%\":\"21 Ao\\u00fbt 2025\",\"%date_evenement_fin_r%\":\"21 Ao\\u00fbt 2025\",\"post_excerpt\":\"Pos\\u00e9e dans les hauteurs de Montr\\u00e9al d\\u2019Aude comme un phare au c\\u0153ur des collines riantes et des vignobles de la Malep\\u00e8re, la Coll\\u00e9giale Saint-Vincent marque les paysages alentour de ses \\u00e9tonnantes proportions. Dat\\u00e9 de la fin du XIIIe \\u2013 d\\u00e9but XIVe si\\u00e8cle, fortifi\\u00e9 durant les guerres de religion, embelli aux XVIIIe et XIXe si\\u00e8cles, ce [&hellip;]\",\"post_content\":\"Pos\\u00e9e dans les hauteurs de Montr\\u00e9al d\\u2019Aude comme un phare au c\\u0153ur des collines riantes et des vignobles de la Malep\\u00e8re, la Coll\\u00e9giale Saint-Vincent marque les paysages alentour de ses \\u00e9tonnantes proportions. \\n\\nDat\\u00e9 de la fin du XIIIe \\u2013 d\\u00e9but XIVe si\\u00e8cle, fortifi\\u00e9 durant les guerres de religion, embelli aux XVIIIe et XIXe si\\u00e8cles, ce majestueux vaisseau de pierre conserve le souvenir des moments clefs de l\\u2019Histoire locale.\\n\\nVenez d\\u00e9couvrir cet \\u00e9difice lors d'une visite guid\\u00e9e !\\nRendez-vous sur le parvis de la coll\\u00e9giale (place Saint-Vincent) le jeudi 21 ao\\u00fbt \\u00e0 17h. Votre guide, Armand Guitard, vous y attendra.\\n\\nVisite sur r\\u00e9servation : 04 68 24 75 45 \\\/ tourisme@ccplm.fr\\nParticipation au chapeau. Nombre de places limit\\u00e9.\\n\\u00c0 cette occasion, le livre d'Armand Guitard sur la coll\\u00e9giale sera propos\\u00e9 \\u00e0 la vente.\",\"post_title\":\"VISITE COMMENT\\u00c9E DE LA COLL\\u00c9GIALE SAINT-VINCENT \\u00c0 MONTR\\u00c9AL\",\"post_link\":\"https:\\\/\\\/collinescathares.com\\\/es\\\/evenements-ponctuels\\\/visite-commentee-de-la-collegiale-saint-vincent-a-montreal-4\\\/\",\"post_featured_image\":\"<div class=\\\"fc-feature-img\\\"><img alt=\\\"VISITE COMMENT\\u00c9E DE LA COLL\\u00c9GIALE SAINT-VINCENT \\u00c0 MONTR\\u00c9AL\\\" width=\\\"300\\\" height=\\\"225\\\" src=\\\"https:\\\/\\\/collinescathares.com\\\/wp-content\\\/uploads\\\/2024\\\/07\\\/VISITE-COMMENTEE-DE-LA-COLLEGIALE-SAINT-VINCENT-A-MONTREAL-300x225.jpg\\\" class=\\\"wp-post-image   wpgmp_featured_image\\\" ><\\\/div>\",\"post_categories\":\"Ev\\u00e9nements ponctuels\",\"post_tags\":\"\",\"%_encloseme%\":\"1\",\"%_thumbnail_id%\":\"246909\",\"%ville_r%\":\"MONTREAL\",\"%_ville_r%\":\"field_5efc3a17e12c5\",\"%cp_r%\":\"11290\",\"%_cp_r%\":\"field_5efc3a47e12ca\",\"%tarifs_r%\":\"\",\"%_tarifs_r%\":\"field_5efc3a22e12c6\",\"%adresse_r%\":\"Place Saint-Vincent\",\"%_adresse_r%\":\"field_5efc3a2ee12c7\",\"%carte_r%\":\"Place Saint-Vincent 11290 MONTREAL, 43.1993378, 2.14279411, 14\",\"%_carte_r%\":\"field_5efc4ed05494a\",\"%labels_r%\":\"\",\"%_labels_r%\":\"field_5f3a47134470d\",\"%handicap_r%\":\"\",\"%_handicap_r%\":\"field_5f3a471a4470e\",\"%offres_promotionnelles_r%\":\"\",\"%_offres_promotionnelles_r%\":\"field_5f3a472d4470f\",\"%telephone_r%\":\"+33 4 68 24 75 45\",\"%_telephone_r%\":\"field_5efc3a39e12c8\",\"%email_r%\":\"tourisme@ccplm.fr\",\"%_email_r%\":\"field_5efc3a40e12c9\",\"%idunique_r%\":\"FMALAR011V515MD7\",\"%_idunique_r%\":\"field_5f04335c562b3\",\"%site_r%\":\"https:\\\/\\\/collinescathares.com\\\/\",\"%_site_r%\":\"field_5efc4d652a106\",\"%_date_evenement_r%\":\"field_5f0348f37d5bd\",\"%_date_evenement_fin_r%\":\"field_5f3a4540d0781\",\"%horaires_evenement_r%\":\"17:00 \\\/ 18:00\",\"%_horaires_evenement_r%\":\"field_5f3a4550d0782\",\"%type_r%\":\"Visite guid\\u00e9e\",\"%_type_r%\":\"field_5f057b5365cd7\",\"%classification_r%\":\"\",\"%_classification_r%\":\"field_5f3a3af81a328\",\"%classement_prefectoral_r%\":\"\",\"%_classement_prefectoral_r%\":\"field_5f3a473444710\",\"%datetri_r%\":\"1755734400\",\"%_datetri_r%\":\"field_5f3a8a82002b1\",\"%langage_r%\":\"FR\",\"%_langage_r%\":\"field_5f3be5649f374\",\"%_wpgmp_location_address%\":\"Place Saint-Vincent 11290 MONTREAL\",\"%_wpgmp_location_city%\":\"MONTREAL\",\"%_wpgmp_location_state%\":\"\",\"%_wpgmp_location_country%\":\"France\",\"%_wpgmp_metabox_marker_id%\":\"a:1:{i:0;i:8;}\",\"%_wpgmp_map_id%\":\"a:1:{i:0;i:21;}\",\"%_wpgmp_metabox_latitude%\":\"43.1993378\",\"%_wpgmp_metabox_longitude%\":\"2.14279411\",\"%_wpgmp_metabox_location_redirect%\":\"post\",\"%_wpgmp_metabox_custom_link%\":\"\",\"%_wpgmp_metabox_taxomomies_terms%\":\"N;\",\"%_wpgmp_extensions_fields%\":\"N;\",\"%_wpml_word_count%\":\"147\",\"%galerie_image_r%\":\"246909\",\"%_galerie_image_r%\":\"field_5f3bd339f8130\",\"taxonomy=category\":\"Ev\\u00e9nements ponctuels\",\"taxonomy=post_tag\":\"\",\"taxonomy=post_format\":\"\",\"taxonomy=translation_priority\":\"Opcional\"},\"icon\":\"https:\\\/\\\/collinescathares.com\\\/wp-content\\\/uploads\\\/2020\\\/07\\\/pointeur_vert.svg\"},\"id\":252457,\"custom_filters\":{\"type_r\":\"Visite guid\\u00e9e\",\"datetri_r\":\"1755734400\"},\"infowindow_disable\":false,\"categories\":[{\"icon\":\"https:\\\/\\\/collinescathares.com\\\/wp-content\\\/uploads\\\/2020\\\/07\\\/pointeur_vert.svg\",\"name\":\"Ev\\u00e9nements ponctuels\",\"id\":\"8\",\"type\":\"category\"}]},{\"source\":\"post\",\"title\":\"VISITE COMMENT\\u00c9E DE LA COLL\\u00c9GIALE SAINT-VINCENT \\u00c0 MONTR\\u00c9AL\",\"infowindow_content\":\"<div class=\\\"fc-main\\\"><div class=\\\"fc-item-title\\\">VISITE COMMENT\\u00c9E DE LA COLL\\u00c9GIALE SAINT-VINCENT \\u00c0 MONTR\\u00c9AL <span class=\\\"fc-badge info\\\">Ev\\u00e9nements ponctuels<\\\/span><\\\/div> <div class=\\\"fc-item-featured_image\\\"><div class=\\\"fc-feature-img\\\"><img alt=\\\"VISITE COMMENT\\u00c9E DE LA COLL\\u00c9GIALE SAINT-VINCENT \\u00c0 MONTR\\u00c9AL\\\" width=\\\"300\\\" height=\\\"225\\\" src=\\\"https:\\\/\\\/collinescathares.com\\\/wp-content\\\/uploads\\\/2024\\\/07\\\/VISITE-COMMENTEE-DE-LA-COLLEGIALE-SAINT-VINCENT-A-MONTREAL-300x225.jpg\\\" class=\\\"wp-post-image   wpgmp_featured_image\\\" ><\\\/div> <\\\/div>Pos\\u00e9e dans les hauteurs de Montr\\u00e9al d\\u2019Aude comme un phare au c\\u0153ur des collines riantes et des vignobles de la Malep\\u00e8re, la Coll\\u00e9giale Saint-Vincent marque les paysages alentour de ses \\u00e9tonnantes proportions. Dat\\u00e9 de la fin du XIIIe \\u2013 d\\u00e9but XIVe si\\u00e8cle, fortifi\\u00e9 durant les guerres de religion, embelli aux XVIIIe et XIXe si\\u00e8cles, ce [&hellip;]<address><b>Adresse : <\\\/b>{marker_address}<\\\/address><a class=\\\"fc-btn fc-btn-small fc-btn-red\\\" href=\\\"https:\\\/\\\/collinescathares.com\\\/es\\\/evenements-ponctuels\\\/visite-commentee-de-la-collegiale-saint-vincent-a-montreal-2\\\/\\\">En savoir plus<\\\/a><\\\/div>\",\"content\":\"Pos\\u00e9e dans les hauteurs de Montr\\u00e9al d\\u2019Aude comme un phare au c\\u0153ur des collines riantes et des vignobles de la Malep\\u00e8re, la Coll\\u00e9giale Saint-Vincent marque les paysages alentour de ses \\u00e9tonnantes proportions. Dat\\u00e9 de la fin du XIIIe \\u2013 d\\u00e9but XIVe si\\u00e8cle, fortifi\\u00e9 durant les guerres de religion, embelli aux XVIIIe et XIXe si\\u00e8cles, ce [&hellip;]\",\"address\":\"Place Saint-Vincent 11290 MONTREAL\",\"location\":{\"lat\":\"43.1993378\",\"city\":\"MONTREAL\",\"country\":\"France\",\"lng\":\"2.14279411\",\"onclick_action\":\"post\",\"redirect_permalink\":\"https:\\\/\\\/collinescathares.com\\\/es\\\/evenements-ponctuels\\\/visite-commentee-de-la-collegiale-saint-vincent-a-montreal-2\\\/\",\"zoom\":10,\"extra_fields\":{\"%date_evenement_r%\":\"24 Juillet 2025\",\"%date_evenement_fin_r%\":\"24 Juillet 2025\",\"post_excerpt\":\"Pos\\u00e9e dans les hauteurs de Montr\\u00e9al d\\u2019Aude comme un phare au c\\u0153ur des collines riantes et des vignobles de la Malep\\u00e8re, la Coll\\u00e9giale Saint-Vincent marque les paysages alentour de ses \\u00e9tonnantes proportions. Dat\\u00e9 de la fin du XIIIe \\u2013 d\\u00e9but XIVe si\\u00e8cle, fortifi\\u00e9 durant les guerres de religion, embelli aux XVIIIe et XIXe si\\u00e8cles, ce [&hellip;]\",\"post_content\":\"Pos\\u00e9e dans les hauteurs de Montr\\u00e9al d\\u2019Aude comme un phare au c\\u0153ur des collines riantes et des vignobles de la Malep\\u00e8re, la Coll\\u00e9giale Saint-Vincent marque les paysages alentour de ses \\u00e9tonnantes proportions. \\n\\nDat\\u00e9 de la fin du XIIIe \\u2013 d\\u00e9but XIVe si\\u00e8cle, fortifi\\u00e9 durant les guerres de religion, embelli aux XVIIIe et XIXe si\\u00e8cles, ce majestueux vaisseau de pierre conserve le souvenir des moments clefs de l\\u2019Histoire locale.\\n\\nVenez d\\u00e9couvrir cet \\u00e9difice lors d'une visite guid\\u00e9e !\\nRendez-vous sur le parvis de la coll\\u00e9giale (place Saint-Vincent) le jeudi 24 juillet \\u00e0 17h. Votre guide, Armand Guitard, vous y attendra.\\n\\nVisite sur r\\u00e9servation : 04 68 24 75 45 \\\/ tourisme@ccplm.fr\\nParticipation au chapeau. Nombre de places limit\\u00e9.\\n\\u00c0 cette occasion, le livre d'Armand Guitard sur la coll\\u00e9giale sera propos\\u00e9 \\u00e0 la vente.\",\"post_title\":\"VISITE COMMENT\\u00c9E DE LA COLL\\u00c9GIALE SAINT-VINCENT \\u00c0 MONTR\\u00c9AL\",\"post_link\":\"https:\\\/\\\/collinescathares.com\\\/es\\\/evenements-ponctuels\\\/visite-commentee-de-la-collegiale-saint-vincent-a-montreal-2\\\/\",\"post_featured_image\":\"<div class=\\\"fc-feature-img\\\"><img alt=\\\"VISITE COMMENT\\u00c9E DE LA COLL\\u00c9GIALE SAINT-VINCENT \\u00c0 MONTR\\u00c9AL\\\" width=\\\"300\\\" height=\\\"225\\\" src=\\\"https:\\\/\\\/collinescathares.com\\\/wp-content\\\/uploads\\\/2024\\\/07\\\/VISITE-COMMENTEE-DE-LA-COLLEGIALE-SAINT-VINCENT-A-MONTREAL-300x225.jpg\\\" class=\\\"wp-post-image   wpgmp_featured_image\\\" ><\\\/div>\",\"post_categories\":\"Ev\\u00e9nements ponctuels\",\"post_tags\":\"\",\"%_encloseme%\":\"1\",\"%_thumbnail_id%\":\"246909\",\"%ville_r%\":\"MONTREAL\",\"%_ville_r%\":\"field_5efc3a17e12c5\",\"%cp_r%\":\"11290\",\"%_cp_r%\":\"field_5efc3a47e12ca\",\"%tarifs_r%\":\"\",\"%_tarifs_r%\":\"field_5efc3a22e12c6\",\"%adresse_r%\":\"Place Saint-Vincent\",\"%_adresse_r%\":\"field_5efc3a2ee12c7\",\"%carte_r%\":\"Place Saint-Vincent 11290 MONTREAL, 43.1993378, 2.14279411, 14\",\"%_carte_r%\":\"field_5efc4ed05494a\",\"%labels_r%\":\"\",\"%_labels_r%\":\"field_5f3a47134470d\",\"%handicap_r%\":\"\",\"%_handicap_r%\":\"field_5f3a471a4470e\",\"%offres_promotionnelles_r%\":\"\",\"%_offres_promotionnelles_r%\":\"field_5f3a472d4470f\",\"%telephone_r%\":\"+33 4 68 24 75 45\",\"%_telephone_r%\":\"field_5efc3a39e12c8\",\"%email_r%\":\"tourisme@ccplm.fr\",\"%_email_r%\":\"field_5efc3a40e12c9\",\"%idunique_r%\":\"FMALAR011V515MD5\",\"%_idunique_r%\":\"field_5f04335c562b3\",\"%site_r%\":\"https:\\\/\\\/collinescathares.com\\\/\",\"%_site_r%\":\"field_5efc4d652a106\",\"%_date_evenement_r%\":\"field_5f0348f37d5bd\",\"%_date_evenement_fin_r%\":\"field_5f3a4540d0781\",\"%horaires_evenement_r%\":\"17:00 \\\/ 18:00\",\"%_horaires_evenement_r%\":\"field_5f3a4550d0782\",\"%type_r%\":\"Visite guid\\u00e9e\",\"%_type_r%\":\"field_5f057b5365cd7\",\"%classification_r%\":\"\",\"%_classification_r%\":\"field_5f3a3af81a328\",\"%classement_prefectoral_r%\":\"\",\"%_classement_prefectoral_r%\":\"field_5f3a473444710\",\"%datetri_r%\":\"1753315200\",\"%_datetri_r%\":\"field_5f3a8a82002b1\",\"%langage_r%\":\"FR\",\"%_langage_r%\":\"field_5f3be5649f374\",\"%_wpgmp_location_address%\":\"Place Saint-Vincent 11290 MONTREAL\",\"%_wpgmp_location_city%\":\"MONTREAL\",\"%_wpgmp_location_state%\":\"\",\"%_wpgmp_location_country%\":\"France\",\"%_wpgmp_metabox_marker_id%\":\"a:1:{i:0;i:8;}\",\"%_wpgmp_map_id%\":\"a:1:{i:0;i:21;}\",\"%_wpgmp_metabox_latitude%\":\"43.1993378\",\"%_wpgmp_metabox_longitude%\":\"2.14279411\",\"%_wpgmp_metabox_location_redirect%\":\"post\",\"%_wpgmp_metabox_custom_link%\":\"\",\"%_wpgmp_metabox_taxomomies_terms%\":\"N;\",\"%_wpgmp_extensions_fields%\":\"N;\",\"%_wpml_word_count%\":\"147\",\"%galerie_image_r%\":\"246909\",\"%_galerie_image_r%\":\"field_5f3bd339f8130\",\"taxonomy=category\":\"Ev\\u00e9nements ponctuels\",\"taxonomy=post_tag\":\"\",\"taxonomy=post_format\":\"\",\"taxonomy=translation_priority\":\"Opcional\"},\"icon\":\"https:\\\/\\\/collinescathares.com\\\/wp-content\\\/uploads\\\/2020\\\/07\\\/pointeur_vert.svg\"},\"id\":252453,\"custom_filters\":{\"type_r\":\"Visite guid\\u00e9e\",\"datetri_r\":\"1753315200\"},\"infowindow_disable\":false,\"categories\":[{\"icon\":\"https:\\\/\\\/collinescathares.com\\\/wp-content\\\/uploads\\\/2020\\\/07\\\/pointeur_vert.svg\",\"name\":\"Ev\\u00e9nements ponctuels\",\"id\":\"8\",\"type\":\"category\"}]},{\"source\":\"post\",\"title\":\"VISITE COMMENT\\u00c9E DE LA COLL\\u00c9GIALE SAINT-VINCENT \\u00c0 MONTR\\u00c9AL\",\"infowindow_content\":\"<div class=\\\"fc-main\\\"><div class=\\\"fc-item-title\\\">VISITE COMMENT\\u00c9E DE LA COLL\\u00c9GIALE SAINT-VINCENT \\u00c0 MONTR\\u00c9AL <span class=\\\"fc-badge info\\\">Ev\\u00e9nements ponctuels<\\\/span><\\\/div> <div class=\\\"fc-item-featured_image\\\"><div class=\\\"fc-feature-img\\\"><img alt=\\\"VISITE COMMENT\\u00c9E DE LA COLL\\u00c9GIALE SAINT-VINCENT \\u00c0 MONTR\\u00c9AL\\\" width=\\\"300\\\" height=\\\"225\\\" src=\\\"https:\\\/\\\/collinescathares.com\\\/wp-content\\\/uploads\\\/2024\\\/07\\\/VISITE-COMMENTEE-DE-LA-COLLEGIALE-SAINT-VINCENT-A-MONTREAL-300x225.jpg\\\" class=\\\"wp-post-image   wpgmp_featured_image\\\" ><\\\/div> <\\\/div>Pos\\u00e9e dans les hauteurs de Montr\\u00e9al d\\u2019Aude comme un phare au c\\u0153ur des collines riantes et des vignobles de la Malep\\u00e8re, la Coll\\u00e9giale Saint-Vincent marque les paysages alentour de ses \\u00e9tonnantes proportions. Dat\\u00e9 de la fin du XIIIe \\u2013 d\\u00e9but XIVe si\\u00e8cle, fortifi\\u00e9 durant les guerres de religion, embelli aux XVIIIe et XIXe si\\u00e8cles, ce [&hellip;]<address><b>Adresse : <\\\/b>{marker_address}<\\\/address><a class=\\\"fc-btn fc-btn-small fc-btn-red\\\" href=\\\"https:\\\/\\\/collinescathares.com\\\/es\\\/evenements-ponctuels\\\/visite-commentee-de-la-collegiale-saint-vincent-a-montreal-3\\\/\\\">En savoir plus<\\\/a><\\\/div>\",\"content\":\"Pos\\u00e9e dans les hauteurs de Montr\\u00e9al d\\u2019Aude comme un phare au c\\u0153ur des collines riantes et des vignobles de la Malep\\u00e8re, la Coll\\u00e9giale Saint-Vincent marque les paysages alentour de ses \\u00e9tonnantes proportions. Dat\\u00e9 de la fin du XIIIe \\u2013 d\\u00e9but XIVe si\\u00e8cle, fortifi\\u00e9 durant les guerres de religion, embelli aux XVIIIe et XIXe si\\u00e8cles, ce [&hellip;]\",\"address\":\"Place Saint-Vincent 11290 MONTREAL\",\"location\":{\"lat\":\"43.1993378\",\"city\":\"MONTREAL\",\"country\":\"France\",\"lng\":\"2.14279411\",\"onclick_action\":\"post\",\"redirect_permalink\":\"https:\\\/\\\/collinescathares.com\\\/es\\\/evenements-ponctuels\\\/visite-commentee-de-la-collegiale-saint-vincent-a-montreal-3\\\/\",\"zoom\":10,\"extra_fields\":{\"%date_evenement_r%\":\"07 Ao\\u00fbt 2025\",\"%date_evenement_fin_r%\":\"07 Ao\\u00fbt 2025\",\"post_excerpt\":\"Pos\\u00e9e dans les hauteurs de Montr\\u00e9al d\\u2019Aude comme un phare au c\\u0153ur des collines riantes et des vignobles de la Malep\\u00e8re, la Coll\\u00e9giale Saint-Vincent marque les paysages alentour de ses \\u00e9tonnantes proportions. Dat\\u00e9 de la fin du XIIIe \\u2013 d\\u00e9but XIVe si\\u00e8cle, fortifi\\u00e9 durant les guerres de religion, embelli aux XVIIIe et XIXe si\\u00e8cles, ce [&hellip;]\",\"post_content\":\"Pos\\u00e9e dans les hauteurs de Montr\\u00e9al d\\u2019Aude comme un phare au c\\u0153ur des collines riantes et des vignobles de la Malep\\u00e8re, la Coll\\u00e9giale Saint-Vincent marque les paysages alentour de ses \\u00e9tonnantes proportions. \\n\\nDat\\u00e9 de la fin du XIIIe \\u2013 d\\u00e9but XIVe si\\u00e8cle, fortifi\\u00e9 durant les guerres de religion, embelli aux XVIIIe et XIXe si\\u00e8cles, ce majestueux vaisseau de pierre conserve le souvenir des moments clefs de l\\u2019Histoire locale.\\n\\nVenez d\\u00e9couvrir cet \\u00e9difice lors d'une visite guid\\u00e9e !\\nRendez-vous sur le parvis de la coll\\u00e9giale (place Saint-Vincent) le jeudi 07 ao\\u00fbt \\u00e0 17h. Votre guide, Armand Guitard, vous y attendra.\\n\\nVisite sur r\\u00e9servation : 04 68 24 75 45 \\\/ tourisme@ccplm.fr\\nParticipation au chapeau. Nombre de places limit\\u00e9.\\n\\u00c0 cette occasion, le livre d'Armand Guitard sur la coll\\u00e9giale sera propos\\u00e9 \\u00e0 la vente.\",\"post_title\":\"VISITE COMMENT\\u00c9E DE LA COLL\\u00c9GIALE SAINT-VINCENT \\u00c0 MONTR\\u00c9AL\",\"post_link\":\"https:\\\/\\\/collinescathares.com\\\/es\\\/evenements-ponctuels\\\/visite-commentee-de-la-collegiale-saint-vincent-a-montreal-3\\\/\",\"post_featured_image\":\"<div class=\\\"fc-feature-img\\\"><img alt=\\\"VISITE COMMENT\\u00c9E DE LA COLL\\u00c9GIALE SAINT-VINCENT \\u00c0 MONTR\\u00c9AL\\\" width=\\\"300\\\" height=\\\"225\\\" src=\\\"https:\\\/\\\/collinescathares.com\\\/wp-content\\\/uploads\\\/2024\\\/07\\\/VISITE-COMMENTEE-DE-LA-COLLEGIALE-SAINT-VINCENT-A-MONTREAL-300x225.jpg\\\" class=\\\"wp-post-image   wpgmp_featured_image\\\" ><\\\/div>\",\"post_categories\":\"Ev\\u00e9nements ponctuels\",\"post_tags\":\"\",\"%_encloseme%\":\"1\",\"%_thumbnail_id%\":\"246909\",\"%ville_r%\":\"MONTREAL\",\"%_ville_r%\":\"field_5efc3a17e12c5\",\"%cp_r%\":\"11290\",\"%_cp_r%\":\"field_5efc3a47e12ca\",\"%tarifs_r%\":\"\",\"%_tarifs_r%\":\"field_5efc3a22e12c6\",\"%adresse_r%\":\"Place Saint-Vincent\",\"%_adresse_r%\":\"field_5efc3a2ee12c7\",\"%carte_r%\":\"Place Saint-Vincent 11290 MONTREAL, 43.1993378, 2.14279411, 14\",\"%_carte_r%\":\"field_5efc4ed05494a\",\"%labels_r%\":\"\",\"%_labels_r%\":\"field_5f3a47134470d\",\"%handicap_r%\":\"\",\"%_handicap_r%\":\"field_5f3a471a4470e\",\"%offres_promotionnelles_r%\":\"\",\"%_offres_promotionnelles_r%\":\"field_5f3a472d4470f\",\"%telephone_r%\":\"+33 4 68 24 75 45\",\"%_telephone_r%\":\"field_5efc3a39e12c8\",\"%email_r%\":\"tourisme@ccplm.fr\",\"%_email_r%\":\"field_5efc3a40e12c9\",\"%idunique_r%\":\"FMALAR011V515MD6\",\"%_idunique_r%\":\"field_5f04335c562b3\",\"%site_r%\":\"https:\\\/\\\/collinescathares.com\\\/\",\"%_site_r%\":\"field_5efc4d652a106\",\"%_date_evenement_r%\":\"field_5f0348f37d5bd\",\"%_date_evenement_fin_r%\":\"field_5f3a4540d0781\",\"%horaires_evenement_r%\":\"17:00 \\\/ 18:00\",\"%_horaires_evenement_r%\":\"field_5f3a4550d0782\",\"%type_r%\":\"Visite guid\\u00e9e\",\"%_type_r%\":\"field_5f057b5365cd7\",\"%classification_r%\":\"\",\"%_classification_r%\":\"field_5f3a3af81a328\",\"%classement_prefectoral_r%\":\"\",\"%_classement_prefectoral_r%\":\"field_5f3a473444710\",\"%datetri_r%\":\"1754524800\",\"%_datetri_r%\":\"field_5f3a8a82002b1\",\"%langage_r%\":\"FR\",\"%_langage_r%\":\"field_5f3be5649f374\",\"%_wpgmp_location_address%\":\"Place Saint-Vincent 11290 MONTREAL\",\"%_wpgmp_location_city%\":\"MONTREAL\",\"%_wpgmp_location_state%\":\"\",\"%_wpgmp_location_country%\":\"France\",\"%_wpgmp_metabox_marker_id%\":\"a:1:{i:0;i:8;}\",\"%_wpgmp_map_id%\":\"a:1:{i:0;i:21;}\",\"%_wpgmp_metabox_latitude%\":\"43.1993378\",\"%_wpgmp_metabox_longitude%\":\"2.14279411\",\"%_wpgmp_metabox_location_redirect%\":\"post\",\"%_wpgmp_metabox_custom_link%\":\"\",\"%_wpgmp_metabox_taxomomies_terms%\":\"N;\",\"%_wpgmp_extensions_fields%\":\"N;\",\"%_wpml_word_count%\":\"147\",\"%galerie_image_r%\":\"246909\",\"%_galerie_image_r%\":\"field_5f3bd339f8130\",\"taxonomy=category\":\"Ev\\u00e9nements ponctuels\",\"taxonomy=post_tag\":\"\",\"taxonomy=post_format\":\"\",\"taxonomy=translation_priority\":\"Opcional\"},\"icon\":\"https:\\\/\\\/collinescathares.com\\\/wp-content\\\/uploads\\\/2020\\\/07\\\/pointeur_vert.svg\"},\"id\":252455,\"custom_filters\":{\"type_r\":\"Visite guid\\u00e9e\",\"datetri_r\":\"1754524800\"},\"infowindow_disable\":false,\"categories\":[{\"icon\":\"https:\\\/\\\/collinescathares.com\\\/wp-content\\\/uploads\\\/2020\\\/07\\\/pointeur_vert.svg\",\"name\":\"Ev\\u00e9nements ponctuels\",\"id\":\"8\",\"type\":\"category\"}]},{\"source\":\"post\",\"title\":\"VISITE COMMENT\\u00c9E DE LA COLL\\u00c9GIALE SAINT-VINCENT \\u00c0 MONTR\\u00c9AL\",\"infowindow_content\":\"<div class=\\\"fc-main\\\"><div class=\\\"fc-item-title\\\">VISITE COMMENT\\u00c9E DE LA COLL\\u00c9GIALE SAINT-VINCENT \\u00c0 MONTR\\u00c9AL <span class=\\\"fc-badge info\\\">Ev\\u00e9nements ponctuels<\\\/span><\\\/div> <div class=\\\"fc-item-featured_image\\\"><div class=\\\"fc-feature-img\\\"><img alt=\\\"VISITE COMMENT\\u00c9E DE LA COLL\\u00c9GIALE SAINT-VINCENT \\u00c0 MONTR\\u00c9AL\\\" width=\\\"300\\\" height=\\\"225\\\" src=\\\"https:\\\/\\\/collinescathares.com\\\/wp-content\\\/uploads\\\/2024\\\/07\\\/VISITE-COMMENTEE-DE-LA-COLLEGIALE-SAINT-VINCENT-A-MONTREAL-300x225.jpg\\\" class=\\\"wp-post-image   wpgmp_featured_image\\\" ><\\\/div> <\\\/div>Pos\\u00e9e dans les hauteurs de Montr\\u00e9al d\\u2019Aude comme un phare au c\\u0153ur des collines riantes et des vignobles de la Malep\\u00e8re, la Coll\\u00e9giale Saint-Vincent marque les paysages alentour de ses \\u00e9tonnantes proportions. Dat\\u00e9 de la fin du XIIIe \\u2013 d\\u00e9but XIVe si\\u00e8cle, fortifi\\u00e9 durant les guerres de religion, embelli aux XVIIIe et XIXe si\\u00e8cles, ce [&hellip;]<address><b>Adresse : <\\\/b>{marker_address}<\\\/address><a class=\\\"fc-btn fc-btn-small fc-btn-red\\\" href=\\\"https:\\\/\\\/collinescathares.com\\\/es\\\/evenements-ponctuels\\\/visite-commentee-de-la-collegiale-saint-vincent-a-montreal\\\/\\\">En savoir plus<\\\/a><\\\/div>\",\"content\":\"Pos\\u00e9e dans les hauteurs de Montr\\u00e9al d\\u2019Aude comme un phare au c\\u0153ur des collines riantes et des vignobles de la Malep\\u00e8re, la Coll\\u00e9giale Saint-Vincent marque les paysages alentour de ses \\u00e9tonnantes proportions. Dat\\u00e9 de la fin du XIIIe \\u2013 d\\u00e9but XIVe si\\u00e8cle, fortifi\\u00e9 durant les guerres de religion, embelli aux XVIIIe et XIXe si\\u00e8cles, ce [&hellip;]\",\"address\":\"Place Saint-Vincent 11290 MONTREAL\",\"location\":{\"lat\":\"43.1993378\",\"city\":\"MONTREAL\",\"country\":\"France\",\"lng\":\"2.14279411\",\"onclick_action\":\"post\",\"redirect_permalink\":\"https:\\\/\\\/collinescathares.com\\\/es\\\/evenements-ponctuels\\\/visite-commentee-de-la-collegiale-saint-vincent-a-montreal\\\/\",\"zoom\":10,\"extra_fields\":{\"%date_evenement_r%\":\"10 Juillet 2025\",\"%date_evenement_fin_r%\":\"10 Juillet 2025\",\"post_excerpt\":\"Pos\\u00e9e dans les hauteurs de Montr\\u00e9al d\\u2019Aude comme un phare au c\\u0153ur des collines riantes et des vignobles de la Malep\\u00e8re, la Coll\\u00e9giale Saint-Vincent marque les paysages alentour de ses \\u00e9tonnantes proportions. Dat\\u00e9 de la fin du XIIIe \\u2013 d\\u00e9but XIVe si\\u00e8cle, fortifi\\u00e9 durant les guerres de religion, embelli aux XVIIIe et XIXe si\\u00e8cles, ce [&hellip;]\",\"post_content\":\"Pos\\u00e9e dans les hauteurs de Montr\\u00e9al d\\u2019Aude comme un phare au c\\u0153ur des collines riantes et des vignobles de la Malep\\u00e8re, la Coll\\u00e9giale Saint-Vincent marque les paysages alentour de ses \\u00e9tonnantes proportions. \\n\\nDat\\u00e9 de la fin du XIIIe \\u2013 d\\u00e9but XIVe si\\u00e8cle, fortifi\\u00e9 durant les guerres de religion, embelli aux XVIIIe et XIXe si\\u00e8cles, ce majestueux vaisseau de pierre conserve le souvenir des moments clefs de l\\u2019Histoire locale.\\n\\nVenez d\\u00e9couvrir cet \\u00e9difice lors d'une visite guid\\u00e9e !\\nRendez-vous sur le parvis de la coll\\u00e9giale (place Saint-Vincent) le jeudi 10 juillet \\u00e0 17h. Votre guide, Armand Guitard, vous y attendra.\\n\\nVisite sur r\\u00e9servation : 04 68 24 75 45 \\\/ tourisme@ccplm.fr\\nParticipation au chapeau. Nombre de places limit\\u00e9.\\n\\u00c0 cette occasion, le livre d'Armand Guitard sur la coll\\u00e9giale sera propos\\u00e9 \\u00e0 la vente.\",\"post_title\":\"VISITE COMMENT\\u00c9E DE LA COLL\\u00c9GIALE SAINT-VINCENT \\u00c0 MONTR\\u00c9AL\",\"post_link\":\"https:\\\/\\\/collinescathares.com\\\/es\\\/evenements-ponctuels\\\/visite-commentee-de-la-collegiale-saint-vincent-a-montreal\\\/\",\"post_featured_image\":\"<div class=\\\"fc-feature-img\\\"><img alt=\\\"VISITE COMMENT\\u00c9E DE LA COLL\\u00c9GIALE SAINT-VINCENT \\u00c0 MONTR\\u00c9AL\\\" width=\\\"300\\\" height=\\\"225\\\" src=\\\"https:\\\/\\\/collinescathares.com\\\/wp-content\\\/uploads\\\/2024\\\/07\\\/VISITE-COMMENTEE-DE-LA-COLLEGIALE-SAINT-VINCENT-A-MONTREAL-300x225.jpg\\\" class=\\\"wp-post-image   wpgmp_featured_image\\\" ><\\\/div>\",\"post_categories\":\"Ev\\u00e9nements ponctuels\",\"post_tags\":\"\",\"%_encloseme%\":\"1\",\"%_thumbnail_id%\":\"246909\",\"%ville_r%\":\"MONTREAL\",\"%_ville_r%\":\"field_5efc3a17e12c5\",\"%cp_r%\":\"11290\",\"%_cp_r%\":\"field_5efc3a47e12ca\",\"%tarifs_r%\":\"\",\"%_tarifs_r%\":\"field_5efc3a22e12c6\",\"%adresse_r%\":\"Place Saint-Vincent\",\"%_adresse_r%\":\"field_5efc3a2ee12c7\",\"%carte_r%\":\"Place Saint-Vincent 11290 MONTREAL, 43.1993378, 2.14279411, 14\",\"%_carte_r%\":\"field_5efc4ed05494a\",\"%labels_r%\":\"\",\"%_labels_r%\":\"field_5f3a47134470d\",\"%handicap_r%\":\"\",\"%_handicap_r%\":\"field_5f3a471a4470e\",\"%offres_promotionnelles_r%\":\"\",\"%_offres_promotionnelles_r%\":\"field_5f3a472d4470f\",\"%telephone_r%\":\"+33 4 68 24 75 45\",\"%_telephone_r%\":\"field_5efc3a39e12c8\",\"%email_r%\":\"tourisme@ccplm.fr\",\"%_email_r%\":\"field_5efc3a40e12c9\",\"%idunique_r%\":\"FMALAR011V515MCR\",\"%_idunique_r%\":\"field_5f04335c562b3\",\"%site_r%\":\"https:\\\/\\\/collinescathares.com\\\/\",\"%_site_r%\":\"field_5efc4d652a106\",\"%_date_evenement_r%\":\"field_5f0348f37d5bd\",\"%_date_evenement_fin_r%\":\"field_5f3a4540d0781\",\"%horaires_evenement_r%\":\"17:00 \\\/ 18:00\",\"%_horaires_evenement_r%\":\"field_5f3a4550d0782\",\"%type_r%\":\"Visite guid\\u00e9e\",\"%_type_r%\":\"field_5f057b5365cd7\",\"%classification_r%\":\"\",\"%_classification_r%\":\"field_5f3a3af81a328\",\"%classement_prefectoral_r%\":\"\",\"%_classement_prefectoral_r%\":\"field_5f3a473444710\",\"%datetri_r%\":\"1752105600\",\"%_datetri_r%\":\"field_5f3a8a82002b1\",\"%langage_r%\":\"FR\",\"%_langage_r%\":\"field_5f3be5649f374\",\"%_wpgmp_location_address%\":\"Place Saint-Vincent 11290 MONTREAL\",\"%_wpgmp_location_city%\":\"MONTREAL\",\"%_wpgmp_location_state%\":\"\",\"%_wpgmp_location_country%\":\"France\",\"%_wpgmp_metabox_marker_id%\":\"a:1:{i:0;i:8;}\",\"%_wpgmp_map_id%\":\"a:1:{i:0;i:21;}\",\"%_wpgmp_metabox_latitude%\":\"43.1993378\",\"%_wpgmp_metabox_longitude%\":\"2.14279411\",\"%_wpgmp_metabox_location_redirect%\":\"post\",\"%_wpgmp_metabox_custom_link%\":\"\",\"%_wpgmp_metabox_taxomomies_terms%\":\"N;\",\"%_wpgmp_extensions_fields%\":\"N;\",\"%_wpml_word_count%\":\"147\",\"%galerie_image_r%\":\"246909\",\"%_galerie_image_r%\":\"field_5f3bd339f8130\",\"%_elementor_page_assets%\":\"\",\"taxonomy=category\":\"Ev\\u00e9nements ponctuels\",\"taxonomy=post_tag\":\"\",\"taxonomy=post_format\":\"\",\"taxonomy=translation_priority\":\"Opcional\"},\"icon\":\"https:\\\/\\\/collinescathares.com\\\/wp-content\\\/uploads\\\/2020\\\/07\\\/pointeur_vert.svg\"},\"id\":252451,\"custom_filters\":{\"type_r\":\"Visite guid\\u00e9e\",\"datetri_r\":\"1752105600\"},\"infowindow_disable\":false,\"categories\":[{\"icon\":\"https:\\\/\\\/collinescathares.com\\\/wp-content\\\/uploads\\\/2020\\\/07\\\/pointeur_vert.svg\",\"name\":\"Ev\\u00e9nements ponctuels\",\"id\":\"8\",\"type\":\"category\"}]},{\"source\":\"post\",\"title\":\"CAF\\u00c9\\u00cfNE\",\"infowindow_content\":\"<div class=\\\"fc-main\\\"><div class=\\\"fc-item-title\\\">CAF\\u00c9\\u00cfNE <span class=\\\"fc-badge info\\\">Ev\\u00e9nements ponctuels<\\\/span><\\\/div> <div class=\\\"fc-item-featured_image\\\"><div class=\\\"fc-feature-img\\\"><img alt=\\\"CAF\\u00c9\\u00cfNE\\\" width=\\\"300\\\" height=\\\"225\\\" src=\\\"https:\\\/\\\/collinescathares.com\\\/wp-content\\\/uploads\\\/2025\\\/01\\\/326386047-9486309164728362-5287374404845371741-n-3-300x225.jpg\\\" class=\\\"wp-post-image   wpgmp_featured_image\\\" ><\\\/div> <\\\/div>Caf\\u00e9ine est une cr\\u00e9ation participative m\\u00ealant danse et rap. Ici, des femmes, en constante recherche d&#8217;existence et d&#8217;\\u00e9vasion, tiennent un mur. C&#8217;est une invitation \\u00e0 entrer dans leur quartier et \\u00e0 partager leur quotidien enrag\\u00e9. Cette cr\\u00e9ation souhaite poser la question de la (sur)vie de la jeunesse des quartier populaires et de la place des [&hellip;]<address><b>Adresse : <\\\/b>{marker_address}<\\\/address><a class=\\\"fc-btn fc-btn-small fc-btn-red\\\" href=\\\"https:\\\/\\\/collinescathares.com\\\/es\\\/evenements-ponctuels\\\/cafeine\\\/\\\">En savoir plus<\\\/a><\\\/div>\",\"content\":\"Caf\\u00e9ine est une cr\\u00e9ation participative m\\u00ealant danse et rap. Ici, des femmes, en constante recherche d&#8217;existence et d&#8217;\\u00e9vasion, tiennent un mur. C&#8217;est une invitation \\u00e0 entrer dans leur quartier et \\u00e0 partager leur quotidien enrag\\u00e9. Cette cr\\u00e9ation souhaite poser la question de la (sur)vie de la jeunesse des quartier populaires et de la place des [&hellip;]\",\"address\":\" 11290 MONTREAL\",\"location\":{\"lat\":\"43.1985334\",\"city\":\"MONTREAL\",\"country\":\"France\",\"lng\":\"2.14675717\",\"onclick_action\":\"post\",\"redirect_permalink\":\"https:\\\/\\\/collinescathares.com\\\/es\\\/evenements-ponctuels\\\/cafeine\\\/\",\"zoom\":10,\"extra_fields\":{\"%date_evenement_r%\":\"16 Mai 2025\",\"%date_evenement_fin_r%\":\"16 Mai 2025\",\"post_excerpt\":\"Caf\\u00e9ine est une cr\\u00e9ation participative m\\u00ealant danse et rap. Ici, des femmes, en constante recherche d&#8217;existence et d&#8217;\\u00e9vasion, tiennent un mur. C&#8217;est une invitation \\u00e0 entrer dans leur quartier et \\u00e0 partager leur quotidien enrag\\u00e9. Cette cr\\u00e9ation souhaite poser la question de la (sur)vie de la jeunesse des quartier populaires et de la place des [&hellip;]\",\"post_content\":\"Caf\\u00e9ine est  une cr\\u00e9ation participative m\\u00ealant danse et rap.\\n\\nIci, des femmes, en constante recherche d'existence et d'\\u00e9vasion, tiennent un mur.\\nC'est une invitation \\u00e0 entrer dans leur quartier et \\u00e0 partager leur quotidien enrag\\u00e9.\\n\\nCette cr\\u00e9ation  souhaite poser la question de la (sur)vie de la jeunesse des quartier populaires et de la place des femmes dans l'espace public, plus particuli\\u00e8rement dans la rue.\",\"post_title\":\"CAF\\u00c9\\u00cfNE\",\"post_link\":\"https:\\\/\\\/collinescathares.com\\\/es\\\/evenements-ponctuels\\\/cafeine\\\/\",\"post_featured_image\":\"<div class=\\\"fc-feature-img\\\"><img alt=\\\"CAF\\u00c9\\u00cfNE\\\" width=\\\"300\\\" height=\\\"225\\\" src=\\\"https:\\\/\\\/collinescathares.com\\\/wp-content\\\/uploads\\\/2025\\\/01\\\/326386047-9486309164728362-5287374404845371741-n-3-300x225.jpg\\\" class=\\\"wp-post-image   wpgmp_featured_image\\\" ><\\\/div>\",\"post_categories\":\"Ev\\u00e9nements ponctuels\",\"post_tags\":\"\",\"%_encloseme%\":\"1\",\"%_thumbnail_id%\":\"250274\",\"%ville_r%\":\"MONTREAL\",\"%_ville_r%\":\"field_5efc3a17e12c5\",\"%cp_r%\":\"11290\",\"%_cp_r%\":\"field_5efc3a47e12ca\",\"%tarifs_r%\":\"Plein tarif|15,00||#Tarif r\\u00e9duit|12,00||\",\"%_tarifs_r%\":\"field_5efc3a22e12c6\",\"%carte_r%\":\" 11290 MONTREAL, 43.1985334, 2.14675717, 14\",\"%_carte_r%\":\"field_5efc4ed05494a\",\"%labels_r%\":\"\",\"%_labels_r%\":\"field_5f3a47134470d\",\"%handicap_r%\":\"\",\"%_handicap_r%\":\"field_5f3a471a4470e\",\"%offres_promotionnelles_r%\":\"\",\"%_offres_promotionnelles_r%\":\"field_5f3a472d4470f\",\"%telephone_r%\":\" Port : +33 6 95 00 63 60\",\"%_telephone_r%\":\"field_5efc3a39e12c8\",\"%email_r%\":\"\",\"%_email_r%\":\"field_5efc3a40e12c9\",\"%idunique_r%\":\"FMALAR011V515DOP\",\"%_idunique_r%\":\"field_5f04335c562b3\",\"%site_r%\":\"http:\\\/\\\/www.loreilleduhibou.com\\\/\",\"%_site_r%\":\"field_5efc4d652a106\",\"%_date_evenement_r%\":\"field_5f0348f37d5bd\",\"%_date_evenement_fin_r%\":\"field_5f3a4540d0781\",\"%horaires_evenement_r%\":\"20:45\",\"%_horaires_evenement_r%\":\"field_5f3a4550d0782\",\"%type_r%\":\"Concert\",\"%_type_r%\":\"field_5f057b5365cd7\",\"%classification_r%\":\"\",\"%_classification_r%\":\"field_5f3a3af81a328\",\"%classement_prefectoral_r%\":\"\",\"%_classement_prefectoral_r%\":\"field_5f3a473444710\",\"%datetri_r%\":\"1747353600\",\"%_datetri_r%\":\"field_5f3a8a82002b1\",\"%langage_r%\":\"FR\",\"%_langage_r%\":\"field_5f3be5649f374\",\"%_wpgmp_location_address%\":\" 11290 MONTREAL\",\"%_wpgmp_location_city%\":\"MONTREAL\",\"%_wpgmp_location_state%\":\"\",\"%_wpgmp_location_country%\":\"France\",\"%_wpgmp_metabox_marker_id%\":\"a:1:{i:0;i:8;}\",\"%_wpgmp_map_id%\":\"a:1:{i:0;i:21;}\",\"%_wpgmp_metabox_latitude%\":\"43.1985334\",\"%_wpgmp_metabox_longitude%\":\"2.14675717\",\"%_wpgmp_metabox_location_redirect%\":\"post\",\"%_wpgmp_metabox_custom_link%\":\"\",\"%_wpgmp_metabox_taxomomies_terms%\":\"N;\",\"%_wpgmp_extensions_fields%\":\"N;\",\"%_wpml_word_count%\":\"73\",\"%galerie_image_r%\":\"250274\",\"%_galerie_image_r%\":\"field_5f3bd339f8130\",\"taxonomy=category\":\"Ev\\u00e9nements ponctuels\",\"taxonomy=post_tag\":\"\",\"taxonomy=post_format\":\"\",\"taxonomy=translation_priority\":\"Opcional\"},\"icon\":\"https:\\\/\\\/collinescathares.com\\\/wp-content\\\/uploads\\\/2020\\\/07\\\/pointeur_vert.svg\"},\"id\":252449,\"custom_filters\":{\"type_r\":\"Concert\",\"datetri_r\":\"1747353600\"},\"infowindow_disable\":false,\"categories\":[{\"icon\":\"https:\\\/\\\/collinescathares.com\\\/wp-content\\\/uploads\\\/2020\\\/07\\\/pointeur_vert.svg\",\"name\":\"Ev\\u00e9nements ponctuels\",\"id\":\"8\",\"type\":\"category\"}]},{\"source\":\"post\",\"title\":\"ATELIER DE D\\u00c9GUSTATION \\u0152NOLOGIQUE &#8211; LE PARFUM DES ANTHOCYANES\",\"infowindow_content\":\"<div class=\\\"fc-main\\\"><div class=\\\"fc-item-title\\\">ATELIER DE D\\u00c9GUSTATION \\u0152NOLOGIQUE &#8211; LE PARFUM DES ANTHOCYANES <span class=\\\"fc-badge info\\\">Ev\\u00e9nements ponctuels<\\\/span><\\\/div> <div class=\\\"fc-item-featured_image\\\"><div class=\\\"fc-feature-img\\\"><img alt=\\\"ATELIER DE D\\u00c9GUSTATION \\u0152NOLOGIQUE &#8211; LE PARFUM DES ANTHOCYANES\\\" width=\\\"1\\\" height=\\\"1\\\" src=\\\"https:\\\/\\\/collinescathares.com\\\/wp-content\\\/uploads\\\/2025\\\/04\\\/ATELIER-DE-DEGUSTATION-OENOLOGIQUE-LE-PARFUM-DES-ANTHOCYANES-2.jpg\\\" class=\\\"wp-post-image   wpgmp_featured_image\\\" ><\\\/div> <\\\/div>Venez d\\u00e9velopper vos comp\\u00e9tences \\u0153nologiques et passer un moment agr\\u00e9able au Domaine Le Fort \\u00e0 Montr\\u00e9al dans l\\u2019Aude, pr\\u00e8s de Carcassonne. 3h durant lesquelles vous affinerez vos sens, puis vous appliquerez notre m\\u00e9thode de d\\u00e9gustation sur 6 vins diff\\u00e9rents du Domaine. Cet atelier de d\\u00e9gustation de vin, limit\\u00e9 \\u00e0 10 personnes maximum, est anim\\u00e9 par [&hellip;]<address><b>Adresse : <\\\/b>{marker_address}<\\\/address><a class=\\\"fc-btn fc-btn-small fc-btn-red\\\" href=\\\"https:\\\/\\\/collinescathares.com\\\/es\\\/evenements-ponctuels\\\/atelier-de-degustation-oenologique-le-parfum-des-anthocyanes-2\\\/\\\">En savoir plus<\\\/a><\\\/div>\",\"content\":\"Venez d\\u00e9velopper vos comp\\u00e9tences \\u0153nologiques et passer un moment agr\\u00e9able au Domaine Le Fort \\u00e0 Montr\\u00e9al dans l\\u2019Aude, pr\\u00e8s de Carcassonne. 3h durant lesquelles vous affinerez vos sens, puis vous appliquerez notre m\\u00e9thode de d\\u00e9gustation sur 6 vins diff\\u00e9rents du Domaine. Cet atelier de d\\u00e9gustation de vin, limit\\u00e9 \\u00e0 10 personnes maximum, est anim\\u00e9 par [&hellip;]\",\"address\":\"Le Fort 11290 MONTREAL\",\"location\":{\"lat\":\"43.2006356\",\"city\":\"MONTREAL\",\"country\":\"France\",\"lng\":\"2.11135886\",\"onclick_action\":\"post\",\"redirect_permalink\":\"https:\\\/\\\/collinescathares.com\\\/es\\\/evenements-ponctuels\\\/atelier-de-degustation-oenologique-le-parfum-des-anthocyanes-2\\\/\",\"zoom\":10,\"extra_fields\":{\"%date_evenement_r%\":\"25 Mai 2025\",\"%date_evenement_fin_r%\":\"25 Mai 2025\",\"post_excerpt\":\"Venez d\\u00e9velopper vos comp\\u00e9tences \\u0153nologiques et passer un moment agr\\u00e9able au Domaine Le Fort \\u00e0 Montr\\u00e9al dans l\\u2019Aude, pr\\u00e8s de Carcassonne. 3h durant lesquelles vous affinerez vos sens, puis vous appliquerez notre m\\u00e9thode de d\\u00e9gustation sur 6 vins diff\\u00e9rents du Domaine. Cet atelier de d\\u00e9gustation de vin, limit\\u00e9 \\u00e0 10 personnes maximum, est anim\\u00e9 par [&hellip;]\",\"post_content\":\"Venez d\\u00e9velopper vos comp\\u00e9tences \\u0153nologiques et passer un moment agr\\u00e9able au Domaine Le Fort \\u00e0 Montr\\u00e9al dans l\\u2019Aude, pr\\u00e8s de Carcassonne.\\n\\n3h durant lesquelles vous affinerez vos sens, puis vous appliquerez notre m\\u00e9thode de d\\u00e9gustation sur 6 vins diff\\u00e9rents du Domaine.\\n\\nCet atelier de d\\u00e9gustation de vin, limit\\u00e9 \\u00e0 10 personnes maximum, est anim\\u00e9 par St\\u00e9phanie, \\u0153nologue et vigneronne depuis plus de 25 ans.\\n\\nTarifs D\\u00e9gressifs :\\nPour 1 personne : 70\\u20ac\\nEntre 2 et 4 personnes : 65\\u20ac par personne\\nEntre 5 et 9 personnes : 60\\u20ac par personne\\nPour 10 personnes : 55\\u20ac par personne\",\"post_title\":\"ATELIER DE D\\u00c9GUSTATION \\u0152NOLOGIQUE &#8211; LE PARFUM DES ANTHOCYANES\",\"post_link\":\"https:\\\/\\\/collinescathares.com\\\/es\\\/evenements-ponctuels\\\/atelier-de-degustation-oenologique-le-parfum-des-anthocyanes-2\\\/\",\"post_featured_image\":\"<div class=\\\"fc-feature-img\\\"><img alt=\\\"ATELIER DE D\\u00c9GUSTATION \\u0152NOLOGIQUE &#8211; LE PARFUM DES ANTHOCYANES\\\" width=\\\"1\\\" height=\\\"1\\\" src=\\\"https:\\\/\\\/collinescathares.com\\\/wp-content\\\/uploads\\\/2025\\\/04\\\/ATELIER-DE-DEGUSTATION-OENOLOGIQUE-LE-PARFUM-DES-ANTHOCYANES-2.jpg\\\" class=\\\"wp-post-image   wpgmp_featured_image\\\" ><\\\/div>\",\"post_categories\":\"Ev\\u00e9nements ponctuels\",\"post_tags\":\"\",\"%_encloseme%\":\"1\",\"%ville_r%\":\"MONTREAL\",\"%_ville_r%\":\"field_5efc3a17e12c5\",\"%cp_r%\":\"11290\",\"%_cp_r%\":\"field_5efc3a47e12ca\",\"%tarifs_r%\":\"\",\"%_tarifs_r%\":\"field_5efc3a22e12c6\",\"%adresse_r%\":\"Le Fort\",\"%_adresse_r%\":\"field_5efc3a2ee12c7\",\"%carte_r%\":\"Le Fort 11290 MONTREAL, 43.2006356, 2.11135886, 14\",\"%_carte_r%\":\"field_5efc4ed05494a\",\"%labels_r%\":\"\",\"%_labels_r%\":\"field_5f3a47134470d\",\"%handicap_r%\":\"\",\"%_handicap_r%\":\"field_5f3a471a4470e\",\"%offres_promotionnelles_r%\":\"\",\"%_offres_promotionnelles_r%\":\"field_5f3a472d4470f\",\"%telephone_r%\":\"\",\"%_telephone_r%\":\"field_5efc3a39e12c8\",\"%email_r%\":\"\",\"%_email_r%\":\"field_5efc3a40e12c9\",\"%idunique_r%\":\"FMALAR011V5153YT\",\"%_idunique_r%\":\"field_5f04335c562b3\",\"%site_r%\":\"https:\\\/\\\/leparfumdesanthocyanes.fr\\\/reserver-un-atelier\",\"%_site_r%\":\"field_5efc4d652a106\",\"%_date_evenement_r%\":\"field_5f0348f37d5bd\",\"%_date_evenement_fin_r%\":\"field_5f3a4540d0781\",\"%horaires_evenement_r%\":\"15:00 \\\/ 18:00\",\"%_horaires_evenement_r%\":\"field_5f3a4550d0782\",\"%type_r%\":\"Stage \\\/ Atelier\",\"%_type_r%\":\"field_5f057b5365cd7\",\"%classification_r%\":\"\",\"%_classification_r%\":\"field_5f3a3af81a328\",\"%classement_prefectoral_r%\":\"\",\"%_classement_prefectoral_r%\":\"field_5f3a473444710\",\"%datetri_r%\":\"1748131200\",\"%_datetri_r%\":\"field_5f3a8a82002b1\",\"%langage_r%\":\"FR\",\"%_langage_r%\":\"field_5f3be5649f374\",\"%_wpgmp_location_address%\":\"Le Fort 11290 MONTREAL\",\"%_wpgmp_location_city%\":\"MONTREAL\",\"%_wpgmp_location_state%\":\"\",\"%_wpgmp_location_country%\":\"France\",\"%_wpgmp_metabox_marker_id%\":\"a:1:{i:0;i:8;}\",\"%_wpgmp_map_id%\":\"a:1:{i:0;i:21;}\",\"%_wpgmp_metabox_latitude%\":\"43.2006356\",\"%_wpgmp_metabox_longitude%\":\"2.11135886\",\"%_wpgmp_metabox_location_redirect%\":\"post\",\"%_wpgmp_metabox_custom_link%\":\"\",\"%_wpgmp_metabox_taxomomies_terms%\":\"N;\",\"%_wpgmp_extensions_fields%\":\"N;\",\"%_wpml_word_count%\":\"107\",\"%_thumbnail_id%\":\"253157\",\"%galerie_image_r%\":\"253157\",\"%_galerie_image_r%\":\"field_5f3bd339f8130\",\"%_elementor_page_assets%\":\"\",\"taxonomy=category\":\"Ev\\u00e9nements ponctuels\",\"taxonomy=post_tag\":\"\",\"taxonomy=post_format\":\"\",\"taxonomy=translation_priority\":\"Opcional\"},\"icon\":\"https:\\\/\\\/collinescathares.com\\\/wp-content\\\/uploads\\\/2020\\\/07\\\/pointeur_vert.svg\"},\"id\":252446,\"custom_filters\":{\"type_r\":\"Stage \\\/ Atelier\",\"datetri_r\":\"1748131200\"},\"infowindow_disable\":false,\"categories\":[{\"icon\":\"https:\\\/\\\/collinescathares.com\\\/wp-content\\\/uploads\\\/2020\\\/07\\\/pointeur_vert.svg\",\"name\":\"Ev\\u00e9nements ponctuels\",\"id\":\"8\",\"type\":\"category\"}]},{\"source\":\"post\",\"title\":\"ATELIER DE D\\u00c9GUSTATION \\u0152NOLOGIQUE &#8211; LE PARFUM DES ANTHOCYANES\",\"infowindow_content\":\"<div class=\\\"fc-main\\\"><div class=\\\"fc-item-title\\\">ATELIER DE D\\u00c9GUSTATION \\u0152NOLOGIQUE &#8211; LE PARFUM DES ANTHOCYANES <span class=\\\"fc-badge info\\\">Ev\\u00e9nements ponctuels<\\\/span><\\\/div> <div class=\\\"fc-item-featured_image\\\"><div class=\\\"fc-feature-img\\\"><img alt=\\\"ATELIER DE D\\u00c9GUSTATION \\u0152NOLOGIQUE &#8211; LE PARFUM DES ANTHOCYANES\\\" width=\\\"1\\\" height=\\\"1\\\" src=\\\"https:\\\/\\\/collinescathares.com\\\/wp-content\\\/uploads\\\/2025\\\/04\\\/ATELIER-DE-DEGUSTATION-OENOLOGIQUE-LE-PARFUM-DES-ANTHOCYANES-3.jpg\\\" class=\\\"wp-post-image   wpgmp_featured_image\\\" ><\\\/div> <\\\/div>Venez d\\u00e9velopper vos comp\\u00e9tences \\u0153nologiques et passer un moment agr\\u00e9able au Domaine Le Fort \\u00e0 Montr\\u00e9al dans l\\u2019Aude, pr\\u00e8s de Carcassonne. 3h durant lesquelles vous affinerez vos sens, puis vous appliquerez notre m\\u00e9thode de d\\u00e9gustation sur 6 vins diff\\u00e9rents du Domaine. Cet atelier de d\\u00e9gustation de vin, limit\\u00e9 \\u00e0 10 personnes maximum, est anim\\u00e9 par [&hellip;]<address><b>Adresse : <\\\/b>{marker_address}<\\\/address><a class=\\\"fc-btn fc-btn-small fc-btn-red\\\" href=\\\"https:\\\/\\\/collinescathares.com\\\/es\\\/evenements-ponctuels\\\/atelier-de-degustation-oenologique-le-parfum-des-anthocyanes-3\\\/\\\">En savoir plus<\\\/a><\\\/div>\",\"content\":\"Venez d\\u00e9velopper vos comp\\u00e9tences \\u0153nologiques et passer un moment agr\\u00e9able au Domaine Le Fort \\u00e0 Montr\\u00e9al dans l\\u2019Aude, pr\\u00e8s de Carcassonne. 3h durant lesquelles vous affinerez vos sens, puis vous appliquerez notre m\\u00e9thode de d\\u00e9gustation sur 6 vins diff\\u00e9rents du Domaine. Cet atelier de d\\u00e9gustation de vin, limit\\u00e9 \\u00e0 10 personnes maximum, est anim\\u00e9 par [&hellip;]\",\"address\":\"Le Fort 11290 MONTREAL\",\"location\":{\"lat\":\"43.2006356\",\"city\":\"MONTREAL\",\"country\":\"France\",\"lng\":\"2.11135886\",\"onclick_action\":\"post\",\"redirect_permalink\":\"https:\\\/\\\/collinescathares.com\\\/es\\\/evenements-ponctuels\\\/atelier-de-degustation-oenologique-le-parfum-des-anthocyanes-3\\\/\",\"zoom\":10,\"extra_fields\":{\"%date_evenement_r%\":\"15 Juin 2025\",\"%date_evenement_fin_r%\":\"15 Juin 2025\",\"post_excerpt\":\"Venez d\\u00e9velopper vos comp\\u00e9tences \\u0153nologiques et passer un moment agr\\u00e9able au Domaine Le Fort \\u00e0 Montr\\u00e9al dans l\\u2019Aude, pr\\u00e8s de Carcassonne. 3h durant lesquelles vous affinerez vos sens, puis vous appliquerez notre m\\u00e9thode de d\\u00e9gustation sur 6 vins diff\\u00e9rents du Domaine. Cet atelier de d\\u00e9gustation de vin, limit\\u00e9 \\u00e0 10 personnes maximum, est anim\\u00e9 par [&hellip;]\",\"post_content\":\"Venez d\\u00e9velopper vos comp\\u00e9tences \\u0153nologiques et passer un moment agr\\u00e9able au Domaine Le Fort \\u00e0 Montr\\u00e9al dans l\\u2019Aude, pr\\u00e8s de Carcassonne.\\n\\n3h durant lesquelles vous affinerez vos sens, puis vous appliquerez notre m\\u00e9thode de d\\u00e9gustation sur 6 vins diff\\u00e9rents du Domaine.\\n\\nCet atelier de d\\u00e9gustation de vin, limit\\u00e9 \\u00e0 10 personnes maximum, est anim\\u00e9 par St\\u00e9phanie, \\u0153nologue et vigneronne depuis plus de 25 ans.\\n\\nTarifs D\\u00e9gressifs :\\nPour 1 personne : 70\\u20ac\\nEntre 2 et 4 personnes : 65\\u20ac par personne\\nEntre 5 et 9 personnes : 60\\u20ac par personne\\nPour 10 personnes : 55\\u20ac par personne\",\"post_title\":\"ATELIER DE D\\u00c9GUSTATION \\u0152NOLOGIQUE &#8211; LE PARFUM DES ANTHOCYANES\",\"post_link\":\"https:\\\/\\\/collinescathares.com\\\/es\\\/evenements-ponctuels\\\/atelier-de-degustation-oenologique-le-parfum-des-anthocyanes-3\\\/\",\"post_featured_image\":\"<div class=\\\"fc-feature-img\\\"><img alt=\\\"ATELIER DE D\\u00c9GUSTATION \\u0152NOLOGIQUE &#8211; LE PARFUM DES ANTHOCYANES\\\" width=\\\"1\\\" height=\\\"1\\\" src=\\\"https:\\\/\\\/collinescathares.com\\\/wp-content\\\/uploads\\\/2025\\\/04\\\/ATELIER-DE-DEGUSTATION-OENOLOGIQUE-LE-PARFUM-DES-ANTHOCYANES-3.jpg\\\" class=\\\"wp-post-image   wpgmp_featured_image\\\" ><\\\/div>\",\"post_categories\":\"Ev\\u00e9nements ponctuels\",\"post_tags\":\"\",\"%_encloseme%\":\"1\",\"%ville_r%\":\"MONTREAL\",\"%_ville_r%\":\"field_5efc3a17e12c5\",\"%cp_r%\":\"11290\",\"%_cp_r%\":\"field_5efc3a47e12ca\",\"%tarifs_r%\":\"\",\"%_tarifs_r%\":\"field_5efc3a22e12c6\",\"%adresse_r%\":\"Le Fort\",\"%_adresse_r%\":\"field_5efc3a2ee12c7\",\"%carte_r%\":\"Le Fort 11290 MONTREAL, 43.2006356, 2.11135886, 14\",\"%_carte_r%\":\"field_5efc4ed05494a\",\"%labels_r%\":\"\",\"%_labels_r%\":\"field_5f3a47134470d\",\"%handicap_r%\":\"\",\"%_handicap_r%\":\"field_5f3a471a4470e\",\"%offres_promotionnelles_r%\":\"\",\"%_offres_promotionnelles_r%\":\"field_5f3a472d4470f\",\"%telephone_r%\":\"\",\"%_telephone_r%\":\"field_5efc3a39e12c8\",\"%email_r%\":\"\",\"%_email_r%\":\"field_5efc3a40e12c9\",\"%idunique_r%\":\"FMALAR011V5153YU\",\"%_idunique_r%\":\"field_5f04335c562b3\",\"%site_r%\":\"https:\\\/\\\/leparfumdesanthocyanes.fr\\\/reserver-un-atelier\",\"%_site_r%\":\"field_5efc4d652a106\",\"%_date_evenement_r%\":\"field_5f0348f37d5bd\",\"%_date_evenement_fin_r%\":\"field_5f3a4540d0781\",\"%horaires_evenement_r%\":\"15:00 \\\/ 18:00\",\"%_horaires_evenement_r%\":\"field_5f3a4550d0782\",\"%type_r%\":\"Stage \\\/ Atelier\",\"%_type_r%\":\"field_5f057b5365cd7\",\"%classification_r%\":\"\",\"%_classification_r%\":\"field_5f3a3af81a328\",\"%classement_prefectoral_r%\":\"\",\"%_classement_prefectoral_r%\":\"field_5f3a473444710\",\"%datetri_r%\":\"1749945600\",\"%_datetri_r%\":\"field_5f3a8a82002b1\",\"%langage_r%\":\"FR\",\"%_langage_r%\":\"field_5f3be5649f374\",\"%_wpgmp_location_address%\":\"Le Fort 11290 MONTREAL\",\"%_wpgmp_location_city%\":\"MONTREAL\",\"%_wpgmp_location_state%\":\"\",\"%_wpgmp_location_country%\":\"France\",\"%_wpgmp_metabox_marker_id%\":\"a:1:{i:0;i:8;}\",\"%_wpgmp_map_id%\":\"a:1:{i:0;i:21;}\",\"%_wpgmp_metabox_latitude%\":\"43.2006356\",\"%_wpgmp_metabox_longitude%\":\"2.11135886\",\"%_wpgmp_metabox_location_redirect%\":\"post\",\"%_wpgmp_metabox_custom_link%\":\"\",\"%_wpgmp_metabox_taxomomies_terms%\":\"N;\",\"%_wpgmp_extensions_fields%\":\"N;\",\"%_wpml_word_count%\":\"107\",\"%_thumbnail_id%\":\"253160\",\"%galerie_image_r%\":\"253160\",\"%_galerie_image_r%\":\"field_5f3bd339f8130\",\"taxonomy=category\":\"Ev\\u00e9nements ponctuels\",\"taxonomy=post_tag\":\"\",\"taxonomy=post_format\":\"\",\"taxonomy=translation_priority\":\"Opcional\"},\"icon\":\"https:\\\/\\\/collinescathares.com\\\/wp-content\\\/uploads\\\/2020\\\/07\\\/pointeur_vert.svg\"},\"id\":252447,\"custom_filters\":{\"type_r\":\"Stage \\\/ Atelier\",\"datetri_r\":\"1749945600\"},\"infowindow_disable\":false,\"categories\":[{\"icon\":\"https:\\\/\\\/collinescathares.com\\\/wp-content\\\/uploads\\\/2020\\\/07\\\/pointeur_vert.svg\",\"name\":\"Ev\\u00e9nements ponctuels\",\"id\":\"8\",\"type\":\"category\"}]},{\"source\":\"post\",\"title\":\"ATELIER DE D\\u00c9GUSTATION \\u0152NOLOGIQUE &#8211; LE PARFUM DES ANTHOCYANES\",\"infowindow_content\":\"<div class=\\\"fc-main\\\"><div class=\\\"fc-item-title\\\">ATELIER DE D\\u00c9GUSTATION \\u0152NOLOGIQUE &#8211; LE PARFUM DES ANTHOCYANES <span class=\\\"fc-badge info\\\">Ev\\u00e9nements ponctuels<\\\/span><\\\/div> <div class=\\\"fc-item-featured_image\\\"> <\\\/div>Venez d\\u00e9velopper vos comp\\u00e9tences \\u0153nologiques et passer un moment agr\\u00e9able au Domaine Le Fort \\u00e0 Montr\\u00e9al dans l\\u2019Aude, pr\\u00e8s de Carcassonne. 3h durant lesquelles vous affinerez vos sens, puis vous appliquerez notre m\\u00e9thode de d\\u00e9gustation sur 6 vins diff\\u00e9rents du Domaine. Cet atelier de d\\u00e9gustation de vin, limit\\u00e9 \\u00e0 10 personnes maximum, est anim\\u00e9 par [&hellip;]<address><b>Adresse : <\\\/b>{marker_address}<\\\/address><a class=\\\"fc-btn fc-btn-small fc-btn-red\\\" href=\\\"https:\\\/\\\/collinescathares.com\\\/es\\\/evenements-ponctuels\\\/atelier-de-degustation-oenologique-le-parfum-des-anthocyanes\\\/\\\">En savoir plus<\\\/a><\\\/div>\",\"content\":\"Venez d\\u00e9velopper vos comp\\u00e9tences \\u0153nologiques et passer un moment agr\\u00e9able au Domaine Le Fort \\u00e0 Montr\\u00e9al dans l\\u2019Aude, pr\\u00e8s de Carcassonne. 3h durant lesquelles vous affinerez vos sens, puis vous appliquerez notre m\\u00e9thode de d\\u00e9gustation sur 6 vins diff\\u00e9rents du Domaine. Cet atelier de d\\u00e9gustation de vin, limit\\u00e9 \\u00e0 10 personnes maximum, est anim\\u00e9 par [&hellip;]\",\"address\":\"Le Fort 11290 MONTREAL\",\"location\":{\"lat\":\"43.2006356\",\"city\":\"MONTREAL\",\"country\":\"France\",\"lng\":\"2.11135886\",\"onclick_action\":\"post\",\"redirect_permalink\":\"https:\\\/\\\/collinescathares.com\\\/es\\\/evenements-ponctuels\\\/atelier-de-degustation-oenologique-le-parfum-des-anthocyanes\\\/\",\"zoom\":10,\"extra_fields\":{\"%date_evenement_r%\":\"13 Avril 2025\",\"%date_evenement_fin_r%\":\"13 Avril 2025\",\"post_excerpt\":\"Venez d\\u00e9velopper vos comp\\u00e9tences \\u0153nologiques et passer un moment agr\\u00e9able au Domaine Le Fort \\u00e0 Montr\\u00e9al dans l\\u2019Aude, pr\\u00e8s de Carcassonne. 3h durant lesquelles vous affinerez vos sens, puis vous appliquerez notre m\\u00e9thode de d\\u00e9gustation sur 6 vins diff\\u00e9rents du Domaine. Cet atelier de d\\u00e9gustation de vin, limit\\u00e9 \\u00e0 10 personnes maximum, est anim\\u00e9 par [&hellip;]\",\"post_content\":\"Venez d\\u00e9velopper vos comp\\u00e9tences \\u0153nologiques et passer un moment agr\\u00e9able au Domaine Le Fort \\u00e0 Montr\\u00e9al dans l\\u2019Aude, pr\\u00e8s de Carcassonne.\\n\\n3h durant lesquelles vous affinerez vos sens, puis vous appliquerez notre m\\u00e9thode de d\\u00e9gustation sur 6 vins diff\\u00e9rents du Domaine.\\n\\nCet atelier de d\\u00e9gustation de vin, limit\\u00e9 \\u00e0 10 personnes maximum, est anim\\u00e9 par St\\u00e9phanie, \\u0153nologue et vigneronne depuis plus de 25 ans.\\n\\nTarifs D\\u00e9gressifs :\\nPour 1 personne : 70\\u20ac\\nEntre 2 et 4 personnes : 65\\u20ac par personne\\nEntre 5 et 9 personnes : 60\\u20ac par personne\\nPour 10 personnes : 55\\u20ac par personne\",\"post_title\":\"ATELIER DE D\\u00c9GUSTATION \\u0152NOLOGIQUE &#8211; LE PARFUM DES ANTHOCYANES\",\"post_link\":\"https:\\\/\\\/collinescathares.com\\\/es\\\/evenements-ponctuels\\\/atelier-de-degustation-oenologique-le-parfum-des-anthocyanes\\\/\",\"post_featured_image\":\"\",\"post_categories\":\"Ev\\u00e9nements ponctuels\",\"post_tags\":\"\",\"%_encloseme%\":\"1\",\"%ville_r%\":\"MONTREAL\",\"%_ville_r%\":\"field_5efc3a17e12c5\",\"%cp_r%\":\"11290\",\"%_cp_r%\":\"field_5efc3a47e12ca\",\"%tarifs_r%\":\"\",\"%_tarifs_r%\":\"field_5efc3a22e12c6\",\"%adresse_r%\":\"Le Fort\",\"%_adresse_r%\":\"field_5efc3a2ee12c7\",\"%carte_r%\":\"Le Fort 11290 MONTREAL, 43.2006356, 2.11135886, 14\",\"%_carte_r%\":\"field_5efc4ed05494a\",\"%labels_r%\":\"\",\"%_labels_r%\":\"field_5f3a47134470d\",\"%handicap_r%\":\"\",\"%_handicap_r%\":\"field_5f3a471a4470e\",\"%offres_promotionnelles_r%\":\"\",\"%_offres_promotionnelles_r%\":\"field_5f3a472d4470f\",\"%telephone_r%\":\"\",\"%_telephone_r%\":\"field_5efc3a39e12c8\",\"%email_r%\":\"\",\"%_email_r%\":\"field_5efc3a40e12c9\",\"%idunique_r%\":\"FMALAR011V5153YS\",\"%_idunique_r%\":\"field_5f04335c562b3\",\"%site_r%\":\"https:\\\/\\\/leparfumdesanthocyanes.fr\\\/reserver-un-atelier\",\"%_site_r%\":\"field_5efc4d652a106\",\"%_date_evenement_r%\":\"field_5f0348f37d5bd\",\"%_date_evenement_fin_r%\":\"field_5f3a4540d0781\",\"%horaires_evenement_r%\":\"15:00 \\\/ 18:00\",\"%_horaires_evenement_r%\":\"field_5f3a4550d0782\",\"%type_r%\":\"Stage \\\/ Atelier\",\"%_type_r%\":\"field_5f057b5365cd7\",\"%classification_r%\":\"\",\"%_classification_r%\":\"field_5f3a3af81a328\",\"%classement_prefectoral_r%\":\"\",\"%_classement_prefectoral_r%\":\"field_5f3a473444710\",\"%datetri_r%\":\"1744502400\",\"%_datetri_r%\":\"field_5f3a8a82002b1\",\"%langage_r%\":\"FR\",\"%_langage_r%\":\"field_5f3be5649f374\",\"%_wpgmp_location_address%\":\"Le Fort 11290 MONTREAL\",\"%_wpgmp_location_city%\":\"MONTREAL\",\"%_wpgmp_location_state%\":\"\",\"%_wpgmp_location_country%\":\"France\",\"%_wpgmp_metabox_marker_id%\":\"a:1:{i:0;i:8;}\",\"%_wpgmp_map_id%\":\"a:1:{i:0;i:21;}\",\"%_wpgmp_metabox_latitude%\":\"43.2006356\",\"%_wpgmp_metabox_longitude%\":\"2.11135886\",\"%_wpgmp_metabox_location_redirect%\":\"post\",\"%_wpgmp_metabox_custom_link%\":\"\",\"%_wpgmp_metabox_taxomomies_terms%\":\"N;\",\"%_wpgmp_extensions_fields%\":\"N;\",\"%_wpml_word_count%\":\"107\",\"%_elementor_page_assets%\":\"\",\"taxonomy=category\":\"Ev\\u00e9nements ponctuels\",\"taxonomy=post_tag\":\"\",\"taxonomy=post_format\":\"\",\"taxonomy=translation_priority\":\"Opcional\"},\"icon\":\"https:\\\/\\\/collinescathares.com\\\/wp-content\\\/uploads\\\/2020\\\/07\\\/pointeur_vert.svg\"},\"id\":252444,\"custom_filters\":{\"type_r\":\"Stage \\\/ Atelier\",\"datetri_r\":\"1744502400\"},\"infowindow_disable\":false,\"categories\":[{\"icon\":\"https:\\\/\\\/collinescathares.com\\\/wp-content\\\/uploads\\\/2020\\\/07\\\/pointeur_vert.svg\",\"name\":\"Ev\\u00e9nements ponctuels\",\"id\":\"8\",\"type\":\"category\"}]}],\"listing\":{\"listing_header\":\"Liste des \\u00e9v\\u00e8nements\",\"display_search_form\":false,\"search_field_autosuggest\":false,\"display_category_filter\":false,\"display_sorting_filter\":false,\"display_radius_filter\":false,\"radius_dimension\":\"miles\",\"apply_default_radius\":false,\"default_radius_dimension\":\"miles\",\"display_location_per_page_filter\":false,\"display_print_option\":false,\"display_grid_option\":false,\"filters\":[\"place_category\"],\"sorting_options\":{\"category__asc\":\"Categor\\u00eda A-Z\",\"category__desc\":\"Categor\\u00eda Z-A\",\"title__asc\":\"T\\u00edtulo A-Z\",\"title__desc\":\"T\\u00edtulo Z-A\",\"address__asc\":\"Direcci\\u00f3n A-Z\",\"address__desc\":\"Direcci\\u00f3n Z-A\"},\"default_sorting\":{\"orderby\":\"date\",\"inorder\":\"asc\"},\"listing_container\":\".location_listing21\",\"tabs_container\":\".location_listing21\",\"hide_locations\":false,\"filters_position\":\"default\",\"hide_map\":false,\"pagination\":{\"listing_per_page\":\"12\"},\"list_grid\":\"wpgmp_listing_grid\",\"listing_placeholder\":\"<div class=\\\"fc-item-box fc-component-2 wpgmp_locations\\\">\\r\\n    <div class=\\\"fc-component-block\\\">\\r\\n        <div class=\\\"fc-component-content\\\">\\r\\n            <ul>\\r\\n                <li class=\\\"fc-item-featured fc-component-thumb fc-item-top_space\\\">\\r\\n                    {marker_image}\\r\\n                    <div class=\\\"fc-item-meta fc-item-secondary-text-color fc-css\\\">{marker_category}<\\\/div>\\r\\n                <\\\/li>\\r\\n\\r\\n                <li class=\\\"fc-component-text\\\">\\r\\n                    <div class=\\\"fc-itemcontent-padding\\\">\\r\\n                        <div class=\\\"fc-item-title fc-item-primary-text-color\\\">{marker_title}<\\\/div>\\r\\n<div class=\\\"fc-item-city\\\">{marker_city}<\\\/div>\\r\\n<div class=\\\"fc-item-date\\\">{%date_evenement_r%} - {%date_evenement_fin_r%}<\\\/div>\\r\\n<a class=\\\"ensavoirpluslisting\\\" href=\\\"{post_link}\\\">EN SAVOIR PLUS<\\\/a>\\r\\n                        <div class=\\\"fc-item-content fc-item-body-text-color\\\">\\r\\n                        <\\\/div>\\r\\n                    <\\\/div>\\r\\n                <\\\/li>\\r\\n            <\\\/ul>\\r\\n        <\\\/div>\\r\\n    <\\\/div>\\r\\n<\\\/div>\",\"list_item_skin\":{\"name\":\"fano\",\"type\":\"item\",\"sourcecode\":\"<div class=\\\"fc-item-box fc-component-2 wpgmp_locations\\\">\\r\\n    <div class=\\\"fc-component-block\\\">\\r\\n        <div class=\\\"fc-component-content\\\">\\r\\n            <ul>\\r\\n                <li class=\\\"fc-item-featured fc-component-thumb fc-item-top_space\\\">\\r\\n                    {marker_image}\\r\\n                    <div class=\\\"fc-item-meta fc-item-secondary-text-color fc-css\\\">{marker_category}<\\\/div>\\r\\n                <\\\/li>\\r\\n\\r\\n                <li class=\\\"fc-component-text\\\">\\r\\n                    <div class=\\\"fc-itemcontent-padding\\\">\\r\\n                        <div class=\\\"fc-item-title fc-item-primary-text-color\\\">{marker_title}<\\\/div>\\r\\n<div class=\\\"fc-item-city\\\">{marker_city}<\\\/div>\\r\\n<div class=\\\"fc-item-date\\\">{%date_evenement_r%} - {%date_evenement_fin_r%}<\\\/div>\\r\\n<a class=\\\"ensavoirpluslisting\\\" href=\\\"{post_link}\\\">EN SAVOIR PLUS<\\\/a>\\r\\n                        <div class=\\\"fc-item-content fc-item-body-text-color\\\">\\r\\n                        <\\\/div>\\r\\n                    <\\\/div>\\r\\n                <\\\/li>\\r\\n            <\\\/ul>\\r\\n        <\\\/div>\\r\\n    <\\\/div>\\r\\n<\\\/div>\"}},\"map_property\":{\"map_id\":\"21\",\"debug_mode\":false},\"shapes\":{\"drawing_editable\":false},\"filters\":{\"custom_filters\":{\"filters\":{\"dropdown\":{\"city\":\"Ville\",\"%type_r%\":\"Type\",\"%datetri_r%\":\"Date\"}}},\"filters_container\":\"[data-container=\\\"wpgmp-filters-container\\\"]\"},\"marker_category_icons\":{\"1\":\"https:\\\/\\\/collinescathares.com\\\/wp-content\\\/uploads\\\/2020\\\/07\\\/pointeur_vert.svg\",\"2\":\"https:\\\/\\\/collinescathares.com\\\/wp-content\\\/uploads\\\/2020\\\/07\\\/pointeur_vert.svg\",\"3\":\"https:\\\/\\\/collinescathares.com\\\/wp-content\\\/uploads\\\/2020\\\/07\\\/pointeur_vert.svg\",\"4\":\"https:\\\/\\\/collinescathares.com\\\/wp-content\\\/uploads\\\/2020\\\/07\\\/pointeur_vert.svg\",\"5\":\"https:\\\/\\\/collinescathares.com\\\/wp-content\\\/uploads\\\/2020\\\/07\\\/pointeur_vert.svg\",\"6\":\"https:\\\/\\\/collinescathares.com\\\/wp-content\\\/uploads\\\/2020\\\/07\\\/pointeur_vert.svg\",\"7\":\"https:\\\/\\\/collinescathares.com\\\/wp-content\\\/uploads\\\/2020\\\/07\\\/pointeur_vert.svg\",\"8\":\"https:\\\/\\\/collinescathares.com\\\/wp-content\\\/uploads\\\/2020\\\/07\\\/pointeur_vert.svg\",\"9\":\"https:\\\/\\\/collinescathares.com\\\/wp-content\\\/uploads\\\/2020\\\/07\\\/pointeur_vert.svg\"}}).data(\"wpgmp_maps\");});<\/script><\/p>\t\t\t\t\t\t\t\t<\/div>\n\t\t\t\t<\/div>\n\t\t\t\t\t<\/div>\n\t\t<\/div>\n\t\t\t\t\t<\/div>\n\t\t<\/section>\n\t\t\t\t<\/div>\n\t\t","protected":false},"excerpt":{"rendered":"<p>Ev\u00e9nements ponctuels<\/p>\n","protected":false},"author":1,"featured_media":0,"parent":261,"menu_order":0,"comment_status":"closed","ping_status":"closed","template":"","meta":{"_acf_changed":false,"footnotes":""},"class_list":["post-226850","page","type-page","status-publish","hentry"],"acf":[],"yoast_head":"<!-- This site is optimized with the Yoast SEO plugin v26.8 - https:\/\/yoast.com\/product\/yoast-seo-wordpress\/ -->\n<title>Ev\u00e9nements ponctuels - Office De Tourisme Au C\u0153ur Des Collines Cathares<\/title>\n<meta name=\"description\" content=\"Ev\u00e9nements ponctuels Ev\u00e9nements ponctuels, Situ\u00e9 \u00e0 Fanjeaux, nous vous proposons de d\u00e9couvrir notre territoire ! Office De Tourisme Au C\u0153ur Des Collines Cathares\" \/>\n<meta name=\"robots\" content=\"index, follow, max-snippet:-1, max-image-preview:large, max-video-preview:-1\" \/>\n<link rel=\"canonical\" href=\"https:\/\/collinescathares.com\/es\/agenda\/evenements-ponctuels\/\" \/>\n<meta property=\"og:locale\" content=\"es_ES\" \/>\n<meta property=\"og:type\" content=\"article\" \/>\n<meta property=\"og:title\" content=\"Ev\u00e9nements ponctuels - Office De Tourisme Au C\u0153ur Des Collines Cathares\" \/>\n<meta property=\"og:description\" content=\"Ev\u00e9nements ponctuels Ev\u00e9nements ponctuels, Situ\u00e9 \u00e0 Fanjeaux, nous vous proposons de d\u00e9couvrir notre territoire ! Office De Tourisme Au C\u0153ur Des Collines Cathares\" \/>\n<meta property=\"og:url\" content=\"https:\/\/collinescathares.com\/es\/agenda\/evenements-ponctuels\/\" \/>\n<meta property=\"og:site_name\" content=\"Office De Tourisme Au C\u0153ur Des Collines Cathares\" \/>\n<meta property=\"article:publisher\" content=\"https:\/\/www.facebook.com\/tourismelauragais\" \/>\n<meta property=\"article:modified_time\" content=\"2022-09-22T14:51:01+00:00\" \/>\n<meta property=\"og:image\" content=\"https:\/\/collinescathares.com\/wp-content\/uploads\/2020\/06\/carres_couleurs.jpg\" \/>\n<meta name=\"twitter:card\" content=\"summary_large_image\" \/>\n<meta name=\"twitter:label1\" content=\"Tiempo de lectura\" \/>\n\t<meta name=\"twitter:data1\" content=\"1 minuto\" \/>\n<script type=\"application\/ld+json\" class=\"yoast-schema-graph\">{\"@context\":\"https:\/\/schema.org\",\"@graph\":[{\"@type\":\"WebPage\",\"@id\":\"https:\/\/collinescathares.com\/es\/agenda\/evenements-ponctuels\/\",\"url\":\"https:\/\/collinescathares.com\/es\/agenda\/evenements-ponctuels\/\",\"name\":\"Ev\u00e9nements ponctuels - Office De Tourisme Au C\u0153ur Des Collines Cathares\",\"isPartOf\":{\"@id\":\"https:\/\/collinescathares.com\/es\/#website\"},\"primaryImageOfPage\":{\"@id\":\"https:\/\/collinescathares.com\/es\/agenda\/evenements-ponctuels\/#primaryimage\"},\"image\":{\"@id\":\"https:\/\/collinescathares.com\/es\/agenda\/evenements-ponctuels\/#primaryimage\"},\"thumbnailUrl\":\"https:\/\/collinescathares.com\/wp-content\/uploads\/2020\/06\/carres_couleurs.jpg\",\"datePublished\":\"2022-09-22T14:42:37+00:00\",\"dateModified\":\"2022-09-22T14:51:01+00:00\",\"description\":\"Ev\u00e9nements ponctuels Ev\u00e9nements ponctuels, Situ\u00e9 \u00e0 Fanjeaux, nous vous proposons de d\u00e9couvrir notre territoire ! Office De Tourisme Au C\u0153ur Des Collines Cathares\",\"breadcrumb\":{\"@id\":\"https:\/\/collinescathares.com\/es\/agenda\/evenements-ponctuels\/#breadcrumb\"},\"inLanguage\":\"es\",\"potentialAction\":[{\"@type\":\"ReadAction\",\"target\":[\"https:\/\/collinescathares.com\/es\/agenda\/evenements-ponctuels\/\"]}]},{\"@type\":\"ImageObject\",\"inLanguage\":\"es\",\"@id\":\"https:\/\/collinescathares.com\/es\/agenda\/evenements-ponctuels\/#primaryimage\",\"url\":\"https:\/\/collinescathares.com\/wp-content\/uploads\/2020\/06\/carres_couleurs.jpg\",\"contentUrl\":\"https:\/\/collinescathares.com\/wp-content\/uploads\/2020\/06\/carres_couleurs.jpg\"},{\"@type\":\"BreadcrumbList\",\"@id\":\"https:\/\/collinescathares.com\/es\/agenda\/evenements-ponctuels\/#breadcrumb\",\"itemListElement\":[{\"@type\":\"ListItem\",\"position\":1,\"name\":\"Inicio\",\"item\":\"https:\/\/collinescathares.com\/es\/\"},{\"@type\":\"ListItem\",\"position\":2,\"name\":\"Agenda\",\"item\":\"https:\/\/collinescathares.com\/es\/agenda\/\"},{\"@type\":\"ListItem\",\"position\":3,\"name\":\"Ev\u00e9nements ponctuels\"}]},{\"@type\":\"WebSite\",\"@id\":\"https:\/\/collinescathares.com\/es\/#website\",\"url\":\"https:\/\/collinescathares.com\/es\/\",\"name\":\"Office De Tourisme Au C\u0153ur Des Collines Cathares\",\"description\":\"Situ\u00e9 \u00e0 Fanjeaux, nous vous proposons de d\u00e9couvrir notre territoire !\",\"publisher\":{\"@id\":\"https:\/\/collinescathares.com\/es\/#organization\"},\"potentialAction\":[{\"@type\":\"SearchAction\",\"target\":{\"@type\":\"EntryPoint\",\"urlTemplate\":\"https:\/\/collinescathares.com\/es\/?s={search_term_string}\"},\"query-input\":{\"@type\":\"PropertyValueSpecification\",\"valueRequired\":true,\"valueName\":\"search_term_string\"}}],\"inLanguage\":\"es\"},{\"@type\":\"Organization\",\"@id\":\"https:\/\/collinescathares.com\/es\/#organization\",\"name\":\"Office de Tourisme Au C\u0153ur Des Collines Cathares\",\"url\":\"https:\/\/collinescathares.com\/es\/\",\"logo\":{\"@type\":\"ImageObject\",\"inLanguage\":\"es\",\"@id\":\"https:\/\/collinescathares.com\/es\/#\/schema\/logo\/image\/\",\"url\":\"https:\/\/collinescathares.com\/wp-content\/uploads\/2020\/06\/logo_Tourisme_lauragais-1.jpg\",\"contentUrl\":\"https:\/\/collinescathares.com\/wp-content\/uploads\/2020\/06\/logo_Tourisme_lauragais-1.jpg\",\"width\":209,\"height\":250,\"caption\":\"Office de Tourisme Au C\u0153ur Des Collines Cathares\"},\"image\":{\"@id\":\"https:\/\/collinescathares.com\/es\/#\/schema\/logo\/image\/\"},\"sameAs\":[\"https:\/\/www.facebook.com\/tourismelauragais\",\"https:\/\/www.instagram.com\/officetourismecollinescathares\/?hl=fr\",\"https:\/\/www.pinterest.fr\/oticollinescathares\/boards\/\"]}]}<\/script>\n<!-- \/ Yoast SEO plugin. -->","yoast_head_json":{"title":"Ev\u00e9nements ponctuels - Office De Tourisme Au C\u0153ur Des Collines Cathares","description":"Ev\u00e9nements ponctuels Ev\u00e9nements ponctuels, Situ\u00e9 \u00e0 Fanjeaux, nous vous proposons de d\u00e9couvrir notre territoire ! Office De Tourisme Au C\u0153ur Des Collines Cathares","robots":{"index":"index","follow":"follow","max-snippet":"max-snippet:-1","max-image-preview":"max-image-preview:large","max-video-preview":"max-video-preview:-1"},"canonical":"https:\/\/collinescathares.com\/es\/agenda\/evenements-ponctuels\/","og_locale":"es_ES","og_type":"article","og_title":"Ev\u00e9nements ponctuels - Office De Tourisme Au C\u0153ur Des Collines Cathares","og_description":"Ev\u00e9nements ponctuels Ev\u00e9nements ponctuels, Situ\u00e9 \u00e0 Fanjeaux, nous vous proposons de d\u00e9couvrir notre territoire ! Office De Tourisme Au C\u0153ur Des Collines Cathares","og_url":"https:\/\/collinescathares.com\/es\/agenda\/evenements-ponctuels\/","og_site_name":"Office De Tourisme Au C\u0153ur Des Collines Cathares","article_publisher":"https:\/\/www.facebook.com\/tourismelauragais","article_modified_time":"2022-09-22T14:51:01+00:00","og_image":[{"url":"https:\/\/collinescathares.com\/wp-content\/uploads\/2020\/06\/carres_couleurs.jpg","type":"","width":"","height":""}],"twitter_card":"summary_large_image","twitter_misc":{"Tiempo de lectura":"1 minuto"},"schema":{"@context":"https:\/\/schema.org","@graph":[{"@type":"WebPage","@id":"https:\/\/collinescathares.com\/es\/agenda\/evenements-ponctuels\/","url":"https:\/\/collinescathares.com\/es\/agenda\/evenements-ponctuels\/","name":"Ev\u00e9nements ponctuels - Office De Tourisme Au C\u0153ur Des Collines Cathares","isPartOf":{"@id":"https:\/\/collinescathares.com\/es\/#website"},"primaryImageOfPage":{"@id":"https:\/\/collinescathares.com\/es\/agenda\/evenements-ponctuels\/#primaryimage"},"image":{"@id":"https:\/\/collinescathares.com\/es\/agenda\/evenements-ponctuels\/#primaryimage"},"thumbnailUrl":"https:\/\/collinescathares.com\/wp-content\/uploads\/2020\/06\/carres_couleurs.jpg","datePublished":"2022-09-22T14:42:37+00:00","dateModified":"2022-09-22T14:51:01+00:00","description":"Ev\u00e9nements ponctuels Ev\u00e9nements ponctuels, Situ\u00e9 \u00e0 Fanjeaux, nous vous proposons de d\u00e9couvrir notre territoire ! Office De Tourisme Au C\u0153ur Des Collines Cathares","breadcrumb":{"@id":"https:\/\/collinescathares.com\/es\/agenda\/evenements-ponctuels\/#breadcrumb"},"inLanguage":"es","potentialAction":[{"@type":"ReadAction","target":["https:\/\/collinescathares.com\/es\/agenda\/evenements-ponctuels\/"]}]},{"@type":"ImageObject","inLanguage":"es","@id":"https:\/\/collinescathares.com\/es\/agenda\/evenements-ponctuels\/#primaryimage","url":"https:\/\/collinescathares.com\/wp-content\/uploads\/2020\/06\/carres_couleurs.jpg","contentUrl":"https:\/\/collinescathares.com\/wp-content\/uploads\/2020\/06\/carres_couleurs.jpg"},{"@type":"BreadcrumbList","@id":"https:\/\/collinescathares.com\/es\/agenda\/evenements-ponctuels\/#breadcrumb","itemListElement":[{"@type":"ListItem","position":1,"name":"Inicio","item":"https:\/\/collinescathares.com\/es\/"},{"@type":"ListItem","position":2,"name":"Agenda","item":"https:\/\/collinescathares.com\/es\/agenda\/"},{"@type":"ListItem","position":3,"name":"Ev\u00e9nements ponctuels"}]},{"@type":"WebSite","@id":"https:\/\/collinescathares.com\/es\/#website","url":"https:\/\/collinescathares.com\/es\/","name":"Office De Tourisme Au C\u0153ur Des Collines Cathares","description":"Situ\u00e9 \u00e0 Fanjeaux, nous vous proposons de d\u00e9couvrir notre territoire !","publisher":{"@id":"https:\/\/collinescathares.com\/es\/#organization"},"potentialAction":[{"@type":"SearchAction","target":{"@type":"EntryPoint","urlTemplate":"https:\/\/collinescathares.com\/es\/?s={search_term_string}"},"query-input":{"@type":"PropertyValueSpecification","valueRequired":true,"valueName":"search_term_string"}}],"inLanguage":"es"},{"@type":"Organization","@id":"https:\/\/collinescathares.com\/es\/#organization","name":"Office de Tourisme Au C\u0153ur Des Collines Cathares","url":"https:\/\/collinescathares.com\/es\/","logo":{"@type":"ImageObject","inLanguage":"es","@id":"https:\/\/collinescathares.com\/es\/#\/schema\/logo\/image\/","url":"https:\/\/collinescathares.com\/wp-content\/uploads\/2020\/06\/logo_Tourisme_lauragais-1.jpg","contentUrl":"https:\/\/collinescathares.com\/wp-content\/uploads\/2020\/06\/logo_Tourisme_lauragais-1.jpg","width":209,"height":250,"caption":"Office de Tourisme Au C\u0153ur Des Collines Cathares"},"image":{"@id":"https:\/\/collinescathares.com\/es\/#\/schema\/logo\/image\/"},"sameAs":["https:\/\/www.facebook.com\/tourismelauragais","https:\/\/www.instagram.com\/officetourismecollinescathares\/?hl=fr","https:\/\/www.pinterest.fr\/oticollinescathares\/boards\/"]}]}},"_links":{"self":[{"href":"https:\/\/collinescathares.com\/es\/wp-json\/wp\/v2\/pages\/226850","targetHints":{"allow":["GET"]}}],"collection":[{"href":"https:\/\/collinescathares.com\/es\/wp-json\/wp\/v2\/pages"}],"about":[{"href":"https:\/\/collinescathares.com\/es\/wp-json\/wp\/v2\/types\/page"}],"author":[{"embeddable":true,"href":"https:\/\/collinescathares.com\/es\/wp-json\/wp\/v2\/users\/1"}],"replies":[{"embeddable":true,"href":"https:\/\/collinescathares.com\/es\/wp-json\/wp\/v2\/comments?post=226850"}],"version-history":[{"count":2,"href":"https:\/\/collinescathares.com\/es\/wp-json\/wp\/v2\/pages\/226850\/revisions"}],"predecessor-version":[{"id":233245,"href":"https:\/\/collinescathares.com\/es\/wp-json\/wp\/v2\/pages\/226850\/revisions\/233245"}],"up":[{"embeddable":true,"href":"https:\/\/collinescathares.com\/es\/wp-json\/wp\/v2\/pages\/261"}],"wp:attachment":[{"href":"https:\/\/collinescathares.com\/es\/wp-json\/wp\/v2\/media?parent=226850"}],"curies":[{"name":"wp","href":"https:\/\/api.w.org\/{rel}","templated":true}]}}